{"id":18337,"date":"2021-12-23T10:54:13","date_gmt":"2021-12-23T10:54:13","guid":{"rendered":"https:\/\/novalaw.unl.pt\/?page_id=18337"},"modified":"2022-04-05T14:09:33","modified_gmt":"2022-04-05T14:09:33","slug":"opening-of-the-period-for-the-submission-of-applications-for-the-selection-of-the-abreu-chair-in-esg-impact-ad-personam","status":"publish","type":"page","link":"https:\/\/novalaw.unl.pt\/en\/opening-of-the-period-for-the-submission-of-applications-for-the-selection-of-the-abreu-chair-in-esg-impact-ad-personam\/","title":{"rendered":"Opening of the period for the submission of applications for the selection of the &#8220;Abreu Chair in ESG Impact&#8221; ad personam"},"content":{"rendered":"\t\t<div data-elementor-type=\"wp-page\" data-elementor-id=\"18337\" class=\"elementor elementor-18337\" data-elementor-settings=\"[]\">\n\t\t\t\t\t\t\t<div class=\"elementor-section-wrap\">\n\t\t\t\t\t\t\t<section class=\"elementor-section elementor-top-section elementor-element elementor-element-cf66f71 elementor-section-height-min-height elementor-section-boxed elementor-section-height-default elementor-section-items-middle\" data-id=\"cf66f71\" data-element_type=\"section\" data-settings=\"{&quot;background_background&quot;:&quot;classic&quot;}\">\n\t\t\t\t\t\t<div class=\"elementor-container elementor-column-gap-default\">\n\t\t\t\t\t<div class=\"elementor-column elementor-col-100 elementor-top-column elementor-element elementor-element-7981b2a2\" data-id=\"7981b2a2\" data-element_type=\"column\">\n\t\t\t<div class=\"elementor-widget-wrap\">\n\t\t\t\t\t\t\t\t\t<\/div>\n\t\t<\/div>\n\t\t\t\t\t\t\t<\/div>\n\t\t<\/section>\n\t\t\t\t<section class=\"elementor-section elementor-top-section elementor-element elementor-element-61036a4a elementor-section-boxed elementor-section-height-default elementor-section-height-default\" data-id=\"61036a4a\" data-element_type=\"section\">\n\t\t\t\t\t\t<div class=\"elementor-container elementor-column-gap-default\">\n\t\t\t\t\t<div class=\"elementor-column elementor-col-100 elementor-top-column elementor-element elementor-element-39d2db6a\" data-id=\"39d2db6a\" data-element_type=\"column\">\n\t\t\t<div class=\"elementor-widget-wrap elementor-element-populated\">\n\t\t\t\t\t\t\t\t<div class=\"elementor-element elementor-element-241889ac elementor-widget elementor-widget-heading\" data-id=\"241889ac\" data-element_type=\"widget\" data-widget_type=\"heading.default\">\n\t\t\t\t<div class=\"elementor-widget-container\">\n\t\t\t<h1 class=\"elementor-heading-title elementor-size-default\">Opening of the period for the submission of applications for the selection\nof the \"Abreu Chair in ESG Impact\" ad personam<\/h1>\t\t<\/div>\n\t\t\t\t<\/div>\n\t\t\t\t<div class=\"elementor-element elementor-element-53e5f6e5 elementor-widget elementor-widget-text-editor\" data-id=\"53e5f6e5\" data-element_type=\"widget\" data-widget_type=\"text-editor.default\">\n\t\t\t\t<div class=\"elementor-widget-container\">\n\t\t\t\t\t\t\t<p>At its meeting of 06 October, 2021, the Scientific Council of NOVA School of Law <strong>approved the opening of an application period, of international scope, to select and recruit 1 (one) holder of the chair ad personam &#8220;Abreu Chair in ESG Impact&#8221;, in the category of Assistant Professor<\/strong>.\u00a0<\/p><p>The recruitment of the holder of the ad personam chair &#8220;Abreu Chair ESG Impact&#8221; will be made possible by a <strong>grant from Abreu Advogados and Associa\u00e7\u00e3o Instituto de Conhecimento da Abreu Advogados<\/strong> for the hiring, for a period of up to three years, for a position equivalent to that of assistant professor, of a candidate with significant scientific expertise in ESG &#8211; Environmental, Social, and Governance.<\/p><p>The holder of the Abreu Chair in ESG will have full scientific autonomy and will be responsible for<strong> coordinating the Green Lab at NOVA School of Law.<\/strong><\/p><p>O titular da Abreu Chair in ESG ter\u00e1 total autonomia cient\u00edfica e assumir\u00e1 a responsabilidade de <strong>coordena\u00e7\u00e3o do<a href=\"https:\/\/novalaw.unl.pt\/en\/nova-green-lab\/\"> Green Lab da NOVA School of Law<\/a><\/strong>.<\/p><p><br \/>Check the documents:<\/p><p><a href=\"https:\/\/novalaw.unl.pt\/wp-content\/uploads\/2021\/12\/Notice_Abreu-Chair-in-ESG-Impact-ad-personam-002.pdf\">Notice &#8211; Selection of the &#8220;Abreu Chair in ESG Impact&#8221; ad personam\u00a0<\/a><\/p><p><a href=\"https:\/\/novalaw.unl.pt\/wp-content\/uploads\/2021\/12\/Application-form.pdf\">Application form<\/a><\/p>\t\t\t\t\t\t<\/div>\n\t\t\t\t<\/div>\n\t\t\t\t\t<\/div>\n\t\t<\/div>\n\t\t\t\t\t\t\t<\/div>\n\t\t<\/section>\n\t\t\t\t<section class=\"elementor-section elementor-top-section elementor-element elementor-element-3948ca1c elementor-section-boxed elementor-section-height-default elementor-section-height-default\" data-id=\"3948ca1c\" data-element_type=\"section\">\n\t\t\t\t\t\t<div class=\"elementor-container elementor-column-gap-default\">\n\t\t\t\t\t<div class=\"elementor-column elementor-col-100 elementor-top-column elementor-element elementor-element-39385e67\" data-id=\"39385e67\" data-element_type=\"column\">\n\t\t\t<div class=\"elementor-widget-wrap\">\n\t\t\t\t\t\t\t\t\t<\/div>\n\t\t<\/div>\n\t\t\t\t\t\t\t<\/div>\n\t\t<\/section>\n\t\t\t\t\t\t<\/div>\n\t\t\t\t\t<\/div>\n\t\t","protected":false},"excerpt":{"rendered":"<p>Opening of the period for the submission of applications for the selection of the &#8220;Abreu Chair in ESG Impact&#8221; ad personam At its meeting of 06 October, 2021, the Scientific Council of NOVA School of Law approved the opening of an application period, of international scope, to select and recruit 1 (one) holder of the &hellip;<\/p>\n<p class=\"read-more\"> <a class=\"\" href=\"https:\/\/novalaw.unl.pt\/en\/opening-of-the-period-for-the-submission-of-applications-for-the-selection-of-the-abreu-chair-in-esg-impact-ad-personam\/\"> <span class=\"screen-reader-text\">Opening of the period for the submission of applications for the selection of the &#8220;Abreu Chair in ESG Impact&#8221; ad personam<\/span> Read More &raquo;<\/a><\/p>\n","protected":false},"author":2,"featured_media":18339,"parent":0,"menu_order":275,"comment_status":"closed","ping_status":"closed","template":"","meta":{"footnotes":""},"categories":[82],"tags":[],"class_list":["post-18337","page","type-page","status-publish","has-post-thumbnail","hentry","category-news"],"yoast_head":"<!-- This site is optimized with the Yoast SEO Premium plugin v27.4 (Yoast SEO v27.4) - https:\/\/yoast.com\/product\/yoast-seo-premium-wordpress\/ -->\n<title>Opening of the period for the submission of applications for the selection of the &quot;Abreu Chair in ESG Impact&quot; ad personam - NOVA School of Law | Faculdade de Direito da Universidade NOVA de Lisboa<\/title>\n<meta name=\"robots\" content=\"index, follow, max-snippet:-1, max-image-preview:large, max-video-preview:-1\" \/>\n<link rel=\"canonical\" href=\"https:\/\/novalaw.unl.pt\/abertura-de-periodo-para-apresentacao-de-candidaturas-para-selecao-do-titular-da-catedra-ad-personam-abreu-chair-in-esg-impact\/\" \/>\n<meta property=\"og:locale\" content=\"en_US\" \/>\n<meta property=\"og:type\" content=\"article\" \/>\n<meta property=\"og:title\" content=\"Opening of the period for the submission of applications for the selection of the &quot;Abreu Chair in ESG Impact&quot; ad personam\" \/>\n<meta property=\"og:description\" content=\"Opening of the period for the submission of applications for the selection of the &#8220;Abreu Chair in ESG Impact&#8221; ad personam At its meeting of 06 October, 2021, the Scientific Council of NOVA School of Law approved the opening of an application period, of international scope, to select and recruit 1 (one) holder of the &hellip; Opening of the period for the submission of applications for the selection of the &#8220;Abreu Chair in ESG Impact&#8221; ad personam Read More &raquo;\" \/>\n<meta property=\"og:url\" content=\"https:\/\/novalaw.unl.pt\/abertura-de-periodo-para-apresentacao-de-candidaturas-para-selecao-do-titular-da-catedra-ad-personam-abreu-chair-in-esg-impact\/\" \/>\n<meta property=\"og:site_name\" content=\"NOVA School of Law | Faculdade de Direito da Universidade NOVA de Lisboa\" \/>\n<meta property=\"article:modified_time\" content=\"2022-04-05T14:09:33+00:00\" \/>\n<meta property=\"og:image\" content=\"https:\/\/novalaw.unl.pt\/wp-content\/uploads\/2021\/12\/Untitled-design-37.jpg\" \/>\n\t<meta property=\"og:image:width\" content=\"320\" \/>\n\t<meta property=\"og:image:height\" content=\"200\" \/>\n\t<meta property=\"og:image:type\" content=\"image\/jpeg\" \/>\n<meta name=\"twitter:card\" content=\"summary_large_image\" \/>\n<meta name=\"twitter:label1\" content=\"Est. reading time\" \/>\n\t<meta name=\"twitter:data1\" content=\"1 minute\" \/>\n<script type=\"application\/ld+json\" class=\"yoast-schema-graph\">{\"@context\":\"https:\\\/\\\/schema.org\",\"@graph\":[{\"@type\":\"WebPage\",\"@id\":\"https:\\\/\\\/novalaw.unl.pt\\\/abertura-de-periodo-para-apresentacao-de-candidaturas-para-selecao-do-titular-da-catedra-ad-personam-abreu-chair-in-esg-impact\\\/\",\"url\":\"https:\\\/\\\/novalaw.unl.pt\\\/abertura-de-periodo-para-apresentacao-de-candidaturas-para-selecao-do-titular-da-catedra-ad-personam-abreu-chair-in-esg-impact\\\/\",\"name\":\"Opening of the period for the submission of applications for the selection of the \\\"Abreu Chair in ESG Impact\\\" ad personam - NOVA School of Law | Faculdade de Direito da Universidade NOVA de Lisboa\",\"isPartOf\":{\"@id\":\"https:\\\/\\\/novalaw.unl.pt\\\/#website\"},\"primaryImageOfPage\":{\"@id\":\"https:\\\/\\\/novalaw.unl.pt\\\/abertura-de-periodo-para-apresentacao-de-candidaturas-para-selecao-do-titular-da-catedra-ad-personam-abreu-chair-in-esg-impact\\\/#primaryimage\"},\"image\":{\"@id\":\"https:\\\/\\\/novalaw.unl.pt\\\/abertura-de-periodo-para-apresentacao-de-candidaturas-para-selecao-do-titular-da-catedra-ad-personam-abreu-chair-in-esg-impact\\\/#primaryimage\"},\"thumbnailUrl\":\"https:\\\/\\\/novalaw.unl.pt\\\/wp-content\\\/uploads\\\/2021\\\/12\\\/Untitled-design-37.jpg\",\"datePublished\":\"2021-12-23T10:54:13+00:00\",\"dateModified\":\"2022-04-05T14:09:33+00:00\",\"breadcrumb\":{\"@id\":\"https:\\\/\\\/novalaw.unl.pt\\\/abertura-de-periodo-para-apresentacao-de-candidaturas-para-selecao-do-titular-da-catedra-ad-personam-abreu-chair-in-esg-impact\\\/#breadcrumb\"},\"inLanguage\":\"en-US\",\"potentialAction\":[{\"@type\":\"ReadAction\",\"target\":[\"https:\\\/\\\/novalaw.unl.pt\\\/abertura-de-periodo-para-apresentacao-de-candidaturas-para-selecao-do-titular-da-catedra-ad-personam-abreu-chair-in-esg-impact\\\/\"]}]},{\"@type\":\"ImageObject\",\"inLanguage\":\"en-US\",\"@id\":\"https:\\\/\\\/novalaw.unl.pt\\\/abertura-de-periodo-para-apresentacao-de-candidaturas-para-selecao-do-titular-da-catedra-ad-personam-abreu-chair-in-esg-impact\\\/#primaryimage\",\"url\":\"https:\\\/\\\/novalaw.unl.pt\\\/wp-content\\\/uploads\\\/2021\\\/12\\\/Untitled-design-37.jpg\",\"contentUrl\":\"https:\\\/\\\/novalaw.unl.pt\\\/wp-content\\\/uploads\\\/2021\\\/12\\\/Untitled-design-37.jpg\",\"width\":320,\"height\":200},{\"@type\":\"BreadcrumbList\",\"@id\":\"https:\\\/\\\/novalaw.unl.pt\\\/abertura-de-periodo-para-apresentacao-de-candidaturas-para-selecao-do-titular-da-catedra-ad-personam-abreu-chair-in-esg-impact\\\/#breadcrumb\",\"itemListElement\":[{\"@type\":\"ListItem\",\"position\":1,\"name\":\"Home\",\"item\":\"https:\\\/\\\/novalaw.unl.pt\\\/en\\\/\"},{\"@type\":\"ListItem\",\"position\":2,\"name\":\"Opening of the period for the submission of applications for the selection of the &#8220;Abreu Chair in ESG Impact&#8221; ad personam\"}]},{\"@type\":\"WebSite\",\"@id\":\"https:\\\/\\\/novalaw.unl.pt\\\/#website\",\"url\":\"https:\\\/\\\/novalaw.unl.pt\\\/\",\"name\":\"NOVA School of Law | Faculdade de Direito da Universidade NOVA de Lisboa\",\"description\":\"NOVA School Of Law\",\"publisher\":{\"@id\":\"https:\\\/\\\/novalaw.unl.pt\\\/#organization\"},\"potentialAction\":[{\"@type\":\"SearchAction\",\"target\":{\"@type\":\"EntryPoint\",\"urlTemplate\":\"https:\\\/\\\/novalaw.unl.pt\\\/?s={search_term_string}\"},\"query-input\":{\"@type\":\"PropertyValueSpecification\",\"valueRequired\":true,\"valueName\":\"search_term_string\"}}],\"inLanguage\":\"en-US\"},{\"@type\":\"Organization\",\"@id\":\"https:\\\/\\\/novalaw.unl.pt\\\/#organization\",\"name\":\"NOVA School of Law\",\"url\":\"https:\\\/\\\/novalaw.unl.pt\\\/\",\"logo\":{\"@type\":\"ImageObject\",\"inLanguage\":\"en-US\",\"@id\":\"https:\\\/\\\/novalaw.unl.pt\\\/#\\\/schema\\\/logo\\\/image\\\/\",\"url\":\"https:\\\/\\\/novalaw.unl.pt\\\/wp-content\\\/uploads\\\/2021\\\/02\\\/logo-novalaw.svg\",\"contentUrl\":\"https:\\\/\\\/novalaw.unl.pt\\\/wp-content\\\/uploads\\\/2021\\\/02\\\/logo-novalaw.svg\",\"width\":991,\"height\":424,\"caption\":\"NOVA School of Law\"},\"image\":{\"@id\":\"https:\\\/\\\/novalaw.unl.pt\\\/#\\\/schema\\\/logo\\\/image\\\/\"}}]}<\/script>\n<!-- \/ Yoast SEO Premium plugin. -->","yoast_head_json":{"title":"Opening of the period for the submission of applications for the selection of the \"Abreu Chair in ESG Impact\" ad personam - NOVA School of Law | Faculdade de Direito da Universidade NOVA de Lisboa","robots":{"index":"index","follow":"follow","max-snippet":"max-snippet:-1","max-image-preview":"max-image-preview:large","max-video-preview":"max-video-preview:-1"},"canonical":"https:\/\/novalaw.unl.pt\/abertura-de-periodo-para-apresentacao-de-candidaturas-para-selecao-do-titular-da-catedra-ad-personam-abreu-chair-in-esg-impact\/","og_locale":"en_US","og_type":"article","og_title":"Opening of the period for the submission of applications for the selection of the \"Abreu Chair in ESG Impact\" ad personam","og_description":"Opening of the period for the submission of applications for the selection of the &#8220;Abreu Chair in ESG Impact&#8221; ad personam At its meeting of 06 October, 2021, the Scientific Council of NOVA School of Law approved the opening of an application period, of international scope, to select and recruit 1 (one) holder of the &hellip; Opening of the period for the submission of applications for the selection of the &#8220;Abreu Chair in ESG Impact&#8221; ad personam Read More &raquo;","og_url":"https:\/\/novalaw.unl.pt\/abertura-de-periodo-para-apresentacao-de-candidaturas-para-selecao-do-titular-da-catedra-ad-personam-abreu-chair-in-esg-impact\/","og_site_name":"NOVA School of Law | Faculdade de Direito da Universidade NOVA de Lisboa","article_modified_time":"2022-04-05T14:09:33+00:00","og_image":[{"width":320,"height":200,"url":"https:\/\/novalaw.unl.pt\/wp-content\/uploads\/2021\/12\/Untitled-design-37.jpg","type":"image\/jpeg"}],"twitter_card":"summary_large_image","twitter_misc":{"Est. reading time":"1 minute"},"schema":{"@context":"https:\/\/schema.org","@graph":[{"@type":"WebPage","@id":"https:\/\/novalaw.unl.pt\/abertura-de-periodo-para-apresentacao-de-candidaturas-para-selecao-do-titular-da-catedra-ad-personam-abreu-chair-in-esg-impact\/","url":"https:\/\/novalaw.unl.pt\/abertura-de-periodo-para-apresentacao-de-candidaturas-para-selecao-do-titular-da-catedra-ad-personam-abreu-chair-in-esg-impact\/","name":"Opening of the period for the submission of applications for the selection of the \"Abreu Chair in ESG Impact\" ad personam - NOVA School of Law | Faculdade de Direito da Universidade NOVA de Lisboa","isPartOf":{"@id":"https:\/\/novalaw.unl.pt\/#website"},"primaryImageOfPage":{"@id":"https:\/\/novalaw.unl.pt\/abertura-de-periodo-para-apresentacao-de-candidaturas-para-selecao-do-titular-da-catedra-ad-personam-abreu-chair-in-esg-impact\/#primaryimage"},"image":{"@id":"https:\/\/novalaw.unl.pt\/abertura-de-periodo-para-apresentacao-de-candidaturas-para-selecao-do-titular-da-catedra-ad-personam-abreu-chair-in-esg-impact\/#primaryimage"},"thumbnailUrl":"https:\/\/novalaw.unl.pt\/wp-content\/uploads\/2021\/12\/Untitled-design-37.jpg","datePublished":"2021-12-23T10:54:13+00:00","dateModified":"2022-04-05T14:09:33+00:00","breadcrumb":{"@id":"https:\/\/novalaw.unl.pt\/abertura-de-periodo-para-apresentacao-de-candidaturas-para-selecao-do-titular-da-catedra-ad-personam-abreu-chair-in-esg-impact\/#breadcrumb"},"inLanguage":"en-US","potentialAction":[{"@type":"ReadAction","target":["https:\/\/novalaw.unl.pt\/abertura-de-periodo-para-apresentacao-de-candidaturas-para-selecao-do-titular-da-catedra-ad-personam-abreu-chair-in-esg-impact\/"]}]},{"@type":"ImageObject","inLanguage":"en-US","@id":"https:\/\/novalaw.unl.pt\/abertura-de-periodo-para-apresentacao-de-candidaturas-para-selecao-do-titular-da-catedra-ad-personam-abreu-chair-in-esg-impact\/#primaryimage","url":"https:\/\/novalaw.unl.pt\/wp-content\/uploads\/2021\/12\/Untitled-design-37.jpg","contentUrl":"https:\/\/novalaw.unl.pt\/wp-content\/uploads\/2021\/12\/Untitled-design-37.jpg","width":320,"height":200},{"@type":"BreadcrumbList","@id":"https:\/\/novalaw.unl.pt\/abertura-de-periodo-para-apresentacao-de-candidaturas-para-selecao-do-titular-da-catedra-ad-personam-abreu-chair-in-esg-impact\/#breadcrumb","itemListElement":[{"@type":"ListItem","position":1,"name":"Home","item":"https:\/\/novalaw.unl.pt\/en\/"},{"@type":"ListItem","position":2,"name":"Opening of the period for the submission of applications for the selection of the &#8220;Abreu Chair in ESG Impact&#8221; ad personam"}]},{"@type":"WebSite","@id":"https:\/\/novalaw.unl.pt\/#website","url":"https:\/\/novalaw.unl.pt\/","name":"NOVA School of Law | Faculdade de Direito da Universidade NOVA de Lisboa","description":"NOVA School Of Law","publisher":{"@id":"https:\/\/novalaw.unl.pt\/#organization"},"potentialAction":[{"@type":"SearchAction","target":{"@type":"EntryPoint","urlTemplate":"https:\/\/novalaw.unl.pt\/?s={search_term_string}"},"query-input":{"@type":"PropertyValueSpecification","valueRequired":true,"valueName":"search_term_string"}}],"inLanguage":"en-US"},{"@type":"Organization","@id":"https:\/\/novalaw.unl.pt\/#organization","name":"NOVA School of Law","url":"https:\/\/novalaw.unl.pt\/","logo":{"@type":"ImageObject","inLanguage":"en-US","@id":"https:\/\/novalaw.unl.pt\/#\/schema\/logo\/image\/","url":"https:\/\/novalaw.unl.pt\/wp-content\/uploads\/2021\/02\/logo-novalaw.svg","contentUrl":"https:\/\/novalaw.unl.pt\/wp-content\/uploads\/2021\/02\/logo-novalaw.svg","width":991,"height":424,"caption":"NOVA School of Law"},"image":{"@id":"https:\/\/novalaw.unl.pt\/#\/schema\/logo\/image\/"}}]}},"novalaw_begin_date":"","novalaw_begin_date_en":"","novalaw_text":"","novalaw_tag":"","novalaw_tag_en":"","novalaw_link":"","novalaw_link_en":"","novalaw_end_date":"","novalaw_end_date_en":"","novalaw_date":"","novalaw_em_destaque":"","novalaw_tag_src":"","lang":"","_links":{"self":[{"href":"https:\/\/novalaw.unl.pt\/en\/wp-json\/wp\/v2\/pages\/18337","targetHints":{"allow":["GET"]}}],"collection":[{"href":"https:\/\/novalaw.unl.pt\/en\/wp-json\/wp\/v2\/pages"}],"about":[{"href":"https:\/\/novalaw.unl.pt\/en\/wp-json\/wp\/v2\/types\/page"}],"author":[{"embeddable":true,"href":"https:\/\/novalaw.unl.pt\/en\/wp-json\/wp\/v2\/users\/2"}],"replies":[{"embeddable":true,"href":"https:\/\/novalaw.unl.pt\/en\/wp-json\/wp\/v2\/comments?post=18337"}],"version-history":[{"count":7,"href":"https:\/\/novalaw.unl.pt\/en\/wp-json\/wp\/v2\/pages\/18337\/revisions"}],"predecessor-version":[{"id":18350,"href":"https:\/\/novalaw.unl.pt\/en\/wp-json\/wp\/v2\/pages\/18337\/revisions\/18350"}],"wp:featuredmedia":[{"embeddable":true,"href":"https:\/\/novalaw.unl.pt\/en\/wp-json\/wp\/v2\/media\/18339"}],"wp:attachment":[{"href":"https:\/\/novalaw.unl.pt\/en\/wp-json\/wp\/v2\/media?parent=18337"}],"wp:term":[{"taxonomy":"category","embeddable":true,"href":"https:\/\/novalaw.unl.pt\/en\/wp-json\/wp\/v2\/categories?post=18337"},{"taxonomy":"post_tag","embeddable":true,"href":"https:\/\/novalaw.unl.pt\/en\/wp-json\/wp\/v2\/tags?post=18337"}],"curies":[{"name":"wp","href":"https:\/\/api.w.org\/{rel}","templated":true}]}}