{"id":44324,"date":"2022-12-20T11:34:13","date_gmt":"2022-12-20T11:34:13","guid":{"rendered":"https:\/\/novalaw.unl.pt\/?page_id=44324"},"modified":"2026-01-23T14:28:47","modified_gmt":"2026-01-23T14:28:47","slug":"raquel-barradas-de-freitas","status":"publish","type":"page","link":"https:\/\/novalaw.unl.pt\/en\/raquel-barradas-de-freitas\/","title":{"rendered":"Raquel Barradas de Freitas"},"content":{"rendered":"\t\t<div data-elementor-type=\"wp-page\" data-elementor-id=\"44324\" class=\"elementor elementor-44324\" data-elementor-settings=\"[]\">\n\t\t\t\t\t\t\t<div class=\"elementor-section-wrap\">\n\t\t\t\t\t\t\t<section class=\"elementor-section elementor-top-section elementor-element elementor-element-cd9aac3 elementor-section-boxed elementor-section-height-default elementor-section-height-default\" data-id=\"cd9aac3\" data-element_type=\"section\">\n\t\t\t\t\t\t<div class=\"elementor-container elementor-column-gap-default\">\n\t\t\t\t\t<div class=\"elementor-column elementor-col-100 elementor-top-column elementor-element elementor-element-997eccf\" data-id=\"997eccf\" data-element_type=\"column\">\n\t\t\t<div class=\"elementor-widget-wrap elementor-element-populated\">\n\t\t\t\t\t\t\t\t<section class=\"elementor-section elementor-inner-section elementor-element elementor-element-84a2625 elementor-section-boxed elementor-section-height-default elementor-section-height-default\" data-id=\"84a2625\" data-element_type=\"section\">\n\t\t\t\t\t\t<div class=\"elementor-container elementor-column-gap-default\">\n\t\t\t\t\t<div class=\"elementor-column elementor-col-50 elementor-inner-column elementor-element elementor-element-a86f6e3\" data-id=\"a86f6e3\" data-element_type=\"column\">\n\t\t\t<div class=\"elementor-widget-wrap elementor-element-populated\">\n\t\t\t\t\t\t\t\t<div class=\"elementor-element elementor-element-0bf7904 elementor-widget elementor-widget-image\" data-id=\"0bf7904\" data-element_type=\"widget\" data-widget_type=\"image.default\">\n\t\t\t\t<div class=\"elementor-widget-container\">\n\t\t\t\t\t\t\t\t\t\t\t\t\t\t\t<img loading=\"lazy\" decoding=\"async\" width=\"202\" height=\"202\" src=\"https:\/\/novalaw.unl.pt\/wp-content\/uploads\/2026\/01\/SITE-CorpoDocente-Raquel-Barradas-de-Freitas.jpg\" class=\"attachment-large size-large\" alt=\"\" srcset=\"https:\/\/novalaw.unl.pt\/wp-content\/uploads\/2026\/01\/SITE-CorpoDocente-Raquel-Barradas-de-Freitas.jpg 202w, https:\/\/novalaw.unl.pt\/wp-content\/uploads\/2026\/01\/SITE-CorpoDocente-Raquel-Barradas-de-Freitas-150x150.jpg 150w\" sizes=\"auto, (max-width: 202px) 100vw, 202px\" \/>\t\t\t\t\t\t\t\t\t\t\t\t\t\t\t<\/div>\n\t\t\t\t<\/div>\n\t\t\t\t\t<\/div>\n\t\t<\/div>\n\t\t\t\t<div class=\"elementor-column elementor-col-50 elementor-inner-column elementor-element elementor-element-0ee27b5\" data-id=\"0ee27b5\" data-element_type=\"column\">\n\t\t\t<div class=\"elementor-widget-wrap elementor-element-populated\">\n\t\t\t\t\t\t\t\t<div class=\"elementor-element elementor-element-824d5f0 elementor-widget elementor-widget-heading\" data-id=\"824d5f0\" data-element_type=\"widget\" data-widget_type=\"heading.default\">\n\t\t\t\t<div class=\"elementor-widget-container\">\n\t\t\t<h1 class=\"elementor-heading-title elementor-size-default\">Raquel Barradas de Freitas <\/h1>\t\t<\/div>\n\t\t\t\t<\/div>\n\t\t\t\t<div class=\"elementor-element elementor-element-3d75e36 elementor-widget elementor-widget-heading\" data-id=\"3d75e36\" data-element_type=\"widget\" data-widget_type=\"heading.default\">\n\t\t\t\t<div class=\"elementor-widget-container\">\n\t\t\t<h3 class=\"elementor-heading-title elementor-size-default\">Assistant Professor of Jurisprudence<BR>CEDIS Chair in Human Rights, Access to Justice, and the Rule of Law<\/h3>\t\t<\/div>\n\t\t\t\t<\/div>\n\t\t\t\t<div class=\"elementor-element elementor-element-5addd7c elementor-widget elementor-widget-ekit_wb_3521\" data-id=\"5addd7c\" data-element_type=\"widget\" data-widget_type=\"ekit_wb_3521.default\">\n\t\t\t\t<div class=\"elementor-widget-container\">\n\t\t\t<a href=\"mailto:raquel.freitas.1997@novalaw.unl.pt\" style=\"vertical-align: middle;\n    display: flex;\">\n    <span><svg xmlns=\"http:\/\/www.w3.org\/2000\/svg\" width=\"32\" height=\"32\" viewBox=\"0 0 32 32\" fill=\"none\"><g clip-path=\"url(#clip0)\"><path fill-rule=\"evenodd\" clip-rule=\"evenodd\" d=\"M13.4915 0.197933C10.3659 0.694111 7.45756 2.10609 5.13445 4.25529C2.81134 6.40449 1.17778 9.19436 0.440381 12.272C-0.297019 15.3497 -0.105136 18.577 0.991764 21.5456C2.08866 24.5142 4.0413 27.0908 6.60272 28.9496C9.16413 30.8084 12.2193 31.8658 15.3817 31.9881C18.5441 32.1104 21.6718 31.2921 24.3691 29.6367C27.0664 27.9813 29.2122 25.5632 30.5351 22.6881C31.858 19.8131 32.2986 16.6103 31.8011 13.4849C31.1342 9.29534 28.8308 5.54213 25.3973 3.05051C21.9638 0.558883 17.6813 -0.467177 13.4915 0.197933ZM24.5524 9.24141L16.9002 16.8936C15.8915 17.8953 15.5089 17.8605 14.5698 16.8936C13.6306 15.9266 7.16803 9.15793 7.16803 9.15793L24.5524 9.24141ZM6.43759 10.2501L12.3854 16.2188L6.43759 22.1527V10.2501ZM7.34194 23.1405L13.2411 17.2136C13.2411 17.2136 13.8463 17.8049 14.4237 18.3197C15.6063 19.3771 16.2045 19.551 17.5472 18.3197L18.7576 17.2136L24.7263 23.1892L7.34194 23.1405ZM25.5193 22.1597L19.5228 16.191L25.5541 10.2571L25.5193 22.1597Z\" fill=\"black\"><\/path><\/g><defs><clipPath id=\"clip0\"><rect width=\"32\" height=\"32\" fill=\"white\"><\/rect><\/clipPath><\/defs><\/svg><\/span>\n    <span style=\"margin:5px\">raquel.freitas.1997@novalaw.unl.pt<\/span><\/a>\n\t\t\t\t<\/div>\n\t\t\t\t<\/div>\n\t\t\t\t<div class=\"elementor-element elementor-element-4d9c925 elementor-absolute elementor-widget elementor-widget-text-editor\" data-id=\"4d9c925\" data-element_type=\"widget\" data-settings=\"{&quot;_position&quot;:&quot;absolute&quot;}\" data-widget_type=\"text-editor.default\">\n\t\t\t\t<div class=\"elementor-widget-container\">\n\t\t\t\t\t\t\t<p><span class=\"tab-click\" style=\"color: #dd0036; font-weight: bold;\" data-target=\"nota-biografica\">Biographical Note<\/span><\/p>\t\t\t\t\t\t<\/div>\n\t\t\t\t<\/div>\n\t\t\t\t\t<\/div>\n\t\t<\/div>\n\t\t\t\t\t\t\t<\/div>\n\t\t<\/section>\n\t\t\t\t\t<\/div>\n\t\t<\/div>\n\t\t\t\t\t\t\t<\/div>\n\t\t<\/section>\n\t\t\t\t<section class=\"elementor-section elementor-top-section elementor-element elementor-element-4ba16fd8 elementor-section-boxed elementor-section-height-default elementor-section-height-default\" data-id=\"4ba16fd8\" data-element_type=\"section\">\n\t\t\t\t\t\t<div class=\"elementor-container elementor-column-gap-default\">\n\t\t\t\t\t<div class=\"elementor-column elementor-col-100 elementor-top-column elementor-element elementor-element-4b3eb852\" data-id=\"4b3eb852\" data-element_type=\"column\">\n\t\t\t<div class=\"elementor-widget-wrap elementor-element-populated\">\n\t\t\t\t\t\t\t\t<div class=\"elementor-element elementor-element-58cd4f2a tabs-novalaw elementor-widget elementor-widget-text-editor\" data-id=\"58cd4f2a\" data-element_type=\"widget\" id=\"nota-biografica\" data-widget_type=\"text-editor.default\">\n\t\t\t\t<div class=\"elementor-widget-container\">\n\t\t\t\t\t\t\t<p>DPhil in Law, University of Oxford (2014). Max Weber Postdoctoral Fellow, European University Institute, Florence (2017-2018). Lecturer in Jurisprudence, University of Oxford (2009-2019). Teaching Fellow in Legal Theory (2014-2020), University College London. Research Lecturer in Jurisprudence and Public Law (2019-2022), Trinity College and Balliol College, University of Oxford. Advisor to the President of the Constitutional Court of Portugal (2021-2025). <\/p><p>Research: jurisprudence (philosophy of law), political philosophy, philosophy of language, philosophical foundations of public law, constitutional theory. <\/p><p>Courses taught: Jurisprudence (philosophy of law), Introduction to Law (Case Method), EU Law, Constitutional Law, Administrative Law, Fundamental Rights and Constitutional Justice, Comparative Public Law, Three Forms of Injustice (Master), Methodologies of Legal Analysis (PhD), Methodology of Law (PhD).<\/p><p>Raquel has held visiting teaching posts at Cat\u00f3lica School of Law, Cat\u00f3lica Global School of Law, and NOVA School of Law.<\/p>\t\t\t\t\t\t<\/div>\n\t\t\t\t<\/div>\n\t\t\t\t<div class=\"elementor-element elementor-element-6bb12a4e tabs-novalaw elementor-widget elementor-widget-text-editor\" data-id=\"6bb12a4e\" data-element_type=\"widget\" id=\"experiencia\" data-widget_type=\"text-editor.default\">\n\t\t\t\t<div class=\"elementor-widget-container\">\n\t\t\t\t\t\t\t<p><strong>Courses currently taught:<\/strong><\/p><ul><li><em>Three Forms of Injustice: New Work in Legal and Political Philosophy,<\/em> NOVA School of Law (September 2022- February 2023) \u2013 Master\u2019s (taught in English)<\/li><li>Legal English (Fundamental Legal Concepts), NOVA School of Law (September 2022- February 2023), Master\u2019s (taught in English)<\/li><li><em>Introdu\u00e7\u00e3o ao Direito Segundo o M\u00e9todo do Caso<\/em> (co-taught with Gon\u00e7alo Almeida Ribeiro, Patr\u00edcia Fragoso Martins, Pedro Garcia Marques, Martinho Lucas Pires, Tito Rendas), Cat\u00f3lica Lisbon School of Law (September 2022- February 2023) \u2013 Undergraduate (taught in Portuguese)<\/li><li><em>Fundamental Rights and Constitutional Justice<\/em>, Cat\u00f3lica Lisbon School of Law (January \u2013 July 2023) \u2013 Undergraduate (taught in English)<\/li><li><em>Jurisprudence<\/em>, Trinity College, University of Oxford (January &#8211; July 2023) \u2013 Undergraduate<\/li><\/ul><p><strong>Courses taught in the past:<\/strong><\/p><ul><li>University of Oxford (2009-2022): <em>Jurisprudence<\/em>, <em>European Union Law<\/em>, <em>Administrative Law<\/em>, <em>Constitutional Law<\/em> (core undergraduate)<\/li><li>University College London (2014-2020): <em>Legal Theory<\/em> (core undergraduate)<\/li><li>NOVA School of Law (2003-2004): <em>Philosophy of Law<\/em> (core undergraduate)<\/li><\/ul><p>Alongside the courses listed, Raquel has supervised and co-supervised undergraduate and graduate dissertations in the philosophy of punishment, philosophy of law, political philosophy\/philosophical foundations of public law, and constitutional theory.<\/p>\t\t\t\t\t\t<\/div>\n\t\t\t\t<\/div>\n\t\t\t\t<div class=\"elementor-element elementor-element-7069bc3c tabs-novalaw elementor-widget elementor-widget-text-editor\" data-id=\"7069bc3c\" data-element_type=\"widget\" id=\"publicacoes\" data-widget_type=\"text-editor.default\">\n\t\t\t\t<div class=\"elementor-widget-container\">\n\t\t\t\t\t\t\t\t\t\t\t\t\t<\/div>\n\t\t\t\t<\/div>\n\t\t\t\t<div class=\"elementor-element elementor-element-45a28074 tabs-novalaw elementor-widget elementor-widget-text-editor\" data-id=\"45a28074\" data-element_type=\"widget\" id=\"investigacao\" data-widget_type=\"text-editor.default\">\n\t\t\t\t<div class=\"elementor-widget-container\">\n\t\t\t\t\t\t\t<p><strong>Primary research interests: <\/strong><\/p><ul><li>General jurisprudence, with a focus on interpretation, reasoning (practical and theoretical) and reasons, authority, rules and norms, judicial decision making and, in particular, the justification of judicial decisions.<\/li><li>Conceptual connections between authority and trust: epistemic, psychological, moral, interpersonal, and political dimensions of trust and trustworthiness. Conditions for warranted trust in legal officials in the context of judicial decision making; judicial accountability, judicial duties to interpret and justify decisions.<\/li><li>Connections between trust and vulnerability<\/li><li>Constitutional scrutiny and constitutional interpretation<\/li><li>Empirical work on courts<\/li><li>Virtue theory, virtue ethics<\/li><li>The judicial role<\/li><li>The moral emotions <\/li><\/ul>\t\t\t\t\t\t<\/div>\n\t\t\t\t<\/div>\n\t\t\t\t\t<\/div>\n\t\t<\/div>\n\t\t\t\t\t\t\t<\/div>\n\t\t<\/section>\n\t\t\t\t<section class=\"elementor-section elementor-top-section elementor-element elementor-element-7122af5b elementor-section-height-min-height elementor-section-boxed elementor-section-height-default elementor-section-items-middle\" data-id=\"7122af5b\" data-element_type=\"section\">\n\t\t\t\t\t\t<div class=\"elementor-container elementor-column-gap-default\">\n\t\t\t\t\t<div class=\"elementor-column elementor-col-100 elementor-top-column elementor-element elementor-element-18382c41\" data-id=\"18382c41\" data-element_type=\"column\">\n\t\t\t<div class=\"elementor-widget-wrap\">\n\t\t\t\t\t\t\t\t\t<\/div>\n\t\t<\/div>\n\t\t\t\t\t\t\t<\/div>\n\t\t<\/section>\n\t\t\t\t\t\t<\/div>\n\t\t\t\t\t<\/div>\n\t\t","protected":false},"excerpt":{"rendered":"<p>Raquel Barradas de Freitas Assistant Professor of JurisprudenceCEDIS Chair in Human Rights, Access to Justice, and the Rule of Law raquel.freitas.1997@novalaw.unl.pt Biographical Note DPhil in Law, University of Oxford (2014). Max Weber Postdoctoral Fellow, European University Institute, Florence (2017-2018). Lecturer in Jurisprudence, University of Oxford (2009-2019). Teaching Fellow in Legal Theory (2014-2020), University College London. &hellip;<\/p>\n<p class=\"read-more\"> <a class=\"\" href=\"https:\/\/novalaw.unl.pt\/en\/raquel-barradas-de-freitas\/\"> <span class=\"screen-reader-text\">Raquel Barradas de Freitas<\/span> Read More &raquo;<\/a><\/p>\n","protected":false},"author":2,"featured_media":0,"parent":0,"menu_order":0,"comment_status":"closed","ping_status":"closed","template":"","meta":{"footnotes":""},"categories":[],"tags":[],"class_list":["post-44324","page","type-page","status-publish","hentry"],"yoast_head":"<!-- This site is optimized with the Yoast SEO Premium plugin v27.4 (Yoast SEO v27.4) - https:\/\/yoast.com\/product\/yoast-seo-premium-wordpress\/ -->\n<title>Raquel Barradas de Freitas - NOVA School of Law | Faculdade de Direito da Universidade NOVA de Lisboa<\/title>\n<meta name=\"robots\" content=\"index, follow, max-snippet:-1, max-image-preview:large, max-video-preview:-1\" \/>\n<link rel=\"canonical\" href=\"https:\/\/novalaw.unl.pt\/raquel-barradas-de-freitas\/\" \/>\n<meta property=\"og:locale\" content=\"en_US\" \/>\n<meta property=\"og:type\" content=\"article\" \/>\n<meta property=\"og:title\" content=\"Raquel Barradas de Freitas\" \/>\n<meta property=\"og:description\" content=\"Raquel Barradas de Freitas Assistant Professor of JurisprudenceCEDIS Chair in Human Rights, Access to Justice, and the Rule of Law raquel.freitas.1997@novalaw.unl.pt Biographical Note DPhil in Law, University of Oxford (2014). Max Weber Postdoctoral Fellow, European University Institute, Florence (2017-2018). Lecturer in Jurisprudence, University of Oxford (2009-2019). Teaching Fellow in Legal Theory (2014-2020), University College London. &hellip; Raquel Barradas de Freitas Read More &raquo;\" \/>\n<meta property=\"og:url\" content=\"https:\/\/novalaw.unl.pt\/raquel-barradas-de-freitas\/\" \/>\n<meta property=\"og:site_name\" content=\"NOVA School of Law | Faculdade de Direito da Universidade NOVA de Lisboa\" \/>\n<meta property=\"article:modified_time\" content=\"2026-01-23T14:28:47+00:00\" \/>\n<meta property=\"og:image\" content=\"https:\/\/novalaw.unl.pt\/wp-content\/uploads\/2026\/01\/SITE-CorpoDocente-Raquel-Barradas-de-Freitas.jpg\" \/>\n<meta name=\"twitter:card\" content=\"summary_large_image\" \/>\n<meta name=\"twitter:label1\" content=\"Est. reading time\" \/>\n\t<meta name=\"twitter:data1\" content=\"3 minutes\" \/>\n<script type=\"application\/ld+json\" class=\"yoast-schema-graph\">{\"@context\":\"https:\\\/\\\/schema.org\",\"@graph\":[{\"@type\":\"WebPage\",\"@id\":\"https:\\\/\\\/novalaw.unl.pt\\\/raquel-barradas-de-freitas\\\/\",\"url\":\"https:\\\/\\\/novalaw.unl.pt\\\/raquel-barradas-de-freitas\\\/\",\"name\":\"Raquel Barradas de Freitas - NOVA School of Law | Faculdade de Direito da Universidade NOVA de Lisboa\",\"isPartOf\":{\"@id\":\"https:\\\/\\\/novalaw.unl.pt\\\/#website\"},\"primaryImageOfPage\":{\"@id\":\"https:\\\/\\\/novalaw.unl.pt\\\/raquel-barradas-de-freitas\\\/#primaryimage\"},\"image\":{\"@id\":\"https:\\\/\\\/novalaw.unl.pt\\\/raquel-barradas-de-freitas\\\/#primaryimage\"},\"thumbnailUrl\":\"https:\\\/\\\/novalaw.unl.pt\\\/wp-content\\\/uploads\\\/2026\\\/01\\\/SITE-CorpoDocente-Raquel-Barradas-de-Freitas.jpg\",\"datePublished\":\"2022-12-20T11:34:13+00:00\",\"dateModified\":\"2026-01-23T14:28:47+00:00\",\"breadcrumb\":{\"@id\":\"https:\\\/\\\/novalaw.unl.pt\\\/raquel-barradas-de-freitas\\\/#breadcrumb\"},\"inLanguage\":\"en-US\",\"potentialAction\":[{\"@type\":\"ReadAction\",\"target\":[\"https:\\\/\\\/novalaw.unl.pt\\\/raquel-barradas-de-freitas\\\/\"]}]},{\"@type\":\"ImageObject\",\"inLanguage\":\"en-US\",\"@id\":\"https:\\\/\\\/novalaw.unl.pt\\\/raquel-barradas-de-freitas\\\/#primaryimage\",\"url\":\"https:\\\/\\\/novalaw.unl.pt\\\/wp-content\\\/uploads\\\/2026\\\/01\\\/SITE-CorpoDocente-Raquel-Barradas-de-Freitas.jpg\",\"contentUrl\":\"https:\\\/\\\/novalaw.unl.pt\\\/wp-content\\\/uploads\\\/2026\\\/01\\\/SITE-CorpoDocente-Raquel-Barradas-de-Freitas.jpg\"},{\"@type\":\"BreadcrumbList\",\"@id\":\"https:\\\/\\\/novalaw.unl.pt\\\/raquel-barradas-de-freitas\\\/#breadcrumb\",\"itemListElement\":[{\"@type\":\"ListItem\",\"position\":1,\"name\":\"Home\",\"item\":\"https:\\\/\\\/novalaw.unl.pt\\\/en\\\/\"},{\"@type\":\"ListItem\",\"position\":2,\"name\":\"Raquel Barradas de Freitas\"}]},{\"@type\":\"WebSite\",\"@id\":\"https:\\\/\\\/novalaw.unl.pt\\\/#website\",\"url\":\"https:\\\/\\\/novalaw.unl.pt\\\/\",\"name\":\"NOVA School of Law | Faculdade de Direito da Universidade NOVA de Lisboa\",\"description\":\"NOVA School Of Law\",\"publisher\":{\"@id\":\"https:\\\/\\\/novalaw.unl.pt\\\/#organization\"},\"potentialAction\":[{\"@type\":\"SearchAction\",\"target\":{\"@type\":\"EntryPoint\",\"urlTemplate\":\"https:\\\/\\\/novalaw.unl.pt\\\/?s={search_term_string}\"},\"query-input\":{\"@type\":\"PropertyValueSpecification\",\"valueRequired\":true,\"valueName\":\"search_term_string\"}}],\"inLanguage\":\"en-US\"},{\"@type\":\"Organization\",\"@id\":\"https:\\\/\\\/novalaw.unl.pt\\\/#organization\",\"name\":\"NOVA School of Law\",\"url\":\"https:\\\/\\\/novalaw.unl.pt\\\/\",\"logo\":{\"@type\":\"ImageObject\",\"inLanguage\":\"en-US\",\"@id\":\"https:\\\/\\\/novalaw.unl.pt\\\/#\\\/schema\\\/logo\\\/image\\\/\",\"url\":\"https:\\\/\\\/novalaw.unl.pt\\\/wp-content\\\/uploads\\\/2021\\\/02\\\/logo-novalaw.svg\",\"contentUrl\":\"https:\\\/\\\/novalaw.unl.pt\\\/wp-content\\\/uploads\\\/2021\\\/02\\\/logo-novalaw.svg\",\"width\":991,\"height\":424,\"caption\":\"NOVA School of Law\"},\"image\":{\"@id\":\"https:\\\/\\\/novalaw.unl.pt\\\/#\\\/schema\\\/logo\\\/image\\\/\"}}]}<\/script>\n<!-- \/ Yoast SEO Premium plugin. -->","yoast_head_json":{"title":"Raquel Barradas de Freitas - NOVA School of Law | Faculdade de Direito da Universidade NOVA de Lisboa","robots":{"index":"index","follow":"follow","max-snippet":"max-snippet:-1","max-image-preview":"max-image-preview:large","max-video-preview":"max-video-preview:-1"},"canonical":"https:\/\/novalaw.unl.pt\/raquel-barradas-de-freitas\/","og_locale":"en_US","og_type":"article","og_title":"Raquel Barradas de Freitas","og_description":"Raquel Barradas de Freitas Assistant Professor of JurisprudenceCEDIS Chair in Human Rights, Access to Justice, and the Rule of Law raquel.freitas.1997@novalaw.unl.pt Biographical Note DPhil in Law, University of Oxford (2014). Max Weber Postdoctoral Fellow, European University Institute, Florence (2017-2018). Lecturer in Jurisprudence, University of Oxford (2009-2019). Teaching Fellow in Legal Theory (2014-2020), University College London. &hellip; Raquel Barradas de Freitas Read More &raquo;","og_url":"https:\/\/novalaw.unl.pt\/raquel-barradas-de-freitas\/","og_site_name":"NOVA School of Law | Faculdade de Direito da Universidade NOVA de Lisboa","article_modified_time":"2026-01-23T14:28:47+00:00","og_image":[{"url":"https:\/\/novalaw.unl.pt\/wp-content\/uploads\/2026\/01\/SITE-CorpoDocente-Raquel-Barradas-de-Freitas.jpg","type":"","width":"","height":""}],"twitter_card":"summary_large_image","twitter_misc":{"Est. reading time":"3 minutes"},"schema":{"@context":"https:\/\/schema.org","@graph":[{"@type":"WebPage","@id":"https:\/\/novalaw.unl.pt\/raquel-barradas-de-freitas\/","url":"https:\/\/novalaw.unl.pt\/raquel-barradas-de-freitas\/","name":"Raquel Barradas de Freitas - NOVA School of Law | Faculdade de Direito da Universidade NOVA de Lisboa","isPartOf":{"@id":"https:\/\/novalaw.unl.pt\/#website"},"primaryImageOfPage":{"@id":"https:\/\/novalaw.unl.pt\/raquel-barradas-de-freitas\/#primaryimage"},"image":{"@id":"https:\/\/novalaw.unl.pt\/raquel-barradas-de-freitas\/#primaryimage"},"thumbnailUrl":"https:\/\/novalaw.unl.pt\/wp-content\/uploads\/2026\/01\/SITE-CorpoDocente-Raquel-Barradas-de-Freitas.jpg","datePublished":"2022-12-20T11:34:13+00:00","dateModified":"2026-01-23T14:28:47+00:00","breadcrumb":{"@id":"https:\/\/novalaw.unl.pt\/raquel-barradas-de-freitas\/#breadcrumb"},"inLanguage":"en-US","potentialAction":[{"@type":"ReadAction","target":["https:\/\/novalaw.unl.pt\/raquel-barradas-de-freitas\/"]}]},{"@type":"ImageObject","inLanguage":"en-US","@id":"https:\/\/novalaw.unl.pt\/raquel-barradas-de-freitas\/#primaryimage","url":"https:\/\/novalaw.unl.pt\/wp-content\/uploads\/2026\/01\/SITE-CorpoDocente-Raquel-Barradas-de-Freitas.jpg","contentUrl":"https:\/\/novalaw.unl.pt\/wp-content\/uploads\/2026\/01\/SITE-CorpoDocente-Raquel-Barradas-de-Freitas.jpg"},{"@type":"BreadcrumbList","@id":"https:\/\/novalaw.unl.pt\/raquel-barradas-de-freitas\/#breadcrumb","itemListElement":[{"@type":"ListItem","position":1,"name":"Home","item":"https:\/\/novalaw.unl.pt\/en\/"},{"@type":"ListItem","position":2,"name":"Raquel Barradas de Freitas"}]},{"@type":"WebSite","@id":"https:\/\/novalaw.unl.pt\/#website","url":"https:\/\/novalaw.unl.pt\/","name":"NOVA School of Law | Faculdade de Direito da Universidade NOVA de Lisboa","description":"NOVA School Of Law","publisher":{"@id":"https:\/\/novalaw.unl.pt\/#organization"},"potentialAction":[{"@type":"SearchAction","target":{"@type":"EntryPoint","urlTemplate":"https:\/\/novalaw.unl.pt\/?s={search_term_string}"},"query-input":{"@type":"PropertyValueSpecification","valueRequired":true,"valueName":"search_term_string"}}],"inLanguage":"en-US"},{"@type":"Organization","@id":"https:\/\/novalaw.unl.pt\/#organization","name":"NOVA School of Law","url":"https:\/\/novalaw.unl.pt\/","logo":{"@type":"ImageObject","inLanguage":"en-US","@id":"https:\/\/novalaw.unl.pt\/#\/schema\/logo\/image\/","url":"https:\/\/novalaw.unl.pt\/wp-content\/uploads\/2021\/02\/logo-novalaw.svg","contentUrl":"https:\/\/novalaw.unl.pt\/wp-content\/uploads\/2021\/02\/logo-novalaw.svg","width":991,"height":424,"caption":"NOVA School of Law"},"image":{"@id":"https:\/\/novalaw.unl.pt\/#\/schema\/logo\/image\/"}}]}},"novalaw_begin_date":"","novalaw_begin_date_en":"","novalaw_text":"","novalaw_tag":"","novalaw_tag_en":"","novalaw_link":"","novalaw_link_en":"","novalaw_end_date":"","novalaw_end_date_en":"","novalaw_date":"","novalaw_em_destaque":"","novalaw_tag_src":"","lang":"","_links":{"self":[{"href":"https:\/\/novalaw.unl.pt\/en\/wp-json\/wp\/v2\/pages\/44324","targetHints":{"allow":["GET"]}}],"collection":[{"href":"https:\/\/novalaw.unl.pt\/en\/wp-json\/wp\/v2\/pages"}],"about":[{"href":"https:\/\/novalaw.unl.pt\/en\/wp-json\/wp\/v2\/types\/page"}],"author":[{"embeddable":true,"href":"https:\/\/novalaw.unl.pt\/en\/wp-json\/wp\/v2\/users\/2"}],"replies":[{"embeddable":true,"href":"https:\/\/novalaw.unl.pt\/en\/wp-json\/wp\/v2\/comments?post=44324"}],"version-history":[{"count":61,"href":"https:\/\/novalaw.unl.pt\/en\/wp-json\/wp\/v2\/pages\/44324\/revisions"}],"predecessor-version":[{"id":106887,"href":"https:\/\/novalaw.unl.pt\/en\/wp-json\/wp\/v2\/pages\/44324\/revisions\/106887"}],"wp:attachment":[{"href":"https:\/\/novalaw.unl.pt\/en\/wp-json\/wp\/v2\/media?parent=44324"}],"wp:term":[{"taxonomy":"category","embeddable":true,"href":"https:\/\/novalaw.unl.pt\/en\/wp-json\/wp\/v2\/categories?post=44324"},{"taxonomy":"post_tag","embeddable":true,"href":"https:\/\/novalaw.unl.pt\/en\/wp-json\/wp\/v2\/tags?post=44324"}],"curies":[{"name":"wp","href":"https:\/\/api.w.org\/{rel}","templated":true}]}}