{"id":45291,"date":"2023-01-03T12:10:25","date_gmt":"2023-01-03T12:10:25","guid":{"rendered":"https:\/\/novalaw.unl.pt\/?page_id=45291"},"modified":"2023-01-03T12:19:55","modified_gmt":"2023-01-03T12:19:55","slug":"diogo-matos-brandao","status":"publish","type":"page","link":"https:\/\/novalaw.unl.pt\/en\/diogo-matos-brandao\/","title":{"rendered":"Diogo Matos Brand\u00e3o"},"content":{"rendered":"\t\t<div data-elementor-type=\"wp-page\" data-elementor-id=\"45291\" class=\"elementor elementor-45291\" data-elementor-settings=\"[]\">\n\t\t\t\t\t\t\t<div class=\"elementor-section-wrap\">\n\t\t\t\t\t\t\t<section class=\"elementor-section elementor-top-section elementor-element elementor-element-62964aa3 elementor-section-height-min-height elementor-section-boxed elementor-section-height-default elementor-section-items-middle\" data-id=\"62964aa3\" data-element_type=\"section\">\n\t\t\t\t\t\t<div class=\"elementor-container elementor-column-gap-default\">\n\t\t\t\t\t<div class=\"elementor-column elementor-col-100 elementor-top-column elementor-element elementor-element-6620cecf\" data-id=\"6620cecf\" data-element_type=\"column\">\n\t\t\t<div class=\"elementor-widget-wrap elementor-element-populated\">\n\t\t\t\t\t\t\t\t<section class=\"elementor-section elementor-inner-section elementor-element elementor-element-112d159c elementor-section-boxed elementor-section-height-default elementor-section-height-default\" data-id=\"112d159c\" data-element_type=\"section\">\n\t\t\t\t\t\t<div class=\"elementor-container elementor-column-gap-default\">\n\t\t\t\t\t<div class=\"elementor-column elementor-col-50 elementor-inner-column elementor-element elementor-element-4844dcd1\" data-id=\"4844dcd1\" data-element_type=\"column\">\n\t\t\t<div class=\"elementor-widget-wrap elementor-element-populated\">\n\t\t\t\t\t\t\t\t<div class=\"elementor-element elementor-element-64412cab elementor-widget elementor-widget-image\" data-id=\"64412cab\" data-element_type=\"widget\" data-widget_type=\"image.default\">\n\t\t\t\t<div class=\"elementor-widget-container\">\n\t\t\t\t\t\t\t\t\t\t\t\t\t\t\t<img loading=\"lazy\" decoding=\"async\" width=\"202\" height=\"202\" src=\"https:\/\/novalaw.unl.pt\/wp-content\/uploads\/2022\/04\/diogo-brandao.jpg\" class=\"attachment-large size-large\" alt=\"\" srcset=\"https:\/\/novalaw.unl.pt\/wp-content\/uploads\/2022\/04\/diogo-brandao.jpg 202w, https:\/\/novalaw.unl.pt\/wp-content\/uploads\/2022\/04\/diogo-brandao-150x150.jpg 150w\" sizes=\"auto, (max-width: 202px) 100vw, 202px\" \/>\t\t\t\t\t\t\t\t\t\t\t\t\t\t\t<\/div>\n\t\t\t\t<\/div>\n\t\t\t\t\t<\/div>\n\t\t<\/div>\n\t\t\t\t<div class=\"elementor-column elementor-col-50 elementor-inner-column elementor-element elementor-element-2d3d6c\" data-id=\"2d3d6c\" data-element_type=\"column\">\n\t\t\t<div class=\"elementor-widget-wrap elementor-element-populated\">\n\t\t\t\t\t\t\t\t<div class=\"elementor-element elementor-element-1f87c53e elementor-widget elementor-widget-heading\" data-id=\"1f87c53e\" data-element_type=\"widget\" data-widget_type=\"heading.default\">\n\t\t\t\t<div class=\"elementor-widget-container\">\n\t\t\t<h1 class=\"elementor-heading-title elementor-size-default\">Diogo Matos Brand\u00e3o <\/h1>\t\t<\/div>\n\t\t\t\t<\/div>\n\t\t\t\t<div class=\"elementor-element elementor-element-56539c03 elementor-widget elementor-widget-heading\" data-id=\"56539c03\" data-element_type=\"widget\" data-widget_type=\"heading.default\">\n\t\t\t\t<div class=\"elementor-widget-container\">\n\t\t\t<h3 class=\"elementor-heading-title elementor-size-default\">Teaching Assistant<\/h3>\t\t<\/div>\n\t\t\t\t<\/div>\n\t\t\t\t<div class=\"elementor-element elementor-element-169a8d48 elementor-widget elementor-widget-ekit_wb_3521\" data-id=\"169a8d48\" data-element_type=\"widget\" data-widget_type=\"ekit_wb_3521.default\">\n\t\t\t\t<div class=\"elementor-widget-container\">\n\t\t\t<a href=\"mailto:diogo.brandao@novalaw.unl.pt\" style=\"vertical-align: middle;\n    display: flex;\">\n    <span><svg xmlns=\"http:\/\/www.w3.org\/2000\/svg\" width=\"32\" height=\"32\" viewBox=\"0 0 32 32\" fill=\"none\"><g clip-path=\"url(#clip0)\"><path fill-rule=\"evenodd\" clip-rule=\"evenodd\" d=\"M13.4915 0.197933C10.3659 0.694111 7.45756 2.10609 5.13445 4.25529C2.81134 6.40449 1.17778 9.19436 0.440381 12.272C-0.297019 15.3497 -0.105136 18.577 0.991764 21.5456C2.08866 24.5142 4.0413 27.0908 6.60272 28.9496C9.16413 30.8084 12.2193 31.8658 15.3817 31.9881C18.5441 32.1104 21.6718 31.2921 24.3691 29.6367C27.0664 27.9813 29.2122 25.5632 30.5351 22.6881C31.858 19.8131 32.2986 16.6103 31.8011 13.4849C31.1342 9.29534 28.8308 5.54213 25.3973 3.05051C21.9638 0.558883 17.6813 -0.467177 13.4915 0.197933ZM24.5524 9.24141L16.9002 16.8936C15.8915 17.8953 15.5089 17.8605 14.5698 16.8936C13.6306 15.9266 7.16803 9.15793 7.16803 9.15793L24.5524 9.24141ZM6.43759 10.2501L12.3854 16.2188L6.43759 22.1527V10.2501ZM7.34194 23.1405L13.2411 17.2136C13.2411 17.2136 13.8463 17.8049 14.4237 18.3197C15.6063 19.3771 16.2045 19.551 17.5472 18.3197L18.7576 17.2136L24.7263 23.1892L7.34194 23.1405ZM25.5193 22.1597L19.5228 16.191L25.5541 10.2571L25.5193 22.1597Z\" fill=\"black\"><\/path><\/g><defs><clipPath id=\"clip0\"><rect width=\"32\" height=\"32\" fill=\"white\"><\/rect><\/clipPath><\/defs><\/svg><\/span>\n    <span style=\"margin:5px\">diogo.brandao@novalaw.unl.pt<\/span><\/a>\n\t\t\t\t<\/div>\n\t\t\t\t<\/div>\n\t\t\t\t<div class=\"elementor-element elementor-element-5f7df62b elementor-absolute elementor-widget elementor-widget-text-editor\" data-id=\"5f7df62b\" data-element_type=\"widget\" data-settings=\"{&quot;_position&quot;:&quot;absolute&quot;}\" data-widget_type=\"text-editor.default\">\n\t\t\t\t<div class=\"elementor-widget-container\">\n\t\t\t\t\t\t\t<span class=\"tab-click\" style=\"color: #dd0036; font-weight: bold;\" data-target=\"nota-biografica\">Biographical Note<\/span>\t\t\t\t\t\t<\/div>\n\t\t\t\t<\/div>\n\t\t\t\t\t<\/div>\n\t\t<\/div>\n\t\t\t\t\t\t\t<\/div>\n\t\t<\/section>\n\t\t\t\t\t<\/div>\n\t\t<\/div>\n\t\t\t\t\t\t\t<\/div>\n\t\t<\/section>\n\t\t\t\t<section class=\"elementor-section elementor-top-section elementor-element elementor-element-329a79b1 elementor-section-boxed elementor-section-height-default elementor-section-height-default\" data-id=\"329a79b1\" data-element_type=\"section\">\n\t\t\t\t\t\t<div class=\"elementor-container elementor-column-gap-default\">\n\t\t\t\t\t<div class=\"elementor-column elementor-col-100 elementor-top-column elementor-element elementor-element-5c15da4\" data-id=\"5c15da4\" data-element_type=\"column\">\n\t\t\t<div class=\"elementor-widget-wrap elementor-element-populated\">\n\t\t\t\t\t\t\t\t<div class=\"elementor-element elementor-element-5fd20d0b tabs-novalaw elementor-widget elementor-widget-text-editor\" data-id=\"5fd20d0b\" data-element_type=\"widget\" id=\"nota-biografica\" data-widget_type=\"text-editor.default\">\n\t\t\t\t<div class=\"elementor-widget-container\">\n\t\t\t\t\t\t\t<p>Diogo Matos Brand\u00e3o is a PhD Student at NOVA School of Law. His research is focused on the connection between data protection law and intelectual property law in the context of Artificial Intelligence-based systems.<\/p><p>Has a Bachelor&#8217;s degree in Law at University of Minho (2017), a post-graduate certification in Law and Bioethics at University of Lisbon (2019) and a Master&#8217;s degree in Law and Informatics at University of Minho (2020). Currently collaborates with several knowledge centres at Nova School of Law, namely Observat\u00f3rio da Prote\u00e7\u00e3o de Dados, IPSI and WhatNext Law.<\/p><p>Currently active as a data protection advisor at Banco de Portugal.<\/p>\t\t\t\t\t\t<\/div>\n\t\t\t\t<\/div>\n\t\t\t\t<div class=\"elementor-element elementor-element-4afa770 tabs-novalaw elementor-widget elementor-widget-text-editor\" data-id=\"4afa770\" data-element_type=\"widget\" id=\"experiencia\" data-widget_type=\"text-editor.default\">\n\t\t\t\t<div class=\"elementor-widget-container\">\n\t\t\t\t\t\t\t<p class=\"p1\"><span class=\"s1\"><b>Licenciatura (1.\u00ba Ciclo):<\/b><\/span><\/p><ul><li class=\"p1\"><span class=\"s1\">Direito Comparado dos Contratos, <\/span><\/li><li class=\"p1\"><span class=\"s1\">Direito do Com\u00e9rcio Internacional<\/span><\/li><\/ul><p class=\"p1\"><span class=\"s1\"><b>Mestrado (2\u00ba Ciclo):<\/b><\/span><\/p><ul><li class=\"p1\"><span class=\"s1\">Gest\u00e3o do Risco em Contratos de Financiamento<\/span><\/li><li class=\"p1\"><span class=\"s1\">Neg\u00f3cios, Direitos Humanos e Sustentabilidade<\/span><\/li><li class=\"p1\"><span class=\"s1\">Arbitragem Comercial Internacional<\/span><\/li><\/ul><p class=\"p1\"><span class=\"s1\">Recebeu o Pr\u00e9mio eLearning Practitioner em 2016 pelo uso de metodologias inovadoras no desenvolvimento e disponibiliza\u00e7\u00e3o de cursos de grau acad\u00e9mico.<\/span><\/p>\t\t\t\t\t\t<\/div>\n\t\t\t\t<\/div>\n\t\t\t\t<div class=\"elementor-element elementor-element-33b8f7e5 tabs-novalaw elementor-widget elementor-widget-text-editor\" data-id=\"33b8f7e5\" data-element_type=\"widget\" id=\"publicacoes\" data-widget_type=\"text-editor.default\">\n\t\t\t\t<div class=\"elementor-widget-container\">\n\t\t\t\t\t\t\t<b>Monografia<\/b>\n<ul>\n \t<li><em>&#8220;L&#8217;acc\u00e8s \u00e0 la Justice Civile en cas de Violations des Droits de L&#8217;homme par des Entreprises Multinationales [Access to Civil Justice and Corporate Human Rights Violations]<\/em>. [Online], Cadmus. Florence: European University Institute, 2013. <a href=\"http:\/\/hdl.handle.net\/1814\/29602\" target=\"_blank\" rel=\"noopener\"><span style=\"text-decoration: underline;\">Dispon\u00edvel aqui<\/span><\/a><\/li>\n<\/ul>\n<b>Relat\u00f3rios Pol\u00edticos<\/b>\n<ul>\n \t<li>&#8220;<em>50 Billions Euros: Europe&#8217;s Child Labor Footprint in 2019&#8243;<\/em>, Study on trade policy and child labour prepared for the Greens\/EFA Group in the European Parliament, June 10 2021, 1 &#8211; 181. <a href=\"https:\/\/28696c7d-66ef-4bd0-86e3-c319e9b535e4.filesusr.com\/ugd\/f0f801_6a5192d8587c4c37b45ef5b37dc5dffb.pdf\">Dispon\u00edvel aqui<\/a><\/li>\n \t<li><em>&#8220;Mapping human rights due diligence regulations and evaluating their contribution in upholding labour standards in global supply chains&#8221;<\/em>, prepared as part of a research compendium for the International Labour Organization (ILO) with the support of the Government of France and published in G. Delautre, E. Echeverr\u00eda Manrique and C. Fenwick, Decent work in globalised economy: Lessons from public and private initiatives, ILO 2021, 75-108. <a href=\"https:\/\/novabhre.novalaw.unl.pt\/wp-content\/uploads\/2021\/02\/DecentWorkGlobalizedEconomy_ClaireBright.pdf\" target=\"_blank\" rel=\"noopener\">Dispon\u00edvel aqui<\/a>. <a href=\"https:\/\/novabhre.novalaw.unl.pt\/wp-content\/uploads\/2021\/02\/DecentWorkGlobalizedEconomy_FR_ClaireBright.pdf\" target=\"_blank\" rel=\"noopener\">Tamb\u00e9m disponivel em franc\u00eas<\/a>.<\/li>\n \t<li><em>&#8220;Panorama du cadre normatif relatif au devoir de vigilance en mati\u00e8re de droits de l&#8217;homme dans les cha\u00eenes d&#8217;approvisionnement mondiales&#8221;<\/em>, published in the 2020 study by Entreprises pour les droits de l\u2019Homme (Edh) entitled \u2018Etude: Application de la Loi sur le devoir de vigilance \u2013 Plans de vigilance parus en 2019-2020\u2019, December 2020, 11-13. <span style=\"text-decoration: underline;\"><a href=\"https:\/\/www.e-dh.org\/userfiles\/Etude%20EDH_Plans_de_vigilance_2019-2020_Decembre2020.pdf\" target=\"_blank\" rel=\"noopener\">Dispon\u00edvel aqui<\/a><\/span><\/li>\n \t<li><em>&#8220;Options for Mandatory Human Rights Due Diligence in Belgium&#8221;<\/em>, Study for the 11.11.11 and the Working Group on Corporate Accountability, June 2020, co-authored with Diana Lica, Axel Marx, and Geert Van Calster. <span style=\"text-decoration: underline;\"><a href=\"https:\/\/ghum.kuleuven.be\/ggs\/publications\/research_reports\/options-for-mandatory-human-rights-due-diligence.pdf\" target=\"_blank\" rel=\"noopener\">Dispon\u00edvel aqui<\/a><\/span>.<\/li>\n \t<li><em>&#8220;Study on due diligence requirements through the supply chain&#8221;<\/em>, Study for the European Commission, February 2020, 1-572, co-authored with Lise Smit, Robert McCorquodale, Matthias Bauer, Hanna Deringer, Daniela Baeza-Breinbauer, Francisca Torres-Cort\u00e9s, Frank Alleweldt, Senda Kara, Camille Salinier and H\u00e9ctor Tejero Tobed. Study composed of the following 5 publications (total 1,172 pages):\n<ul>\n \t<li><a href=\"https:\/\/op.europa.eu\/en\/publication-detail\/-\/publication\/8ba0a8fd-4c83-11ea-b8b7-01aa75ed71a1\/language-en\" target=\"_blank\" rel=\"noopener\"><em><span style=\"text-decoration: underline;\">&#8220;Final Report&#8221;<\/span><\/em><\/a>, 1-572<\/li>\n \t<li><a href=\"https:\/\/op.europa.eu\/en\/publication-detail\/-\/publication\/291b84d3-4c82-11ea-b8b7-01aa75ed71a1\/language-en\" target=\"_blank\" rel=\"noopener\"><span style=\"text-decoration: underline;\"><em>&#8220;Part I. Synthesis Report&#8221;<\/em><\/span><\/a>, 1-85.<\/li>\n \t<li><a href=\"https:\/\/op.europa.eu\/en\/publication-detail\/-\/publication\/5bd8a55a-4c84-11ea-b8b7-01aa75ed71a1\/language-en\" target=\"_blank\" rel=\"noopener\"><span style=\"text-decoration: underline;\"><em>&#8220;Part II. Survey Results Statistics&#8221;<\/em><\/span><\/a>, 1-98.<\/li>\n \t<li><a href=\"https:\/\/op.europa.eu\/en\/publication-detail\/-\/publication\/0268dfcf-4c85-11ea-b8b7-01aa75ed71a1\/language-en\" target=\"_blank\" rel=\"noopener\"><span style=\"text-decoration: underline;\"><em>&#8220;Part III. Country Reports&#8221;<\/em><\/span><\/a>, 1-322.<\/li>\n \t<li><a href=\"https:\/\/op.europa.eu\/en\/publication-detail\/-\/publication\/f253e31f-4c80-11ea-b8b7-01aa75ed71a1\/language-en\" target=\"_blank\" rel=\"noopener\"><span style=\"text-decoration: underline;\"><em>&#8220;Part IV. Annexures&#8221;<\/em><\/span><\/a>, 1-95.<\/li>\n<\/ul>\n<\/li>\n \t<li><em>&#8220;Access to legal remedy for victims of corporate human rights abuses in third countries&#8221;<\/em>, Study requested by the European Parliament&#8217;s Sub-Committee on Human Rights, co-authored with Axel Marx and Jan Wouters. <span style=\"text-decoration: underline;\"><a href=\"http:\/\/www.europarl.europa.eu\/RegData\/etudes\/STUD\/2019\/603475\/EXPO_STU(2019)603475_EN.pdf\" target=\"_blank\" rel=\"noopener\">Dispon\u00edvel aqui<\/a>.<\/span><\/li>\n<\/ul>\n<b>Artigos de Revistas Cient\u00edficas<\/b>\n<ul>\n \t<li><em>&#8220;Risk-Based Due Diligence, Climate Change, Human Rights and the Just Transition&#8221;<\/em>, Sustainability, (accepted for publication), forthcoming 2021, co-authored with Karin Buhmann. Dispon\u00edvel aqui.<\/li>\n \t<li><em>&#8220;Private International Law issues in the Second Draft of the legally binding instrument on Business and Human Rights&#8221;<\/em>, 39\/1 Nederlands Internationaal Privaatrecht [Dutch Journal of Private International Law] (2021), 35-52, co-authored with Maria Chiara Marullo and Francisco Javier Zamora Cabot.<\/li>\n \t<li><em>&#8220;Empresas, Derechos Humanos y la COVID-19: El deber del estado de proteger la salud laboral y el empleo&#8217; [Business, Human Rights and COVID-19: The State Duty to Protect Workers&#8217; Health and Employment]&#8221;<\/em>, Revista Espa\u00f1ola de Derecho Internacional (REDI) [Spanish Review of International Law], Secci\u00f3n Foro, Vol. 73\/1, 2021, 319-328, co-authored with Nicolas Bueno and Irene Pietropaoli.<\/li>\n \t<li><em>&#8220;Implementing Human Rights Due Diligence Through Corporate Civil Liability&#8221;<\/em>, 69(4) International &amp; Comparative Law Quarterly (2020), 789-818, co-authored with Nicolas Bueno.<\/li>\n \t<li><em>&#8220;Towards a corporate duty for lead companies to respect human rights in their global value chains?&#8221;<\/em>, 22(4) Business and Politics (2020), 667-697, co-authored with Axel Marx, Nina Pineau and Jan Wouters.<\/li>\n \t<li><em>&#8220;Business views on mandatory human rights due diligence regulation: a comparative analysis of two recent studies&#8221;<\/em>, co-authored with L. Smit, I. Pietropaoli, P. Hood and J. Hughes Jennett Business and Human Rights Journal (2020).<\/li>\n \t<li><em>&#8220;Corporate Accountability Mechanisms in EU Member Stats for Human Rights Abuses in Third Countries&#8221;<\/em>, European Yearbook of Human Rights, 2019, 157-185, co-authored with A. Marx, N. Pineau and J. Wouters.<\/li>\n \t<li><em>&#8220;Le devoir de diligence de la soci\u00e9t\u00e9 m\u00e8re dans la jurisprudence anglaise \u2018[The Duty of Due Diligence of the Parent Company in English case-law]&#8221;<\/em>, 10 Droit Social, 2017, 828-833.<\/li>\n \t<li><em>&#8220;La excepci\u00f3n de orden p\u00fablico internacional como fundamento de denegaci\u00f3n del reconocimiento del repudio isl\u00e1mico\u2019 [The public policy exception to the recognition of foreign judgments on islamic \u201ctalaq\u201d]&#8221;<\/em>, Anuario espa\u00f1ol de derecho internacional privado [Spanish Yearbook of Private International Law] 2010, 717-729.<\/li>\n<\/ul>\n<b>Cap\u00edtulos de Livros<\/b>\n<ul>\n \t<li><em>&#8220;Mandatory Human Rights and Environmental Due Diligence Legislation&#8221;<\/em>, co-authored with Nicolas Bueno, in Anthony Ewig (ed.), Teaching Business and Human Rights, Edward Elgar Publishing Ltd., forthcoming 2022.<\/li>\n \t<li><em>&#8220;Access to Justice for Corporate Human Rights Harms: Private International Law and Criminal Law Considerations&#8221;<\/em>, co-authored with Athina Sachoulidou, in Estudos em Homenagem a Professora Doutora Maria Helena Brito [Studies in Honour of Professor Maria Helena Brito], forthcoming, 2021.<\/li>\n \t<li><em>&#8220;Holding Companies to Account for Human Rights Abuses in Third Countries: Why is it so difficult?&#8221;<\/em>, in Ana Luiza da Gama e Souza, Lara Denise G\u00f3es da Costa and Let\u00edcia Helena Medeiros Velosos (eds.), Direitos Humanos, Paz, Sustentabilidade e Empresas Globais, REDHIPAS, 2021.<\/li>\n \t<li><em>&#8220;Hardening Soft Law: the Implementation of the Human Rights Due Diligence Requirements in Domestic Legislations&#8221;<\/em>, co-authored with Chiara Macchi, in M. Buscemi, N. Lazzerini, L. Magi and D. Russo (eds.), Legal Sources in Business and Human Rights: Evolving Dynamics in International and European Law (Brill, 2020), 218-247.<\/li>\n \t<li><em>&#8220;L\u2019acc\u00e8s \u00e0 la justice et les droits fondamentaux des travailleurs: aspects de droit international priv\u00e9\u2019 [Access to Justice and Fundamental Workers\u2019 Rights: Private International Law Aspects]&#8221;<\/em>, co-authored with Professor Marie-Ange Moreau, In Isabelle Daugareilh (ed.), L\u2019acc\u00e8s \u00e0 la justice sociale: La place du juge et des corps interm\u00e9diaires, Approche compatative et internationale(Bruylant, 2019), 213-233.<\/li>\n \t<li><em>&#8220;The Civil Liability of the Parent Company for the Acts or Omissions of Its Subsidiary: The Example of the Shell Cases in the UK and in the Netherlands&#8221;<\/em>, in A. Bonfanti (ed.) Business and Human Rights in Europe: International Law Challenges (Routledge, 2018), 212-222.<\/li>\n \t<li><em>&#8220;The ONIAM Model&#8221;<\/em>, co-authored with C. Hodges, in S. Macleod and C. Hodges (eds.), Redress Schemes for Personal Injuries (Hart Publishing, 2017), 427-437.<\/li>\n \t<li>&#8220;Quelques r\u00e9flexions \u00e0 propos de l\u2019affaire Shell aux Pays-Bas\u2019 [Some Reflections on the Shell Case in the Netherlands], in Soci\u00e9t\u00e9 fran\u00e7aise pour le droit international, L\u2019entreprise multinationale et le droit international (A. P\u00e9done, 2016), 127-142.<\/li>\n \t<li><em>\u2018The Implications of the Kiobel v. Royal Dutch Petroleum Case for the Exercise of Extraterritorial Jurisdiction&#8221;<\/em>, In A. Di Stefano, C. Salamone and A. Coci (eds.), A Lackland Law? Territory, Effectiveness and Jurisdiction in International and EU Law (Giappichelli, 2015), 165-181.<\/li>\n<\/ul>\n<strong>Outras publica\u00e7\u00f5es<\/strong>\n<ul>\n \t<li><em>&#8220;Dilig\u00eancia Devida Em Mat\u00e9ria de Direitos Humanos e Ambiente&#8217; [Human Rights and Environmental Due Diligence]&#8221;<\/em>, Legal brief prepared for the Instituto Marqu\u00eas de Valle Fl\u00f4r (IMVF) as part of the Pan-European campaign OurFood.OurFuture, implemented in Portugal by IMVF, March 2021, 1-16, tamb\u00e9m dispon\u00edvel em Ingl\u00eas.<\/li>\n \t<li><em>&#8220;Panorama du cadre normatif relatif au devoir de vigilance en mati\u00e8re de droits de l&#8217;homme dans les cha\u00eenes d&#8217;approvisionnement mondiales&#8221;<\/em>, published in the 2020 study by Entreprises pour les droits de l\u2019Homme (Edh) entitled \u2018Etude: Application de la Loi sur le devoir de vigilance \u2013 Plans de vigilance parus en 2019-2020, December 2020, 11-13.<\/li>\n \t<li><em>\u00a0&#8220;Creating a legislative level-playing field in Business and Human Rights at the European level: is the French Duty of Vigilance Law the way forward?&#8221;,<\/em>\u00a0EUI Working Paper, EUI MWP 2020.01, 1-10.<\/li>\n \t<li><em>&#8220;L\u2019esercizio extraterritoriale della giurisdizione civile con riferimento ai gravi violazioni dei diritti umani da parte delle imprese\u2019 [The Exercise of Extraterritorial Civil Jurisdiction in Relation to Serious Human Rights Violations Committed by Multinational Corporations]&#8221;<\/em>, (2015\/44 EUI Working Papers, 2015), 1-10.<\/li>\n \t<li><em>&#8220;Corporations and Social Environmental Justice: the Role of Private International Law&#8221;<\/em>, co-authored with Dr Benedict Wray, In Antoine Duval and Marie-Ange Moreau (eds.). Towards Social Environmental Justice?. (EUI Working Papers, 2012), 75-94.<\/li>\n<\/ul>\t\t\t\t\t\t<\/div>\n\t\t\t\t<\/div>\n\t\t\t\t<div class=\"elementor-element elementor-element-3613c91c tabs-novalaw elementor-widget elementor-widget-text-editor\" data-id=\"3613c91c\" data-element_type=\"widget\" id=\"investigacao\" data-widget_type=\"text-editor.default\">\n\t\t\t\t<div class=\"elementor-widget-container\">\n\t\t\t\t\t\t\t<ul><li>Governa\u00e7\u00e3o Sustent\u00e1vel das Empresas<\/li><li>Empresas e Direitos Humanos<\/li><li>ESG (<em>Environmental, Social and Governance<\/em>),\u00a0<em>Risk &amp; Compliance<\/em><\/li><li>Direito Internacional Privado<\/li><li>Direito Comercial Internacional<\/li><li>Direito Privado Comparado<\/li><\/ul>\t\t\t\t\t\t<\/div>\n\t\t\t\t<\/div>\n\t\t\t\t\t<\/div>\n\t\t<\/div>\n\t\t\t\t\t\t\t<\/div>\n\t\t<\/section>\n\t\t\t\t<section class=\"elementor-section elementor-top-section elementor-element elementor-element-45bc16b4 elementor-section-height-min-height elementor-section-boxed elementor-section-height-default elementor-section-items-middle\" data-id=\"45bc16b4\" data-element_type=\"section\">\n\t\t\t\t\t\t<div class=\"elementor-container elementor-column-gap-default\">\n\t\t\t\t\t<div class=\"elementor-column elementor-col-100 elementor-top-column elementor-element elementor-element-2f5bd228\" data-id=\"2f5bd228\" data-element_type=\"column\">\n\t\t\t<div class=\"elementor-widget-wrap\">\n\t\t\t\t\t\t\t\t\t<\/div>\n\t\t<\/div>\n\t\t\t\t\t\t\t<\/div>\n\t\t<\/section>\n\t\t\t\t\t\t<\/div>\n\t\t\t\t\t<\/div>\n\t\t","protected":false},"excerpt":{"rendered":"<p>Diogo Matos Brand\u00e3o Teaching Assistant diogo.brandao@novalaw.unl.pt Biographical Note Diogo Matos Brand\u00e3o is a PhD Student at NOVA School of Law. His research is focused on the connection between data protection law and intelectual property law in the context of Artificial Intelligence-based systems. Has a Bachelor&#8217;s degree in Law at University of Minho (2017), a post-graduate &hellip;<\/p>\n<p class=\"read-more\"> <a class=\"\" href=\"https:\/\/novalaw.unl.pt\/en\/diogo-matos-brandao\/\"> <span class=\"screen-reader-text\">Diogo Matos Brand\u00e3o<\/span> Read More &raquo;<\/a><\/p>\n","protected":false},"author":2,"featured_media":0,"parent":0,"menu_order":0,"comment_status":"closed","ping_status":"closed","template":"","meta":{"footnotes":""},"categories":[],"tags":[],"class_list":["post-45291","page","type-page","status-publish","hentry"],"yoast_head":"<!-- This site is optimized with the Yoast SEO Premium plugin v27.4 (Yoast SEO v27.4) - https:\/\/yoast.com\/product\/yoast-seo-premium-wordpress\/ -->\n<title>Diogo Matos Brand\u00e3o - NOVA School of Law | Faculdade de Direito da Universidade NOVA de Lisboa<\/title>\n<meta name=\"robots\" content=\"index, follow, max-snippet:-1, max-image-preview:large, max-video-preview:-1\" \/>\n<link rel=\"canonical\" href=\"https:\/\/novalaw.unl.pt\/diogo-brandao\/\" \/>\n<meta property=\"og:locale\" content=\"en_US\" \/>\n<meta property=\"og:type\" content=\"article\" \/>\n<meta property=\"og:title\" content=\"Diogo Matos Brand\u00e3o\" \/>\n<meta property=\"og:description\" content=\"Diogo Matos Brand\u00e3o Teaching Assistant diogo.brandao@novalaw.unl.pt Biographical Note Diogo Matos Brand\u00e3o is a PhD Student at NOVA School of Law. His research is focused on the connection between data protection law and intelectual property law in the context of Artificial Intelligence-based systems. Has a Bachelor&#8217;s degree in Law at University of Minho (2017), a post-graduate &hellip; Diogo Matos Brand\u00e3o Read More &raquo;\" \/>\n<meta property=\"og:url\" content=\"https:\/\/novalaw.unl.pt\/diogo-brandao\/\" \/>\n<meta property=\"og:site_name\" content=\"NOVA School of Law | Faculdade de Direito da Universidade NOVA de Lisboa\" \/>\n<meta property=\"article:modified_time\" content=\"2023-01-03T12:19:55+00:00\" \/>\n<meta property=\"og:image\" content=\"https:\/\/novalaw.unl.pt\/wp-content\/uploads\/2022\/04\/diogo-brandao.jpg\" \/>\n<meta name=\"twitter:card\" content=\"summary_large_image\" \/>\n<meta name=\"twitter:label1\" content=\"Est. reading time\" \/>\n\t<meta name=\"twitter:data1\" content=\"7 minutes\" \/>\n<script type=\"application\/ld+json\" class=\"yoast-schema-graph\">{\"@context\":\"https:\\\/\\\/schema.org\",\"@graph\":[{\"@type\":\"WebPage\",\"@id\":\"https:\\\/\\\/novalaw.unl.pt\\\/diogo-brandao\\\/\",\"url\":\"https:\\\/\\\/novalaw.unl.pt\\\/diogo-brandao\\\/\",\"name\":\"Diogo Matos Brand\u00e3o - NOVA School of Law | Faculdade de Direito da Universidade NOVA de Lisboa\",\"isPartOf\":{\"@id\":\"https:\\\/\\\/novalaw.unl.pt\\\/#website\"},\"primaryImageOfPage\":{\"@id\":\"https:\\\/\\\/novalaw.unl.pt\\\/diogo-brandao\\\/#primaryimage\"},\"image\":{\"@id\":\"https:\\\/\\\/novalaw.unl.pt\\\/diogo-brandao\\\/#primaryimage\"},\"thumbnailUrl\":\"https:\\\/\\\/novalaw.unl.pt\\\/wp-content\\\/uploads\\\/2022\\\/04\\\/diogo-brandao.jpg\",\"datePublished\":\"2023-01-03T12:10:25+00:00\",\"dateModified\":\"2023-01-03T12:19:55+00:00\",\"breadcrumb\":{\"@id\":\"https:\\\/\\\/novalaw.unl.pt\\\/diogo-brandao\\\/#breadcrumb\"},\"inLanguage\":\"en-US\",\"potentialAction\":[{\"@type\":\"ReadAction\",\"target\":[\"https:\\\/\\\/novalaw.unl.pt\\\/diogo-brandao\\\/\"]}]},{\"@type\":\"ImageObject\",\"inLanguage\":\"en-US\",\"@id\":\"https:\\\/\\\/novalaw.unl.pt\\\/diogo-brandao\\\/#primaryimage\",\"url\":\"https:\\\/\\\/novalaw.unl.pt\\\/wp-content\\\/uploads\\\/2022\\\/04\\\/diogo-brandao.jpg\",\"contentUrl\":\"https:\\\/\\\/novalaw.unl.pt\\\/wp-content\\\/uploads\\\/2022\\\/04\\\/diogo-brandao.jpg\"},{\"@type\":\"BreadcrumbList\",\"@id\":\"https:\\\/\\\/novalaw.unl.pt\\\/diogo-brandao\\\/#breadcrumb\",\"itemListElement\":[{\"@type\":\"ListItem\",\"position\":1,\"name\":\"Home\",\"item\":\"https:\\\/\\\/novalaw.unl.pt\\\/en\\\/\"},{\"@type\":\"ListItem\",\"position\":2,\"name\":\"Diogo Matos Brand\u00e3o\"}]},{\"@type\":\"WebSite\",\"@id\":\"https:\\\/\\\/novalaw.unl.pt\\\/#website\",\"url\":\"https:\\\/\\\/novalaw.unl.pt\\\/\",\"name\":\"NOVA School of Law | Faculdade de Direito da Universidade NOVA de Lisboa\",\"description\":\"NOVA School Of Law\",\"publisher\":{\"@id\":\"https:\\\/\\\/novalaw.unl.pt\\\/#organization\"},\"potentialAction\":[{\"@type\":\"SearchAction\",\"target\":{\"@type\":\"EntryPoint\",\"urlTemplate\":\"https:\\\/\\\/novalaw.unl.pt\\\/?s={search_term_string}\"},\"query-input\":{\"@type\":\"PropertyValueSpecification\",\"valueRequired\":true,\"valueName\":\"search_term_string\"}}],\"inLanguage\":\"en-US\"},{\"@type\":\"Organization\",\"@id\":\"https:\\\/\\\/novalaw.unl.pt\\\/#organization\",\"name\":\"NOVA School of Law\",\"url\":\"https:\\\/\\\/novalaw.unl.pt\\\/\",\"logo\":{\"@type\":\"ImageObject\",\"inLanguage\":\"en-US\",\"@id\":\"https:\\\/\\\/novalaw.unl.pt\\\/#\\\/schema\\\/logo\\\/image\\\/\",\"url\":\"https:\\\/\\\/novalaw.unl.pt\\\/wp-content\\\/uploads\\\/2021\\\/02\\\/logo-novalaw.svg\",\"contentUrl\":\"https:\\\/\\\/novalaw.unl.pt\\\/wp-content\\\/uploads\\\/2021\\\/02\\\/logo-novalaw.svg\",\"width\":991,\"height\":424,\"caption\":\"NOVA School of Law\"},\"image\":{\"@id\":\"https:\\\/\\\/novalaw.unl.pt\\\/#\\\/schema\\\/logo\\\/image\\\/\"}}]}<\/script>\n<!-- \/ Yoast SEO Premium plugin. -->","yoast_head_json":{"title":"Diogo Matos Brand\u00e3o - NOVA School of Law | Faculdade de Direito da Universidade NOVA de Lisboa","robots":{"index":"index","follow":"follow","max-snippet":"max-snippet:-1","max-image-preview":"max-image-preview:large","max-video-preview":"max-video-preview:-1"},"canonical":"https:\/\/novalaw.unl.pt\/diogo-brandao\/","og_locale":"en_US","og_type":"article","og_title":"Diogo Matos Brand\u00e3o","og_description":"Diogo Matos Brand\u00e3o Teaching Assistant diogo.brandao@novalaw.unl.pt Biographical Note Diogo Matos Brand\u00e3o is a PhD Student at NOVA School of Law. His research is focused on the connection between data protection law and intelectual property law in the context of Artificial Intelligence-based systems. Has a Bachelor&#8217;s degree in Law at University of Minho (2017), a post-graduate &hellip; Diogo Matos Brand\u00e3o Read More &raquo;","og_url":"https:\/\/novalaw.unl.pt\/diogo-brandao\/","og_site_name":"NOVA School of Law | Faculdade de Direito da Universidade NOVA de Lisboa","article_modified_time":"2023-01-03T12:19:55+00:00","og_image":[{"url":"https:\/\/novalaw.unl.pt\/wp-content\/uploads\/2022\/04\/diogo-brandao.jpg","type":"","width":"","height":""}],"twitter_card":"summary_large_image","twitter_misc":{"Est. reading time":"7 minutes"},"schema":{"@context":"https:\/\/schema.org","@graph":[{"@type":"WebPage","@id":"https:\/\/novalaw.unl.pt\/diogo-brandao\/","url":"https:\/\/novalaw.unl.pt\/diogo-brandao\/","name":"Diogo Matos Brand\u00e3o - NOVA School of Law | Faculdade de Direito da Universidade NOVA de Lisboa","isPartOf":{"@id":"https:\/\/novalaw.unl.pt\/#website"},"primaryImageOfPage":{"@id":"https:\/\/novalaw.unl.pt\/diogo-brandao\/#primaryimage"},"image":{"@id":"https:\/\/novalaw.unl.pt\/diogo-brandao\/#primaryimage"},"thumbnailUrl":"https:\/\/novalaw.unl.pt\/wp-content\/uploads\/2022\/04\/diogo-brandao.jpg","datePublished":"2023-01-03T12:10:25+00:00","dateModified":"2023-01-03T12:19:55+00:00","breadcrumb":{"@id":"https:\/\/novalaw.unl.pt\/diogo-brandao\/#breadcrumb"},"inLanguage":"en-US","potentialAction":[{"@type":"ReadAction","target":["https:\/\/novalaw.unl.pt\/diogo-brandao\/"]}]},{"@type":"ImageObject","inLanguage":"en-US","@id":"https:\/\/novalaw.unl.pt\/diogo-brandao\/#primaryimage","url":"https:\/\/novalaw.unl.pt\/wp-content\/uploads\/2022\/04\/diogo-brandao.jpg","contentUrl":"https:\/\/novalaw.unl.pt\/wp-content\/uploads\/2022\/04\/diogo-brandao.jpg"},{"@type":"BreadcrumbList","@id":"https:\/\/novalaw.unl.pt\/diogo-brandao\/#breadcrumb","itemListElement":[{"@type":"ListItem","position":1,"name":"Home","item":"https:\/\/novalaw.unl.pt\/en\/"},{"@type":"ListItem","position":2,"name":"Diogo Matos Brand\u00e3o"}]},{"@type":"WebSite","@id":"https:\/\/novalaw.unl.pt\/#website","url":"https:\/\/novalaw.unl.pt\/","name":"NOVA School of Law | Faculdade de Direito da Universidade NOVA de Lisboa","description":"NOVA School Of Law","publisher":{"@id":"https:\/\/novalaw.unl.pt\/#organization"},"potentialAction":[{"@type":"SearchAction","target":{"@type":"EntryPoint","urlTemplate":"https:\/\/novalaw.unl.pt\/?s={search_term_string}"},"query-input":{"@type":"PropertyValueSpecification","valueRequired":true,"valueName":"search_term_string"}}],"inLanguage":"en-US"},{"@type":"Organization","@id":"https:\/\/novalaw.unl.pt\/#organization","name":"NOVA School of Law","url":"https:\/\/novalaw.unl.pt\/","logo":{"@type":"ImageObject","inLanguage":"en-US","@id":"https:\/\/novalaw.unl.pt\/#\/schema\/logo\/image\/","url":"https:\/\/novalaw.unl.pt\/wp-content\/uploads\/2021\/02\/logo-novalaw.svg","contentUrl":"https:\/\/novalaw.unl.pt\/wp-content\/uploads\/2021\/02\/logo-novalaw.svg","width":991,"height":424,"caption":"NOVA School of Law"},"image":{"@id":"https:\/\/novalaw.unl.pt\/#\/schema\/logo\/image\/"}}]}},"novalaw_begin_date":"","novalaw_begin_date_en":"","novalaw_text":"","novalaw_tag":"","novalaw_tag_en":"","novalaw_link":"","novalaw_link_en":"","novalaw_end_date":"","novalaw_end_date_en":"","novalaw_date":"","novalaw_em_destaque":"","novalaw_tag_src":"","lang":"","_links":{"self":[{"href":"https:\/\/novalaw.unl.pt\/en\/wp-json\/wp\/v2\/pages\/45291","targetHints":{"allow":["GET"]}}],"collection":[{"href":"https:\/\/novalaw.unl.pt\/en\/wp-json\/wp\/v2\/pages"}],"about":[{"href":"https:\/\/novalaw.unl.pt\/en\/wp-json\/wp\/v2\/types\/page"}],"author":[{"embeddable":true,"href":"https:\/\/novalaw.unl.pt\/en\/wp-json\/wp\/v2\/users\/2"}],"replies":[{"embeddable":true,"href":"https:\/\/novalaw.unl.pt\/en\/wp-json\/wp\/v2\/comments?post=45291"}],"version-history":[{"count":7,"href":"https:\/\/novalaw.unl.pt\/en\/wp-json\/wp\/v2\/pages\/45291\/revisions"}],"predecessor-version":[{"id":45305,"href":"https:\/\/novalaw.unl.pt\/en\/wp-json\/wp\/v2\/pages\/45291\/revisions\/45305"}],"wp:attachment":[{"href":"https:\/\/novalaw.unl.pt\/en\/wp-json\/wp\/v2\/media?parent=45291"}],"wp:term":[{"taxonomy":"category","embeddable":true,"href":"https:\/\/novalaw.unl.pt\/en\/wp-json\/wp\/v2\/categories?post=45291"},{"taxonomy":"post_tag","embeddable":true,"href":"https:\/\/novalaw.unl.pt\/en\/wp-json\/wp\/v2\/tags?post=45291"}],"curies":[{"name":"wp","href":"https:\/\/api.w.org\/{rel}","templated":true}]}}