{"id":4750,"date":"2021-09-02T16:10:01","date_gmt":"2021-09-02T16:10:01","guid":{"rendered":"https:\/\/novalaw.unl.pt\/?page_id=4750"},"modified":"2024-03-22T17:07:06","modified_gmt":"2024-03-22T17:07:06","slug":"armando-marques-guedes","status":"publish","type":"page","link":"https:\/\/novalaw.unl.pt\/en\/armando-marques-guedes\/","title":{"rendered":"Armando Marques Guedes"},"content":{"rendered":"\t\t<div data-elementor-type=\"wp-page\" data-elementor-id=\"4750\" class=\"elementor elementor-4750\" data-elementor-settings=\"[]\">\n\t\t\t\t\t\t\t<div class=\"elementor-section-wrap\">\n\t\t\t\t\t\t\t<section class=\"elementor-section elementor-top-section elementor-element elementor-element-71e0ebad elementor-section-height-min-height elementor-section-boxed elementor-section-height-default elementor-section-items-middle\" data-id=\"71e0ebad\" data-element_type=\"section\">\n\t\t\t\t\t\t<div class=\"elementor-container elementor-column-gap-default\">\n\t\t\t\t\t<div class=\"elementor-column elementor-col-100 elementor-top-column elementor-element elementor-element-65b756cd\" data-id=\"65b756cd\" data-element_type=\"column\">\n\t\t\t<div class=\"elementor-widget-wrap elementor-element-populated\">\n\t\t\t\t\t\t\t\t<section class=\"elementor-section elementor-inner-section elementor-element elementor-element-321c9dab elementor-section-boxed elementor-section-height-default elementor-section-height-default\" data-id=\"321c9dab\" data-element_type=\"section\">\n\t\t\t\t\t\t<div class=\"elementor-container elementor-column-gap-default\">\n\t\t\t\t\t<div class=\"elementor-column elementor-col-50 elementor-inner-column elementor-element elementor-element-5edf1083\" data-id=\"5edf1083\" data-element_type=\"column\">\n\t\t\t<div class=\"elementor-widget-wrap elementor-element-populated\">\n\t\t\t\t\t\t\t\t<div class=\"elementor-element elementor-element-21518f94 elementor-widget elementor-widget-image\" data-id=\"21518f94\" data-element_type=\"widget\" data-widget_type=\"image.default\">\n\t\t\t\t<div class=\"elementor-widget-container\">\n\t\t\t\t\t\t\t\t\t\t\t\t\t\t\t<img loading=\"lazy\" decoding=\"async\" width=\"202\" height=\"202\" src=\"https:\/\/novalaw.unl.pt\/wp-content\/uploads\/2022\/03\/SITE_docentes-residentes-ARMANDO-M-GUEDES_1.jpg\" class=\"attachment-large size-large\" alt=\"\" srcset=\"https:\/\/novalaw.unl.pt\/wp-content\/uploads\/2022\/03\/SITE_docentes-residentes-ARMANDO-M-GUEDES_1.jpg 202w, https:\/\/novalaw.unl.pt\/wp-content\/uploads\/2022\/03\/SITE_docentes-residentes-ARMANDO-M-GUEDES_1-150x150.jpg 150w\" sizes=\"auto, (max-width: 202px) 100vw, 202px\" \/>\t\t\t\t\t\t\t\t\t\t\t\t\t\t\t<\/div>\n\t\t\t\t<\/div>\n\t\t\t\t\t<\/div>\n\t\t<\/div>\n\t\t\t\t<div class=\"elementor-column elementor-col-50 elementor-inner-column elementor-element elementor-element-7ed1909e\" data-id=\"7ed1909e\" data-element_type=\"column\">\n\t\t\t<div class=\"elementor-widget-wrap elementor-element-populated\">\n\t\t\t\t\t\t\t\t<div class=\"elementor-element elementor-element-2373ea0a elementor-widget elementor-widget-heading\" data-id=\"2373ea0a\" data-element_type=\"widget\" data-widget_type=\"heading.default\">\n\t\t\t\t<div class=\"elementor-widget-container\">\n\t\t\t<h1 class=\"elementor-heading-title elementor-size-default\">Armando Marques Guedes<\/h1>\t\t<\/div>\n\t\t\t\t<\/div>\n\t\t\t\t<div class=\"elementor-element elementor-element-37088fae elementor-widget elementor-widget-heading\" data-id=\"37088fae\" data-element_type=\"widget\" data-widget_type=\"heading.default\">\n\t\t\t\t<div class=\"elementor-widget-container\">\n\t\t\t<h3 class=\"elementor-heading-title elementor-size-default\">Full Professor, Retired<\/h3>\t\t<\/div>\n\t\t\t\t<\/div>\n\t\t\t\t<div class=\"elementor-element elementor-element-bb17a2f elementor-widget elementor-widget-ekit_wb_3521\" data-id=\"bb17a2f\" data-element_type=\"widget\" data-widget_type=\"ekit_wb_3521.default\">\n\t\t\t\t<div class=\"elementor-widget-container\">\n\t\t\t<a href=\"mailto:amarquesguedes@novalaw.unl.pt\" style=\"vertical-align: middle;\n    display: flex;\">\n    <span><svg xmlns=\"http:\/\/www.w3.org\/2000\/svg\" width=\"32\" height=\"32\" viewBox=\"0 0 32 32\" fill=\"none\"><g clip-path=\"url(#clip0)\"><path fill-rule=\"evenodd\" clip-rule=\"evenodd\" d=\"M13.4915 0.197933C10.3659 0.694111 7.45756 2.10609 5.13445 4.25529C2.81134 6.40449 1.17778 9.19436 0.440381 12.272C-0.297019 15.3497 -0.105136 18.577 0.991764 21.5456C2.08866 24.5142 4.0413 27.0908 6.60272 28.9496C9.16413 30.8084 12.2193 31.8658 15.3817 31.9881C18.5441 32.1104 21.6718 31.2921 24.3691 29.6367C27.0664 27.9813 29.2122 25.5632 30.5351 22.6881C31.858 19.8131 32.2986 16.6103 31.8011 13.4849C31.1342 9.29534 28.8308 5.54213 25.3973 3.05051C21.9638 0.558883 17.6813 -0.467177 13.4915 0.197933ZM24.5524 9.24141L16.9002 16.8936C15.8915 17.8953 15.5089 17.8605 14.5698 16.8936C13.6306 15.9266 7.16803 9.15793 7.16803 9.15793L24.5524 9.24141ZM6.43759 10.2501L12.3854 16.2188L6.43759 22.1527V10.2501ZM7.34194 23.1405L13.2411 17.2136C13.2411 17.2136 13.8463 17.8049 14.4237 18.3197C15.6063 19.3771 16.2045 19.551 17.5472 18.3197L18.7576 17.2136L24.7263 23.1892L7.34194 23.1405ZM25.5193 22.1597L19.5228 16.191L25.5541 10.2571L25.5193 22.1597Z\" fill=\"black\"><\/path><\/g><defs><clipPath id=\"clip0\"><rect width=\"32\" height=\"32\" fill=\"white\"><\/rect><\/clipPath><\/defs><\/svg><\/span>\n    <span style=\"margin:5px\">amarquesguedes@novalaw.unl.pt<\/span><\/a>\n\t\t\t\t<\/div>\n\t\t\t\t<\/div>\n\t\t\t\t<div class=\"elementor-element elementor-element-11f9e04c elementor-absolute elementor-widget elementor-widget-text-editor\" data-id=\"11f9e04c\" data-element_type=\"widget\" data-settings=\"{&quot;_position&quot;:&quot;absolute&quot;}\" data-widget_type=\"text-editor.default\">\n\t\t\t\t<div class=\"elementor-widget-container\">\n\t\t\t\t\t\t\t<span class=\"tab-click\" style=\"color: #dd0036; font-weight: bold;\" data-target=\"nota-biografica\">Biographical Note<\/span> | <span class=\"tab-click\" data-target=\"experiencia\"> Pedagogical Experience <\/span>| <span class=\"tab-click\" data-target=\"publicacoes\">Main Publications<\/span> | <span class=\"tab-click\" data-target=\"investigacao\">Research Areas<\/span>\t\t\t\t\t\t<\/div>\n\t\t\t\t<\/div>\n\t\t\t\t\t<\/div>\n\t\t<\/div>\n\t\t\t\t\t\t\t<\/div>\n\t\t<\/section>\n\t\t\t\t\t<\/div>\n\t\t<\/div>\n\t\t\t\t\t\t\t<\/div>\n\t\t<\/section>\n\t\t\t\t<section class=\"elementor-section elementor-top-section elementor-element elementor-element-1e85fde1 elementor-section-boxed elementor-section-height-default elementor-section-height-default\" data-id=\"1e85fde1\" data-element_type=\"section\">\n\t\t\t\t\t\t<div class=\"elementor-container elementor-column-gap-default\">\n\t\t\t\t\t<div class=\"elementor-column elementor-col-100 elementor-top-column elementor-element elementor-element-41300395\" data-id=\"41300395\" data-element_type=\"column\">\n\t\t\t<div class=\"elementor-widget-wrap elementor-element-populated\">\n\t\t\t\t\t\t\t\t<div class=\"elementor-element elementor-element-7320b35f tabs-novalaw elementor-widget elementor-widget-text-editor\" data-id=\"7320b35f\" data-element_type=\"widget\" id=\"nota-biografica\" data-widget_type=\"text-editor.default\">\n\t\t\t\t<div class=\"elementor-widget-container\">\n\t\t\t\t\t\t\t<p class=\"p1\"><span class=\"s1\">Armando Marques Guedes is Full Professor and was <\/span><span class=\"s1\">Director of the Research Center (CEDIS) and Coordinator of the Masters in Law and Security, Law and Economics of the Sea and of the PhD in Law and Security.<\/span><\/p><p class=\"p1\"><span class=\"s1\">He holds a Bachelor of Government from the Instituto Superior de Ci\u00eancias Sociais e Pol\u00edticas (ISCSP), received a BSc (honours) and an MPhil in Social Anthropology from the London School of Economics and Political Science (LSE), a Dipl\u00f4me de l\u2019\u00c9cole at the \u00c9cole des Hautes \u00c9tudes en Sciences Sociales (EHESS), Paris. He holds a PhD in Social and Cultural Anthropology from the Faculty of Social and Human Sciences (FCSH, UNL), for which he was awarded\u00a0an unanimous<i>\u00a0summa cum laude.\u00a0<\/i>He obtained an \u2018Agrega\u00e7\u00e3o\u2019 in Law from NOVA School of Law.<\/span><\/p><p class=\"p1\"><span class=\"s1\">Full Professor at the NOVA School of Law; the Military University Institute (IUM), Ministry of Defense, where he is the professor responsible for the UC of Geopolitics), the National Defense Institute (IDN), and the Institute of Police Sciences and Internal Security (ISCPSI), Ministry of Internal Administration, as well as the National Administration Institute (INA).<\/span><\/p><p class=\"p1\"><span class=\"s1\">Elected Ivor Evans Fellow of Cambridge University (1979-1982) and Tweedie Fellow of Edinburgh University, Scotland (1979-1981). He was awarded a Professorship\u00a0<i>honoris causa<\/i>\u00a0by the University of Bucharest, Romania.<\/span><\/p><p class=\"p1\"><span class=\"s1\">Professionally, he was the First Cultural Counselor of the Portuguese Embassy in Angola (1985-1989), then President of the Diplomatic Institute at the Ministry of Foreign Affairs and Director of Policy Planning at the same Ministry (2005-2008), and was for six years Chairman of the General Assembly of the Portuguese Society of International Law (SPDI). He is a member of more than thirty think tanks and research institutes, in Portugal and abroad. Author of eighteen books and more than one hundred and thirty articles and member of over forty scientific societies, here and abroad. He did fieldwork in the Philippines, Angola, S\u00e3o Tom\u00e9 e Pr\u00edncipe, Cape Verde and Timor-Leste. He has published studies in 15 countries and 12 languages, and has given conferences and\/or organized courses (c. 750) in 43 countries.<\/span><\/p>\t\t\t\t\t\t<\/div>\n\t\t\t\t<\/div>\n\t\t\t\t<div class=\"elementor-element elementor-element-a3cfc61 tabs-novalaw elementor-widget elementor-widget-text-editor\" data-id=\"a3cfc61\" data-element_type=\"widget\" id=\"experiencia\" data-widget_type=\"text-editor.default\">\n\t\t\t\t<div class=\"elementor-widget-container\">\n\t\t\t\t\t\t\t<p class=\"p1\"><strong><span class=\"s1\">Bachelor\u2019s degree (1st Cycle):<\/span><\/strong><\/p><ul><li class=\"p1\"><span class=\"s2\">Non-European Peoples and Cultures I<\/span><\/li><li class=\"p1\"><span class=\"s2\">Ideologies and Societies of South East Asia<\/span><\/li><li class=\"p1\"><span class=\"s2\">Non-European Peoples and Cultures III<\/span><\/li><li class=\"p1\"><span class=\"s2\">Hunter and Gatherer Societies<\/span><\/li><li class=\"p1\"><span class=\"s2\">Anthropology of Religion<\/span><\/li><li class=\"p1\"><span class=\"s2\">Political Anthropology<\/span><\/li><li class=\"p1\"><span class=\"s2\">International Organizations I and II<\/span><\/li><li class=\"p1\"><span class=\"s2\">General Ethnography II<\/span><\/li><li class=\"p1\"><span class=\"s2\">Anthropology of Contemporary Societies 3 and 4<\/span><\/li><li class=\"p1\"><span class=\"s2\">International Policy I and II<\/span><\/li><li class=\"p1\"><span class=\"s2\">Legal Anthropology<\/span><\/li><li class=\"p1\"><span class=\"s2\">International Relations<\/span><\/li><li class=\"p1\"><span class=\"s2\">Political Science<\/span><\/li><li class=\"p1\"><span class=\"s2\">African Rights<\/span><\/li><li class=\"p1\"><span class=\"s2\">Interdisciplinary Studies<\/span><\/li><li class=\"p1\"><span class=\"s2\">Law and Other Knowledge<\/span><\/li><li class=\"p1\"><span class=\"s2\">Sociology of Law<\/span><\/li><\/ul><p class=\"p1\"><strong><span class=\"s1\">Master\u2019s degree (2nd Cycle):<\/span><\/strong><\/p><ul><li class=\"p1\"><span class=\"s2\">Types of Rationality;<br \/>Geopolitics<\/span><\/li><li class=\"p1\"><span class=\"s2\">The Social Organization of Space<\/span><\/li><li class=\"p1\"><span class=\"s2\">Maritime Safety<\/span><\/li><li class=\"p1\"><span class=\"s2\">The Sea and Maritime Identity<\/span><\/li><li class=\"p1\"><span class=\"s2\">Economic Models of the Development of the Sea: from Economy to Law<\/span><\/li><li class=\"p1\"><span class=\"s2\">Security and Globalization<\/span><\/li><li class=\"p1\"><span class=\"s2\">Security, State and Globalization<\/span><\/li><li class=\"p1\"><span class=\"s2\">Cybersecurity<\/span><\/li><\/ul><p class=\"p1\"><strong><span class=\"s1\">PhD (3rd Cycle):<\/span><\/strong><\/p><ul><li class=\"p1\"><span class=\"s2\">Law and Society<\/span><\/li><\/ul>\t\t\t\t\t\t<\/div>\n\t\t\t\t<\/div>\n\t\t\t\t<div class=\"elementor-element elementor-element-6e4d09be tabs-novalaw elementor-widget elementor-widget-text-editor\" data-id=\"6e4d09be\" data-element_type=\"widget\" id=\"publicacoes\" data-widget_type=\"text-editor.default\">\n\t\t\t\t<div class=\"elementor-widget-container\">\n\t\t\t\t\t\t\t<ul><li class=\"p1\"><span class=\"s1\"><i>2019 \u2013 <\/i>Armando Marques Guedes e<i> <\/i><\/span><span class=\"s2\">Ricardo Dias da Costa, (coord., org., e <em>long Introductory Note)<\/em> &#8220;<i>O Grande M\u00e9dio Oriente Alargado&#8221;<\/i>, Centro de Investiga\u00e7\u00e3o e Desenvolvimento, Cadernos do IUM, 2 volumes, Instituto Universit\u00e1rio Militar, Lisboa.<\/span><\/li><li class=\"p1\"><span class=\"s1\"><i>2019 &#8211; <\/i><em>\u201cUma estrat\u00e9gia mar\u00edtima para a Lusofonia\u201d<\/em>,<i> Jornal da Economia do Mar<\/i>, maio de 2019, pp.11-12<\/span><\/li><li class=\"p1\"><span class=\"s1\"><i>2019 \u2013 <\/i><em>\u201cNational Security, Homeland Security\u201d<\/em>, in (eds.) Teresa Rodrigues &amp; Andr\u00e9 In\u00e1cio, <i>Security at a Crossroads. New tools for new challenges<\/i>, pp.21-34, Nova Science Publishers, New York.<\/span><\/li><li class=\"p2\"><span class=\"s4\"><i>2019 \u2013 <\/i><em>\u201cNota Introdut\u00f3ria\u201d<\/em> pp. 3-8,<i> <\/i><\/span><span class=\"s2\">in (org.) Armando Marques Guedes e Ricardo Dias da Costa<i> &#8220;O Poder de Portugal nas Rela\u00e7\u00f5es Internacionais<\/i>, in <i>IUM Atualidade&#8221;<\/i>, n\u00ba. 16, Centro de<\/span> <span class=\"s2\">Investiga\u00e7\u00e3o e Desenvolvimento, no. 16, pp. v+35, (21 mar 2019)<\/span><\/li><li class=\"p1\"><span class=\"s1\"><i>2018 \u2013 <\/i><em>\u201cThe Rule of Law\u201d<\/em>, in (eds.) Andrei Marga, Radu Motica, Ladislav Gy\u00e9m\u00e1nt, <i>Dezbaterile de la Sinaia. Statul de Drept. Premise, conditii, functionare, <\/i>, pp. 49-63, <i>Fundatia Alexandrion<\/i>, Meteor Press, Bucharest, Romania.<\/span><\/li><li class=\"p1\"><span class=\"s1\"><i>2018 \u2013 <\/i><em>\u201cValor estrat\u00e9gico e econ\u00f3mico dos cabos submarinos\u201d<\/em>, in <i>Jornal da Economia do Mar<\/i>, 19 no. especial de anivers\u00e1rio, pp. 9-12.<\/span><\/li><li class=\"p1\"><span class=\"s1\"><i>2018 \u2013 <\/i><em>\u201cRaising Diplomats as Fit. Raptures and torments in the evolution of diplomatic training\u201d<\/em>,<i> Themis<\/i>, <em>special number for the 20<\/em><\/span><em><span class=\"s6\"><sup>th<\/sup><\/span><\/em><span class=\"s1\"><em> anniversary<\/em> of NOVA Law, UNL, Lisboa,<\/span><span class=\"s7\">\u00a0<\/span><\/li><li class=\"p1\"><span class=\"s1\"><i>2018 \u2013 <\/i><em>a long preface to the book<\/em> &#8220;<i>Os Herdeiros do Profeta&#8221;<\/i>, a work written by Rui da C\u00e2mara Pina, at the Portuguese Ministry of Defense. Editora Parsifal, Lisboa.<\/span><\/li><li class=\"p1\"><span class=\"s1\"><i>2017 \u2013<\/i> <em>\u201cEm rede. Os cabos de fibras \u00f3pticas submarinas e a centralidade portuguesa crescente num aut\u00eantico mar de conectividades\u201d<\/em>, in <i>Revista de Marinha<\/i>, special no. 1000, pp. 20-27, Lisboa.<i> <\/i><\/span><\/li><li class=\"p1\"><span class=\"s1\"><i>2017 \u2013 <\/i><em>\u201cContextos geopol\u00edticos da Rep\u00fablica Popular da China, hoje\u201d<\/em>, pref\u00e1cio ao livro de Paulo Brardo Duarte, &#8220;<i>A Faixa e Rota chinesa &#8211; a converg\u00eancia entre Terra e Mar&#8221;,<\/i> pp. 158-167. Instituto Internacional de Macau.<\/span><\/li><li class=\"p1\"><span class=\"s1\"><i>2016 \u2013 <\/i><em>\u201cRaptos Pol\u00edticos e Tomadas de Ref\u00e9ns\u201d<\/em>, pref\u00e1cio ao livro de Rui Neumann intitulado &#8220;<i>Raptos Pol\u00edticos e Tomadas de Ref\u00e9ns&#8221;<\/i>, pp.1.7, Seara Editoras,<i> <\/i><\/span><\/li><li class=\"p1\"><span class=\"s1\"><i>2016 \u2013 <\/i><em>\u201cBreves Reflex\u00f5es sobre o Poder e o Ciberespa\u00e7o\u201d<\/em>, com Lino Santos,<i> Revista de Direito e Seguran\u00e7a, <\/i>no. 6, pp. 189-210.<\/span><\/li><li class=\"p1\"><span class=\"s1\"><i>2015 \u2013 <\/i><em>\u201cO Conselho do \u00c1rtico\u201d<\/em>,<i> Janus<\/i>, Universidade Aut\u00f3noma de Lisboa.<\/span><\/li><li class=\"p1\"><span class=\"s1\"><i>2015 \u2013 <\/i><em>\u201cSeguran\u00e7a Externa\u201d<\/em>, in org. J. Bacelar Gouveia), <i>Enciclop\u00e9dia de Direito e Seguran\u00e7a<\/i>, Almedina, Coimbra.<\/span><\/li><li class=\"p1\"><span class=\"s1\"><i>2015 \u2013 <\/i><em>\u201cSeguran\u00e7a Interna\u201d<\/em>, in org. J. Bacelar Gouveia), &#8220;<i>Enciclop\u00e9dia de Direito e Seguran\u00e7a&#8221;<\/i>, Almedina, Coimbra.<\/span><\/li><li class=\"p1\"><span class=\"s1\"><i>2015 \u2013 \u201c<\/i><em>Liaisons dangereuses: reading and riding the winds of security risks in the Atlantic south<\/em><i>\u201d, in<\/i> (ed.) Dan Hamilton, <i>\u2018Dark Network in the Atlantic Basin. Emerging Trends and Implications for Human Security<\/i>, SAIS (<i>School for Advanced International Sudies<\/i>),<i> <\/i>Johns Hopkins University, Washington DC,<\/span><span class=\"s8\"> <a href=\"http:\/\/transatlantic.sais-jhu.edu\/events\/2012\/Atlantic%2520Basin%2520Initiative\/ABI%2520chapters\/ABI_Human_Security_Working_Paper_MarquesGuedes.pdf\"><span class=\"s9\">http:\/\/transatlantic.sais-jhu.edu\/events\/2012\/Atlantic%20Basin%20Initiative\/ABI%20chapters\/ABI_Human_Security_Working_Paper_MarquesGuedes.pdf<\/span><\/a> <\/span><span class=\"s1\">For the published book, see also here:<\/span> <span class=\"s9\">http:\/\/www.brookings.edu\/research\/books\/2014\/dark-networks-in-the-atlantic-basin<\/span><\/li><li class=\"p1\"><span class=\"s1\"><i>2014 \u2013<\/i><em>written comments to the book<\/em> of<i> <\/i>Paulo Brardo Duarte entitled<i> &#8220;Metamorfoses no Poder: Rumo \u00e0 Hegemonia do Drag\u00e3o&#8221;<\/i>, Chiado Editora, pp. 301-309.<\/span><\/li><li class=\"p1\"><span class=\"s1\"><i>2014 \u2013 \u201cLe Droit de Mer et les c\u00f4tes et les<\/i> rimlands <i>de l\u2019Europe du sud-ouest et de l\u2019Afrique du nord-ouest: quelques insuffisances du cadre juridique face aux enjeux g\u00e9opolitiques pr\u00e9sents\u201d, <\/i>in<i> Revista Direito e Seguran\u00e7a<\/i>, ano II, no. 3, pp. 37-53, Instituto de Direito e Seguran\u00e7a, Lisboa.<\/span><\/li><li class=\"p1\"><span class=\"s1\"><i>2014 \u2013<\/i> <em>\u201cProxy Wars\u201d<\/em>,<i> <\/i>in (org.) Nuno Canas Mendes e Francisco Pereira Coutinho, &#8220;<i>Enciclop\u00e9dia das Rela\u00e7\u00f5es Internacionais&#8221;<\/i>, pp. 457-461, D. Quixote, Lisboa.<\/span><\/li><li class=\"p3\"><span class=\"s1\"><i>2013<\/i> \u2013<em> \u201c<\/em><\/span><em><span class=\"s4\">De novo o repert\u00f3rio pol\u00edtico performativo e as \u00e1guas revoltas do semi-presidencialismo Timorense \u2013 mas agora redux\u201d<\/span><\/em><span class=\"s1\">, in Rui Gra\u00e7a Feij\u00f3 (org), <i>O Semipresidencialismo Timorense: Hist\u00f3ria, Pol\u00edtica e Desenho Institucional<\/i>, Coimbra, Almedina\/CES.<\/span><\/li><li class=\"p1\"><span class=\"s1\"><i>2013 \u2013 <\/i>\u201cImplica\u00e7\u00f5es Pol\u00edticas e de Seguran\u00e7a. A geopol\u00edtica do Atl\u00e2ntico Sul II\u201d,<i> in Os Mares da Lusofonia, Interven\u00e7\u00f5es do II Congresso, Jornadas D. Carlos I &#8211; 2010<\/i>: 53-67, Comunidade dos Pa\u00edses de L\u00edngua Portuguesa (CPLP), Lisboa.<\/span><\/li><li class=\"p3\"><span class=\"s4\"><i>2013 \u2013 <\/i>\u201c<\/span><span class=\"s1\">Quais as diferen\u00e7as do ensino da Ci\u00eancia Pol\u00edtica na dita Europa do Sul e na Europa do Norte?<\/span><span class=\"s4\">\u201d,<i> Observat\u00f3rio Pol\u00edtico<\/i>,<i> <\/i>Lisboa.<\/span><\/li><li class=\"p1\"><span class=\"s1\"><i>2012 \u2013 <\/i>\u201cGeopolitical shifts in the Wider Atlantic past, present and future\u201d, in (org.) John Richardson, <i>The Fractured Ocean. Report on current changes on Maritime Policy in the Wider Atlantic<\/i>:<i> <\/i>11-59<i>,<\/i> German Marshall Fund of the United States, Washington DC,<\/span> <span class=\"s9\">http:\/\/www.ocppc.ma\/sites\/default\/files\/FracturedOcean.pdf<\/span><\/li><li class=\"p1\"><span class=\"s1\"><i>2012 \u2013<\/i> \u201c<i>Here be Dragons<\/i>. Novos Conceitos de Seguran\u00e7a e o Mundo contempor\u00e2neo\u201d, <i>O Poder e o Estado<\/i>: 5-36, with Lu\u00eds Elias, ISCPSI and Almedina, Coimbra.<\/span><\/li><li class=\"p1\"><span class=\"s1\"><i>2012 \u2013 <\/i>\u201cDa desregula\u00e7\u00e3o ao recentramento no Atl\u00e2ntico Sul e a constru\u00e7\u00e3o da \u2018lusofonia\u2019\u201d,<i> Janus.net, <\/i>vol. 3 no.1: pp. 1-36,<i> <\/i>Universidade Aut\u00f3noma de Lisboa, <\/span><span class=\"s9\">http:\/\/observare.ual.pt\/janus.net\/images\/stories\/PDF\/vol3_n1\/pt\/pt_vol3_n1_art1.pdf<\/span><\/li><li class=\"p1\"><span class=\"s1\"><i>2012 \u2013 <\/i>\u201cFrom deregulation to recentering in the South Atlantic and the construction of \u2018lusofonia\u2019\u201d,<i> Janus.net, <\/i>vol. 3 no.1: pp. 1-36,<i> <\/i>Universidade Aut\u00f3noma de Lisboa, <\/span><span class=\"s9\">http:\/\/observare.ual.pt\/janus.net\/images\/stories\/PDF\/vol3_n1\/en\/en_vol3_n1.pdf<\/span><\/li><li class=\"p1\"><span class=\"s1\"><i>2012 \u2013<\/i> <em>\u201cA evolu\u00e7\u00e3o da situa\u00e7\u00e3o securit\u00e1ria no Atl\u00e2ntico Sul e seus arredores\u201d<\/em>, in<\/span><span class=\"s8\"> <a href=\"http:\/\/observare.ual.pt\/en\/Livro-de-actas\/sessao-a5.html\"><span class=\"s9\">http:\/\/observare.ual.pt\/en\/Livro-de-actas\/sessao-a5.html<\/span><\/a><\/span><\/li><li class=\"p1\"><span class=\"s1\"><i>2012 \u2013 <\/i><em>\u201cEuropean Energy Security: The Geopolitics of Natural Gas Projects\u201d<\/em>, in Ruxandra Ivan (org.), &#8220;<i>New Regionalism or No Regionalism? Emerging Regionalism in the Black Sea Area&#8221;<\/i>: 69-94, with Radu Dudau, Ashgate, London.<\/span><\/li><li class=\"p1\"><span class=\"s1\"><i>2012 \u2013 <\/i><em>\u201cA crise de 2006, a reconstru\u00e7\u00e3o do Estado e o papel dos actores internacionais&#8221;<\/em>,<em> in <\/em>(eds. Carlos Batalha da Silva et al.) &#8220;<i>Timor-Leste: Contributo de Portugal para a Constru\u00e7\u00e3o do Estado&#8221;<\/i>: 87-107, Academia Militar,<i> <\/i>Lisboa.<i> <\/i><\/span><\/li><li class=\"p1\"><span class=\"s1\"><i>2011 \u2013 <\/i><em>\u201cPerformative Political Power Repertoires and Shifting Waters in the East-Timorese \u2018Semi-Presidentialist\u2019 System of Government\u201d<\/em>, in (eds.) Nuno Canas Mendes and Andr\u00e9 Saramago, &#8220;<i>Dimensions of State-Building&#8221;<\/i>: 89-111, Instituto Superior de Ci\u00eancias Sociais e Pol\u00edticas, Lisboa.<\/span><\/li><li class=\"p1\"><span class=\"s1\"><i>2011 \u2013 <\/i> <em>\u201cAs constantes emergentes e a atipicidade das linhas de for\u00e7a na pol\u00edtica externa de Angola, 1975-2002\u201d<\/em>, (ed.) Jos\u00e9 Francisco Pavia<i>, &#8220;A Pol\u00edtica Externa de Angola no Novo Contexto Internacional&#8221;<\/i>: 21-73, Quid Juris?, Lisboa.<\/span><\/li><li class=\"p1\"><span class=\"s1\"><i>2011 \u2013 <\/i><em>\u201cA estrat\u00e9gia pol\u00edtica de reconstru\u00e7\u00e3o e a normatividade post bellum emergente. O caso da participa\u00e7\u00e3o portuguesa no ISAF, Afeganist\u00e3o, 2002-2011\u201d<\/em>, &#8220;<i>Conflictos Armados, Gesti\u00f3n Posconflicto y Reconstrucci\u00f3n&#8221;<\/i>: 477-515, <i>Studia Iuridica<\/i>, Santiago de Compostela, Espa\u00f1a.<\/span><\/li><li class=\"p1\"><span class=\"s1\"><i>2011 \u2013 <\/i><em>\u201cClusters of Diplomatic Training in the Central European Initiative Countries against a Comparative Background\u201d<\/em>, Centre for Advanced Academic Studies and Ministry of Foreign Affairs<i>,<\/i> &#8220;<i>Diplomatic Academy Proceedings&#8221;<\/i>, vol. 8, no. 1: 21-39, Dubrovnik and Zagreb, Croatia.<\/span><\/li><li class=\"p4\"><span class=\"s4\"><i>2011<\/i><\/span><span class=\"s1\"><i> \u2013 &#8220;Cartas de Cabul. O Afeganist\u00e3o visto por um soldado portugu\u00eas&#8221;<\/i>, annotations and a long postfacium to the work by Nuno Lemos Pires, Tribuna da Hist\u00f3ria, Lisboa.<\/span><\/li><li class=\"p1\"><span class=\"s1\"><i>2011<\/i> \u2013 <em>\u201cA Nova Geopol\u00edtica do Atl\u00e2ntico Sul\u201d<\/em>, Revista de Marinha: 20-24,<i> <\/i>Lisboa.<\/span><\/li><li class=\"p1\"><span class=\"s1\"><i>2010<\/i> \u2013 <em>\u041a\u0430\u0432\u043a\u0430\u0437\u0441\u043a\u0438\u0439 \u043c\u0435\u043b\u043e\u0432\u043e\u0439 \u043a\u0440\u0443\u0433<\/em><i>: \u201c\u0443\u043a\u0440\u0435\u043f\u043b\u0435\u043d\u0438\u0435 \u0420\u043e\u0441\u0441\u0438\u0438 \u0432 \u044e\u0436\u043d\u043e\u0439 \u0447\u0430\u0441\u0442\u0438 \u043f\u043e\u0441\u0442\u0441\u043e\u0432\u0435\u0442\u0441\u043a\u043e\u0433\u043e \u043f\u0440\u043e\u0441\u0442\u0440\u0430\u043d\u0441\u0442\u0432\u0430 &#8211; \u044d\u043f\u043e\u0445\u0430\u043b\u044c\u043d\u043e\u0435 \u0441\u043e\u0431\u044b\u0442\u0438\u0435\u201d, <\/i>in Russian<i> <\/i>[The Caucasian Chalk Circle<i>: \u201cThe strenghtening of Russia in the southern part of the post-Soviet space \u2013 a watershed event\u201d<\/i>]<i>, in <\/i>Caucasus Times<i>, <\/i>with questions from Sergey Markedonov, 26 December 2010, <i>in<\/i><\/span><span class=\"s10\"><i> <\/i><a href=\"http:\/\/www.caucasustimes.com\/article.asp?id=20691\"><span class=\"s9\">http:\/\/www.caucasustimes.com\/article.asp?id=20691<\/span><\/a><\/span><span class=\"s1\">, Prague and Moscow.<\/span><\/li><li class=\"p1\"><span class=\"s1\"><i>2010 \u2013 <\/i><em>\u201cLa lusofonia nella partita del Sud-Atlantico\u201d<\/em>, <i>Limes <\/i>5-2010: 55-67,<\/span><i> <\/i><span class=\"s1\"><i>Rivista Italiana di Geopolitica<\/i>, numero speciale,<i> Il Portogallo \u00e8 grande<\/i>,<i> <\/i>Roma.<\/span><\/li><li class=\"p1\"><span class=\"s1\"><i>2010 \u2013<\/i> <em>\u201cThe new geopolitical coordinates of cyberspace\u201d<\/em>, Revista Militar, 2503\/2504: 825-849, Lisboa<\/span><\/li><li class=\"p1\"><span class=\"s1\"><i>2010 \u2013<\/i> <em>\u201cFrom the Lisbon Agenda to Europe 2020: a dream recast from fat to lean years\u201d<\/em>, Institute of Diplomatic Studies, University of Bucharest, Romania, <em>&#8220;Policy Letters&#8221;<\/em>, vol.1, n\u00ba1, ISSN 2068-9675, Bucuresti. A paper available for download as a pdf at<\/span><\/li><li class=\"p5\"><span class=\"s4\"> <a href=\"http:\/\/cccpm.unibuc.ro\/index.php?option=com_content&amp;view=article&amp;id=134&amp;Itemid=119\"><span class=\"s9\">http:\/\/cccpm.unibuc.ro\/index.php?option=com_content&amp;view=article&amp;id=134&amp;Itemid=119<\/span><\/a>, <\/span><\/li><li class=\"p1\"><span class=\"s1\"><i>2010<\/i> \u2013<em> \u201cDemocracy and its Boundaries. Can there be such a thing as a bona fide intergenerational social contract?\u201d<\/em>, &#8220;<i>Intergenerational Justice Review&#8221; <\/i>1\/2010: 31-22, <\/span><span class=\"s12\">The Foundation for the Rights of Future Generations (FRFG)\/<\/span><span class=\"s1\">Stiftung f\u00fcr die Rechte zuk\u00fcnftiger Generationen (<\/span><span class=\"s12\">SRzG<\/span><span class=\"s1\">)<\/span><span class=\"s12\">, Uberursel, Germany,<\/span><span class=\"s1\"> <a href=\"https:\/\/docs.google.com\/viewer?a=v&amp;pid=gmail&amp;attid=0.1&amp;thid=12b2090f3debb65d&amp;mt=application\/pdf&amp;url\"><span class=\"s9\">https:\/\/docs.google.com\/viewer?a=v&amp;pid=gmail&amp;attid=0.1&amp;thid=12b2090f3debb65d&amp;mt=application\/pdf&amp;url<\/span><\/a><\/span><span class=\"s12\">, Germany.<\/span><\/li><li class=\"p1\"><span class=\"s1\"><i>2010<\/i> \u2013 &#8220;<i>Controlos Remotos. Dimens\u00f5es Externas da Seguran\u00e7a Interna em Portugal&#8221;<\/i>. The study has, as a co-author, Lu\u00eds Elias, Instituto Superior de Ci\u00eancias Policiais e Seguran\u00e7a Interna e Almedina, Lisboa e Coimbra. <\/span><\/li><li class=\"p1\"><span class=\"s1\"><i>2010<\/i> \u2013 <em>\u201cPresident and Prime Minister. Twinning up and switching down\u201d,<\/em> <i>Magazine. Jornal Oficial da Presid\u00eancia da Rep\u00fablica Democr\u00e1tica de Timor-Leste<\/i>, vol 1, no. 1: 12-13. High-resolution pdf available for download at <a href=\"http:\/\/www.presidencia.tl\/mag\/mag0\/page1.html\"><span class=\"s9\">http:\/\/www.presidencia.tl\/mag\/mag0\/page1.html<\/span><\/a>, Dili, East-Timor.<\/span><\/li><li class=\"p1\"><span class=\"s1\"><i>2010<\/i> \u2013<em> \u201cPutting Humpty-Dumpty together again? Trends and issues of efficacy in multilateralism\u201d<\/em><i>, &#8220;Na\u00e7\u00e3o e Defesa&#8221; <\/i>125: 215-239,<i> <\/i>Instituto da Defesa Nacional.<\/span><\/li><li class=\"p1\"><span class=\"s1\"><i>2010<\/i> \u2013 <em>\u201cGeopolitica del Ciberspazio\u201d,<\/em> &#8220;<i>Quaderni Speciali di<\/i> <i>Limes<\/i>. <i>Rivista Italiana di Geopolitica&#8221;<\/i>: 187-199, Roma.<\/span><\/li><li class=\"p1\"><span class=\"s1\"><i>2010<\/i> \u2013 <em>\u201cSemi-Presidencialismo e Diferen\u00e7as nos Processos de Presidencializa\u00e7\u00e3o nos Estados Lus\u00f3fonos da \u00c1frica e da \u00c1sia\u201d<\/em>, em &#8220;<i>Actas do I Congresso do Direito de L\u00edngua Portuguesa&#8221;<\/i>: 116-143, (coord. Jorge Bacelar Gouveia), Almedina. <\/span><\/li><li class=\"p1\"><span class=\"s1\"><i>2010<\/i> \u2013<em> \u201cPower-sharing in the Tropics and the ubiquitous \u2018Presidential drift\u2019: the mechanics and dynamics of unstable equilibrium in the semi-presidentialism of East Timor\u201d<\/em>, in (ed.) Michael Leach <i>et al<\/i>.,<i> &#8220;Understanding Timor-Leste&#8221;<\/i>: 131-139, Hawthorn, Swinburne Press, Australia. <\/span><\/li><li class=\"p1\"><span class=\"s1\"><i>2010<\/i> \u2013<em> \u201cA Linha da Frente?&#8217; Do Sudoeste dos Balc\u00e3s \u00e0 \u00c1sia<\/em><br \/><em>Central\u201d<\/em>, em (org.) Laura Ferreira-Pereira, <i>Rela\u00e7\u00f5es Internacionais: Actores, Din\u00e2micas e Desafios<\/i>: 115-154, Pref\u00e1cio. <\/span><\/li><li class=\"p1\"><span class=\"s1\"><i>2010<\/i> \u2013<em> \u201cThe Regional Aftermath of the \u2018Five Day War\u2019. Political, economic, and security overheads of the conflict in Georgia\u201d<\/em>, &#8220;<i>Boletim do Instituto de Estudos Superiores Militares&#8221;<\/i> 7: 165-211, Minist\u00e9rio da Defesa, Portugal, with Radu Dudau.<\/span><\/li><li class=\"p2\"><span class=\"s4\"><i>2010<\/i> \u2013 \u201c<\/span><span class=\"s1\">A pol\u00edtica externa e a forma\u00e7\u00e3o para a diplomacia em paisagens ibero-americanas<\/span><span class=\"s4\">\u201d<\/span><span class=\"s1\">, <i>Associaci\u00f3n Espa\u00f1ola de Professores de Derecho Internacional y Relaciones Internacionales<\/i>, <\/span><span class=\"s4\">Marcial Pons, <\/span><span class=\"s1\">Madrid<\/span><span class=\"s4\"> [also available for download at <a href=\"http:\/\/www.cepen.org\/2010\/04\/a-politica-externa-e-a-formacao-para-a-diplomacia-em-paisagens-ibero-americanas\/\"><span class=\"s9\">http:\/\/www.cepen.org\/2010\/04\/a-politica-externa-e-a-formacao-para-a-diplomacia-em-paisagens-ibero-americanas\/<\/span><\/a>, Brasil<\/span><span class=\"s1\">].<\/span><\/li><li class=\"p1\"><span class=\"s1\"><i>2009<\/i> \u2013 \u201cA Morosidade da Justi\u00e7a em Portugal\u201d, in (ed.) Manuel de Almeida Ribeiro, <i>A Morosidade da Justi\u00e7a em Portugal<\/i>, Instituto da Democracia Portuguesa e Almedina, Coimbra.<\/span><\/li><li class=\"p1\"><span class=\"s1\"><i>2009 \u2013 <\/i>\u201cAs \u2018redes sociais\u2019 digitais, a participa\u00e7\u00e3o \u2018pol\u00edtica\u2019 e a seguran\u00e7a\u201d, <i>Pessoas e Territ\u00f3rios, <\/i>2: 44-45,<i> <\/i>Governo Civil de Lisboa [printed edition; but also available at <a href=\"http:\/\/www.gov-civil-lisboa.pt\/inicio\/areas-actuacao\/pessoas-territorios\/docs\/PT02.pdf\"><span class=\"s9\">http:\/\/www.gov-civil-lisboa.pt\/inicio\/areas-actuacao\/pessoas-territorios\/docs\/PT02.pdf<\/span><\/a><\/span><span class=\"s13\">];<\/span><span class=\"s1\"> [the article was republished by the Portuguese Minist\u00e9rio da Administra\u00e7\u00e3o Interna; also included in the section \u201cA Nossa Opini\u00e3o. MAI &#8211; Liberdade e Seguran\u00e7a\u201d, on the 18th August 2009, and available at <a href=\"http:\/\/opiniao.mai-gov.info\/2009\/08\/\"><span class=\"s9\">http:\/\/opiniao.mai-gov.info\/2009\/08<\/span><span class=\"s14\">\/<\/span><\/a><\/span><span class=\"s15\">]<\/span><\/li><li class=\"p1\"><span class=\"s1\"><i>2009<\/i> \u2013 \u201cCyberWarfare Q&amp;A\u201d, published as the first article in<i> The Spoked Wheel<\/i>, <a href=\"http:\/\/spokedwheel.wordpress.com\/\"><span class=\"s9\">http:\/\/spokedwheel.wordpress.com\/<\/span><\/a><\/span><span class=\"s16\">,<\/span><span class=\"s1\"> 25<\/span><span class=\"s6\"><sup>th<\/sup><\/span><span class=\"s1\"> July [the article was ripped and almost immediately republished in <\/span><span class=\"s9\"><i>euraktiva786.wordpress.com<\/i><\/span><span class=\"s1\"><i>, an Islamist site, since closed for legal reasons<\/i>].<\/span><\/li><li class=\"p1\"><span class=\"s1\"><i>2009<\/i> \u2013 \u201cA Linha da Frente, do Sudoeste dos Balc\u00e3s \u00e0 \u00c1sia Central e o Futuro do relacionamento da China com o Mundo Lus\u00f3fono\u201d, in (ed.) Wei Dan, <i>Os Pa\u00edses de L\u00edngua Portuguesa e a China num Mundo Globalizado<\/i>: 221-243, Universidade de Macau e Almedina, China.<\/span><\/li><li class=\"p1\"><span class=\"s1\"><i>2009<\/i> \u2013 <i>A Guerra dos Cinco Dias. A Invas\u00e3o da Ge\u00f3rgia pela Federa\u00e7\u00e3o Russa<\/i>, Instituto de Estudos Superiores Militares e Pref\u00e1cio, Minist\u00e9rio da Defesa, Lisboa [preface by Admiral \u00c1lvaro Sabino Guerreiro] [reviewed in <i>Rela\u00e7\u00f5es Internacionais<\/i> 25: 147-150, by Lu\u00eds Tom\u00e9].<\/span><\/li><li class=\"p1\"><span class=\"s1\"><i>2009<\/i> \u2013 \u201cPortugal, o Brasil, e o Atl\u00e2ntico Sul. Globaliza\u00e7\u00e3o e Interdepend\u00eancias\u201d, em <i>1808-2008 e o Futuro das Rela\u00e7\u00f5es Econ\u00f3micas Portugal-Brasil<\/i>, BES e Governo do Estado da Bahia, S. Salvador da Bahia, Brasil.<\/span><\/li><li class=\"p1\"><span class=\"s1\"><i>2009<\/i> \u2013 \u201cO Tempo e as Resson\u00e2ncias: os Estados Modernos, o Anarquismo, o Anarco-Sindicalismo e Jihadismo\u201d, <i>Geopol\u00edtica<\/i> 3: 51-99, Centro Portugu\u00eas de Geopol\u00edtica, Lisboa.<\/span><\/li><li class=\"p1\"><span class=\"s1\"><i>2009<\/i> \u2013 \u201cThe Unpredictability of Contemporary Global Conflicts\u201d, <i>43. Jahrbuch 2007\/08, Diplomatiche Akademie Wien<\/i>: 224-246, Vienna, Austria.<\/span><\/li><li class=\"p1\"><span class=\"s1\"><i>2009 \u2013 <\/i>\u201cSerbia, the EU, NATO and the hope of a bulk accession into the Union of the Western Balkans. Reflections around the Ljubljana Agenda for the New Phase in the Stabilization and Association Process\u201d, in <i>The Ljubljana Agenda for the New Phase in the Stabilization and Association Process<\/i>, Evroski Pokret u Srbji &amp; Friedrich Ebert Stiftung, Berlin, Germany and Belgrade, Serbia [the paper is available, also, at <\/span><span class=\"s14\">http:\/\/www.emins.org\/ljagenda\/index.html<\/span><span class=\"s17\">]<\/span><span class=\"s1\">.<\/span><\/li><li class=\"p1\"><span class=\"s1\"><i>2009<\/i> \u2013 \u201cA Seguran\u00e7a e Defesa na Perspectiva Russa\u201d, <i>Nunca de Antes. A Seguran\u00e7a e Defesa no Mundo<\/i>: 101-107, Instituto de Defesa Nacional, Minist\u00e9rio da Defesa, Lisboa.<\/span><\/li><li class=\"p1\"><span class=\"s1\"><i>2009 \u2013 <\/i>\u201cEfficiency and tendencies in multilateral diplomacy\u201d,<i> Politica Internationala<\/i>, Bucuresti, Romania.<\/span><\/li><li class=\"p1\"><span class=\"s1\"><i>2009<\/i> \u2013 Local Normative Orders and Globalization. Is There Such a Thing as Universal Human Values? part 2, <i>\u041c\u0435\u0436\u0434\u0443\u043d\u0430\u0440\u043e\u0434\u043d\u0438 \u043e\u0442\u043d\u043e\u0448\u0435\u043d\u0438\u044f (\u0441\u043f\u0438\u0441\u0430\u043d\u0438\u0435 \u0437\u0430 \u0434\u0438\u043f\u043b\u043e\u043c\u0430\u0446\u0438\u044f, \u043f\u043e\u043b\u0438\u0442\u0438\u043a\u0430 \u0438 \u0438\u043a\u043e\u043d\u043e\u043c\u0438\u043a\u0430), International Relations (a Review on Diplomacy, Politics and Economy) <\/i>XXXVIII, (1-2009): 33-51, Sofia, Bulgaria [translated into Bulgarian by Professor Kamen Lozev].<\/span><\/li><li class=\"p1\"><span class=\"s1\"><i>2008<\/i> \u2013 &#8220;<em>Local Normative Orders and Globalization. Is There Such a Thing as Universal Human Values?<\/em> &#8221; part 1, <i>\u041c\u0435\u0436\u0434\u0443\u043d\u0430\u0440\u043e\u0434\u043d\u0438 \u043e\u0442\u043d\u043e\u0448\u0435\u043d\u0438\u044f (\u0441\u043f\u0438\u0441\u0430\u043d\u0438\u0435 \u0437\u0430 \u0434\u0438\u043f\u043b\u043e\u043c\u0430\u0446\u0438\u044f, \u043f\u043e\u043b\u0438\u0442\u0438\u043a\u0430 \u0438 \u0438\u043a\u043e\u043d\u043e\u043c\u0438\u043a\u0430), International Relations (a Review on Diplomacy, Politics and Economy), <\/i>XXXVIII (5-6-2008): 83-103, Sofia, Bulgaria [translated into Bulgarian by Professor Kamen Lozev].<\/span><\/li><li class=\"p1\"><span class=\"s1\"><i>2008<\/i> \u2013 <em>\u201cIs there a global al-Qaeda?<\/em> Some thoughts on the organizational limits of contemporary transnational terrorist groups\u201d, <i>Public Lectures 2008<\/i>: 47-58, <i>Ministry of Foreign Affairs<\/i>, Sofia, Bulgaria [publi\u00e9, aussi, en version fran\u00e7aise: <em>\u201cExiste-t-il une al-Qaida Mondiale? Quelques r\u00e9fl\u00e9xions sur les limites organizationelles des mouvements terroristes transnationaux contemporains\u201d<\/em>].<\/span><\/li><li class=\"p1\"><span class=\"s1\"><i>2008<\/i> \u2013 <em>\u201cQueen Elizabeth&#8217;s visit to Portugal, 1957\u201d<\/em>, in the <i>2008 Annual Report<\/i> of the <i>British Historical Society<\/i>, pp. 13-30.<\/span><\/li><li class=\"p1\"><span class=\"s1\"><i>2008<\/i> \u2013 <em>\u201cO Conflito na Ge\u00f3rgia\u201d,<\/em> <i>Cadernos do IDN<\/i>, no. 1, II s\u00e9rie, pp. 25-35, Instituto de Defesa Nacional, Minist\u00e9rio da Defesa [also available online at <\/span><span class=\"s9\">http:\/\/www.idn.gov.pt\/publicacoes\/cadernos\/CadernoIDN3.pdf<\/span><span class=\"s1\">].<\/span><\/li><li class=\"p1\"><span class=\"s1\"><i>2008<\/i> \u2013 <em>\u201cRegularidades e Diverg\u00eancias na Luta Contra o Terror: Alguns Dispositivos, Continuidades e Transforma\u00e7\u00f5es, do s\u00e9culo XX para o XXI\u201d<\/em>, <i>Seguran\u00e7a e Defesa<\/i> 8: 104-114, Lisboa.<\/span><\/li><li class=\"p1\"><span class=\"s1\"><i>2008<\/i> \u2013 <em>\u201cCan \u2018Traditional Authorities\u2019 and a Democratic State co-exist in Angola?\u201d<\/em>, <i>Politica Internationala<\/i> XI-XII: 169-217, Bucuresti, Romania.<\/span><\/li><li class=\"p1\"><span class=\"s1\"><i>2008 \u2013 Raising Diplomats. Political, genealogical and administrative constraints in training for diplomacy<\/i>, Favorita Series, <i>Diplomatiche Akademie<\/i>, Vienna, Austria [prefaced by Ji\u0159\u00ed Gru\u0161a].<\/span><\/li><li class=\"p1\"><span class=\"s1\"><i>2008 \u2013 <\/i><em>\u201cUma articula\u00e7\u00e3o entre o Estado e as \u2018Autoridades Tradicionais\u2019? Limites na congru\u00eancia entre o Direito do Estado e os Direitos \u2018Tradicionais\u2019 em Angola\u201d<\/em>, em (ed.) Diogo Freitas do Amaral, &#8220;<i>Estudos Comemorativos dos 10 anos da Faculdade de Direito da Universidade Nova de Lisboa&#8221;<\/i>, vol. 1: 715-753, Almedina, Coimbra.<\/span><\/li><li class=\"p1\"><span class=\"s1\"><i>2008 \u2013<\/i> <em>\u201cContinuidades e Transforma\u00e7\u00f5es na Pol\u00edtica Cultural Internacional do Estado Portugu\u00eas, 1974-2001\u201d<\/em>, in &#8220;<i>Universidade em Rede<\/i>: 201-224&#8243;, Associa\u00e7\u00e3o das Universidades de L\u00edngua Portuguesa, Praia, Cabo Verde.<\/span><\/li><li class=\"p1\"><span class=\"s1\"><i>2007 \u2013 &#8220;Liga\u00e7\u00f5es Perigosas. Conectividade, Coordena\u00e7\u00e3o e Aprendizagem em Redes Terroristas&#8221;<\/i>, Almedina, Coimbra [reviewed by Major-General J.M. Freire Nogueira, <i>Seguran\u00e7a e Defesa<\/i> 7].<\/span><\/li><li class=\"p1\"><span class=\"s1\"><i>2007 \u2013<\/i> <em>\u201cO Processo de Integra\u00e7\u00e3o Europeia e a Constitui\u00e7\u00e3o Portuguesa\u201d<\/em>, <i>Na\u00e7\u00e3o e Defesa<\/i>, 115: 83-112, with Francisco Pereira Coutinho, Instituto de Defesa Nacional, Minist\u00e9rio da Defesa, Lisboa.<\/span><\/li><li class=\"p1\"><span class=\"s1\"><i>2007 \u2013<\/i> <em>\u201cA Teoria Internacional de Adriano Moreira: uma apresenta\u00e7\u00e3o\u201d<\/em>, em Adriano Moreira, &#8220;<i>A Comunidade Internacional em Mudan\u00e7a<\/i>: 7-34&#8243;, Almedina, Lisboa.<\/span><\/li><li class=\"p1\"><span class=\"s1\"><i>2007 \u2013<\/i> <em>\u201c\u2019Linia Intai\u2019? Din sud-estul Balcanilor Asia Centrala\u201d<\/em>, <i>Politica Internationala<\/i> IX-X: 28-73, Bucuresti, Romania.<\/span><\/li><li class=\"p1\"><span class=\"s1\"><i>2007 \u2013 <\/i><em>\u201cA \u2018Linha da Frente\u2019. Do Sudoeste dos Balc\u00e3s \u00e0 \u00c1sia Central\u201d<\/em>, <i>Geopol\u00edtica<\/i>, 1: 19-77, Centro Portugu\u00eas de Geopol\u00edtica, Lisboa [also available for download at <a href=\"http:\/\/www.cepen.org\/2010\/03\/a-%25e2%2580%259clinha-da-frente%25e2%2580%259d-do-sudoeste-dos-balcas-a-asia-central\/\"><span class=\"s9\">http:\/\/www.cepen.org\/2010\/03\/a-%e2%80%9clinha-da-frente%e2%80%9d-do-sudoeste-dos-balcas-a-asia-central\/<\/span><\/a>, Brasil].<\/span><\/li><li class=\"p1\"><span class=\"s1\"><i>2007 \u2013 &#8220;State and Traditional Law in Angola and Mozambique&#8221;<\/i>, com Maria Jos\u00e9 Lopes, Leiden University and Almedina [pref\u00e1cio de Stephen Ellis], Lisboa e Leiden.<\/span><\/li><li class=\"p1\"><span class=\"s1\"><i>2007 \u2013 <\/i><em>\u201cThe State and \u2018Traditional Authorities\u2019 in Angola. Mapping issues\u201d<\/em>, in<i> &#8220;State and Traditional Law in Angola and Mozambique<\/i>: 15-67&#8243;, com Maria Jos\u00e9 Lopes, Leiden University e Almedina, Lisboa e Leiden.<\/span><\/li><li class=\"p1\"><span class=\"s1\"><i>2007 \u2013 <\/i><em>\u201cOs Processos de Constitucionaliza\u00e7\u00e3o dos Estados Africanos Lus\u00f3fonos entre Factos e Normas\u201d<\/em>, in &#8220;<i>O Semi-Presidencialismo e o Controlo da Constitucionalidade na \u00c1frica Lus\u00f3fona&#8221;<\/i>, n\u00famero especial da<i> Neg\u00f3cios Estrangeiros<\/i> 11.4: 6-29, Minist\u00e9rio dos Neg\u00f3cios Estrangeiros, Lisboa.<\/span><\/li><li class=\"p1\"><span class=\"s1\"><i>2007 \u2013 <\/i><em>\u201cSobre o Sistema de Governo em Angola. Do centralismo \u2018sovi\u00e9tico\u2019 ao \u2018semi-presidencialismo\u2019 transicional at\u00e9 \u00e0 adop\u00e7\u00e3o de um sistema de governo sui generis\u201d<\/em>, in<i> &#8220;O Semi-Presidencialismo e o Controlo da Constitucionalidade na \u00c1frica Lus\u00f3fona&#8221;<\/i>, n\u00famero especial da<i> Neg\u00f3cios Estrangeiros<\/i> 11.4: 64-91, Minist\u00e9rio dos Neg\u00f3cios Estrangeiros, Lisboa, with Francisco Pereira Coutinho.<\/span><\/li><li class=\"p1\"><span class=\"s1\"><i>2007 \u2013 <\/i><em>\u201cO Controlo da Constitucionalidade em S\u00e3o Tom\u00e9 e Pr\u00edncipe: Direito, Pol\u00edtica e pol\u00edtica do Direito\u201d<\/em>, in &#8220;<i>O Semi-Presidencialismo e o Controlo da Constitucionalidade na \u00c1frica Lus\u00f3fona<\/i>, n\u00famero especial da<i> Neg\u00f3cios Estrangeiros<\/i> 11.4: 134-148&#8243;, Minist\u00e9rio dos Neg\u00f3cios Estrangeiros, Lisboa, with N\u2019gunu Tiny.<\/span><\/li><li class=\"p1\"><span class=\"s1\"><i>2007 \u2013<\/i> <em>\u201cControlo de Constitucionalidade Selvagem. Li\u00e7\u00f5es de Angola e S\u00e3o Tom\u00e9 e Pr\u00edncipe\u201d<\/em>, in &#8220;<i>O Semi-Presidencialismo e o Controlo da Constitucionalidade na \u00c1frica Lus\u00f3fona&#8221;<\/i>, n\u00famero especial da<i> Neg\u00f3cios Estrangeiros<\/i> 11.4: 148-156, Minist\u00e9rio dos Neg\u00f3cios Estrangeiros, Lisboa, with Ravi Afonso Pereira.<\/span><\/li><li class=\"p1\"><span class=\"s1\"><i>2007 \u2013 &#8220;O Semi-Presidencialismo e o Controlo da Constitucionalidade na \u00c1frica Lus\u00f3fona&#8221;<\/i>, n\u00famero especial da<i> Neg\u00f3cios Estrangeiros<\/i> 11.4, Minist\u00e9rio dos Neg\u00f3cios Estrangeiros, Lisboa.<\/span><\/li><li class=\"p1\"><span class=\"s1\"><i>2007<\/i> \u2013 <em>\u201cAs Organiza\u00e7\u00f5es Internacionais de hoje: de onde e para onde?\u201d<\/em>, in <i>Portugal e as Rela\u00e7\u00f5es Internacionais<\/i>, a special issue of <i>Neg\u00f3cios Estrangeiros<\/i> 11.2: 27-45, Minist\u00e9rio dos Neg\u00f3cios Estrangeiros, Lisboa.<\/span><\/li><li class=\"p1\"><span class=\"s1\"><i>2007<\/i> \u2013<em> \u201cS\u00edmbolos e pol\u00edtica externa: a visita da rainha Isabel II a Portugal em 1957\u201d<\/em>, <i>Neg\u00f3cios Estrangeiros<\/i> 11.1: 195-207, Minist\u00e9rio dos Neg\u00f3cios Estrangeiros, Lisboa.<\/span><\/li><li class=\"p1\"><span class=\"s1\"><i>2006 \u2013 Trei Conferente<\/i>, Institutul Diplomatic Roman, Bucuresti, Romania [prefaced by Vlad Nistor].<\/span><\/li><li class=\"p1\"><span class=\"s1\"><i>2006 \u2013<\/i> <em>\u201cPensamento Estrat\u00e9gico Nacional: que futuro?\u201d<\/em> in J.M. Freire Nogueira e Jo\u00e3o Vieira Borges, &#8220;<i>O Pensamento Estrat\u00e9gico Nacional<\/i>: 243-299&#8243;, Cosmos e Instituto de Defesa Nacional, Minist\u00e9rio da Defesa, Lisboa.<\/span><\/li><li class=\"p1\"><span class=\"s1\"><i>2006 \u2013 <\/i><em>\u201cOs Institutos Diplom\u00e1ticos e a Forma\u00e7\u00e3o de Diplomatas\u201d<\/em>, with Nuno Canas Mendes,<i> Neg\u00f3cios Estrangeiros <\/i>9.1: 62-134, Minist\u00e9rio dos Neg\u00f3cios Estrangeiros, Lisboa.<\/span><\/li><li class=\"p1\"><span class=\"s1\"><i>2006 \u2013 <\/i><em>\u201cThink tanks, Diplomacia e Pol\u00edtica Externa\u201d<\/em><i>, Neg\u00f3cios Estrangeiros <\/i>9.1: 146-179, Minist\u00e9rio dos Neg\u00f3cios Estrangeiros, Lisboa.<\/span><\/li><li class=\"p1\"><span class=\"s1\"><i>2005 <\/i>\u2013 &#8220;<i>Ensaios sobre Nacionalismos em Timor-Leste&#8221;<\/i>, (eds.) with Nuno Canas Mendes, Minist\u00e9rio dos Neg\u00f3cios Estrangeiros, Lisboa [reviewed by Ren\u00e9 P\u00e9lissier,<i> An\u00e1lise Social, <\/i>vol. XLII (185), 2007, 1115-1116].<\/span><\/li><li class=\"p1\"><span class=\"s1\"><i>2005 <\/i>\u2013 &#8220;<i>Estudos sobre Rela\u00e7\u00f5es Internacionais&#8221;<\/i>, Minist\u00e9rio dos Neg\u00f3cios Estrangeiros, Lisboa.<\/span><\/li><li class=\"p1\"><span class=\"s1\"><i>2005 <\/i>\u2013 &#8220;<i>Entre Factos e Raz\u00f5es. Contextos e Enquadramentos da Antropologia Jur\u00eddica&#8221;. <\/i>Almedina, Coimbra.<\/span><\/li><li class=\"p1\"><span class=\"s1\"><i>2005 <\/i>\u2013 &#8220;<i>Sociedade Civil e Estado em Angola. O Estado e a Sociedade Civil sobreviver\u00e3o um ao outro?&#8221;,<\/i> Almedina, Coimbra.<\/span><\/li><li class=\"p1\"><span class=\"s1\"><i>2005<\/i> \u2013<em> \u201cO Terrorismo Transnacional e a Ordem Internacional\u201d,<\/em> <i>Na\u00e7\u00e3o e Defesa<\/i> 108: 169-199, Instituto de Defesa Nacional, Minist\u00e9rio da Defesa, Lisboa.<\/span><\/li><li class=\"p1\"><span class=\"s1\"><i>2004 \u2013 <\/i><em>\u201cOs Estados p\u00f3s-coloniais, as novas pol\u00edticas africanas e a liberdade de informa\u00e7\u00e3o\u201d<\/em>, <i>Cultura. Revista de Teoria e Hist\u00f3ria das Ideias <\/i>16-17 (special issue titled <i>Ci\u00eancia Pol\u00edtica<\/i>): 409-435, Universidade Nova de Lisboa.<\/span><\/li><li class=\"p1\"><span class=\"s1\"><i>2004<\/i> \u2013<em> \u201cSobre a Uni\u00e3o Europeia e a NATO\u201d,<\/em> <i>Na\u00e7\u00e3o e Defesa<\/i> 106: 33-76, Instituto de Defesa Nacional, Minist\u00e9rio da Defesa, Lisboa, <\/span><\/li><li class=\"p5\"><span class=\"s17\"><a href=\"http:\/\/www.idn.gov.pt\/publicacoes\/nacaodefesa\/textointegral\/NeD106.pdf\">http:\/\/www.idn.gov.pt\/publicacoes\/nacaodefesa\/textointegral\/NeD106.pdf<\/a><\/span><\/li><li class=\"p1\"><span class=\"s1\"><i>2004 <\/i>\u2013 &#8220;<i>O Estudo dos Sistemas Jur\u00eddicos Africanos. Estado, Sociedade, Direito e Poder&#8221;<\/i>, Almedina, Coimbra.<\/span><\/li><li class=\"p1\"><span class=\"s1\"><i>2003 <\/i>\u2013 <em>\u201cLaw as Culture?<\/em>\u201d, in ed. A.M. Hespanha, &#8220;<i>Feelings of Justice in the Chinese community of Macao<\/i>: 27-49&#8243;, Instituto de Ci\u00eancias Sociais e Funda\u00e7\u00e3o Oriente, Lisboa.<\/span><\/li><li class=\"p1\"><span class=\"s1\"><i>2003 \u2013 <\/i><em>\u201cEntre a justi\u00e7a tradicional e a popular. A resolu\u00e7\u00e3o de conflitos num campo de refugiados, em finais de 2002, nas cercanias do Huambo, Angola\u201d<\/em>, <i>SubJudice <\/i>25: 21-35, Lisboa.<\/span><\/li><li class=\"p1\"><span class=\"s1\"><i>2003 \u2013 &#8220;Pluralismo e Legitima\u00e7\u00e3o. A edifica\u00e7\u00e3o jur\u00eddica p\u00f3s-colonial de Angola&#8221;<\/i>, Almedina. This monographic study has as co-authors Carlos Feij\u00f3, Carlos de Freitas, N\u2019gunu Tiny, Francisco Pereira Coutinho, Raquel Barradas de Freitas, Ravi Afonso Pereira and Ricardo do Nascimento Ferreira.<\/span><\/li><li class=\"p1\"><span class=\"s1\"><i>2003 \u2013 &#8220;Lit\u00edgios e Pluralismo. Estado, sociedade civil e Direito em S\u00e3o Tom\u00e9 e Pr\u00edncipe&#8221;<\/i>, Almedina, Coimbra. This monographic study has as co-authors N\u2019gunu Tiny, Ravi Afonso Pereira, Margarida Dami\u00e3o Ferreira and Diogo Gir\u00e3o.<\/span><\/li><li class=\"p1\"><span class=\"s1\"><i>2003 \u2013 <\/i><em>\u201cGlobaliza\u00e7\u00e3o\u201d<\/em>, entry in the <i>Dicion\u00e1rio de \u00c9tica e Pol\u00edtica<\/i>, (org.) Ant\u00f3nio Marques e Diogo Pires Aur\u00e9lio, Funda\u00e7\u00e3o para a Ci\u00eancia e Tecnologia, Lisboa.<\/span><\/li><li class=\"p1\"><span class=\"s1\"><i>2002 <\/i>\u2013 <em>\u201cWanders and wonders: musing over nationalism and identity in the state of East Timor\u201d<\/em>, in <i>Nationbuilding in East Timor<\/i>, Pearson Peacekeeping Institute, Canada.<\/span><\/li><li class=\"p1\"><span class=\"s1\"><i>2002 \u2013 <\/i><em>\u201cO funcionamento do Estado em \u00e9poca de globaliza\u00e7\u00e3o. As cascatas e o transbordo do poder\u201d<\/em>, <i>Na\u00e7\u00e3o e Defesa<\/i> 101: 99-137, Instituto de Defesa Nacional, Minist\u00e9rio da Defesa, Lisboa.<\/span><\/li><li class=\"p1\"><span class=\"s1\"><i>2002 \u2013 <\/i><em>\u201cThinking East Timor, Indonesia and Southeast Asia\u201d<\/em>,<i> Lusotopies<\/i>, Karthala, Centre National pour la Recherche Scientifique (CNRS), Paris.<\/span><\/li><li class=\"p1\"><span class=\"s1\"><i>2002<\/i> \u2013 <em>\u201cLit\u00edgios e pluralismo em Cabo Verde. A organiza\u00e7\u00e3o judici\u00e1ria e os meios alternativos\u201d<\/em>,<i> <\/i>a monographic study with, as co-authors, Maria Jos\u00e9 Lopes, Yara Miranda, Jo\u00e3o Dono and Patr\u00edcia Monteiro,<i> Direito e Cidadania <\/i>14: 305-364, Praia, Cabo Verde.<\/span><\/li><li class=\"p1\"><span class=\"s1\"><i>2001 \u2013<\/i> <em>\u201cTradi\u00e7\u00e3o e mudan\u00e7a na pol\u00edtica externa. Inflex\u00f5es na pol\u00edtica cultural bilateral portuguesa relativa aos Estados Unidos da Am\u00e9rica (1990-1992) e \u00e0 Coreia do Sul (1991-1993)\u201d<\/em>, in &#8220;<i>A Reforma do Estado em Portugal&#8221;<\/i>, Associa\u00e7\u00e3o Portuguesa de Ci\u00eancia Pol\u00edtica, Lisboa.<\/span><\/li><li class=\"p1\"><span class=\"s1\"><i>2001 \u2013 <\/i><em>\u201cPensar Timor, a Indon\u00e9sia e a \u00c1sia do Sudeste\u201d<\/em>,<i> Janus 2002<\/i>: 78-80,<i> <\/i>Universidade Aut\u00f3noma de Lisboa.<\/span><\/li><li class=\"p1\"><span class=\"s1\"><i>2001 \u2013 <\/i><em>\u201cLit\u00edgios e Pluralismo em Cabo Verde. O sistema judicial e as formas alternativas\u201d<\/em>, <i>Themis. Revista da Faculdade de Direito da UNL <\/i>3: 1-69, Lisboa, a monographic study with, as co-authors, Maria Jos\u00e9 Lopes, Yara Miranda, Jo\u00e3o Dono and Patr\u00edcia Monteiro.<i> <\/i><\/span><\/li><li class=\"p1\"><span class=\"s1\"><i>2001 \u2013 &#8220;Almas Plaus\u00edveis. Espect\u00e1culo e naturaliza\u00e7\u00e3o nas cerim\u00f3nias <\/i>dallu\u2019 <i>dos Atta, Filipinas&#8221;<\/i>, CEPESA, Funda\u00e7\u00e3o para a Ci\u00eancia e Tecnologia (FCT), Lisboa.<\/span><\/li><li class=\"p1\"><span class=\"s1\"><i>2000 \u2013<\/i> <em>\u201cElites, propaganda e poder brando: a Diplomacia Cultural bilateral do Estado portugu\u00eas na China, 1991-1993\u201d<\/em>, in <i>Estudos sobre<\/i> <i>a China II<\/i>: 95-119, Instituto Superior de Ci\u00eancias Sociais e Pol\u00edticas, Lisboa.<\/span><\/li><li class=\"p1\"><span class=\"s1\"><i>2000 \u2013<\/i> <em>\u201cA dispers\u00e3o e o centralismo burocr\u00e1tico. Disputas na Coopera\u00e7\u00e3o Cultural do Estado portugu\u00eas, 1974-1999\u201d<\/em> , Themis<i>. <\/i>Revista da Faculdade de Direito<i>, <\/i>1: 33-80, Universidade NOVA de Lisboa, Lisboa.<\/span><\/li><li class=\"p1\"><span class=\"s1\"><i>2000 \u2013<\/i> <em>\u201cAs guerras culturais, a soberania e a globaliza\u00e7\u00e3o: o choque das civiliza\u00e7\u00f5es revisitado\u201d<\/em>, <i>Boletim do Instituto de Altos Estudos Militares <\/i>51: 165-192, Minist\u00e9rio da Defesa, Lisboa.<\/span><\/li><li class=\"p1\"><span class=\"s1\"><i>2000 \u2013 &#8220;As trilobites de Canelas&#8221;, Arouca<\/i>, Associa\u00e7\u00e3o de Defesa do Patrim\u00f3nio de Arouca, FCT e Minist\u00e9rios do Ambiente e da Cultura.<\/span><\/li><li class=\"p1\"><span class=\"s1\"><i>1999 \u2013 <\/i><em>\u201cAs religi\u00f5es e o choque civilizacional\u201d<\/em>, em<i> &#8220;Religi\u00f5es, Seguran\u00e7a e Defesa<\/i>: 151-177&#8243;, Atena e Instituto de Altos Estudos Militares, Minist\u00e9rio da Defesa, Lisboa.<\/span><\/li><li class=\"p1\"><span class=\"s1\"><i>1999 \u2013<\/i> <em>\u201cSonhos Pol\u00edticos. Obliquidade e poder na interpreta\u00e7\u00e3o p\u00fablica colectiva de sonhos entre os Atta do norte de Luzon, Filipinas\u201d<\/em>, in &#8220;<i>Etnogr\u00e1fica&#8221;<\/i>: 157-193, Instituto Superior das Ci\u00eancias do Trabalho e da Empresa (ISCTE), Lisboa.<\/span><\/li><li class=\"p1\"><span class=\"s1\"><i>1999 \u2013 <\/i><em>\u201cO Estado, a propaganda, a Hist\u00f3ria e o espect\u00e1culo: a Diplomacia Cultural portuguesa na \u00c1sia do Sudeste, 1989-1993\u201d<\/em>, in (ed) Johanna Schouten, <i>Portugal e a \u00c1sia do Sudeste<\/i>: 119-138, Universidade da Beira Interior e Vega.<\/span><\/li><li class=\"p1\"><span class=\"s1\"><i>1999 \u2013 <\/i><em>\u201cFormas Pol\u00edticas Igualit\u00e1rias: a composi\u00e7\u00e3o cultural do nascimento, os rituais da morte e a revitaliza\u00e7\u00e3o entre os Atta do norte de Luzon, Filipinas\u201d<\/em>, in <i>Trabalhos de Antropologia e Etnologia<\/i>, vol. XXXIX (1-2): 83-115, Sociedade Portuguesa de Antropologia e Etnologia, Porto.<\/span><\/li><li class=\"p1\"><span class=\"s1\"><i>1998 \u2013<\/i> <em>\u201cIdentidade, propaganda e nacionalismo. O projecto de Leitorados de L\u00edngua e Cultura Portuguesas, 1921-1997\u201d<\/em>, in <i>Lusotopie<\/i>: 107-132, Karthala, Centre National pour la Recherche Scientifique (CNRS), Paris.<\/span><\/li><li class=\"p1\"><span class=\"s1\"><i>1998 \u2013<\/i> <em>\u201cA fauna f\u00f3ssil de Canelas (Arouca): trilobites\u201d<\/em>, <i>Defesa de Arouca<\/i>, 2129: 2; 2130: 2; 2133:11, e 2135: 4, Arouca.<\/span><\/li><li class=\"p1\"><span class=\"s1\"><i>1997 \u2013 <\/i><em>\u201cRepresenta\u00e7\u00f5es religiosas e igualitarismo pol\u00edtico entre os ca\u00e7adores e recolectores Atta de Kalinga Apayao, Filipinas\u201d<\/em>, in Revista da Faculdade de Ci\u00eancias Sociais e Humanas 10: 123-155, Universidade NOVA de Lisboa.<\/span><\/li><li class=\"p1\"><span class=\"s1\"><i>1997 \u2013<\/i> <em>\u201cO Instituto Oriental e o Professor Doutor Ant\u00f3nio Augusto Tavares na Hist\u00f3ria da Faculdade de Ci\u00eancias Sociais e Humanas\u201d<\/em> in &#8220;<i>Estudos Orientais&#8221; <\/i>VI, 9 \u2013 21, FCSH, UNL, Lisboa.<\/span><\/li><li class=\"p1\"><span class=\"s1\"><i>1997 \u2013<\/i><em> \u201cA Diplomacia Cultural portuguesa e a Diplomacia: a pol\u00edtica de cria\u00e7\u00e3o de Leitorados de L\u00edngua e Cultura Portuguesas no estrangeiro\u201d<\/em>, in &#8220;<i>Estudos Orientais VI&#8221;<\/i>, 305-317, FCSH, UNL, Lisboa.<\/span><\/li><li class=\"p1\"><span class=\"s1\"><i>1996 \u2013<\/i> <em>\u201c\u00c0 maneira de mem\u00f3ria\u201d<\/em>, em &#8220;<em>Almeida e Silva, Pintor&#8221;<\/em>, Museu de Gr\u00e3o Vasco, Minist\u00e9rio da Cultura, Instituto Portugu\u00eas de Museus, Lisboa.<\/span><\/li><li class=\"p1\"><span class=\"s1\"><i>1995 <\/i>\u2013<em> \u201cA oralidade, as literaturas angolanas e a consci\u00eancia nacional\u201d<\/em> <i>in &#8220;Conscienza nazionale nelle letterature africane di lingua portoghese&#8221;<\/i>, (ed) Piero Ceccucci, pp. 61-83, Consiglio Nazionale delle Richerche, Bulzoni Editore, Milano, It\u00e1lia.<\/span><\/li><li class=\"p1\"><span class=\"s1\"><i>1995 &#8211; <\/i><em>\u201cA Forma\u00e7\u00e3o de Cabe\u00e7o do Pe\u00e3o (Ordov\u00edcio Superior) no Sinforma Am\u00eandoa-Carvoeiro (SW da ZCI) e a sua correla\u00e7\u00e3o estratigr\u00e1fica na prov\u00edncia mediterr\u00e2nica\u201d<\/em>, in &#8220;<i>Mem\u00f3ria n\u00ba4&#8243;<\/i>, Universidade do Porto-Faculdade de Ci\u00eancias, Museu e Laborat\u00f3rio Mineral\u00f3gico e Geol\u00f3gico, em coautoria com J. Rom\u00e3o, J.C. Guti\u00e9rrez-Marco, I. R\u00e1bano e J.T. Oliveira.<\/span><\/li><li class=\"p1\"><span class=\"s1\"><i>1994 \u2013<\/i> <em>\u201cA interpreta\u00e7\u00e3o dos sonhos entre os Atta do norte de Luzon, Filipinas\u201d<\/em>, &#8220;<i>Estudos Orientais<\/i> V&#8221;, FCSH, UNL, Lisboa.<\/span><\/li><li class=\"p1\"><span class=\"s1\"><i>1993 \u2013<\/i> <em>\u201cA pol\u00edtica portuguesa de celebra\u00e7\u00e3o de Acordos Culturais bilaterais\u201d<\/em>, &#8220;<i>Revista Internacional de L\u00edngua Portuguesa<\/i> 7&#8243;, Instituto Internacional de L\u00edngua Portuguesa, Lisboa.<\/span><\/li><li class=\"p1\"><span class=\"s1\"><i>1991 \u2013 <\/i><em>\u201cO texto e o contexto nas recolhas de literatura oral em Angola\u201d<\/em>, &#8220;<i>Revista do Instituto de Cultura e L\u00edngua Portuguesa<\/i> 10&#8243;, Lisboa.<\/span><\/li><\/ul>\t\t\t\t\t\t<\/div>\n\t\t\t\t<\/div>\n\t\t\t\t<div class=\"elementor-element elementor-element-9cf8187 tabs-novalaw elementor-widget elementor-widget-text-editor\" data-id=\"9cf8187\" data-element_type=\"widget\" id=\"investigacao\" data-widget_type=\"text-editor.default\">\n\t\t\t\t<div class=\"elementor-widget-container\">\n\t\t\t\t\t\t\t<ul><li class=\"p1\"><span class=\"s1\">Geopolitics<\/span><\/li><li class=\"p1\"><span class=\"s1\">International Relations<\/span><\/li><li class=\"p1\"><span class=\"s1\">Political Science<\/span><\/li><li class=\"p1\"><span class=\"s1\">Political Administration<\/span><\/li><li class=\"p1\"><span class=\"s1\">Diplomatic History<\/span><\/li><li class=\"p1\"><span class=\"s1\">Security and Defense<\/span><\/li><li class=\"p1\"><span class=\"s1\">History and Military Strategy<\/span><\/li><li class=\"p1\"><span class=\"s1\">Sociology of Law<\/span><\/li><li class=\"p1\"><span class=\"s1\">Southeast Asian Societies<\/span><\/li><li class=\"p1\"><span class=\"s1\">African Legal System<\/span><\/li><li class=\"p1\"><span class=\"s1\">Hunter and Gatherer Societies<\/span><\/li><li class=\"p1\"><span class=\"s1\">Anthropology of Religion and Rituals<\/span><\/li><li class=\"p1\"><span class=\"s1\">Legal Anthropology<\/span><\/li><li class=\"p1\"><span class=\"s1\">Law and Society<\/span><\/li><li class=\"p1\"><span class=\"s1\">Maritime Security<\/span><\/li><li class=\"p1\"><span class=\"s1\">Cyber Security<\/span><\/li><li class=\"p1\"><span class=\"s1\">Interdisciplinary Studies<\/span><\/li><\/ul>\t\t\t\t\t\t<\/div>\n\t\t\t\t<\/div>\n\t\t\t\t\t<\/div>\n\t\t<\/div>\n\t\t\t\t\t\t\t<\/div>\n\t\t<\/section>\n\t\t\t\t<section class=\"elementor-section elementor-top-section elementor-element elementor-element-7766de9 elementor-section-boxed elementor-section-height-default elementor-section-height-default\" data-id=\"7766de9\" data-element_type=\"section\">\n\t\t\t\t\t\t<div class=\"elementor-container elementor-column-gap-default\">\n\t\t\t\t\t<div class=\"elementor-column elementor-col-100 elementor-top-column elementor-element elementor-element-d73ba0c\" data-id=\"d73ba0c\" data-element_type=\"column\" data-settings=\"{&quot;background_background&quot;:&quot;classic&quot;}\">\n\t\t\t<div class=\"elementor-widget-wrap elementor-element-populated\">\n\t\t\t\t\t\t\t\t<section class=\"elementor-section elementor-inner-section elementor-element elementor-element-d43bbce elementor-section-boxed elementor-section-height-default elementor-section-height-default\" data-id=\"d43bbce\" data-element_type=\"section\">\n\t\t\t\t\t\t<div class=\"elementor-container elementor-column-gap-default\">\n\t\t\t\t\t<div class=\"elementor-column elementor-col-50 elementor-inner-column elementor-element elementor-element-1c5f6e3\" data-id=\"1c5f6e3\" data-element_type=\"column\">\n\t\t\t<div class=\"elementor-widget-wrap elementor-element-populated\">\n\t\t\t\t\t\t\t\t<div class=\"elementor-element elementor-element-b83f82e elementor-widget elementor-widget-text-editor\" data-id=\"b83f82e\" data-element_type=\"widget\" data-widget_type=\"text-editor.default\">\n\t\t\t\t<div class=\"elementor-widget-container\">\n\t\t\t\t\t\t\t<p><span style=\"text-decoration: underline;\"><span style=\"color: #f8002d; text-decoration: underline;\"><a style=\"color: #f8002d; text-decoration: underline;\" href=\"https:\/\/novaresearch.unl.pt\/en\/persons\/armando-marques-guedes\"><strong>NOVA Research Portal<\/strong><\/a><\/span><\/span><br \/><span style=\"text-decoration: underline;\"><span style=\"color: #f8002d; text-decoration: underline;\"><a style=\"color: #f8002d; text-decoration: underline;\" href=\"https:\/\/www.linkedin.com\/in\/armandomarquesguedes\/\"><strong>Linkedin<\/strong><\/a><\/span><\/span><br \/><span style=\"text-decoration: underline;\"><span style=\"color: #f8002d; text-decoration: underline;\"><a style=\"color: #f8002d; text-decoration: underline;\" href=\"https:\/\/scholar.google.pt\/citations?user=qHFeNy4AAAAJ&amp;hl=en\"><strong>Google Scholar<\/strong><\/a><\/span><\/span><\/p>\t\t\t\t\t\t<\/div>\n\t\t\t\t<\/div>\n\t\t\t\t\t<\/div>\n\t\t<\/div>\n\t\t\t\t<div class=\"elementor-column elementor-col-50 elementor-inner-column elementor-element elementor-element-3402392\" data-id=\"3402392\" data-element_type=\"column\">\n\t\t\t<div class=\"elementor-widget-wrap elementor-element-populated\">\n\t\t\t\t\t\t\t\t<div class=\"elementor-element elementor-element-77dd3df elementor-widget elementor-widget-text-editor\" data-id=\"77dd3df\" data-element_type=\"widget\" data-widget_type=\"text-editor.default\">\n\t\t\t\t<div class=\"elementor-widget-container\">\n\t\t\t\t\t\t\t<p><span style=\"text-decoration: underline;\"><span style=\"color: #f8002d; text-decoration: underline;\"><a style=\"color: #f8002d; text-decoration: underline;\" href=\"https:\/\/novalaw.unl.pt\/wp-content\/uploads\/2024\/03\/amg-CV-medium-size-up-to-March-2024.pdf\"><strong>Curriculum Vitae <\/strong><\/a><\/span><\/span><br \/><span style=\"text-decoration: underline;\"><span style=\"color: #f8002d; text-decoration: underline;\"><strong><a style=\"color: #f8002d; text-decoration: underline;\" href=\"https:\/\/unl-pt.academia.edu\/ArmandoMarquesGuedes\">Academia.edu<\/a><\/strong><\/span><\/span><br \/><a href=\"https:\/\/www.researchgate.net\/profile\/Armando-Marques-Guedes\" target=\"_blank\" rel=\"noopener\">Research Gate<\/a><\/p>\t\t\t\t\t\t<\/div>\n\t\t\t\t<\/div>\n\t\t\t\t\t<\/div>\n\t\t<\/div>\n\t\t\t\t\t\t\t<\/div>\n\t\t<\/section>\n\t\t\t\t\t<\/div>\n\t\t<\/div>\n\t\t\t\t\t\t\t<\/div>\n\t\t<\/section>\n\t\t\t\t<section class=\"elementor-section elementor-top-section elementor-element elementor-element-6aeafb79 elementor-section-height-min-height elementor-section-boxed elementor-section-height-default elementor-section-items-middle\" data-id=\"6aeafb79\" data-element_type=\"section\">\n\t\t\t\t\t\t<div class=\"elementor-container elementor-column-gap-default\">\n\t\t\t\t\t<div class=\"elementor-column elementor-col-100 elementor-top-column elementor-element elementor-element-641d7f3d\" data-id=\"641d7f3d\" data-element_type=\"column\">\n\t\t\t<div class=\"elementor-widget-wrap\">\n\t\t\t\t\t\t\t\t\t<\/div>\n\t\t<\/div>\n\t\t\t\t\t\t\t<\/div>\n\t\t<\/section>\n\t\t\t\t\t\t<\/div>\n\t\t\t\t\t<\/div>\n\t\t","protected":false},"excerpt":{"rendered":"<p>Armando Marques Guedes Full Professor, Retired amarquesguedes@novalaw.unl.pt Biographical Note | Pedagogical Experience | Main Publications | Research Areas Armando Marques Guedes is Full Professor and was Director of the Research Center (CEDIS) and Coordinator of the Masters in Law and Security, Law and Economics of the Sea and of the PhD in Law and Security. &hellip;<\/p>\n<p class=\"read-more\"> <a class=\"\" href=\"https:\/\/novalaw.unl.pt\/en\/armando-marques-guedes\/\"> <span class=\"screen-reader-text\">Armando Marques Guedes<\/span> Read More &raquo;<\/a><\/p>\n","protected":false},"author":2,"featured_media":0,"parent":0,"menu_order":464,"comment_status":"closed","ping_status":"closed","template":"","meta":{"footnotes":""},"categories":[],"tags":[],"class_list":["post-4750","page","type-page","status-publish","hentry"],"yoast_head":"<!-- This site is optimized with the Yoast SEO Premium plugin v27.4 (Yoast SEO v27.4) - https:\/\/yoast.com\/product\/yoast-seo-premium-wordpress\/ -->\n<title>Armando Marques Guedes - NOVA School of Law | Faculdade de Direito da Universidade NOVA de Lisboa<\/title>\n<meta name=\"robots\" content=\"index, follow, max-snippet:-1, max-image-preview:large, max-video-preview:-1\" \/>\n<link rel=\"canonical\" href=\"https:\/\/novalaw.unl.pt\/en\/armando-marques-guedes\/\" \/>\n<meta property=\"og:locale\" content=\"en_US\" \/>\n<meta property=\"og:type\" content=\"article\" \/>\n<meta property=\"og:title\" content=\"Armando Marques Guedes\" \/>\n<meta property=\"og:description\" content=\"Armando Marques Guedes Full Professor, Retired amarquesguedes@novalaw.unl.pt Biographical Note | Pedagogical Experience | Main Publications | Research Areas Armando Marques Guedes is Full Professor and was Director of the Research Center (CEDIS) and Coordinator of the Masters in Law and Security, Law and Economics of the Sea and of the PhD in Law and Security. &hellip; Armando Marques Guedes Read More &raquo;\" \/>\n<meta property=\"og:url\" content=\"https:\/\/novalaw.unl.pt\/en\/armando-marques-guedes\/\" \/>\n<meta property=\"og:site_name\" content=\"NOVA School of Law | Faculdade de Direito da Universidade NOVA de Lisboa\" \/>\n<meta property=\"article:modified_time\" content=\"2024-03-22T17:07:06+00:00\" \/>\n<meta property=\"og:image\" content=\"https:\/\/novalaw.unl.pt\/wp-content\/uploads\/2022\/03\/SITE_docentes-residentes-ARMANDO-M-GUEDES_1.jpg\" \/>\n<meta name=\"twitter:card\" content=\"summary_large_image\" \/>\n<meta name=\"twitter:label1\" content=\"Est. reading time\" \/>\n\t<meta name=\"twitter:data1\" content=\"19 minutes\" \/>\n<script type=\"application\/ld+json\" class=\"yoast-schema-graph\">{\"@context\":\"https:\\\/\\\/schema.org\",\"@graph\":[{\"@type\":\"WebPage\",\"@id\":\"https:\\\/\\\/novalaw.unl.pt\\\/en\\\/armando-marques-guedes\\\/\",\"url\":\"https:\\\/\\\/novalaw.unl.pt\\\/en\\\/armando-marques-guedes\\\/\",\"name\":\"Armando Marques Guedes - NOVA School of Law | Faculdade de Direito da Universidade NOVA de Lisboa\",\"isPartOf\":{\"@id\":\"https:\\\/\\\/novalaw.unl.pt\\\/#website\"},\"primaryImageOfPage\":{\"@id\":\"https:\\\/\\\/novalaw.unl.pt\\\/en\\\/armando-marques-guedes\\\/#primaryimage\"},\"image\":{\"@id\":\"https:\\\/\\\/novalaw.unl.pt\\\/en\\\/armando-marques-guedes\\\/#primaryimage\"},\"thumbnailUrl\":\"https:\\\/\\\/novalaw.unl.pt\\\/wp-content\\\/uploads\\\/2022\\\/03\\\/SITE_docentes-residentes-ARMANDO-M-GUEDES_1.jpg\",\"datePublished\":\"2021-09-02T16:10:01+00:00\",\"dateModified\":\"2024-03-22T17:07:06+00:00\",\"breadcrumb\":{\"@id\":\"https:\\\/\\\/novalaw.unl.pt\\\/en\\\/armando-marques-guedes\\\/#breadcrumb\"},\"inLanguage\":\"en-US\",\"potentialAction\":[{\"@type\":\"ReadAction\",\"target\":[\"https:\\\/\\\/novalaw.unl.pt\\\/en\\\/armando-marques-guedes\\\/\"]}]},{\"@type\":\"ImageObject\",\"inLanguage\":\"en-US\",\"@id\":\"https:\\\/\\\/novalaw.unl.pt\\\/en\\\/armando-marques-guedes\\\/#primaryimage\",\"url\":\"https:\\\/\\\/novalaw.unl.pt\\\/wp-content\\\/uploads\\\/2022\\\/03\\\/SITE_docentes-residentes-ARMANDO-M-GUEDES_1.jpg\",\"contentUrl\":\"https:\\\/\\\/novalaw.unl.pt\\\/wp-content\\\/uploads\\\/2022\\\/03\\\/SITE_docentes-residentes-ARMANDO-M-GUEDES_1.jpg\"},{\"@type\":\"BreadcrumbList\",\"@id\":\"https:\\\/\\\/novalaw.unl.pt\\\/en\\\/armando-marques-guedes\\\/#breadcrumb\",\"itemListElement\":[{\"@type\":\"ListItem\",\"position\":1,\"name\":\"Home\",\"item\":\"https:\\\/\\\/novalaw.unl.pt\\\/en\\\/\"},{\"@type\":\"ListItem\",\"position\":2,\"name\":\"Armando Marques Guedes\"}]},{\"@type\":\"WebSite\",\"@id\":\"https:\\\/\\\/novalaw.unl.pt\\\/#website\",\"url\":\"https:\\\/\\\/novalaw.unl.pt\\\/\",\"name\":\"NOVA School of Law | Faculdade de Direito da Universidade NOVA de Lisboa\",\"description\":\"NOVA School Of Law\",\"publisher\":{\"@id\":\"https:\\\/\\\/novalaw.unl.pt\\\/#organization\"},\"potentialAction\":[{\"@type\":\"SearchAction\",\"target\":{\"@type\":\"EntryPoint\",\"urlTemplate\":\"https:\\\/\\\/novalaw.unl.pt\\\/?s={search_term_string}\"},\"query-input\":{\"@type\":\"PropertyValueSpecification\",\"valueRequired\":true,\"valueName\":\"search_term_string\"}}],\"inLanguage\":\"en-US\"},{\"@type\":\"Organization\",\"@id\":\"https:\\\/\\\/novalaw.unl.pt\\\/#organization\",\"name\":\"NOVA School of Law\",\"url\":\"https:\\\/\\\/novalaw.unl.pt\\\/\",\"logo\":{\"@type\":\"ImageObject\",\"inLanguage\":\"en-US\",\"@id\":\"https:\\\/\\\/novalaw.unl.pt\\\/#\\\/schema\\\/logo\\\/image\\\/\",\"url\":\"https:\\\/\\\/novalaw.unl.pt\\\/wp-content\\\/uploads\\\/2021\\\/02\\\/logo-novalaw.svg\",\"contentUrl\":\"https:\\\/\\\/novalaw.unl.pt\\\/wp-content\\\/uploads\\\/2021\\\/02\\\/logo-novalaw.svg\",\"width\":991,\"height\":424,\"caption\":\"NOVA School of Law\"},\"image\":{\"@id\":\"https:\\\/\\\/novalaw.unl.pt\\\/#\\\/schema\\\/logo\\\/image\\\/\"}}]}<\/script>\n<!-- \/ Yoast SEO Premium plugin. -->","yoast_head_json":{"title":"Armando Marques Guedes - NOVA School of Law | Faculdade de Direito da Universidade NOVA de Lisboa","robots":{"index":"index","follow":"follow","max-snippet":"max-snippet:-1","max-image-preview":"max-image-preview:large","max-video-preview":"max-video-preview:-1"},"canonical":"https:\/\/novalaw.unl.pt\/en\/armando-marques-guedes\/","og_locale":"en_US","og_type":"article","og_title":"Armando Marques Guedes","og_description":"Armando Marques Guedes Full Professor, Retired amarquesguedes@novalaw.unl.pt Biographical Note | Pedagogical Experience | Main Publications | Research Areas Armando Marques Guedes is Full Professor and was Director of the Research Center (CEDIS) and Coordinator of the Masters in Law and Security, Law and Economics of the Sea and of the PhD in Law and Security. &hellip; Armando Marques Guedes Read More &raquo;","og_url":"https:\/\/novalaw.unl.pt\/en\/armando-marques-guedes\/","og_site_name":"NOVA School of Law | Faculdade de Direito da Universidade NOVA de Lisboa","article_modified_time":"2024-03-22T17:07:06+00:00","og_image":[{"url":"https:\/\/novalaw.unl.pt\/wp-content\/uploads\/2022\/03\/SITE_docentes-residentes-ARMANDO-M-GUEDES_1.jpg","type":"","width":"","height":""}],"twitter_card":"summary_large_image","twitter_misc":{"Est. reading time":"19 minutes"},"schema":{"@context":"https:\/\/schema.org","@graph":[{"@type":"WebPage","@id":"https:\/\/novalaw.unl.pt\/en\/armando-marques-guedes\/","url":"https:\/\/novalaw.unl.pt\/en\/armando-marques-guedes\/","name":"Armando Marques Guedes - NOVA School of Law | Faculdade de Direito da Universidade NOVA de Lisboa","isPartOf":{"@id":"https:\/\/novalaw.unl.pt\/#website"},"primaryImageOfPage":{"@id":"https:\/\/novalaw.unl.pt\/en\/armando-marques-guedes\/#primaryimage"},"image":{"@id":"https:\/\/novalaw.unl.pt\/en\/armando-marques-guedes\/#primaryimage"},"thumbnailUrl":"https:\/\/novalaw.unl.pt\/wp-content\/uploads\/2022\/03\/SITE_docentes-residentes-ARMANDO-M-GUEDES_1.jpg","datePublished":"2021-09-02T16:10:01+00:00","dateModified":"2024-03-22T17:07:06+00:00","breadcrumb":{"@id":"https:\/\/novalaw.unl.pt\/en\/armando-marques-guedes\/#breadcrumb"},"inLanguage":"en-US","potentialAction":[{"@type":"ReadAction","target":["https:\/\/novalaw.unl.pt\/en\/armando-marques-guedes\/"]}]},{"@type":"ImageObject","inLanguage":"en-US","@id":"https:\/\/novalaw.unl.pt\/en\/armando-marques-guedes\/#primaryimage","url":"https:\/\/novalaw.unl.pt\/wp-content\/uploads\/2022\/03\/SITE_docentes-residentes-ARMANDO-M-GUEDES_1.jpg","contentUrl":"https:\/\/novalaw.unl.pt\/wp-content\/uploads\/2022\/03\/SITE_docentes-residentes-ARMANDO-M-GUEDES_1.jpg"},{"@type":"BreadcrumbList","@id":"https:\/\/novalaw.unl.pt\/en\/armando-marques-guedes\/#breadcrumb","itemListElement":[{"@type":"ListItem","position":1,"name":"Home","item":"https:\/\/novalaw.unl.pt\/en\/"},{"@type":"ListItem","position":2,"name":"Armando Marques Guedes"}]},{"@type":"WebSite","@id":"https:\/\/novalaw.unl.pt\/#website","url":"https:\/\/novalaw.unl.pt\/","name":"NOVA School of Law | Faculdade de Direito da Universidade NOVA de Lisboa","description":"NOVA School Of Law","publisher":{"@id":"https:\/\/novalaw.unl.pt\/#organization"},"potentialAction":[{"@type":"SearchAction","target":{"@type":"EntryPoint","urlTemplate":"https:\/\/novalaw.unl.pt\/?s={search_term_string}"},"query-input":{"@type":"PropertyValueSpecification","valueRequired":true,"valueName":"search_term_string"}}],"inLanguage":"en-US"},{"@type":"Organization","@id":"https:\/\/novalaw.unl.pt\/#organization","name":"NOVA School of Law","url":"https:\/\/novalaw.unl.pt\/","logo":{"@type":"ImageObject","inLanguage":"en-US","@id":"https:\/\/novalaw.unl.pt\/#\/schema\/logo\/image\/","url":"https:\/\/novalaw.unl.pt\/wp-content\/uploads\/2021\/02\/logo-novalaw.svg","contentUrl":"https:\/\/novalaw.unl.pt\/wp-content\/uploads\/2021\/02\/logo-novalaw.svg","width":991,"height":424,"caption":"NOVA School of Law"},"image":{"@id":"https:\/\/novalaw.unl.pt\/#\/schema\/logo\/image\/"}}]}},"novalaw_begin_date":"","novalaw_begin_date_en":"","novalaw_text":"","novalaw_tag":"","novalaw_tag_en":"","novalaw_link":"","novalaw_link_en":"","novalaw_end_date":"","novalaw_end_date_en":"","novalaw_date":"","novalaw_em_destaque":"","novalaw_tag_src":"","lang":"","_links":{"self":[{"href":"https:\/\/novalaw.unl.pt\/en\/wp-json\/wp\/v2\/pages\/4750","targetHints":{"allow":["GET"]}}],"collection":[{"href":"https:\/\/novalaw.unl.pt\/en\/wp-json\/wp\/v2\/pages"}],"about":[{"href":"https:\/\/novalaw.unl.pt\/en\/wp-json\/wp\/v2\/types\/page"}],"author":[{"embeddable":true,"href":"https:\/\/novalaw.unl.pt\/en\/wp-json\/wp\/v2\/users\/2"}],"replies":[{"embeddable":true,"href":"https:\/\/novalaw.unl.pt\/en\/wp-json\/wp\/v2\/comments?post=4750"}],"version-history":[{"count":29,"href":"https:\/\/novalaw.unl.pt\/en\/wp-json\/wp\/v2\/pages\/4750\/revisions"}],"predecessor-version":[{"id":100189,"href":"https:\/\/novalaw.unl.pt\/en\/wp-json\/wp\/v2\/pages\/4750\/revisions\/100189"}],"wp:attachment":[{"href":"https:\/\/novalaw.unl.pt\/en\/wp-json\/wp\/v2\/media?parent=4750"}],"wp:term":[{"taxonomy":"category","embeddable":true,"href":"https:\/\/novalaw.unl.pt\/en\/wp-json\/wp\/v2\/categories?post=4750"},{"taxonomy":"post_tag","embeddable":true,"href":"https:\/\/novalaw.unl.pt\/en\/wp-json\/wp\/v2\/tags?post=4750"}],"curies":[{"name":"wp","href":"https:\/\/api.w.org\/{rel}","templated":true}]}}