{"id":4764,"date":"2021-09-02T16:23:22","date_gmt":"2021-09-02T16:23:22","guid":{"rendered":"https:\/\/novalaw.unl.pt\/?page_id=4764"},"modified":"2022-11-29T14:23:53","modified_gmt":"2022-11-29T14:23:53","slug":"assuncao-cristas","status":"publish","type":"page","link":"https:\/\/novalaw.unl.pt\/en\/assuncao-cristas\/","title":{"rendered":"Assun\u00e7\u00e3o Cristas"},"content":{"rendered":"\t\t<div data-elementor-type=\"wp-page\" data-elementor-id=\"4764\" class=\"elementor elementor-4764\" data-elementor-settings=\"[]\">\n\t\t\t\t\t\t\t<div class=\"elementor-section-wrap\">\n\t\t\t\t\t\t\t<section class=\"elementor-section elementor-top-section elementor-element elementor-element-96a628e elementor-section-height-min-height elementor-section-boxed elementor-section-height-default elementor-section-items-middle\" data-id=\"96a628e\" data-element_type=\"section\">\n\t\t\t\t\t\t<div class=\"elementor-container elementor-column-gap-default\">\n\t\t\t\t\t<div class=\"elementor-column elementor-col-100 elementor-top-column elementor-element elementor-element-10d337ed\" data-id=\"10d337ed\" data-element_type=\"column\">\n\t\t\t<div class=\"elementor-widget-wrap elementor-element-populated\">\n\t\t\t\t\t\t\t\t<section class=\"elementor-section elementor-inner-section elementor-element elementor-element-6061423d elementor-section-boxed elementor-section-height-default elementor-section-height-default\" data-id=\"6061423d\" data-element_type=\"section\">\n\t\t\t\t\t\t<div class=\"elementor-container elementor-column-gap-default\">\n\t\t\t\t\t<div class=\"elementor-column elementor-col-50 elementor-inner-column elementor-element elementor-element-1ed2701b\" data-id=\"1ed2701b\" data-element_type=\"column\">\n\t\t\t<div class=\"elementor-widget-wrap elementor-element-populated\">\n\t\t\t\t\t\t\t\t<div class=\"elementor-element elementor-element-6de7c61c elementor-widget elementor-widget-image\" data-id=\"6de7c61c\" data-element_type=\"widget\" data-widget_type=\"image.default\">\n\t\t\t\t<div class=\"elementor-widget-container\">\n\t\t\t\t\t\t\t\t\t\t\t\t\t\t\t<img loading=\"lazy\" decoding=\"async\" width=\"202\" height=\"202\" src=\"https:\/\/novalaw.unl.pt\/wp-content\/uploads\/2021\/08\/SITE_docentes-residentes-ASSUNCAO-CRISTAS.jpg\" class=\"attachment-large size-large\" alt=\"\" srcset=\"https:\/\/novalaw.unl.pt\/wp-content\/uploads\/2021\/08\/SITE_docentes-residentes-ASSUNCAO-CRISTAS.jpg 202w, https:\/\/novalaw.unl.pt\/wp-content\/uploads\/2021\/08\/SITE_docentes-residentes-ASSUNCAO-CRISTAS-150x150.jpg 150w, https:\/\/novalaw.unl.pt\/wp-content\/uploads\/2021\/08\/SITE_docentes-residentes-ASSUNCAO-CRISTAS-100x100.jpg 100w\" sizes=\"auto, (max-width: 202px) 100vw, 202px\" \/>\t\t\t\t\t\t\t\t\t\t\t\t\t\t\t<\/div>\n\t\t\t\t<\/div>\n\t\t\t\t\t<\/div>\n\t\t<\/div>\n\t\t\t\t<div class=\"elementor-column elementor-col-50 elementor-inner-column elementor-element elementor-element-21f75313\" data-id=\"21f75313\" data-element_type=\"column\">\n\t\t\t<div class=\"elementor-widget-wrap elementor-element-populated\">\n\t\t\t\t\t\t\t\t<div class=\"elementor-element elementor-element-28c4cf88 elementor-widget elementor-widget-heading\" data-id=\"28c4cf88\" data-element_type=\"widget\" data-widget_type=\"heading.default\">\n\t\t\t\t<div class=\"elementor-widget-container\">\n\t\t\t<h1 class=\"elementor-heading-title elementor-size-default\">Assun\u00e7\u00e3o Cristas<\/h1>\t\t<\/div>\n\t\t\t\t<\/div>\n\t\t\t\t<div class=\"elementor-element elementor-element-35277dc3 elementor-widget elementor-widget-heading\" data-id=\"35277dc3\" data-element_type=\"widget\" data-widget_type=\"heading.default\">\n\t\t\t\t<div class=\"elementor-widget-container\">\n\t\t\t<h3 class=\"elementor-heading-title elementor-size-default\">Associate Professor<\/h3>\t\t<\/div>\n\t\t\t\t<\/div>\n\t\t\t\t<div class=\"elementor-element elementor-element-b4ac572 elementor-widget elementor-widget-ekit_wb_3521\" data-id=\"b4ac572\" data-element_type=\"widget\" data-widget_type=\"ekit_wb_3521.default\">\n\t\t\t\t<div class=\"elementor-widget-container\">\n\t\t\t<a href=\"mailto:assuncaocristas@novalaw.unl.pt\" style=\"vertical-align: middle;\n    display: flex;\">\n    <span><svg xmlns=\"http:\/\/www.w3.org\/2000\/svg\" width=\"32\" height=\"32\" viewBox=\"0 0 32 32\" fill=\"none\"><g clip-path=\"url(#clip0)\"><path fill-rule=\"evenodd\" clip-rule=\"evenodd\" d=\"M13.4915 0.197933C10.3659 0.694111 7.45756 2.10609 5.13445 4.25529C2.81134 6.40449 1.17778 9.19436 0.440381 12.272C-0.297019 15.3497 -0.105136 18.577 0.991764 21.5456C2.08866 24.5142 4.0413 27.0908 6.60272 28.9496C9.16413 30.8084 12.2193 31.8658 15.3817 31.9881C18.5441 32.1104 21.6718 31.2921 24.3691 29.6367C27.0664 27.9813 29.2122 25.5632 30.5351 22.6881C31.858 19.8131 32.2986 16.6103 31.8011 13.4849C31.1342 9.29534 28.8308 5.54213 25.3973 3.05051C21.9638 0.558883 17.6813 -0.467177 13.4915 0.197933ZM24.5524 9.24141L16.9002 16.8936C15.8915 17.8953 15.5089 17.8605 14.5698 16.8936C13.6306 15.9266 7.16803 9.15793 7.16803 9.15793L24.5524 9.24141ZM6.43759 10.2501L12.3854 16.2188L6.43759 22.1527V10.2501ZM7.34194 23.1405L13.2411 17.2136C13.2411 17.2136 13.8463 17.8049 14.4237 18.3197C15.6063 19.3771 16.2045 19.551 17.5472 18.3197L18.7576 17.2136L24.7263 23.1892L7.34194 23.1405ZM25.5193 22.1597L19.5228 16.191L25.5541 10.2571L25.5193 22.1597Z\" fill=\"black\"><\/path><\/g><defs><clipPath id=\"clip0\"><rect width=\"32\" height=\"32\" fill=\"white\"><\/rect><\/clipPath><\/defs><\/svg><\/span>\n    <span style=\"margin:5px\">assuncaocristas@novalaw.unl.pt<\/span><\/a>\n\t\t\t\t<\/div>\n\t\t\t\t<\/div>\n\t\t\t\t<div class=\"elementor-element elementor-element-3c50bae6 elementor-absolute elementor-widget elementor-widget-text-editor\" data-id=\"3c50bae6\" data-element_type=\"widget\" data-settings=\"{&quot;_position&quot;:&quot;absolute&quot;}\" data-widget_type=\"text-editor.default\">\n\t\t\t\t<div class=\"elementor-widget-container\">\n\t\t\t\t\t\t\t<span class=\"tab-click\" style=\"color: #dd0036; font-weight: bold;\" data-target=\"nota-biografica\">Biographical Note<\/span> | <span class=\"tab-click\" data-target=\"experiencia\"> Pedagogical Experience <\/span>| <span class=\"tab-click\" data-target=\"publicacoes\">Main Publications<\/span> | <span class=\"tab-click\" data-target=\"investigacao\">Research Areas<\/span>\t\t\t\t\t\t<\/div>\n\t\t\t\t<\/div>\n\t\t\t\t\t<\/div>\n\t\t<\/div>\n\t\t\t\t\t\t\t<\/div>\n\t\t<\/section>\n\t\t\t\t\t<\/div>\n\t\t<\/div>\n\t\t\t\t\t\t\t<\/div>\n\t\t<\/section>\n\t\t\t\t<section class=\"elementor-section elementor-top-section elementor-element elementor-element-3b5f0f3a elementor-section-boxed elementor-section-height-default elementor-section-height-default\" data-id=\"3b5f0f3a\" data-element_type=\"section\">\n\t\t\t\t\t\t<div class=\"elementor-container elementor-column-gap-default\">\n\t\t\t\t\t<div class=\"elementor-column elementor-col-100 elementor-top-column elementor-element elementor-element-11b541f8\" data-id=\"11b541f8\" data-element_type=\"column\">\n\t\t\t<div class=\"elementor-widget-wrap elementor-element-populated\">\n\t\t\t\t\t\t\t\t<div class=\"elementor-element elementor-element-3ddc48b5 tabs-novalaw elementor-widget elementor-widget-text-editor\" data-id=\"3ddc48b5\" data-element_type=\"widget\" id=\"nota-biografica\" data-widget_type=\"text-editor.default\">\n\t\t\t\t<div class=\"elementor-widget-container\">\n\t\t\t\t\t\t\t<p class=\"p1\"><span class=\"s1\">Assun\u00e7\u00e3o Cristas, born in 1974 in Luanda, is married and has four children.<\/span><\/p><p class=\"p1\"><span class=\"s1\">She was part of the First Doctoral Course of the Law School of Nova University, Lisbon (1997), where she obtained her doctorate in private law, with the thesis \u2013\u00a0<i>Contractual Transmission of Credit Law. The true nature of credit claims<\/i>\u00a0(Almedina, 2005). She\u2019s been a Professor with NOVA School of Law ever since. She has a law degree from Lisbon University Law School (1997), where she was a monitor (95\/96) and a trainee assistant (97-99), until she opted to dedicate herself exclusively to the preparation of her PhD at NOVA School of Law, benefiting from an FCT grant.<\/span><\/p><p class=\"p1\"><span class=\"s1\">She was Director of the Office of Legislative Policy and Planning of the Ministry of Justice (2002-2005). Between the end of 2005 and the beginning of 2009, she dedicated herself exclusively to academia. In addition to the teaching component and national and international research, with participation in colloquia and publication of texts, she has also been involved in organizational aspects. Namely, she coordinated the SPEED (Permanent Research Seminar on the State and Study of Law), joined the Board of CEDIS (Centre for Studies in Law and Society) and headed the CNIACC (National Centre for Information and Monitoring of Consumer Conflicts), a body created in liaison with the Directorate-General for Consumers. She has co-authored several papers on consumer legislation.<\/span><\/p><p class=\"p1\"><span class=\"s1\">She was a consultant at Morais Leit\u00e3o, Galv\u00e3o Teles, Soares da Silva e Associados (2009-2011).<\/span><\/p><p class=\"p1\"><span class=\"s1\">Between September 2009 and January 2020 she held several political positions at national level (from 2011 on, exclusively): she was Member of Parliament (2009-2011 and 2015-2020); Minister for Agriculture, Sea, Environment and Spatial Planning (2011-2013) and Minister of Agriculture and Sea (2013-2015) of the XX and XIX Governments; President of the political party CDS-PP (2016-2020). In 2017 she was elected a councilor of Lisbon City Council, a mandate that ends in 2021. In July 2019 she published the book\u00a0<i>Trust. Women, power and the country that we aspire to for all<\/i>.<\/span><\/p><p>Returning to the Faculty, she assumed joint coordination of the Master\u2019s Degree in Law and Economics of the Sea and the coordination of the NOVA Ocean Knowledge Center, having resumed her teaching activity in the academic year 2020\/2021.<\/p>\t\t\t\t\t\t<\/div>\n\t\t\t\t<\/div>\n\t\t\t\t<div class=\"elementor-element elementor-element-7cd02db9 tabs-novalaw elementor-widget elementor-widget-text-editor\" data-id=\"7cd02db9\" data-element_type=\"widget\" id=\"experiencia\" data-widget_type=\"text-editor.default\">\n\t\t\t\t<div class=\"elementor-widget-container\">\n\t\t\t\t\t\t\t<p class=\"p1\"><strong><span class=\"s1\">Bachelor\u2019s degree (1st Cycle):<\/span><\/strong><\/p><ul><li class=\"p1\"><span class=\"s2\">Law of Obligations I and II (pre-Bologna) and Law of Obligations<\/span><\/li><li class=\"p1\"><span class=\"s2\">Civil and Commercial Contracts<\/span><\/li><li class=\"p1\">Property Law<\/li><li class=\"p1\"><span class=\"s2\">Contract Law<\/span><\/li><li class=\"p1\">Law of Torts<\/li><li class=\"p1\">Theory of Legal Norm<\/li><\/ul><p class=\"p1\"><strong><span class=\"s1\">Master\u2019s degree (2nd Cycle):<\/span><\/strong><\/p><ul><li class=\"p1\"><span class=\"s2\">Consumer Law<\/span><\/li><li class=\"p1\"><span class=\"s2\">Sea Policy<\/span><\/li><li class=\"p1\">The Sea and Maritime Identity<\/li><\/ul><p class=\"p1\"><strong><span class=\"s1\">PhD (3rd Cycle):<\/span><\/strong><\/p><ul><li class=\"p1\"><span class=\"s1\">Comparative Private Law<\/span><\/li><li class=\"p1\"><span class=\"s1\">Civil Law in joint PhD courses with Angola and Mozambique<\/span><\/li><\/ul>\t\t\t\t\t\t<\/div>\n\t\t\t\t<\/div>\n\t\t\t\t<div class=\"elementor-element elementor-element-36e05c26 tabs-novalaw elementor-widget elementor-widget-text-editor\" data-id=\"36e05c26\" data-element_type=\"widget\" id=\"publicacoes\" data-widget_type=\"text-editor.default\">\n\t\t\t\t<div class=\"elementor-widget-container\">\n\t\t\t\t\t\t\t<ul><li class=\"p1\"><span class=\"s1\"><i>&#8220;Concorr\u00eancia Desleal e Protec\u00e7\u00e3o do Consumidor: a Prop\u00f3sito da Directiva 2005\/29\/CE<\/i>,&#8221; in &#8220;<em>Prof. Doutor Inoc\u00eancio Galv\u00e3o Telles: 90 anos. Homenagem da Faculdade de Direito de Lisboa&#8221;<\/em>, Almedina, Coimbra, 2007, 141<\/span><\/li><li class=\"p1\"><span class=\"s1\"><i>&#8220;Direito \u00e0 resolu\u00e7\u00e3o e direito ao cumprimento&#8221;<\/i>, in &#8220;<em>C\u00f3digo Civil: 40 anos de vig\u00eancia&#8221;<\/em>, Almedina, Coimbra, 2008, 277;<\/span><\/li><li class=\"p2\"><span class=\"s1\"><i>&#8220;Portuguese Contract Law: in search for regimes unification?&#8221;<\/i>, European Review of Contract Law, 2009, vol.5, n. 3, 357-367;<\/span><\/li><li class=\"p2\"><span class=\"s1\"><i>&#8220;On the boundary between torts and contracts<\/i>.<i> An economic view,<\/i> com Nuno Garoupa&#8221;, in \u201c<em>Economic Analysis of the DCFR\u201d<\/em>, Pierre Larouche e Filomena Chirico (ed.), Sellier, Munique, 2011, 277-294;<\/span><\/li><li class=\"p1\"><span class=\"s1\"><i>&#8220;Incumprimento contratual &#8211; O C\u00f3digo Civil Portugu\u00eas e o DCFR &#8211; Notas Comparadas&#8221;<\/i>, in <em>\u201cEstudos em Homenagem ao Professor Doutor Carlos Ferreira de Almeida\u201d<\/em>, Volume II, Rui Pinto Duarte, Assun\u00e7\u00e3o Cristas <i>et al.<\/i> (org.), Almedina, Coimbra, 2011;<\/span><\/li><li class=\"p1\"><span class=\"s1\"><i>&#8220;Green Paper on Policy Options for Progress Towards a European Contract Law for Consumers and Businesses. What do we want?&#8221;<\/i>, European Review of Contract Law, 2011, vol. 7, n. 2, 314-334.<\/span><\/li><li class=\"p1\"><span class=\"s1\"><i>&#8220;Incumprimento dos contratos. Avalia\u00e7\u00e3o legislativa e perspetivas de desenvolvimento&#8221;<\/i>, com Jorge Morais Carvalho, Alice Ramos e C\u00edcero Roberto Pereira, Almedina, Coimbra, 2013.<i> <\/i><\/span><\/li><li class=\"p3\"><span class=\"s1\"><i>&#8220;One Cannot Change the Wind, but One Can Always Adjust the Sail: The Role of Legal Framework in Developing a Blue Economy&#8221;, <\/i>in <em>&#8220;Ocean Law and Policy: 20 years under UNCLOS&#8221;,<\/em> H.Scheiber, C. Esposito et al (ed.), Brill, Nijhoff, Leiden, Boston, 2016, 379-386. <\/span><\/li><\/ul>\t\t\t\t\t\t<\/div>\n\t\t\t\t<\/div>\n\t\t\t\t<div class=\"elementor-element elementor-element-77bc6ee1 tabs-novalaw elementor-widget elementor-widget-text-editor\" data-id=\"77bc6ee1\" data-element_type=\"widget\" id=\"investigacao\" data-widget_type=\"text-editor.default\">\n\t\t\t\t<div class=\"elementor-widget-container\">\n\t\t\t\t\t\t\t<ul><li><span class=\"s1\">Private Law, in particular Contract Law and Law of Obligations.<\/span><\/li><li><span class=\"s1\">She has a particular interest in the field of legislative evaluation, legislative architecture, the interaction of law with other fields of knowledge and its role in the construction of public policies.<\/span><\/li><li><span class=\"s1\">In particular, she intends to develop research in the area of the Sea.<\/span><\/li><li style=\"list-style-type: none;\">\u00a0<\/li><\/ul>\t\t\t\t\t\t<\/div>\n\t\t\t\t<\/div>\n\t\t\t\t\t<\/div>\n\t\t<\/div>\n\t\t\t\t\t\t\t<\/div>\n\t\t<\/section>\n\t\t\t\t<section class=\"elementor-section elementor-top-section elementor-element elementor-element-a3c8434 elementor-section-boxed elementor-section-height-default elementor-section-height-default\" data-id=\"a3c8434\" data-element_type=\"section\">\n\t\t\t\t\t\t<div class=\"elementor-container elementor-column-gap-default\">\n\t\t\t\t\t<div class=\"elementor-column elementor-col-100 elementor-top-column elementor-element elementor-element-6be8687\" data-id=\"6be8687\" data-element_type=\"column\" data-settings=\"{&quot;background_background&quot;:&quot;classic&quot;}\">\n\t\t\t<div class=\"elementor-widget-wrap elementor-element-populated\">\n\t\t\t\t\t\t\t\t<section class=\"elementor-section elementor-inner-section elementor-element elementor-element-10dd23b elementor-section-boxed elementor-section-height-default elementor-section-height-default\" data-id=\"10dd23b\" data-element_type=\"section\">\n\t\t\t\t\t\t<div class=\"elementor-container elementor-column-gap-default\">\n\t\t\t\t\t<div class=\"elementor-column elementor-col-50 elementor-inner-column elementor-element elementor-element-a0e761b\" data-id=\"a0e761b\" data-element_type=\"column\">\n\t\t\t<div class=\"elementor-widget-wrap elementor-element-populated\">\n\t\t\t\t\t\t\t\t<div class=\"elementor-element elementor-element-6fd641b elementor-widget elementor-widget-text-editor\" data-id=\"6fd641b\" data-element_type=\"widget\" data-widget_type=\"text-editor.default\">\n\t\t\t\t<div class=\"elementor-widget-container\">\n\t\t\t\t\t\t\t\t\t\t\t\t\t<\/div>\n\t\t\t\t<\/div>\n\t\t\t\t\t<\/div>\n\t\t<\/div>\n\t\t\t\t<div class=\"elementor-column elementor-col-50 elementor-inner-column elementor-element elementor-element-424ca11\" data-id=\"424ca11\" data-element_type=\"column\">\n\t\t\t<div class=\"elementor-widget-wrap elementor-element-populated\">\n\t\t\t\t\t\t\t\t<div class=\"elementor-element elementor-element-978cc17 elementor-widget elementor-widget-text-editor\" data-id=\"978cc17\" data-element_type=\"widget\" data-widget_type=\"text-editor.default\">\n\t\t\t\t<div class=\"elementor-widget-container\">\n\t\t\t\t\t\t\t<span style=\"text-decoration: underline; color: #f8002d;\"><a style=\"color: #f8002d; text-decoration: underline;\" href=\"https:\/\/novaresearch.unl.pt\/en\/persons\/assun%C3%A7%C3%A3o-cristas\"><strong>NOVA Research Portal<\/strong><\/a><\/span><br>\n<span style=\"text-decoration: underline; color: #f8002d;\"><a style=\"color: #f8002d; text-decoration: underline; line-height: 16px; margin-bottom: 0px;\" href=\"https:\/\/www.linkedin.com\/in\/assuncao-cristas\/\"><strong>Linkedin<\/strong><\/a><\/span>\t\t\t\t\t\t<\/div>\n\t\t\t\t<\/div>\n\t\t\t\t\t<\/div>\n\t\t<\/div>\n\t\t\t\t\t\t\t<\/div>\n\t\t<\/section>\n\t\t\t\t\t<\/div>\n\t\t<\/div>\n\t\t\t\t\t\t\t<\/div>\n\t\t<\/section>\n\t\t\t\t<section class=\"elementor-section elementor-top-section elementor-element elementor-element-4e3c48ae elementor-section-height-min-height elementor-section-boxed elementor-section-height-default elementor-section-items-middle\" data-id=\"4e3c48ae\" data-element_type=\"section\">\n\t\t\t\t\t\t<div class=\"elementor-container elementor-column-gap-default\">\n\t\t\t\t\t<div class=\"elementor-column elementor-col-100 elementor-top-column elementor-element elementor-element-17404871\" data-id=\"17404871\" data-element_type=\"column\">\n\t\t\t<div class=\"elementor-widget-wrap\">\n\t\t\t\t\t\t\t\t\t<\/div>\n\t\t<\/div>\n\t\t\t\t\t\t\t<\/div>\n\t\t<\/section>\n\t\t\t\t\t\t<\/div>\n\t\t\t\t\t<\/div>\n\t\t","protected":false},"excerpt":{"rendered":"<p>Assun\u00e7\u00e3o Cristas Associate Professor assuncaocristas@novalaw.unl.pt Biographical Note | Pedagogical Experience | Main Publications | Research Areas Assun\u00e7\u00e3o Cristas, born in 1974 in Luanda, is married and has four children. She was part of the First Doctoral Course of the Law School of Nova University, Lisbon (1997), where she obtained her doctorate in private law, with &hellip;<\/p>\n<p class=\"read-more\"> <a class=\"\" href=\"https:\/\/novalaw.unl.pt\/en\/assuncao-cristas\/\"> <span class=\"screen-reader-text\">Assun\u00e7\u00e3o Cristas<\/span> Read More &raquo;<\/a><\/p>\n","protected":false},"author":2,"featured_media":0,"parent":0,"menu_order":336,"comment_status":"closed","ping_status":"closed","template":"","meta":{"footnotes":""},"categories":[],"tags":[],"class_list":["post-4764","page","type-page","status-publish","hentry"],"yoast_head":"<!-- This site is optimized with the Yoast SEO Premium plugin v27.4 (Yoast SEO v27.4) - https:\/\/yoast.com\/product\/yoast-seo-premium-wordpress\/ -->\n<title>Assun\u00e7\u00e3o Cristas - NOVA School of Law | Faculdade de Direito da Universidade NOVA de Lisboa<\/title>\n<meta name=\"robots\" content=\"index, follow, max-snippet:-1, max-image-preview:large, max-video-preview:-1\" \/>\n<link rel=\"canonical\" href=\"https:\/\/novalaw.unl.pt\/assuncao-cristas\/\" \/>\n<meta property=\"og:locale\" content=\"en_US\" \/>\n<meta property=\"og:type\" content=\"article\" \/>\n<meta property=\"og:title\" content=\"Assun\u00e7\u00e3o Cristas\" \/>\n<meta property=\"og:description\" content=\"Assun\u00e7\u00e3o Cristas Associate Professor assuncaocristas@novalaw.unl.pt Biographical Note | Pedagogical Experience | Main Publications | Research Areas Assun\u00e7\u00e3o Cristas, born in 1974 in Luanda, is married and has four children. She was part of the First Doctoral Course of the Law School of Nova University, Lisbon (1997), where she obtained her doctorate in private law, with &hellip; Assun\u00e7\u00e3o Cristas Read More &raquo;\" \/>\n<meta property=\"og:url\" content=\"https:\/\/novalaw.unl.pt\/assuncao-cristas\/\" \/>\n<meta property=\"og:site_name\" content=\"NOVA School of Law | Faculdade de Direito da Universidade NOVA de Lisboa\" \/>\n<meta property=\"article:modified_time\" content=\"2022-11-29T14:23:53+00:00\" \/>\n<meta property=\"og:image\" content=\"https:\/\/novalaw.unl.pt\/wp-content\/uploads\/2021\/08\/SITE_docentes-residentes-ASSUNCAO-CRISTAS.jpg\" \/>\n<meta name=\"twitter:card\" content=\"summary_large_image\" \/>\n<meta name=\"twitter:label1\" content=\"Est. reading time\" \/>\n\t<meta name=\"twitter:data1\" content=\"4 minutes\" \/>\n<script type=\"application\/ld+json\" class=\"yoast-schema-graph\">{\"@context\":\"https:\\\/\\\/schema.org\",\"@graph\":[{\"@type\":\"WebPage\",\"@id\":\"https:\\\/\\\/novalaw.unl.pt\\\/assuncao-cristas\\\/\",\"url\":\"https:\\\/\\\/novalaw.unl.pt\\\/assuncao-cristas\\\/\",\"name\":\"Assun\u00e7\u00e3o Cristas - NOVA School of Law | Faculdade de Direito da Universidade NOVA de Lisboa\",\"isPartOf\":{\"@id\":\"https:\\\/\\\/novalaw.unl.pt\\\/#website\"},\"primaryImageOfPage\":{\"@id\":\"https:\\\/\\\/novalaw.unl.pt\\\/assuncao-cristas\\\/#primaryimage\"},\"image\":{\"@id\":\"https:\\\/\\\/novalaw.unl.pt\\\/assuncao-cristas\\\/#primaryimage\"},\"thumbnailUrl\":\"https:\\\/\\\/novalaw.unl.pt\\\/wp-content\\\/uploads\\\/2021\\\/08\\\/SITE_docentes-residentes-ASSUNCAO-CRISTAS.jpg\",\"datePublished\":\"2021-09-02T16:23:22+00:00\",\"dateModified\":\"2022-11-29T14:23:53+00:00\",\"breadcrumb\":{\"@id\":\"https:\\\/\\\/novalaw.unl.pt\\\/assuncao-cristas\\\/#breadcrumb\"},\"inLanguage\":\"en-US\",\"potentialAction\":[{\"@type\":\"ReadAction\",\"target\":[\"https:\\\/\\\/novalaw.unl.pt\\\/assuncao-cristas\\\/\"]}]},{\"@type\":\"ImageObject\",\"inLanguage\":\"en-US\",\"@id\":\"https:\\\/\\\/novalaw.unl.pt\\\/assuncao-cristas\\\/#primaryimage\",\"url\":\"https:\\\/\\\/novalaw.unl.pt\\\/wp-content\\\/uploads\\\/2021\\\/08\\\/SITE_docentes-residentes-ASSUNCAO-CRISTAS.jpg\",\"contentUrl\":\"https:\\\/\\\/novalaw.unl.pt\\\/wp-content\\\/uploads\\\/2021\\\/08\\\/SITE_docentes-residentes-ASSUNCAO-CRISTAS.jpg\"},{\"@type\":\"BreadcrumbList\",\"@id\":\"https:\\\/\\\/novalaw.unl.pt\\\/assuncao-cristas\\\/#breadcrumb\",\"itemListElement\":[{\"@type\":\"ListItem\",\"position\":1,\"name\":\"Home\",\"item\":\"https:\\\/\\\/novalaw.unl.pt\\\/en\\\/\"},{\"@type\":\"ListItem\",\"position\":2,\"name\":\"Assun\u00e7\u00e3o Cristas\"}]},{\"@type\":\"WebSite\",\"@id\":\"https:\\\/\\\/novalaw.unl.pt\\\/#website\",\"url\":\"https:\\\/\\\/novalaw.unl.pt\\\/\",\"name\":\"NOVA School of Law | Faculdade de Direito da Universidade NOVA de Lisboa\",\"description\":\"NOVA School Of Law\",\"publisher\":{\"@id\":\"https:\\\/\\\/novalaw.unl.pt\\\/#organization\"},\"potentialAction\":[{\"@type\":\"SearchAction\",\"target\":{\"@type\":\"EntryPoint\",\"urlTemplate\":\"https:\\\/\\\/novalaw.unl.pt\\\/?s={search_term_string}\"},\"query-input\":{\"@type\":\"PropertyValueSpecification\",\"valueRequired\":true,\"valueName\":\"search_term_string\"}}],\"inLanguage\":\"en-US\"},{\"@type\":\"Organization\",\"@id\":\"https:\\\/\\\/novalaw.unl.pt\\\/#organization\",\"name\":\"NOVA School of Law\",\"url\":\"https:\\\/\\\/novalaw.unl.pt\\\/\",\"logo\":{\"@type\":\"ImageObject\",\"inLanguage\":\"en-US\",\"@id\":\"https:\\\/\\\/novalaw.unl.pt\\\/#\\\/schema\\\/logo\\\/image\\\/\",\"url\":\"https:\\\/\\\/novalaw.unl.pt\\\/wp-content\\\/uploads\\\/2021\\\/02\\\/logo-novalaw.svg\",\"contentUrl\":\"https:\\\/\\\/novalaw.unl.pt\\\/wp-content\\\/uploads\\\/2021\\\/02\\\/logo-novalaw.svg\",\"width\":991,\"height\":424,\"caption\":\"NOVA School of Law\"},\"image\":{\"@id\":\"https:\\\/\\\/novalaw.unl.pt\\\/#\\\/schema\\\/logo\\\/image\\\/\"}}]}<\/script>\n<!-- \/ Yoast SEO Premium plugin. -->","yoast_head_json":{"title":"Assun\u00e7\u00e3o Cristas - NOVA School of Law | Faculdade de Direito da Universidade NOVA de Lisboa","robots":{"index":"index","follow":"follow","max-snippet":"max-snippet:-1","max-image-preview":"max-image-preview:large","max-video-preview":"max-video-preview:-1"},"canonical":"https:\/\/novalaw.unl.pt\/assuncao-cristas\/","og_locale":"en_US","og_type":"article","og_title":"Assun\u00e7\u00e3o Cristas","og_description":"Assun\u00e7\u00e3o Cristas Associate Professor assuncaocristas@novalaw.unl.pt Biographical Note | Pedagogical Experience | Main Publications | Research Areas Assun\u00e7\u00e3o Cristas, born in 1974 in Luanda, is married and has four children. She was part of the First Doctoral Course of the Law School of Nova University, Lisbon (1997), where she obtained her doctorate in private law, with &hellip; Assun\u00e7\u00e3o Cristas Read More &raquo;","og_url":"https:\/\/novalaw.unl.pt\/assuncao-cristas\/","og_site_name":"NOVA School of Law | Faculdade de Direito da Universidade NOVA de Lisboa","article_modified_time":"2022-11-29T14:23:53+00:00","og_image":[{"url":"https:\/\/novalaw.unl.pt\/wp-content\/uploads\/2021\/08\/SITE_docentes-residentes-ASSUNCAO-CRISTAS.jpg","type":"","width":"","height":""}],"twitter_card":"summary_large_image","twitter_misc":{"Est. reading time":"4 minutes"},"schema":{"@context":"https:\/\/schema.org","@graph":[{"@type":"WebPage","@id":"https:\/\/novalaw.unl.pt\/assuncao-cristas\/","url":"https:\/\/novalaw.unl.pt\/assuncao-cristas\/","name":"Assun\u00e7\u00e3o Cristas - NOVA School of Law | Faculdade de Direito da Universidade NOVA de Lisboa","isPartOf":{"@id":"https:\/\/novalaw.unl.pt\/#website"},"primaryImageOfPage":{"@id":"https:\/\/novalaw.unl.pt\/assuncao-cristas\/#primaryimage"},"image":{"@id":"https:\/\/novalaw.unl.pt\/assuncao-cristas\/#primaryimage"},"thumbnailUrl":"https:\/\/novalaw.unl.pt\/wp-content\/uploads\/2021\/08\/SITE_docentes-residentes-ASSUNCAO-CRISTAS.jpg","datePublished":"2021-09-02T16:23:22+00:00","dateModified":"2022-11-29T14:23:53+00:00","breadcrumb":{"@id":"https:\/\/novalaw.unl.pt\/assuncao-cristas\/#breadcrumb"},"inLanguage":"en-US","potentialAction":[{"@type":"ReadAction","target":["https:\/\/novalaw.unl.pt\/assuncao-cristas\/"]}]},{"@type":"ImageObject","inLanguage":"en-US","@id":"https:\/\/novalaw.unl.pt\/assuncao-cristas\/#primaryimage","url":"https:\/\/novalaw.unl.pt\/wp-content\/uploads\/2021\/08\/SITE_docentes-residentes-ASSUNCAO-CRISTAS.jpg","contentUrl":"https:\/\/novalaw.unl.pt\/wp-content\/uploads\/2021\/08\/SITE_docentes-residentes-ASSUNCAO-CRISTAS.jpg"},{"@type":"BreadcrumbList","@id":"https:\/\/novalaw.unl.pt\/assuncao-cristas\/#breadcrumb","itemListElement":[{"@type":"ListItem","position":1,"name":"Home","item":"https:\/\/novalaw.unl.pt\/en\/"},{"@type":"ListItem","position":2,"name":"Assun\u00e7\u00e3o Cristas"}]},{"@type":"WebSite","@id":"https:\/\/novalaw.unl.pt\/#website","url":"https:\/\/novalaw.unl.pt\/","name":"NOVA School of Law | Faculdade de Direito da Universidade NOVA de Lisboa","description":"NOVA School Of Law","publisher":{"@id":"https:\/\/novalaw.unl.pt\/#organization"},"potentialAction":[{"@type":"SearchAction","target":{"@type":"EntryPoint","urlTemplate":"https:\/\/novalaw.unl.pt\/?s={search_term_string}"},"query-input":{"@type":"PropertyValueSpecification","valueRequired":true,"valueName":"search_term_string"}}],"inLanguage":"en-US"},{"@type":"Organization","@id":"https:\/\/novalaw.unl.pt\/#organization","name":"NOVA School of Law","url":"https:\/\/novalaw.unl.pt\/","logo":{"@type":"ImageObject","inLanguage":"en-US","@id":"https:\/\/novalaw.unl.pt\/#\/schema\/logo\/image\/","url":"https:\/\/novalaw.unl.pt\/wp-content\/uploads\/2021\/02\/logo-novalaw.svg","contentUrl":"https:\/\/novalaw.unl.pt\/wp-content\/uploads\/2021\/02\/logo-novalaw.svg","width":991,"height":424,"caption":"NOVA School of Law"},"image":{"@id":"https:\/\/novalaw.unl.pt\/#\/schema\/logo\/image\/"}}]}},"novalaw_begin_date":"","novalaw_begin_date_en":"","novalaw_text":"","novalaw_tag":"","novalaw_tag_en":"","novalaw_link":"","novalaw_link_en":"","novalaw_end_date":"","novalaw_end_date_en":"","novalaw_date":"","novalaw_em_destaque":"","novalaw_tag_src":"","lang":"","_links":{"self":[{"href":"https:\/\/novalaw.unl.pt\/en\/wp-json\/wp\/v2\/pages\/4764","targetHints":{"allow":["GET"]}}],"collection":[{"href":"https:\/\/novalaw.unl.pt\/en\/wp-json\/wp\/v2\/pages"}],"about":[{"href":"https:\/\/novalaw.unl.pt\/en\/wp-json\/wp\/v2\/types\/page"}],"author":[{"embeddable":true,"href":"https:\/\/novalaw.unl.pt\/en\/wp-json\/wp\/v2\/users\/2"}],"replies":[{"embeddable":true,"href":"https:\/\/novalaw.unl.pt\/en\/wp-json\/wp\/v2\/comments?post=4764"}],"version-history":[{"count":17,"href":"https:\/\/novalaw.unl.pt\/en\/wp-json\/wp\/v2\/pages\/4764\/revisions"}],"predecessor-version":[{"id":44326,"href":"https:\/\/novalaw.unl.pt\/en\/wp-json\/wp\/v2\/pages\/4764\/revisions\/44326"}],"wp:attachment":[{"href":"https:\/\/novalaw.unl.pt\/en\/wp-json\/wp\/v2\/media?parent=4764"}],"wp:term":[{"taxonomy":"category","embeddable":true,"href":"https:\/\/novalaw.unl.pt\/en\/wp-json\/wp\/v2\/categories?post=4764"},{"taxonomy":"post_tag","embeddable":true,"href":"https:\/\/novalaw.unl.pt\/en\/wp-json\/wp\/v2\/tags?post=4764"}],"curies":[{"name":"wp","href":"https:\/\/api.w.org\/{rel}","templated":true}]}}