{"id":4819,"date":"2021-09-02T16:55:00","date_gmt":"2021-09-02T16:55:00","guid":{"rendered":"https:\/\/novalaw.unl.pt\/?page_id=4819"},"modified":"2025-02-24T15:22:12","modified_gmt":"2025-02-24T15:22:12","slug":"claire-bright","status":"publish","type":"page","link":"https:\/\/novalaw.unl.pt\/en\/claire-bright\/","title":{"rendered":"Claire Bright"},"content":{"rendered":"\t\t<div data-elementor-type=\"wp-page\" data-elementor-id=\"4819\" class=\"elementor elementor-4819\" data-elementor-settings=\"[]\">\n\t\t\t\t\t\t\t<div class=\"elementor-section-wrap\">\n\t\t\t\t\t\t\t<section class=\"elementor-section elementor-top-section elementor-element elementor-element-d08130a elementor-section-height-min-height elementor-section-boxed elementor-section-height-default elementor-section-items-middle\" data-id=\"d08130a\" data-element_type=\"section\">\n\t\t\t\t\t\t<div class=\"elementor-container elementor-column-gap-default\">\n\t\t\t\t\t<div class=\"elementor-column elementor-col-100 elementor-top-column elementor-element elementor-element-2f62c7b8\" data-id=\"2f62c7b8\" data-element_type=\"column\">\n\t\t\t<div class=\"elementor-widget-wrap elementor-element-populated\">\n\t\t\t\t\t\t\t\t<section class=\"elementor-section elementor-inner-section elementor-element elementor-element-6c0cb79b elementor-section-boxed elementor-section-height-default elementor-section-height-default\" data-id=\"6c0cb79b\" data-element_type=\"section\">\n\t\t\t\t\t\t<div class=\"elementor-container elementor-column-gap-default\">\n\t\t\t\t\t<div class=\"elementor-column elementor-col-50 elementor-inner-column elementor-element elementor-element-1cf5ce72\" data-id=\"1cf5ce72\" data-element_type=\"column\">\n\t\t\t<div class=\"elementor-widget-wrap elementor-element-populated\">\n\t\t\t\t\t\t\t\t<div class=\"elementor-element elementor-element-70ceb694 elementor-widget elementor-widget-image\" data-id=\"70ceb694\" data-element_type=\"widget\" data-widget_type=\"image.default\">\n\t\t\t\t<div class=\"elementor-widget-container\">\n\t\t\t\t\t\t\t\t\t\t\t\t\t\t\t<img loading=\"lazy\" decoding=\"async\" width=\"202\" height=\"202\" src=\"https:\/\/novalaw.unl.pt\/wp-content\/uploads\/2021\/08\/SITE_docentes-residentes-CLAIRE-BRIGHT.jpg\" class=\"attachment-large size-large\" alt=\"\" srcset=\"https:\/\/novalaw.unl.pt\/wp-content\/uploads\/2021\/08\/SITE_docentes-residentes-CLAIRE-BRIGHT.jpg 202w, https:\/\/novalaw.unl.pt\/wp-content\/uploads\/2021\/08\/SITE_docentes-residentes-CLAIRE-BRIGHT-150x150.jpg 150w, https:\/\/novalaw.unl.pt\/wp-content\/uploads\/2021\/08\/SITE_docentes-residentes-CLAIRE-BRIGHT-100x100.jpg 100w\" sizes=\"auto, (max-width: 202px) 100vw, 202px\" \/>\t\t\t\t\t\t\t\t\t\t\t\t\t\t\t<\/div>\n\t\t\t\t<\/div>\n\t\t\t\t\t<\/div>\n\t\t<\/div>\n\t\t\t\t<div class=\"elementor-column elementor-col-50 elementor-inner-column elementor-element elementor-element-305fc5b6\" data-id=\"305fc5b6\" data-element_type=\"column\">\n\t\t\t<div class=\"elementor-widget-wrap elementor-element-populated\">\n\t\t\t\t\t\t\t\t<div class=\"elementor-element elementor-element-678fac79 elementor-widget elementor-widget-heading\" data-id=\"678fac79\" data-element_type=\"widget\" data-widget_type=\"heading.default\">\n\t\t\t\t<div class=\"elementor-widget-container\">\n\t\t\t<h1 class=\"elementor-heading-title elementor-size-default\">Claire Bright<\/h1>\t\t<\/div>\n\t\t\t\t<\/div>\n\t\t\t\t<div class=\"elementor-element elementor-element-6a8d1f17 elementor-widget elementor-widget-heading\" data-id=\"6a8d1f17\" data-element_type=\"widget\" data-widget_type=\"heading.default\">\n\t\t\t\t<div class=\"elementor-widget-container\">\n\t\t\t<h3 class=\"elementor-heading-title elementor-size-default\">Associate Professor<\/h3>\t\t<\/div>\n\t\t\t\t<\/div>\n\t\t\t\t<div class=\"elementor-element elementor-element-d8012d5 elementor-widget elementor-widget-ekit_wb_3521\" data-id=\"d8012d5\" data-element_type=\"widget\" data-widget_type=\"ekit_wb_3521.default\">\n\t\t\t\t<div class=\"elementor-widget-container\">\n\t\t\t<a href=\"mailto:claire.bright@novalaw.unl.pt\" style=\"vertical-align: middle;\n    display: flex;\">\n    <span><svg xmlns=\"http:\/\/www.w3.org\/2000\/svg\" width=\"32\" height=\"32\" viewBox=\"0 0 32 32\" fill=\"none\"><g clip-path=\"url(#clip0)\"><path fill-rule=\"evenodd\" clip-rule=\"evenodd\" d=\"M13.4915 0.197933C10.3659 0.694111 7.45756 2.10609 5.13445 4.25529C2.81134 6.40449 1.17778 9.19436 0.440381 12.272C-0.297019 15.3497 -0.105136 18.577 0.991764 21.5456C2.08866 24.5142 4.0413 27.0908 6.60272 28.9496C9.16413 30.8084 12.2193 31.8658 15.3817 31.9881C18.5441 32.1104 21.6718 31.2921 24.3691 29.6367C27.0664 27.9813 29.2122 25.5632 30.5351 22.6881C31.858 19.8131 32.2986 16.6103 31.8011 13.4849C31.1342 9.29534 28.8308 5.54213 25.3973 3.05051C21.9638 0.558883 17.6813 -0.467177 13.4915 0.197933ZM24.5524 9.24141L16.9002 16.8936C15.8915 17.8953 15.5089 17.8605 14.5698 16.8936C13.6306 15.9266 7.16803 9.15793 7.16803 9.15793L24.5524 9.24141ZM6.43759 10.2501L12.3854 16.2188L6.43759 22.1527V10.2501ZM7.34194 23.1405L13.2411 17.2136C13.2411 17.2136 13.8463 17.8049 14.4237 18.3197C15.6063 19.3771 16.2045 19.551 17.5472 18.3197L18.7576 17.2136L24.7263 23.1892L7.34194 23.1405ZM25.5193 22.1597L19.5228 16.191L25.5541 10.2571L25.5193 22.1597Z\" fill=\"black\"><\/path><\/g><defs><clipPath id=\"clip0\"><rect width=\"32\" height=\"32\" fill=\"white\"><\/rect><\/clipPath><\/defs><\/svg><\/span>\n    <span style=\"margin:5px\">claire.bright@novalaw.unl.pt<\/span><\/a>\n\t\t\t\t<\/div>\n\t\t\t\t<\/div>\n\t\t\t\t<div class=\"elementor-element elementor-element-6d5643d5 elementor-absolute elementor-widget elementor-widget-text-editor\" data-id=\"6d5643d5\" data-element_type=\"widget\" data-settings=\"{&quot;_position&quot;:&quot;absolute&quot;}\" data-widget_type=\"text-editor.default\">\n\t\t\t\t<div class=\"elementor-widget-container\">\n\t\t\t\t\t\t\t<span class=\"tab-click\" style=\"color: #dd0036; font-weight: bold;\" data-target=\"nota-biografica\">Biographical Note<\/span> | <span class=\"tab-click\" data-target=\"experiencia\"> Pedagogical Experience <\/span>| <span class=\"tab-click\" data-target=\"publicacoes\">Main Publications<\/span> | <span class=\"tab-click\" data-target=\"investigacao\">Research Areas<\/span>\t\t\t\t\t\t<\/div>\n\t\t\t\t<\/div>\n\t\t\t\t\t<\/div>\n\t\t<\/div>\n\t\t\t\t\t\t\t<\/div>\n\t\t<\/section>\n\t\t\t\t\t<\/div>\n\t\t<\/div>\n\t\t\t\t\t\t\t<\/div>\n\t\t<\/section>\n\t\t\t\t<section class=\"elementor-section elementor-top-section elementor-element elementor-element-4c66342d elementor-section-boxed elementor-section-height-default elementor-section-height-default\" data-id=\"4c66342d\" data-element_type=\"section\">\n\t\t\t\t\t\t<div class=\"elementor-container elementor-column-gap-default\">\n\t\t\t\t\t<div class=\"elementor-column elementor-col-100 elementor-top-column elementor-element elementor-element-276c2e7e\" data-id=\"276c2e7e\" data-element_type=\"column\">\n\t\t\t<div class=\"elementor-widget-wrap elementor-element-populated\">\n\t\t\t\t\t\t\t\t<div class=\"elementor-element elementor-element-7d072de5 tabs-novalaw elementor-widget elementor-widget-text-editor\" data-id=\"7d072de5\" data-element_type=\"widget\" id=\"nota-biografica\" data-widget_type=\"text-editor.default\">\n\t\t\t\t<div class=\"elementor-widget-container\">\n\t\t\t\t\t\t\t<p>Claire Bright is Associate Professor in Private Law as well as the Founder and Director of the NOVA\u00a0<a href=\"https:\/\/novalaw.unl.pt\/nova-business-human-rights-and-the-environment\/\" target=\"_blank\" rel=\"noopener\">Centre on Business, Human Rights and the Environment\u00a0<\/a>at NOVA Law School in Lisbon. She specialises in Sustainable Corporate Governance, Private International Law, International Commercial Law, Comparative Private Law and Business and Human Rights. She holds a PhD in International Law from the European University Institute in Florence, an LL.M in Private International Law and International Commercial Law from La Sorbonne Law School and a Double Bachelor\u2019s degree in French and English Laws from UPEC.<\/p><p>Before joining the faculty at NOVA School of Law, she worked as a Research Assistant at the Centre for Socio-Legal Studies of the University of Oxford, an Associate lecturer at Oxford Brookes University and as a Lecturer at the London School of Business and Management. She was also a Max Weber Fellow at the European University Institute of Florence.<\/p><p>She regularly organizes courses, events and trainings in the fields of Business and Human Rights, ESG, Human Rights Due Diligence as well as Environmental and Climate Change Due Diligence. Her work to date has resulted in numerous publications of peer-reviewed scientific publications in English, French, Italian, Portuguese and Spanish, including in the following journals: the <em>&#8220;International and Comparative Law Quarterly&#8221;<\/em>, <em>&#8220;Business and Politics&#8221;<\/em>, <em>&#8220;Sustainability&#8221;<\/em>, the <em>&#8220;Business and Human Rights Journal&#8221;<\/em>, the <em>&#8220;European Yearbook on Human Rights&#8221;<\/em>, <em>&#8220;Nederlands Internationaal Privaatrecht&#8221;<\/em>, <em>&#8220;Droit Social&#8221;<\/em>, the <em>&#8220;Revista Espa\u00f1ola de Derecho Internacional&#8221;<\/em> and the <em>&#8220;Anuario Espa\u00f1ol de Derecho Internacional Privado&#8221;<\/em>. She has also contributed to various expert studies and policy reports for NGOs, Governments, as well as European and International organizations including:<\/p><ul><li>A 2019 study for the European Parliament on <em><span style=\"text-decoration: underline;\"><a href=\"https:\/\/www.europarl.europa.eu\/thinktank\/en\/document.html?reference=EXPO_STU(2019)603475\" target=\"_blank\" rel=\"noopener\">Access to legal remedies for victims of corporate human rights abuses in third countries<\/a>, <\/span><\/em>which was notably referred to in the Draft Report of the European Parliament\u2019s Committee on Legal Affairs with recommendations to the European Commission on corporate due diligence and corporate accountability (2020\/2129(INL)).<\/li><li>A 2020 study for the European Commission <span style=\"text-decoration: underline;\"><em><a href=\"https:\/\/op.europa.eu\/en\/publication-detail\/-\/publication\/8ba0a8fd-4c83-11ea-b8b7-01aa75ed71a1\/language-en\" target=\"_blank\" rel=\"noopener\">on due diligence requirements through the supply chains<\/a>,<\/em><\/span> which forms the basis of the Corporate Sustainability Due Diligence Directive: <a href=\"https:\/\/eur-lex.europa.eu\/eli\/dir\/2024\/1760\/oj\">https:\/\/eur-lex.europa.eu\/eli\/dir\/2024\/1760\/oj<\/a>.\u00a0The study was <a href=\"https:\/\/www.ohchr.org\/EN\/NewsEvents\/Pages\/DisplayNews.aspx?NewsID=25758&amp;LangID=E\" data-auth=\"NotApplicable\">welcomed by the UN Working Group on Business and Human Rights<\/a> which observed that \u2018it provides a solid and much needed foundation for enhanced policy and regulatory action to address business-related human rights impacts across sectors and global value chains.<\/li><li>&#8216;A study for the 11.11.11 and the Working Group on Corporate Accountability on the <a href=\"https:\/\/ghum.kuleuven.be\/ggs\/publications\/research_reports\/options-for-mandatory-human-rights-due-diligence.pdf\" data-auth=\"NotApplicable\">Options for Mandatory Human Rights Due Diligence in Belgium<\/a> which formed the basis of a legislative proposal on mandatory human rights due diligence in Belgium and is now working in collaboration with the University of KU Leuven to help the Belgium Government in the transposition of the CSDDD.<em>\u00a0<\/em>\u00a0<a href=\"https:\/\/ghum.kuleuven.be\/ggs\/publications\/research_reports\/options-for-mandatory-human-rights-due-diligence.pdf\" target=\"_blank\" rel=\"noopener\">Available here<\/a><\/li><li>A 2021 mapping (in <a href=\"https:\/\/novabhre.novalaw.unl.pt\/wp-content\/uploads\/2021\/02\/DecentWorkGlobalizedEconomy_ClaireBright.pdf\" target=\"_blank\" rel=\"noopener\">English <\/a>and in<a href=\"https:\/\/novabhre.novalaw.unl.pt\/wp-content\/uploads\/2021\/02\/DecentWorkGlobalizedEconomy_FR_ClaireBright.pdf\" target=\"_blank\" rel=\"noopener\"> French<\/a>) of the Human Rights due diligence regulations and an evaluation of their contribution in upholding labour standards in global supply chains prepared as part of a research compendium for the International Labour Organization (ILO) with the support of the Government of France, and published in G. Delautre, E. Echeverr\u00eda Manrique and C. Fenwick, Decent work in globalised economy: Lessons from public and private initiatives, ILO 2021, 75-108<\/li><li>A 2021 legal brief (in Portuguese and in English) on <span style=\"text-decoration: underline;\"><em><a href=\"https:\/\/www.imvf.org\/2021\/05\/05\/tudo-o-que-precisas-de-saber-sobre-a-diligencia-devida-em-materia-de-direitos-humanos-e-ambiente\/\" target=\"_blank\" rel=\"noopener\">Human Rights and environmental due diligence<\/a><\/em> <\/span>prepared for the Instituto Marqu\u00eas de Valle Fl\u00f4r (IMVF) as part of the Pan-European campaign OurFood.OurFuture implemented in Portugal by IMVF.<\/li><li>A 2021 study on trade policy and child labour entitled <em>&#8220;50 Billions Euros: Europe&#8217;s Child Labor Footprint in 2019&#8221;<\/em>, prepared for the Greens\/EFA Group in the European Parliament, June 10 2021. <a href=\"https:\/\/28696c7d-66ef-4bd0-86e3-c319e9b535e4.filesusr.com\/ugd\/f0f801_6a5192d8587c4c37b45ef5b37dc5dffb.pdf\" target=\"_blank\" rel=\"noopener\">Available here<\/a><\/li><li>A 2022 Study on <u><a href=\"https:\/\/www.undp.org\/africa\/publications\/mozambique-promoting-responsible-business-conduct-target-countries-where-japanese-companies-operate-focusing-promoting-human\">Responsible Business Conduct in Mozambique: a context assessment of human rights risks<\/a><\/u>\u00a0for the United Nationals Development Programme, as part of the project on promoting human rights due diligence in global supply chains and leveraging the UN Guiding Principles on Business and Human Rights for a just recovery\u2019.<\/li><li>A 2023 <u>study\u00a0for the Portuguese\u00a0Government<\/u> for the development of its First National Action Plan on Business and Human Rights.<\/li><li>A 2023 <u style=\"font-style: inherit; font-weight: inherit;\"><a href=\"https:\/\/novabhre.novalaw.unl.pt\/trainings\/business-and-human-rights-training-on-tunisia\/\">preliminary report complemented by awareness-raising activities<\/a>\u00a0throughout 2023 and 2024<\/u><span style=\"font-size: 16px;\">\u00a0to inform the Tunisian Government in the development its first National Action Plan on Business and Human Rights.<\/span><\/li><li>A 2024 report on <u><a href=\"https:\/\/www.biicl.org\/projects\/identifying-and-comparing-impacts-of-mhredd-legal-models-on-internal-corporate-practice\">The impacts of the French Duty of Vigilance Law on Internal Corporate Practices<\/a>\u00a0<\/u>for the British Institute of International and Comparative Law, March 2024.<\/li><\/ul>\t\t\t\t\t\t<\/div>\n\t\t\t\t<\/div>\n\t\t\t\t<div class=\"elementor-element elementor-element-3190991c tabs-novalaw elementor-widget elementor-widget-text-editor\" data-id=\"3190991c\" data-element_type=\"widget\" id=\"experiencia\" data-widget_type=\"text-editor.default\">\n\t\t\t\t<div class=\"elementor-widget-container\">\n\t\t\t\t\t\t\t<p><strong>Bachelor&#8217;s degree (1st Cycle):<\/strong><\/p><ul><li>Contract Law<\/li><li>European Law<\/li><li>Property Law<\/li><\/ul><p><strong>Master&#8217;s degree (2nd Cycle):<\/strong><\/p><ul><li>Business, Human Rights and Sustainability<\/li><li>International Commercial Law<\/li><li>Risk Management in Financial Contracts<\/li><\/ul><p>Claire Bright was awarded the eLearning Practitioner Prize in 2016 for use of innovative methodologies in the development and delivery of undergraduate courses at the London School of Business and Management.<\/p>\t\t\t\t\t\t<\/div>\n\t\t\t\t<\/div>\n\t\t\t\t<div class=\"elementor-element elementor-element-55921e52 tabs-novalaw elementor-widget elementor-widget-text-editor\" data-id=\"55921e52\" data-element_type=\"widget\" id=\"publicacoes\" data-widget_type=\"text-editor.default\">\n\t\t\t\t<div class=\"elementor-widget-container\">\n\t\t\t\t\t\t\t<p><b>Monograph<\/b><\/p><ul><li><em>&#8220;L&#8217;acc\u00e8s \u00e0 la Justice Civile en cas de Violations des Droits de L&#8217;homme par des Entreprises Multinationales [Access to Civil Justice and Corporate Human Rights Violations]<\/em>. [Online], Cadmus. Florence: European University Institute, 2013. <a href=\"http:\/\/hdl.handle.net\/1814\/29602\" target=\"_blank\" rel=\"noopener\"><span style=\"text-decoration: underline;\">Available here<\/span><\/a><\/li><\/ul><p><b>Policy Reports<\/b><\/p><ul><li>&#8220;<em>50 Billions Euros: Europe&#8217;s Child Labor Footprint in 2019&#8243;<\/em>, Study on trade policy and child labour prepared for the Greens\/EFA Group in the European Parliament, June 10 2021, 1 &#8211; 181. <a href=\"https:\/\/28696c7d-66ef-4bd0-86e3-c319e9b535e4.filesusr.com\/ugd\/f0f801_6a5192d8587c4c37b45ef5b37dc5dffb.pdf\">Availabe here<\/a><\/li><li><em>&#8220;Mapping human rights due diligence regulations and evaluating their contribution in upholding labour standards in global supply chains&#8221;<\/em>, prepared as part of a research compendium for the International Labour Organization (ILO) with the support of the Government of France and published in G. Delautre, E. Echeverr\u00eda Manrique and C. Fenwick, Decent work in globalised economy: Lessons from public and private initiatives, ILO 2021, 75-108. <a href=\"https:\/\/novabhre.novalaw.unl.pt\/wp-content\/uploads\/2021\/02\/DecentWorkGlobalizedEconomy_ClaireBright.pdf\" target=\"_blank\" rel=\"noopener\">Availabe here<\/a>. <a href=\"https:\/\/novabhre.novalaw.unl.pt\/wp-content\/uploads\/2021\/02\/DecentWorkGlobalizedEconomy_FR_ClaireBright.pdf\" target=\"_blank\" rel=\"noopener\">Also available in French<\/a>.<\/li><li><em>&#8220;Panorama du cadre normatif relatif au devoir de vigilance en mati\u00e8re de droits de l&#8217;homme dans les cha\u00eenes d&#8217;approvisionnement mondiales&#8221;<\/em>, published in the 2020 study by Entreprises pour les droits de l\u2019Homme (Edh) entitled \u2018Etude: Application de la Loi sur le devoir de vigilance \u2013 Plans de vigilance parus en 2019-2020\u2019, December 2020, 11-13. <span style=\"text-decoration: underline;\"><a href=\"https:\/\/www.e-dh.org\/userfiles\/Etude%20EDH_Plans_de_vigilance_2019-2020_Decembre2020.pdf\" target=\"_blank\" rel=\"noopener\">Availabe here<\/a><\/span><\/li><li><em>&#8220;Options for Mandatory Human Rights Due Diligence in Belgium&#8221;<\/em>, Study for the 11.11.11 and the Working Group on Corporate Accountability, June 2020, co-authored with Diana Lica, Axel Marx, and Geert Van Calster. <span style=\"text-decoration: underline;\"><a href=\"https:\/\/ghum.kuleuven.be\/ggs\/publications\/research_reports\/options-for-mandatory-human-rights-due-diligence.pdf\" target=\"_blank\" rel=\"noopener\">Available here<\/a><\/span>.<\/li><li><em>&#8220;Study on due diligence requirements through the supply chain&#8221;<\/em>, Study for the European Commission, February 2020, 1-572, co-authored with Lise Smit, Robert McCorquodale, Matthias Bauer, Hanna Deringer, Daniela Baeza-Breinbauer, Francisca Torres-Cort\u00e9s, Frank Alleweldt, Senda Kara, Camille Salinier and H\u00e9ctor Tejero Tobed. Study composed of the following 5 publications (total 1,172 pages):<ul><li><a href=\"https:\/\/op.europa.eu\/en\/publication-detail\/-\/publication\/8ba0a8fd-4c83-11ea-b8b7-01aa75ed71a1\/language-en\" target=\"_blank\" rel=\"noopener\"><em><span style=\"text-decoration: underline;\">&#8220;Final Report&#8221;<\/span><\/em><\/a>, 1-572<\/li><li><a href=\"https:\/\/op.europa.eu\/en\/publication-detail\/-\/publication\/291b84d3-4c82-11ea-b8b7-01aa75ed71a1\/language-en\" target=\"_blank\" rel=\"noopener\"><span style=\"text-decoration: underline;\"><em>&#8220;Part I. Synthesis Report&#8221;<\/em><\/span><\/a>, 1-85.<\/li><li><a href=\"https:\/\/op.europa.eu\/en\/publication-detail\/-\/publication\/5bd8a55a-4c84-11ea-b8b7-01aa75ed71a1\/language-en\" target=\"_blank\" rel=\"noopener\"><span style=\"text-decoration: underline;\"><em>&#8220;Part II. Survey Results Statistics&#8221;<\/em><\/span><\/a>, 1-98.<\/li><li><a href=\"https:\/\/op.europa.eu\/en\/publication-detail\/-\/publication\/0268dfcf-4c85-11ea-b8b7-01aa75ed71a1\/language-en\" target=\"_blank\" rel=\"noopener\"><span style=\"text-decoration: underline;\"><em>&#8220;Part III. Country Reports&#8221;<\/em><\/span><\/a>, 1-322.<\/li><li><a href=\"https:\/\/op.europa.eu\/en\/publication-detail\/-\/publication\/f253e31f-4c80-11ea-b8b7-01aa75ed71a1\/language-en\" target=\"_blank\" rel=\"noopener\"><span style=\"text-decoration: underline;\"><em>&#8220;Part IV. Annexures&#8221;<\/em><\/span><\/a>, 1-95.<\/li><\/ul><\/li><li><em>&#8220;Access to legal remedy for victims of corporate human rights abuses in third countries&#8221;<\/em>, Study requested by the European Parliament&#8217;s Sub-Committee on Human Rights, co-authored with Axel Marx and Jan Wouters. <span style=\"text-decoration: underline;\"><a href=\"http:\/\/www.europarl.europa.eu\/RegData\/etudes\/STUD\/2019\/603475\/EXPO_STU(2019)603475_EN.pdf\" target=\"_blank\" rel=\"noopener\">Available here<\/a>.<\/span><\/li><\/ul><p><strong>Journal Articles<\/strong><\/p><ul><li><em>&#8220;Risk-Based Due Diligence, Climate Change, Human Rights and the Just Transition&#8221;<\/em>, Sustainability, (accepted for publication), forthcoming 2021, co-authored with Karin Buhmann. Available here.<\/li><li><em>&#8220;Private International Law issues in the Second Draft of the legally binding instrument on Business and Human Rights&#8221;<\/em>, 39\/1 Nederlands Internationaal Privaatrecht [Dutch Journal of Private International Law] (2021), 35-52, co-authored with Maria Chiara Marullo and Francisco Javier Zamora Cabot.<\/li><li><em>&#8220;Empresas, Derechos Humanos y la COVID-19: El deber del estado de proteger la salud laboral y el empleo&#8217; [Business, Human Rights and COVID-19: The State Duty to Protect Workers&#8217; Health and Employment]&#8221;<\/em>, Revista Espa\u00f1ola de Derecho Internacional (REDI) [Spanish Review of International Law], Secci\u00f3n Foro, Vol. 73\/1, 2021, 319-328, co-authored with Nicolas Bueno and Irene Pietropaoli.<\/li><li><em>&#8220;Implementing Human Rights Due Diligence Through Corporate Civil Liability&#8221;<\/em>, 69(4) International &amp; Comparative Law Quarterly (2020), 789-818, co-authored with Nicolas Bueno.<\/li><li><em>&#8220;Towards a corporate duty for lead companies to respect human rights in their global value chains?&#8221;<\/em>, 22(4) Business and Politics (2020), 667-697, co-authored with Axel Marx, Nina Pineau and Jan Wouters.<\/li><li><em>&#8220;Business views on mandatory human rights due diligence regulation: a comparative analysis of two recent studies&#8221;<\/em>, co-authored with L. Smit, I. Pietropaoli, P. Hood and J. Hughes Jennett Business and Human Rights Journal (2020).<\/li><li><em>&#8220;Corporate Accountability Mechanisms in EU Member Stats for Human Rights Abuses in Third Countries&#8221;<\/em>, European Yearbook of Human Rights, 2019, 157-185, co-authored with A. Marx, N. Pineau and J. Wouters.<\/li><li><em>&#8220;Le devoir de diligence de la soci\u00e9t\u00e9 m\u00e8re dans la jurisprudence anglaise \u2018[The Duty of Due Diligence of the Parent Company in English case-law]&#8221;<\/em>, 10 Droit Social, 2017, 828-833.<\/li><li><em>&#8220;La excepci\u00f3n de orden p\u00fablico internacional como fundamento de denegaci\u00f3n del reconocimiento del repudio isl\u00e1mico\u2019 [The public policy exception to the recognition of foreign judgments on islamic \u201ctalaq\u201d]&#8221;<\/em>, Anuario espa\u00f1ol de derecho internacional privado [Spanish Yearbook of Private International Law] 2010, 717-729.<\/li><\/ul><p><strong>Book Chapters<\/strong><\/p><ul><li><em>&#8220;Mandatory Human Rights and Environmental Due Diligence Legislation&#8221;<\/em>, co-authored with Nicolas Bueno, in Anthony Ewig (ed.), Teaching Business and Human Rights, Edward Elgar Publishing Ltd., forthcoming 2022.<\/li><li><em>&#8220;Access to Justice for Corporate Human Rights Harms: Private International Law and Criminal Law Considerations&#8221;<\/em>, co-authored with Athina Sachoulidou, in Estudos em Homenagem a Professora Doutora Maria Helena Brito [Studies in Honour of Professor Maria Helena Brito], forthcoming, 2021.<\/li><li><em>&#8220;Holding Companies to Account for Human Rights Abuses in Third Countries: Why is it so difficult?&#8221;<\/em>, in Ana Luiza da Gama e Souza, Lara Denise G\u00f3es da Costa and Let\u00edcia Helena Medeiros Velosos (eds.), Direitos Humanos, Paz, Sustentabilidade e Empresas Globais, REDHIPAS, 2021.<\/li><li><em>&#8220;Hardening Soft Law: the Implementation of the Human Rights Due Diligence Requirements in Domestic Legislations&#8221;<\/em>, co-authored with Chiara Macchi, in M. Buscemi, N. Lazzerini, L. Magi and D. Russo (eds.), Legal Sources in Business and Human Rights: Evolving Dynamics in International and European Law (Brill, 2020), 218-247.<\/li><li><em>&#8220;L\u2019acc\u00e8s \u00e0 la justice et les droits fondamentaux des travailleurs: aspects de droit international priv\u00e9\u2019 [Access to Justice and Fundamental Workers\u2019 Rights: Private International Law Aspects]&#8221;<\/em>, co-authored with Professor Marie-Ange Moreau, In Isabelle Daugareilh (ed.), L\u2019acc\u00e8s \u00e0 la justice sociale: La place du juge et des corps interm\u00e9diaires, Approche compatative et internationale(Bruylant, 2019), 213-233.<\/li><li><em>&#8220;The Civil Liability of the Parent Company for the Acts or Omissions of Its Subsidiary: The Example of the Shell Cases in the UK and in the Netherlands&#8221;<\/em>, in A. Bonfanti (ed.) Business and Human Rights in Europe: International Law Challenges (Routledge, 2018), 212-222.<\/li><li><em>&#8220;The ONIAM Model&#8221;<\/em>, co-authored with C. Hodges, in S. Macleod and C. Hodges (eds.), Redress Schemes for Personal Injuries (Hart Publishing, 2017), 427-437.<\/li><li>&#8220;Quelques r\u00e9flexions \u00e0 propos de l\u2019affaire Shell aux Pays-Bas\u2019 [Some Reflections on the Shell Case in the Netherlands], in Soci\u00e9t\u00e9 fran\u00e7aise pour le droit international, L\u2019entreprise multinationale et le droit international (A. P\u00e9done, 2016), 127-142.<\/li><li><em>\u2018The Implications of the Kiobel v. Royal Dutch Petroleum Case for the Exercise of Extraterritorial Jurisdiction&#8221;<\/em>, In A. Di Stefano, C. Salamone and A. Coci (eds.), A Lackland Law? Territory, Effectiveness and Jurisdiction in International and EU Law (Giappichelli, 2015), 165-181.<\/li><\/ul><p><strong>Other publications<\/strong><\/p><ul><li><em>&#8220;Dilig\u00eancia Devida Em Mat\u00e9ria de Direitos Humanos e Ambiente&#8217; [Human Rights and Environmental Due Diligence]&#8221;<\/em>, Legal brief prepared for the Instituto Marqu\u00eas de Valle Fl\u00f4r (IMVF) as part of the Pan-European campaign OurFood.OurFuture, implemented in Portugal by IMVF, March 2021, 1-16, also available in English.<\/li><li><em>&#8220;Panorama du cadre normatif relatif au devoir de vigilance en mati\u00e8re de droits de l&#8217;homme dans les cha\u00eenes d&#8217;approvisionnement mondiales&#8221;<\/em>, published in the 2020 study by Entreprises pour les droits de l\u2019Homme (Edh) entitled \u2018Etude: Application de la Loi sur le devoir de vigilance \u2013 Plans de vigilance parus en 2019-2020, December 2020, 11-13.<\/li><li><em>\u00a0&#8220;Creating a legislative level-playing field in Business and Human Rights at the European level: is the French Duty of Vigilance Law the way forward?&#8221;,<\/em>\u00a0EUI Working Paper, EUI MWP 2020.01, 1-10.<\/li><li><em>&#8220;L\u2019esercizio extraterritoriale della giurisdizione civile con riferimento ai gravi violazioni dei diritti umani da parte delle imprese\u2019 [The Exercise of Extraterritorial Civil Jurisdiction in Relation to Serious Human Rights Violations Committed by Multinational Corporations]&#8221;<\/em>, (2015\/44 EUI Working Papers, 2015), 1-10.<\/li><li><em>&#8220;Corporations and Social Environmental Justice: the Role of Private International Law&#8221;<\/em>, co-authored with Dr Benedict Wray, In Antoine Duval and Marie-Ange Moreau (eds.). Towards Social Environmental Justice?. (EUI Working Papers, 2012), 75-94.<\/li><\/ul>\t\t\t\t\t\t<\/div>\n\t\t\t\t<\/div>\n\t\t\t\t<div class=\"elementor-element elementor-element-7c2ce80c tabs-novalaw elementor-widget elementor-widget-text-editor\" data-id=\"7c2ce80c\" data-element_type=\"widget\" id=\"investigacao\" data-widget_type=\"text-editor.default\">\n\t\t\t\t<div class=\"elementor-widget-container\">\n\t\t\t\t\t\t\t<ul><li>Sustainable Corporate Governance<\/li><li>Business and Human Rights<\/li><li>ESG (Environmental, Social and Governance) Risk and Compliance<\/li><li>Private International Law<\/li><li>International Commercial Law<\/li><li>Comparative Private Law<\/li><\/ul>\t\t\t\t\t\t<\/div>\n\t\t\t\t<\/div>\n\t\t\t\t\t<\/div>\n\t\t<\/div>\n\t\t\t\t\t\t\t<\/div>\n\t\t<\/section>\n\t\t\t\t<section class=\"elementor-section elementor-top-section elementor-element elementor-element-0bce5ad elementor-section-boxed elementor-section-height-default elementor-section-height-default\" data-id=\"0bce5ad\" data-element_type=\"section\">\n\t\t\t\t\t\t<div class=\"elementor-container elementor-column-gap-default\">\n\t\t\t\t\t<div class=\"elementor-column elementor-col-100 elementor-top-column elementor-element elementor-element-3b5852c\" data-id=\"3b5852c\" data-element_type=\"column\" data-settings=\"{&quot;background_background&quot;:&quot;classic&quot;}\">\n\t\t\t<div class=\"elementor-widget-wrap elementor-element-populated\">\n\t\t\t\t\t\t\t\t<section class=\"elementor-section elementor-inner-section elementor-element elementor-element-cd8829f elementor-section-boxed elementor-section-height-default elementor-section-height-default\" data-id=\"cd8829f\" data-element_type=\"section\">\n\t\t\t\t\t\t<div class=\"elementor-container elementor-column-gap-default\">\n\t\t\t\t\t<div class=\"elementor-column elementor-col-50 elementor-inner-column elementor-element elementor-element-5a8a3b5\" data-id=\"5a8a3b5\" data-element_type=\"column\">\n\t\t\t<div class=\"elementor-widget-wrap elementor-element-populated\">\n\t\t\t\t\t\t\t\t<div class=\"elementor-element elementor-element-5563518 elementor-widget elementor-widget-text-editor\" data-id=\"5563518\" data-element_type=\"widget\" data-widget_type=\"text-editor.default\">\n\t\t\t\t<div class=\"elementor-widget-container\">\n\t\t\t\t\t\t\t<p><span style=\"font-weight: bold;\">Students Assistance Service<\/span><br \/>Thursday from 3 p.m. to 4.30 p.m.<br \/>Friday 11.30 a.m. to 1.30 p.m.<br \/>(Registrations by email)<\/p>\t\t\t\t\t\t<\/div>\n\t\t\t\t<\/div>\n\t\t\t\t\t<\/div>\n\t\t<\/div>\n\t\t\t\t<div class=\"elementor-column elementor-col-50 elementor-inner-column elementor-element elementor-element-fbaffbe\" data-id=\"fbaffbe\" data-element_type=\"column\">\n\t\t\t<div class=\"elementor-widget-wrap elementor-element-populated\">\n\t\t\t\t\t\t\t\t<div class=\"elementor-element elementor-element-230a911 elementor-widget elementor-widget-text-editor\" data-id=\"230a911\" data-element_type=\"widget\" data-widget_type=\"text-editor.default\">\n\t\t\t\t<div class=\"elementor-widget-container\">\n\t\t\t\t\t\t\t<p><span style=\"text-decoration: underline; color: #f8002d;\"><a style=\"color: #f8002d; text-decoration: underline;\" href=\"https:\/\/novaresearch.unl.pt\/en\/persons\/claire-rapha%C3%ABle-anna-staath-bright\"><strong>NOVA Research Portal<\/strong><\/a><\/span><br \/><span style=\"text-decoration: underline; color: #f8002d;\"><a style=\"color: #f8002d; text-decoration: underline;\" href=\"https:\/\/www.linkedin.com\/in\/claire-bright-130aba1a2\/\"><strong>Linkedin<\/strong><\/a><\/span><\/p>\t\t\t\t\t\t<\/div>\n\t\t\t\t<\/div>\n\t\t\t\t\t<\/div>\n\t\t<\/div>\n\t\t\t\t\t\t\t<\/div>\n\t\t<\/section>\n\t\t\t\t\t<\/div>\n\t\t<\/div>\n\t\t\t\t\t\t\t<\/div>\n\t\t<\/section>\n\t\t\t\t<section class=\"elementor-section elementor-top-section elementor-element elementor-element-4b966575 elementor-section-height-min-height elementor-section-boxed elementor-section-height-default elementor-section-items-middle\" data-id=\"4b966575\" data-element_type=\"section\">\n\t\t\t\t\t\t<div class=\"elementor-container elementor-column-gap-default\">\n\t\t\t\t\t<div class=\"elementor-column elementor-col-100 elementor-top-column elementor-element elementor-element-237e08a4\" data-id=\"237e08a4\" data-element_type=\"column\">\n\t\t\t<div class=\"elementor-widget-wrap\">\n\t\t\t\t\t\t\t\t\t<\/div>\n\t\t<\/div>\n\t\t\t\t\t\t\t<\/div>\n\t\t<\/section>\n\t\t\t\t\t\t<\/div>\n\t\t\t\t\t<\/div>\n\t\t","protected":false},"excerpt":{"rendered":"<p>Claire Bright Associate Professor claire.bright@novalaw.unl.pt Biographical Note | Pedagogical Experience | Main Publications | Research Areas Claire Bright is Associate Professor in Private Law as well as the Founder and Director of the NOVA\u00a0Centre on Business, Human Rights and the Environment\u00a0at NOVA Law School in Lisbon. She specialises in Sustainable Corporate Governance, Private International Law, &hellip;<\/p>\n<p class=\"read-more\"> <a class=\"\" href=\"https:\/\/novalaw.unl.pt\/en\/claire-bright\/\"> <span class=\"screen-reader-text\">Claire Bright<\/span> Read More &raquo;<\/a><\/p>\n","protected":false},"author":2,"featured_media":0,"parent":0,"menu_order":414,"comment_status":"closed","ping_status":"closed","template":"","meta":{"footnotes":""},"categories":[],"tags":[],"class_list":["post-4819","page","type-page","status-publish","hentry"],"yoast_head":"<!-- This site is optimized with the Yoast SEO Premium plugin v27.4 (Yoast SEO v27.4) - https:\/\/yoast.com\/product\/yoast-seo-premium-wordpress\/ -->\n<title>Claire Bright - NOVA School of Law | Faculdade de Direito da Universidade NOVA de Lisboa<\/title>\n<meta name=\"robots\" content=\"index, follow, max-snippet:-1, max-image-preview:large, max-video-preview:-1\" \/>\n<link rel=\"canonical\" href=\"https:\/\/novalaw.unl.pt\/en\/claire-bright\/\" \/>\n<meta property=\"og:locale\" content=\"en_US\" \/>\n<meta property=\"og:type\" content=\"article\" \/>\n<meta property=\"og:title\" content=\"Claire Bright\" \/>\n<meta property=\"og:description\" content=\"Claire Bright Associate Professor claire.bright@novalaw.unl.pt Biographical Note | Pedagogical Experience | Main Publications | Research Areas Claire Bright is Associate Professor in Private Law as well as the Founder and Director of the NOVA\u00a0Centre on Business, Human Rights and the Environment\u00a0at NOVA Law School in Lisbon. She specialises in Sustainable Corporate Governance, Private International Law, &hellip; Claire Bright Read More &raquo;\" \/>\n<meta property=\"og:url\" content=\"https:\/\/novalaw.unl.pt\/en\/claire-bright\/\" \/>\n<meta property=\"og:site_name\" content=\"NOVA School of Law | Faculdade de Direito da Universidade NOVA de Lisboa\" \/>\n<meta property=\"article:modified_time\" content=\"2025-02-24T15:22:12+00:00\" \/>\n<meta property=\"og:image\" content=\"https:\/\/novalaw.unl.pt\/wp-content\/uploads\/2021\/08\/SITE_docentes-residentes-CLAIRE-BRIGHT.jpg\" \/>\n<meta name=\"twitter:card\" content=\"summary_large_image\" \/>\n<meta name=\"twitter:label1\" content=\"Est. reading time\" \/>\n\t<meta name=\"twitter:data1\" content=\"9 minutes\" \/>\n<script type=\"application\/ld+json\" class=\"yoast-schema-graph\">{\"@context\":\"https:\\\/\\\/schema.org\",\"@graph\":[{\"@type\":\"WebPage\",\"@id\":\"https:\\\/\\\/novalaw.unl.pt\\\/en\\\/claire-bright\\\/\",\"url\":\"https:\\\/\\\/novalaw.unl.pt\\\/en\\\/claire-bright\\\/\",\"name\":\"Claire Bright - NOVA School of Law | Faculdade de Direito da Universidade NOVA de Lisboa\",\"isPartOf\":{\"@id\":\"https:\\\/\\\/novalaw.unl.pt\\\/#website\"},\"primaryImageOfPage\":{\"@id\":\"https:\\\/\\\/novalaw.unl.pt\\\/en\\\/claire-bright\\\/#primaryimage\"},\"image\":{\"@id\":\"https:\\\/\\\/novalaw.unl.pt\\\/en\\\/claire-bright\\\/#primaryimage\"},\"thumbnailUrl\":\"https:\\\/\\\/novalaw.unl.pt\\\/wp-content\\\/uploads\\\/2021\\\/08\\\/SITE_docentes-residentes-CLAIRE-BRIGHT.jpg\",\"datePublished\":\"2021-09-02T16:55:00+00:00\",\"dateModified\":\"2025-02-24T15:22:12+00:00\",\"breadcrumb\":{\"@id\":\"https:\\\/\\\/novalaw.unl.pt\\\/en\\\/claire-bright\\\/#breadcrumb\"},\"inLanguage\":\"en-US\",\"potentialAction\":[{\"@type\":\"ReadAction\",\"target\":[\"https:\\\/\\\/novalaw.unl.pt\\\/en\\\/claire-bright\\\/\"]}]},{\"@type\":\"ImageObject\",\"inLanguage\":\"en-US\",\"@id\":\"https:\\\/\\\/novalaw.unl.pt\\\/en\\\/claire-bright\\\/#primaryimage\",\"url\":\"https:\\\/\\\/novalaw.unl.pt\\\/wp-content\\\/uploads\\\/2021\\\/08\\\/SITE_docentes-residentes-CLAIRE-BRIGHT.jpg\",\"contentUrl\":\"https:\\\/\\\/novalaw.unl.pt\\\/wp-content\\\/uploads\\\/2021\\\/08\\\/SITE_docentes-residentes-CLAIRE-BRIGHT.jpg\"},{\"@type\":\"BreadcrumbList\",\"@id\":\"https:\\\/\\\/novalaw.unl.pt\\\/en\\\/claire-bright\\\/#breadcrumb\",\"itemListElement\":[{\"@type\":\"ListItem\",\"position\":1,\"name\":\"Home\",\"item\":\"https:\\\/\\\/novalaw.unl.pt\\\/en\\\/\"},{\"@type\":\"ListItem\",\"position\":2,\"name\":\"Claire Bright\"}]},{\"@type\":\"WebSite\",\"@id\":\"https:\\\/\\\/novalaw.unl.pt\\\/#website\",\"url\":\"https:\\\/\\\/novalaw.unl.pt\\\/\",\"name\":\"NOVA School of Law | Faculdade de Direito da Universidade NOVA de Lisboa\",\"description\":\"NOVA School Of Law\",\"publisher\":{\"@id\":\"https:\\\/\\\/novalaw.unl.pt\\\/#organization\"},\"potentialAction\":[{\"@type\":\"SearchAction\",\"target\":{\"@type\":\"EntryPoint\",\"urlTemplate\":\"https:\\\/\\\/novalaw.unl.pt\\\/?s={search_term_string}\"},\"query-input\":{\"@type\":\"PropertyValueSpecification\",\"valueRequired\":true,\"valueName\":\"search_term_string\"}}],\"inLanguage\":\"en-US\"},{\"@type\":\"Organization\",\"@id\":\"https:\\\/\\\/novalaw.unl.pt\\\/#organization\",\"name\":\"NOVA School of Law\",\"url\":\"https:\\\/\\\/novalaw.unl.pt\\\/\",\"logo\":{\"@type\":\"ImageObject\",\"inLanguage\":\"en-US\",\"@id\":\"https:\\\/\\\/novalaw.unl.pt\\\/#\\\/schema\\\/logo\\\/image\\\/\",\"url\":\"https:\\\/\\\/novalaw.unl.pt\\\/wp-content\\\/uploads\\\/2021\\\/02\\\/logo-novalaw.svg\",\"contentUrl\":\"https:\\\/\\\/novalaw.unl.pt\\\/wp-content\\\/uploads\\\/2021\\\/02\\\/logo-novalaw.svg\",\"width\":991,\"height\":424,\"caption\":\"NOVA School of Law\"},\"image\":{\"@id\":\"https:\\\/\\\/novalaw.unl.pt\\\/#\\\/schema\\\/logo\\\/image\\\/\"}}]}<\/script>\n<!-- \/ Yoast SEO Premium plugin. -->","yoast_head_json":{"title":"Claire Bright - NOVA School of Law | Faculdade de Direito da Universidade NOVA de Lisboa","robots":{"index":"index","follow":"follow","max-snippet":"max-snippet:-1","max-image-preview":"max-image-preview:large","max-video-preview":"max-video-preview:-1"},"canonical":"https:\/\/novalaw.unl.pt\/en\/claire-bright\/","og_locale":"en_US","og_type":"article","og_title":"Claire Bright","og_description":"Claire Bright Associate Professor claire.bright@novalaw.unl.pt Biographical Note | Pedagogical Experience | Main Publications | Research Areas Claire Bright is Associate Professor in Private Law as well as the Founder and Director of the NOVA\u00a0Centre on Business, Human Rights and the Environment\u00a0at NOVA Law School in Lisbon. She specialises in Sustainable Corporate Governance, Private International Law, &hellip; Claire Bright Read More &raquo;","og_url":"https:\/\/novalaw.unl.pt\/en\/claire-bright\/","og_site_name":"NOVA School of Law | Faculdade de Direito da Universidade NOVA de Lisboa","article_modified_time":"2025-02-24T15:22:12+00:00","og_image":[{"url":"https:\/\/novalaw.unl.pt\/wp-content\/uploads\/2021\/08\/SITE_docentes-residentes-CLAIRE-BRIGHT.jpg","type":"","width":"","height":""}],"twitter_card":"summary_large_image","twitter_misc":{"Est. reading time":"9 minutes"},"schema":{"@context":"https:\/\/schema.org","@graph":[{"@type":"WebPage","@id":"https:\/\/novalaw.unl.pt\/en\/claire-bright\/","url":"https:\/\/novalaw.unl.pt\/en\/claire-bright\/","name":"Claire Bright - NOVA School of Law | Faculdade de Direito da Universidade NOVA de Lisboa","isPartOf":{"@id":"https:\/\/novalaw.unl.pt\/#website"},"primaryImageOfPage":{"@id":"https:\/\/novalaw.unl.pt\/en\/claire-bright\/#primaryimage"},"image":{"@id":"https:\/\/novalaw.unl.pt\/en\/claire-bright\/#primaryimage"},"thumbnailUrl":"https:\/\/novalaw.unl.pt\/wp-content\/uploads\/2021\/08\/SITE_docentes-residentes-CLAIRE-BRIGHT.jpg","datePublished":"2021-09-02T16:55:00+00:00","dateModified":"2025-02-24T15:22:12+00:00","breadcrumb":{"@id":"https:\/\/novalaw.unl.pt\/en\/claire-bright\/#breadcrumb"},"inLanguage":"en-US","potentialAction":[{"@type":"ReadAction","target":["https:\/\/novalaw.unl.pt\/en\/claire-bright\/"]}]},{"@type":"ImageObject","inLanguage":"en-US","@id":"https:\/\/novalaw.unl.pt\/en\/claire-bright\/#primaryimage","url":"https:\/\/novalaw.unl.pt\/wp-content\/uploads\/2021\/08\/SITE_docentes-residentes-CLAIRE-BRIGHT.jpg","contentUrl":"https:\/\/novalaw.unl.pt\/wp-content\/uploads\/2021\/08\/SITE_docentes-residentes-CLAIRE-BRIGHT.jpg"},{"@type":"BreadcrumbList","@id":"https:\/\/novalaw.unl.pt\/en\/claire-bright\/#breadcrumb","itemListElement":[{"@type":"ListItem","position":1,"name":"Home","item":"https:\/\/novalaw.unl.pt\/en\/"},{"@type":"ListItem","position":2,"name":"Claire Bright"}]},{"@type":"WebSite","@id":"https:\/\/novalaw.unl.pt\/#website","url":"https:\/\/novalaw.unl.pt\/","name":"NOVA School of Law | Faculdade de Direito da Universidade NOVA de Lisboa","description":"NOVA School Of Law","publisher":{"@id":"https:\/\/novalaw.unl.pt\/#organization"},"potentialAction":[{"@type":"SearchAction","target":{"@type":"EntryPoint","urlTemplate":"https:\/\/novalaw.unl.pt\/?s={search_term_string}"},"query-input":{"@type":"PropertyValueSpecification","valueRequired":true,"valueName":"search_term_string"}}],"inLanguage":"en-US"},{"@type":"Organization","@id":"https:\/\/novalaw.unl.pt\/#organization","name":"NOVA School of Law","url":"https:\/\/novalaw.unl.pt\/","logo":{"@type":"ImageObject","inLanguage":"en-US","@id":"https:\/\/novalaw.unl.pt\/#\/schema\/logo\/image\/","url":"https:\/\/novalaw.unl.pt\/wp-content\/uploads\/2021\/02\/logo-novalaw.svg","contentUrl":"https:\/\/novalaw.unl.pt\/wp-content\/uploads\/2021\/02\/logo-novalaw.svg","width":991,"height":424,"caption":"NOVA School of Law"},"image":{"@id":"https:\/\/novalaw.unl.pt\/#\/schema\/logo\/image\/"}}]}},"novalaw_begin_date":"","novalaw_begin_date_en":"","novalaw_text":"","novalaw_tag":"","novalaw_tag_en":"","novalaw_link":"","novalaw_link_en":"","novalaw_end_date":"","novalaw_end_date_en":"","novalaw_date":"","novalaw_em_destaque":"","novalaw_tag_src":"","lang":"","_links":{"self":[{"href":"https:\/\/novalaw.unl.pt\/en\/wp-json\/wp\/v2\/pages\/4819","targetHints":{"allow":["GET"]}}],"collection":[{"href":"https:\/\/novalaw.unl.pt\/en\/wp-json\/wp\/v2\/pages"}],"about":[{"href":"https:\/\/novalaw.unl.pt\/en\/wp-json\/wp\/v2\/types\/page"}],"author":[{"embeddable":true,"href":"https:\/\/novalaw.unl.pt\/en\/wp-json\/wp\/v2\/users\/2"}],"replies":[{"embeddable":true,"href":"https:\/\/novalaw.unl.pt\/en\/wp-json\/wp\/v2\/comments?post=4819"}],"version-history":[{"count":44,"href":"https:\/\/novalaw.unl.pt\/en\/wp-json\/wp\/v2\/pages\/4819\/revisions"}],"predecessor-version":[{"id":99946,"href":"https:\/\/novalaw.unl.pt\/en\/wp-json\/wp\/v2\/pages\/4819\/revisions\/99946"}],"wp:attachment":[{"href":"https:\/\/novalaw.unl.pt\/en\/wp-json\/wp\/v2\/media?parent=4819"}],"wp:term":[{"taxonomy":"category","embeddable":true,"href":"https:\/\/novalaw.unl.pt\/en\/wp-json\/wp\/v2\/categories?post=4819"},{"taxonomy":"post_tag","embeddable":true,"href":"https:\/\/novalaw.unl.pt\/en\/wp-json\/wp\/v2\/tags?post=4819"}],"curies":[{"name":"wp","href":"https:\/\/api.w.org\/{rel}","templated":true}]}}