{"id":4923,"date":"2021-09-03T13:46:54","date_gmt":"2021-09-03T13:46:54","guid":{"rendered":"https:\/\/novalaw.unl.pt\/?page_id=4923"},"modified":"2025-08-28T14:09:58","modified_gmt":"2025-08-28T14:09:58","slug":"cristina-queiroz","status":"publish","type":"page","link":"https:\/\/novalaw.unl.pt\/en\/cristina-queiroz\/","title":{"rendered":"Cristina Queiroz"},"content":{"rendered":"\t\t<div data-elementor-type=\"wp-page\" data-elementor-id=\"4923\" class=\"elementor elementor-4923\" data-elementor-settings=\"[]\">\n\t\t\t\t\t\t\t<div class=\"elementor-section-wrap\">\n\t\t\t\t\t\t\t<section class=\"elementor-section elementor-top-section elementor-element elementor-element-47046ce2 elementor-section-height-min-height elementor-section-boxed elementor-section-height-default elementor-section-items-middle\" data-id=\"47046ce2\" data-element_type=\"section\">\n\t\t\t\t\t\t<div class=\"elementor-container elementor-column-gap-default\">\n\t\t\t\t\t<div class=\"elementor-column elementor-col-100 elementor-top-column elementor-element elementor-element-2073c3a8\" data-id=\"2073c3a8\" data-element_type=\"column\">\n\t\t\t<div class=\"elementor-widget-wrap elementor-element-populated\">\n\t\t\t\t\t\t\t\t<section class=\"elementor-section elementor-inner-section elementor-element elementor-element-4242f5b2 elementor-section-boxed elementor-section-height-default elementor-section-height-default\" data-id=\"4242f5b2\" data-element_type=\"section\">\n\t\t\t\t\t\t<div class=\"elementor-container elementor-column-gap-default\">\n\t\t\t\t\t<div class=\"elementor-column elementor-col-50 elementor-inner-column elementor-element elementor-element-b258a66\" data-id=\"b258a66\" data-element_type=\"column\">\n\t\t\t<div class=\"elementor-widget-wrap elementor-element-populated\">\n\t\t\t\t\t\t\t\t<div class=\"elementor-element elementor-element-510b780b elementor-widget elementor-widget-image\" data-id=\"510b780b\" data-element_type=\"widget\" data-widget_type=\"image.default\">\n\t\t\t\t<div class=\"elementor-widget-container\">\n\t\t\t\t\t\t\t\t\t\t\t\t\t\t\t<img loading=\"lazy\" decoding=\"async\" width=\"202\" height=\"202\" src=\"https:\/\/novalaw.unl.pt\/wp-content\/uploads\/2021\/08\/SITE_docentes-residentes-CRISTINA-QUEIROZ.jpg\" class=\"attachment-large size-large\" alt=\"\" srcset=\"https:\/\/novalaw.unl.pt\/wp-content\/uploads\/2021\/08\/SITE_docentes-residentes-CRISTINA-QUEIROZ.jpg 202w, https:\/\/novalaw.unl.pt\/wp-content\/uploads\/2021\/08\/SITE_docentes-residentes-CRISTINA-QUEIROZ-150x150.jpg 150w, https:\/\/novalaw.unl.pt\/wp-content\/uploads\/2021\/08\/SITE_docentes-residentes-CRISTINA-QUEIROZ-100x100.jpg 100w\" sizes=\"auto, (max-width: 202px) 100vw, 202px\" \/>\t\t\t\t\t\t\t\t\t\t\t\t\t\t\t<\/div>\n\t\t\t\t<\/div>\n\t\t\t\t\t<\/div>\n\t\t<\/div>\n\t\t\t\t<div class=\"elementor-column elementor-col-50 elementor-inner-column elementor-element elementor-element-5defb984\" data-id=\"5defb984\" data-element_type=\"column\">\n\t\t\t<div class=\"elementor-widget-wrap elementor-element-populated\">\n\t\t\t\t\t\t\t\t<div class=\"elementor-element elementor-element-4dac2792 elementor-widget elementor-widget-heading\" data-id=\"4dac2792\" data-element_type=\"widget\" data-widget_type=\"heading.default\">\n\t\t\t\t<div class=\"elementor-widget-container\">\n\t\t\t<h1 class=\"elementor-heading-title elementor-size-default\">Cristina Queiroz<\/h1>\t\t<\/div>\n\t\t\t\t<\/div>\n\t\t\t\t<div class=\"elementor-element elementor-element-42e76746 elementor-widget elementor-widget-heading\" data-id=\"42e76746\" data-element_type=\"widget\" data-widget_type=\"heading.default\">\n\t\t\t\t<div class=\"elementor-widget-container\">\n\t\t\t<h3 class=\"elementor-heading-title elementor-size-default\">Full Professor<\/h3>\t\t<\/div>\n\t\t\t\t<\/div>\n\t\t\t\t<div class=\"elementor-element elementor-element-eefeee4 elementor-widget elementor-widget-ekit_wb_3521\" data-id=\"eefeee4\" data-element_type=\"widget\" data-widget_type=\"ekit_wb_3521.default\">\n\t\t\t\t<div class=\"elementor-widget-container\">\n\t\t\t<a href=\"mailto:cqueiroz@novalaw.unl.pt\" style=\"vertical-align: middle;\n    display: flex;\">\n    <span><svg xmlns=\"http:\/\/www.w3.org\/2000\/svg\" width=\"32\" height=\"32\" viewBox=\"0 0 32 32\" fill=\"none\"><g clip-path=\"url(#clip0)\"><path fill-rule=\"evenodd\" clip-rule=\"evenodd\" d=\"M13.4915 0.197933C10.3659 0.694111 7.45756 2.10609 5.13445 4.25529C2.81134 6.40449 1.17778 9.19436 0.440381 12.272C-0.297019 15.3497 -0.105136 18.577 0.991764 21.5456C2.08866 24.5142 4.0413 27.0908 6.60272 28.9496C9.16413 30.8084 12.2193 31.8658 15.3817 31.9881C18.5441 32.1104 21.6718 31.2921 24.3691 29.6367C27.0664 27.9813 29.2122 25.5632 30.5351 22.6881C31.858 19.8131 32.2986 16.6103 31.8011 13.4849C31.1342 9.29534 28.8308 5.54213 25.3973 3.05051C21.9638 0.558883 17.6813 -0.467177 13.4915 0.197933ZM24.5524 9.24141L16.9002 16.8936C15.8915 17.8953 15.5089 17.8605 14.5698 16.8936C13.6306 15.9266 7.16803 9.15793 7.16803 9.15793L24.5524 9.24141ZM6.43759 10.2501L12.3854 16.2188L6.43759 22.1527V10.2501ZM7.34194 23.1405L13.2411 17.2136C13.2411 17.2136 13.8463 17.8049 14.4237 18.3197C15.6063 19.3771 16.2045 19.551 17.5472 18.3197L18.7576 17.2136L24.7263 23.1892L7.34194 23.1405ZM25.5193 22.1597L19.5228 16.191L25.5541 10.2571L25.5193 22.1597Z\" fill=\"black\"><\/path><\/g><defs><clipPath id=\"clip0\"><rect width=\"32\" height=\"32\" fill=\"white\"><\/rect><\/clipPath><\/defs><\/svg><\/span>\n    <span style=\"margin:5px\">cqueiroz@novalaw.unl.pt<\/span><\/a>\n\t\t\t\t<\/div>\n\t\t\t\t<\/div>\n\t\t\t\t<div class=\"elementor-element elementor-element-1aa68280 elementor-absolute elementor-widget elementor-widget-text-editor\" data-id=\"1aa68280\" data-element_type=\"widget\" data-settings=\"{&quot;_position&quot;:&quot;absolute&quot;}\" data-widget_type=\"text-editor.default\">\n\t\t\t\t<div class=\"elementor-widget-container\">\n\t\t\t\t\t\t\t<p><span class=\"tab-click\" style=\"color: #dd0036; font-weight: bold;\" data-target=\"nota-biografica\">Biographical Note<\/span> | <span class=\"tab-click\" data-target=\"experiencia\"> Pedagogical Experience <\/span>| <span class=\"tab-click\" data-target=\"publicacoes\">Main Publications<\/span> | <span class=\"tab-click\" data-target=\"investigacao\">Research Areas<\/span><\/p>\t\t\t\t\t\t<\/div>\n\t\t\t\t<\/div>\n\t\t\t\t\t<\/div>\n\t\t<\/div>\n\t\t\t\t\t\t\t<\/div>\n\t\t<\/section>\n\t\t\t\t\t<\/div>\n\t\t<\/div>\n\t\t\t\t\t\t\t<\/div>\n\t\t<\/section>\n\t\t\t\t<section class=\"elementor-section elementor-top-section elementor-element elementor-element-4b2ae6b2 elementor-section-boxed elementor-section-height-default elementor-section-height-default\" data-id=\"4b2ae6b2\" data-element_type=\"section\">\n\t\t\t\t\t\t<div class=\"elementor-container elementor-column-gap-default\">\n\t\t\t\t\t<div class=\"elementor-column elementor-col-100 elementor-top-column elementor-element elementor-element-793e1937\" data-id=\"793e1937\" data-element_type=\"column\">\n\t\t\t<div class=\"elementor-widget-wrap elementor-element-populated\">\n\t\t\t\t\t\t\t\t<div class=\"elementor-element elementor-element-5fb88f3e tabs-novalaw elementor-widget elementor-widget-text-editor\" data-id=\"5fb88f3e\" data-element_type=\"widget\" id=\"nota-biografica\" data-widget_type=\"text-editor.default\">\n\t\t\t\t<div class=\"elementor-widget-container\">\n\t\t\t\t\t\t\t<p>Professor at NOVA Law School. Specialist in Legal and Political Sciences. Bachelor\u2019s degree (1980), Master\u2019s degree (1986) and Doctorate (1998) in Law from the Faculty of Law of the University of Lisbon. Aggregate professor at the Faculty of Law of the University of Porto (2012).<\/p><p>She was a visiting researcher at the Max Planck Institute for Comparative Public Law and International Law, Heidelberg, in 1986-1987 and 1992-1996.<\/p><p>She is a member of the following research centres, associations and institutes: <a href=\"https:\/\/novalaw.unl.pt\/en\/cedis\/\">CEDIS, Centre for Research &amp; Development on Law and Society<\/a>, NOVA School of Law, where she is part of the Knowledge Centre \u2018NOVA BrAIn: Ethics, Aesthetics, and Epistemology for the Digital Age\u2019; Portuguese Association of Constitutional Law, affiliated with the International Association of Constitutional Law\/ Association Internationale de Droit Constitutionnel\u201d (IACL-AIDC); Institute of Comparative Luso-Brazilian Law, with headquarters in Rio de Janeiro, Federative Republic of Brazil (IDCLB); Portuguese Association of Legal Theory, Philosophy of Law and Social Philosophy, affiliated with the \u201cInternational Association for the Philosophy of Law and Social Philosophy\u201d (IVR); Portuguese Society of Criminology, affiliated with the International Society of Criminology (ISC); Association for the Study of Biolaw (ABIO), within the TAGUS TANK Consortium (Tagus Academic Network for Knowledge), Universidade Nova de Lisboa, CUF and Jos\u00e9 de Melo Sa\u00fade; United Nations Association Portugal, \u201cAmbassador for the Future\/Generation Resonance\u201d.<\/p><p>She currently participates as a guest expert or researcher in the following projects: World Justice Project\/Rule of Law Index, Washington DC, United States of America; (Un)Just Wars and Perpetual Peace: Towards a Realistic Cosmopolitan Utopia\u201d, MPr-2023-12 &#8211; SACCCT \u2013 Scientific Research and Technological Development Projects (IC&amp;DT), Faculty of Arts, University of Lisbon.<\/p><p>She is a member of the following evaluation panels: Foundation for Science and Technology in the awarding of postdoctoral fellowships; European Union Commission, Priamus Programme, Horizon 2020.<\/p>\t\t\t\t\t\t<\/div>\n\t\t\t\t<\/div>\n\t\t\t\t<div class=\"elementor-element elementor-element-7f19f4a5 tabs-novalaw elementor-widget elementor-widget-text-editor\" data-id=\"7f19f4a5\" data-element_type=\"widget\" id=\"experiencia\" data-widget_type=\"text-editor.default\">\n\t\t\t\t<div class=\"elementor-widget-container\">\n\t\t\t\t\t\t\t<p class=\"p1\"><strong><span class=\"s1\">Bachelor\u2019s degree (1st Cycle):<\/span><\/strong><\/p><ul><li class=\"p1\">Constitutional Law<\/li><li class=\"p1\">Fundamental Rights<\/li><li class=\"p1\">International Relations<\/li><\/ul><p class=\"p1\"><strong><span class=\"s1\">Master\u2019s degree (2nd Cycle):<\/span><\/strong><\/p><ul><li class=\"p1\">Fundamental Social Rights<\/li><li>Constitutional Justice<\/li><li>International Protection of Human Rights<\/li><li>Theory of International Organisations<\/li><\/ul><p class=\"p1\"><strong><span class=\"s1\">PhD (3rd Cycle):<\/span><\/strong><\/p><ul><li>Comparative Public Law<\/li><li>Public Law<\/li><li>International Law and International Relations<\/li><\/ul>\t\t\t\t\t\t<\/div>\n\t\t\t\t<\/div>\n\t\t\t\t<div class=\"elementor-element elementor-element-53d75d40 tabs-novalaw elementor-widget elementor-widget-text-editor\" data-id=\"53d75d40\" data-element_type=\"widget\" id=\"publicacoes\" data-widget_type=\"text-editor.default\">\n\t\t\t\t<div class=\"elementor-widget-container\">\n\t\t\t\t\t\t\t<p><strong>ID:<\/strong> <a href=\"https:\/\/orcid.org\/0009-0004-6805-6956\">https:\/\/orcid.org\/0009-0004-6805-6956<\/a><br \/>Ci\u00eancia ID: FC12-A337-A011<\/p><p><strong>Books<\/strong><\/p><p><span style=\"text-decoration: underline;\"><em>National Editions<\/em><\/span><\/p><ul><li>\u201c<em>Constitui\u00e7\u00e3o Econ\u00f3mica e Direitos Fundamentais<\/em>\u201d, Lisboa: Petrony, 2024.<\/li><li>\u201c<em>Risco e incerteza, danos colaterais. O que se espera do estado de necessidade sanit\u00e1rio<\/em>\u201d, Lisboa: Petrony, 2023.<\/li><li>\u201c<em>Estudos de Direito P\u00fablico Comparado, Filosofia do Direito e Rela\u00e7\u00f5es Internacionais<\/em>\u201d \u2014 O Plano na Ordem Jur\u00eddica. A verdade e as Formas Jur\u00eddicas, Lisboa: Petrony, 2021, vol. III.<\/li><li>\u201c<em>Direitos Fundamentais Sociais. Fun\u00e7\u00f5es, \u00e2mbito, conte\u00fado, ques-t\u00f5es interpretativas e problemas de justiciabilidade<\/em>\u201d, 2\u00aa ed., Lisboa: Petrony, 2020.<\/li><li>\u201c<em>Estudos de Direito P\u00fablico Comparado, Filosofia do Direito e Rela\u00e7\u00f5es Internacionais<\/em>\u201d \u2014 Constitui\u00e7\u00e3o, Estado de Direito e Democracia. Sistema de Governo, Lisboa: Petrony, 2019, vol. II.<\/li><li>\u201c<em>Estudos de Direito P\u00fablico Comparado, Filosofia do Direito e Rela\u00e7\u00f5es Internacionais<\/em>\u201d \u2014 Direito e Rela\u00e7\u00f5es Internacionais. Federalismo e Democracia, Lisboa: Petrony, 2018, vol. I.<\/li><li>\u201c<em>Justi\u00e7a Constitucional<\/em>\u201d, Lisboa: Petrony, 2017.<\/li><li>\u201c<em>Direito Constitucional Internacional<\/em>\u201d, 2\u00aa ed., Lisboa: Petrony, 2016.<\/li><li>\u201c<em>Direito, Estado e Constitui\u00e7\u00e3o no limiar do S\u00e9culo XXI<\/em>\u201d, Coimbra: Coimbra Editora, 2015.<\/li><li>\u201c<em>O Tribunal Constitucional e os Direitos Sociais<\/em>\u201d, Coimbra: Coimbra Editora, 2014.<\/li><li>\u201c<em>Direito Internacional e Rela\u00e7\u00f5es Internacionais. Organiza\u00e7\u00f5es Internacionais<\/em>\u201d, Coimbra: Coimbra Editora, 2013.<\/li><li>\u201c<em>Poder Constituinte, Democracia e Direitos Fundamentais. Uma via constitucional para a Europa?<\/em>\u201d, Coimbra: Coimbra Editora, 2013.<\/li><li>\u201c<em>Os poderes do Presidente da Rep\u00fablica<\/em>\u201d, Coimbra: Coimbra Editora, 2013.<\/li><li>\u201c<em>Direito Constitucional Internacional<\/em>\u201d, 1\u00aa ed., Coimbra: Wolters Kluwer, 2011.<\/li><li>\u201c<em>Direitos Fundamentais. Teoria Geral<\/em>\u201d, 2\u00aa ed., Coimbra: Wolters Kluwer, 2010.<\/li><li>\u201c<em>Direito Internacional e Rela\u00e7\u00f5es Internacionais<\/em>\u201d, Coimbra: Wolters Kluwer, 2009.<\/li><li>\u201c<em>O Parlamento como factor de decis\u00e3o pol\u00edtica<\/em>\u201d, Coimbra: Wolters Kluwer, 2009.<\/li><li>\u201c<em>Direito Constitucional. As institui\u00e7\u00f5es do Estado democr\u00e1tico e constitucional<\/em>\u201d, Coimbra: Coimbra Editora, 2009.<\/li><li>\u201c<em>O sistema de governo semi-presidencial<\/em>\u201d, Coimbra: Coimbra Editora, 2007.<\/li><li>\u201c<em>Direitos Fundamentais Sociais. Fun\u00e7\u00f5es, \u00e2mbito, conte\u00fado, quest\u00f5es interpretativas e problemas de justiciabilidad<\/em>e\u201d, Coimbra: Coimbra Editora, 2006.<\/li><li>\u201c<em>O princ\u00edpio da n\u00e3o reversibilidade dos direitos fundamentais sociais. Princ\u00edpios dogm\u00e1ticos e pr\u00e1tica jurisprudencial<\/em>\u201d, Coimbra: Coimbra Editora, 2006.<\/li><li>\u201c<em>Direitos Fundamentais. Teoria Geral<\/em>\u201d, 1\u00aa ed., Coimbra: Coimbra Editora, 2002.<\/li><li>\u201c<em>Relat\u00f3rio. Direitos Fundamentais<\/em>\u201d, Faculdade de Direito da Universidade do Porto: Coimbra Editora, 2002.<\/li><li>\u201c<em>Direito Internacional P\u00fablico II. Organiza\u00e7\u00f5es Internacionais<\/em>\u201d, Lisboa: UAL, 2002.<\/li><li>\u201c<em>Interpreta\u00e7\u00e3o Constitucional e Poder Judicial. Sobre a epistemologia da constru\u00e7\u00e3o constitucional<\/em>\u201d, Coimbra: Coimbra Editora, 2000.<\/li><li>\u201c<em>O sistema pol\u00edtico e constitucional portugu\u00eas<\/em>\u201d, Lisboa: AAFDL, 1992.<\/li><li>\u201c<em>Os Actos Pol\u00edticos no Estado de Direito. O problema do controle jur\u00eddico do poder<\/em>\u201d, Coimbra: Almedina, 1990.<\/li><\/ul><p><span style=\"text-decoration: underline;\"><em>Foreign Editions<\/em><\/span><\/p><ul><li>\u201c<em>Direito Constitucional. As institui\u00e7\u00f5es do Estado democr\u00e1tico e constitucional<\/em>\u201d, S\u00e3o Paulo: Revista dos Tribunais, 2009.<\/li><\/ul><p><strong><br \/>Collective Works<br \/><\/strong><\/p><p><em>Abroad<\/em><\/p><ul><li>\u201c<em>Universalismo, particularismo e a legitimidade da ordem p\u00fablica para al\u00e9m do Estado<\/em>\u201d, Confer\u00eancia: \u201cII Congresso Internacional de Direito Constitucional. 200 Anos da Independ\u00eancia do Brasil e da primeira Constitui\u00e7\u00e3o portuguesa\u201d, Bras\u00edlia, Livro de Actas, 17 de Maio de 2022, <a href=\"https:\/\/novaresearch.unl.pt\/en\/publications\/68ac4202-cfa5-4a78-8840-e53a97cccc4e.\">https:\/\/novaresearch.unl.pt\/en\/publications\/68ac4202-cfa5-4a78-8840-e53a97cccc4e.<\/a><\/li><li>\u201c<em>Cosmopolitismo: Justi\u00e7a, democracia e cidadania sem fronteiras: Immanuel Kant (1724-1804), Alexander v. Humboldt (1769-1859) e Hans Kelsen (1881-1973)<\/em>\u201d, Confer\u00eancia \u201cHumboldt-Kolleg \u2013 To Grasp the Whole Word. On the 250th Anniversary of Alexander von Humboldt\u201d, organizada pela Faculdade de Direito da Universidade Nova de Lisboa, 4-6 de Novembro de 2019, CEDIS, Livro de Actas, <a href=\"https:\/\/novaresearch.unl.pt\/en\/publications\/68ac4202-cfa5-4a78-8840-e53a97cccc4e\">https:\/\/novaresearch.unl.pt\/en\/publications\/68ac4202-cfa5-4a78-8840-e53a97cccc4e<\/a>.<\/li><li>\u201c<em>The Global Model of Constitutional Rights and the Question of Epistemic Uncertainty<\/em>\u201d, Actas do \u201cXXVIII World Congress of the Inter-national Association for the Philosophy of Law and Social Philosophy (IVR) Lisbon, July 17-21 2017\u201d. \u201cPeace based on Human Rights\u201d. \u201cWS 16. Hard and Tragic Cases, Principles and the Limits of Law\u201d, Manuel Atienza e J. Aroso Linhares, dispon\u00edvel no \u201cs\u00edtio\u201d da Internet:<a href=\"https:\/\/repositorio-aberto.up.pt.\"> https:\/\/repositorio-aberto.up.pt.<\/a><\/li><li>\u201c<em>El Tribunal Constitucional portugu\u00e9s y los derechos sociales\u201d, in: Merc\u00e8 Barcel\u00f3 i Serramalera e Carlos Luiz Strapazzon (coord.), \u201cEscritos sobre derechos individuales y colectivos en perspectivas diversas<\/em>\u201d, Actas del Congreso Internacional sobre Libertades y Derechos Sociales en Brasil, Italia, Portugal y Espa\u00f1a (2014), Barcelona: Atelier, 2015, pp. 139 ss.<\/li><li>\u201c<em>Constitucionalismo e globaliza\u00e7\u00e3o. Os problemas actuais do constitucionalismo \u2018no\u2019 e \u2018para al\u00e9m\u2019 do Estado<\/em>\u201d, in: Felipe Dutra Ascensi e Daniel Giotti de Paula (coord.), \u201cTratado de Direito Constitucional. Constitui\u00e7\u00e3o no S\u00e9culo XXI\u201d, II, Rio de Janeiro, Funda\u00e7\u00e3o Get\u00falio Vargas: Elsevier, 2014, pp. 29 ss.<\/li><li>\u201c<em>O controle jurisdicional da constitucionalidade. Democracia, poder judicial e justi\u00e7a constitucional<\/em>\u201d, in: Paulo Bonavides, Jorge Miranda e W. Moura Agra (coord.), \u201c<em>Coment\u00e1rios \u00e0 Constitui\u00e7\u00e3o Federal de 1988<\/em>\u201d, Rio de Janeiro: Editora Forense, 2009, pp. 1559 ss.<\/li><li>\u201c<em>Direitos fundamentais sociais: quest\u00f5es interpretativas e limites de justiciabilidade<\/em>\u201d, in: Virg\u00edlio Afonso da Silva (org.), \u201cInterpreta\u00e7\u00e3o Constitucional\u201d, S\u00e3o Paulo: Malheiros Editores, 2005, pp. 165 ss.<\/li><\/ul><p><em>Portugal<\/em><\/p><ul><li>\u201c<em>Direitos Econ\u00f3micos, Sociais e Culturais nos 50 Anos do 25 de Abril&#8221;,<\/em> in: VITALINO CANAS, MARIA L\u00daCIA AMARAL e JORGE MIRANDA (org.), Novos estudos sobre a Constitui\u00e7\u00e3o, I (\u201c<em>Uma Constitui\u00e7\u00e3o para o s\u00e9culo XXI<\/em>\u201d), Colec\u00e7\u00e3o Parlamento: Assembleia da Rep\u00fablica, 2025, cap\u00edtulo 17, pp. 437 ss.<\/li><li>\u201c<em>Kant and the Constitutionalists<\/em>\u201d, Confer\u00eancia Internacional \u201c<em>Critical Philosophy for Cosmopolitan Justice and Perpetual Peace Immanuel Kant 300th Anniversary<\/em>\u201d, Livro de Actas, \u201c<em>School of Arts and Humanities<\/em>\u201d, Faculdade de Letras, Universidade de Lisboa, 17-19 de Setembro de 2024, <a href=\"https:\/\/novaresearch.unl.pt\/en\/publications\/68ac4202-cfa5-4a78-8840-e53a97cccc4e\">https:\/\/novaresearch.unl.pt\/en\/publications\/68ac4202-cfa5-4a78-8840-e53a97cccc4e<\/a>.<\/li><li>\u201c<em>Constitui\u00e7\u00e3o e F\u00f3rmula Pol\u00edtica: o Processo de Interpreta\u00e7\u00e3o Constitucional<\/em>\u201d, in: \u201c<em>Estudos em Homenagem ao Professor Fernando Pinto Bronze&#8221;<\/em>, Faculdade de Direito da Universidade de Coimbra, Instituto Jur\u00eddico, BFDC, 2024, pp. 777 ss.<\/li><li>\u201c<em>O conceito \u2018moderno\u2019 de constitui\u00e7\u00e3o<\/em>\u201d, in: \u201c<em>Estudos em Homenagem ao Professor Doutor Jo\u00e3o Caupers<\/em>\u201d, I, NOVA School of Law: Gestlegal, 2024, pp.231 ss.<\/li><li>\u201c<em>As senten\u00e7as interm\u00e9dias do Tribunal Constitucional<\/em>\u201d, in: LU\u00cdSA NETO, ANABELA LE\u00c3O et al (org.), \u201c<em>Estudos sobre Fiscaliza\u00e7\u00e3o Sucessiva Concreta da Constitucionalidade: Import\u00e2ncia, Relevo e Regime<\/em>\u201d, E-book, FDUP e CIJ: Gestlegal, 2023, pp 37 ss.<\/li><li>\u201c<em>Risk and Uncertainty, Health and Collateral Damage. What is expected from the state of health emergency<\/em>\u201d, nas Actas da \u201cV International Conference. Nova Health Chronic Disease and Infection\u201d, Reitoria da Universidade NOVA de Lisboa, 14 de Outubro de 2022, <a href=\"https:\/\/novaresearch.unl.pt\/en\/publications\/68ac4202-cfa5-4a78-8840-e53a97cccc4e\">https:\/\/novaresearch.unl.pt\/en\/publications\/68ac4202-cfa5-4a78-8840-e53a97cccc4e<\/a>.<\/li><li>\u201c<em>Risco e Incerteza, Sa\u00fade e Danos Colaterais. O que se espera do estado de emerg\u00eancia sanit\u00e1rio?<\/em>\u201d, in: Francisco Pereira Coutinho, Dulce Dores, Catarina Santos Botelho (coord.), \u201c<em>O Direito P\u00fablico e a Crise Pand\u00e9mica<\/em>\u201d, Confer\u00eancia: XIV Encontro de Professores de Direito P\u00fablico, Cedis, E-Book, Setembro de 2022, pp. 61 ss.<\/li><li>\u201c<em>Soberania e territorialidade: espa\u00e7os de decis\u00e3o e de identidade<\/em>\u201d, in: \u201c<em>Estudos em Homenagem ao Doutor Wladmir Brito<\/em>\u201d, Escola de Direito da Universidade do Minho, Coimbra: Almedina, 2020, pp. 311 ss.<\/li><li>\u201c<em>Os Direitos Sociais no limiar do s\u00e9culo XXI<\/em>\u201d, in: Nazar\u00e9 da Costa Cabral e Jos\u00e9 Castro Caldas (orgs.), \u201c<em>A Crise e o Direito \u00e0 Seguran\u00e7a Social. Diagn\u00f3stico e Perspetivas<\/em>\u201d, Coimbra: Almedina, 2020, pp. 7 ss.<\/li><li>\u201c<em>A crise da democracia representativa: autoritarismo, demagogia e populismo<\/em>\u201d, in: \u201c<em>Estudos em Honra do Juiz Conselheiro Presidente Doutor Joaquim de Sousa Ribeiro<\/em>\u201d, Tribunal Constitucional, Coimbra: Almedina, 2019, pp. 569 ss.<\/li><li>\u201c<em>A estrutura do saber e o governo das universidades<\/em>\u201d, in: \u201c<em>Comemora\u00e7\u00e3o dos 20 Anos da Faculdade de Direito da Universidade do Porto<\/em>\u201d, Faculdade de Direito da Universidade do Porto, 2017, pp. 323 ss.<\/li><li>\u201c<em>A participa\u00e7\u00e3o do Parlamento na direc\u00e7\u00e3o da Pol\u00edtica Externa e das Rela\u00e7\u00f5es Internacionais<\/em>\u201d, in: \u201c<em>Estudos em Homenagem ao Conselheiro Presidente Rui Moura Ramos<\/em>\u201d, I, Tribunal Constitucional: Almedina, 2016, pp. 87 ss.<\/li><li>\u201c<em>A independ\u00eancia do poder judicial. O governo dos ju\u00edzes e a democracia<\/em>\u201d, in: \u201c<em>Actas. VI Jornadas de Teoria do Direito, Filosofia do Direito e Filosofia Social \u2014 Ju\u00edzo ou decis\u00e3o? O problema da realiza\u00e7\u00e3o jurisdicional do Direito<\/em>\u201d, coordenadores, F. Pinto Bronze, J. Sousa e Brito e J. Aroso Linhares, Instituto Jur\u00eddico, Faculdade de Direito da Universidade de Coimbra, 2016, pp. 393 ss.<\/li><li>\u201cA<em> rela\u00e7\u00e3o entre o Tribunal Constitucional e a Justi\u00e7a Comum no processo de controle concreto de normas. Em particular, o caso das senten\u00e7as interpretativas<\/em>\u201d, in: \u201c<em>Estudos em Homenagem ao Prof. Doutor J. J. Gomes Canotilho<\/em>\u201d, II, Faculdade de Direito da Universidade de Coimbra: Coimbra Editora, 2012, pp. 605 ss.<\/li><li>\u201c<em>Federalismo e Democracia<\/em>\u201d, in: \u201c<em>Estudos em Homenagem ao Prof. Doutor Jorge Mirand<\/em>a\u201d, I, Faculdade de Direito da Universidade de Lisboa: Coimbra Editora, 2012, pp. 523 ss.<\/li><li>\u201c<em>Jean-Jacques Rousseau e o contrato social<\/em>\u201d, in: \u201c<em>Estudos em Homenagem a Miguel Galv\u00e3o Tele<\/em>s\u201d, I, Faculdade de Direito da Universidade de Lisboa: Almedina, 2012, pp. 237 ss.<\/li><li>\u201c<em>A Rep\u00fablica e o Direito Internacional<\/em>\u201d, in: \u201c<em>A Assembleia Constituinte e a Constitui\u00e7\u00e3o de 1911<\/em>\u201d, Comemora\u00e7\u00e3o do Centen\u00e1rio da Rep\u00fablica, edi\u00e7\u00e3o da Assembleia da Rep\u00fablica, 2011, pp. 263 ss.<\/li><li>\u201cO direito de interven\u00e7\u00e3o humanit\u00e1ria: um novo \u2018paradigma\u2019 do direito internacional?\u201d, in: \u201c<em>Estudos em Homenagem ao Professor Doutor Martim de Albuquerque<\/em>\u201d, Faculdade de Direito da Universidade de Lisboa: Coimbra Editora, 2010, pp. 387 ss.<\/li><li>\u201c<em>Constitui\u00e7\u00e3o e poder judicial<\/em>\u201d, in: \u201c<em>Nos 20 Anos do C\u00f3digo das Sociedades Comerciais. Homenagem aos Professores Doutores Ferrer Correia, Orlando de Carvalho e Vasco Lobo Xavier<\/em>\u201d, II, Faculdade de Direito da Universidade de Coimbra: Coimbra Editora, 2007, pp. 523 ss.<\/li><li>\u201c<em>A protec\u00e7\u00e3o constitucional da recolha e tratamento de dados pessoais automatizados<\/em>\u201d, in: \u201c<em>Homenagem da Faculdade de Direito de Lisboa ao Professor Doutor Inoc\u00eancio Galv\u00e3o Telles \u2015 90 Anos<\/em>\u201d, Faculdade de Direito da Universidade de Lisboa: Almedina, 2007, pp. 291 ss.<\/li><li>\u201c<em>A interpreta\u00e7\u00e3o jur\u00eddica<\/em>\u201d, in: \u201c<em>Estudos em Homenagem ao Professor Doutor Marcelo Caetano<\/em>\u201d, I, Faculdade de Direito da Universidade de Lisboa: Coimbra Editora, 2006, pp. 267 ss.<\/li><li>\u201c<em>O Direito como sistema (interno) de regras e princ\u00edpios<\/em>\u201d, in: \u201c<em>Estudos Jur\u00eddicos e Econ\u00f3micos em Homenagem ao Prof. Doutor Ant\u00f3nio de Sousa Franco<\/em>\u201d, I, Faculdade de Direito da Universidade de Lisboa: Coimbra Editora, 2006, pp. 655 ss.<\/li><li>\u201c<em>O sistema de governo portugu\u00eas<\/em>\u201d, in: \u201c<em>Estudos em Homenagem ao Professor Doutor Andr\u00e9 Gon\u00e7alves Pereira<\/em>\u201d, Faculdade de Direito da Universidade de Lisboa: Coimbra Editora, 2006, pp. 217 ss.<\/li><li>\u201c<em>A Reforma da Uni\u00e3o Europeia. O debate sobre o projecto de Constitui\u00e7\u00e3o para a Europa<\/em>\u201d, in: \u201c<em>Estudos em Homenagem ao Prof. Doutor Joaquim Moreira da Silva Cunha<\/em>\u201d, Faculdade de Direito da Universidade de Lisboa: Coimbra Editora, 2005, pp. 175 ss.<\/li><li>\u201c<em>A classifica\u00e7\u00e3o das formas de governo. Em particular, o sistema de governo \u2018semi-presidencial<\/em>\u2019\u201d, in: \u201c<em>Estudos em Homenagem ao Professor Doutor Armando Marques Guedes<\/em>\u201d, Faculdade de Direito da Universidade de Lisboa: Coimbra Editora, 2004, pp. 321 ss.<\/li><li>\u201c<em>A Tradi\u00e7\u00e3o Ocidental do Direito Natural\u201d, in: Paulo Ferreira da Cunha (org.), \u201cDireito Natural, Religi\u00f5es e Culturas. I Congresso Internacional de Direito Natural<\/em>\u201d, Faculdade de Direito da Universidade do Porto: Coimbra Editora, 2004, pp. 183 ss.<\/li><li>\u201c<em>A Universidade e a liberdade de ensino<\/em>\u201d, in: \u201c<em>Estudos em Homenagem ao Prof. Doutor J. Ribeiro de Faria<\/em>\u201d, Faculdade de Direito da Universidade do Porto: Coimbra Editora, 2003, pp. 235 ss.<\/li><li>\u201c<em>A verdade e as formas jur\u00eddicas<\/em>\u201d, in: \u201c<em>Estudos em Homenagem \u00e0 Professora Doutora Isabel de Magalh\u00e3es Colla\u00e7o<\/em>\u201d, II, Faculdade de Direito da Universidade de Lisboa: Almedina, 2002, pp. 923 ss.<\/li><li>\u201c<em>Justi\u00e7a Constitucional e Interpreta\u00e7\u00e3o da Constitui\u00e7\u00e3o. A procura de um novo paradigma<\/em>\u201d, in: \u201c<em>Nos 25 Anos da Constitui\u00e7\u00e3o da Rep\u00fablica Portuguesa de 1976. Evolu\u00e7\u00e3o Constitucional e Perspectivas Futuras<\/em>\u201d, Lisboa: AAFDL, 2001, pp. 561 ss.<\/li><li>\u201c<em>Autonomia e direito fundamental \u00e0 liberdade de consci\u00eancia, religi\u00e3o e culto. Os limites da interven\u00e7\u00e3o do poder p\u00fablico<\/em>\u201d, in: \u201c<em>Estudos em Comemora\u00e7\u00e3o dos Cinco Anos da Faculdade de Direito da Universidade do Porto<\/em>\u201d, Faculdade de Direito da Universidade do Porto: Coimbra Editora, 2001, pp. 291 ss.<\/li><li>\u201c<em>Constitui\u00e7\u00e3o, constitucionalismo e democracia<\/em>\u201d, in: Jorge Miranda (org.), \u201c<em>Perspectivas Constitucionais. Nos 20 Anos da Constitui\u00e7\u00e3o de 1976<\/em>\u201d, I, Coimbra: Coimbra Editora, 1996, pp. 457 ss.<\/li><\/ul><p><strong>Journals<\/strong><\/p><p><em>Abroad<\/em><\/p><ul><li>\u201c<em>Os conceitos de \u2018restri\u00e7\u00e3o\u2019, \u2018configura\u00e7\u00e3o\u2019 e \u2018delimita\u00e7\u00e3o\u2019 de Direitos Fundamentais \u00e0 luz da Constitui\u00e7\u00e3o da Rep\u00fablica<\/em>\u201d, in: 16 \u201cRevista de Latino-Americana de Estudos Constitucionais\u201d, Ano 13 (2017), pp. 501 ss.<\/li><li>\u201c<em>A proposta de constitui\u00e7\u00e3o de um Tribunal Constitucional Internacional: quest\u00f5es dogm\u00e1ticas e institucionais<\/em>\u201d, in: \u201cInternational Studies on Law and Education\u201d, 24 set-dez (2016), pp. 51 ss.<\/li><\/ul><p><em>Nationals<\/em><\/p><ul><li>Aprecia\u00e7\u00e3o do Projecto de Disserta\u00e7\u00e3o de Doutoramento de Francisco Rodrigues Arga e Lima, intitulado \u201c<em>Federalism in the European Union: The Role of National Identity in the Vertical Distribution of Competences<\/em>\u201d, que tiveram lugar na NOVA School of Law, a 8 de Maio de 2024, Livro de Atas, <a href=\"https:\/\/novaresearch.unl.pt\/en\/publications\/68ac4202-cfa5-4a78-8840-e53a97cccc4e\">https:\/\/novaresearch.unl.pt\/en\/publications\/68ac4202-cfa5-4a78-8840-e53a97cccc4e<\/a>.<\/li><li>Aprecia\u00e7\u00e3o do Projecto de Disserta\u00e7\u00e3o de Doutoramento do Doutor Paulo Renato Cardoso de Jesus, intitulada \u201c<em>Cosmopolitan Justice and Democratic Peace: Toward a Realistic Utopia for International Law Relations and International Law<\/em>\u201d, que tiveram lugar na NOVA School of Law, realizadas na NOVA School of Law a 25 de Outubro de 2023, Livro de Atas, <a href=\"https:\/\/novaresearch.unl.pt\/en\/publications\/68ac4202-cfa5-4a78-8840-e53a97cccc4e\">https:\/\/novaresearch.unl.pt\/en\/publications\/68ac4202-cfa5-4a78-8840-e53a97cccc4e<\/a><\/li><li>Aprecia\u00e7\u00e3o da Disserta\u00e7\u00e3o de Doutoramento do Mestre Lu\u00eds Cl\u00f3vis Machado da Rocha J\u00fanior, intitulada \u201c<em>A Eros\u00e3o da Constitui\u00e7\u00e3o nos Tribunais. Premissas do Fen\u00f4meno e Propostas de Controlo<\/em>\u201d, realizadas na Faculdade de Direito da Universidade de Lisboa, a 17 de Outubro de 2023, Livro de Atas, <a href=\"https:\/\/novaresearch.unl.pt\/en\/publications\/68ac4202-cfa5-4a78-8840-e53a97cccc4e\">https:\/\/novaresearch.unl.pt\/en\/publications\/68ac4202-cfa5-4a78-8840-e53a97cccc4e<\/a>.<\/li><li>\u201c<em>Presidente-Rei: a modifica\u00e7\u00e3o do estatuto e mandato do Presidente da Rep\u00fablica provoca altera\u00e7\u00f5es no sistema constitucional de governo<\/em>\u201d, Atas dos \u201cEncontros Anuais de Ci\u00eancia Pol\u00edtica\u201d, Faculdade de Direito da Universidade do Porto, Livro de Atas, 7 de Dezembro de 2022, <a href=\"https:\/\/novaresearch.unl.pt\/en\/publications\/68ac4202-cfa5-4a78-8840-e53a97cccc4e\">https:\/\/novaresearch.unl.pt\/en\/publications\/68ac4202-cfa5-4a78-8840-e53a97cccc4e<\/a>.<\/li><li>\u201c<em>Universalismo, particularismo e a legitimidade da ordem p\u00fablica para al\u00e9m do Estado<\/em>\u201d, Confer\u00eancia: II Congresso Internacional de Direito Constitucional, Livro de Atas. 17 de Maio de 2022, <a href=\"https:\/\/novaresearch.unl.pt\/en\/publications\/68ac4202-cfa5-4a78-8840-e53a97cccc4e\">https:\/\/novaresearch.unl.pt\/en\/publications\/68ac4202-cfa5-4a78-8840-e53a97cccc4e<\/a>.<\/li><li>Aprecia\u00e7\u00e3o do <em>Curriculum Vitae<\/em> do Doutor Lu\u00eds Duarte d\u2019Almeida em Provas de Agrega\u00e7\u00e3o, na especialidade de Filosofia do Direito, Faculdade de Direito da Universidade NOVA de Lisboa, nas Atas de 21 e 22 de Mar\u00e7o de 2022, Livro de Atas, <a href=\"https:\/\/novaresearch.unl.pt\/en\/publications\/68ac4202-cfa5-4a78-8840-e53a97cccc4e\">https:\/\/novaresearch.unl.pt\/en\/publications\/68ac4202-cfa5-4a78-8840-e53a97cccc4e<\/a><\/li><li>Aprecia\u00e7\u00e3o da disserta\u00e7\u00e3o de Mestrado do Tenente-Coronel do Ex\u00e9rcito de Espanha, Juan Manuel Rodr\u00edguez Rodr\u00edguez, intitulada \u201c<em>Limites no emprego de Sistemas A\u00e9reos Aut\u00f3nomos \u00e0 luz do Direito Internacional Humanit\u00e1rio<\/em>\u201d, Instituto Universit\u00e1rio Militar \u2014 Audit\u00f3rio Almirante Gago Coutinho, Livro de Atas de 26 de Janeiro de 2022, <a href=\"https:\/\/novaresearch.unl.pt\/en\/publications\/68ac4202-cfa5-4a78-8840-e53a97cccc4e\">https:\/\/novaresearch.unl.pt\/en\/publications\/68ac4202-cfa5-4a78-8840-e53a97cccc4e<\/a>.<\/li><li>Aprecia\u00e7\u00e3o do Curriculum Vitae do Doutor Francisco Pereira Coutinho em Provas de Agrega\u00e7\u00e3o, na especialidade de Direito P\u00fablico, Faculdade de Direito da Universidade NOVA de Lisboa, Atas de 13 e 14 de Maio de 2021, <a href=\"https:\/\/novaresearch.unl.pt\/en\/publications\/68ac4202-cfa5-4a78-8840-e53a97cccc4e\">https:\/\/novaresearch.unl.pt\/en\/publications\/68ac4202-cfa5-4a78-8840-e53a97cccc4e<\/a>.<\/li><li>Aprecia\u00e7\u00e3o da disserta\u00e7\u00e3o de Doutoramento do Mestre Rodrigo Gabriel Mois\u00e9s, intitulada \u201c<em>As novas formas de atua\u00e7\u00e3o do Estado e a utiliza\u00e7\u00e3o das parcerias p\u00fablico-privadas na efetiva\u00e7\u00e3o do direito \u00e0 educa\u00e7\u00e3o<\/em>\u201d, Faculdade de Direito da Universidade de Lisboa, Atas de 23 de Novembro de 2020, <a href=\"https:\/\/novaresearch.unl.pt\/en\/publications\/68ac4202-cfa5-4a78-8840-e53a97cccc4e\">https:\/\/novaresearch.unl.pt\/en\/publications\/68ac4202-cfa5-4a78-8840-e53a97cccc4e<\/a>.<\/li><li>\u201c<em>Risco e incerteza, sa\u00fade e danos colaterais.\u00a0 O que se espera do estado de emerg\u00eancia sanit\u00e1rio<\/em>\u201d, E-Book, CEDIS.<\/li><li>Aprecia\u00e7\u00e3o da disserta\u00e7\u00e3o de Doutoramento do Mestre Justino Felizberto Justino, intitulada \u201c<em>O regime jur\u00eddico do acesso de indiv\u00edduos \u00e0 justi\u00e7a constitucional mo\u00e7ambicana, em fiscaliza\u00e7\u00e3o concreta, \u00e0 luz da Constitui\u00e7\u00e3o de 2004<\/em>\u201d, Faculdade de Direito da Universidade do Porto, 4 de Julho de 2017, dispon\u00edvel no \u201cs\u00edtio\u201d da Internet: <a href=\"https:\/\/repositorio-aberto.up.pt\/\">https:\/\/repositorio-aberto.up.pt<\/a>.<\/li><li>\u201c<em>Constitui\u00e7\u00e3o, Estado de Direito e Democracia. Nos 40 Anos da Constitui\u00e7\u00e3o da Rep\u00fablica<\/em>\u201d, in: 16 \u201c<em>Revista de Direito P\u00fablico<\/em>\u201d, julho\/dezembro de 2016.<\/li><li>\u201c<em>As m\u00faltiplas faces da Europa<\/em>\u201d. Atas do II Congresso de Filosofia, Faculdade de Letras da Universidade do Porto, 8 e 9 de setembro de 2016, dispon\u00edvel no \u201cs\u00edtio\u201d da Internet: <a href=\"https:\/\/repositorio-aberto.up.pt\/\">https:\/\/repositorio-aberto.up.pt<\/a>.<\/li><li>Aprecia\u00e7\u00e3o da disserta\u00e7\u00e3o de Doutoramento do Mestre Pedro Ari Ferreira da Cunha, intitulada \u201c<em>Authority and Accountability. Contributions of Agency Theory to Good Governance<\/em>\u201d, Faculdade de Direito da Universidade do Porto, 17 de novembro de 2016, dispon\u00edvel no \u201cs\u00edtio\u201d da Internet: <a href=\"https:\/\/repositorio-aberto.up.pt\/\">https:\/\/repositorio-aberto.up.pt<\/a>.<\/li><li>Aprecia\u00e7\u00e3o da disserta\u00e7\u00e3o de Doutoramento da Mestre Ja\u00edra Capistrano da Cruz Soares, intitulada &#8220;<em>Constitui\u00e7\u00e3o e Modelo de Mercado: uso liberal e desuso neoliberal&#8221;<\/em>, na men\u00e7\u00e3o de Ci\u00eancias Jur\u00eddico-Pol\u00edticas, Faculdade de Direito da Universidade de Lisboa, 28 de abril de 2016, dispon\u00edvel no \u201cs\u00edtio\u201d da Internet: <a href=\"https:\/\/repositorio-aberto.up.pt\/\">https:\/\/repositorio-aberto.up.pt<\/a>.<\/li><li>Aprecia\u00e7\u00e3o da disserta\u00e7\u00e3o de Doutoramento do Mestre Hugo Daniel da Cunha Lan\u00e7a Silva, intitulada &#8220;<em>A regula\u00e7\u00e3o dos conte\u00fados dispon\u00edveis na Internet. A imperatividade de proteger as crian\u00e7as<\/em>\u201d, Faculdade de Direito da Universidade do Porto, 28 de Outubro de 2015, dispon\u00edvel no \u201cs\u00edtio\u201d da Internet: <a href=\"https:\/\/repositorio-aberto.up.pt\/\">https:\/\/repositorio-aberto.up.pt<\/a>.<\/li><li>\u201c<em>O modelo global dos Direitos Constitucionais<\/em>\u201d, in: JURISMAT, 7 (2015), pp. 231 ss.<\/li><li>\u201c<em>O processo pol\u00edtico da Catalunha<\/em>\u201d, in: 12 \u201cRevista de Direito P\u00fablico\u201d (2014), pp. 19 ss.<\/li><li>\u201c<em>The Independence of a Meritorious Elite: The Government of Judges and Democracy<\/em>\u201d, National Report, Academia Internacional de Direito Comparado, outubro de 2013, in: \u201c<em>Revista da Faculdade de Direito da Universidade do Porto<\/em>\u201d, Ano XI, Coimbra: Coimbra Editora, 2014, pp. 29 ss.<\/li><li>Aprecia\u00e7\u00e3o da disserta\u00e7\u00e3o de Doutoramento de Anabela de F\u00e1tima da Costa Le\u00e3o &#8220;<em>Constitui\u00e7\u00e3o e Interculturalidade: da diferen\u00e7a \u00e0 refer\u00eancia<\/em>\u201d, in: \u201c<em>Revista da Faculdade de Direito da Universidade do Porto<\/em>\u201d, Ano XI, Coimbra: Coimbra Editora, 2014, pp. 333 ss.<\/li><li>\u201c<em>A Protec\u00e7\u00e3o Internacional dos Direitos do Homem<\/em>\u201d, in: \u201c<em>Revista da Faculdade de Direito da Universidade do Porto<\/em>\u201d, Ano X, Coimbra: Coimbra Editora, 2013, pp. 77 ss.<\/li><li>\u00a0Provas de Doutoramento da Mestre Marta Chantal Ribeiro da Cunha &#8220;<em>A protec\u00e7\u00e3o da biodiversidade marinha atrav\u00e9s das \u00e1reas protegidas nos espa\u00e7os mar\u00edtimos sob soberania ou jurisdi\u00e7\u00e3o do Estado: discuss\u00f5es e solu\u00e7\u00f5es jur\u00eddicas contempor\u00e2neas. O caso portugu\u00eas\u2019 (2011)<\/em>\u201d, in: \u201c<em>Revista da Faculdade de Direito da Universidade do Porto<\/em>\u201d, Ano X, Coimbra: Coimbra Editora, 2013, pp. 421 ss.<\/li><li>Provas de Doutoramento da Mestre Maria da Gra\u00e7a Eanes Ferreira &#8220;<em>Unidade e Diferencia\u00e7\u00e3o na Uni\u00e3o Europeia. A diferencia\u00e7\u00e3o como sistema jur\u00eddico estruturante da Uni\u00e3o<\/em>&#8221; (2013)\u201d, in: \u201c<em>Revista da Faculdade de Direito da Universidade do Porto<\/em>\u201d, Ano X, Coimbra: Coimbra Editora, 2013, pp. 429 ss.<\/li><li><em>\u00a0<\/em>\u201c<em>Quais os limites ao dever de solidariedade entre membros de um governo de coliga\u00e7\u00e3o?<\/em>\u201d, in: <em>\u201cDireito &amp; Pol\u00edtica<\/em>\u201d, n\u00ba 4 (2013), pp. 100 ss.<\/li><li><em>\u00a0<\/em>\u201c<em>Em que condi\u00e7\u00f5es pode o Presidente da Rep\u00fablica nomear um governo de iniciativa presidencial<\/em>\u201d, in: \u201c<em>Direito &amp; Pol\u00edtica<\/em>\u201d, n\u00ba 2 (2013), pp. 111 ss.<\/li><li>Aprecia\u00e7\u00e3o da disserta\u00e7\u00e3o de Mestrado em Ci\u00eancias Jur\u00eddico-Pol\u00edticas do licenciado Rui Filipe Fontinha Vieira, intitulada <em>&#8220;Intoler\u00e2ncia contra Crist\u00e3os na Europa e Liberdade de Proselitismo, hoje<\/em>\u201d, Faculdade de Direito da Universidade do Porto, 27 de novembro de 2012, dispon\u00edvel no \u201cs\u00edtio\u201d da Internet: <a href=\"https:\/\/repositorio-aberto.up.pt\/\">https:\/\/repositorio-aberto.up.pt<\/a>.<\/li><li><em>\u00a0<\/em>\u201c<em>A Rep\u00fablica e o Direito Internacional<\/em>\u201d, in: \u201c<em>Revista da Faculdade de Direito da Universidade do Porto<\/em>\u201d, Ano VIII, Coimbra: Coimbra Editora, 2011, pp. 9 ss.<\/li><li>\u201c<em>O princ\u00edpio da interpreta\u00e7\u00e3o conforme a Constitui\u00e7\u00e3o. Quest\u00f5es e perspectivas<\/em>\u201d, in: \u201c<em>Revista da Faculdade de Direito da Universidade do Porto<\/em>\u201d, Ano VII, n\u00famero especial, Coimbra: Coimbra Editora, 2010, pp. 313 ss.<\/li><li>Aprecia\u00e7\u00e3o da disserta\u00e7\u00e3o de Mestrado em Ci\u00eancias Jur\u00eddico-Pol\u00edticas do licenciado Lu\u00eds Ricardo Ferreira Leite, intitulada &#8220;<em>O Controlo Jurisdicional do Acto Pol\u00edtico<\/em>&#8220;, Faculdade de Direito da Universidade do Porto, 16 de novembro de 2010, dispon\u00edvel no \u201cs\u00edtio\u201d da Internet: <a href=\"https:\/\/repositorio-aberto.up.pt\">https:\/\/repositorio-aberto.up.pt<\/a>.<\/li><li>Provas de aptid\u00e3o pedag\u00f3gica e capacidade cient\u00edfica de Juliana Manuela Alves Ferraz Coutinho na disciplina de Direito Administrativo II, &#8220;<em>Ensinar Direito: plano de uma aula (pr\u00e1tica)<\/em>&#8220;, Faculdade de Direito da Universidade do Porto, 23 de fevereiro de 2010, dispon\u00edvel no \u201cs\u00edtio\u201d da Internet: <a href=\"https:\/\/repositorio\/\">https:\/\/repositorio<\/a><a href=\"https:\/\/repositorio-aberto.up.pt\/\">-aberto.up.pt<\/a>.<\/li><li>Aprecia\u00e7\u00e3o da disserta\u00e7\u00e3o de Mestrado em Ci\u00eancias Jur\u00eddico-Internacionais do licenciado Alexandro S\u00f3lon Bianco, intitulada &#8220;<em>Cat\u00e1strofes Naturais em Direito Internacional: Responsabilidades Humanit\u00e1rias<\/em>&#8220;, Faculdade de Direito da Universidade de Lisboa, 20 de julho de 2009, dispon\u00edvel no \u201cs\u00edtio\u201d da Internet: <a href=\"https:\/\/repositorio-aberto.up.pt\/\">https:\/\/repositorio-aberto.up.pt<\/a>.<\/li><li>\u201c<em>A reforma das Na\u00e7\u00f5es Unidas e a constru\u00e7\u00e3o de uma \u2018nova ordem mundial<\/em>\u2019\u201d, in: \u201c<em>Revista da Faculdade de Direito da Universidade do Porto<\/em>\u201d, Ano V, Coimbra: Coimbra Editora, 2008, pp. 47 ss.<\/li><li>\u201c<em>Entre a ordem e a desordem: a pol\u00edtica dos direitos fundamentais<\/em>\u201d, in: \u201cRevista da Faculdade de Direito da Universidade do Porto\u201d, Ano IV, Coimbra: Coimbra Editora, 2007, pp. 47 ss.<\/li><li>Aprecia\u00e7\u00e3o da disserta\u00e7\u00e3o de Mestrado em Ci\u00eancias Jur\u00eddico-Fi-los\u00f3ficas da licenciada Ana Paula Moreira, intitulada &#8220;<em>A correc\u00e7\u00e3o normativa como heran\u00e7a metodol\u00f3gica da jurisprud\u00eancia dos interesses e as dimens\u00f5es de sua possibilidade\/impossibilidade no pensamento de Manuel A. Domingues de Andrade e Ant\u00f3nio Castanheira Neves<\/em>&#8220;, Faculdade de Direito da Universidade de Coimbra, 16 de julho de 2007, dispon\u00edvel no \u201cs\u00edtio\u201d da Internet: <a href=\"https:\/\/repositorio-aberto.up.pt\/\">https:\/\/repositorio-aberto.up.pt<\/a>.<\/li><li>Aprecia\u00e7\u00e3o da disserta\u00e7\u00e3o de Mestrado em Ci\u00eancias Jur\u00eddico-Pol\u00edticas do licenciado M\u00e1rio Ramos Pereira Silva, intitulada \u201c<em>Os partidos pol\u00edticos e os grupos dos cidad\u00e3os no Direito eleitoral Cabo-Verdiano<\/em>\u201d, Faculdade de Direito da Universidade de Lisboa, 9 de maio de 2006, dispon\u00edvel no \u201cs\u00edtio\u201d da Internet: <a href=\"https:\/\/repositorio-aberto.up.pt\/\">https:\/\/repositorio-aberto.up.pt<\/a>.<\/li><li>\u201c<em>Provas de Aptid\u00e3o Pedag\u00f3gica e Capacidade Cient\u00edfica da Licenciada Anabela da Costa Le\u00e3o<\/em>\u201d, in: \u201c<em>Revista da Faculdade de Direito da Universidade do Porto<\/em>\u201d, Ano III, Coimbra: Coimbra Editora, 2006, pp. 797 ss.<\/li><li>\u201c<em>As rela\u00e7\u00f5es entre o Direito da Uni\u00e3o e o Direito Constitucional interno dos Estados<\/em>\u201d, nas Atas do \u201c<em>Col\u00f3quio Ib\u00e9rico: Constitui\u00e7\u00e3o Europeia. Homenagem ao Doutor Francisco Lucas Pires<\/em>\u201d (Faculdade de Direito da Universidade de Coimbra) e na \u201cRevista da Faculdade de Direito da Universidade do Porto\u201d, Ano III, Coimbra: Coimbra Editora, 2006, pp. 189 ss.<\/li><li>\u201c<em>Os tratados internacionais (bilaterais e multilaterais como processo de cria\u00e7\u00e3o de Direito Internacional)<\/em>\u201d, in: \u201cJanus 2004. Anu\u00e1rio de Rela\u00e7\u00f5es Exteriores\u201d (2004), pp. 122 ss.<\/li><li>Aprecia\u00e7\u00e3o da disserta\u00e7\u00e3o de Mestrado em Direito Constitucional de Paulo Jorge Nogueira da Costa, intitulada &#8220;<em>Concorr\u00eancia no Ensino Superior. Do paradigma constitucional da igual liberdade<\/em>&#8220;, Departamento de Direito, Universidade Aut\u00f3noma de Lisboa, 4 de julho de 2003, dispon\u00edvel no \u201cs\u00edtio\u201d da Internet: <a href=\"https:\/\/repositorio-aberto.up.pt\/\">https:\/\/repositorio-aberto.up.pt<\/a>.<\/li><li>Provas de aptid\u00e3o pedag\u00f3gica e capacidade cient\u00edfica de Maria Lu\u00edsa Alves da Silva Neto na disciplina de Direito Constitucional, &#8220;<em>A fiscaliza\u00e7\u00e3o da constitucionalidade no Direito Constitucional portugu\u00eas vigente: enquadramento gera<\/em>l&#8221;, Faculdade de Direito da Universidade do Porto, 14 e 15 de fevereiro de 2000, dispon\u00edvel no \u201cs\u00edtio\u201d da Internet: <a href=\"https:\/\/repositorio-aberto.up.pt\">https:\/\/repositorio-aberto.up.pt<\/a>.<\/li><li>\u201c<em>O contrapeso de interesses no caso concreto, a praxis judicial e a jurisprud\u00eancia dos Tribunais<\/em>\u201d, in: 2 \u201c<em>Boletim da Associa\u00e7\u00e3o Nacional de Advogados Portugueses<\/em>\u201d, I (1991), pp. 25 ss.<\/li><li>\u201c<em>As implica\u00e7\u00f5es jur\u00eddico-constitucionais do processo de unifica\u00e7\u00e3o alem\u00e3<\/em>\u201d, in: 22 \u201c<em>Boletim do Conselho Nacional do Plano<\/em>\u201d (1990), pp. 253 ss.<\/li><li>\u201c<em>Reforma e democratiza\u00e7\u00e3o na URSS: o \u00faltimo Plen\u00e1rio do Comit\u00e9 Central<\/em>\u201d, in: 20 \u201c<em>Boletim do Conselho Nacional do Plano<\/em>\u201d (1990), pp. 241 ss.<\/li><li>\u201c<em>Participa\u00e7\u00e3o e pluralismo na Constitui\u00e7\u00e3o de 1976<\/em>\u201d, in: 21 \u201c<em>Boletim do Conselho Nacional do Plano<\/em>\u201d (1990), pp. 193 ss.<\/li><li>\u00a0\u201c<em>O plano na Ordem Jur\u00eddica<\/em>\u201d, Parte II, in: <em>\u201cRevista da Faculdade de Direito da Universidade de Lisboa<\/em>\u201d, XXXI (1990), pp. 263 ss.<\/li><li>\u201c<em>O \u2018pluralismo monopartid\u00e1rio\u2019: os dilemas da reforma na URSS<\/em>\u201d, in: 19 \u201c<em>Boletim do Conselho Nacional do Plano<\/em>\u201d (1989), pp. 287 ss.<\/li><li>\u201c<em>O plano na Ordem Jur\u00eddica<\/em>\u201d, Parte I, in: \u201c<em>Revista da Faculdade de Direito da Universidade de Lisboa<\/em>\u201d, XXX (1989), pp. 253 ss.<\/li><li>\u201c<em>Sobre os conceitos de \u2018pluralismo\u2019 e \u2018neo-corporativismo\u2019. A prop\u00f3sito da constitui\u00e7\u00e3o do Conselho Econ\u00f3mico e Social<\/em>\u201d, in: 18 \u201c<em>Boletim do Conselho Nacional do Plano<\/em>\u201d (1989), pp. 229 ss.<\/li><li>\u201c<em>O plano nos projectos de Revis\u00e3o Constitucional<\/em>\u201d, in: 17 \u201c<em>Boletim do Conselho Nacional do Plano<\/em>\u201d (1989), pp. 223 ss.<\/li><li>\u201c<em>O plano na Constitui\u00e7\u00e3o de 1976<\/em>\u201d, in: 16 \u201c<em>Boletim do Conselho Nacional do Plano<\/em>\u201d (1988), pp. 107 ss.<\/li><li>\u201c<em>O plano na Ordem Jur\u00eddica<\/em>\u201d, in: 15 \u201c<em>Boletim do Conselho Nacional do Plano<\/em>\u201d (1988), pp. 123 ss.<\/li><li>\u201c<em>O Conselho Econ\u00f3mico e Social das Na\u00e7\u00f5es Unidas e o problema da coopera\u00e7\u00e3o econ\u00f3mica internaciona<\/em>l\u201d, in: 14 \u201c<em>Boletim do Conselho Nacional do Plano<\/em>\u201d (1988), pp. 233 ss.<\/li><\/ul><p><strong><br \/>Texts prepared for students:<br \/><\/strong><\/p><ul><li>&#8220;<em>Direito Constitucional e Europeu. Mestrado em Direito Forense e Arbitragem\/Master Course in Forensic Law and Arbitration<\/em>\u201d, 2021, moodle: e-learning, 236 pp.<\/li><li>\u201c<em>Law, Cooperation and Security in a Globalized World<\/em>\u201d, Doctoral Course Degree, 2020-2021, NOVA School of Law, moodle: e-learning.<\/li><li>\u201c<em>Direito, Coopera\u00e7\u00e3o e Seguran\u00e7a num mundo globalizado<\/em>\u201d, Curso de Doutoramento em Direito e Direito e Seguran\u00e7a, 2018-2019, 2020-2021, Faculdade de Direito da Universidade NOVA de Lisboa, moodle: e-learning.<\/li><li>\u201c<em>Direitos Fundamentais. Teoria Geral<\/em>\u201d, summing up, cap\u00edtulos I a XI, 2019-2020, 2020-2021, NOVA School of Law, moodle: e-learning.<\/li><li>\u201c<em>Introdu\u00e7\u00e3o ao Direito<\/em>\u201d, Faculdade de Direito da Universidade do Porto, cap\u00edtulos 6, 7 e 8 da Parte II, Parte IV e V, do plano de Curso, integrados no \u201cRegisto de Sum\u00e1rios\u201d das Aulas Te\u00f3ricas, Ano Lectivo 1999\/ 2000, dispon\u00edvel no \u201cs\u00edtio\u201d da Internet: <a style=\"background-color: #ffffff; font-size: 1rem;\" href=\"https:\/\/repositorio-aberto.up.pt\/\">https:\/\/repositorio-aberto.up.pt<\/a><span style=\"font-size: 1rem;\">.<\/span><\/li><li>\u201c<em>Direito P\u00fablico Comparado. O sistema de governo semi-presidencial<\/em>\u201d, Apontamentos das aulas do Prof. Doutor Andr\u00e9 Gon\u00e7alves Pereira e Licenciadas Cristina Queiroz e Maria L\u00facia Amaral, no curso do 5.\u00ba Ano (Jur\u00eddico-Pol\u00edticas), Lisboa: AAFDL, 1984.<\/li><\/ul><p><strong>Others<\/strong><\/p><ul><li style=\"list-style-type: none;\"><ul><li>Pref\u00e1cio ao livro de Ant\u00f3nio David Ucama, &#8220;<em>A Independ\u00eancia do poder judicial. Bases, pressupostos, garantias e desafios<\/em>&#8220;, publicado pela Associa\u00e7\u00e3o Mo\u00e7ambicana de Ju\u00edzes, Mo\u00e7ambique, 2021.<\/li><li>\u201c<em>O Governo das Universidades<\/em>\u201d, in: \u201cO Tribuna\u201d, Jornal da AEFDP, n\u00ba 37, abril de 2017.<\/li><li>\u201c<em>As \u2018leis\u2019 de combate ao terrorismo. Nomos e narrativa<\/em>\u201d, in: \u201cO Tribuna\u201d, Jornal da AEFDP, n\u00ba 36, abril de 2016.<\/li><li>\u201c<em>As m\u00faltiplas faces da Europa<\/em>\u201d, in: \u201cO Tribuna\u201d, Jornal da AEFDP, n\u00ba 35, dezembro de 2014.<\/li><li>\u201c<em>Mosqueteiros!<\/em>\u201d, in: \u201cO Tribuna\u201d, Jornal da AEFDP, n\u00ba 34, maio de 2014.<\/li><li>\u201c<em>Eichmann em Jerusal\u00e9m. Um relat\u00f3rio sobre a banalidade do mal. A prop\u00f3sito do filme \u2018Hannah Arendt\u2019 de Margarethe von Trotta<\/em>\u201d, in: \u201cO Tribuna\u201d, Jornal da AEFDP, n\u00ba 33, dezembro de 2013.<\/li><li>\u201c<em>Como governar um pa\u00eds, segundo Marcus Tullius Cicero<\/em>\u201d, in: \u201cO Tribuna\u201d, Jornal da AEFDP, n\u00ba 32, maio de 2013.<\/li><li>\u201c<em>O Estado Dual<\/em>\u201d, in: \u201cO Tribuna\u201d, Jornal da AEFDP, n\u00ba 31, dezembro de 2012.<\/li><li>\u201c<em>O poder e a sua representa\u00e7\u00e3o<\/em>\u201d, in: \u201cO Tribuna\u201d, Jornal da AEFDP, n\u00ba 30, maio de 2012.<\/li><li>\u201c<em>O momento europeu<\/em>\u201d, in: \u201cO Tribuna\u201d, Jornal da AEFDP, n\u00ba 29, dezembro de 2011.<\/li><li>\u201c<em>Hans Kelsen (1881-1973) \u2015 \u2018O \u00faltimo lugar de repouso do infatig\u00e1vel viajante<\/em>\u2019\u201d, in: \u201c<em>O Tribuna<\/em>\u201d, Jornal da AEFDP, n\u00ba 28, maio de 2011.<\/li><li>\u201c<em>A Am\u00e9rica e a Europa vivem tempos conturbados e dif\u00edceis<\/em>\u201d, in: \u201c<em>O Tribuna<\/em>\u201d, Jornal da AEFDP, n\u00ba 27, dezembro de 2010.<\/li><li>\u201c<em>A identidade do sujeito constitucional: transnacionalismo e globaliza\u00e7\u00e3o<\/em>\u201d, in: \u201c<em>O Tribuna<\/em>\u201d, Jornal da AEFDP, n\u00ba 26, maio de 2010.<\/li><li>\u201c<em>Berlin, Alexanderplatz<\/em>\u201d, in: \u201c<em>O Tribuna<\/em>\u201d, Jornal da AEFDP, n\u00ba 25, dezembro de 2009.<\/li><li>\u201c<em>O poder de exterioriza\u00e7\u00e3o e a tomada de posi\u00e7\u00f5es p\u00fablicas do presidente da Rep\u00fablica<\/em>\u201d, in: \u201cTribuna\u201d, Jornal da AEFDP, n\u00ba 24, maio de 2009.<\/li><li>\u201c<em>O regresso da hist\u00f3ria e o \u2018\u00faltimo homem<\/em>\u201d, in: \u201c<em>O Tribuna<\/em>\u201d, Jornal da AEFDP, n\u00ba 23, dezembro de 2008.<\/li><li>\u201c<em>O demagogo<\/em>\u201d, in: \u201c<em>O Tribuna<\/em>\u201d, Jornal da AEFDP, n\u00ba 22, maio de 2008.<\/li><li>\u201c<em>A estrutura do saber e a reforma da Universidade<\/em>\u201d, in: \u201c<em>O Tribuna<\/em>\u201d, Jornal da AEFDP, n\u00ba 21, dezembro de 2007.<\/li><li>\u201c<em>Luchino Visconti (1906-1976) \u2015 Ossessione (1942-1943)<\/em>\u201d, in: \u201c<em>O Tribuna<\/em>\u201d, Jornal da AEFDP, n\u00ba 20, maio de 2007.<\/li><li>\u201c<em>A defesa dos direitos e liberdades na era da \u2018luta\u2019 contra o terrorismo<\/em>\u201d, in: \u201c<em>O Tribuna<\/em>\u201d, Jornal da AEFDP, n\u00ba 19, dezembro de 2006.<\/li><li>\u201c<em>Identidade europeia, programas de mobilidade e a fun\u00e7\u00e3o da Universidade<\/em>\u201d, in: \u201c<em>O Tribuna<\/em>\u201d, Jornal da AEFDP, n\u00ba 16, maio de 2005.<\/li><li>\u201c<em>Os 200 anos do C\u00f3digo Civil franc\u00eas (1804-2004)<\/em>\u201d, in: \u201c<em>O Tribuna<\/em>\u201d, Jornal da AEFDP, n\u00ba 15, dezembro de 2004.<\/li><li>\u201c<em>Immanuel Kant (1724-1804)<\/em>\u201d, in: \u201c<em>O Tribuna<\/em>\u201d, Jornal da AEFDP, n\u00ba 14, maio de 2004.<\/li><li>\u201c<em>O Debate sobre o Projecto de Tratado Constituciona<\/em>l\u201d, in: \u201c<em>O Tribuna<\/em>\u201d, Jornal da AEFDP, n\u00ba 13, dezembro de 2003.<\/li><li>\u201c<em>Guerra e Constitui\u00e7\u00e3o<\/em>\u201d, in: \u201c<em>O Tribun<\/em>a\u201d, Jornal da AEFDP, n\u00ba 12, maio de 2003.<\/li><li>\u201c<em>Necessita a Europa de uma Constitui\u00e7\u00e3o? O debate sobre o \u2018Ante-projecto\u2019 do \u2018Tratado que institui uma Constitui\u00e7\u00e3o para a Europa<\/em>\u2019\u201d, in: \u201c<em>O Tribuna<\/em>\u201d, Jornal da AEFDP, n\u00ba 11, dezembro de 2002.<\/li><li>\u201c<em>N\u00e3o discrimina\u00e7\u00e3o, identidade e reconhecimento: o problema das minorias<\/em>\u201d, in: \u201c<em>O Tribuna<\/em>\u201d, Jornal da AEFDP, n\u00ba 10, maio de 2002.<\/li><li>\u201c<em>O 11 de Setembro e o Direito Internacional<\/em>\u201d, in: \u201c<em>O Tribuna<\/em>\u201d, Jornal da AEFDP, n\u00ba 9, dezembro de 2001.<\/li><\/ul><\/li><\/ul>\t\t\t\t\t\t<\/div>\n\t\t\t\t<\/div>\n\t\t\t\t<div class=\"elementor-element elementor-element-88413d tabs-novalaw elementor-widget elementor-widget-text-editor\" data-id=\"88413d\" data-element_type=\"widget\" id=\"investigacao\" data-widget_type=\"text-editor.default\">\n\t\t\t\t<div class=\"elementor-widget-container\">\n\t\t\t\t\t\t\t<ul><li class=\"p1\"><span class=\"s1\">Constitutional Law<\/span><\/li><li class=\"p1\"><span class=\"s1\">Comparative Public Law<\/span><\/li><li class=\"p1\"><span class=\"s1\">Fundamental Rights<\/span><\/li><li class=\"p1\"><span class=\"s1\">Social Fundamental Rights<\/span><\/li><li class=\"p1\"><span class=\"s1\">Constitutional Justice<\/span><\/li><li class=\"p1\"><span class=\"s1\">International Protection of Human Rights<\/span><\/li><li class=\"p1\"><span class=\"s1\">International Law and International Relations<\/span><\/li><\/ul>\t\t\t\t\t\t<\/div>\n\t\t\t\t<\/div>\n\t\t\t\t\t<\/div>\n\t\t<\/div>\n\t\t\t\t\t\t\t<\/div>\n\t\t<\/section>\n\t\t\t\t<section class=\"elementor-section elementor-top-section elementor-element elementor-element-0e8ae30 elementor-section-boxed elementor-section-height-default elementor-section-height-default\" data-id=\"0e8ae30\" data-element_type=\"section\">\n\t\t\t\t\t\t<div class=\"elementor-container elementor-column-gap-default\">\n\t\t\t\t\t<div class=\"elementor-column elementor-col-100 elementor-top-column elementor-element elementor-element-0459aa2\" data-id=\"0459aa2\" data-element_type=\"column\" data-settings=\"{&quot;background_background&quot;:&quot;classic&quot;}\">\n\t\t\t<div class=\"elementor-widget-wrap elementor-element-populated\">\n\t\t\t\t\t\t\t\t<section class=\"elementor-section elementor-inner-section elementor-element elementor-element-b77ec57 elementor-section-boxed elementor-section-height-default elementor-section-height-default\" data-id=\"b77ec57\" data-element_type=\"section\">\n\t\t\t\t\t\t<div class=\"elementor-container elementor-column-gap-default\">\n\t\t\t\t\t<div class=\"elementor-column elementor-col-50 elementor-inner-column elementor-element elementor-element-59a81bd\" data-id=\"59a81bd\" data-element_type=\"column\">\n\t\t\t<div class=\"elementor-widget-wrap elementor-element-populated\">\n\t\t\t\t\t\t\t\t<div class=\"elementor-element elementor-element-d4a83a7 elementor-widget elementor-widget-text-editor\" data-id=\"d4a83a7\" data-element_type=\"widget\" data-widget_type=\"text-editor.default\">\n\t\t\t\t<div class=\"elementor-widget-container\">\n\t\t\t\t\t\t\t<p><strong>Students Assistance Service:<\/strong><br \/>Tuesday from 5.30 p.m. to 6.30 p.m.<br \/>Thursday from 5.30 p.m. to 6.30 p.m.<br \/>(Registrations by e-mail)<\/p>\t\t\t\t\t\t<\/div>\n\t\t\t\t<\/div>\n\t\t\t\t\t<\/div>\n\t\t<\/div>\n\t\t\t\t<div class=\"elementor-column elementor-col-50 elementor-inner-column elementor-element elementor-element-751d1bf\" data-id=\"751d1bf\" data-element_type=\"column\">\n\t\t\t<div class=\"elementor-widget-wrap elementor-element-populated\">\n\t\t\t\t\t\t\t\t<div class=\"elementor-element elementor-element-798eadb elementor-widget elementor-widget-text-editor\" data-id=\"798eadb\" data-element_type=\"widget\" data-widget_type=\"text-editor.default\">\n\t\t\t\t<div class=\"elementor-widget-container\">\n\t\t\t\t\t\t\t<span style=\"text-decoration: underline; color: #f8002d;\"><a style=\"color: #f8002d; text-decoration: underline;\" href=\"https:\/\/novaresearch.unl.pt\/en\/persons\/cristina-queiroz\"><strong>NOVA Research Portal<\/strong><\/a><\/span>\t\t\t\t\t\t<\/div>\n\t\t\t\t<\/div>\n\t\t\t\t\t<\/div>\n\t\t<\/div>\n\t\t\t\t\t\t\t<\/div>\n\t\t<\/section>\n\t\t\t\t\t<\/div>\n\t\t<\/div>\n\t\t\t\t\t\t\t<\/div>\n\t\t<\/section>\n\t\t\t\t<section class=\"elementor-section elementor-top-section elementor-element elementor-element-1c371d54 elementor-section-height-min-height elementor-section-boxed elementor-section-height-default elementor-section-items-middle\" data-id=\"1c371d54\" data-element_type=\"section\">\n\t\t\t\t\t\t<div class=\"elementor-container elementor-column-gap-default\">\n\t\t\t\t\t<div class=\"elementor-column elementor-col-100 elementor-top-column elementor-element elementor-element-2c8edf56\" data-id=\"2c8edf56\" data-element_type=\"column\">\n\t\t\t<div class=\"elementor-widget-wrap\">\n\t\t\t\t\t\t\t\t\t<\/div>\n\t\t<\/div>\n\t\t\t\t\t\t\t<\/div>\n\t\t<\/section>\n\t\t\t\t\t\t<\/div>\n\t\t\t\t\t<\/div>\n\t\t","protected":false},"excerpt":{"rendered":"<p>Cristina Queiroz Full Professor cqueiroz@novalaw.unl.pt Biographical Note | Pedagogical Experience | Main Publications | Research Areas Professor at NOVA Law School. Specialist in Legal and Political Sciences. Bachelor\u2019s degree (1980), Master\u2019s degree (1986) and Doctorate (1998) in Law from the Faculty of Law of the University of Lisbon. Aggregate professor at the Faculty of Law &hellip;<\/p>\n<p class=\"read-more\"> <a class=\"\" href=\"https:\/\/novalaw.unl.pt\/en\/cristina-queiroz\/\"> <span class=\"screen-reader-text\">Cristina Queiroz<\/span> Read More &raquo;<\/a><\/p>\n","protected":false},"author":2,"featured_media":0,"parent":0,"menu_order":430,"comment_status":"closed","ping_status":"closed","template":"","meta":{"footnotes":""},"categories":[],"tags":[],"class_list":["post-4923","page","type-page","status-publish","hentry"],"yoast_head":"<!-- This site is optimized with the Yoast SEO Premium plugin v27.4 (Yoast SEO v27.4) - https:\/\/yoast.com\/product\/yoast-seo-premium-wordpress\/ -->\n<title>Cristina Queiroz - NOVA School of Law | Faculdade de Direito da Universidade NOVA de Lisboa<\/title>\n<meta name=\"robots\" content=\"index, follow, max-snippet:-1, max-image-preview:large, max-video-preview:-1\" \/>\n<link rel=\"canonical\" href=\"https:\/\/novalaw.unl.pt\/en\/cristina-queiroz\/\" \/>\n<meta property=\"og:locale\" content=\"en_US\" \/>\n<meta property=\"og:type\" content=\"article\" \/>\n<meta property=\"og:title\" content=\"Cristina Queiroz\" \/>\n<meta property=\"og:description\" content=\"Cristina Queiroz Full Professor cqueiroz@novalaw.unl.pt Biographical Note | Pedagogical Experience | Main Publications | Research Areas Professor at NOVA Law School. Specialist in Legal and Political Sciences. Bachelor\u2019s degree (1980), Master\u2019s degree (1986) and Doctorate (1998) in Law from the Faculty of Law of the University of Lisbon. Aggregate professor at the Faculty of Law &hellip; Cristina Queiroz Read More &raquo;\" \/>\n<meta property=\"og:url\" content=\"https:\/\/novalaw.unl.pt\/en\/cristina-queiroz\/\" \/>\n<meta property=\"og:site_name\" content=\"NOVA School of Law | Faculdade de Direito da Universidade NOVA de Lisboa\" \/>\n<meta property=\"article:modified_time\" content=\"2025-08-28T14:09:58+00:00\" \/>\n<meta property=\"og:image\" content=\"https:\/\/novalaw.unl.pt\/wp-content\/uploads\/2021\/08\/SITE_docentes-residentes-CRISTINA-QUEIROZ.jpg\" \/>\n<meta name=\"twitter:card\" content=\"summary_large_image\" \/>\n<meta name=\"twitter:label1\" content=\"Est. reading time\" \/>\n\t<meta name=\"twitter:data1\" content=\"17 minutes\" \/>\n<script type=\"application\/ld+json\" class=\"yoast-schema-graph\">{\"@context\":\"https:\\\/\\\/schema.org\",\"@graph\":[{\"@type\":\"WebPage\",\"@id\":\"https:\\\/\\\/novalaw.unl.pt\\\/en\\\/cristina-queiroz\\\/\",\"url\":\"https:\\\/\\\/novalaw.unl.pt\\\/en\\\/cristina-queiroz\\\/\",\"name\":\"Cristina Queiroz - NOVA School of Law | Faculdade de Direito da Universidade NOVA de Lisboa\",\"isPartOf\":{\"@id\":\"https:\\\/\\\/novalaw.unl.pt\\\/#website\"},\"primaryImageOfPage\":{\"@id\":\"https:\\\/\\\/novalaw.unl.pt\\\/en\\\/cristina-queiroz\\\/#primaryimage\"},\"image\":{\"@id\":\"https:\\\/\\\/novalaw.unl.pt\\\/en\\\/cristina-queiroz\\\/#primaryimage\"},\"thumbnailUrl\":\"https:\\\/\\\/novalaw.unl.pt\\\/wp-content\\\/uploads\\\/2021\\\/08\\\/SITE_docentes-residentes-CRISTINA-QUEIROZ.jpg\",\"datePublished\":\"2021-09-03T13:46:54+00:00\",\"dateModified\":\"2025-08-28T14:09:58+00:00\",\"breadcrumb\":{\"@id\":\"https:\\\/\\\/novalaw.unl.pt\\\/en\\\/cristina-queiroz\\\/#breadcrumb\"},\"inLanguage\":\"en-US\",\"potentialAction\":[{\"@type\":\"ReadAction\",\"target\":[\"https:\\\/\\\/novalaw.unl.pt\\\/en\\\/cristina-queiroz\\\/\"]}]},{\"@type\":\"ImageObject\",\"inLanguage\":\"en-US\",\"@id\":\"https:\\\/\\\/novalaw.unl.pt\\\/en\\\/cristina-queiroz\\\/#primaryimage\",\"url\":\"https:\\\/\\\/novalaw.unl.pt\\\/wp-content\\\/uploads\\\/2021\\\/08\\\/SITE_docentes-residentes-CRISTINA-QUEIROZ.jpg\",\"contentUrl\":\"https:\\\/\\\/novalaw.unl.pt\\\/wp-content\\\/uploads\\\/2021\\\/08\\\/SITE_docentes-residentes-CRISTINA-QUEIROZ.jpg\"},{\"@type\":\"BreadcrumbList\",\"@id\":\"https:\\\/\\\/novalaw.unl.pt\\\/en\\\/cristina-queiroz\\\/#breadcrumb\",\"itemListElement\":[{\"@type\":\"ListItem\",\"position\":1,\"name\":\"Home\",\"item\":\"https:\\\/\\\/novalaw.unl.pt\\\/en\\\/\"},{\"@type\":\"ListItem\",\"position\":2,\"name\":\"Cristina Queiroz\"}]},{\"@type\":\"WebSite\",\"@id\":\"https:\\\/\\\/novalaw.unl.pt\\\/#website\",\"url\":\"https:\\\/\\\/novalaw.unl.pt\\\/\",\"name\":\"NOVA School of Law | Faculdade de Direito da Universidade NOVA de Lisboa\",\"description\":\"NOVA School Of Law\",\"publisher\":{\"@id\":\"https:\\\/\\\/novalaw.unl.pt\\\/#organization\"},\"potentialAction\":[{\"@type\":\"SearchAction\",\"target\":{\"@type\":\"EntryPoint\",\"urlTemplate\":\"https:\\\/\\\/novalaw.unl.pt\\\/?s={search_term_string}\"},\"query-input\":{\"@type\":\"PropertyValueSpecification\",\"valueRequired\":true,\"valueName\":\"search_term_string\"}}],\"inLanguage\":\"en-US\"},{\"@type\":\"Organization\",\"@id\":\"https:\\\/\\\/novalaw.unl.pt\\\/#organization\",\"name\":\"NOVA School of Law\",\"url\":\"https:\\\/\\\/novalaw.unl.pt\\\/\",\"logo\":{\"@type\":\"ImageObject\",\"inLanguage\":\"en-US\",\"@id\":\"https:\\\/\\\/novalaw.unl.pt\\\/#\\\/schema\\\/logo\\\/image\\\/\",\"url\":\"https:\\\/\\\/novalaw.unl.pt\\\/wp-content\\\/uploads\\\/2021\\\/02\\\/logo-novalaw.svg\",\"contentUrl\":\"https:\\\/\\\/novalaw.unl.pt\\\/wp-content\\\/uploads\\\/2021\\\/02\\\/logo-novalaw.svg\",\"width\":991,\"height\":424,\"caption\":\"NOVA School of Law\"},\"image\":{\"@id\":\"https:\\\/\\\/novalaw.unl.pt\\\/#\\\/schema\\\/logo\\\/image\\\/\"}}]}<\/script>\n<!-- \/ Yoast SEO Premium plugin. -->","yoast_head_json":{"title":"Cristina Queiroz - NOVA School of Law | Faculdade de Direito da Universidade NOVA de Lisboa","robots":{"index":"index","follow":"follow","max-snippet":"max-snippet:-1","max-image-preview":"max-image-preview:large","max-video-preview":"max-video-preview:-1"},"canonical":"https:\/\/novalaw.unl.pt\/en\/cristina-queiroz\/","og_locale":"en_US","og_type":"article","og_title":"Cristina Queiroz","og_description":"Cristina Queiroz Full Professor cqueiroz@novalaw.unl.pt Biographical Note | Pedagogical Experience | Main Publications | Research Areas Professor at NOVA Law School. Specialist in Legal and Political Sciences. Bachelor\u2019s degree (1980), Master\u2019s degree (1986) and Doctorate (1998) in Law from the Faculty of Law of the University of Lisbon. Aggregate professor at the Faculty of Law &hellip; Cristina Queiroz Read More &raquo;","og_url":"https:\/\/novalaw.unl.pt\/en\/cristina-queiroz\/","og_site_name":"NOVA School of Law | Faculdade de Direito da Universidade NOVA de Lisboa","article_modified_time":"2025-08-28T14:09:58+00:00","og_image":[{"url":"https:\/\/novalaw.unl.pt\/wp-content\/uploads\/2021\/08\/SITE_docentes-residentes-CRISTINA-QUEIROZ.jpg","type":"","width":"","height":""}],"twitter_card":"summary_large_image","twitter_misc":{"Est. reading time":"17 minutes"},"schema":{"@context":"https:\/\/schema.org","@graph":[{"@type":"WebPage","@id":"https:\/\/novalaw.unl.pt\/en\/cristina-queiroz\/","url":"https:\/\/novalaw.unl.pt\/en\/cristina-queiroz\/","name":"Cristina Queiroz - NOVA School of Law | Faculdade de Direito da Universidade NOVA de Lisboa","isPartOf":{"@id":"https:\/\/novalaw.unl.pt\/#website"},"primaryImageOfPage":{"@id":"https:\/\/novalaw.unl.pt\/en\/cristina-queiroz\/#primaryimage"},"image":{"@id":"https:\/\/novalaw.unl.pt\/en\/cristina-queiroz\/#primaryimage"},"thumbnailUrl":"https:\/\/novalaw.unl.pt\/wp-content\/uploads\/2021\/08\/SITE_docentes-residentes-CRISTINA-QUEIROZ.jpg","datePublished":"2021-09-03T13:46:54+00:00","dateModified":"2025-08-28T14:09:58+00:00","breadcrumb":{"@id":"https:\/\/novalaw.unl.pt\/en\/cristina-queiroz\/#breadcrumb"},"inLanguage":"en-US","potentialAction":[{"@type":"ReadAction","target":["https:\/\/novalaw.unl.pt\/en\/cristina-queiroz\/"]}]},{"@type":"ImageObject","inLanguage":"en-US","@id":"https:\/\/novalaw.unl.pt\/en\/cristina-queiroz\/#primaryimage","url":"https:\/\/novalaw.unl.pt\/wp-content\/uploads\/2021\/08\/SITE_docentes-residentes-CRISTINA-QUEIROZ.jpg","contentUrl":"https:\/\/novalaw.unl.pt\/wp-content\/uploads\/2021\/08\/SITE_docentes-residentes-CRISTINA-QUEIROZ.jpg"},{"@type":"BreadcrumbList","@id":"https:\/\/novalaw.unl.pt\/en\/cristina-queiroz\/#breadcrumb","itemListElement":[{"@type":"ListItem","position":1,"name":"Home","item":"https:\/\/novalaw.unl.pt\/en\/"},{"@type":"ListItem","position":2,"name":"Cristina Queiroz"}]},{"@type":"WebSite","@id":"https:\/\/novalaw.unl.pt\/#website","url":"https:\/\/novalaw.unl.pt\/","name":"NOVA School of Law | Faculdade de Direito da Universidade NOVA de Lisboa","description":"NOVA School Of Law","publisher":{"@id":"https:\/\/novalaw.unl.pt\/#organization"},"potentialAction":[{"@type":"SearchAction","target":{"@type":"EntryPoint","urlTemplate":"https:\/\/novalaw.unl.pt\/?s={search_term_string}"},"query-input":{"@type":"PropertyValueSpecification","valueRequired":true,"valueName":"search_term_string"}}],"inLanguage":"en-US"},{"@type":"Organization","@id":"https:\/\/novalaw.unl.pt\/#organization","name":"NOVA School of Law","url":"https:\/\/novalaw.unl.pt\/","logo":{"@type":"ImageObject","inLanguage":"en-US","@id":"https:\/\/novalaw.unl.pt\/#\/schema\/logo\/image\/","url":"https:\/\/novalaw.unl.pt\/wp-content\/uploads\/2021\/02\/logo-novalaw.svg","contentUrl":"https:\/\/novalaw.unl.pt\/wp-content\/uploads\/2021\/02\/logo-novalaw.svg","width":991,"height":424,"caption":"NOVA School of Law"},"image":{"@id":"https:\/\/novalaw.unl.pt\/#\/schema\/logo\/image\/"}}]}},"novalaw_begin_date":"","novalaw_begin_date_en":"","novalaw_text":"","novalaw_tag":"","novalaw_tag_en":"","novalaw_link":"","novalaw_link_en":"","novalaw_end_date":"","novalaw_end_date_en":"","novalaw_date":"","novalaw_em_destaque":"","novalaw_tag_src":"","lang":"","_links":{"self":[{"href":"https:\/\/novalaw.unl.pt\/en\/wp-json\/wp\/v2\/pages\/4923","targetHints":{"allow":["GET"]}}],"collection":[{"href":"https:\/\/novalaw.unl.pt\/en\/wp-json\/wp\/v2\/pages"}],"about":[{"href":"https:\/\/novalaw.unl.pt\/en\/wp-json\/wp\/v2\/types\/page"}],"author":[{"embeddable":true,"href":"https:\/\/novalaw.unl.pt\/en\/wp-json\/wp\/v2\/users\/2"}],"replies":[{"embeddable":true,"href":"https:\/\/novalaw.unl.pt\/en\/wp-json\/wp\/v2\/comments?post=4923"}],"version-history":[{"count":40,"href":"https:\/\/novalaw.unl.pt\/en\/wp-json\/wp\/v2\/pages\/4923\/revisions"}],"predecessor-version":[{"id":99938,"href":"https:\/\/novalaw.unl.pt\/en\/wp-json\/wp\/v2\/pages\/4923\/revisions\/99938"}],"wp:attachment":[{"href":"https:\/\/novalaw.unl.pt\/en\/wp-json\/wp\/v2\/media?parent=4923"}],"wp:term":[{"taxonomy":"category","embeddable":true,"href":"https:\/\/novalaw.unl.pt\/en\/wp-json\/wp\/v2\/categories?post=4923"},{"taxonomy":"post_tag","embeddable":true,"href":"https:\/\/novalaw.unl.pt\/en\/wp-json\/wp\/v2\/tags?post=4923"}],"curies":[{"name":"wp","href":"https:\/\/api.w.org\/{rel}","templated":true}]}}