{"id":69692,"date":"2024-01-04T12:03:38","date_gmt":"2024-01-04T12:03:38","guid":{"rendered":"https:\/\/novalaw.unl.pt\/?page_id=69692"},"modified":"2025-10-06T15:42:17","modified_gmt":"2025-10-06T15:42:17","slug":"chair-of-the-policy-centre-for-the-united-nations-convention-on-the-rights-of-the-child","status":"publish","type":"page","link":"https:\/\/novalaw.unl.pt\/en\/chair-of-the-policy-centre-for-the-united-nations-convention-on-the-rights-of-the-child\/","title":{"rendered":"Chair of the Policy Centre for the United Nations Convention on the Rights of the Child"},"content":{"rendered":"\t\t<div data-elementor-type=\"wp-page\" data-elementor-id=\"69692\" class=\"elementor elementor-69692\" data-elementor-settings=\"[]\">\n\t\t\t\t\t\t\t<div class=\"elementor-section-wrap\">\n\t\t\t\t\t\t\t<section class=\"elementor-section elementor-top-section elementor-element elementor-element-b98d94f elementor-section-height-min-height elementor-section-boxed elementor-section-height-default elementor-section-items-middle\" data-id=\"b98d94f\" data-element_type=\"section\" data-settings=\"{&quot;background_background&quot;:&quot;classic&quot;}\">\n\t\t\t\t\t\t<div class=\"elementor-container elementor-column-gap-default\">\n\t\t\t\t\t<div class=\"elementor-column elementor-col-100 elementor-top-column elementor-element elementor-element-092fe7c\" data-id=\"092fe7c\" data-element_type=\"column\">\n\t\t\t<div class=\"elementor-widget-wrap elementor-element-populated\">\n\t\t\t\t\t\t\t\t\t<\/div>\n\t\t<\/div>\n\t\t\t\t\t\t\t<\/div>\n\t\t<\/section>\n\t\t\t\t<section class=\"elementor-section elementor-top-section elementor-element elementor-element-05dc84f elementor-section-boxed elementor-section-height-default elementor-section-height-default\" data-id=\"05dc84f\" data-element_type=\"section\">\n\t\t\t\t\t\t<div class=\"elementor-container elementor-column-gap-default\">\n\t\t\t\t\t<div class=\"elementor-column elementor-col-100 elementor-top-column elementor-element elementor-element-89dd6d4\" data-id=\"89dd6d4\" data-element_type=\"column\">\n\t\t\t<div class=\"elementor-widget-wrap elementor-element-populated\">\n\t\t\t\t\t\t\t\t<div class=\"elementor-element elementor-element-8c4e4a0 elementor-widget elementor-widget-ekit_wb_28926\" data-id=\"8c4e4a0\" data-element_type=\"widget\" data-widget_type=\"ekit_wb_28926.default\">\n\t\t\t\t<div class=\"elementor-widget-container\">\n\t\t\t<h1 class=\"normal-title preto bold-text\">Chair of the Policy Centre for the United Nations Convention on the Rights of the Child<\/h1>\n\t\t\t\t<\/div>\n\t\t\t\t<\/div>\n\t\t\t\t<div class=\"elementor-element elementor-element-54eb10d elementor-widget elementor-widget-ekit_wb_28992\" data-id=\"54eb10d\" data-element_type=\"widget\" data-widget_type=\"ekit_wb_28992.default\">\n\t\t\t\t<div class=\"elementor-widget-container\">\n\t\t\t<h3 class=\"normal-titleh3 vermelho bold-text\">\u201cHope For Children\u201d CRC Policy Centre<\/h3>\n\t\t\t\t<\/div>\n\t\t\t\t<\/div>\n\t\t\t\t<div class=\"elementor-element elementor-element-cf97439 elementor-widget elementor-widget-text-editor\" data-id=\"cf97439\" data-element_type=\"widget\" data-widget_type=\"text-editor.default\">\n\t\t\t\t<div class=\"elementor-widget-container\">\n\t\t\t\t\t\t\t<p>The <strong>\u00abChair of the Policy Centre for the United Nations Convention on the Rights of the Child\u00bb (UNCRC Policy Centre Chair)<\/strong> is a scientific project that aims to promote knowledge in the field of children\u2019s rights among the academic community, through the development of policies and good practices, research, and the delivery of services to the community, namely through the organisation of specialised courses and the training of professionals.<\/p><p>The \u00abChair\u00bb is promoted by the <a href=\"https:\/\/uncrcpc.org.cy\/en\/\">HOPE FOR CHILDREN Policy Centre<\/a>, <strong>a humanitarian institution based in Nicosia<\/strong>, Cyprus, whose mission focuses on the dissemination and protection of children\u2019s rights. With this project, NOVA School of Law aims to continue its commitment to the promotion of human rights, welcoming the important incentive and responsibility of the award of this Chair.<\/p><p>This project aims to <strong>encourage cooperation and joint action between organisations and agencies around the world<\/strong> in the hope of more effective implementation of the Convention on the Rights of the Child and to ensure the full enjoyment of these rights.<\/p>\t\t\t\t\t\t<\/div>\n\t\t\t\t<\/div>\n\t\t\t\t<div class=\"elementor-element elementor-element-c0a4584 elementor-widget elementor-widget-text-editor\" data-id=\"c0a4584\" data-element_type=\"widget\" data-widget_type=\"text-editor.default\">\n\t\t\t\t<div class=\"elementor-widget-container\">\n\t\t\t\t\t\t\t<p>This Chair was awarded to Professor <a href=\"https:\/\/novalaw.unl.pt\/en\/teresa-pizarro-beleza\/\">Teresa Pizarro Beleza<\/a>.<\/p>\t\t\t\t\t\t<\/div>\n\t\t\t\t<\/div>\n\t\t\t\t<div class=\"elementor-element elementor-element-b1dc5b4 elementor-widget elementor-widget-ekit_wb_28929\" data-id=\"b1dc5b4\" data-element_type=\"widget\" data-widget_type=\"ekit_wb_28929.default\">\n\t\t\t\t<div class=\"elementor-widget-container\">\n\t\t\t<h2 class=\"normal-titleh2 preto regular-text\">Activities<\/h2>\n\t\t\t\t<\/div>\n\t\t\t\t<\/div>\n\t\t\t\t<div class=\"elementor-element elementor-element-aed3a78 elementor-widget elementor-widget-text-editor\" data-id=\"aed3a78\" data-element_type=\"widget\" data-widget_type=\"text-editor.default\">\n\t\t\t\t<div class=\"elementor-widget-container\">\n\t\t\t\t\t\t\t<p>Several NOVA School of Law professors have collaborated in various academic and knowledge transfer initiatives related to this Chair, namely <strong>Ana Rita Gil<\/strong>, now Assistant Professor at the Faculty of Law of the University of Lisbon, <a href=\"https:\/\/novalaw.unl.pt\/en\/miguel-de-azevedo-moura\/\">Miguel Azevedo Moura<\/a> and <strong>Tiago Melo Cartaxo<\/strong>, now Professor at the University of Exeter (England).<\/p><p>Among the activities carried out, we highlight the <strong>meetings between various experts in this field<\/strong>, which Professor Ana Rita Gil coordinated, namely the project <strong>&#8220;Transnational Youth Forum on the Right to Education: Building a brighter future for the Children on the Move&#8221;<\/strong>, funded by the Erasmus Programme, 2018-2019, with a team of nine NOVA students investigating access to education for migrant children in Portugal. The results were presented at the <strong>Transnational Youth Forum in Cyprus<\/strong> and brought to the attention of the European Institutions as suggestions for improvements to integration regulations.<\/p><p>Also noteworthy were the three conferences on Children&#8217;s Rights in relation to Challenges and Threats, the Digital Environment and the Environment, and the <a href=\"https:\/\/novalaw.unl.pt\/i-curso-de-extensao-universitaria-sobre-o-direito-das-criancas\/\">1st University Extension Course on Children&#8217;s Rights<\/a>, organised by <strong>Professor Miguel Moura<\/strong> with the indispensable collaboration of <strong>Odete Severino Soares<\/strong> <strong>(GEPMTSSS)<\/strong>, currently a PhD Candidate in Law at NOVA School of Law, who enjoyed great demand and academic success between September 2021 and January 2022.<\/p><p>As part of the Chair&#8217;s activities, our faculty\u2019s commitment to promoting the study, research, teaching, and dissemination of children&#8217;s rights &#8211; including teaching and research in the academic and scientific field of &#8216;Children&#8217;s Law&#8217; &#8211; will continue.<\/p>\t\t\t\t\t\t<\/div>\n\t\t\t\t<\/div>\n\t\t\t\t<div class=\"elementor-element elementor-element-2500437 elementor-widget elementor-widget-ekit_wb_28929\" data-id=\"2500437\" data-element_type=\"widget\" data-widget_type=\"ekit_wb_28929.default\">\n\t\t\t\t<div class=\"elementor-widget-container\">\n\t\t\t<h2 class=\"normal-titleh2 preto regular-text\">Action<\/h2>\n\t\t\t\t<\/div>\n\t\t\t\t<\/div>\n\t\t\t\t<div class=\"elementor-element elementor-element-5f6ea07 elementor-widget elementor-widget-text-editor\" data-id=\"5f6ea07\" data-element_type=\"widget\" data-widget_type=\"text-editor.default\">\n\t\t\t\t<div class=\"elementor-widget-container\">\n\t\t\t\t\t\t\t<ul><li><strong>XXVI General Comment of the Committee on the Rights of the Child (UN, 2023)<\/strong><\/li><\/ul><p>Important recent news related to the theme of this Chairmanship is the publication of the <a href=\"https:\/\/www.ohchr.org\/en\/documents\/general-comments-and-recommendations\/crccgc26-general-comment-no-26-2023-childrens-rights#:~:text=Summary,environmental%20harm%20and%20climate%20change\">XXVI General Comment of the Committee on the Rights of the Child (UN, 2023)<\/a> on the Convention on the Rights of the Child, of 22 August 2023, which deals with environmental issues, with special emphasis on climate change, the translation of which into Portuguese has already been done and the organisation of a public presentation session is being considered.<\/p><p>Read here: <a href=\"https:\/\/novalaw.unl.pt\/wp-content\/uploads\/2025\/01\/General-comment-No.-26-2023-on-childrens-rights-and-the.pdf\">General comment No. 26 (2023) on children\u2019s rights and the environment, with a special focus on climate change (EN)<\/a><\/p><ul><li><strong>Complaint lodged by a group of young Portuguese against 32 states before the ECHR<\/strong><\/li><\/ul><p>Also, in the field of this Chair, among many others, the news is being closely followed about the<a href=\"https:\/\/youth4climatejustice.org\/\"> complaint lodged by a group of young Portuguese against 32 states before the ECHR<\/a>, accusing them of violating the European Convention on Human Rights for their inaction in the face of the climate crisis, which, if not mitigated or resolved, will jeopardise their rights and their future.<\/p><ul><li><strong>New General Comment (GC No. 27)<\/strong><\/li><\/ul><p>During its 95th session in January 2024, the UN Committee on the Rights of the Child decided to draft a <a href=\"https:\/\/www.ohchr.org\/en\/documents\/general-comments-and-recommendations\/draft-general-comment-no-27-childrens-rights-access\">new General Comment (GC No. 27) to the Convention on the Rights of the Child (CRC) on \u201cChildren\u2019s Right to Access to Justice and Effective Remedies\u201d.<\/a> While it is recognised that access to justice and effective remedies are essential for the protection and fulfilment of all human rights, the CRC does not contain an article specifically addressing this right to an effective remedy, even though it is explicitly referred to in six other major international human rights treaties.\u00a0\u00a0<\/p><p><span style=\"font-size: 16px;\">The Committee sought input from all stakeholders to clarify the terms, approaches and actions that States should take to implement the right of all children to access to justice and effective remedies when their rights under the CRC are not respected. The deadline for responses ended on August 23, 2024.\u00a0<\/span><\/p><p><span style=\"font-size: 16px;\">NOVA School of Law, through the Chair of the Center for Policy on the Convention on the Rights of the Child, invited various Portuguese stakeholders to participate jointly in this exercise, contributing to the future GC No. 27, which will seek the access to justice in the context of relevant judicial and administrative proceedings to become more \u201cchild-friendly\u201d.\u00a0<\/span><\/p><p><span style=\"font-size: 16px;\">We are now publishing the contribution (2,500 words) sent to the UN CRC Secretariat, as well as the Consultation Group that participated in it.<\/span><\/p><p><span style=\"font-size: 16px;\"><a href=\"https:\/\/novalaw.unl.pt\/wp-content\/uploads\/2024\/09\/CG27-UNCRC-NOVA-School-of-Law-Portugal.pdf\"> To read the contribution of NOVA School of Law, click here.<\/a><br \/><a href=\"https:\/\/novalaw.unl.pt\/wp-content\/uploads\/2024\/09\/NOVA-School-of-Law-Details.pdf\">To see which Consultation Group participated, click here.<\/a><br \/><a href=\"https:\/\/www.ohchr.org\/en\/documents\/general-comments-and-recommendations\/draft-general-comment-no-27-childrens-rights-access\">To see the CDC&#8217;s page on the process of drafting the new General Comment No. 27, click here.<\/a><\/span><\/p>\t\t\t\t\t\t<\/div>\n\t\t\t\t<\/div>\n\t\t\t\t<div class=\"elementor-element elementor-element-25cb618 elementor-widget elementor-widget-ekit_wb_28929\" data-id=\"25cb618\" data-element_type=\"widget\" data-widget_type=\"ekit_wb_28929.default\">\n\t\t\t\t<div class=\"elementor-widget-container\">\n\t\t\t<h2 class=\"normal-titleh2 preto regular-text\">Events<\/h2>\n\t\t\t\t<\/div>\n\t\t\t\t<\/div>\n\t\t\t\t<div class=\"elementor-element elementor-element-691d616 elementor-widget elementor-widget-ekit_wb_28992\" data-id=\"691d616\" data-element_type=\"widget\" data-widget_type=\"ekit_wb_28992.default\">\n\t\t\t\t<div class=\"elementor-widget-container\">\n\t\t\t<h3 class=\"normal-titleh3 vermelho bold-text\">Conference \"35 Years of the Convention on the Rights of the Child in Portugal\"<\/h3>\n\t\t\t\t<\/div>\n\t\t\t\t<\/div>\n\t\t\t\t<div class=\"elementor-element elementor-element-45d239e elementor-widget elementor-widget-ekit_wb_28992\" data-id=\"45d239e\" data-element_type=\"widget\" data-widget_type=\"ekit_wb_28992.default\">\n\t\t\t\t<div class=\"elementor-widget-container\">\n\t\t\t<h3 class=\"normal-titleh3 preto regular-text\">22 September 2025<\/h3>\n\t\t\t\t<\/div>\n\t\t\t\t<\/div>\n\t\t\t\t<section class=\"elementor-section elementor-inner-section elementor-element elementor-element-a764b57 elementor-section-boxed elementor-section-height-default elementor-section-height-default\" data-id=\"a764b57\" data-element_type=\"section\">\n\t\t\t\t\t\t<div class=\"elementor-container elementor-column-gap-default\">\n\t\t\t\t\t<div class=\"elementor-column elementor-col-50 elementor-inner-column elementor-element elementor-element-5b89d3a\" data-id=\"5b89d3a\" data-element_type=\"column\">\n\t\t\t<div class=\"elementor-widget-wrap elementor-element-populated\">\n\t\t\t\t\t\t\t\t<div class=\"elementor-element elementor-element-1e6ed14 elementor-widget elementor-widget-text-editor\" data-id=\"1e6ed14\" data-element_type=\"widget\" data-widget_type=\"text-editor.default\">\n\t\t\t\t<div class=\"elementor-widget-container\">\n\t\t\t\t\t\t\t<p>On 22 September, the <strong>Conference \u201c<em>35 anos da Conven\u00e7\u00e3o sobre os Direitos da Crian\u00e7a em Portugal<\/em>\u201d<\/strong> took place at the Calouste Gulbenkian Foundation. The event aimed to celebrate and strengthen the commitment to Children\u2019s Rights and was organised with the participation of several institutions, including the <strong>Instituto de Apoio \u00e0 Crian\u00e7a (Institute for Child Support)<\/strong>, <strong>UNICEF<\/strong>, the <strong>Nursing School of Lisbon<\/strong>, and the <strong>Portuguese Society of Paediatrics<\/strong>.<\/p><p>This conference brought together experts in education and health as well as a panel with children and young people. <strong>It was a moment of reflection and renewed commitment to the full realisation of the rights of all children.<\/strong><\/p><p>NOVA School of Law was represented by <strong>Professor Teresa Pizarro Beleza<\/strong> and <strong>Professor Odete Severino Soares<\/strong>, acting respectively as moderator and speaker on the Panel \u201c<em>35 Years of the Ratification of the Convention on the Rights of the Child in Portugal<\/em>\u201d.<\/p><p>Their intervention presented <strong>a reflection on some of the main observations addressed to Portugal by the United Nations Committee on the Rights of the Child during its last review in September 2019<\/strong>, assessing the degree of compliance with Portugal\u2019s obligations in implementing the Convention, as well as identifying\u2014though not exhaustively\u2014Portugal\u2019s current and future priorities regarding children\u2019s rights, the fulfilment of which will contribute to the realisation of those rights.<\/p>\t\t\t\t\t\t<\/div>\n\t\t\t\t<\/div>\n\t\t\t\t\t<\/div>\n\t\t<\/div>\n\t\t\t\t<div class=\"elementor-column elementor-col-50 elementor-inner-column elementor-element elementor-element-7e60264\" data-id=\"7e60264\" data-element_type=\"column\">\n\t\t\t<div class=\"elementor-widget-wrap elementor-element-populated\">\n\t\t\t\t\t\t\t\t<div class=\"elementor-element elementor-element-9fbb965 elementor-widget elementor-widget-image\" data-id=\"9fbb965\" data-element_type=\"widget\" data-widget_type=\"image.default\">\n\t\t\t\t<div class=\"elementor-widget-container\">\n\t\t\t\t\t\t\t\t\t\t\t\t\t\t\t<img loading=\"lazy\" decoding=\"async\" width=\"576\" height=\"1024\" src=\"https:\/\/novalaw.unl.pt\/wp-content\/uploads\/2025\/10\/3853afe3-0a26-4f9b-b66b-aae4817aa574-576x1024.jpg\" class=\"attachment-large size-large\" alt=\"\" srcset=\"https:\/\/novalaw.unl.pt\/wp-content\/uploads\/2025\/10\/3853afe3-0a26-4f9b-b66b-aae4817aa574-576x1024.jpg 576w, https:\/\/novalaw.unl.pt\/wp-content\/uploads\/2025\/10\/3853afe3-0a26-4f9b-b66b-aae4817aa574-169x300.jpg 169w, https:\/\/novalaw.unl.pt\/wp-content\/uploads\/2025\/10\/3853afe3-0a26-4f9b-b66b-aae4817aa574-768x1365.jpg 768w, https:\/\/novalaw.unl.pt\/wp-content\/uploads\/2025\/10\/3853afe3-0a26-4f9b-b66b-aae4817aa574-864x1536.jpg 864w, https:\/\/novalaw.unl.pt\/wp-content\/uploads\/2025\/10\/3853afe3-0a26-4f9b-b66b-aae4817aa574.jpg 1134w\" sizes=\"auto, (max-width: 576px) 100vw, 576px\" \/>\t\t\t\t\t\t\t\t\t\t\t\t\t\t\t<\/div>\n\t\t\t\t<\/div>\n\t\t\t\t\t<\/div>\n\t\t<\/div>\n\t\t\t\t\t\t\t<\/div>\n\t\t<\/section>\n\t\t\t\t<div class=\"elementor-element elementor-element-421034b elementor-widget elementor-widget-text-editor\" data-id=\"421034b\" data-element_type=\"widget\" data-widget_type=\"text-editor.default\">\n\t\t\t\t<div class=\"elementor-widget-container\">\n\t\t\t\t\t\t\t<p>During the event,<strong> the book \u201c<em>Os Direitos da Crian\u00e7a em Contextos de Sa\u00fade em Portugal<\/em>\u201d (Children\u2019s Rights in Healthcare Contexts in Portugal) was also presented.<\/strong> Conceived and developed by several authors from different fields, the work seeks to reflect reality in its multiple dimensions: the right to health, to information and participation, and to protection from all forms of violence, as well as rights in the context of contemporary challenges, such as the climate emergency, while giving voice to both the newborn and the adolescent.<\/p><p>Acknowledging the dynamic nature of rights, within a complex system of ongoing and emerging challenges, <strong>the conference reaffirmed the urgency of strengthening joint action and investment in childhood<\/strong>, placing children\u2019s rights at the heart of public policies and the social agenda.<\/p>\t\t\t\t\t\t<\/div>\n\t\t\t\t<\/div>\n\t\t\t\t<div class=\"elementor-element elementor-element-dee76be elementor-widget elementor-widget-ekit_wb_28929\" data-id=\"dee76be\" data-element_type=\"widget\" data-widget_type=\"ekit_wb_28929.default\">\n\t\t\t\t<div class=\"elementor-widget-container\">\n\t\t\t<h2 class=\"normal-titleh2 preto regular-text\">Useful links<\/h2>\n\t\t\t\t<\/div>\n\t\t\t\t<\/div>\n\t\t\t\t<div class=\"elementor-element elementor-element-3bd8102 elementor-widget elementor-widget-text-editor\" data-id=\"3bd8102\" data-element_type=\"widget\" data-widget_type=\"text-editor.default\">\n\t\t\t\t<div class=\"elementor-widget-container\">\n\t\t\t\t\t\t\t<p><a href=\"https:\/\/novalaw.unl.pt\/wp-content\/uploads\/2024\/04\/G2311760.pdf\">General comment on children\u2019s rights and the environment<\/a><\/p><p><a href=\"https:\/\/www.ohchr.org\/en\/instruments-mechanisms\/instruments\/convention-rights-child\">Convention on the Rights of the Child<\/a><\/p><p><a href=\"https:\/\/gddc.ministeriopublico.pt\/perguntas-frequentes\/direitos-da-crianca\">Children&#8217;s Rights<\/a><\/p><p><a href=\"https:\/\/www.ohchr.org\/en\/treaty-bodies\/crc\">Committee on the Rights of the Child<\/a><\/p>\t\t\t\t\t\t<\/div>\n\t\t\t\t<\/div>\n\t\t\t\t\t<\/div>\n\t\t<\/div>\n\t\t\t\t\t\t\t<\/div>\n\t\t<\/section>\n\t\t\t\t<section class=\"elementor-section elementor-top-section elementor-element elementor-element-80a299e elementor-section-boxed elementor-section-height-default elementor-section-height-default\" data-id=\"80a299e\" data-element_type=\"section\">\n\t\t\t\t\t\t<div class=\"elementor-container elementor-column-gap-default\">\n\t\t\t\t\t<div class=\"elementor-column elementor-col-100 elementor-top-column elementor-element elementor-element-e9a3d01\" data-id=\"e9a3d01\" data-element_type=\"column\">\n\t\t\t<div class=\"elementor-widget-wrap elementor-element-populated\">\n\t\t\t\t\t\t\t\t<section class=\"elementor-section elementor-inner-section elementor-element elementor-element-6b2d21b elementor-section-boxed elementor-section-height-default elementor-section-height-default\" data-id=\"6b2d21b\" data-element_type=\"section\">\n\t\t\t\t\t\t<div class=\"elementor-container elementor-column-gap-default\">\n\t\t\t\t\t<div class=\"elementor-column elementor-col-20 elementor-inner-column elementor-element elementor-element-dbceb1d\" data-id=\"dbceb1d\" data-element_type=\"column\" data-settings=\"{&quot;animation&quot;:&quot;none&quot;}\">\n\t\t\t<div class=\"elementor-widget-wrap elementor-element-populated\">\n\t\t\t\t\t\t\t\t<div class=\"elementor-element elementor-element-646abe2 elementor-widget elementor-widget-ekit_wb_28929\" data-id=\"646abe2\" data-element_type=\"widget\" data-widget_type=\"ekit_wb_28929.default\">\n\t\t\t\t<div class=\"elementor-widget-container\">\n\t\t\t<h2 class=\"normal-titleh2 preto regular-text\">Coordination<\/h2>\n\t\t\t\t<\/div>\n\t\t\t\t<\/div>\n\t\t\t\t<div class=\"elementor-element elementor-element-824d366 elementor-widget elementor-widget-image\" data-id=\"824d366\" data-element_type=\"widget\" data-widget_type=\"image.default\">\n\t\t\t\t<div class=\"elementor-widget-container\">\n\t\t\t\t\t\t\t\t\t\t\t\t\t\t\t\t<a href=\"https:\/\/novalaw.unl.pt\/en\/teresa-pizarro-beleza\/\">\n\t\t\t\t\t\t\t<img decoding=\"async\" src=\"https:\/\/novalaw.unl.pt\/wp-content\/uploads\/elementor\/thumbs\/SITE_docentes-residentes-TERESA-BELEZA-q9qnb6anjcvgx5qeyy9nwgejemwixzm6pmng8w6st8.jpg\" title=\"SITE_docentes-residentes-TERESA-BELEZA\" alt=\"Foto de Teresa Pizarro Beleza\" \/>\t\t\t\t\t\t\t\t<\/a>\n\t\t\t\t\t\t\t\t\t\t\t\t\t\t\t<\/div>\n\t\t\t\t<\/div>\n\t\t\t\t<div class=\"elementor-element elementor-element-c8b6752 elementor-widget elementor-widget-heading\" data-id=\"c8b6752\" data-element_type=\"widget\" data-widget_type=\"heading.default\">\n\t\t\t\t<div class=\"elementor-widget-container\">\n\t\t\t<h3 class=\"elementor-heading-title elementor-size-default\">Teresa Pizarro Beleza<\/h3>\t\t<\/div>\n\t\t\t\t<\/div>\n\t\t\t\t\t<\/div>\n\t\t<\/div>\n\t\t\t\t<div class=\"elementor-column elementor-col-20 elementor-inner-column elementor-element elementor-element-cc1f592\" data-id=\"cc1f592\" data-element_type=\"column\" data-settings=\"{&quot;animation&quot;:&quot;none&quot;}\">\n\t\t\t<div class=\"elementor-widget-wrap elementor-element-populated\">\n\t\t\t\t\t\t\t\t<div class=\"elementor-element elementor-element-32cf12f elementor-widget elementor-widget-ekit_wb_28929\" data-id=\"32cf12f\" data-element_type=\"widget\" data-widget_type=\"ekit_wb_28929.default\">\n\t\t\t\t<div class=\"elementor-widget-container\">\n\t\t\t<h2 class=\"normal-titleh2 preto regular-text\">Team<\/h2>\n\t\t\t\t<\/div>\n\t\t\t\t<\/div>\n\t\t\t\t<div class=\"elementor-element elementor-element-99ea20c elementor-widget elementor-widget-image\" data-id=\"99ea20c\" data-element_type=\"widget\" data-widget_type=\"image.default\">\n\t\t\t\t<div class=\"elementor-widget-container\">\n\t\t\t\t\t\t\t\t\t\t\t\t\t\t\t\t<a href=\"https:\/\/novalaw.unl.pt\/en\/odete-severino-soares-2\/\">\n\t\t\t\t\t\t\t<img decoding=\"async\" src=\"https:\/\/novalaw.unl.pt\/wp-content\/uploads\/elementor\/thumbs\/SITE-Catedra-do-Centro-de-Politica-para-a-Convencao-dos-Direitos-da-Crianca-das-Nacoes-Unidas_OdeteSeverinoSoares-qh1v0af46vftd6gzw5qlqpypa4mthuob26mxf6kx98.jpg\" title=\"SITE-C\u00e1tedra-do-Centro-de-Pol\u00edtica-para-a-Conven\u00e7\u00e3o-dos-Direitos-da-Crian\u00e7a-das-Na\u00e7\u00f5es-Unidas_OdeteSeverinoSoares\" alt=\"SITE-C\u00e1tedra-do-Centro-de-Pol\u00edtica-para-a-Conven\u00e7\u00e3o-dos-Direitos-da-Crian\u00e7a-das-Na\u00e7\u00f5es-Unidas_OdeteSeverinoSoares\" \/>\t\t\t\t\t\t\t\t<\/a>\n\t\t\t\t\t\t\t\t\t\t\t\t\t\t\t<\/div>\n\t\t\t\t<\/div>\n\t\t\t\t<div class=\"elementor-element elementor-element-fb373ea elementor-widget elementor-widget-heading\" data-id=\"fb373ea\" data-element_type=\"widget\" data-widget_type=\"heading.default\">\n\t\t\t\t<div class=\"elementor-widget-container\">\n\t\t\t<h3 class=\"elementor-heading-title elementor-size-default\">Odete Severino Soares<\/h3>\t\t<\/div>\n\t\t\t\t<\/div>\n\t\t\t\t\t<\/div>\n\t\t<\/div>\n\t\t\t\t<div class=\"elementor-column elementor-col-20 elementor-inner-column elementor-element elementor-element-4789c45\" data-id=\"4789c45\" data-element_type=\"column\" data-settings=\"{&quot;animation&quot;:&quot;none&quot;}\">\n\t\t\t<div class=\"elementor-widget-wrap elementor-element-populated\">\n\t\t\t\t\t\t\t\t<div class=\"elementor-element elementor-element-49d3cdf elementor-widget elementor-widget-ekit_wb_28929\" data-id=\"49d3cdf\" data-element_type=\"widget\" data-widget_type=\"ekit_wb_28929.default\">\n\t\t\t\t<div class=\"elementor-widget-container\">\n\t\t\t<h2 class=\"normal-titleh2 preto regular-text\"><\/h2>\n\t\t\t\t<\/div>\n\t\t\t\t<\/div>\n\t\t\t\t<div class=\"elementor-element elementor-element-a52369c elementor-widget elementor-widget-image\" data-id=\"a52369c\" data-element_type=\"widget\" data-widget_type=\"image.default\">\n\t\t\t\t<div class=\"elementor-widget-container\">\n\t\t\t\t\t\t\t\t\t\t\t\t\t\t\t\t<a href=\"https:\/\/novalaw.unl.pt\/en\/maria-miguel-oliveira-da-silva\/\">\n\t\t\t\t\t\t\t<img decoding=\"async\" src=\"https:\/\/novalaw.unl.pt\/wp-content\/uploads\/elementor\/thumbs\/SITE-docente-convidados-Maria-Miguel-qq806b8brlrnq979u3npgpy51pgwk64jidf57jd4kc.jpg\" title=\"SITE-docente-convidados-Maria-Miguel\" alt=\"SITE-docente-convidados-Maria-Miguel\" \/>\t\t\t\t\t\t\t\t<\/a>\n\t\t\t\t\t\t\t\t\t\t\t\t\t\t\t<\/div>\n\t\t\t\t<\/div>\n\t\t\t\t<div class=\"elementor-element elementor-element-502c2ef elementor-widget elementor-widget-heading\" data-id=\"502c2ef\" data-element_type=\"widget\" data-widget_type=\"heading.default\">\n\t\t\t\t<div class=\"elementor-widget-container\">\n\t\t\t<h3 class=\"elementor-heading-title elementor-size-default\"><a href=\"https:\/\/novalaw.unl.pt\/maria-miguel-oliveira-da-silva\/\">Maria Miguel Oliveira da Silva<\/a><\/h3>\t\t<\/div>\n\t\t\t\t<\/div>\n\t\t\t\t\t<\/div>\n\t\t<\/div>\n\t\t\t\t<div class=\"elementor-column elementor-col-20 elementor-inner-column elementor-element elementor-element-886951c\" data-id=\"886951c\" data-element_type=\"column\" data-settings=\"{&quot;animation&quot;:&quot;none&quot;}\">\n\t\t\t<div class=\"elementor-widget-wrap elementor-element-populated\">\n\t\t\t\t\t\t\t\t<div class=\"elementor-element elementor-element-ca102b9 elementor-widget elementor-widget-ekit_wb_28929\" data-id=\"ca102b9\" data-element_type=\"widget\" data-widget_type=\"ekit_wb_28929.default\">\n\t\t\t\t<div class=\"elementor-widget-container\">\n\t\t\t<h2 class=\"normal-titleh2 preto regular-text\"><\/h2>\n\t\t\t\t<\/div>\n\t\t\t\t<\/div>\n\t\t\t\t\t<\/div>\n\t\t<\/div>\n\t\t\t\t<div class=\"elementor-column elementor-col-20 elementor-inner-column elementor-element elementor-element-54641e4\" data-id=\"54641e4\" data-element_type=\"column\">\n\t\t\t<div class=\"elementor-widget-wrap\">\n\t\t\t\t\t\t\t\t\t<\/div>\n\t\t<\/div>\n\t\t\t\t\t\t\t<\/div>\n\t\t<\/section>\n\t\t\t\t\t<\/div>\n\t\t<\/div>\n\t\t\t\t\t\t\t<\/div>\n\t\t<\/section>\n\t\t\t\t<section class=\"elementor-section elementor-top-section elementor-element elementor-element-3aaa360 elementor-section-boxed elementor-section-height-default elementor-section-height-default\" data-id=\"3aaa360\" data-element_type=\"section\">\n\t\t\t\t\t\t<div class=\"elementor-container elementor-column-gap-default\">\n\t\t\t\t\t<div class=\"elementor-column elementor-col-100 elementor-top-column elementor-element elementor-element-da29e6e\" data-id=\"da29e6e\" data-element_type=\"column\">\n\t\t\t<div class=\"elementor-widget-wrap elementor-element-populated\">\n\t\t\t\t\t\t\t\t<section class=\"elementor-section elementor-inner-section elementor-element elementor-element-7983913 elementor-section-boxed elementor-section-height-default elementor-section-height-default\" data-id=\"7983913\" data-element_type=\"section\">\n\t\t\t\t\t\t<div class=\"elementor-container elementor-column-gap-default\">\n\t\t\t\t\t<div class=\"elementor-column elementor-col-50 elementor-inner-column elementor-element elementor-element-769a89a\" data-id=\"769a89a\" data-element_type=\"column\">\n\t\t\t<div class=\"elementor-widget-wrap\">\n\t\t\t\t\t\t\t\t\t<\/div>\n\t\t<\/div>\n\t\t\t\t<div class=\"elementor-column elementor-col-50 elementor-inner-column elementor-element elementor-element-30ee527\" data-id=\"30ee527\" data-element_type=\"column\">\n\t\t\t<div class=\"elementor-widget-wrap\">\n\t\t\t\t\t\t\t\t\t<\/div>\n\t\t<\/div>\n\t\t\t\t\t\t\t<\/div>\n\t\t<\/section>\n\t\t\t\t\t<\/div>\n\t\t<\/div>\n\t\t\t\t\t\t\t<\/div>\n\t\t<\/section>\n\t\t\t\t\t\t<\/div>\n\t\t\t\t\t<\/div>\n\t\t","protected":false},"excerpt":{"rendered":"<p>Chair of the Policy Centre for the United Nations Convention on the Rights of the Child \u201cHope For Children\u201d CRC Policy Centre The \u00abChair of the Policy Centre for the United Nations Convention on the Rights of the Child\u00bb (UNCRC Policy Centre Chair) is a scientific project that aims to promote knowledge in the field &hellip;<\/p>\n<p class=\"read-more\"> <a class=\"\" href=\"https:\/\/novalaw.unl.pt\/en\/chair-of-the-policy-centre-for-the-united-nations-convention-on-the-rights-of-the-child\/\"> <span class=\"screen-reader-text\">Chair of the Policy Centre for the United Nations Convention on the Rights of the Child<\/span> Read More &raquo;<\/a><\/p>\n","protected":false},"author":2,"featured_media":0,"parent":0,"menu_order":0,"comment_status":"closed","ping_status":"closed","template":"","meta":{"footnotes":""},"categories":[],"tags":[],"class_list":["post-69692","page","type-page","status-publish","hentry"],"yoast_head":"<!-- This site is optimized with the Yoast SEO Premium plugin v27.4 (Yoast SEO v27.4) - https:\/\/yoast.com\/product\/yoast-seo-premium-wordpress\/ -->\n<title>Chair of the Policy Centre for the United Nations Convention on the Rights of the Child - NOVA School of Law | Faculdade de Direito da Universidade NOVA de Lisboa<\/title>\n<meta name=\"robots\" content=\"index, follow, max-snippet:-1, max-image-preview:large, max-video-preview:-1\" \/>\n<link rel=\"canonical\" href=\"https:\/\/novalaw.unl.pt\/catedra-do-centro-de-politica-para-a-convencao-dos-direitos-da-crianca-das-nacoes-unidas\/\" \/>\n<meta property=\"og:locale\" content=\"en_US\" \/>\n<meta property=\"og:type\" content=\"article\" \/>\n<meta property=\"og:title\" content=\"Chair of the Policy Centre for the United Nations Convention on the Rights of the Child\" \/>\n<meta property=\"og:description\" content=\"Chair of the Policy Centre for the United Nations Convention on the Rights of the Child \u201cHope For Children\u201d CRC Policy Centre The \u00abChair of the Policy Centre for the United Nations Convention on the Rights of the Child\u00bb (UNCRC Policy Centre Chair) is a scientific project that aims to promote knowledge in the field &hellip; Chair of the Policy Centre for the United Nations Convention on the Rights of the Child Read More &raquo;\" \/>\n<meta property=\"og:url\" content=\"https:\/\/novalaw.unl.pt\/catedra-do-centro-de-politica-para-a-convencao-dos-direitos-da-crianca-das-nacoes-unidas\/\" \/>\n<meta property=\"og:site_name\" content=\"NOVA School of Law | Faculdade de Direito da Universidade NOVA de Lisboa\" \/>\n<meta property=\"article:modified_time\" content=\"2025-10-06T15:42:17+00:00\" \/>\n<meta property=\"og:image\" content=\"https:\/\/novalaw.unl.pt\/wp-content\/uploads\/2025\/10\/3853afe3-0a26-4f9b-b66b-aae4817aa574-576x1024.jpg\" \/>\n<meta name=\"twitter:card\" content=\"summary_large_image\" \/>\n<meta name=\"twitter:label1\" content=\"Est. reading time\" \/>\n\t<meta name=\"twitter:data1\" content=\"9 minutes\" \/>\n<script type=\"application\/ld+json\" class=\"yoast-schema-graph\">{\"@context\":\"https:\\\/\\\/schema.org\",\"@graph\":[{\"@type\":\"WebPage\",\"@id\":\"https:\\\/\\\/novalaw.unl.pt\\\/catedra-do-centro-de-politica-para-a-convencao-dos-direitos-da-crianca-das-nacoes-unidas\\\/\",\"url\":\"https:\\\/\\\/novalaw.unl.pt\\\/catedra-do-centro-de-politica-para-a-convencao-dos-direitos-da-crianca-das-nacoes-unidas\\\/\",\"name\":\"Chair of the Policy Centre for the United Nations Convention on the Rights of the Child - NOVA School of Law | Faculdade de Direito da Universidade NOVA de Lisboa\",\"isPartOf\":{\"@id\":\"https:\\\/\\\/novalaw.unl.pt\\\/#website\"},\"primaryImageOfPage\":{\"@id\":\"https:\\\/\\\/novalaw.unl.pt\\\/catedra-do-centro-de-politica-para-a-convencao-dos-direitos-da-crianca-das-nacoes-unidas\\\/#primaryimage\"},\"image\":{\"@id\":\"https:\\\/\\\/novalaw.unl.pt\\\/catedra-do-centro-de-politica-para-a-convencao-dos-direitos-da-crianca-das-nacoes-unidas\\\/#primaryimage\"},\"thumbnailUrl\":\"https:\\\/\\\/novalaw.unl.pt\\\/wp-content\\\/uploads\\\/2025\\\/10\\\/3853afe3-0a26-4f9b-b66b-aae4817aa574-576x1024.jpg\",\"datePublished\":\"2024-01-04T12:03:38+00:00\",\"dateModified\":\"2025-10-06T15:42:17+00:00\",\"breadcrumb\":{\"@id\":\"https:\\\/\\\/novalaw.unl.pt\\\/catedra-do-centro-de-politica-para-a-convencao-dos-direitos-da-crianca-das-nacoes-unidas\\\/#breadcrumb\"},\"inLanguage\":\"en-US\",\"potentialAction\":[{\"@type\":\"ReadAction\",\"target\":[\"https:\\\/\\\/novalaw.unl.pt\\\/catedra-do-centro-de-politica-para-a-convencao-dos-direitos-da-crianca-das-nacoes-unidas\\\/\"]}]},{\"@type\":\"ImageObject\",\"inLanguage\":\"en-US\",\"@id\":\"https:\\\/\\\/novalaw.unl.pt\\\/catedra-do-centro-de-politica-para-a-convencao-dos-direitos-da-crianca-das-nacoes-unidas\\\/#primaryimage\",\"url\":\"https:\\\/\\\/novalaw.unl.pt\\\/wp-content\\\/uploads\\\/2025\\\/10\\\/3853afe3-0a26-4f9b-b66b-aae4817aa574-576x1024.jpg\",\"contentUrl\":\"https:\\\/\\\/novalaw.unl.pt\\\/wp-content\\\/uploads\\\/2025\\\/10\\\/3853afe3-0a26-4f9b-b66b-aae4817aa574-576x1024.jpg\"},{\"@type\":\"BreadcrumbList\",\"@id\":\"https:\\\/\\\/novalaw.unl.pt\\\/catedra-do-centro-de-politica-para-a-convencao-dos-direitos-da-crianca-das-nacoes-unidas\\\/#breadcrumb\",\"itemListElement\":[{\"@type\":\"ListItem\",\"position\":1,\"name\":\"Home\",\"item\":\"https:\\\/\\\/novalaw.unl.pt\\\/en\\\/\"},{\"@type\":\"ListItem\",\"position\":2,\"name\":\"Chair of the Policy Centre for the United Nations Convention on the Rights of the Child\"}]},{\"@type\":\"WebSite\",\"@id\":\"https:\\\/\\\/novalaw.unl.pt\\\/#website\",\"url\":\"https:\\\/\\\/novalaw.unl.pt\\\/\",\"name\":\"NOVA School of Law | Faculdade de Direito da Universidade NOVA de Lisboa\",\"description\":\"NOVA School Of Law\",\"publisher\":{\"@id\":\"https:\\\/\\\/novalaw.unl.pt\\\/#organization\"},\"potentialAction\":[{\"@type\":\"SearchAction\",\"target\":{\"@type\":\"EntryPoint\",\"urlTemplate\":\"https:\\\/\\\/novalaw.unl.pt\\\/?s={search_term_string}\"},\"query-input\":{\"@type\":\"PropertyValueSpecification\",\"valueRequired\":true,\"valueName\":\"search_term_string\"}}],\"inLanguage\":\"en-US\"},{\"@type\":\"Organization\",\"@id\":\"https:\\\/\\\/novalaw.unl.pt\\\/#organization\",\"name\":\"NOVA School of Law\",\"url\":\"https:\\\/\\\/novalaw.unl.pt\\\/\",\"logo\":{\"@type\":\"ImageObject\",\"inLanguage\":\"en-US\",\"@id\":\"https:\\\/\\\/novalaw.unl.pt\\\/#\\\/schema\\\/logo\\\/image\\\/\",\"url\":\"https:\\\/\\\/novalaw.unl.pt\\\/wp-content\\\/uploads\\\/2021\\\/02\\\/logo-novalaw.svg\",\"contentUrl\":\"https:\\\/\\\/novalaw.unl.pt\\\/wp-content\\\/uploads\\\/2021\\\/02\\\/logo-novalaw.svg\",\"width\":991,\"height\":424,\"caption\":\"NOVA School of Law\"},\"image\":{\"@id\":\"https:\\\/\\\/novalaw.unl.pt\\\/#\\\/schema\\\/logo\\\/image\\\/\"}}]}<\/script>\n<!-- \/ Yoast SEO Premium plugin. -->","yoast_head_json":{"title":"Chair of the Policy Centre for the United Nations Convention on the Rights of the Child - NOVA School of Law | Faculdade de Direito da Universidade NOVA de Lisboa","robots":{"index":"index","follow":"follow","max-snippet":"max-snippet:-1","max-image-preview":"max-image-preview:large","max-video-preview":"max-video-preview:-1"},"canonical":"https:\/\/novalaw.unl.pt\/catedra-do-centro-de-politica-para-a-convencao-dos-direitos-da-crianca-das-nacoes-unidas\/","og_locale":"en_US","og_type":"article","og_title":"Chair of the Policy Centre for the United Nations Convention on the Rights of the Child","og_description":"Chair of the Policy Centre for the United Nations Convention on the Rights of the Child \u201cHope For Children\u201d CRC Policy Centre The \u00abChair of the Policy Centre for the United Nations Convention on the Rights of the Child\u00bb (UNCRC Policy Centre Chair) is a scientific project that aims to promote knowledge in the field &hellip; Chair of the Policy Centre for the United Nations Convention on the Rights of the Child Read More &raquo;","og_url":"https:\/\/novalaw.unl.pt\/catedra-do-centro-de-politica-para-a-convencao-dos-direitos-da-crianca-das-nacoes-unidas\/","og_site_name":"NOVA School of Law | Faculdade de Direito da Universidade NOVA de Lisboa","article_modified_time":"2025-10-06T15:42:17+00:00","og_image":[{"url":"https:\/\/novalaw.unl.pt\/wp-content\/uploads\/2025\/10\/3853afe3-0a26-4f9b-b66b-aae4817aa574-576x1024.jpg","type":"","width":"","height":""}],"twitter_card":"summary_large_image","twitter_misc":{"Est. reading time":"9 minutes"},"schema":{"@context":"https:\/\/schema.org","@graph":[{"@type":"WebPage","@id":"https:\/\/novalaw.unl.pt\/catedra-do-centro-de-politica-para-a-convencao-dos-direitos-da-crianca-das-nacoes-unidas\/","url":"https:\/\/novalaw.unl.pt\/catedra-do-centro-de-politica-para-a-convencao-dos-direitos-da-crianca-das-nacoes-unidas\/","name":"Chair of the Policy Centre for the United Nations Convention on the Rights of the Child - NOVA School of Law | Faculdade de Direito da Universidade NOVA de Lisboa","isPartOf":{"@id":"https:\/\/novalaw.unl.pt\/#website"},"primaryImageOfPage":{"@id":"https:\/\/novalaw.unl.pt\/catedra-do-centro-de-politica-para-a-convencao-dos-direitos-da-crianca-das-nacoes-unidas\/#primaryimage"},"image":{"@id":"https:\/\/novalaw.unl.pt\/catedra-do-centro-de-politica-para-a-convencao-dos-direitos-da-crianca-das-nacoes-unidas\/#primaryimage"},"thumbnailUrl":"https:\/\/novalaw.unl.pt\/wp-content\/uploads\/2025\/10\/3853afe3-0a26-4f9b-b66b-aae4817aa574-576x1024.jpg","datePublished":"2024-01-04T12:03:38+00:00","dateModified":"2025-10-06T15:42:17+00:00","breadcrumb":{"@id":"https:\/\/novalaw.unl.pt\/catedra-do-centro-de-politica-para-a-convencao-dos-direitos-da-crianca-das-nacoes-unidas\/#breadcrumb"},"inLanguage":"en-US","potentialAction":[{"@type":"ReadAction","target":["https:\/\/novalaw.unl.pt\/catedra-do-centro-de-politica-para-a-convencao-dos-direitos-da-crianca-das-nacoes-unidas\/"]}]},{"@type":"ImageObject","inLanguage":"en-US","@id":"https:\/\/novalaw.unl.pt\/catedra-do-centro-de-politica-para-a-convencao-dos-direitos-da-crianca-das-nacoes-unidas\/#primaryimage","url":"https:\/\/novalaw.unl.pt\/wp-content\/uploads\/2025\/10\/3853afe3-0a26-4f9b-b66b-aae4817aa574-576x1024.jpg","contentUrl":"https:\/\/novalaw.unl.pt\/wp-content\/uploads\/2025\/10\/3853afe3-0a26-4f9b-b66b-aae4817aa574-576x1024.jpg"},{"@type":"BreadcrumbList","@id":"https:\/\/novalaw.unl.pt\/catedra-do-centro-de-politica-para-a-convencao-dos-direitos-da-crianca-das-nacoes-unidas\/#breadcrumb","itemListElement":[{"@type":"ListItem","position":1,"name":"Home","item":"https:\/\/novalaw.unl.pt\/en\/"},{"@type":"ListItem","position":2,"name":"Chair of the Policy Centre for the United Nations Convention on the Rights of the Child"}]},{"@type":"WebSite","@id":"https:\/\/novalaw.unl.pt\/#website","url":"https:\/\/novalaw.unl.pt\/","name":"NOVA School of Law | Faculdade de Direito da Universidade NOVA de Lisboa","description":"NOVA School Of Law","publisher":{"@id":"https:\/\/novalaw.unl.pt\/#organization"},"potentialAction":[{"@type":"SearchAction","target":{"@type":"EntryPoint","urlTemplate":"https:\/\/novalaw.unl.pt\/?s={search_term_string}"},"query-input":{"@type":"PropertyValueSpecification","valueRequired":true,"valueName":"search_term_string"}}],"inLanguage":"en-US"},{"@type":"Organization","@id":"https:\/\/novalaw.unl.pt\/#organization","name":"NOVA School of Law","url":"https:\/\/novalaw.unl.pt\/","logo":{"@type":"ImageObject","inLanguage":"en-US","@id":"https:\/\/novalaw.unl.pt\/#\/schema\/logo\/image\/","url":"https:\/\/novalaw.unl.pt\/wp-content\/uploads\/2021\/02\/logo-novalaw.svg","contentUrl":"https:\/\/novalaw.unl.pt\/wp-content\/uploads\/2021\/02\/logo-novalaw.svg","width":991,"height":424,"caption":"NOVA School of Law"},"image":{"@id":"https:\/\/novalaw.unl.pt\/#\/schema\/logo\/image\/"}}]}},"novalaw_begin_date":"","novalaw_begin_date_en":"","novalaw_text":"","novalaw_tag":"","novalaw_tag_en":"","novalaw_link":"","novalaw_link_en":"","novalaw_end_date":"","novalaw_end_date_en":"","novalaw_date":"","novalaw_em_destaque":"","novalaw_tag_src":"","lang":"","_links":{"self":[{"href":"https:\/\/novalaw.unl.pt\/en\/wp-json\/wp\/v2\/pages\/69692","targetHints":{"allow":["GET"]}}],"collection":[{"href":"https:\/\/novalaw.unl.pt\/en\/wp-json\/wp\/v2\/pages"}],"about":[{"href":"https:\/\/novalaw.unl.pt\/en\/wp-json\/wp\/v2\/types\/page"}],"author":[{"embeddable":true,"href":"https:\/\/novalaw.unl.pt\/en\/wp-json\/wp\/v2\/users\/2"}],"replies":[{"embeddable":true,"href":"https:\/\/novalaw.unl.pt\/en\/wp-json\/wp\/v2\/comments?post=69692"}],"version-history":[{"count":28,"href":"https:\/\/novalaw.unl.pt\/en\/wp-json\/wp\/v2\/pages\/69692\/revisions"}],"predecessor-version":[{"id":101411,"href":"https:\/\/novalaw.unl.pt\/en\/wp-json\/wp\/v2\/pages\/69692\/revisions\/101411"}],"wp:attachment":[{"href":"https:\/\/novalaw.unl.pt\/en\/wp-json\/wp\/v2\/media?parent=69692"}],"wp:term":[{"taxonomy":"category","embeddable":true,"href":"https:\/\/novalaw.unl.pt\/en\/wp-json\/wp\/v2\/categories?post=69692"},{"taxonomy":"post_tag","embeddable":true,"href":"https:\/\/novalaw.unl.pt\/en\/wp-json\/wp\/v2\/tags?post=69692"}],"curies":[{"name":"wp","href":"https:\/\/api.w.org\/{rel}","templated":true}]}}