{"id":7557,"date":"2021-09-30T12:09:25","date_gmt":"2021-09-30T12:09:25","guid":{"rendered":"https:\/\/novalaw.unl.pt\/?page_id=7557"},"modified":"2025-01-09T12:23:31","modified_gmt":"2025-01-09T12:23:31","slug":"fabrizio-esposito","status":"publish","type":"page","link":"https:\/\/novalaw.unl.pt\/en\/fabrizio-esposito\/","title":{"rendered":"Fabrizio Esposito"},"content":{"rendered":"\t\t<div data-elementor-type=\"wp-page\" data-elementor-id=\"7557\" class=\"elementor elementor-7557\" data-elementor-settings=\"[]\">\n\t\t\t\t\t\t\t<div class=\"elementor-section-wrap\">\n\t\t\t\t\t\t\t<section class=\"elementor-section elementor-top-section elementor-element elementor-element-5d02c77d elementor-section-height-min-height elementor-section-boxed elementor-section-height-default elementor-section-items-middle\" data-id=\"5d02c77d\" data-element_type=\"section\">\n\t\t\t\t\t\t<div class=\"elementor-container elementor-column-gap-default\">\n\t\t\t\t\t<div class=\"elementor-column elementor-col-100 elementor-top-column elementor-element elementor-element-3e6c14dd\" data-id=\"3e6c14dd\" data-element_type=\"column\">\n\t\t\t<div class=\"elementor-widget-wrap elementor-element-populated\">\n\t\t\t\t\t\t\t\t<section class=\"elementor-section elementor-inner-section elementor-element elementor-element-651fd2d0 elementor-section-boxed elementor-section-height-default elementor-section-height-default\" data-id=\"651fd2d0\" data-element_type=\"section\">\n\t\t\t\t\t\t<div class=\"elementor-container elementor-column-gap-default\">\n\t\t\t\t\t<div class=\"elementor-column elementor-col-50 elementor-inner-column elementor-element elementor-element-3cbb9cc4\" data-id=\"3cbb9cc4\" data-element_type=\"column\">\n\t\t\t<div class=\"elementor-widget-wrap elementor-element-populated\">\n\t\t\t\t\t\t\t\t<div class=\"elementor-element elementor-element-1082ac1b elementor-widget elementor-widget-image\" data-id=\"1082ac1b\" data-element_type=\"widget\" data-widget_type=\"image.default\">\n\t\t\t\t<div class=\"elementor-widget-container\">\n\t\t\t\t\t\t\t\t\t\t\t\t\t\t\t<img loading=\"lazy\" decoding=\"async\" width=\"202\" height=\"202\" src=\"https:\/\/novalaw.unl.pt\/wp-content\/uploads\/2021\/08\/SITE_docentes-residentes-FABRIZIO-ESPOSITO.jpg\" class=\"attachment-large size-large\" alt=\"\" srcset=\"https:\/\/novalaw.unl.pt\/wp-content\/uploads\/2021\/08\/SITE_docentes-residentes-FABRIZIO-ESPOSITO.jpg 202w, https:\/\/novalaw.unl.pt\/wp-content\/uploads\/2021\/08\/SITE_docentes-residentes-FABRIZIO-ESPOSITO-150x150.jpg 150w, https:\/\/novalaw.unl.pt\/wp-content\/uploads\/2021\/08\/SITE_docentes-residentes-FABRIZIO-ESPOSITO-100x100.jpg 100w\" sizes=\"auto, (max-width: 202px) 100vw, 202px\" \/>\t\t\t\t\t\t\t\t\t\t\t\t\t\t\t<\/div>\n\t\t\t\t<\/div>\n\t\t\t\t\t<\/div>\n\t\t<\/div>\n\t\t\t\t<div class=\"elementor-column elementor-col-50 elementor-inner-column elementor-element elementor-element-5c2fae2b\" data-id=\"5c2fae2b\" data-element_type=\"column\">\n\t\t\t<div class=\"elementor-widget-wrap elementor-element-populated\">\n\t\t\t\t\t\t\t\t<div class=\"elementor-element elementor-element-56fd9cd3 elementor-widget elementor-widget-heading\" data-id=\"56fd9cd3\" data-element_type=\"widget\" data-widget_type=\"heading.default\">\n\t\t\t\t<div class=\"elementor-widget-container\">\n\t\t\t<h1 class=\"elementor-heading-title elementor-size-default\">Fabrizio Esposito<\/h1>\t\t<\/div>\n\t\t\t\t<\/div>\n\t\t\t\t<div class=\"elementor-element elementor-element-5dca5e85 elementor-widget elementor-widget-heading\" data-id=\"5dca5e85\" data-element_type=\"widget\" data-widget_type=\"heading.default\">\n\t\t\t\t<div class=\"elementor-widget-container\">\n\t\t\t<h3 class=\"elementor-heading-title elementor-size-default\">Associate Professor\n<\/h3>\t\t<\/div>\n\t\t\t\t<\/div>\n\t\t\t\t<div class=\"elementor-element elementor-element-db1b4c1 elementor-widget elementor-widget-ekit_wb_3521\" data-id=\"db1b4c1\" data-element_type=\"widget\" data-widget_type=\"ekit_wb_3521.default\">\n\t\t\t\t<div class=\"elementor-widget-container\">\n\t\t\t<a href=\"mailto:Fabrizio.Esposito@novalaw.unl.pt\" style=\"vertical-align: middle;\n    display: flex;\">\n    <span><svg xmlns=\"http:\/\/www.w3.org\/2000\/svg\" width=\"32\" height=\"32\" viewBox=\"0 0 32 32\" fill=\"none\"><g clip-path=\"url(#clip0)\"><path fill-rule=\"evenodd\" clip-rule=\"evenodd\" d=\"M13.4915 0.197933C10.3659 0.694111 7.45756 2.10609 5.13445 4.25529C2.81134 6.40449 1.17778 9.19436 0.440381 12.272C-0.297019 15.3497 -0.105136 18.577 0.991764 21.5456C2.08866 24.5142 4.0413 27.0908 6.60272 28.9496C9.16413 30.8084 12.2193 31.8658 15.3817 31.9881C18.5441 32.1104 21.6718 31.2921 24.3691 29.6367C27.0664 27.9813 29.2122 25.5632 30.5351 22.6881C31.858 19.8131 32.2986 16.6103 31.8011 13.4849C31.1342 9.29534 28.8308 5.54213 25.3973 3.05051C21.9638 0.558883 17.6813 -0.467177 13.4915 0.197933ZM24.5524 9.24141L16.9002 16.8936C15.8915 17.8953 15.5089 17.8605 14.5698 16.8936C13.6306 15.9266 7.16803 9.15793 7.16803 9.15793L24.5524 9.24141ZM6.43759 10.2501L12.3854 16.2188L6.43759 22.1527V10.2501ZM7.34194 23.1405L13.2411 17.2136C13.2411 17.2136 13.8463 17.8049 14.4237 18.3197C15.6063 19.3771 16.2045 19.551 17.5472 18.3197L18.7576 17.2136L24.7263 23.1892L7.34194 23.1405ZM25.5193 22.1597L19.5228 16.191L25.5541 10.2571L25.5193 22.1597Z\" fill=\"black\"><\/path><\/g><defs><clipPath id=\"clip0\"><rect width=\"32\" height=\"32\" fill=\"white\"><\/rect><\/clipPath><\/defs><\/svg><\/span>\n    <span style=\"margin:5px\">Fabrizio.Esposito@novalaw.unl.pt<\/span><\/a>\n\t\t\t\t<\/div>\n\t\t\t\t<\/div>\n\t\t\t\t<div class=\"elementor-element elementor-element-4704a877 elementor-absolute elementor-widget elementor-widget-text-editor\" data-id=\"4704a877\" data-element_type=\"widget\" data-settings=\"{&quot;_position&quot;:&quot;absolute&quot;}\" data-widget_type=\"text-editor.default\">\n\t\t\t\t<div class=\"elementor-widget-container\">\n\t\t\t\t\t\t\t<p><span class=\"tab-click\" style=\"color: #dd0036; font-weight: bold;\" data-target=\"nota-biografica\">Biographical Note<\/span> | <span class=\"tab-click\" data-target=\"experiencia\"> Pedagogical Experience <\/span>| <span class=\"tab-click\" data-target=\"publicacoes\">Main Publications<\/span> | <span class=\"tab-click\" data-target=\"investigacao\">Research Areas<\/span><\/p>\t\t\t\t\t\t<\/div>\n\t\t\t\t<\/div>\n\t\t\t\t\t<\/div>\n\t\t<\/div>\n\t\t\t\t\t\t\t<\/div>\n\t\t<\/section>\n\t\t\t\t\t<\/div>\n\t\t<\/div>\n\t\t\t\t\t\t\t<\/div>\n\t\t<\/section>\n\t\t\t\t<section class=\"elementor-section elementor-top-section elementor-element elementor-element-3d67f0b2 elementor-section-boxed elementor-section-height-default elementor-section-height-default\" data-id=\"3d67f0b2\" data-element_type=\"section\">\n\t\t\t\t\t\t<div class=\"elementor-container elementor-column-gap-default\">\n\t\t\t\t\t<div class=\"elementor-column elementor-col-100 elementor-top-column elementor-element elementor-element-42d7d8aa\" data-id=\"42d7d8aa\" data-element_type=\"column\">\n\t\t\t<div class=\"elementor-widget-wrap elementor-element-populated\">\n\t\t\t\t\t\t\t\t<div class=\"elementor-element elementor-element-3a5971f1 tabs-novalaw elementor-widget elementor-widget-text-editor\" data-id=\"3a5971f1\" data-element_type=\"widget\" id=\"nota-biografica\" data-widget_type=\"text-editor.default\">\n\t\t\t\t<div class=\"elementor-widget-container\">\n\t\t\t\t\t\t\t<p>Fabrizio Esposito is Associate Professor in Private Law at the NOVA School of Law, where he coordinates with Professor Orlando Scarcello the <a href=\"https:\/\/novalaw.unl.pt\/en\/masters-program-in-law-applied-to-technology-law-and-tech\/\">Master\u2019s in Law Applied to Technology (Law &amp; Tech)<\/a> and the <a href=\"https:\/\/novalaw.unl.pt\/en\/nova-data-driven-law\/\"><strong>Data-Driven Law Knowledge Centre<\/strong><\/a> with Professor Margarida Lima Rego. He is also Librarian Professor, and a member of the <a href=\"https:\/\/novaconsumerlab.fd.unl.pt\/\"><strong>NOVA Consumer Lab<\/strong><\/a>. Outside NOVA, Fabrizio coordinates the\u00a0<a href=\"https:\/\/metalawecon.wixsite.com\/metalawecon\/about-metalawecon\"><strong>MetaLawEcon network<\/strong><\/a> and is an analyst for <a href=\"https:\/\/eulawlive.com\/\"><strong>EU Law Live<\/strong><\/a>.<\/p><h5>Research<\/h5><p>His research focuses on the relationship between private law, economic law, EU law, economics and legal theory. He is particular interested in the intersect between consumer law, data protection, competition law, and sector specific legislation in addressing the challenges raised by technological developments in the <strong>attention economy<\/strong>. He is currently working on price personalization, and the use of theories of harm in consumer law with a special attention to consumer data collecion. Fabrizio is about to publish a monograph showing how to change the mainstream research paradigm at the intersect between law and economics by taking the <strong>consumer interest<\/strong> as core value in market regulation.<\/p><h5><strong><br \/><\/strong>Supervision<\/h5><p>Fabrizio encourages students interested in any of the above, and in particular interested in the legal structure of the attention economy to reach out and explore potential collaboration opportunities, starting with <strong>thesis supervision<\/strong>. Ambitious students who intend to produce publishable work in a peer-review journal and are considering interdisciplinary research and\/or to pursue an academic career are particularly encouraged to reach out.<\/p><h5><strong><br \/><\/strong>Education<\/h5><p>Fabrizio graduated in law at Bocconi University in 2011. After working for two years in civil and commercial litigation, he was admitted as a researcher at the <strong>European University Institute<\/strong>, where he obtained an LLM in Comparative, European and International Law (2015) and his PhD in 2018 after defending his dissertation, which opens new frontiers in research about law and economics.<\/p><h5><strong><br \/><\/strong>Previous positions<\/h5><p>Before joining the NOVA School of Law, Fabrizio was a Postdoctoral Fellow at the Edmond J. Safra Center for Ethics at Tel Aviv University and Postdoctoral Fellow at the Universit\u00e8 Catholique de Louvain, where he joined the PROSECO Project. He held visiting positions at the University of Helsinki and Pisa, and was a Global Visiting Fellow at UCLouvain.<\/p><h5><strong><br \/><\/strong>Publications<\/h5><p>Fabrizio publishes regularly in international journals such as: <em>Computer Law &amp; Security Review<\/em>, the <em>European Review of Contract Law<\/em>, the <em>Journal of Consumer Policy<\/em>, the <em>European Journal of Risk Regulation<\/em>, the <em>European Competition Journal<\/em>. He has co-edited two volumes:\u00a0<a href=\"https:\/\/www.e-elgar.com\/shop\/usd\/research-methods-in-consumer-law-9781785366604.html\"><strong>Research Methods in Consumer Law<\/strong><\/a>\u00a0(with H-W Micklitz and A-L Sibony; EE 2018) and\u00a0<a href=\"https:\/\/www.palgrave.com\/gp\/book\/9783030401672\"><strong>Economics in Legal Reasoning<\/strong><\/a>\u00a0(with P Cserne; Palgrave 2020). He was in charge of the legal theory section of the\u00a0<em>European Journal of Legal Studies<\/em>, writes twice per year for the\u00a0<em>European Review of Contract Law\u00a0<\/em>about recent developments in EU contract law<\/p>\t\t\t\t\t\t<\/div>\n\t\t\t\t<\/div>\n\t\t\t\t<div class=\"elementor-element elementor-element-2d0fa6b tabs-novalaw elementor-widget elementor-widget-text-editor\" data-id=\"2d0fa6b\" data-element_type=\"widget\" id=\"experiencia\" data-widget_type=\"text-editor.default\">\n\t\t\t\t<div class=\"elementor-widget-container\">\n\t\t\t\t\t\t\t<div class=\"comp-corpo-docente\"><div class=\"border border-black p-8 wysiwyg\"><p><strong>Bachelor\u2019s degree (1<\/strong><strong><sup>st<\/sup><\/strong><strong>\u00a0cycle)\u00a0<\/strong><\/p><ul><li>Behavioural Sciences in Law and in Politics\u00a0<\/li><li>Civil and Commercial Contracts<\/li><li>Legal Drafting<\/li><li>Law and Economics<\/li><li>Theory of the Norm (in Portuguese)<\/li><\/ul><p><strong>Master\u2019s degree (2<\/strong><strong><sup>nd<\/sup><\/strong><strong>\u00a0cycle)<\/strong><\/p><ul><li>Pragmatism, Law and Economics<\/li><li>Law and Economics Perspectives on The Role of Consumers In EU Law\u00a0<\/li><li>Economic Law<\/li><li>Law and Technology<\/li><li>Methodology of Legal Research<\/li><\/ul><p><strong>Doctoral school (3<\/strong><strong><sup>rd<\/sup><\/strong><strong>\u00a0cycle)<\/strong><\/p><ul><li>Justice and Efficiency\u00a0<\/li><li>Methodologies of Legal Analysis<\/li><\/ul><\/div><\/div>\t\t\t\t\t\t<\/div>\n\t\t\t\t<\/div>\n\t\t\t\t<div class=\"elementor-element elementor-element-68c82254 tabs-novalaw elementor-widget elementor-widget-text-editor\" data-id=\"68c82254\" data-element_type=\"widget\" id=\"publicacoes\" data-widget_type=\"text-editor.default\">\n\t\t\t\t<div class=\"elementor-widget-container\">\n\t\t\t\t\t\t\t<div class=\"comp-corpo-docente\"><div class=\"border border-black p-8 wysiwyg\"><p><strong>Monograph<\/strong><\/p><ul><li><em>&#8220;Law and Economics United in Diversity: Minimalism, Fairness, and Consumer Welfare in EU Antitrust and Consumer Law&#8221;<\/em>. 2018. Florence: European University Institute. Available here:\u00a0<a href=\"https:\/\/cadmus.eui.eu\/handle\/1814\/58544\"><strong>https:\/\/cadmus.eui.eu\/handle\/1814\/58544<\/strong><\/a><\/li><\/ul><p><strong>Edited volumes<\/strong><\/p><ul><li><em>&#8220;Economics in Legal Reasoning&#8221;<\/em>. 2020. Palgrave (with P Cserne)<\/li><li><em>&#8220;Research Methods in Consumer Law&#8221;<\/em>. 2018. Edward Elgar (with H-W Micklitz and A-L Sibony)<\/li><\/ul><p><strong>Main <\/strong><strong>Journal articles<\/strong><\/p><ul><li>\u201c<em>When Indicators Fail Electricity Policies: the Pitfalls of the EU\u2019s Retail Energy Market Barrier Index<\/em>\u201d. Forthcoming in <em>Energy Policy<\/em> (with Lucila de Almeida and Josehpine van der Zeben)<\/li><li>\u201c<em>The Consumer Benchmark, Vulnerability, and the Contract Terms Transparency. A Plea for Reconsideration<\/em>\u201d. Forthcoming in<em> European Review of Contract Law<\/em> (with Mateusz Grochowski)<\/li><li>\u201c<em>Ser\u00e1 que o Direito Portugu\u00eas confere melhor prote\u00e7\u00e3o aos consumidores vulner\u00e1veis que o Direito da Uni\u00e3o Europeia no contexto de cl\u00e1usulas abusivas em contratos de consumo? Uma an\u00e1lise jur\u00eddica e econ\u00f3mica<\/em>\u201d. Forthcoming in <em>Catolica Law Review<\/em> (with Leonor Gamboa Machado and Mateusz Grochowski)<\/li><li>\u201c<em>The GDPR Enshrines the Right to the Impersonal Price<\/em>\u201d. 2022. <em>Compute Law &amp; Security Review<\/em>, 45<\/li><li>\u201c<em>Towards a General Theory of Harm for Consumer Law<\/em>\u201d. 2021.\u00a0<em>Journal of Consumer Policy<\/em>, 44<\/li><li>\u201c<em>Dziubak Is a Fundamentally Wrong Decision: Superficial Reasoning, Disrespectful of National Courts, Lowers the Level of Consumer Protection<\/em>\u201d. 2020.\u00a0<em>European Review of Contract Law<\/em>, 16(4)<\/li><li>\u201c<em>Carrying the Choice Theory of Contracts Further: Transfers, Welfare, and the Size of the Community<\/em>\u201d. 2019. <em>European Review of Contract Law<\/em>, 15(3)<\/li><li>\u201c<em>On the Fitness Between Law and Economics\u2014Or Sunstein Between Posner and Calabresi<\/em>\u201d. 2019.\u00a0<em>Global Jurist<\/em>, 19(3)<\/li><li>\u201c<em>How The Behavioural Turn In Law And Economics Vindicates The New Haven School<\/em>\u201d.\u00a0<em>2017<\/em>.\u00a0<em>Oeconomia\u00a0<\/em>7(3)<\/li><li>\u201c<em>Alcune Note sui Disaccordi Teorico-Interdisciplinari del Diritto con l\u2019Economia<\/em>\u201d (Some Remarks on the Interdisciplinary Theoretical Disagreements of Law With Economics). 2017.\u00a0<em>Rivista Internazionale di Filosofia del Diritto<\/em>94(1). English and Spanish translations forthcoming in\u00a0<em>Latin America Legal Studies<\/em><\/li><li>\u201c<em>A Dismal Reality: Behavioural Analysis and Consumer Policy<\/em>\u201d. 2017.\u00a0<em>Journal of Consumer Policy<\/em>40(2)<\/li><li>\u201c<em>Nudge and the Law: Book Review<\/em>\u201d. 2015.\u00a0<em>Mente<\/em>28. Reprinted in\u00a0<em>European Journal of Risk Regulation<\/em>\u00a02\/2015<\/li><li>\u201c<em>A Fistful of Euros: EU Competition Policy and Reverse Payments in the Pharmaceutical Industry<\/em>\u201d. 2014.\u00a0<em>European Competition Journal<\/em>10(3) (with F Montanaro, Bocconi)\u00a0<\/li><\/ul><p><strong>Main <\/strong><strong>Chapters<\/strong><\/p><ul><li>\u201c<em>In Search of the Theory of Harm in EU Consumer Law: Lessons from the Consumer Fitness Check<\/em>\u201d. Forthcoming. In Mathis and Tor (eds.),\u00a0<em>Consumer Law and Economics in Europe<\/em>. Dordrecht: Springer (with A-L Sibony, UCLouvain)<\/li><li>\u201c<em>Reverse Engineering Legal Reasoning<\/em>\u201d. 2020. In Cserne and Esposito (eds.),\u00a0<em>Economics in Legal Reasoning<\/em>. Palgrave<\/li><li>\u201c<em>Economic Consequences as Legal Values: An Inferentialist Approach<\/em>\u201d. 2019. In Cserne and Malecka (eds.),\u00a0<em>Law and Economics as Interdisciplinary Exchange<\/em>. Routledge (with G Tuzet, Bocconi)<\/li><li>\u201c<em>In Search of a Grand Theory of European Private Law: Social Justice, Access Justice, Societal Justice and Energy Markets<\/em>\u201d. 2019. In Purnhagen, Almeida, Gamito, Durovik, (eds.),\u00a0<em>Transformation of Economic Law: In Honour of Hans-W Micklitz<\/em>. Hart (with L de Almeida, Wageningen University &amp; Research)<\/li><li>\u201c<em>Conceptual Foundations of the Behavioural Analysis of Consumer Law in Europe<\/em>\u201d. 2018. In Micklitz, Sibony, Esposito (eds.), Research Methods in Consumer Law. Cheltenham: Edward Elgar. Portuguese translation published as \u201cFundamentos Conceptuais na Doutrina do Direito do Consumo e das Ciencias Comportamentais\u201d. 2020.\u00a0<em>Anuario do NOVA Consumer Lab<\/em><\/li><\/ul><\/div><\/div>\t\t\t\t\t\t<\/div>\n\t\t\t\t<\/div>\n\t\t\t\t<div class=\"elementor-element elementor-element-55005355 tabs-novalaw elementor-widget elementor-widget-text-editor\" data-id=\"55005355\" data-element_type=\"widget\" id=\"investigacao\" data-widget_type=\"text-editor.default\">\n\t\t\t\t<div class=\"elementor-widget-container\">\n\t\t\t\t\t\t\t<ul><li>Law and economics<\/li><li>EU law<\/li><li>Consumer law<\/li><li>Economic law<\/li><li>Competition law<\/li><li>Data protection<\/li><li>Price personalisation<\/li><li>Attention economy<\/li><li>Legal reasoning<\/li><\/ul>\t\t\t\t\t\t<\/div>\n\t\t\t\t<\/div>\n\t\t\t\t\t<\/div>\n\t\t<\/div>\n\t\t\t\t\t\t\t<\/div>\n\t\t<\/section>\n\t\t\t\t<section class=\"elementor-section elementor-top-section elementor-element elementor-element-7189028 elementor-section-boxed elementor-section-height-default elementor-section-height-default\" data-id=\"7189028\" data-element_type=\"section\">\n\t\t\t\t\t\t<div class=\"elementor-container elementor-column-gap-default\">\n\t\t\t\t\t<div class=\"elementor-column elementor-col-100 elementor-top-column elementor-element elementor-element-472d02d\" data-id=\"472d02d\" data-element_type=\"column\" data-settings=\"{&quot;background_background&quot;:&quot;classic&quot;}\">\n\t\t\t<div class=\"elementor-widget-wrap elementor-element-populated\">\n\t\t\t\t\t\t\t\t<section class=\"elementor-section elementor-inner-section elementor-element elementor-element-8e530d7 elementor-section-boxed elementor-section-height-default elementor-section-height-default\" data-id=\"8e530d7\" data-element_type=\"section\">\n\t\t\t\t\t\t<div class=\"elementor-container elementor-column-gap-default\">\n\t\t\t\t\t<div class=\"elementor-column elementor-col-50 elementor-inner-column elementor-element elementor-element-712b917\" data-id=\"712b917\" data-element_type=\"column\">\n\t\t\t<div class=\"elementor-widget-wrap elementor-element-populated\">\n\t\t\t\t\t\t\t\t<div class=\"elementor-element elementor-element-01e415f elementor-widget elementor-widget-text-editor\" data-id=\"01e415f\" data-element_type=\"widget\" data-widget_type=\"text-editor.default\">\n\t\t\t\t<div class=\"elementor-widget-container\">\n\t\t\t\t\t\t\t<p><span style=\"font-weight: bold;\">Students Assistance Service:<\/span><br \/>Monday from 12p.m. to 2p.m.<br \/>Friday from 8a.m. to 10a.m.<br \/>(Registrations by email)<\/p>\t\t\t\t\t\t<\/div>\n\t\t\t\t<\/div>\n\t\t\t\t\t<\/div>\n\t\t<\/div>\n\t\t\t\t<div class=\"elementor-column elementor-col-50 elementor-inner-column elementor-element elementor-element-155388c\" data-id=\"155388c\" data-element_type=\"column\">\n\t\t\t<div class=\"elementor-widget-wrap elementor-element-populated\">\n\t\t\t\t\t\t\t\t<div class=\"elementor-element elementor-element-01343e2 elementor-widget elementor-widget-text-editor\" data-id=\"01343e2\" data-element_type=\"widget\" data-widget_type=\"text-editor.default\">\n\t\t\t\t<div class=\"elementor-widget-container\">\n\t\t\t\t\t\t\t<p><span style=\"text-decoration: underline; color: #f80000;\"><a style=\"color: #f80000; text-decoration: underline;\" href=\"https:\/\/uclouvain.academia.edu\/FabrizioEsposito\"><strong>Academia.edu <\/strong><\/a><\/span><br \/><span style=\"text-decoration: underline; color: #f80000;\"><strong><a style=\"color: #f80000; text-decoration: underline;\" href=\"https:\/\/www.researchgate.net\/profile\/Fabrizio_Esposito6\">Researchgate<\/a> <\/strong><\/span><br \/><span style=\"text-decoration: underline; color: #f80000;\"><a style=\"color: #f80000; text-decoration: underline;\" href=\"https:\/\/scholar.google.it\/citations?hl=en&amp;user=PWw4LREAAAAJ\"><strong> Google Scholar<\/strong><\/a><\/span><br \/><span style=\"text-decoration: underline; color: #f80000;\"><a style=\"color: #f80000; text-decoration: underline;\" href=\"https:\/\/papers.ssrn.com\/sol3\/cf_dev\/AbsByAuth.cfm?per_id=2188351\"><strong>SSRN<\/strong><\/a><\/span><br \/><span style=\"text-decoration: underline; color: #f80000;\"><strong><a style=\"color: #f80000; text-decoration: underline;\" href=\"https:\/\/twitter.com\/espositofabriz\">Twitter<\/a><\/strong><\/span><\/p>\t\t\t\t\t\t<\/div>\n\t\t\t\t<\/div>\n\t\t\t\t\t<\/div>\n\t\t<\/div>\n\t\t\t\t\t\t\t<\/div>\n\t\t<\/section>\n\t\t\t\t\t<\/div>\n\t\t<\/div>\n\t\t\t\t\t\t\t<\/div>\n\t\t<\/section>\n\t\t\t\t<section class=\"elementor-section elementor-top-section elementor-element elementor-element-270ea817 elementor-section-height-min-height elementor-section-boxed elementor-section-height-default elementor-section-items-middle\" data-id=\"270ea817\" data-element_type=\"section\">\n\t\t\t\t\t\t<div class=\"elementor-container elementor-column-gap-default\">\n\t\t\t\t\t<div class=\"elementor-column elementor-col-100 elementor-top-column elementor-element elementor-element-5b843c8f\" data-id=\"5b843c8f\" data-element_type=\"column\">\n\t\t\t<div class=\"elementor-widget-wrap\">\n\t\t\t\t\t\t\t\t\t<\/div>\n\t\t<\/div>\n\t\t\t\t\t\t\t<\/div>\n\t\t<\/section>\n\t\t\t\t\t\t<\/div>\n\t\t\t\t\t<\/div>\n\t\t","protected":false},"excerpt":{"rendered":"<p>Fabrizio Esposito Associate Professor Fabrizio.Esposito@novalaw.unl.pt Biographical Note | Pedagogical Experience | Main Publications | Research Areas Fabrizio Esposito is Associate Professor in Private Law at the NOVA School of Law, where he coordinates with Professor Orlando Scarcello the Master\u2019s in Law Applied to Technology (Law &amp; Tech) and the Data-Driven Law Knowledge Centre with Professor &hellip;<\/p>\n<p class=\"read-more\"> <a class=\"\" href=\"https:\/\/novalaw.unl.pt\/en\/fabrizio-esposito\/\"> <span class=\"screen-reader-text\">Fabrizio Esposito<\/span> Read More &raquo;<\/a><\/p>\n","protected":false},"author":2,"featured_media":0,"parent":0,"menu_order":332,"comment_status":"closed","ping_status":"closed","template":"","meta":{"footnotes":""},"categories":[],"tags":[],"class_list":["post-7557","page","type-page","status-publish","hentry"],"yoast_head":"<!-- This site is optimized with the Yoast SEO Premium plugin v27.4 (Yoast SEO v27.4) - https:\/\/yoast.com\/product\/yoast-seo-premium-wordpress\/ -->\n<title>Fabrizio Esposito - NOVA School of Law | Faculdade de Direito da Universidade NOVA de Lisboa<\/title>\n<meta name=\"robots\" content=\"index, follow, max-snippet:-1, max-image-preview:large, max-video-preview:-1\" \/>\n<link rel=\"canonical\" href=\"https:\/\/novalaw.unl.pt\/en\/fabrizio-esposito\/\" \/>\n<meta property=\"og:locale\" content=\"en_US\" \/>\n<meta property=\"og:type\" content=\"article\" \/>\n<meta property=\"og:title\" content=\"Fabrizio Esposito\" \/>\n<meta property=\"og:description\" content=\"Fabrizio Esposito Associate Professor Fabrizio.Esposito@novalaw.unl.pt Biographical Note | Pedagogical Experience | Main Publications | Research Areas Fabrizio Esposito is Associate Professor in Private Law at the NOVA School of Law, where he coordinates with Professor Orlando Scarcello the Master\u2019s in Law Applied to Technology (Law &amp; Tech) and the Data-Driven Law Knowledge Centre with Professor &hellip; Fabrizio Esposito Read More &raquo;\" \/>\n<meta property=\"og:url\" content=\"https:\/\/novalaw.unl.pt\/en\/fabrizio-esposito\/\" \/>\n<meta property=\"og:site_name\" content=\"NOVA School of Law | Faculdade de Direito da Universidade NOVA de Lisboa\" \/>\n<meta property=\"article:modified_time\" content=\"2025-01-09T12:23:31+00:00\" \/>\n<meta property=\"og:image\" content=\"https:\/\/novalaw.unl.pt\/wp-content\/uploads\/2021\/08\/SITE_docentes-residentes-FABRIZIO-ESPOSITO.jpg\" \/>\n<meta name=\"twitter:card\" content=\"summary_large_image\" \/>\n<meta name=\"twitter:label1\" content=\"Est. reading time\" \/>\n\t<meta name=\"twitter:data1\" content=\"6 minutes\" \/>\n<script type=\"application\/ld+json\" class=\"yoast-schema-graph\">{\"@context\":\"https:\\\/\\\/schema.org\",\"@graph\":[{\"@type\":\"WebPage\",\"@id\":\"https:\\\/\\\/novalaw.unl.pt\\\/en\\\/fabrizio-esposito\\\/\",\"url\":\"https:\\\/\\\/novalaw.unl.pt\\\/en\\\/fabrizio-esposito\\\/\",\"name\":\"Fabrizio Esposito - NOVA School of Law | Faculdade de Direito da Universidade NOVA de Lisboa\",\"isPartOf\":{\"@id\":\"https:\\\/\\\/novalaw.unl.pt\\\/#website\"},\"primaryImageOfPage\":{\"@id\":\"https:\\\/\\\/novalaw.unl.pt\\\/en\\\/fabrizio-esposito\\\/#primaryimage\"},\"image\":{\"@id\":\"https:\\\/\\\/novalaw.unl.pt\\\/en\\\/fabrizio-esposito\\\/#primaryimage\"},\"thumbnailUrl\":\"https:\\\/\\\/novalaw.unl.pt\\\/wp-content\\\/uploads\\\/2021\\\/08\\\/SITE_docentes-residentes-FABRIZIO-ESPOSITO.jpg\",\"datePublished\":\"2021-09-30T12:09:25+00:00\",\"dateModified\":\"2025-01-09T12:23:31+00:00\",\"breadcrumb\":{\"@id\":\"https:\\\/\\\/novalaw.unl.pt\\\/en\\\/fabrizio-esposito\\\/#breadcrumb\"},\"inLanguage\":\"en-US\",\"potentialAction\":[{\"@type\":\"ReadAction\",\"target\":[\"https:\\\/\\\/novalaw.unl.pt\\\/en\\\/fabrizio-esposito\\\/\"]}]},{\"@type\":\"ImageObject\",\"inLanguage\":\"en-US\",\"@id\":\"https:\\\/\\\/novalaw.unl.pt\\\/en\\\/fabrizio-esposito\\\/#primaryimage\",\"url\":\"https:\\\/\\\/novalaw.unl.pt\\\/wp-content\\\/uploads\\\/2021\\\/08\\\/SITE_docentes-residentes-FABRIZIO-ESPOSITO.jpg\",\"contentUrl\":\"https:\\\/\\\/novalaw.unl.pt\\\/wp-content\\\/uploads\\\/2021\\\/08\\\/SITE_docentes-residentes-FABRIZIO-ESPOSITO.jpg\"},{\"@type\":\"BreadcrumbList\",\"@id\":\"https:\\\/\\\/novalaw.unl.pt\\\/en\\\/fabrizio-esposito\\\/#breadcrumb\",\"itemListElement\":[{\"@type\":\"ListItem\",\"position\":1,\"name\":\"Home\",\"item\":\"https:\\\/\\\/novalaw.unl.pt\\\/en\\\/\"},{\"@type\":\"ListItem\",\"position\":2,\"name\":\"Fabrizio Esposito\"}]},{\"@type\":\"WebSite\",\"@id\":\"https:\\\/\\\/novalaw.unl.pt\\\/#website\",\"url\":\"https:\\\/\\\/novalaw.unl.pt\\\/\",\"name\":\"NOVA School of Law | Faculdade de Direito da Universidade NOVA de Lisboa\",\"description\":\"NOVA School Of Law\",\"publisher\":{\"@id\":\"https:\\\/\\\/novalaw.unl.pt\\\/#organization\"},\"potentialAction\":[{\"@type\":\"SearchAction\",\"target\":{\"@type\":\"EntryPoint\",\"urlTemplate\":\"https:\\\/\\\/novalaw.unl.pt\\\/?s={search_term_string}\"},\"query-input\":{\"@type\":\"PropertyValueSpecification\",\"valueRequired\":true,\"valueName\":\"search_term_string\"}}],\"inLanguage\":\"en-US\"},{\"@type\":\"Organization\",\"@id\":\"https:\\\/\\\/novalaw.unl.pt\\\/#organization\",\"name\":\"NOVA School of Law\",\"url\":\"https:\\\/\\\/novalaw.unl.pt\\\/\",\"logo\":{\"@type\":\"ImageObject\",\"inLanguage\":\"en-US\",\"@id\":\"https:\\\/\\\/novalaw.unl.pt\\\/#\\\/schema\\\/logo\\\/image\\\/\",\"url\":\"https:\\\/\\\/novalaw.unl.pt\\\/wp-content\\\/uploads\\\/2021\\\/02\\\/logo-novalaw.svg\",\"contentUrl\":\"https:\\\/\\\/novalaw.unl.pt\\\/wp-content\\\/uploads\\\/2021\\\/02\\\/logo-novalaw.svg\",\"width\":991,\"height\":424,\"caption\":\"NOVA School of Law\"},\"image\":{\"@id\":\"https:\\\/\\\/novalaw.unl.pt\\\/#\\\/schema\\\/logo\\\/image\\\/\"}}]}<\/script>\n<!-- \/ Yoast SEO Premium plugin. -->","yoast_head_json":{"title":"Fabrizio Esposito - NOVA School of Law | Faculdade de Direito da Universidade NOVA de Lisboa","robots":{"index":"index","follow":"follow","max-snippet":"max-snippet:-1","max-image-preview":"max-image-preview:large","max-video-preview":"max-video-preview:-1"},"canonical":"https:\/\/novalaw.unl.pt\/en\/fabrizio-esposito\/","og_locale":"en_US","og_type":"article","og_title":"Fabrizio Esposito","og_description":"Fabrizio Esposito Associate Professor Fabrizio.Esposito@novalaw.unl.pt Biographical Note | Pedagogical Experience | Main Publications | Research Areas Fabrizio Esposito is Associate Professor in Private Law at the NOVA School of Law, where he coordinates with Professor Orlando Scarcello the Master\u2019s in Law Applied to Technology (Law &amp; Tech) and the Data-Driven Law Knowledge Centre with Professor &hellip; Fabrizio Esposito Read More &raquo;","og_url":"https:\/\/novalaw.unl.pt\/en\/fabrizio-esposito\/","og_site_name":"NOVA School of Law | Faculdade de Direito da Universidade NOVA de Lisboa","article_modified_time":"2025-01-09T12:23:31+00:00","og_image":[{"url":"https:\/\/novalaw.unl.pt\/wp-content\/uploads\/2021\/08\/SITE_docentes-residentes-FABRIZIO-ESPOSITO.jpg","type":"","width":"","height":""}],"twitter_card":"summary_large_image","twitter_misc":{"Est. reading time":"6 minutes"},"schema":{"@context":"https:\/\/schema.org","@graph":[{"@type":"WebPage","@id":"https:\/\/novalaw.unl.pt\/en\/fabrizio-esposito\/","url":"https:\/\/novalaw.unl.pt\/en\/fabrizio-esposito\/","name":"Fabrizio Esposito - NOVA School of Law | Faculdade de Direito da Universidade NOVA de Lisboa","isPartOf":{"@id":"https:\/\/novalaw.unl.pt\/#website"},"primaryImageOfPage":{"@id":"https:\/\/novalaw.unl.pt\/en\/fabrizio-esposito\/#primaryimage"},"image":{"@id":"https:\/\/novalaw.unl.pt\/en\/fabrizio-esposito\/#primaryimage"},"thumbnailUrl":"https:\/\/novalaw.unl.pt\/wp-content\/uploads\/2021\/08\/SITE_docentes-residentes-FABRIZIO-ESPOSITO.jpg","datePublished":"2021-09-30T12:09:25+00:00","dateModified":"2025-01-09T12:23:31+00:00","breadcrumb":{"@id":"https:\/\/novalaw.unl.pt\/en\/fabrizio-esposito\/#breadcrumb"},"inLanguage":"en-US","potentialAction":[{"@type":"ReadAction","target":["https:\/\/novalaw.unl.pt\/en\/fabrizio-esposito\/"]}]},{"@type":"ImageObject","inLanguage":"en-US","@id":"https:\/\/novalaw.unl.pt\/en\/fabrizio-esposito\/#primaryimage","url":"https:\/\/novalaw.unl.pt\/wp-content\/uploads\/2021\/08\/SITE_docentes-residentes-FABRIZIO-ESPOSITO.jpg","contentUrl":"https:\/\/novalaw.unl.pt\/wp-content\/uploads\/2021\/08\/SITE_docentes-residentes-FABRIZIO-ESPOSITO.jpg"},{"@type":"BreadcrumbList","@id":"https:\/\/novalaw.unl.pt\/en\/fabrizio-esposito\/#breadcrumb","itemListElement":[{"@type":"ListItem","position":1,"name":"Home","item":"https:\/\/novalaw.unl.pt\/en\/"},{"@type":"ListItem","position":2,"name":"Fabrizio Esposito"}]},{"@type":"WebSite","@id":"https:\/\/novalaw.unl.pt\/#website","url":"https:\/\/novalaw.unl.pt\/","name":"NOVA School of Law | Faculdade de Direito da Universidade NOVA de Lisboa","description":"NOVA School Of Law","publisher":{"@id":"https:\/\/novalaw.unl.pt\/#organization"},"potentialAction":[{"@type":"SearchAction","target":{"@type":"EntryPoint","urlTemplate":"https:\/\/novalaw.unl.pt\/?s={search_term_string}"},"query-input":{"@type":"PropertyValueSpecification","valueRequired":true,"valueName":"search_term_string"}}],"inLanguage":"en-US"},{"@type":"Organization","@id":"https:\/\/novalaw.unl.pt\/#organization","name":"NOVA School of Law","url":"https:\/\/novalaw.unl.pt\/","logo":{"@type":"ImageObject","inLanguage":"en-US","@id":"https:\/\/novalaw.unl.pt\/#\/schema\/logo\/image\/","url":"https:\/\/novalaw.unl.pt\/wp-content\/uploads\/2021\/02\/logo-novalaw.svg","contentUrl":"https:\/\/novalaw.unl.pt\/wp-content\/uploads\/2021\/02\/logo-novalaw.svg","width":991,"height":424,"caption":"NOVA School of Law"},"image":{"@id":"https:\/\/novalaw.unl.pt\/#\/schema\/logo\/image\/"}}]}},"novalaw_begin_date":"","novalaw_begin_date_en":"","novalaw_text":"","novalaw_tag":"","novalaw_tag_en":"","novalaw_link":"","novalaw_link_en":"","novalaw_end_date":"","novalaw_end_date_en":"","novalaw_date":"","novalaw_em_destaque":"","novalaw_tag_src":"","lang":"","_links":{"self":[{"href":"https:\/\/novalaw.unl.pt\/en\/wp-json\/wp\/v2\/pages\/7557","targetHints":{"allow":["GET"]}}],"collection":[{"href":"https:\/\/novalaw.unl.pt\/en\/wp-json\/wp\/v2\/pages"}],"about":[{"href":"https:\/\/novalaw.unl.pt\/en\/wp-json\/wp\/v2\/types\/page"}],"author":[{"embeddable":true,"href":"https:\/\/novalaw.unl.pt\/en\/wp-json\/wp\/v2\/users\/2"}],"replies":[{"embeddable":true,"href":"https:\/\/novalaw.unl.pt\/en\/wp-json\/wp\/v2\/comments?post=7557"}],"version-history":[{"count":28,"href":"https:\/\/novalaw.unl.pt\/en\/wp-json\/wp\/v2\/pages\/7557\/revisions"}],"predecessor-version":[{"id":89272,"href":"https:\/\/novalaw.unl.pt\/en\/wp-json\/wp\/v2\/pages\/7557\/revisions\/89272"}],"wp:attachment":[{"href":"https:\/\/novalaw.unl.pt\/en\/wp-json\/wp\/v2\/media?parent=7557"}],"wp:term":[{"taxonomy":"category","embeddable":true,"href":"https:\/\/novalaw.unl.pt\/en\/wp-json\/wp\/v2\/categories?post=7557"},{"taxonomy":"post_tag","embeddable":true,"href":"https:\/\/novalaw.unl.pt\/en\/wp-json\/wp\/v2\/tags?post=7557"}],"curies":[{"name":"wp","href":"https:\/\/api.w.org\/{rel}","templated":true}]}}