{"id":7565,"date":"2021-09-30T12:35:23","date_gmt":"2021-09-30T12:35:23","guid":{"rendered":"https:\/\/novalaw.unl.pt\/?page_id=7565"},"modified":"2025-08-28T16:16:56","modified_gmt":"2025-08-28T16:16:56","slug":"francisco-pereira-coutinho","status":"publish","type":"page","link":"https:\/\/novalaw.unl.pt\/en\/francisco-pereira-coutinho\/","title":{"rendered":"Francisco Pereira Coutinho"},"content":{"rendered":"\t\t<div data-elementor-type=\"wp-page\" data-elementor-id=\"7565\" class=\"elementor elementor-7565\" data-elementor-settings=\"[]\">\n\t\t\t\t\t\t\t<div class=\"elementor-section-wrap\">\n\t\t\t\t\t\t\t<section class=\"elementor-section elementor-top-section elementor-element elementor-element-4fa19666 elementor-section-height-min-height elementor-section-boxed elementor-section-height-default elementor-section-items-middle\" data-id=\"4fa19666\" data-element_type=\"section\">\n\t\t\t\t\t\t<div class=\"elementor-container elementor-column-gap-default\">\n\t\t\t\t\t<div class=\"elementor-column elementor-col-100 elementor-top-column elementor-element elementor-element-7d8e7362\" data-id=\"7d8e7362\" data-element_type=\"column\">\n\t\t\t<div class=\"elementor-widget-wrap elementor-element-populated\">\n\t\t\t\t\t\t\t\t<section class=\"elementor-section elementor-inner-section elementor-element elementor-element-2d9fa861 elementor-section-boxed elementor-section-height-default elementor-section-height-default\" data-id=\"2d9fa861\" data-element_type=\"section\">\n\t\t\t\t\t\t<div class=\"elementor-container elementor-column-gap-default\">\n\t\t\t\t\t<div class=\"elementor-column elementor-col-50 elementor-inner-column elementor-element elementor-element-652ca557\" data-id=\"652ca557\" data-element_type=\"column\">\n\t\t\t<div class=\"elementor-widget-wrap elementor-element-populated\">\n\t\t\t\t\t\t\t\t<div class=\"elementor-element elementor-element-3ea01832 elementor-widget elementor-widget-image\" data-id=\"3ea01832\" data-element_type=\"widget\" data-widget_type=\"image.default\">\n\t\t\t\t<div class=\"elementor-widget-container\">\n\t\t\t\t\t\t\t\t\t\t\t\t\t\t\t<img loading=\"lazy\" decoding=\"async\" width=\"202\" height=\"202\" src=\"https:\/\/novalaw.unl.pt\/wp-content\/uploads\/2021\/08\/SITE_docentes-residentes-FRANCISCO-COUTINHO.jpg\" class=\"attachment-large size-large\" alt=\"\" srcset=\"https:\/\/novalaw.unl.pt\/wp-content\/uploads\/2021\/08\/SITE_docentes-residentes-FRANCISCO-COUTINHO.jpg 202w, https:\/\/novalaw.unl.pt\/wp-content\/uploads\/2021\/08\/SITE_docentes-residentes-FRANCISCO-COUTINHO-150x150.jpg 150w, https:\/\/novalaw.unl.pt\/wp-content\/uploads\/2021\/08\/SITE_docentes-residentes-FRANCISCO-COUTINHO-100x100.jpg 100w\" sizes=\"auto, (max-width: 202px) 100vw, 202px\" \/>\t\t\t\t\t\t\t\t\t\t\t\t\t\t\t<\/div>\n\t\t\t\t<\/div>\n\t\t\t\t\t<\/div>\n\t\t<\/div>\n\t\t\t\t<div class=\"elementor-column elementor-col-50 elementor-inner-column elementor-element elementor-element-7ccfd110\" data-id=\"7ccfd110\" data-element_type=\"column\">\n\t\t\t<div class=\"elementor-widget-wrap elementor-element-populated\">\n\t\t\t\t\t\t\t\t<div class=\"elementor-element elementor-element-35ce1beb elementor-widget elementor-widget-heading\" data-id=\"35ce1beb\" data-element_type=\"widget\" data-widget_type=\"heading.default\">\n\t\t\t\t<div class=\"elementor-widget-container\">\n\t\t\t<h1 class=\"elementor-heading-title elementor-size-xl\">Francisco Pereira Coutinho<\/h1>\t\t<\/div>\n\t\t\t\t<\/div>\n\t\t\t\t<div class=\"elementor-element elementor-element-18702001 elementor-widget elementor-widget-heading\" data-id=\"18702001\" data-element_type=\"widget\" data-widget_type=\"heading.default\">\n\t\t\t\t<div class=\"elementor-widget-container\">\n\t\t\t<h3 class=\"elementor-heading-title elementor-size-small\">Full Professor<\/h3>\t\t<\/div>\n\t\t\t\t<\/div>\n\t\t\t\t<div class=\"elementor-element elementor-element-7b07771 elementor-widget elementor-widget-ekit_wb_3521\" data-id=\"7b07771\" data-element_type=\"widget\" data-widget_type=\"ekit_wb_3521.default\">\n\t\t\t\t<div class=\"elementor-widget-container\">\n\t\t\t<a href=\"mailto:fpereiracoutinho@novalaw.unl.pt\" style=\"vertical-align: middle;\n    display: flex;\">\n    <span><svg xmlns=\"http:\/\/www.w3.org\/2000\/svg\" width=\"32\" height=\"32\" viewBox=\"0 0 32 32\" fill=\"none\"><g clip-path=\"url(#clip0)\"><path fill-rule=\"evenodd\" clip-rule=\"evenodd\" d=\"M13.4915 0.197933C10.3659 0.694111 7.45756 2.10609 5.13445 4.25529C2.81134 6.40449 1.17778 9.19436 0.440381 12.272C-0.297019 15.3497 -0.105136 18.577 0.991764 21.5456C2.08866 24.5142 4.0413 27.0908 6.60272 28.9496C9.16413 30.8084 12.2193 31.8658 15.3817 31.9881C18.5441 32.1104 21.6718 31.2921 24.3691 29.6367C27.0664 27.9813 29.2122 25.5632 30.5351 22.6881C31.858 19.8131 32.2986 16.6103 31.8011 13.4849C31.1342 9.29534 28.8308 5.54213 25.3973 3.05051C21.9638 0.558883 17.6813 -0.467177 13.4915 0.197933ZM24.5524 9.24141L16.9002 16.8936C15.8915 17.8953 15.5089 17.8605 14.5698 16.8936C13.6306 15.9266 7.16803 9.15793 7.16803 9.15793L24.5524 9.24141ZM6.43759 10.2501L12.3854 16.2188L6.43759 22.1527V10.2501ZM7.34194 23.1405L13.2411 17.2136C13.2411 17.2136 13.8463 17.8049 14.4237 18.3197C15.6063 19.3771 16.2045 19.551 17.5472 18.3197L18.7576 17.2136L24.7263 23.1892L7.34194 23.1405ZM25.5193 22.1597L19.5228 16.191L25.5541 10.2571L25.5193 22.1597Z\" fill=\"black\"><\/path><\/g><defs><clipPath id=\"clip0\"><rect width=\"32\" height=\"32\" fill=\"white\"><\/rect><\/clipPath><\/defs><\/svg><\/span>\n    <span style=\"margin:5px\">fpereiracoutinho@novalaw.unl.pt<\/span><\/a>\n\t\t\t\t<\/div>\n\t\t\t\t<\/div>\n\t\t\t\t<div class=\"elementor-element elementor-element-175955d0 elementor-absolute elementor-widget elementor-widget-text-editor\" data-id=\"175955d0\" data-element_type=\"widget\" data-settings=\"{&quot;_position&quot;:&quot;absolute&quot;}\" data-widget_type=\"text-editor.default\">\n\t\t\t\t<div class=\"elementor-widget-container\">\n\t\t\t\t\t\t\t<p><span class=\"tab-click\" style=\"color: #dd0036; font-weight: bold;\" data-target=\"nota-biografica\">Biographical Note<\/span> | <span class=\"tab-click\" data-target=\"experiencia\"> Pedagogical Experience <\/span>| <span class=\"tab-click\" data-target=\"publicacoes\">Main Publications<\/span> | <span class=\"tab-click\" data-target=\"investigacao\">Research Areas<\/span><\/p>\t\t\t\t\t\t<\/div>\n\t\t\t\t<\/div>\n\t\t\t\t\t<\/div>\n\t\t<\/div>\n\t\t\t\t\t\t\t<\/div>\n\t\t<\/section>\n\t\t\t\t\t<\/div>\n\t\t<\/div>\n\t\t\t\t\t\t\t<\/div>\n\t\t<\/section>\n\t\t\t\t<section class=\"elementor-section elementor-top-section elementor-element elementor-element-255e9ebc elementor-section-boxed elementor-section-height-default elementor-section-height-default\" data-id=\"255e9ebc\" data-element_type=\"section\">\n\t\t\t\t\t\t<div class=\"elementor-container elementor-column-gap-default\">\n\t\t\t\t\t<div class=\"elementor-column elementor-col-100 elementor-top-column elementor-element elementor-element-451a321c\" data-id=\"451a321c\" data-element_type=\"column\">\n\t\t\t<div class=\"elementor-widget-wrap elementor-element-populated\">\n\t\t\t\t\t\t\t\t<div class=\"elementor-element elementor-element-5bfba08d tabs-novalaw elementor-widget elementor-widget-text-editor\" data-id=\"5bfba08d\" data-element_type=\"widget\" id=\"nota-biografica\" data-widget_type=\"text-editor.default\">\n\t\t\t\t<div class=\"elementor-widget-container\">\n\t\t\t\t\t\t\t<p>Francisco Pereira Coutinho directs the <strong>Observatories of <a href=\"https:\/\/novalaw.unl.pt\/en\/observatory-of-portuguese-legislation\/\">Portuguese Legislation<\/a> and <a href=\"https:\/\/novalaw.unl.pt\/observatorio-para-a-protecao-de-dados-pessoais\/\">Data Protection Law<\/a>,<\/strong> as well as the <a href=\"https:\/\/novalaw.unl.pt\/en\/moot-courts\/\">Moot Courts Program<\/a>. Specialized in Public International Law and European Constitutional Law, his research and teaching interests further encompass comparative constitutional law, data protection law, and media law.<\/p><p>He is regularly invited in media and academic public debates on current international and constitutional law affairs, both in Portugal and abroad. His most recent books dives into the topics of secession and self-determination in Europe (Almedina, 2021) and European constitutional law (Petrony, 2023).<\/p><p>Professor Coutinho has an extensive portfolio of national and international funded research projects, the most relevant of which, Pax Lus\u00f3fona, consists of a mobility program between African universities, and the establishment of the first Master\u2019s program in Law in S\u00e3o Tom\u00e9 and Pr\u00edncipe. His interest in Global South perspectives in the political science and legal domains has led him to teach and develop academic exchange projects in, among others, Brazil, Mozambique, and the Philippines.<\/p><p>\u00a0<\/p>\t\t\t\t\t\t<\/div>\n\t\t\t\t<\/div>\n\t\t\t\t<div class=\"elementor-element elementor-element-257010f3 tabs-novalaw elementor-widget elementor-widget-text-editor\" data-id=\"257010f3\" data-element_type=\"widget\" id=\"experiencia\" data-widget_type=\"text-editor.default\">\n\t\t\t\t<div class=\"elementor-widget-container\">\n\t\t\t\t\t\t\t<p><strong>Bachelor\u2019s degree (1st Cycle):<\/strong><\/p><ul><li>EU Constitutional Law<\/li><li>International Public Law<\/li><li>Constitutional Law<\/li><\/ul><p><strong>Master\u2019s degree (2nd Cycle):<\/strong><\/p><ul><li>Moot Courts<\/li><li>Law &amp; Cinema<\/li><li>Methodology of Legal Research<\/li><li>International Security Law<\/li><li>European Security Law<\/li><\/ul><p><strong>PhD (3rd Cycle):<\/strong><\/p><ul><li>International Law<\/li><li>European Law<\/li><\/ul>\t\t\t\t\t\t<\/div>\n\t\t\t\t<\/div>\n\t\t\t\t<div class=\"elementor-element elementor-element-62aba0de tabs-novalaw elementor-widget elementor-widget-text-editor\" data-id=\"62aba0de\" data-element_type=\"widget\" id=\"publicacoes\" data-widget_type=\"text-editor.default\">\n\t\t\t\t<div class=\"elementor-widget-container\">\n\t\t\t\t\t\t\t<p><strong>Books<\/strong><\/p><ul><li>&#8220;<em>Ensinar Direito Constitucional da Uni\u00e3o Europeia<\/em>&#8220;, Petrony, 2023, 296 pp<\/li><li>&#8220;<em>Independ\u00eancia na Uni\u00e3o Europeia&#8221;<\/em>, Almedina, 2021, 125 pp.;<\/li><li><em style=\"font-size: 16px;\">&#8220;Moot Courts&#8221;<\/em><span style=\"font-size: 16px;\">, Almedina, 2017, 175 pp.;<\/span><\/li><li><em style=\"font-size: 16px;\">&#8220;Jurisprud\u00eancia Resumida do Tribunal Internacional de Justi\u00e7a&#8221;<\/em><span style=\"font-size: 16px;\"> (com Manuel de Almeida Ribeiro), D. Quixote, 2016, 440 pp.;<\/span><\/li><li><em style=\"font-size: 16px;\">&#8220;Os Tribunais Nacionais na Ordem Jur\u00eddica da Uni\u00e3o Europeia: o caso portugu\u00eas&#8221;<\/em><span style=\"font-size: 16px;\">, Coimbra Editora, 2013, 520 pp;<\/span><\/li><li><em style=\"font-size: 16px;\">&#8220;Pluralismo e Legitima\u00e7\u00e3o \u2013 A edifica\u00e7\u00e3o jur\u00eddica p\u00f3s-colonial em Angola&#8221;<\/em><span style=\"font-size: 16px;\"> (com Armando Marques Guedes et al.), Almedina, 2003, 376 pp.;<\/span><\/li><\/ul><p><strong>Book Chapters<\/strong><\/p><ul><li>\u201c<em>Portugal and the Militarization of Outer Spac<\/em>e\u201d (com Jo\u00e3o Nuno Fraz\u00e3o), in Jos\u00e9 Alberto Azeredo Lopes, Manual Portugu\u00eas dos Conflitos Armados, Almedina, pp. 421-433;<\/li><li>\u201c<em>O Espa\u00e7o e o Direito Internacional<\/em>\u201d (com Jo\u00e3o Nuno Fraz\u00e3o), in A. Arag\u00e3o e A. C. Carvalho (eds.), Informa\u00e7\u00e3o geoespacial na administra\u00e7\u00e3o p\u00fablica: fundamentos, desafios e oportunidades de aplica\u00e7\u00e3o, INA Editora, 2024, pp. 29-50;<\/li><li>\u201c<em>The Common Security and Defense Policy of the European Union: The Portuguese Perspective<\/em>\u201d, in S. Kadelbach, R. Hofmann R (eds.), The Common Security and Defence Policy of the EU \u2013 Perspectives from Member States, Nomos, 2024, pp. 89-100;<\/li><li>\u201c<em>The Charter of Fundamental Rights of the European Union at the Portuguese Constitutional Court: The Data Retention Cases<\/em>\u201d, in M. Malkmus M and A. Heger (eds.), On the Relation between the EU Charter of Fundamental Rights and National Fundamental Rights, Springer, 2024, pp. 155-173;<\/li><li>\u201c<em>A Diretiva Whistleblower e os Programas de \u00c9tica e Compliance<\/em>\u201d (com J\u00falia Gracia de Castro), in F. da Costa Pinto, I. Lled\u00f3 Benito e F. Pereira Coutinho (coord.), <em>Compliance y Lucha contra la Corrupci\u00f3n en Espa\u00f1a, Portugal e Iberoam\u00e9rica<\/em>, Dykinson, 2021, pp. 225-237;<\/li><li>\u201c<a style=\"font-size: 16px; background-color: #ffffff;\" href=\"https:\/\/papers.ssrn.com\/sol3\/papers.cfm?abstract_id=3119693\"><em>Os Tribunais Mo\u00e7ambicanos e o Direito Internacional P\u00fablico<\/em><\/a><span style=\"font-size: 16px;\">\u201d, <\/span><em style=\"font-size: 16px;\">Estudos em Homenagem a Wladimir Brito<\/em><span style=\"font-size: 16px;\">, in A. V. Pereira et al. (coord.), Almedina, 2021, pp. 429-454 (tamb\u00e9m publicado em P. de Lanna Costa (ed.), <\/span><em style=\"font-size: 16px;\">Controlo de Convencionalidade<\/em><span style=\"font-size: 16px;\">, Arraes Editora, 2019, pp. 413-437);<\/span><\/li><li>\u201c<em>O Reenvio Prejudicial e as Rela\u00e7\u00f5es entre o Tribunal de Justi\u00e7a e os Tribunais Nacionais<\/em>\u201d, in J. C. de Abreu et al. (coord.), <a style=\"font-size: 16px; background-color: #ffffff;\" href=\"http:\/\/repositorium.sdum.uminho.pt\/bitstream\/1822\/73489\/3\/Contencioso%20da%20Uniao%20Europeia_eUjust_Vol%20II.pdf\"><em>O Contencioso da Uni\u00e3o Europeia e a Cobran\u00e7a Transfronteiri\u00e7a de Cr\u00e9ditos<\/em><\/a><span style=\"font-size: 16px;\">, II, Escola de Direito da Universidade do Minho, 2021, pp. 29-35.<\/span><\/li><li>\u201c<em><a style=\"font-size: 16px; background-color: #ffffff;\" href=\"https:\/\/link.springer.com\/chapter\/10.1007%2F978-94-6265-371-9_11\">A Sisyphean Struggle: Portugal\u2019s Referendum on European Integration<\/a><\/em><span style=\"font-size: 16px;\">\u201d, in M. Lucas Pires and F. Pereira Coutinho (eds.), <\/span><em style=\"font-size: 16px;\">What<\/em><em style=\"font-size: 16px;\"> Market, What Society, What Union? The European Thought of Francisco Lucas Pires, 20 years later<\/em><span style=\"font-size: 16px;\">, T. M. C. Asser Press, 2020, pp. 153-163;<\/span><\/li><li>\u201c<em>A Regula\u00e7\u00e3o do Espa\u00e7o Exterior<\/em>\u201d (com Sara Pinto Ferreira), in C. Amado Gomes et al.\u00a0 (coord.), <em style=\"font-size: 16px;\">Garantia de Direitos e Regula\u00e7\u00e3o. Perspectivas de Direito Administrativo<\/em><span style=\"font-size: 16px;\">, AAFDL, 2020, pp. 919-945;<\/span><\/li><li>\u00a0\u201c<a style=\"font-size: 16px; background-color: #ffffff;\" href=\"https:\/\/link.springer.com\/chapter\/10.1007\/978-94-6265-273-6_13\"><em>Portugal: The Impact of European Integration and the Economic Crisis on the Identity of the Constitution<\/em><\/a><span style=\"font-size: 16px;\">\u201d (com Nuno Pi\u00e7arra), in A. Albi and S. Bardutzky (eds.), <\/span><em style=\"font-size: 16px;\">National Constitutions in European and Global Governance: Democracy, Rights, the Rule of Law<\/em><span style=\"font-size: 16px;\">, Springer, 2019, pp. 591-639;<\/span><\/li><li>\u00a0\u201c<em><a style=\"font-size: 16px; background-color: #ffffff;\" href=\"https:\/\/papers.ssrn.com\/sol3\/papers.cfm?abstract_id=3099131\">A Subjetividade Internacional do Imamat Ismaili<\/a><\/em><span style=\"font-size: 16px;\">\u201d,\u00a0 in F. Pereira Coutinho et al. (eds.), <\/span><em style=\"font-size: 16px;\">Os Sujeitos N\u00e3o Estaduais no Direito Internacional<\/em><span style=\"font-size: 16px;\">, Petrony, 2019, pp. 89-108;<\/span><\/li><li>\u201c<em>O Futuro, no Presente e no Passado, da Uni\u00e3o Europeia<\/em>\u201d (com Alice Cunha and Jos\u00e9 Gomes Andr\u00e9), in J. Rosa L\u00e3 (coord.), <em style=\"font-size: 16px;\">A Europa na Encruzilhada<\/em><span style=\"font-size: 16px;\">, Book Builders, 2018, pp. 33 a 48;<\/span><\/li><li>\u201c<a style=\"font-size: 16px; background-color: #ffffff;\" href=\"https:\/\/papers.ssrn.com\/sol3\/papers.cfm?abstract_id=3161959\"><em>Relat\u00f3rio S\u00edntese: O Direito Internacional nos Direitos de L\u00edngua Portuguesa<\/em><\/a><span style=\"font-size: 16px;\">\u201d, in J. Bacelar Gouveia and F. Pereira Coutinho (eds.), <\/span><em style=\"font-size: 16px;\">Direito Internacional P\u00fablico nos Direitos de L\u00edngua Portuguesa<\/em><span style=\"font-size: 16px;\">, CEDIS, 2018, pp. 15-24;<\/span><\/li><li>\u201c<em><a style=\"font-size: 16px; background-color: #ffffff;\" href=\"https:\/\/papers.ssrn.com\/sol3\/papers.cfm?abstract_id=2955681\">O Direito Internacional na Ordem Jur\u00eddica Mo\u00e7ambicana<\/a><\/em><span style=\"font-size: 16px;\">\u201d, in J. Bacelar Gouveia e F. Pereira Coutinho (coord.), <\/span><em style=\"font-size: 16px;\">O Direito Internacional P\u00fablico nos Direitos de L\u00edngua Portuguesa<\/em><span style=\"font-size: 16px;\">, CEDIS, 2018, pp. 229 a 263;<\/span><\/li><li>\u201c<em><a style=\"font-size: 16px; background-color: #ffffff;\" href=\"https:\/\/papers.ssrn.com\/sol3\/papers.cfm?abstract_id=3037068\">A Proibi\u00e7\u00e3o do Uso da For\u00e7a no S\u00e9culo XXI<\/a><\/em><span style=\"font-size: 16px;\">\u201d in R. Caldas et. al. (coord.), <\/span><em style=\"font-size: 16px;\">Guerra e Paz no S\u00e9culo XXI: pol\u00edticas e direito internacional<\/em><span style=\"font-size: 16px;\">, Almedina, 2018, pp. 83-100;<\/span><\/li><li>\u201c<em><a style=\"font-size: 16px; background-color: #ffffff;\" href=\"https:\/\/papers.ssrn.com\/sol3\/papers.cfm?abstract_id=3170576\">The Portuguese Bailout, Social Rights and the Rule of Law<\/a><\/em><span style=\"font-size: 16px;\">\u201d, in A. Coli, B. Pacini and E. Stradella (eds.), <\/span><em style=\"font-size: 16px;\">Policy, Welfare and Financial Resources The Impact of the Crisis on Territories<\/em><span style=\"font-size: 16px;\">, Pisa University Press, 2017, pp. 57-92;<\/span><\/li><li>\u201c<em>A a\u00e7\u00e3o externa da Uni\u00e3o Europeia<\/em>\u201d (com Isabel Camis\u00e3o), in A. Silveira et al.(coord.), <em style=\"font-size: 16px;\">Direito da Uni\u00e3o Europeia \u2013 Elementos de Direito e Pol\u00edtica da Uni\u00e3o<\/em><span style=\"font-size: 16px;\">, Almedina, 2016, pp. 1187 a 1235; (tamb\u00e9m publicado em <\/span><em style=\"font-size: 16px;\">Revista de Direito P\u00fablico<\/em><span style=\"font-size: 16px;\">, 8, 2012, pp. 7-56);<\/span><\/li><li>\u201c<em>A legitimidade do Conselho de Seguran\u00e7a<\/em>\u201d, in S. Vaz Patto et al. (coord.), <em style=\"font-size: 16px;\">A Participa\u00e7\u00e3o de Portugal no Conselho de Seguran\u00e7a<\/em><span style=\"font-size: 16px;\">, Instituto Diplom\u00e1tico, 2015, pp. 53-66;<\/span><\/li><li>\u201c<em>Tax Arbitration Courts and Preliminary References<\/em>\u201d, in N. Villa-Lobos e T. Carvalhais Pereira (coord.), <em style=\"font-size: 16px;\">The Portuguese Tax Arbitration Regime<\/em><span style=\"font-size: 16px;\">, Almedina, 2015, pp. 235-260 (vers\u00e3o portuguesa: \u201cOs Tribunais Arbitrais Tribut\u00e1rios e o Reenvio Prejudicial\u201d, in M. Rebelo de Sousa and E. Vera-Cruz Pinto (coord.), <\/span><em style=\"font-size: 16px;\">Liber Amicorum<\/em><span style=\"font-size: 16px;\"> Fausto <\/span><em style=\"font-size: 16px;\">Quadros<\/em><span style=\"font-size: 16px;\">, I, Almedina, 2016, pp. 483 a 507);<\/span><\/li><li>\u201c<em>Courts and European Integration<\/em>\u201d, in L. Pereira Coutinho et al. (eds.), <em style=\"font-size: 16px;\">Judicial Activism: An Interdisciplinary Approach to the American and European Experiences<\/em><span style=\"font-size: 16px;\">, Springer, 2015, pp. 181-196.<\/span><\/li><li>\u201c<em>Fatores p\u00f3s-soberanistas de Uni\u00e3o<\/em>\u201d (com Mateus Kowalski), <em style=\"font-size: 16px;\">As Fronteiras Luso-Espanholas: das quest\u00f5es de soberania aos fatores de Uni\u00e3o<\/em><span style=\"font-size: 16px;\">, in F. Pereira Coutinho and M. Kowalski (coord.), Instituto Diplom\u00e1tico, 2014, pp. 45 a 53;<\/span><\/li><li>\u201c<em>A Pol\u00edtica Externa e de Seguran\u00e7a Comum da Uni\u00e3o Europeia e o Tratado de Lisboa<\/em>\u201d, <em style=\"font-size: 16px;\">I Congresso Luso-Brasileiro de Direito<\/em><span style=\"font-size: 16px;\">, in J. Bacelar Gouveia and H. de Oliveira (coord.), Almedina, 2014, pp. 113 a 135<\/span><\/li><li>\u201c<em>O Tribunal Europeu dos Direitos do Homem e a Liberdade de Imprensa: os casos portugueses<\/em>\u201d, in C. Blanco de Morais et al. (coord.), <em style=\"font-size: 16px;\">Media, Direito e Democracia<\/em><span style=\"font-size: 16px;\">, Almedina, 2014, pp. 321 a 361;<\/span><\/li><li>\u201c<em>Deus e a constru\u00e7\u00e3o europeia<\/em>\u201d (com Jorge Azevedo Correia), in A. Pinto Pereira et al. (coord.), <em style=\"font-size: 16px;\">Liber Amicorum em Homenagem ao Prof. Doutor Jo\u00e3o Mota de Campos<\/em><span style=\"font-size: 16px;\">, Coimbra Editora, 2013, pp. 425 a 466;<\/span><\/li><li>\u201c<em>Federalismo e constitucionalismo na Uni\u00e3o Europeia: a delimita\u00e7\u00e3o \u201cvertical\u201d e \u201chorizontal\u201d de compet\u00eancias no dom\u00ednio das pescas<\/em>\u201d, in M. T. Ponte Iglesias and M. A. Vale Pereira (eds.), <em style=\"font-size: 16px;\">A governa\u00e7\u00e3o dos Mares e Oceanos: novas realidades, novos desafios<\/em><span style=\"font-size: 16px;\">, Andariva, 2012, pp. 111 a 138;<\/span><\/li><li>\u201c<em>Oil and East Timor\u2019s Independence<\/em>\u201d (com Francisco Briosa e Gala), in N. Canas Mendes and A. Saramago (coord.), <em style=\"font-size: 16px;\">Dimensions of State-Building: Timor-Leste in Focus<\/em><span style=\"font-size: 16px;\">, ISCSP, 2011, pp. 111 a 137;<\/span><\/li><li>\u201c<em>Os ju\u00edzes portugueses e o reenvio prejudicial<\/em>\u201d, in M. L. Duarte et al. (coord.), <em style=\"font-size: 16px;\">20 Anos de Jurisprud\u00eancia da Uni\u00e3o sobre Casos Portugueses: o que fica do dialogo entre os ju\u00edzes portugueses e o Tribunal de Justi\u00e7a da Uni\u00e3o Europeia<\/em><span style=\"font-size: 16px;\">, Instituto Diplom\u00e1tico, 2011, pp. 13 a 52;<\/span><\/li><li>\u201c<em>Report on Portugal<\/em>\u201d, in G. Martinico and O. Pollicino (coord.), <em style=\"font-size: 16px;\">The National Judicial Treatment of the ECHR and EU Law<\/em><span style=\"font-size: 16px;\">, Europa Law Publishing, 2010, pp. 321 a 338;<\/span><\/li><li>\u201c<em>Legal and Illegal Immigration Flows to Portugal and Spain<\/em>\u201d (com Constan\u00e7a Urbano de Sousa), <em style=\"font-size: 16px;\">4. <\/em><em style=\"font-size: 16px;\">Europ\u00e4ischer Juristentag<\/em><span style=\"font-size: 16px;\">, Manz, 2008, pp. 363 a 387;<\/span><\/li><li>\u201c<em>The Application of EU Law in the Portuguese Legal Order: Law in the Books and in Action<\/em>\u201d (com Miguel Poiares Maduro), in C. Ferreira de Almeida, A. Cristas and N. Pi\u00e7arra (coord.), <em style=\"font-size: 16px;\">Portuguese Law \u2013 An Overview<\/em><span style=\"font-size: 16px;\">, Almedina, 2007, pp. 51 a 74 (vers\u00e3o portuguesa: \u201cA aplica\u00e7\u00e3o do Direito da Uni\u00e3o Europeia na Ordem Jur\u00eddica Portuguesa\u201d (com Miguel Poiares Maduro), in M. Costa Lobo and P. Lains (coord.), <\/span><em style=\"font-size: 16px;\">Em Nome da Europa<\/em><span style=\"font-size: 16px;\">, Principia, 2007, pp. 147 a 172);<\/span><\/li><li>\u201c<em>O Referendo Pol\u00edtico Nacional em Portugal<\/em>\u201d, in J. Caupers (coord.), <em style=\"font-size: 16px;\">Estudos de Direito P\u00fablico<\/em><span style=\"font-size: 16px;\">, \u00c2ncora, 2006, pp. 11-146;<\/span><\/li><\/ul><p><strong>Articles (Reviews)<\/strong><\/p><ul><li>\u201c<em>Bounding Down Under: A Tale About the Timor Sea Agreements<\/em>\u201d (com Francisco Briosa e Gala), Texas Journal of Oil, Gas and Energy Law, 19, 2, 2024, pp. 189-235;<\/li><li>\u201c<em>Mozambican Courts and International Law<\/em>\u201d, Isaidat Law Review, 1, 2023, pp. 73-91;<\/li><li>\u201c<em>A Agress\u00e3o Russa \u00e0 Ucr\u00e2nia e o Direito Internacional: Uma Trag\u00e9dia em Quatro Atos<\/em>\u201d, e-Publica, 10, 1, 2023, pp. 4-17;<\/li><li>\u201c<em><a href=\"https:\/\/papers.ssrn.com\/sol3\/papers.cfm?abstract_id=3647602&amp;fbclid=IwAR2KKju9MCADRo0qNaKHLVX66_X29L8C7kyZiar9oV5iP34nmkvMXRIT04M\">A Independ\u00eancia da Comiss\u00e3o Nacional de Prote\u00e7\u00e3o de Dados<\/a><\/em>\u201d, <em>Anu\u00e1rio da Prote\u00e7\u00e3o de Dados<\/em>, 2020, pp. 9-47;<\/li><li>\u201c<em><a style=\"font-size: 16px; background-color: #ffffff;\" href=\"https:\/\/papers.ssrn.com\/sol3\/papers.cfm?abstract_id=3420879\">You can\u2019t have your cake and eat it too: Portugal and the Self-Determination of Western Sahara<\/a><\/em><span style=\"font-size: 16px;\">\u201d, <\/span><em style=\"font-size: 16px;\">UNIO \u2013 EU Law Journal<\/em><span style=\"font-size: 16px;\">, 5, 2, 2019, pp. 103-127;<\/span><\/li><li>\u201c<em><a style=\"font-size: 16px; background-color: #ffffff;\" href=\"https:\/\/papers.ssrn.com\/sol3\/papers.cfm?abstract_id=3056047\">A Natureza Jur\u00eddica do Acordo Econ\u00f3mico e Comercial Global (CETA)<\/a><\/em><span style=\"font-size: 16px;\">\u201d, <\/span><em style=\"font-size: 16px;\">Themis<\/em><span style=\"font-size: 16px;\">, 6, 2018, pp. 295-331; [tamb\u00e9m publicado em: \u201c<\/span><a style=\"font-size: 16px; background-color: #ffffff;\" href=\"https:\/\/papers.ssrn.com\/sol3\/papers.cfm?abstract_id=3056047\">A Natureza Jur\u00eddica do Acordo Econ\u00f3mico e Comercial Global (CETA)<\/a><span style=\"font-size: 16px;\">\u201d, in F. Pereira Coutinho et al. (coords.), <\/span><em style=\"font-size: 16px;\">OMC 2.0: o CETA como novo paradigma do direito internacional econ\u00f3mico?<\/em><span style=\"font-size: 16px;\">, CEDIS, 2018, pp. 15-56];<\/span><\/li><li>\u201c<em><a style=\"font-size: 16px; background-color: #ffffff;\" href=\"https:\/\/academic.oup.com\/yel\/advance-article\/doi\/10.1093\/yel\/yex019\/4812626?guestAccessKey=01829465-6c6a-4f36-bccb-29e99b642a16\">European Union Law in Portuguese Courts: an Appraisal of the First Twenty-five Years after the Accession<\/a><\/em><span style=\"font-size: 16px;\">\u201d, <\/span><em style=\"font-size: 16px;\">Yearbook of European Law<\/em><span style=\"font-size: 16px;\">, 36, 2017, pp. 358\u2013390;<\/span><\/li><li>\u201c<em><a style=\"font-size: 16px; background-color: #ffffff;\" href=\"https:\/\/papers.ssrn.com\/sol3\/papers.cfm?abstract_id=2998765\">A caminho do Brexit ou do Breversal? A reversibilidade do processo de secess\u00e3o de Estados-Membros na Uni\u00e3o Europeia<\/a><\/em><span style=\"font-size: 16px;\">\u201d, <\/span><em style=\"font-size: 16px;\">Na\u00e7\u00e3o e Defesa<\/em><span style=\"font-size: 16px;\">, 147, 2017, pp. 39-60;<\/span><\/li><li>\u201c<em>Austerity on the loose in Portugal: European judicial restraint in times of crisis<\/em>\u201d, <em style=\"font-size: 16px;\">Perspectives on Federalism<\/em><span style=\"font-size: 16px;\">, 8, 3, 2016, 105-132 [vers\u00e3o italiana: \u201cIl Diritto della Crisi Europea e le Corti Portoghesi\u201d, in C. Margiotta (coord.), <\/span><em style=\"font-size: 16px;\">Europa: diritto della crisi e crisi del diritto. <\/em><em style=\"font-size: 16px;\">Austerit\u00e0, diritti, cittadinanza<\/em><span style=\"font-size: 16px;\">, Il Mulino, 2018, pp. 163-190];<\/span><\/li><li>\u201c<em>David and Goliath Revisited: A Tale About the Timor Leste\/Australia Timor Sea Agreements<\/em>\u201d (com Francisco Briosa e Gala), <em style=\"font-size: 16px;\">Texas Journal of Oil, Gas and Energy Law<\/em><span style=\"font-size: 16px;\">, 10, 2, 2015, 429-462;<\/span><\/li><li>\u201c<em>A Delimita\u00e7\u00e3o da Plataforma Continental do Mar de Timor e o Tribunal Internacional de Justi\u00e7a<\/em>\u201d, <em style=\"font-size: 16px;\">Revista Internacional em L\u00edngua Portuguesa<\/em><span style=\"font-size: 16px;\">, III, 27, 2014, pp. 159-174;<\/span><\/li><li>\u201c<em>Free Movement of European Union Citizens in Portugal<\/em>\u201d (com Nuno Pi\u00e7arra), <em style=\"font-size: 16px;\">Revista del Ministerio de Empleo y Seguridad Social<\/em><span style=\"font-size: 16px;\">, 110, 2014, pp. 197 a 219;<\/span><\/li><li>\u201c<em>A Natureza Jur\u00eddica dos Memorandos da \u00abTroika\u00bb<\/em>\u201d, <em style=\"font-size: 16px;\">Themis<\/em><span style=\"font-size: 16px;\">, 24\/25, 2013, pp. 147-179;<\/span><\/li><li>\u201c<em>The Europeanization of Portuguese Courts<\/em>\u201d (com Nuno Pi\u00e7arra), <em style=\"font-size: 16px;\">Silesian Journal of Legal Studies<\/em><span style=\"font-size: 16px;\">, n.\u00ba 4, 2012, pp. 73 a 88 [temb\u00e9m publicado em N. Severiano Teixeira e A. Costa Pinto (eds.), <\/span><em style=\"font-size: 16px;\">The Europeanization of Portuguese Democracy<\/em><span style=\"font-size: 16px;\">, Columbia University Press, 2012, pp. 473-487, e <\/span><em style=\"font-size: 16px;\">Revista de Direito P\u00fablico<\/em><span style=\"font-size: 16px;\">, 5, 2011, pp. 157-181; vers\u00e3o portuguesa: \u201cA Europeiza\u00e7\u00e3o dos Tribunais Portugueses\u201d, in N. Severiano Teixeira e A. Costa Pinto (coord.), <\/span><em style=\"font-size: 16px;\">A Europeiza\u00e7\u00e3o da Democracia<\/em><span style=\"font-size: 16px;\">, ICS, 2017, pp. 87-111; vers\u00e3o preliminar: \u201c<\/span><a style=\"font-size: 16px; background-color: #ffffff;\" href=\"http:\/\/www.ipri.pt\/images\/publicacoes\/working_paper\/pdf\/Tribunais.pdf\">A Europeiza\u00e7\u00e3o dos Tribunais Portugueses<\/a><span style=\"font-size: 16px;\">\u201d, <\/span><em style=\"font-size: 16px;\">Working Paper n.\u00ba 18<\/em><span style=\"font-size: 16px;\">, IPRI, 2006];<\/span><\/li><li>\u201c<em>Sobre o Sistema de Governo em Angola \u2013 Do Centralismo \u00abSovi\u00e9tico\u00bb ao \u00abSemi-Presidencialismo\u00bb Transicional at\u00e9 \u00e0 Adop\u00e7\u00e3o de um Sistema de Governo Sui Generis<\/em>\u201d (com Armando Marques Guedes), <em style=\"font-size: 16px;\">Neg\u00f3cios Estrangeiros<\/em><span style=\"font-size: 16px;\">, 11.4., 2007, pp. 64 a 90;<\/span><\/li><li>\u201c<em>Os Estados-Membros e os Processos Prejudiciais \u2013 Um balan\u00e7o da participa\u00e7\u00e3o portuguesa nos 20 anos da ades\u00e3o \u00e0 Uni\u00e3o Europeia<\/em>\u201d, <em style=\"font-size: 16px;\">Neg\u00f3cios Estrangeiros<\/em><span style=\"font-size: 16px;\">, 9.1., 2006, pp. 231 a 257;<\/span><\/li><li>\u201c<em>O Processo de Integra\u00e7\u00e3o Europeia e a Constitui\u00e7\u00e3o Portuguesa<\/em>\u201d (com Armando Marques Guedes), <em style=\"font-size: 16px;\">Na\u00e7\u00e3o e Defesa,<\/em><span style=\"font-size: 16px;\"> 115, 2006, pp. 83 a 112;<\/span><\/li><li>\u201c<em>O Direito \u00e0 Objec\u00e7\u00e3o de Consci\u00eancia: origem, sentido, limites e respectiva an\u00e1lise jurisprudencial<\/em>\u201d, <em style=\"font-size: 16px;\">Themis<\/em><span style=\"font-size: 16px;\">, VI, 11, 2005, pp. 245 a 286 [vers\u00e3o preliminar: \u201c<\/span><a style=\"font-size: 16px; background-color: #ffffff;\" href=\"http:\/\/www.fd.unl.pt\/Anexos\/Downloads\/223.pdf\">Sentido e Limites do Direito Fundamental \u00e0 Obje\u00e7\u00e3o de Consci\u00eancia<\/a><span style=\"font-size: 16px;\">\u201d, <\/span><em style=\"font-size: 16px;\">Working Paper da Faculdade de Direito da Universidade Nova de Lisboa 6\/2001<\/em><span style=\"font-size: 16px;\">, Faculdade de Direito da Universidade Nova de Lisboa];<\/span><\/li><\/ul><p><strong>Articles (Encyclopedias)<\/strong><\/p><ul><li>\u201c<em>Princ\u00edpios da Carta das Na\u00e7\u00f5es Unidas<\/em>\u201d, in Isabel Baltazar e F\u00e1tima Pacheco (eds.), Dicion\u00e1rio dos Valores e da Cidadania Europeia, Petrony, 2025, pp. 539-543;<\/li><li>\u201c<em>Artigo 18.\u00ba<\/em>\u201d, in Lu\u00eds Ant\u00f3nio Mondlane, Ant\u00f3nio Pedro Mondlane e Filomeno Rodrigues (coord.), Constitui\u00e7\u00e3o da Rep\u00fablica de Mo\u00e7ambique Anotada, Escolar Editora, 2025, pp. 84-94;<\/li><li>\u201c<em>Article 46<\/em>\u201d, in A. Silveira et al. (eds.), Charter of Fundamental Rights of the European Union: A Commentary, Jus\/Gov, 2024, pp. 434-438;<\/li><li>\u201c<em>Cruz Vermelha e do Crescente Vermelho, Movimento Internacional da\u201d, \u201cGoverno no Ex\u00edlio<\/em>\u201d, \u201cIntegra\u00e7\u00e3o Regional (Continente Europeu)\u201d, \u201cMicro-Estados\u201d, \u201cOrganiza\u00e7\u00e3o para a Seguran\u00e7a e Coopera\u00e7\u00e3o na Europa\u201d e \u201cUni\u00e3o Europeia\u201d, in D\u00e1rio Moura Vicente et al. (coord.), Enciclop\u00e9dia Luso-Brasileira de Direito Internacional, D. Quixote, 2023, pp. 383-385, 580-582, 656-658, 740-741, 855-857 e 1154-1156;<\/li><li><em>\u201cSofia Corradi<\/em>\u201d, in I. Baltazar et al. (coord.), <em>Dicion\u00e1rio das Mulheres e a Unidade da Europa<\/em>, Assembleia da Rep\u00fablica, 2021, pp. 73-75;<\/li><li>\u201cArtigos 41.\u00ba a 50.\u00ba\u201d, in J. Correia Gomes et al. (coord.), <em style=\"font-size: 16px;\">Conven\u00e7\u00e3o das Na\u00e7\u00f5es Unidas sobre os Direitos das Pessoas com Defici\u00eancia. Coment\u00e1rio<\/em><span style=\"font-size: 16px;\">, Imprensa Nacional, 2020, pp. 343-352;<\/span><\/li><li>\u201c<em>Comit\u00e9 Europeu para a Prote\u00e7\u00e3o de Dados<\/em>\u201d, in J. Covelo de Abreu and L. Reis (coord.), <em style=\"font-size: 16px;\">Institui\u00e7\u00f5es, \u00d3rg\u00e3os e Organismos da Uni\u00e3o Europeia \u2013 Um quadro institucional \u00fanico?<\/em><span style=\"font-size: 16px;\">, Almedina, 2020, pp. 163-168;<\/span><\/li><li>\u201c<em>Ismaili Imamat<\/em>\u201d, in R. Wolfrum (coord.), <a style=\"font-size: 16px; background-color: #ffffff;\" href=\"http:\/\/opil.ouplaw.com\"><em>Max Planck Encyclopedia of Public International Law<\/em><\/a><span style=\"font-size: 16px;\">, Oxford University Press, 2019 (6 p.);<\/span><\/li><li>\u201c<em>Pierre Pescatore<\/em>\u201d, in I. Baltazar and A. Cunha (coord.), <em style=\"font-size: 16px;\">Dicion\u00e1rio das Grandes Figuras Europeias<\/em><span style=\"font-size: 16px;\">, Assembleia da Rep\u00fablica, 2019, pp. 313-316;<\/span><\/li><li>\u201c<em>Questions Relating to the Seizure and Detention of Certain Documents and Data (Timor-Leste v Australia)<\/em>\u201d, in R. Wolfrum (coord.), <a style=\"font-size: 16px; background-color: #ffffff;\" href=\"http:\/\/opil.ouplaw.com\"><em>Max Planck Encyclopedia of Public International Law<\/em><\/a><span style=\"font-size: 16px;\">, Oxford University Press, 2018 (7 p.);<\/span><\/li><li>\u201cArtigo 60.\u00ba\u201d, in P. Jer\u00f3nimo et al. (coord.), <em style=\"font-size: 16px;\">Coment\u00e1rio Lus\u00f3fono \u00e0 Carta Africana dos Direitos Humanos e dos Povos<\/em><span style=\"font-size: 16px;\">, Observat\u00f3rio Lus\u00f3fono dos Direitos Humanos da Universidade do Minho, 2018, pp. 493-497;<\/span><\/li><li>\u201c<em>Acordos Internacionais<\/em>\u201d, \u201cProte\u00e7\u00e3o Diplom\u00e1tica e Consular\u201d, \u201cReenvio prejudicial\u201d and \u201cRevis\u00e3o dos Tratados\u201d, in A. P. Brand\u00e3o et al. (coord.), <em style=\"font-size: 16px;\">Enciclop\u00e9dia da Uni\u00e3o Europeia<\/em><span style=\"font-size: 16px;\">, Petrony, 2017, pp. 10-12; 357-361; 371-374; 401-403;<\/span><\/li><li>\u201c<em>Community of Portuguese-Speaking Countries<\/em>\u201d, in R. Wolfrum (coord.), <a style=\"font-size: 16px; background-color: #ffffff;\" href=\"http:\/\/opil.ouplaw.com\"><em>Max Planck Encyclopedia of Public International Law<\/em><\/a><span style=\"font-size: 16px;\">, Oxford University Press, 2016 (8p.);<\/span><\/li><li>\u201c<em>Politica Comum de Seguran\u00e7a e Defesa<\/em>\u201d and \u201c<em>Uni\u00e3o Europeia<\/em>\u201d, in J. Bacelar Gouveia and S. Santos (coord.), <em style=\"font-size: 16px;\">Enciclop\u00e9dia de Direito e Seguran\u00e7a<\/em><span style=\"font-size: 16px;\">, Almedina, 2014, pp. 330 a 333; 479 a 482;<\/span><\/li><li>\u201c<em>Alto Representante para os Neg\u00f3cios Estrangeiros e a Pol\u00edtica de Seguran\u00e7a<\/em>\u201d, \u201c<em>Autodetermina\u00e7\u00e3o<\/em>\u201d, \u201c<em>Comunidade de Pa\u00edses de L\u00edngua Portuguesa<\/em>\u201d, \u201c<em>Euro<\/em>\u201d, \u201c<em>Politica Comum de Seguran\u00e7a e Defesa<\/em>\u201d, \u201c<em>Servi\u00e7o Europeu de A\u00e7\u00e3o Externa<\/em>\u201d, \u201c<em>Tribunal de Justi\u00e7a da Uni\u00e3o Europeia<\/em>\u201d, \u201c<em>Uni\u00e3o Europeia<\/em>\u201d and \u201c<em>Uso da For\u00e7a<\/em>\u201d, in N. Canas Mendes and F. Pereira Coutinho (coord.), <em style=\"font-size: 16px;\">Enciclop\u00e9dia das Rela\u00e7\u00f5es Internacionais<\/em><span style=\"font-size: 16px;\">, Dom Quixote, 2014, pp. 20-22; 48-50; 84-86; 203-205; 400-403; 484-486; 520-522; 532-535; 535-537;<\/span><\/li><li>\u201c<em>Artigo 46.\u00ba da Carta dos Direitos Fundamentais da Uni\u00e3o Europeia \u2013 Prote\u00e7\u00e3o diplom\u00e1tica e consular<\/em>\u201d, in A. Silveira and M. Canotilho (coord.), <em style=\"font-size: 16px;\">Carta dos Direitos Fundamentais da Uni\u00e3o Europeia<\/em><span style=\"font-size: 16px;\">, Almedina, 2013, pp. 530-536;<\/span><\/li><li>\u201c<em>Conven\u00e7\u00e3o Internacional<\/em>\u201d, \u201c<em>Plebiscito<\/em>\u201d, \u201c<em>Referendo<\/em>\u201d (\u201cReferendum\u201d), \u201c<em>Tribunais internacionais<\/em>\u201d (\u201cInternational Courts\u201d) e \u201c<em>Veto<\/em>\u201d, <a style=\"font-size: 16px; background-color: #ffffff;\" href=\"https:\/\/institutosacarneiro.pt\/dicionario.php\"><em>Dicion\u00e1rio de Cidadania<\/em><\/a><span style=\"font-size: 16px;\">, Instituto Francisco S\u00e1 Carneiro, 2013;<\/span><\/li><li>\u201cBandeira Nacional\u201d, \u201cConven\u00e7\u00e3o internacional\u201d, \u201cDi\u00e1rio da Rep\u00fablica\u201d, \u201cHino Nacional\u201d, \u201cL\u00edngua Nacional\u201d, \u201cParlamento Europeu\u201d, \u201cReferendo\u201d, \u201cUni\u00e3o Europeia\u201d e \u201cVice-Primeiro-Ministro\u201d, in J. Bacelar Gouveia e F. Pereira Coutinho (coord.), <em style=\"font-size: 16px;\">Enciclop\u00e9dia da Constitui\u00e7\u00e3o Portuguesa<\/em><span style=\"font-size: 16px;\">, Quid Juris, 2013, pp. 59-61; 89-91; 114-116; 188-189; 236-238; 271-272; 323-325; 383-385; 390-391;<\/span><\/li><li>\u201cComiss\u00e3o Europeia\u201d, \u201cConselho da Europa\u201d, \u201cConselho da Uni\u00e3o Europeia\u201d, \u201cConselho Europeu\u201d, \u201cCruz Vermelha, \u201cGovernos no Ex\u00edlio\u201d, \u201cMicro-Estados\u201d, \u201cParlamento Europeu\u201d, \u201cTribunal de Justi\u00e7a da Uni\u00e3o Europeia\u201d e \u201cUni\u00e3o Europeia\u201d, in M. de Almeida Ribeiro et al. (coord.), <em style=\"font-size: 16px;\">Enciclop\u00e9dia de Direito Internacional P\u00fablico<\/em><span style=\"font-size: 16px;\">, Almedina, 2011, pp. 103-104; 116-118; 118-119; 123-124; 150-152; 230-231; 295, 351-352; 451-452; 469-470;<\/span><\/li><\/ul><p><strong>Case Notes<\/strong><\/p><ul><li>\u201c<em>Better Late Than Never: Blanket Data Retention Struck Down at Last by the Portuguese Constitutional Court<\/em>\u201d, <a href=\"Blanket%20Data%20Retention%20Struck%20Down%20at%20Last%20by%20the%20Portuguese%20Constitutional%20Court\"><em>Diritti Comparati<\/em><\/a>, 24 June 2022 (6 p.);<\/li><li><em style=\"font-size: 16px;\">International Law in Domestic Courts:<\/em><span style=\"font-size: 16px;\"> \u201cPublic Ministry v Z\u201d, 2977, 2020; \u201cDiplomatic Immunity Case\u201d, 2589, 2017; \u201cNational Human Rights Commission case\u201d, 2573, 2016; \u201cMembers of the Brotherhood of the Santa Casa da Miseric\u00f3rdia of Fund\u00e3o vs. Brotherhood of the Santa Casa da Miseric\u00f3rdia of Fund\u00e3o\u201d, 2563, 2016; \u201cIberian International Nanotechnology Laboratory v A\u201d, 1785, 2014; \u201cIndia vs State\u201d, 2116, 2014; \u201cState vs B<\/span><em style=\"font-size: 16px;\">\u201d<\/em><span style=\"font-size: 16px;\">, 2003, 2013; \u201cA and B vs. Tax Authorities\u201d, 1786, 2012; \u201cA v B, Case no 0345\/99\u201d, 1529, 2010; \u201cA and B v Portugal, Case no 0308\/07\u201d, 1441, 2010; \u201cAA and others v EE and others, Case no 07B4055\u201d, 1191, 2009; \u201cAA v Austrian Embassy, Case no 05S3279\u201d, 826, 2008; Merck &amp; Inc and Merck Sharp &amp; Dohme Lda v Merck Gen\u00e9ricos \u2013 Produtos Farmac\u00eauticos Lda\u201d, 667, 2007;<\/span><\/li><li>\u201c<em>Associa\u00e7\u00e3o Sindical dos Ju\u00edzes Portugueses: Judicial Independence and Austerity Measures at the Court of Justice<\/em>\u201d, <em style=\"font-size: 16px;\">Quaderni costituzionali<\/em><span style=\"font-size: 16px;\">, 2, 2018, pp. 510-512;<\/span><\/li><li>\u00a0\u201c<em>Protecting the Jewel of the Crown: the Ognyanov Case and the Preliminary Reference Procedure<\/em>\u201d, <a style=\"font-size: 16px; background-color: #ffffff;\" href=\"http:\/\/www.europeanpapers.eu\"><em>European Forum<\/em><\/a><span style=\"font-size: 16px;\">, 11 April 2017 (9 p.);<\/span><\/li><li>\u201c<em>O Tribunal de Justi\u00e7a e Memorando da \u00abTroika\u00bb<\/em>\u201d e \u201c<em>Os Tribunais Arbitrais e o Reenvio Prejudicial<\/em>\u201d, <em style=\"font-size: 16px;\">Anu\u00e1rio Portugu\u00eas de Direito Internacional 2014-2015<\/em><span style=\"font-size: 16px;\">, Instituto Diplom\u00e1tico, 2016, pp. 245-259 e 337-353;<\/span><\/li><li>\u201c<em>A Livre Circula\u00e7\u00e3o dos Not\u00e1rios na Uni\u00e3o Europeia<\/em>\u201d, <em style=\"font-size: 16px;\">Anu\u00e1rio Portugu\u00eas de Direito Internacional 2011<\/em><span style=\"font-size: 16px;\">, Instituto Diplom\u00e1tico, 2012, pp. 132 a 144;<\/span><\/li><li>\u201c<em>A Fase da Instru\u00e7\u00e3o e o Princ\u00edpio do Contradit\u00f3rio<\/em>\u201d, <em style=\"font-size: 16px;\">Revista Portuguesa de Ci\u00eancia Criminal<\/em><span style=\"font-size: 16px;\">, 12, 2, 2002, pp. 301 a 326;<\/span><\/li><li>\u201c<em>Jurisprud\u00eancia dos Tribunais da Uni\u00e3o Europeia sobre Casos Portugueses<\/em>\u201d (editor), <em style=\"font-size: 16px;\">Anu\u00e1rio Portugu\u00eas de Direito Internacional<\/em><span style=\"font-size: 16px;\"> 2017 (2019), 2016 (2017), 2014-2015 (2015), 2013 (2015), 2011 (2012), Instituto Diplom\u00e1tico, pp. 179-294; pp. 221-314; pp. 231-431; pp. 357-392; pp. 142-251; pp. 128-197;<\/span><\/li><\/ul><p><strong>Book Reviews<\/strong><\/p><ul><li>&#8220;<em>Arthur Austin, The Empire Strikes Back \u2013 Outsiders and the Struggle over Legal Education&#8221;<\/em>, New York University Press, New York and London, 1998, in <em>Themis<\/em>, VI, 10, 2005, pp. 255 a 260;<\/li><\/ul><p><strong>Other<\/strong><\/p><ul><li>\u201c<em><a href=\"http:\/\/on-federalism.eu\/attachments\/278_download.pdf\">The Past, Present and Future of the EU\u2019s Federal Experience<\/a><\/em>\u201d (com Martinho Lucas Pires), <em>Perspectives on Federalism<\/em>, 10, 1, 2018, pp. I-V;<\/li><li>\u201c<em>Francisco Pereira Coutinho<\/em>\u201d, in D. Calin (coord.), <em style=\"font-size: 16px;\">European Union Law and the Constitutional Courts of the Member States. <\/em><em style=\"font-size: 16px;\">Interviews<\/em><span style=\"font-size: 16px;\">, Editura Universitara de Bucareste, 2015, pp. 340 a 355;<\/span><\/li><li>\u201c<em><a style=\"font-size: 16px; background-color: #ffffff;\" href=\"https:\/\/papers.ssrn.com\/sol3\/papers.cfm?abstract_id=2975948\">Ways to Legally Implement Intergenerational Justice in Portugal<\/a><\/em><span style=\"font-size: 16px;\">\u201d, <\/span><em style=\"font-size: 16px;\">Intergenerational Justice Review<\/em><span style=\"font-size: 16px;\">, 10, 1, 2010, pp. 41 e 42;<\/span><\/li><\/ul><p><strong>Book Coordinator<\/strong><\/p><ul><li>&#8220;<em>Blockchain and the Law<\/em>&#8221; (com Martinho Lucas Pires e Bernardo Correia Barradas), T.M.C. Asser Press, 2023, 143 pp;<\/li><li>&#8220;<a href=\"https:\/\/www.uceditora.ucp.pt\/pt\/coloquios\/3269-a-digitalizacao-do-direito.html\">A Digitaliza\u00e7\u00e3o do Direito: XV Encontro de Professores de Direito P\u00fablico<\/a>&#8221; (com Catarina Santos Botelho e Dulce Lopes), UCP Editora, 2023, 72 pp.;<\/li><li>&#8220;<em>O Direito P\u00fablico e a Crise Pand\u00e9mica: XIV Encontro de Professores de Direito P\u00fablico<\/em>&#8221; (com Catarina Santos Botelho e Dulce Lopes), CEDIS, 2022, 180 pp;<\/li><li><em>&#8220;Compliance y Lucha contra la Corrupci\u00f3n en Espa\u00f1a, Portugal e Iberoam\u00e9rica&#8221; <\/em>(com F. da Costa Pinto e I. Lled\u00f3 Benito), Dykinson, 2021, 444 pp.;<\/li><li><em style=\"font-size: 16px;\">&#8220;O Princ\u00edpio da Proporcionalidade. XIII Encontro de Professores de Direito P\u00fablico&#8221;<\/em><span style=\"font-size: 16px;\"> (com Dulce Lopes and Catarina Santos Botelho), Instituto Jur\u00eddico da Faculdade de Direito da Universidade de Coimbra, 2021, 164 pp.;<\/span><\/li><li><a style=\"font-size: 16px; background-color: #ffffff;\" href=\"https:\/\/www.fd.unl.pt\/anexos\/12828.pdf\"><em>&#8220;What Market, What Society, What Union? <\/em><em>The European Thought of Francisco Lucas Pires, 20 Years Later&#8221;<\/em><\/a><span style=\"font-size: 16px;\"> (com Martinho Lucas Pires), Asser Press, 2020, 157 pp.;<\/span><\/li><li><a style=\"font-size: 16px; background-color: #ffffff;\" href=\"http:\/\/cedis.fd.unl.pt\/wp-content\/uploads\/2020\/04\/Educa%C3%A7%C3%A3o-de-Qualidade-e-Desenvolvimento3-min.pdf\"><em>&#8220;Educa\u00e7\u00e3o de Qualidade e Desenvolvimento na Lusofonia&#8221;<\/em><\/a><span style=\"font-size: 16px;\"> (com Maria Jo\u00e3o Carap\u00eato and Emellin Oliveira), CEDIS, 2020, 202 pp.;<\/span><\/li><li><a style=\"font-size: 16px; background-color: #ffffff;\" href=\"https:\/\/cedis.fd.unl.pt\/wp-content\/uploads\/2020\/09\/Atas-do-I-Curso-sobre-Governanca-min.pdf\">&#8220;<em>Atas do I Curso sobre Governan\u00e7a e Regula\u00e7\u00e3o Global&#8221;<\/em><\/a><span style=\"font-size: 16px;\"> (com Ruth Santos e Matheus Silva), CEDIS, 2020, 426 pp.<\/span><\/li><li><a style=\"font-size: 16px; background-color: #ffffff;\" href=\"http:\/\/cedis.fd.unl.pt\/wp-content\/uploads\/2020\/03\/LIVRO-ODS-5-IGUALDADE-GENERO-MOBILIDADE-compactado-min.pdf\"><em>&#8220;Igualdade de G\u00e9nero e Mobilidade. Desafios e Oportunidades para o Desenvolvimento da Lusofonia&#8221;<\/em><\/a><span style=\"font-size: 16px;\"> (com Emellin Oliveira and Maria Jo\u00e3o Carap\u00eato), CEDIS, 2020, 299 pp.;<\/span><\/li><li><a style=\"font-size: 16px; background-color: #ffffff;\" href=\"http:\/\/cedis.fd.unl.pt\/wp-content\/uploads\/2019\/10\/ATAS-Combate-a-corrup%C3%A7%C3%A3o-Adm-Publica.pdf\"><em>&#8220;Atas do I Curso sobre Mecanismos de Preven\u00e7\u00e3o e Combate \u00e0 Corrup\u00e7\u00e3o na Administra\u00e7\u00e3o P\u00fablica&#8221;<\/em><\/a><span style=\"font-size: 16px;\"> (com Julia Gracia), CEDIS, 2019, 169 pp.;<\/span><\/li><li><em style=\"font-size: 16px;\">&#8220;Las Empresas Transnacionales en el Derecho Internacional Contempor\u00e1neo. Derechos Humanos y Objectivos de Desarollo Sostenible&#8221;<\/em><span style=\"font-size: 16px;\"> (com C\u00e1stor M. Barrado D\u00edaz and Juan Manuel Rodr\u00edguez Barrig\u00f3n), Tirant lo Blanch, 2019, 454 pp.;<\/span><\/li><li><a style=\"font-size: 16px; background-color: #ffffff;\" href=\"http:\/\/cedis.fd.unl.pt\/wp-content\/uploads\/2019\/08\/ATAS-da-Conferencia-SUPORTE-DIGITAL-compactado.pdf\"><em>&#8220;Paz, Justi\u00e7a e Institui\u00e7\u00f5es Eficazes \u2013 Um caminho para o desenvolvimento sustent\u00e1vel<\/em><\/a><span style=\"font-size: 16px;\"> &#8220;(com Maria Jo\u00e3o Carap\u00eato and Emellin de Oliveira), CEDIS, 2019, 204 pp.;<\/span><\/li><li><a style=\"font-size: 16px; background-color: #ffffff;\" href=\"https:\/\/research.unl.pt\/ws\/portalfiles\/portal\/13879671\/Livro_ATAS_002_compressed.pdf\"><em>&#8220;Atas do I Curso sobre o Combate \u00e0 Corrup\u00e7\u00e3o na Contrata\u00e7\u00e3o P\u00fablica&#8221;<\/em><\/a><span style=\"font-size: 16px;\"> (com Ruth Santos), CEDIS, 2019, 490 pp.;<\/span><\/li><li><em style=\"font-size: 16px;\">&#8220;Os Sujeitos N\u00e3o Estaduais no Direito Internacional&#8221;<\/em><span style=\"font-size: 16px;\"> (com Juan Manuel Rodrigu\u00e9z Barrig\u00f3n and Tiago Melo Cartaxo), Petrony, 2019, 446 pp.;<\/span><\/li><li><a style=\"font-size: 16px; background-color: #ffffff;\" href=\"http:\/\/cedis.fd.unl.pt\/blog\/project\/direito-da-moda-vol-i\/?fbclid=IwAR0xOZ2J7PvYQVi5O6sUSSqIoxeIqW7imM-kq1xDuO_aax_D-EJWGB1lLkU\"><em>&#8220;Direito da Moda&#8221;<\/em><\/a><span style=\"font-size: 16px;\"> (com L\u00edgia Carvalho Abreu), CEDIS, 2019, 291 pp.;<\/span><\/li><li><em style=\"font-size: 16px;\">&#8220;Desarrollo Sostenible y Derecho Internacional&#8221;<\/em><span style=\"font-size: 16px;\"> (com J. Juste Ruiz and V. Bou Franch), Tirant lo Blanch, 2018, 441 pp.;<\/span><\/li><li><a style=\"font-size: 16px; background-color: #ffffff;\" href=\"http:\/\/cedis.fd.unl.pt\/wp-content\/uploads\/2018\/10\/Livro_OMC-2.0_o-CETA-como-novo-paradigma-do-DIE.pdf\"><em>&#8220;OMC 2.0: o CETA como novo paradigma do Direito Internacional Econ\u00f3mico?&#8221;<\/em><\/a><span style=\"font-size: 16px;\"> (com L\u00facio Tom\u00e9 Feteira and Ruth Santos), CEDIS, 2018, 229 pp.;<\/span><\/li><li><a style=\"font-size: 16px; background-color: #ffffff;\" href=\"http:\/\/cedis.fd.unl.pt\/blog\/project\/o-direito-internacional-publico-nos-direitos-de-lingua-portuguesa\/\"><em>&#8220;O Direito Internacional nos Direitos de L\u00edngua Portuguesa&#8221;<\/em><\/a><span style=\"font-size: 16px;\"> (com Jorge Bacelar Gouveia), CEDIS, 2018, 369 pp.;<\/span><\/li><li><em style=\"font-size: 16px;\">&#8220;Enciclop\u00e9dia da Uni\u00e3o Europeia&#8221;<\/em><span style=\"font-size: 16px;\"> (com Ana Paula Brand\u00e3o, Isabel Camis\u00e3o and Joana Covelo de Abreu), Petrony, 2017, 496 pp.;<\/span><\/li><li><em style=\"font-size: 16px;\">&#8220;As Fronteiras Luso-Espanholas: das quest\u00f5es de soberania aos fatores de Uni\u00e3o&#8221;<\/em><span style=\"font-size: 16px;\"> (com Mateus Kowalski), Instituto Diplom\u00e1tico, 2015, 200 pp.;<\/span><\/li><li><em style=\"font-size: 16px;\">III Congresso do Direito de L\u00edngua Portuguesa<\/em><span style=\"font-size: 16px;\"> (com Jorge Bacelar Gouveia, Henriques Jos\u00e9 Henriques and Gildo Espada), Almedina, 2014, 292 pp.;<\/span><\/li><li><em style=\"font-size: 16px;\">&#8220;Enciclop\u00e9dia das Rela\u00e7\u00f5es Internacionais&#8221;<\/em><span style=\"font-size: 16px;\"> (com Nuno Canas Mendes), Dom Quixote, 2014, 583 pp.;<\/span><\/li><li><em style=\"font-size: 16px;\">&#8220;Enciclop\u00e9dia da Constitui\u00e7\u00e3o Portuguesa&#8221;<\/em><span style=\"font-size: 16px;\"> (with Jorge Bacelar Gouveia), Quid Juris, 2013, 416 pp.;<\/span><\/li><li><em style=\"font-size: 16px;\">&#8220;Enciclop\u00e9dia de Direito Internacional&#8221;<\/em><span style=\"font-size: 16px;\"> (com Manuel de Almeida Ribeiro and Isabel Cabrita), Almedina, 2011, 512 pp.;<\/span><\/li><li><em style=\"font-size: 16px;\">&#8220;20 anos de Jurisprud\u00eancia da Uni\u00e3o sobre Casos Portugueses: o que fica do di\u00e1logo entre os ju\u00edzes portugueses e o Tribunal de Justi\u00e7a da Uni\u00e3o Europeia&#8221;<\/em><span style=\"font-size: 16px;\"> (com Maria Lu\u00edsa Duarte and Lu\u00eds Fernandes), Instituto Diplom\u00e1tico, 2011, 334 pp.;<\/span><\/li><\/ul>\t\t\t\t\t\t<\/div>\n\t\t\t\t<\/div>\n\t\t\t\t<div class=\"elementor-element elementor-element-1cda727f tabs-novalaw elementor-widget elementor-widget-text-editor\" data-id=\"1cda727f\" data-element_type=\"widget\" id=\"investigacao\" data-widget_type=\"text-editor.default\">\n\t\t\t\t<div class=\"elementor-widget-container\">\n\t\t\t\t\t\t\t<ul><li class=\"p1\"><span class=\"s1\">European Constitutional Law<\/span><\/li><li class=\"p1\"><span class=\"s1\">International Public Law<\/span><\/li><li class=\"p1\"><span class=\"s1\">Data Protection<\/span><\/li><\/ul>\t\t\t\t\t\t<\/div>\n\t\t\t\t<\/div>\n\t\t\t\t\t<\/div>\n\t\t<\/div>\n\t\t\t\t\t\t\t<\/div>\n\t\t<\/section>\n\t\t\t\t<section class=\"elementor-section elementor-top-section elementor-element elementor-element-bcfed22 elementor-section-boxed elementor-section-height-default elementor-section-height-default\" data-id=\"bcfed22\" data-element_type=\"section\">\n\t\t\t\t\t\t<div class=\"elementor-container elementor-column-gap-default\">\n\t\t\t\t\t<div class=\"elementor-column elementor-col-100 elementor-top-column elementor-element elementor-element-2fbaf38\" data-id=\"2fbaf38\" data-element_type=\"column\" data-settings=\"{&quot;background_background&quot;:&quot;classic&quot;}\">\n\t\t\t<div class=\"elementor-widget-wrap elementor-element-populated\">\n\t\t\t\t\t\t\t\t<section class=\"elementor-section elementor-inner-section elementor-element elementor-element-5840ef9 elementor-section-boxed elementor-section-height-default elementor-section-height-default\" data-id=\"5840ef9\" data-element_type=\"section\">\n\t\t\t\t\t\t<div class=\"elementor-container elementor-column-gap-default\">\n\t\t\t\t\t<div class=\"elementor-column elementor-col-50 elementor-inner-column elementor-element elementor-element-844897e\" data-id=\"844897e\" data-element_type=\"column\">\n\t\t\t<div class=\"elementor-widget-wrap elementor-element-populated\">\n\t\t\t\t\t\t\t\t<div class=\"elementor-element elementor-element-c6c0663 elementor-widget elementor-widget-text-editor\" data-id=\"c6c0663\" data-element_type=\"widget\" data-widget_type=\"text-editor.default\">\n\t\t\t\t<div class=\"elementor-widget-container\">\n\t\t\t\t\t\t\t<p><strong>Students Assistance Service:<\/strong><br \/>Wednesday from 9 a.m. to 12 p.m. (Registrations by email)<\/p>\t\t\t\t\t\t<\/div>\n\t\t\t\t<\/div>\n\t\t\t\t\t<\/div>\n\t\t<\/div>\n\t\t\t\t<div class=\"elementor-column elementor-col-50 elementor-inner-column elementor-element elementor-element-ae3af5d\" data-id=\"ae3af5d\" data-element_type=\"column\">\n\t\t\t<div class=\"elementor-widget-wrap elementor-element-populated\">\n\t\t\t\t\t\t\t\t<div class=\"elementor-element elementor-element-2297429 elementor-widget elementor-widget-text-editor\" data-id=\"2297429\" data-element_type=\"widget\" data-widget_type=\"text-editor.default\">\n\t\t\t\t<div class=\"elementor-widget-container\">\n\t\t\t\t\t\t\t<p><a href=\"https:\/\/novaresearch.unl.pt\/en\/persons\/francisco-pereira-coutinho\"><strong>NOVA Research Portal<\/strong><\/a><br \/><a href=\"https:\/\/www.linkedin.com\/in\/francisco-pereira-coutinho-6809b072\/\"><strong>Linkedin<\/strong><\/a><br \/><a href=\"https:\/\/scholar.google.pt\/citations?user=7jwnqdYAAAAJ&amp;hl=en\"><strong>Google Scholar<\/strong><\/a><\/p>\t\t\t\t\t\t<\/div>\n\t\t\t\t<\/div>\n\t\t\t\t\t<\/div>\n\t\t<\/div>\n\t\t\t\t\t\t\t<\/div>\n\t\t<\/section>\n\t\t\t\t\t<\/div>\n\t\t<\/div>\n\t\t\t\t\t\t\t<\/div>\n\t\t<\/section>\n\t\t\t\t<section class=\"elementor-section elementor-top-section elementor-element elementor-element-723ba4a8 elementor-section-height-min-height elementor-section-boxed elementor-section-height-default elementor-section-items-middle\" data-id=\"723ba4a8\" data-element_type=\"section\">\n\t\t\t\t\t\t<div class=\"elementor-container elementor-column-gap-default\">\n\t\t\t\t\t<div class=\"elementor-column elementor-col-100 elementor-top-column elementor-element elementor-element-300f5d90\" data-id=\"300f5d90\" data-element_type=\"column\">\n\t\t\t<div class=\"elementor-widget-wrap\">\n\t\t\t\t\t\t\t\t\t<\/div>\n\t\t<\/div>\n\t\t\t\t\t\t\t<\/div>\n\t\t<\/section>\n\t\t\t\t\t\t<\/div>\n\t\t\t\t\t<\/div>\n\t\t","protected":false},"excerpt":{"rendered":"<p>Francisco Pereira Coutinho Full Professor fpereiracoutinho@novalaw.unl.pt Biographical Note | Pedagogical Experience | Main Publications | Research Areas Francisco Pereira Coutinho directs the Observatories of Portuguese Legislation and Data Protection Law, as well as the Moot Courts Program. Specialized in Public International Law and European Constitutional Law, his research and teaching interests further encompass comparative constitutional &hellip;<\/p>\n<p class=\"read-more\"> <a class=\"\" href=\"https:\/\/novalaw.unl.pt\/en\/francisco-pereira-coutinho\/\"> <span class=\"screen-reader-text\">Francisco Pereira Coutinho<\/span> Read More &raquo;<\/a><\/p>\n","protected":false},"author":2,"featured_media":0,"parent":0,"menu_order":138,"comment_status":"closed","ping_status":"closed","template":"","meta":{"footnotes":""},"categories":[],"tags":[],"class_list":["post-7565","page","type-page","status-publish","hentry"],"yoast_head":"<!-- This site is optimized with the Yoast SEO Premium plugin v27.4 (Yoast SEO v27.4) - https:\/\/yoast.com\/product\/yoast-seo-premium-wordpress\/ -->\n<title>Francisco Pereira Coutinho - NOVA School of Law | Faculdade de Direito da Universidade NOVA de Lisboa<\/title>\n<meta name=\"robots\" content=\"index, follow, max-snippet:-1, max-image-preview:large, max-video-preview:-1\" \/>\n<link rel=\"canonical\" href=\"https:\/\/novalaw.unl.pt\/en\/francisco-pereira-coutinho\/\" \/>\n<meta property=\"og:locale\" content=\"en_US\" \/>\n<meta property=\"og:type\" content=\"article\" \/>\n<meta property=\"og:title\" content=\"Francisco Pereira Coutinho\" \/>\n<meta property=\"og:description\" content=\"Francisco Pereira Coutinho Full Professor fpereiracoutinho@novalaw.unl.pt Biographical Note | Pedagogical Experience | Main Publications | Research Areas Francisco Pereira Coutinho directs the Observatories of Portuguese Legislation and Data Protection Law, as well as the Moot Courts Program. Specialized in Public International Law and European Constitutional Law, his research and teaching interests further encompass comparative constitutional &hellip; Francisco Pereira Coutinho Read More &raquo;\" \/>\n<meta property=\"og:url\" content=\"https:\/\/novalaw.unl.pt\/en\/francisco-pereira-coutinho\/\" \/>\n<meta property=\"og:site_name\" content=\"NOVA School of Law | Faculdade de Direito da Universidade NOVA de Lisboa\" \/>\n<meta property=\"article:modified_time\" content=\"2025-08-28T16:16:56+00:00\" \/>\n<meta property=\"og:image\" content=\"https:\/\/novalaw.unl.pt\/wp-content\/uploads\/2021\/08\/SITE_docentes-residentes-FRANCISCO-COUTINHO.jpg\" \/>\n<meta name=\"twitter:card\" content=\"summary_large_image\" \/>\n<meta name=\"twitter:label1\" content=\"Est. reading time\" \/>\n\t<meta name=\"twitter:data1\" content=\"15 minutes\" \/>\n<script type=\"application\/ld+json\" class=\"yoast-schema-graph\">{\"@context\":\"https:\\\/\\\/schema.org\",\"@graph\":[{\"@type\":\"WebPage\",\"@id\":\"https:\\\/\\\/novalaw.unl.pt\\\/en\\\/francisco-pereira-coutinho\\\/\",\"url\":\"https:\\\/\\\/novalaw.unl.pt\\\/en\\\/francisco-pereira-coutinho\\\/\",\"name\":\"Francisco Pereira Coutinho - NOVA School of Law | Faculdade de Direito da Universidade NOVA de Lisboa\",\"isPartOf\":{\"@id\":\"https:\\\/\\\/novalaw.unl.pt\\\/#website\"},\"primaryImageOfPage\":{\"@id\":\"https:\\\/\\\/novalaw.unl.pt\\\/en\\\/francisco-pereira-coutinho\\\/#primaryimage\"},\"image\":{\"@id\":\"https:\\\/\\\/novalaw.unl.pt\\\/en\\\/francisco-pereira-coutinho\\\/#primaryimage\"},\"thumbnailUrl\":\"https:\\\/\\\/novalaw.unl.pt\\\/wp-content\\\/uploads\\\/2021\\\/08\\\/SITE_docentes-residentes-FRANCISCO-COUTINHO.jpg\",\"datePublished\":\"2021-09-30T12:35:23+00:00\",\"dateModified\":\"2025-08-28T16:16:56+00:00\",\"breadcrumb\":{\"@id\":\"https:\\\/\\\/novalaw.unl.pt\\\/en\\\/francisco-pereira-coutinho\\\/#breadcrumb\"},\"inLanguage\":\"en-US\",\"potentialAction\":[{\"@type\":\"ReadAction\",\"target\":[\"https:\\\/\\\/novalaw.unl.pt\\\/en\\\/francisco-pereira-coutinho\\\/\"]}]},{\"@type\":\"ImageObject\",\"inLanguage\":\"en-US\",\"@id\":\"https:\\\/\\\/novalaw.unl.pt\\\/en\\\/francisco-pereira-coutinho\\\/#primaryimage\",\"url\":\"https:\\\/\\\/novalaw.unl.pt\\\/wp-content\\\/uploads\\\/2021\\\/08\\\/SITE_docentes-residentes-FRANCISCO-COUTINHO.jpg\",\"contentUrl\":\"https:\\\/\\\/novalaw.unl.pt\\\/wp-content\\\/uploads\\\/2021\\\/08\\\/SITE_docentes-residentes-FRANCISCO-COUTINHO.jpg\"},{\"@type\":\"BreadcrumbList\",\"@id\":\"https:\\\/\\\/novalaw.unl.pt\\\/en\\\/francisco-pereira-coutinho\\\/#breadcrumb\",\"itemListElement\":[{\"@type\":\"ListItem\",\"position\":1,\"name\":\"Home\",\"item\":\"https:\\\/\\\/novalaw.unl.pt\\\/en\\\/\"},{\"@type\":\"ListItem\",\"position\":2,\"name\":\"Francisco Pereira Coutinho\"}]},{\"@type\":\"WebSite\",\"@id\":\"https:\\\/\\\/novalaw.unl.pt\\\/#website\",\"url\":\"https:\\\/\\\/novalaw.unl.pt\\\/\",\"name\":\"NOVA School of Law | Faculdade de Direito da Universidade NOVA de Lisboa\",\"description\":\"NOVA School Of Law\",\"publisher\":{\"@id\":\"https:\\\/\\\/novalaw.unl.pt\\\/#organization\"},\"potentialAction\":[{\"@type\":\"SearchAction\",\"target\":{\"@type\":\"EntryPoint\",\"urlTemplate\":\"https:\\\/\\\/novalaw.unl.pt\\\/?s={search_term_string}\"},\"query-input\":{\"@type\":\"PropertyValueSpecification\",\"valueRequired\":true,\"valueName\":\"search_term_string\"}}],\"inLanguage\":\"en-US\"},{\"@type\":\"Organization\",\"@id\":\"https:\\\/\\\/novalaw.unl.pt\\\/#organization\",\"name\":\"NOVA School of Law\",\"url\":\"https:\\\/\\\/novalaw.unl.pt\\\/\",\"logo\":{\"@type\":\"ImageObject\",\"inLanguage\":\"en-US\",\"@id\":\"https:\\\/\\\/novalaw.unl.pt\\\/#\\\/schema\\\/logo\\\/image\\\/\",\"url\":\"https:\\\/\\\/novalaw.unl.pt\\\/wp-content\\\/uploads\\\/2021\\\/02\\\/logo-novalaw.svg\",\"contentUrl\":\"https:\\\/\\\/novalaw.unl.pt\\\/wp-content\\\/uploads\\\/2021\\\/02\\\/logo-novalaw.svg\",\"width\":991,\"height\":424,\"caption\":\"NOVA School of Law\"},\"image\":{\"@id\":\"https:\\\/\\\/novalaw.unl.pt\\\/#\\\/schema\\\/logo\\\/image\\\/\"}}]}<\/script>\n<!-- \/ Yoast SEO Premium plugin. -->","yoast_head_json":{"title":"Francisco Pereira Coutinho - NOVA School of Law | Faculdade de Direito da Universidade NOVA de Lisboa","robots":{"index":"index","follow":"follow","max-snippet":"max-snippet:-1","max-image-preview":"max-image-preview:large","max-video-preview":"max-video-preview:-1"},"canonical":"https:\/\/novalaw.unl.pt\/en\/francisco-pereira-coutinho\/","og_locale":"en_US","og_type":"article","og_title":"Francisco Pereira Coutinho","og_description":"Francisco Pereira Coutinho Full Professor fpereiracoutinho@novalaw.unl.pt Biographical Note | Pedagogical Experience | Main Publications | Research Areas Francisco Pereira Coutinho directs the Observatories of Portuguese Legislation and Data Protection Law, as well as the Moot Courts Program. Specialized in Public International Law and European Constitutional Law, his research and teaching interests further encompass comparative constitutional &hellip; Francisco Pereira Coutinho Read More &raquo;","og_url":"https:\/\/novalaw.unl.pt\/en\/francisco-pereira-coutinho\/","og_site_name":"NOVA School of Law | Faculdade de Direito da Universidade NOVA de Lisboa","article_modified_time":"2025-08-28T16:16:56+00:00","og_image":[{"url":"https:\/\/novalaw.unl.pt\/wp-content\/uploads\/2021\/08\/SITE_docentes-residentes-FRANCISCO-COUTINHO.jpg","type":"","width":"","height":""}],"twitter_card":"summary_large_image","twitter_misc":{"Est. reading time":"15 minutes"},"schema":{"@context":"https:\/\/schema.org","@graph":[{"@type":"WebPage","@id":"https:\/\/novalaw.unl.pt\/en\/francisco-pereira-coutinho\/","url":"https:\/\/novalaw.unl.pt\/en\/francisco-pereira-coutinho\/","name":"Francisco Pereira Coutinho - NOVA School of Law | Faculdade de Direito da Universidade NOVA de Lisboa","isPartOf":{"@id":"https:\/\/novalaw.unl.pt\/#website"},"primaryImageOfPage":{"@id":"https:\/\/novalaw.unl.pt\/en\/francisco-pereira-coutinho\/#primaryimage"},"image":{"@id":"https:\/\/novalaw.unl.pt\/en\/francisco-pereira-coutinho\/#primaryimage"},"thumbnailUrl":"https:\/\/novalaw.unl.pt\/wp-content\/uploads\/2021\/08\/SITE_docentes-residentes-FRANCISCO-COUTINHO.jpg","datePublished":"2021-09-30T12:35:23+00:00","dateModified":"2025-08-28T16:16:56+00:00","breadcrumb":{"@id":"https:\/\/novalaw.unl.pt\/en\/francisco-pereira-coutinho\/#breadcrumb"},"inLanguage":"en-US","potentialAction":[{"@type":"ReadAction","target":["https:\/\/novalaw.unl.pt\/en\/francisco-pereira-coutinho\/"]}]},{"@type":"ImageObject","inLanguage":"en-US","@id":"https:\/\/novalaw.unl.pt\/en\/francisco-pereira-coutinho\/#primaryimage","url":"https:\/\/novalaw.unl.pt\/wp-content\/uploads\/2021\/08\/SITE_docentes-residentes-FRANCISCO-COUTINHO.jpg","contentUrl":"https:\/\/novalaw.unl.pt\/wp-content\/uploads\/2021\/08\/SITE_docentes-residentes-FRANCISCO-COUTINHO.jpg"},{"@type":"BreadcrumbList","@id":"https:\/\/novalaw.unl.pt\/en\/francisco-pereira-coutinho\/#breadcrumb","itemListElement":[{"@type":"ListItem","position":1,"name":"Home","item":"https:\/\/novalaw.unl.pt\/en\/"},{"@type":"ListItem","position":2,"name":"Francisco Pereira Coutinho"}]},{"@type":"WebSite","@id":"https:\/\/novalaw.unl.pt\/#website","url":"https:\/\/novalaw.unl.pt\/","name":"NOVA School of Law | Faculdade de Direito da Universidade NOVA de Lisboa","description":"NOVA School Of Law","publisher":{"@id":"https:\/\/novalaw.unl.pt\/#organization"},"potentialAction":[{"@type":"SearchAction","target":{"@type":"EntryPoint","urlTemplate":"https:\/\/novalaw.unl.pt\/?s={search_term_string}"},"query-input":{"@type":"PropertyValueSpecification","valueRequired":true,"valueName":"search_term_string"}}],"inLanguage":"en-US"},{"@type":"Organization","@id":"https:\/\/novalaw.unl.pt\/#organization","name":"NOVA School of Law","url":"https:\/\/novalaw.unl.pt\/","logo":{"@type":"ImageObject","inLanguage":"en-US","@id":"https:\/\/novalaw.unl.pt\/#\/schema\/logo\/image\/","url":"https:\/\/novalaw.unl.pt\/wp-content\/uploads\/2021\/02\/logo-novalaw.svg","contentUrl":"https:\/\/novalaw.unl.pt\/wp-content\/uploads\/2021\/02\/logo-novalaw.svg","width":991,"height":424,"caption":"NOVA School of Law"},"image":{"@id":"https:\/\/novalaw.unl.pt\/#\/schema\/logo\/image\/"}}]}},"novalaw_begin_date":"","novalaw_begin_date_en":"","novalaw_text":"","novalaw_tag":"","novalaw_tag_en":"","novalaw_link":"","novalaw_link_en":"","novalaw_end_date":"","novalaw_end_date_en":"","novalaw_date":"","novalaw_em_destaque":"","novalaw_tag_src":"","lang":"","_links":{"self":[{"href":"https:\/\/novalaw.unl.pt\/en\/wp-json\/wp\/v2\/pages\/7565","targetHints":{"allow":["GET"]}}],"collection":[{"href":"https:\/\/novalaw.unl.pt\/en\/wp-json\/wp\/v2\/pages"}],"about":[{"href":"https:\/\/novalaw.unl.pt\/en\/wp-json\/wp\/v2\/types\/page"}],"author":[{"embeddable":true,"href":"https:\/\/novalaw.unl.pt\/en\/wp-json\/wp\/v2\/users\/2"}],"replies":[{"embeddable":true,"href":"https:\/\/novalaw.unl.pt\/en\/wp-json\/wp\/v2\/comments?post=7565"}],"version-history":[{"count":49,"href":"https:\/\/novalaw.unl.pt\/en\/wp-json\/wp\/v2\/pages\/7565\/revisions"}],"predecessor-version":[{"id":99972,"href":"https:\/\/novalaw.unl.pt\/en\/wp-json\/wp\/v2\/pages\/7565\/revisions\/99972"}],"wp:attachment":[{"href":"https:\/\/novalaw.unl.pt\/en\/wp-json\/wp\/v2\/media?parent=7565"}],"wp:term":[{"taxonomy":"category","embeddable":true,"href":"https:\/\/novalaw.unl.pt\/en\/wp-json\/wp\/v2\/categories?post=7565"},{"taxonomy":"post_tag","embeddable":true,"href":"https:\/\/novalaw.unl.pt\/en\/wp-json\/wp\/v2\/tags?post=7565"}],"curies":[{"name":"wp","href":"https:\/\/api.w.org\/{rel}","templated":true}]}}