{"id":7709,"date":"2021-10-01T09:50:00","date_gmt":"2021-10-01T09:50:00","guid":{"rendered":"https:\/\/novalaw.unl.pt\/?page_id=7709"},"modified":"2022-04-08T16:21:33","modified_gmt":"2022-04-08T16:21:33","slug":"luis-heleno-terrinha","status":"publish","type":"page","link":"https:\/\/novalaw.unl.pt\/en\/luis-heleno-terrinha\/","title":{"rendered":"Lu\u00eds Heleno Terrinha"},"content":{"rendered":"\t\t<div data-elementor-type=\"wp-page\" data-elementor-id=\"7709\" class=\"elementor elementor-7709\" data-elementor-settings=\"[]\">\n\t\t\t\t\t\t\t<div class=\"elementor-section-wrap\">\n\t\t\t\t\t\t\t<section class=\"elementor-section elementor-top-section elementor-element elementor-element-5f2d4bb6 elementor-section-height-min-height elementor-section-boxed elementor-section-height-default elementor-section-items-middle\" data-id=\"5f2d4bb6\" data-element_type=\"section\">\n\t\t\t\t\t\t<div class=\"elementor-container elementor-column-gap-default\">\n\t\t\t\t\t<div class=\"elementor-column elementor-col-100 elementor-top-column elementor-element elementor-element-1cdc6d78\" data-id=\"1cdc6d78\" data-element_type=\"column\">\n\t\t\t<div class=\"elementor-widget-wrap elementor-element-populated\">\n\t\t\t\t\t\t\t\t<section class=\"elementor-section elementor-inner-section elementor-element elementor-element-368076dd elementor-section-boxed elementor-section-height-default elementor-section-height-default\" data-id=\"368076dd\" data-element_type=\"section\">\n\t\t\t\t\t\t<div class=\"elementor-container elementor-column-gap-default\">\n\t\t\t\t\t<div class=\"elementor-column elementor-col-50 elementor-inner-column elementor-element elementor-element-17d837da\" data-id=\"17d837da\" data-element_type=\"column\">\n\t\t\t<div class=\"elementor-widget-wrap elementor-element-populated\">\n\t\t\t\t\t\t\t\t<div class=\"elementor-element elementor-element-28ccff73 elementor-widget elementor-widget-image\" data-id=\"28ccff73\" data-element_type=\"widget\" data-widget_type=\"image.default\">\n\t\t\t\t<div class=\"elementor-widget-container\">\n\t\t\t\t\t\t\t\t\t\t\t\t\t\t\t<img loading=\"lazy\" decoding=\"async\" width=\"202\" height=\"202\" src=\"https:\/\/novalaw.unl.pt\/wp-content\/uploads\/2021\/08\/SITE_docentes-residentes-LUIS-HELENO.jpg\" class=\"attachment-large size-large\" alt=\"\" srcset=\"https:\/\/novalaw.unl.pt\/wp-content\/uploads\/2021\/08\/SITE_docentes-residentes-LUIS-HELENO.jpg 202w, https:\/\/novalaw.unl.pt\/wp-content\/uploads\/2021\/08\/SITE_docentes-residentes-LUIS-HELENO-150x150.jpg 150w, https:\/\/novalaw.unl.pt\/wp-content\/uploads\/2021\/08\/SITE_docentes-residentes-LUIS-HELENO-100x100.jpg 100w\" sizes=\"auto, (max-width: 202px) 100vw, 202px\" \/>\t\t\t\t\t\t\t\t\t\t\t\t\t\t\t<\/div>\n\t\t\t\t<\/div>\n\t\t\t\t\t<\/div>\n\t\t<\/div>\n\t\t\t\t<div class=\"elementor-column elementor-col-50 elementor-inner-column elementor-element elementor-element-7019710d\" data-id=\"7019710d\" data-element_type=\"column\">\n\t\t\t<div class=\"elementor-widget-wrap elementor-element-populated\">\n\t\t\t\t\t\t\t\t<div class=\"elementor-element elementor-element-5ba06ea7 elementor-widget elementor-widget-heading\" data-id=\"5ba06ea7\" data-element_type=\"widget\" data-widget_type=\"heading.default\">\n\t\t\t\t<div class=\"elementor-widget-container\">\n\t\t\t<h1 class=\"elementor-heading-title elementor-size-default\">Lu\u00eds Heleno Terrinha<\/h1>\t\t<\/div>\n\t\t\t\t<\/div>\n\t\t\t\t<div class=\"elementor-element elementor-element-1f22dca4 elementor-widget elementor-widget-heading\" data-id=\"1f22dca4\" data-element_type=\"widget\" data-widget_type=\"heading.default\">\n\t\t\t\t<div class=\"elementor-widget-container\">\n\t\t\t<h3 class=\"elementor-heading-title elementor-size-default\">Assistant Professor<\/h3>\t\t<\/div>\n\t\t\t\t<\/div>\n\t\t\t\t<div class=\"elementor-element elementor-element-3c2f3bc elementor-widget elementor-widget-ekit_wb_3521\" data-id=\"3c2f3bc\" data-element_type=\"widget\" data-widget_type=\"ekit_wb_3521.default\">\n\t\t\t\t<div class=\"elementor-widget-container\">\n\t\t\t<a href=\"mailto:luis.terrinha@novalaw.unl.pt\" style=\"vertical-align: middle;\n    display: flex;\">\n    <span><svg xmlns=\"http:\/\/www.w3.org\/2000\/svg\" width=\"32\" height=\"32\" viewBox=\"0 0 32 32\" fill=\"none\"><g clip-path=\"url(#clip0)\"><path fill-rule=\"evenodd\" clip-rule=\"evenodd\" d=\"M13.4915 0.197933C10.3659 0.694111 7.45756 2.10609 5.13445 4.25529C2.81134 6.40449 1.17778 9.19436 0.440381 12.272C-0.297019 15.3497 -0.105136 18.577 0.991764 21.5456C2.08866 24.5142 4.0413 27.0908 6.60272 28.9496C9.16413 30.8084 12.2193 31.8658 15.3817 31.9881C18.5441 32.1104 21.6718 31.2921 24.3691 29.6367C27.0664 27.9813 29.2122 25.5632 30.5351 22.6881C31.858 19.8131 32.2986 16.6103 31.8011 13.4849C31.1342 9.29534 28.8308 5.54213 25.3973 3.05051C21.9638 0.558883 17.6813 -0.467177 13.4915 0.197933ZM24.5524 9.24141L16.9002 16.8936C15.8915 17.8953 15.5089 17.8605 14.5698 16.8936C13.6306 15.9266 7.16803 9.15793 7.16803 9.15793L24.5524 9.24141ZM6.43759 10.2501L12.3854 16.2188L6.43759 22.1527V10.2501ZM7.34194 23.1405L13.2411 17.2136C13.2411 17.2136 13.8463 17.8049 14.4237 18.3197C15.6063 19.3771 16.2045 19.551 17.5472 18.3197L18.7576 17.2136L24.7263 23.1892L7.34194 23.1405ZM25.5193 22.1597L19.5228 16.191L25.5541 10.2571L25.5193 22.1597Z\" fill=\"black\"><\/path><\/g><defs><clipPath id=\"clip0\"><rect width=\"32\" height=\"32\" fill=\"white\"><\/rect><\/clipPath><\/defs><\/svg><\/span>\n    <span style=\"margin:5px\">luis.terrinha@novalaw.unl.pt<\/span><\/a>\n\t\t\t\t<\/div>\n\t\t\t\t<\/div>\n\t\t\t\t<div class=\"elementor-element elementor-element-5dfca873 elementor-absolute elementor-widget elementor-widget-text-editor\" data-id=\"5dfca873\" data-element_type=\"widget\" data-settings=\"{&quot;_position&quot;:&quot;absolute&quot;}\" data-widget_type=\"text-editor.default\">\n\t\t\t\t<div class=\"elementor-widget-container\">\n\t\t\t\t\t\t\t<p><span class=\"tab-click\" style=\"color: #dd0036; font-weight: bold;\" data-target=\"nota-biografica\">Biographical Note<\/span> | <span class=\"tab-click\" data-target=\"experiencia\"> Pedagogical Experience <\/span>| <span class=\"tab-click\" data-target=\"publicacoes\">Main Publications<\/span> | <span class=\"tab-click\" data-target=\"investigacao\">Research Areas<\/span><\/p>\t\t\t\t\t\t<\/div>\n\t\t\t\t<\/div>\n\t\t\t\t\t<\/div>\n\t\t<\/div>\n\t\t\t\t\t\t\t<\/div>\n\t\t<\/section>\n\t\t\t\t\t<\/div>\n\t\t<\/div>\n\t\t\t\t\t\t\t<\/div>\n\t\t<\/section>\n\t\t\t\t<section class=\"elementor-section elementor-top-section elementor-element elementor-element-9b26245 elementor-section-boxed elementor-section-height-default elementor-section-height-default\" data-id=\"9b26245\" data-element_type=\"section\">\n\t\t\t\t\t\t<div class=\"elementor-container elementor-column-gap-default\">\n\t\t\t\t\t<div class=\"elementor-column elementor-col-100 elementor-top-column elementor-element elementor-element-4d8d0a7\" data-id=\"4d8d0a7\" data-element_type=\"column\">\n\t\t\t<div class=\"elementor-widget-wrap elementor-element-populated\">\n\t\t\t\t\t\t\t\t<div class=\"elementor-element elementor-element-2038aada tabs-novalaw elementor-widget elementor-widget-text-editor\" data-id=\"2038aada\" data-element_type=\"widget\" id=\"nota-biografica\" data-widget_type=\"text-editor.default\">\n\t\t\t\t<div class=\"elementor-widget-container\">\n\t\t\t\t\t\t\t<p>Lu\u00eds Heleno Terrinha holds degrees from the Yale Law School (LL.M., 2019), the University of Lisbon (Ph.D. in Public Law, 2016), and the Portuguese Catholic University (LL.B., 2010).<\/p><p>In the past, he has lectured Administrative Law, Constitutional Law, Fundamental Rights and European Union Law at the Porto Faculty of Law of the Portuguese Catholic University (2015-2018). He taught a seminar in Data Protection Law at the Cat\u00f3lica Global School of Law in Lisbon. Professionally, he is a qualified\u00a0<i>Advogado<\/i>\u00a0(Attorney) with the Portuguese Bar Association (2018) and has further completed traineeships in International Arbitration at Shearman &amp; Sterling LLP (Paris) and Clifford Chance LLP (Frankfurt).<\/p><p>Lu\u00eds\u2019s research has mainly focused on the societal dimension of administrative law and constitutional law, applying social systems theory to understand the social roots and underlying dynamics of public law phenomena. He has also published on issues related to administrative procedures, the Europeanization of German Public Law, as well as on state liability for the breach of European Union Law. More recently, he has been addressing the transnational challenges to both constitutional law and administrative law, with emphasis on public law arbitration.<\/p><p>Lu\u00eds has been engaged in a number of consulting projects. Internationally, he has advised the Constitutional Affairs Committee of the European Parliament on the role of national parliaments in the EU lawmaking process. Nationally, he has collaborated in writing legal opinions concerning ongoing public law disputes and assisting public entities in administrative legal matters (such as on the drafting of regulatory codes in a number of municipalities in northern Portugal).<span class=\"Apple-converted-space\">\u00a0<\/span><\/p><p>He has received a number of academic prizes in Portugal for his scholarship, including the Miguel Galv\u00e3o Teles Prize, the Wolters Kluwer Portugal Prize and the European Elections 2014 Prize. During his LL.M., he was selected by Yale Law School to become a Salzburg Cutler Fellow based on his paper \u201cGovernmental Regulatory Measures in International Investment Law\u201d, which he presented in a conference in Washington D.C.<\/p>\t\t\t\t\t\t<\/div>\n\t\t\t\t<\/div>\n\t\t\t\t<div class=\"elementor-element elementor-element-385df255 tabs-novalaw elementor-widget elementor-widget-text-editor\" data-id=\"385df255\" data-element_type=\"widget\" id=\"experiencia\" data-widget_type=\"text-editor.default\">\n\t\t\t\t<div class=\"elementor-widget-container\">\n\t\t\t\t\t\t\t<p><strong>Bachelor (1st cycle):<\/strong><\/p><ul><li>Portuguese Constitutional Law<\/li><li>Special Administrative Law<\/li><\/ul><p><strong>Master (2nd Cycle):<\/strong><\/p><ul><li>Constitutional and European Law<\/li><\/ul>\t\t\t\t\t\t<\/div>\n\t\t\t\t<\/div>\n\t\t\t\t<div class=\"elementor-element elementor-element-383559b4 tabs-novalaw elementor-widget elementor-widget-text-editor\" data-id=\"383559b4\" data-element_type=\"widget\" id=\"publicacoes\" data-widget_type=\"text-editor.default\">\n\t\t\t\t<div class=\"elementor-widget-container\">\n\t\t\t\t\t\t\t<div class=\"comp-corpo-docente\"><div><div class=\"border border-black p-8 wysiwyg\"><p><b>Edited Books<\/b><\/p><ul><li>F\u00e1bio da Silva Veiga<span class=\"Apple-converted-space\">\u00a0\u00a0<\/span>Catarina Santos Botelho \/ Lu\u00eds Heleno Terrinha \/ Pedro Coutinho (Eds.),\u00a0<i>Future Law<\/i>, Porto: Universidade Cat\u00f3lica Editora, 2018<\/li><li>Catarina Santos Botelho \/ Lu\u00eds Heleno Terrinha \/ Pedro Coutinho (Eds.),\u00a0<i>Constitutionalism in a Plural World<\/i>, Porto: Universidade Cat\u00f3lica Editora, 2018.<\/li><li>Maria Elisabete Ferreira \/ Catarina Santos Botelho \/ Lu\u00eds Heleno Terrinha (Eds.),\u00a0<i>Law and Interculturalism<\/i>, Porto: Universidade Cat\u00f3lica Editora, 2018.<\/li><li>Manuel Afonso Vaz \/ Catarina Santos Botelho \/ Lu\u00eds Heleno Terrinha \/ Pedro Coutinho (Eds.),\u00a0<i>Actas das Jornadas\u00a0<\/i>\u201c<i>Nos 40 anos da CRP\/76: Impacto e evolu\u00e7\u00e3o da Constitui\u00e7\u00e3o\u201d<\/i>, Porto: Universidade Cat\u00f3lica Editora, 2017.<\/li><li>Carla Amado Gomes \/ Lu\u00eds Heleno Terrinha (Coord.),\u00a0<i>In Memoriam Ulrich Beck \u2013 Atas do Col\u00f3quio promovido pelo ICJP e pelo CIDP<\/i>, Lisboa: ICJP, 2016.<\/li><\/ul><p><b>Books<\/b><\/p><ul><li><i>Direitos Fundamentais e Ordem Colectiva. Teorias n\u00e3o subjectivistas da jusfundamentalidade<\/i>, Porto: Universidade Cat\u00f3lica Editora, 2018 (available at: http:\/\/www.uceditora.ucp.pt\/site\/custom\/template\/ucptpl_uce.asp?SSPAGEID=2942&amp;lang=1&amp;artigoID=4787) [Fundamental Rights and Collective Order. Introduction to non-subjectivist theories of fundamental rights. 112 pp.].<\/li><li><i>O Direito Administrativo na Sociedade. Fun\u00e7\u00e3o, presta\u00e7\u00e3o e reflex\u00e3o do sistema jur\u00eddico-administrativo<\/i>, Porto: Universidade Cat\u00f3lica Editora, 2017<i>\u00a0<\/i>[Administrative Law in Society. Function, prestation and reflection of the administrative legal system. 1380 pp.].<\/li><\/ul><p><b>Book chapters<\/b><\/p><ul><li><i>The intersystemic rationality of Administrative Law: reflexiveness, structural couplings and environmental observation<\/i>\u00a0(forthcoming in Carina Calabria, F\u00e1bio Portela de Almeida, Miguel Nogueira de Brito (Eds.),\u00a0<i>Law as Passion: Systems Theory and Constitutional Theory in Peripheral Modernity<\/i>, Springer, 2020).<\/li><li><i>The Tridimensionality of Constitutional Law<\/i>, in Rita Lobo Xavier et al. (Ed.),\u00a0<i>Constitucionalismos e (con)temporaneidade \u2013 Homenagem ao Prof. Doutor Manuel Afonso\u00a0<\/i>Vaz, Porto: UCE, 2020, pp. 615-645.<\/li><li><i>Os limites materiais da revis\u00e3o\u00a0<\/i><i>c<\/i><i>onstitucional: reflexividade, reflex\u00e3o e conting\u00eancia do sistema jur\u00eddico-constitucional<\/i>,\u00a0<i>in<\/i>\u00a0Manuel Afonso Vaz \/ Catarina Santos Botelho \/ Lu\u00eds Heleno Terrinha \/ Pedro Coutinho (Coord.),\u00a0<i>Actas das Jornadas\u00a0<\/i>\u201c<i>Nos 40 anos da CRP\/76: Impacto e evolu\u00e7\u00e3o da Constitui\u00e7\u00e3o\u201d<\/i>, Porto: Universidade Cat\u00f3lica Editora, 2017, pp. 213-242 [Substantive limitations to constitutional amendments: reflexivity, reflexion and contingency of the constitutional system].<\/li><li><i>Direito e Conting\u00eancia:\u00a0<\/i>com<i>\u00a0e\u00a0<\/i>para al\u00e9m<i>\u00a0de Ulrich Beck<\/i>,\u00a0<i>in<\/i><span class=\"Apple-converted-space\">\u00a0\u00a0<\/span>Carla Amado Gomes \/ Lu\u00eds Heleno Terrinha (Coord.), In Memoriam Ulrich Beck \u2013 Atas do Col\u00f3quio promovido pelo ICJP e pelo CIDP, Lisboa: ICJP, 2016, pp. 17-53 (available at: http:\/\/icjp.pt\/sites\/default\/files\/publicacoes\/files\/ebook_ulrichbeck_0.pdf) [Law and contingency: with and beyond Ulrich Beck].<\/li><li><i>Procedimentalismo jur\u00eddico-administrativo e aproveitamento do acto. Reflex\u00f5es cr\u00edticas sobre o art. 163.\u00ba, n.\u00ba 5 do novo C\u00f3digo do Procedimento Administrativo<\/i>,\u00a0<i>in<\/i>\u00a0Carla Amado Gomes \/ Ana Neves \/ Tiago Serr\u00e3o (Coord.), Coment\u00e1rios ao novo C\u00f3digo do Procedimento Administrativo, 2.\u00aa edi\u00e7\u00e3o, Lisboa: AAFDL, 2015, pp. 923-958 [Legal proceduralism and administrative decisions. Reflections about art. 163.\u00ba, n.\u00ba 5 of the new Portuguese Code of Administrative Procedure].<\/li><\/ul><p>\u00a0<\/p><p><b>Articles<\/b><\/p><ul><li><i>The legisprudential role of national parliaments in the European Union<\/i>, European Parliament, 2017 (available at: http:\/\/www.europarl.europa.eu\/RegData\/etudes\/BRIE\/2017\/583133\/IPOL_BRI(2017)583133_EN.pdf).<\/li><li><i>Da Sociedade da Constitui\u00e7\u00e3o \u00e0 Constitui\u00e7\u00e3o da Sociedade. O constitucionalismo societal e os seus contributos para a compreens\u00e3o do Direito Constitucional como um sistema comunicativo mundial<\/i>, Revista Jur\u00eddica da Associa\u00e7\u00e3o Acad\u00e9mica da Faculdade de Direito de Lisboa 30 (2016), pp. 297-377 [The constitution\u2019s society and the society\u2019s constitution. Societal constitutionalism and its contributions to understanding Constitutional Law as a world communicative system].<\/li><li><i>The under-complexity of social rights,\u00a0<\/i>Lisbon Law Review \u2013 Revista da Faculdade de Direito da Universidade de Lisboa LVI (2015), pp. 27-53. Peer-reviewed.<\/li><li><i>O\u00a0<\/i>outro<i>\u00a0do Direito P\u00fablico alem\u00e3o: fluxos europeizantes, direito subjectivo p\u00fablico e direitos individuais juseuropeus. Excurso sobre o espa\u00e7o p\u00fablico administrativo e a responsabilidade jur\u00eddico-social da Administra\u00e7\u00e3o<\/i>,\u00a0<i>in<\/i>\u00a0O Direito, n.\u00ba 146 III (2014), pp. 621-716 [The europeanization of German Public Law: subjective rights, european individual rights and the emergence of an administrative public sphere].<\/li><li><i>A\u00a0<\/i>Klagebefugnis<i>\u00a0do Processo Administrativo Alem\u00e3o<\/i>,\u00a0<i>in<\/i>\u00a0Revista de Direito P\u00fablico, n.\u00ba 11 (2014), pp. 25-58<span class=\"Apple-converted-space\">\u00a0\u00a0<\/span>[The\u00a0<i>Klagebefugnis<\/i>\u00a0in Germany\u2019s Administrative Judicial Process]. Peer-reviewed.<\/li><li>\u201c<i>O Povo \u00e9 os Povos: (por) um modelo integradamente diferencialista de povo europeu<\/i>\u201d, Pr\u00e9mio Elei\u00e7\u00f5es Europeias 2014,\u00a0<i>in<\/i>\u00a0Europa \u2013 Novas Fronteiras, n.\u00ba 30 (2014), pp. 29-40 [The people is the peoples: towards a differentialist model of European people].<\/li><li><i>A auto-crise da Constitui\u00e7\u00e3o. Reflex\u00f5es liberalmente inspiradas sobre o princ\u00edpio da socialidade e o princ\u00edpio democr\u00e1tico<\/i>, Direito&amp;Pol\u00edtic<i>a<\/i>\u00a06 (2014), pp. 70-87 [Constitution\u2019s self-crisis. Liberally inspired reflections on the principles of democracy and of the welfare state]. Peer-reviewed.<\/li><li><i>A responsabilidade extracontratual do Estado-juiz por viola\u00e7\u00e3o do Direito da Uni\u00e3o Europeia: os requisitos, as diferentes concep\u00e7\u00f5es subjacentes aos regimes europeu e portugu\u00eas de responsabilidade e a hip\u00f3tese do regime portugu\u00eas como um regime especificamente mais favor\u00e1vel<\/i>,\u00a0<i>in<\/i>\u00a0O Direito, n.\u00ba 145 IV (2013), pp. 873-944 [The liability of Member-States for the breach of European Union Law by the judiciary].<\/li><li><i>A responsabilidade extracontratual do Estado-Membro por viola\u00e7\u00e3o do Direito da Uni\u00e3o Europeia imput\u00e1vel a actos jurisdicionais e os seus fundamentos na jurisprud\u00eancia do Tribunal de Justi\u00e7a<\/i>, Revista de Direito P\u00fablico n.\u00ba 7 (2012), pp. 31-62 [The case law of the European Court of Justice on Member-States liability for the breach of European Union Law]. Peer-reviewed.<\/li><li><i>Necessidade, efectividade e legalidade da (nova) arquitectura de supervis\u00e3o financeira da Uni\u00e3o Europeia<\/i>, Revista de Ci\u00eancias Empresariais e Jur\u00eddicas, n\u00ba 21, 2012, pp. 73-129 [Necessity, effectiveness and legality of the European Union\u2019s (new) framework of financial supervision].<\/li><li><i>Parcerias P\u00fablico-Privadas e Aloca\u00e7\u00e3o do Risco<\/i>,\u00a0<i>in\u00a0<\/i>Revista de Ci\u00eancias Empresariais e Jur\u00eddicas, n\u00ba 20, 2011, pp. 109-127 [Public-Private Partnerships and risk allocation].<\/li><li><i>Pressupostos da responsabilidade civil extracontratual do terceiro interferente \u2013 reflex\u00f5es numa perspectiva de direito comparado<\/i>,\u00a0<i>in<\/i>\u00a0JusJornal n\u00ba 1308 de 27 de Setembro de 2011 [Third-party interference with contractual relations].<\/li><\/ul><p><b>Working Papers<\/b><\/p><ul><li>A Suspens\u00e3o de Direitos Fundamentais em Estado de Excep\u00e7\u00e3o Biopol\u00edtico, Working Paper, 2020 [The Suspension of Fundamental Rights in a Biopolitical State of Exception] (submitted for publication in a Portuguese journal).<\/li><li>Democracy and Integrity: a comparative perspective on the Portuguese lobbying draft legislation, Working Paper, 2019 (written at Yale Law School under the supervision of Prof. S. Rose-Ackerman).<\/li><li>Governmental General Regulatory Measures in International Investment Law: Rational Rulemaking as Standard of Review, Working Paper, 2019 (written at Yale Law School under the supervision of Prof. Michael Reisman).<\/li><\/ul><\/div><\/div><\/div>\t\t\t\t\t\t<\/div>\n\t\t\t\t<\/div>\n\t\t\t\t<div class=\"elementor-element elementor-element-2e040ac4 tabs-novalaw elementor-widget elementor-widget-text-editor\" data-id=\"2e040ac4\" data-element_type=\"widget\" id=\"investigacao\" data-widget_type=\"text-editor.default\">\n\t\t\t\t<div class=\"elementor-widget-container\">\n\t\t\t\t\t\t\t<ul><li>Public Law (Administrative Law, Constitutional Law, Constitution Theory and Fundamental Rights)<\/li><li>Dispute Resolution (administrative arbitration and international investment arbitration)<\/li><li>Theory of Law and Sociology of Law<\/li><\/ul>\t\t\t\t\t\t<\/div>\n\t\t\t\t<\/div>\n\t\t\t\t\t<\/div>\n\t\t<\/div>\n\t\t\t\t\t\t\t<\/div>\n\t\t<\/section>\n\t\t\t\t<section class=\"elementor-section elementor-top-section elementor-element elementor-element-09059ca elementor-section-boxed elementor-section-height-default elementor-section-height-default\" data-id=\"09059ca\" data-element_type=\"section\">\n\t\t\t\t\t\t<div class=\"elementor-container elementor-column-gap-default\">\n\t\t\t\t\t<div class=\"elementor-column elementor-col-100 elementor-top-column elementor-element elementor-element-efef5c7\" data-id=\"efef5c7\" data-element_type=\"column\" data-settings=\"{&quot;background_background&quot;:&quot;classic&quot;}\">\n\t\t\t<div class=\"elementor-widget-wrap elementor-element-populated\">\n\t\t\t\t\t\t\t\t<section class=\"elementor-section elementor-inner-section elementor-element elementor-element-5d085f7 elementor-section-boxed elementor-section-height-default elementor-section-height-default\" data-id=\"5d085f7\" data-element_type=\"section\">\n\t\t\t\t\t\t<div class=\"elementor-container elementor-column-gap-default\">\n\t\t\t\t\t<div class=\"elementor-column elementor-col-50 elementor-inner-column elementor-element elementor-element-11da8b4\" data-id=\"11da8b4\" data-element_type=\"column\">\n\t\t\t<div class=\"elementor-widget-wrap elementor-element-populated\">\n\t\t\t\t\t\t\t\t<div class=\"elementor-element elementor-element-a7fd49d elementor-widget elementor-widget-text-editor\" data-id=\"a7fd49d\" data-element_type=\"widget\" data-widget_type=\"text-editor.default\">\n\t\t\t\t<div class=\"elementor-widget-container\">\n\t\t\t\t\t\t\t\t\t\t\t\t\t<\/div>\n\t\t\t\t<\/div>\n\t\t\t\t\t<\/div>\n\t\t<\/div>\n\t\t\t\t<div class=\"elementor-column elementor-col-50 elementor-inner-column elementor-element elementor-element-ef50f0b\" data-id=\"ef50f0b\" data-element_type=\"column\">\n\t\t\t<div class=\"elementor-widget-wrap elementor-element-populated\">\n\t\t\t\t\t\t\t\t<div class=\"elementor-element elementor-element-bb3ed3e elementor-widget elementor-widget-text-editor\" data-id=\"bb3ed3e\" data-element_type=\"widget\" data-widget_type=\"text-editor.default\">\n\t\t\t\t<div class=\"elementor-widget-container\">\n\t\t\t\t\t\t\t<p><a href=\"https:\/\/www.linkedin.com\/in\/luisterrinha\/\" target=\"_blank\" rel=\"noopener\"><strong>Linkedin<\/strong><\/a><br \/><strong><a href=\"https:\/\/papers.ssrn.com\/sol3\/cf_dev\/AbsByAuth.cfm?per_id=1067629\" target=\"_blank\" rel=\"noopener\">SSRN<\/a><\/strong><br \/><a href=\"https:\/\/novalaw.unl.pt\/wp-content\/uploads\/2021\/08\/CV_Luis-Heleno-Terrinha.pdf\" target=\"_blank\" rel=\"noopener\"><strong>Curriculum Vitae<\/strong><\/a><\/p>\t\t\t\t\t\t<\/div>\n\t\t\t\t<\/div>\n\t\t\t\t\t<\/div>\n\t\t<\/div>\n\t\t\t\t\t\t\t<\/div>\n\t\t<\/section>\n\t\t\t\t\t<\/div>\n\t\t<\/div>\n\t\t\t\t\t\t\t<\/div>\n\t\t<\/section>\n\t\t\t\t<section class=\"elementor-section elementor-top-section elementor-element elementor-element-115fa708 elementor-section-height-min-height elementor-section-boxed elementor-section-height-default elementor-section-items-middle\" data-id=\"115fa708\" data-element_type=\"section\">\n\t\t\t\t\t\t<div class=\"elementor-container elementor-column-gap-default\">\n\t\t\t\t\t<div class=\"elementor-column elementor-col-100 elementor-top-column elementor-element elementor-element-674330d9\" data-id=\"674330d9\" data-element_type=\"column\">\n\t\t\t<div class=\"elementor-widget-wrap\">\n\t\t\t\t\t\t\t\t\t<\/div>\n\t\t<\/div>\n\t\t\t\t\t\t\t<\/div>\n\t\t<\/section>\n\t\t\t\t\t\t<\/div>\n\t\t\t\t\t<\/div>\n\t\t","protected":false},"excerpt":{"rendered":"<p>Lu\u00eds Heleno Terrinha Assistant Professor luis.terrinha@novalaw.unl.pt Biographical Note | Pedagogical Experience | Main Publications | Research Areas Lu\u00eds Heleno Terrinha holds degrees from the Yale Law School (LL.M., 2019), the University of Lisbon (Ph.D. in Public Law, 2016), and the Portuguese Catholic University (LL.B., 2010). In the past, he has lectured Administrative Law, Constitutional Law, &hellip;<\/p>\n<p class=\"read-more\"> <a class=\"\" href=\"https:\/\/novalaw.unl.pt\/en\/luis-heleno-terrinha\/\"> <span class=\"screen-reader-text\">Lu\u00eds Heleno Terrinha<\/span> Read More &raquo;<\/a><\/p>\n","protected":false},"author":2,"featured_media":0,"parent":0,"menu_order":123,"comment_status":"closed","ping_status":"closed","template":"","meta":{"footnotes":""},"categories":[],"tags":[],"class_list":["post-7709","page","type-page","status-publish","hentry"],"yoast_head":"<!-- This site is optimized with the Yoast SEO Premium plugin v27.4 (Yoast SEO v27.4) - https:\/\/yoast.com\/product\/yoast-seo-premium-wordpress\/ -->\n<title>Lu\u00eds Heleno Terrinha - NOVA School of Law | Faculdade de Direito da Universidade NOVA de Lisboa<\/title>\n<meta name=\"robots\" content=\"index, follow, max-snippet:-1, max-image-preview:large, max-video-preview:-1\" \/>\n<link rel=\"canonical\" href=\"https:\/\/novalaw.unl.pt\/en\/luis-heleno-terrinha\/\" \/>\n<meta property=\"og:locale\" content=\"en_US\" \/>\n<meta property=\"og:type\" content=\"article\" \/>\n<meta property=\"og:title\" content=\"Lu\u00eds Heleno Terrinha\" \/>\n<meta property=\"og:description\" content=\"Lu\u00eds Heleno Terrinha Assistant Professor luis.terrinha@novalaw.unl.pt Biographical Note | Pedagogical Experience | Main Publications | Research Areas Lu\u00eds Heleno Terrinha holds degrees from the Yale Law School (LL.M., 2019), the University of Lisbon (Ph.D. in Public Law, 2016), and the Portuguese Catholic University (LL.B., 2010). In the past, he has lectured Administrative Law, Constitutional Law, &hellip; Lu\u00eds Heleno Terrinha Read More &raquo;\" \/>\n<meta property=\"og:url\" content=\"https:\/\/novalaw.unl.pt\/en\/luis-heleno-terrinha\/\" \/>\n<meta property=\"og:site_name\" content=\"NOVA School of Law | Faculdade de Direito da Universidade NOVA de Lisboa\" \/>\n<meta property=\"article:modified_time\" content=\"2022-04-08T16:21:33+00:00\" \/>\n<meta property=\"og:image\" content=\"https:\/\/novalaw.unl.pt\/wp-content\/uploads\/2021\/08\/SITE_docentes-residentes-LUIS-HELENO.jpg\" \/>\n<meta name=\"twitter:card\" content=\"summary_large_image\" \/>\n<meta name=\"twitter:label1\" content=\"Est. reading time\" \/>\n\t<meta name=\"twitter:data1\" content=\"7 minutes\" \/>\n<script type=\"application\/ld+json\" class=\"yoast-schema-graph\">{\"@context\":\"https:\\\/\\\/schema.org\",\"@graph\":[{\"@type\":\"WebPage\",\"@id\":\"https:\\\/\\\/novalaw.unl.pt\\\/en\\\/luis-heleno-terrinha\\\/\",\"url\":\"https:\\\/\\\/novalaw.unl.pt\\\/en\\\/luis-heleno-terrinha\\\/\",\"name\":\"Lu\u00eds Heleno Terrinha - NOVA School of Law | Faculdade de Direito da Universidade NOVA de Lisboa\",\"isPartOf\":{\"@id\":\"https:\\\/\\\/novalaw.unl.pt\\\/#website\"},\"primaryImageOfPage\":{\"@id\":\"https:\\\/\\\/novalaw.unl.pt\\\/en\\\/luis-heleno-terrinha\\\/#primaryimage\"},\"image\":{\"@id\":\"https:\\\/\\\/novalaw.unl.pt\\\/en\\\/luis-heleno-terrinha\\\/#primaryimage\"},\"thumbnailUrl\":\"https:\\\/\\\/novalaw.unl.pt\\\/wp-content\\\/uploads\\\/2021\\\/08\\\/SITE_docentes-residentes-LUIS-HELENO.jpg\",\"datePublished\":\"2021-10-01T09:50:00+00:00\",\"dateModified\":\"2022-04-08T16:21:33+00:00\",\"breadcrumb\":{\"@id\":\"https:\\\/\\\/novalaw.unl.pt\\\/en\\\/luis-heleno-terrinha\\\/#breadcrumb\"},\"inLanguage\":\"en-US\",\"potentialAction\":[{\"@type\":\"ReadAction\",\"target\":[\"https:\\\/\\\/novalaw.unl.pt\\\/en\\\/luis-heleno-terrinha\\\/\"]}]},{\"@type\":\"ImageObject\",\"inLanguage\":\"en-US\",\"@id\":\"https:\\\/\\\/novalaw.unl.pt\\\/en\\\/luis-heleno-terrinha\\\/#primaryimage\",\"url\":\"https:\\\/\\\/novalaw.unl.pt\\\/wp-content\\\/uploads\\\/2021\\\/08\\\/SITE_docentes-residentes-LUIS-HELENO.jpg\",\"contentUrl\":\"https:\\\/\\\/novalaw.unl.pt\\\/wp-content\\\/uploads\\\/2021\\\/08\\\/SITE_docentes-residentes-LUIS-HELENO.jpg\"},{\"@type\":\"BreadcrumbList\",\"@id\":\"https:\\\/\\\/novalaw.unl.pt\\\/en\\\/luis-heleno-terrinha\\\/#breadcrumb\",\"itemListElement\":[{\"@type\":\"ListItem\",\"position\":1,\"name\":\"Home\",\"item\":\"https:\\\/\\\/novalaw.unl.pt\\\/en\\\/\"},{\"@type\":\"ListItem\",\"position\":2,\"name\":\"Lu\u00eds Heleno Terrinha\"}]},{\"@type\":\"WebSite\",\"@id\":\"https:\\\/\\\/novalaw.unl.pt\\\/#website\",\"url\":\"https:\\\/\\\/novalaw.unl.pt\\\/\",\"name\":\"NOVA School of Law | Faculdade de Direito da Universidade NOVA de Lisboa\",\"description\":\"NOVA School Of Law\",\"publisher\":{\"@id\":\"https:\\\/\\\/novalaw.unl.pt\\\/#organization\"},\"potentialAction\":[{\"@type\":\"SearchAction\",\"target\":{\"@type\":\"EntryPoint\",\"urlTemplate\":\"https:\\\/\\\/novalaw.unl.pt\\\/?s={search_term_string}\"},\"query-input\":{\"@type\":\"PropertyValueSpecification\",\"valueRequired\":true,\"valueName\":\"search_term_string\"}}],\"inLanguage\":\"en-US\"},{\"@type\":\"Organization\",\"@id\":\"https:\\\/\\\/novalaw.unl.pt\\\/#organization\",\"name\":\"NOVA School of Law\",\"url\":\"https:\\\/\\\/novalaw.unl.pt\\\/\",\"logo\":{\"@type\":\"ImageObject\",\"inLanguage\":\"en-US\",\"@id\":\"https:\\\/\\\/novalaw.unl.pt\\\/#\\\/schema\\\/logo\\\/image\\\/\",\"url\":\"https:\\\/\\\/novalaw.unl.pt\\\/wp-content\\\/uploads\\\/2021\\\/02\\\/logo-novalaw.svg\",\"contentUrl\":\"https:\\\/\\\/novalaw.unl.pt\\\/wp-content\\\/uploads\\\/2021\\\/02\\\/logo-novalaw.svg\",\"width\":991,\"height\":424,\"caption\":\"NOVA School of Law\"},\"image\":{\"@id\":\"https:\\\/\\\/novalaw.unl.pt\\\/#\\\/schema\\\/logo\\\/image\\\/\"}}]}<\/script>\n<!-- \/ Yoast SEO Premium plugin. -->","yoast_head_json":{"title":"Lu\u00eds Heleno Terrinha - NOVA School of Law | Faculdade de Direito da Universidade NOVA de Lisboa","robots":{"index":"index","follow":"follow","max-snippet":"max-snippet:-1","max-image-preview":"max-image-preview:large","max-video-preview":"max-video-preview:-1"},"canonical":"https:\/\/novalaw.unl.pt\/en\/luis-heleno-terrinha\/","og_locale":"en_US","og_type":"article","og_title":"Lu\u00eds Heleno Terrinha","og_description":"Lu\u00eds Heleno Terrinha Assistant Professor luis.terrinha@novalaw.unl.pt Biographical Note | Pedagogical Experience | Main Publications | Research Areas Lu\u00eds Heleno Terrinha holds degrees from the Yale Law School (LL.M., 2019), the University of Lisbon (Ph.D. in Public Law, 2016), and the Portuguese Catholic University (LL.B., 2010). In the past, he has lectured Administrative Law, Constitutional Law, &hellip; Lu\u00eds Heleno Terrinha Read More &raquo;","og_url":"https:\/\/novalaw.unl.pt\/en\/luis-heleno-terrinha\/","og_site_name":"NOVA School of Law | Faculdade de Direito da Universidade NOVA de Lisboa","article_modified_time":"2022-04-08T16:21:33+00:00","og_image":[{"url":"https:\/\/novalaw.unl.pt\/wp-content\/uploads\/2021\/08\/SITE_docentes-residentes-LUIS-HELENO.jpg","type":"","width":"","height":""}],"twitter_card":"summary_large_image","twitter_misc":{"Est. reading time":"7 minutes"},"schema":{"@context":"https:\/\/schema.org","@graph":[{"@type":"WebPage","@id":"https:\/\/novalaw.unl.pt\/en\/luis-heleno-terrinha\/","url":"https:\/\/novalaw.unl.pt\/en\/luis-heleno-terrinha\/","name":"Lu\u00eds Heleno Terrinha - NOVA School of Law | Faculdade de Direito da Universidade NOVA de Lisboa","isPartOf":{"@id":"https:\/\/novalaw.unl.pt\/#website"},"primaryImageOfPage":{"@id":"https:\/\/novalaw.unl.pt\/en\/luis-heleno-terrinha\/#primaryimage"},"image":{"@id":"https:\/\/novalaw.unl.pt\/en\/luis-heleno-terrinha\/#primaryimage"},"thumbnailUrl":"https:\/\/novalaw.unl.pt\/wp-content\/uploads\/2021\/08\/SITE_docentes-residentes-LUIS-HELENO.jpg","datePublished":"2021-10-01T09:50:00+00:00","dateModified":"2022-04-08T16:21:33+00:00","breadcrumb":{"@id":"https:\/\/novalaw.unl.pt\/en\/luis-heleno-terrinha\/#breadcrumb"},"inLanguage":"en-US","potentialAction":[{"@type":"ReadAction","target":["https:\/\/novalaw.unl.pt\/en\/luis-heleno-terrinha\/"]}]},{"@type":"ImageObject","inLanguage":"en-US","@id":"https:\/\/novalaw.unl.pt\/en\/luis-heleno-terrinha\/#primaryimage","url":"https:\/\/novalaw.unl.pt\/wp-content\/uploads\/2021\/08\/SITE_docentes-residentes-LUIS-HELENO.jpg","contentUrl":"https:\/\/novalaw.unl.pt\/wp-content\/uploads\/2021\/08\/SITE_docentes-residentes-LUIS-HELENO.jpg"},{"@type":"BreadcrumbList","@id":"https:\/\/novalaw.unl.pt\/en\/luis-heleno-terrinha\/#breadcrumb","itemListElement":[{"@type":"ListItem","position":1,"name":"Home","item":"https:\/\/novalaw.unl.pt\/en\/"},{"@type":"ListItem","position":2,"name":"Lu\u00eds Heleno Terrinha"}]},{"@type":"WebSite","@id":"https:\/\/novalaw.unl.pt\/#website","url":"https:\/\/novalaw.unl.pt\/","name":"NOVA School of Law | Faculdade de Direito da Universidade NOVA de Lisboa","description":"NOVA School Of Law","publisher":{"@id":"https:\/\/novalaw.unl.pt\/#organization"},"potentialAction":[{"@type":"SearchAction","target":{"@type":"EntryPoint","urlTemplate":"https:\/\/novalaw.unl.pt\/?s={search_term_string}"},"query-input":{"@type":"PropertyValueSpecification","valueRequired":true,"valueName":"search_term_string"}}],"inLanguage":"en-US"},{"@type":"Organization","@id":"https:\/\/novalaw.unl.pt\/#organization","name":"NOVA School of Law","url":"https:\/\/novalaw.unl.pt\/","logo":{"@type":"ImageObject","inLanguage":"en-US","@id":"https:\/\/novalaw.unl.pt\/#\/schema\/logo\/image\/","url":"https:\/\/novalaw.unl.pt\/wp-content\/uploads\/2021\/02\/logo-novalaw.svg","contentUrl":"https:\/\/novalaw.unl.pt\/wp-content\/uploads\/2021\/02\/logo-novalaw.svg","width":991,"height":424,"caption":"NOVA School of Law"},"image":{"@id":"https:\/\/novalaw.unl.pt\/#\/schema\/logo\/image\/"}}]}},"novalaw_begin_date":"","novalaw_begin_date_en":"","novalaw_text":"","novalaw_tag":"","novalaw_tag_en":"","novalaw_link":"","novalaw_link_en":"","novalaw_end_date":"","novalaw_end_date_en":"","novalaw_date":"","novalaw_em_destaque":"","novalaw_tag_src":"","lang":"","_links":{"self":[{"href":"https:\/\/novalaw.unl.pt\/en\/wp-json\/wp\/v2\/pages\/7709","targetHints":{"allow":["GET"]}}],"collection":[{"href":"https:\/\/novalaw.unl.pt\/en\/wp-json\/wp\/v2\/pages"}],"about":[{"href":"https:\/\/novalaw.unl.pt\/en\/wp-json\/wp\/v2\/types\/page"}],"author":[{"embeddable":true,"href":"https:\/\/novalaw.unl.pt\/en\/wp-json\/wp\/v2\/users\/2"}],"replies":[{"embeddable":true,"href":"https:\/\/novalaw.unl.pt\/en\/wp-json\/wp\/v2\/comments?post=7709"}],"version-history":[{"count":16,"href":"https:\/\/novalaw.unl.pt\/en\/wp-json\/wp\/v2\/pages\/7709\/revisions"}],"predecessor-version":[{"id":13830,"href":"https:\/\/novalaw.unl.pt\/en\/wp-json\/wp\/v2\/pages\/7709\/revisions\/13830"}],"wp:attachment":[{"href":"https:\/\/novalaw.unl.pt\/en\/wp-json\/wp\/v2\/media?parent=7709"}],"wp:term":[{"taxonomy":"category","embeddable":true,"href":"https:\/\/novalaw.unl.pt\/en\/wp-json\/wp\/v2\/categories?post=7709"},{"taxonomy":"post_tag","embeddable":true,"href":"https:\/\/novalaw.unl.pt\/en\/wp-json\/wp\/v2\/tags?post=7709"}],"curies":[{"name":"wp","href":"https:\/\/api.w.org\/{rel}","templated":true}]}}