{"id":7756,"date":"2021-10-01T10:35:20","date_gmt":"2021-10-01T10:35:20","guid":{"rendered":"https:\/\/novalaw.unl.pt\/?page_id=7756"},"modified":"2022-04-08T16:21:33","modified_gmt":"2022-04-08T16:21:33","slug":"maria-lucia-amaral","status":"publish","type":"page","link":"https:\/\/novalaw.unl.pt\/en\/maria-lucia-amaral\/","title":{"rendered":"Maria L\u00facia Amaral"},"content":{"rendered":"\t\t<div data-elementor-type=\"wp-page\" data-elementor-id=\"7756\" class=\"elementor elementor-7756\" data-elementor-settings=\"[]\">\n\t\t\t\t\t\t\t<div class=\"elementor-section-wrap\">\n\t\t\t\t\t\t\t<section class=\"elementor-section elementor-top-section elementor-element elementor-element-7b503bb8 elementor-section-height-min-height elementor-section-boxed elementor-section-height-default elementor-section-items-middle\" data-id=\"7b503bb8\" data-element_type=\"section\">\n\t\t\t\t\t\t<div class=\"elementor-container elementor-column-gap-default\">\n\t\t\t\t\t<div class=\"elementor-column elementor-col-100 elementor-top-column elementor-element elementor-element-458f76be\" data-id=\"458f76be\" data-element_type=\"column\">\n\t\t\t<div class=\"elementor-widget-wrap elementor-element-populated\">\n\t\t\t\t\t\t\t\t<section class=\"elementor-section elementor-inner-section elementor-element elementor-element-6214a713 elementor-section-boxed elementor-section-height-default elementor-section-height-default\" data-id=\"6214a713\" data-element_type=\"section\">\n\t\t\t\t\t\t<div class=\"elementor-container elementor-column-gap-default\">\n\t\t\t\t\t<div class=\"elementor-column elementor-col-50 elementor-inner-column elementor-element elementor-element-372e1e32\" data-id=\"372e1e32\" data-element_type=\"column\">\n\t\t\t<div class=\"elementor-widget-wrap elementor-element-populated\">\n\t\t\t\t\t\t\t\t<div class=\"elementor-element elementor-element-ab0bbd5 elementor-widget elementor-widget-image\" data-id=\"ab0bbd5\" data-element_type=\"widget\" data-widget_type=\"image.default\">\n\t\t\t\t<div class=\"elementor-widget-container\">\n\t\t\t\t\t\t\t\t\t\t\t\t\t\t\t<img loading=\"lazy\" decoding=\"async\" width=\"202\" height=\"202\" src=\"https:\/\/novalaw.unl.pt\/wp-content\/uploads\/2021\/08\/SITE_docentes-residentes-MARIA-LUCIA.jpg\" class=\"attachment-large size-large\" alt=\"\" srcset=\"https:\/\/novalaw.unl.pt\/wp-content\/uploads\/2021\/08\/SITE_docentes-residentes-MARIA-LUCIA.jpg 202w, https:\/\/novalaw.unl.pt\/wp-content\/uploads\/2021\/08\/SITE_docentes-residentes-MARIA-LUCIA-150x150.jpg 150w, https:\/\/novalaw.unl.pt\/wp-content\/uploads\/2021\/08\/SITE_docentes-residentes-MARIA-LUCIA-100x100.jpg 100w\" sizes=\"auto, (max-width: 202px) 100vw, 202px\" \/>\t\t\t\t\t\t\t\t\t\t\t\t\t\t\t<\/div>\n\t\t\t\t<\/div>\n\t\t\t\t\t<\/div>\n\t\t<\/div>\n\t\t\t\t<div class=\"elementor-column elementor-col-50 elementor-inner-column elementor-element elementor-element-7c57ad31\" data-id=\"7c57ad31\" data-element_type=\"column\">\n\t\t\t<div class=\"elementor-widget-wrap elementor-element-populated\">\n\t\t\t\t\t\t\t\t<div class=\"elementor-element elementor-element-4d2095a elementor-widget elementor-widget-heading\" data-id=\"4d2095a\" data-element_type=\"widget\" data-widget_type=\"heading.default\">\n\t\t\t\t<div class=\"elementor-widget-container\">\n\t\t\t<h1 class=\"elementor-heading-title elementor-size-default\">Maria L\u00facia Amaral<\/h1>\t\t<\/div>\n\t\t\t\t<\/div>\n\t\t\t\t<div class=\"elementor-element elementor-element-70d89e5 elementor-widget elementor-widget-heading\" data-id=\"70d89e5\" data-element_type=\"widget\" data-widget_type=\"heading.default\">\n\t\t\t\t<div class=\"elementor-widget-container\">\n\t\t\t<h3 class=\"elementor-heading-title elementor-size-default\">Full Professor<\/h3>\t\t<\/div>\n\t\t\t\t<\/div>\n\t\t\t\t<div class=\"elementor-element elementor-element-cf2b7c8 elementor-widget elementor-widget-ekit_wb_3521\" data-id=\"cf2b7c8\" data-element_type=\"widget\" data-widget_type=\"ekit_wb_3521.default\">\n\t\t\t\t<div class=\"elementor-widget-container\">\n\t\t\t<a href=\"mailto:mla@novalaw.unl.pt\" style=\"vertical-align: middle;\n    display: flex;\">\n    <span><svg xmlns=\"http:\/\/www.w3.org\/2000\/svg\" width=\"32\" height=\"32\" viewBox=\"0 0 32 32\" fill=\"none\"><g clip-path=\"url(#clip0)\"><path fill-rule=\"evenodd\" clip-rule=\"evenodd\" d=\"M13.4915 0.197933C10.3659 0.694111 7.45756 2.10609 5.13445 4.25529C2.81134 6.40449 1.17778 9.19436 0.440381 12.272C-0.297019 15.3497 -0.105136 18.577 0.991764 21.5456C2.08866 24.5142 4.0413 27.0908 6.60272 28.9496C9.16413 30.8084 12.2193 31.8658 15.3817 31.9881C18.5441 32.1104 21.6718 31.2921 24.3691 29.6367C27.0664 27.9813 29.2122 25.5632 30.5351 22.6881C31.858 19.8131 32.2986 16.6103 31.8011 13.4849C31.1342 9.29534 28.8308 5.54213 25.3973 3.05051C21.9638 0.558883 17.6813 -0.467177 13.4915 0.197933ZM24.5524 9.24141L16.9002 16.8936C15.8915 17.8953 15.5089 17.8605 14.5698 16.8936C13.6306 15.9266 7.16803 9.15793 7.16803 9.15793L24.5524 9.24141ZM6.43759 10.2501L12.3854 16.2188L6.43759 22.1527V10.2501ZM7.34194 23.1405L13.2411 17.2136C13.2411 17.2136 13.8463 17.8049 14.4237 18.3197C15.6063 19.3771 16.2045 19.551 17.5472 18.3197L18.7576 17.2136L24.7263 23.1892L7.34194 23.1405ZM25.5193 22.1597L19.5228 16.191L25.5541 10.2571L25.5193 22.1597Z\" fill=\"black\"><\/path><\/g><defs><clipPath id=\"clip0\"><rect width=\"32\" height=\"32\" fill=\"white\"><\/rect><\/clipPath><\/defs><\/svg><\/span>\n    <span style=\"margin:5px\">mla@novalaw.unl.pt<\/span><\/a>\n\t\t\t\t<\/div>\n\t\t\t\t<\/div>\n\t\t\t\t<div class=\"elementor-element elementor-element-64917bf4 elementor-absolute elementor-widget elementor-widget-text-editor\" data-id=\"64917bf4\" data-element_type=\"widget\" data-settings=\"{&quot;_position&quot;:&quot;absolute&quot;}\" data-widget_type=\"text-editor.default\">\n\t\t\t\t<div class=\"elementor-widget-container\">\n\t\t\t\t\t\t\t<p><span class=\"tab-click\" style=\"color: #dd0036; font-weight: bold;\" data-target=\"nota-biografica\">Biographical Note<\/span> | <span class=\"tab-click\" data-target=\"experiencia\"> Pedagogical Experience <\/span>| <span class=\"tab-click\" data-target=\"publicacoes\">Main Publications<\/span> | <span class=\"tab-click\" data-target=\"investigacao\">Research Areas<\/span><\/p>\t\t\t\t\t\t<\/div>\n\t\t\t\t<\/div>\n\t\t\t\t\t<\/div>\n\t\t<\/div>\n\t\t\t\t\t\t\t<\/div>\n\t\t<\/section>\n\t\t\t\t\t<\/div>\n\t\t<\/div>\n\t\t\t\t\t\t\t<\/div>\n\t\t<\/section>\n\t\t\t\t<section class=\"elementor-section elementor-top-section elementor-element elementor-element-52478475 elementor-section-boxed elementor-section-height-default elementor-section-height-default\" data-id=\"52478475\" data-element_type=\"section\">\n\t\t\t\t\t\t<div class=\"elementor-container elementor-column-gap-default\">\n\t\t\t\t\t<div class=\"elementor-column elementor-col-100 elementor-top-column elementor-element elementor-element-4b188363\" data-id=\"4b188363\" data-element_type=\"column\">\n\t\t\t<div class=\"elementor-widget-wrap elementor-element-populated\">\n\t\t\t\t\t\t\t\t<div class=\"elementor-element elementor-element-20377c63 tabs-novalaw elementor-widget elementor-widget-text-editor\" data-id=\"20377c63\" data-element_type=\"widget\" id=\"nota-biografica\" data-widget_type=\"text-editor.default\">\n\t\t\t\t<div class=\"elementor-widget-container\">\n\t\t\t\t\t\t\t<p>PhD in Constitutional Law from the Lisbon University Faculty of Law.<\/p><p>Full Professor at the Universidade Nova de Lisboa Faculty of Law.<\/p><p>She was a Counsellor Judge and Vice-President of the Constitutional Court.<\/p><p>Currently Ombudsman.<\/p>\t\t\t\t\t\t<\/div>\n\t\t\t\t<\/div>\n\t\t\t\t<div class=\"elementor-element elementor-element-19f7877e tabs-novalaw elementor-widget elementor-widget-text-editor\" data-id=\"19f7877e\" data-element_type=\"widget\" id=\"experiencia\" data-widget_type=\"text-editor.default\">\n\t\t\t\t<div class=\"elementor-widget-container\">\n\t\t\t\t\t\t\t<p class=\"p1\"><strong><span class=\"s1\">Bachelor\u2019s degree (1st Cycle):<\/span><\/strong><\/p><ul><li class=\"p1\"><span class=\"s2\">Constitutional Law I, II and III<\/span><\/li><li class=\"p1\"><span class=\"s2\">History of Political Ideas<\/span><\/li><li class=\"p1\"><span class=\"s2\">Methodology of Law<\/span><\/li><li class=\"p1\"><span class=\"s2\">Fundamental Rights<\/span><\/li><\/ul><p class=\"p1\"><strong><span class=\"s1\">Master\u2019s degree (2nd Cycle):<\/span><\/strong><\/p><ul><li class=\"p1\"><span class=\"s2\">Legal Research<\/span><\/li><li class=\"p1\"><span class=\"s2\">Constitutional Law<\/span><\/li><li class=\"p1\"><span class=\"s2\">Methodology of Law<\/span><\/li><li class=\"p1\"><span class=\"s2\">Plural Constitution and Justice<\/span><\/li><\/ul><p class=\"p1\"><strong><span class=\"s1\">PhD (3rd Cycle):<\/span><\/strong><\/p><ul><li class=\"p1\"><span class=\"s2\">Legal Research<\/span><\/li><li class=\"p1\"><span class=\"s2\">Constitutional Law<\/span><\/li><li class=\"p1\"><span class=\"s2\">Methodology of Law<\/span><\/li><li class=\"p1\"><span class=\"s2\">Comparative Public Law<\/span><\/li><li class=\"p1\"><span class=\"s2\">Plural Constitution and Justice<\/span><\/li><\/ul>\t\t\t\t\t\t<\/div>\n\t\t\t\t<\/div>\n\t\t\t\t<div class=\"elementor-element elementor-element-a085880 tabs-novalaw elementor-widget elementor-widget-text-editor\" data-id=\"a085880\" data-element_type=\"widget\" id=\"publicacoes\" data-widget_type=\"text-editor.default\">\n\t\t\t\t<div class=\"elementor-widget-container\">\n\t\t\t\t\t\t\t<ul><li class=\"p1\"><span class=\"s1\">1984 <\/span><span class=\"s1\">&#8211; &#8220;Poder Constituinte e Revis\u00e3o Constitucional. Algumas notas sobre o fundamento e natureza do poder de revis\u00e3o constitucional&#8221;, em <i>Revista da Faculdade de Direito da Universidade de Lisboa<\/i>, Vol. XXV, pp. 320-360 <\/span><\/li><li class=\"p1\"><span class=\"s1\">1986 &#8211; <i>A execu\u00e7\u00e3o dos actos administrativos no projecto de c\u00f3digo de processo administrativo <\/i>Braga. Edi\u00e7\u00f5es Cruz, colec\u00e7\u00e3o \u00abCadernos de Direito P\u00fablico\u00bb <\/span><\/li><li class=\"p1\"><span class=\"s1\">1986 <\/span><span class=\"s1\">&#8211; &#8220;Autoriza\u00e7\u00f5es Legislativas&#8221;, em <i>Enciclop\u00e9dia Luso-Brasileira de Cultura<\/i>, Verbo, XXI, p. 143 <\/span><\/li><li class=\"p1\"><span class=\"s1\">1986 &#8211; &#8220;Reserva de Lei&#8221;, em <i>Enciclop\u00e9dia Polis<\/i>, 5 <\/span><\/li><li class=\"p1\"><span class=\"s1\">1986 &#8211; &#8220;Parlamento&#8221; em <i>Enciclop\u00e9dia Polis<\/i>, 4 <\/span><\/li><li class=\"p1\"><span class=\"s1\">1986 &#8211; &#8220;Vontade Geral&#8221; em <i>Enciclop\u00e9dia Lagos<\/i>, 5<\/span><\/li><li class=\"p1\"><span class=\"s1\">1987 <\/span><span class=\"s1\">&#8211; &#8220;O Problema da Fun\u00e7\u00e3o Pol\u00edtica dos Grupos de Interesse. Do pluralismo ao neocorporativismo&#8221;, em <i>O Direito<\/i>, Anos 106\u00b0-119\u00b0,1974\/1987, pp. 147-222 <\/span><\/li><li class=\"p1\"><span class=\"s1\">1991 <\/span><span class=\"s1\">&#8211; &#8220;A Alemanha Reunificada e a Lei Fundamental de Bona&#8221;, em <i>O Direito<\/i>, Ano 123\u00b0, 1991 IV, pp. 623-648 <\/span><\/li><li class=\"p1\"><span class=\"s1\">1993 <\/span><span class=\"s1\">&#8211; &#8220;Die autonomen Regionen \u2013 Azores und Madeira \u2013 nach der portugiesischen Verfassungsrechtsprechung&#8221;, em <i>Deutsch-Lusitanische Rechtstage<\/i>, Erik Jayme Hrsg, Baden-Baden, 1993, pp. 105 e ss. <\/span><\/li><li class=\"p1\"><span class=\"s1\">1996 <\/span><span class=\"s1\">&#8211; &#8220;Quest\u00f5es Regionais e Jurisprud\u00eancia Constitucional&#8221;, em <i>Estudos em Mem\u00f3ria ao Professor Doutor Jo\u00e3o de Castro Mendes<\/i>, LEX, Lisboa, 1996, pp. 511-532<\/span><\/li><li class=\"p1\"><span class=\"s1\"> 1996 &#8211; c\/o Joerg Polakiewicz: &#8220;Rechtssaatlichkeit in Portugal&#8221;, <i>em Rechts- staalichkeit in Europa<\/i>, R.Hofmann\/J. Marko\/F. MerlilE. Wiederin Hrsg., C.F. M\u00fcller Verlag, Heidelberg, 1996, pp. 141-166 <\/span><\/li><li class=\"p1\"><span class=\"s1\">1996 &#8211; &#8220;Carl Schmitt e Portugal. O problema dos m\u00e9todos em direito constitucional portugu\u00eas&#8221;, em <i>Perspectivas Constitucionais<\/i>, org. Jorge Miranda, I, Coimbra Editora, Coimbra, 1996, pp. 167-194 <\/span><\/li><li class=\"p1\"><span class=\"s1\">1998 <\/span><span class=\"s1\">&#8211; &#8220;Responsabilidade civil extracontratual do Estado: a prop\u00f3sito do prazo de prescri\u00e7\u00e3o do direito \u00e0 indemniza\u00e7\u00e3o&#8221;, em <i>Cadernos de Justi\u00e7a Administrativa<\/i>, n\u00b0 12, pp.31-38 <\/span><\/li><li class=\"p1\"><span class=\"s1\">1998 &#8211; <i>Responsabilidade do Estado e Dever de Indemnizar do Legislador<\/i>, Coimbra Editora, Coimbra, 1998 <\/span><\/li><li class=\"p1\"><span class=\"s1\">1998 &#8211; c\/o Joerg Polakiewicz: &#8220;Arrnut und Verfassung. Die Rechstslage Portugals&#8221;, em <i>Armut und Verfassung, Sozialstaatlichkeit im Europaeischen Vergleich<\/i>, Hofmann\/HollanderlMerlin\/Wiederin, Hrsg., Nomos Verlag und Verlag Oesterreich, Wien, 1998, pp. 181-224 <\/span><\/li><li class=\"p1\"><span class=\"s1\">1998 &#8211; &#8220;A Revis\u00e3o Constitucional de 1997, sistema de actos legislativos \u2013 Opini\u00e3o&#8221;, em <i>Legisla\u00e7\u00e3o, Cadernos de Ci\u00eancia de Legisla\u00e7\u00e3o<\/i>, 19\/20, Abril-Dezembro de 1997, pp.l05-121 <\/span><\/li><li class=\"p1\"><span class=\"s1\">1998 &#8211; &#8220;Parecer da Faculdade de Direito da Universidade de Lisboa sobe a Revis\u00e3o da Lei Eleitoral para a Assembleia da Rep\u00fablica&#8221; em <i>Pareceres sobre o Anteprojecto da Reforma da Lei Eleitoral para a Assembleia da Rep\u00fablica<\/i>, ed. Presid\u00eancia da Conselho de Ministros, Minist\u00e9rio da Ci\u00eancia e Tecnologia.e Faculdade de Direito da Universidade de Coimbra, pp. 63-83 <\/span><\/li><li class=\"p1\"><span class=\"s1\">2000 <\/span><span class=\"s1\">&#8211; &#8220;Las Mujeres en el Derecho Constitucional&#8221;, em <i>Mujer y Constituci\u00f3n en Espana, <\/i>ob.col. Centro de Estudios Politicos y Constitucionales, Madrid, 2000 <\/span><\/li><li class=\"p1\"><span class=\"s1\">2000 &#8211; &#8220;Dever de Legislar e Dever de Indemnizar&#8221;, em <i>Themis<\/i>, Ano I, n\u00b0 2-2000, pp.67-98 <\/span><\/li><li class=\"p1\"><span class=\"s1\">2000 &#8211; &#8220;Separa\u00e7\u00e3o horizontal e separa\u00e7\u00e3o vertical de poderes: fun\u00e7\u00f5es do Estado e autonomia local&#8221;, em <i>Cadernos de Justi\u00e7a Administrativa<\/i>, n\u00ba 24,2000, pp. 18-30 <\/span><\/li><li class=\"p1\"><span class=\"s1\">2001 <\/span><span class=\"s1\">&#8211; &#8220;A Responsabilidade do Estado-legislador: reflex\u00f5es em tomo de uma reforma&#8221; em <i>Themis<\/i>, Ano 11, n\u00b0 4, 2001, pp. 2-21 <\/span><\/li><li class=\"p1\"><span class=\"s1\">2002 <\/span><span class=\"s1\">&#8211; &#8220;Democracia Parit\u00e1ria e Constru\u00e7\u00e3o Europeia&#8221;, em Faces de Eva, <i>Estudos sobre a Mulher<\/i>, n\u00b0 7, Ano de 2002, pp. 147-155 <\/span><\/li><li class=\"p1\"><span class=\"s1\">2002 &#8211; &#8220;Provedor de Justi\u00e7a ou Provedores das Justi\u00e7as?&#8221;, em <i>O Cidad\u00e3o, O Provedor de Justi\u00e7a e as Entidades Administrativas Independentes<\/i>, ed. Provedor de Justi\u00e7a, Lisboa, 2002, pp. 53-73 <\/span><\/li><li class=\"p1\"><span class=\"s1\">2002 &#8211; &#8220;Sociedade Civil e Constitui\u00e7\u00e3o, ou do uso jur\u00eddico da no\u00e7\u00e3o de sociedade civil&#8221;, em <i>Themis<\/i>, Ano 111, n&#8221; 5, 2002, pp. pp. 5-18 <\/span><\/li><li class=\"p1\"><span class=\"s1\">2002 &#8211; &#8220;Argui\u00e7\u00e3o de Doutoramento de Paulo Pulido Adrag\u00e3o&#8221;, em <i>Themis<\/i>, Ano 11I, n\u00ba 5, 2002, pp. 277-284 <\/span><\/li><li class=\"p1\"><span class=\"s1\">2003 <\/span><span class=\"s1\">&#8211; &#8220;O Estado de Direito Democr\u00e1tico Portugu\u00eas&#8221; em <i>Estudos de Direito Constitucional<\/i>, coordenador Rog\u00e9rio Nunes dos Anjos Filho, Jus Podivm, Salvador, Bahia, Brasil, pp. 393-416 <\/span><\/li><li class=\"p1\"><span class=\"s1\">2003- &#8220;Responsabilidade por Danos Decorrentes da Fun\u00e7\u00e3o Pol\u00edtica e Legislativa&#8221; em <i>Cadernos de Justi\u00e7a Administrativa<\/i>, n\u00b0 40, Julho\/Agosto, pp. 39-45 <\/span><\/li><li class=\"p1\"><span class=\"s1\">2004 <\/span><span class=\"s1\">&#8211; &#8220;Um Povo de Homens e de Mulheres em pa\u00eds de Constitui\u00e7\u00e3o d\u00e9bil&#8221;, em <i>ex aequo<\/i>, <i>Revista da Associa\u00e7\u00e3o Portuguesa de Estudos sobre as Mulheres<\/i>, n\u00ba 10 (Direito da Igualdade de G\u00e9nero, organiza\u00e7\u00e3o de Maria do C\u00e9u Cunha Rego), pp. 17-27 <\/span><\/li><li class=\"p1\"><span class=\"s1\">2004 &#8211; &#8220;Justi\u00e7a Constitucional, Protec\u00e7\u00e3o de Direitos Fundamentais e Seguran\u00e7a Jur\u00eddica&#8221;, em <i>Anu\u00e1rio Portugu\u00eas de Direito Constitucional<\/i>, Vol. JI\/2002, Coimbra Editora, pp. 11-22 <\/span><\/li><li class=\"p1\"><span class=\"s1\">2004 &#8211; &#8220;O Princ\u00edpio da Igualdade na Constitui\u00e7\u00e3o da Rep\u00fablica Portuguesa&#8221;, em<br \/><i>Estudos em Homenagem ao Professor Doutor Armando Marques Guedes<\/i>, Coimbra<br \/>Editora, pp. 35-57 <\/span><\/li><li class=\"p1\"><span class=\"s1\">2005\u00a0 <\/span><span class=\"s1\">&#8211; &#8220;Problemas da <i>judicial review<\/i> em Portugal&#8221;, em <i>Themis<\/i>, Ano VI, n\u00b0 10, pp. 67-90 <\/span><\/li><li class=\"p1\"><span class=\"s1\">2005 &#8211; <i>A Forma da Rep\u00fablica. Uma Introdu\u00e7\u00e3o ao Estudo do Direito Constitucional,<\/i> Coimbra Editora, Coimba <\/span><\/li><li class=\"p1\"><span class=\"s1\">2005 &#8211; &#8220;John Rawls. Homenagem de um jurista europeu continental&#8221;, em <i>Anu\u00e1rio Portugu\u00eas de Direito Constitucional<\/i>, VoI. 1II\/2003, Coimbra Editora, Coimbra <\/span><\/li><li class=\"p1\"><span class=\"s1\">2005 &#8211; &#8220;O Conceito de Lei revisitado. Reflex\u00f5es a prop\u00f3sito do Tratado Constitucional Portugu\u00eas&#8221; em <i>Araucaria, Revista Iberoamericana de Filosofia, Pol\u00edtica e Humanidades<\/i> (2\u00b0 semestre de 2005) <\/span><\/li><li class=\"p1\"><span class=\"s1\">2006\u00a0 <\/span><span class=\"s1\">&#8211; &#8220;O Provedor de Justi\u00e7a e o Poder Judicial&#8221; (estudo em homenagem dos 30 anos do Provedor de Justi\u00e7a) ed. Provedor de Justi\u00e7a <\/span><\/li><li class=\"p1\"><span class=\"s1\">2006 &#8211; &#8220;Justi\u00e7a Constitucional e Trinta Anos de Constitui\u00e7\u00e3o&#8221;, em <i>Themis<\/i>, <i>30 Anos da Constitui\u00e7\u00e3o Portuguesa,<\/i> 2006, pp. 145-153 <\/span><\/li><li class=\"p1\"><span class=\"s1\">2006 &#8211; \u201cConstitucionalismo Forte, Constitucionalismo D\u00e9bil\u201d, <i>em Anu\u00e1rio Portugu\u00eas de Direito Constitucional<\/i>, Vol. V\/2006, Coimbra Editora, Coimbra, pp. 154-168<\/span><\/li><li class=\"p1\"><span class=\"s1\">2007\u00a0 <\/span><span class=\"s1\">&#8211; &#8220;Responsabilidade do Estado por Omiss\u00f5es do Legislador: argui\u00e7\u00e3o de disserta\u00e7\u00e3o de doutoramento&#8221; em <i>Themis<\/i>, Ano VIII, n&#8221; 141, pp. 195-205 <\/span><\/li><li class=\"p1\"><span class=\"s1\">2008 <\/span><span class=\"s1\">&#8211; \u201cQueixas constitucionais e recursos de constitucionalidade\u201d, em <i>Estudos Comemorativos dos 10 Anos da Faculdade de Direito da Universidade Nova de Lisboa<\/i>, Almedina, Lisboa, 2008, pp. 473-499<\/span><\/li><li class=\"p1\"><span class=\"s1\">2009 <\/span><span class=\"s1\">&#8211; \u201cO Princ\u00edpio da Dignidade da Pessoa Humana na Jurisprud\u00eancia Constitucional Portuguesa\u201d em <i>Liber Amicorum<\/i> Jos\u00e9 de Sousa e Brito; Estudos de Direito e Filosofia, Almedina, Coimbra, 2009, pp. 945-964 <\/span><\/li><\/ul>\t\t\t\t\t\t<\/div>\n\t\t\t\t<\/div>\n\t\t\t\t<div class=\"elementor-element elementor-element-53092ebd tabs-novalaw elementor-widget elementor-widget-text-editor\" data-id=\"53092ebd\" data-element_type=\"widget\" id=\"investigacao\" data-widget_type=\"text-editor.default\">\n\t\t\t\t<div class=\"elementor-widget-container\">\n\t\t\t\t\t\t\t<ul><li><p class=\"p1\"><span class=\"s1\">Constitutional Law<\/span><\/p><\/li><\/ul>\t\t\t\t\t\t<\/div>\n\t\t\t\t<\/div>\n\t\t\t\t\t<\/div>\n\t\t<\/div>\n\t\t\t\t\t\t\t<\/div>\n\t\t<\/section>\n\t\t\t\t<section class=\"elementor-section elementor-top-section elementor-element elementor-element-5e12bdb elementor-section-boxed elementor-section-height-default elementor-section-height-default\" data-id=\"5e12bdb\" data-element_type=\"section\">\n\t\t\t\t\t\t<div class=\"elementor-container elementor-column-gap-default\">\n\t\t\t\t\t<div class=\"elementor-column elementor-col-100 elementor-top-column elementor-element elementor-element-94f3f23\" data-id=\"94f3f23\" data-element_type=\"column\" data-settings=\"{&quot;background_background&quot;:&quot;classic&quot;}\">\n\t\t\t<div class=\"elementor-widget-wrap elementor-element-populated\">\n\t\t\t\t\t\t\t\t<section class=\"elementor-section elementor-inner-section elementor-element elementor-element-ba6396e elementor-section-boxed elementor-section-height-default elementor-section-height-default\" data-id=\"ba6396e\" data-element_type=\"section\">\n\t\t\t\t\t\t<div class=\"elementor-container elementor-column-gap-default\">\n\t\t\t\t\t<div class=\"elementor-column elementor-col-50 elementor-inner-column elementor-element elementor-element-79b822a\" data-id=\"79b822a\" data-element_type=\"column\">\n\t\t\t<div class=\"elementor-widget-wrap elementor-element-populated\">\n\t\t\t\t\t\t\t\t<div class=\"elementor-element elementor-element-3ac293f elementor-widget elementor-widget-text-editor\" data-id=\"3ac293f\" data-element_type=\"widget\" data-widget_type=\"text-editor.default\">\n\t\t\t\t<div class=\"elementor-widget-container\">\n\t\t\t\t\t\t\t\t\t\t\t\t\t<\/div>\n\t\t\t\t<\/div>\n\t\t\t\t\t<\/div>\n\t\t<\/div>\n\t\t\t\t<div class=\"elementor-column elementor-col-50 elementor-inner-column elementor-element elementor-element-55036e2\" data-id=\"55036e2\" data-element_type=\"column\">\n\t\t\t<div class=\"elementor-widget-wrap elementor-element-populated\">\n\t\t\t\t\t\t\t\t<div class=\"elementor-element elementor-element-b2ee15b elementor-widget elementor-widget-text-editor\" data-id=\"b2ee15b\" data-element_type=\"widget\" data-widget_type=\"text-editor.default\">\n\t\t\t\t<div class=\"elementor-widget-container\">\n\t\t\t\t\t\t\t<p><a href=\"https:\/\/novaresearch.unl.pt\/en\/persons\/maria-l%C3%BAcia-amaral\"><strong>NOVA Research Portal<\/strong><\/a><\/p>\t\t\t\t\t\t<\/div>\n\t\t\t\t<\/div>\n\t\t\t\t\t<\/div>\n\t\t<\/div>\n\t\t\t\t\t\t\t<\/div>\n\t\t<\/section>\n\t\t\t\t\t<\/div>\n\t\t<\/div>\n\t\t\t\t\t\t\t<\/div>\n\t\t<\/section>\n\t\t\t\t<section class=\"elementor-section elementor-top-section elementor-element elementor-element-4d9d1a38 elementor-section-height-min-height elementor-section-boxed elementor-section-height-default elementor-section-items-middle\" data-id=\"4d9d1a38\" data-element_type=\"section\">\n\t\t\t\t\t\t<div class=\"elementor-container elementor-column-gap-default\">\n\t\t\t\t\t<div class=\"elementor-column elementor-col-100 elementor-top-column elementor-element elementor-element-1115fca9\" data-id=\"1115fca9\" data-element_type=\"column\">\n\t\t\t<div class=\"elementor-widget-wrap\">\n\t\t\t\t\t\t\t\t\t<\/div>\n\t\t<\/div>\n\t\t\t\t\t\t\t<\/div>\n\t\t<\/section>\n\t\t\t\t\t\t<\/div>\n\t\t\t\t\t<\/div>\n\t\t","protected":false},"excerpt":{"rendered":"<p>Maria L\u00facia Amaral Full Professor mla@novalaw.unl.pt Biographical Note | Pedagogical Experience | Main Publications | Research Areas PhD in Constitutional Law from the Lisbon University Faculty of Law. Full Professor at the Universidade Nova de Lisboa Faculty of Law. She was a Counsellor Judge and Vice-President of the Constitutional Court. Currently Ombudsman. Bachelor\u2019s degree (1st &hellip;<\/p>\n<p class=\"read-more\"> <a class=\"\" href=\"https:\/\/novalaw.unl.pt\/en\/maria-lucia-amaral\/\"> <span class=\"screen-reader-text\">Maria L\u00facia Amaral<\/span> Read More &raquo;<\/a><\/p>\n","protected":false},"author":2,"featured_media":0,"parent":0,"menu_order":121,"comment_status":"closed","ping_status":"closed","template":"","meta":{"footnotes":""},"categories":[],"tags":[],"class_list":["post-7756","page","type-page","status-publish","hentry"],"yoast_head":"<!-- This site is optimized with the Yoast SEO Premium plugin v27.4 (Yoast SEO v27.4) - https:\/\/yoast.com\/product\/yoast-seo-premium-wordpress\/ -->\n<title>Maria L\u00facia Amaral - NOVA School of Law | Faculdade de Direito da Universidade NOVA de Lisboa<\/title>\n<meta name=\"robots\" content=\"index, follow, max-snippet:-1, max-image-preview:large, max-video-preview:-1\" \/>\n<link rel=\"canonical\" href=\"https:\/\/novalaw.unl.pt\/maria-lucia-amaral\/\" \/>\n<meta property=\"og:locale\" content=\"en_US\" \/>\n<meta property=\"og:type\" content=\"article\" \/>\n<meta property=\"og:title\" content=\"Maria L\u00facia Amaral\" \/>\n<meta property=\"og:description\" content=\"Maria L\u00facia Amaral Full Professor mla@novalaw.unl.pt Biographical Note | Pedagogical Experience | Main Publications | Research Areas PhD in Constitutional Law from the Lisbon University Faculty of Law. Full Professor at the Universidade Nova de Lisboa Faculty of Law. She was a Counsellor Judge and Vice-President of the Constitutional Court. Currently Ombudsman. Bachelor\u2019s degree (1st &hellip; Maria L\u00facia Amaral Read More &raquo;\" \/>\n<meta property=\"og:url\" content=\"https:\/\/novalaw.unl.pt\/maria-lucia-amaral\/\" \/>\n<meta property=\"og:site_name\" content=\"NOVA School of Law | Faculdade de Direito da Universidade NOVA de Lisboa\" \/>\n<meta property=\"article:modified_time\" content=\"2022-04-08T16:21:33+00:00\" \/>\n<meta property=\"og:image\" content=\"https:\/\/novalaw.unl.pt\/wp-content\/uploads\/2021\/08\/SITE_docentes-residentes-MARIA-LUCIA.jpg\" \/>\n<meta name=\"twitter:card\" content=\"summary_large_image\" \/>\n<meta name=\"twitter:label1\" content=\"Est. reading time\" \/>\n\t<meta name=\"twitter:data1\" content=\"5 minutes\" \/>\n<script type=\"application\/ld+json\" class=\"yoast-schema-graph\">{\"@context\":\"https:\\\/\\\/schema.org\",\"@graph\":[{\"@type\":\"WebPage\",\"@id\":\"https:\\\/\\\/novalaw.unl.pt\\\/maria-lucia-amaral\\\/\",\"url\":\"https:\\\/\\\/novalaw.unl.pt\\\/maria-lucia-amaral\\\/\",\"name\":\"Maria L\u00facia Amaral - NOVA School of Law | Faculdade de Direito da Universidade NOVA de Lisboa\",\"isPartOf\":{\"@id\":\"https:\\\/\\\/novalaw.unl.pt\\\/#website\"},\"primaryImageOfPage\":{\"@id\":\"https:\\\/\\\/novalaw.unl.pt\\\/maria-lucia-amaral\\\/#primaryimage\"},\"image\":{\"@id\":\"https:\\\/\\\/novalaw.unl.pt\\\/maria-lucia-amaral\\\/#primaryimage\"},\"thumbnailUrl\":\"https:\\\/\\\/novalaw.unl.pt\\\/wp-content\\\/uploads\\\/2021\\\/08\\\/SITE_docentes-residentes-MARIA-LUCIA.jpg\",\"datePublished\":\"2021-10-01T10:35:20+00:00\",\"dateModified\":\"2022-04-08T16:21:33+00:00\",\"breadcrumb\":{\"@id\":\"https:\\\/\\\/novalaw.unl.pt\\\/maria-lucia-amaral\\\/#breadcrumb\"},\"inLanguage\":\"en-US\",\"potentialAction\":[{\"@type\":\"ReadAction\",\"target\":[\"https:\\\/\\\/novalaw.unl.pt\\\/maria-lucia-amaral\\\/\"]}]},{\"@type\":\"ImageObject\",\"inLanguage\":\"en-US\",\"@id\":\"https:\\\/\\\/novalaw.unl.pt\\\/maria-lucia-amaral\\\/#primaryimage\",\"url\":\"https:\\\/\\\/novalaw.unl.pt\\\/wp-content\\\/uploads\\\/2021\\\/08\\\/SITE_docentes-residentes-MARIA-LUCIA.jpg\",\"contentUrl\":\"https:\\\/\\\/novalaw.unl.pt\\\/wp-content\\\/uploads\\\/2021\\\/08\\\/SITE_docentes-residentes-MARIA-LUCIA.jpg\"},{\"@type\":\"BreadcrumbList\",\"@id\":\"https:\\\/\\\/novalaw.unl.pt\\\/maria-lucia-amaral\\\/#breadcrumb\",\"itemListElement\":[{\"@type\":\"ListItem\",\"position\":1,\"name\":\"Home\",\"item\":\"https:\\\/\\\/novalaw.unl.pt\\\/en\\\/\"},{\"@type\":\"ListItem\",\"position\":2,\"name\":\"Maria L\u00facia Amaral\"}]},{\"@type\":\"WebSite\",\"@id\":\"https:\\\/\\\/novalaw.unl.pt\\\/#website\",\"url\":\"https:\\\/\\\/novalaw.unl.pt\\\/\",\"name\":\"NOVA School of Law | Faculdade de Direito da Universidade NOVA de Lisboa\",\"description\":\"NOVA School Of Law\",\"publisher\":{\"@id\":\"https:\\\/\\\/novalaw.unl.pt\\\/#organization\"},\"potentialAction\":[{\"@type\":\"SearchAction\",\"target\":{\"@type\":\"EntryPoint\",\"urlTemplate\":\"https:\\\/\\\/novalaw.unl.pt\\\/?s={search_term_string}\"},\"query-input\":{\"@type\":\"PropertyValueSpecification\",\"valueRequired\":true,\"valueName\":\"search_term_string\"}}],\"inLanguage\":\"en-US\"},{\"@type\":\"Organization\",\"@id\":\"https:\\\/\\\/novalaw.unl.pt\\\/#organization\",\"name\":\"NOVA School of Law\",\"url\":\"https:\\\/\\\/novalaw.unl.pt\\\/\",\"logo\":{\"@type\":\"ImageObject\",\"inLanguage\":\"en-US\",\"@id\":\"https:\\\/\\\/novalaw.unl.pt\\\/#\\\/schema\\\/logo\\\/image\\\/\",\"url\":\"https:\\\/\\\/novalaw.unl.pt\\\/wp-content\\\/uploads\\\/2021\\\/02\\\/logo-novalaw.svg\",\"contentUrl\":\"https:\\\/\\\/novalaw.unl.pt\\\/wp-content\\\/uploads\\\/2021\\\/02\\\/logo-novalaw.svg\",\"width\":991,\"height\":424,\"caption\":\"NOVA School of Law\"},\"image\":{\"@id\":\"https:\\\/\\\/novalaw.unl.pt\\\/#\\\/schema\\\/logo\\\/image\\\/\"}}]}<\/script>\n<!-- \/ Yoast SEO Premium plugin. -->","yoast_head_json":{"title":"Maria L\u00facia Amaral - NOVA School of Law | Faculdade de Direito da Universidade NOVA de Lisboa","robots":{"index":"index","follow":"follow","max-snippet":"max-snippet:-1","max-image-preview":"max-image-preview:large","max-video-preview":"max-video-preview:-1"},"canonical":"https:\/\/novalaw.unl.pt\/maria-lucia-amaral\/","og_locale":"en_US","og_type":"article","og_title":"Maria L\u00facia Amaral","og_description":"Maria L\u00facia Amaral Full Professor mla@novalaw.unl.pt Biographical Note | Pedagogical Experience | Main Publications | Research Areas PhD in Constitutional Law from the Lisbon University Faculty of Law. Full Professor at the Universidade Nova de Lisboa Faculty of Law. She was a Counsellor Judge and Vice-President of the Constitutional Court. Currently Ombudsman. Bachelor\u2019s degree (1st &hellip; Maria L\u00facia Amaral Read More &raquo;","og_url":"https:\/\/novalaw.unl.pt\/maria-lucia-amaral\/","og_site_name":"NOVA School of Law | Faculdade de Direito da Universidade NOVA de Lisboa","article_modified_time":"2022-04-08T16:21:33+00:00","og_image":[{"url":"https:\/\/novalaw.unl.pt\/wp-content\/uploads\/2021\/08\/SITE_docentes-residentes-MARIA-LUCIA.jpg","type":"","width":"","height":""}],"twitter_card":"summary_large_image","twitter_misc":{"Est. reading time":"5 minutes"},"schema":{"@context":"https:\/\/schema.org","@graph":[{"@type":"WebPage","@id":"https:\/\/novalaw.unl.pt\/maria-lucia-amaral\/","url":"https:\/\/novalaw.unl.pt\/maria-lucia-amaral\/","name":"Maria L\u00facia Amaral - NOVA School of Law | Faculdade de Direito da Universidade NOVA de Lisboa","isPartOf":{"@id":"https:\/\/novalaw.unl.pt\/#website"},"primaryImageOfPage":{"@id":"https:\/\/novalaw.unl.pt\/maria-lucia-amaral\/#primaryimage"},"image":{"@id":"https:\/\/novalaw.unl.pt\/maria-lucia-amaral\/#primaryimage"},"thumbnailUrl":"https:\/\/novalaw.unl.pt\/wp-content\/uploads\/2021\/08\/SITE_docentes-residentes-MARIA-LUCIA.jpg","datePublished":"2021-10-01T10:35:20+00:00","dateModified":"2022-04-08T16:21:33+00:00","breadcrumb":{"@id":"https:\/\/novalaw.unl.pt\/maria-lucia-amaral\/#breadcrumb"},"inLanguage":"en-US","potentialAction":[{"@type":"ReadAction","target":["https:\/\/novalaw.unl.pt\/maria-lucia-amaral\/"]}]},{"@type":"ImageObject","inLanguage":"en-US","@id":"https:\/\/novalaw.unl.pt\/maria-lucia-amaral\/#primaryimage","url":"https:\/\/novalaw.unl.pt\/wp-content\/uploads\/2021\/08\/SITE_docentes-residentes-MARIA-LUCIA.jpg","contentUrl":"https:\/\/novalaw.unl.pt\/wp-content\/uploads\/2021\/08\/SITE_docentes-residentes-MARIA-LUCIA.jpg"},{"@type":"BreadcrumbList","@id":"https:\/\/novalaw.unl.pt\/maria-lucia-amaral\/#breadcrumb","itemListElement":[{"@type":"ListItem","position":1,"name":"Home","item":"https:\/\/novalaw.unl.pt\/en\/"},{"@type":"ListItem","position":2,"name":"Maria L\u00facia Amaral"}]},{"@type":"WebSite","@id":"https:\/\/novalaw.unl.pt\/#website","url":"https:\/\/novalaw.unl.pt\/","name":"NOVA School of Law | Faculdade de Direito da Universidade NOVA de Lisboa","description":"NOVA School Of Law","publisher":{"@id":"https:\/\/novalaw.unl.pt\/#organization"},"potentialAction":[{"@type":"SearchAction","target":{"@type":"EntryPoint","urlTemplate":"https:\/\/novalaw.unl.pt\/?s={search_term_string}"},"query-input":{"@type":"PropertyValueSpecification","valueRequired":true,"valueName":"search_term_string"}}],"inLanguage":"en-US"},{"@type":"Organization","@id":"https:\/\/novalaw.unl.pt\/#organization","name":"NOVA School of Law","url":"https:\/\/novalaw.unl.pt\/","logo":{"@type":"ImageObject","inLanguage":"en-US","@id":"https:\/\/novalaw.unl.pt\/#\/schema\/logo\/image\/","url":"https:\/\/novalaw.unl.pt\/wp-content\/uploads\/2021\/02\/logo-novalaw.svg","contentUrl":"https:\/\/novalaw.unl.pt\/wp-content\/uploads\/2021\/02\/logo-novalaw.svg","width":991,"height":424,"caption":"NOVA School of Law"},"image":{"@id":"https:\/\/novalaw.unl.pt\/#\/schema\/logo\/image\/"}}]}},"novalaw_begin_date":"","novalaw_begin_date_en":"","novalaw_text":"","novalaw_tag":"","novalaw_tag_en":"","novalaw_link":"","novalaw_link_en":"","novalaw_end_date":"","novalaw_end_date_en":"","novalaw_date":"","novalaw_em_destaque":"","novalaw_tag_src":"","lang":"","_links":{"self":[{"href":"https:\/\/novalaw.unl.pt\/en\/wp-json\/wp\/v2\/pages\/7756","targetHints":{"allow":["GET"]}}],"collection":[{"href":"https:\/\/novalaw.unl.pt\/en\/wp-json\/wp\/v2\/pages"}],"about":[{"href":"https:\/\/novalaw.unl.pt\/en\/wp-json\/wp\/v2\/types\/page"}],"author":[{"embeddable":true,"href":"https:\/\/novalaw.unl.pt\/en\/wp-json\/wp\/v2\/users\/2"}],"replies":[{"embeddable":true,"href":"https:\/\/novalaw.unl.pt\/en\/wp-json\/wp\/v2\/comments?post=7756"}],"version-history":[{"count":7,"href":"https:\/\/novalaw.unl.pt\/en\/wp-json\/wp\/v2\/pages\/7756\/revisions"}],"predecessor-version":[{"id":13844,"href":"https:\/\/novalaw.unl.pt\/en\/wp-json\/wp\/v2\/pages\/7756\/revisions\/13844"}],"wp:attachment":[{"href":"https:\/\/novalaw.unl.pt\/en\/wp-json\/wp\/v2\/media?parent=7756"}],"wp:term":[{"taxonomy":"category","embeddable":true,"href":"https:\/\/novalaw.unl.pt\/en\/wp-json\/wp\/v2\/categories?post=7756"},{"taxonomy":"post_tag","embeddable":true,"href":"https:\/\/novalaw.unl.pt\/en\/wp-json\/wp\/v2\/tags?post=7756"}],"curies":[{"name":"wp","href":"https:\/\/api.w.org\/{rel}","templated":true}]}}