{"id":7795,"date":"2021-10-01T11:08:02","date_gmt":"2021-10-01T11:08:02","guid":{"rendered":"https:\/\/novalaw.unl.pt\/?page_id=7795"},"modified":"2022-04-08T16:21:30","modified_gmt":"2022-04-08T16:21:30","slug":"nuno-picarra","status":"publish","type":"page","link":"https:\/\/novalaw.unl.pt\/en\/nuno-picarra\/","title":{"rendered":"Nuno Pi\u00e7arra"},"content":{"rendered":"\t\t<div data-elementor-type=\"wp-page\" data-elementor-id=\"7795\" class=\"elementor elementor-7795\" data-elementor-settings=\"[]\">\n\t\t\t\t\t\t\t<div class=\"elementor-section-wrap\">\n\t\t\t\t\t\t\t<section class=\"elementor-section elementor-top-section elementor-element elementor-element-6b81186 elementor-section-height-min-height elementor-section-boxed elementor-section-height-default elementor-section-items-middle\" data-id=\"6b81186\" data-element_type=\"section\">\n\t\t\t\t\t\t<div class=\"elementor-container elementor-column-gap-default\">\n\t\t\t\t\t<div class=\"elementor-column elementor-col-100 elementor-top-column elementor-element elementor-element-4fae0c93\" data-id=\"4fae0c93\" data-element_type=\"column\">\n\t\t\t<div class=\"elementor-widget-wrap elementor-element-populated\">\n\t\t\t\t\t\t\t\t<section class=\"elementor-section elementor-inner-section elementor-element elementor-element-57c85fc3 elementor-section-boxed elementor-section-height-default elementor-section-height-default\" data-id=\"57c85fc3\" data-element_type=\"section\">\n\t\t\t\t\t\t<div class=\"elementor-container elementor-column-gap-default\">\n\t\t\t\t\t<div class=\"elementor-column elementor-col-50 elementor-inner-column elementor-element elementor-element-2644d3f5\" data-id=\"2644d3f5\" data-element_type=\"column\">\n\t\t\t<div class=\"elementor-widget-wrap elementor-element-populated\">\n\t\t\t\t\t\t\t\t<div class=\"elementor-element elementor-element-f2691e1 elementor-widget elementor-widget-image\" data-id=\"f2691e1\" data-element_type=\"widget\" data-widget_type=\"image.default\">\n\t\t\t\t<div class=\"elementor-widget-container\">\n\t\t\t\t\t\t\t\t\t\t\t\t\t\t\t<img loading=\"lazy\" decoding=\"async\" width=\"202\" height=\"202\" src=\"https:\/\/novalaw.unl.pt\/wp-content\/uploads\/2021\/08\/SITE_docentes-residentes-NUNO-PICARRA.jpg\" class=\"attachment-large size-large\" alt=\"\" srcset=\"https:\/\/novalaw.unl.pt\/wp-content\/uploads\/2021\/08\/SITE_docentes-residentes-NUNO-PICARRA.jpg 202w, https:\/\/novalaw.unl.pt\/wp-content\/uploads\/2021\/08\/SITE_docentes-residentes-NUNO-PICARRA-150x150.jpg 150w, https:\/\/novalaw.unl.pt\/wp-content\/uploads\/2021\/08\/SITE_docentes-residentes-NUNO-PICARRA-100x100.jpg 100w\" sizes=\"auto, (max-width: 202px) 100vw, 202px\" \/>\t\t\t\t\t\t\t\t\t\t\t\t\t\t\t<\/div>\n\t\t\t\t<\/div>\n\t\t\t\t\t<\/div>\n\t\t<\/div>\n\t\t\t\t<div class=\"elementor-column elementor-col-50 elementor-inner-column elementor-element elementor-element-5628da6a\" data-id=\"5628da6a\" data-element_type=\"column\">\n\t\t\t<div class=\"elementor-widget-wrap elementor-element-populated\">\n\t\t\t\t\t\t\t\t<div class=\"elementor-element elementor-element-4cb3af49 elementor-widget elementor-widget-heading\" data-id=\"4cb3af49\" data-element_type=\"widget\" data-widget_type=\"heading.default\">\n\t\t\t\t<div class=\"elementor-widget-container\">\n\t\t\t<h1 class=\"elementor-heading-title elementor-size-default\">Nuno Pi\u00e7arra<\/h1>\t\t<\/div>\n\t\t\t\t<\/div>\n\t\t\t\t<div class=\"elementor-element elementor-element-4b8da532 elementor-widget elementor-widget-heading\" data-id=\"4b8da532\" data-element_type=\"widget\" data-widget_type=\"heading.default\">\n\t\t\t\t<div class=\"elementor-widget-container\">\n\t\t\t<h3 class=\"elementor-heading-title elementor-size-default\">Associate Professor<\/h3>\t\t<\/div>\n\t\t\t\t<\/div>\n\t\t\t\t<div class=\"elementor-element elementor-element-e1099cd elementor-widget elementor-widget-ekit_wb_3521\" data-id=\"e1099cd\" data-element_type=\"widget\" data-widget_type=\"ekit_wb_3521.default\">\n\t\t\t\t<div class=\"elementor-widget-container\">\n\t\t\t<a href=\"mailto:np@novalaw.unl.pt\" style=\"vertical-align: middle;\n    display: flex;\">\n    <span><svg xmlns=\"http:\/\/www.w3.org\/2000\/svg\" width=\"32\" height=\"32\" viewBox=\"0 0 32 32\" fill=\"none\"><g clip-path=\"url(#clip0)\"><path fill-rule=\"evenodd\" clip-rule=\"evenodd\" d=\"M13.4915 0.197933C10.3659 0.694111 7.45756 2.10609 5.13445 4.25529C2.81134 6.40449 1.17778 9.19436 0.440381 12.272C-0.297019 15.3497 -0.105136 18.577 0.991764 21.5456C2.08866 24.5142 4.0413 27.0908 6.60272 28.9496C9.16413 30.8084 12.2193 31.8658 15.3817 31.9881C18.5441 32.1104 21.6718 31.2921 24.3691 29.6367C27.0664 27.9813 29.2122 25.5632 30.5351 22.6881C31.858 19.8131 32.2986 16.6103 31.8011 13.4849C31.1342 9.29534 28.8308 5.54213 25.3973 3.05051C21.9638 0.558883 17.6813 -0.467177 13.4915 0.197933ZM24.5524 9.24141L16.9002 16.8936C15.8915 17.8953 15.5089 17.8605 14.5698 16.8936C13.6306 15.9266 7.16803 9.15793 7.16803 9.15793L24.5524 9.24141ZM6.43759 10.2501L12.3854 16.2188L6.43759 22.1527V10.2501ZM7.34194 23.1405L13.2411 17.2136C13.2411 17.2136 13.8463 17.8049 14.4237 18.3197C15.6063 19.3771 16.2045 19.551 17.5472 18.3197L18.7576 17.2136L24.7263 23.1892L7.34194 23.1405ZM25.5193 22.1597L19.5228 16.191L25.5541 10.2571L25.5193 22.1597Z\" fill=\"black\"><\/path><\/g><defs><clipPath id=\"clip0\"><rect width=\"32\" height=\"32\" fill=\"white\"><\/rect><\/clipPath><\/defs><\/svg><\/span>\n    <span style=\"margin:5px\">np@novalaw.unl.pt<\/span><\/a>\n\t\t\t\t<\/div>\n\t\t\t\t<\/div>\n\t\t\t\t<div class=\"elementor-element elementor-element-8790b75 elementor-absolute elementor-widget elementor-widget-text-editor\" data-id=\"8790b75\" data-element_type=\"widget\" data-settings=\"{&quot;_position&quot;:&quot;absolute&quot;}\" data-widget_type=\"text-editor.default\">\n\t\t\t\t<div class=\"elementor-widget-container\">\n\t\t\t\t\t\t\t<p><span class=\"tab-click\" style=\"color: #dd0036; font-weight: bold;\" data-target=\"nota-biografica\">Biographical Note<\/span> | <span class=\"tab-click\" data-target=\"experiencia\"> Pedagogical Experience <\/span>| <span class=\"tab-click\" data-target=\"publicacoes\">Main Publications<\/span> | <span class=\"tab-click\" data-target=\"investigacao\">Research Areas<\/span><\/p>\t\t\t\t\t\t<\/div>\n\t\t\t\t<\/div>\n\t\t\t\t\t<\/div>\n\t\t<\/div>\n\t\t\t\t\t\t\t<\/div>\n\t\t<\/section>\n\t\t\t\t\t<\/div>\n\t\t<\/div>\n\t\t\t\t\t\t\t<\/div>\n\t\t<\/section>\n\t\t\t\t<section class=\"elementor-section elementor-top-section elementor-element elementor-element-6a854c1f elementor-section-boxed elementor-section-height-default elementor-section-height-default\" data-id=\"6a854c1f\" data-element_type=\"section\">\n\t\t\t\t\t\t<div class=\"elementor-container elementor-column-gap-default\">\n\t\t\t\t\t<div class=\"elementor-column elementor-col-100 elementor-top-column elementor-element elementor-element-6b904349\" data-id=\"6b904349\" data-element_type=\"column\">\n\t\t\t<div class=\"elementor-widget-wrap elementor-element-populated\">\n\t\t\t\t\t\t\t\t<div class=\"elementor-element elementor-element-7fd81a52 tabs-novalaw elementor-widget elementor-widget-text-editor\" data-id=\"7fd81a52\" data-element_type=\"widget\" id=\"nota-biografica\" data-widget_type=\"text-editor.default\">\n\t\t\t\t<div class=\"elementor-widget-container\">\n\t\t\t\t\t\t\t<p class=\"p1\"><span class=\"s1\">Nuno Pi\u00e7arra graduated in Law from Lisbon University on November 5, 1980, with a final average of 16\/20; Master in Law from Lisbon University on March 11, 1986, with a dissertation in the field of Constitutional Law classified as Very Good (18\/20), unanimously; Doctor of Law from the NOVA University, Lisbon, on October 9, 2003, with a dissertation in the field of Constitutional Law, approved with Distinction and Praise, unanimously.<\/span><\/p><p class=\"p1\"><span class=\"s1\">He has been a judge at the Court of Justice of the European Union since October 2018.<\/span><\/p>\t\t\t\t\t\t<\/div>\n\t\t\t\t<\/div>\n\t\t\t\t<div class=\"elementor-element elementor-element-5c59c13b tabs-novalaw elementor-widget elementor-widget-text-editor\" data-id=\"5c59c13b\" data-element_type=\"widget\" id=\"experiencia\" data-widget_type=\"text-editor.default\">\n\t\t\t\t<div class=\"elementor-widget-container\">\n\t\t\t\t\t\t\t<div class=\"comp-corpo-docente\"><div><div class=\"border border-black p-8 wysiwyg\"><p class=\"p1\"><span class=\"s1\"><strong>Bachelor\u2019s degree (1st Cycle):<\/strong><\/span><\/p><ul><li class=\"p1\"><span class=\"s2\">European Union Law<\/span><\/li><li class=\"p1\"><span class=\"s2\">European Area of Freedom, Security and Justice Law<\/span><\/li><\/ul><p class=\"p1\"><strong><span class=\"s1\">Master\u2019s degree (2nd Cycle):<\/span><\/strong><\/p><ul><li class=\"p1\"><span class=\"s2\">Justice and European Integration<\/span><\/li><li class=\"p1\"><span class=\"s2\">Urban Planning Law<\/span><\/li><\/ul><p class=\"p1\"><strong><span class=\"s1\">PhD (3rd Cycle):<\/span><\/strong><\/p><ul><li class=\"p1\"><span class=\"s2\">Public Law<\/span><\/li><li class=\"p1\"><span class=\"s2\">European Law<\/span><\/li><\/ul><\/div><\/div><\/div>\t\t\t\t\t\t<\/div>\n\t\t\t\t<\/div>\n\t\t\t\t<div class=\"elementor-element elementor-element-15a80a31 tabs-novalaw elementor-widget elementor-widget-text-editor\" data-id=\"15a80a31\" data-element_type=\"widget\" id=\"publicacoes\" data-widget_type=\"text-editor.default\">\n\t\t\t\t<div class=\"elementor-widget-container\">\n\t\t\t\t\t\t\t<p class=\"p1\"><span class=\"s1\"><b>Thesis<\/b><\/span><\/p><ul><li class=\"p1\"><span class=\"s1\"><i>O Inqu\u00e9rito Parlamentar e os seus modelos constitucionais. O caso portugu\u00eas<\/i>, disserta\u00e7\u00e3o de doutoramento, Almedina, Coimbra, 2004, 755 pp.;<\/span><\/li><li class=\"p1\"><span class=\"s1\"><i>A Separa\u00e7\u00e3o dos Poderes como Doutrina e Princ\u00edpio Constitucional. Um contributo para o estudo das suas origens e evolu\u00e7\u00e3o<\/i>, disserta\u00e7\u00e3o de mestrado, Coimbra Editora, Coimbra, 1989, 281 pp.;<\/span><\/li><\/ul><p class=\"p1\"><span class=\"s1\"><b>Books<\/b><\/span><\/p><p class=\"p1\"><span class=\"s1\"><b><i>Author<\/i><\/b><\/span><\/p><ul><li class=\"p1\"><span class=\"s1\"><i>Portugal. Concess\u00e3o excepcional de autoriza\u00e7\u00e3o de resid\u00eancia a imigrantes irregulares<\/i>, edi\u00e7\u00e3o do Servi\u00e7o de Estrangeiros e Fronteiras (com Francisco Borges), Lisboa, 2009, 60 pp.;<\/span><\/li><li class=\"p1\"><span class=\"s1\"><i>Are There Material Limits to the Revision of the Treaties on the European Union?<\/i>\u00a0(com J. L. Cruz Vila\u00e7a) in Vortr\u00e4ge und Berichte des Zentrums f\u00fcr Europ\u00e4isches Wirtschaftsrecht der Rheinischen Friedrich-Wilhelms-Universit\u00e4t Bonn, 1995, 57 pp.;<\/span><\/li><li class=\"p1\"><span class=\"s1\"><i>O Tribunal de Justi\u00e7a das Comunidades Europeias como Juiz Legal e o Processo do Artigo 177\u00ba do Tratado CEE<\/i>, Lisboa, 1991, 117 pp.<\/span><\/li><\/ul><p>\u00a0<\/p><p class=\"p1\">Coordinator<\/p><ul><li class=\"p1\"><span class=\"s1\"><i>A Crise e o Direito<\/i>\u00a0(com Jorge Bacelar Gouveia), Coimbra, Almedina, 2013, 299 pp.;<\/span><\/li><li class=\"p1\"><span class=\"s1\"><i>A Uni\u00e3o Europeia segundo o Tratado de Lisboa. Aspectos centrais<\/i>, Coimbra, 2011, reimpress\u00e3o 2013, 236 pp.;<\/span><\/li><li class=\"p1\"><span class=\"s1\"><i>50 Anos do Tratado de Roma<\/i>\u00a0(com Marta Tavares de Almeida); Lisboa, 2008, 256 pp.;<\/span><\/li><li class=\"p1\"><span class=\"s1\"><i>Portuguese Law. An Overview<\/i>\u00a0(com Assun\u00e7\u00e3o Cristas e Carlos Ferreira de Almeida), Coimbra, 2007, 310 pp.<\/span><\/li><\/ul><p>\u00a0<\/p><p class=\"p1\"><span class=\"s1\"><b>Book Chapters<\/b><\/span><\/p><ul><li class=\"p1\"><span class=\"s1\">\u201cAre there Substantive Limits to the Amendment of the Treaties?\u201d (com Jos\u00e9 Lu\u00eds da Cruz Vila\u00e7a) in Jos\u00e9 Lu\u00eds da Cruz Vila\u00e7a, EU Law and Integration. Twenty Years of Judicial Application of EU Law, Hart Publishing, Oxford, 2014, pp. 13-43;<\/span><\/li><li class=\"p1\"><span class=\"s1\">\u201cEspa\u00e7o de liberdade, seguran\u00e7a e justi\u00e7a e \u00abm\u00e9todo comunit\u00e1rio\u00bb: uma rela\u00e7\u00e3o finalmente estabilizada pelo Tratado de Lisboa?\u201d, in Constan\u00e7a Urbano de Sousa (coord.),\u00a0<i>O espa\u00e7o de liberdade, seguran\u00e7a e justi\u00e7a da UE: desenvolvimentos recentes \/ The EU area of freedom, security and justice: recent developments<\/i>, Lisboa, 2014, pp. 9-41;<\/span><\/li><li class=\"p1\"><span class=\"s1\">\u201cPol\u00edtica Europeia de Vizinhan\u00e7a\u201d, in Nuno Canas Mendes e Francisco Pereira Coutinho (org.),\u00a0<i>Enciclop\u00e9dia das Rela\u00e7\u00f5es Internacionais<\/i>, Lisboa, 2014;<\/span><\/li><li class=\"p1\"><span class=\"s1\">\u201cIs the Area of Freedom, Security and Justice a Factor of Development and Competitiveness in the European Union?\u201d, in Alessandra Silveira\u00a0<i>e. a.<\/i>,\u00a0<i>Citizenship and Solidarity in the European Union. From the Charter of Fundamental Rights to the Crisis, the State of the Art<\/i>, Peter Lang, Bruxelas, 2013, pp. 139-150;<\/span><\/li><li class=\"p1\"><span class=\"s1\">\u201cA reparti\u00e7\u00e3o de compet\u00eancias no Tribunal de Justi\u00e7a da Uni\u00e3o Europeia\u201d, in\u00a0<i>Estudos em Homenagem ao Prof. Doutor Jos\u00e9 Lebre de Freitas<\/i>, vol II, Coimbra Editora, Coimbra, 2013, pp. 1271-1323;<\/span><\/li><li class=\"p1\"><span class=\"s1\">\u201cAnota\u00e7\u00e3o ao artigo 6.\u00ba\u201d, in Alessandra Silveira e Mariana Canotilho (coord.),\u00a0<i>Carta dos Direitos Fundamentais da Uni\u00e3o Europeia Comentada<\/i>, Coimbra, Almedina, 2013, pp. 91-102;<\/span><\/li><li class=\"p1\"><span class=\"s1\">\u201cA crise nas fronteiras (dos Estados-Membros) da Uni\u00e3o Europeia: causas e solu\u00e7\u00f5es\u201d, in Jorge Bacelar Gouveia e Nuno Pi\u00e7arra (coord.),\u00a0<i>A Crise e o Direito<\/i>, Coimbra, Almedina, 2013, pp. 137-178;<\/span><\/li><li class=\"p1\"><span class=\"s1\">\u00a0\u201cO artigo 6.\u00ba da Carta dos Direitos Fundamentais da Uni\u00e3o Europeia: genealogia e \u00e2mbito de aplica\u00e7\u00e3o\u201d, in Ant\u00f3nio Pinto Pereira e o. (coord.)\u00a0<i>Liber Amicorum<\/i>\u00a0em Homenagem ao Professor Jo\u00e3o Mota de Campos, Coimbra, Coimbra Editora, 2013, pp. 737-762;<\/span><\/li><li class=\"p1\"><span class=\"s1\">\u00a0\u201cComiss\u00f5es parlamentares\u201d e \u201cInqu\u00e9rito parlamentar\u201d, in Jorge Bacelar Gouveia e Francisco Pereira Coutinho (coord.),\u00a0<i>Enciclop\u00e9dia da Constitui\u00e7\u00e3o Portuguesa<\/i>, Lisboa, Quid J\u00faris, 2013, pp. 72-75 e 210-212;<\/span><\/li><li class=\"p1\"><span class=\"s1\">\u201cComent\u00e1rio ao ac\u00f3rd\u00e3o do Tribunal de Justi\u00e7a de 10 de abril de 2012, C-83\/12 PPU, Processo-crime contra Minh Khoa Vo\u201d, in Eduardo Paz Ferreira\u00a0<i>e. a.<\/i>\u00a0(org.),\u00a0<i>Jurisprud\u00eancia Cunha Rodrigues \u2013 Coment\u00e1rios<\/i>, Lisboa, AAFDL, 2013, pp. 257-269;<\/span><\/li><li class=\"p1\"><span class=\"s1\">\u201cTerrorismo e Direitos Fundamentais: as\u00a0<i>Smart Sanctions<\/i>\u00a0na jurisprud\u00eancia do Tribunal de Justi\u00e7a da Uni\u00e3o Europeia e no Tratado de Lisboa\u201d, in Estudos em Homenagem ao Prof. Doutor Jos\u00e9 Joaquim Gomes Canotilho, volume III, Coimbra Editora, 2012, pp. 711-741;<\/span><\/li><li class=\"p1\"><span class=\"s1\">\u201cO princ\u00edpio da separa\u00e7\u00e3o de poderes e os limites da compet\u00eancia do Parlamento face ao Governo na jurisprud\u00eancia constitucional portuguesa\u201d, in\u00a0<i>Estudos em Homenagem ao Professor Doutor Jorge Miranda<\/i>, volume III, Coimbra Editora, 2012, pp. 33-60;<\/span><\/li><li class=\"p1\"><span class=\"s1\">\u201cTr\u00eas notas sobre o sistema jurisdicional da Uni\u00e3o Europeia\u201d, in\u00a0<i>Estudos em Homenagem a Miguel Galv\u00e3o Teles<\/i>, volume I, Almedina, 2012, pp. 767-789; tamb\u00e9m publicado em AAVV,\u00a0<i>Direito Tribut\u00e1rio: quest\u00f5es atuais<\/i>, Bras\u00edlia, 2012, pp. 349-370;<\/span><\/li><li class=\"p1\"><span class=\"s1\">\u201cImmigration and Religion in Portugal\u201d (com Francisco Borges), in Agustin Motilla (ed.)\u00a0<i>Immigration, National and Regional Laws and Freedom of Religion<\/i>, Lovaina, 2012, pp. 189-197;<\/span><\/li><li class=\"p1\"><span class=\"s1\">Anota\u00e7\u00e3o e coment\u00e1rio aos artigos 21.\u00ba e 22.\u00ba do Tratado da Uni\u00e3o Europeia (\u201cDisposi\u00e7\u00f5es gerais relativas \u00e0 a\u00e7\u00e3o externa da Uni\u00e3o\u201d), com Diogo Freitas do Amaral, e aos artigos 77.\u00ba a 80.\u00ba do Tratado sobre o Funcionamento da Uni\u00e3o Europeia (\u201cPol\u00edticas relativas aos controlos nas fronteiras, ao asilo e \u00e0 imigra\u00e7\u00e3o\u201d), in Manuel Lopes Porto e Gon\u00e7alo Anast\u00e1cio (coord.),\u00a0<i>Tratado de Lisboa Anotado e Comentado<\/i>, Coimbra, 2012, pp. 105-113 e 395-421;<\/span><\/li><li class=\"p1\"><span class=\"s1\">\u201cO Tratado de Lisboa em Perspetiva Constitucional. Uma apresenta\u00e7\u00e3o \u00e0 luz de 20 meses de vig\u00eancia\u201d, in Nuno Pi\u00e7arra (coord.),\u00a0<i>A Uni\u00e3o Europeia segundo o Tratado de Lisboa<\/i>, Coimbra, 2011, pp. 15-37;<\/span><\/li><li class=\"p1\"><span class=\"s1\">\u201cO Tratado de Lisboa e o espa\u00e7o de liberdade, seguran\u00e7a e justi\u00e7a\u201d, in Nuno Pi\u00e7arra (coord.),\u00a0<i>A Uni\u00e3o Europeia segundo o Tratado de Lisboa<\/i>, Coimbra, 2011, pp. 127-155;<\/span><\/li><li class=\"p1\"><span class=\"s1\">\u201cOs jogos de fortuna ou azar\u00a0<i>online<\/i>\u00a0perante o direito da Uni\u00e3o Europeia: o ac\u00f3rd\u00e3o Santa Casa e os seus antecedentes\u201d, in\u00a0<i>Estudos em Mem\u00f3ria do Prof. Doutor J. L. Saldanha Sanches<\/i>, volume I, Coimbra, 2011, pp. 547-579;<\/span><\/li><li class=\"p1\"><span class=\"s1\">\u201cO contributo da Uni\u00e3o Europeia para a disciplina jur\u00eddica dos prazos de pagamento nas transa\u00e7\u00f5es comerciais. A Diretiva 2000\/35\/CE e a sua revis\u00e3o\u201d, in Estudos dedicados ao Professor Doutor Lu\u00eds Alberto Carvalho Fernandes, volume III, Lisboa, 2011, pp. 77-97, tamb\u00e9m publicado in\u00a0<i>Revista O Direito<\/i>, ano 142.\u00ba, tomo IV, 2010, pp. 659-679;<\/span><\/li><li class=\"p1\"><span class=\"s1\">\u201cAnota\u00e7\u00e3o ao ac\u00f3rd\u00e3o do Tribunal de Justi\u00e7a da Uni\u00e3o Europeia, de 8 de Setembro de 2009, Liga Portuguesa de Futebol Profissional e Bwin International Ltd contra Departamento de Jogos da Santa Casa da Miseric\u00f3rdia de Lisboa, C-42\/07\u201d, in Maria Lu\u00edsa Duarte\u00a0<i>e. a.<\/i>\u00a0(coord.),\u00a0<i>20 Anos de Jurisprud\u00eancia da Uni\u00e3o sobre Casos Portugueses. O que fica do di\u00e1logo entre os ju\u00edzes portugueses e o Tribunal de Justi\u00e7a da Uni\u00e3o Europeia<\/i>, Lisboa, 2011, pp. 311-334;<\/span><\/li><li class=\"p1\"><span class=\"s1\">\u201cOs poderes das comiss\u00f5es parlamentares de inqu\u00e9rito no direito brasileiro e no direito portugu\u00eas\u201d, in\u00a0<i>Estudos em Homenagem ao Professor Doutor Carlos Ferreira de Almeida<\/i>, volume III, Coimbra, 2011, pp. 201-249;<\/span><\/li><li class=\"p1\"><span class=\"s1\">\u201cUni\u00e3o Europeia e acto administrativo transnacional\u201d, in Alessandra Silveira (coord.),\u00a0<i>Direito da Uni\u00e3o Europeia e Transnacionalidade<\/i>, Lisboa, 2010, pp. 297-323;<\/span><\/li><li class=\"p1\"><span class=\"s1\">\u201cA efic\u00e1cia transnacional dos actos administrativos dos Estados-Membros como elemento caracterizador do direito administrativo da Uni\u00e3o Europeia\u201d, in\u00a0<i>Estudos em Homenagem ao Professor Doutor Diogo Freitas do Amaral<\/i>, Lisboa, 2010, pp. 585-618;<\/span><\/li><li class=\"p1\"><span class=\"s1\">\u201cA liberdade de circula\u00e7\u00e3o dos advogados na Uni\u00e3o Europeia. Da metamorfose da regra do tratamento nacional \u00e0 extens\u00e3o a nacionais de pa\u00edses terceiros\u201d, in\u00a0<i>Estudos em Homenagem ao Professor Doutor S\u00e9rvulo Correia<\/i>, volume IV, Coimbra, 2010, pp. 707-748;<\/span><\/li><li class=\"p1\"><span class=\"s1\">\u201cA pol\u00edtica de fronteiras da Uni\u00e3o Europeia: do arranque dif\u00edcil \u00e0 centralidade progressiva\u201d in\u00a0<i>Estudos em Homenagem ao Professor Doutor Paulo de Pitta e Cunha<\/i>, volume I, Lisboa, 2010, pp. 937-965;<\/span><\/li><li class=\"p1\"><span class=\"s1\">\u201cPortugal \u2013 Exceptional grant of residence permits to irregular migrants\u201d, in\u00a0<i>Policies on irregular migrants, Volume III \u2013 France, Portugal and Poland<\/i>, publica\u00e7\u00e3o do Conselho da Europa, Estrasburgo, 2010, pp. 91-114, tamb\u00e9m em vers\u00e3o francesa;<\/span><\/li><li class=\"p1\"><span class=\"s1\">\u201cA Uni\u00e3o Europeia como espa\u00e7o de liberdade, seguran\u00e7a e justi\u00e7a: uma caracteriza\u00e7\u00e3o geral\u201d in\u00a0<i>Estudos Comemorativos dos 25 anos do ISCPSI<\/i>, Coimbra, 2009, pp. 391-416;<\/span><\/li><li class=\"p1\"><span class=\"s1\">\u201cA proibi\u00e7\u00e3o constitucional de extraditar nacionais em face da Uni\u00e3o Europeia\u201d in Jos\u00e9 Pina Delgado, Jorge Carlos Fonseca e Liriam Tiujo Delgado (org.),\u00a0<i>Aspectos Pol\u00e9micos da Extradi\u00e7\u00e3o em Cabo Verde e no Espa\u00e7o Lus\u00f3fono, Nacionalidade, Pena Aplic\u00e1vel, Instituto Afins<\/i>, Cidade da Praia, 2009, 219-246;<\/span><\/li><li class=\"p1\"><span class=\"s1\">\u201cO novo regime jur\u00eddico do inqu\u00e9rito parlamentar\u201d in Diogo Freitas do Amaral, Carlos Ferreira de Almeida e Marta Tavares de Almeida (org.),\u00a0<i>Estudos comemorativos dos Dez Anos da Faculdade de Direito da Universidade Nova de Lisboa<\/i>, volume I, Coimbra, 2008, pp. 565-606;<\/span><\/li><li class=\"p1\"><span class=\"s1\">\u201cInqu\u00e9rito Parlamentar\u201d in\u00a0<i>Dicion\u00e1rio Jur\u00eddico da Administra\u00e7\u00e3o P\u00fablica<\/i>, 3.\u00ba Suplemento, Lisboa, 2007, pp. 427-458;<\/span><span class=\"s1\">1<\/span><\/li><li class=\"p1\"><span class=\"s1\">\u201cO inqu\u00e9rito parlamentar na Constitui\u00e7\u00e3o portuguesa de 1976 e na lei: conson\u00e2ncias e disson\u00e2ncias\u201d in\u00a0<i>Prof. Doutor Inoc\u00eancio Galv\u00e3o Telles: 90 Anos \u2013 Homenagem da Faculdade de Direito de Lisboa<\/i>, Coimbra, 2007, pp. 935-961;<\/span><\/li><li class=\"p1\"><span class=\"s1\">\u201cA Uni\u00e3o Europeia enquanto espa\u00e7o de liberdade, seguran\u00e7a e justi\u00e7a: alguns desenvolvimentos recentes\u201d in Jorge Bacelar Gouveia e Rui Pereira (coord.)\u00a0<i>Estudos de Direito e Seguran\u00e7a<\/i>, Coimbra, 2007, pp. 317-336;<\/span><\/li><li class=\"p1\"><span class=\"s1\">\u201cAs garantias de cumprimento das obriga\u00e7\u00f5es dos Estados-Membros no Espa\u00e7o de Liberdade, Seguran\u00e7a e Justi\u00e7a\u201d in\u00a0<i>Estudos em Mem\u00f3ria do Professor Doutor Jos\u00e9 Dias Marques<\/i>, Coimbra, 2007, pp. 707-729;<\/span><\/li><li class=\"p1\"><span class=\"s1\">\u201cA justi\u00e7a constitucional da Uni\u00e3o Europeia\u201d in\u00a0<i>Estudos Jur\u00eddicos e Econ\u00f3micos em Homenagem ao Prof. Doutor Ant\u00f3nio de Sousa Franco<\/i>, vol. III, Coimbra, 2006, pp. 467-501;<\/span><\/li><li class=\"p1\"><span class=\"s1\">\u201cA evolu\u00e7\u00e3o do sistema de garantia da Constitui\u00e7\u00e3o em Cabo Verde\u201d in\u00a0<i>Homenagem ao Prof. Doutor Andr\u00e9 Gon\u00e7alves Pereira<\/i>, Coimbra, 2006; tamb\u00e9m publicado in\u00a0<i>Neg\u00f3cios Estrangeiros<\/i>, 11.4, n\u00famero especial, 2007, pp. 156-196;<\/span><\/li><li class=\"p1\"><span class=\"s1\">\u201cImmigration et droit d\u2019asile \u2212 Rapport portugais\u201d in\u00a0<i>Politiques migratoires et droit d\u2019asile dans l\u2019Union europ\u00e9enne et ses Etats membres<\/i>, XXI Congresso FIDE, vol. III, Dublin, 2004, tamb\u00e9m publicado in\u00a0<i>Estudos de Direito Europeu \u2013 Congressos da FIDE<\/i>, Cascais, 2009;<\/span><\/li><li class=\"p1\"><span class=\"s1\">\u201cPortuguese Experience of European Cooperation in the Fields of Justice and Home Affairs\u201d in \u00c1lvaro de Vasconcelos e Maria Jo\u00e3o Seabra (edit.)\u00a0<i>Portugal\u00a0<\/i><\/span><span class=\"s2\">\u2212<\/span><span class=\"s1\"><i>\u00a0A European Story<\/i>, Cascais, 2000, pp. 165-187;<\/span><\/li><li class=\"p1\"><span class=\"s1\">Anota\u00e7\u00e3o ao Ac\u00f3rd\u00e3o do Tribunal de Primeira Inst\u00e2ncia das Comunidades Europeias de 17 de Junho de 1999, processo T-82\/89, ARAP e. a.\/Comiss\u00e3o, in<i>\u00a0Colect\u00e2nea Anotada de Jurisprud\u00eancia Comunit\u00e1ria (Os casos portugueses)<\/i>, Lisboa, 2000;<\/span><\/li><li class=\"p1\"><span class=\"s1\">\u201cA compet\u00eancia do Tribunal de Justi\u00e7a das Comunidades Europeias para fiscalizar a compatibilidade do direito nacional com a Conven\u00e7\u00e3o Europeia dos Direitos do Homem in Antunes Varela\u00a0<i>e.a.<\/i>\u00a0(edit.)\u00a0<i>Ab uno ad Omnes 75 anos da Coimbra Editora,<\/i>\u00a0Coimbra, 1998, pp. 1393-1440;<\/span><\/li><li class=\"p1\"><span class=\"s1\">\u201cJudgments of the Court of First Instance Delivered After Setting Aside and Reference Back\u201d; \u201cParallel Proceedings before the European Court of Justice and the Court of First Instance\u201d; \u201cAuthentic Languages, Publication and Entry into Force\u201d in Richard Plender (edit.),\u00a0<i>European Courts: Practice and Precedents<\/i>, Londres, 1997, pp. 900-905, 909-920, 952-954;<\/span><\/li><li class=\"p1\"><span class=\"s1\">Anota\u00e7\u00e3o ao Ac\u00f3rd\u00e3o do Tribunal de Justi\u00e7a das Comunidades Europeias de 27 de Junho de 1991, processo C-348\/89, Mecanarte in<i>\u00a0Colect\u00e2nea Anotada de Jurisprud\u00eancia Comunit\u00e1ria (Os casos portugueses)<\/i>, Lisboa, 1992, pp. 39-50;<\/span><\/li><li class=\"p1\"><span class=\"s1\">\u201cSepara\u00e7\u00e3o de Poderes\u201d in\u00a0<i>Polis \u2013 Enciclop\u00e9dia Verbo da Sociedade e do Estado<\/i>, vol. V, Lisboa\/S\u00e3o Paulo, 1987, pp. 682-714.<\/span><\/li><\/ul><p>\u00a0<\/p><p class=\"p1\"><strong>Papers in international journals<\/strong><\/p><ul><li class=\"p1\"><span class=\"s1\">\u201cFree Movement of European Union Citizens in Portugal\u201d (com Francisco Pereira Coutinho), in\u00a0<i>Revista del Ministerio de Empleo y Seguridad Social \u2013 Migraciones Internacionales<\/i>, n.\u00ba 110, 2014, pp. 197-219;<\/span><\/li><li class=\"p1\"><span class=\"s1\">\u201cO Direito \u00e0 Liberdade e \u00e0 Seguran\u00e7a na Carta dos Direitos Fundamentais da Uni\u00e3o Europeia: genealogia, \u00e2mbito de aplica\u00e7\u00e3o e desenvolvimentos jurisprudenciais\u201d, in\u00a0<i>Revista Mestrado em Direito \u2013 Direitos Humanos Fundamentais<\/i>, ano 13, n.\u00ba 1, 2013, pp. 67-90<\/span><\/li><li class=\"p1\"><span class=\"s1\">\u201cThe \u2018Europeanisation\u2019 of the Portuguese Courts\u201d (com Francisco Pereira Coutinho), in\u00a0<i>Silesian Journal of Legal Studies<\/i>, vol. 4, 2012, pp. 73-88, tamb\u00e9m publicado in\u00a0<i>Revista de Direito P\u00fablico<\/i>, n.\u00ba 5, 2011, pp. 157-181;<\/span><\/li><li class=\"p1\"><span class=\"s1\">\u201cPoderes e limites de actua\u00e7\u00e3o das comiss\u00f5es parlamentares de inqu\u00e9rito no direito brasileiro e no direito portugu\u00eas\u201d, in\u00a0<i>Juris Poiesis \u2013 Revista do Curso de Direito da Universidade Est\u00e1cio de S\u00e1<\/i>, ano 13.\u00ba, n.\u00ba 13, 2010, pp. 343-380;<\/span><\/li><li class=\"p1\"><span class=\"s1\">\u201cO Tratado de Lisboa em perspectiva constitucional\u201d, in\u00a0<i>Tribunal de Contas do Munic\u00edpio do Rio de Janeiro<\/i>, n.\u00ba 45, 2010, pp. 104-112;<\/span><\/li><li class=\"p1\"><span class=\"s1\">\u201cCoopera\u00e7\u00e3o internacional no combate ao terrorismo e tutela dos direitos fundamentais. O debate na jurisprud\u00eancia dos tribunais da Uni\u00e3o Europeia\u201d, in\u00a0<i>Revista Mestrado em Direito<\/i>\u00a0do Centro Universit\u00e1rio FIEO, ano 10, n.\u00ba 1, 2010, S. Paulo, Brasil, pp. 11-30;<\/span><\/li><li class=\"p1\"><span class=\"s1\">\u201cA liberdade de circula\u00e7\u00e3o dos advogados na Uni\u00e3o Europeia \u2013 Da metamorfose da regra do tratamento nacional \u00e0 extens\u00e3o a nacionais de pa\u00edses terceiros\u201d in\u00a0<i>Revista de Direito P\u00fablico da Economia RDPE<\/i>, ano 8, n.\u00ba 29, 2010, Belo Horizonte, Brasil, pp. 151-195;<\/span><\/li><li class=\"p1\"><span class=\"s1\">\u201cO Tratado de Lisboa e o princ\u00edpio do primado do direito da Uni\u00e3o Europ\u00e9ia: uma \u2018evolu\u00e7\u00e3o na continuidade\u2019\u201d (com Diogo Freitas do Amaral), in\u00a0<i>Revista Mestrado em Direito<\/i>\u00a0do Centro Universit\u00e1rio FIEO, ano 9, n.\u00ba 1, 2009, S. Paulo, Brasil, pp. 187-222;<\/span><\/li><li class=\"p1\"><span class=\"s1\">\u201cA proibi\u00e7\u00e3o constitucional de extraditar nacionais em face da Uni\u00e3o Europeia\u201d in\u00a0<i>Revista de Direito do Estado<\/i>, n.\u00ba 9, 2008, pp. 131-148;<\/span><\/li><li class=\"p1\"><span class=\"s1\">\u201cA evolu\u00e7\u00e3o do sistema de garantia da Constitui\u00e7\u00e3o em Cabo Verde\u201d, in\u00a0<i>Direito e Cidadania<\/i>, ano VII, n.\u00ba 22, Praia, Cabo Verde, 2005, pp. 211-248;<\/span><\/li><li class=\"p1\"><span class=\"s1\">\u201cA compet\u00eancia do Tribunal de Justi\u00e7a das Comunidades Europeias para fiscalizar a compatibilidade do direito dos Estados-Membros com a Conven\u00e7\u00e3o Europ\u00e9ia dos Direitos dos Homem\u201d, in\u00a0<i>Revista da Faculdade de Direito da Universidade Federal do Rio Grande do Sul<\/i>, vol. 12, 1996, pp. 212-236;<\/span><\/li><li class=\"p1\"><span class=\"s1\">\u201cY a-t-il des limites mat\u00e9rielles \u00e0 la r\u00e9vision des Trait\u00e9s instituant les Communaut\u00e9s europ\u00e9ennes?\u201d (com J. L. Cruz Vila\u00e7a) in\u00a0<i>Cahiers de Droit Europ\u00e9en<\/i>, 1993, pp. 1-37;<\/span><\/li><li class=\"p1\"><span class=\"s1\">\u201cLa Revisi\u00f3n de los Tratados Europeos\u201d (com J. L. Cruz Vila\u00e7a) in\u00a0<i>Revista de Derecho Politico<\/i>, 1992, pp. 455-466;<\/span><\/li><li class=\"p1\"><span class=\"s1\">\u201cDroit constitutionnel et Droit communautaire. Le cas portugais\u201d (com J. L. Cruz Vila\u00e7a e L. M. Pais Antunes) in\u00a0<i>Rivista di Diritto Europeo<\/i>, n.\u00ba 2, 1991, pp. 301-310.<\/span><\/li><\/ul><p>\u00a0<\/p><ul><li class=\"p1\"><span class=\"s1\"><b>Papers in national journals:<\/b><\/span><\/li><li class=\"p1\"><span class=\"s1\">\u201cNos 50 anos do ac\u00f3rd\u00e3o Van Gend en Loos. A g\u00e9nese dos princ\u00edpios do efeito direto e do primado do direito da Uni\u00e3o Europeia e o seu impacto constitucional\u201d, in\u00a0<i>Themis<\/i>, ano XIII, n.\u00bas 24\/25, pp. 101-121;<\/span><\/li><li class=\"p1\"><span class=\"s1\">\u201cArgui\u00e7\u00e3o da disserta\u00e7\u00e3o de doutoramento de Vera Eir\u00f3 sobre \u201cA Obriga\u00e7\u00e3o de Indemnizar das Entidades Adjudicantes. Fundamentos e Pressupostos\u201d, in\u00a0<i>Themis<\/i>, ano XII, n.\u00bas 22\/23, 2012, pp. 293-304;<\/span><\/li><li class=\"p1\"><span class=\"s1\">\u201cSobre a reparti\u00e7\u00e3o de compet\u00eancia no Tribunal de Justi\u00e7a da Uni\u00e3o Europeia\u201d, in\u00a0<i>Revista do Minist\u00e9rio P\u00fablico<\/i>, n.\u00ba 133, 2013, pp. 11-74;<\/span><\/li><li class=\"p1\"><span class=\"s1\">\u201cPrinc\u00edpio da separa\u00e7\u00e3o de poderes, parlamentarismo e governos minorit\u00e1rios na Constitui\u00e7\u00e3o de 76. A perspetiva jurisprudencial\u201d, in\u00a0<i>Themis<\/i>, ano XI, n.\u00bas 20\/21, 2011, pp. 111-159;<\/span><\/li><li class=\"p1\"><span class=\"s1\">\u201cRecurso de revis\u00e3o de que \u00abdecis\u00f5es inconcili\u00e1veis\u00bb com a Conven\u00e7\u00e3o Europeia dos Direitos do Homem?\u201d, in\u00a0<i>Cadernos de Justi\u00e7a Administrativa<\/i>, n.\u00ba 92, 2012, pp. 59-65;<\/span><\/li><li class=\"p1\"><span class=\"s1\">\u201cA jurisprud\u00eancia do Tribunal de Justi\u00e7a da Uni\u00e3o Europeia em mat\u00e9ria de jogos de fortuna ou azar: tend\u00eancias, tens\u00f5es e paradoxos\u201d, in\u00a0<i>Desporto &amp; Direito<\/i>, ano VIII, n.\u00ba 23, 2011, pp. 165-225, republicado em\u00a0<i>Dez Anos de Desporto &amp; Direito (2003 a 2013)<\/i>, Coimbra, 2013, pp. 219-280;<\/span><\/li><li class=\"p1\"><span class=\"s1\">\u201cPoderes e limites de actua\u00e7\u00e3o das comiss\u00f5es parlamentares de inqu\u00e9rito no Direito Brasileiro e no Direito Portugu\u00eas, in\u00a0<i>O Direito<\/i>, ano 134.\u00ba, II, 2011, pp. 231-266;<\/span><\/li><li class=\"p1\"><span class=\"s1\">\u201cDireito da Uni\u00e3o Europeia: o espa\u00e7o de liberdade, seguran\u00e7a e justi\u00e7a. Relat\u00f3rio com o programa, os conte\u00fados e os m\u00e9todos de ensino da cadeira\u201d, in\u00a0<i>Themis<\/i>, ano X, n.\u00ba 19, 2010, pp. 231-364;<\/span><\/li><li class=\"p1\"><span class=\"s1\">\u201cAs incid\u00eancias do direito da Uni\u00e3o Europeia sobre a organiza\u00e7\u00e3o e o exerc\u00edcio da fun\u00e7\u00e3o jurisdicional nos Estados-Membros\u201d, in\u00a0<i>Revista da Faculdade de Direito da Universidade do Porto<\/i>, ano VII, 2010, pp. 209-226;<\/span><\/li><li class=\"p1\"><span class=\"s1\">\u201cO Tratado de Lisboa e o espa\u00e7o de liberdade, seguran\u00e7a e justi\u00e7a\u201d in\u00a0<i>Cadernos O Direito<\/i>, n.\u00ba 5, 2010, pp. 245-269;<\/span><\/li><li class=\"p1\"><span class=\"s1\">\u201cO Tratado de Lisboa e o princ\u00edpio do primado do direito da Uni\u00e3o Europeia: uma \u2018evolu\u00e7\u00e3o na continuidade\u2019\u201d (com Diogo Freitas do Amaral) in\u00a0<i>Revista de Direito P\u00fablico<\/i>, n.\u00ba 1, 2009, pp. 9-56;<\/span><\/li><li class=\"p1\"><span class=\"s1\">\u201cA proibi\u00e7\u00e3o constitucional de extraditar nacionais em face da Uni\u00e3o Europeia\u201d in\u00a0<i>Revista do CEJ<\/i>, n.\u00ba 7, 2007, pp. 243-263;<\/span><\/li><li class=\"p1\"><span class=\"s1\">\u201cLiberdade, Seguran\u00e7a e Justi\u00e7a: valores fundamentais da Uni\u00e3o Europeia\u201d in\u00a0<i>Boletim da Ordem dos Advogados<\/i>, n.\u00ba 46 e n.\u00ba 47, 2007, pp. 87-92 e 94-99;<\/span><\/li><li class=\"p1\"><span class=\"s1\">\u201cA transposi\u00e7\u00e3o da decis\u00e3o-quadro relativa ao mandado de deten\u00e7\u00e3o europeu sob escrut\u00ednio dos ju\u00edzes constitucionais nacionais \u2013 Anota\u00e7\u00e3o aos Ac\u00f3rd\u00e3os do Tribunal Constitucional da Pol\u00f3nia, de 27 de Abril de 2005, e do Tribunal Constitucional Federal da Alemanha, de 18 de Julho de 2005\u201d in\u00a0<i>Jurisprud\u00eancia Constitucional<\/i>, n.\u00ba 8, 2005, pp. 64-101;<\/span><\/li><li class=\"p1\"><span class=\"s1\">\u201cO espa\u00e7o de liberdade, seguran\u00e7a e justi\u00e7a no Tratado que estabelece uma Constitui\u00e7\u00e3o para a Europa: simplifica\u00e7\u00e3o e aprofundamento\u201d in\u00a0<i>O Direito<\/i>, ano 137\u00ba, IV-V, 2005, pp. 967-1014;<\/span><\/li><li class=\"p1\"><span class=\"s1\">\u201cO espa\u00e7o de liberdade, seguran\u00e7a e justi\u00e7a ap\u00f3s a assinatura do Tratado que estabelece uma Constitui\u00e7\u00e3o para a Europa\u201d in\u00a0<i>Pol\u00edcia e Justi\u00e7a<\/i>, III S\u00e9rie, n.\u00ba 5, 2005, pp. 17-64;<\/span><\/li><li class=\"p1\"><span class=\"s1\">\u201cA evolu\u00e7\u00e3o da pol\u00edtica comum de vistos na Uni\u00e3o Europeia\u201d in\u00a0<i>Europa. Novas Fronteiras<\/i>, Revista do Centro de Informa\u00e7\u00e3o Europeia Jacques Delors, n.\u00ba 16, 2004, pp. 101-122;<\/span><\/li><li class=\"p1\"><span class=\"s1\">\u201cEm direc\u00e7\u00e3o a um procedimento comum de asilo\u201d in\u00a0<i>Th\u00e9mis<\/i>, Revista da Faculdade de Direito da UNL, ano II, n.\u00ba 3, 2001, pp. 281-293;<\/span><\/li><li class=\"p1\"><span class=\"s1\">\u201cO Tribunal de Justi\u00e7a das Comunidades Europeias e o novo espa\u00e7o de liberdade, de seguran\u00e7a e de justi\u00e7a\u201d in\u00a0<i>Th\u00e9mis<\/i>, Revista da Faculdade de Direito da UNL, ano I, n.\u00ba 1, 2000, pp. 81-125;<\/span><\/li><li class=\"p1\"><span class=\"s1\">\u00a0<\/span><span class=\"s1\">\u201cO modelo de integra\u00e7\u00e3o do acervo de Schengen na Uni\u00e3o Europeia: Coopera\u00e7\u00e3o refor\u00e7ada e \u00abordens de legislar ao Conselho\u00bb in\u00a0<i>Legisla\u00e7\u00e3o\u00a0<\/i><\/span><span class=\"s2\">\u2212<\/span><span class=\"s1\"><i>\u00a0Cadernos de Ci\u00eancia da Legisla\u00e7\u00e3o<\/i>, n.\u00ba 23, 1998, pp. 23-56;<\/span><\/li><li class=\"p1\"><span class=\"s1\">\u201cFundo Social Europeu. Reparti\u00e7\u00e3o de compet\u00eancias entre a Comiss\u00e3o e o DAFSE\u00a0<\/span><span class=\"s2\">\u2212<\/span><span class=\"s1\">\u00a0Anota\u00e7\u00e3o ao ac\u00f3rd\u00e3o do Supremo Tribunal Administrativo de 3.6.1998 P. 37942, in\u00a0<i>Cadernos de Justi\u00e7a Administrativa<\/i>, n.\u00ba 10, 1998, pp. 16-20;<\/span><\/li><li class=\"p1\"><span class=\"s1\">\u201cCidadania Europeia, Direito Comunit\u00e1rio e Direito Nacional\u201d in\u00a0<i>O Direito<\/i>, ano 126.\u00ba, III-IV, 1994, pp. 185-207 e 499-529;<\/span><\/li><li class=\"p1\"><span class=\"s1\">\u201cExtens\u00e3o e limites dos poderes de investiga\u00e7\u00e3o pr\u00f3prios das autoridades judiciais atribu\u00eddos, nos termos do artigo 181\u00ba, n.\u00ba 5, da Constitui\u00e7\u00e3o da Rep\u00fablica Portuguesa, \u00e0s comiss\u00f5es parlamentares de inqu\u00e9rito\u201d in\u00a0<i>Scientia Juridica<\/i>, 1993, pp. 193-229;<\/span><\/li><li class=\"p1\"><span class=\"s1\">\u201cA Reserva de Administra\u00e7\u00e3o\u201d in\u00a0<i>O Direito<\/i>, ano 122.\u00ba, II, III-IV, 1990, pp. 325-353 e 571-601.<\/span><\/li><\/ul><p>\u00a0<\/p><p><strong>Communications in minutes of scientific meetings:<\/strong><\/p><ul><li class=\"p1\"><span class=\"s1\">\u201cO combate ao tr\u00e1fico de seres humanos na perspectiva da Uni\u00e3o Europeia\u201d, in\u00a0<i>Tr\u00e1fico Desumano. Livro de Actas<\/i>, Colec\u00e7\u00e3o de Direitos Humanos e Cidadania, Cadernos de Administra\u00e7\u00e3o Interna, Lisboa, 2011, pp. 99-103.<\/span><\/li><li class=\"p1\"><span class=\"s1\">\u201cLiberdade, seguran\u00e7a e coopera\u00e7\u00e3o internacional no combate ao terrorismo. O debate na jurisprud\u00eancia dos tribunais da Uni\u00e3o Europeia\u201d in\u00a0<i>Liberdade e Seguran\u00e7a. Confer\u00eancia<\/i>; Lisboa, 2009, pp. 103-113;<\/span><\/li><li class=\"p1\"><span class=\"s1\">\u201cO Tratado de Roma e as Fronteiras dos Estados-Membros da Uni\u00e3o Europeia\u201d in Marta Tavares de Almeida e Nuno Pi\u00e7arra (org.),\u00a0<i>50 Anos do Tratado de Roma<\/i>, Lisboa, 2008, pp. 199-234;<\/span><\/li><li class=\"p1\"><span class=\"s1\">\u201cA Europeiza\u00e7\u00e3o dos Tribunais Portugueses\u201d (com Francisco Pereira Coutinho), Instituto Portugu\u00eas de Rela\u00e7\u00f5es Internacionais da UNL,\u00a0<i>Working Paper<\/i>\u00a0n.\u00ba 18, 2006, 24 pp;<\/span><\/li><li class=\"p1\"><span class=\"s1\">\u201cLiberdade, seguran\u00e7a e justi\u00e7a como fundamentos da cidadania europeia\u201d in\u00a0<i>Confer\u00eancia A Defesa e a Seguran\u00e7a dos Cidad\u00e3os na UE do S\u00e9culo XXI<\/i>, Lisboa, 2006, pp. 63-69;<\/span><\/li><li class=\"p1\"><span class=\"s1\">\u201cAs revis\u00f5es constitucionais em mat\u00e9ria de extradi\u00e7\u00e3o. A influ\u00eancia da Uni\u00e3o Europeia\u201d in\u00a0<i>Themis<\/i>, Edi\u00e7\u00e3o Especial:\u00a0<i>30 Anos da Constitui\u00e7\u00e3o Portuguesa 1976-2006<\/i>, Lisboa, 2006, pp. 217-241;<\/span><\/li><li class=\"p1\"><span class=\"s1\">\u201cLe d\u00e9veloppement d\u2019une politique commune en mati\u00e8re d\u2019asile\u201d in Constan\u00e7a Urbano de Sousa e Philippe de Bruycker (org.),\u00a0<i>L\u2019\u00c9mergence d\u2019une Politique Europ\u00e9enne d\u2019Asile<\/i>, Bruxelas, 2004, pp. 15-21;<\/span><\/li><li class=\"p1\"><span class=\"s1\">\u201cA fiscaliza\u00e7\u00e3o do cumprimento das obriga\u00e7\u00f5es assumidas pelos Estados-Membros no espa\u00e7o europeu de justi\u00e7a\u201d in\u00a0<i>Portugal e a Constitui\u00e7\u00e3o Europeia \u2500 Congresso Portugal e o Futuro da Europa<\/i>,\u00a0<i>Estrat\u00e9gia<\/i>, Revista do Instituto de Estudos Estrat\u00e9gicos e Internacionais, n.\u00ba 18-19, Lisboa, 2003, pp. 87-95;<\/span><\/li><li class=\"p1\"><span class=\"s1\">\u201cSobre o procedimento comum de asilo\u201d, in\u00a0<i>Em direc\u00e7\u00e3o a um Sistema Comum Europeu de Asilo \u2013 Confer\u00eancia Europeia sobre Asilo<\/i>, Lisboa, 2001, pp. 135-143;<\/span><\/li><li class=\"p1\"><span class=\"s1\">\u201cO Tratado de Amesterd\u00e3o e as novas compet\u00eancias do Tribunal de Justi\u00e7a das Comunidades Europeias\u201d,\u00a0<i>FDUNL \u2013 Working Papers<\/i>, WP 1\/2001;<\/span><\/li><li class=\"p1\"><span class=\"s1\">\u201cA integra\u00e7\u00e3o de Schengen na Uni\u00e3o Europeia\u201d (tamb\u00e9m em vers\u00e3o inglesa) in\u00a0<i>Os direitos dos cidad\u00e3os face aos sistemas de informa\u00e7\u00e3o policial\/The rights of the individual vis-\u00e0-vis police information systems<\/i>, Col\u00f3quio organizado pela Autoridade de Controlo Comum de Schengen, Lisboa, 1998, pp. 29-46;<\/span><\/li><li class=\"p1\"><span class=\"s1\">\u201cLa mise en oeuvre du protocole int\u00e9grant l\u2019acquis de Schengen dans le cadre de l\u2019Union europ\u00e9enne: r\u00e8gles et proc\u00e9dures\u201d in Monica den Boer (edit.)\u00a0<i>Schengen\u2019s Final Days? The Incorporation of Schengen into the New TEU, External Borders and Information Systems<\/i>, Maastricht, 1998, pp. 25-57;<\/span><\/li><li class=\"p1\"><span class=\"s1\">\u201cO Juiz Comunit\u00e1rio perante os novos desafios em mat\u00e9ria de protec\u00e7\u00e3o dos direitos fundamentais na Uni\u00e3o Europeia\u201d in\u00a0<i>Direitos Humanos: a promessa do s\u00e9culo XXI<\/i>, Porto, 1997, pp. 91-99;<\/span><\/li><li class=\"p1\"><span class=\"s1\">\u201cDie Einfl\u00fcsse des deutschen Verfassungsrechts auf das portugiesische Verfassungsrecht\u201d in Erik Jayme (edit.) 2.\u00a0<i>Deutsch-Lusitanische Rechtstage<\/i>, Baden-Baden, 1994, pp. 55-70;<\/span><\/li><li class=\"p1\"><span class=\"s1\">\u201cParlamento Europeu: G\u00e9nese e Evolu\u00e7\u00e3o\u201d in\u00a0<i>Parlamento Europeu. Porqu\u00ea Votar?<\/i>, III F\u00f3rum Eleitoral da Comiss\u00e3o Nacional de Elei\u00e7\u00f5es, Lisboa, 1994, pp. 15-41;<\/span><\/li><\/ul><p class=\"p1\"><span class=\"s1\">\u201cA Separa\u00e7\u00e3o dos Poderes na Constitui\u00e7\u00e3o de 1976. Alguns Aspectos\u201d in Jorge Miranda (edit.),\u00a0<i>Nos Dez Anos da Constitui\u00e7\u00e3o<\/i>, Lisboa, 1987, pp. 143-174.<\/span><\/p>\t\t\t\t\t\t<\/div>\n\t\t\t\t<\/div>\n\t\t\t\t<div class=\"elementor-element elementor-element-c23c9bd tabs-novalaw elementor-widget elementor-widget-text-editor\" data-id=\"c23c9bd\" data-element_type=\"widget\" id=\"investigacao\" data-widget_type=\"text-editor.default\">\n\t\t\t\t<div class=\"elementor-widget-container\">\n\t\t\t\t\t\t\t<ul><li><span class=\"s1\">Constitutional Law<\/span><\/li><li class=\"p1\"><span class=\"s1\">European Law<\/span><\/li><\/ul>\t\t\t\t\t\t<\/div>\n\t\t\t\t<\/div>\n\t\t\t\t\t<\/div>\n\t\t<\/div>\n\t\t\t\t\t\t\t<\/div>\n\t\t<\/section>\n\t\t\t\t<section class=\"elementor-section elementor-top-section elementor-element elementor-element-329fc4b elementor-section-boxed elementor-section-height-default elementor-section-height-default\" data-id=\"329fc4b\" data-element_type=\"section\">\n\t\t\t\t\t\t<div class=\"elementor-container elementor-column-gap-default\">\n\t\t\t\t\t<div class=\"elementor-column elementor-col-100 elementor-top-column elementor-element elementor-element-011f44e\" data-id=\"011f44e\" data-element_type=\"column\" data-settings=\"{&quot;background_background&quot;:&quot;classic&quot;}\">\n\t\t\t<div class=\"elementor-widget-wrap elementor-element-populated\">\n\t\t\t\t\t\t\t\t<section class=\"elementor-section elementor-inner-section elementor-element elementor-element-c3bf5fe elementor-section-boxed elementor-section-height-default elementor-section-height-default\" data-id=\"c3bf5fe\" data-element_type=\"section\">\n\t\t\t\t\t\t<div class=\"elementor-container elementor-column-gap-default\">\n\t\t\t\t\t<div class=\"elementor-column elementor-col-50 elementor-inner-column elementor-element elementor-element-d9c86c3\" data-id=\"d9c86c3\" data-element_type=\"column\">\n\t\t\t<div class=\"elementor-widget-wrap elementor-element-populated\">\n\t\t\t\t\t\t\t\t<div class=\"elementor-element elementor-element-c8c215a elementor-widget elementor-widget-text-editor\" data-id=\"c8c215a\" data-element_type=\"widget\" data-widget_type=\"text-editor.default\">\n\t\t\t\t<div class=\"elementor-widget-container\">\n\t\t\t\t\t\t\t\t\t\t\t\t\t<\/div>\n\t\t\t\t<\/div>\n\t\t\t\t\t<\/div>\n\t\t<\/div>\n\t\t\t\t<div class=\"elementor-column elementor-col-50 elementor-inner-column elementor-element elementor-element-d804079\" data-id=\"d804079\" data-element_type=\"column\">\n\t\t\t<div class=\"elementor-widget-wrap elementor-element-populated\">\n\t\t\t\t\t\t\t\t<div class=\"elementor-element elementor-element-f3c8dfc elementor-widget elementor-widget-text-editor\" data-id=\"f3c8dfc\" data-element_type=\"widget\" data-widget_type=\"text-editor.default\">\n\t\t\t\t<div class=\"elementor-widget-container\">\n\t\t\t\t\t\t\t<p><a href=\"https:\/\/novaresearch.unl.pt\/en\/persons\/nuno-pi%C3%A7arra\"><strong>NOVA Research Portal<\/strong><\/a><br \/><a href=\"https:\/\/www.linkedin.com\/in\/nuno-pi%C3%A7arra-91514664\/\"><strong>Linkedin<\/strong><\/a><\/p>\t\t\t\t\t\t<\/div>\n\t\t\t\t<\/div>\n\t\t\t\t\t<\/div>\n\t\t<\/div>\n\t\t\t\t\t\t\t<\/div>\n\t\t<\/section>\n\t\t\t\t\t<\/div>\n\t\t<\/div>\n\t\t\t\t\t\t\t<\/div>\n\t\t<\/section>\n\t\t\t\t<section class=\"elementor-section elementor-top-section elementor-element elementor-element-1e12307e elementor-section-height-min-height elementor-section-boxed elementor-section-height-default elementor-section-items-middle\" data-id=\"1e12307e\" data-element_type=\"section\">\n\t\t\t\t\t\t<div class=\"elementor-container elementor-column-gap-default\">\n\t\t\t\t\t<div class=\"elementor-column elementor-col-100 elementor-top-column elementor-element elementor-element-3bdcaae6\" data-id=\"3bdcaae6\" data-element_type=\"column\">\n\t\t\t<div class=\"elementor-widget-wrap\">\n\t\t\t\t\t\t\t\t\t<\/div>\n\t\t<\/div>\n\t\t\t\t\t\t\t<\/div>\n\t\t<\/section>\n\t\t\t\t\t\t<\/div>\n\t\t\t\t\t<\/div>\n\t\t","protected":false},"excerpt":{"rendered":"<p>Nuno Pi\u00e7arra Associate Professor np@novalaw.unl.pt Biographical Note | Pedagogical Experience | Main Publications | Research Areas Nuno Pi\u00e7arra graduated in Law from Lisbon University on November 5, 1980, with a final average of 16\/20; Master in Law from Lisbon University on March 11, 1986, with a dissertation in the field of Constitutional Law classified as &hellip;<\/p>\n<p class=\"read-more\"> <a class=\"\" href=\"https:\/\/novalaw.unl.pt\/en\/nuno-picarra\/\"> <span class=\"screen-reader-text\">Nuno Pi\u00e7arra<\/span> Read More &raquo;<\/a><\/p>\n","protected":false},"author":2,"featured_media":0,"parent":0,"menu_order":106,"comment_status":"closed","ping_status":"closed","template":"","meta":{"footnotes":""},"categories":[],"tags":[],"class_list":["post-7795","page","type-page","status-publish","hentry"],"yoast_head":"<!-- This site is optimized with the Yoast SEO Premium plugin v27.4 (Yoast SEO v27.4) - https:\/\/yoast.com\/product\/yoast-seo-premium-wordpress\/ -->\n<title>Nuno Pi\u00e7arra - NOVA School of Law | Faculdade de Direito da Universidade NOVA de Lisboa<\/title>\n<meta name=\"robots\" content=\"index, follow, max-snippet:-1, max-image-preview:large, max-video-preview:-1\" \/>\n<link rel=\"canonical\" href=\"https:\/\/novalaw.unl.pt\/en\/nuno-picarra\/\" \/>\n<meta property=\"og:locale\" content=\"en_US\" \/>\n<meta property=\"og:type\" content=\"article\" \/>\n<meta property=\"og:title\" content=\"Nuno Pi\u00e7arra\" \/>\n<meta property=\"og:description\" content=\"Nuno Pi\u00e7arra Associate Professor np@novalaw.unl.pt Biographical Note | Pedagogical Experience | Main Publications | Research Areas Nuno Pi\u00e7arra graduated in Law from Lisbon University on November 5, 1980, with a final average of 16\/20; Master in Law from Lisbon University on March 11, 1986, with a dissertation in the field of Constitutional Law classified as &hellip; Nuno Pi\u00e7arra Read More &raquo;\" \/>\n<meta property=\"og:url\" content=\"https:\/\/novalaw.unl.pt\/en\/nuno-picarra\/\" \/>\n<meta property=\"og:site_name\" content=\"NOVA School of Law | Faculdade de Direito da Universidade NOVA de Lisboa\" \/>\n<meta property=\"article:modified_time\" content=\"2022-04-08T16:21:30+00:00\" \/>\n<meta property=\"og:image\" content=\"https:\/\/novalaw.unl.pt\/wp-content\/uploads\/2021\/08\/SITE_docentes-residentes-NUNO-PICARRA.jpg\" \/>\n<meta name=\"twitter:card\" content=\"summary_large_image\" \/>\n<meta name=\"twitter:label1\" content=\"Est. reading time\" \/>\n\t<meta name=\"twitter:data1\" content=\"16 minutes\" \/>\n<script type=\"application\/ld+json\" class=\"yoast-schema-graph\">{\"@context\":\"https:\\\/\\\/schema.org\",\"@graph\":[{\"@type\":\"WebPage\",\"@id\":\"https:\\\/\\\/novalaw.unl.pt\\\/en\\\/nuno-picarra\\\/\",\"url\":\"https:\\\/\\\/novalaw.unl.pt\\\/en\\\/nuno-picarra\\\/\",\"name\":\"Nuno Pi\u00e7arra - NOVA School of Law | Faculdade de Direito da Universidade NOVA de Lisboa\",\"isPartOf\":{\"@id\":\"https:\\\/\\\/novalaw.unl.pt\\\/#website\"},\"primaryImageOfPage\":{\"@id\":\"https:\\\/\\\/novalaw.unl.pt\\\/en\\\/nuno-picarra\\\/#primaryimage\"},\"image\":{\"@id\":\"https:\\\/\\\/novalaw.unl.pt\\\/en\\\/nuno-picarra\\\/#primaryimage\"},\"thumbnailUrl\":\"https:\\\/\\\/novalaw.unl.pt\\\/wp-content\\\/uploads\\\/2021\\\/08\\\/SITE_docentes-residentes-NUNO-PICARRA.jpg\",\"datePublished\":\"2021-10-01T11:08:02+00:00\",\"dateModified\":\"2022-04-08T16:21:30+00:00\",\"breadcrumb\":{\"@id\":\"https:\\\/\\\/novalaw.unl.pt\\\/en\\\/nuno-picarra\\\/#breadcrumb\"},\"inLanguage\":\"en-US\",\"potentialAction\":[{\"@type\":\"ReadAction\",\"target\":[\"https:\\\/\\\/novalaw.unl.pt\\\/en\\\/nuno-picarra\\\/\"]}]},{\"@type\":\"ImageObject\",\"inLanguage\":\"en-US\",\"@id\":\"https:\\\/\\\/novalaw.unl.pt\\\/en\\\/nuno-picarra\\\/#primaryimage\",\"url\":\"https:\\\/\\\/novalaw.unl.pt\\\/wp-content\\\/uploads\\\/2021\\\/08\\\/SITE_docentes-residentes-NUNO-PICARRA.jpg\",\"contentUrl\":\"https:\\\/\\\/novalaw.unl.pt\\\/wp-content\\\/uploads\\\/2021\\\/08\\\/SITE_docentes-residentes-NUNO-PICARRA.jpg\"},{\"@type\":\"BreadcrumbList\",\"@id\":\"https:\\\/\\\/novalaw.unl.pt\\\/en\\\/nuno-picarra\\\/#breadcrumb\",\"itemListElement\":[{\"@type\":\"ListItem\",\"position\":1,\"name\":\"Home\",\"item\":\"https:\\\/\\\/novalaw.unl.pt\\\/en\\\/\"},{\"@type\":\"ListItem\",\"position\":2,\"name\":\"Nuno Pi\u00e7arra\"}]},{\"@type\":\"WebSite\",\"@id\":\"https:\\\/\\\/novalaw.unl.pt\\\/#website\",\"url\":\"https:\\\/\\\/novalaw.unl.pt\\\/\",\"name\":\"NOVA School of Law | Faculdade de Direito da Universidade NOVA de Lisboa\",\"description\":\"NOVA School Of Law\",\"publisher\":{\"@id\":\"https:\\\/\\\/novalaw.unl.pt\\\/#organization\"},\"potentialAction\":[{\"@type\":\"SearchAction\",\"target\":{\"@type\":\"EntryPoint\",\"urlTemplate\":\"https:\\\/\\\/novalaw.unl.pt\\\/?s={search_term_string}\"},\"query-input\":{\"@type\":\"PropertyValueSpecification\",\"valueRequired\":true,\"valueName\":\"search_term_string\"}}],\"inLanguage\":\"en-US\"},{\"@type\":\"Organization\",\"@id\":\"https:\\\/\\\/novalaw.unl.pt\\\/#organization\",\"name\":\"NOVA School of Law\",\"url\":\"https:\\\/\\\/novalaw.unl.pt\\\/\",\"logo\":{\"@type\":\"ImageObject\",\"inLanguage\":\"en-US\",\"@id\":\"https:\\\/\\\/novalaw.unl.pt\\\/#\\\/schema\\\/logo\\\/image\\\/\",\"url\":\"https:\\\/\\\/novalaw.unl.pt\\\/wp-content\\\/uploads\\\/2021\\\/02\\\/logo-novalaw.svg\",\"contentUrl\":\"https:\\\/\\\/novalaw.unl.pt\\\/wp-content\\\/uploads\\\/2021\\\/02\\\/logo-novalaw.svg\",\"width\":991,\"height\":424,\"caption\":\"NOVA School of Law\"},\"image\":{\"@id\":\"https:\\\/\\\/novalaw.unl.pt\\\/#\\\/schema\\\/logo\\\/image\\\/\"}}]}<\/script>\n<!-- \/ Yoast SEO Premium plugin. -->","yoast_head_json":{"title":"Nuno Pi\u00e7arra - NOVA School of Law | Faculdade de Direito da Universidade NOVA de Lisboa","robots":{"index":"index","follow":"follow","max-snippet":"max-snippet:-1","max-image-preview":"max-image-preview:large","max-video-preview":"max-video-preview:-1"},"canonical":"https:\/\/novalaw.unl.pt\/en\/nuno-picarra\/","og_locale":"en_US","og_type":"article","og_title":"Nuno Pi\u00e7arra","og_description":"Nuno Pi\u00e7arra Associate Professor np@novalaw.unl.pt Biographical Note | Pedagogical Experience | Main Publications | Research Areas Nuno Pi\u00e7arra graduated in Law from Lisbon University on November 5, 1980, with a final average of 16\/20; Master in Law from Lisbon University on March 11, 1986, with a dissertation in the field of Constitutional Law classified as &hellip; Nuno Pi\u00e7arra Read More &raquo;","og_url":"https:\/\/novalaw.unl.pt\/en\/nuno-picarra\/","og_site_name":"NOVA School of Law | Faculdade de Direito da Universidade NOVA de Lisboa","article_modified_time":"2022-04-08T16:21:30+00:00","og_image":[{"url":"https:\/\/novalaw.unl.pt\/wp-content\/uploads\/2021\/08\/SITE_docentes-residentes-NUNO-PICARRA.jpg","type":"","width":"","height":""}],"twitter_card":"summary_large_image","twitter_misc":{"Est. reading time":"16 minutes"},"schema":{"@context":"https:\/\/schema.org","@graph":[{"@type":"WebPage","@id":"https:\/\/novalaw.unl.pt\/en\/nuno-picarra\/","url":"https:\/\/novalaw.unl.pt\/en\/nuno-picarra\/","name":"Nuno Pi\u00e7arra - NOVA School of Law | Faculdade de Direito da Universidade NOVA de Lisboa","isPartOf":{"@id":"https:\/\/novalaw.unl.pt\/#website"},"primaryImageOfPage":{"@id":"https:\/\/novalaw.unl.pt\/en\/nuno-picarra\/#primaryimage"},"image":{"@id":"https:\/\/novalaw.unl.pt\/en\/nuno-picarra\/#primaryimage"},"thumbnailUrl":"https:\/\/novalaw.unl.pt\/wp-content\/uploads\/2021\/08\/SITE_docentes-residentes-NUNO-PICARRA.jpg","datePublished":"2021-10-01T11:08:02+00:00","dateModified":"2022-04-08T16:21:30+00:00","breadcrumb":{"@id":"https:\/\/novalaw.unl.pt\/en\/nuno-picarra\/#breadcrumb"},"inLanguage":"en-US","potentialAction":[{"@type":"ReadAction","target":["https:\/\/novalaw.unl.pt\/en\/nuno-picarra\/"]}]},{"@type":"ImageObject","inLanguage":"en-US","@id":"https:\/\/novalaw.unl.pt\/en\/nuno-picarra\/#primaryimage","url":"https:\/\/novalaw.unl.pt\/wp-content\/uploads\/2021\/08\/SITE_docentes-residentes-NUNO-PICARRA.jpg","contentUrl":"https:\/\/novalaw.unl.pt\/wp-content\/uploads\/2021\/08\/SITE_docentes-residentes-NUNO-PICARRA.jpg"},{"@type":"BreadcrumbList","@id":"https:\/\/novalaw.unl.pt\/en\/nuno-picarra\/#breadcrumb","itemListElement":[{"@type":"ListItem","position":1,"name":"Home","item":"https:\/\/novalaw.unl.pt\/en\/"},{"@type":"ListItem","position":2,"name":"Nuno Pi\u00e7arra"}]},{"@type":"WebSite","@id":"https:\/\/novalaw.unl.pt\/#website","url":"https:\/\/novalaw.unl.pt\/","name":"NOVA School of Law | Faculdade de Direito da Universidade NOVA de Lisboa","description":"NOVA School Of Law","publisher":{"@id":"https:\/\/novalaw.unl.pt\/#organization"},"potentialAction":[{"@type":"SearchAction","target":{"@type":"EntryPoint","urlTemplate":"https:\/\/novalaw.unl.pt\/?s={search_term_string}"},"query-input":{"@type":"PropertyValueSpecification","valueRequired":true,"valueName":"search_term_string"}}],"inLanguage":"en-US"},{"@type":"Organization","@id":"https:\/\/novalaw.unl.pt\/#organization","name":"NOVA School of Law","url":"https:\/\/novalaw.unl.pt\/","logo":{"@type":"ImageObject","inLanguage":"en-US","@id":"https:\/\/novalaw.unl.pt\/#\/schema\/logo\/image\/","url":"https:\/\/novalaw.unl.pt\/wp-content\/uploads\/2021\/02\/logo-novalaw.svg","contentUrl":"https:\/\/novalaw.unl.pt\/wp-content\/uploads\/2021\/02\/logo-novalaw.svg","width":991,"height":424,"caption":"NOVA School of Law"},"image":{"@id":"https:\/\/novalaw.unl.pt\/#\/schema\/logo\/image\/"}}]}},"novalaw_begin_date":"","novalaw_begin_date_en":"","novalaw_text":"","novalaw_tag":"","novalaw_tag_en":"","novalaw_link":"","novalaw_link_en":"","novalaw_end_date":"","novalaw_end_date_en":"","novalaw_date":"","novalaw_em_destaque":"","novalaw_tag_src":"","lang":"","_links":{"self":[{"href":"https:\/\/novalaw.unl.pt\/en\/wp-json\/wp\/v2\/pages\/7795","targetHints":{"allow":["GET"]}}],"collection":[{"href":"https:\/\/novalaw.unl.pt\/en\/wp-json\/wp\/v2\/pages"}],"about":[{"href":"https:\/\/novalaw.unl.pt\/en\/wp-json\/wp\/v2\/types\/page"}],"author":[{"embeddable":true,"href":"https:\/\/novalaw.unl.pt\/en\/wp-json\/wp\/v2\/users\/2"}],"replies":[{"embeddable":true,"href":"https:\/\/novalaw.unl.pt\/en\/wp-json\/wp\/v2\/comments?post=7795"}],"version-history":[{"count":7,"href":"https:\/\/novalaw.unl.pt\/en\/wp-json\/wp\/v2\/pages\/7795\/revisions"}],"predecessor-version":[{"id":13856,"href":"https:\/\/novalaw.unl.pt\/en\/wp-json\/wp\/v2\/pages\/7795\/revisions\/13856"}],"wp:attachment":[{"href":"https:\/\/novalaw.unl.pt\/en\/wp-json\/wp\/v2\/media?parent=7795"}],"wp:term":[{"taxonomy":"category","embeddable":true,"href":"https:\/\/novalaw.unl.pt\/en\/wp-json\/wp\/v2\/categories?post=7795"},{"taxonomy":"post_tag","embeddable":true,"href":"https:\/\/novalaw.unl.pt\/en\/wp-json\/wp\/v2\/tags?post=7795"}],"curies":[{"name":"wp","href":"https:\/\/api.w.org\/{rel}","templated":true}]}}