{"id":78280,"date":"2024-06-03T11:05:19","date_gmt":"2024-06-03T11:05:19","guid":{"rendered":"https:\/\/novalaw.unl.pt\/?page_id=78280"},"modified":"2024-10-03T15:53:17","modified_gmt":"2024-10-03T15:53:17","slug":"nova-school-of-law-career-days-2024","status":"publish","type":"page","link":"https:\/\/novalaw.unl.pt\/en\/nova-school-of-law-career-days-2024\/","title":{"rendered":"NOVA School of Law Career Day 2024"},"content":{"rendered":"\t\t<div data-elementor-type=\"wp-page\" data-elementor-id=\"78280\" class=\"elementor elementor-78280\" data-elementor-settings=\"[]\">\n\t\t\t\t\t\t\t<div class=\"elementor-section-wrap\">\n\t\t\t\t\t\t\t<section class=\"elementor-section elementor-top-section elementor-element elementor-element-3ee97db4 elementor-section-boxed elementor-section-height-default elementor-section-height-default\" data-id=\"3ee97db4\" data-element_type=\"section\">\n\t\t\t\t\t\t<div class=\"elementor-container elementor-column-gap-default\">\n\t\t\t\t\t<div class=\"elementor-column elementor-col-100 elementor-top-column elementor-element elementor-element-3adb4d6f\" data-id=\"3adb4d6f\" data-element_type=\"column\">\n\t\t\t<div class=\"elementor-widget-wrap elementor-element-populated\">\n\t\t\t\t\t\t\t\t<div class=\"elementor-element elementor-element-53ded05e elementor-hidden-mobile elementor-hidden-tablet elementor-widget elementor-widget-image\" data-id=\"53ded05e\" data-element_type=\"widget\" data-widget_type=\"image.default\">\n\t\t\t\t<div class=\"elementor-widget-container\">\n\t\t\t\t\t\t\t\t\t\t\t\t\t\t\t<img loading=\"lazy\" decoding=\"async\" width=\"2560\" height=\"600\" src=\"https:\/\/novalaw.unl.pt\/wp-content\/uploads\/2024\/09\/CARREIRAS_CAREERDAYS_OUTUBRO2024_desktop_Eng-scaled.jpg\" class=\"attachment-full size-full\" alt=\"\" srcset=\"https:\/\/novalaw.unl.pt\/wp-content\/uploads\/2024\/09\/CARREIRAS_CAREERDAYS_OUTUBRO2024_desktop_Eng-scaled.jpg 2560w, https:\/\/novalaw.unl.pt\/wp-content\/uploads\/2024\/09\/CARREIRAS_CAREERDAYS_OUTUBRO2024_desktop_Eng-300x70.jpg 300w, https:\/\/novalaw.unl.pt\/wp-content\/uploads\/2024\/09\/CARREIRAS_CAREERDAYS_OUTUBRO2024_desktop_Eng-1024x240.jpg 1024w, https:\/\/novalaw.unl.pt\/wp-content\/uploads\/2024\/09\/CARREIRAS_CAREERDAYS_OUTUBRO2024_desktop_Eng-768x180.jpg 768w, https:\/\/novalaw.unl.pt\/wp-content\/uploads\/2024\/09\/CARREIRAS_CAREERDAYS_OUTUBRO2024_desktop_Eng-1536x360.jpg 1536w, https:\/\/novalaw.unl.pt\/wp-content\/uploads\/2024\/09\/CARREIRAS_CAREERDAYS_OUTUBRO2024_desktop_Eng-2048x480.jpg 2048w\" sizes=\"auto, (max-width: 2560px) 100vw, 2560px\" \/>\t\t\t\t\t\t\t\t\t\t\t\t\t\t\t<\/div>\n\t\t\t\t<\/div>\n\t\t\t\t<div class=\"elementor-element elementor-element-495abb02 elementor-hidden-desktop elementor-hidden-laptop elementor-widget elementor-widget-image\" data-id=\"495abb02\" data-element_type=\"widget\" data-widget_type=\"image.default\">\n\t\t\t\t<div class=\"elementor-widget-container\">\n\t\t\t\t\t\t\t\t\t\t\t\t\t\t\t<img loading=\"lazy\" decoding=\"async\" width=\"1500\" height=\"1042\" src=\"https:\/\/novalaw.unl.pt\/wp-content\/uploads\/2024\/09\/CARREIRAS_CAREERDAYS_OUTUBRO2024_mobile_Eng.jpg\" class=\"attachment-full size-full\" alt=\"\" srcset=\"https:\/\/novalaw.unl.pt\/wp-content\/uploads\/2024\/09\/CARREIRAS_CAREERDAYS_OUTUBRO2024_mobile_Eng.jpg 1500w, https:\/\/novalaw.unl.pt\/wp-content\/uploads\/2024\/09\/CARREIRAS_CAREERDAYS_OUTUBRO2024_mobile_Eng-300x208.jpg 300w, https:\/\/novalaw.unl.pt\/wp-content\/uploads\/2024\/09\/CARREIRAS_CAREERDAYS_OUTUBRO2024_mobile_Eng-1024x711.jpg 1024w, https:\/\/novalaw.unl.pt\/wp-content\/uploads\/2024\/09\/CARREIRAS_CAREERDAYS_OUTUBRO2024_mobile_Eng-768x534.jpg 768w\" sizes=\"auto, (max-width: 1500px) 100vw, 1500px\" \/>\t\t\t\t\t\t\t\t\t\t\t\t\t\t\t<\/div>\n\t\t\t\t<\/div>\n\t\t\t\t\t<\/div>\n\t\t<\/div>\n\t\t\t\t\t\t\t<\/div>\n\t\t<\/section>\n\t\t\t\t<section class=\"elementor-section elementor-top-section elementor-element elementor-element-2e40c0e3 elementor-section-boxed elementor-section-height-default elementor-section-height-default\" data-id=\"2e40c0e3\" data-element_type=\"section\">\n\t\t\t\t\t\t<div class=\"elementor-container elementor-column-gap-default\">\n\t\t\t\t\t<div class=\"elementor-column elementor-col-100 elementor-top-column elementor-element elementor-element-24dfc6d0\" data-id=\"24dfc6d0\" data-element_type=\"column\">\n\t\t\t<div class=\"elementor-widget-wrap elementor-element-populated\">\n\t\t\t\t\t\t\t\t<div class=\"elementor-element elementor-element-c6e4e10 elementor-widget elementor-widget-heading\" data-id=\"c6e4e10\" data-element_type=\"widget\" data-widget_type=\"heading.default\">\n\t\t\t\t<div class=\"elementor-widget-container\">\n\t\t\t<h1 class=\"elementor-heading-title elementor-size-default\">NOVA School of Law Career Day<\/h1>\t\t<\/div>\n\t\t\t\t<\/div>\n\t\t\t\t<div class=\"elementor-element elementor-element-7939830 elementor-widget-divider--view-line elementor-widget elementor-widget-divider\" data-id=\"7939830\" data-element_type=\"widget\" data-widget_type=\"divider.default\">\n\t\t\t\t<div class=\"elementor-widget-container\">\n\t\t\t\t\t<div class=\"elementor-divider\">\n\t\t\t<span class=\"elementor-divider-separator\">\n\t\t\t\t\t\t<\/span>\n\t\t<\/div>\n\t\t\t\t<\/div>\n\t\t\t\t<\/div>\n\t\t\t\t<div class=\"elementor-element elementor-element-efa164c elementor-widget elementor-widget-ekit_wb_28992\" data-id=\"efa164c\" data-element_type=\"widget\" data-widget_type=\"ekit_wb_28992.default\">\n\t\t\t\t<div class=\"elementor-widget-container\">\n\t\t\t<h3 class=\"normal-titleh3 vermelho bold-text\">2 October 2024 | Rectory of NOVA University Lisbon<\/h3>\n\t\t\t\t<\/div>\n\t\t\t\t<\/div>\n\t\t\t\t<div class=\"elementor-element elementor-element-e9114ef elementor-widget elementor-widget-text-editor\" data-id=\"e9114ef\" data-element_type=\"widget\" data-widget_type=\"text-editor.default\">\n\t\t\t\t<div class=\"elementor-widget-container\">\n\t\t\t\t\t\t\t<h4>Schedule<\/h4><p>From 10h00 to 16h30<\/p>\t\t\t\t\t\t<\/div>\n\t\t\t\t<\/div>\n\t\t\t\t<div class=\"elementor-element elementor-element-5711003a elementor-widget elementor-widget-text-editor\" data-id=\"5711003a\" data-element_type=\"widget\" data-widget_type=\"text-editor.default\">\n\t\t\t\t<div class=\"elementor-widget-container\">\n\t\t\t\t\t\t\t<p>At NOVA School of Law, we are committed to <strong>preparing new generations of professionals for an increasingly global and demanding market<\/strong> that requires ever more heterogeneous skills, through a comprehensive and excellent education that is perfectly adapted to the national context but characterised by its vocation for multidisciplinarity and internationalisation.<\/p><p><strong>One of the most important initiatives for the career and success of our students are the Career Days<\/strong>, which not only allow leading recruiters and employers to get to know the excellence of our training and the NOVA School of Law Talent brand, but which are often the first contact that students have with these recruiters and employers, a decisive step in choosing their career path.<\/p>\t\t\t\t\t\t<\/div>\n\t\t\t\t<\/div>\n\t\t\t\t<div class=\"elementor-element elementor-element-4c2b0b0 elementor-widget elementor-widget-ekit_wb_28992\" data-id=\"4c2b0b0\" data-element_type=\"widget\" data-widget_type=\"ekit_wb_28992.default\">\n\t\t\t\t<div class=\"elementor-widget-container\">\n\t\t\t<h3 class=\"normal-titleh3 preto regular-text\">A secure present, a promising future<\/h3>\n\t\t\t\t<\/div>\n\t\t\t\t<\/div>\n\t\t\t\t<div class=\"elementor-element elementor-element-8ee2469 elementor-widget elementor-widget-text-editor\" data-id=\"8ee2469\" data-element_type=\"widget\" data-widget_type=\"text-editor.default\">\n\t\t\t\t<div class=\"elementor-widget-container\">\n\t\t\t\t\t\t\t<p>This year, based on feedback from previous editions, we&#8217;ve decided to create two editions of our already iconic Career Days. At the beginning of May, we launched <strong>Career Days | Summer Edition<\/strong>, which was divided into two days: <strong>one dedicated to volunteering opportunities and national and international solidarity projects<\/strong>, and the other dedicated to <strong>summer internships and opportunities,<\/strong> which allowed partner organisations to present their summer internship offers to our students.<\/p><p>Following the success of this new edition, <strong>the Career Day will return on 2 October.<\/strong><\/p><p>Once again, we will be showcasing a range of careers in areas that span national and international levels, the public and private sectors, as well as less traditional careers, giving our students a broad and complete overview of the paths they can take.<\/p>\t\t\t\t\t\t<\/div>\n\t\t\t\t<\/div>\n\t\t\t\t<div class=\"elementor-element elementor-element-ab6fe3e elementor-widget elementor-widget-text-editor\" data-id=\"ab6fe3e\" data-element_type=\"widget\" data-widget_type=\"text-editor.default\">\n\t\t\t\t<div class=\"elementor-widget-container\">\n\t\t\t\t\t\t\t<h4>Confirmed attendees<\/h4><p><a href=\"https:\/\/abreuadvogados.com\/\" target=\"_blank\" rel=\"noopener\">Abreu Advogados<\/a>\u00a0|\u00a0<a href=\"https:\/\/www.concorrencia.pt\/pt\" target=\"_blank\" rel=\"noopener\">Autoridade da Concorr\u00eancia<\/a>\u00a0|\u00a0<a href=\"https:\/\/www.portaldasfinancas.gov.pt\/at\/html\/index.html\" target=\"_blank\" rel=\"noopener\">Autoridade Tribut\u00e1ria e Aduaneira<\/a>\u00a0|\u00a0<a href=\"https:\/\/www.bnpparibas.pt\/en\/\" target=\"_blank\" rel=\"noopener\">BNP Paribas<\/a>\u00a0|\u00a0<a href=\"https:\/\/www.broseta.com\/pt\/oficinas\/lisboa-3\/\" target=\"_blank\" rel=\"noopener\">Broseta<\/a>\u00a0|\u00a0<a href=\"https:\/\/www.caiadoguerreiro.com\/\" target=\"_blank\" rel=\"noopener\">Caiado Guerreiro<\/a>\u00a0|\u00a0<a href=\"https:\/\/www.cca.law\/pt\/\" target=\"_blank\" rel=\"noopener\">CCA Advogados<\/a>\u00a0|\u00a0<a href=\"https:\/\/eurocid.mne.gov.pt\/\" target=\"_blank\" rel=\"noopener\">Centro de Informa\u00e7\u00e3o Europeia Jacques Delors<\/a>\u00a0|\u00a0<a href=\"https:\/\/cms.law\/pt\/prt\/\" target=\"_blank\" rel=\"noopener\">CMS<\/a>\u00a0|\u00a0<a href=\"https:\/\/crs-advogados.com\/\" target=\"_blank\" rel=\"noopener\">CRS \u2013 Cruz Roque Semi\u00e3o<\/a>\u00a0|\u00a0<a href=\"https:\/\/www.csassociados.pt\/pt\/\">CS\u2019Associados<\/a>\u00a0|\u00a0<a href=\"https:\/\/www.cuatrecasas.com\/pt\/portugal\/offices\/lisboa\" target=\"_blank\" rel=\"noopener\">Cuatrecasas<\/a>\u00a0|\u00a0<a href=\"https:\/\/www2.deloitte.com\/pt\/pt.html\" target=\"_blank\" rel=\"noopener\">Deloitte<\/a>\u00a0|\u00a0<a href=\"https:\/\/www.dlapiper.com\/en-pt\" target=\"_blank\" rel=\"noopener\">DLA Piper ABBC<\/a>\u00a0|\u00a0<a href=\"https:\/\/www.ey.com\/pt_pt\" target=\"_blank\" rel=\"noopener\">EY<\/a>\u00a0|\u00a0<a href=\"https:\/\/www.fpclegal.pt\/pt\/\" target=\"_blank\" rel=\"noopener\">Ferreira Pinto Cardigos Advogados<\/a>\u00a0|\u00a0<a href=\"https:\/\/freshportugal.com\/\" target=\"_blank\" rel=\"noopener\">Fresh Portugal<\/a>\u00a0|\u00a0<a href=\"https:\/\/www.gamagloria.com\/\" target=\"_blank\" rel=\"noopener\">Gama Gl\u00f3ria<\/a>\u00a0|\u00a0<a href=\"https:\/\/www.garrigues.com\/pt\/pt-PT\" target=\"_blank\" rel=\"noopener\">Garrigues<\/a>\u00a0|\u00a0<a href=\"https:\/\/www.ga-p.com\/pt-pt\/\" target=\"_blank\" rel=\"noopener\">GA_P<\/a>\u00a0|\u00a0<a href=\"https:\/\/idi.mne.gov.pt\/pt\/\" target=\"_blank\" rel=\"noopener\">Instituto Diplom\u00e1tico<\/a>\u00a0|\u00a0\u00a0<a href=\"https:\/\/www.linklaters.com\/\" target=\"_blank\" rel=\"noopener\">Linklaters<\/a>\u00a0|\u00a0<a href=\"https:\/\/www.mlgts.pt\/pt\/\" target=\"_blank\" rel=\"noopener\">Morais Leit\u00e3o<\/a>\u00a0|\u00a0<a href=\"https:\/\/neuralshift.ai\/\" target=\"_blank\" rel=\"noopener\">NeuralShift<\/a>\u00a0|\u00a0<a href=\"https:\/\/european-union.europa.eu\/institutions-law-budget\/institutions-and-bodies\/search-all-eu-institutions-and-bodies\/european-union-drugs-agency-euda_pt\" target=\"_blank\" rel=\"noopener\">Observat\u00f3rio Europeu da Droga e Toxicodepend\u00eancia<\/a>\u00a0|\u00a0<a href=\"https:\/\/osae.pt\/pt\/pag\/OSAE\/osae\/1\/1\/1\/1\" target=\"_blank\" rel=\"noopener\">Ordem dos Solicitadores e dos Agentes de Execu\u00e7\u00e3o<\/a>\u00a0|\u00a0<a href=\"https:\/\/www.perezllorca.com\/pt\/\" target=\"_blank\" rel=\"noopener\">P\u00e9rez-Llorca<\/a>\u00a0|\u00a0\u00a0<a href=\"https:\/\/www.pbbr.pt\/pt\/\" target=\"_blank\" rel=\"noopener\">PBBR<\/a>\u00a0|<a href=\"https:\/\/pintoribeiro.pt\/\" target=\"_blank\" rel=\"noopener\">\u00a0Pinto Ribeiro<\/a>\u00a0|\u00a0<a href=\"https:\/\/www.plmj.com\/pt\/\" target=\"_blank\" rel=\"noopener\">PLMJ<\/a>\u00a0|\u00a0<a href=\"https:\/\/www.pwc.pt\/\">PwC<\/a>\u00a0|\u00a0<a href=\"https:\/\/www.raposobernardo.com\/\" target=\"_blank\" rel=\"noopener\">Raposo Bernardo<\/a>\u00a0|\u00a0<a href=\"https:\/\/portugal.representation.ec.europa.eu\/index_pt\" target=\"_blank\" rel=\"noopener\">Representa\u00e7\u00e3o da Comiss\u00e3o Europeia em Portugal<\/a>\u00a0|\u00a0<a href=\"http:\/\/spsadvogados.com\/pt\/inicio\/\">SPS Advogados<\/a>\u00a0|\u00a0<a href=\"https:\/\/www.srslegal.pt\/pt\/\">SRS Legal<\/a>\u00a0|\u00a0<a href=\"https:\/\/www3.trivalor.pt\/\" target=\"_blank\" rel=\"noopener\">Trivalor \u2013 Sociedade Gestora de Participa\u00e7\u00f5es Sociais<\/a>\u00a0|\u00a0<a href=\"https:\/\/www.tmf-group.com\/\" target=\"_blank\" rel=\"noopener\">TMF<\/a>\u00a0|\u00a0<a href=\"https:\/\/www.uria.com\/pt\/\">Ur\u00eda Men\u00e9ndez<\/a>\u00a0|\u00a0<a href=\"https:\/\/www.vda.pt\/pt\/\">VdA<\/a><\/p><p>\u00a0<\/p>\t\t\t\t\t\t<\/div>\n\t\t\t\t<\/div>\n\t\t\t\t<div class=\"elementor-element elementor-element-70a3ac5 elementor-hidden-desktop elementor-hidden-laptop elementor-hidden-tablet elementor-hidden-mobile elementor-widget elementor-widget-ekit_wb_28992\" data-id=\"70a3ac5\" data-element_type=\"widget\" data-widget_type=\"ekit_wb_28992.default\">\n\t\t\t\t<div class=\"elementor-widget-container\">\n\t\t\t<h3 class=\"normal-titleh3 preto regular-text\">Want to join?<\/h3>\n\t\t\t\t<\/div>\n\t\t\t\t<\/div>\n\t\t\t\t<div class=\"elementor-element elementor-element-deef310 elementor-hidden-desktop elementor-hidden-laptop elementor-hidden-tablet elementor-hidden-mobile elementor-widget elementor-widget-text-editor\" data-id=\"deef310\" data-element_type=\"widget\" data-widget_type=\"text-editor.default\">\n\t\t\t\t<div class=\"elementor-widget-container\">\n\t\t\t\t\t\t\t<p>If you are interested in being one of the partners of our Career Days and have the opportunity to get in touch with NOVA School of Law&#8217;s Talent, please leave us your details.<\/p>\t\t\t\t\t\t<\/div>\n\t\t\t\t<\/div>\n\t\t\t\t<div class=\"elementor-element elementor-element-e5d81da elementor-hidden-desktop elementor-hidden-laptop elementor-hidden-tablet elementor-hidden-mobile elementor-widget elementor-widget-shortcode\" data-id=\"e5d81da\" data-element_type=\"widget\" data-widget_type=\"shortcode.default\">\n\t\t\t\t<div class=\"elementor-widget-container\">\n\t\t\t\t\t<div class=\"elementor-shortcode\">\n<div class=\"wpcf7 no-js\" id=\"wpcf7-f78723-o1\" lang=\"en-US\" dir=\"ltr\" data-wpcf7-id=\"78723\">\n<div class=\"screen-reader-response\"><p role=\"status\" aria-live=\"polite\" aria-atomic=\"true\"><\/p> <ul><\/ul><\/div>\n<form action=\"\/en\/wp-json\/wp\/v2\/pages\/78280#wpcf7-f78723-o1\" method=\"post\" class=\"wpcf7-form init\" aria-label=\"Contact form\" novalidate=\"novalidate\" data-status=\"init\">\n<fieldset class=\"hidden-fields-container\"><input type=\"hidden\" name=\"_wpcf7\" value=\"78723\" \/><input type=\"hidden\" name=\"_wpcf7_version\" value=\"6.1.5\" \/><input type=\"hidden\" name=\"_wpcf7_locale\" value=\"en_US\" \/><input type=\"hidden\" name=\"_wpcf7_unit_tag\" value=\"wpcf7-f78723-o1\" \/><input type=\"hidden\" name=\"_wpcf7_container_post\" value=\"0\" \/><input type=\"hidden\" name=\"_wpcf7_posted_data_hash\" value=\"\" \/><input type=\"hidden\" name=\"_wpcf7dtx_version\" value=\"5.0.5\" \/><input type=\"hidden\" name=\"_wpcf7_recaptcha_response\" value=\"\" \/>\n<\/fieldset>\n<section class=\"elementor-section elementor-inner-section elementor-element elementor-section-boxed elementor-section-height-default elementor-section-height-default\" data-element_type=\"section\">\n\t<div class=\"elementor-container elementor-column-gap-default\">\n\t\t<div class=\"elementor-column elementor-col-100 elementor-inner-column elementor-element \">\n\t\t\t<div class=\"elementor-widget-wrap elementor-element-populated elementos-email\">\n\t\t\t\t<p><label> Entity*<br \/>\n<span class=\"wpcf7-form-control-wrap\" data-name=\"your-name\"><input size=\"40\" maxlength=\"400\" class=\"wpcf7-form-control wpcf7-text wpcf7-validates-as-required\" aria-required=\"true\" aria-invalid=\"false\" value=\"\" type=\"text\" name=\"your-name\" \/><\/span> <\/label><br \/>\n<label> E-mail*<br \/>\n<span class=\"wpcf7-form-control-wrap\" data-name=\"your-email\"><input size=\"40\" maxlength=\"400\" class=\"wpcf7-form-control wpcf7-email wpcf7-validates-as-required wpcf7-text wpcf7-validates-as-email\" aria-required=\"true\" aria-invalid=\"false\" value=\"\" type=\"email\" name=\"your-email\" \/><\/span> <\/label><br \/>\n<label> If you prefer to be contacted by phone, please leave your number<br \/>\n<span class=\"wpcf7-form-control-wrap\" data-name=\"phone\"><input size=\"40\" maxlength=\"400\" class=\"wpcf7-form-control wpcf7-text\" aria-invalid=\"false\" value=\"\" type=\"text\" name=\"phone\" \/><\/span> <\/label><br \/>\n<label> Participation<br \/>\n<span class=\"wpcf7-form-control-wrap\" data-name=\"menu-participacao\"><select class=\"wpcf7-form-control wpcf7-select wpcf7-validates-as-required\" aria-required=\"true\" aria-invalid=\"false\" name=\"menu-participacao\"><option value=\"Regular\">Regular<\/option><option value=\"Prime\">Prime<\/option><\/select><\/span> <\/label>\n\t\t\t\t<\/p>\n\t\t\t\t<div style=\"display:none;\">\n\t\t\t\t\t<p><span class=\"wpcf7-form-control-wrap event\" data-name=\"event\"><input type=\"text\" name=\"event\" class=\"wpcf7-form-control wpcf7-text wpcf7dtx wpcf7dtx-text\" aria-invalid=\"false\"><\/span>\n\t\t\t\t\t<\/p>\n\t\t\t\t<\/div>\n\t\t\t<\/div>\n\t\t<\/div>\n\t<\/div>\n\t<div class=\"elementor-container elementor-column-gap-default\">\n\t\t<div class=\"elementor-column elementor-col-100 elementor-inner-column elementor-element\">\n\t\t\t<div class=\"elementor-widget-wrap elementor-element-populated\">\n\t\t\t\t<style>\n a::before{\n display:none !important;\n }\n .elementos-email{\n flex-direction: column;\n }\n.elementor-kit-840 input[type=\"submit\"]{ color: #fff; background:#F8002D;}\n.elementor-kit-840 input[type=\"submit\"]:hover{ color: #000; background:#F8002D; }\n\t\t\t\t<\/style>\n\t\t\t\t<p><span class=\"wpcf7-form-control-wrap\" data-name=\"acceptance-296\"><span class=\"wpcf7-form-control wpcf7-acceptance\"><span class=\"wpcf7-list-item\"><label><input type=\"checkbox\" name=\"acceptance-296\" value=\"1\" aria-invalid=\"false\" \/><span class=\"wpcf7-list-item-label\"><span style=\"font-size:13px;\">\n                NOVA School of Law is responsible for the processing of personal data, in accordance with the General Data Protection\n                Regulations (GDPR).\n                Personal data collected through this form is necessary for us to provide additional information requested about the\n                training offer of NOVA School of Law. This processing is based on the need for pre-contractual procedures at the request\n                of the holder of the data.\n                We inform you that the data shall be kept for one year maximum , after which it will be deleted.\n                The holders of personal data may at any time exercise their rights, including requesting further information regarding\n                the processing of their data, rectifying their data and, within certain limits, erasing their data or opposing the\n                processing of their data, among others, by sending an email to <a href=\"mailto:comunicacao@novalaw.unl.pt\">comunicacao@novalaw.unl.pt<\/a>. The data holder may also\n                contact the UNL Data Protection Officer at the email address: <a href=\"mailto:dpo@unl.pt\">dpo@unl.pt<\/a>.\n                If you do not agree with the way we process your data, the data holder may submit their complaint to the Portuguese\n                supervisory authority, the National Commission for Data Protection, at <a href=\"https:\/\/www.cnpd.pt\" target=\"_blank\">www.cnpd.pt<\/a>.\n                <\/span><\/span><\/label><\/span><\/span><\/span><br \/>\n<input class=\"wpcf7-form-control wpcf7-submit has-spinner\" type=\"submit\" value=\"REGISTER\" \/><br \/>\n*Mandatory fields\n\t\t\t\t<\/p>\n\t\t\t<\/div>\n\t\t<\/div>\n\t<\/div>\n<\/section><div class=\"wpcf7-response-output\" aria-hidden=\"true\"><\/div>\n<\/form>\n<\/div>\n<\/div>\n\t\t\t\t<\/div>\n\t\t\t\t<\/div>\n\t\t\t\t<div class=\"elementor-element elementor-element-764ebbb elementor-widget elementor-widget-ekit_wb_28992\" data-id=\"764ebbb\" data-element_type=\"widget\" data-widget_type=\"ekit_wb_28992.default\">\n\t\t\t\t<div class=\"elementor-widget-container\">\n\t\t\t<h3 class=\"normal-titleh3 preto regular-text\">The Career Days | Summer Edition went as follows...<\/h3>\n\t\t\t\t<\/div>\n\t\t\t\t<\/div>\n\t\t\t\t<div class=\"elementor-element elementor-element-c0bd32f elementor-widget elementor-widget-text-editor\" data-id=\"c0bd32f\" data-element_type=\"widget\" data-widget_type=\"text-editor.default\">\n\t\t\t\t<div class=\"elementor-widget-container\">\n\t\t\t\t\t\t\t<p>The<strong> Career Days | Summer Edition<\/strong> took place in the <strong>Human Rights Mural Patio<\/strong>, located in a space outside the Faculty, recently renovated with a<strong> mural created as part of the 75th anniversary of the Universal Declaration of Human Rights<\/strong>, on a day that already felt like summer and which provided the space for networking between students and employers within a convivial environment.<\/p>\t\t\t\t\t\t<\/div>\n\t\t\t\t<\/div>\n\t\t\t\t<div class=\"elementor-element elementor-element-b030fda elementor-widget elementor-widget-gallery\" data-id=\"b030fda\" data-element_type=\"widget\" data-settings=\"{&quot;lazyload&quot;:&quot;yes&quot;,&quot;gallery_layout&quot;:&quot;grid&quot;,&quot;columns&quot;:4,&quot;columns_tablet&quot;:2,&quot;columns_mobile&quot;:1,&quot;gap&quot;:{&quot;unit&quot;:&quot;px&quot;,&quot;size&quot;:10,&quot;sizes&quot;:[]},&quot;gap_laptop&quot;:{&quot;unit&quot;:&quot;px&quot;,&quot;size&quot;:10,&quot;sizes&quot;:[]},&quot;gap_tablet&quot;:{&quot;unit&quot;:&quot;px&quot;,&quot;size&quot;:10,&quot;sizes&quot;:[]},&quot;gap_mobile&quot;:{&quot;unit&quot;:&quot;px&quot;,&quot;size&quot;:10,&quot;sizes&quot;:[]},&quot;link_to&quot;:&quot;file&quot;,&quot;aspect_ratio&quot;:&quot;3:2&quot;,&quot;overlay_background&quot;:&quot;yes&quot;,&quot;content_hover_animation&quot;:&quot;fade-in&quot;}\" data-widget_type=\"gallery.default\">\n\t\t\t\t<div class=\"elementor-widget-container\">\n\t\t\t\t\t<div class=\"elementor-gallery__container\">\n\t\t\t\t\t\t\t<a class=\"e-gallery-item elementor-gallery-item elementor-animated-content\" href=\"https:\/\/novalaw.unl.pt\/wp-content\/uploads\/2024\/05\/Feira_Carreiras_web_038-scaled.jpg\" data-elementor-open-lightbox=\"yes\" data-elementor-lightbox-slideshow=\"all-b030fda\" data-elementor-lightbox-title=\"Feira das Carreiras, Nova Law, Lisboa.\">\n\t\t\t\t\t<div class=\"e-gallery-image elementor-gallery-item__image\" data-thumbnail=\"https:\/\/novalaw.unl.pt\/wp-content\/uploads\/2024\/05\/Feira_Carreiras_web_038-300x200.jpg\" data-width=\"300\" data-height=\"200\" alt=\"\" ><\/div>\n\t\t\t\t\t\t\t\t\t\t\t<div class=\"elementor-gallery-item__overlay\"><\/div>\n\t\t\t\t\t\t\t\t\t\t\t\t\t\t<\/a>\n\t\t\t\t\t\t\t<a class=\"e-gallery-item elementor-gallery-item elementor-animated-content\" href=\"https:\/\/novalaw.unl.pt\/wp-content\/uploads\/2024\/05\/Feira_Carreiras_web_001-scaled.jpg\" data-elementor-open-lightbox=\"yes\" data-elementor-lightbox-slideshow=\"all-b030fda\" data-elementor-lightbox-title=\"Feira das Carreiras, Nova Law, Lisboa.\">\n\t\t\t\t\t<div class=\"e-gallery-image elementor-gallery-item__image\" data-thumbnail=\"https:\/\/novalaw.unl.pt\/wp-content\/uploads\/2024\/05\/Feira_Carreiras_web_001-300x200.jpg\" data-width=\"300\" data-height=\"200\" alt=\"\" ><\/div>\n\t\t\t\t\t\t\t\t\t\t\t<div class=\"elementor-gallery-item__overlay\"><\/div>\n\t\t\t\t\t\t\t\t\t\t\t\t\t\t<\/a>\n\t\t\t\t\t\t\t<a class=\"e-gallery-item elementor-gallery-item elementor-animated-content\" href=\"https:\/\/novalaw.unl.pt\/wp-content\/uploads\/2024\/05\/Feira_Carreiras_web_004-scaled.jpg\" data-elementor-open-lightbox=\"yes\" data-elementor-lightbox-slideshow=\"all-b030fda\" data-elementor-lightbox-title=\"Feira das Carreiras, Nova Law, Lisboa.\">\n\t\t\t\t\t<div class=\"e-gallery-image elementor-gallery-item__image\" data-thumbnail=\"https:\/\/novalaw.unl.pt\/wp-content\/uploads\/2024\/05\/Feira_Carreiras_web_004-200x300.jpg\" data-width=\"200\" data-height=\"300\" alt=\"\" ><\/div>\n\t\t\t\t\t\t\t\t\t\t\t<div class=\"elementor-gallery-item__overlay\"><\/div>\n\t\t\t\t\t\t\t\t\t\t\t\t\t\t<\/a>\n\t\t\t\t\t\t\t<a class=\"e-gallery-item elementor-gallery-item elementor-animated-content\" href=\"https:\/\/novalaw.unl.pt\/wp-content\/uploads\/2024\/05\/Feira_Carreiras_web_007-scaled.jpg\" data-elementor-open-lightbox=\"yes\" data-elementor-lightbox-slideshow=\"all-b030fda\" data-elementor-lightbox-title=\"Feira das Carreiras, Nova Law, Lisboa.\">\n\t\t\t\t\t<div class=\"e-gallery-image elementor-gallery-item__image\" data-thumbnail=\"https:\/\/novalaw.unl.pt\/wp-content\/uploads\/2024\/05\/Feira_Carreiras_web_007-300x200.jpg\" data-width=\"300\" data-height=\"200\" alt=\"\" ><\/div>\n\t\t\t\t\t\t\t\t\t\t\t<div class=\"elementor-gallery-item__overlay\"><\/div>\n\t\t\t\t\t\t\t\t\t\t\t\t\t\t<\/a>\n\t\t\t\t\t\t\t<a class=\"e-gallery-item elementor-gallery-item elementor-animated-content\" href=\"https:\/\/novalaw.unl.pt\/wp-content\/uploads\/2024\/05\/Feira_Carreiras_web_018-scaled.jpg\" data-elementor-open-lightbox=\"yes\" data-elementor-lightbox-slideshow=\"all-b030fda\" data-elementor-lightbox-title=\"Feira das Carreiras, Nova Law, Lisboa.\">\n\t\t\t\t\t<div class=\"e-gallery-image elementor-gallery-item__image\" data-thumbnail=\"https:\/\/novalaw.unl.pt\/wp-content\/uploads\/2024\/05\/Feira_Carreiras_web_018-200x300.jpg\" data-width=\"200\" data-height=\"300\" alt=\"\" ><\/div>\n\t\t\t\t\t\t\t\t\t\t\t<div class=\"elementor-gallery-item__overlay\"><\/div>\n\t\t\t\t\t\t\t\t\t\t\t\t\t\t<\/a>\n\t\t\t\t\t\t\t<a class=\"e-gallery-item elementor-gallery-item elementor-animated-content\" href=\"https:\/\/novalaw.unl.pt\/wp-content\/uploads\/2024\/05\/Feira_Carreiras_web_069-scaled.jpg\" data-elementor-open-lightbox=\"yes\" data-elementor-lightbox-slideshow=\"all-b030fda\" data-elementor-lightbox-title=\"Feira das Carreiras, Nova Law, Lisboa.\">\n\t\t\t\t\t<div class=\"e-gallery-image elementor-gallery-item__image\" data-thumbnail=\"https:\/\/novalaw.unl.pt\/wp-content\/uploads\/2024\/05\/Feira_Carreiras_web_069-300x202.jpg\" data-width=\"300\" data-height=\"202\" alt=\"\" ><\/div>\n\t\t\t\t\t\t\t\t\t\t\t<div class=\"elementor-gallery-item__overlay\"><\/div>\n\t\t\t\t\t\t\t\t\t\t\t\t\t\t<\/a>\n\t\t\t\t\t\t\t<a class=\"e-gallery-item elementor-gallery-item elementor-animated-content\" href=\"https:\/\/novalaw.unl.pt\/wp-content\/uploads\/2024\/05\/Feira_Carreiras_web_024-scaled.jpg\" data-elementor-open-lightbox=\"yes\" data-elementor-lightbox-slideshow=\"all-b030fda\" data-elementor-lightbox-title=\"Feira das Carreiras, Nova Law, Lisboa.\">\n\t\t\t\t\t<div class=\"e-gallery-image elementor-gallery-item__image\" data-thumbnail=\"https:\/\/novalaw.unl.pt\/wp-content\/uploads\/2024\/05\/Feira_Carreiras_web_024-300x200.jpg\" data-width=\"300\" data-height=\"200\" alt=\"\" ><\/div>\n\t\t\t\t\t\t\t\t\t\t\t<div class=\"elementor-gallery-item__overlay\"><\/div>\n\t\t\t\t\t\t\t\t\t\t\t\t\t\t<\/a>\n\t\t\t\t\t\t\t<a class=\"e-gallery-item elementor-gallery-item elementor-animated-content\" href=\"https:\/\/novalaw.unl.pt\/wp-content\/uploads\/2024\/05\/Feira_Carreiras_web_021-scaled.jpg\" data-elementor-open-lightbox=\"yes\" data-elementor-lightbox-slideshow=\"all-b030fda\" data-elementor-lightbox-title=\"Feira das Carreiras, Nova Law, Lisboa.\">\n\t\t\t\t\t<div class=\"e-gallery-image elementor-gallery-item__image\" data-thumbnail=\"https:\/\/novalaw.unl.pt\/wp-content\/uploads\/2024\/05\/Feira_Carreiras_web_021-300x200.jpg\" data-width=\"300\" data-height=\"200\" alt=\"\" ><\/div>\n\t\t\t\t\t\t\t\t\t\t\t<div class=\"elementor-gallery-item__overlay\"><\/div>\n\t\t\t\t\t\t\t\t\t\t\t\t\t\t<\/a>\n\t\t\t\t\t\t\t<a class=\"e-gallery-item elementor-gallery-item elementor-animated-content\" href=\"https:\/\/novalaw.unl.pt\/wp-content\/uploads\/2024\/05\/Feira_Carreiras_web_067-scaled.jpg\" data-elementor-open-lightbox=\"yes\" data-elementor-lightbox-slideshow=\"all-b030fda\" data-elementor-lightbox-title=\"Feira das Carreiras, Nova Law, Lisboa.\">\n\t\t\t\t\t<div class=\"e-gallery-image elementor-gallery-item__image\" data-thumbnail=\"https:\/\/novalaw.unl.pt\/wp-content\/uploads\/2024\/05\/Feira_Carreiras_web_067-300x200.jpg\" data-width=\"300\" data-height=\"200\" alt=\"\" ><\/div>\n\t\t\t\t\t\t\t\t\t\t\t<div class=\"elementor-gallery-item__overlay\"><\/div>\n\t\t\t\t\t\t\t\t\t\t\t\t\t\t<\/a>\n\t\t\t\t\t\t\t<a class=\"e-gallery-item elementor-gallery-item elementor-animated-content\" href=\"https:\/\/novalaw.unl.pt\/wp-content\/uploads\/2024\/05\/Feira_Carreiras_web_027-scaled.jpg\" data-elementor-open-lightbox=\"yes\" data-elementor-lightbox-slideshow=\"all-b030fda\" data-elementor-lightbox-title=\"Feira das Carreiras, Nova Law, Lisboa.\">\n\t\t\t\t\t<div class=\"e-gallery-image elementor-gallery-item__image\" data-thumbnail=\"https:\/\/novalaw.unl.pt\/wp-content\/uploads\/2024\/05\/Feira_Carreiras_web_027-300x200.jpg\" data-width=\"300\" data-height=\"200\" alt=\"\" ><\/div>\n\t\t\t\t\t\t\t\t\t\t\t<div class=\"elementor-gallery-item__overlay\"><\/div>\n\t\t\t\t\t\t\t\t\t\t\t\t\t\t<\/a>\n\t\t\t\t\t\t\t<a class=\"e-gallery-item elementor-gallery-item elementor-animated-content\" href=\"https:\/\/novalaw.unl.pt\/wp-content\/uploads\/2024\/05\/Feira_Carreiras_web_020-scaled.jpg\" data-elementor-open-lightbox=\"yes\" data-elementor-lightbox-slideshow=\"all-b030fda\" data-elementor-lightbox-title=\"Feira das Carreiras, Nova Law, Lisboa.\">\n\t\t\t\t\t<div class=\"e-gallery-image elementor-gallery-item__image\" data-thumbnail=\"https:\/\/novalaw.unl.pt\/wp-content\/uploads\/2024\/05\/Feira_Carreiras_web_020-300x200.jpg\" data-width=\"300\" data-height=\"200\" alt=\"\" ><\/div>\n\t\t\t\t\t\t\t\t\t\t\t<div class=\"elementor-gallery-item__overlay\"><\/div>\n\t\t\t\t\t\t\t\t\t\t\t\t\t\t<\/a>\n\t\t\t\t\t\t\t<a class=\"e-gallery-item elementor-gallery-item elementor-animated-content\" href=\"https:\/\/novalaw.unl.pt\/wp-content\/uploads\/2024\/05\/Feira_Carreiras_web_041-scaled.jpg\" data-elementor-open-lightbox=\"yes\" data-elementor-lightbox-slideshow=\"all-b030fda\" data-elementor-lightbox-title=\"Feira das Carreiras, Nova Law, Lisboa.\">\n\t\t\t\t\t<div class=\"e-gallery-image elementor-gallery-item__image\" data-thumbnail=\"https:\/\/novalaw.unl.pt\/wp-content\/uploads\/2024\/05\/Feira_Carreiras_web_041-300x200.jpg\" data-width=\"300\" data-height=\"200\" alt=\"\" ><\/div>\n\t\t\t\t\t\t\t\t\t\t\t<div class=\"elementor-gallery-item__overlay\"><\/div>\n\t\t\t\t\t\t\t\t\t\t\t\t\t\t<\/a>\n\t\t\t\t\t\t\t<a class=\"e-gallery-item elementor-gallery-item elementor-animated-content\" href=\"https:\/\/novalaw.unl.pt\/wp-content\/uploads\/2024\/05\/Feira_Carreiras_web_049-scaled.jpg\" data-elementor-open-lightbox=\"yes\" data-elementor-lightbox-slideshow=\"all-b030fda\" data-elementor-lightbox-title=\"Feira das Carreiras, Nova Law, Lisboa.\">\n\t\t\t\t\t<div class=\"e-gallery-image elementor-gallery-item__image\" data-thumbnail=\"https:\/\/novalaw.unl.pt\/wp-content\/uploads\/2024\/05\/Feira_Carreiras_web_049-300x200.jpg\" data-width=\"300\" data-height=\"200\" alt=\"\" ><\/div>\n\t\t\t\t\t\t\t\t\t\t\t<div class=\"elementor-gallery-item__overlay\"><\/div>\n\t\t\t\t\t\t\t\t\t\t\t\t\t\t<\/a>\n\t\t\t\t\t\t\t<a class=\"e-gallery-item elementor-gallery-item elementor-animated-content\" href=\"https:\/\/novalaw.unl.pt\/wp-content\/uploads\/2024\/05\/Feira_Carreiras_web_016-scaled.jpg\" data-elementor-open-lightbox=\"yes\" data-elementor-lightbox-slideshow=\"all-b030fda\" data-elementor-lightbox-title=\"Feira das Carreiras, Nova Law, Lisboa.\">\n\t\t\t\t\t<div class=\"e-gallery-image elementor-gallery-item__image\" data-thumbnail=\"https:\/\/novalaw.unl.pt\/wp-content\/uploads\/2024\/05\/Feira_Carreiras_web_016-300x200.jpg\" data-width=\"300\" data-height=\"200\" alt=\"\" ><\/div>\n\t\t\t\t\t\t\t\t\t\t\t<div class=\"elementor-gallery-item__overlay\"><\/div>\n\t\t\t\t\t\t\t\t\t\t\t\t\t\t<\/a>\n\t\t\t\t\t\t\t<a class=\"e-gallery-item elementor-gallery-item elementor-animated-content\" href=\"https:\/\/novalaw.unl.pt\/wp-content\/uploads\/2024\/05\/Feira_Carreiras_web_068-scaled.jpg\" data-elementor-open-lightbox=\"yes\" data-elementor-lightbox-slideshow=\"all-b030fda\" data-elementor-lightbox-title=\"Feira das Carreiras, Nova Law, Lisboa.\">\n\t\t\t\t\t<div class=\"e-gallery-image elementor-gallery-item__image\" data-thumbnail=\"https:\/\/novalaw.unl.pt\/wp-content\/uploads\/2024\/05\/Feira_Carreiras_web_068-300x200.jpg\" data-width=\"300\" data-height=\"200\" alt=\"\" ><\/div>\n\t\t\t\t\t\t\t\t\t\t\t<div class=\"elementor-gallery-item__overlay\"><\/div>\n\t\t\t\t\t\t\t\t\t\t\t\t\t\t<\/a>\n\t\t\t\t\t\t\t<a class=\"e-gallery-item elementor-gallery-item elementor-animated-content\" href=\"https:\/\/novalaw.unl.pt\/wp-content\/uploads\/2024\/05\/Feira_Carreiras_web_071-scaled.jpg\" data-elementor-open-lightbox=\"yes\" data-elementor-lightbox-slideshow=\"all-b030fda\" data-elementor-lightbox-title=\"Feira das Carreiras, Nova Law, Lisboa.\">\n\t\t\t\t\t<div class=\"e-gallery-image elementor-gallery-item__image\" data-thumbnail=\"https:\/\/novalaw.unl.pt\/wp-content\/uploads\/2024\/05\/Feira_Carreiras_web_071-300x200.jpg\" data-width=\"300\" data-height=\"200\" alt=\"\" ><\/div>\n\t\t\t\t\t\t\t\t\t\t\t<div class=\"elementor-gallery-item__overlay\"><\/div>\n\t\t\t\t\t\t\t\t\t\t\t\t\t\t<\/a>\n\t\t\t\t\t\t\t<a class=\"e-gallery-item elementor-gallery-item elementor-animated-content\" href=\"https:\/\/novalaw.unl.pt\/wp-content\/uploads\/2024\/05\/Feira_Carreiras_web_076-scaled.jpg\" data-elementor-open-lightbox=\"yes\" data-elementor-lightbox-slideshow=\"all-b030fda\" data-elementor-lightbox-title=\"Feira das Carreiras, Nova Law, Lisboa.\">\n\t\t\t\t\t<div class=\"e-gallery-image elementor-gallery-item__image\" data-thumbnail=\"https:\/\/novalaw.unl.pt\/wp-content\/uploads\/2024\/05\/Feira_Carreiras_web_076-300x200.jpg\" data-width=\"300\" data-height=\"200\" alt=\"\" ><\/div>\n\t\t\t\t\t\t\t\t\t\t\t<div class=\"elementor-gallery-item__overlay\"><\/div>\n\t\t\t\t\t\t\t\t\t\t\t\t\t\t<\/a>\n\t\t\t\t\t\t\t<a class=\"e-gallery-item elementor-gallery-item elementor-animated-content\" href=\"https:\/\/novalaw.unl.pt\/wp-content\/uploads\/2024\/05\/Feira_Carreiras_web_074-scaled.jpg\" data-elementor-open-lightbox=\"yes\" data-elementor-lightbox-slideshow=\"all-b030fda\" data-elementor-lightbox-title=\"Feira das Carreiras, Nova Law, Lisboa.\">\n\t\t\t\t\t<div class=\"e-gallery-image elementor-gallery-item__image\" data-thumbnail=\"https:\/\/novalaw.unl.pt\/wp-content\/uploads\/2024\/05\/Feira_Carreiras_web_074-300x200.jpg\" data-width=\"300\" data-height=\"200\" alt=\"\" ><\/div>\n\t\t\t\t\t\t\t\t\t\t\t<div class=\"elementor-gallery-item__overlay\"><\/div>\n\t\t\t\t\t\t\t\t\t\t\t\t\t\t<\/a>\n\t\t\t\t\t\t\t<a class=\"e-gallery-item elementor-gallery-item elementor-animated-content\" href=\"https:\/\/novalaw.unl.pt\/wp-content\/uploads\/2024\/05\/Feira_Carreiras_web_075-scaled.jpg\" data-elementor-open-lightbox=\"yes\" data-elementor-lightbox-slideshow=\"all-b030fda\" data-elementor-lightbox-title=\"Feira das Carreiras, Nova Law, Lisboa.\">\n\t\t\t\t\t<div class=\"e-gallery-image elementor-gallery-item__image\" data-thumbnail=\"https:\/\/novalaw.unl.pt\/wp-content\/uploads\/2024\/05\/Feira_Carreiras_web_075-300x200.jpg\" data-width=\"300\" data-height=\"200\" alt=\"\" ><\/div>\n\t\t\t\t\t\t\t\t\t\t\t<div class=\"elementor-gallery-item__overlay\"><\/div>\n\t\t\t\t\t\t\t\t\t\t\t\t\t\t<\/a>\n\t\t\t\t\t\t\t<a class=\"e-gallery-item elementor-gallery-item elementor-animated-content\" href=\"https:\/\/novalaw.unl.pt\/wp-content\/uploads\/2024\/05\/Feira_Carreiras_web_070-scaled.jpg\" data-elementor-open-lightbox=\"yes\" data-elementor-lightbox-slideshow=\"all-b030fda\" data-elementor-lightbox-title=\"Feira das Carreiras, Nova Law, Lisboa.\">\n\t\t\t\t\t<div class=\"e-gallery-image elementor-gallery-item__image\" data-thumbnail=\"https:\/\/novalaw.unl.pt\/wp-content\/uploads\/2024\/05\/Feira_Carreiras_web_070-300x200.jpg\" data-width=\"300\" data-height=\"200\" alt=\"\" ><\/div>\n\t\t\t\t\t\t\t\t\t\t\t<div class=\"elementor-gallery-item__overlay\"><\/div>\n\t\t\t\t\t\t\t\t\t\t\t\t\t\t<\/a>\n\t\t\t\t\t\t\t<a class=\"e-gallery-item elementor-gallery-item elementor-animated-content\" href=\"https:\/\/novalaw.unl.pt\/wp-content\/uploads\/2024\/05\/Feira_Carreiras_web_077-scaled.jpg\" data-elementor-open-lightbox=\"yes\" data-elementor-lightbox-slideshow=\"all-b030fda\" data-elementor-lightbox-title=\"Feira das Carreiras, Nova Law, Lisboa.\">\n\t\t\t\t\t<div class=\"e-gallery-image elementor-gallery-item__image\" data-thumbnail=\"https:\/\/novalaw.unl.pt\/wp-content\/uploads\/2024\/05\/Feira_Carreiras_web_077-300x200.jpg\" data-width=\"300\" data-height=\"200\" alt=\"\" ><\/div>\n\t\t\t\t\t\t\t\t\t\t\t<div class=\"elementor-gallery-item__overlay\"><\/div>\n\t\t\t\t\t\t\t\t\t\t\t\t\t\t<\/a>\n\t\t\t\t\t\t\t<a class=\"e-gallery-item elementor-gallery-item elementor-animated-content\" href=\"https:\/\/novalaw.unl.pt\/wp-content\/uploads\/2024\/05\/Feira_Carreiras_web_081-scaled.jpg\" data-elementor-open-lightbox=\"yes\" data-elementor-lightbox-slideshow=\"all-b030fda\" data-elementor-lightbox-title=\"Feira das Carreiras, Nova Law, Lisboa.\">\n\t\t\t\t\t<div class=\"e-gallery-image elementor-gallery-item__image\" data-thumbnail=\"https:\/\/novalaw.unl.pt\/wp-content\/uploads\/2024\/05\/Feira_Carreiras_web_081-300x200.jpg\" data-width=\"300\" data-height=\"200\" alt=\"\" ><\/div>\n\t\t\t\t\t\t\t\t\t\t\t<div class=\"elementor-gallery-item__overlay\"><\/div>\n\t\t\t\t\t\t\t\t\t\t\t\t\t\t<\/a>\n\t\t\t\t\t\t\t<a class=\"e-gallery-item elementor-gallery-item elementor-animated-content\" href=\"https:\/\/novalaw.unl.pt\/wp-content\/uploads\/2024\/05\/Feira_Carreiras_web_079-scaled.jpg\" data-elementor-open-lightbox=\"yes\" data-elementor-lightbox-slideshow=\"all-b030fda\" data-elementor-lightbox-title=\"Feira das Carreiras, Nova Law, Lisboa.\">\n\t\t\t\t\t<div class=\"e-gallery-image elementor-gallery-item__image\" data-thumbnail=\"https:\/\/novalaw.unl.pt\/wp-content\/uploads\/2024\/05\/Feira_Carreiras_web_079-300x200.jpg\" data-width=\"300\" data-height=\"200\" alt=\"\" ><\/div>\n\t\t\t\t\t\t\t\t\t\t\t<div class=\"elementor-gallery-item__overlay\"><\/div>\n\t\t\t\t\t\t\t\t\t\t\t\t\t\t<\/a>\n\t\t\t\t\t\t\t<a class=\"e-gallery-item elementor-gallery-item elementor-animated-content\" href=\"https:\/\/novalaw.unl.pt\/wp-content\/uploads\/2024\/05\/Feira_Carreiras_web_078-scaled.jpg\" data-elementor-open-lightbox=\"yes\" data-elementor-lightbox-slideshow=\"all-b030fda\" data-elementor-lightbox-title=\"Feira das Carreiras, Nova Law, Lisboa.\">\n\t\t\t\t\t<div class=\"e-gallery-image elementor-gallery-item__image\" data-thumbnail=\"https:\/\/novalaw.unl.pt\/wp-content\/uploads\/2024\/05\/Feira_Carreiras_web_078-300x200.jpg\" data-width=\"300\" data-height=\"200\" alt=\"\" ><\/div>\n\t\t\t\t\t\t\t\t\t\t\t<div class=\"elementor-gallery-item__overlay\"><\/div>\n\t\t\t\t\t\t\t\t\t\t\t\t\t\t<\/a>\n\t\t\t\t\t\t\t<a class=\"e-gallery-item elementor-gallery-item elementor-animated-content\" href=\"https:\/\/novalaw.unl.pt\/wp-content\/uploads\/2024\/05\/Feira_Carreiras_web_080-scaled.jpg\" data-elementor-open-lightbox=\"yes\" data-elementor-lightbox-slideshow=\"all-b030fda\" data-elementor-lightbox-title=\"Feira das Carreiras, Nova Law, Lisboa.\">\n\t\t\t\t\t<div class=\"e-gallery-image elementor-gallery-item__image\" data-thumbnail=\"https:\/\/novalaw.unl.pt\/wp-content\/uploads\/2024\/05\/Feira_Carreiras_web_080-300x200.jpg\" data-width=\"300\" data-height=\"200\" alt=\"\" ><\/div>\n\t\t\t\t\t\t\t\t\t\t\t<div class=\"elementor-gallery-item__overlay\"><\/div>\n\t\t\t\t\t\t\t\t\t\t\t\t\t\t<\/a>\n\t\t\t\t\t\t\t<a class=\"e-gallery-item elementor-gallery-item elementor-animated-content\" href=\"https:\/\/novalaw.unl.pt\/wp-content\/uploads\/2024\/05\/Feira_Carreiras_web_072-scaled.jpg\" data-elementor-open-lightbox=\"yes\" data-elementor-lightbox-slideshow=\"all-b030fda\" data-elementor-lightbox-title=\"Feira das Carreiras, Nova Law, Lisboa.\">\n\t\t\t\t\t<div class=\"e-gallery-image elementor-gallery-item__image\" data-thumbnail=\"https:\/\/novalaw.unl.pt\/wp-content\/uploads\/2024\/05\/Feira_Carreiras_web_072-300x200.jpg\" data-width=\"300\" data-height=\"200\" alt=\"\" ><\/div>\n\t\t\t\t\t\t\t\t\t\t\t<div class=\"elementor-gallery-item__overlay\"><\/div>\n\t\t\t\t\t\t\t\t\t\t\t\t\t\t<\/a>\n\t\t\t\t\t\t\t<a class=\"e-gallery-item elementor-gallery-item elementor-animated-content\" href=\"https:\/\/novalaw.unl.pt\/wp-content\/uploads\/2024\/05\/Feira_Carreiras_web_073-scaled.jpg\" data-elementor-open-lightbox=\"yes\" data-elementor-lightbox-slideshow=\"all-b030fda\" data-elementor-lightbox-title=\"Feira das Carreiras, Nova Law, Lisboa.\">\n\t\t\t\t\t<div class=\"e-gallery-image elementor-gallery-item__image\" data-thumbnail=\"https:\/\/novalaw.unl.pt\/wp-content\/uploads\/2024\/05\/Feira_Carreiras_web_073-300x200.jpg\" data-width=\"300\" data-height=\"200\" alt=\"\" ><\/div>\n\t\t\t\t\t\t\t\t\t\t\t<div class=\"elementor-gallery-item__overlay\"><\/div>\n\t\t\t\t\t\t\t\t\t\t\t\t\t\t<\/a>\n\t\t\t\t\t\t\t<a class=\"e-gallery-item elementor-gallery-item elementor-animated-content\" href=\"https:\/\/novalaw.unl.pt\/wp-content\/uploads\/2024\/05\/Feira_Carreiras_033-scaled.jpg\" data-elementor-open-lightbox=\"yes\" data-elementor-lightbox-slideshow=\"all-b030fda\" data-elementor-lightbox-title=\"Feira das Carreiras, Nova Law, Lisboa.\">\n\t\t\t\t\t<div class=\"e-gallery-image elementor-gallery-item__image\" data-thumbnail=\"https:\/\/novalaw.unl.pt\/wp-content\/uploads\/2024\/05\/Feira_Carreiras_033-300x200.jpg\" data-width=\"300\" data-height=\"200\" alt=\"\" ><\/div>\n\t\t\t\t\t\t\t\t\t\t\t<div class=\"elementor-gallery-item__overlay\"><\/div>\n\t\t\t\t\t\t\t\t\t\t\t\t\t\t<\/a>\n\t\t\t\t\t<\/div>\n\t\t\t<\/div>\n\t\t\t\t<\/div>\n\t\t\t\t<div class=\"elementor-element elementor-element-52b7789 elementor-hidden-desktop elementor-hidden-laptop elementor-hidden-tablet elementor-hidden-mobile elementor-widget elementor-widget-text-editor\" data-id=\"52b7789\" data-element_type=\"widget\" data-widget_type=\"text-editor.default\">\n\t\t\t\t<div class=\"elementor-widget-container\">\n\t\t\t\t\t\t\t<p>O dia 8 de maio foi <span style=\"font-size: 16px;\">dedicado a<\/span><strong style=\"font-size: 16px;\"> ofertas de voluntariado e projetos de solidariedade nacionais e internacionais<\/strong><span style=\"font-size: 16px;\">, para que os nossos alunos e alunas possam descobrir com que projeto mais se identificam, de forma a contribuirem para um mundo melhor, seja em Portugal ou no estrangeiro, ao mesmo tempo que adquirem novas compet\u00eancias, que, apesar de n\u00e3o fazerem parte do <\/span><em style=\"font-size: 16px;\">curriculum<\/em><span style=\"font-size: 16px;\"> acad\u00e9mico formal, s\u00e3o fundamentais para a forma\u00e7\u00e3o pessoal e profissional.<\/span><\/p><div><h4>Participantes<\/h4><p><a href=\"https:\/\/www.instagram.com\/projetocemporcento\/\" target=\"_blank\" rel=\"noopener\">Cem Porcento<\/a> | <a href=\"https:\/\/sabmais.com\/\" target=\"_blank\" rel=\"noopener\">Sabmais<\/a> | <a href=\"https:\/\/www.novasbe.unl.pt\/pt\/comunidade\/labs-foruns\/inclusive-community-forum\/empregabilidade\/peer2peer\" target=\"_blank\" rel=\"noopener\">Peer 2 Peer<\/a> | <a href=\"https:\/\/thirstproject.pt\/\" target=\"_blank\" rel=\"noopener\">Thirst Project Portugal<\/a> | <a href=\"https:\/\/www.somasurf.org\/\" target=\"_blank\" rel=\"noopener\">Soma Surf<\/a> | <a href=\"https:\/\/nos.org.pt\/\" target=\"_blank\" rel=\"noopener\">N\u00d3S<\/a> | <a href=\"https:\/\/paraonde.org\/\" target=\"_blank\" rel=\"noopener\">Para onde?<\/a> | <a href=\"https:\/\/www.instagram.com\/move.ong\/\" target=\"_blank\" rel=\"noopener\">MOVE<\/a> | <a href=\"https:\/\/www.heforshe.org\/en\" target=\"_blank\" rel=\"noopener\">He For She<\/a> | <a href=\"https:\/\/www.cvidaepaz.pt\/\" target=\"_blank\" rel=\"noopener\">Associa\u00e7\u00e3o Vida e Paz<\/a><\/p><\/div><div><p>J\u00e1 no dia 9, o dia foi dedicado a\u00a0<strong>Est\u00e1gios de Ver\u00e3o e Oportunidades<\/strong>, permitindo \u00e0s <strong>entidades parceiras exporem a sua oferta de est\u00e1gios<\/strong> para o per\u00edodo de f\u00e9rias de ver\u00e3o. Esta ser\u00e1 uma oportunidade incr\u00edvel de aprendizagem e de crescimento para os\/as nossos\/as estudantes, permitindo-lhes conhecer em 1.\u00aa m\u00e3o o mercado de trabalho e desenvolver compet\u00eancias que lhes permitir\u00e3o marcar a diferen\u00e7a num mundo que \u00e9, hoje, t\u00e3o competitivo. Por seu turno, os\/as estudantes trazem consigo novas ideias \u00e0s entidades que os contratam, perspetivas frescas e conhecimentos atualizados, contribu\u00edndo para a inova\u00e7\u00e3o.<\/p><\/div><h4>Participantes<\/h4><p><a href=\"https:\/\/abreuadvogados.com\/\" target=\"_blank\" rel=\"noopener\">Abreu<\/a> | <a href=\"https:\/\/www.concorrencia.pt\/pt\" target=\"_blank\" rel=\"noopener\">Autoridade da Concorr\u00eancia<\/a> | <a href=\"https:\/\/www.portaldasfinancas.gov.pt\/at\/html\/index.html\" target=\"_blank\" rel=\"noopener\">Autoridade Tribut\u00e1ria e Aduaneira<\/a> | <a href=\"https:\/\/eurocid.mne.gov.pt\/\" target=\"_blank\" rel=\"noopener\">Centro de Informa\u00e7\u00e3o Europeia Jacques Delors<\/a> | <a href=\"https:\/\/cms.law\/pt\/prt\/\" target=\"_blank\" rel=\"noopener\">CMS<\/a> | <a href=\"https:\/\/www.ga-p.com\/pt-pt\/\" target=\"_blank\" rel=\"noopener\">GA_P<\/a> | <a href=\"https:\/\/www.garrigues.com\/pt\/pt-PT\" target=\"_blank\" rel=\"noopener\">Garrigues<\/a> | <a href=\"https:\/\/idi.mne.gov.pt\/pt\/\" target=\"_blank\" rel=\"noopener\">Instituto Diplom\u00e1tico<\/a>\u00a0 |<a href=\"https:\/\/www.mlgts.pt\/pt\/\" target=\"_blank\" rel=\"noopener\"> Morais Leit\u00e3o<\/a> | <a href=\"https:\/\/www.pbbr.pt\/pt\/\" target=\"_blank\" rel=\"noopener\">PBBR<\/a> |<a href=\"https:\/\/pintoribeiro.pt\/\" target=\"_blank\" rel=\"noopener\"> Pinto Ribeiro<\/a> | <a href=\"https:\/\/www.tmf-group.com\/\" target=\"_blank\" rel=\"noopener\">TMF<\/a> | <a href=\"https:\/\/www.vda.pt\/pt\/\">VdA<\/a><\/p>\t\t\t\t\t\t<\/div>\n\t\t\t\t<\/div>\n\t\t\t\t\t<\/div>\n\t\t<\/div>\n\t\t\t\t\t\t\t<\/div>\n\t\t<\/section>\n\t\t\t\t<section class=\"elementor-section elementor-top-section elementor-element elementor-element-178d79a2 elementor-section-boxed elementor-section-height-default elementor-section-height-default\" data-id=\"178d79a2\" data-element_type=\"section\">\n\t\t\t\t\t\t<div class=\"elementor-container elementor-column-gap-default\">\n\t\t\t\t\t<div class=\"elementor-column elementor-col-100 elementor-top-column elementor-element elementor-element-398745ea\" data-id=\"398745ea\" data-element_type=\"column\">\n\t\t\t<div class=\"elementor-widget-wrap\">\n\t\t\t\t\t\t\t\t\t<\/div>\n\t\t<\/div>\n\t\t\t\t\t\t\t<\/div>\n\t\t<\/section>\n\t\t\t\t<section class=\"elementor-section elementor-top-section elementor-element elementor-element-68b5b167 elementor-section-boxed elementor-section-height-default elementor-section-height-default\" data-id=\"68b5b167\" data-element_type=\"section\">\n\t\t\t\t\t\t<div class=\"elementor-container elementor-column-gap-default\">\n\t\t\t\t\t<div class=\"elementor-column elementor-col-100 elementor-top-column elementor-element elementor-element-21b58bfb\" data-id=\"21b58bfb\" data-element_type=\"column\">\n\t\t\t<div class=\"elementor-widget-wrap elementor-element-populated\">\n\t\t\t\t\t\t\t\t<div class=\"elementor-element elementor-element-3f02e971 elementor-widget elementor-widget-ekit_wb_10548\" data-id=\"3f02e971\" data-element_type=\"widget\" data-widget_type=\"ekit_wb_10548.default\">\n\t\t\t\t<div class=\"elementor-widget-container\">\n\t\t\t<script type='text\/javascript' src='https:\/\/platform-api.sharethis.com\/js\/sharethis.js#property=64ae9869f57abe0019c4e32e&product=sticky-share-buttons' async='async'><\/script>\n\t\t\t\t<\/div>\n\t\t\t\t<\/div>\n\t\t\t\t\t<\/div>\n\t\t<\/div>\n\t\t\t\t\t\t\t<\/div>\n\t\t<\/section>\n\t\t\t\t\t\t<\/div>\n\t\t\t\t\t<\/div>\n\t\t","protected":false},"excerpt":{"rendered":"<p>NOVA School of Law Career Day 2 October 2024 | Rectory of NOVA University Lisbon Schedule From 10h00 to 16h30 At NOVA School of Law, we are committed to preparing new generations of professionals for an increasingly global and demanding market that requires ever more heterogeneous skills, through a comprehensive and excellent education that is &hellip;<\/p>\n<p class=\"read-more\"> <a class=\"\" href=\"https:\/\/novalaw.unl.pt\/en\/nova-school-of-law-career-days-2024\/\"> <span class=\"screen-reader-text\">NOVA School of Law Career Day 2024<\/span> Read More &raquo;<\/a><\/p>\n","protected":false},"author":2,"featured_media":77566,"parent":0,"menu_order":0,"comment_status":"closed","ping_status":"closed","template":"","meta":{"footnotes":""},"categories":[86,91],"tags":[],"class_list":["post-78280","page","type-page","status-publish","has-post-thumbnail","hentry","category-agenda-en","category-nova-agenda-destaque-home-en-en"],"yoast_head":"<!-- This site is optimized with the Yoast SEO Premium plugin v27.4 (Yoast SEO v27.4) - https:\/\/yoast.com\/product\/yoast-seo-premium-wordpress\/ -->\n<title>NOVA School of Law Career Day 2024 - NOVA School of Law | Faculdade de Direito da Universidade NOVA de Lisboa<\/title>\n<meta name=\"robots\" content=\"index, follow, max-snippet:-1, max-image-preview:large, max-video-preview:-1\" \/>\n<link rel=\"canonical\" href=\"https:\/\/novalaw.unl.pt\/en\/nova-school-of-law-career-days-2024\/\" \/>\n<meta property=\"og:locale\" content=\"en_US\" \/>\n<meta property=\"og:type\" content=\"article\" \/>\n<meta property=\"og:title\" content=\"NOVA School of Law Career Day 2024\" \/>\n<meta property=\"og:description\" content=\"NOVA School of Law Career Day 2 October 2024 | Rectory of NOVA University Lisbon Schedule From 10h00 to 16h30 At NOVA School of Law, we are committed to preparing new generations of professionals for an increasingly global and demanding market that requires ever more heterogeneous skills, through a comprehensive and excellent education that is &hellip; NOVA School of Law Career Day 2024 Read More &raquo;\" \/>\n<meta property=\"og:url\" content=\"https:\/\/novalaw.unl.pt\/en\/nova-school-of-law-career-days-2024\/\" \/>\n<meta property=\"og:site_name\" content=\"NOVA School of Law | Faculdade de Direito da Universidade NOVA de Lisboa\" \/>\n<meta property=\"article:modified_time\" content=\"2024-10-03T15:53:17+00:00\" \/>\n<meta property=\"og:image\" content=\"https:\/\/novalaw.unl.pt\/wp-content\/uploads\/2024\/05\/CARREIRAS_CAREERDAYS_OUTUBRO2024_THUMBNAIL.jpg\" \/>\n\t<meta property=\"og:image:width\" content=\"320\" \/>\n\t<meta property=\"og:image:height\" content=\"200\" \/>\n\t<meta property=\"og:image:type\" content=\"image\/jpeg\" \/>\n<meta name=\"twitter:card\" content=\"summary_large_image\" \/>\n<meta name=\"twitter:label1\" content=\"Est. reading time\" \/>\n\t<meta name=\"twitter:data1\" content=\"4 minutes\" \/>\n<script type=\"application\/ld+json\" class=\"yoast-schema-graph\">{\"@context\":\"https:\\\/\\\/schema.org\",\"@graph\":[{\"@type\":\"WebPage\",\"@id\":\"https:\\\/\\\/novalaw.unl.pt\\\/en\\\/nova-school-of-law-career-days-2024\\\/\",\"url\":\"https:\\\/\\\/novalaw.unl.pt\\\/en\\\/nova-school-of-law-career-days-2024\\\/\",\"name\":\"NOVA School of Law Career Day 2024 - NOVA School of Law | Faculdade de Direito da Universidade NOVA de Lisboa\",\"isPartOf\":{\"@id\":\"https:\\\/\\\/novalaw.unl.pt\\\/#website\"},\"primaryImageOfPage\":{\"@id\":\"https:\\\/\\\/novalaw.unl.pt\\\/en\\\/nova-school-of-law-career-days-2024\\\/#primaryimage\"},\"image\":{\"@id\":\"https:\\\/\\\/novalaw.unl.pt\\\/en\\\/nova-school-of-law-career-days-2024\\\/#primaryimage\"},\"thumbnailUrl\":\"https:\\\/\\\/novalaw.unl.pt\\\/wp-content\\\/uploads\\\/2024\\\/05\\\/CARREIRAS_CAREERDAYS_OUTUBRO2024_THUMBNAIL.jpg\",\"datePublished\":\"2024-06-03T11:05:19+00:00\",\"dateModified\":\"2024-10-03T15:53:17+00:00\",\"breadcrumb\":{\"@id\":\"https:\\\/\\\/novalaw.unl.pt\\\/en\\\/nova-school-of-law-career-days-2024\\\/#breadcrumb\"},\"inLanguage\":\"en-US\",\"potentialAction\":[{\"@type\":\"ReadAction\",\"target\":[\"https:\\\/\\\/novalaw.unl.pt\\\/en\\\/nova-school-of-law-career-days-2024\\\/\"]}]},{\"@type\":\"ImageObject\",\"inLanguage\":\"en-US\",\"@id\":\"https:\\\/\\\/novalaw.unl.pt\\\/en\\\/nova-school-of-law-career-days-2024\\\/#primaryimage\",\"url\":\"https:\\\/\\\/novalaw.unl.pt\\\/wp-content\\\/uploads\\\/2024\\\/05\\\/CARREIRAS_CAREERDAYS_OUTUBRO2024_THUMBNAIL.jpg\",\"contentUrl\":\"https:\\\/\\\/novalaw.unl.pt\\\/wp-content\\\/uploads\\\/2024\\\/05\\\/CARREIRAS_CAREERDAYS_OUTUBRO2024_THUMBNAIL.jpg\",\"width\":320,\"height\":200},{\"@type\":\"BreadcrumbList\",\"@id\":\"https:\\\/\\\/novalaw.unl.pt\\\/en\\\/nova-school-of-law-career-days-2024\\\/#breadcrumb\",\"itemListElement\":[{\"@type\":\"ListItem\",\"position\":1,\"name\":\"Home\",\"item\":\"https:\\\/\\\/novalaw.unl.pt\\\/en\\\/\"},{\"@type\":\"ListItem\",\"position\":2,\"name\":\"NOVA School of Law Career Day 2024\"}]},{\"@type\":\"WebSite\",\"@id\":\"https:\\\/\\\/novalaw.unl.pt\\\/#website\",\"url\":\"https:\\\/\\\/novalaw.unl.pt\\\/\",\"name\":\"NOVA School of Law | Faculdade de Direito da Universidade NOVA de Lisboa\",\"description\":\"NOVA School Of Law\",\"publisher\":{\"@id\":\"https:\\\/\\\/novalaw.unl.pt\\\/#organization\"},\"potentialAction\":[{\"@type\":\"SearchAction\",\"target\":{\"@type\":\"EntryPoint\",\"urlTemplate\":\"https:\\\/\\\/novalaw.unl.pt\\\/?s={search_term_string}\"},\"query-input\":{\"@type\":\"PropertyValueSpecification\",\"valueRequired\":true,\"valueName\":\"search_term_string\"}}],\"inLanguage\":\"en-US\"},{\"@type\":\"Organization\",\"@id\":\"https:\\\/\\\/novalaw.unl.pt\\\/#organization\",\"name\":\"NOVA School of Law\",\"url\":\"https:\\\/\\\/novalaw.unl.pt\\\/\",\"logo\":{\"@type\":\"ImageObject\",\"inLanguage\":\"en-US\",\"@id\":\"https:\\\/\\\/novalaw.unl.pt\\\/#\\\/schema\\\/logo\\\/image\\\/\",\"url\":\"https:\\\/\\\/novalaw.unl.pt\\\/wp-content\\\/uploads\\\/2021\\\/02\\\/logo-novalaw.svg\",\"contentUrl\":\"https:\\\/\\\/novalaw.unl.pt\\\/wp-content\\\/uploads\\\/2021\\\/02\\\/logo-novalaw.svg\",\"width\":991,\"height\":424,\"caption\":\"NOVA School of Law\"},\"image\":{\"@id\":\"https:\\\/\\\/novalaw.unl.pt\\\/#\\\/schema\\\/logo\\\/image\\\/\"}}]}<\/script>\n<!-- \/ Yoast SEO Premium plugin. -->","yoast_head_json":{"title":"NOVA School of Law Career Day 2024 - NOVA School of Law | Faculdade de Direito da Universidade NOVA de Lisboa","robots":{"index":"index","follow":"follow","max-snippet":"max-snippet:-1","max-image-preview":"max-image-preview:large","max-video-preview":"max-video-preview:-1"},"canonical":"https:\/\/novalaw.unl.pt\/en\/nova-school-of-law-career-days-2024\/","og_locale":"en_US","og_type":"article","og_title":"NOVA School of Law Career Day 2024","og_description":"NOVA School of Law Career Day 2 October 2024 | Rectory of NOVA University Lisbon Schedule From 10h00 to 16h30 At NOVA School of Law, we are committed to preparing new generations of professionals for an increasingly global and demanding market that requires ever more heterogeneous skills, through a comprehensive and excellent education that is &hellip; NOVA School of Law Career Day 2024 Read More &raquo;","og_url":"https:\/\/novalaw.unl.pt\/en\/nova-school-of-law-career-days-2024\/","og_site_name":"NOVA School of Law | Faculdade de Direito da Universidade NOVA de Lisboa","article_modified_time":"2024-10-03T15:53:17+00:00","og_image":[{"width":320,"height":200,"url":"https:\/\/novalaw.unl.pt\/wp-content\/uploads\/2024\/05\/CARREIRAS_CAREERDAYS_OUTUBRO2024_THUMBNAIL.jpg","type":"image\/jpeg"}],"twitter_card":"summary_large_image","twitter_misc":{"Est. reading time":"4 minutes"},"schema":{"@context":"https:\/\/schema.org","@graph":[{"@type":"WebPage","@id":"https:\/\/novalaw.unl.pt\/en\/nova-school-of-law-career-days-2024\/","url":"https:\/\/novalaw.unl.pt\/en\/nova-school-of-law-career-days-2024\/","name":"NOVA School of Law Career Day 2024 - NOVA School of Law | Faculdade de Direito da Universidade NOVA de Lisboa","isPartOf":{"@id":"https:\/\/novalaw.unl.pt\/#website"},"primaryImageOfPage":{"@id":"https:\/\/novalaw.unl.pt\/en\/nova-school-of-law-career-days-2024\/#primaryimage"},"image":{"@id":"https:\/\/novalaw.unl.pt\/en\/nova-school-of-law-career-days-2024\/#primaryimage"},"thumbnailUrl":"https:\/\/novalaw.unl.pt\/wp-content\/uploads\/2024\/05\/CARREIRAS_CAREERDAYS_OUTUBRO2024_THUMBNAIL.jpg","datePublished":"2024-06-03T11:05:19+00:00","dateModified":"2024-10-03T15:53:17+00:00","breadcrumb":{"@id":"https:\/\/novalaw.unl.pt\/en\/nova-school-of-law-career-days-2024\/#breadcrumb"},"inLanguage":"en-US","potentialAction":[{"@type":"ReadAction","target":["https:\/\/novalaw.unl.pt\/en\/nova-school-of-law-career-days-2024\/"]}]},{"@type":"ImageObject","inLanguage":"en-US","@id":"https:\/\/novalaw.unl.pt\/en\/nova-school-of-law-career-days-2024\/#primaryimage","url":"https:\/\/novalaw.unl.pt\/wp-content\/uploads\/2024\/05\/CARREIRAS_CAREERDAYS_OUTUBRO2024_THUMBNAIL.jpg","contentUrl":"https:\/\/novalaw.unl.pt\/wp-content\/uploads\/2024\/05\/CARREIRAS_CAREERDAYS_OUTUBRO2024_THUMBNAIL.jpg","width":320,"height":200},{"@type":"BreadcrumbList","@id":"https:\/\/novalaw.unl.pt\/en\/nova-school-of-law-career-days-2024\/#breadcrumb","itemListElement":[{"@type":"ListItem","position":1,"name":"Home","item":"https:\/\/novalaw.unl.pt\/en\/"},{"@type":"ListItem","position":2,"name":"NOVA School of Law Career Day 2024"}]},{"@type":"WebSite","@id":"https:\/\/novalaw.unl.pt\/#website","url":"https:\/\/novalaw.unl.pt\/","name":"NOVA School of Law | Faculdade de Direito da Universidade NOVA de Lisboa","description":"NOVA School Of Law","publisher":{"@id":"https:\/\/novalaw.unl.pt\/#organization"},"potentialAction":[{"@type":"SearchAction","target":{"@type":"EntryPoint","urlTemplate":"https:\/\/novalaw.unl.pt\/?s={search_term_string}"},"query-input":{"@type":"PropertyValueSpecification","valueRequired":true,"valueName":"search_term_string"}}],"inLanguage":"en-US"},{"@type":"Organization","@id":"https:\/\/novalaw.unl.pt\/#organization","name":"NOVA School of Law","url":"https:\/\/novalaw.unl.pt\/","logo":{"@type":"ImageObject","inLanguage":"en-US","@id":"https:\/\/novalaw.unl.pt\/#\/schema\/logo\/image\/","url":"https:\/\/novalaw.unl.pt\/wp-content\/uploads\/2021\/02\/logo-novalaw.svg","contentUrl":"https:\/\/novalaw.unl.pt\/wp-content\/uploads\/2021\/02\/logo-novalaw.svg","width":991,"height":424,"caption":"NOVA School of Law"},"image":{"@id":"https:\/\/novalaw.unl.pt\/#\/schema\/logo\/image\/"}}]}},"novalaw_begin_date":"2024-10-02","novalaw_begin_date_en":"","novalaw_text":"","novalaw_tag":"","novalaw_tag_en":"OTHERS","novalaw_link":"","novalaw_link_en":"https:\/\/novalaw.unl.pt\/en\/nova-school-of-law-career-days-2024\/","novalaw_end_date":"2024-10-02","novalaw_end_date_en":"","novalaw_date":"","novalaw_em_destaque":"true","novalaw_tag_src":"","lang":"","_links":{"self":[{"href":"https:\/\/novalaw.unl.pt\/en\/wp-json\/wp\/v2\/pages\/78280","targetHints":{"allow":["GET"]}}],"collection":[{"href":"https:\/\/novalaw.unl.pt\/en\/wp-json\/wp\/v2\/pages"}],"about":[{"href":"https:\/\/novalaw.unl.pt\/en\/wp-json\/wp\/v2\/types\/page"}],"author":[{"embeddable":true,"href":"https:\/\/novalaw.unl.pt\/en\/wp-json\/wp\/v2\/users\/2"}],"replies":[{"embeddable":true,"href":"https:\/\/novalaw.unl.pt\/en\/wp-json\/wp\/v2\/comments?post=78280"}],"version-history":[{"count":42,"href":"https:\/\/novalaw.unl.pt\/en\/wp-json\/wp\/v2\/pages\/78280\/revisions"}],"predecessor-version":[{"id":94799,"href":"https:\/\/novalaw.unl.pt\/en\/wp-json\/wp\/v2\/pages\/78280\/revisions\/94799"}],"wp:featuredmedia":[{"embeddable":true,"href":"https:\/\/novalaw.unl.pt\/en\/wp-json\/wp\/v2\/media\/77566"}],"wp:attachment":[{"href":"https:\/\/novalaw.unl.pt\/en\/wp-json\/wp\/v2\/media?parent=78280"}],"wp:term":[{"taxonomy":"category","embeddable":true,"href":"https:\/\/novalaw.unl.pt\/en\/wp-json\/wp\/v2\/categories?post=78280"},{"taxonomy":"post_tag","embeddable":true,"href":"https:\/\/novalaw.unl.pt\/en\/wp-json\/wp\/v2\/tags?post=78280"}],"curies":[{"name":"wp","href":"https:\/\/api.w.org\/{rel}","templated":true}]}}