{"id":7834,"date":"2021-10-01T14:56:37","date_gmt":"2021-10-01T14:56:37","guid":{"rendered":"https:\/\/novalaw.unl.pt\/?page_id=7834"},"modified":"2022-04-08T16:21:31","modified_gmt":"2022-04-08T16:21:31","slug":"teresa-pizarro-beleza","status":"publish","type":"page","link":"https:\/\/novalaw.unl.pt\/en\/teresa-pizarro-beleza\/","title":{"rendered":"Teresa Pizarro Beleza"},"content":{"rendered":"\t\t<div data-elementor-type=\"wp-page\" data-elementor-id=\"7834\" class=\"elementor elementor-7834\" data-elementor-settings=\"[]\">\n\t\t\t\t\t\t\t<div class=\"elementor-section-wrap\">\n\t\t\t\t\t\t\t<section class=\"elementor-section elementor-top-section elementor-element elementor-element-b8ffc6a elementor-section-height-min-height elementor-section-boxed elementor-section-height-default elementor-section-items-middle\" data-id=\"b8ffc6a\" data-element_type=\"section\">\n\t\t\t\t\t\t<div class=\"elementor-container elementor-column-gap-default\">\n\t\t\t\t\t<div class=\"elementor-column elementor-col-100 elementor-top-column elementor-element elementor-element-328bb00f\" data-id=\"328bb00f\" data-element_type=\"column\">\n\t\t\t<div class=\"elementor-widget-wrap elementor-element-populated\">\n\t\t\t\t\t\t\t\t<section class=\"elementor-section elementor-inner-section elementor-element elementor-element-374174dd elementor-section-boxed elementor-section-height-default elementor-section-height-default\" data-id=\"374174dd\" data-element_type=\"section\">\n\t\t\t\t\t\t<div class=\"elementor-container elementor-column-gap-default\">\n\t\t\t\t\t<div class=\"elementor-column elementor-col-50 elementor-inner-column elementor-element elementor-element-4635e15c\" data-id=\"4635e15c\" data-element_type=\"column\">\n\t\t\t<div class=\"elementor-widget-wrap elementor-element-populated\">\n\t\t\t\t\t\t\t\t<div class=\"elementor-element elementor-element-594258c1 elementor-widget elementor-widget-image\" data-id=\"594258c1\" data-element_type=\"widget\" data-widget_type=\"image.default\">\n\t\t\t\t<div class=\"elementor-widget-container\">\n\t\t\t\t\t\t\t\t\t\t\t\t\t\t\t<img loading=\"lazy\" decoding=\"async\" width=\"202\" height=\"202\" src=\"https:\/\/novalaw.unl.pt\/wp-content\/uploads\/2021\/08\/SITE_docentes-residentes-TERESA-BELEZA.jpg\" class=\"attachment-large size-large\" alt=\"\" srcset=\"https:\/\/novalaw.unl.pt\/wp-content\/uploads\/2021\/08\/SITE_docentes-residentes-TERESA-BELEZA.jpg 202w, https:\/\/novalaw.unl.pt\/wp-content\/uploads\/2021\/08\/SITE_docentes-residentes-TERESA-BELEZA-150x150.jpg 150w, https:\/\/novalaw.unl.pt\/wp-content\/uploads\/2021\/08\/SITE_docentes-residentes-TERESA-BELEZA-100x100.jpg 100w\" sizes=\"auto, (max-width: 202px) 100vw, 202px\" \/>\t\t\t\t\t\t\t\t\t\t\t\t\t\t\t<\/div>\n\t\t\t\t<\/div>\n\t\t\t\t\t<\/div>\n\t\t<\/div>\n\t\t\t\t<div class=\"elementor-column elementor-col-50 elementor-inner-column elementor-element elementor-element-2ab72935\" data-id=\"2ab72935\" data-element_type=\"column\">\n\t\t\t<div class=\"elementor-widget-wrap elementor-element-populated\">\n\t\t\t\t\t\t\t\t<div class=\"elementor-element elementor-element-101825a0 elementor-widget elementor-widget-heading\" data-id=\"101825a0\" data-element_type=\"widget\" data-widget_type=\"heading.default\">\n\t\t\t\t<div class=\"elementor-widget-container\">\n\t\t\t<h1 class=\"elementor-heading-title elementor-size-default\">Teresa Pizarro Beleza<\/h1>\t\t<\/div>\n\t\t\t\t<\/div>\n\t\t\t\t<div class=\"elementor-element elementor-element-7450820b elementor-widget elementor-widget-heading\" data-id=\"7450820b\" data-element_type=\"widget\" data-widget_type=\"heading.default\">\n\t\t\t\t<div class=\"elementor-widget-container\">\n\t\t\t<h3 class=\"elementor-heading-title elementor-size-default\">Full Professor, Retired<\/h3>\t\t<\/div>\n\t\t\t\t<\/div>\n\t\t\t\t<div class=\"elementor-element elementor-element-6a3dbf0 elementor-widget elementor-widget-ekit_wb_3521\" data-id=\"6a3dbf0\" data-element_type=\"widget\" data-widget_type=\"ekit_wb_3521.default\">\n\t\t\t\t<div class=\"elementor-widget-container\">\n\t\t\t<a href=\"mailto:tpb@novalaw.unl.pt\" style=\"vertical-align: middle;\n    display: flex;\">\n    <span><svg xmlns=\"http:\/\/www.w3.org\/2000\/svg\" width=\"32\" height=\"32\" viewBox=\"0 0 32 32\" fill=\"none\"><g clip-path=\"url(#clip0)\"><path fill-rule=\"evenodd\" clip-rule=\"evenodd\" d=\"M13.4915 0.197933C10.3659 0.694111 7.45756 2.10609 5.13445 4.25529C2.81134 6.40449 1.17778 9.19436 0.440381 12.272C-0.297019 15.3497 -0.105136 18.577 0.991764 21.5456C2.08866 24.5142 4.0413 27.0908 6.60272 28.9496C9.16413 30.8084 12.2193 31.8658 15.3817 31.9881C18.5441 32.1104 21.6718 31.2921 24.3691 29.6367C27.0664 27.9813 29.2122 25.5632 30.5351 22.6881C31.858 19.8131 32.2986 16.6103 31.8011 13.4849C31.1342 9.29534 28.8308 5.54213 25.3973 3.05051C21.9638 0.558883 17.6813 -0.467177 13.4915 0.197933ZM24.5524 9.24141L16.9002 16.8936C15.8915 17.8953 15.5089 17.8605 14.5698 16.8936C13.6306 15.9266 7.16803 9.15793 7.16803 9.15793L24.5524 9.24141ZM6.43759 10.2501L12.3854 16.2188L6.43759 22.1527V10.2501ZM7.34194 23.1405L13.2411 17.2136C13.2411 17.2136 13.8463 17.8049 14.4237 18.3197C15.6063 19.3771 16.2045 19.551 17.5472 18.3197L18.7576 17.2136L24.7263 23.1892L7.34194 23.1405ZM25.5193 22.1597L19.5228 16.191L25.5541 10.2571L25.5193 22.1597Z\" fill=\"black\"><\/path><\/g><defs><clipPath id=\"clip0\"><rect width=\"32\" height=\"32\" fill=\"white\"><\/rect><\/clipPath><\/defs><\/svg><\/span>\n    <span style=\"margin:5px\">tpb@novalaw.unl.pt<\/span><\/a>\n\t\t\t\t<\/div>\n\t\t\t\t<\/div>\n\t\t\t\t<div class=\"elementor-element elementor-element-3c1afde9 elementor-absolute elementor-widget elementor-widget-text-editor\" data-id=\"3c1afde9\" data-element_type=\"widget\" data-settings=\"{&quot;_position&quot;:&quot;absolute&quot;}\" data-widget_type=\"text-editor.default\">\n\t\t\t\t<div class=\"elementor-widget-container\">\n\t\t\t\t\t\t\t<p><span class=\"tab-click\" style=\"color: #dd0036; font-weight: bold;\" data-target=\"nota-biografica\">Biographical Note<\/span> | <span class=\"tab-click\" data-target=\"experiencia\"> Pedagogical Experience <\/span>| <span class=\"tab-click\" data-target=\"publicacoes\">Main Publications<\/span> | <span class=\"tab-click\" data-target=\"investigacao\">Research Areas<\/span><\/p>\t\t\t\t\t\t<\/div>\n\t\t\t\t<\/div>\n\t\t\t\t\t<\/div>\n\t\t<\/div>\n\t\t\t\t\t\t\t<\/div>\n\t\t<\/section>\n\t\t\t\t\t<\/div>\n\t\t<\/div>\n\t\t\t\t\t\t\t<\/div>\n\t\t<\/section>\n\t\t\t\t<section class=\"elementor-section elementor-top-section elementor-element elementor-element-12cc563f elementor-section-boxed elementor-section-height-default elementor-section-height-default\" data-id=\"12cc563f\" data-element_type=\"section\">\n\t\t\t\t\t\t<div class=\"elementor-container elementor-column-gap-default\">\n\t\t\t\t\t<div class=\"elementor-column elementor-col-100 elementor-top-column elementor-element elementor-element-6aa9746b\" data-id=\"6aa9746b\" data-element_type=\"column\">\n\t\t\t<div class=\"elementor-widget-wrap elementor-element-populated\">\n\t\t\t\t\t\t\t\t<div class=\"elementor-element elementor-element-23089dfe tabs-novalaw elementor-widget elementor-widget-text-editor\" data-id=\"23089dfe\" data-element_type=\"widget\" id=\"nota-biografica\" data-widget_type=\"text-editor.default\">\n\t\t\t\t<div class=\"elementor-widget-container\">\n\t\t\t\t\t\t\t<p class=\"p1\"><span class=\"s1\">Teresa Pizarro Beleza is a Full Professor at NOVA School of Law, NOVA University, Lisbon.<\/span><\/p><p class=\"p1\"><span class=\"s1\">She graduated in Law from the University of Coimbra in 1976. She was admitted as an Assistant Professor by public tender in all areas at the Faculty of Law of the University of Lisbon in 1977, being assigned to the group of Legal Sciences (Criminal Law). She taught in this area (Penal, Special Penal, Criminal Procedure, Criminology) for almost twenty years. She obtained the degree of MPhil in Criminology, Cantab. at Cambridge University in 1982, as a JNICT and Calouste Gulbenkian Foundation scholarship holder. She obtained her PhD in Legal Sciences (Criminal Law) in 1993. Her PhD dissertation was a heterodox critical feminist opening to Criminal Law and the legal construction of gender social relations, a subject that would be taken up again in teaching at NOVA (discipline inaugurated in 1998-1999), in Venice (European Masters in Human Rights) and Coimbra (Post-graduation in Human Rights) and in many publications, including that which formed the basis of her \u2018<\/span><span class=\"s2\">agrega\u00e7\u00e3o\u2019\u00a0<\/span><span class=\"s1\">exams, which took place in 2008. Many investigations within and outside the strict legal area have followed this academic path, referring to the pioneering work carried out in this context.<\/span><\/p><p class=\"p1\"><span class=\"s1\">Since 1993 she has been an Assistant Professor at the Faculty of Law of the University of Lisbon.<\/span><\/p><p class=\"p1\"><span class=\"s1\">In 1998 she moved to the Faculty of Law of the NOVA University, then recently created by the initiative of Professor Freitas do Amaral, who invited her insistently to join the new school that set out to challenge the traditional stagnation of legal studies in Portugal. In 2000 she passed the competition for Associate Professor at NOVA and in 2010 for Full Professor.<\/span><\/p><p class=\"p1\"><span class=\"s1\">Between 2009 and 2018 she served as Director and President of the Pedagogical Council of the Faculty of Law, where she was responsible for the Erasmus Programme and the PhD in Law for many years. Since 2000 she has represented NOVA University in the Global Campus of Human Rights (ex-EIUC). She has participated as representative of the European Union in Human Rights Dialogues with the People\u2019s Republic of China and the Islamic Republic of Iran. She served a four-year term as a member elected by reference from Portugal in the CPT (Committee for the Prevention of Torture) of the Council of Europe, based in Strasbourg, carrying out missions to monitor the conditions of detention under public authority in several countries, under the European Convention for the Prevention of Torture and Inhuman and Degrading Treatment or Punishment (1987).<\/span><\/p><p class=\"p1\"><span class=\"s1\">In 2014 she joined several colleagues from other Organic Units of NOVA University to build a new PhD in Globalisation Studies, funded by FCT, which started in October 2015. In 2018 she took over the coordination of the new PhD in Gender Studies, a joint venture between Universidade NOVA and the University of Lisbon, together with An\u00e1lia Torres (ISCSP) and Manuel Lisboa (NOVA-FCSH).<\/span><\/p>\t\t\t\t\t\t<\/div>\n\t\t\t\t<\/div>\n\t\t\t\t<div class=\"elementor-element elementor-element-33d258c0 tabs-novalaw elementor-widget elementor-widget-text-editor\" data-id=\"33d258c0\" data-element_type=\"widget\" id=\"experiencia\" data-widget_type=\"text-editor.default\">\n\t\t\t\t<div class=\"elementor-widget-container\">\n\t\t\t\t\t\t\t<div class=\"comp-corpo-docente\"><div><div class=\"border border-black p-8 wysiwyg\"><p class=\"p1\"><strong><span class=\"s1\">Bachelor\u2019s degree (1st Cycle):<\/span><\/strong><\/p><ul><li class=\"p1\"><span class=\"s2\">Criminal Law Theory<\/span><\/li><li class=\"p1\"><span class=\"s2\">Theory of Crime<\/span><\/li><li class=\"p1\"><span class=\"s2\">Criminology<\/span><\/li><li class=\"p1\"><span class=\"s2\">Criminal Procedural Law<\/span><\/li><li class=\"p1\"><span class=\"s2\">Special Criminal Law<\/span><\/li><li class=\"p1\"><span class=\"s2\">Social Equality Law<\/span><\/li><\/ul><p class=\"p1\"><strong><span class=\"s1\">PhD (3rd Cycle):<\/span><\/strong><\/p><ul><li class=\"p1\"><span class=\"s2\">Criminal Law<\/span><\/li><li class=\"p1\"><span class=\"s2\">Human Rights<\/span><\/li><\/ul><\/div><\/div><\/div>\t\t\t\t\t\t<\/div>\n\t\t\t\t<\/div>\n\t\t\t\t<div class=\"elementor-element elementor-element-65fd1241 tabs-novalaw elementor-widget elementor-widget-text-editor\" data-id=\"65fd1241\" data-element_type=\"widget\" id=\"publicacoes\" data-widget_type=\"text-editor.default\">\n\t\t\t\t<div class=\"elementor-widget-container\">\n\t\t\t\t\t\t\t<ul><li class=\"p1\"><span class=\"s1\">Teresa Pizarro Beleza (2019) \u00abOlympe de Gouges\u00bb in Kasey McCall-Smith, Jan Wouters, Felipe G\u00f3mez Isa, eds (2019) <i>Faces of Human Rights<\/i>, Hart Publishing. <\/span><\/li><li class=\"p2\"><span class=\"s1\">Teresa Pizarro Beleza (2016) \u00ab\u2018Consent \u2013 It\u2019s as Simple as Tea\u2019 &#8211; Notas sobre a relev\u00e2ncia do dissentimento nos crimes sexuais, em especial na viola\u00e7\u00e3o\u00bb in <i>A Conven\u00e7\u00e3o de Istambul e Novas Leis Penais<\/i>, Porto, UCP. <\/span><\/li><li class=\"p2\"><span class=\"s1\">Teresa Pizarro Beleza (2015) \u00abGender Issues, Equality And Human Rights. Some Thoughts and Cautionary Notes\u00bb in CIEG, <i>Estudos de G\u00e9nero, Perspectivas multidisciplinares<\/i>. <\/span><\/li><li class=\"p2\"><span class=\"s1\">Pizarro Beleza, Teresa; Pereira de Melo, Helena \/ Portugal: \u00ab\u2018Tropical Versailles\u2019 in the Beginning of the Nineteenth Century\u00bb in <i>First Fundamental Rights Documents in Europe : Commemorating 800 Years of Magna Carta<\/i>. ed. \/ Markku Suksi; Kalliope Agapiou-Josephides; Jean-Paul Lehners; Manfred Nowak . Intersentia, 2015. p. 175-184. <\/span><\/li><li class=\"p2\"><span class=\"s1\">Teresa Pizarro Beleza (2013) \u00abWomen&#8217;s Rights in International Law\u00bb, in Gender Violence in Armed Conflicts, cadernos Instituto de Defesa Nacional, Lx. a. Online at <a href=\"http:\/\/www.ces.uc.pt\/myces\/UserFiles\/livros\/1097_idncaderno_11.pdf\"><span class=\"s2\">http:\/\/www.ces.uc.pt\/myces\/UserFiles\/livros\/1097_idncaderno_11.pdf<\/span><\/a>\u00a0<\/span><\/li><li class=\"p2\"><span class=\"s1\">Teresa Pizarro Beleza (2011) &#8220;Legislating security, outlawing fear&#8221;, in Luzius Mader and Marta Tavares de Almeida, eds, (2011), Quality of legislation &#8211; Principles and instruments, Nomos. <\/span><\/li><li class=\"p2\"><span class=\"s1\">Teresa Pizarro Beleza (2010), <i>Direito das Mulheres e da Igualdade Social &#8211; A Constru\u00e7\u00e3o Jur\u00eddica das Rela\u00e7\u00f5es de G\u00e9nero<\/i>, Coimbra, Almedina. <\/span><\/li><li class=\"p2\"><span class=\"s1\">Costa Pinto, Frederico; Pizarro Beleza, Teresa (2010) \u00abA prova criminal e as garantias de defesa: linhas de leitura e pontos de tens\u00e3o\u00bb in <i>Prova criminal e direito de defesa: estudos sobre teoria da prova e garantias de defesa em processo penal<\/i>. Coimbra : Almedina.<\/span><\/li><\/ul>\t\t\t\t\t\t<\/div>\n\t\t\t\t<\/div>\n\t\t\t\t<div class=\"elementor-element elementor-element-14d8ef85 tabs-novalaw elementor-widget elementor-widget-text-editor\" data-id=\"14d8ef85\" data-element_type=\"widget\" id=\"investigacao\" data-widget_type=\"text-editor.default\">\n\t\t\t\t<div class=\"elementor-widget-container\">\n\t\t\t\t\t\t\t<ul><li class=\"p1\"><span class=\"s1\">Human Rights<\/span><\/li><li class=\"p1\"><span class=\"s1\">Discrimination and Equality<\/span><\/li><li class=\"p1\"><span class=\"s1\">Gender Relations<\/span><\/li><li class=\"p1\"><span class=\"s1\">Penal Policies and Legislation<\/span><\/li><li class=\"p1\"><span class=\"s1\">Criminal Punishment and Prison Issues<\/span><\/li><\/ul>\t\t\t\t\t\t<\/div>\n\t\t\t\t<\/div>\n\t\t\t\t\t<\/div>\n\t\t<\/div>\n\t\t\t\t\t\t\t<\/div>\n\t\t<\/section>\n\t\t\t\t<section class=\"elementor-section elementor-top-section elementor-element elementor-element-b2f5c17 elementor-section-boxed elementor-section-height-default elementor-section-height-default\" data-id=\"b2f5c17\" data-element_type=\"section\">\n\t\t\t\t\t\t<div class=\"elementor-container elementor-column-gap-default\">\n\t\t\t\t\t<div class=\"elementor-column elementor-col-100 elementor-top-column elementor-element elementor-element-da8c96a\" data-id=\"da8c96a\" data-element_type=\"column\" data-settings=\"{&quot;background_background&quot;:&quot;classic&quot;}\">\n\t\t\t<div class=\"elementor-widget-wrap elementor-element-populated\">\n\t\t\t\t\t\t\t\t<section class=\"elementor-section elementor-inner-section elementor-element elementor-element-3de1aea elementor-section-boxed elementor-section-height-default elementor-section-height-default\" data-id=\"3de1aea\" data-element_type=\"section\">\n\t\t\t\t\t\t<div class=\"elementor-container elementor-column-gap-default\">\n\t\t\t\t\t<div class=\"elementor-column elementor-col-50 elementor-inner-column elementor-element elementor-element-c34a984\" data-id=\"c34a984\" data-element_type=\"column\">\n\t\t\t<div class=\"elementor-widget-wrap elementor-element-populated\">\n\t\t\t\t\t\t\t\t<div class=\"elementor-element elementor-element-3d0da58 elementor-widget elementor-widget-text-editor\" data-id=\"3d0da58\" data-element_type=\"widget\" data-widget_type=\"text-editor.default\">\n\t\t\t\t<div class=\"elementor-widget-container\">\n\t\t\t\t\t\t\t\t\t\t\t\t\t<\/div>\n\t\t\t\t<\/div>\n\t\t\t\t\t<\/div>\n\t\t<\/div>\n\t\t\t\t<div class=\"elementor-column elementor-col-50 elementor-inner-column elementor-element elementor-element-5528b15\" data-id=\"5528b15\" data-element_type=\"column\">\n\t\t\t<div class=\"elementor-widget-wrap elementor-element-populated\">\n\t\t\t\t\t\t\t\t<div class=\"elementor-element elementor-element-055edcd elementor-widget elementor-widget-text-editor\" data-id=\"055edcd\" data-element_type=\"widget\" data-widget_type=\"text-editor.default\">\n\t\t\t\t<div class=\"elementor-widget-container\">\n\t\t\t\t\t\t\t<p><a href=\"https:\/\/novaresearch.unl.pt\/en\/persons\/teresa-pizarro-beleza\"><strong style=\"font-style: inherit;\">NOVA Research Portal<\/strong><\/a><br \/><a href=\"https:\/\/www.linkedin.com\/in\/teresa-pizarro-beleza-5b085937\/\"><strong>Linkedin<\/strong><\/a><\/p>\t\t\t\t\t\t<\/div>\n\t\t\t\t<\/div>\n\t\t\t\t\t<\/div>\n\t\t<\/div>\n\t\t\t\t\t\t\t<\/div>\n\t\t<\/section>\n\t\t\t\t\t<\/div>\n\t\t<\/div>\n\t\t\t\t\t\t\t<\/div>\n\t\t<\/section>\n\t\t\t\t<section class=\"elementor-section elementor-top-section elementor-element elementor-element-56a19763 elementor-section-height-min-height elementor-section-boxed elementor-section-height-default elementor-section-items-middle\" data-id=\"56a19763\" data-element_type=\"section\">\n\t\t\t\t\t\t<div class=\"elementor-container elementor-column-gap-default\">\n\t\t\t\t\t<div class=\"elementor-column elementor-col-100 elementor-top-column elementor-element elementor-element-20d47838\" data-id=\"20d47838\" data-element_type=\"column\">\n\t\t\t<div class=\"elementor-widget-wrap\">\n\t\t\t\t\t\t\t\t\t<\/div>\n\t\t<\/div>\n\t\t\t\t\t\t\t<\/div>\n\t\t<\/section>\n\t\t\t\t\t\t<\/div>\n\t\t\t\t\t<\/div>\n\t\t","protected":false},"excerpt":{"rendered":"<p>Teresa Pizarro Beleza Full Professor, Retired tpb@novalaw.unl.pt Biographical Note | Pedagogical Experience | Main Publications | Research Areas Teresa Pizarro Beleza is a Full Professor at NOVA School of Law, NOVA University, Lisbon. She graduated in Law from the University of Coimbra in 1976. She was admitted as an Assistant Professor by public tender in &hellip;<\/p>\n<p class=\"read-more\"> <a class=\"\" href=\"https:\/\/novalaw.unl.pt\/en\/teresa-pizarro-beleza\/\"> <span class=\"screen-reader-text\">Teresa Pizarro Beleza<\/span> Read More &raquo;<\/a><\/p>\n","protected":false},"author":2,"featured_media":0,"parent":0,"menu_order":112,"comment_status":"closed","ping_status":"closed","template":"","meta":{"footnotes":""},"categories":[],"tags":[],"class_list":["post-7834","page","type-page","status-publish","hentry"],"yoast_head":"<!-- This site is optimized with the Yoast SEO Premium plugin v27.4 (Yoast SEO v27.4) - https:\/\/yoast.com\/product\/yoast-seo-premium-wordpress\/ -->\n<title>Teresa Pizarro Beleza - NOVA School of Law | Faculdade de Direito da Universidade NOVA de Lisboa<\/title>\n<meta name=\"robots\" content=\"index, follow, max-snippet:-1, max-image-preview:large, max-video-preview:-1\" \/>\n<link rel=\"canonical\" href=\"https:\/\/novalaw.unl.pt\/en\/teresa-pizarro-beleza\/\" \/>\n<meta property=\"og:locale\" content=\"en_US\" \/>\n<meta property=\"og:type\" content=\"article\" \/>\n<meta property=\"og:title\" content=\"Teresa Pizarro Beleza\" \/>\n<meta property=\"og:description\" content=\"Teresa Pizarro Beleza Full Professor, Retired tpb@novalaw.unl.pt Biographical Note | Pedagogical Experience | Main Publications | Research Areas Teresa Pizarro Beleza is a Full Professor at NOVA School of Law, NOVA University, Lisbon. She graduated in Law from the University of Coimbra in 1976. She was admitted as an Assistant Professor by public tender in &hellip; Teresa Pizarro Beleza Read More &raquo;\" \/>\n<meta property=\"og:url\" content=\"https:\/\/novalaw.unl.pt\/en\/teresa-pizarro-beleza\/\" \/>\n<meta property=\"og:site_name\" content=\"NOVA School of Law | Faculdade de Direito da Universidade NOVA de Lisboa\" \/>\n<meta property=\"article:modified_time\" content=\"2022-04-08T16:21:31+00:00\" \/>\n<meta property=\"og:image\" content=\"https:\/\/novalaw.unl.pt\/wp-content\/uploads\/2021\/08\/SITE_docentes-residentes-TERESA-BELEZA.jpg\" \/>\n<meta name=\"twitter:card\" content=\"summary_large_image\" \/>\n<meta name=\"twitter:label1\" content=\"Est. reading time\" \/>\n\t<meta name=\"twitter:data1\" content=\"4 minutes\" \/>\n<script type=\"application\/ld+json\" class=\"yoast-schema-graph\">{\"@context\":\"https:\\\/\\\/schema.org\",\"@graph\":[{\"@type\":\"WebPage\",\"@id\":\"https:\\\/\\\/novalaw.unl.pt\\\/en\\\/teresa-pizarro-beleza\\\/\",\"url\":\"https:\\\/\\\/novalaw.unl.pt\\\/en\\\/teresa-pizarro-beleza\\\/\",\"name\":\"Teresa Pizarro Beleza - NOVA School of Law | Faculdade de Direito da Universidade NOVA de Lisboa\",\"isPartOf\":{\"@id\":\"https:\\\/\\\/novalaw.unl.pt\\\/#website\"},\"primaryImageOfPage\":{\"@id\":\"https:\\\/\\\/novalaw.unl.pt\\\/en\\\/teresa-pizarro-beleza\\\/#primaryimage\"},\"image\":{\"@id\":\"https:\\\/\\\/novalaw.unl.pt\\\/en\\\/teresa-pizarro-beleza\\\/#primaryimage\"},\"thumbnailUrl\":\"https:\\\/\\\/novalaw.unl.pt\\\/wp-content\\\/uploads\\\/2021\\\/08\\\/SITE_docentes-residentes-TERESA-BELEZA.jpg\",\"datePublished\":\"2021-10-01T14:56:37+00:00\",\"dateModified\":\"2022-04-08T16:21:31+00:00\",\"breadcrumb\":{\"@id\":\"https:\\\/\\\/novalaw.unl.pt\\\/en\\\/teresa-pizarro-beleza\\\/#breadcrumb\"},\"inLanguage\":\"en-US\",\"potentialAction\":[{\"@type\":\"ReadAction\",\"target\":[\"https:\\\/\\\/novalaw.unl.pt\\\/en\\\/teresa-pizarro-beleza\\\/\"]}]},{\"@type\":\"ImageObject\",\"inLanguage\":\"en-US\",\"@id\":\"https:\\\/\\\/novalaw.unl.pt\\\/en\\\/teresa-pizarro-beleza\\\/#primaryimage\",\"url\":\"https:\\\/\\\/novalaw.unl.pt\\\/wp-content\\\/uploads\\\/2021\\\/08\\\/SITE_docentes-residentes-TERESA-BELEZA.jpg\",\"contentUrl\":\"https:\\\/\\\/novalaw.unl.pt\\\/wp-content\\\/uploads\\\/2021\\\/08\\\/SITE_docentes-residentes-TERESA-BELEZA.jpg\"},{\"@type\":\"BreadcrumbList\",\"@id\":\"https:\\\/\\\/novalaw.unl.pt\\\/en\\\/teresa-pizarro-beleza\\\/#breadcrumb\",\"itemListElement\":[{\"@type\":\"ListItem\",\"position\":1,\"name\":\"Home\",\"item\":\"https:\\\/\\\/novalaw.unl.pt\\\/en\\\/\"},{\"@type\":\"ListItem\",\"position\":2,\"name\":\"Teresa Pizarro Beleza\"}]},{\"@type\":\"WebSite\",\"@id\":\"https:\\\/\\\/novalaw.unl.pt\\\/#website\",\"url\":\"https:\\\/\\\/novalaw.unl.pt\\\/\",\"name\":\"NOVA School of Law | Faculdade de Direito da Universidade NOVA de Lisboa\",\"description\":\"NOVA School Of Law\",\"publisher\":{\"@id\":\"https:\\\/\\\/novalaw.unl.pt\\\/#organization\"},\"potentialAction\":[{\"@type\":\"SearchAction\",\"target\":{\"@type\":\"EntryPoint\",\"urlTemplate\":\"https:\\\/\\\/novalaw.unl.pt\\\/?s={search_term_string}\"},\"query-input\":{\"@type\":\"PropertyValueSpecification\",\"valueRequired\":true,\"valueName\":\"search_term_string\"}}],\"inLanguage\":\"en-US\"},{\"@type\":\"Organization\",\"@id\":\"https:\\\/\\\/novalaw.unl.pt\\\/#organization\",\"name\":\"NOVA School of Law\",\"url\":\"https:\\\/\\\/novalaw.unl.pt\\\/\",\"logo\":{\"@type\":\"ImageObject\",\"inLanguage\":\"en-US\",\"@id\":\"https:\\\/\\\/novalaw.unl.pt\\\/#\\\/schema\\\/logo\\\/image\\\/\",\"url\":\"https:\\\/\\\/novalaw.unl.pt\\\/wp-content\\\/uploads\\\/2021\\\/02\\\/logo-novalaw.svg\",\"contentUrl\":\"https:\\\/\\\/novalaw.unl.pt\\\/wp-content\\\/uploads\\\/2021\\\/02\\\/logo-novalaw.svg\",\"width\":991,\"height\":424,\"caption\":\"NOVA School of Law\"},\"image\":{\"@id\":\"https:\\\/\\\/novalaw.unl.pt\\\/#\\\/schema\\\/logo\\\/image\\\/\"}}]}<\/script>\n<!-- \/ Yoast SEO Premium plugin. -->","yoast_head_json":{"title":"Teresa Pizarro Beleza - NOVA School of Law | Faculdade de Direito da Universidade NOVA de Lisboa","robots":{"index":"index","follow":"follow","max-snippet":"max-snippet:-1","max-image-preview":"max-image-preview:large","max-video-preview":"max-video-preview:-1"},"canonical":"https:\/\/novalaw.unl.pt\/en\/teresa-pizarro-beleza\/","og_locale":"en_US","og_type":"article","og_title":"Teresa Pizarro Beleza","og_description":"Teresa Pizarro Beleza Full Professor, Retired tpb@novalaw.unl.pt Biographical Note | Pedagogical Experience | Main Publications | Research Areas Teresa Pizarro Beleza is a Full Professor at NOVA School of Law, NOVA University, Lisbon. She graduated in Law from the University of Coimbra in 1976. She was admitted as an Assistant Professor by public tender in &hellip; Teresa Pizarro Beleza Read More &raquo;","og_url":"https:\/\/novalaw.unl.pt\/en\/teresa-pizarro-beleza\/","og_site_name":"NOVA School of Law | Faculdade de Direito da Universidade NOVA de Lisboa","article_modified_time":"2022-04-08T16:21:31+00:00","og_image":[{"url":"https:\/\/novalaw.unl.pt\/wp-content\/uploads\/2021\/08\/SITE_docentes-residentes-TERESA-BELEZA.jpg","type":"","width":"","height":""}],"twitter_card":"summary_large_image","twitter_misc":{"Est. reading time":"4 minutes"},"schema":{"@context":"https:\/\/schema.org","@graph":[{"@type":"WebPage","@id":"https:\/\/novalaw.unl.pt\/en\/teresa-pizarro-beleza\/","url":"https:\/\/novalaw.unl.pt\/en\/teresa-pizarro-beleza\/","name":"Teresa Pizarro Beleza - NOVA School of Law | Faculdade de Direito da Universidade NOVA de Lisboa","isPartOf":{"@id":"https:\/\/novalaw.unl.pt\/#website"},"primaryImageOfPage":{"@id":"https:\/\/novalaw.unl.pt\/en\/teresa-pizarro-beleza\/#primaryimage"},"image":{"@id":"https:\/\/novalaw.unl.pt\/en\/teresa-pizarro-beleza\/#primaryimage"},"thumbnailUrl":"https:\/\/novalaw.unl.pt\/wp-content\/uploads\/2021\/08\/SITE_docentes-residentes-TERESA-BELEZA.jpg","datePublished":"2021-10-01T14:56:37+00:00","dateModified":"2022-04-08T16:21:31+00:00","breadcrumb":{"@id":"https:\/\/novalaw.unl.pt\/en\/teresa-pizarro-beleza\/#breadcrumb"},"inLanguage":"en-US","potentialAction":[{"@type":"ReadAction","target":["https:\/\/novalaw.unl.pt\/en\/teresa-pizarro-beleza\/"]}]},{"@type":"ImageObject","inLanguage":"en-US","@id":"https:\/\/novalaw.unl.pt\/en\/teresa-pizarro-beleza\/#primaryimage","url":"https:\/\/novalaw.unl.pt\/wp-content\/uploads\/2021\/08\/SITE_docentes-residentes-TERESA-BELEZA.jpg","contentUrl":"https:\/\/novalaw.unl.pt\/wp-content\/uploads\/2021\/08\/SITE_docentes-residentes-TERESA-BELEZA.jpg"},{"@type":"BreadcrumbList","@id":"https:\/\/novalaw.unl.pt\/en\/teresa-pizarro-beleza\/#breadcrumb","itemListElement":[{"@type":"ListItem","position":1,"name":"Home","item":"https:\/\/novalaw.unl.pt\/en\/"},{"@type":"ListItem","position":2,"name":"Teresa Pizarro Beleza"}]},{"@type":"WebSite","@id":"https:\/\/novalaw.unl.pt\/#website","url":"https:\/\/novalaw.unl.pt\/","name":"NOVA School of Law | Faculdade de Direito da Universidade NOVA de Lisboa","description":"NOVA School Of Law","publisher":{"@id":"https:\/\/novalaw.unl.pt\/#organization"},"potentialAction":[{"@type":"SearchAction","target":{"@type":"EntryPoint","urlTemplate":"https:\/\/novalaw.unl.pt\/?s={search_term_string}"},"query-input":{"@type":"PropertyValueSpecification","valueRequired":true,"valueName":"search_term_string"}}],"inLanguage":"en-US"},{"@type":"Organization","@id":"https:\/\/novalaw.unl.pt\/#organization","name":"NOVA School of Law","url":"https:\/\/novalaw.unl.pt\/","logo":{"@type":"ImageObject","inLanguage":"en-US","@id":"https:\/\/novalaw.unl.pt\/#\/schema\/logo\/image\/","url":"https:\/\/novalaw.unl.pt\/wp-content\/uploads\/2021\/02\/logo-novalaw.svg","contentUrl":"https:\/\/novalaw.unl.pt\/wp-content\/uploads\/2021\/02\/logo-novalaw.svg","width":991,"height":424,"caption":"NOVA School of Law"},"image":{"@id":"https:\/\/novalaw.unl.pt\/#\/schema\/logo\/image\/"}}]}},"novalaw_begin_date":"","novalaw_begin_date_en":"","novalaw_text":"","novalaw_tag":"","novalaw_tag_en":"","novalaw_link":"","novalaw_link_en":"","novalaw_end_date":"","novalaw_end_date_en":"","novalaw_date":"","novalaw_em_destaque":"","novalaw_tag_src":"","lang":"","_links":{"self":[{"href":"https:\/\/novalaw.unl.pt\/en\/wp-json\/wp\/v2\/pages\/7834","targetHints":{"allow":["GET"]}}],"collection":[{"href":"https:\/\/novalaw.unl.pt\/en\/wp-json\/wp\/v2\/pages"}],"about":[{"href":"https:\/\/novalaw.unl.pt\/en\/wp-json\/wp\/v2\/types\/page"}],"author":[{"embeddable":true,"href":"https:\/\/novalaw.unl.pt\/en\/wp-json\/wp\/v2\/users\/2"}],"replies":[{"embeddable":true,"href":"https:\/\/novalaw.unl.pt\/en\/wp-json\/wp\/v2\/comments?post=7834"}],"version-history":[{"count":7,"href":"https:\/\/novalaw.unl.pt\/en\/wp-json\/wp\/v2\/pages\/7834\/revisions"}],"predecessor-version":[{"id":13868,"href":"https:\/\/novalaw.unl.pt\/en\/wp-json\/wp\/v2\/pages\/7834\/revisions\/13868"}],"wp:attachment":[{"href":"https:\/\/novalaw.unl.pt\/en\/wp-json\/wp\/v2\/media?parent=7834"}],"wp:term":[{"taxonomy":"category","embeddable":true,"href":"https:\/\/novalaw.unl.pt\/en\/wp-json\/wp\/v2\/categories?post=7834"},{"taxonomy":"post_tag","embeddable":true,"href":"https:\/\/novalaw.unl.pt\/en\/wp-json\/wp\/v2\/tags?post=7834"}],"curies":[{"name":"wp","href":"https:\/\/api.w.org\/{rel}","templated":true}]}}