{"id":7940,"date":"2021-10-01T16:07:42","date_gmt":"2021-10-01T16:07:42","guid":{"rendered":"https:\/\/novalaw.unl.pt\/?page_id=7940"},"modified":"2024-06-12T17:39:38","modified_gmt":"2024-06-12T17:39:38","slug":"research-projects-2","status":"publish","type":"page","link":"https:\/\/novalaw.unl.pt\/en\/research-projects-2\/","title":{"rendered":"Research Projects"},"content":{"rendered":"\t\t<div data-elementor-type=\"wp-page\" data-elementor-id=\"7940\" class=\"elementor elementor-7940\" data-elementor-settings=\"[]\">\n\t\t\t\t\t\t\t<div class=\"elementor-section-wrap\">\n\t\t\t\t\t\t\t<section class=\"elementor-section elementor-top-section elementor-element elementor-element-684f7c7 elementor-section-boxed elementor-section-height-default elementor-section-height-default\" data-id=\"684f7c7\" data-element_type=\"section\" data-settings=\"{&quot;background_background&quot;:&quot;classic&quot;}\">\n\t\t\t\t\t\t<div class=\"elementor-container elementor-column-gap-default\">\n\t\t\t\t\t<div class=\"elementor-column elementor-col-100 elementor-top-column elementor-element elementor-element-657a3c9\" data-id=\"657a3c9\" data-element_type=\"column\">\n\t\t\t<div class=\"elementor-widget-wrap elementor-element-populated\">\n\t\t\t\t\t\t\t\t<div class=\"elementor-element elementor-element-654e48d elementor-widget elementor-widget-heading\" data-id=\"654e48d\" data-element_type=\"widget\" data-widget_type=\"heading.default\">\n\t\t\t\t<div class=\"elementor-widget-container\">\n\t\t\t<div class=\"elementor-heading-title elementor-size-default\">Research<\/div>\t\t<\/div>\n\t\t\t\t<\/div>\n\t\t\t\t<div class=\"elementor-element elementor-element-27910c4 elementor-widget elementor-widget-heading\" data-id=\"27910c4\" data-element_type=\"widget\" data-widget_type=\"heading.default\">\n\t\t\t\t<div class=\"elementor-widget-container\">\n\t\t\t<h1 class=\"elementor-heading-title elementor-size-default\">Research Projects<\/h1>\t\t<\/div>\n\t\t\t\t<\/div>\n\t\t\t\t\t<\/div>\n\t\t<\/div>\n\t\t\t\t\t\t\t<\/div>\n\t\t<\/section>\n\t\t\t\t<section class=\"elementor-section elementor-top-section elementor-element elementor-element-bbe7ed0 elementor-section-boxed elementor-section-height-default elementor-section-height-default\" data-id=\"bbe7ed0\" data-element_type=\"section\">\n\t\t\t\t\t\t<div class=\"elementor-container elementor-column-gap-default\">\n\t\t\t\t\t<div class=\"elementor-column elementor-col-100 elementor-top-column elementor-element elementor-element-294b991\" data-id=\"294b991\" data-element_type=\"column\">\n\t\t\t<div class=\"elementor-widget-wrap elementor-element-populated\">\n\t\t\t\t\t\t\t\t<div class=\"elementor-element elementor-element-06c7a31 elementor-widget elementor-widget-text-editor\" data-id=\"06c7a31\" data-element_type=\"widget\" data-widget_type=\"text-editor.default\">\n\t\t\t\t<div class=\"elementor-widget-container\">\n\t\t\t\t\t\t\t<h3><strong>Users TCP GO-P2P Project: Global Observatory on Peer-to-Peer, Community Self-Consumption, and Transactive Energy Models<\/strong><\/h3><div><strong>\u00a0<\/strong><\/div><p>The <strong>Global Observatory (GO-P2P)<\/strong> is a <strong>forum for international collaboration to understand<\/strong> <strong>the policy, regulatory, social and technological conditions<\/strong> necessary to support the wider deployment of peer-to-peer (P2P), community\/collective self-consumption (CSC) and transactive energy (TE) models. <strong>GO-P2P<\/strong> takes a multi-disciplinary approach to studying P2P\/TE\/CSC models and is structured into<strong> five sub-tasks<\/strong>, each led by l<strong>eading institutions in the field<\/strong>. Participants, now more than 200, are from <strong>academia<\/strong>, <strong>industry<\/strong> and <strong>non-profits<\/strong>. There has been a high level of collaboration between them so far.<\/p><p><strong>Duration:\u00a0<\/strong>5 years (From September 2019 to August 2024), in which NOVA School of Law joined as subtask leader 5 in February 2023<\/p><p><strong>Coordination:\u00a0<\/strong><a href=\"https:\/\/www.ucl.ac.uk\/bartlett\/energy\/people\/prof-david-shipworth\">David Shipworth<\/a> (University College London as project leader) | <a href=\"https:\/\/novalaw.unl.pt\/lucila-de-almeida\/\">Lucila de Almeida<\/a> (NOVA School Law as subtask leader 5)<\/p><p><strong style=\"font-style: inherit; color: var( --e-global-color-text );\">Institutions:<\/strong><span style=\"font-style: inherit; font-weight: inherit; color: var( --e-global-color-text );\"><a href=\"https:\/\/www.ucl.ac.uk\/\"> University College London<\/a>, UK (project leader) | <a href=\"https:\/\/www.hslu.ch\/en\/\">Lucerne University of Applied Sciences and Arts<\/a>, Switzerland (subtask leader 1 \u2013 Power systems integration) | <a href=\"https:\/\/www.ierc.ie\/\">International Energy Research Centre<\/a>, Ireland (subtask leader 2 \u2013 Hardware Software &amp; data) | <a href=\"https:\/\/www.ucdenver.edu\/\">University of Colorado Denver<\/a>, United States (subtask leader 3 \u2013 transactions and markets | <a href=\"https:\/\/www.ucdenver.edu\/\">University of Colorado Denver<\/a>, Australia, and <a href=\"https:\/\/www.tudelft.nl\/en\/\">Delft University of Technology<\/a> , Netherlands (subtask co-leader 4 \u2013 Economic and Social Value) | CEDIS\/NOVA School of Law, Portugal, and <a href=\"https:\/\/www.eui.eu\/en\/home\">European University Institute<\/a>\/<a href=\"https:\/\/fsr.eui.eu\/\">Florence School of Regulation<\/a>, Italy (subtask co-leader 5 \u2013 Policy and Regulation).\u00a0 \u00a0<\/span><\/p><p><span style=\"font-weight: bold;\">Funding entity:\u00a0<\/span>The project is hosted by\u00a0<a style=\"background-color: #ffffff;\" href=\"https:\/\/userstcp.org\/\">UsersTCP<\/a>\u00a0and supported by the<a href=\"https:\/\/www.dgeg.gov.pt\/pt\/areas-transversais\/relacoes-internacionais\/internacional\/agencia-internacional-de-energia-aie\/\"> International Energy Agency<\/a>. NOVA School of Law is one of the subtask leaders in the context of the\u00a0<a style=\"background-color: #ffffff;\" href=\"https:\/\/novalaw.unl.pt\/nova-green-lab\/\">NOVA Green Lab.<\/a><span style=\"font-style: inherit; font-weight: inherit; color: var( --e-global-color-text );\"><br \/><\/span><\/p><p><a href=\"https:\/\/userstcp.org\/global-observatory-on-peer-to-peer-trading-task\/\">For more information about the project, click here<\/a>\u00a0<\/p>\t\t\t\t\t\t<\/div>\n\t\t\t\t<\/div>\n\t\t\t\t<div class=\"elementor-element elementor-element-ac618ff elementor-widget elementor-widget-text-editor\" data-id=\"ac618ff\" data-element_type=\"widget\" data-widget_type=\"text-editor.default\">\n\t\t\t\t<div class=\"elementor-widget-container\">\n\t\t\t\t\t\t\t<h3><strong>Project Multiversity &#8211; White Paper on multiple and intersectional discrimination<\/strong><\/h3><div><strong>\u00a0<\/strong><\/div><p>The &#8216;Multiversity Project &#8211; White Paper on multiple and intersectional discrimination&#8217; aims to build a science-based recommendation, based on multidisciplinary knowledge, to level and harmonize anti-discrimination protections in Portugal, considering sequential, additive and intersectional multiple discrimination.<\/p><p>The focus will be on discrimination based on sex, racial\/ethnic origin, sexual orientation and gender identity and disability and taking into account the specific socio-economic consequences of each type of discrimination<\/p><p><strong>Duration: <\/strong>18 months (From September 1st, 2022, to February 29th, 2024)<\/p><p><strong>Coordination: <\/strong><a href=\"https:\/\/novalaw.unl.pt\/en\/margarida-lima-rego\/\">Margarida Lima Rego<\/a>\u00a0|\u00a0<a href=\"https:\/\/www.novasbe.unl.pt\/en\/faculty-research\/faculty\/faculty-detail\/id\/38\/paulo-corte-real\" target=\"_blank\" rel=\"noopener\">Paulo C\u00f4rte-Real<\/a><\/p><p><strong>Team:<\/strong>Margarida Lima Rego | Paulo C\u00f4rte-Real |\u00a0<a href=\"https:\/\/novalaw.unl.pt\/en\/veronica-corcodel\/\">Veronica Corcodel<\/a>\u00a0|\u00a0<a href=\"https:\/\/ciencia.iscte-iul.pt\/authors\/miguel-vale-de-almeida\/cv\" target=\"_blank\" rel=\"noopener\">Miguel Vale de Almeida<\/a>\u00a0|\u00a0<a href=\"https:\/\/www.linkedin.com\/in\/joana-brilhante-557b99b4\/\" target=\"_blank\" rel=\"noopener\">Joana Brilhante<\/a>\u00a0|\u00a0<a href=\"https:\/\/www.linkedin.com\/in\/mariajcresende\/\" target=\"_blank\" rel=\"noopener\">Maria Jo\u00e3o Resende<\/a><\/p><p><strong>Funding entity: \u00a0<\/strong>The project is financed by \u00a0<a href=\"https:\/\/www.eeagrants.gov.pt\/en\/\" target=\"_blank\" rel=\"noopener\">EEA Grants<\/a>, under the Conciliation and Gender Equality Programme, whose promoter is the \u00a0<a href=\"http:\/\/www.cig.gov.pt\/\" target=\"_blank\" rel=\"noopener\">Commission for Citizenship and Gender Equality<\/a>. It is promoted by NOVA School of Law in the context of the \u00a0<a href=\"https:\/\/novalaw.unl.pt\/en\/nova-data-driven-law\/\" target=\"_blank\" rel=\"noopener\">NOVA Knowledge Centre for Data-Driven Law.<\/a><\/p><p><strong>Partner Entity: <\/strong><a href=\"https:\/\/www.egalia.org\/\" target=\"_blank\" rel=\"noopener\">Egalia senter mot diskriminering<\/a><\/p><p><a href=\"https:\/\/novalaw.unl.pt\/projeto-multiversidade-livro-branco-sobre-discriminacao-multipla-e-interseccional\/\">For more information about the project, click here<\/a><\/p>\t\t\t\t\t\t<\/div>\n\t\t\t\t<\/div>\n\t\t\t\t<div class=\"elementor-element elementor-element-3c58c55 elementor-widget elementor-widget-text-editor\" data-id=\"3c58c55\" data-element_type=\"widget\" data-widget_type=\"text-editor.default\">\n\t\t\t\t<div class=\"elementor-widget-container\">\n\t\t\t\t\t\t\t<h3><strong>IN_SOLVENS: Insolvency Law in Portugal \u2013 A multidisciplinary Analysis<\/strong><\/h3><div><strong>\u00a0<\/strong><\/div><p>The Research Project \u00abIN_Solvens: Insolvency Law in Portugal \u2013 a multidisciplinary analysis\u00bb intends<strong>\u00a0to provide an overview of the causes that affect the length of insolvency proceedings and the reduced use of pre-insolvency mechanisms<\/strong>\u00a0for, in a second moment, present solutions that allow to alleviate or avoid the identified negative effects.<\/p><p><strong>Duration:\u00a0<\/strong>36 months (February 2021 to January 2024)<\/p><p><strong>Institutions:<\/strong>\u00a0NOVA School of Law\/CEDIS (Principal contractor) | ISCTE \u2013 Instituto Universit\u00e1rio de Lisboa\/CIES (Participating Institution)<\/p><p><strong>Coordenation:\u00a0<\/strong>Mariana Fran\u00e7a Gouveia (Principal Investigator \u2013 PI) | Jo\u00e3o Pedro Pinto-Ferreira (Co-PI)<\/p><p><strong>Research team:\u00a0<\/strong>Guilherme Brand\u00e3o | Higina Castelo | Patr\u00edcia Andr\u00e9 | Susana Santos | Teresa Violante<\/p><p><strong>Advisory board members:\u00a0<\/strong>Catarina Serra, Judge of the Supreme Court of Justice | Fernando Ta\u00ednhas, Law Judge at the Lisbon Commercial Court | Jorge Calvete, Judicial Administrator | Jos\u00e9 Lebre de Freitas, Professor and Lawyer | Gundar da Cruz, Lawyer<\/p><p><a class=\"bg-red text-white after-arrow btn inline-flex items-center mr-5\" href=\"https:\/\/cedis.novalaw.unl.pt\/in_solvens-o-direito-da-insolvencia-em-portugal-uma-analise-multidisciplinar\/?lang=en\" target=\"_blank\" rel=\"noopener noreferrer\">Site IN_SOLVENS | CEDIS<\/a><\/p>\t\t\t\t\t\t<\/div>\n\t\t\t\t<\/div>\n\t\t\t\t<div class=\"elementor-element elementor-element-10b263e elementor-hidden-desktop elementor-hidden-laptop elementor-hidden-tablet elementor-hidden-mobile elementor-widget elementor-widget-text-editor\" data-id=\"10b263e\" data-element_type=\"widget\" data-widget_type=\"text-editor.default\">\n\t\t\t\t<div class=\"elementor-widget-container\">\n\t\t\t\t\t\t\t<h3><strong>The Jean Monnet Module on European Union Data Protection Law in Portugal (DataporEU)<\/strong><\/h3><p>This European project aims to promote the teaching and study of Personal Data Protection Law in Portugal through the teaching of a master&#8217;s course, the publication of the Data Protection Yearbook and organization of webinars, conferences and workshops.<\/p><p><strong>Duration:<\/strong> 36 months (from 1 October, 2020 to 30 September, 2023)<\/p><p><strong>Institutions:<\/strong> NOVA School of Law\/CEDIS (Proponent Institution)<\/p><p><strong>Coordination:<\/strong> Francisco Pereira Coutinho<\/p><p><strong>Research Team:<\/strong> Gra\u00e7a Canto Moniz | Matheus Passos Silva | In\u00eas Oliveira | Ricardo Rodrigues de Oliveira | Martim Farinha | Rodrigo Ad\u00e3o da Fonseca | Diogo Brand\u00e3o | J\u00falia Magrani<\/p><p><a href=\"https:\/\/novalaw.unl.pt\/en\/modulo-jean-monnet\/\">The Jean Monnet Module<\/a> | <a href=\"https:\/\/protecaodedadosue.cedis.fd.unl.pt\/2021\/01\/11\/the-jean-monnet-module-on-european-union-data-protection-law-in-portugal-dataporeu\/#:~:text=and%20to%20companies%3F-,The%20Jean%20Monnet%20Module%20on%20European%20Union%20Data%20Protection%20Law,their%20rights%20and%20how%20to\">Project Website<\/a><\/p>\t\t\t\t\t\t<\/div>\n\t\t\t\t<\/div>\n\t\t\t\t<div class=\"elementor-element elementor-element-58c60be elementor-widget elementor-widget-text-editor\" data-id=\"58c60be\" data-element_type=\"widget\" data-widget_type=\"text-editor.default\">\n\t\t\t\t<div class=\"elementor-widget-container\">\n\t\t\t\t\t\t\t<h3><strong>TRACE \u2013 Tracking illicit money flows (TRACE)<\/strong><\/h3><div><strong>\u00a0<\/strong><\/div><p>As organised crime networks operate across orders, use legal loopholes and advanced technology, it is notoriously difficult to detect and trace hidden and illicit money flows. In TRACE, partners will co\u2010create innovative data management solutions combined with AI analytics to enhance the capabilities of law enforcement agencies in tracing and recovering illicit money flows and generating court\u2010proof e\u2010evidence.<\/p><p><strong>Duration: <\/strong> 36 months ( 1 July 2021 to 30 June 2024)<\/p><p><strong>Institutions: <\/strong>Coordinator: Coventry University (UK) &#8211; Participants: Trilateral Research (UK) |\u00a0AIT Austrian Institute of Technology (Austria) | Ertzaintza Basque local police (Spain) | NOVA University of Lisbon (Portugal) | Aston University (UK) | Tax Justice Network (UK) | CIN Consult (Austria) | Proflow (Austria) | PrivaNova (France) | Department of Policing at the University of Applied Sciences for Public Service in Bavaria (Germany) | Vicesse \u2013 Vienna Centre for Societal Security (Austria) | National Organised Crime Agency (Czech Republic) | FINOPZ (UK) | Tax and Customs Board (Estonia) | SYSTRAN (France) | Expert System Iberia (Spain)<\/p><p><strong>Coordination:<\/strong> Professor Umut Turksen, Coventry University (UK) | Professor Athina Sachoulidou, Principal investigator NOVA School of Law<\/p><p><strong>Funding:<\/strong> European Union | Horizon 2020 Programme | RIA \u2013 Research and Innovation action under Grant Agreement number 101022004_TRACE<\/p><h5><strong><br \/>Essay Competition 2024<\/strong><\/h5><p>The TRACE Consortium is pleased to announce the <strong>AI and Law Enforcement in Europe Essay Competition<\/strong>. On this occasion, the essay title is as follows: \u00abIn the context of the EU law (acquis communautaire), how can the law achieve a balance between protecting fundamental rights and the use of AI in law enforcement?\u00bb<\/p><p>The competition is<strong> open to any of the students on undergraduate degree in law at a Faculty\/School of Law or equivalent institution in a European country<\/strong> and all entries should be sent on or before the <strong>31st of March 2024.<\/strong><\/p><p><a href=\"https:\/\/novalaw.unl.pt\/wp-content\/uploads\/2023\/08\/TRACE-Essay-Competition-Title-and-Rules-2023.pdf\">For more information on entering the competition, click here.<\/a><\/p><p><br \/><a href=\"https:\/\/cedis.novalaw.unl.pt\/tracking-illicit-money-flows-trace\/\">Website TRACE \u2013 CEDIS<\/a>\u00a0 |\u00a0<a href=\"https:\/\/trace-illicit-money-flows.eu\/\"> Project Website<\/a><\/p>\t\t\t\t\t\t<\/div>\n\t\t\t\t<\/div>\n\t\t\t\t<div class=\"elementor-element elementor-element-7df6337 elementor-widget elementor-widget-text-editor\" data-id=\"7df6337\" data-element_type=\"widget\" data-widget_type=\"text-editor.default\">\n\t\t\t\t<div class=\"elementor-widget-container\">\n\t\t\t\t\t\t\t<h3><strong>Development Cooperation and the Right to Education in the PALOP Higher Education Systems\u00a0<\/strong><\/h3><div><strong>\u00a0<\/strong><\/div><p>This project aims to\u00a0<strong>reflect on Higher Education in Portuguese-Speaking African Countries<\/strong>, and in this first phase, the target countries are Angola, Cape Verde and S\u00e3o Tom\u00e9 and Pr\u00edncipe.<\/p><p>Focusing on the normative framework that regulates this level of education, on national public policies regarding Education, on the International Development Agendas and on the role of Development Cooperation in the implementation of these policies, it aims to contribute to the scientific construction of the Law of Education in Higher Education, so that its implementation in terms of public policies and cooperation priorities may be ensured.<\/p><p><strong>Duration:<\/strong>\u00a01 April 2020 to 31 December 2021<\/p><p><strong>Institutions:<\/strong> CEDIS\/NOVA School of Law; Jurisnova \u2013 Portugal | CEJES \u2013 Angola | ISCJS \u2013 Cape Verde | University of Minho | JusGov. University of S\u00e3o Tom\u00e9 and Pr\u00edncipe<\/p><p><strong>Coordination:<\/strong>\u00a0Francisco Pereira Coutinho (Coordinator) | Aua Bald\u00e9 (Project Manager) | Maria Jo\u00e3o Carap\u00eato (Financial Management)<\/p><p><strong>Research Team:<\/strong>\u00a0Aua Bald\u00e9 | Mar\u00edlia Higa | Rui Garrido | Maria Jo\u00e3o Carap\u00eat<\/p><p><a class=\"bg-red text-white after-arrow btn inline-flex items-center mr-5\" href=\"https:\/\/projetoeducacao.cedis.fd.unl.pt\/\" target=\"_blank\" rel=\"noopener noreferrer\">Project Website<\/a><\/p>\t\t\t\t\t\t<\/div>\n\t\t\t\t<\/div>\n\t\t\t\t<div class=\"elementor-element elementor-element-cadaea6 elementor-widget elementor-widget-text-editor\" data-id=\"cadaea6\" data-element_type=\"widget\" data-widget_type=\"text-editor.default\">\n\t\t\t\t<div class=\"elementor-widget-container\">\n\t\t\t\t\t\t\t<h3><strong>Capacity Building for Legal and Social Advancement in the Philippines (CALESA)<\/strong><\/h3><div><strong>\u00a0<\/strong><\/div><p>CALESA\u00a0<strong>seeks to address five interdependent problem areas in Philippine legal education<\/strong>, namely the scarcity of academic research in law schools; the inability of teachers and students to access source materials from their own Civil Law tradition, and the evolution of other Civil Law traditions, due to weak interest and multilingual skills; the limited pool of academic experts to review and modernize its legal codes; the protection of Human Rights and the Rule of Law, and the advancement of the integration in ASEAN (Association of Southeast Asian Nations), despite its critical importance and\/or geostrategic.<\/p><p>After the completion of CALESA, the main law schools in the Philippines are expected to adopt curricular innovations focused on research, multilingualism, protection of Human Rights and the Rule of Law, regional integration and comparative law in a manner consistent with the Bologna process, in order to facilitate portability with EU universities.<\/p><p><strong>Duration:\u00a0<\/strong>January 15, 2020 to January 14, 2024<\/p><p><strong>Participating entities:\u00a0<\/strong>Coordination: Universidad de Malaga | Universidade NOVA de Lisboa \u2013 NOVA School of Law | Universidad de Deusto | University College of Dublin | University of the Philippines | Ateneo de Manila University | University of San Agustin | Philippine Judicial Association | Philja Ateneo de Zamboanga University AdZU<\/p><p><strong>Coordination Project Management Team at NOVA School of Law:\u00a0<\/strong>Francisco Pereira Coutinho (Executive Coordinating Professor)<\/p><p><strong>Project Management Team at NOVA School of Law:\u00a0<\/strong>Guilherme Berriel (Project Manager) | In\u00eas Tralh\u00e3o Fernandes (Project Assistant) | Maria Jo\u00e3o Carap\u00eato (Quality Committee) | Emellin de Oliveira (Gender Equality Committee) | Guilherme Berriel (Dissemination and Exploitation Committee) | Narcisa Horta Rosa (Financial Responsible)\u00a0<\/p><p><a class=\"bg-red text-white after-arrow btn inline-flex items-center mr-5\" href=\"https:\/\/calesaproject-cbhe.eu\/\" target=\"_blank\" rel=\"noopener noreferrer\">Project Website<\/a><\/p>\t\t\t\t\t\t<\/div>\n\t\t\t\t<\/div>\n\t\t\t\t<div class=\"elementor-element elementor-element-fc777d7 elementor-hidden-desktop elementor-hidden-laptop elementor-hidden-tablet elementor-hidden-mobile elementor-widget elementor-widget-text-editor\" data-id=\"fc777d7\" data-element_type=\"widget\" data-widget_type=\"text-editor.default\">\n\t\t\t\t<div class=\"elementor-widget-container\">\n\t\t\t\t\t\t\t<h3><strong>COSMOPOLITANISM: Justice, Democracy and Citizenship without Borders<\/strong><\/h3><p>This project brings together an international group of researchers from different disciplines (Philosophy, Psychology, Sociology, Political Sciences, International Relations, History, Law, Cultural Studies, Literature) who have for several years been conducting\u00a0<strong>research on issues of cosmopolitanism in its personal, social, cultural, political and legal dimension<\/strong>. It endorses and promotes the UN Sustainable Development Goals by raising awareness and reflexivity and by advancing a vision of a just world.<\/p><p><strong>Partners:\u00a0\u00a0<\/strong>In Portugal: Universidade de Lisboa, Universidade NOVA de Lisboa, Universidade do Porto | In Brazil: Universidade de S\u00e3o Paulo, Universidade Estadual Paulista, Universidade Federal do Estado de S\u00e3o Paulo | In Germany: FU Berlin, TU Berlin, Universit\u00e4t Bremen, Universit\u00e4t Stuttgart, Universit\u00e4t Kiel, Universit\u00e4t Darmstadt | In France: Universit\u00e9 d\u2019Evry-Val-d\u2019Essone, Ecole des Hautes Etudes en Sciences Sociales de Paris, Coll\u00e8ge International de Philosophie de Paris<\/p><p><strong>Advisers:\u00a0<\/strong>Eti\u00e9nne Balibar (Kingston University) | G\u00e9rard Raulet (Sorbonne University) | Mathias Kauffman (University of Halle)<\/p><p><strong>Principal Investigator (PI):\u00a0<\/strong>Soraya Nour Sckell (NOVA Law School, NOVA University of Lisbon &amp; Centre of Philosophy, University of Lisbon)<\/p><p><strong>Co-Principal Investigator (Co-PI):\u00a0<\/strong>Pedro Calafate (Centre of Philosophy, University of Lisbon)<\/p><p><strong>Researchers NOVA School of Law, Universidade NOVA de Lisboa:\u00a0<\/strong>Amanda Silva |\u00a0 Fernanda Pinto | Isabella Caminoto | Jo\u00e3o Mota Guedes | J\u00falia Mota | Magno G. Saraiva | Mariana Lobato | Nuno Miguel Proen\u00e7a (Universidade NOVA de Lisboa)<\/p><p><strong>Collaborators NOVA School of Law, Universidade NOVA de Lisboa:\u00a0<\/strong>Ana Paula Campos | Annie Carolinne Teixeira de Oliveira | Awais Zafar | B\u00e1rbara Jennifer Paz de Abreu da Silva | Daniel de Andrade Oliveira Barral | Eduardo Jo\u00e3o Pedro | Elaine Regina De Abreu Moreira | Fabiana Maranh\u00e3o Ribeiro | Felipe Galv\u00e3o Vieira da Cunha | Graziella Maria Silva Oliveira Brito | Joana Filipa da Silva Caseiro | Laura Kuwer | Luan Fernandes Campos da Silva | Marilia Beatriz Leal Salvador Conti Higa | Mateus Schwetter Silva Teixeira | Ricardo Dallasta | Rita Beir\u00e3o Magro Pinto Sim\u00f5es | Suzana Rahde Gerchmann | T\u00falio Dias | Wellington Vilela de Ara\u00fajo<\/p><p><a class=\"bg-red text-white after-arrow btn inline-flex items-center mr-5\" href=\"https:\/\/cosmopolites.wixsite.com\/cosmopolitanism\" target=\"_blank\" rel=\"noopener noreferrer\">Project Website<\/a><\/p>\t\t\t\t\t\t<\/div>\n\t\t\t\t<\/div>\n\t\t\t\t<div class=\"elementor-element elementor-element-53e6cb1 elementor-hidden-desktop elementor-hidden-laptop elementor-hidden-tablet elementor-hidden-mobile elementor-widget elementor-widget-text-editor\" data-id=\"53e6cb1\" data-element_type=\"widget\" data-widget_type=\"text-editor.default\">\n\t\t\t\t<div class=\"elementor-widget-container\">\n\t\t\t\t\t\t\t<h3><strong>LEGALPL \u2013 Legal Pluralism in the Portuguese Empire (18th-20th centuries)<\/strong><\/h3><p>This project aims to\u00a0<strong>study the encounter between the Portuguese and local legal orders in the Portuguese Empire, from the 18th to the 20th century<\/strong>. We want to know how these legal orders were classified, how they interacted and how they were used by colonizers and colonized peoples in different chronological periods, as well as the changes that occurred during the epoch under consideration.<\/p><p>This work will result in a global vision of legal pluralism in Portuguese colonies, which will allow, in addition to comparative studies with other empires, a better understanding of the role of Law in multicultural and multiethnic societies, as well as an interdisciplinary dialogue between History, Law and Contemporary Studies about Citizenship in national and transnational contexts.<\/p><p><strong>Duration<\/strong>: 48 months (from September 1, 2018 to August 31, 2022)<\/p><p><strong>Institutions:\u00a0<\/strong>NOVA School of Law\/CEDIS (Proponent Institution) | Instituto de Ci\u00eancias Sociais<\/p><p><strong>Coordenation:\u00a0<\/strong>Ana Cristina Nogueira da Silva\u00a0 \u2013 Principal Investigator (PI) \u00c2ngela Maria Barreto Xavier \u2013 Co-Principal Investigator (Co-PI)<\/p><p><strong>Research Team:\u00a0<\/strong>Ricardo Roque | Nuno Camarinhas | Lu\u00eds Pedroso de Lima Cabral de Oliveira | Fernanda do Nascimento Thomaz | M\u00e9lissa Frias | Samory Badona Monteiro | Maria da Concei\u00e7\u00e3o Mo\u00e7o Neto | Anabela Br\u00edzido | Jo\u00e3o Figueiredo | Yam\u00ea Paiva<\/p><p><a class=\"bg-red text-white after-arrow btn inline-flex items-center mr-5\" href=\"https:\/\/pluralismojuridiconoimperio.fd.unl.pt\/\/\" target=\"_blank\" rel=\"noopener noreferrer\">Project Website<\/a><\/p><h4><br \/>Podcasts Series \u00abLegal Pluralism\u00bb<\/h4><p>In this Podcasts series, produced within the context of this research project, several dimensions, geographies and chronologies of Legal Pluralism are addressed.<\/p><p><em><strong>Podcast 1 <\/strong><\/em>| <a href=\"https:\/\/anchor.fm\/imperios\/episodes\/Pluralidade-jurdica-ou-pluralismo--Uma-conversa-com-o-Professor-Doutor-Armando-Marques-Guedes-e1qovb3\/a-a8s72tr\">Pluralidade jur\u00eddica, pluralismo jur\u00eddico e hibridiza\u00e7\u00e3o jur\u00eddica: uma conversa com o Professor Doutor Armando Marques Guedes<\/a><\/p><p><em><strong>Podcast 2 <\/strong><\/em>| <a href=\"https:\/\/anchor.fm\/imperios\/episodes\/Pluralismo-jurdico-no-Imprio-portugus-sculos-XVIII-XX-e1qejh3\/a-a8qvnun\">Pluralismo jur\u00eddico no Imp\u00e9rio portugu\u00eas (s\u00e9culos XVIII-XX)<\/a><\/p><p><em><strong>Podcast 3<\/strong><\/em> | <a href=\"https:\/\/anchor.fm\/imperios\/episodes\/Quid-Iuris--Somos-todos-Advogados--Direito--justia-e-advocacia-em-Goa-e-no-Brasil-no-sculo-XIX-e1qei2d\/a-a8qvhi6\">Quid Iuris? Somos todos Advogados! Direito, justi\u00e7a e advocacia em Goa e no Brasil no s\u00e9culo XIX.\u00a0<\/a><\/p>\t\t\t\t\t\t<\/div>\n\t\t\t\t<\/div>\n\t\t\t\t<div class=\"elementor-element elementor-element-6d9912e elementor-hidden-desktop elementor-hidden-laptop elementor-hidden-tablet elementor-hidden-mobile elementor-widget elementor-widget-text-editor\" data-id=\"6d9912e\" data-element_type=\"widget\" data-widget_type=\"text-editor.default\">\n\t\t\t\t<div class=\"elementor-widget-container\">\n\t\t\t\t\t\t\t<h3><strong>LusoAfro Bio-Ethics \u2013 Strengthening bioethics committees in lusophone African region<\/strong><\/h3><p>The aim of this project is to\u00a0<strong>strength capacity for health research ethics review in African Lusophone Countries (ALC)<\/strong>. More specifically the objectives are: to improve institutional and personnel capacities of the three African Lusophone Countries RECs; to enhance the efficiency of clinical trials\/health research applications reviews; to promote collaborative\/ networking activities in research ethics in Lusophone Countries; to share good practices on Standard Operation Procedures (SOPs), Protocol Review and international regulatory ethical and legal norms and standards and to establish the University of Cape Verde Institutional Review Board.<\/p><p>The main actions of this project<strong>\u00a0aim to support sub-Saharan African Lusophone countries<\/strong>\u00a0to establish and develop\u00a0<strong>robust capacities for ethical review of clinical research.<\/strong><\/p><p><strong>Institutions<\/strong>: Comit\u00e9 Nacional de Bio\u00e9tica para a Sa\u00fade (Mozambique \u2013 Coordinator) | Instituto de Higiene e Medicina Tropical UNL (Participant) | Faculdade de Direito UNL (Participant) | Universidade Agostinho Neto (Angola \u2013 Participant) | Universidade Eduardo Mondlane (Mozambique \u2013 Participant) | Universidade de Cabo Verde (Cape Verde \u2013 Participant)<\/p><p><strong>Coordination:<\/strong>\u00a0Jo\u00e3o Schwalbach (Comit\u00e9 Nacional de Bio\u00e9tica para a Sa\u00fade)<\/p><p><strong>Project Team:\u00a0<\/strong>Maria do Ros\u00e1rio Oliveira Martins (IHMT-UNL) | Ema C\u00e2ndida Branco Fernandes (Agostinho Neto University) | Emanuel Catumbela (Agostinho Neto University) | Tazi Nimi Maria (Agostinho Neto University) | Isabel In\u00eas Monteiro de Pina Ara\u00fajo (Cape Verde University) | Zulmira Hartz (IHMT-UNL) | Am\u00edlcar Bernardo Tom\u00e9 da Silva (Agostinho Neto University) | Maria Chimpolo (Agostinho Neto University) | Rassul Nala (Comit\u00e9 Nacional de Bio\u00e9tica para a Sa\u00fade) | Jahit Sacarlal (Eduardo Mondlane University) | Jorge Seixas (IHMT-UNL) | Helena Pereira de Melo (FDUNL) | Esperan\u00e7a Sevene (Eduardo Mondlane University)<\/p><p><a class=\"bg-red text-white after-arrow btn inline-flex items-center mr-5\" href=\"https:\/\/cedis.fd.unl.pt\/blog\/project\/lusoafro-bio-ethics-strengthening-bioethics-committees-in-lusophone-african-region\/\" target=\"_blank\" rel=\"noopener noreferrer\">Site LusoAfro Bio-Ethics | CEDIS<\/a><\/p>\t\t\t\t\t\t<\/div>\n\t\t\t\t<\/div>\n\t\t\t\t<div class=\"elementor-element elementor-element-0577312 elementor-hidden-desktop elementor-hidden-laptop elementor-hidden-tablet elementor-hidden-mobile elementor-widget elementor-widget-text-editor\" data-id=\"0577312\" data-element_type=\"widget\" data-widget_type=\"text-editor.default\">\n\t\t\t\t<div class=\"elementor-widget-container\">\n\t\t\t\t\t\t\t<h3><strong>LegImpact \u2013 The Law-Making as a means of Implementing Public Policies: Quantitative and Socioeconomic Analysis<\/strong><\/h3><p>The aim is to register more precise indicators on the law-making methodology.\u00a0To register these indicators, a\u00a0<strong>Portuguese legislation database has been set up and it will enable an assessment of every law itself and its relation with other laws.<\/strong>\u00a0This database should be opened to the general public on a free basis and provide a broad insight on the Portuguese legislation. This database is different from any other existing database. It will be possible to compare the evolution of the upper mentioned indicators, the number of published laws and impact of European Union\u2019s law in national law.<\/p><p>Furthermore,\u00a0<strong>the aim is to create a mechanism to evaluate the accomplishment of public politic goals<\/strong>\u00a0by assessing the net aggregate costs of the framed national legislation. This analysis aims to identify the situation before introducing a certain legislative measure and its eventual creation of red tape costs and friction costs. This allows to verify if the legislative instrument used to execute a public policy has accomplished its goals or if, on the contrary, it has created obstacles to its accomplishment. In the end, the aim is to identify the net aggregate costs of the legislative instrument taking into account its goals.<\/p><p><strong>Duration:\u00a0<\/strong>36 months (1st September 2018\/31st August 2022)<\/p><p><strong>Institutions:\u00a0<\/strong>Faculdade de Direito da Universidade NOVA de Lisboa \u2013 FDUNL | Instituto de Ci\u00eancias Jur\u00eddico-Pol\u00edticas da Faculdade de Direito da Universidade de Lisboa (Participant Institution) | ISCTE-Instituto Universit\u00e1rio de Lisboa (Participant Institution)<\/p><p><strong>Leading Researchers:\u00a0<\/strong>Francisco Pereira Coutinho (Leading Researcher) | Jo\u00e3o Tiago Silveira (Co-Leading Researcher)<\/p><p><strong>Project Members:\u00a0<\/strong>Manuel Cabugueira | Pedro Lopes | S\u00f3nia Rodrigues | Raquel Moniz | Pierre Henri Guibentif | Miguel Moura e Silva<\/p><p><a class=\"bg-red text-white after-arrow btn inline-flex items-center mr-5\" href=\"https:\/\/cedis.fd.unl.pt\/blog\/project\/legimpact-a-producao-legislativa-enquanto-meio-de-realizacao-de-politicas-publicas-analise-quantitativa-e-de-impacto-socioeconomico\/\" target=\"_blank\" rel=\"noopener noreferrer\">Site Legal Impact | CEDIS<\/a><\/p>\t\t\t\t\t\t<\/div>\n\t\t\t\t<\/div>\n\t\t\t\t<div class=\"elementor-element elementor-element-352eb07 elementor-hidden-desktop elementor-hidden-laptop elementor-hidden-tablet elementor-hidden-mobile elementor-widget elementor-widget-text-editor\" data-id=\"352eb07\" data-element_type=\"widget\" data-widget_type=\"text-editor.default\">\n\t\t\t\t<div class=\"elementor-widget-container\">\n\t\t\t\t\t\t\t<h3><strong>Education for Justice<\/strong><\/h3><p>The E4J \u2013 Education for Justice Initiative is an<strong>\u00a0UNODC \u2013 United Nations Office on Drugs and Crim<\/strong>e\u2019s program. Its implementation began with the adoption of the Doha Declaration of 2015 (Doha Declaration on Integrating Crime Prevention and Criminal Justice into the Wider United Nations Agenda to Address Social and Economic Challenges and to Promote the Rule of Law at the National and International Levels, and Public Participation).<\/p><p>The programme\u00a0<strong>relies on education to promote values and works to create more just and peaceful societies through innovative partnerships<\/strong>. This regard, cooperation also depends on the will of States to create such education scenarios for the strengthening of life skills and a true culture of lawfulness.<\/p><p>The contents produced are fully available\u00a0<a href=\"https:\/\/www.unodc.org\/e4j\/en\/resdb\/index.html\"><strong>here<\/strong><\/a>\u00a0and their purpose is to support academics in teaching subjects that focus on UNODC mandates, in the areas of international crime prevention and criminal justice.<\/p><p><strong>Duration:<\/strong>\u00a036 months (from 1 September 2018 to 31 August 2021)<\/p><p><strong>Role of NOVA School of Law in the project:<\/strong>\u00a0Partner of UNODC in the translation of the contents on Human Trafficking and Smuggling of Migrants into Portuguese Language.<\/p><p><strong>Coordination:<\/strong>\u00a0Vasco Becker- Weinberg | Maria Jo\u00e3o Carap\u00eato<\/p><p><strong>Team Leaders:<\/strong>\u00a0Emellin de Oliveira | Jo\u00e3o Carreto | Gabriela Caldas | Mar\u00edlia Conti Higa | Guilherme Berriel | Pablo Ronaldo Gadea<\/p><p><strong>Junior Team Members:<\/strong>\u00a0Beatriz Sequeira | Victoria Silva Ferreira | Mariana Almeida | Sara Marques | Eduardo Matos | Mariana Baptista | In\u00eas Tralh\u00e3o<\/p><p><a class=\"bg-red text-white after-arrow btn inline-flex items-center mr-5\" href=\"https:\/\/www.unodc.org\/e4j\/pt\/index.html\" target=\"_blank\" rel=\"noopener noreferrer\">Project Website<\/a><\/p>\t\t\t\t\t\t<\/div>\n\t\t\t\t<\/div>\n\t\t\t\t<div class=\"elementor-element elementor-element-7cfe967 elementor-widget elementor-widget-text-editor\" data-id=\"7cfe967\" data-element_type=\"widget\" data-widget_type=\"text-editor.default\">\n\t\t\t\t<div class=\"elementor-widget-container\">\n\t\t\t\t\t\t\t<h3><strong>Intra-\u00c1frica Pax Lus\u00f3fona<\/strong><\/h3><div><strong>\u00a0<\/strong><\/div><p>The project funds student mobilities for those who seek to do their post-graduate studies at one of the African Partnering Universities and\u00a0<strong>aims to create a teaching network that promotes synergies, creating opportunities in Africa<\/strong>. PaxLus\u00f3fona also seeks to allow, through respect for the historical and cultural identity of the involved countries, interexchange of experiences and knowledge, the creation of new approaches and investigation methodologies at the involved countries. The projects aims to provide professional qualification with an high quality academic offer, through participatory education, development of critical consciousness, incentive to social participation and environmental sustainability as a development and stability factor.<\/p><p><strong>Project Objectives:<\/strong>\u00a0Offer 41 student and staff mobilities between Law Schools \/ Create a Master Degree Programme at Universidade de S\u00e3o Tom\u00e9 e Pr\u00edncipe<\/p><p><strong>Duration:<\/strong> 6 years (november 2017\/october 2023)<\/p><p><strong>Institutions:\u00a0<\/strong>Agostinho Neto University Law School (Angola, Coordinator) | Eduardo Mondlane University (Mozambique) | Higher Institute of Legal and Social Sciences (Cape Verde) | University of S\u00e3o Tom\u00e9 and Pr\u00edncipe | CEDIS\/NOVA School of Law (Technical Partner) |<\/p><p><strong>NOVA School of Law Project Management Team:\u00a0<\/strong>Jorge Bacelar Gouveia (Executive Coordinating Professor) | Francisco Pereira Coutinho (Deputy Executive Coordinator) | Maria Jo\u00e3o Carap\u00eato (Project Manager) | Carla Cintra (Communications Officer) | Narcisa Horta Rosa (Financial Officer)| In\u00eas Braga (Project Secretariat) | Jo\u00e3o Azevedo (Fellow &#8211; 1 July 2018 to 30 september 2018) | In\u00eas Tralh\u00e3o (Volunteer, from 17 de June 2020)<\/p><p><a class=\"bg-red text-white after-arrow btn inline-flex items-center mr-5\" href=\"http:\/\/intraafricapaxlusofona.org\/\" target=\"_blank\" rel=\"noopener noreferrer\">Project Website<\/a><\/p>\t\t\t\t\t\t<\/div>\n\t\t\t\t<\/div>\n\t\t\t\t\t<\/div>\n\t\t<\/div>\n\t\t\t\t\t\t\t<\/div>\n\t\t<\/section>\n\t\t\t\t<section class=\"elementor-section elementor-top-section elementor-element elementor-element-77c7b96 elementor-section-boxed elementor-section-height-default elementor-section-height-default\" data-id=\"77c7b96\" data-element_type=\"section\">\n\t\t\t\t\t\t<div class=\"elementor-container elementor-column-gap-default\">\n\t\t\t\t\t<div class=\"elementor-column elementor-col-100 elementor-top-column elementor-element elementor-element-f860ccf\" data-id=\"f860ccf\" data-element_type=\"column\">\n\t\t\t<div class=\"elementor-widget-wrap elementor-element-populated\">\n\t\t\t\t\t\t\t\t<div class=\"elementor-element elementor-element-498dc58 elementor-widget elementor-widget-ekit_wb_10548\" data-id=\"498dc58\" data-element_type=\"widget\" data-widget_type=\"ekit_wb_10548.default\">\n\t\t\t\t<div class=\"elementor-widget-container\">\n\t\t\t<script type='text\/javascript' src='https:\/\/platform-api.sharethis.com\/js\/sharethis.js#property=64ae9869f57abe0019c4e32e&product=sticky-share-buttons' async='async'><\/script>\n\t\t\t\t<\/div>\n\t\t\t\t<\/div>\n\t\t\t\t\t<\/div>\n\t\t<\/div>\n\t\t\t\t\t\t\t<\/div>\n\t\t<\/section>\n\t\t\t\t\t\t<\/div>\n\t\t\t\t\t<\/div>\n\t\t","protected":false},"excerpt":{"rendered":"<p>Research Research Projects Users TCP GO-P2P Project: Global Observatory on Peer-to-Peer, Community Self-Consumption, and Transactive Energy Models \u00a0 The Global Observatory (GO-P2P) is a forum for international collaboration to understand the policy, regulatory, social and technological conditions necessary to support the wider deployment of peer-to-peer (P2P), community\/collective self-consumption (CSC) and transactive energy (TE) models. GO-P2P &hellip;<\/p>\n<p class=\"read-more\"> <a class=\"\" href=\"https:\/\/novalaw.unl.pt\/en\/research-projects-2\/\"> <span class=\"screen-reader-text\">Research Projects<\/span> Read More &raquo;<\/a><\/p>\n","protected":false},"author":9,"featured_media":0,"parent":0,"menu_order":147,"comment_status":"closed","ping_status":"closed","template":"","meta":{"footnotes":""},"categories":[],"tags":[],"class_list":["post-7940","page","type-page","status-publish","hentry"],"yoast_head":"<!-- This site is optimized with the Yoast SEO Premium plugin v27.4 (Yoast SEO v27.4) - https:\/\/yoast.com\/product\/yoast-seo-premium-wordpress\/ -->\n<title>Research Projects - NOVA School of Law | Faculdade de Direito da Universidade NOVA de Lisboa<\/title>\n<meta name=\"robots\" content=\"index, follow, max-snippet:-1, max-image-preview:large, max-video-preview:-1\" \/>\n<link rel=\"canonical\" href=\"https:\/\/novalaw.unl.pt\/en\/research-projects-2\/\" \/>\n<meta property=\"og:locale\" content=\"en_US\" \/>\n<meta property=\"og:type\" content=\"article\" \/>\n<meta property=\"og:title\" content=\"Research Projects\" \/>\n<meta property=\"og:description\" content=\"Research Research Projects Users TCP GO-P2P Project: Global Observatory on Peer-to-Peer, Community Self-Consumption, and Transactive Energy Models \u00a0 The Global Observatory (GO-P2P) is a forum for international collaboration to understand the policy, regulatory, social and technological conditions necessary to support the wider deployment of peer-to-peer (P2P), community\/collective self-consumption (CSC) and transactive energy (TE) models. GO-P2P &hellip; Research Projects Read More &raquo;\" \/>\n<meta property=\"og:url\" content=\"https:\/\/novalaw.unl.pt\/en\/research-projects-2\/\" \/>\n<meta property=\"og:site_name\" content=\"NOVA School of Law | Faculdade de Direito da Universidade NOVA de Lisboa\" \/>\n<meta property=\"article:modified_time\" content=\"2024-06-12T17:39:38+00:00\" \/>\n<meta property=\"og:image\" content=\"https:\/\/novalaw.unl.pt\/wp-content\/uploads\/2021\/05\/logo-nsl-simple.png\" \/>\n\t<meta property=\"og:image:width\" content=\"137\" \/>\n\t<meta property=\"og:image:height\" content=\"132\" \/>\n\t<meta property=\"og:image:type\" content=\"image\/png\" \/>\n<meta name=\"twitter:card\" content=\"summary_large_image\" \/>\n<meta name=\"twitter:label1\" content=\"Est. reading time\" \/>\n\t<meta name=\"twitter:data1\" content=\"13 minutes\" \/>\n<script type=\"application\/ld+json\" class=\"yoast-schema-graph\">{\"@context\":\"https:\\\/\\\/schema.org\",\"@graph\":[{\"@type\":\"WebPage\",\"@id\":\"https:\\\/\\\/novalaw.unl.pt\\\/en\\\/research-projects-2\\\/\",\"url\":\"https:\\\/\\\/novalaw.unl.pt\\\/en\\\/research-projects-2\\\/\",\"name\":\"Research Projects - NOVA School of Law | Faculdade de Direito da Universidade NOVA de Lisboa\",\"isPartOf\":{\"@id\":\"https:\\\/\\\/novalaw.unl.pt\\\/#website\"},\"datePublished\":\"2021-10-01T16:07:42+00:00\",\"dateModified\":\"2024-06-12T17:39:38+00:00\",\"breadcrumb\":{\"@id\":\"https:\\\/\\\/novalaw.unl.pt\\\/en\\\/research-projects-2\\\/#breadcrumb\"},\"inLanguage\":\"en-US\",\"potentialAction\":[{\"@type\":\"ReadAction\",\"target\":[\"https:\\\/\\\/novalaw.unl.pt\\\/en\\\/research-projects-2\\\/\"]}]},{\"@type\":\"BreadcrumbList\",\"@id\":\"https:\\\/\\\/novalaw.unl.pt\\\/en\\\/research-projects-2\\\/#breadcrumb\",\"itemListElement\":[{\"@type\":\"ListItem\",\"position\":1,\"name\":\"Home\",\"item\":\"https:\\\/\\\/novalaw.unl.pt\\\/en\\\/\"},{\"@type\":\"ListItem\",\"position\":2,\"name\":\"Research Projects\"}]},{\"@type\":\"WebSite\",\"@id\":\"https:\\\/\\\/novalaw.unl.pt\\\/#website\",\"url\":\"https:\\\/\\\/novalaw.unl.pt\\\/\",\"name\":\"NOVA School of Law | Faculdade de Direito da Universidade NOVA de Lisboa\",\"description\":\"NOVA School Of Law\",\"publisher\":{\"@id\":\"https:\\\/\\\/novalaw.unl.pt\\\/#organization\"},\"potentialAction\":[{\"@type\":\"SearchAction\",\"target\":{\"@type\":\"EntryPoint\",\"urlTemplate\":\"https:\\\/\\\/novalaw.unl.pt\\\/?s={search_term_string}\"},\"query-input\":{\"@type\":\"PropertyValueSpecification\",\"valueRequired\":true,\"valueName\":\"search_term_string\"}}],\"inLanguage\":\"en-US\"},{\"@type\":\"Organization\",\"@id\":\"https:\\\/\\\/novalaw.unl.pt\\\/#organization\",\"name\":\"NOVA School of Law\",\"url\":\"https:\\\/\\\/novalaw.unl.pt\\\/\",\"logo\":{\"@type\":\"ImageObject\",\"inLanguage\":\"en-US\",\"@id\":\"https:\\\/\\\/novalaw.unl.pt\\\/#\\\/schema\\\/logo\\\/image\\\/\",\"url\":\"https:\\\/\\\/novalaw.unl.pt\\\/wp-content\\\/uploads\\\/2021\\\/02\\\/logo-novalaw.svg\",\"contentUrl\":\"https:\\\/\\\/novalaw.unl.pt\\\/wp-content\\\/uploads\\\/2021\\\/02\\\/logo-novalaw.svg\",\"width\":991,\"height\":424,\"caption\":\"NOVA School of Law\"},\"image\":{\"@id\":\"https:\\\/\\\/novalaw.unl.pt\\\/#\\\/schema\\\/logo\\\/image\\\/\"}}]}<\/script>\n<!-- \/ Yoast SEO Premium plugin. -->","yoast_head_json":{"title":"Research Projects - NOVA School of Law | Faculdade de Direito da Universidade NOVA de Lisboa","robots":{"index":"index","follow":"follow","max-snippet":"max-snippet:-1","max-image-preview":"max-image-preview:large","max-video-preview":"max-video-preview:-1"},"canonical":"https:\/\/novalaw.unl.pt\/en\/research-projects-2\/","og_locale":"en_US","og_type":"article","og_title":"Research Projects","og_description":"Research Research Projects Users TCP GO-P2P Project: Global Observatory on Peer-to-Peer, Community Self-Consumption, and Transactive Energy Models \u00a0 The Global Observatory (GO-P2P) is a forum for international collaboration to understand the policy, regulatory, social and technological conditions necessary to support the wider deployment of peer-to-peer (P2P), community\/collective self-consumption (CSC) and transactive energy (TE) models. GO-P2P &hellip; Research Projects Read More &raquo;","og_url":"https:\/\/novalaw.unl.pt\/en\/research-projects-2\/","og_site_name":"NOVA School of Law | Faculdade de Direito da Universidade NOVA de Lisboa","article_modified_time":"2024-06-12T17:39:38+00:00","og_image":[{"width":137,"height":132,"url":"https:\/\/novalaw.unl.pt\/wp-content\/uploads\/2021\/05\/logo-nsl-simple.png","type":"image\/png"}],"twitter_card":"summary_large_image","twitter_misc":{"Est. reading time":"13 minutes"},"schema":{"@context":"https:\/\/schema.org","@graph":[{"@type":"WebPage","@id":"https:\/\/novalaw.unl.pt\/en\/research-projects-2\/","url":"https:\/\/novalaw.unl.pt\/en\/research-projects-2\/","name":"Research Projects - NOVA School of Law | Faculdade de Direito da Universidade NOVA de Lisboa","isPartOf":{"@id":"https:\/\/novalaw.unl.pt\/#website"},"datePublished":"2021-10-01T16:07:42+00:00","dateModified":"2024-06-12T17:39:38+00:00","breadcrumb":{"@id":"https:\/\/novalaw.unl.pt\/en\/research-projects-2\/#breadcrumb"},"inLanguage":"en-US","potentialAction":[{"@type":"ReadAction","target":["https:\/\/novalaw.unl.pt\/en\/research-projects-2\/"]}]},{"@type":"BreadcrumbList","@id":"https:\/\/novalaw.unl.pt\/en\/research-projects-2\/#breadcrumb","itemListElement":[{"@type":"ListItem","position":1,"name":"Home","item":"https:\/\/novalaw.unl.pt\/en\/"},{"@type":"ListItem","position":2,"name":"Research Projects"}]},{"@type":"WebSite","@id":"https:\/\/novalaw.unl.pt\/#website","url":"https:\/\/novalaw.unl.pt\/","name":"NOVA School of Law | Faculdade de Direito da Universidade NOVA de Lisboa","description":"NOVA School Of Law","publisher":{"@id":"https:\/\/novalaw.unl.pt\/#organization"},"potentialAction":[{"@type":"SearchAction","target":{"@type":"EntryPoint","urlTemplate":"https:\/\/novalaw.unl.pt\/?s={search_term_string}"},"query-input":{"@type":"PropertyValueSpecification","valueRequired":true,"valueName":"search_term_string"}}],"inLanguage":"en-US"},{"@type":"Organization","@id":"https:\/\/novalaw.unl.pt\/#organization","name":"NOVA School of Law","url":"https:\/\/novalaw.unl.pt\/","logo":{"@type":"ImageObject","inLanguage":"en-US","@id":"https:\/\/novalaw.unl.pt\/#\/schema\/logo\/image\/","url":"https:\/\/novalaw.unl.pt\/wp-content\/uploads\/2021\/02\/logo-novalaw.svg","contentUrl":"https:\/\/novalaw.unl.pt\/wp-content\/uploads\/2021\/02\/logo-novalaw.svg","width":991,"height":424,"caption":"NOVA School of Law"},"image":{"@id":"https:\/\/novalaw.unl.pt\/#\/schema\/logo\/image\/"}}]}},"novalaw_begin_date":"","novalaw_begin_date_en":"","novalaw_text":"","novalaw_tag":"","novalaw_tag_en":"","novalaw_link":"","novalaw_link_en":"","novalaw_end_date":"","novalaw_end_date_en":"","novalaw_date":"","novalaw_em_destaque":"","novalaw_tag_src":"","lang":"","_links":{"self":[{"href":"https:\/\/novalaw.unl.pt\/en\/wp-json\/wp\/v2\/pages\/7940","targetHints":{"allow":["GET"]}}],"collection":[{"href":"https:\/\/novalaw.unl.pt\/en\/wp-json\/wp\/v2\/pages"}],"about":[{"href":"https:\/\/novalaw.unl.pt\/en\/wp-json\/wp\/v2\/types\/page"}],"author":[{"embeddable":true,"href":"https:\/\/novalaw.unl.pt\/en\/wp-json\/wp\/v2\/users\/9"}],"replies":[{"embeddable":true,"href":"https:\/\/novalaw.unl.pt\/en\/wp-json\/wp\/v2\/comments?post=7940"}],"version-history":[{"count":115,"href":"https:\/\/novalaw.unl.pt\/en\/wp-json\/wp\/v2\/pages\/7940\/revisions"}],"predecessor-version":[{"id":79131,"href":"https:\/\/novalaw.unl.pt\/en\/wp-json\/wp\/v2\/pages\/7940\/revisions\/79131"}],"wp:attachment":[{"href":"https:\/\/novalaw.unl.pt\/en\/wp-json\/wp\/v2\/media?parent=7940"}],"wp:term":[{"taxonomy":"category","embeddable":true,"href":"https:\/\/novalaw.unl.pt\/en\/wp-json\/wp\/v2\/categories?post=7940"},{"taxonomy":"post_tag","embeddable":true,"href":"https:\/\/novalaw.unl.pt\/en\/wp-json\/wp\/v2\/tags?post=7940"}],"curies":[{"name":"wp","href":"https:\/\/api.w.org\/{rel}","templated":true}]}}