{"id":8440,"date":"2021-10-06T17:35:56","date_gmt":"2021-10-06T17:35:56","guid":{"rendered":"https:\/\/novalaw.unl.pt\/?page_id=8440"},"modified":"2024-06-21T10:09:12","modified_gmt":"2024-06-21T10:09:12","slug":"jorge-oliveira-e-carmo","status":"publish","type":"page","link":"https:\/\/novalaw.unl.pt\/en\/jorge-oliveira-e-carmo\/","title":{"rendered":"Jorge Oliveira e Carmo"},"content":{"rendered":"\t\t<div data-elementor-type=\"wp-page\" data-elementor-id=\"8440\" class=\"elementor elementor-8440\" data-elementor-settings=\"[]\">\n\t\t\t\t\t\t\t<div class=\"elementor-section-wrap\">\n\t\t\t\t\t\t\t<section class=\"elementor-section elementor-top-section elementor-element elementor-element-fb7e40e elementor-section-height-min-height elementor-section-boxed elementor-section-height-default elementor-section-items-middle\" data-id=\"fb7e40e\" data-element_type=\"section\">\n\t\t\t\t\t\t<div class=\"elementor-container elementor-column-gap-default\">\n\t\t\t\t\t<div class=\"elementor-column elementor-col-100 elementor-top-column elementor-element elementor-element-45b5a38b\" data-id=\"45b5a38b\" data-element_type=\"column\">\n\t\t\t<div class=\"elementor-widget-wrap elementor-element-populated\">\n\t\t\t\t\t\t\t\t<section class=\"elementor-section elementor-inner-section elementor-element elementor-element-1411c8c4 elementor-section-boxed elementor-section-height-default elementor-section-height-default\" data-id=\"1411c8c4\" data-element_type=\"section\">\n\t\t\t\t\t\t<div class=\"elementor-container elementor-column-gap-default\">\n\t\t\t\t\t<div class=\"elementor-column elementor-col-50 elementor-inner-column elementor-element elementor-element-e885652\" data-id=\"e885652\" data-element_type=\"column\">\n\t\t\t<div class=\"elementor-widget-wrap elementor-element-populated\">\n\t\t\t\t\t\t\t\t<div class=\"elementor-element elementor-element-4994c504 elementor-widget elementor-widget-image\" data-id=\"4994c504\" data-element_type=\"widget\" data-widget_type=\"image.default\">\n\t\t\t\t<div class=\"elementor-widget-container\">\n\t\t\t\t\t\t\t\t\t\t\t\t\t\t\t<img loading=\"lazy\" decoding=\"async\" width=\"202\" height=\"202\" src=\"https:\/\/novalaw.unl.pt\/wp-content\/uploads\/2022\/03\/SITE_docentes-convidados-JORGE-OLIVEIRA-E-CARMO.jpg\" class=\"attachment-large size-large\" alt=\"\" srcset=\"https:\/\/novalaw.unl.pt\/wp-content\/uploads\/2022\/03\/SITE_docentes-convidados-JORGE-OLIVEIRA-E-CARMO.jpg 202w, https:\/\/novalaw.unl.pt\/wp-content\/uploads\/2022\/03\/SITE_docentes-convidados-JORGE-OLIVEIRA-E-CARMO-150x150.jpg 150w\" sizes=\"auto, (max-width: 202px) 100vw, 202px\" \/>\t\t\t\t\t\t\t\t\t\t\t\t\t\t\t<\/div>\n\t\t\t\t<\/div>\n\t\t\t\t\t<\/div>\n\t\t<\/div>\n\t\t\t\t<div class=\"elementor-column elementor-col-50 elementor-inner-column elementor-element elementor-element-3607e9cf\" data-id=\"3607e9cf\" data-element_type=\"column\">\n\t\t\t<div class=\"elementor-widget-wrap elementor-element-populated\">\n\t\t\t\t\t\t\t\t<div class=\"elementor-element elementor-element-546c7df6 elementor-widget elementor-widget-heading\" data-id=\"546c7df6\" data-element_type=\"widget\" data-widget_type=\"heading.default\">\n\t\t\t\t<div class=\"elementor-widget-container\">\n\t\t\t<h1 class=\"elementor-heading-title elementor-size-default\">Jorge Oliveira e Carmo<\/h1>\t\t<\/div>\n\t\t\t\t<\/div>\n\t\t\t\t<div class=\"elementor-element elementor-element-3d2777da elementor-widget elementor-widget-heading\" data-id=\"3d2777da\" data-element_type=\"widget\" data-widget_type=\"heading.default\">\n\t\t\t\t<div class=\"elementor-widget-container\">\n\t\t\t<h3 class=\"elementor-heading-title elementor-size-default\">Guest Professor<\/h3>\t\t<\/div>\n\t\t\t\t<\/div>\n\t\t\t\t<div class=\"elementor-element elementor-element-bff739d elementor-widget elementor-widget-ekit_wb_3521\" data-id=\"bff739d\" data-element_type=\"widget\" data-widget_type=\"ekit_wb_3521.default\">\n\t\t\t\t<div class=\"elementor-widget-container\">\n\t\t\t<a href=\"mailto:jorge.carmo@novalaw.unl.pt\" style=\"vertical-align: middle;\n    display: flex;\">\n    <span><svg xmlns=\"http:\/\/www.w3.org\/2000\/svg\" width=\"32\" height=\"32\" viewBox=\"0 0 32 32\" fill=\"none\"><g clip-path=\"url(#clip0)\"><path fill-rule=\"evenodd\" clip-rule=\"evenodd\" d=\"M13.4915 0.197933C10.3659 0.694111 7.45756 2.10609 5.13445 4.25529C2.81134 6.40449 1.17778 9.19436 0.440381 12.272C-0.297019 15.3497 -0.105136 18.577 0.991764 21.5456C2.08866 24.5142 4.0413 27.0908 6.60272 28.9496C9.16413 30.8084 12.2193 31.8658 15.3817 31.9881C18.5441 32.1104 21.6718 31.2921 24.3691 29.6367C27.0664 27.9813 29.2122 25.5632 30.5351 22.6881C31.858 19.8131 32.2986 16.6103 31.8011 13.4849C31.1342 9.29534 28.8308 5.54213 25.3973 3.05051C21.9638 0.558883 17.6813 -0.467177 13.4915 0.197933ZM24.5524 9.24141L16.9002 16.8936C15.8915 17.8953 15.5089 17.8605 14.5698 16.8936C13.6306 15.9266 7.16803 9.15793 7.16803 9.15793L24.5524 9.24141ZM6.43759 10.2501L12.3854 16.2188L6.43759 22.1527V10.2501ZM7.34194 23.1405L13.2411 17.2136C13.2411 17.2136 13.8463 17.8049 14.4237 18.3197C15.6063 19.3771 16.2045 19.551 17.5472 18.3197L18.7576 17.2136L24.7263 23.1892L7.34194 23.1405ZM25.5193 22.1597L19.5228 16.191L25.5541 10.2571L25.5193 22.1597Z\" fill=\"black\"><\/path><\/g><defs><clipPath id=\"clip0\"><rect width=\"32\" height=\"32\" fill=\"white\"><\/rect><\/clipPath><\/defs><\/svg><\/span>\n    <span style=\"margin:5px\">jorge.carmo@novalaw.unl.pt<\/span><\/a>\n\t\t\t\t<\/div>\n\t\t\t\t<\/div>\n\t\t\t\t<div class=\"elementor-element elementor-element-4a65dce6 elementor-widget elementor-widget-text-editor\" data-id=\"4a65dce6\" data-element_type=\"widget\" data-widget_type=\"text-editor.default\">\n\t\t\t\t<div class=\"elementor-widget-container\">\n\t\t\t\t\t\t\t<span class=\"tab-click\" style=\"color: #dd0036; font-weight: bold;\" data-target=\"nota-biografica\">Biographical Note<\/span>\t\t\t\t\t\t<\/div>\n\t\t\t\t<\/div>\n\t\t\t\t\t<\/div>\n\t\t<\/div>\n\t\t\t\t\t\t\t<\/div>\n\t\t<\/section>\n\t\t\t\t\t<\/div>\n\t\t<\/div>\n\t\t\t\t\t\t\t<\/div>\n\t\t<\/section>\n\t\t\t\t<section class=\"elementor-section elementor-top-section elementor-element elementor-element-5ce6af83 elementor-section-boxed elementor-section-height-default elementor-section-height-default\" data-id=\"5ce6af83\" data-element_type=\"section\">\n\t\t\t\t\t\t<div class=\"elementor-container elementor-column-gap-default\">\n\t\t\t\t\t<div class=\"elementor-column elementor-col-100 elementor-top-column elementor-element elementor-element-67ddb487\" data-id=\"67ddb487\" data-element_type=\"column\">\n\t\t\t<div class=\"elementor-widget-wrap elementor-element-populated\">\n\t\t\t\t\t\t\t\t<div class=\"elementor-element elementor-element-3b886e1c tabs-novalaw elementor-widget elementor-widget-text-editor\" data-id=\"3b886e1c\" data-element_type=\"widget\" id=\"nota-biografica\" data-widget_type=\"text-editor.default\">\n\t\t\t\t<div class=\"elementor-widget-container\">\n\t\t\t\t\t\t\t<p>Jorge Manuel Ventura Oliveira e Carmo is a senior environmental and sanitary engineer, marine economy policy advisor and is also a professor in ocean governance and sea economics. He has thirty plus years of experience in environmental policy, water treatment systems and technologies and in sea economics. He teaches ocean governance, natural maritime resources and the sea economy, national and European blue economy financial support mechanisms and economic models connected with maritime law and sea economy. With a PhD in Environment Engineering from IST, Instituto Superior T\u00e9cnico, University of Lisbon (2013), a Graduation in the Doctoral Program in Climate Change and Sustainable Development Policies, from the University of Lisbon, the NOVA University Lisbon and East Anglia University (2010), a Master in Sanitary Engineering, with distinction, at the NOVA University Lisbon (2004) and a Graduation in Environmental Engineering at the NOVA University Lisbon (1985). Also completed the Advanced Management Program at the Catholic University of Lisbon Business School (2008) and a Business Management Post-Graduation at ISCTE, Instituto Superior de Ci\u00eancias do Trabalho e da Empresa, University Institute of Lisbon (1992).<\/p><p>He is a specialist in environmental and sanitary engineering, working with the Lisbon Municipality in the Lisbon Drainage Master Plan Team (LDMP, or PGDL in Portuguese) including the construction of 2 tunnels with an internal diameter of 5.5 m and total length of approximately 6 Km (2023-2024). The Plan is reflected in a series of actions aimed to protect Tagus estuary marine environment and minimizing sea pollution, protect Lisbon city from floods and inundation and preparing it for future challenges associated with extreme precipitation events. He was former World Youth Day Lisbon 2023 General Coordinator and Mission Unit Director (2021-2023) and was responsible for research projects in partnership with the State Laboratory LNEC (National Laboratory for Civil Engineering) in different fields of civil engineering, including technology of the storm and wastewater systems and urban water infrastructure asset management (2019-2021). Former Deputy General Director in the General Directorate for Maritime Policy (2014-2019), Chief Executive in GAMA, the Portuguese Government Bureau for marine safety, Portuguese Maritime Accident Investigation and Aeronautical Meteorology (2016-2017), former President in AMBIPORTO Tratamento de Efluentes ACE, a private company that operates the Oporto city wastewater treatment systems (2000-2012), former Technical Director, Commercial Director, Managing Director and CEO of SISAQUA, Sistemas de Saneamento B\u00e1sico, SA (1995-2012), former engineer in SOUTHERN WATER PLC (1995-1996) and former Director of LISTRATA, Empresa P\u00fablica de Tratamento de \u00c1guas de Lisboa (1992-1995).<\/p><p>Between 1991 and 1995 he worked as a design sanitary engineer for water engineering companies (AMBIO, ENGIDRO, PROSSISTEMAS, HIDROPROJECTO, ECOLMARE e HIDROQUATRO) and owner of AMBISAN, Ambiente e Saneamento Lda environmental engineering company (1987-1994). <br \/>He worked in scientific research in many organizations including LNETI Laborat\u00f3rio Nacional de Energia e Tecnologia Industrial (1985-1986), IH Instituto Hidrogr\u00e1fico da Marinha (1986-1987), LNEC Laborat\u00f3rio Nacional de Engenharia Civil (1995-2003), CEHIDRO Centro de Estudos de Hidrossistemas do Instituto Superior T\u00e9cnico (2009-2013) and as postdoctoral researcher, in CCIAM Centre for Climate Change Impacts Adaptation and Modelling, Faculty of Sciences in the University of Lisbon (2013-2014).<\/p><p>He is also Guest Professor at the NOVA School of Law (2015-2024), and former lecturer at Universidade Lus\u00f3fona de Humanidades e Tecnologias (1999-2003), Instituto Superior de Ci\u00eancias de Sa\u00fade (1997-2001), FORPESCAS Centro de Forma\u00e7\u00e3o Profissional para o Sector das Pescas (1994-1995) and NOVA School of Science and Technology FCT NOVA (1993-1995). <\/p>\t\t\t\t\t\t<\/div>\n\t\t\t\t<\/div>\n\t\t\t\t<div class=\"elementor-element elementor-element-6d3fa0d7 tabs-novalaw elementor-widget elementor-widget-text-editor\" data-id=\"6d3fa0d7\" data-element_type=\"widget\" id=\"experiencia\" data-widget_type=\"text-editor.default\">\n\t\t\t\t<div class=\"elementor-widget-container\">\n\t\t\t\t\t\t\t<p class=\"p1\"><span class=\"s1\"><b>Licenciatura (1.\u00ba Ciclo):<\/b><\/span><\/p><ul><li class=\"p2\"><span class=\"s1\">Direito das Obriga\u00e7\u00f5es<\/span><\/li><li class=\"p2\"><span class=\"s1\">Introdu\u00e7\u00e3o ao Direito e ao Pensamento Jur\u00eddico<\/span><\/li><li class=\"p2\"><span class=\"s1\">Teoria do Processo<\/span><\/li><li class=\"p2\"><span class=\"s1\">Direito das Pessoas e da Fam\u00edlia<\/span><\/li><li class=\"p2\"><span class=\"s1\">Direito Processual Civil Executivo<\/span><\/li><li class=\"p2\"><span class=\"s1\">Sistemas Jur\u00eddicos Comparados<\/span><\/li><\/ul><p class=\"p1\"><span class=\"s1\">\u00a0<\/span><\/p><p class=\"p1\"><span class=\"s1\"><b>Mestrado (2.\u00ba Ciclo):<\/b><\/span><\/p><ul><li class=\"p2\"><span class=\"s1\">Direito dos Seguros<\/span><\/li><li class=\"p2\"><span class=\"s1\">Direito Banc\u00e1rio e dos Seguros<\/span><\/li><li class=\"p2\"><span class=\"s1\">Mercados e Opera\u00e7\u00f5es Financeiras<\/span><\/li><li class=\"p3\"><span class=\"s1\">Oralidade na Advocacia<\/span><\/li><\/ul><p>\u00a0<\/p><p class=\"p3\"><span class=\"s1\"><b>Doutoramento (3.\u00ba Ciclo):<\/b><\/span><\/p><ul><li class=\"p4\"><span class=\"s1\">Publica\u00e7\u00e3o Cient\u00edfica<\/span><\/li><\/ul>\t\t\t\t\t\t<\/div>\n\t\t\t\t<\/div>\n\t\t\t\t<div class=\"elementor-element elementor-element-79f8d442 tabs-novalaw elementor-widget elementor-widget-text-editor\" data-id=\"79f8d442\" data-element_type=\"widget\" id=\"publicacoes\" data-widget_type=\"text-editor.default\">\n\t\t\t\t<div class=\"elementor-widget-container\">\n\t\t\t\t\t\t\t<ul><li class=\"p1\"><span class=\"s1\"><i>Contrato de seguro e terceiros. Estudo de direito civil<\/i>, Coimbra 2010 (tese de doutoramento)<\/span><\/li><li class=\"p1\"><span class=\"s1\"><i>No right to perform a contract?<\/i>\u00a0Almedina 2006 (tese de mestrado)<\/span><\/li><li class=\"p1\"><span class=\"s1\"><i>Temas de direito dos seguros<\/i>, Almedina 2012, 2.\u00aa edi\u00e7\u00e3o Almedina 2016 (coordena\u00e7\u00e3o e coautoria)<\/span><\/li><li class=\"p1\"><span class=\"s1\"><i>Regulaci\u00f3n del contrato de seguro en Portugal y Espa\u00f1a: an\u00e1lisis comparado<\/i>, Fundaci\u00f3n INADE 2018, em portugu\u00eas 2019 (coautoria)\u00a0<\/span><\/li><li class=\"p1\"><span class=\"s1\">Autora de diversos cap\u00edtulos de livros e artigos publicados em revistas cient\u00edficas de circula\u00e7\u00e3o internacional sobre uma vasta gama de temas de direito civil e comercial.<\/span><\/li><\/ul>\t\t\t\t\t\t<\/div>\n\t\t\t\t<\/div>\n\t\t\t\t<div class=\"elementor-element elementor-element-228bb96c tabs-novalaw elementor-widget elementor-widget-text-editor\" data-id=\"228bb96c\" data-element_type=\"widget\" id=\"investigacao\" data-widget_type=\"text-editor.default\">\n\t\t\t\t<div class=\"elementor-widget-container\">\n\t\t\t\t\t\t\t<ul><li><span class=\"s1\">Contratos civis e comerciais;<\/span><\/li><li><span class=\"s1\">Teoria geral dos contratos;<\/span><\/li><li><span class=\"s1\">Direito dos seguros;<\/span><\/li><li><span class=\"s1\">Obriga\u00e7\u00f5es;<\/span><\/li><li><span class=\"s1\">Inova\u00e7\u00e3o tecnol\u00f3gica nos mercados financeiros e o seu impacto no direito geral dos contratos;<\/span><\/li><li><span class=\"s1\">A utiliza\u00e7\u00e3o de prova cient\u00edfica como fundamento para as decis\u00f5es judiciais ou jur\u00eddicas em geral;<\/span><\/li><li><span class=\"s1\">Direitos humanos ou fundamentais e seu impacto nas quest\u00f5es de direito dos contratos;<\/span><\/li><li><span class=\"s1\">Discrimina\u00e7\u00e3o;<\/span><\/li><li><span class=\"s1\">Igualdade de g\u00e9nero.<\/span><\/li><\/ul>\t\t\t\t\t\t<\/div>\n\t\t\t\t<\/div>\n\t\t\t\t\t<\/div>\n\t\t<\/div>\n\t\t\t\t\t\t\t<\/div>\n\t\t<\/section>\n\t\t\t\t<section class=\"elementor-section elementor-top-section elementor-element elementor-element-524aa437 elementor-section-height-min-height elementor-section-boxed elementor-section-height-default elementor-section-items-middle\" data-id=\"524aa437\" data-element_type=\"section\">\n\t\t\t\t\t\t<div class=\"elementor-container elementor-column-gap-default\">\n\t\t\t\t\t<div class=\"elementor-column elementor-col-100 elementor-top-column elementor-element elementor-element-7d17cbd\" data-id=\"7d17cbd\" data-element_type=\"column\">\n\t\t\t<div class=\"elementor-widget-wrap\">\n\t\t\t\t\t\t\t\t\t<\/div>\n\t\t<\/div>\n\t\t\t\t\t\t\t<\/div>\n\t\t<\/section>\n\t\t\t\t\t\t<\/div>\n\t\t\t\t\t<\/div>\n\t\t","protected":false},"excerpt":{"rendered":"<p>Jorge Oliveira e Carmo Guest Professor jorge.carmo@novalaw.unl.pt Biographical Note Jorge Manuel Ventura Oliveira e Carmo is a senior environmental and sanitary engineer, marine economy policy advisor and is also a professor in ocean governance and sea economics. He has thirty plus years of experience in environmental policy, water treatment systems and technologies and in sea &hellip;<\/p>\n<p class=\"read-more\"> <a class=\"\" href=\"https:\/\/novalaw.unl.pt\/en\/jorge-oliveira-e-carmo\/\"> <span class=\"screen-reader-text\">Jorge Oliveira e Carmo<\/span> Read More &raquo;<\/a><\/p>\n","protected":false},"author":2,"featured_media":0,"parent":0,"menu_order":379,"comment_status":"closed","ping_status":"closed","template":"","meta":{"footnotes":""},"categories":[],"tags":[],"class_list":["post-8440","page","type-page","status-publish","hentry"],"yoast_head":"<!-- This site is optimized with the Yoast SEO Premium plugin v27.4 (Yoast SEO v27.4) - https:\/\/yoast.com\/product\/yoast-seo-premium-wordpress\/ -->\n<title>Jorge Oliveira e Carmo - NOVA School of Law | Faculdade de Direito da Universidade NOVA de Lisboa<\/title>\n<meta name=\"robots\" content=\"index, follow, max-snippet:-1, max-image-preview:large, max-video-preview:-1\" \/>\n<link rel=\"canonical\" href=\"https:\/\/novalaw.unl.pt\/en\/jorge-oliveira-e-carmo\/\" \/>\n<meta property=\"og:locale\" content=\"en_US\" \/>\n<meta property=\"og:type\" content=\"article\" \/>\n<meta property=\"og:title\" content=\"Jorge Oliveira e Carmo\" \/>\n<meta property=\"og:description\" content=\"Jorge Oliveira e Carmo Guest Professor jorge.carmo@novalaw.unl.pt Biographical Note Jorge Manuel Ventura Oliveira e Carmo is a senior environmental and sanitary engineer, marine economy policy advisor and is also a professor in ocean governance and sea economics. He has thirty plus years of experience in environmental policy, water treatment systems and technologies and in sea &hellip; Jorge Oliveira e Carmo Read More &raquo;\" \/>\n<meta property=\"og:url\" content=\"https:\/\/novalaw.unl.pt\/en\/jorge-oliveira-e-carmo\/\" \/>\n<meta property=\"og:site_name\" content=\"NOVA School of Law | Faculdade de Direito da Universidade NOVA de Lisboa\" \/>\n<meta property=\"article:modified_time\" content=\"2024-06-21T10:09:12+00:00\" \/>\n<meta property=\"og:image\" content=\"https:\/\/novalaw.unl.pt\/wp-content\/uploads\/2022\/03\/SITE_docentes-convidados-JORGE-OLIVEIRA-E-CARMO.jpg\" \/>\n<meta name=\"twitter:card\" content=\"summary_large_image\" \/>\n<meta name=\"twitter:label1\" content=\"Est. reading time\" \/>\n\t<meta name=\"twitter:data1\" content=\"4 minutes\" \/>\n<script type=\"application\/ld+json\" class=\"yoast-schema-graph\">{\"@context\":\"https:\\\/\\\/schema.org\",\"@graph\":[{\"@type\":\"WebPage\",\"@id\":\"https:\\\/\\\/novalaw.unl.pt\\\/en\\\/jorge-oliveira-e-carmo\\\/\",\"url\":\"https:\\\/\\\/novalaw.unl.pt\\\/en\\\/jorge-oliveira-e-carmo\\\/\",\"name\":\"Jorge Oliveira e Carmo - NOVA School of Law | Faculdade de Direito da Universidade NOVA de Lisboa\",\"isPartOf\":{\"@id\":\"https:\\\/\\\/novalaw.unl.pt\\\/#website\"},\"primaryImageOfPage\":{\"@id\":\"https:\\\/\\\/novalaw.unl.pt\\\/en\\\/jorge-oliveira-e-carmo\\\/#primaryimage\"},\"image\":{\"@id\":\"https:\\\/\\\/novalaw.unl.pt\\\/en\\\/jorge-oliveira-e-carmo\\\/#primaryimage\"},\"thumbnailUrl\":\"https:\\\/\\\/novalaw.unl.pt\\\/wp-content\\\/uploads\\\/2022\\\/03\\\/SITE_docentes-convidados-JORGE-OLIVEIRA-E-CARMO.jpg\",\"datePublished\":\"2021-10-06T17:35:56+00:00\",\"dateModified\":\"2024-06-21T10:09:12+00:00\",\"breadcrumb\":{\"@id\":\"https:\\\/\\\/novalaw.unl.pt\\\/en\\\/jorge-oliveira-e-carmo\\\/#breadcrumb\"},\"inLanguage\":\"en-US\",\"potentialAction\":[{\"@type\":\"ReadAction\",\"target\":[\"https:\\\/\\\/novalaw.unl.pt\\\/en\\\/jorge-oliveira-e-carmo\\\/\"]}]},{\"@type\":\"ImageObject\",\"inLanguage\":\"en-US\",\"@id\":\"https:\\\/\\\/novalaw.unl.pt\\\/en\\\/jorge-oliveira-e-carmo\\\/#primaryimage\",\"url\":\"https:\\\/\\\/novalaw.unl.pt\\\/wp-content\\\/uploads\\\/2022\\\/03\\\/SITE_docentes-convidados-JORGE-OLIVEIRA-E-CARMO.jpg\",\"contentUrl\":\"https:\\\/\\\/novalaw.unl.pt\\\/wp-content\\\/uploads\\\/2022\\\/03\\\/SITE_docentes-convidados-JORGE-OLIVEIRA-E-CARMO.jpg\"},{\"@type\":\"BreadcrumbList\",\"@id\":\"https:\\\/\\\/novalaw.unl.pt\\\/en\\\/jorge-oliveira-e-carmo\\\/#breadcrumb\",\"itemListElement\":[{\"@type\":\"ListItem\",\"position\":1,\"name\":\"Home\",\"item\":\"https:\\\/\\\/novalaw.unl.pt\\\/en\\\/\"},{\"@type\":\"ListItem\",\"position\":2,\"name\":\"Jorge Oliveira e Carmo\"}]},{\"@type\":\"WebSite\",\"@id\":\"https:\\\/\\\/novalaw.unl.pt\\\/#website\",\"url\":\"https:\\\/\\\/novalaw.unl.pt\\\/\",\"name\":\"NOVA School of Law | Faculdade de Direito da Universidade NOVA de Lisboa\",\"description\":\"NOVA School Of Law\",\"publisher\":{\"@id\":\"https:\\\/\\\/novalaw.unl.pt\\\/#organization\"},\"potentialAction\":[{\"@type\":\"SearchAction\",\"target\":{\"@type\":\"EntryPoint\",\"urlTemplate\":\"https:\\\/\\\/novalaw.unl.pt\\\/?s={search_term_string}\"},\"query-input\":{\"@type\":\"PropertyValueSpecification\",\"valueRequired\":true,\"valueName\":\"search_term_string\"}}],\"inLanguage\":\"en-US\"},{\"@type\":\"Organization\",\"@id\":\"https:\\\/\\\/novalaw.unl.pt\\\/#organization\",\"name\":\"NOVA School of Law\",\"url\":\"https:\\\/\\\/novalaw.unl.pt\\\/\",\"logo\":{\"@type\":\"ImageObject\",\"inLanguage\":\"en-US\",\"@id\":\"https:\\\/\\\/novalaw.unl.pt\\\/#\\\/schema\\\/logo\\\/image\\\/\",\"url\":\"https:\\\/\\\/novalaw.unl.pt\\\/wp-content\\\/uploads\\\/2021\\\/02\\\/logo-novalaw.svg\",\"contentUrl\":\"https:\\\/\\\/novalaw.unl.pt\\\/wp-content\\\/uploads\\\/2021\\\/02\\\/logo-novalaw.svg\",\"width\":991,\"height\":424,\"caption\":\"NOVA School of Law\"},\"image\":{\"@id\":\"https:\\\/\\\/novalaw.unl.pt\\\/#\\\/schema\\\/logo\\\/image\\\/\"}}]}<\/script>\n<!-- \/ Yoast SEO Premium plugin. -->","yoast_head_json":{"title":"Jorge Oliveira e Carmo - NOVA School of Law | Faculdade de Direito da Universidade NOVA de Lisboa","robots":{"index":"index","follow":"follow","max-snippet":"max-snippet:-1","max-image-preview":"max-image-preview:large","max-video-preview":"max-video-preview:-1"},"canonical":"https:\/\/novalaw.unl.pt\/en\/jorge-oliveira-e-carmo\/","og_locale":"en_US","og_type":"article","og_title":"Jorge Oliveira e Carmo","og_description":"Jorge Oliveira e Carmo Guest Professor jorge.carmo@novalaw.unl.pt Biographical Note Jorge Manuel Ventura Oliveira e Carmo is a senior environmental and sanitary engineer, marine economy policy advisor and is also a professor in ocean governance and sea economics. He has thirty plus years of experience in environmental policy, water treatment systems and technologies and in sea &hellip; Jorge Oliveira e Carmo Read More &raquo;","og_url":"https:\/\/novalaw.unl.pt\/en\/jorge-oliveira-e-carmo\/","og_site_name":"NOVA School of Law | Faculdade de Direito da Universidade NOVA de Lisboa","article_modified_time":"2024-06-21T10:09:12+00:00","og_image":[{"url":"https:\/\/novalaw.unl.pt\/wp-content\/uploads\/2022\/03\/SITE_docentes-convidados-JORGE-OLIVEIRA-E-CARMO.jpg","type":"","width":"","height":""}],"twitter_card":"summary_large_image","twitter_misc":{"Est. reading time":"4 minutes"},"schema":{"@context":"https:\/\/schema.org","@graph":[{"@type":"WebPage","@id":"https:\/\/novalaw.unl.pt\/en\/jorge-oliveira-e-carmo\/","url":"https:\/\/novalaw.unl.pt\/en\/jorge-oliveira-e-carmo\/","name":"Jorge Oliveira e Carmo - NOVA School of Law | Faculdade de Direito da Universidade NOVA de Lisboa","isPartOf":{"@id":"https:\/\/novalaw.unl.pt\/#website"},"primaryImageOfPage":{"@id":"https:\/\/novalaw.unl.pt\/en\/jorge-oliveira-e-carmo\/#primaryimage"},"image":{"@id":"https:\/\/novalaw.unl.pt\/en\/jorge-oliveira-e-carmo\/#primaryimage"},"thumbnailUrl":"https:\/\/novalaw.unl.pt\/wp-content\/uploads\/2022\/03\/SITE_docentes-convidados-JORGE-OLIVEIRA-E-CARMO.jpg","datePublished":"2021-10-06T17:35:56+00:00","dateModified":"2024-06-21T10:09:12+00:00","breadcrumb":{"@id":"https:\/\/novalaw.unl.pt\/en\/jorge-oliveira-e-carmo\/#breadcrumb"},"inLanguage":"en-US","potentialAction":[{"@type":"ReadAction","target":["https:\/\/novalaw.unl.pt\/en\/jorge-oliveira-e-carmo\/"]}]},{"@type":"ImageObject","inLanguage":"en-US","@id":"https:\/\/novalaw.unl.pt\/en\/jorge-oliveira-e-carmo\/#primaryimage","url":"https:\/\/novalaw.unl.pt\/wp-content\/uploads\/2022\/03\/SITE_docentes-convidados-JORGE-OLIVEIRA-E-CARMO.jpg","contentUrl":"https:\/\/novalaw.unl.pt\/wp-content\/uploads\/2022\/03\/SITE_docentes-convidados-JORGE-OLIVEIRA-E-CARMO.jpg"},{"@type":"BreadcrumbList","@id":"https:\/\/novalaw.unl.pt\/en\/jorge-oliveira-e-carmo\/#breadcrumb","itemListElement":[{"@type":"ListItem","position":1,"name":"Home","item":"https:\/\/novalaw.unl.pt\/en\/"},{"@type":"ListItem","position":2,"name":"Jorge Oliveira e Carmo"}]},{"@type":"WebSite","@id":"https:\/\/novalaw.unl.pt\/#website","url":"https:\/\/novalaw.unl.pt\/","name":"NOVA School of Law | Faculdade de Direito da Universidade NOVA de Lisboa","description":"NOVA School Of Law","publisher":{"@id":"https:\/\/novalaw.unl.pt\/#organization"},"potentialAction":[{"@type":"SearchAction","target":{"@type":"EntryPoint","urlTemplate":"https:\/\/novalaw.unl.pt\/?s={search_term_string}"},"query-input":{"@type":"PropertyValueSpecification","valueRequired":true,"valueName":"search_term_string"}}],"inLanguage":"en-US"},{"@type":"Organization","@id":"https:\/\/novalaw.unl.pt\/#organization","name":"NOVA School of Law","url":"https:\/\/novalaw.unl.pt\/","logo":{"@type":"ImageObject","inLanguage":"en-US","@id":"https:\/\/novalaw.unl.pt\/#\/schema\/logo\/image\/","url":"https:\/\/novalaw.unl.pt\/wp-content\/uploads\/2021\/02\/logo-novalaw.svg","contentUrl":"https:\/\/novalaw.unl.pt\/wp-content\/uploads\/2021\/02\/logo-novalaw.svg","width":991,"height":424,"caption":"NOVA School of Law"},"image":{"@id":"https:\/\/novalaw.unl.pt\/#\/schema\/logo\/image\/"}}]}},"novalaw_begin_date":"","novalaw_begin_date_en":"","novalaw_text":"","novalaw_tag":"","novalaw_tag_en":"","novalaw_link":"","novalaw_link_en":"","novalaw_end_date":"","novalaw_end_date_en":"","novalaw_date":"","novalaw_em_destaque":"","novalaw_tag_src":"","lang":"","_links":{"self":[{"href":"https:\/\/novalaw.unl.pt\/en\/wp-json\/wp\/v2\/pages\/8440","targetHints":{"allow":["GET"]}}],"collection":[{"href":"https:\/\/novalaw.unl.pt\/en\/wp-json\/wp\/v2\/pages"}],"about":[{"href":"https:\/\/novalaw.unl.pt\/en\/wp-json\/wp\/v2\/types\/page"}],"author":[{"embeddable":true,"href":"https:\/\/novalaw.unl.pt\/en\/wp-json\/wp\/v2\/users\/2"}],"replies":[{"embeddable":true,"href":"https:\/\/novalaw.unl.pt\/en\/wp-json\/wp\/v2\/comments?post=8440"}],"version-history":[{"count":22,"href":"https:\/\/novalaw.unl.pt\/en\/wp-json\/wp\/v2\/pages\/8440\/revisions"}],"predecessor-version":[{"id":79871,"href":"https:\/\/novalaw.unl.pt\/en\/wp-json\/wp\/v2\/pages\/8440\/revisions\/79871"}],"wp:attachment":[{"href":"https:\/\/novalaw.unl.pt\/en\/wp-json\/wp\/v2\/media?parent=8440"}],"wp:term":[{"taxonomy":"category","embeddable":true,"href":"https:\/\/novalaw.unl.pt\/en\/wp-json\/wp\/v2\/categories?post=8440"},{"taxonomy":"post_tag","embeddable":true,"href":"https:\/\/novalaw.unl.pt\/en\/wp-json\/wp\/v2\/tags?post=8440"}],"curies":[{"name":"wp","href":"https:\/\/api.w.org\/{rel}","templated":true}]}}