{"id":85017,"date":"2024-10-10T11:28:11","date_gmt":"2024-10-10T11:28:11","guid":{"rendered":"https:\/\/novalaw.unl.pt\/?page_id=85017"},"modified":"2026-02-25T15:41:23","modified_gmt":"2026-02-25T15:41:23","slug":"impact","status":"publish","type":"page","link":"https:\/\/novalaw.unl.pt\/en\/impact\/","title":{"rendered":"Impact"},"content":{"rendered":"\t\t<div data-elementor-type=\"wp-page\" data-elementor-id=\"85017\" class=\"elementor elementor-85017\" data-elementor-settings=\"[]\">\n\t\t\t\t\t\t\t<div class=\"elementor-section-wrap\">\n\t\t\t\t\t\t\t<section class=\"elementor-section elementor-top-section elementor-element elementor-element-a72d827 elementor-section-height-min-height elementor-section-boxed elementor-section-height-default elementor-section-items-middle\" data-id=\"a72d827\" data-element_type=\"section\" data-settings=\"{&quot;background_background&quot;:&quot;classic&quot;}\">\n\t\t\t\t\t\t<div class=\"elementor-container elementor-column-gap-default\">\n\t\t\t\t\t<div class=\"elementor-column elementor-col-100 elementor-top-column elementor-element elementor-element-8df8a33\" data-id=\"8df8a33\" data-element_type=\"column\">\n\t\t\t<div class=\"elementor-widget-wrap elementor-element-populated\">\n\t\t\t\t\t\t\t\t\t<\/div>\n\t\t<\/div>\n\t\t\t\t\t\t\t<\/div>\n\t\t<\/section>\n\t\t\t\t<section class=\"elementor-section elementor-top-section elementor-element elementor-element-742b297 elementor-section-boxed elementor-section-height-default elementor-section-height-default\" data-id=\"742b297\" data-element_type=\"section\">\n\t\t\t\t\t\t<div class=\"elementor-container elementor-column-gap-default\">\n\t\t\t\t\t<div class=\"elementor-column elementor-col-100 elementor-top-column elementor-element elementor-element-9a4817c\" data-id=\"9a4817c\" data-element_type=\"column\">\n\t\t\t<div class=\"elementor-widget-wrap elementor-element-populated\">\n\t\t\t\t\t\t\t\t<div class=\"elementor-element elementor-element-7b00372 elementor-widget elementor-widget-ekit_wb_28926\" data-id=\"7b00372\" data-element_type=\"widget\" data-widget_type=\"ekit_wb_28926.default\">\n\t\t\t\t<div class=\"elementor-widget-container\">\n\t\t\t<h1 class=\"normal-title preto bold-text\">Impact<\/h1>\n\t\t\t\t<\/div>\n\t\t\t\t<\/div>\n\t\t\t\t\t<\/div>\n\t\t<\/div>\n\t\t\t\t\t\t\t<\/div>\n\t\t<\/section>\n\t\t\t\t<section class=\"elementor-section elementor-top-section elementor-element elementor-element-383c953 elementor-section-boxed elementor-section-height-default elementor-section-height-default\" data-id=\"383c953\" data-element_type=\"section\">\n\t\t\t\t\t\t<div class=\"elementor-container elementor-column-gap-default\">\n\t\t\t\t\t<div class=\"elementor-column elementor-col-100 elementor-top-column elementor-element elementor-element-9a5b02f\" data-id=\"9a5b02f\" data-element_type=\"column\">\n\t\t\t<div class=\"elementor-widget-wrap elementor-element-populated\">\n\t\t\t\t\t\t\t\t<div class=\"elementor-element elementor-element-196093c elementor-widget elementor-widget-text-editor\" data-id=\"196093c\" data-element_type=\"widget\" data-widget_type=\"text-editor.default\">\n\t\t\t\t<div class=\"elementor-widget-container\">\n\t\t\t\t\t\t\t<p>At NOVA School of Law, we go beyond the academic education we provide to our school community. We certainly contribute to rigorous, comprehensive and multidisciplinary knowledge, combined with the ability to analyse and communicate competently, innovatively and passionately on current political and social issues. <strong>But our role as an institution of excellence is also measured by the impact we have on society.<\/strong><\/p><p>Through teaching and research, we translate knowledge into action, contributing to sustainable development in a range of sectors, including industry, commerce and services, thus making a direct impact on public policy, the promotion of human rights, legislative innovation and the development of solutions to contemporary social challenges.<\/p><p>By tackling key issues such as data protection, environmental law or equality issues, we help to shape a fairer and more inclusive society and empower legal professionals to act as real agents of change in building a more conscious future.<\/p><p>Here are some examples of our commitment to work that has made an impact on the communities in which we operate.<\/p>\t\t\t\t\t\t<\/div>\n\t\t\t\t<\/div>\n\t\t\t\t<div class=\"elementor-element elementor-element-77b1c54 elementor-widget elementor-widget-ekit_wb_28992\" data-id=\"77b1c54\" data-element_type=\"widget\" data-widget_type=\"ekit_wb_28992.default\">\n\t\t\t\t<div class=\"elementor-widget-container\">\n\t\t\t<h3 class=\"normal-titleh3 preto regular-text\">Public policy and jurisprudence<\/h3>\n\t\t\t\t<\/div>\n\t\t\t\t<\/div>\n\t\t\t\t<div class=\"elementor-element elementor-element-512fa60 elementor-widget elementor-widget-text-editor\" data-id=\"512fa60\" data-element_type=\"widget\" data-widget_type=\"text-editor.default\">\n\t\t\t\t<div class=\"elementor-widget-container\">\n\t\t\t\t\t\t\t<p>NOVA School of Law, through its <a href=\"https:\/\/novalaw.unl.pt\/en\/cedis\/\">Centre for Research &amp; Development on Law and Society &#8211; CEDIS<\/a>, and through the work of its researchers, <strong>has actively contributed to directly influencing global, European and national public policies and legislative processes.<\/strong><\/p><p>Within the framework of the Centre&#8217;s activities, various specialised studies and policy reports have been produced for governments, NGOs as well as for European institutions (European Commission and European Parliament), the United Nations Development Programme (UNDP), the Portuguese Chamber of Commerce and Industry, the Portuguese National Contact Point on Responsible Business Conduct, civil society organisations and NGOs such as Oxfam, IMVF, Caminhos de Inf\u00e2ncia, etc.<\/p>\t\t\t\t\t\t<\/div>\n\t\t\t\t<\/div>\n\t\t\t\t<div class=\"elementor-element elementor-element-bb8958f elementor-widget elementor-widget-toggle\" data-id=\"bb8958f\" data-element_type=\"widget\" data-widget_type=\"toggle.default\">\n\t\t\t\t<div class=\"elementor-widget-container\">\n\t\t\t\t\t<div class=\"elementor-toggle\" role=\"tablist\">\n\t\t\t\t\t\t\t<div class=\"elementor-toggle-item\">\n\t\t\t\t\t<div id=\"elementor-tab-title-1961\" class=\"elementor-tab-title\" data-tab=\"1\" role=\"tab\" aria-controls=\"elementor-tab-content-1961\" aria-expanded=\"false\">\n\t\t\t\t\t\t\t\t\t\t\t\t<span class=\"elementor-toggle-icon elementor-toggle-icon-left\" aria-hidden=\"true\">\n\t\t\t\t\t\t\t\t\t\t\t\t\t\t\t<span class=\"elementor-toggle-icon-closed\"><i class=\"fas fa-caret-right\"><\/i><\/span>\n\t\t\t\t\t\t\t\t<span class=\"elementor-toggle-icon-opened\"><i class=\"elementor-toggle-icon-opened fas fa-caret-up\"><\/i><\/span>\n\t\t\t\t\t\t\t\t\t\t\t\t\t<\/span>\n\t\t\t\t\t\t\t\t\t\t\t\t<a href=\"\" class=\"elementor-toggle-title\">Human rights in business<\/a>\n\t\t\t\t\t<\/div>\n\n\t\t\t\t\t<div id=\"elementor-tab-content-1961\" class=\"elementor-tab-content elementor-clearfix\" data-tab=\"1\" role=\"tabpanel\" aria-labelledby=\"elementor-tab-title-1961\"><ul><li>In 2023, <a href=\"https:\/\/novalaw.unl.pt\/en\/nova-business-human-rights-and-the-environment\/\">NOVA BHRE<\/a> members notably drafted 2 important reports: a report for the <strong>UN Development Agency<\/strong>, analysing the human rights risks linked to business activities in Mozambique; and a report for the <strong>Portuguese Government<\/strong> to inform the drafting of the first N<strong>ational Action Plan on Business and Human Rights.<\/strong><\/li><li>In 2022, the European Commission published a <strong>Draft Directive on Corporate Sustainability Due Diligence<\/strong>, also known as the <strong>Human Rights and Environmental Due Diligence Directive<\/strong>. This was a historic moment for the field of human rights and business, ESG and the search for sustainable and responsible businesses that respect human rights, decent work and environmental standards along the global value chain. The Directive is based on a study co-authored by <a href=\"https:\/\/novalaw.unl.pt\/en\/claire-bright\/\">Claire Bright<\/a>: European Commission, Directorate-General for Justice and Consumers, Torres-Cort\u00e9s, F.; Salinier, C.; Deringer, H.; Bright, Claire et al., Study on due diligence requirements through the supply chain \u2013 Final report, EU Publications, 2020, <a href=\"https:\/\/data.europa.eu\/doi\/10.2838\/39830\">https:\/\/data.europa.eu\/doi\/10.2838\/39830<\/a>. This study focuses on due diligence requirements to identify, prevent, mitigate and account for human rights abuses, including children\u2019s rights and fundamental freedoms, serious physical and health risks and environmental damage, including climate change.<\/li><li><a href=\"https:\/\/novalaw.unl.pt\/en\/laura-inigo-alvarez\/\">Laura \u00cd\u00f1igo \u00c1lvarez<\/a> organised a symposium that was referenced in the <strong>OECD Annual Report on the Activity of National Contact Points for Responsible Business Conduct 2021<\/strong>, p. 45. She also participated in the peer review process of the <strong>Portuguese National Contact Point on Responsible Business Conduct<\/strong>, providing several recommendations for its improvement.<\/li><\/ul><\/div>\n\t\t\t\t<\/div>\n\t\t\t\t\t\t\t<div class=\"elementor-toggle-item\">\n\t\t\t\t\t<div id=\"elementor-tab-title-1962\" class=\"elementor-tab-title\" data-tab=\"2\" role=\"tab\" aria-controls=\"elementor-tab-content-1962\" aria-expanded=\"false\">\n\t\t\t\t\t\t\t\t\t\t\t\t<span class=\"elementor-toggle-icon elementor-toggle-icon-left\" aria-hidden=\"true\">\n\t\t\t\t\t\t\t\t\t\t\t\t\t\t\t<span class=\"elementor-toggle-icon-closed\"><i class=\"fas fa-caret-right\"><\/i><\/span>\n\t\t\t\t\t\t\t\t<span class=\"elementor-toggle-icon-opened\"><i class=\"elementor-toggle-icon-opened fas fa-caret-up\"><\/i><\/span>\n\t\t\t\t\t\t\t\t\t\t\t\t\t<\/span>\n\t\t\t\t\t\t\t\t\t\t\t\t<a href=\"\" class=\"elementor-toggle-title\">Human rights in situations of armed conflict<\/a>\n\t\t\t\t\t<\/div>\n\n\t\t\t\t\t<div id=\"elementor-tab-content-1962\" class=\"elementor-tab-content elementor-clearfix\" data-tab=\"2\" role=\"tabpanel\" aria-labelledby=\"elementor-tab-title-1962\"><p>In 2023, a new United Nations mechanism to <strong>search for the missing in Syria<\/strong> was voted on and approved by the General Assembly. This mechanism is the result of the work of <strong>Jeremy Sarkin<\/strong> with Syrian NGOs since 2020 and his book on the need for such a mechanism and how it could function.<\/p><p>The mechanism will be established soon and <strong>will help determine the fate and whereabouts of the possibly 1 million people in Syria who have been detained and disappeared since 2011.<\/strong><\/p><\/div>\n\t\t\t\t<\/div>\n\t\t\t\t\t\t\t<div class=\"elementor-toggle-item\">\n\t\t\t\t\t<div id=\"elementor-tab-title-1963\" class=\"elementor-tab-title\" data-tab=\"3\" role=\"tab\" aria-controls=\"elementor-tab-content-1963\" aria-expanded=\"false\">\n\t\t\t\t\t\t\t\t\t\t\t\t<span class=\"elementor-toggle-icon elementor-toggle-icon-left\" aria-hidden=\"true\">\n\t\t\t\t\t\t\t\t\t\t\t\t\t\t\t<span class=\"elementor-toggle-icon-closed\"><i class=\"fas fa-caret-right\"><\/i><\/span>\n\t\t\t\t\t\t\t\t<span class=\"elementor-toggle-icon-opened\"><i class=\"elementor-toggle-icon-opened fas fa-caret-up\"><\/i><\/span>\n\t\t\t\t\t\t\t\t\t\t\t\t\t<\/span>\n\t\t\t\t\t\t\t\t\t\t\t\t<a href=\"\" class=\"elementor-toggle-title\">Fight against organised crime<\/a>\n\t\t\t\t\t<\/div>\n\n\t\t\t\t\t<div id=\"elementor-tab-content-1963\" class=\"elementor-tab-content elementor-clearfix\" data-tab=\"3\" role=\"tabpanel\" aria-labelledby=\"elementor-tab-title-1963\"><p><a href=\"https:\/\/novalaw.unl.pt\/en\/felipe-pathe-duarte\/\">Felipe Path\u00e9 Duarte<\/a> acted as a Consultant in 2020 for the <strong>United Nations Office on Drugs and Crime to Counter Violent Extremism in Mozambique<\/strong> and in 2023 for the <strong>Council of Europe<\/strong> on the use of digital tools for disaster risk communication. For the <strong>Secretariat of the EUR-OPA Major Risks Agreement<\/strong>, he wrote a report whose recommendations were adopted at the 80th meeting of the Committee of Permanent Correspondents and Directors of Specialised Centres (Joint Meeting).<\/p><\/div>\n\t\t\t\t<\/div>\n\t\t\t\t\t\t\t<div class=\"elementor-toggle-item\">\n\t\t\t\t\t<div id=\"elementor-tab-title-1964\" class=\"elementor-tab-title\" data-tab=\"4\" role=\"tab\" aria-controls=\"elementor-tab-content-1964\" aria-expanded=\"false\">\n\t\t\t\t\t\t\t\t\t\t\t\t<span class=\"elementor-toggle-icon elementor-toggle-icon-left\" aria-hidden=\"true\">\n\t\t\t\t\t\t\t\t\t\t\t\t\t\t\t<span class=\"elementor-toggle-icon-closed\"><i class=\"fas fa-caret-right\"><\/i><\/span>\n\t\t\t\t\t\t\t\t<span class=\"elementor-toggle-icon-opened\"><i class=\"elementor-toggle-icon-opened fas fa-caret-up\"><\/i><\/span>\n\t\t\t\t\t\t\t\t\t\t\t\t\t<\/span>\n\t\t\t\t\t\t\t\t\t\t\t\t<a href=\"\" class=\"elementor-toggle-title\">Protection of personal data<\/a>\n\t\t\t\t\t<\/div>\n\n\t\t\t\t\t<div id=\"elementor-tab-content-1964\" class=\"elementor-tab-content elementor-clearfix\" data-tab=\"4\" role=\"tabpanel\" aria-labelledby=\"elementor-tab-title-1964\"><p><a href=\"https:\/\/novalaw.unl.pt\/en\/filipe-brito-bastos\/\">Filipe Brito Bastos<\/a> co-authored reports for the European Parliament on <strong>European Banking Union<\/strong> accountability and contributed to a study for the <strong>European Data Protection Supervisor<\/strong> on compliance with treaties.<\/p><\/div>\n\t\t\t\t<\/div>\n\t\t\t\t\t\t\t<div class=\"elementor-toggle-item\">\n\t\t\t\t\t<div id=\"elementor-tab-title-1965\" class=\"elementor-tab-title\" data-tab=\"5\" role=\"tab\" aria-controls=\"elementor-tab-content-1965\" aria-expanded=\"false\">\n\t\t\t\t\t\t\t\t\t\t\t\t<span class=\"elementor-toggle-icon elementor-toggle-icon-left\" aria-hidden=\"true\">\n\t\t\t\t\t\t\t\t\t\t\t\t\t\t\t<span class=\"elementor-toggle-icon-closed\"><i class=\"fas fa-caret-right\"><\/i><\/span>\n\t\t\t\t\t\t\t\t<span class=\"elementor-toggle-icon-opened\"><i class=\"elementor-toggle-icon-opened fas fa-caret-up\"><\/i><\/span>\n\t\t\t\t\t\t\t\t\t\t\t\t\t<\/span>\n\t\t\t\t\t\t\t\t\t\t\t\t<a href=\"\" class=\"elementor-toggle-title\">Energy services<\/a>\n\t\t\t\t\t<\/div>\n\n\t\t\t\t\t<div id=\"elementor-tab-content-1965\" class=\"elementor-tab-content elementor-clearfix\" data-tab=\"5\" role=\"tabpanel\" aria-labelledby=\"elementor-tab-title-1965\"><p><a href=\"https:\/\/novalaw.unl.pt\/en\/jorge-morais-carvalho\/\">Jorge Morais Carvalho<\/a> coordinated two projects at the request of <strong>ERSE (Entidade Reguladora dos Servi\u00e7os Energ\u00e9ticos)<\/strong>: a study on the legality of the general conditions of the standard contracts presented by electricity suppliers, which served as the basis for <a href=\"https:\/\/www.erse.pt\/media\/zlzcnzdr\/recomenda%C3%A7%C3%A3o-condi%C3%A7%C3%B5es-contratuais_vfinal.pdf\">ERSE Recommendation No. 1\/2019<\/a>, and a <strong>draft of the common regulation on commercial relations for the electricity and natural gas sectors<\/strong> (which resulted in <a href=\"https:\/\/diariodarepublica.pt\/dr\/detalhe\/regulamento\/1129-2020-152518409\">Regulation No. 1129\/2020, of 30 December<\/a>).<\/p><\/div>\n\t\t\t\t<\/div>\n\t\t\t\t\t\t\t<div class=\"elementor-toggle-item\">\n\t\t\t\t\t<div id=\"elementor-tab-title-1966\" class=\"elementor-tab-title\" data-tab=\"6\" role=\"tab\" aria-controls=\"elementor-tab-content-1966\" aria-expanded=\"false\">\n\t\t\t\t\t\t\t\t\t\t\t\t<span class=\"elementor-toggle-icon elementor-toggle-icon-left\" aria-hidden=\"true\">\n\t\t\t\t\t\t\t\t\t\t\t\t\t\t\t<span class=\"elementor-toggle-icon-closed\"><i class=\"fas fa-caret-right\"><\/i><\/span>\n\t\t\t\t\t\t\t\t<span class=\"elementor-toggle-icon-opened\"><i class=\"elementor-toggle-icon-opened fas fa-caret-up\"><\/i><\/span>\n\t\t\t\t\t\t\t\t\t\t\t\t\t<\/span>\n\t\t\t\t\t\t\t\t\t\t\t\t<a href=\"\" class=\"elementor-toggle-title\">Equality and non-discrimination<\/a>\n\t\t\t\t\t<\/div>\n\n\t\t\t\t\t<div id=\"elementor-tab-content-1966\" class=\"elementor-tab-content elementor-clearfix\" data-tab=\"6\" role=\"tabpanel\" aria-labelledby=\"elementor-tab-title-1966\"><p><a href=\"https:\/\/novalaw.unl.pt\/en\/margarida-lima-rego\/\">Margarida Lima Rego<\/a> coordinated the project and <a href=\"https:\/\/novalaw.unl.pt\/en\/veronica-corcodel\/\">Veronica Corcodel<\/a> was part of the team behind the <a href=\"https:\/\/novalaw.unl.pt\/en\/project-multiversity-white-paper-on-multiple-and-intersectional-discrimination-2\/\">Multiversity Project | White Paper on Multiple and Intersectional Discrimination<\/a>, which was launched in October 2022 with the aim of producing a scientifically based recommendation, based on multidisciplinary knowledge, to level and harmonise anti-discrimination protection in Portugal, taking into account sequential, additive and intersectional multiple discrimination.<\/p><p>The project resulted in the <a href=\"https:\/\/novalaw.unl.pt\/wp-content\/uploads\/2024\/02\/24_057-Livro-A4_Livro-Branco-Sobre-Discriminacao_210x297_V5_EBOOK.pdf\">&#8216;White Paper on Multiple and Intersectional Discrimination&#8217;<\/a>, presented in <a href=\"https:\/\/novalaw.unl.pt\/livro-branco-sobre-discriminacao-propoe-a-criacao-da-agencia-para-a-igualdade\/\">March 2024<\/a>, which contains its main findings and recommendations, as well as a proposal for a preliminary draft of a comprehensive anti-discrimination law and the creation of a single institution to promote equality and prevent discrimination, the Equality Agency.<\/p><\/div>\n\t\t\t\t<\/div>\n\t\t\t\t\t\t\t\t<\/div>\n\t\t\t\t<\/div>\n\t\t\t\t<\/div>\n\t\t\t\t<div class=\"elementor-element elementor-element-0d99148 elementor-widget elementor-widget-ekit_wb_28992\" data-id=\"0d99148\" data-element_type=\"widget\" data-widget_type=\"ekit_wb_28992.default\">\n\t\t\t\t<div class=\"elementor-widget-container\">\n\t\t\t<h3 class=\"normal-titleh3 preto regular-text\">Other contributions<\/h3>\n\t\t\t\t<\/div>\n\t\t\t\t<\/div>\n\t\t\t\t<div class=\"elementor-element elementor-element-7484848 elementor-widget elementor-widget-text-editor\" data-id=\"7484848\" data-element_type=\"widget\" data-widget_type=\"text-editor.default\">\n\t\t\t\t<div class=\"elementor-widget-container\">\n\t\t\t\t\t\t\t<p>The NOVA School of Law, through its Knowledge Centres, offers legal assistance and advice in different areas, such as Equality and Discrimination Law (<a href=\"https:\/\/novalaw.unl.pt\/en\/antigona\/\">Ant\u00edgona &#8211; Equality and Discrimination Clinic<\/a>), Asylum Law (<a href=\"https:\/\/novalaw.unl.pt\/en\/nova-refugee-clinic-legal-clinic\/\">NOVA Refugee and Migration Clinic<\/a>), Racism and Xenophobia (<a href=\"https:\/\/novalaw.unl.pt\/observatorio-do-racismo-e-xenofobia-investigacao\/\">Observatory against Racism and Xenophobia<\/a>), Intellectual Property in a society aiming to achieve sustainability (<a href=\"https:\/\/novalaw.unl.pt\/en\/nova-knowledge-centre-on-intellectual-property-sustainable-innovation-ipsi\/\">NOVAIPSI<\/a>) or consumer conflict mediation processes (<a href=\"https:\/\/novalaw.unl.pt\/en\/nova-consumer-lab\/\">NOVA Consumer Lab<\/a>).<\/p><p>At the same time, we organise numerous initiatives with a strong social impact, which offer participants a space for dialogue and cooperation and embody our core values of innovation, inclusion, social justice and sustainability.<\/p><p>This is the case with &#8216;<a href=\"https:\/\/novalaw.unl.pt\/conversas-sobre-racismo-e-xenofobia\/\">Conversations on Racism and Xenophobia<\/a>&#8216;, where we invite people from different backgrounds to join us for an informal discussion on any topic relevant to the issue.<\/p>\t\t\t\t\t\t<\/div>\n\t\t\t\t<\/div>\n\t\t\t\t\t<\/div>\n\t\t<\/div>\n\t\t\t\t\t\t\t<\/div>\n\t\t<\/section>\n\t\t\t\t<section class=\"elementor-section elementor-top-section elementor-element elementor-element-12690b2 elementor-section-boxed elementor-section-height-default elementor-section-height-default\" data-id=\"12690b2\" data-element_type=\"section\">\n\t\t\t\t\t\t<div class=\"elementor-container elementor-column-gap-default\">\n\t\t\t\t\t<div class=\"elementor-column elementor-col-100 elementor-top-column elementor-element elementor-element-d9350cb\" data-id=\"d9350cb\" data-element_type=\"column\">\n\t\t\t<div class=\"elementor-widget-wrap elementor-element-populated\">\n\t\t\t\t\t\t\t\t<div class=\"elementor-element elementor-element-47d453e elementor-widget elementor-widget-ekit_wb_28992\" data-id=\"47d453e\" data-element_type=\"widget\" data-widget_type=\"ekit_wb_28992.default\">\n\t\t\t\t<div class=\"elementor-widget-container\">\n\t\t\t<h3 class=\"normal-titleh3 preto regular-text\">Paths of Impact<\/h3>\n\t\t\t\t<\/div>\n\t\t\t\t<\/div>\n\t\t\t\t<div class=\"elementor-element elementor-element-eb41aa0 elementor-widget elementor-widget-text-editor\" data-id=\"eb41aa0\" data-element_type=\"widget\" data-widget_type=\"text-editor.default\">\n\t\t\t\t<div class=\"elementor-widget-container\">\n\t\t\t\t\t\t\t<p>Because at NOVA School of Law we dare to go ever further to push the boundaries, we continue our commitment to the best ways and best practices that can use law to defend a better world, namely through academics who want to make a difference.<\/p>\t\t\t\t\t\t<\/div>\n\t\t\t\t<\/div>\n\t\t\t\t<section class=\"elementor-section elementor-inner-section elementor-element elementor-element-b3980a0 elementor-section-boxed elementor-section-height-default elementor-section-height-default\" data-id=\"b3980a0\" data-element_type=\"section\">\n\t\t\t\t\t\t<div class=\"elementor-container elementor-column-gap-default\">\n\t\t\t\t\t<div class=\"elementor-column elementor-col-16 elementor-inner-column elementor-element elementor-element-30f7e03\" data-id=\"30f7e03\" data-element_type=\"column\" data-settings=\"{&quot;animation&quot;:&quot;none&quot;}\">\n\t\t\t<div class=\"elementor-widget-wrap elementor-element-populated\">\n\t\t\t\t\t\t\t\t<div class=\"elementor-element elementor-element-0172568 elementor-widget elementor-widget-image\" data-id=\"0172568\" data-element_type=\"widget\" data-widget_type=\"image.default\">\n\t\t\t\t<div class=\"elementor-widget-container\">\n\t\t\t\t\t\t\t\t\t\t\t\t\t\t\t\t<a href=\"https:\/\/cedis.novalaw.unl.pt\/speaker\/ana-cristina-nogueira-da-silva\/\">\n\t\t\t\t\t\t\t<img decoding=\"async\" src=\"https:\/\/novalaw.unl.pt\/wp-content\/uploads\/elementor\/thumbs\/SITE_docentes-residentes-CRISTINA-NOGUEIRA-pb29zgwly2kooxw6u38yos6a0pgxs1knsz7obuezx8.jpg\" title=\"SITE_docentes-residentes-CRISTINA-NOGUEIRA\" alt=\"SITE_docentes-residentes-CRISTINA-NOGUEIRA\" \/>\t\t\t\t\t\t\t\t<\/a>\n\t\t\t\t\t\t\t\t\t\t\t\t\t\t\t<\/div>\n\t\t\t\t<\/div>\n\t\t\t\t<div class=\"elementor-element elementor-element-7e28909 elementor-widget elementor-widget-heading\" data-id=\"7e28909\" data-element_type=\"widget\" data-widget_type=\"heading.default\">\n\t\t\t\t<div class=\"elementor-widget-container\">\n\t\t\t<h3 class=\"elementor-heading-title elementor-size-default\"><a href=\"https:\/\/cedis.novalaw.unl.pt\/speaker\/ana-cristina-nogueira-da-silva\/\">Cristina Nogueira da Silva<\/a><\/h3>\t\t<\/div>\n\t\t\t\t<\/div>\n\t\t\t\t\t<\/div>\n\t\t<\/div>\n\t\t\t\t<div class=\"elementor-column elementor-col-16 elementor-inner-column elementor-element elementor-element-6b74f56\" data-id=\"6b74f56\" data-element_type=\"column\" data-settings=\"{&quot;animation&quot;:&quot;none&quot;}\">\n\t\t\t<div class=\"elementor-widget-wrap elementor-element-populated\">\n\t\t\t\t\t\t\t\t<div class=\"elementor-element elementor-element-51e9031 elementor-widget elementor-widget-image\" data-id=\"51e9031\" data-element_type=\"widget\" data-widget_type=\"image.default\">\n\t\t\t\t<div class=\"elementor-widget-container\">\n\t\t\t\t\t\t\t\t\t\t\t\t\t\t\t\t<a href=\"https:\/\/cedis.novalaw.unl.pt\/speaker\/claire-bright\/\">\n\t\t\t\t\t\t\t<img decoding=\"async\" src=\"https:\/\/novalaw.unl.pt\/wp-content\/uploads\/elementor\/thumbs\/Claire-BRight-scaled-e1591349922375-pckiv2cvhkwaybzy7pffqexy65zthaz5bgxdeoko64.jpg\" title=\"Claire-BRight-scaled-e1591349922375\" alt=\"Claire-BRight-scaled-e1591349922375\" \/>\t\t\t\t\t\t\t\t<\/a>\n\t\t\t\t\t\t\t\t\t\t\t\t\t\t\t<\/div>\n\t\t\t\t<\/div>\n\t\t\t\t<div class=\"elementor-element elementor-element-58d04ac elementor-widget elementor-widget-heading\" data-id=\"58d04ac\" data-element_type=\"widget\" data-widget_type=\"heading.default\">\n\t\t\t\t<div class=\"elementor-widget-container\">\n\t\t\t<h3 class=\"elementor-heading-title elementor-size-default\"><a href=\"https:\/\/cedis.novalaw.unl.pt\/speaker\/claire-bright\/\">Claire Bright<\/a><\/h3>\t\t<\/div>\n\t\t\t\t<\/div>\n\t\t\t\t\t<\/div>\n\t\t<\/div>\n\t\t\t\t<div class=\"elementor-column elementor-col-16 elementor-inner-column elementor-element elementor-element-a708b38\" data-id=\"a708b38\" data-element_type=\"column\" data-settings=\"{&quot;animation&quot;:&quot;none&quot;}\">\n\t\t\t<div class=\"elementor-widget-wrap elementor-element-populated\">\n\t\t\t\t\t\t\t\t<div class=\"elementor-element elementor-element-7b56c78 elementor-widget elementor-widget-image\" data-id=\"7b56c78\" data-element_type=\"widget\" data-widget_type=\"image.default\">\n\t\t\t\t<div class=\"elementor-widget-container\">\n\t\t\t\t\t\t\t\t\t\t\t\t\t\t\t\t<a href=\"https:\/\/cedis.novalaw.unl.pt\/speaker\/fabrizio-esposito\/\">\n\t\t\t\t\t\t\t<img decoding=\"async\" src=\"https:\/\/novalaw.unl.pt\/wp-content\/uploads\/elementor\/thumbs\/SITE_docentes-residentes-FABRIZIO-ESPOSITO-pb29zisabqn9c5tgj427trp77h7o7fs4h8inaec7ks.jpg\" title=\"SITE_docentes-residentes-FABRIZIO-ESPOSITO\" alt=\"SITE_docentes-residentes-FABRIZIO-ESPOSITO\" \/>\t\t\t\t\t\t\t\t<\/a>\n\t\t\t\t\t\t\t\t\t\t\t\t\t\t\t<\/div>\n\t\t\t\t<\/div>\n\t\t\t\t<div class=\"elementor-element elementor-element-08ea37a elementor-widget elementor-widget-heading\" data-id=\"08ea37a\" data-element_type=\"widget\" data-widget_type=\"heading.default\">\n\t\t\t\t<div class=\"elementor-widget-container\">\n\t\t\t<h3 class=\"elementor-heading-title elementor-size-default\"><a href=\"https:\/\/cedis.novalaw.unl.pt\/speaker\/fabrizio-esposito\/\">Fabrizio Esposito<\/a><\/h3>\t\t<\/div>\n\t\t\t\t<\/div>\n\t\t\t\t\t<\/div>\n\t\t<\/div>\n\t\t\t\t<div class=\"elementor-column elementor-col-16 elementor-inner-column elementor-element elementor-element-5c157b2\" data-id=\"5c157b2\" data-element_type=\"column\" data-settings=\"{&quot;animation&quot;:&quot;none&quot;}\">\n\t\t\t<div class=\"elementor-widget-wrap elementor-element-populated\">\n\t\t\t\t\t\t\t\t<div class=\"elementor-element elementor-element-28c2022 elementor-widget elementor-widget-image\" data-id=\"28c2022\" data-element_type=\"widget\" data-widget_type=\"image.default\">\n\t\t\t\t<div class=\"elementor-widget-container\">\n\t\t\t\t\t\t\t\t\t\t\t\t\t\t\t\t<a href=\"https:\/\/cedis.novalaw.unl.pt\/speaker\/filipe-brito-bastos\/\">\n\t\t\t\t\t\t\t<img decoding=\"async\" src=\"https:\/\/novalaw.unl.pt\/wp-content\/uploads\/elementor\/thumbs\/SITE_docentes-residentes-FILIPE-BRITO-BASTOSjpg-pn9nl29ze08htxttle6j2p5jxtrmrugvzl4w9jjucc.jpg\" title=\"SITE_docentes-residentes-FILIPE-BRITO-BASTOSjpg\" alt=\"SITE_docentes-residentes-FILIPE-BRITO-BASTOSjpg\" \/>\t\t\t\t\t\t\t\t<\/a>\n\t\t\t\t\t\t\t\t\t\t\t\t\t\t\t<\/div>\n\t\t\t\t<\/div>\n\t\t\t\t<div class=\"elementor-element elementor-element-f8437f1 elementor-widget elementor-widget-heading\" data-id=\"f8437f1\" data-element_type=\"widget\" data-widget_type=\"heading.default\">\n\t\t\t\t<div class=\"elementor-widget-container\">\n\t\t\t<h3 class=\"elementor-heading-title elementor-size-default\"><a href=\"https:\/\/cedis.novalaw.unl.pt\/speaker\/filipe-brito-bastos\/\">Filipe Brito Bastos<\/a><\/h3>\t\t<\/div>\n\t\t\t\t<\/div>\n\t\t\t\t\t<\/div>\n\t\t<\/div>\n\t\t\t\t<div class=\"elementor-column elementor-col-16 elementor-inner-column elementor-element elementor-element-12e9d38\" data-id=\"12e9d38\" data-element_type=\"column\" data-settings=\"{&quot;animation&quot;:&quot;none&quot;}\">\n\t\t\t<div class=\"elementor-widget-wrap elementor-element-populated\">\n\t\t\t\t\t\t\t\t<div class=\"elementor-element elementor-element-765e609 elementor-widget elementor-widget-image\" data-id=\"765e609\" data-element_type=\"widget\" data-widget_type=\"image.default\">\n\t\t\t\t<div class=\"elementor-widget-container\">\n\t\t\t\t\t\t\t\t\t\t\t\t\t\t\t\t<a href=\"https:\/\/cedis.novalaw.unl.pt\/speaker\/francisco-pereira-coutinho\/\">\n\t\t\t\t\t\t\t<img decoding=\"async\" src=\"https:\/\/novalaw.unl.pt\/wp-content\/uploads\/elementor\/thumbs\/Francisco-Pereira-Coutinho_03-002-copia-e1591630399708-p7zcy1f438fwe5ymjlw89g7zss44neatfcvx454nz0.jpg\" title=\"Francisco-Pereira-Coutinho_03-002-copia-e1591630399708\" alt=\"Francisco-Pereira-Coutinho_03-002-copia-e1591630399708\" \/>\t\t\t\t\t\t\t\t<\/a>\n\t\t\t\t\t\t\t\t\t\t\t\t\t\t\t<\/div>\n\t\t\t\t<\/div>\n\t\t\t\t<div class=\"elementor-element elementor-element-e44bb10 elementor-widget elementor-widget-heading\" data-id=\"e44bb10\" data-element_type=\"widget\" data-widget_type=\"heading.default\">\n\t\t\t\t<div class=\"elementor-widget-container\">\n\t\t\t<h3 class=\"elementor-heading-title elementor-size-default\"><a href=\"https:\/\/cedis.novalaw.unl.pt\/speaker\/francisco-pereira-coutinho\/\">Francisco Pereira Coutinho<\/a><\/h3>\t\t<\/div>\n\t\t\t\t<\/div>\n\t\t\t\t\t<\/div>\n\t\t<\/div>\n\t\t\t\t<div class=\"elementor-column elementor-col-16 elementor-inner-column elementor-element elementor-element-e59c2e5\" data-id=\"e59c2e5\" data-element_type=\"column\" data-settings=\"{&quot;animation&quot;:&quot;none&quot;}\">\n\t\t\t<div class=\"elementor-widget-wrap elementor-element-populated\">\n\t\t\t\t\t\t\t\t<div class=\"elementor-element elementor-element-5527506 elementor-widget elementor-widget-image\" data-id=\"5527506\" data-element_type=\"widget\" data-widget_type=\"image.default\">\n\t\t\t\t<div class=\"elementor-widget-container\">\n\t\t\t\t\t\t\t\t\t\t\t\t\t\t\t\t<a href=\"https:\/\/cedis.novalaw.unl.pt\/speaker\/jeremy-sarkin\/\">\n\t\t\t\t\t\t\t<img decoding=\"async\" src=\"https:\/\/novalaw.unl.pt\/wp-content\/uploads\/elementor\/thumbs\/Jeremy-Sarkin-qn9x46lnhrmffph39gs41d6wwb3ih8q4l7tbwhf1p8.jpg\" title=\"Jeremy-Sarkin\" alt=\"Jeremy-Sarkin\" \/>\t\t\t\t\t\t\t\t<\/a>\n\t\t\t\t\t\t\t\t\t\t\t\t\t\t\t<\/div>\n\t\t\t\t<\/div>\n\t\t\t\t<div class=\"elementor-element elementor-element-550015c elementor-widget elementor-widget-heading\" data-id=\"550015c\" data-element_type=\"widget\" data-widget_type=\"heading.default\">\n\t\t\t\t<div class=\"elementor-widget-container\">\n\t\t\t<h3 class=\"elementor-heading-title elementor-size-default\"><a href=\"https:\/\/cedis.novalaw.unl.pt\/speaker\/jeremy-sarkin\/\">Jeremy Sarkin<\/a><\/h3>\t\t<\/div>\n\t\t\t\t<\/div>\n\t\t\t\t\t<\/div>\n\t\t<\/div>\n\t\t\t\t\t\t\t<\/div>\n\t\t<\/section>\n\t\t\t\t\t<\/div>\n\t\t<\/div>\n\t\t\t\t\t\t\t<\/div>\n\t\t<\/section>\n\t\t\t\t<section class=\"elementor-section elementor-top-section elementor-element elementor-element-90d0062 elementor-section-boxed elementor-section-height-default elementor-section-height-default\" data-id=\"90d0062\" data-element_type=\"section\">\n\t\t\t\t\t\t<div class=\"elementor-container elementor-column-gap-default\">\n\t\t\t\t\t<div class=\"elementor-column elementor-col-100 elementor-top-column elementor-element elementor-element-7f095e1\" data-id=\"7f095e1\" data-element_type=\"column\">\n\t\t\t<div class=\"elementor-widget-wrap elementor-element-populated\">\n\t\t\t\t\t\t\t\t<section class=\"elementor-section elementor-inner-section elementor-element elementor-element-2d00ed8 elementor-section-boxed elementor-section-height-default elementor-section-height-default\" data-id=\"2d00ed8\" data-element_type=\"section\">\n\t\t\t\t\t\t<div class=\"elementor-container elementor-column-gap-default\">\n\t\t\t\t\t<div class=\"elementor-column elementor-col-16 elementor-inner-column elementor-element elementor-element-b63cf81\" data-id=\"b63cf81\" data-element_type=\"column\" data-settings=\"{&quot;animation&quot;:&quot;none&quot;}\">\n\t\t\t<div class=\"elementor-widget-wrap elementor-element-populated\">\n\t\t\t\t\t\t\t\t<div class=\"elementor-element elementor-element-a56b434 elementor-widget elementor-widget-image\" data-id=\"a56b434\" data-element_type=\"widget\" data-widget_type=\"image.default\">\n\t\t\t\t<div class=\"elementor-widget-container\">\n\t\t\t\t\t\t\t\t\t\t\t\t\t\t\t\t<a href=\"https:\/\/cedis.novalaw.unl.pt\/speaker\/jorge-morais-de-carvalho\/\">\n\t\t\t\t\t\t\t<img decoding=\"async\" src=\"https:\/\/novalaw.unl.pt\/wp-content\/uploads\/elementor\/thumbs\/Jorge-Morais-Carvalho-1-pahcn4qtsgvk7rp4k6au9i6zva5vw1pnrroocq0fa4.png\" title=\"Jorge Morais Carvalho 1\" alt=\"Jorge Morais Carvalho 1\" \/>\t\t\t\t\t\t\t\t<\/a>\n\t\t\t\t\t\t\t\t\t\t\t\t\t\t\t<\/div>\n\t\t\t\t<\/div>\n\t\t\t\t<div class=\"elementor-element elementor-element-eb248bf elementor-widget elementor-widget-heading\" data-id=\"eb248bf\" data-element_type=\"widget\" data-widget_type=\"heading.default\">\n\t\t\t\t<div class=\"elementor-widget-container\">\n\t\t\t<h3 class=\"elementor-heading-title elementor-size-default\"><a href=\"https:\/\/cedis.novalaw.unl.pt\/speaker\/jorge-morais-de-carvalho\/\">Jorge Morais Carvalho<\/a><\/h3>\t\t<\/div>\n\t\t\t\t<\/div>\n\t\t\t\t\t<\/div>\n\t\t<\/div>\n\t\t\t\t<div class=\"elementor-column elementor-col-16 elementor-inner-column elementor-element elementor-element-f19e937\" data-id=\"f19e937\" data-element_type=\"column\" data-settings=\"{&quot;animation&quot;:&quot;none&quot;}\">\n\t\t\t<div class=\"elementor-widget-wrap elementor-element-populated\">\n\t\t\t\t\t\t\t\t<div class=\"elementor-element elementor-element-e137f9f elementor-widget elementor-widget-image\" data-id=\"e137f9f\" data-element_type=\"widget\" data-widget_type=\"image.default\">\n\t\t\t\t<div class=\"elementor-widget-container\">\n\t\t\t\t\t\t\t\t\t\t\t\t\t\t\t\t<a href=\"https:\/\/cedis.novalaw.unl.pt\/speaker\/luis-duarte-dalmeida\/\">\n\t\t\t\t\t\t\t<img decoding=\"async\" src=\"https:\/\/novalaw.unl.pt\/wp-content\/uploads\/elementor\/thumbs\/SITE-CorpoDocente-ProfessoresResidentes_LuisDuarteAlmeida-1-qvjvhr9mnda1ido8yqs73v6yg0zxejrn85m8vplfmk.jpg\" title=\"SITE-CorpoDocente-ProfessoresResidentes_LuisDuarteAlmeida\" alt=\"SITE-CorpoDocente-ProfessoresResidentes_LuisDuarteAlmeida\" \/>\t\t\t\t\t\t\t\t<\/a>\n\t\t\t\t\t\t\t\t\t\t\t\t\t\t\t<\/div>\n\t\t\t\t<\/div>\n\t\t\t\t<div class=\"elementor-element elementor-element-10a7740 elementor-widget elementor-widget-heading\" data-id=\"10a7740\" data-element_type=\"widget\" data-widget_type=\"heading.default\">\n\t\t\t\t<div class=\"elementor-widget-container\">\n\t\t\t<h3 class=\"elementor-heading-title elementor-size-default\"><a href=\"https:\/\/cedis.novalaw.unl.pt\/speaker\/luis-duarte-dalmeida\/\">Lu\u00eds Duarte d\u2019Almeida<\/a><\/h3>\t\t<\/div>\n\t\t\t\t<\/div>\n\t\t\t\t\t<\/div>\n\t\t<\/div>\n\t\t\t\t<div class=\"elementor-column elementor-col-16 elementor-inner-column elementor-element elementor-element-18de4cd\" data-id=\"18de4cd\" data-element_type=\"column\" data-settings=\"{&quot;animation&quot;:&quot;none&quot;}\">\n\t\t\t<div class=\"elementor-widget-wrap elementor-element-populated\">\n\t\t\t\t\t\t\t\t<div class=\"elementor-element elementor-element-260db01 elementor-widget elementor-widget-image\" data-id=\"260db01\" data-element_type=\"widget\" data-widget_type=\"image.default\">\n\t\t\t\t<div class=\"elementor-widget-container\">\n\t\t\t\t\t\t\t\t\t\t\t\t\t\t\t\t<a href=\"https:\/\/cedis.novalaw.unl.pt\/speaker\/soraya-nour-sckell\/\">\n\t\t\t\t\t\t\t<img decoding=\"async\" src=\"https:\/\/novalaw.unl.pt\/wp-content\/uploads\/elementor\/thumbs\/Soraya-Nour-Sckell-scaled-e1591304909842-p7zyk0i8mtfhnfwrpw41z4qbplkrgut0dz3ggrma1o.jpg\" title=\"Soraya-Nour-Sckell-scaled-e1591304909842\" alt=\"Soraya-Nour-Sckell-scaled-e1591304909842\" \/>\t\t\t\t\t\t\t\t<\/a>\n\t\t\t\t\t\t\t\t\t\t\t\t\t\t\t<\/div>\n\t\t\t\t<\/div>\n\t\t\t\t<div class=\"elementor-element elementor-element-3524d41 elementor-widget elementor-widget-heading\" data-id=\"3524d41\" data-element_type=\"widget\" data-widget_type=\"heading.default\">\n\t\t\t\t<div class=\"elementor-widget-container\">\n\t\t\t<h3 class=\"elementor-heading-title elementor-size-default\"><a href=\"https:\/\/cedis.novalaw.unl.pt\/speaker\/soraya-nour-sckell\/\">Soraya Nour Sckell<\/a><\/h3>\t\t<\/div>\n\t\t\t\t<\/div>\n\t\t\t\t\t<\/div>\n\t\t<\/div>\n\t\t\t\t<div class=\"elementor-column elementor-col-16 elementor-inner-column elementor-element elementor-element-9b0828e\" data-id=\"9b0828e\" data-element_type=\"column\" data-settings=\"{&quot;animation&quot;:&quot;none&quot;}\">\n\t\t\t<div class=\"elementor-widget-wrap elementor-element-populated\">\n\t\t\t\t\t\t\t\t<div class=\"elementor-element elementor-element-f674d06 elementor-widget elementor-widget-image\" data-id=\"f674d06\" data-element_type=\"widget\" data-widget_type=\"image.default\">\n\t\t\t\t<div class=\"elementor-widget-container\">\n\t\t\t\t\t\t\t\t\t\t\t\t\t\t\t\t<a href=\"https:\/\/cedis.novalaw.unl.pt\/speaker\/tatiana-morais\/\">\n\t\t\t\t\t\t\t<img decoding=\"async\" src=\"https:\/\/novalaw.unl.pt\/wp-content\/uploads\/elementor\/thumbs\/Tatiana-Morais-qq4otts2mq7d4g33af7hsf96k4anqgdnsqwxubszto.png\" title=\"Tatiana Morais\" alt=\"Tatiana Morais\" \/>\t\t\t\t\t\t\t\t<\/a>\n\t\t\t\t\t\t\t\t\t\t\t\t\t\t\t<\/div>\n\t\t\t\t<\/div>\n\t\t\t\t<div class=\"elementor-element elementor-element-f8f9812 elementor-widget elementor-widget-heading\" data-id=\"f8f9812\" data-element_type=\"widget\" data-widget_type=\"heading.default\">\n\t\t\t\t<div class=\"elementor-widget-container\">\n\t\t\t<h3 class=\"elementor-heading-title elementor-size-default\"><a href=\"https:\/\/cedis.novalaw.unl.pt\/speaker\/tatiana-morais\/\">Tatiana Morais<\/a><\/h3>\t\t<\/div>\n\t\t\t\t<\/div>\n\t\t\t\t\t<\/div>\n\t\t<\/div>\n\t\t\t\t<div class=\"elementor-column elementor-col-16 elementor-inner-column elementor-element elementor-element-7a6f445\" data-id=\"7a6f445\" data-element_type=\"column\" data-settings=\"{&quot;animation&quot;:&quot;none&quot;}\">\n\t\t\t<div class=\"elementor-widget-wrap elementor-element-populated\">\n\t\t\t\t\t\t\t\t<div class=\"elementor-element elementor-element-e882167 elementor-widget elementor-widget-image\" data-id=\"e882167\" data-element_type=\"widget\" data-widget_type=\"image.default\">\n\t\t\t\t<div class=\"elementor-widget-container\">\n\t\t\t\t\t\t\t\t\t\t\t\t\t\t\t\t<a href=\"https:\/\/cedis.novalaw.unl.pt\/speaker\/vera-lucia-raposo\/\">\n\t\t\t\t\t\t\t<img decoding=\"async\" src=\"https:\/\/novalaw.unl.pt\/wp-content\/uploads\/elementor\/thumbs\/SITE-CorpoDocente-ProfessoresResidentes_VeraLuciaRaposo_02-1-qvctbirqklan5awgx05c0ea2y3chb4yquoxogmqp24.jpg\" title=\"SITE-CorpoDocente-ProfessoresResidentes_VeraLuciaRaposo_02\" alt=\"SITE-CorpoDocente-ProfessoresResidentes_VeraLuciaRaposo_02\" \/>\t\t\t\t\t\t\t\t<\/a>\n\t\t\t\t\t\t\t\t\t\t\t\t\t\t\t<\/div>\n\t\t\t\t<\/div>\n\t\t\t\t<div class=\"elementor-element elementor-element-db06149 elementor-widget elementor-widget-heading\" data-id=\"db06149\" data-element_type=\"widget\" data-widget_type=\"heading.default\">\n\t\t\t\t<div class=\"elementor-widget-container\">\n\t\t\t<h3 class=\"elementor-heading-title elementor-size-default\"><a href=\"https:\/\/cedis.novalaw.unl.pt\/speaker\/vera-lucia-raposo\/\">Vera L\u00facia Raposo<\/a><\/h3>\t\t<\/div>\n\t\t\t\t<\/div>\n\t\t\t\t\t<\/div>\n\t\t<\/div>\n\t\t\t\t<div class=\"elementor-column elementor-col-16 elementor-inner-column elementor-element elementor-element-6435079\" data-id=\"6435079\" data-element_type=\"column\" data-settings=\"{&quot;animation&quot;:&quot;none&quot;}\">\n\t\t\t<div class=\"elementor-widget-wrap\">\n\t\t\t\t\t\t\t\t\t<\/div>\n\t\t<\/div>\n\t\t\t\t\t\t\t<\/div>\n\t\t<\/section>\n\t\t\t\t\t<\/div>\n\t\t<\/div>\n\t\t\t\t\t\t\t<\/div>\n\t\t<\/section>\n\t\t\t\t<section class=\"elementor-section elementor-top-section elementor-element elementor-element-bb17377 elementor-section-boxed elementor-section-height-default elementor-section-height-default\" data-id=\"bb17377\" data-element_type=\"section\">\n\t\t\t\t\t\t<div class=\"elementor-container elementor-column-gap-default\">\n\t\t\t\t\t<div class=\"elementor-column elementor-col-100 elementor-top-column elementor-element elementor-element-06c8db3\" data-id=\"06c8db3\" data-element_type=\"column\">\n\t\t\t<div class=\"elementor-widget-wrap elementor-element-populated\">\n\t\t\t\t\t\t\t\t<div class=\"elementor-element elementor-element-add03cf elementor-widget elementor-widget-ekit_wb_28992\" data-id=\"add03cf\" data-element_type=\"widget\" data-widget_type=\"ekit_wb_28992.default\">\n\t\t\t\t<div class=\"elementor-widget-container\">\n\t\t\t<h3 class=\"normal-titleh3 preto regular-text\">Acknowledgement<\/h3>\n\t\t\t\t<\/div>\n\t\t\t\t<\/div>\n\t\t\t\t<div class=\"elementor-element elementor-element-56b597c elementor-widget elementor-widget-text-editor\" data-id=\"56b597c\" data-element_type=\"widget\" data-widget_type=\"text-editor.default\">\n\t\t\t\t<div class=\"elementor-widget-container\">\n\t\t\t\t\t\t\t<p>Between 2018 and 2023, teachers and researchers at CEDIS were honoured with 41 awards.<\/p><ul><li><a href=\"https:\/\/novalaw.unl.pt\/en\/teresa-pizarro-beleza\/\">Teresa Pizarro Beleza<\/a> received the <strong>Maria Barroso Prize for Gender, Equality and Citizenship<\/strong>, awarded by the Municipality of Lagoa in the Algarve, in 2021.<\/li><li><a href=\"https:\/\/novalaw.unl.pt\/en\/soraya-nour-sckell\/\">Soraya Nour Sckell<\/a> was awarded the <strong>Wolfgang-Kaupen Prize<\/strong> by the German Sociological Society, Sociology of Law Section, in 2018.<\/li><li><a href=\"https:\/\/www.cienciavitae.pt\/portal\/pt\/D113-4128-5C1C\">Lu\u00eds Cabral de Oliveira<\/a> was awarded the <strong>Calouste Gulbenkian Foundation\/Portuguese Academy of History Prize<\/strong>, in 2021, for his work on the History of Portugal\u2019s Presence in the World.<\/li><li><a href=\"https:\/\/novalaw.unl.pt\/en\/nausica-palazzo\/\">Nausica Palazzo<\/a> was recognised as a<strong> Young Leaders Academy Fellow by the EUTOPIA Alliance of Universities<\/strong>, in 2023.<\/li><li><a href=\"https:\/\/novalaw.unl.pt\/en\/nausica-palazzo\/\">Nausica Palazzo<\/a> was also awarded the <strong>Fulbright 75th Anniversary Prize<\/strong> by the Fulbright Commission Italy, in 2023.<\/li><li><a href=\"https:\/\/novalaw.unl.pt\/en\/felipe-pathe-duarte\/\">Felipe Path\u00e9-Duarte<\/a> was honoured with the 2021 <strong>ASMEA Research Award<\/strong> for his article \u201c<em>Jihad, Gas and Governance \u2013 The Insurgency in Cabo Delgado, Mozambique<\/em>.\u201d<\/li><li><a href=\"https:\/\/novalaw.unl.pt\/en\/assuncao-cristas\/\">Assun\u00e7\u00e3o Cristas<\/a> and <a href=\"https:\/\/novalaw.unl.pt\/en\/armando-marques-guedes\/\">Armando Marques Guedes<\/a> received the <strong>\u201cFriend of the Navy\u201d medal<\/strong> from the Brazilian Navy, in 2021.<\/li><li><a href=\"https:\/\/novalaw.unl.pt\/en\/giulia-priora\/\">Giulia Priora<\/a> won the <strong>ATRIP 2020 Essay Competition<\/strong>, organised by the ATRIP International Association for the Advancement of Teaching and Research in Intellectual Property, in 2021.<\/li><\/ul><p><a href=\"https:\/\/novaresearch.unl.pt\/en\/organisations\/centro-de-investiga%C3%A7%C3%A3o-e-desenvolvimento-sobre-direito-e-sociedad\/prizes\/?ordering=awardedDate&amp;descending=true\">To view all awards, please click here.<\/a><\/p>\t\t\t\t\t\t<\/div>\n\t\t\t\t<\/div>\n\t\t\t\t\t<\/div>\n\t\t<\/div>\n\t\t\t\t\t\t\t<\/div>\n\t\t<\/section>\n\t\t\t\t<section class=\"elementor-section elementor-top-section elementor-element elementor-element-98c5224 elementor-section-boxed elementor-section-height-default elementor-section-height-default\" data-id=\"98c5224\" data-element_type=\"section\">\n\t\t\t\t\t\t<div class=\"elementor-container elementor-column-gap-default\">\n\t\t\t\t\t<div class=\"elementor-column elementor-col-100 elementor-top-column elementor-element elementor-element-f27b983\" data-id=\"f27b983\" data-element_type=\"column\">\n\t\t\t<div class=\"elementor-widget-wrap elementor-element-populated\">\n\t\t\t\t\t\t\t\t<div class=\"elementor-element elementor-element-4a5e044 elementor-widget elementor-widget-ekit_wb_28992\" data-id=\"4a5e044\" data-element_type=\"widget\" data-widget_type=\"ekit_wb_28992.default\">\n\t\t\t\t<div class=\"elementor-widget-container\">\n\t\t\t<h3 class=\"normal-titleh3 preto regular-text\">News<\/h3>\n\t\t\t\t<\/div>\n\t\t\t\t<\/div>\n\t\t\t\t<div class=\"elementor-element elementor-element-d3554ad elementor-widget elementor-widget-text-editor\" data-id=\"d3554ad\" data-element_type=\"widget\" data-widget_type=\"text-editor.default\">\n\t\t\t\t<div class=\"elementor-widget-container\">\n\t\t\t\t\t\t\t<p>Get the latest research news here.<\/p>\t\t\t\t\t\t<\/div>\n\t\t\t\t<\/div>\n\t\t\t\t<div class=\"elementor-element elementor-element-12a9631 elementor-widget elementor-widget-button\" data-id=\"12a9631\" data-element_type=\"widget\" data-widget_type=\"button.default\">\n\t\t\t\t<div class=\"elementor-widget-container\">\n\t\t\t\t\t<div class=\"elementor-button-wrapper\">\n\t\t\t<a href=\"https:\/\/cedis.novalaw.unl.pt\/science-communication\/noticias\/?lang=en\" class=\"elementor-button-link elementor-button elementor-size-sm\" role=\"button\">\n\t\t\t\t\t\t<span class=\"elementor-button-content-wrapper\">\n\t\t\t\t\t\t<span class=\"elementor-button-text\">Click here<\/span>\n\t\t<\/span>\n\t\t\t\t\t<\/a>\n\t\t<\/div>\n\t\t\t\t<\/div>\n\t\t\t\t<\/div>\n\t\t\t\t\t<\/div>\n\t\t<\/div>\n\t\t\t\t\t\t\t<\/div>\n\t\t<\/section>\n\t\t\t\t<section class=\"elementor-section elementor-top-section elementor-element elementor-element-48eb23e elementor-section-boxed elementor-section-height-default elementor-section-height-default\" data-id=\"48eb23e\" data-element_type=\"section\">\n\t\t\t\t\t\t<div class=\"elementor-container elementor-column-gap-default\">\n\t\t\t\t\t<div class=\"elementor-column elementor-col-100 elementor-top-column elementor-element elementor-element-426285e\" data-id=\"426285e\" data-element_type=\"column\">\n\t\t\t<div class=\"elementor-widget-wrap\">\n\t\t\t\t\t\t\t\t\t<\/div>\n\t\t<\/div>\n\t\t\t\t\t\t\t<\/div>\n\t\t<\/section>\n\t\t\t\t\t\t<\/div>\n\t\t\t\t\t<\/div>\n\t\t","protected":false},"excerpt":{"rendered":"<p>Impact At NOVA School of Law, we go beyond the academic education we provide to our school community. We certainly contribute to rigorous, comprehensive and multidisciplinary knowledge, combined with the ability to analyse and communicate competently, innovatively and passionately on current political and social issues. But our role as an institution of excellence is also &hellip;<\/p>\n<p class=\"read-more\"> <a class=\"\" href=\"https:\/\/novalaw.unl.pt\/en\/impact\/\"> <span class=\"screen-reader-text\">Impact<\/span> Read More &raquo;<\/a><\/p>\n","protected":false},"author":2,"featured_media":0,"parent":0,"menu_order":0,"comment_status":"closed","ping_status":"closed","template":"","meta":{"footnotes":""},"categories":[],"tags":[],"class_list":["post-85017","page","type-page","status-publish","hentry"],"yoast_head":"<!-- This site is optimized with the Yoast SEO Premium plugin v27.4 (Yoast SEO v27.4) - https:\/\/yoast.com\/product\/yoast-seo-premium-wordpress\/ -->\n<title>Impact - NOVA School of Law | Faculdade de Direito da Universidade NOVA de Lisboa<\/title>\n<meta name=\"robots\" content=\"index, follow, max-snippet:-1, max-image-preview:large, max-video-preview:-1\" \/>\n<link rel=\"canonical\" href=\"https:\/\/novalaw.unl.pt\/impacto\/\" \/>\n<meta property=\"og:locale\" content=\"en_US\" \/>\n<meta property=\"og:type\" content=\"article\" \/>\n<meta property=\"og:title\" content=\"Impact\" \/>\n<meta property=\"og:description\" content=\"Impact At NOVA School of Law, we go beyond the academic education we provide to our school community. We certainly contribute to rigorous, comprehensive and multidisciplinary knowledge, combined with the ability to analyse and communicate competently, innovatively and passionately on current political and social issues. But our role as an institution of excellence is also &hellip; Impact Read More &raquo;\" \/>\n<meta property=\"og:url\" content=\"https:\/\/novalaw.unl.pt\/impacto\/\" \/>\n<meta property=\"og:site_name\" content=\"NOVA School of Law | Faculdade de Direito da Universidade NOVA de Lisboa\" \/>\n<meta property=\"article:modified_time\" content=\"2026-02-25T15:41:23+00:00\" \/>\n<meta property=\"og:image\" content=\"https:\/\/novalaw.unl.pt\/wp-content\/uploads\/elementor\/thumbs\/SITE_docentes-residentes-CRISTINA-NOGUEIRA-pb29zgwly2kooxw6u38yos6a0pgxs1knsz7obuezx8.jpg\" \/>\n<meta name=\"twitter:card\" content=\"summary_large_image\" \/>\n<meta name=\"twitter:label1\" content=\"Est. reading time\" \/>\n\t<meta name=\"twitter:data1\" content=\"10 minutes\" \/>\n<script type=\"application\/ld+json\" class=\"yoast-schema-graph\">{\"@context\":\"https:\\\/\\\/schema.org\",\"@graph\":[{\"@type\":\"WebPage\",\"@id\":\"https:\\\/\\\/novalaw.unl.pt\\\/impacto\\\/\",\"url\":\"https:\\\/\\\/novalaw.unl.pt\\\/impacto\\\/\",\"name\":\"Impact - NOVA School of Law | Faculdade de Direito da Universidade NOVA de Lisboa\",\"isPartOf\":{\"@id\":\"https:\\\/\\\/novalaw.unl.pt\\\/#website\"},\"primaryImageOfPage\":{\"@id\":\"https:\\\/\\\/novalaw.unl.pt\\\/impacto\\\/#primaryimage\"},\"image\":{\"@id\":\"https:\\\/\\\/novalaw.unl.pt\\\/impacto\\\/#primaryimage\"},\"thumbnailUrl\":\"https:\\\/\\\/novalaw.unl.pt\\\/wp-content\\\/uploads\\\/elementor\\\/thumbs\\\/SITE_docentes-residentes-CRISTINA-NOGUEIRA-pb29zgwly2kooxw6u38yos6a0pgxs1knsz7obuezx8.jpg\",\"datePublished\":\"2024-10-10T11:28:11+00:00\",\"dateModified\":\"2026-02-25T15:41:23+00:00\",\"breadcrumb\":{\"@id\":\"https:\\\/\\\/novalaw.unl.pt\\\/impacto\\\/#breadcrumb\"},\"inLanguage\":\"en-US\",\"potentialAction\":[{\"@type\":\"ReadAction\",\"target\":[\"https:\\\/\\\/novalaw.unl.pt\\\/impacto\\\/\"]}]},{\"@type\":\"ImageObject\",\"inLanguage\":\"en-US\",\"@id\":\"https:\\\/\\\/novalaw.unl.pt\\\/impacto\\\/#primaryimage\",\"url\":\"https:\\\/\\\/novalaw.unl.pt\\\/wp-content\\\/uploads\\\/elementor\\\/thumbs\\\/SITE_docentes-residentes-CRISTINA-NOGUEIRA-pb29zgwly2kooxw6u38yos6a0pgxs1knsz7obuezx8.jpg\",\"contentUrl\":\"https:\\\/\\\/novalaw.unl.pt\\\/wp-content\\\/uploads\\\/elementor\\\/thumbs\\\/SITE_docentes-residentes-CRISTINA-NOGUEIRA-pb29zgwly2kooxw6u38yos6a0pgxs1knsz7obuezx8.jpg\"},{\"@type\":\"BreadcrumbList\",\"@id\":\"https:\\\/\\\/novalaw.unl.pt\\\/impacto\\\/#breadcrumb\",\"itemListElement\":[{\"@type\":\"ListItem\",\"position\":1,\"name\":\"Home\",\"item\":\"https:\\\/\\\/novalaw.unl.pt\\\/en\\\/\"},{\"@type\":\"ListItem\",\"position\":2,\"name\":\"Impact\"}]},{\"@type\":\"WebSite\",\"@id\":\"https:\\\/\\\/novalaw.unl.pt\\\/#website\",\"url\":\"https:\\\/\\\/novalaw.unl.pt\\\/\",\"name\":\"NOVA School of Law | Faculdade de Direito da Universidade NOVA de Lisboa\",\"description\":\"NOVA School Of Law\",\"publisher\":{\"@id\":\"https:\\\/\\\/novalaw.unl.pt\\\/#organization\"},\"potentialAction\":[{\"@type\":\"SearchAction\",\"target\":{\"@type\":\"EntryPoint\",\"urlTemplate\":\"https:\\\/\\\/novalaw.unl.pt\\\/?s={search_term_string}\"},\"query-input\":{\"@type\":\"PropertyValueSpecification\",\"valueRequired\":true,\"valueName\":\"search_term_string\"}}],\"inLanguage\":\"en-US\"},{\"@type\":\"Organization\",\"@id\":\"https:\\\/\\\/novalaw.unl.pt\\\/#organization\",\"name\":\"NOVA School of Law\",\"url\":\"https:\\\/\\\/novalaw.unl.pt\\\/\",\"logo\":{\"@type\":\"ImageObject\",\"inLanguage\":\"en-US\",\"@id\":\"https:\\\/\\\/novalaw.unl.pt\\\/#\\\/schema\\\/logo\\\/image\\\/\",\"url\":\"https:\\\/\\\/novalaw.unl.pt\\\/wp-content\\\/uploads\\\/2021\\\/02\\\/logo-novalaw.svg\",\"contentUrl\":\"https:\\\/\\\/novalaw.unl.pt\\\/wp-content\\\/uploads\\\/2021\\\/02\\\/logo-novalaw.svg\",\"width\":991,\"height\":424,\"caption\":\"NOVA School of Law\"},\"image\":{\"@id\":\"https:\\\/\\\/novalaw.unl.pt\\\/#\\\/schema\\\/logo\\\/image\\\/\"}}]}<\/script>\n<!-- \/ Yoast SEO Premium plugin. -->","yoast_head_json":{"title":"Impact - NOVA School of Law | Faculdade de Direito da Universidade NOVA de Lisboa","robots":{"index":"index","follow":"follow","max-snippet":"max-snippet:-1","max-image-preview":"max-image-preview:large","max-video-preview":"max-video-preview:-1"},"canonical":"https:\/\/novalaw.unl.pt\/impacto\/","og_locale":"en_US","og_type":"article","og_title":"Impact","og_description":"Impact At NOVA School of Law, we go beyond the academic education we provide to our school community. We certainly contribute to rigorous, comprehensive and multidisciplinary knowledge, combined with the ability to analyse and communicate competently, innovatively and passionately on current political and social issues. But our role as an institution of excellence is also &hellip; Impact Read More &raquo;","og_url":"https:\/\/novalaw.unl.pt\/impacto\/","og_site_name":"NOVA School of Law | Faculdade de Direito da Universidade NOVA de Lisboa","article_modified_time":"2026-02-25T15:41:23+00:00","og_image":[{"url":"https:\/\/novalaw.unl.pt\/wp-content\/uploads\/elementor\/thumbs\/SITE_docentes-residentes-CRISTINA-NOGUEIRA-pb29zgwly2kooxw6u38yos6a0pgxs1knsz7obuezx8.jpg","type":"","width":"","height":""}],"twitter_card":"summary_large_image","twitter_misc":{"Est. reading time":"10 minutes"},"schema":{"@context":"https:\/\/schema.org","@graph":[{"@type":"WebPage","@id":"https:\/\/novalaw.unl.pt\/impacto\/","url":"https:\/\/novalaw.unl.pt\/impacto\/","name":"Impact - NOVA School of Law | Faculdade de Direito da Universidade NOVA de Lisboa","isPartOf":{"@id":"https:\/\/novalaw.unl.pt\/#website"},"primaryImageOfPage":{"@id":"https:\/\/novalaw.unl.pt\/impacto\/#primaryimage"},"image":{"@id":"https:\/\/novalaw.unl.pt\/impacto\/#primaryimage"},"thumbnailUrl":"https:\/\/novalaw.unl.pt\/wp-content\/uploads\/elementor\/thumbs\/SITE_docentes-residentes-CRISTINA-NOGUEIRA-pb29zgwly2kooxw6u38yos6a0pgxs1knsz7obuezx8.jpg","datePublished":"2024-10-10T11:28:11+00:00","dateModified":"2026-02-25T15:41:23+00:00","breadcrumb":{"@id":"https:\/\/novalaw.unl.pt\/impacto\/#breadcrumb"},"inLanguage":"en-US","potentialAction":[{"@type":"ReadAction","target":["https:\/\/novalaw.unl.pt\/impacto\/"]}]},{"@type":"ImageObject","inLanguage":"en-US","@id":"https:\/\/novalaw.unl.pt\/impacto\/#primaryimage","url":"https:\/\/novalaw.unl.pt\/wp-content\/uploads\/elementor\/thumbs\/SITE_docentes-residentes-CRISTINA-NOGUEIRA-pb29zgwly2kooxw6u38yos6a0pgxs1knsz7obuezx8.jpg","contentUrl":"https:\/\/novalaw.unl.pt\/wp-content\/uploads\/elementor\/thumbs\/SITE_docentes-residentes-CRISTINA-NOGUEIRA-pb29zgwly2kooxw6u38yos6a0pgxs1knsz7obuezx8.jpg"},{"@type":"BreadcrumbList","@id":"https:\/\/novalaw.unl.pt\/impacto\/#breadcrumb","itemListElement":[{"@type":"ListItem","position":1,"name":"Home","item":"https:\/\/novalaw.unl.pt\/en\/"},{"@type":"ListItem","position":2,"name":"Impact"}]},{"@type":"WebSite","@id":"https:\/\/novalaw.unl.pt\/#website","url":"https:\/\/novalaw.unl.pt\/","name":"NOVA School of Law | Faculdade de Direito da Universidade NOVA de Lisboa","description":"NOVA School Of Law","publisher":{"@id":"https:\/\/novalaw.unl.pt\/#organization"},"potentialAction":[{"@type":"SearchAction","target":{"@type":"EntryPoint","urlTemplate":"https:\/\/novalaw.unl.pt\/?s={search_term_string}"},"query-input":{"@type":"PropertyValueSpecification","valueRequired":true,"valueName":"search_term_string"}}],"inLanguage":"en-US"},{"@type":"Organization","@id":"https:\/\/novalaw.unl.pt\/#organization","name":"NOVA School of Law","url":"https:\/\/novalaw.unl.pt\/","logo":{"@type":"ImageObject","inLanguage":"en-US","@id":"https:\/\/novalaw.unl.pt\/#\/schema\/logo\/image\/","url":"https:\/\/novalaw.unl.pt\/wp-content\/uploads\/2021\/02\/logo-novalaw.svg","contentUrl":"https:\/\/novalaw.unl.pt\/wp-content\/uploads\/2021\/02\/logo-novalaw.svg","width":991,"height":424,"caption":"NOVA School of Law"},"image":{"@id":"https:\/\/novalaw.unl.pt\/#\/schema\/logo\/image\/"}}]}},"novalaw_begin_date":"","novalaw_begin_date_en":"","novalaw_text":"","novalaw_tag":"","novalaw_tag_en":"","novalaw_link":"","novalaw_link_en":"","novalaw_end_date":"","novalaw_end_date_en":"","novalaw_date":"","novalaw_em_destaque":"","novalaw_tag_src":"","lang":"","_links":{"self":[{"href":"https:\/\/novalaw.unl.pt\/en\/wp-json\/wp\/v2\/pages\/85017","targetHints":{"allow":["GET"]}}],"collection":[{"href":"https:\/\/novalaw.unl.pt\/en\/wp-json\/wp\/v2\/pages"}],"about":[{"href":"https:\/\/novalaw.unl.pt\/en\/wp-json\/wp\/v2\/types\/page"}],"author":[{"embeddable":true,"href":"https:\/\/novalaw.unl.pt\/en\/wp-json\/wp\/v2\/users\/2"}],"replies":[{"embeddable":true,"href":"https:\/\/novalaw.unl.pt\/en\/wp-json\/wp\/v2\/comments?post=85017"}],"version-history":[{"count":22,"href":"https:\/\/novalaw.unl.pt\/en\/wp-json\/wp\/v2\/pages\/85017\/revisions"}],"predecessor-version":[{"id":109560,"href":"https:\/\/novalaw.unl.pt\/en\/wp-json\/wp\/v2\/pages\/85017\/revisions\/109560"}],"wp:attachment":[{"href":"https:\/\/novalaw.unl.pt\/en\/wp-json\/wp\/v2\/media?parent=85017"}],"wp:term":[{"taxonomy":"category","embeddable":true,"href":"https:\/\/novalaw.unl.pt\/en\/wp-json\/wp\/v2\/categories?post=85017"},{"taxonomy":"post_tag","embeddable":true,"href":"https:\/\/novalaw.unl.pt\/en\/wp-json\/wp\/v2\/tags?post=85017"}],"curies":[{"name":"wp","href":"https:\/\/api.w.org\/{rel}","templated":true}]}}