{"id":8608,"date":"2021-10-07T14:47:22","date_gmt":"2021-10-07T14:47:22","guid":{"rendered":"https:\/\/novalaw.unl.pt\/?page_id=8608"},"modified":"2026-04-15T12:15:52","modified_gmt":"2026-04-15T12:15:52","slug":"teaching-staff","status":"publish","type":"page","link":"https:\/\/novalaw.unl.pt\/en\/teaching-staff\/","title":{"rendered":"Teaching Staff"},"content":{"rendered":"\t\t<div data-elementor-type=\"wp-page\" data-elementor-id=\"8608\" class=\"elementor elementor-8608\" data-elementor-settings=\"[]\">\n\t\t\t\t\t\t\t<div class=\"elementor-section-wrap\">\n\t\t\t\t\t\t\t<section class=\"elementor-section elementor-top-section elementor-element elementor-element-378b926 elementor-section-height-min-height sticky elementor-section-boxed elementor-section-height-default elementor-section-items-middle\" data-id=\"378b926\" data-element_type=\"section\">\n\t\t\t\t\t\t<div class=\"elementor-container elementor-column-gap-default\">\n\t\t\t\t\t<div class=\"elementor-column elementor-col-100 elementor-top-column elementor-element elementor-element-4a7f151\" data-id=\"4a7f151\" data-element_type=\"column\">\n\t\t\t<div class=\"elementor-widget-wrap elementor-element-populated\">\n\t\t\t\t\t\t\t\t<div class=\"elementor-element elementor-element-b220099 elementor-widget elementor-widget-heading\" data-id=\"b220099\" data-element_type=\"widget\" data-widget_type=\"heading.default\">\n\t\t\t\t<div class=\"elementor-widget-container\">\n\t\t\t<h1 class=\"elementor-heading-title elementor-size-default\">Teaching Staff<\/h1>\t\t<\/div>\n\t\t\t\t<\/div>\n\t\t\t\t<div class=\"elementor-element elementor-element-623e173 elementor-widget elementor-widget-text-editor\" data-id=\"623e173\" data-element_type=\"widget\" data-widget_type=\"text-editor.default\">\n\t\t\t\t<div class=\"elementor-widget-container\">\n\t\t\t\t\t\t\t<p style=\"text-align: center; cursor: pointer;\"><span id=\"residentes\" class=\"tab-click\" style=\"color: #dd0036; font-weight: bold;\" data-target=\"tab-residentes\">\nResident Professors and Researchers <\/span>| <span id=\"convidados\" class=\"tab-click\" data-target=\"tab-convidados\">Guest Professors<\/span> | <span id=\"parcerias\" class=\"tab-click\" data-target=\"tab-parceiros\">Partnerships<\/span> | <span id=\"news\" class=\"tab-click\" data-target=\"tab-news\">News Highlights<\/span><\/p><\/p>\t\t\t\t\t\t<\/div>\n\t\t\t\t<\/div>\n\t\t\t\t\t<\/div>\n\t\t<\/div>\n\t\t\t\t\t\t\t<\/div>\n\t\t<\/section>\n\t\t\t\t<div class=\"elementor-section elementor-top-section elementor-element elementor-element-7302dd5 tab-residentes tabs-novalaw elementor-section-boxed elementor-section-height-default elementor-section-height-default\" data-id=\"7302dd5\" data-element_type=\"section\" id=\"tab-residentes\">\n\t\t\t\t\t\t<div class=\"elementor-container elementor-column-gap-default\">\n\t\t\t\t\t<div class=\"elementor-column elementor-col-10 elementor-top-column elementor-element elementor-element-72b4e17\" data-id=\"72b4e17\" data-element_type=\"column\" data-settings=\"{&quot;animation&quot;:&quot;none&quot;}\">\n\t\t\t<div class=\"elementor-widget-wrap elementor-element-populated\">\n\t\t\t\t\t\t\t\t<div class=\"elementor-element elementor-element-c2c4678 elementor-widget elementor-widget-image\" data-id=\"c2c4678\" data-element_type=\"widget\" data-widget_type=\"image.default\">\n\t\t\t\t<div class=\"elementor-widget-container\">\n\t\t\t\t\t\t\t\t\t\t\t\t\t\t\t\t<a href=\"https:\/\/novalaw.unl.pt\/en\/ana-prata\/\">\n\t\t\t\t\t\t\t<img loading=\"lazy\" decoding=\"async\" width=\"202\" height=\"202\" src=\"https:\/\/novalaw.unl.pt\/wp-content\/uploads\/2021\/08\/SITE_docentes-residentes-ANA-PRATA.jpg\" class=\"attachment-full size-full\" alt=\"\" srcset=\"https:\/\/novalaw.unl.pt\/wp-content\/uploads\/2021\/08\/SITE_docentes-residentes-ANA-PRATA.jpg 202w, https:\/\/novalaw.unl.pt\/wp-content\/uploads\/2021\/08\/SITE_docentes-residentes-ANA-PRATA-150x150.jpg 150w, https:\/\/novalaw.unl.pt\/wp-content\/uploads\/2021\/08\/SITE_docentes-residentes-ANA-PRATA-100x100.jpg 100w\" sizes=\"auto, (max-width: 202px) 100vw, 202px\" \/>\t\t\t\t\t\t\t\t<\/a>\n\t\t\t\t\t\t\t\t\t\t\t\t\t\t\t<\/div>\n\t\t\t\t<\/div>\n\t\t\t\t<div class=\"elementor-element elementor-element-1a02f35 elementor-widget elementor-widget-heading\" data-id=\"1a02f35\" data-element_type=\"widget\" data-widget_type=\"heading.default\">\n\t\t\t\t<div class=\"elementor-widget-container\">\n\t\t\t<h3 class=\"elementor-heading-title elementor-size-default\"><a href=\"https:\/\/novalaw.unl.pt\/en\/ana-prata\/\">Ana Prata<\/a><\/h3>\t\t<\/div>\n\t\t\t\t<\/div>\n\t\t\t\t<div class=\"elementor-element elementor-element-2b493de elementor-widget elementor-widget-heading\" data-id=\"2b493de\" data-element_type=\"widget\" data-widget_type=\"heading.default\">\n\t\t\t\t<div class=\"elementor-widget-container\">\n\t\t\t<p class=\"elementor-heading-title elementor-size-default\">Full Professor, Retired<\/p>\t\t<\/div>\n\t\t\t\t<\/div>\n\t\t\t\t\t<\/div>\n\t\t<\/div>\n\t\t\t\t<div class=\"elementor-column elementor-col-10 elementor-top-column elementor-element elementor-element-03e75e6\" data-id=\"03e75e6\" data-element_type=\"column\" data-settings=\"{&quot;animation&quot;:&quot;none&quot;}\">\n\t\t\t<div class=\"elementor-widget-wrap elementor-element-populated\">\n\t\t\t\t\t\t\t\t<div class=\"elementor-element elementor-element-0011645 elementor-widget elementor-widget-image\" data-id=\"0011645\" data-element_type=\"widget\" data-widget_type=\"image.default\">\n\t\t\t\t<div class=\"elementor-widget-container\">\n\t\t\t\t\t\t\t\t\t\t\t\t\t\t\t\t<a href=\"https:\/\/novalaw.unl.pt\/en\/andrea-longo-2\/\">\n\t\t\t\t\t\t\t<img loading=\"lazy\" decoding=\"async\" width=\"202\" height=\"202\" src=\"https:\/\/novalaw.unl.pt\/wp-content\/uploads\/2026\/01\/SITE-CorpoDocente-Andrea-Longo_01.jpg\" class=\"attachment-full size-full\" alt=\"\" srcset=\"https:\/\/novalaw.unl.pt\/wp-content\/uploads\/2026\/01\/SITE-CorpoDocente-Andrea-Longo_01.jpg 202w, https:\/\/novalaw.unl.pt\/wp-content\/uploads\/2026\/01\/SITE-CorpoDocente-Andrea-Longo_01-150x150.jpg 150w\" sizes=\"auto, (max-width: 202px) 100vw, 202px\" \/>\t\t\t\t\t\t\t\t<\/a>\n\t\t\t\t\t\t\t\t\t\t\t\t\t\t\t<\/div>\n\t\t\t\t<\/div>\n\t\t\t\t<div class=\"elementor-element elementor-element-b81f3f7 elementor-widget elementor-widget-heading\" data-id=\"b81f3f7\" data-element_type=\"widget\" data-widget_type=\"heading.default\">\n\t\t\t\t<div class=\"elementor-widget-container\">\n\t\t\t<h3 class=\"elementor-heading-title elementor-size-default\">Andrea Longo<\/h3>\t\t<\/div>\n\t\t\t\t<\/div>\n\t\t\t\t<div class=\"elementor-element elementor-element-a3a0f43 elementor-widget elementor-widget-heading\" data-id=\"a3a0f43\" data-element_type=\"widget\" data-widget_type=\"heading.default\">\n\t\t\t\t<div class=\"elementor-widget-container\">\n\t\t\t<p class=\"elementor-heading-title elementor-size-default\">Assistant Professor<\/p>\t\t<\/div>\n\t\t\t\t<\/div>\n\t\t\t\t\t<\/div>\n\t\t<\/div>\n\t\t\t\t<div class=\"elementor-column elementor-col-10 elementor-top-column elementor-element elementor-element-e228d07\" data-id=\"e228d07\" data-element_type=\"column\" data-settings=\"{&quot;animation&quot;:&quot;none&quot;}\">\n\t\t\t<div class=\"elementor-widget-wrap elementor-element-populated\">\n\t\t\t\t\t\t\t\t<div class=\"elementor-element elementor-element-5b94c3f elementor-widget elementor-widget-image\" data-id=\"5b94c3f\" data-element_type=\"widget\" data-widget_type=\"image.default\">\n\t\t\t\t<div class=\"elementor-widget-container\">\n\t\t\t\t\t\t\t\t\t\t\t\t\t\t\t\t<a href=\"https:\/\/novalaw.unl.pt\/en\/armando-marques-guedes\/\">\n\t\t\t\t\t\t\t<img loading=\"lazy\" decoding=\"async\" width=\"202\" height=\"202\" src=\"https:\/\/novalaw.unl.pt\/wp-content\/uploads\/2022\/03\/SITE_docentes-residentes-ARMANDO-M-GUEDES_1.jpg\" class=\"attachment-full size-full\" alt=\"\" srcset=\"https:\/\/novalaw.unl.pt\/wp-content\/uploads\/2022\/03\/SITE_docentes-residentes-ARMANDO-M-GUEDES_1.jpg 202w, https:\/\/novalaw.unl.pt\/wp-content\/uploads\/2022\/03\/SITE_docentes-residentes-ARMANDO-M-GUEDES_1-150x150.jpg 150w\" sizes=\"auto, (max-width: 202px) 100vw, 202px\" \/>\t\t\t\t\t\t\t\t<\/a>\n\t\t\t\t\t\t\t\t\t\t\t\t\t\t\t<\/div>\n\t\t\t\t<\/div>\n\t\t\t\t<div class=\"elementor-element elementor-element-fb061c8 elementor-widget elementor-widget-heading\" data-id=\"fb061c8\" data-element_type=\"widget\" data-widget_type=\"heading.default\">\n\t\t\t\t<div class=\"elementor-widget-container\">\n\t\t\t<h3 class=\"elementor-heading-title elementor-size-default\">Armando Marques Guedes<\/h3>\t\t<\/div>\n\t\t\t\t<\/div>\n\t\t\t\t<div class=\"elementor-element elementor-element-938c066 elementor-widget elementor-widget-heading\" data-id=\"938c066\" data-element_type=\"widget\" data-widget_type=\"heading.default\">\n\t\t\t\t<div class=\"elementor-widget-container\">\n\t\t\t<p class=\"elementor-heading-title elementor-size-default\">Full Professor, Retired<\/p>\t\t<\/div>\n\t\t\t\t<\/div>\n\t\t\t\t\t<\/div>\n\t\t<\/div>\n\t\t\t\t<div class=\"elementor-column elementor-col-10 elementor-top-column elementor-element elementor-element-3395c25\" data-id=\"3395c25\" data-element_type=\"column\" data-settings=\"{&quot;animation&quot;:&quot;none&quot;}\">\n\t\t\t<div class=\"elementor-widget-wrap elementor-element-populated\">\n\t\t\t\t\t\t\t\t<div class=\"elementor-element elementor-element-487fadb elementor-widget elementor-widget-image\" data-id=\"487fadb\" data-element_type=\"widget\" data-widget_type=\"image.default\">\n\t\t\t\t<div class=\"elementor-widget-container\">\n\t\t\t\t\t\t\t\t\t\t\t\t\t\t\t\t<a href=\"https:\/\/novalaw.unl.pt\/en\/assuncao-cristas\/\">\n\t\t\t\t\t\t\t<img loading=\"lazy\" decoding=\"async\" width=\"202\" height=\"202\" src=\"https:\/\/novalaw.unl.pt\/wp-content\/uploads\/2021\/08\/SITE_docentes-residentes-ASSUNCAO-CRISTAS.jpg\" class=\"attachment-full size-full\" alt=\"\" srcset=\"https:\/\/novalaw.unl.pt\/wp-content\/uploads\/2021\/08\/SITE_docentes-residentes-ASSUNCAO-CRISTAS.jpg 202w, https:\/\/novalaw.unl.pt\/wp-content\/uploads\/2021\/08\/SITE_docentes-residentes-ASSUNCAO-CRISTAS-150x150.jpg 150w, https:\/\/novalaw.unl.pt\/wp-content\/uploads\/2021\/08\/SITE_docentes-residentes-ASSUNCAO-CRISTAS-100x100.jpg 100w\" sizes=\"auto, (max-width: 202px) 100vw, 202px\" \/>\t\t\t\t\t\t\t\t<\/a>\n\t\t\t\t\t\t\t\t\t\t\t\t\t\t\t<\/div>\n\t\t\t\t<\/div>\n\t\t\t\t<div class=\"elementor-element elementor-element-cefb316 elementor-widget elementor-widget-heading\" data-id=\"cefb316\" data-element_type=\"widget\" data-widget_type=\"heading.default\">\n\t\t\t\t<div class=\"elementor-widget-container\">\n\t\t\t<h3 class=\"elementor-heading-title elementor-size-default\">Assun\u00e7\u00e3o Cristas<\/h3>\t\t<\/div>\n\t\t\t\t<\/div>\n\t\t\t\t<div class=\"elementor-element elementor-element-7f5323f elementor-widget elementor-widget-heading\" data-id=\"7f5323f\" data-element_type=\"widget\" data-widget_type=\"heading.default\">\n\t\t\t\t<div class=\"elementor-widget-container\">\n\t\t\t<p class=\"elementor-heading-title elementor-size-default\">Associate Professor<\/p>\t\t<\/div>\n\t\t\t\t<\/div>\n\t\t\t\t\t<\/div>\n\t\t<\/div>\n\t\t\t\t<div class=\"elementor-column elementor-col-10 elementor-top-column elementor-element elementor-element-0b83c27\" data-id=\"0b83c27\" data-element_type=\"column\" data-settings=\"{&quot;animation&quot;:&quot;none&quot;}\">\n\t\t\t<div class=\"elementor-widget-wrap elementor-element-populated\">\n\t\t\t\t\t\t\t\t<div class=\"elementor-element elementor-element-a1bb6bf elementor-widget elementor-widget-image\" data-id=\"a1bb6bf\" data-element_type=\"widget\" data-widget_type=\"image.default\">\n\t\t\t\t<div class=\"elementor-widget-container\">\n\t\t\t\t\t\t\t\t\t\t\t\t\t\t\t\t<a href=\"https:\/\/novalaw.unl.pt\/en\/claire-bright\/\">\n\t\t\t\t\t\t\t<img loading=\"lazy\" decoding=\"async\" width=\"202\" height=\"202\" src=\"https:\/\/novalaw.unl.pt\/wp-content\/uploads\/2021\/08\/SITE_docentes-residentes-CLAIRE-BRIGHT.jpg\" class=\"attachment-full size-full\" alt=\"\" srcset=\"https:\/\/novalaw.unl.pt\/wp-content\/uploads\/2021\/08\/SITE_docentes-residentes-CLAIRE-BRIGHT.jpg 202w, https:\/\/novalaw.unl.pt\/wp-content\/uploads\/2021\/08\/SITE_docentes-residentes-CLAIRE-BRIGHT-150x150.jpg 150w, https:\/\/novalaw.unl.pt\/wp-content\/uploads\/2021\/08\/SITE_docentes-residentes-CLAIRE-BRIGHT-100x100.jpg 100w\" sizes=\"auto, (max-width: 202px) 100vw, 202px\" \/>\t\t\t\t\t\t\t\t<\/a>\n\t\t\t\t\t\t\t\t\t\t\t\t\t\t\t<\/div>\n\t\t\t\t<\/div>\n\t\t\t\t<div class=\"elementor-element elementor-element-fcf9d8a elementor-widget elementor-widget-heading\" data-id=\"fcf9d8a\" data-element_type=\"widget\" data-widget_type=\"heading.default\">\n\t\t\t\t<div class=\"elementor-widget-container\">\n\t\t\t<h3 class=\"elementor-heading-title elementor-size-default\"><a href=\"https:\/\/novalaw.unl.pt\/en\/claire-bright\/\">Claire Bright<\/a><\/h3>\t\t<\/div>\n\t\t\t\t<\/div>\n\t\t\t\t<div class=\"elementor-element elementor-element-0035084 elementor-widget elementor-widget-heading\" data-id=\"0035084\" data-element_type=\"widget\" data-widget_type=\"heading.default\">\n\t\t\t\t<div class=\"elementor-widget-container\">\n\t\t\t<p class=\"elementor-heading-title elementor-size-default\">Associate Professor<\/p>\t\t<\/div>\n\t\t\t\t<\/div>\n\t\t\t\t\t<\/div>\n\t\t<\/div>\n\t\t\t\t<div class=\"elementor-column elementor-col-10 elementor-top-column elementor-element elementor-element-28553e2\" data-id=\"28553e2\" data-element_type=\"column\" data-settings=\"{&quot;animation&quot;:&quot;none&quot;}\">\n\t\t\t<div class=\"elementor-widget-wrap elementor-element-populated\">\n\t\t\t\t\t\t\t\t<div class=\"elementor-element elementor-element-41d500d elementor-widget elementor-widget-image\" data-id=\"41d500d\" data-element_type=\"widget\" data-widget_type=\"image.default\">\n\t\t\t\t<div class=\"elementor-widget-container\">\n\t\t\t\t\t\t\t\t\t\t\t\t\t\t\t\t<a href=\"https:\/\/novalaw.unl.pt\/en\/cristina-nogueira-da-silva\/\">\n\t\t\t\t\t\t\t<img loading=\"lazy\" decoding=\"async\" width=\"202\" height=\"202\" src=\"https:\/\/novalaw.unl.pt\/wp-content\/uploads\/2021\/08\/SITE_docentes-residentes-CRISTINA-NOGUEIRA.jpg\" class=\"attachment-full size-full\" alt=\"\" srcset=\"https:\/\/novalaw.unl.pt\/wp-content\/uploads\/2021\/08\/SITE_docentes-residentes-CRISTINA-NOGUEIRA.jpg 202w, https:\/\/novalaw.unl.pt\/wp-content\/uploads\/2021\/08\/SITE_docentes-residentes-CRISTINA-NOGUEIRA-150x150.jpg 150w, https:\/\/novalaw.unl.pt\/wp-content\/uploads\/2021\/08\/SITE_docentes-residentes-CRISTINA-NOGUEIRA-100x100.jpg 100w\" sizes=\"auto, (max-width: 202px) 100vw, 202px\" \/>\t\t\t\t\t\t\t\t<\/a>\n\t\t\t\t\t\t\t\t\t\t\t\t\t\t\t<\/div>\n\t\t\t\t<\/div>\n\t\t\t\t<div class=\"elementor-element elementor-element-02aedcd elementor-widget elementor-widget-heading\" data-id=\"02aedcd\" data-element_type=\"widget\" data-widget_type=\"heading.default\">\n\t\t\t\t<div class=\"elementor-widget-container\">\n\t\t\t<h3 class=\"elementor-heading-title elementor-size-default\">Cristina Nogueira <br> da Silva<\/h3>\t\t<\/div>\n\t\t\t\t<\/div>\n\t\t\t\t<div class=\"elementor-element elementor-element-630bfc4 elementor-widget elementor-widget-heading\" data-id=\"630bfc4\" data-element_type=\"widget\" data-widget_type=\"heading.default\">\n\t\t\t\t<div class=\"elementor-widget-container\">\n\t\t\t<p class=\"elementor-heading-title elementor-size-default\">Full Professor and CEDIS Vice-Director<\/p>\t\t<\/div>\n\t\t\t\t<\/div>\n\t\t\t\t\t<\/div>\n\t\t<\/div>\n\t\t\t\t<div class=\"elementor-column elementor-col-10 elementor-top-column elementor-element elementor-element-929d6fe\" data-id=\"929d6fe\" data-element_type=\"column\" data-settings=\"{&quot;animation&quot;:&quot;none&quot;}\">\n\t\t\t<div class=\"elementor-widget-wrap elementor-element-populated\">\n\t\t\t\t\t\t\t\t<div class=\"elementor-element elementor-element-a2122aa elementor-widget elementor-widget-image\" data-id=\"a2122aa\" data-element_type=\"widget\" data-widget_type=\"image.default\">\n\t\t\t\t<div class=\"elementor-widget-container\">\n\t\t\t\t\t\t\t\t\t\t\t\t\t\t\t\t<a href=\"https:\/\/novalaw.unl.pt\/en\/cristina-queiroz\/\">\n\t\t\t\t\t\t\t<img loading=\"lazy\" decoding=\"async\" width=\"202\" height=\"202\" src=\"https:\/\/novalaw.unl.pt\/wp-content\/uploads\/2021\/08\/SITE_docentes-residentes-CRISTINA-QUEIROZ.jpg\" class=\"attachment-full size-full\" alt=\"\" srcset=\"https:\/\/novalaw.unl.pt\/wp-content\/uploads\/2021\/08\/SITE_docentes-residentes-CRISTINA-QUEIROZ.jpg 202w, https:\/\/novalaw.unl.pt\/wp-content\/uploads\/2021\/08\/SITE_docentes-residentes-CRISTINA-QUEIROZ-150x150.jpg 150w, https:\/\/novalaw.unl.pt\/wp-content\/uploads\/2021\/08\/SITE_docentes-residentes-CRISTINA-QUEIROZ-100x100.jpg 100w\" sizes=\"auto, (max-width: 202px) 100vw, 202px\" \/>\t\t\t\t\t\t\t\t<\/a>\n\t\t\t\t\t\t\t\t\t\t\t\t\t\t\t<\/div>\n\t\t\t\t<\/div>\n\t\t\t\t<div class=\"elementor-element elementor-element-eddc6db elementor-widget elementor-widget-heading\" data-id=\"eddc6db\" data-element_type=\"widget\" data-widget_type=\"heading.default\">\n\t\t\t\t<div class=\"elementor-widget-container\">\n\t\t\t<h3 class=\"elementor-heading-title elementor-size-default\">Cristina Queiroz<\/h3>\t\t<\/div>\n\t\t\t\t<\/div>\n\t\t\t\t<div class=\"elementor-element elementor-element-74dc2c7 elementor-widget elementor-widget-heading\" data-id=\"74dc2c7\" data-element_type=\"widget\" data-widget_type=\"heading.default\">\n\t\t\t\t<div class=\"elementor-widget-container\">\n\t\t\t<p class=\"elementor-heading-title elementor-size-default\">Full Professor<\/p>\t\t<\/div>\n\t\t\t\t<\/div>\n\t\t\t\t\t<\/div>\n\t\t<\/div>\n\t\t\t\t<div class=\"elementor-column elementor-col-10 elementor-top-column elementor-element elementor-element-d14c209\" data-id=\"d14c209\" data-element_type=\"column\" data-settings=\"{&quot;animation&quot;:&quot;none&quot;}\">\n\t\t\t<div class=\"elementor-widget-wrap elementor-element-populated\">\n\t\t\t\t\t\t\t\t<div class=\"elementor-element elementor-element-4292fdc elementor-widget elementor-widget-image\" data-id=\"4292fdc\" data-element_type=\"widget\" data-widget_type=\"image.default\">\n\t\t\t\t<div class=\"elementor-widget-container\">\n\t\t\t\t\t\t\t\t\t\t\t\t\t\t\t\t<a href=\"https:\/\/novalaw.unl.pt\/en\/fabrizio-esposito\/\">\n\t\t\t\t\t\t\t<img loading=\"lazy\" decoding=\"async\" width=\"202\" height=\"202\" src=\"https:\/\/novalaw.unl.pt\/wp-content\/uploads\/2021\/08\/SITE_docentes-residentes-FABRIZIO-ESPOSITO.jpg\" class=\"attachment-full size-full\" alt=\"\" srcset=\"https:\/\/novalaw.unl.pt\/wp-content\/uploads\/2021\/08\/SITE_docentes-residentes-FABRIZIO-ESPOSITO.jpg 202w, https:\/\/novalaw.unl.pt\/wp-content\/uploads\/2021\/08\/SITE_docentes-residentes-FABRIZIO-ESPOSITO-150x150.jpg 150w, https:\/\/novalaw.unl.pt\/wp-content\/uploads\/2021\/08\/SITE_docentes-residentes-FABRIZIO-ESPOSITO-100x100.jpg 100w\" sizes=\"auto, (max-width: 202px) 100vw, 202px\" \/>\t\t\t\t\t\t\t\t<\/a>\n\t\t\t\t\t\t\t\t\t\t\t\t\t\t\t<\/div>\n\t\t\t\t<\/div>\n\t\t\t\t<div class=\"elementor-element elementor-element-3b0e2d5 elementor-widget elementor-widget-heading\" data-id=\"3b0e2d5\" data-element_type=\"widget\" data-widget_type=\"heading.default\">\n\t\t\t\t<div class=\"elementor-widget-container\">\n\t\t\t<h3 class=\"elementor-heading-title elementor-size-default\">Fabrizio Esposito<\/h3>\t\t<\/div>\n\t\t\t\t<\/div>\n\t\t\t\t<div class=\"elementor-element elementor-element-7337a41 elementor-widget elementor-widget-heading\" data-id=\"7337a41\" data-element_type=\"widget\" data-widget_type=\"heading.default\">\n\t\t\t\t<div class=\"elementor-widget-container\">\n\t\t\t<p class=\"elementor-heading-title elementor-size-default\">Associate Professor<\/p>\t\t<\/div>\n\t\t\t\t<\/div>\n\t\t\t\t\t<\/div>\n\t\t<\/div>\n\t\t\t\t<div class=\"elementor-column elementor-col-10 elementor-top-column elementor-element elementor-element-ebc5794\" data-id=\"ebc5794\" data-element_type=\"column\" data-settings=\"{&quot;animation&quot;:&quot;none&quot;}\">\n\t\t\t<div class=\"elementor-widget-wrap elementor-element-populated\">\n\t\t\t\t\t\t\t\t<div class=\"elementor-element elementor-element-8272a63 elementor-widget elementor-widget-image\" data-id=\"8272a63\" data-element_type=\"widget\" data-widget_type=\"image.default\">\n\t\t\t\t<div class=\"elementor-widget-container\">\n\t\t\t\t\t\t\t\t\t\t\t\t\t\t\t\t<a href=\"https:\/\/novalaw.unl.pt\/en\/felipe-pathe-duarte\/\">\n\t\t\t\t\t\t\t<img loading=\"lazy\" decoding=\"async\" width=\"202\" height=\"202\" src=\"https:\/\/novalaw.unl.pt\/wp-content\/uploads\/2021\/10\/SITE_docentes-investigadores-FELIPE-PATHE_1.jpg\" class=\"attachment-full size-full\" alt=\"\" srcset=\"https:\/\/novalaw.unl.pt\/wp-content\/uploads\/2021\/10\/SITE_docentes-investigadores-FELIPE-PATHE_1.jpg 202w, https:\/\/novalaw.unl.pt\/wp-content\/uploads\/2021\/10\/SITE_docentes-investigadores-FELIPE-PATHE_1-150x150.jpg 150w\" sizes=\"auto, (max-width: 202px) 100vw, 202px\" \/>\t\t\t\t\t\t\t\t<\/a>\n\t\t\t\t\t\t\t\t\t\t\t\t\t\t\t<\/div>\n\t\t\t\t<\/div>\n\t\t\t\t<div class=\"elementor-element elementor-element-6fbb3e0 elementor-widget elementor-widget-heading\" data-id=\"6fbb3e0\" data-element_type=\"widget\" data-widget_type=\"heading.default\">\n\t\t\t\t<div class=\"elementor-widget-container\">\n\t\t\t<h3 class=\"elementor-heading-title elementor-size-default\">Felipe Path\u00e9 Duarte<\/h3>\t\t<\/div>\n\t\t\t\t<\/div>\n\t\t\t\t<div class=\"elementor-element elementor-element-feca9a2 elementor-widget elementor-widget-heading\" data-id=\"feca9a2\" data-element_type=\"widget\" data-widget_type=\"heading.default\">\n\t\t\t\t<div class=\"elementor-widget-container\">\n\t\t\t<p class=\"elementor-heading-title elementor-size-default\">Assistant Professor, CEDIS Chair in Peace, Security & Governance and CEDIS Vice-Director<\/p>\t\t<\/div>\n\t\t\t\t<\/div>\n\t\t\t\t\t<\/div>\n\t\t<\/div>\n\t\t\t\t<div class=\"elementor-column elementor-col-10 elementor-top-column elementor-element elementor-element-fd7b251\" data-id=\"fd7b251\" data-element_type=\"column\" data-settings=\"{&quot;animation&quot;:&quot;none&quot;}\">\n\t\t\t<div class=\"elementor-widget-wrap elementor-element-populated\">\n\t\t\t\t\t\t\t\t<div class=\"elementor-element elementor-element-86013e1 elementor-widget elementor-widget-image\" data-id=\"86013e1\" data-element_type=\"widget\" data-widget_type=\"image.default\">\n\t\t\t\t<div class=\"elementor-widget-container\">\n\t\t\t\t\t\t\t\t\t\t\t\t\t\t\t\t<a href=\"https:\/\/novalaw.unl.pt\/en\/filipe-brito-bastos\/\">\n\t\t\t\t\t\t\t<img loading=\"lazy\" decoding=\"async\" width=\"202\" height=\"202\" src=\"https:\/\/novalaw.unl.pt\/wp-content\/uploads\/2022\/04\/SITE_docentes-residentes-FILIPE-BRITO-BASTOSjpg.jpg\" class=\"attachment-full size-full\" alt=\"\" srcset=\"https:\/\/novalaw.unl.pt\/wp-content\/uploads\/2022\/04\/SITE_docentes-residentes-FILIPE-BRITO-BASTOSjpg.jpg 202w, https:\/\/novalaw.unl.pt\/wp-content\/uploads\/2022\/04\/SITE_docentes-residentes-FILIPE-BRITO-BASTOSjpg-150x150.jpg 150w\" sizes=\"auto, (max-width: 202px) 100vw, 202px\" \/>\t\t\t\t\t\t\t\t<\/a>\n\t\t\t\t\t\t\t\t\t\t\t\t\t\t\t<\/div>\n\t\t\t\t<\/div>\n\t\t\t\t<div class=\"elementor-element elementor-element-6f94522 elementor-widget elementor-widget-heading\" data-id=\"6f94522\" data-element_type=\"widget\" data-widget_type=\"heading.default\">\n\t\t\t\t<div class=\"elementor-widget-container\">\n\t\t\t<h3 class=\"elementor-heading-title elementor-size-default\">Filipe Brito Bastos<\/h3>\t\t<\/div>\n\t\t\t\t<\/div>\n\t\t\t\t<div class=\"elementor-element elementor-element-b3fc1eb elementor-widget elementor-widget-heading\" data-id=\"b3fc1eb\" data-element_type=\"widget\" data-widget_type=\"heading.default\">\n\t\t\t\t<div class=\"elementor-widget-container\">\n\t\t\t<p class=\"elementor-heading-title elementor-size-default\">Associate Professor and Vice-President of the Pedagogical Council<\/p>\t\t<\/div>\n\t\t\t\t<\/div>\n\t\t\t\t\t<\/div>\n\t\t<\/div>\n\t\t\t\t<div class=\"elementor-column elementor-col-10 elementor-top-column elementor-element elementor-element-8873a42\" data-id=\"8873a42\" data-element_type=\"column\" data-settings=\"{&quot;animation&quot;:&quot;none&quot;}\">\n\t\t\t<div class=\"elementor-widget-wrap elementor-element-populated\">\n\t\t\t\t\t\t\t\t<div class=\"elementor-element elementor-element-beba2b4 elementor-widget elementor-widget-image\" data-id=\"beba2b4\" data-element_type=\"widget\" data-widget_type=\"image.default\">\n\t\t\t\t<div class=\"elementor-widget-container\">\n\t\t\t\t\t\t\t\t\t\t\t\t\t\t\t\t<a href=\"https:\/\/novalaw.unl.pt\/en\/francisco-costa-cabral-2\/\">\n\t\t\t\t\t\t\t<img loading=\"lazy\" decoding=\"async\" width=\"202\" height=\"202\" src=\"https:\/\/novalaw.unl.pt\/wp-content\/uploads\/2026\/01\/SITE-CorpoDocente-FranciscoCostaCabral-1.jpg\" class=\"attachment-full size-full\" alt=\"\" srcset=\"https:\/\/novalaw.unl.pt\/wp-content\/uploads\/2026\/01\/SITE-CorpoDocente-FranciscoCostaCabral-1.jpg 202w, https:\/\/novalaw.unl.pt\/wp-content\/uploads\/2026\/01\/SITE-CorpoDocente-FranciscoCostaCabral-1-150x150.jpg 150w\" sizes=\"auto, (max-width: 202px) 100vw, 202px\" \/>\t\t\t\t\t\t\t\t<\/a>\n\t\t\t\t\t\t\t\t\t\t\t\t\t\t\t<\/div>\n\t\t\t\t<\/div>\n\t\t\t\t<div class=\"elementor-element elementor-element-fda2799 elementor-widget elementor-widget-heading\" data-id=\"fda2799\" data-element_type=\"widget\" data-widget_type=\"heading.default\">\n\t\t\t\t<div class=\"elementor-widget-container\">\n\t\t\t<h3 class=\"elementor-heading-title elementor-size-default\">Francisco Costa-Cabral<\/h3>\t\t<\/div>\n\t\t\t\t<\/div>\n\t\t\t\t<div class=\"elementor-element elementor-element-5968e63 elementor-widget elementor-widget-heading\" data-id=\"5968e63\" data-element_type=\"widget\" data-widget_type=\"heading.default\">\n\t\t\t\t<div class=\"elementor-widget-container\">\n\t\t\t<p class=\"elementor-heading-title elementor-size-default\">Cruz Vila\u00e7a - Antas da Cunha ECIJA Chair in EU law<\/p>\t\t<\/div>\n\t\t\t\t<\/div>\n\t\t\t\t\t<\/div>\n\t\t<\/div>\n\t\t\t\t<div class=\"elementor-column elementor-col-10 elementor-top-column elementor-element elementor-element-dd9a10a\" data-id=\"dd9a10a\" data-element_type=\"column\" data-settings=\"{&quot;animation&quot;:&quot;none&quot;}\">\n\t\t\t<div class=\"elementor-widget-wrap elementor-element-populated\">\n\t\t\t\t\t\t\t\t<div class=\"elementor-element elementor-element-f88b9fa elementor-widget elementor-widget-image\" data-id=\"f88b9fa\" data-element_type=\"widget\" data-widget_type=\"image.default\">\n\t\t\t\t<div class=\"elementor-widget-container\">\n\t\t\t\t\t\t\t\t\t\t\t\t\t\t\t\t<a href=\"https:\/\/novalaw.unl.pt\/en\/francisco-pereira-coutinho\/\">\n\t\t\t\t\t\t\t<img loading=\"lazy\" decoding=\"async\" width=\"202\" height=\"202\" src=\"https:\/\/novalaw.unl.pt\/wp-content\/uploads\/2021\/08\/SITE_docentes-residentes-FRANCISCO-COUTINHO.jpg\" class=\"attachment-full size-full\" alt=\"\" srcset=\"https:\/\/novalaw.unl.pt\/wp-content\/uploads\/2021\/08\/SITE_docentes-residentes-FRANCISCO-COUTINHO.jpg 202w, https:\/\/novalaw.unl.pt\/wp-content\/uploads\/2021\/08\/SITE_docentes-residentes-FRANCISCO-COUTINHO-150x150.jpg 150w, https:\/\/novalaw.unl.pt\/wp-content\/uploads\/2021\/08\/SITE_docentes-residentes-FRANCISCO-COUTINHO-100x100.jpg 100w\" sizes=\"auto, (max-width: 202px) 100vw, 202px\" \/>\t\t\t\t\t\t\t\t<\/a>\n\t\t\t\t\t\t\t\t\t\t\t\t\t\t\t<\/div>\n\t\t\t\t<\/div>\n\t\t\t\t<div class=\"elementor-element elementor-element-53167ee elementor-widget elementor-widget-heading\" data-id=\"53167ee\" data-element_type=\"widget\" data-widget_type=\"heading.default\">\n\t\t\t\t<div class=\"elementor-widget-container\">\n\t\t\t<h3 class=\"elementor-heading-title elementor-size-default\">Francisco Pereira Coutinho<\/h3>\t\t<\/div>\n\t\t\t\t<\/div>\n\t\t\t\t<div class=\"elementor-element elementor-element-f27f12b elementor-widget elementor-widget-heading\" data-id=\"f27f12b\" data-element_type=\"widget\" data-widget_type=\"heading.default\">\n\t\t\t\t<div class=\"elementor-widget-container\">\n\t\t\t<p class=\"elementor-heading-title elementor-size-default\">Full Professor<\/p>\t\t<\/div>\n\t\t\t\t<\/div>\n\t\t\t\t\t<\/div>\n\t\t<\/div>\n\t\t\t\t<div class=\"elementor-column elementor-col-10 elementor-top-column elementor-element elementor-element-7c0df5d\" data-id=\"7c0df5d\" data-element_type=\"column\" data-settings=\"{&quot;animation&quot;:&quot;none&quot;}\">\n\t\t\t<div class=\"elementor-widget-wrap elementor-element-populated\">\n\t\t\t\t\t\t\t\t<div class=\"elementor-element elementor-element-59d39db elementor-widget elementor-widget-image\" data-id=\"59d39db\" data-element_type=\"widget\" data-widget_type=\"image.default\">\n\t\t\t\t<div class=\"elementor-widget-container\">\n\t\t\t\t\t\t\t\t\t\t\t\t\t\t\t\t<a href=\"https:\/\/novalaw.unl.pt\/en\/frederico-de-lacerda-da-costa-pinto\/\">\n\t\t\t\t\t\t\t<img loading=\"lazy\" decoding=\"async\" width=\"202\" height=\"202\" src=\"https:\/\/novalaw.unl.pt\/wp-content\/uploads\/2021\/08\/SITE_docentes-residentes-FREDERICO-LACERDA.jpg\" class=\"attachment-full size-full\" alt=\"\" srcset=\"https:\/\/novalaw.unl.pt\/wp-content\/uploads\/2021\/08\/SITE_docentes-residentes-FREDERICO-LACERDA.jpg 202w, https:\/\/novalaw.unl.pt\/wp-content\/uploads\/2021\/08\/SITE_docentes-residentes-FREDERICO-LACERDA-150x150.jpg 150w, https:\/\/novalaw.unl.pt\/wp-content\/uploads\/2021\/08\/SITE_docentes-residentes-FREDERICO-LACERDA-100x100.jpg 100w\" sizes=\"auto, (max-width: 202px) 100vw, 202px\" \/>\t\t\t\t\t\t\t\t<\/a>\n\t\t\t\t\t\t\t\t\t\t\t\t\t\t\t<\/div>\n\t\t\t\t<\/div>\n\t\t\t\t<div class=\"elementor-element elementor-element-279f860 elementor-widget elementor-widget-heading\" data-id=\"279f860\" data-element_type=\"widget\" data-widget_type=\"heading.default\">\n\t\t\t\t<div class=\"elementor-widget-container\">\n\t\t\t<h3 class=\"elementor-heading-title elementor-size-default\">Frederico de Lacerda da Costa Pinto<\/h3>\t\t<\/div>\n\t\t\t\t<\/div>\n\t\t\t\t<div class=\"elementor-element elementor-element-28e1fca elementor-widget elementor-widget-heading\" data-id=\"28e1fca\" data-element_type=\"widget\" data-widget_type=\"heading.default\">\n\t\t\t\t<div class=\"elementor-widget-container\">\n\t\t\t<p class=\"elementor-heading-title elementor-size-default\">Associate Professor<\/p>\t\t<\/div>\n\t\t\t\t<\/div>\n\t\t\t\t\t<\/div>\n\t\t<\/div>\n\t\t\t\t<div class=\"elementor-column elementor-col-50 elementor-top-column elementor-element elementor-element-809c611\" data-id=\"809c611\" data-element_type=\"column\" data-settings=\"{&quot;animation&quot;:&quot;none&quot;}\">\n\t\t\t<div class=\"elementor-widget-wrap elementor-element-populated\">\n\t\t\t\t\t\t\t\t<div class=\"elementor-element elementor-element-fda86aa elementor-widget elementor-widget-image\" data-id=\"fda86aa\" data-element_type=\"widget\" data-widget_type=\"image.default\">\n\t\t\t\t<div class=\"elementor-widget-container\">\n\t\t\t\t\t\t\t\t\t\t\t\t\t\t\t\t<a href=\"https:\/\/novalaw.unl.pt\/en\/giulia-priora\/\">\n\t\t\t\t\t\t\t<img loading=\"lazy\" decoding=\"async\" width=\"202\" height=\"202\" src=\"https:\/\/novalaw.unl.pt\/wp-content\/uploads\/2022\/03\/SITE_docentes-residentes-GIULIA_PRIORA.jpg\" class=\"attachment-full size-full\" alt=\"\" srcset=\"https:\/\/novalaw.unl.pt\/wp-content\/uploads\/2022\/03\/SITE_docentes-residentes-GIULIA_PRIORA.jpg 202w, https:\/\/novalaw.unl.pt\/wp-content\/uploads\/2022\/03\/SITE_docentes-residentes-GIULIA_PRIORA-150x150.jpg 150w\" sizes=\"auto, (max-width: 202px) 100vw, 202px\" \/>\t\t\t\t\t\t\t\t<\/a>\n\t\t\t\t\t\t\t\t\t\t\t\t\t\t\t<\/div>\n\t\t\t\t<\/div>\n\t\t\t\t<div class=\"elementor-element elementor-element-fe8a030 elementor-widget elementor-widget-heading\" data-id=\"fe8a030\" data-element_type=\"widget\" data-widget_type=\"heading.default\">\n\t\t\t\t<div class=\"elementor-widget-container\">\n\t\t\t<h3 class=\"elementor-heading-title elementor-size-default\">Giulia Priora<\/h3>\t\t<\/div>\n\t\t\t\t<\/div>\n\t\t\t\t<div class=\"elementor-element elementor-element-f28a7de elementor-widget elementor-widget-heading\" data-id=\"f28a7de\" data-element_type=\"widget\" data-widget_type=\"heading.default\">\n\t\t\t\t<div class=\"elementor-widget-container\">\n\t\t\t<p class=\"elementor-heading-title elementor-size-default\">Associate Professor and Vice Dean<\/p>\t\t<\/div>\n\t\t\t\t<\/div>\n\t\t\t\t\t<\/div>\n\t\t<\/div>\n\t\t\t\t<div class=\"elementor-column elementor-col-50 elementor-top-column elementor-element elementor-element-0d6114c\" data-id=\"0d6114c\" data-element_type=\"column\" data-settings=\"{&quot;animation&quot;:&quot;none&quot;}\">\n\t\t\t<div class=\"elementor-widget-wrap elementor-element-populated\">\n\t\t\t\t\t\t\t\t<div class=\"elementor-element elementor-element-ce32bf5 elementor-widget elementor-widget-image\" data-id=\"ce32bf5\" data-element_type=\"widget\" data-widget_type=\"image.default\">\n\t\t\t\t<div class=\"elementor-widget-container\">\n\t\t\t\t\t\t\t\t\t\t\t\t\t\t\t\t<a href=\"https:\/\/novalaw.unl.pt\/en\/graca-canto-moniz\/\">\n\t\t\t\t\t\t\t<img loading=\"lazy\" decoding=\"async\" width=\"202\" height=\"202\" src=\"https:\/\/novalaw.unl.pt\/wp-content\/uploads\/2023\/01\/SITE-docentes-convidados.jpg\" class=\"attachment-full size-full\" alt=\"\" srcset=\"https:\/\/novalaw.unl.pt\/wp-content\/uploads\/2023\/01\/SITE-docentes-convidados.jpg 202w, https:\/\/novalaw.unl.pt\/wp-content\/uploads\/2023\/01\/SITE-docentes-convidados-150x150.jpg 150w\" sizes=\"auto, (max-width: 202px) 100vw, 202px\" \/>\t\t\t\t\t\t\t\t<\/a>\n\t\t\t\t\t\t\t\t\t\t\t\t\t\t\t<\/div>\n\t\t\t\t<\/div>\n\t\t\t\t<div class=\"elementor-element elementor-element-47ab6d0 elementor-widget elementor-widget-heading\" data-id=\"47ab6d0\" data-element_type=\"widget\" data-widget_type=\"heading.default\">\n\t\t\t\t<div class=\"elementor-widget-container\">\n\t\t\t<h3 class=\"elementor-heading-title elementor-size-default\"><a href=\"https:\/\/novalaw.unl.pt\/en\/graca-canto-moniz\/\">Gra\u00e7a Canto Moniz<\/a><\/h3>\t\t<\/div>\n\t\t\t\t<\/div>\n\t\t\t\t<div class=\"elementor-element elementor-element-21c8895 elementor-widget elementor-widget-heading\" data-id=\"21c8895\" data-element_type=\"widget\" data-widget_type=\"heading.default\">\n\t\t\t\t<div class=\"elementor-widget-container\">\n\t\t\t<p class=\"elementor-heading-title elementor-size-default\"><a href=\"https:\/\/novalaw.unl.pt\/en\/graca-canto-moniz\/\">Google Chair on Data Governance<\/a><\/p>\t\t<\/div>\n\t\t\t\t<\/div>\n\t\t\t\t\t<\/div>\n\t\t<\/div>\n\t\t\t\t<div class=\"elementor-column elementor-col-50 elementor-top-column elementor-element elementor-element-41f1709\" data-id=\"41f1709\" data-element_type=\"column\" data-settings=\"{&quot;animation&quot;:&quot;none&quot;}\">\n\t\t\t<div class=\"elementor-widget-wrap elementor-element-populated\">\n\t\t\t\t\t\t\t\t<div class=\"elementor-element elementor-element-1cff148 elementor-widget elementor-widget-image\" data-id=\"1cff148\" data-element_type=\"widget\" data-widget_type=\"image.default\">\n\t\t\t\t<div class=\"elementor-widget-container\">\n\t\t\t\t\t\t\t\t\t\t\t\t\t\t\t\t<a href=\"https:\/\/novalaw.unl.pt\/en\/helena-bolina\/\">\n\t\t\t\t\t\t\t<img loading=\"lazy\" decoding=\"async\" width=\"202\" height=\"202\" src=\"https:\/\/novalaw.unl.pt\/wp-content\/uploads\/2022\/11\/SITE_docentes-convidados-HELENA-BOLINA.jpg\" class=\"attachment-full size-full\" alt=\"\" srcset=\"https:\/\/novalaw.unl.pt\/wp-content\/uploads\/2022\/11\/SITE_docentes-convidados-HELENA-BOLINA.jpg 202w, https:\/\/novalaw.unl.pt\/wp-content\/uploads\/2022\/11\/SITE_docentes-convidados-HELENA-BOLINA-150x150.jpg 150w\" sizes=\"auto, (max-width: 202px) 100vw, 202px\" \/>\t\t\t\t\t\t\t\t<\/a>\n\t\t\t\t\t\t\t\t\t\t\t\t\t\t\t<\/div>\n\t\t\t\t<\/div>\n\t\t\t\t<div class=\"elementor-element elementor-element-6227bc7 elementor-widget elementor-widget-heading\" data-id=\"6227bc7\" data-element_type=\"widget\" data-widget_type=\"heading.default\">\n\t\t\t\t<div class=\"elementor-widget-container\">\n\t\t\t<h3 class=\"elementor-heading-title elementor-size-default\">Helena Bolina<\/h3>\t\t<\/div>\n\t\t\t\t<\/div>\n\t\t\t\t<div class=\"elementor-element elementor-element-2a2774a elementor-widget elementor-widget-heading\" data-id=\"2a2774a\" data-element_type=\"widget\" data-widget_type=\"heading.default\">\n\t\t\t\t<div class=\"elementor-widget-container\">\n\t\t\t<p class=\"elementor-heading-title elementor-size-default\">Assistant Professor<\/p>\t\t<\/div>\n\t\t\t\t<\/div>\n\t\t\t\t\t<\/div>\n\t\t<\/div>\n\t\t\t\t<div class=\"elementor-column elementor-col-50 elementor-top-column elementor-element elementor-element-5383a2b\" data-id=\"5383a2b\" data-element_type=\"column\" data-settings=\"{&quot;animation&quot;:&quot;none&quot;}\">\n\t\t\t<div class=\"elementor-widget-wrap elementor-element-populated\">\n\t\t\t\t\t\t\t\t<div class=\"elementor-element elementor-element-2181c70 elementor-widget elementor-widget-image\" data-id=\"2181c70\" data-element_type=\"widget\" data-widget_type=\"image.default\">\n\t\t\t\t<div class=\"elementor-widget-container\">\n\t\t\t\t\t\t\t\t\t\t\t\t\t\t\t\t<a href=\"https:\/\/novalaw.unl.pt\/en\/joana-campos-carvalho\/\">\n\t\t\t\t\t\t\t<img loading=\"lazy\" decoding=\"async\" width=\"202\" height=\"202\" src=\"https:\/\/novalaw.unl.pt\/wp-content\/uploads\/2024\/10\/SITE-CorpoDocente-ProfAuxiliar-JoanaCamposCarvalho-1.jpg\" class=\"attachment-full size-full\" alt=\"\" srcset=\"https:\/\/novalaw.unl.pt\/wp-content\/uploads\/2024\/10\/SITE-CorpoDocente-ProfAuxiliar-JoanaCamposCarvalho-1.jpg 202w, https:\/\/novalaw.unl.pt\/wp-content\/uploads\/2024\/10\/SITE-CorpoDocente-ProfAuxiliar-JoanaCamposCarvalho-1-150x150.jpg 150w\" sizes=\"auto, (max-width: 202px) 100vw, 202px\" \/>\t\t\t\t\t\t\t\t<\/a>\n\t\t\t\t\t\t\t\t\t\t\t\t\t\t\t<\/div>\n\t\t\t\t<\/div>\n\t\t\t\t<div class=\"elementor-element elementor-element-e7f49b2 elementor-widget elementor-widget-heading\" data-id=\"e7f49b2\" data-element_type=\"widget\" data-widget_type=\"heading.default\">\n\t\t\t\t<div class=\"elementor-widget-container\">\n\t\t\t<h3 class=\"elementor-heading-title elementor-size-default\">Joana Campos Carvalho<\/h3>\t\t<\/div>\n\t\t\t\t<\/div>\n\t\t\t\t<div class=\"elementor-element elementor-element-7b1be97 elementor-widget elementor-widget-heading\" data-id=\"7b1be97\" data-element_type=\"widget\" data-widget_type=\"heading.default\">\n\t\t\t\t<div class=\"elementor-widget-container\">\n\t\t\t<p class=\"elementor-heading-title elementor-size-default\">Assistant Professor and CEDIS Chair in ADR in the Digital Age<\/p>\t\t<\/div>\n\t\t\t\t<\/div>\n\t\t\t\t\t<\/div>\n\t\t<\/div>\n\t\t\t\t<div class=\"elementor-column elementor-col-50 elementor-top-column elementor-element elementor-element-0a198a6\" data-id=\"0a198a6\" data-element_type=\"column\" data-settings=\"{&quot;animation&quot;:&quot;none&quot;}\">\n\t\t\t<div class=\"elementor-widget-wrap elementor-element-populated\">\n\t\t\t\t\t\t\t\t<div class=\"elementor-element elementor-element-e05d9e5 elementor-widget elementor-widget-image\" data-id=\"e05d9e5\" data-element_type=\"widget\" data-widget_type=\"image.default\">\n\t\t\t\t<div class=\"elementor-widget-container\">\n\t\t\t\t\t\t\t\t\t\t\t\t\t\t\t\t<a href=\"https:\/\/novalaw.unl.pt\/en\/joana-farrajota\/\">\n\t\t\t\t\t\t\t<img loading=\"lazy\" decoding=\"async\" width=\"202\" height=\"202\" src=\"https:\/\/novalaw.unl.pt\/wp-content\/uploads\/2023\/01\/SITE_docentes-residentes-JOANAFARRAJOTA.jpg\" class=\"attachment-full size-full\" alt=\"\" srcset=\"https:\/\/novalaw.unl.pt\/wp-content\/uploads\/2023\/01\/SITE_docentes-residentes-JOANAFARRAJOTA.jpg 202w, https:\/\/novalaw.unl.pt\/wp-content\/uploads\/2023\/01\/SITE_docentes-residentes-JOANAFARRAJOTA-150x150.jpg 150w\" sizes=\"auto, (max-width: 202px) 100vw, 202px\" \/>\t\t\t\t\t\t\t\t<\/a>\n\t\t\t\t\t\t\t\t\t\t\t\t\t\t\t<\/div>\n\t\t\t\t<\/div>\n\t\t\t\t<div class=\"elementor-element elementor-element-5093817 elementor-widget elementor-widget-heading\" data-id=\"5093817\" data-element_type=\"widget\" data-widget_type=\"heading.default\">\n\t\t\t\t<div class=\"elementor-widget-container\">\n\t\t\t<h3 class=\"elementor-heading-title elementor-size-default\">Joana Farrajota<\/h3>\t\t<\/div>\n\t\t\t\t<\/div>\n\t\t\t\t<div class=\"elementor-element elementor-element-687745b elementor-widget elementor-widget-heading\" data-id=\"687745b\" data-element_type=\"widget\" data-widget_type=\"heading.default\">\n\t\t\t\t<div class=\"elementor-widget-container\">\n\t\t\t<p class=\"elementor-heading-title elementor-size-default\">Assistant Professor<\/p>\t\t<\/div>\n\t\t\t\t<\/div>\n\t\t\t\t\t<\/div>\n\t\t<\/div>\n\t\t\t\t<div class=\"elementor-column elementor-col-100 elementor-top-column elementor-element elementor-element-fd955ec\" data-id=\"fd955ec\" data-element_type=\"column\" data-settings=\"{&quot;animation&quot;:&quot;none&quot;}\">\n\t\t\t<div class=\"elementor-widget-wrap elementor-element-populated\">\n\t\t\t\t\t\t\t\t<div class=\"elementor-element elementor-element-589e5bb elementor-widget elementor-widget-image\" data-id=\"589e5bb\" data-element_type=\"widget\" data-widget_type=\"image.default\">\n\t\t\t\t<div class=\"elementor-widget-container\">\n\t\t\t\t\t\t\t\t\t\t\t\t\t\t\t\t<a href=\"https:\/\/novalaw.unl.pt\/en\/joao-caupers\/\">\n\t\t\t\t\t\t\t<img loading=\"lazy\" decoding=\"async\" width=\"202\" height=\"202\" src=\"https:\/\/novalaw.unl.pt\/wp-content\/uploads\/2021\/08\/SITE_docentes-residentes-JOAO-CAUPERS.jpg\" class=\"attachment-full size-full\" alt=\"\" srcset=\"https:\/\/novalaw.unl.pt\/wp-content\/uploads\/2021\/08\/SITE_docentes-residentes-JOAO-CAUPERS.jpg 202w, https:\/\/novalaw.unl.pt\/wp-content\/uploads\/2021\/08\/SITE_docentes-residentes-JOAO-CAUPERS-150x150.jpg 150w, https:\/\/novalaw.unl.pt\/wp-content\/uploads\/2021\/08\/SITE_docentes-residentes-JOAO-CAUPERS-100x100.jpg 100w\" sizes=\"auto, (max-width: 202px) 100vw, 202px\" \/>\t\t\t\t\t\t\t\t<\/a>\n\t\t\t\t\t\t\t\t\t\t\t\t\t\t\t<\/div>\n\t\t\t\t<\/div>\n\t\t\t\t<div class=\"elementor-element elementor-element-801f6a4 elementor-widget elementor-widget-heading\" data-id=\"801f6a4\" data-element_type=\"widget\" data-widget_type=\"heading.default\">\n\t\t\t\t<div class=\"elementor-widget-container\">\n\t\t\t<h3 class=\"elementor-heading-title elementor-size-default\">Jo\u00e3o Caupers<\/h3>\t\t<\/div>\n\t\t\t\t<\/div>\n\t\t\t\t<div class=\"elementor-element elementor-element-0ec607a elementor-widget elementor-widget-heading\" data-id=\"0ec607a\" data-element_type=\"widget\" data-widget_type=\"heading.default\">\n\t\t\t\t<div class=\"elementor-widget-container\">\n\t\t\t<p class=\"elementor-heading-title elementor-size-default\">Full Professor, Retired<\/p>\t\t<\/div>\n\t\t\t\t<\/div>\n\t\t\t\t\t<\/div>\n\t\t<\/div>\n\t\t\t\t<div class=\"elementor-column elementor-col-25 elementor-top-column elementor-element elementor-element-4e3e2f8\" data-id=\"4e3e2f8\" data-element_type=\"column\" data-settings=\"{&quot;animation&quot;:&quot;none&quot;}\">\n\t\t\t<div class=\"elementor-widget-wrap elementor-element-populated\">\n\t\t\t\t\t\t\t\t<div class=\"elementor-element elementor-element-59d2823 elementor-widget elementor-widget-image\" data-id=\"59d2823\" data-element_type=\"widget\" data-widget_type=\"image.default\">\n\t\t\t\t<div class=\"elementor-widget-container\">\n\t\t\t\t\t\t\t\t\t\t\t\t\t\t\t\t<a href=\"https:\/\/novalaw.unl.pt\/en\/joao-pedro-pinto-ferreira\/\">\n\t\t\t\t\t\t\t<img loading=\"lazy\" decoding=\"async\" width=\"202\" height=\"202\" src=\"https:\/\/novalaw.unl.pt\/wp-content\/uploads\/2022\/03\/SITE_docentes-investigadores-JOAO-PEDRO-PINTO_new.jpg\" class=\"attachment-full size-full\" alt=\"\" srcset=\"https:\/\/novalaw.unl.pt\/wp-content\/uploads\/2022\/03\/SITE_docentes-investigadores-JOAO-PEDRO-PINTO_new.jpg 202w, https:\/\/novalaw.unl.pt\/wp-content\/uploads\/2022\/03\/SITE_docentes-investigadores-JOAO-PEDRO-PINTO_new-150x150.jpg 150w\" sizes=\"auto, (max-width: 202px) 100vw, 202px\" \/>\t\t\t\t\t\t\t\t<\/a>\n\t\t\t\t\t\t\t\t\t\t\t\t\t\t\t<\/div>\n\t\t\t\t<\/div>\n\t\t\t\t<div class=\"elementor-element elementor-element-d6ec6d8 elementor-widget elementor-widget-heading\" data-id=\"d6ec6d8\" data-element_type=\"widget\" data-widget_type=\"heading.default\">\n\t\t\t\t<div class=\"elementor-widget-container\">\n\t\t\t<h3 class=\"elementor-heading-title elementor-size-default\">Jo\u00e3o Pedro Pinto-Ferreira<\/h3>\t\t<\/div>\n\t\t\t\t<\/div>\n\t\t\t\t<div class=\"elementor-element elementor-element-dda062a elementor-widget elementor-widget-heading\" data-id=\"dda062a\" data-element_type=\"widget\" data-widget_type=\"heading.default\">\n\t\t\t\t<div class=\"elementor-widget-container\">\n\t\t\t<p class=\"elementor-heading-title elementor-size-default\">Assistant Professor and Vice Dean<\/p>\t\t<\/div>\n\t\t\t\t<\/div>\n\t\t\t\t\t<\/div>\n\t\t<\/div>\n\t\t\t\t<div class=\"elementor-column elementor-col-25 elementor-top-column elementor-element elementor-element-93f18eb\" data-id=\"93f18eb\" data-element_type=\"column\" data-settings=\"{&quot;animation&quot;:&quot;none&quot;}\">\n\t\t\t<div class=\"elementor-widget-wrap elementor-element-populated\">\n\t\t\t\t\t\t\t\t<div class=\"elementor-element elementor-element-61c00c0 elementor-widget elementor-widget-image\" data-id=\"61c00c0\" data-element_type=\"widget\" data-widget_type=\"image.default\">\n\t\t\t\t<div class=\"elementor-widget-container\">\n\t\t\t\t\t\t\t\t\t\t\t\t\t\t\t\t<a href=\"https:\/\/novalaw.unl.pt\/en\/joao-zenha-martins\/\">\n\t\t\t\t\t\t\t<img loading=\"lazy\" decoding=\"async\" width=\"202\" height=\"202\" src=\"https:\/\/novalaw.unl.pt\/wp-content\/uploads\/2021\/08\/SITE_docentes-residentes-JOAO-ZENHA.jpg\" class=\"attachment-full size-full\" alt=\"\" srcset=\"https:\/\/novalaw.unl.pt\/wp-content\/uploads\/2021\/08\/SITE_docentes-residentes-JOAO-ZENHA.jpg 202w, https:\/\/novalaw.unl.pt\/wp-content\/uploads\/2021\/08\/SITE_docentes-residentes-JOAO-ZENHA-150x150.jpg 150w, https:\/\/novalaw.unl.pt\/wp-content\/uploads\/2021\/08\/SITE_docentes-residentes-JOAO-ZENHA-100x100.jpg 100w\" sizes=\"auto, (max-width: 202px) 100vw, 202px\" \/>\t\t\t\t\t\t\t\t<\/a>\n\t\t\t\t\t\t\t\t\t\t\t\t\t\t\t<\/div>\n\t\t\t\t<\/div>\n\t\t\t\t<div class=\"elementor-element elementor-element-cc16e67 elementor-widget elementor-widget-heading\" data-id=\"cc16e67\" data-element_type=\"widget\" data-widget_type=\"heading.default\">\n\t\t\t\t<div class=\"elementor-widget-container\">\n\t\t\t<h3 class=\"elementor-heading-title elementor-size-default\">Jo\u00e3o Zenha Martins<\/h3>\t\t<\/div>\n\t\t\t\t<\/div>\n\t\t\t\t<div class=\"elementor-element elementor-element-acdcea0 elementor-widget elementor-widget-heading\" data-id=\"acdcea0\" data-element_type=\"widget\" data-widget_type=\"heading.default\">\n\t\t\t\t<div class=\"elementor-widget-container\">\n\t\t\t<p class=\"elementor-heading-title elementor-size-default\">Associate Professor<\/p>\t\t<\/div>\n\t\t\t\t<\/div>\n\t\t\t\t\t<\/div>\n\t\t<\/div>\n\t\t\t\t<div class=\"elementor-column elementor-col-33 elementor-top-column elementor-element elementor-element-0702ea1\" data-id=\"0702ea1\" data-element_type=\"column\" data-settings=\"{&quot;animation&quot;:&quot;none&quot;}\">\n\t\t\t<div class=\"elementor-widget-wrap elementor-element-populated\">\n\t\t\t\t\t\t\t\t<div class=\"elementor-element elementor-element-274469f elementor-widget elementor-widget-image\" data-id=\"274469f\" data-element_type=\"widget\" data-widget_type=\"image.default\">\n\t\t\t\t<div class=\"elementor-widget-container\">\n\t\t\t\t\t\t\t\t\t\t\t\t\t\t\t\t<a href=\"https:\/\/novalaw.unl.pt\/en\/jorge-bacelar-gouveia\/\">\n\t\t\t\t\t\t\t<img loading=\"lazy\" decoding=\"async\" width=\"202\" height=\"202\" src=\"https:\/\/novalaw.unl.pt\/wp-content\/uploads\/2021\/08\/SITE_docentes-residentes-JORGE-BACELAR.jpg\" class=\"attachment-full size-full\" alt=\"\" srcset=\"https:\/\/novalaw.unl.pt\/wp-content\/uploads\/2021\/08\/SITE_docentes-residentes-JORGE-BACELAR.jpg 202w, https:\/\/novalaw.unl.pt\/wp-content\/uploads\/2021\/08\/SITE_docentes-residentes-JORGE-BACELAR-150x150.jpg 150w, https:\/\/novalaw.unl.pt\/wp-content\/uploads\/2021\/08\/SITE_docentes-residentes-JORGE-BACELAR-100x100.jpg 100w\" sizes=\"auto, (max-width: 202px) 100vw, 202px\" \/>\t\t\t\t\t\t\t\t<\/a>\n\t\t\t\t\t\t\t\t\t\t\t\t\t\t\t<\/div>\n\t\t\t\t<\/div>\n\t\t\t\t<div class=\"elementor-element elementor-element-3e13403 elementor-widget elementor-widget-heading\" data-id=\"3e13403\" data-element_type=\"widget\" data-widget_type=\"heading.default\">\n\t\t\t\t<div class=\"elementor-widget-container\">\n\t\t\t<h3 class=\"elementor-heading-title elementor-size-default\">Jorge Bacelar Gouveia<\/h3>\t\t<\/div>\n\t\t\t\t<\/div>\n\t\t\t\t<div class=\"elementor-element elementor-element-34e04a5 elementor-widget elementor-widget-heading\" data-id=\"34e04a5\" data-element_type=\"widget\" data-widget_type=\"heading.default\">\n\t\t\t\t<div class=\"elementor-widget-container\">\n\t\t\t<p class=\"elementor-heading-title elementor-size-default\">Full Professor<\/p>\t\t<\/div>\n\t\t\t\t<\/div>\n\t\t\t\t\t<\/div>\n\t\t<\/div>\n\t\t\t\t<div class=\"elementor-column elementor-col-50 elementor-top-column elementor-element elementor-element-2f1a3e4\" data-id=\"2f1a3e4\" data-element_type=\"column\" data-settings=\"{&quot;animation&quot;:&quot;none&quot;}\">\n\t\t\t<div class=\"elementor-widget-wrap elementor-element-populated\">\n\t\t\t\t\t\t\t\t<div class=\"elementor-element elementor-element-f4e759d elementor-widget elementor-widget-image\" data-id=\"f4e759d\" data-element_type=\"widget\" data-widget_type=\"image.default\">\n\t\t\t\t<div class=\"elementor-widget-container\">\n\t\t\t\t\t\t\t\t\t\t\t\t\t\t\t\t<a href=\"https:\/\/novalaw.unl.pt\/en\/jorge-morais-carvalho\/\">\n\t\t\t\t\t\t\t<img loading=\"lazy\" decoding=\"async\" width=\"202\" height=\"202\" src=\"https:\/\/novalaw.unl.pt\/wp-content\/uploads\/2021\/08\/SITE_docentes-residentes-JORGE-MORAIS.jpg\" class=\"attachment-full size-full\" alt=\"\" srcset=\"https:\/\/novalaw.unl.pt\/wp-content\/uploads\/2021\/08\/SITE_docentes-residentes-JORGE-MORAIS.jpg 202w, https:\/\/novalaw.unl.pt\/wp-content\/uploads\/2021\/08\/SITE_docentes-residentes-JORGE-MORAIS-150x150.jpg 150w, https:\/\/novalaw.unl.pt\/wp-content\/uploads\/2021\/08\/SITE_docentes-residentes-JORGE-MORAIS-100x100.jpg 100w\" sizes=\"auto, (max-width: 202px) 100vw, 202px\" \/>\t\t\t\t\t\t\t\t<\/a>\n\t\t\t\t\t\t\t\t\t\t\t\t\t\t\t<\/div>\n\t\t\t\t<\/div>\n\t\t\t\t<div class=\"elementor-element elementor-element-17c5259 elementor-widget elementor-widget-heading\" data-id=\"17c5259\" data-element_type=\"widget\" data-widget_type=\"heading.default\">\n\t\t\t\t<div class=\"elementor-widget-container\">\n\t\t\t<h3 class=\"elementor-heading-title elementor-size-default\">Jorge Morais Carvalho<\/h3>\t\t<\/div>\n\t\t\t\t<\/div>\n\t\t\t\t<div class=\"elementor-element elementor-element-ff60123 elementor-widget elementor-widget-heading\" data-id=\"ff60123\" data-element_type=\"widget\" data-widget_type=\"heading.default\">\n\t\t\t\t<div class=\"elementor-widget-container\">\n\t\t\t<p class=\"elementor-heading-title elementor-size-default\">Full Professor and President of the Scientific Council<\/p>\t\t<\/div>\n\t\t\t\t<\/div>\n\t\t\t\t\t<\/div>\n\t\t<\/div>\n\t\t\t\t<div class=\"elementor-column elementor-col-100 elementor-top-column elementor-element elementor-element-8e5502c\" data-id=\"8e5502c\" data-element_type=\"column\" data-settings=\"{&quot;animation&quot;:&quot;none&quot;}\">\n\t\t\t<div class=\"elementor-widget-wrap elementor-element-populated\">\n\t\t\t\t\t\t\t\t<div class=\"elementor-element elementor-element-8248c5e elementor-widget elementor-widget-image\" data-id=\"8248c5e\" data-element_type=\"widget\" data-widget_type=\"image.default\">\n\t\t\t\t<div class=\"elementor-widget-container\">\n\t\t\t\t\t\t\t\t\t\t\t\t\t\t\t\t<a href=\"https:\/\/novalaw.unl.pt\/en\/jose-joao-abrantes\/\">\n\t\t\t\t\t\t\t<img loading=\"lazy\" decoding=\"async\" width=\"202\" height=\"202\" src=\"https:\/\/novalaw.unl.pt\/wp-content\/uploads\/2021\/08\/SITE_docentes-residentes-JOSE-JOAO.jpg\" class=\"attachment-full size-full\" alt=\"\" srcset=\"https:\/\/novalaw.unl.pt\/wp-content\/uploads\/2021\/08\/SITE_docentes-residentes-JOSE-JOAO.jpg 202w, https:\/\/novalaw.unl.pt\/wp-content\/uploads\/2021\/08\/SITE_docentes-residentes-JOSE-JOAO-150x150.jpg 150w, https:\/\/novalaw.unl.pt\/wp-content\/uploads\/2021\/08\/SITE_docentes-residentes-JOSE-JOAO-100x100.jpg 100w\" sizes=\"auto, (max-width: 202px) 100vw, 202px\" \/>\t\t\t\t\t\t\t\t<\/a>\n\t\t\t\t\t\t\t\t\t\t\t\t\t\t\t<\/div>\n\t\t\t\t<\/div>\n\t\t\t\t<div class=\"elementor-element elementor-element-2882744 elementor-widget elementor-widget-heading\" data-id=\"2882744\" data-element_type=\"widget\" data-widget_type=\"heading.default\">\n\t\t\t\t<div class=\"elementor-widget-container\">\n\t\t\t<h3 class=\"elementor-heading-title elementor-size-default\">Jos\u00e9 Jo\u00e3o Abrantes<\/h3>\t\t<\/div>\n\t\t\t\t<\/div>\n\t\t\t\t<div class=\"elementor-element elementor-element-efbfc28 elementor-widget elementor-widget-heading\" data-id=\"efbfc28\" data-element_type=\"widget\" data-widget_type=\"heading.default\">\n\t\t\t\t<div class=\"elementor-widget-container\">\n\t\t\t<p class=\"elementor-heading-title elementor-size-default\">Full Professor, Retired<\/p>\t\t<\/div>\n\t\t\t\t<\/div>\n\t\t\t\t\t<\/div>\n\t\t<\/div>\n\t\t\t\t<div class=\"elementor-column elementor-col-100 elementor-top-column elementor-element elementor-element-05e2a78\" data-id=\"05e2a78\" data-element_type=\"column\" data-settings=\"{&quot;animation&quot;:&quot;none&quot;}\">\n\t\t\t<div class=\"elementor-widget-wrap elementor-element-populated\">\n\t\t\t\t\t\t\t\t<div class=\"elementor-element elementor-element-c25f985 elementor-widget elementor-widget-image\" data-id=\"c25f985\" data-element_type=\"widget\" data-widget_type=\"image.default\">\n\t\t\t\t<div class=\"elementor-widget-container\">\n\t\t\t\t\t\t\t\t\t\t\t\t\t\t\t\t<a href=\"https:\/\/novalaw.unl.pt\/en\/jose-lebre-de-freitas\/\">\n\t\t\t\t\t\t\t<img loading=\"lazy\" decoding=\"async\" width=\"202\" height=\"202\" src=\"https:\/\/novalaw.unl.pt\/wp-content\/uploads\/2021\/09\/Jose-Lebre-de-Freitas.jpg\" class=\"attachment-full size-full\" alt=\"Jos\u00e9 Lebre de Freitas\" srcset=\"https:\/\/novalaw.unl.pt\/wp-content\/uploads\/2021\/09\/Jose-Lebre-de-Freitas.jpg 202w, https:\/\/novalaw.unl.pt\/wp-content\/uploads\/2021\/09\/Jose-Lebre-de-Freitas-150x150.jpg 150w\" sizes=\"auto, (max-width: 202px) 100vw, 202px\" \/>\t\t\t\t\t\t\t\t<\/a>\n\t\t\t\t\t\t\t\t\t\t\t\t\t\t\t<\/div>\n\t\t\t\t<\/div>\n\t\t\t\t<div class=\"elementor-element elementor-element-66da1b4 elementor-widget elementor-widget-heading\" data-id=\"66da1b4\" data-element_type=\"widget\" data-widget_type=\"heading.default\">\n\t\t\t\t<div class=\"elementor-widget-container\">\n\t\t\t<h3 class=\"elementor-heading-title elementor-size-default\">Jos\u00e9 Lebre de Freitas<\/h3>\t\t<\/div>\n\t\t\t\t<\/div>\n\t\t\t\t<div class=\"elementor-element elementor-element-02228f4 elementor-widget elementor-widget-heading\" data-id=\"02228f4\" data-element_type=\"widget\" data-widget_type=\"heading.default\">\n\t\t\t\t<div class=\"elementor-widget-container\">\n\t\t\t<p class=\"elementor-heading-title elementor-size-default\">Full Professor, Retired<\/p>\t\t<\/div>\n\t\t\t\t<\/div>\n\t\t\t\t\t<\/div>\n\t\t<\/div>\n\t\t\t\t<div class=\"elementor-column elementor-col-100 elementor-top-column elementor-element elementor-element-d1bf6e5\" data-id=\"d1bf6e5\" data-element_type=\"column\" data-settings=\"{&quot;animation&quot;:&quot;none&quot;}\">\n\t\t\t<div class=\"elementor-widget-wrap elementor-element-populated\">\n\t\t\t\t\t\t\t\t<div class=\"elementor-element elementor-element-5311861 elementor-widget elementor-widget-image\" data-id=\"5311861\" data-element_type=\"widget\" data-widget_type=\"image.default\">\n\t\t\t\t<div class=\"elementor-widget-container\">\n\t\t\t\t\t\t\t\t\t\t\t\t\t\t\t\t<a href=\"https:\/\/novalaw.unl.pt\/en\/laura-inigo-alvarez\/\">\n\t\t\t\t\t\t\t<img loading=\"lazy\" decoding=\"async\" width=\"202\" height=\"202\" src=\"https:\/\/novalaw.unl.pt\/wp-content\/uploads\/2021\/08\/SITE_docentes-investigadores-LAURA-INIGO.jpg\" class=\"attachment-full size-full\" alt=\"\" srcset=\"https:\/\/novalaw.unl.pt\/wp-content\/uploads\/2021\/08\/SITE_docentes-investigadores-LAURA-INIGO.jpg 202w, https:\/\/novalaw.unl.pt\/wp-content\/uploads\/2021\/08\/SITE_docentes-investigadores-LAURA-INIGO-150x150.jpg 150w, https:\/\/novalaw.unl.pt\/wp-content\/uploads\/2021\/08\/SITE_docentes-investigadores-LAURA-INIGO-100x100.jpg 100w\" sizes=\"auto, (max-width: 202px) 100vw, 202px\" \/>\t\t\t\t\t\t\t\t<\/a>\n\t\t\t\t\t\t\t\t\t\t\t\t\t\t\t<\/div>\n\t\t\t\t<\/div>\n\t\t\t\t<div class=\"elementor-element elementor-element-48ce319 elementor-widget elementor-widget-heading\" data-id=\"48ce319\" data-element_type=\"widget\" data-widget_type=\"heading.default\">\n\t\t\t\t<div class=\"elementor-widget-container\">\n\t\t\t<h3 class=\"elementor-heading-title elementor-size-default\">Laura \u00cd\u00f1igo \u00c1lvarez<\/h3>\t\t<\/div>\n\t\t\t\t<\/div>\n\t\t\t\t<div class=\"elementor-element elementor-element-0aa09e2 elementor-widget elementor-widget-heading\" data-id=\"0aa09e2\" data-element_type=\"widget\" data-widget_type=\"heading.default\">\n\t\t\t\t<div class=\"elementor-widget-container\">\n\t\t\t<p class=\"elementor-heading-title elementor-size-default\">Assistant Professor and CEDIS Chair in Human Rights, Justice & Security<\/p>\t\t<\/div>\n\t\t\t\t<\/div>\n\t\t\t\t\t<\/div>\n\t\t<\/div>\n\t\t\t\t<div class=\"elementor-column elementor-col-100 elementor-top-column elementor-element elementor-element-f897dd5\" data-id=\"f897dd5\" data-element_type=\"column\" data-settings=\"{&quot;animation&quot;:&quot;none&quot;}\">\n\t\t\t<div class=\"elementor-widget-wrap elementor-element-populated\">\n\t\t\t\t\t\t\t\t<div class=\"elementor-element elementor-element-d4b8213 elementor-widget elementor-widget-image\" data-id=\"d4b8213\" data-element_type=\"widget\" data-widget_type=\"image.default\">\n\t\t\t\t<div class=\"elementor-widget-container\">\n\t\t\t\t\t\t\t\t\t\t\t\t\t\t\t\t<a href=\"https:\/\/novalaw.unl.pt\/en\/lucila-de-almeida\/\">\n\t\t\t\t\t\t\t<img loading=\"lazy\" decoding=\"async\" width=\"202\" height=\"202\" src=\"https:\/\/novalaw.unl.pt\/wp-content\/uploads\/2022\/10\/SITE_docentes-residentes-LUCILA-ALMEIDA_1.jpg\" class=\"attachment-full size-full\" alt=\"\" srcset=\"https:\/\/novalaw.unl.pt\/wp-content\/uploads\/2022\/10\/SITE_docentes-residentes-LUCILA-ALMEIDA_1.jpg 202w, https:\/\/novalaw.unl.pt\/wp-content\/uploads\/2022\/10\/SITE_docentes-residentes-LUCILA-ALMEIDA_1-150x150.jpg 150w\" sizes=\"auto, (max-width: 202px) 100vw, 202px\" \/>\t\t\t\t\t\t\t\t<\/a>\n\t\t\t\t\t\t\t\t\t\t\t\t\t\t\t<\/div>\n\t\t\t\t<\/div>\n\t\t\t\t<div class=\"elementor-element elementor-element-083ee24 elementor-widget elementor-widget-heading\" data-id=\"083ee24\" data-element_type=\"widget\" data-widget_type=\"heading.default\">\n\t\t\t\t<div class=\"elementor-widget-container\">\n\t\t\t<h3 class=\"elementor-heading-title elementor-size-default\">Lucila de Almeida<\/h3>\t\t<\/div>\n\t\t\t\t<\/div>\n\t\t\t\t<div class=\"elementor-element elementor-element-907b889 elementor-widget elementor-widget-heading\" data-id=\"907b889\" data-element_type=\"widget\" data-widget_type=\"heading.default\">\n\t\t\t\t<div class=\"elementor-widget-container\">\n\t\t\t<p class=\"elementor-heading-title elementor-size-default\">Associate Professor and Abreu Chair in ESG, Energy and Climate<\/p>\t\t<\/div>\n\t\t\t\t<\/div>\n\t\t\t\t\t<\/div>\n\t\t<\/div>\n\t\t\t\t<div class=\"elementor-column elementor-col-25 elementor-top-column elementor-element elementor-element-7c3f723\" data-id=\"7c3f723\" data-element_type=\"column\" data-settings=\"{&quot;animation&quot;:&quot;none&quot;}\">\n\t\t\t<div class=\"elementor-widget-wrap elementor-element-populated\">\n\t\t\t\t\t\t\t\t<div class=\"elementor-element elementor-element-ed6abd2 elementor-widget elementor-widget-image\" data-id=\"ed6abd2\" data-element_type=\"widget\" data-widget_type=\"image.default\">\n\t\t\t\t<div class=\"elementor-widget-container\">\n\t\t\t\t\t\t\t\t\t\t\t\t\t\t\t\t<a href=\"https:\/\/novalaw.unl.pt\/en\/lucio-tome-feteira\/\">\n\t\t\t\t\t\t\t<img loading=\"lazy\" decoding=\"async\" width=\"202\" height=\"202\" src=\"https:\/\/novalaw.unl.pt\/wp-content\/uploads\/2021\/08\/SITE_docentes-residentes-LUCIO-TOME.jpg\" class=\"attachment-full size-full\" alt=\"\" srcset=\"https:\/\/novalaw.unl.pt\/wp-content\/uploads\/2021\/08\/SITE_docentes-residentes-LUCIO-TOME.jpg 202w, https:\/\/novalaw.unl.pt\/wp-content\/uploads\/2021\/08\/SITE_docentes-residentes-LUCIO-TOME-150x150.jpg 150w, https:\/\/novalaw.unl.pt\/wp-content\/uploads\/2021\/08\/SITE_docentes-residentes-LUCIO-TOME-100x100.jpg 100w\" sizes=\"auto, (max-width: 202px) 100vw, 202px\" \/>\t\t\t\t\t\t\t\t<\/a>\n\t\t\t\t\t\t\t\t\t\t\t\t\t\t\t<\/div>\n\t\t\t\t<\/div>\n\t\t\t\t<div class=\"elementor-element elementor-element-dbca9a9 elementor-widget elementor-widget-heading\" data-id=\"dbca9a9\" data-element_type=\"widget\" data-widget_type=\"heading.default\">\n\t\t\t\t<div class=\"elementor-widget-container\">\n\t\t\t<h3 class=\"elementor-heading-title elementor-size-default\">L\u00facio Tom\u00e9 Feteira<\/h3>\t\t<\/div>\n\t\t\t\t<\/div>\n\t\t\t\t<div class=\"elementor-element elementor-element-7eef789 elementor-widget elementor-widget-heading\" data-id=\"7eef789\" data-element_type=\"widget\" data-widget_type=\"heading.default\">\n\t\t\t\t<div class=\"elementor-widget-container\">\n\t\t\t<p class=\"elementor-heading-title elementor-size-default\">Associate Professor<\/p>\t\t<\/div>\n\t\t\t\t<\/div>\n\t\t\t\t\t<\/div>\n\t\t<\/div>\n\t\t\t\t<div class=\"elementor-column elementor-col-33 elementor-top-column elementor-element elementor-element-db1aa4f\" data-id=\"db1aa4f\" data-element_type=\"column\" data-settings=\"{&quot;animation&quot;:&quot;none&quot;}\">\n\t\t\t<div class=\"elementor-widget-wrap elementor-element-populated\">\n\t\t\t\t\t\t\t\t<div class=\"elementor-element elementor-element-bee6223 elementor-widget elementor-widget-image\" data-id=\"bee6223\" data-element_type=\"widget\" data-widget_type=\"image.default\">\n\t\t\t\t<div class=\"elementor-widget-container\">\n\t\t\t\t\t\t\t\t\t\t\t\t\t\t\t\t<a href=\"https:\/\/novalaw.unl.pt\/en\/luis-duarte-dalmeida\">\n\t\t\t\t\t\t\t<img loading=\"lazy\" decoding=\"async\" width=\"202\" height=\"202\" src=\"https:\/\/novalaw.unl.pt\/wp-content\/uploads\/2024\/10\/SITE-CorpoDocente-ProfessoresResidentes_LuisDuarteAlmeida-1.jpg\" class=\"attachment-full size-full\" alt=\"\" srcset=\"https:\/\/novalaw.unl.pt\/wp-content\/uploads\/2024\/10\/SITE-CorpoDocente-ProfessoresResidentes_LuisDuarteAlmeida-1.jpg 202w, https:\/\/novalaw.unl.pt\/wp-content\/uploads\/2024\/10\/SITE-CorpoDocente-ProfessoresResidentes_LuisDuarteAlmeida-1-150x150.jpg 150w\" sizes=\"auto, (max-width: 202px) 100vw, 202px\" \/>\t\t\t\t\t\t\t\t<\/a>\n\t\t\t\t\t\t\t\t\t\t\t\t\t\t\t<\/div>\n\t\t\t\t<\/div>\n\t\t\t\t<div class=\"elementor-element elementor-element-4d208e5 elementor-widget elementor-widget-heading\" data-id=\"4d208e5\" data-element_type=\"widget\" data-widget_type=\"heading.default\">\n\t\t\t\t<div class=\"elementor-widget-container\">\n\t\t\t<h3 class=\"elementor-heading-title elementor-size-default\">Lu\u00eds Duarte d\u2019Almeida<\/h3>\t\t<\/div>\n\t\t\t\t<\/div>\n\t\t\t\t<div class=\"elementor-element elementor-element-44d9776 elementor-widget elementor-widget-heading\" data-id=\"44d9776\" data-element_type=\"widget\" data-widget_type=\"heading.default\">\n\t\t\t\t<div class=\"elementor-widget-container\">\n\t\t\t<p class=\"elementor-heading-title elementor-size-default\">Professor of Jurisprudence (Full Professor)<\/p>\t\t<\/div>\n\t\t\t\t<\/div>\n\t\t\t\t\t<\/div>\n\t\t<\/div>\n\t\t\t\t<div class=\"elementor-column elementor-col-33 elementor-top-column elementor-element elementor-element-cf1c463\" data-id=\"cf1c463\" data-element_type=\"column\" data-settings=\"{&quot;animation&quot;:&quot;none&quot;}\">\n\t\t\t<div class=\"elementor-widget-wrap elementor-element-populated\">\n\t\t\t\t\t\t\t\t<div class=\"elementor-element elementor-element-08b40eb elementor-widget elementor-widget-image\" data-id=\"08b40eb\" data-element_type=\"widget\" data-widget_type=\"image.default\">\n\t\t\t\t<div class=\"elementor-widget-container\">\n\t\t\t\t\t\t\t\t\t\t\t\t\t\t\t\t<a href=\"https:\/\/novalaw.unl.pt\/en\/luis-heleno-terrinha\/\">\n\t\t\t\t\t\t\t<img loading=\"lazy\" decoding=\"async\" width=\"202\" height=\"202\" src=\"https:\/\/novalaw.unl.pt\/wp-content\/uploads\/2021\/08\/SITE_docentes-residentes-LUIS-HELENO.jpg\" class=\"attachment-full size-full\" alt=\"\" srcset=\"https:\/\/novalaw.unl.pt\/wp-content\/uploads\/2021\/08\/SITE_docentes-residentes-LUIS-HELENO.jpg 202w, https:\/\/novalaw.unl.pt\/wp-content\/uploads\/2021\/08\/SITE_docentes-residentes-LUIS-HELENO-150x150.jpg 150w, https:\/\/novalaw.unl.pt\/wp-content\/uploads\/2021\/08\/SITE_docentes-residentes-LUIS-HELENO-100x100.jpg 100w\" sizes=\"auto, (max-width: 202px) 100vw, 202px\" \/>\t\t\t\t\t\t\t\t<\/a>\n\t\t\t\t\t\t\t\t\t\t\t\t\t\t\t<\/div>\n\t\t\t\t<\/div>\n\t\t\t\t<div class=\"elementor-element elementor-element-0602238 elementor-widget elementor-widget-heading\" data-id=\"0602238\" data-element_type=\"widget\" data-widget_type=\"heading.default\">\n\t\t\t\t<div class=\"elementor-widget-container\">\n\t\t\t<h3 class=\"elementor-heading-title elementor-size-default\">Lu\u00eds Heleno Terrinha<\/h3>\t\t<\/div>\n\t\t\t\t<\/div>\n\t\t\t\t<div class=\"elementor-element elementor-element-221b605 elementor-widget elementor-widget-heading\" data-id=\"221b605\" data-element_type=\"widget\" data-widget_type=\"heading.default\">\n\t\t\t\t<div class=\"elementor-widget-container\">\n\t\t\t<p class=\"elementor-heading-title elementor-size-default\">Assistant Professor<\/p>\t\t<\/div>\n\t\t\t\t<\/div>\n\t\t\t\t\t<\/div>\n\t\t<\/div>\n\t\t\t\t<div class=\"elementor-column elementor-col-50 elementor-top-column elementor-element elementor-element-860d7f1\" data-id=\"860d7f1\" data-element_type=\"column\" data-settings=\"{&quot;animation&quot;:&quot;none&quot;}\">\n\t\t\t<div class=\"elementor-widget-wrap elementor-element-populated\">\n\t\t\t\t\t\t\t\t<div class=\"elementor-element elementor-element-f838687 elementor-widget elementor-widget-image\" data-id=\"f838687\" data-element_type=\"widget\" data-widget_type=\"image.default\">\n\t\t\t\t<div class=\"elementor-widget-container\">\n\t\t\t\t\t\t\t\t\t\t\t\t\t\t\t\t<a href=\"https:\/\/novalaw.unl.pt\/en\/margarida-lima-rego\/\">\n\t\t\t\t\t\t\t<img loading=\"lazy\" decoding=\"async\" width=\"202\" height=\"202\" src=\"https:\/\/novalaw.unl.pt\/wp-content\/uploads\/2024\/12\/SITE-CorpoDocente-ProfessoraMargaridaLimaRego.jpg\" class=\"attachment-full size-full\" alt=\"\" srcset=\"https:\/\/novalaw.unl.pt\/wp-content\/uploads\/2024\/12\/SITE-CorpoDocente-ProfessoraMargaridaLimaRego.jpg 202w, https:\/\/novalaw.unl.pt\/wp-content\/uploads\/2024\/12\/SITE-CorpoDocente-ProfessoraMargaridaLimaRego-150x150.jpg 150w\" sizes=\"auto, (max-width: 202px) 100vw, 202px\" \/>\t\t\t\t\t\t\t\t<\/a>\n\t\t\t\t\t\t\t\t\t\t\t\t\t\t\t<\/div>\n\t\t\t\t<\/div>\n\t\t\t\t<div class=\"elementor-element elementor-element-ca55f56 elementor-widget elementor-widget-heading\" data-id=\"ca55f56\" data-element_type=\"widget\" data-widget_type=\"heading.default\">\n\t\t\t\t<div class=\"elementor-widget-container\">\n\t\t\t<h3 class=\"elementor-heading-title elementor-size-default\">Margarida Lima Rego<\/h3>\t\t<\/div>\n\t\t\t\t<\/div>\n\t\t\t\t<div class=\"elementor-element elementor-element-ac3dca9 elementor-widget elementor-widget-heading\" data-id=\"ac3dca9\" data-element_type=\"widget\" data-widget_type=\"heading.default\">\n\t\t\t\t<div class=\"elementor-widget-container\">\n\t\t\t<p class=\"elementor-heading-title elementor-size-default\">Full Professor and Dean<\/p>\t\t<\/div>\n\t\t\t\t<\/div>\n\t\t\t\t\t<\/div>\n\t\t<\/div>\n\t\t\t\t<div class=\"elementor-column elementor-col-50 elementor-top-column elementor-element elementor-element-7b4f2e6\" data-id=\"7b4f2e6\" data-element_type=\"column\" data-settings=\"{&quot;animation&quot;:&quot;none&quot;}\">\n\t\t\t<div class=\"elementor-widget-wrap elementor-element-populated\">\n\t\t\t\t\t\t\t\t<div class=\"elementor-element elementor-element-18d1735 elementor-widget elementor-widget-image\" data-id=\"18d1735\" data-element_type=\"widget\" data-widget_type=\"image.default\">\n\t\t\t\t<div class=\"elementor-widget-container\">\n\t\t\t\t\t\t\t\t\t\t\t\t\t\t\t\t<a href=\"https:\/\/novalaw.unl.pt\/en\/maria-de-lurdes-pereira-2\/\">\n\t\t\t\t\t\t\t<img loading=\"lazy\" decoding=\"async\" width=\"202\" height=\"202\" src=\"https:\/\/novalaw.unl.pt\/wp-content\/uploads\/2024\/10\/SITE-CorpoDocente-ProfAuxiliar-MariadeLurdesPereira.jpg\" class=\"attachment-full size-full\" alt=\"\" srcset=\"https:\/\/novalaw.unl.pt\/wp-content\/uploads\/2024\/10\/SITE-CorpoDocente-ProfAuxiliar-MariadeLurdesPereira.jpg 202w, https:\/\/novalaw.unl.pt\/wp-content\/uploads\/2024\/10\/SITE-CorpoDocente-ProfAuxiliar-MariadeLurdesPereira-150x150.jpg 150w\" sizes=\"auto, (max-width: 202px) 100vw, 202px\" \/>\t\t\t\t\t\t\t\t<\/a>\n\t\t\t\t\t\t\t\t\t\t\t\t\t\t\t<\/div>\n\t\t\t\t<\/div>\n\t\t\t\t<div class=\"elementor-element elementor-element-0fd13cd elementor-widget elementor-widget-heading\" data-id=\"0fd13cd\" data-element_type=\"widget\" data-widget_type=\"heading.default\">\n\t\t\t\t<div class=\"elementor-widget-container\">\n\t\t\t<h3 class=\"elementor-heading-title elementor-size-default\">Maria de Lurdes Pereira<\/h3>\t\t<\/div>\n\t\t\t\t<\/div>\n\t\t\t\t<div class=\"elementor-element elementor-element-698282f elementor-widget elementor-widget-heading\" data-id=\"698282f\" data-element_type=\"widget\" data-widget_type=\"heading.default\">\n\t\t\t\t<div class=\"elementor-widget-container\">\n\t\t\t<p class=\"elementor-heading-title elementor-size-default\">Assistant Professor<\/p>\t\t<\/div>\n\t\t\t\t<\/div>\n\t\t\t\t\t<\/div>\n\t\t<\/div>\n\t\t\t\t<div class=\"elementor-column elementor-col-100 elementor-top-column elementor-element elementor-element-ce6ca44\" data-id=\"ce6ca44\" data-element_type=\"column\" data-settings=\"{&quot;animation&quot;:&quot;none&quot;}\">\n\t\t\t<div class=\"elementor-widget-wrap elementor-element-populated\">\n\t\t\t\t\t\t\t\t<div class=\"elementor-element elementor-element-e894bd1 elementor-widget elementor-widget-image\" data-id=\"e894bd1\" data-element_type=\"widget\" data-widget_type=\"image.default\">\n\t\t\t\t<div class=\"elementor-widget-container\">\n\t\t\t\t\t\t\t\t\t\t\t\t\t\t\t\t<a href=\"https:\/\/novalaw.unl.pt\/en\/maria-helena-brito\/\">\n\t\t\t\t\t\t\t<img loading=\"lazy\" decoding=\"async\" width=\"202\" height=\"202\" src=\"https:\/\/novalaw.unl.pt\/wp-content\/uploads\/2021\/08\/SITE_docentes-residentes-MARIA-HELENA.jpg\" class=\"attachment-full size-full\" alt=\"\" srcset=\"https:\/\/novalaw.unl.pt\/wp-content\/uploads\/2021\/08\/SITE_docentes-residentes-MARIA-HELENA.jpg 202w, https:\/\/novalaw.unl.pt\/wp-content\/uploads\/2021\/08\/SITE_docentes-residentes-MARIA-HELENA-150x150.jpg 150w, https:\/\/novalaw.unl.pt\/wp-content\/uploads\/2021\/08\/SITE_docentes-residentes-MARIA-HELENA-100x100.jpg 100w\" sizes=\"auto, (max-width: 202px) 100vw, 202px\" \/>\t\t\t\t\t\t\t\t<\/a>\n\t\t\t\t\t\t\t\t\t\t\t\t\t\t\t<\/div>\n\t\t\t\t<\/div>\n\t\t\t\t<div class=\"elementor-element elementor-element-84c1e14 elementor-widget elementor-widget-heading\" data-id=\"84c1e14\" data-element_type=\"widget\" data-widget_type=\"heading.default\">\n\t\t\t\t<div class=\"elementor-widget-container\">\n\t\t\t<h3 class=\"elementor-heading-title elementor-size-default\">Maria Helena Brito<\/h3>\t\t<\/div>\n\t\t\t\t<\/div>\n\t\t\t\t<div class=\"elementor-element elementor-element-daeec96 elementor-widget elementor-widget-heading\" data-id=\"daeec96\" data-element_type=\"widget\" data-widget_type=\"heading.default\">\n\t\t\t\t<div class=\"elementor-widget-container\">\n\t\t\t<p class=\"elementor-heading-title elementor-size-default\">Full Professor, Retired<\/p>\t\t<\/div>\n\t\t\t\t<\/div>\n\t\t\t\t\t<\/div>\n\t\t<\/div>\n\t\t\t\t<div class=\"elementor-column elementor-col-25 elementor-top-column elementor-element elementor-element-792c144\" data-id=\"792c144\" data-element_type=\"column\" data-settings=\"{&quot;animation&quot;:&quot;none&quot;}\">\n\t\t\t<div class=\"elementor-widget-wrap elementor-element-populated\">\n\t\t\t\t\t\t\t\t<div class=\"elementor-element elementor-element-3e05c93 elementor-widget elementor-widget-image\" data-id=\"3e05c93\" data-element_type=\"widget\" data-widget_type=\"image.default\">\n\t\t\t\t<div class=\"elementor-widget-container\">\n\t\t\t\t\t\t\t\t\t\t\t\t\t\t\t\t<a href=\"https:\/\/novalaw.unl.pt\/en\/maria-lucia-amaral\/\">\n\t\t\t\t\t\t\t<img loading=\"lazy\" decoding=\"async\" width=\"202\" height=\"202\" src=\"https:\/\/novalaw.unl.pt\/wp-content\/uploads\/2021\/08\/SITE_docentes-residentes-MARIA-LUCIA.jpg\" class=\"attachment-full size-full\" alt=\"\" srcset=\"https:\/\/novalaw.unl.pt\/wp-content\/uploads\/2021\/08\/SITE_docentes-residentes-MARIA-LUCIA.jpg 202w, https:\/\/novalaw.unl.pt\/wp-content\/uploads\/2021\/08\/SITE_docentes-residentes-MARIA-LUCIA-150x150.jpg 150w, https:\/\/novalaw.unl.pt\/wp-content\/uploads\/2021\/08\/SITE_docentes-residentes-MARIA-LUCIA-100x100.jpg 100w\" sizes=\"auto, (max-width: 202px) 100vw, 202px\" \/>\t\t\t\t\t\t\t\t<\/a>\n\t\t\t\t\t\t\t\t\t\t\t\t\t\t\t<\/div>\n\t\t\t\t<\/div>\n\t\t\t\t<div class=\"elementor-element elementor-element-2ddb6ad elementor-widget elementor-widget-heading\" data-id=\"2ddb6ad\" data-element_type=\"widget\" data-widget_type=\"heading.default\">\n\t\t\t\t<div class=\"elementor-widget-container\">\n\t\t\t<h3 class=\"elementor-heading-title elementor-size-default\">Maria L\u00facia Amaral<\/h3>\t\t<\/div>\n\t\t\t\t<\/div>\n\t\t\t\t<div class=\"elementor-element elementor-element-1cdbd41 elementor-widget elementor-widget-heading\" data-id=\"1cdbd41\" data-element_type=\"widget\" data-widget_type=\"heading.default\">\n\t\t\t\t<div class=\"elementor-widget-container\">\n\t\t\t<p class=\"elementor-heading-title elementor-size-default\">Full Professor<\/p>\t\t<\/div>\n\t\t\t\t<\/div>\n\t\t\t\t\t<\/div>\n\t\t<\/div>\n\t\t\t\t<div class=\"elementor-column elementor-col-33 elementor-top-column elementor-element elementor-element-d04d65c\" data-id=\"d04d65c\" data-element_type=\"column\" data-settings=\"{&quot;animation&quot;:&quot;none&quot;}\">\n\t\t\t<div class=\"elementor-widget-wrap elementor-element-populated\">\n\t\t\t\t\t\t\t\t<div class=\"elementor-element elementor-element-f15c6e7 elementor-widget elementor-widget-image\" data-id=\"f15c6e7\" data-element_type=\"widget\" data-widget_type=\"image.default\">\n\t\t\t\t<div class=\"elementor-widget-container\">\n\t\t\t\t\t\t\t\t\t\t\t\t\t\t\t\t<a href=\"https:\/\/novalaw.unl.pt\/en\/mariana-franca-gouveia\/\">\n\t\t\t\t\t\t\t<img loading=\"lazy\" decoding=\"async\" width=\"202\" height=\"202\" src=\"https:\/\/novalaw.unl.pt\/wp-content\/uploads\/2021\/08\/SITE_docentes-residentes-MARIANA-FRANCA.jpg\" class=\"attachment-full size-full\" alt=\"\" srcset=\"https:\/\/novalaw.unl.pt\/wp-content\/uploads\/2021\/08\/SITE_docentes-residentes-MARIANA-FRANCA.jpg 202w, https:\/\/novalaw.unl.pt\/wp-content\/uploads\/2021\/08\/SITE_docentes-residentes-MARIANA-FRANCA-150x150.jpg 150w, https:\/\/novalaw.unl.pt\/wp-content\/uploads\/2021\/08\/SITE_docentes-residentes-MARIANA-FRANCA-100x100.jpg 100w\" sizes=\"auto, (max-width: 202px) 100vw, 202px\" \/>\t\t\t\t\t\t\t\t<\/a>\n\t\t\t\t\t\t\t\t\t\t\t\t\t\t\t<\/div>\n\t\t\t\t<\/div>\n\t\t\t\t<div class=\"elementor-element elementor-element-d1f9efe elementor-widget elementor-widget-heading\" data-id=\"d1f9efe\" data-element_type=\"widget\" data-widget_type=\"heading.default\">\n\t\t\t\t<div class=\"elementor-widget-container\">\n\t\t\t<h3 class=\"elementor-heading-title elementor-size-default\">Mariana Fran\u00e7a Gouveia<\/h3>\t\t<\/div>\n\t\t\t\t<\/div>\n\t\t\t\t<div class=\"elementor-element elementor-element-24bede0 elementor-widget elementor-widget-heading\" data-id=\"24bede0\" data-element_type=\"widget\" data-widget_type=\"heading.default\">\n\t\t\t\t<div class=\"elementor-widget-container\">\n\t\t\t<p class=\"elementor-heading-title elementor-size-default\">Full Professor<\/p>\t\t<\/div>\n\t\t\t\t<\/div>\n\t\t\t\t\t<\/div>\n\t\t<\/div>\n\t\t\t\t<div class=\"elementor-column elementor-col-50 elementor-top-column elementor-element elementor-element-55be3b4\" data-id=\"55be3b4\" data-element_type=\"column\" data-settings=\"{&quot;animation&quot;:&quot;none&quot;}\">\n\t\t\t<div class=\"elementor-widget-wrap elementor-element-populated\">\n\t\t\t\t\t\t\t\t<div class=\"elementor-element elementor-element-48f3127 elementor-widget elementor-widget-image\" data-id=\"48f3127\" data-element_type=\"widget\" data-widget_type=\"image.default\">\n\t\t\t\t<div class=\"elementor-widget-container\">\n\t\t\t\t\t\t\t\t\t\t\t\t\t\t\t\t<a href=\"https:\/\/novalaw.unl.pt\/en\/miguel-de-azevedo-moura\/\">\n\t\t\t\t\t\t\t<img loading=\"lazy\" decoding=\"async\" width=\"202\" height=\"202\" src=\"https:\/\/novalaw.unl.pt\/wp-content\/uploads\/2021\/09\/SITE_docentes-residentes-MIGUEL-MOURA.jpg\" class=\"attachment-full size-full\" alt=\"\" srcset=\"https:\/\/novalaw.unl.pt\/wp-content\/uploads\/2021\/09\/SITE_docentes-residentes-MIGUEL-MOURA.jpg 202w, https:\/\/novalaw.unl.pt\/wp-content\/uploads\/2021\/09\/SITE_docentes-residentes-MIGUEL-MOURA-150x150.jpg 150w\" sizes=\"auto, (max-width: 202px) 100vw, 202px\" \/>\t\t\t\t\t\t\t\t<\/a>\n\t\t\t\t\t\t\t\t\t\t\t\t\t\t\t<\/div>\n\t\t\t\t<\/div>\n\t\t\t\t<div class=\"elementor-element elementor-element-f8bfdbc elementor-widget elementor-widget-heading\" data-id=\"f8bfdbc\" data-element_type=\"widget\" data-widget_type=\"heading.default\">\n\t\t\t\t<div class=\"elementor-widget-container\">\n\t\t\t<h3 class=\"elementor-heading-title elementor-size-default\">Miguel de Azevedo Moura<\/h3>\t\t<\/div>\n\t\t\t\t<\/div>\n\t\t\t\t<div class=\"elementor-element elementor-element-2156f12 elementor-widget elementor-widget-heading\" data-id=\"2156f12\" data-element_type=\"widget\" data-widget_type=\"heading.default\">\n\t\t\t\t<div class=\"elementor-widget-container\">\n\t\t\t<p class=\"elementor-heading-title elementor-size-default\">Assistant Professor<\/p>\t\t<\/div>\n\t\t\t\t<\/div>\n\t\t\t\t\t<\/div>\n\t\t<\/div>\n\t\t\t\t<div class=\"elementor-column elementor-col-50 elementor-top-column elementor-element elementor-element-c28f52e\" data-id=\"c28f52e\" data-element_type=\"column\" data-settings=\"{&quot;animation&quot;:&quot;none&quot;}\">\n\t\t\t<div class=\"elementor-widget-wrap elementor-element-populated\">\n\t\t\t\t\t\t\t\t<div class=\"elementor-element elementor-element-6d20bec elementor-widget elementor-widget-image\" data-id=\"6d20bec\" data-element_type=\"widget\" data-widget_type=\"image.default\">\n\t\t\t\t<div class=\"elementor-widget-container\">\n\t\t\t\t\t\t\t\t\t\t\t\t\t\t\t\t<a href=\"https:\/\/novalaw.unl.pt\/en\/nausica-palazzo\/\">\n\t\t\t\t\t\t\t<img loading=\"lazy\" decoding=\"async\" width=\"202\" height=\"202\" src=\"https:\/\/novalaw.unl.pt\/wp-content\/uploads\/2024\/02\/Site-CorpoDocente-NausicaPalazzo.jpg\" class=\"attachment-full size-full\" alt=\"\" srcset=\"https:\/\/novalaw.unl.pt\/wp-content\/uploads\/2024\/02\/Site-CorpoDocente-NausicaPalazzo.jpg 202w, https:\/\/novalaw.unl.pt\/wp-content\/uploads\/2024\/02\/Site-CorpoDocente-NausicaPalazzo-150x150.jpg 150w\" sizes=\"auto, (max-width: 202px) 100vw, 202px\" \/>\t\t\t\t\t\t\t\t<\/a>\n\t\t\t\t\t\t\t\t\t\t\t\t\t\t\t<\/div>\n\t\t\t\t<\/div>\n\t\t\t\t<div class=\"elementor-element elementor-element-29c8c50 elementor-widget elementor-widget-heading\" data-id=\"29c8c50\" data-element_type=\"widget\" data-widget_type=\"heading.default\">\n\t\t\t\t<div class=\"elementor-widget-container\">\n\t\t\t<h3 class=\"elementor-heading-title elementor-size-default\">Nausica Palazzo<\/h3>\t\t<\/div>\n\t\t\t\t<\/div>\n\t\t\t\t<div class=\"elementor-element elementor-element-87a9e78 elementor-widget elementor-widget-heading\" data-id=\"87a9e78\" data-element_type=\"widget\" data-widget_type=\"heading.default\">\n\t\t\t\t<div class=\"elementor-widget-container\">\n\t\t\t<p class=\"elementor-heading-title elementor-size-default\">Associate Professor<\/p>\t\t<\/div>\n\t\t\t\t<\/div>\n\t\t\t\t\t<\/div>\n\t\t<\/div>\n\t\t\t\t<div class=\"elementor-column elementor-col-100 elementor-top-column elementor-element elementor-element-022f01b\" data-id=\"022f01b\" data-element_type=\"column\" data-settings=\"{&quot;animation&quot;:&quot;none&quot;}\">\n\t\t\t<div class=\"elementor-widget-wrap elementor-element-populated\">\n\t\t\t\t\t\t\t\t<div class=\"elementor-element elementor-element-04feac4 elementor-widget elementor-widget-image\" data-id=\"04feac4\" data-element_type=\"widget\" data-widget_type=\"image.default\">\n\t\t\t\t<div class=\"elementor-widget-container\">\n\t\t\t\t\t\t\t\t\t\t\t\t\t\t\t\t<a href=\"https:\/\/novalaw.unl.pt\/en\/nuno-picarra\/\">\n\t\t\t\t\t\t\t<img loading=\"lazy\" decoding=\"async\" width=\"202\" height=\"202\" src=\"https:\/\/novalaw.unl.pt\/wp-content\/uploads\/2021\/08\/SITE_docentes-residentes-NUNO-PICARRA.jpg\" class=\"attachment-full size-full\" alt=\"\" srcset=\"https:\/\/novalaw.unl.pt\/wp-content\/uploads\/2021\/08\/SITE_docentes-residentes-NUNO-PICARRA.jpg 202w, https:\/\/novalaw.unl.pt\/wp-content\/uploads\/2021\/08\/SITE_docentes-residentes-NUNO-PICARRA-150x150.jpg 150w, https:\/\/novalaw.unl.pt\/wp-content\/uploads\/2021\/08\/SITE_docentes-residentes-NUNO-PICARRA-100x100.jpg 100w\" sizes=\"auto, (max-width: 202px) 100vw, 202px\" \/>\t\t\t\t\t\t\t\t<\/a>\n\t\t\t\t\t\t\t\t\t\t\t\t\t\t\t<\/div>\n\t\t\t\t<\/div>\n\t\t\t\t<div class=\"elementor-element elementor-element-c5f9958 elementor-widget elementor-widget-heading\" data-id=\"c5f9958\" data-element_type=\"widget\" data-widget_type=\"heading.default\">\n\t\t\t\t<div class=\"elementor-widget-container\">\n\t\t\t<h3 class=\"elementor-heading-title elementor-size-default\">Nuno Pi\u00e7arra<\/h3>\t\t<\/div>\n\t\t\t\t<\/div>\n\t\t\t\t<div class=\"elementor-element elementor-element-6dd9435 elementor-widget elementor-widget-heading\" data-id=\"6dd9435\" data-element_type=\"widget\" data-widget_type=\"heading.default\">\n\t\t\t\t<div class=\"elementor-widget-container\">\n\t\t\t<p class=\"elementor-heading-title elementor-size-default\">Associate Professor<\/p>\t\t<\/div>\n\t\t\t\t<\/div>\n\t\t\t\t\t<\/div>\n\t\t<\/div>\n\t\t\t\t<div class=\"elementor-column elementor-col-25 elementor-top-column elementor-element elementor-element-f63cbeb\" data-id=\"f63cbeb\" data-element_type=\"column\" data-settings=\"{&quot;animation&quot;:&quot;none&quot;}\">\n\t\t\t<div class=\"elementor-widget-wrap elementor-element-populated\">\n\t\t\t\t\t\t\t\t<div class=\"elementor-element elementor-element-1a48cb0 elementor-widget elementor-widget-image\" data-id=\"1a48cb0\" data-element_type=\"widget\" data-widget_type=\"image.default\">\n\t\t\t\t<div class=\"elementor-widget-container\">\n\t\t\t\t\t\t\t\t\t\t\t\t\t\t\t\t<a href=\"https:\/\/novalaw.unl.pt\/en\/orlando-scarcello-2\/\">\n\t\t\t\t\t\t\t<img loading=\"lazy\" decoding=\"async\" width=\"202\" height=\"202\" src=\"https:\/\/novalaw.unl.pt\/wp-content\/uploads\/2025\/09\/SITE-CorpoDocente-ProfAuxiliar-OrlandoScarcello.jpg\" class=\"attachment-full size-full\" alt=\"\" srcset=\"https:\/\/novalaw.unl.pt\/wp-content\/uploads\/2025\/09\/SITE-CorpoDocente-ProfAuxiliar-OrlandoScarcello.jpg 202w, https:\/\/novalaw.unl.pt\/wp-content\/uploads\/2025\/09\/SITE-CorpoDocente-ProfAuxiliar-OrlandoScarcello-150x150.jpg 150w\" sizes=\"auto, (max-width: 202px) 100vw, 202px\" \/>\t\t\t\t\t\t\t\t<\/a>\n\t\t\t\t\t\t\t\t\t\t\t\t\t\t\t<\/div>\n\t\t\t\t<\/div>\n\t\t\t\t<div class=\"elementor-element elementor-element-4323fd5 elementor-widget elementor-widget-heading\" data-id=\"4323fd5\" data-element_type=\"widget\" data-widget_type=\"heading.default\">\n\t\t\t\t<div class=\"elementor-widget-container\">\n\t\t\t<h3 class=\"elementor-heading-title elementor-size-default\">Orlando Scarcello<\/h3>\t\t<\/div>\n\t\t\t\t<\/div>\n\t\t\t\t<div class=\"elementor-element elementor-element-1ca31e8 elementor-widget elementor-widget-heading\" data-id=\"1ca31e8\" data-element_type=\"widget\" data-widget_type=\"heading.default\">\n\t\t\t\t<div class=\"elementor-widget-container\">\n\t\t\t<p class=\"elementor-heading-title elementor-size-default\">Assistant Professor<\/p>\t\t<\/div>\n\t\t\t\t<\/div>\n\t\t\t\t\t<\/div>\n\t\t<\/div>\n\t\t\t\t<div class=\"elementor-column elementor-col-25 elementor-top-column elementor-element elementor-element-9ebf92a\" data-id=\"9ebf92a\" data-element_type=\"column\" data-settings=\"{&quot;animation&quot;:&quot;none&quot;}\">\n\t\t\t<div class=\"elementor-widget-wrap elementor-element-populated\">\n\t\t\t\t\t\t\t\t<div class=\"elementor-element elementor-element-c91c559 elementor-widget elementor-widget-image\" data-id=\"c91c559\" data-element_type=\"widget\" data-widget_type=\"image.default\">\n\t\t\t\t<div class=\"elementor-widget-container\">\n\t\t\t\t\t\t\t\t\t\t\t\t\t\t\t\t<a href=\"https:\/\/novalaw.unl.pt\/en\/pedro-caetano-nunes\/\">\n\t\t\t\t\t\t\t<img loading=\"lazy\" decoding=\"async\" width=\"202\" height=\"202\" src=\"https:\/\/novalaw.unl.pt\/wp-content\/uploads\/2021\/08\/SITE_docentes-residentes-PEDRO-CAETANO.jpg\" class=\"attachment-full size-full\" alt=\"\" srcset=\"https:\/\/novalaw.unl.pt\/wp-content\/uploads\/2021\/08\/SITE_docentes-residentes-PEDRO-CAETANO.jpg 202w, https:\/\/novalaw.unl.pt\/wp-content\/uploads\/2021\/08\/SITE_docentes-residentes-PEDRO-CAETANO-150x150.jpg 150w, https:\/\/novalaw.unl.pt\/wp-content\/uploads\/2021\/08\/SITE_docentes-residentes-PEDRO-CAETANO-100x100.jpg 100w\" sizes=\"auto, (max-width: 202px) 100vw, 202px\" \/>\t\t\t\t\t\t\t\t<\/a>\n\t\t\t\t\t\t\t\t\t\t\t\t\t\t\t<\/div>\n\t\t\t\t<\/div>\n\t\t\t\t<div class=\"elementor-element elementor-element-7d3ace5 elementor-widget elementor-widget-heading\" data-id=\"7d3ace5\" data-element_type=\"widget\" data-widget_type=\"heading.default\">\n\t\t\t\t<div class=\"elementor-widget-container\">\n\t\t\t<h3 class=\"elementor-heading-title elementor-size-default\">Pedro Caetano Nunes<\/h3>\t\t<\/div>\n\t\t\t\t<\/div>\n\t\t\t\t<div class=\"elementor-element elementor-element-9ba47a5 elementor-widget elementor-widget-heading\" data-id=\"9ba47a5\" data-element_type=\"widget\" data-widget_type=\"heading.default\">\n\t\t\t\t<div class=\"elementor-widget-container\">\n\t\t\t<p class=\"elementor-heading-title elementor-size-default\">Associate Professor<\/p>\t\t<\/div>\n\t\t\t\t<\/div>\n\t\t\t\t\t<\/div>\n\t\t<\/div>\n\t\t\t\t<div class=\"elementor-column elementor-col-33 elementor-top-column elementor-element elementor-element-a71911f\" data-id=\"a71911f\" data-element_type=\"column\" data-settings=\"{&quot;animation&quot;:&quot;none&quot;}\">\n\t\t\t<div class=\"elementor-widget-wrap elementor-element-populated\">\n\t\t\t\t\t\t\t\t<div class=\"elementor-element elementor-element-e2280ab elementor-widget elementor-widget-image\" data-id=\"e2280ab\" data-element_type=\"widget\" data-widget_type=\"image.default\">\n\t\t\t\t<div class=\"elementor-widget-container\">\n\t\t\t\t\t\t\t\t\t\t\t\t\t\t\t\t<a href=\"https:\/\/novalaw.unl.pt\/en\/raquel-barradas-de-freitas\/\">\n\t\t\t\t\t\t\t<img loading=\"lazy\" decoding=\"async\" width=\"202\" height=\"202\" src=\"https:\/\/novalaw.unl.pt\/wp-content\/uploads\/2026\/01\/SITE-CorpoDocente-Raquel-Barradas-de-Freitas.jpg\" class=\"attachment-full size-full\" alt=\"\" srcset=\"https:\/\/novalaw.unl.pt\/wp-content\/uploads\/2026\/01\/SITE-CorpoDocente-Raquel-Barradas-de-Freitas.jpg 202w, https:\/\/novalaw.unl.pt\/wp-content\/uploads\/2026\/01\/SITE-CorpoDocente-Raquel-Barradas-de-Freitas-150x150.jpg 150w\" sizes=\"auto, (max-width: 202px) 100vw, 202px\" \/>\t\t\t\t\t\t\t\t<\/a>\n\t\t\t\t\t\t\t\t\t\t\t\t\t\t\t<\/div>\n\t\t\t\t<\/div>\n\t\t\t\t<div class=\"elementor-element elementor-element-b029c5e elementor-widget elementor-widget-heading\" data-id=\"b029c5e\" data-element_type=\"widget\" data-widget_type=\"heading.default\">\n\t\t\t\t<div class=\"elementor-widget-container\">\n\t\t\t<h3 class=\"elementor-heading-title elementor-size-default\">Raquel Barradas de Freitas<\/h3>\t\t<\/div>\n\t\t\t\t<\/div>\n\t\t\t\t<div class=\"elementor-element elementor-element-9178a78 elementor-widget elementor-widget-heading\" data-id=\"9178a78\" data-element_type=\"widget\" data-widget_type=\"heading.default\">\n\t\t\t\t<div class=\"elementor-widget-container\">\n\t\t\t<p class=\"elementor-heading-title elementor-size-default\">Assistant Professor of Jurisprudence and CEDIS Chair in Human Rights, Access to Justice, and the Rule of Law<\/p>\t\t<\/div>\n\t\t\t\t<\/div>\n\t\t\t\t\t<\/div>\n\t\t<\/div>\n\t\t\t\t<div class=\"elementor-column elementor-col-33 elementor-top-column elementor-element elementor-element-3f7f4f1\" data-id=\"3f7f4f1\" data-element_type=\"column\" data-settings=\"{&quot;animation&quot;:&quot;none&quot;}\">\n\t\t\t<div class=\"elementor-widget-wrap elementor-element-populated\">\n\t\t\t\t\t\t\t\t<div class=\"elementor-element elementor-element-ae0024b elementor-widget elementor-widget-image\" data-id=\"ae0024b\" data-element_type=\"widget\" data-widget_type=\"image.default\">\n\t\t\t\t<div class=\"elementor-widget-container\">\n\t\t\t\t\t\t\t\t\t\t\t\t\t\t\t\t<a href=\"https:\/\/novalaw.unl.pt\/en\/robin-fretwell-wilson-2\/\">\n\t\t\t\t\t\t\t<img loading=\"lazy\" decoding=\"async\" width=\"202\" height=\"202\" src=\"https:\/\/novalaw.unl.pt\/wp-content\/uploads\/2024\/09\/SITE-CorpoDocente-ProfessoresConvidados-RobinFretwellWilson.jpg\" class=\"attachment-full size-full\" alt=\"\" srcset=\"https:\/\/novalaw.unl.pt\/wp-content\/uploads\/2024\/09\/SITE-CorpoDocente-ProfessoresConvidados-RobinFretwellWilson.jpg 202w, https:\/\/novalaw.unl.pt\/wp-content\/uploads\/2024\/09\/SITE-CorpoDocente-ProfessoresConvidados-RobinFretwellWilson-150x150.jpg 150w\" sizes=\"auto, (max-width: 202px) 100vw, 202px\" \/>\t\t\t\t\t\t\t\t<\/a>\n\t\t\t\t\t\t\t\t\t\t\t\t\t\t\t<\/div>\n\t\t\t\t<\/div>\n\t\t\t\t<div class=\"elementor-element elementor-element-0f29233 elementor-widget elementor-widget-heading\" data-id=\"0f29233\" data-element_type=\"widget\" data-widget_type=\"heading.default\">\n\t\t\t\t<div class=\"elementor-widget-container\">\n\t\t\t<h3 class=\"elementor-heading-title elementor-size-default\">Robin Fretwell Wilson<\/h3>\t\t<\/div>\n\t\t\t\t<\/div>\n\t\t\t\t<div class=\"elementor-element elementor-element-d6ea6ae elementor-widget elementor-widget-heading\" data-id=\"d6ea6ae\" data-element_type=\"widget\" data-widget_type=\"heading.default\">\n\t\t\t\t<div class=\"elementor-widget-container\">\n\t\t\t<p class=\"elementor-heading-title elementor-size-default\">Distinguished Visiting Professor<\/p>\t\t<\/div>\n\t\t\t\t<\/div>\n\t\t\t\t\t<\/div>\n\t\t<\/div>\n\t\t\t\t<div class=\"elementor-column elementor-col-33 elementor-top-column elementor-element elementor-element-d7a372c\" data-id=\"d7a372c\" data-element_type=\"column\" data-settings=\"{&quot;animation&quot;:&quot;none&quot;}\">\n\t\t\t<div class=\"elementor-widget-wrap elementor-element-populated\">\n\t\t\t\t\t\t\t\t<div class=\"elementor-element elementor-element-344e071 elementor-widget elementor-widget-image\" data-id=\"344e071\" data-element_type=\"widget\" data-widget_type=\"image.default\">\n\t\t\t\t<div class=\"elementor-widget-container\">\n\t\t\t\t\t\t\t\t\t\t\t\t\t\t\t\t<a href=\"https:\/\/novalaw.unl.pt\/en\/rita-calcada-pires\/\">\n\t\t\t\t\t\t\t<img loading=\"lazy\" decoding=\"async\" width=\"202\" height=\"202\" src=\"https:\/\/novalaw.unl.pt\/wp-content\/uploads\/2021\/08\/SITE_docentes-residentes-RITA-CALCADA.jpg\" class=\"attachment-full size-full\" alt=\"\" srcset=\"https:\/\/novalaw.unl.pt\/wp-content\/uploads\/2021\/08\/SITE_docentes-residentes-RITA-CALCADA.jpg 202w, https:\/\/novalaw.unl.pt\/wp-content\/uploads\/2021\/08\/SITE_docentes-residentes-RITA-CALCADA-150x150.jpg 150w, https:\/\/novalaw.unl.pt\/wp-content\/uploads\/2021\/08\/SITE_docentes-residentes-RITA-CALCADA-100x100.jpg 100w\" sizes=\"auto, (max-width: 202px) 100vw, 202px\" \/>\t\t\t\t\t\t\t\t<\/a>\n\t\t\t\t\t\t\t\t\t\t\t\t\t\t\t<\/div>\n\t\t\t\t<\/div>\n\t\t\t\t<div class=\"elementor-element elementor-element-0c1a95d elementor-widget elementor-widget-heading\" data-id=\"0c1a95d\" data-element_type=\"widget\" data-widget_type=\"heading.default\">\n\t\t\t\t<div class=\"elementor-widget-container\">\n\t\t\t<h3 class=\"elementor-heading-title elementor-size-default\">Rita Cal\u00e7ada Pires<\/h3>\t\t<\/div>\n\t\t\t\t<\/div>\n\t\t\t\t<div class=\"elementor-element elementor-element-23c7ac3 elementor-widget elementor-widget-heading\" data-id=\"23c7ac3\" data-element_type=\"widget\" data-widget_type=\"heading.default\">\n\t\t\t\t<div class=\"elementor-widget-container\">\n\t\t\t<p class=\"elementor-heading-title elementor-size-default\">Associate Professor with Aggregation and President of the Pedagogical Council<\/p>\t\t<\/div>\n\t\t\t\t<\/div>\n\t\t\t\t\t<\/div>\n\t\t<\/div>\n\t\t\t\t<div class=\"elementor-column elementor-col-50 elementor-top-column elementor-element elementor-element-d03f63e\" data-id=\"d03f63e\" data-element_type=\"column\" data-settings=\"{&quot;animation&quot;:&quot;none&quot;}\">\n\t\t\t<div class=\"elementor-widget-wrap elementor-element-populated\">\n\t\t\t\t\t\t\t\t<div class=\"elementor-element elementor-element-0410e48 elementor-widget elementor-widget-image\" data-id=\"0410e48\" data-element_type=\"widget\" data-widget_type=\"image.default\">\n\t\t\t\t<div class=\"elementor-widget-container\">\n\t\t\t\t\t\t\t\t\t\t\t\t\t\t\t\t<a href=\"https:\/\/novalaw.unl.pt\/en\/soraya-nour-sckell\/\">\n\t\t\t\t\t\t\t<img loading=\"lazy\" decoding=\"async\" width=\"202\" height=\"202\" src=\"https:\/\/novalaw.unl.pt\/wp-content\/uploads\/2021\/08\/SITE_docentes-residentes-SORAYA-NOUR.jpg\" class=\"attachment-full size-full\" alt=\"\" srcset=\"https:\/\/novalaw.unl.pt\/wp-content\/uploads\/2021\/08\/SITE_docentes-residentes-SORAYA-NOUR.jpg 202w, https:\/\/novalaw.unl.pt\/wp-content\/uploads\/2021\/08\/SITE_docentes-residentes-SORAYA-NOUR-150x150.jpg 150w, https:\/\/novalaw.unl.pt\/wp-content\/uploads\/2021\/08\/SITE_docentes-residentes-SORAYA-NOUR-100x100.jpg 100w\" sizes=\"auto, (max-width: 202px) 100vw, 202px\" \/>\t\t\t\t\t\t\t\t<\/a>\n\t\t\t\t\t\t\t\t\t\t\t\t\t\t\t<\/div>\n\t\t\t\t<\/div>\n\t\t\t\t<div class=\"elementor-element elementor-element-4e137f3 elementor-widget elementor-widget-heading\" data-id=\"4e137f3\" data-element_type=\"widget\" data-widget_type=\"heading.default\">\n\t\t\t\t<div class=\"elementor-widget-container\">\n\t\t\t<h3 class=\"elementor-heading-title elementor-size-default\">Soraya Nour Sckell<\/h3>\t\t<\/div>\n\t\t\t\t<\/div>\n\t\t\t\t<div class=\"elementor-element elementor-element-6755a85 elementor-widget elementor-widget-heading\" data-id=\"6755a85\" data-element_type=\"widget\" data-widget_type=\"heading.default\">\n\t\t\t\t<div class=\"elementor-widget-container\">\n\t\t\t<p class=\"elementor-heading-title elementor-size-default\">Full Professor and CEDIS Director<\/p>\t\t<\/div>\n\t\t\t\t<\/div>\n\t\t\t\t\t<\/div>\n\t\t<\/div>\n\t\t\t\t<div class=\"elementor-column elementor-col-100 elementor-top-column elementor-element elementor-element-9481477\" data-id=\"9481477\" data-element_type=\"column\" data-settings=\"{&quot;animation&quot;:&quot;none&quot;}\">\n\t\t\t<div class=\"elementor-widget-wrap elementor-element-populated\">\n\t\t\t\t\t\t\t\t<div class=\"elementor-element elementor-element-16af17c elementor-widget elementor-widget-image\" data-id=\"16af17c\" data-element_type=\"widget\" data-widget_type=\"image.default\">\n\t\t\t\t<div class=\"elementor-widget-container\">\n\t\t\t\t\t\t\t\t\t\t\t\t\t\t\t\t<a href=\"https:\/\/novalaw.unl.pt\/en\/teresa-pizarro-beleza\/\">\n\t\t\t\t\t\t\t<img loading=\"lazy\" decoding=\"async\" width=\"202\" height=\"202\" src=\"https:\/\/novalaw.unl.pt\/wp-content\/uploads\/2021\/08\/SITE_docentes-residentes-TERESA-BELEZA.jpg\" class=\"attachment-full size-full\" alt=\"\" srcset=\"https:\/\/novalaw.unl.pt\/wp-content\/uploads\/2021\/08\/SITE_docentes-residentes-TERESA-BELEZA.jpg 202w, https:\/\/novalaw.unl.pt\/wp-content\/uploads\/2021\/08\/SITE_docentes-residentes-TERESA-BELEZA-150x150.jpg 150w, https:\/\/novalaw.unl.pt\/wp-content\/uploads\/2021\/08\/SITE_docentes-residentes-TERESA-BELEZA-100x100.jpg 100w\" sizes=\"auto, (max-width: 202px) 100vw, 202px\" \/>\t\t\t\t\t\t\t\t<\/a>\n\t\t\t\t\t\t\t\t\t\t\t\t\t\t\t<\/div>\n\t\t\t\t<\/div>\n\t\t\t\t<div class=\"elementor-element elementor-element-91a7de2 elementor-widget elementor-widget-heading\" data-id=\"91a7de2\" data-element_type=\"widget\" data-widget_type=\"heading.default\">\n\t\t\t\t<div class=\"elementor-widget-container\">\n\t\t\t<h3 class=\"elementor-heading-title elementor-size-default\">Teresa Pizarro Beleza<\/h3>\t\t<\/div>\n\t\t\t\t<\/div>\n\t\t\t\t<div class=\"elementor-element elementor-element-aaafec5 elementor-widget elementor-widget-heading\" data-id=\"aaafec5\" data-element_type=\"widget\" data-widget_type=\"heading.default\">\n\t\t\t\t<div class=\"elementor-widget-container\">\n\t\t\t<p class=\"elementor-heading-title elementor-size-default\">Full Professor, Retired<\/p>\t\t<\/div>\n\t\t\t\t<\/div>\n\t\t\t\t\t<\/div>\n\t\t<\/div>\n\t\t\t\t<div class=\"elementor-column elementor-col-25 elementor-top-column elementor-element elementor-element-82c34f7\" data-id=\"82c34f7\" data-element_type=\"column\" data-settings=\"{&quot;animation&quot;:&quot;none&quot;}\">\n\t\t\t<div class=\"elementor-widget-wrap elementor-element-populated\">\n\t\t\t\t\t\t\t\t<div class=\"elementor-element elementor-element-dddcd7e elementor-widget elementor-widget-image\" data-id=\"dddcd7e\" data-element_type=\"widget\" data-widget_type=\"image.default\">\n\t\t\t\t<div class=\"elementor-widget-container\">\n\t\t\t\t\t\t\t\t\t\t\t\t\t\t\t\t<a href=\"https:\/\/novalaw.unl.pt\/en\/vera-eiro\/\">\n\t\t\t\t\t\t\t<img loading=\"lazy\" decoding=\"async\" width=\"202\" height=\"202\" src=\"https:\/\/novalaw.unl.pt\/wp-content\/uploads\/2021\/08\/SITE_docentes-residentes-VERA-EIRO.jpg\" class=\"attachment-full size-full\" alt=\"\" srcset=\"https:\/\/novalaw.unl.pt\/wp-content\/uploads\/2021\/08\/SITE_docentes-residentes-VERA-EIRO.jpg 202w, https:\/\/novalaw.unl.pt\/wp-content\/uploads\/2021\/08\/SITE_docentes-residentes-VERA-EIRO-150x150.jpg 150w, https:\/\/novalaw.unl.pt\/wp-content\/uploads\/2021\/08\/SITE_docentes-residentes-VERA-EIRO-100x100.jpg 100w\" sizes=\"auto, (max-width: 202px) 100vw, 202px\" \/>\t\t\t\t\t\t\t\t<\/a>\n\t\t\t\t\t\t\t\t\t\t\t\t\t\t\t<\/div>\n\t\t\t\t<\/div>\n\t\t\t\t<div class=\"elementor-element elementor-element-80c265b elementor-widget elementor-widget-heading\" data-id=\"80c265b\" data-element_type=\"widget\" data-widget_type=\"heading.default\">\n\t\t\t\t<div class=\"elementor-widget-container\">\n\t\t\t<h3 class=\"elementor-heading-title elementor-size-default\">Vera Eir\u00f3<\/h3>\t\t<\/div>\n\t\t\t\t<\/div>\n\t\t\t\t<div class=\"elementor-element elementor-element-2ade9ce elementor-widget elementor-widget-heading\" data-id=\"2ade9ce\" data-element_type=\"widget\" data-widget_type=\"heading.default\">\n\t\t\t\t<div class=\"elementor-widget-container\">\n\t\t\t<p class=\"elementor-heading-title elementor-size-default\">Assistant Professor<\/p>\t\t<\/div>\n\t\t\t\t<\/div>\n\t\t\t\t\t<\/div>\n\t\t<\/div>\n\t\t\t\t<div class=\"elementor-column elementor-col-33 elementor-top-column elementor-element elementor-element-902ef87\" data-id=\"902ef87\" data-element_type=\"column\" data-settings=\"{&quot;animation&quot;:&quot;none&quot;}\">\n\t\t\t<div class=\"elementor-widget-wrap elementor-element-populated\">\n\t\t\t\t\t\t\t\t<div class=\"elementor-element elementor-element-3a7c830 elementor-widget elementor-widget-image\" data-id=\"3a7c830\" data-element_type=\"widget\" data-widget_type=\"image.default\">\n\t\t\t\t<div class=\"elementor-widget-container\">\n\t\t\t\t\t\t\t\t\t\t\t\t\t\t\t\t<a href=\"https:\/\/novalaw.unl.pt\/en\/vera-lucia-raposo\/\">\n\t\t\t\t\t\t\t<img loading=\"lazy\" decoding=\"async\" width=\"202\" height=\"202\" src=\"https:\/\/novalaw.unl.pt\/wp-content\/uploads\/2024\/10\/SITE-CorpoDocente-ProfessoresResidentes_VeraLuciaRaposo_02-1.jpg\" class=\"attachment-full size-full\" alt=\"\" srcset=\"https:\/\/novalaw.unl.pt\/wp-content\/uploads\/2024\/10\/SITE-CorpoDocente-ProfessoresResidentes_VeraLuciaRaposo_02-1.jpg 202w, https:\/\/novalaw.unl.pt\/wp-content\/uploads\/2024\/10\/SITE-CorpoDocente-ProfessoresResidentes_VeraLuciaRaposo_02-1-150x150.jpg 150w\" sizes=\"auto, (max-width: 202px) 100vw, 202px\" \/>\t\t\t\t\t\t\t\t<\/a>\n\t\t\t\t\t\t\t\t\t\t\t\t\t\t\t<\/div>\n\t\t\t\t<\/div>\n\t\t\t\t<div class=\"elementor-element elementor-element-9ea9c46 elementor-widget elementor-widget-heading\" data-id=\"9ea9c46\" data-element_type=\"widget\" data-widget_type=\"heading.default\">\n\t\t\t\t<div class=\"elementor-widget-container\">\n\t\t\t<h3 class=\"elementor-heading-title elementor-size-default\">Vera L\u00facia Raposo<\/h3>\t\t<\/div>\n\t\t\t\t<\/div>\n\t\t\t\t<div class=\"elementor-element elementor-element-b791742 elementor-widget elementor-widget-heading\" data-id=\"b791742\" data-element_type=\"widget\" data-widget_type=\"heading.default\">\n\t\t\t\t<div class=\"elementor-widget-container\">\n\t\t\t<p class=\"elementor-heading-title elementor-size-default\">Full Professor and Vice Dean<\/p>\t\t<\/div>\n\t\t\t\t<\/div>\n\t\t\t\t\t<\/div>\n\t\t<\/div>\n\t\t\t\t<div class=\"elementor-column elementor-col-33 elementor-top-column elementor-element elementor-element-1ed4a03\" data-id=\"1ed4a03\" data-element_type=\"column\" data-settings=\"{&quot;animation&quot;:&quot;none&quot;}\">\n\t\t\t<div class=\"elementor-widget-wrap elementor-element-populated\">\n\t\t\t\t\t\t\t\t<div class=\"elementor-element elementor-element-4ea9878 elementor-widget elementor-widget-image\" data-id=\"4ea9878\" data-element_type=\"widget\" data-widget_type=\"image.default\">\n\t\t\t\t<div class=\"elementor-widget-container\">\n\t\t\t\t\t\t\t\t\t\t\t\t\t\t\t\t<a href=\"https:\/\/novalaw.unl.pt\/en\/veronica-corcodel\/\">\n\t\t\t\t\t\t\t<img loading=\"lazy\" decoding=\"async\" width=\"202\" height=\"202\" src=\"https:\/\/novalaw.unl.pt\/wp-content\/uploads\/2022\/02\/SITE_docentes-residentes-VERONICA-CORCODEL_1-1.jpg\" class=\"attachment-full size-full\" alt=\"Professora Veronica Corcodel NOVA School of Law\" srcset=\"https:\/\/novalaw.unl.pt\/wp-content\/uploads\/2022\/02\/SITE_docentes-residentes-VERONICA-CORCODEL_1-1.jpg 202w, https:\/\/novalaw.unl.pt\/wp-content\/uploads\/2022\/02\/SITE_docentes-residentes-VERONICA-CORCODEL_1-1-150x150.jpg 150w\" sizes=\"auto, (max-width: 202px) 100vw, 202px\" \/>\t\t\t\t\t\t\t\t<\/a>\n\t\t\t\t\t\t\t\t\t\t\t\t\t\t\t<\/div>\n\t\t\t\t<\/div>\n\t\t\t\t<div class=\"elementor-element elementor-element-357a1ac elementor-widget elementor-widget-heading\" data-id=\"357a1ac\" data-element_type=\"widget\" data-widget_type=\"heading.default\">\n\t\t\t\t<div class=\"elementor-widget-container\">\n\t\t\t<h3 class=\"elementor-heading-title elementor-size-default\">Veronica Corcodel<\/h3>\t\t<\/div>\n\t\t\t\t<\/div>\n\t\t\t\t<div class=\"elementor-element elementor-element-afa595a elementor-widget elementor-widget-heading\" data-id=\"afa595a\" data-element_type=\"widget\" data-widget_type=\"heading.default\">\n\t\t\t\t<div class=\"elementor-widget-container\">\n\t\t\t<p class=\"elementor-heading-title elementor-size-default\">Assistant Professor<\/p>\t\t<\/div>\n\t\t\t\t<\/div>\n\t\t\t\t\t<\/div>\n\t\t<\/div>\n\t\t\t\t<div class=\"elementor-column elementor-col-50 elementor-top-column elementor-element elementor-element-51307ef\" data-id=\"51307ef\" data-element_type=\"column\" data-settings=\"{&quot;animation&quot;:&quot;none&quot;}\">\n\t\t\t<div class=\"elementor-widget-wrap elementor-element-populated\">\n\t\t\t\t\t\t\t\t<div class=\"elementor-element elementor-element-0b6fa9d elementor-widget elementor-widget-image\" data-id=\"0b6fa9d\" data-element_type=\"widget\" data-widget_type=\"image.default\">\n\t\t\t\t<div class=\"elementor-widget-container\">\n\t\t\t\t\t\t\t\t\t\t\t\t\t\t\t\t<a href=\"https:\/\/novalaw.unl.pt\/en\/vitor-neves\/\">\n\t\t\t\t\t\t\t<img loading=\"lazy\" decoding=\"async\" width=\"202\" height=\"202\" src=\"https:\/\/novalaw.unl.pt\/wp-content\/uploads\/2021\/08\/SITE_docentes-residentes-VITOR-NEVES.jpg\" class=\"attachment-full size-full\" alt=\"\" srcset=\"https:\/\/novalaw.unl.pt\/wp-content\/uploads\/2021\/08\/SITE_docentes-residentes-VITOR-NEVES.jpg 202w, https:\/\/novalaw.unl.pt\/wp-content\/uploads\/2021\/08\/SITE_docentes-residentes-VITOR-NEVES-150x150.jpg 150w, https:\/\/novalaw.unl.pt\/wp-content\/uploads\/2021\/08\/SITE_docentes-residentes-VITOR-NEVES-100x100.jpg 100w\" sizes=\"auto, (max-width: 202px) 100vw, 202px\" \/>\t\t\t\t\t\t\t\t<\/a>\n\t\t\t\t\t\t\t\t\t\t\t\t\t\t\t<\/div>\n\t\t\t\t<\/div>\n\t\t\t\t<div class=\"elementor-element elementor-element-327a84d elementor-widget elementor-widget-heading\" data-id=\"327a84d\" data-element_type=\"widget\" data-widget_type=\"heading.default\">\n\t\t\t\t<div class=\"elementor-widget-container\">\n\t\t\t<h3 class=\"elementor-heading-title elementor-size-default\">Vitor Neves<\/h3>\t\t<\/div>\n\t\t\t\t<\/div>\n\t\t\t\t<div class=\"elementor-element elementor-element-47546cf elementor-widget elementor-widget-heading\" data-id=\"47546cf\" data-element_type=\"widget\" data-widget_type=\"heading.default\">\n\t\t\t\t<div class=\"elementor-widget-container\">\n\t\t\t<p class=\"elementor-heading-title elementor-size-default\">Assistant Professor<\/p>\t\t<\/div>\n\t\t\t\t<\/div>\n\t\t\t\t\t<\/div>\n\t\t<\/div>\n\t\t\t\t\t\t\t<\/div>\n\t\t<\/div>\n\t\t\t\t<section class=\"elementor-section elementor-top-section elementor-element elementor-element-5479bac tab-convidados tabs-novalaw elementor-section-boxed elementor-section-height-default elementor-section-height-default\" data-id=\"5479bac\" data-element_type=\"section\" id=\"tab-convidados\">\n\t\t\t\t\t\t<div class=\"elementor-container elementor-column-gap-default\">\n\t\t\t\t\t<div class=\"elementor-column elementor-col-10 elementor-top-column elementor-element elementor-element-06388b4\" data-id=\"06388b4\" data-element_type=\"column\" data-settings=\"{&quot;animation&quot;:&quot;none&quot;}\">\n\t\t\t<div class=\"elementor-widget-wrap elementor-element-populated\">\n\t\t\t\t\t\t\t\t<div class=\"elementor-element elementor-element-bfe125b elementor-widget elementor-widget-image\" data-id=\"bfe125b\" data-element_type=\"widget\" data-widget_type=\"image.default\">\n\t\t\t\t<div class=\"elementor-widget-container\">\n\t\t\t\t\t\t\t\t\t\t\t\t\t\t\t\t<a href=\"https:\/\/novalaw.unl.pt\/en\/adolfo-mesquita-nunes-2\/\">\n\t\t\t\t\t\t\t<img loading=\"lazy\" decoding=\"async\" width=\"202\" height=\"202\" src=\"https:\/\/novalaw.unl.pt\/wp-content\/uploads\/2023\/10\/SITE-Docentes-Convidados_AdolfoMesquitaNunes.jpg\" class=\"attachment-full size-full\" alt=\"\" srcset=\"https:\/\/novalaw.unl.pt\/wp-content\/uploads\/2023\/10\/SITE-Docentes-Convidados_AdolfoMesquitaNunes.jpg 202w, https:\/\/novalaw.unl.pt\/wp-content\/uploads\/2023\/10\/SITE-Docentes-Convidados_AdolfoMesquitaNunes-150x150.jpg 150w\" sizes=\"auto, (max-width: 202px) 100vw, 202px\" \/>\t\t\t\t\t\t\t\t<\/a>\n\t\t\t\t\t\t\t\t\t\t\t\t\t\t\t<\/div>\n\t\t\t\t<\/div>\n\t\t\t\t<div class=\"elementor-element elementor-element-cd11b8e elementor-widget elementor-widget-heading\" data-id=\"cd11b8e\" data-element_type=\"widget\" data-widget_type=\"heading.default\">\n\t\t\t\t<div class=\"elementor-widget-container\">\n\t\t\t<h3 class=\"elementor-heading-title elementor-size-default\">Adolfo Mesquita Nunes<\/h3>\t\t<\/div>\n\t\t\t\t<\/div>\n\t\t\t\t<div class=\"elementor-element elementor-element-8ee817f elementor-widget elementor-widget-heading\" data-id=\"8ee817f\" data-element_type=\"widget\" data-widget_type=\"heading.default\">\n\t\t\t\t<div class=\"elementor-widget-container\">\n\t\t\t<p class=\"elementor-heading-title elementor-size-default\">Guest Professor<\/p>\t\t<\/div>\n\t\t\t\t<\/div>\n\t\t\t\t\t<\/div>\n\t\t<\/div>\n\t\t\t\t<div class=\"elementor-column elementor-col-10 elementor-top-column elementor-element elementor-element-081e4c1\" data-id=\"081e4c1\" data-element_type=\"column\" data-settings=\"{&quot;animation&quot;:&quot;none&quot;}\">\n\t\t\t<div class=\"elementor-widget-wrap elementor-element-populated\">\n\t\t\t\t\t\t\t\t<div class=\"elementor-element elementor-element-010e048 elementor-widget elementor-widget-image\" data-id=\"010e048\" data-element_type=\"widget\" data-widget_type=\"image.default\">\n\t\t\t\t<div class=\"elementor-widget-container\">\n\t\t\t\t\t\t\t\t\t\t\t\t\t\t\t\t<a href=\"https:\/\/novalaw.unl.pt\/en\/amanda-costa-novaes-2\/\">\n\t\t\t\t\t\t\t<img loading=\"lazy\" decoding=\"async\" width=\"202\" height=\"202\" src=\"https:\/\/novalaw.unl.pt\/wp-content\/uploads\/2024\/09\/SITE-ModuloJeanMonnetSINPL-EU_Membros_AmandaCostaNovaes.jpg\" class=\"attachment-full size-full\" alt=\"Uma mulher de \u00f3culos e camisa branca\" srcset=\"https:\/\/novalaw.unl.pt\/wp-content\/uploads\/2024\/09\/SITE-ModuloJeanMonnetSINPL-EU_Membros_AmandaCostaNovaes.jpg 202w, https:\/\/novalaw.unl.pt\/wp-content\/uploads\/2024\/09\/SITE-ModuloJeanMonnetSINPL-EU_Membros_AmandaCostaNovaes-150x150.jpg 150w\" sizes=\"auto, (max-width: 202px) 100vw, 202px\" \/>\t\t\t\t\t\t\t\t<\/a>\n\t\t\t\t\t\t\t\t\t\t\t\t\t\t\t<\/div>\n\t\t\t\t<\/div>\n\t\t\t\t<div class=\"elementor-element elementor-element-23549e5 elementor-widget elementor-widget-heading\" data-id=\"23549e5\" data-element_type=\"widget\" data-widget_type=\"heading.default\">\n\t\t\t\t<div class=\"elementor-widget-container\">\n\t\t\t<h3 class=\"elementor-heading-title elementor-size-default\">Amanda Costa Novaes<\/h3>\t\t<\/div>\n\t\t\t\t<\/div>\n\t\t\t\t<div class=\"elementor-element elementor-element-53dd4ee elementor-widget elementor-widget-heading\" data-id=\"53dd4ee\" data-element_type=\"widget\" data-widget_type=\"heading.default\">\n\t\t\t\t<div class=\"elementor-widget-container\">\n\t\t\t<p class=\"elementor-heading-title elementor-size-default\">Guest Professor<\/p>\t\t<\/div>\n\t\t\t\t<\/div>\n\t\t\t\t\t<\/div>\n\t\t<\/div>\n\t\t\t\t<div class=\"elementor-column elementor-col-10 elementor-top-column elementor-element elementor-element-fd8ac1b\" data-id=\"fd8ac1b\" data-element_type=\"column\" data-settings=\"{&quot;animation&quot;:&quot;none&quot;}\">\n\t\t\t<div class=\"elementor-widget-wrap elementor-element-populated\">\n\t\t\t\t\t\t\t\t<div class=\"elementor-element elementor-element-265fcbd elementor-widget elementor-widget-image\" data-id=\"265fcbd\" data-element_type=\"widget\" data-widget_type=\"image.default\">\n\t\t\t\t<div class=\"elementor-widget-container\">\n\t\t\t\t\t\t\t\t\t\t\t\t\t\t\t\t<a href=\"https:\/\/novalaw.unl.pt\/en\/antonio-monteiro-fernandes\/\">\n\t\t\t\t\t\t\t<img loading=\"lazy\" decoding=\"async\" width=\"202\" height=\"202\" src=\"https:\/\/novalaw.unl.pt\/wp-content\/uploads\/2022\/03\/SITE_docentes-investigadores-ANTONIOMONTEIROFERNANDES.jpg\" class=\"attachment-full size-full\" alt=\"\" srcset=\"https:\/\/novalaw.unl.pt\/wp-content\/uploads\/2022\/03\/SITE_docentes-investigadores-ANTONIOMONTEIROFERNANDES.jpg 202w, https:\/\/novalaw.unl.pt\/wp-content\/uploads\/2022\/03\/SITE_docentes-investigadores-ANTONIOMONTEIROFERNANDES-150x150.jpg 150w\" sizes=\"auto, (max-width: 202px) 100vw, 202px\" \/>\t\t\t\t\t\t\t\t<\/a>\n\t\t\t\t\t\t\t\t\t\t\t\t\t\t\t<\/div>\n\t\t\t\t<\/div>\n\t\t\t\t<div class=\"elementor-element elementor-element-480ff12 elementor-widget elementor-widget-heading\" data-id=\"480ff12\" data-element_type=\"widget\" data-widget_type=\"heading.default\">\n\t\t\t\t<div class=\"elementor-widget-container\">\n\t\t\t<h3 class=\"elementor-heading-title elementor-size-default\">Ant\u00f3nio Monteiro Fernandes<\/h3>\t\t<\/div>\n\t\t\t\t<\/div>\n\t\t\t\t<div class=\"elementor-element elementor-element-6f9b600 elementor-widget elementor-widget-heading\" data-id=\"6f9b600\" data-element_type=\"widget\" data-widget_type=\"heading.default\">\n\t\t\t\t<div class=\"elementor-widget-container\">\n\t\t\t<p class=\"elementor-heading-title elementor-size-default\">Guest Professor<\/p>\t\t<\/div>\n\t\t\t\t<\/div>\n\t\t\t\t\t<\/div>\n\t\t<\/div>\n\t\t\t\t<div class=\"elementor-column elementor-col-10 elementor-top-column elementor-element elementor-element-3920b6e\" data-id=\"3920b6e\" data-element_type=\"column\" data-settings=\"{&quot;animation&quot;:&quot;none&quot;}\">\n\t\t\t<div class=\"elementor-widget-wrap elementor-element-populated\">\n\t\t\t\t\t\t\t\t<div class=\"elementor-element elementor-element-73c7dcf elementor-widget elementor-widget-image\" data-id=\"73c7dcf\" data-element_type=\"widget\" data-widget_type=\"image.default\">\n\t\t\t\t<div class=\"elementor-widget-container\">\n\t\t\t\t\t\t\t\t\t\t\t\t\t\t\t\t<a href=\"https:\/\/novalaw.unl.pt\/en\/barbara-sousa-brito\/\">\n\t\t\t\t\t\t\t<img loading=\"lazy\" decoding=\"async\" width=\"196\" height=\"196\" src=\"https:\/\/novalaw.unl.pt\/wp-content\/uploads\/2021\/08\/Barbara-Sousa-Brito.jpg\" class=\"attachment-full size-full\" alt=\"\" srcset=\"https:\/\/novalaw.unl.pt\/wp-content\/uploads\/2021\/08\/Barbara-Sousa-Brito.jpg 196w, https:\/\/novalaw.unl.pt\/wp-content\/uploads\/2021\/08\/Barbara-Sousa-Brito-150x150.jpg 150w, https:\/\/novalaw.unl.pt\/wp-content\/uploads\/2021\/08\/Barbara-Sousa-Brito-100x100.jpg 100w\" sizes=\"auto, (max-width: 196px) 100vw, 196px\" \/>\t\t\t\t\t\t\t\t<\/a>\n\t\t\t\t\t\t\t\t\t\t\t\t\t\t\t<\/div>\n\t\t\t\t<\/div>\n\t\t\t\t<div class=\"elementor-element elementor-element-f2f04f4 elementor-widget elementor-widget-heading\" data-id=\"f2f04f4\" data-element_type=\"widget\" data-widget_type=\"heading.default\">\n\t\t\t\t<div class=\"elementor-widget-container\">\n\t\t\t<h3 class=\"elementor-heading-title elementor-size-default\">B\u00e1rbara Sousa Brito<\/h3>\t\t<\/div>\n\t\t\t\t<\/div>\n\t\t\t\t<div class=\"elementor-element elementor-element-880e6c1 elementor-widget elementor-widget-heading\" data-id=\"880e6c1\" data-element_type=\"widget\" data-widget_type=\"heading.default\">\n\t\t\t\t<div class=\"elementor-widget-container\">\n\t\t\t<p class=\"elementor-heading-title elementor-size-default\">Guest Professor<\/p>\t\t<\/div>\n\t\t\t\t<\/div>\n\t\t\t\t\t<\/div>\n\t\t<\/div>\n\t\t\t\t<div class=\"elementor-column elementor-col-10 elementor-top-column elementor-element elementor-element-55f291b\" data-id=\"55f291b\" data-element_type=\"column\" data-settings=\"{&quot;animation&quot;:&quot;none&quot;}\">\n\t\t\t<div class=\"elementor-widget-wrap elementor-element-populated\">\n\t\t\t\t\t\t\t\t<div class=\"elementor-element elementor-element-7bb7852 elementor-widget elementor-widget-image\" data-id=\"7bb7852\" data-element_type=\"widget\" data-widget_type=\"image.default\">\n\t\t\t\t<div class=\"elementor-widget-container\">\n\t\t\t\t\t\t\t\t\t\t\t\t\t\t\t\t<a href=\"https:\/\/novalaw.unl.pt\/en\/beatriz-seabra-de-brito\/\">\n\t\t\t\t\t\t\t<img loading=\"lazy\" decoding=\"async\" width=\"202\" height=\"202\" src=\"https:\/\/novalaw.unl.pt\/wp-content\/uploads\/2022\/11\/SITE-docentes-convidados-BeatrizSeabraBrito.jpg\" class=\"attachment-full size-full\" alt=\"\" srcset=\"https:\/\/novalaw.unl.pt\/wp-content\/uploads\/2022\/11\/SITE-docentes-convidados-BeatrizSeabraBrito.jpg 202w, https:\/\/novalaw.unl.pt\/wp-content\/uploads\/2022\/11\/SITE-docentes-convidados-BeatrizSeabraBrito-150x150.jpg 150w\" sizes=\"auto, (max-width: 202px) 100vw, 202px\" \/>\t\t\t\t\t\t\t\t<\/a>\n\t\t\t\t\t\t\t\t\t\t\t\t\t\t\t<\/div>\n\t\t\t\t<\/div>\n\t\t\t\t<div class=\"elementor-element elementor-element-3c6d282 elementor-widget elementor-widget-heading\" data-id=\"3c6d282\" data-element_type=\"widget\" data-widget_type=\"heading.default\">\n\t\t\t\t<div class=\"elementor-widget-container\">\n\t\t\t<h3 class=\"elementor-heading-title elementor-size-default\">Beatriz Seabra de Brito<\/h3>\t\t<\/div>\n\t\t\t\t<\/div>\n\t\t\t\t<div class=\"elementor-element elementor-element-0e56049 elementor-widget elementor-widget-heading\" data-id=\"0e56049\" data-element_type=\"widget\" data-widget_type=\"heading.default\">\n\t\t\t\t<div class=\"elementor-widget-container\">\n\t\t\t<p class=\"elementor-heading-title elementor-size-default\">Guest Professor<\/p>\t\t<\/div>\n\t\t\t\t<\/div>\n\t\t\t\t\t<\/div>\n\t\t<\/div>\n\t\t\t\t<div class=\"elementor-column elementor-col-10 elementor-top-column elementor-element elementor-element-bdc43d6\" data-id=\"bdc43d6\" data-element_type=\"column\" data-settings=\"{&quot;animation&quot;:&quot;none&quot;}\">\n\t\t\t<div class=\"elementor-widget-wrap elementor-element-populated\">\n\t\t\t\t\t\t\t\t<div class=\"elementor-element elementor-element-fad8296 elementor-widget elementor-widget-image\" data-id=\"fad8296\" data-element_type=\"widget\" data-widget_type=\"image.default\">\n\t\t\t\t<div class=\"elementor-widget-container\">\n\t\t\t\t\t\t\t\t\t\t\t\t\t\t\t\t<a href=\"https:\/\/novalaw.unl.pt\/en\/bernardo-ivo-cruz-2\/\">\n\t\t\t\t\t\t\t<img loading=\"lazy\" decoding=\"async\" width=\"202\" height=\"202\" src=\"https:\/\/novalaw.unl.pt\/wp-content\/uploads\/2024\/10\/SITE-CorpoDocente-ProfessoresConvidadosBernardoIvoCruz_01.jpg\" class=\"attachment-full size-full\" alt=\"\" srcset=\"https:\/\/novalaw.unl.pt\/wp-content\/uploads\/2024\/10\/SITE-CorpoDocente-ProfessoresConvidadosBernardoIvoCruz_01.jpg 202w, https:\/\/novalaw.unl.pt\/wp-content\/uploads\/2024\/10\/SITE-CorpoDocente-ProfessoresConvidadosBernardoIvoCruz_01-150x150.jpg 150w\" sizes=\"auto, (max-width: 202px) 100vw, 202px\" \/>\t\t\t\t\t\t\t\t<\/a>\n\t\t\t\t\t\t\t\t\t\t\t\t\t\t\t<\/div>\n\t\t\t\t<\/div>\n\t\t\t\t<div class=\"elementor-element elementor-element-cef6db1 elementor-widget elementor-widget-heading\" data-id=\"cef6db1\" data-element_type=\"widget\" data-widget_type=\"heading.default\">\n\t\t\t\t<div class=\"elementor-widget-container\">\n\t\t\t<h3 class=\"elementor-heading-title elementor-size-default\">Bernardo Ivo Cruz<\/h3>\t\t<\/div>\n\t\t\t\t<\/div>\n\t\t\t\t<div class=\"elementor-element elementor-element-c8fe65f elementor-widget elementor-widget-heading\" data-id=\"c8fe65f\" data-element_type=\"widget\" data-widget_type=\"heading.default\">\n\t\t\t\t<div class=\"elementor-widget-container\">\n\t\t\t<p class=\"elementor-heading-title elementor-size-default\">Guest Professor<\/p>\t\t<\/div>\n\t\t\t\t<\/div>\n\t\t\t\t\t<\/div>\n\t\t<\/div>\n\t\t\t\t<div class=\"elementor-column elementor-col-10 elementor-top-column elementor-element elementor-element-6e1c172\" data-id=\"6e1c172\" data-element_type=\"column\" data-settings=\"{&quot;animation&quot;:&quot;none&quot;}\">\n\t\t\t<div class=\"elementor-widget-wrap elementor-element-populated\">\n\t\t\t\t\t\t\t\t<div class=\"elementor-element elementor-element-f56ca7e elementor-widget elementor-widget-image\" data-id=\"f56ca7e\" data-element_type=\"widget\" data-widget_type=\"image.default\">\n\t\t\t\t<div class=\"elementor-widget-container\">\n\t\t\t\t\t\t\t\t\t\t\t\t\t\t\t\t<a href=\"https:\/\/novalaw.unl.pt\/en\/carlos-moreira-antunes\/\">\n\t\t\t\t\t\t\t<img loading=\"lazy\" decoding=\"async\" width=\"202\" height=\"202\" src=\"https:\/\/novalaw.unl.pt\/wp-content\/uploads\/2026\/04\/SITE-Docentes-Carlos-Moreira-Antunes.jpg\" class=\"attachment-full size-full\" alt=\"\" srcset=\"https:\/\/novalaw.unl.pt\/wp-content\/uploads\/2026\/04\/SITE-Docentes-Carlos-Moreira-Antunes.jpg 202w, https:\/\/novalaw.unl.pt\/wp-content\/uploads\/2026\/04\/SITE-Docentes-Carlos-Moreira-Antunes-150x150.jpg 150w\" sizes=\"auto, (max-width: 202px) 100vw, 202px\" \/>\t\t\t\t\t\t\t\t<\/a>\n\t\t\t\t\t\t\t\t\t\t\t\t\t\t\t<\/div>\n\t\t\t\t<\/div>\n\t\t\t\t<div class=\"elementor-element elementor-element-583e978 elementor-widget elementor-widget-heading\" data-id=\"583e978\" data-element_type=\"widget\" data-widget_type=\"heading.default\">\n\t\t\t\t<div class=\"elementor-widget-container\">\n\t\t\t<h3 class=\"elementor-heading-title elementor-size-default\">Carlos Moreira Antunes<\/h3>\t\t<\/div>\n\t\t\t\t<\/div>\n\t\t\t\t<div class=\"elementor-element elementor-element-5ed677e elementor-widget elementor-widget-heading\" data-id=\"5ed677e\" data-element_type=\"widget\" data-widget_type=\"heading.default\">\n\t\t\t\t<div class=\"elementor-widget-container\">\n\t\t\t<p class=\"elementor-heading-title elementor-size-default\">Guest Professor<\/p>\t\t<\/div>\n\t\t\t\t<\/div>\n\t\t\t\t\t<\/div>\n\t\t<\/div>\n\t\t\t\t<div class=\"elementor-column elementor-col-10 elementor-top-column elementor-element elementor-element-4512319\" data-id=\"4512319\" data-element_type=\"column\" data-settings=\"{&quot;animation&quot;:&quot;none&quot;}\">\n\t\t\t<div class=\"elementor-widget-wrap elementor-element-populated\">\n\t\t\t\t\t\t\t\t<div class=\"elementor-element elementor-element-1bc5145 elementor-widget elementor-widget-image\" data-id=\"1bc5145\" data-element_type=\"widget\" data-widget_type=\"image.default\">\n\t\t\t\t<div class=\"elementor-widget-container\">\n\t\t\t\t\t\t\t\t\t\t\t\t\t\t\t\t<a href=\"https:\/\/novalaw.unl.pt\/cristina-cruz\/\">\n\t\t\t\t\t\t\t<img loading=\"lazy\" decoding=\"async\" width=\"202\" height=\"202\" src=\"https:\/\/novalaw.unl.pt\/wp-content\/uploads\/2022\/02\/SITE_docentes-convidados-CRISTINA-CRUZ.jpg\" class=\"attachment-full size-full\" alt=\"\" srcset=\"https:\/\/novalaw.unl.pt\/wp-content\/uploads\/2022\/02\/SITE_docentes-convidados-CRISTINA-CRUZ.jpg 202w, https:\/\/novalaw.unl.pt\/wp-content\/uploads\/2022\/02\/SITE_docentes-convidados-CRISTINA-CRUZ-150x150.jpg 150w\" sizes=\"auto, (max-width: 202px) 100vw, 202px\" \/>\t\t\t\t\t\t\t\t<\/a>\n\t\t\t\t\t\t\t\t\t\t\t\t\t\t\t<\/div>\n\t\t\t\t<\/div>\n\t\t\t\t<div class=\"elementor-element elementor-element-51b612f elementor-widget elementor-widget-heading\" data-id=\"51b612f\" data-element_type=\"widget\" data-widget_type=\"heading.default\">\n\t\t\t\t<div class=\"elementor-widget-container\">\n\t\t\t<h3 class=\"elementor-heading-title elementor-size-default\">Cristina\nMartins da Cruz<\/h3>\t\t<\/div>\n\t\t\t\t<\/div>\n\t\t\t\t<div class=\"elementor-element elementor-element-e8c3a1e elementor-widget elementor-widget-heading\" data-id=\"e8c3a1e\" data-element_type=\"widget\" data-widget_type=\"heading.default\">\n\t\t\t\t<div class=\"elementor-widget-container\">\n\t\t\t<p class=\"elementor-heading-title elementor-size-default\">Guest Professor<\/p>\t\t<\/div>\n\t\t\t\t<\/div>\n\t\t\t\t\t<\/div>\n\t\t<\/div>\n\t\t\t\t<div class=\"elementor-column elementor-col-10 elementor-top-column elementor-element elementor-element-3142609\" data-id=\"3142609\" data-element_type=\"column\" data-settings=\"{&quot;animation&quot;:&quot;none&quot;}\">\n\t\t\t<div class=\"elementor-widget-wrap elementor-element-populated\">\n\t\t\t\t\t\t\t\t<div class=\"elementor-element elementor-element-2e06fe1 elementor-widget elementor-widget-image\" data-id=\"2e06fe1\" data-element_type=\"widget\" data-widget_type=\"image.default\">\n\t\t\t\t<div class=\"elementor-widget-container\">\n\t\t\t\t\t\t\t\t\t\t\t\t\t\t\t\t<a href=\"https:\/\/novalaw.unl.pt\/en\/duarte-lynce-de-faria\/\">\n\t\t\t\t\t\t\t<img loading=\"lazy\" decoding=\"async\" width=\"202\" height=\"202\" src=\"https:\/\/novalaw.unl.pt\/wp-content\/uploads\/2024\/10\/SITE-CorpoDocente-ProfessoresConvidados-DuarteLyncedeFaria.jpg\" class=\"attachment-full size-full\" alt=\"\" srcset=\"https:\/\/novalaw.unl.pt\/wp-content\/uploads\/2024\/10\/SITE-CorpoDocente-ProfessoresConvidados-DuarteLyncedeFaria.jpg 202w, https:\/\/novalaw.unl.pt\/wp-content\/uploads\/2024\/10\/SITE-CorpoDocente-ProfessoresConvidados-DuarteLyncedeFaria-150x150.jpg 150w\" sizes=\"auto, (max-width: 202px) 100vw, 202px\" \/>\t\t\t\t\t\t\t\t<\/a>\n\t\t\t\t\t\t\t\t\t\t\t\t\t\t\t<\/div>\n\t\t\t\t<\/div>\n\t\t\t\t<div class=\"elementor-element elementor-element-928ae11 elementor-widget elementor-widget-heading\" data-id=\"928ae11\" data-element_type=\"widget\" data-widget_type=\"heading.default\">\n\t\t\t\t<div class=\"elementor-widget-container\">\n\t\t\t<h3 class=\"elementor-heading-title elementor-size-default\">Duarte Lynce de Faria<\/h3>\t\t<\/div>\n\t\t\t\t<\/div>\n\t\t\t\t<div class=\"elementor-element elementor-element-cf95d8e elementor-widget elementor-widget-heading\" data-id=\"cf95d8e\" data-element_type=\"widget\" data-widget_type=\"heading.default\">\n\t\t\t\t<div class=\"elementor-widget-container\">\n\t\t\t<p class=\"elementor-heading-title elementor-size-default\">Guest Professor<\/p>\t\t<\/div>\n\t\t\t\t<\/div>\n\t\t\t\t\t<\/div>\n\t\t<\/div>\n\t\t\t\t<div class=\"elementor-column elementor-col-10 elementor-top-column elementor-element elementor-element-dd7e388\" data-id=\"dd7e388\" data-element_type=\"column\" data-settings=\"{&quot;animation&quot;:&quot;none&quot;}\">\n\t\t\t<div class=\"elementor-widget-wrap elementor-element-populated\">\n\t\t\t\t\t\t\t\t<div class=\"elementor-element elementor-element-6094532 elementor-widget elementor-widget-image\" data-id=\"6094532\" data-element_type=\"widget\" data-widget_type=\"image.default\">\n\t\t\t\t<div class=\"elementor-widget-container\">\n\t\t\t\t\t\t\t\t\t\t\t\t\t\t\t\t<a href=\"https:\/\/novalaw.unl.pt\/en\/francisco-arga-e-lima-2\/\">\n\t\t\t\t\t\t\t<img loading=\"lazy\" decoding=\"async\" width=\"202\" height=\"202\" src=\"https:\/\/novalaw.unl.pt\/wp-content\/uploads\/2024\/10\/SITE-CorpoDocente-ProfessorConvidado-FranciscoArgaeLima.jpg\" class=\"attachment-full size-full\" alt=\"\" srcset=\"https:\/\/novalaw.unl.pt\/wp-content\/uploads\/2024\/10\/SITE-CorpoDocente-ProfessorConvidado-FranciscoArgaeLima.jpg 202w, https:\/\/novalaw.unl.pt\/wp-content\/uploads\/2024\/10\/SITE-CorpoDocente-ProfessorConvidado-FranciscoArgaeLima-150x150.jpg 150w\" sizes=\"auto, (max-width: 202px) 100vw, 202px\" \/>\t\t\t\t\t\t\t\t<\/a>\n\t\t\t\t\t\t\t\t\t\t\t\t\t\t\t<\/div>\n\t\t\t\t<\/div>\n\t\t\t\t<div class=\"elementor-element elementor-element-0a461d6 elementor-widget elementor-widget-heading\" data-id=\"0a461d6\" data-element_type=\"widget\" data-widget_type=\"heading.default\">\n\t\t\t\t<div class=\"elementor-widget-container\">\n\t\t\t<h3 class=\"elementor-heading-title elementor-size-default\">Francisco Arga e Lima<\/h3>\t\t<\/div>\n\t\t\t\t<\/div>\n\t\t\t\t<div class=\"elementor-element elementor-element-e399f51 elementor-widget elementor-widget-heading\" data-id=\"e399f51\" data-element_type=\"widget\" data-widget_type=\"heading.default\">\n\t\t\t\t<div class=\"elementor-widget-container\">\n\t\t\t<p class=\"elementor-heading-title elementor-size-default\">Guest Professor<\/p>\t\t<\/div>\n\t\t\t\t<\/div>\n\t\t\t\t\t<\/div>\n\t\t<\/div>\n\t\t\t\t<div class=\"elementor-column elementor-col-10 elementor-top-column elementor-element elementor-element-a6f625a\" data-id=\"a6f625a\" data-element_type=\"column\" data-settings=\"{&quot;animation&quot;:&quot;none&quot;}\">\n\t\t\t<div class=\"elementor-widget-wrap elementor-element-populated\">\n\t\t\t\t\t\t\t\t<div class=\"elementor-element elementor-element-93d4e0a elementor-widget elementor-widget-image\" data-id=\"93d4e0a\" data-element_type=\"widget\" data-widget_type=\"image.default\">\n\t\t\t\t<div class=\"elementor-widget-container\">\n\t\t\t\t\t\t\t\t\t\t\t\t\t\t\t\t<a href=\"https:\/\/www.vda.pt\/en\/people\/international-advisers\/iakovina-kindylidi\/20701\/\">\n\t\t\t\t\t\t\t<img loading=\"lazy\" decoding=\"async\" width=\"202\" height=\"202\" src=\"https:\/\/novalaw.unl.pt\/wp-content\/uploads\/2022\/12\/SITE-docentes-convidados-Iakovina-Kindylidi.jpg\" class=\"attachment-full size-full\" alt=\"\" srcset=\"https:\/\/novalaw.unl.pt\/wp-content\/uploads\/2022\/12\/SITE-docentes-convidados-Iakovina-Kindylidi.jpg 202w, https:\/\/novalaw.unl.pt\/wp-content\/uploads\/2022\/12\/SITE-docentes-convidados-Iakovina-Kindylidi-150x150.jpg 150w\" sizes=\"auto, (max-width: 202px) 100vw, 202px\" \/>\t\t\t\t\t\t\t\t<\/a>\n\t\t\t\t\t\t\t\t\t\t\t\t\t\t\t<\/div>\n\t\t\t\t<\/div>\n\t\t\t\t<div class=\"elementor-element elementor-element-2cca883 elementor-widget elementor-widget-heading\" data-id=\"2cca883\" data-element_type=\"widget\" data-widget_type=\"heading.default\">\n\t\t\t\t<div class=\"elementor-widget-container\">\n\t\t\t<h3 class=\"elementor-heading-title elementor-size-default\">Iakovina Kindylidi<\/h3>\t\t<\/div>\n\t\t\t\t<\/div>\n\t\t\t\t<div class=\"elementor-element elementor-element-faf9088 elementor-widget elementor-widget-heading\" data-id=\"faf9088\" data-element_type=\"widget\" data-widget_type=\"heading.default\">\n\t\t\t\t<div class=\"elementor-widget-container\">\n\t\t\t<p class=\"elementor-heading-title elementor-size-default\">Guest Professor<\/p>\t\t<\/div>\n\t\t\t\t<\/div>\n\t\t\t\t\t<\/div>\n\t\t<\/div>\n\t\t\t\t<div class=\"elementor-column elementor-col-10 elementor-top-column elementor-element elementor-element-bc37b92\" data-id=\"bc37b92\" data-element_type=\"column\" data-settings=\"{&quot;animation&quot;:&quot;none&quot;}\">\n\t\t\t<div class=\"elementor-widget-wrap elementor-element-populated\">\n\t\t\t\t\t\t\t\t<div class=\"elementor-element elementor-element-7f124d2 elementor-widget elementor-widget-image\" data-id=\"7f124d2\" data-element_type=\"widget\" data-widget_type=\"image.default\">\n\t\t\t\t<div class=\"elementor-widget-container\">\n\t\t\t\t\t\t\t\t\t\t\t\t\t\t\t\t<a href=\"https:\/\/novalaw.unl.pt\/en\/ines-portela-2\/\">\n\t\t\t\t\t\t\t<img loading=\"lazy\" decoding=\"async\" width=\"202\" height=\"202\" src=\"https:\/\/novalaw.unl.pt\/wp-content\/uploads\/2025\/09\/SITE_docentes-convidados-INES-PORTELA.jpg\" class=\"attachment-full size-full\" alt=\"\" srcset=\"https:\/\/novalaw.unl.pt\/wp-content\/uploads\/2025\/09\/SITE_docentes-convidados-INES-PORTELA.jpg 202w, https:\/\/novalaw.unl.pt\/wp-content\/uploads\/2025\/09\/SITE_docentes-convidados-INES-PORTELA-150x150.jpg 150w\" sizes=\"auto, (max-width: 202px) 100vw, 202px\" \/>\t\t\t\t\t\t\t\t<\/a>\n\t\t\t\t\t\t\t\t\t\t\t\t\t\t\t<\/div>\n\t\t\t\t<\/div>\n\t\t\t\t<div class=\"elementor-element elementor-element-79add57 elementor-widget elementor-widget-heading\" data-id=\"79add57\" data-element_type=\"widget\" data-widget_type=\"heading.default\">\n\t\t\t\t<div class=\"elementor-widget-container\">\n\t\t\t<h3 class=\"elementor-heading-title elementor-size-default\">In\u00eas Portela<\/h3>\t\t<\/div>\n\t\t\t\t<\/div>\n\t\t\t\t<div class=\"elementor-element elementor-element-4690f28 elementor-widget elementor-widget-heading\" data-id=\"4690f28\" data-element_type=\"widget\" data-widget_type=\"heading.default\">\n\t\t\t\t<div class=\"elementor-widget-container\">\n\t\t\t<p class=\"elementor-heading-title elementor-size-default\">Guest Professor<\/p>\t\t<\/div>\n\t\t\t\t<\/div>\n\t\t\t\t\t<\/div>\n\t\t<\/div>\n\t\t\t\t<div class=\"elementor-column elementor-col-10 elementor-top-column elementor-element elementor-element-b840974\" data-id=\"b840974\" data-element_type=\"column\" data-settings=\"{&quot;animation&quot;:&quot;none&quot;}\">\n\t\t\t<div class=\"elementor-widget-wrap elementor-element-populated\">\n\t\t\t\t\t\t\t\t<div class=\"elementor-element elementor-element-df706ee elementor-widget elementor-widget-image\" data-id=\"df706ee\" data-element_type=\"widget\" data-widget_type=\"image.default\">\n\t\t\t\t<div class=\"elementor-widget-container\">\n\t\t\t\t\t\t\t\t\t\t\t\t\t\t\t\t<a href=\"https:\/\/novalaw.unl.pt\/en\/jeff-redding-2\/\">\n\t\t\t\t\t\t\t<img loading=\"lazy\" decoding=\"async\" width=\"202\" height=\"202\" src=\"https:\/\/novalaw.unl.pt\/wp-content\/uploads\/2025\/09\/SITE_docentes-convidados-JEFF-REDDING.jpg\" class=\"attachment-full size-full\" alt=\"\" srcset=\"https:\/\/novalaw.unl.pt\/wp-content\/uploads\/2025\/09\/SITE_docentes-convidados-JEFF-REDDING.jpg 202w, https:\/\/novalaw.unl.pt\/wp-content\/uploads\/2025\/09\/SITE_docentes-convidados-JEFF-REDDING-150x150.jpg 150w\" sizes=\"auto, (max-width: 202px) 100vw, 202px\" \/>\t\t\t\t\t\t\t\t<\/a>\n\t\t\t\t\t\t\t\t\t\t\t\t\t\t\t<\/div>\n\t\t\t\t<\/div>\n\t\t\t\t<div class=\"elementor-element elementor-element-caa7855 elementor-widget elementor-widget-heading\" data-id=\"caa7855\" data-element_type=\"widget\" data-widget_type=\"heading.default\">\n\t\t\t\t<div class=\"elementor-widget-container\">\n\t\t\t<h3 class=\"elementor-heading-title elementor-size-default\">Jeff Redding<\/h3>\t\t<\/div>\n\t\t\t\t<\/div>\n\t\t\t\t<div class=\"elementor-element elementor-element-27be5a6 elementor-widget elementor-widget-heading\" data-id=\"27be5a6\" data-element_type=\"widget\" data-widget_type=\"heading.default\">\n\t\t\t\t<div class=\"elementor-widget-container\">\n\t\t\t<p class=\"elementor-heading-title elementor-size-default\">Guest Professor<\/p>\t\t<\/div>\n\t\t\t\t<\/div>\n\t\t\t\t\t<\/div>\n\t\t<\/div>\n\t\t\t\t<div class=\"elementor-column elementor-col-10 elementor-top-column elementor-element elementor-element-0b3a4d9\" data-id=\"0b3a4d9\" data-element_type=\"column\" data-settings=\"{&quot;animation&quot;:&quot;none&quot;}\">\n\t\t\t<div class=\"elementor-widget-wrap elementor-element-populated\">\n\t\t\t\t\t\t\t\t<div class=\"elementor-element elementor-element-10f47b7 elementor-widget elementor-widget-image\" data-id=\"10f47b7\" data-element_type=\"widget\" data-widget_type=\"image.default\">\n\t\t\t\t<div class=\"elementor-widget-container\">\n\t\t\t\t\t\t\t\t\t\t\t\t\t\t\t\t<a href=\"https:\/\/novalaw.unl.pt\/en\/joana-galvao-teles-2\/\">\n\t\t\t\t\t\t\t<img loading=\"lazy\" decoding=\"async\" width=\"202\" height=\"202\" src=\"https:\/\/novalaw.unl.pt\/wp-content\/uploads\/2025\/02\/SITE-CorpoDocente-ProfessoraConvidada-JoanaGalvaoTeles.jpg\" class=\"attachment-full size-full\" alt=\"\" srcset=\"https:\/\/novalaw.unl.pt\/wp-content\/uploads\/2025\/02\/SITE-CorpoDocente-ProfessoraConvidada-JoanaGalvaoTeles.jpg 202w, https:\/\/novalaw.unl.pt\/wp-content\/uploads\/2025\/02\/SITE-CorpoDocente-ProfessoraConvidada-JoanaGalvaoTeles-150x150.jpg 150w\" sizes=\"auto, (max-width: 202px) 100vw, 202px\" \/>\t\t\t\t\t\t\t\t<\/a>\n\t\t\t\t\t\t\t\t\t\t\t\t\t\t\t<\/div>\n\t\t\t\t<\/div>\n\t\t\t\t<div class=\"elementor-element elementor-element-9b682f0 elementor-widget elementor-widget-heading\" data-id=\"9b682f0\" data-element_type=\"widget\" data-widget_type=\"heading.default\">\n\t\t\t\t<div class=\"elementor-widget-container\">\n\t\t\t<h3 class=\"elementor-heading-title elementor-size-default\">Joana Galv\u00e3o Teles<\/h3>\t\t<\/div>\n\t\t\t\t<\/div>\n\t\t\t\t<div class=\"elementor-element elementor-element-f2ab1ef elementor-widget elementor-widget-heading\" data-id=\"f2ab1ef\" data-element_type=\"widget\" data-widget_type=\"heading.default\">\n\t\t\t\t<div class=\"elementor-widget-container\">\n\t\t\t<p class=\"elementor-heading-title elementor-size-default\">Guest Professor<\/p>\t\t<\/div>\n\t\t\t\t<\/div>\n\t\t\t\t\t<\/div>\n\t\t<\/div>\n\t\t\t\t<div class=\"elementor-column elementor-col-10 elementor-top-column elementor-element elementor-element-e4a6381\" data-id=\"e4a6381\" data-element_type=\"column\" data-settings=\"{&quot;animation&quot;:&quot;none&quot;}\">\n\t\t\t<div class=\"elementor-widget-wrap elementor-element-populated\">\n\t\t\t\t\t\t\t\t<div class=\"elementor-element elementor-element-a1e21ec elementor-widget elementor-widget-image\" data-id=\"a1e21ec\" data-element_type=\"widget\" data-widget_type=\"image.default\">\n\t\t\t\t<div class=\"elementor-widget-container\">\n\t\t\t\t\t\t\t\t\t\t\t\t\t\t\t\t<a href=\"https:\/\/novalaw.unl.pt\/en\/joao-amador\/\">\n\t\t\t\t\t\t\t<img loading=\"lazy\" decoding=\"async\" width=\"202\" height=\"202\" src=\"https:\/\/novalaw.unl.pt\/wp-content\/uploads\/2022\/11\/SITE_docentes-convidados-JOAO-AMADOR.jpg\" class=\"attachment-full size-full\" alt=\"\" srcset=\"https:\/\/novalaw.unl.pt\/wp-content\/uploads\/2022\/11\/SITE_docentes-convidados-JOAO-AMADOR.jpg 202w, https:\/\/novalaw.unl.pt\/wp-content\/uploads\/2022\/11\/SITE_docentes-convidados-JOAO-AMADOR-150x150.jpg 150w\" sizes=\"auto, (max-width: 202px) 100vw, 202px\" \/>\t\t\t\t\t\t\t\t<\/a>\n\t\t\t\t\t\t\t\t\t\t\t\t\t\t\t<\/div>\n\t\t\t\t<\/div>\n\t\t\t\t<div class=\"elementor-element elementor-element-4e315c1 elementor-widget elementor-widget-heading\" data-id=\"4e315c1\" data-element_type=\"widget\" data-widget_type=\"heading.default\">\n\t\t\t\t<div class=\"elementor-widget-container\">\n\t\t\t<h3 class=\"elementor-heading-title elementor-size-default\">Jo\u00e3o Amador<\/h3>\t\t<\/div>\n\t\t\t\t<\/div>\n\t\t\t\t<div class=\"elementor-element elementor-element-3d8511a elementor-widget elementor-widget-heading\" data-id=\"3d8511a\" data-element_type=\"widget\" data-widget_type=\"heading.default\">\n\t\t\t\t<div class=\"elementor-widget-container\">\n\t\t\t<p class=\"elementor-heading-title elementor-size-default\">Guest Professor<\/p>\t\t<\/div>\n\t\t\t\t<\/div>\n\t\t\t\t\t<\/div>\n\t\t<\/div>\n\t\t\t\t<div class=\"elementor-column elementor-col-10 elementor-top-column elementor-element elementor-element-13bc831\" data-id=\"13bc831\" data-element_type=\"column\" data-settings=\"{&quot;animation&quot;:&quot;none&quot;}\">\n\t\t\t<div class=\"elementor-widget-wrap elementor-element-populated\">\n\t\t\t\t\t\t\t\t<div class=\"elementor-element elementor-element-661581f elementor-widget elementor-widget-image\" data-id=\"661581f\" data-element_type=\"widget\" data-widget_type=\"image.default\">\n\t\t\t\t<div class=\"elementor-widget-container\">\n\t\t\t\t\t\t\t\t\t\t\t\t\t\t\t\t<a href=\"https:\/\/novalaw.unl.pt\/en\/joao-francisco-diogo-2\/\">\n\t\t\t\t\t\t\t<img loading=\"lazy\" decoding=\"async\" width=\"202\" height=\"202\" src=\"https:\/\/novalaw.unl.pt\/wp-content\/uploads\/2023\/10\/SITE-docentes-convidados-JoaoFranciscoDiogo.jpg\" class=\"attachment-full size-full\" alt=\"\" srcset=\"https:\/\/novalaw.unl.pt\/wp-content\/uploads\/2023\/10\/SITE-docentes-convidados-JoaoFranciscoDiogo.jpg 202w, https:\/\/novalaw.unl.pt\/wp-content\/uploads\/2023\/10\/SITE-docentes-convidados-JoaoFranciscoDiogo-150x150.jpg 150w\" sizes=\"auto, (max-width: 202px) 100vw, 202px\" \/>\t\t\t\t\t\t\t\t<\/a>\n\t\t\t\t\t\t\t\t\t\t\t\t\t\t\t<\/div>\n\t\t\t\t<\/div>\n\t\t\t\t<div class=\"elementor-element elementor-element-a5b871a elementor-widget elementor-widget-heading\" data-id=\"a5b871a\" data-element_type=\"widget\" data-widget_type=\"heading.default\">\n\t\t\t\t<div class=\"elementor-widget-container\">\n\t\t\t<h3 class=\"elementor-heading-title elementor-size-default\">Jo\u00e3o Francisco Diogo<\/h3>\t\t<\/div>\n\t\t\t\t<\/div>\n\t\t\t\t<div class=\"elementor-element elementor-element-4249090 elementor-widget elementor-widget-heading\" data-id=\"4249090\" data-element_type=\"widget\" data-widget_type=\"heading.default\">\n\t\t\t\t<div class=\"elementor-widget-container\">\n\t\t\t<p class=\"elementor-heading-title elementor-size-default\">Guest Professor<\/p>\t\t<\/div>\n\t\t\t\t<\/div>\n\t\t\t\t\t<\/div>\n\t\t<\/div>\n\t\t\t\t<div class=\"elementor-column elementor-col-100 elementor-top-column elementor-element elementor-element-888c644\" data-id=\"888c644\" data-element_type=\"column\" data-settings=\"{&quot;animation&quot;:&quot;none&quot;}\">\n\t\t\t<div class=\"elementor-widget-wrap elementor-element-populated\">\n\t\t\t\t\t\t\t\t<div class=\"elementor-element elementor-element-ae432ae elementor-widget elementor-widget-image\" data-id=\"ae432ae\" data-element_type=\"widget\" data-widget_type=\"image.default\">\n\t\t\t\t<div class=\"elementor-widget-container\">\n\t\t\t\t\t\t\t\t\t\t\t\t\t\t\t<img loading=\"lazy\" decoding=\"async\" width=\"202\" height=\"202\" src=\"https:\/\/novalaw.unl.pt\/wp-content\/uploads\/2023\/10\/SITE-docentes-convidados-Joao-Valente-Cordeiro.jpg\" class=\"attachment-full size-full\" alt=\"\" srcset=\"https:\/\/novalaw.unl.pt\/wp-content\/uploads\/2023\/10\/SITE-docentes-convidados-Joao-Valente-Cordeiro.jpg 202w, https:\/\/novalaw.unl.pt\/wp-content\/uploads\/2023\/10\/SITE-docentes-convidados-Joao-Valente-Cordeiro-150x150.jpg 150w\" sizes=\"auto, (max-width: 202px) 100vw, 202px\" \/>\t\t\t\t\t\t\t\t\t\t\t\t\t\t\t<\/div>\n\t\t\t\t<\/div>\n\t\t\t\t<div class=\"elementor-element elementor-element-f5ea95a elementor-widget elementor-widget-heading\" data-id=\"f5ea95a\" data-element_type=\"widget\" data-widget_type=\"heading.default\">\n\t\t\t\t<div class=\"elementor-widget-container\">\n\t\t\t<h3 class=\"elementor-heading-title elementor-size-default\">Jo\u00e3o Valente Cordeiro<\/h3>\t\t<\/div>\n\t\t\t\t<\/div>\n\t\t\t\t<div class=\"elementor-element elementor-element-a2bd39f elementor-widget elementor-widget-heading\" data-id=\"a2bd39f\" data-element_type=\"widget\" data-widget_type=\"heading.default\">\n\t\t\t\t<div class=\"elementor-widget-container\">\n\t\t\t<p class=\"elementor-heading-title elementor-size-default\">Guest Professor<\/p>\t\t<\/div>\n\t\t\t\t<\/div>\n\t\t\t\t\t<\/div>\n\t\t<\/div>\n\t\t\t\t<div class=\"elementor-column elementor-col-100 elementor-top-column elementor-element elementor-element-1c1e73a\" data-id=\"1c1e73a\" data-element_type=\"column\" data-settings=\"{&quot;animation&quot;:&quot;none&quot;}\">\n\t\t\t<div class=\"elementor-widget-wrap elementor-element-populated\">\n\t\t\t\t\t\t\t\t<div class=\"elementor-element elementor-element-f1230d9 elementor-widget elementor-widget-image\" data-id=\"f1230d9\" data-element_type=\"widget\" data-widget_type=\"image.default\">\n\t\t\t\t<div class=\"elementor-widget-container\">\n\t\t\t\t\t\t\t\t\t\t\t\t\t\t\t\t<a href=\"https:\/\/novalaw.unl.pt\/en\/jorge-oliveira-e-carmo\/\">\n\t\t\t\t\t\t\t<img loading=\"lazy\" decoding=\"async\" width=\"202\" height=\"202\" src=\"https:\/\/novalaw.unl.pt\/wp-content\/uploads\/2022\/03\/SITE_docentes-convidados-JORGE-OLIVEIRA-E-CARMO.jpg\" class=\"attachment-full size-full\" alt=\"\" srcset=\"https:\/\/novalaw.unl.pt\/wp-content\/uploads\/2022\/03\/SITE_docentes-convidados-JORGE-OLIVEIRA-E-CARMO.jpg 202w, https:\/\/novalaw.unl.pt\/wp-content\/uploads\/2022\/03\/SITE_docentes-convidados-JORGE-OLIVEIRA-E-CARMO-150x150.jpg 150w\" sizes=\"auto, (max-width: 202px) 100vw, 202px\" \/>\t\t\t\t\t\t\t\t<\/a>\n\t\t\t\t\t\t\t\t\t\t\t\t\t\t\t<\/div>\n\t\t\t\t<\/div>\n\t\t\t\t<div class=\"elementor-element elementor-element-8a504ac elementor-widget elementor-widget-heading\" data-id=\"8a504ac\" data-element_type=\"widget\" data-widget_type=\"heading.default\">\n\t\t\t\t<div class=\"elementor-widget-container\">\n\t\t\t<h3 class=\"elementor-heading-title elementor-size-default\">Jorge Oliveira e Carmo<\/h3>\t\t<\/div>\n\t\t\t\t<\/div>\n\t\t\t\t<div class=\"elementor-element elementor-element-f677251 elementor-widget elementor-widget-heading\" data-id=\"f677251\" data-element_type=\"widget\" data-widget_type=\"heading.default\">\n\t\t\t\t<div class=\"elementor-widget-container\">\n\t\t\t<p class=\"elementor-heading-title elementor-size-default\">Guest Professor<\/p>\t\t<\/div>\n\t\t\t\t<\/div>\n\t\t\t\t\t<\/div>\n\t\t<\/div>\n\t\t\t\t<div class=\"elementor-column elementor-col-100 elementor-top-column elementor-element elementor-element-d6c14ad\" data-id=\"d6c14ad\" data-element_type=\"column\" data-settings=\"{&quot;animation&quot;:&quot;none&quot;}\">\n\t\t\t<div class=\"elementor-widget-wrap elementor-element-populated\">\n\t\t\t\t\t\t\t\t<div class=\"elementor-element elementor-element-5001a54 elementor-widget elementor-widget-image\" data-id=\"5001a54\" data-element_type=\"widget\" data-widget_type=\"image.default\">\n\t\t\t\t<div class=\"elementor-widget-container\">\n\t\t\t\t\t\t\t\t\t\t\t\t\t\t\t\t<a href=\"https:\/\/novalaw.unl.pt\/en\/jose-fontes\/\">\n\t\t\t\t\t\t\t<img loading=\"lazy\" decoding=\"async\" width=\"202\" height=\"202\" src=\"https:\/\/novalaw.unl.pt\/wp-content\/uploads\/2025\/09\/SITE_docentes-convidados-JOSE-FONTES.jpg\" class=\"attachment-full size-full\" alt=\"\" srcset=\"https:\/\/novalaw.unl.pt\/wp-content\/uploads\/2025\/09\/SITE_docentes-convidados-JOSE-FONTES.jpg 202w, https:\/\/novalaw.unl.pt\/wp-content\/uploads\/2025\/09\/SITE_docentes-convidados-JOSE-FONTES-150x150.jpg 150w\" sizes=\"auto, (max-width: 202px) 100vw, 202px\" \/>\t\t\t\t\t\t\t\t<\/a>\n\t\t\t\t\t\t\t\t\t\t\t\t\t\t\t<\/div>\n\t\t\t\t<\/div>\n\t\t\t\t<div class=\"elementor-element elementor-element-f8e222f elementor-widget elementor-widget-heading\" data-id=\"f8e222f\" data-element_type=\"widget\" data-widget_type=\"heading.default\">\n\t\t\t\t<div class=\"elementor-widget-container\">\n\t\t\t<h3 class=\"elementor-heading-title elementor-size-default\">Jos\u00e9<br>Fontes<\/h3>\t\t<\/div>\n\t\t\t\t<\/div>\n\t\t\t\t<div class=\"elementor-element elementor-element-49f79dc elementor-widget elementor-widget-heading\" data-id=\"49f79dc\" data-element_type=\"widget\" data-widget_type=\"heading.default\">\n\t\t\t\t<div class=\"elementor-widget-container\">\n\t\t\t<p class=\"elementor-heading-title elementor-size-default\">Guest Professor<\/p>\t\t<\/div>\n\t\t\t\t<\/div>\n\t\t\t\t\t<\/div>\n\t\t<\/div>\n\t\t\t\t<div class=\"elementor-column elementor-col-100 elementor-top-column elementor-element elementor-element-6bc6df9\" data-id=\"6bc6df9\" data-element_type=\"column\" data-settings=\"{&quot;animation&quot;:&quot;none&quot;}\">\n\t\t\t<div class=\"elementor-widget-wrap elementor-element-populated\">\n\t\t\t\t\t\t\t\t<div class=\"elementor-element elementor-element-db2c770 elementor-widget elementor-widget-image\" data-id=\"db2c770\" data-element_type=\"widget\" data-widget_type=\"image.default\">\n\t\t\t\t<div class=\"elementor-widget-container\">\n\t\t\t\t\t\t\t\t\t\t\t\t\t\t\t\t<a href=\"https:\/\/novalaw.unl.pt\/en\/konrad-borowicz-2\/\">\n\t\t\t\t\t\t\t<img loading=\"lazy\" decoding=\"async\" width=\"202\" height=\"202\" src=\"https:\/\/novalaw.unl.pt\/wp-content\/uploads\/2025\/09\/SITE_docentes-convidados-KONRAD-BOROWICZ.jpg\" class=\"attachment-full size-full\" alt=\"\" srcset=\"https:\/\/novalaw.unl.pt\/wp-content\/uploads\/2025\/09\/SITE_docentes-convidados-KONRAD-BOROWICZ.jpg 202w, https:\/\/novalaw.unl.pt\/wp-content\/uploads\/2025\/09\/SITE_docentes-convidados-KONRAD-BOROWICZ-150x150.jpg 150w\" sizes=\"auto, (max-width: 202px) 100vw, 202px\" \/>\t\t\t\t\t\t\t\t<\/a>\n\t\t\t\t\t\t\t\t\t\t\t\t\t\t\t<\/div>\n\t\t\t\t<\/div>\n\t\t\t\t<div class=\"elementor-element elementor-element-ee1872b elementor-widget elementor-widget-heading\" data-id=\"ee1872b\" data-element_type=\"widget\" data-widget_type=\"heading.default\">\n\t\t\t\t<div class=\"elementor-widget-container\">\n\t\t\t<h3 class=\"elementor-heading-title elementor-size-default\">Konrad Borowicz <\/h3>\t\t<\/div>\n\t\t\t\t<\/div>\n\t\t\t\t<div class=\"elementor-element elementor-element-d1b4f7c elementor-widget elementor-widget-heading\" data-id=\"d1b4f7c\" data-element_type=\"widget\" data-widget_type=\"heading.default\">\n\t\t\t\t<div class=\"elementor-widget-container\">\n\t\t\t<p class=\"elementor-heading-title elementor-size-default\">Guest Professor<\/p>\t\t<\/div>\n\t\t\t\t<\/div>\n\t\t\t\t\t<\/div>\n\t\t<\/div>\n\t\t\t\t<div class=\"elementor-column elementor-col-25 elementor-top-column elementor-element elementor-element-6881c62\" data-id=\"6881c62\" data-element_type=\"column\" data-settings=\"{&quot;animation&quot;:&quot;none&quot;}\">\n\t\t\t<div class=\"elementor-widget-wrap elementor-element-populated\">\n\t\t\t\t\t\t\t\t<div class=\"elementor-element elementor-element-eb345c7 elementor-widget elementor-widget-image\" data-id=\"eb345c7\" data-element_type=\"widget\" data-widget_type=\"image.default\">\n\t\t\t\t<div class=\"elementor-widget-container\">\n\t\t\t\t\t\t\t\t\t\t\t\t\t\t\t\t<a href=\"https:\/\/novalaw.unl.pt\/en\/lino-santos-2\/\">\n\t\t\t\t\t\t\t<img loading=\"lazy\" decoding=\"async\" width=\"202\" height=\"202\" src=\"https:\/\/novalaw.unl.pt\/wp-content\/uploads\/2024\/10\/SITE-CorpoDocente-ProfessorConvidado-LinoSantos.jpg\" class=\"attachment-full size-full\" alt=\"\" srcset=\"https:\/\/novalaw.unl.pt\/wp-content\/uploads\/2024\/10\/SITE-CorpoDocente-ProfessorConvidado-LinoSantos.jpg 202w, https:\/\/novalaw.unl.pt\/wp-content\/uploads\/2024\/10\/SITE-CorpoDocente-ProfessorConvidado-LinoSantos-150x150.jpg 150w\" sizes=\"auto, (max-width: 202px) 100vw, 202px\" \/>\t\t\t\t\t\t\t\t<\/a>\n\t\t\t\t\t\t\t\t\t\t\t\t\t\t\t<\/div>\n\t\t\t\t<\/div>\n\t\t\t\t<div class=\"elementor-element elementor-element-6b964fd elementor-widget elementor-widget-heading\" data-id=\"6b964fd\" data-element_type=\"widget\" data-widget_type=\"heading.default\">\n\t\t\t\t<div class=\"elementor-widget-container\">\n\t\t\t<h3 class=\"elementor-heading-title elementor-size-default\">Lino Santos<\/h3>\t\t<\/div>\n\t\t\t\t<\/div>\n\t\t\t\t<div class=\"elementor-element elementor-element-deba78b elementor-widget elementor-widget-heading\" data-id=\"deba78b\" data-element_type=\"widget\" data-widget_type=\"heading.default\">\n\t\t\t\t<div class=\"elementor-widget-container\">\n\t\t\t<p class=\"elementor-heading-title elementor-size-default\">Guest Professor<\/p>\t\t<\/div>\n\t\t\t\t<\/div>\n\t\t\t\t\t<\/div>\n\t\t<\/div>\n\t\t\t\t<div class=\"elementor-column elementor-col-25 elementor-top-column elementor-element elementor-element-680147c\" data-id=\"680147c\" data-element_type=\"column\" data-settings=\"{&quot;animation&quot;:&quot;none&quot;}\">\n\t\t\t<div class=\"elementor-widget-wrap elementor-element-populated\">\n\t\t\t\t\t\t\t\t<div class=\"elementor-element elementor-element-787ba3b elementor-widget elementor-widget-image\" data-id=\"787ba3b\" data-element_type=\"widget\" data-widget_type=\"image.default\">\n\t\t\t\t<div class=\"elementor-widget-container\">\n\t\t\t\t\t\t\t\t\t\t\t\t\t\t\t\t<a href=\"https:\/\/novalaw.unl.pt\/en\/luis-filipe-brites-lameiras-2\/\">\n\t\t\t\t\t\t\t<img loading=\"lazy\" decoding=\"async\" width=\"202\" height=\"202\" src=\"https:\/\/novalaw.unl.pt\/wp-content\/uploads\/2023\/10\/Site-Docentes-Convidados-Luis-Filipe-Lameiras.jpg\" class=\"attachment-full size-full\" alt=\"\" srcset=\"https:\/\/novalaw.unl.pt\/wp-content\/uploads\/2023\/10\/Site-Docentes-Convidados-Luis-Filipe-Lameiras.jpg 202w, https:\/\/novalaw.unl.pt\/wp-content\/uploads\/2023\/10\/Site-Docentes-Convidados-Luis-Filipe-Lameiras-150x150.jpg 150w\" sizes=\"auto, (max-width: 202px) 100vw, 202px\" \/>\t\t\t\t\t\t\t\t<\/a>\n\t\t\t\t\t\t\t\t\t\t\t\t\t\t\t<\/div>\n\t\t\t\t<\/div>\n\t\t\t\t<div class=\"elementor-element elementor-element-c30f91a elementor-widget elementor-widget-heading\" data-id=\"c30f91a\" data-element_type=\"widget\" data-widget_type=\"heading.default\">\n\t\t\t\t<div class=\"elementor-widget-container\">\n\t\t\t<h3 class=\"elementor-heading-title elementor-size-default\">Lu\u00eds Filipe Brites Lameiras<\/h3>\t\t<\/div>\n\t\t\t\t<\/div>\n\t\t\t\t<div class=\"elementor-element elementor-element-e549b4b elementor-widget elementor-widget-heading\" data-id=\"e549b4b\" data-element_type=\"widget\" data-widget_type=\"heading.default\">\n\t\t\t\t<div class=\"elementor-widget-container\">\n\t\t\t<p class=\"elementor-heading-title elementor-size-default\">Guest Professor<\/p>\t\t<\/div>\n\t\t\t\t<\/div>\n\t\t\t\t\t<\/div>\n\t\t<\/div>\n\t\t\t\t<div class=\"elementor-column elementor-col-50 elementor-top-column elementor-element elementor-element-b0392ad\" data-id=\"b0392ad\" data-element_type=\"column\" data-settings=\"{&quot;animation&quot;:&quot;none&quot;}\">\n\t\t\t<div class=\"elementor-widget-wrap elementor-element-populated\">\n\t\t\t\t\t\t\t\t<div class=\"elementor-element elementor-element-5d93698 elementor-widget elementor-widget-image\" data-id=\"5d93698\" data-element_type=\"widget\" data-widget_type=\"image.default\">\n\t\t\t\t<div class=\"elementor-widget-container\">\n\t\t\t\t\t\t\t\t\t\t\t\t\t\t\t\t<a href=\"https:\/\/novalaw.unl.pt\/en\/maria-damanaki\/\">\n\t\t\t\t\t\t\t<img loading=\"lazy\" decoding=\"async\" width=\"202\" height=\"202\" src=\"https:\/\/novalaw.unl.pt\/wp-content\/uploads\/2021\/11\/Maria_Damanaki_corpodocente.jpg\" class=\"attachment-full size-full\" alt=\"Maria Damanaki\" srcset=\"https:\/\/novalaw.unl.pt\/wp-content\/uploads\/2021\/11\/Maria_Damanaki_corpodocente.jpg 202w, https:\/\/novalaw.unl.pt\/wp-content\/uploads\/2021\/11\/Maria_Damanaki_corpodocente-150x150.jpg 150w\" sizes=\"auto, (max-width: 202px) 100vw, 202px\" \/>\t\t\t\t\t\t\t\t<\/a>\n\t\t\t\t\t\t\t\t\t\t\t\t\t\t\t<\/div>\n\t\t\t\t<\/div>\n\t\t\t\t<div class=\"elementor-element elementor-element-22ca0d9 elementor-widget elementor-widget-heading\" data-id=\"22ca0d9\" data-element_type=\"widget\" data-widget_type=\"heading.default\">\n\t\t\t\t<div class=\"elementor-widget-container\">\n\t\t\t<h3 class=\"elementor-heading-title elementor-size-default\">Maria Damanaki<\/h3>\t\t<\/div>\n\t\t\t\t<\/div>\n\t\t\t\t<div class=\"elementor-element elementor-element-764c0c1 elementor-widget elementor-widget-heading\" data-id=\"764c0c1\" data-element_type=\"widget\" data-widget_type=\"heading.default\">\n\t\t\t\t<div class=\"elementor-widget-container\">\n\t\t\t<p class=\"elementor-heading-title elementor-size-default\">Guest Professor<\/p>\t\t<\/div>\n\t\t\t\t<\/div>\n\t\t\t\t\t<\/div>\n\t\t<\/div>\n\t\t\t\t<div class=\"elementor-column elementor-col-25 elementor-top-column elementor-element elementor-element-3e4ed11\" data-id=\"3e4ed11\" data-element_type=\"column\" data-settings=\"{&quot;animation&quot;:&quot;none&quot;}\">\n\t\t\t<div class=\"elementor-widget-wrap elementor-element-populated\">\n\t\t\t\t\t\t\t\t<div class=\"elementor-element elementor-element-6b362b8 elementor-widget elementor-widget-image\" data-id=\"6b362b8\" data-element_type=\"widget\" data-widget_type=\"image.default\">\n\t\t\t\t<div class=\"elementor-widget-container\">\n\t\t\t\t\t\t\t\t\t\t\t\t\t\t\t\t<a href=\"https:\/\/novalaw.unl.pt\/en\/marta-borges\/\">\n\t\t\t\t\t\t\t<img loading=\"lazy\" decoding=\"async\" width=\"202\" height=\"202\" src=\"https:\/\/novalaw.unl.pt\/wp-content\/uploads\/2026\/04\/SITE-CorpoDocente_Convidados_MartaBorges.jpg\" class=\"attachment-full size-full\" alt=\"\" srcset=\"https:\/\/novalaw.unl.pt\/wp-content\/uploads\/2026\/04\/SITE-CorpoDocente_Convidados_MartaBorges.jpg 202w, https:\/\/novalaw.unl.pt\/wp-content\/uploads\/2026\/04\/SITE-CorpoDocente_Convidados_MartaBorges-150x150.jpg 150w\" sizes=\"auto, (max-width: 202px) 100vw, 202px\" \/>\t\t\t\t\t\t\t\t<\/a>\n\t\t\t\t\t\t\t\t\t\t\t\t\t\t\t<\/div>\n\t\t\t\t<\/div>\n\t\t\t\t<div class=\"elementor-element elementor-element-855a0da elementor-widget elementor-widget-heading\" data-id=\"855a0da\" data-element_type=\"widget\" data-widget_type=\"heading.default\">\n\t\t\t\t<div class=\"elementor-widget-container\">\n\t\t\t<h3 class=\"elementor-heading-title elementor-size-default\">Marta Borges\n<\/h3>\t\t<\/div>\n\t\t\t\t<\/div>\n\t\t\t\t<div class=\"elementor-element elementor-element-7993fd2 elementor-widget elementor-widget-heading\" data-id=\"7993fd2\" data-element_type=\"widget\" data-widget_type=\"heading.default\">\n\t\t\t\t<div class=\"elementor-widget-container\">\n\t\t\t<p class=\"elementor-heading-title elementor-size-default\">Guest Professor<\/p>\t\t<\/div>\n\t\t\t\t<\/div>\n\t\t\t\t\t<\/div>\n\t\t<\/div>\n\t\t\t\t<div class=\"elementor-column elementor-col-25 elementor-top-column elementor-element elementor-element-fe13900\" data-id=\"fe13900\" data-element_type=\"column\" data-settings=\"{&quot;animation&quot;:&quot;none&quot;}\">\n\t\t\t<div class=\"elementor-widget-wrap elementor-element-populated\">\n\t\t\t\t\t\t\t\t<div class=\"elementor-element elementor-element-73dd761 elementor-widget elementor-widget-image\" data-id=\"73dd761\" data-element_type=\"widget\" data-widget_type=\"image.default\">\n\t\t\t\t<div class=\"elementor-widget-container\">\n\t\t\t\t\t\t\t\t\t\t\t\t\t\t\t\t<a href=\"https:\/\/novalaw.unl.pt\/en\/marta-carmo\/\">\n\t\t\t\t\t\t\t<img loading=\"lazy\" decoding=\"async\" width=\"202\" height=\"202\" src=\"https:\/\/novalaw.unl.pt\/wp-content\/uploads\/2022\/11\/SITE_docentes-convidados-MARTA-CARMO.jpg\" class=\"attachment-full size-full\" alt=\"\" srcset=\"https:\/\/novalaw.unl.pt\/wp-content\/uploads\/2022\/11\/SITE_docentes-convidados-MARTA-CARMO.jpg 202w, https:\/\/novalaw.unl.pt\/wp-content\/uploads\/2022\/11\/SITE_docentes-convidados-MARTA-CARMO-150x150.jpg 150w\" sizes=\"auto, (max-width: 202px) 100vw, 202px\" \/>\t\t\t\t\t\t\t\t<\/a>\n\t\t\t\t\t\t\t\t\t\t\t\t\t\t\t<\/div>\n\t\t\t\t<\/div>\n\t\t\t\t<div class=\"elementor-element elementor-element-ef4674f elementor-widget elementor-widget-heading\" data-id=\"ef4674f\" data-element_type=\"widget\" data-widget_type=\"heading.default\">\n\t\t\t\t<div class=\"elementor-widget-container\">\n\t\t\t<h3 class=\"elementor-heading-title elementor-size-default\">Marta Carmo<\/h3>\t\t<\/div>\n\t\t\t\t<\/div>\n\t\t\t\t<div class=\"elementor-element elementor-element-ae57345 elementor-widget elementor-widget-heading\" data-id=\"ae57345\" data-element_type=\"widget\" data-widget_type=\"heading.default\">\n\t\t\t\t<div class=\"elementor-widget-container\">\n\t\t\t<p class=\"elementor-heading-title elementor-size-default\">Guest Professor<\/p>\t\t<\/div>\n\t\t\t\t<\/div>\n\t\t\t\t\t<\/div>\n\t\t<\/div>\n\t\t\t\t<div class=\"elementor-column elementor-col-25 elementor-top-column elementor-element elementor-element-c1cea1a\" data-id=\"c1cea1a\" data-element_type=\"column\" data-settings=\"{&quot;animation&quot;:&quot;none&quot;}\">\n\t\t\t<div class=\"elementor-widget-wrap elementor-element-populated\">\n\t\t\t\t\t\t\t\t<div class=\"elementor-element elementor-element-68c87ae elementor-widget elementor-widget-image\" data-id=\"68c87ae\" data-element_type=\"widget\" data-widget_type=\"image.default\">\n\t\t\t\t<div class=\"elementor-widget-container\">\n\t\t\t\t\t\t\t\t\t\t\t\t\t\t\t\t<a href=\"https:\/\/novalaw.unl.pt\/en\/marta-costa\/\">\n\t\t\t\t\t\t\t<img loading=\"lazy\" decoding=\"async\" width=\"202\" height=\"202\" src=\"https:\/\/novalaw.unl.pt\/wp-content\/uploads\/2021\/08\/SITE_docentes-investigadores-MARTA-COSTA.jpg\" class=\"attachment-full size-full\" alt=\"\" srcset=\"https:\/\/novalaw.unl.pt\/wp-content\/uploads\/2021\/08\/SITE_docentes-investigadores-MARTA-COSTA.jpg 202w, https:\/\/novalaw.unl.pt\/wp-content\/uploads\/2021\/08\/SITE_docentes-investigadores-MARTA-COSTA-150x150.jpg 150w, https:\/\/novalaw.unl.pt\/wp-content\/uploads\/2021\/08\/SITE_docentes-investigadores-MARTA-COSTA-100x100.jpg 100w\" sizes=\"auto, (max-width: 202px) 100vw, 202px\" \/>\t\t\t\t\t\t\t\t<\/a>\n\t\t\t\t\t\t\t\t\t\t\t\t\t\t\t<\/div>\n\t\t\t\t<\/div>\n\t\t\t\t<div class=\"elementor-element elementor-element-ab5b200 elementor-widget elementor-widget-heading\" data-id=\"ab5b200\" data-element_type=\"widget\" data-widget_type=\"heading.default\">\n\t\t\t\t<div class=\"elementor-widget-container\">\n\t\t\t<h3 class=\"elementor-heading-title elementor-size-default\">Marta Costa<\/h3>\t\t<\/div>\n\t\t\t\t<\/div>\n\t\t\t\t<div class=\"elementor-element elementor-element-245b4bc elementor-widget elementor-widget-heading\" data-id=\"245b4bc\" data-element_type=\"widget\" data-widget_type=\"heading.default\">\n\t\t\t\t<div class=\"elementor-widget-container\">\n\t\t\t<p class=\"elementor-heading-title elementor-size-default\">Guest Professor<\/p>\t\t<\/div>\n\t\t\t\t<\/div>\n\t\t\t\t\t<\/div>\n\t\t<\/div>\n\t\t\t\t<div class=\"elementor-column elementor-col-33 elementor-top-column elementor-element elementor-element-1230058\" data-id=\"1230058\" data-element_type=\"column\" data-settings=\"{&quot;animation&quot;:&quot;none&quot;}\">\n\t\t\t<div class=\"elementor-widget-wrap elementor-element-populated\">\n\t\t\t\t\t\t\t\t<div class=\"elementor-element elementor-element-3f3956c elementor-widget elementor-widget-image\" data-id=\"3f3956c\" data-element_type=\"widget\" data-widget_type=\"image.default\">\n\t\t\t\t<div class=\"elementor-widget-container\">\n\t\t\t\t\t\t\t\t\t\t\t\t\t\t\t\t<a href=\"https:\/\/novalaw.unl.pt\/en\/martim-farinha-2\/\">\n\t\t\t\t\t\t\t<img loading=\"lazy\" decoding=\"async\" width=\"202\" height=\"202\" src=\"https:\/\/novalaw.unl.pt\/wp-content\/uploads\/2023\/11\/Site-Docentes-Convidados-Martim-Farinha.jpg\" class=\"attachment-full size-full\" alt=\"\" srcset=\"https:\/\/novalaw.unl.pt\/wp-content\/uploads\/2023\/11\/Site-Docentes-Convidados-Martim-Farinha.jpg 202w, https:\/\/novalaw.unl.pt\/wp-content\/uploads\/2023\/11\/Site-Docentes-Convidados-Martim-Farinha-150x150.jpg 150w\" sizes=\"auto, (max-width: 202px) 100vw, 202px\" \/>\t\t\t\t\t\t\t\t<\/a>\n\t\t\t\t\t\t\t\t\t\t\t\t\t\t\t<\/div>\n\t\t\t\t<\/div>\n\t\t\t\t<div class=\"elementor-element elementor-element-d46039f elementor-widget elementor-widget-heading\" data-id=\"d46039f\" data-element_type=\"widget\" data-widget_type=\"heading.default\">\n\t\t\t\t<div class=\"elementor-widget-container\">\n\t\t\t<h3 class=\"elementor-heading-title elementor-size-default\">Martim Farinha<\/h3>\t\t<\/div>\n\t\t\t\t<\/div>\n\t\t\t\t<div class=\"elementor-element elementor-element-9311fef elementor-widget elementor-widget-heading\" data-id=\"9311fef\" data-element_type=\"widget\" data-widget_type=\"heading.default\">\n\t\t\t\t<div class=\"elementor-widget-container\">\n\t\t\t<p class=\"elementor-heading-title elementor-size-default\">Guest Professor<\/p>\t\t<\/div>\n\t\t\t\t<\/div>\n\t\t\t\t\t<\/div>\n\t\t<\/div>\n\t\t\t\t<div class=\"elementor-column elementor-col-33 elementor-top-column elementor-element elementor-element-0a369ee\" data-id=\"0a369ee\" data-element_type=\"column\" data-settings=\"{&quot;animation&quot;:&quot;none&quot;}\">\n\t\t\t<div class=\"elementor-widget-wrap elementor-element-populated\">\n\t\t\t\t\t\t\t\t<div class=\"elementor-element elementor-element-f09b67c elementor-widget elementor-widget-image\" data-id=\"f09b67c\" data-element_type=\"widget\" data-widget_type=\"image.default\">\n\t\t\t\t<div class=\"elementor-widget-container\">\n\t\t\t\t\t\t\t\t\t\t\t\t\t\t\t\t<a href=\"https:\/\/novalaw.unl.pt\/en\/mateus-kawalski\/\">\n\t\t\t\t\t\t\t<img loading=\"lazy\" decoding=\"async\" width=\"202\" height=\"202\" src=\"https:\/\/novalaw.unl.pt\/wp-content\/uploads\/2021\/08\/SITE_docentes-investigadores-MATEUS-KOWALSKI.jpg\" class=\"attachment-full size-full\" alt=\"\" srcset=\"https:\/\/novalaw.unl.pt\/wp-content\/uploads\/2021\/08\/SITE_docentes-investigadores-MATEUS-KOWALSKI.jpg 202w, https:\/\/novalaw.unl.pt\/wp-content\/uploads\/2021\/08\/SITE_docentes-investigadores-MATEUS-KOWALSKI-150x150.jpg 150w, https:\/\/novalaw.unl.pt\/wp-content\/uploads\/2021\/08\/SITE_docentes-investigadores-MATEUS-KOWALSKI-100x100.jpg 100w\" sizes=\"auto, (max-width: 202px) 100vw, 202px\" \/>\t\t\t\t\t\t\t\t<\/a>\n\t\t\t\t\t\t\t\t\t\t\t\t\t\t\t<\/div>\n\t\t\t\t<\/div>\n\t\t\t\t<div class=\"elementor-element elementor-element-d87a5c4 elementor-widget elementor-widget-heading\" data-id=\"d87a5c4\" data-element_type=\"widget\" data-widget_type=\"heading.default\">\n\t\t\t\t<div class=\"elementor-widget-container\">\n\t\t\t<h3 class=\"elementor-heading-title elementor-size-default\">Mateus Kawalski<\/h3>\t\t<\/div>\n\t\t\t\t<\/div>\n\t\t\t\t<div class=\"elementor-element elementor-element-528a5cf elementor-widget elementor-widget-heading\" data-id=\"528a5cf\" data-element_type=\"widget\" data-widget_type=\"heading.default\">\n\t\t\t\t<div class=\"elementor-widget-container\">\n\t\t\t<p class=\"elementor-heading-title elementor-size-default\">Guest Professor<\/p>\t\t<\/div>\n\t\t\t\t<\/div>\n\t\t\t\t\t<\/div>\n\t\t<\/div>\n\t\t\t\t<div class=\"elementor-column elementor-col-33 elementor-top-column elementor-element elementor-element-5f6739b\" data-id=\"5f6739b\" data-element_type=\"column\" data-settings=\"{&quot;animation&quot;:&quot;none&quot;}\">\n\t\t\t<div class=\"elementor-widget-wrap elementor-element-populated\">\n\t\t\t\t\t\t\t\t<div class=\"elementor-element elementor-element-420e76a elementor-widget elementor-widget-image\" data-id=\"420e76a\" data-element_type=\"widget\" data-widget_type=\"image.default\">\n\t\t\t\t<div class=\"elementor-widget-container\">\n\t\t\t\t\t\t\t\t\t\t\t\t\t\t\t\t<a href=\"https:\/\/novalaw.unl.pt\/en\/odete-severino-soares-2\/\">\n\t\t\t\t\t\t\t<img loading=\"lazy\" decoding=\"async\" width=\"202\" height=\"202\" src=\"https:\/\/novalaw.unl.pt\/wp-content\/uploads\/2023\/12\/SITE-Catedra-do-Centro-de-Politica-para-a-Convencao-dos-Direitos-da-Crianca-das-Nacoes-Unidas_OdeteSeverinoSoares.jpg\" class=\"attachment-full size-full\" alt=\"\" srcset=\"https:\/\/novalaw.unl.pt\/wp-content\/uploads\/2023\/12\/SITE-Catedra-do-Centro-de-Politica-para-a-Convencao-dos-Direitos-da-Crianca-das-Nacoes-Unidas_OdeteSeverinoSoares.jpg 202w, https:\/\/novalaw.unl.pt\/wp-content\/uploads\/2023\/12\/SITE-Catedra-do-Centro-de-Politica-para-a-Convencao-dos-Direitos-da-Crianca-das-Nacoes-Unidas_OdeteSeverinoSoares-150x150.jpg 150w\" sizes=\"auto, (max-width: 202px) 100vw, 202px\" \/>\t\t\t\t\t\t\t\t<\/a>\n\t\t\t\t\t\t\t\t\t\t\t\t\t\t\t<\/div>\n\t\t\t\t<\/div>\n\t\t\t\t<div class=\"elementor-element elementor-element-bd15414 elementor-widget elementor-widget-heading\" data-id=\"bd15414\" data-element_type=\"widget\" data-widget_type=\"heading.default\">\n\t\t\t\t<div class=\"elementor-widget-container\">\n\t\t\t<h3 class=\"elementor-heading-title elementor-size-default\">Odete Severino Soares<\/h3>\t\t<\/div>\n\t\t\t\t<\/div>\n\t\t\t\t<div class=\"elementor-element elementor-element-8285baf elementor-widget elementor-widget-heading\" data-id=\"8285baf\" data-element_type=\"widget\" data-widget_type=\"heading.default\">\n\t\t\t\t<div class=\"elementor-widget-container\">\n\t\t\t<p class=\"elementor-heading-title elementor-size-default\">Guest Professor<\/p>\t\t<\/div>\n\t\t\t\t<\/div>\n\t\t\t\t\t<\/div>\n\t\t<\/div>\n\t\t\t\t<div class=\"elementor-column elementor-col-33 elementor-top-column elementor-element elementor-element-ea5bfa6\" data-id=\"ea5bfa6\" data-element_type=\"column\" data-settings=\"{&quot;animation&quot;:&quot;none&quot;}\">\n\t\t\t<div class=\"elementor-widget-wrap elementor-element-populated\">\n\t\t\t\t\t\t\t\t<div class=\"elementor-element elementor-element-0b2f531 elementor-widget elementor-widget-image\" data-id=\"0b2f531\" data-element_type=\"widget\" data-widget_type=\"image.default\">\n\t\t\t\t<div class=\"elementor-widget-container\">\n\t\t\t\t\t\t\t\t\t\t\t\t\t\t\t\t<a href=\"https:\/\/novalaw.unl.pt\/en\/patricia-andre\/\">\n\t\t\t\t\t\t\t<img loading=\"lazy\" decoding=\"async\" width=\"202\" height=\"202\" src=\"https:\/\/novalaw.unl.pt\/wp-content\/uploads\/2022\/11\/SITE_docentes-convidados-PATRICIA-ANDRE.jpg\" class=\"attachment-full size-full\" alt=\"\" srcset=\"https:\/\/novalaw.unl.pt\/wp-content\/uploads\/2022\/11\/SITE_docentes-convidados-PATRICIA-ANDRE.jpg 202w, https:\/\/novalaw.unl.pt\/wp-content\/uploads\/2022\/11\/SITE_docentes-convidados-PATRICIA-ANDRE-150x150.jpg 150w\" sizes=\"auto, (max-width: 202px) 100vw, 202px\" \/>\t\t\t\t\t\t\t\t<\/a>\n\t\t\t\t\t\t\t\t\t\t\t\t\t\t\t<\/div>\n\t\t\t\t<\/div>\n\t\t\t\t<div class=\"elementor-element elementor-element-b26f20a elementor-widget elementor-widget-heading\" data-id=\"b26f20a\" data-element_type=\"widget\" data-widget_type=\"heading.default\">\n\t\t\t\t<div class=\"elementor-widget-container\">\n\t\t\t<h3 class=\"elementor-heading-title elementor-size-default\">Patr\u00edcia Andr\u00e9<\/h3>\t\t<\/div>\n\t\t\t\t<\/div>\n\t\t\t\t<div class=\"elementor-element elementor-element-1008f55 elementor-widget elementor-widget-heading\" data-id=\"1008f55\" data-element_type=\"widget\" data-widget_type=\"heading.default\">\n\t\t\t\t<div class=\"elementor-widget-container\">\n\t\t\t<p class=\"elementor-heading-title elementor-size-default\">Guest Professor<\/p>\t\t<\/div>\n\t\t\t\t<\/div>\n\t\t\t\t\t<\/div>\n\t\t<\/div>\n\t\t\t\t<div class=\"elementor-column elementor-col-33 elementor-top-column elementor-element elementor-element-7281cc2\" data-id=\"7281cc2\" data-element_type=\"column\" data-settings=\"{&quot;animation&quot;:&quot;none&quot;}\">\n\t\t\t<div class=\"elementor-widget-wrap elementor-element-populated\">\n\t\t\t\t\t\t\t\t<div class=\"elementor-element elementor-element-6407a35 elementor-widget elementor-widget-image\" data-id=\"6407a35\" data-element_type=\"widget\" data-widget_type=\"image.default\">\n\t\t\t\t<div class=\"elementor-widget-container\">\n\t\t\t\t\t\t\t\t\t\t\t\t\t\t\t\t<a href=\"https:\/\/novalaw.unl.pt\/en\/pedro-siza-vieira\/\">\n\t\t\t\t\t\t\t<img loading=\"lazy\" decoding=\"async\" width=\"202\" height=\"202\" src=\"https:\/\/novalaw.unl.pt\/wp-content\/uploads\/2023\/02\/SITE-corpo-docente-convidados-pedro-siza-vieira.jpg\" class=\"attachment-full size-full\" alt=\"corpo docente convidados pedro siza vieira\" srcset=\"https:\/\/novalaw.unl.pt\/wp-content\/uploads\/2023\/02\/SITE-corpo-docente-convidados-pedro-siza-vieira.jpg 202w, https:\/\/novalaw.unl.pt\/wp-content\/uploads\/2023\/02\/SITE-corpo-docente-convidados-pedro-siza-vieira-150x150.jpg 150w\" sizes=\"auto, (max-width: 202px) 100vw, 202px\" \/>\t\t\t\t\t\t\t\t<\/a>\n\t\t\t\t\t\t\t\t\t\t\t\t\t\t\t<\/div>\n\t\t\t\t<\/div>\n\t\t\t\t<div class=\"elementor-element elementor-element-ace8137 elementor-widget elementor-widget-heading\" data-id=\"ace8137\" data-element_type=\"widget\" data-widget_type=\"heading.default\">\n\t\t\t\t<div class=\"elementor-widget-container\">\n\t\t\t<h3 class=\"elementor-heading-title elementor-size-default\">Pedro Siza Vieira<\/h3>\t\t<\/div>\n\t\t\t\t<\/div>\n\t\t\t\t<div class=\"elementor-element elementor-element-b39cb2f elementor-widget elementor-widget-heading\" data-id=\"b39cb2f\" data-element_type=\"widget\" data-widget_type=\"heading.default\">\n\t\t\t\t<div class=\"elementor-widget-container\">\n\t\t\t<p class=\"elementor-heading-title elementor-size-default\">Guest Professor<\/p>\t\t<\/div>\n\t\t\t\t<\/div>\n\t\t\t\t\t<\/div>\n\t\t<\/div>\n\t\t\t\t<div class=\"elementor-column elementor-col-33 elementor-top-column elementor-element elementor-element-340267f\" data-id=\"340267f\" data-element_type=\"column\" data-settings=\"{&quot;animation&quot;:&quot;none&quot;}\">\n\t\t\t<div class=\"elementor-widget-wrap elementor-element-populated\">\n\t\t\t\t\t\t\t\t<div class=\"elementor-element elementor-element-ee2b061 elementor-widget elementor-widget-image\" data-id=\"ee2b061\" data-element_type=\"widget\" data-widget_type=\"image.default\">\n\t\t\t\t<div class=\"elementor-widget-container\">\n\t\t\t\t\t\t\t\t\t\t\t\t\t\t\t\t<a href=\"https:\/\/novalaw.unl.pt\/en\/rita-vieira-marques-2\/\">\n\t\t\t\t\t\t\t<img loading=\"lazy\" decoding=\"async\" width=\"202\" height=\"202\" src=\"https:\/\/novalaw.unl.pt\/wp-content\/uploads\/2023\/12\/SITE_CentrosdeConhecimento_NOVAFinancialMarkets_Rita-Vieira-Marques.jpg\" class=\"attachment-full size-full\" alt=\"\" srcset=\"https:\/\/novalaw.unl.pt\/wp-content\/uploads\/2023\/12\/SITE_CentrosdeConhecimento_NOVAFinancialMarkets_Rita-Vieira-Marques.jpg 202w, https:\/\/novalaw.unl.pt\/wp-content\/uploads\/2023\/12\/SITE_CentrosdeConhecimento_NOVAFinancialMarkets_Rita-Vieira-Marques-150x150.jpg 150w\" sizes=\"auto, (max-width: 202px) 100vw, 202px\" \/>\t\t\t\t\t\t\t\t<\/a>\n\t\t\t\t\t\t\t\t\t\t\t\t\t\t\t<\/div>\n\t\t\t\t<\/div>\n\t\t\t\t<div class=\"elementor-element elementor-element-5bedb90 elementor-widget elementor-widget-heading\" data-id=\"5bedb90\" data-element_type=\"widget\" data-widget_type=\"heading.default\">\n\t\t\t\t<div class=\"elementor-widget-container\">\n\t\t\t<h3 class=\"elementor-heading-title elementor-size-default\">Rita Vieira Marques<\/h3>\t\t<\/div>\n\t\t\t\t<\/div>\n\t\t\t\t<div class=\"elementor-element elementor-element-7584078 elementor-widget elementor-widget-heading\" data-id=\"7584078\" data-element_type=\"widget\" data-widget_type=\"heading.default\">\n\t\t\t\t<div class=\"elementor-widget-container\">\n\t\t\t<p class=\"elementor-heading-title elementor-size-default\">Guest Professor<\/p>\t\t<\/div>\n\t\t\t\t<\/div>\n\t\t\t\t\t<\/div>\n\t\t<\/div>\n\t\t\t\t<div class=\"elementor-column elementor-col-33 elementor-top-column elementor-element elementor-element-cd84612\" data-id=\"cd84612\" data-element_type=\"column\" data-settings=\"{&quot;animation&quot;:&quot;none&quot;}\">\n\t\t\t<div class=\"elementor-widget-wrap elementor-element-populated\">\n\t\t\t\t\t\t\t\t<div class=\"elementor-element elementor-element-7cd0b77 elementor-widget elementor-widget-image\" data-id=\"7cd0b77\" data-element_type=\"widget\" data-widget_type=\"image.default\">\n\t\t\t\t<div class=\"elementor-widget-container\">\n\t\t\t\t\t\t\t\t\t\t\t\t\t\t\t\t<a href=\"https:\/\/novalaw.unl.pt\/en\/ruben-eiras-2\/\">\n\t\t\t\t\t\t\t<img loading=\"lazy\" decoding=\"async\" width=\"202\" height=\"202\" src=\"https:\/\/novalaw.unl.pt\/wp-content\/uploads\/2025\/09\/SITE_docentes-convidados-RUBEN-EIRAS.jpg\" class=\"attachment-full size-full\" alt=\"\" srcset=\"https:\/\/novalaw.unl.pt\/wp-content\/uploads\/2025\/09\/SITE_docentes-convidados-RUBEN-EIRAS.jpg 202w, https:\/\/novalaw.unl.pt\/wp-content\/uploads\/2025\/09\/SITE_docentes-convidados-RUBEN-EIRAS-150x150.jpg 150w\" sizes=\"auto, (max-width: 202px) 100vw, 202px\" \/>\t\t\t\t\t\t\t\t<\/a>\n\t\t\t\t\t\t\t\t\t\t\t\t\t\t\t<\/div>\n\t\t\t\t<\/div>\n\t\t\t\t<div class=\"elementor-element elementor-element-aa52e43 elementor-widget elementor-widget-heading\" data-id=\"aa52e43\" data-element_type=\"widget\" data-widget_type=\"heading.default\">\n\t\t\t\t<div class=\"elementor-widget-container\">\n\t\t\t<h3 class=\"elementor-heading-title elementor-size-default\">Ruben Eiras<\/h3>\t\t<\/div>\n\t\t\t\t<\/div>\n\t\t\t\t<div class=\"elementor-element elementor-element-b3303cc elementor-widget elementor-widget-heading\" data-id=\"b3303cc\" data-element_type=\"widget\" data-widget_type=\"heading.default\">\n\t\t\t\t<div class=\"elementor-widget-container\">\n\t\t\t<p class=\"elementor-heading-title elementor-size-default\">Guest Professor<\/p>\t\t<\/div>\n\t\t\t\t<\/div>\n\t\t\t\t\t<\/div>\n\t\t<\/div>\n\t\t\t\t<div class=\"elementor-column elementor-col-33 elementor-top-column elementor-element elementor-element-992448e\" data-id=\"992448e\" data-element_type=\"column\" data-settings=\"{&quot;animation&quot;:&quot;none&quot;}\">\n\t\t\t<div class=\"elementor-widget-wrap elementor-element-populated\">\n\t\t\t\t\t\t\t\t<div class=\"elementor-element elementor-element-9899f35 elementor-widget elementor-widget-image\" data-id=\"9899f35\" data-element_type=\"widget\" data-widget_type=\"image.default\">\n\t\t\t\t<div class=\"elementor-widget-container\">\n\t\t\t\t\t\t\t\t\t\t\t\t\t\t\t\t<a href=\"https:\/\/novalaw.unl.pt\/en\/rui-patricio\/\">\n\t\t\t\t\t\t\t<img loading=\"lazy\" decoding=\"async\" width=\"202\" height=\"202\" src=\"https:\/\/novalaw.unl.pt\/wp-content\/uploads\/2021\/08\/SITE_docentes-investigadores-RUI-PATRICIO.jpg\" class=\"attachment-full size-full\" alt=\"\" srcset=\"https:\/\/novalaw.unl.pt\/wp-content\/uploads\/2021\/08\/SITE_docentes-investigadores-RUI-PATRICIO.jpg 202w, https:\/\/novalaw.unl.pt\/wp-content\/uploads\/2021\/08\/SITE_docentes-investigadores-RUI-PATRICIO-150x150.jpg 150w, https:\/\/novalaw.unl.pt\/wp-content\/uploads\/2021\/08\/SITE_docentes-investigadores-RUI-PATRICIO-100x100.jpg 100w\" sizes=\"auto, (max-width: 202px) 100vw, 202px\" \/>\t\t\t\t\t\t\t\t<\/a>\n\t\t\t\t\t\t\t\t\t\t\t\t\t\t\t<\/div>\n\t\t\t\t<\/div>\n\t\t\t\t<div class=\"elementor-element elementor-element-71e2e4e elementor-widget elementor-widget-heading\" data-id=\"71e2e4e\" data-element_type=\"widget\" data-widget_type=\"heading.default\">\n\t\t\t\t<div class=\"elementor-widget-container\">\n\t\t\t<h3 class=\"elementor-heading-title elementor-size-default\">Rui Patr\u00edcio<\/h3>\t\t<\/div>\n\t\t\t\t<\/div>\n\t\t\t\t<div class=\"elementor-element elementor-element-d2f3607 elementor-widget elementor-widget-heading\" data-id=\"d2f3607\" data-element_type=\"widget\" data-widget_type=\"heading.default\">\n\t\t\t\t<div class=\"elementor-widget-container\">\n\t\t\t<p class=\"elementor-heading-title elementor-size-default\">Guest Professor<\/p>\t\t<\/div>\n\t\t\t\t<\/div>\n\t\t\t\t\t<\/div>\n\t\t<\/div>\n\t\t\t\t<div class=\"elementor-column elementor-col-25 elementor-top-column elementor-element elementor-element-cd25847\" data-id=\"cd25847\" data-element_type=\"column\" data-settings=\"{&quot;animation&quot;:&quot;none&quot;}\">\n\t\t\t<div class=\"elementor-widget-wrap elementor-element-populated\">\n\t\t\t\t\t\t\t\t<div class=\"elementor-element elementor-element-ff34166 elementor-widget elementor-widget-image\" data-id=\"ff34166\" data-element_type=\"widget\" data-widget_type=\"image.default\">\n\t\t\t\t<div class=\"elementor-widget-container\">\n\t\t\t\t\t\t\t\t\t\t\t\t\t\t\t\t<a href=\"https:\/\/www.novasbe.unl.pt\/en\/faculty-research\/faculty\/faculty-detail\/id\/53\">\n\t\t\t\t\t\t\t<img loading=\"lazy\" decoding=\"async\" width=\"400\" height=\"400\" src=\"https:\/\/novalaw.unl.pt\/wp-content\/uploads\/2023\/02\/SUSANA_PERALTA.jpg\" class=\"attachment-full size-full\" alt=\"\" srcset=\"https:\/\/novalaw.unl.pt\/wp-content\/uploads\/2023\/02\/SUSANA_PERALTA.jpg 400w, https:\/\/novalaw.unl.pt\/wp-content\/uploads\/2023\/02\/SUSANA_PERALTA-300x300.jpg 300w, https:\/\/novalaw.unl.pt\/wp-content\/uploads\/2023\/02\/SUSANA_PERALTA-150x150.jpg 150w\" sizes=\"auto, (max-width: 400px) 100vw, 400px\" \/>\t\t\t\t\t\t\t\t<\/a>\n\t\t\t\t\t\t\t\t\t\t\t\t\t\t\t<\/div>\n\t\t\t\t<\/div>\n\t\t\t\t<div class=\"elementor-element elementor-element-5eeebad elementor-widget elementor-widget-heading\" data-id=\"5eeebad\" data-element_type=\"widget\" data-widget_type=\"heading.default\">\n\t\t\t\t<div class=\"elementor-widget-container\">\n\t\t\t<h3 class=\"elementor-heading-title elementor-size-default\">Susana Peralta<\/h3>\t\t<\/div>\n\t\t\t\t<\/div>\n\t\t\t\t<div class=\"elementor-element elementor-element-48784dd elementor-widget elementor-widget-heading\" data-id=\"48784dd\" data-element_type=\"widget\" data-widget_type=\"heading.default\">\n\t\t\t\t<div class=\"elementor-widget-container\">\n\t\t\t<p class=\"elementor-heading-title elementor-size-default\">Guest Professor<\/p>\t\t<\/div>\n\t\t\t\t<\/div>\n\t\t\t\t\t<\/div>\n\t\t<\/div>\n\t\t\t\t<div class=\"elementor-column elementor-col-25 elementor-top-column elementor-element elementor-element-33604e4\" data-id=\"33604e4\" data-element_type=\"column\" data-settings=\"{&quot;animation&quot;:&quot;none&quot;}\">\n\t\t\t<div class=\"elementor-widget-wrap elementor-element-populated\">\n\t\t\t\t\t\t\t\t<div class=\"elementor-element elementor-element-d4931ae elementor-widget elementor-widget-image\" data-id=\"d4931ae\" data-element_type=\"widget\" data-widget_type=\"image.default\">\n\t\t\t\t<div class=\"elementor-widget-container\">\n\t\t\t\t\t\t\t\t\t\t\t\t\t\t\t\t<a href=\"https:\/\/novalaw.unl.pt\/en\/tatiana-morais-2\/\">\n\t\t\t\t\t\t\t<img loading=\"lazy\" decoding=\"async\" width=\"1200\" height=\"1200\" src=\"https:\/\/novalaw.unl.pt\/wp-content\/uploads\/2025\/09\/SITE_docentes-convidados-TATIANA-MORAIS_melhorada.jpg\" class=\"attachment-full size-full\" alt=\"\" srcset=\"https:\/\/novalaw.unl.pt\/wp-content\/uploads\/2025\/09\/SITE_docentes-convidados-TATIANA-MORAIS_melhorada.jpg 1200w, https:\/\/novalaw.unl.pt\/wp-content\/uploads\/2025\/09\/SITE_docentes-convidados-TATIANA-MORAIS_melhorada-300x300.jpg 300w, https:\/\/novalaw.unl.pt\/wp-content\/uploads\/2025\/09\/SITE_docentes-convidados-TATIANA-MORAIS_melhorada-1024x1024.jpg 1024w, https:\/\/novalaw.unl.pt\/wp-content\/uploads\/2025\/09\/SITE_docentes-convidados-TATIANA-MORAIS_melhorada-150x150.jpg 150w, https:\/\/novalaw.unl.pt\/wp-content\/uploads\/2025\/09\/SITE_docentes-convidados-TATIANA-MORAIS_melhorada-768x768.jpg 768w\" sizes=\"auto, (max-width: 1200px) 100vw, 1200px\" \/>\t\t\t\t\t\t\t\t<\/a>\n\t\t\t\t\t\t\t\t\t\t\t\t\t\t\t<\/div>\n\t\t\t\t<\/div>\n\t\t\t\t<div class=\"elementor-element elementor-element-ce3e885 elementor-widget elementor-widget-heading\" data-id=\"ce3e885\" data-element_type=\"widget\" data-widget_type=\"heading.default\">\n\t\t\t\t<div class=\"elementor-widget-container\">\n\t\t\t<h3 class=\"elementor-heading-title elementor-size-default\">Tatiana Morais<\/h3>\t\t<\/div>\n\t\t\t\t<\/div>\n\t\t\t\t<div class=\"elementor-element elementor-element-2dade66 elementor-widget elementor-widget-heading\" data-id=\"2dade66\" data-element_type=\"widget\" data-widget_type=\"heading.default\">\n\t\t\t\t<div class=\"elementor-widget-container\">\n\t\t\t<p class=\"elementor-heading-title elementor-size-default\">Guest Professor<\/p>\t\t<\/div>\n\t\t\t\t<\/div>\n\t\t\t\t\t<\/div>\n\t\t<\/div>\n\t\t\t\t<div class=\"elementor-column elementor-col-25 elementor-top-column elementor-element elementor-element-cb40e9f\" data-id=\"cb40e9f\" data-element_type=\"column\" data-settings=\"{&quot;animation&quot;:&quot;none&quot;}\">\n\t\t\t<div class=\"elementor-widget-wrap\">\n\t\t\t\t\t\t\t\t\t<\/div>\n\t\t<\/div>\n\t\t\t\t\t\t\t<\/div>\n\t\t<\/section>\n\t\t\t\t<section class=\"elementor-section elementor-top-section elementor-element elementor-element-d11e2d0 tab-parceiros tabs-novalaw elementor-section-boxed elementor-section-height-default elementor-section-height-default\" data-id=\"d11e2d0\" data-element_type=\"section\" id=\"tab-parceiros\">\n\t\t\t\t\t\t<div class=\"elementor-container elementor-column-gap-default\">\n\t\t\t\t\t<div class=\"elementor-column elementor-col-10 elementor-top-column elementor-element elementor-element-b1cc44b\" data-id=\"b1cc44b\" data-element_type=\"column\" data-settings=\"{&quot;animation&quot;:&quot;none&quot;}\">\n\t\t\t<div class=\"elementor-widget-wrap elementor-element-populated\">\n\t\t\t\t\t\t\t\t<div class=\"elementor-element elementor-element-07f178c elementor-widget elementor-widget-image\" data-id=\"07f178c\" data-element_type=\"widget\" data-widget_type=\"image.default\">\n\t\t\t\t<div class=\"elementor-widget-container\">\n\t\t\t\t\t\t\t\t\t\t\t\t\t\t\t\t<a href=\"https:\/\/www.vda.pt\/en\/people\/consultant\/ana-falcao-afonso\/75\/\">\n\t\t\t\t\t\t\t<img loading=\"lazy\" decoding=\"async\" width=\"202\" height=\"202\" src=\"https:\/\/novalaw.unl.pt\/wp-content\/uploads\/2021\/08\/SITE_docentes-parcerias-ANA-FALCAO.jpg\" class=\"attachment-full size-full\" alt=\"\" srcset=\"https:\/\/novalaw.unl.pt\/wp-content\/uploads\/2021\/08\/SITE_docentes-parcerias-ANA-FALCAO.jpg 202w, https:\/\/novalaw.unl.pt\/wp-content\/uploads\/2021\/08\/SITE_docentes-parcerias-ANA-FALCAO-150x150.jpg 150w, https:\/\/novalaw.unl.pt\/wp-content\/uploads\/2021\/08\/SITE_docentes-parcerias-ANA-FALCAO-100x100.jpg 100w\" sizes=\"auto, (max-width: 202px) 100vw, 202px\" \/>\t\t\t\t\t\t\t\t<\/a>\n\t\t\t\t\t\t\t\t\t\t\t\t\t\t\t<\/div>\n\t\t\t\t<\/div>\n\t\t\t\t<div class=\"elementor-element elementor-element-8df2b47 elementor-widget elementor-widget-heading\" data-id=\"8df2b47\" data-element_type=\"widget\" data-widget_type=\"heading.default\">\n\t\t\t\t<div class=\"elementor-widget-container\">\n\t\t\t<h3 class=\"elementor-heading-title elementor-size-default\">Ana Falc\u00e3o Afonso<\/h3>\t\t<\/div>\n\t\t\t\t<\/div>\n\t\t\t\t<div class=\"elementor-element elementor-element-7daecbe elementor-widget elementor-widget-heading\" data-id=\"7daecbe\" data-element_type=\"widget\" data-widget_type=\"heading.default\">\n\t\t\t\t<div class=\"elementor-widget-container\">\n\t\t\t<p class=\"elementor-heading-title elementor-size-default\">VdA - Vieira de Almeida, Sociedade de Advogados<\/p>\t\t<\/div>\n\t\t\t\t<\/div>\n\t\t\t\t\t<\/div>\n\t\t<\/div>\n\t\t\t\t<div class=\"elementor-column elementor-col-10 elementor-top-column elementor-element elementor-element-01d8f7e\" data-id=\"01d8f7e\" data-element_type=\"column\" data-settings=\"{&quot;animation&quot;:&quot;none&quot;}\">\n\t\t\t<div class=\"elementor-widget-wrap elementor-element-populated\">\n\t\t\t\t\t\t\t\t<div class=\"elementor-element elementor-element-09b4d7c elementor-widget elementor-widget-image\" data-id=\"09b4d7c\" data-element_type=\"widget\" data-widget_type=\"image.default\">\n\t\t\t\t<div class=\"elementor-widget-container\">\n\t\t\t\t\t\t\t\t\t\t\t\t\t\t\t\t<a href=\"https:\/\/www.novasbe.unl.pt\/en\/faculty-research\/faculty\/faculty-detail\/id\/22\">\n\t\t\t\t\t\t\t<img loading=\"lazy\" decoding=\"async\" width=\"400\" height=\"400\" src=\"https:\/\/novalaw.unl.pt\/wp-content\/uploads\/2022\/09\/Docentes_Antonieta_Cunha_Sa.jpg\" class=\"attachment-full size-full\" alt=\"\" srcset=\"https:\/\/novalaw.unl.pt\/wp-content\/uploads\/2022\/09\/Docentes_Antonieta_Cunha_Sa.jpg 400w, https:\/\/novalaw.unl.pt\/wp-content\/uploads\/2022\/09\/Docentes_Antonieta_Cunha_Sa-300x300.jpg 300w, https:\/\/novalaw.unl.pt\/wp-content\/uploads\/2022\/09\/Docentes_Antonieta_Cunha_Sa-150x150.jpg 150w\" sizes=\"auto, (max-width: 400px) 100vw, 400px\" \/>\t\t\t\t\t\t\t\t<\/a>\n\t\t\t\t\t\t\t\t\t\t\t\t\t\t\t<\/div>\n\t\t\t\t<\/div>\n\t\t\t\t<div class=\"elementor-element elementor-element-37bdd27 elementor-widget elementor-widget-heading\" data-id=\"37bdd27\" data-element_type=\"widget\" data-widget_type=\"heading.default\">\n\t\t\t\t<div class=\"elementor-widget-container\">\n\t\t\t<h3 class=\"elementor-heading-title elementor-size-default\">Antonieta Cunha e S\u00e1<\/h3>\t\t<\/div>\n\t\t\t\t<\/div>\n\t\t\t\t<div class=\"elementor-element elementor-element-2eaf802 elementor-widget elementor-widget-heading\" data-id=\"2eaf802\" data-element_type=\"widget\" data-widget_type=\"heading.default\">\n\t\t\t\t<div class=\"elementor-widget-container\">\n\t\t\t<p class=\"elementor-heading-title elementor-size-default\">Full Professor<br>(Nova SBE)<\/p>\t\t<\/div>\n\t\t\t\t<\/div>\n\t\t\t\t\t<\/div>\n\t\t<\/div>\n\t\t\t\t<div class=\"elementor-column elementor-col-10 elementor-top-column elementor-element elementor-element-b5ceb86\" data-id=\"b5ceb86\" data-element_type=\"column\" data-settings=\"{&quot;animation&quot;:&quot;none&quot;}\">\n\t\t\t<div class=\"elementor-widget-wrap elementor-element-populated\">\n\t\t\t\t\t\t\t\t<div class=\"elementor-element elementor-element-3680625 elementor-widget elementor-widget-image\" data-id=\"3680625\" data-element_type=\"widget\" data-widget_type=\"image.default\">\n\t\t\t\t<div class=\"elementor-widget-container\">\n\t\t\t\t\t\t\t\t\t\t\t\t\t\t\t\t<a href=\"https:\/\/www.novasbe.unl.pt\/en\/faculty-research\/faculty\/faculty-detail\/id\/89\">\n\t\t\t\t\t\t\t<img loading=\"lazy\" decoding=\"async\" width=\"202\" height=\"202\" src=\"https:\/\/novalaw.unl.pt\/wp-content\/uploads\/2024\/10\/SITE-CorpoDocente-Parceria-CarmenLages.jpg\" class=\"attachment-full size-full\" alt=\"\" srcset=\"https:\/\/novalaw.unl.pt\/wp-content\/uploads\/2024\/10\/SITE-CorpoDocente-Parceria-CarmenLages.jpg 202w, https:\/\/novalaw.unl.pt\/wp-content\/uploads\/2024\/10\/SITE-CorpoDocente-Parceria-CarmenLages-150x150.jpg 150w\" sizes=\"auto, (max-width: 202px) 100vw, 202px\" \/>\t\t\t\t\t\t\t\t<\/a>\n\t\t\t\t\t\t\t\t\t\t\t\t\t\t\t<\/div>\n\t\t\t\t<\/div>\n\t\t\t\t<div class=\"elementor-element elementor-element-3a65c17 elementor-widget elementor-widget-heading\" data-id=\"3a65c17\" data-element_type=\"widget\" data-widget_type=\"heading.default\">\n\t\t\t\t<div class=\"elementor-widget-container\">\n\t\t\t<h3 class=\"elementor-heading-title elementor-size-default\">Carmen Lages<\/h3>\t\t<\/div>\n\t\t\t\t<\/div>\n\t\t\t\t<div class=\"elementor-element elementor-element-1f5e4c2 elementor-widget elementor-widget-heading\" data-id=\"1f5e4c2\" data-element_type=\"widget\" data-widget_type=\"heading.default\">\n\t\t\t\t<div class=\"elementor-widget-container\">\n\t\t\t<p class=\"elementor-heading-title elementor-size-default\">Associate Professor with \"Agrega\u00e7\u00e3o\"<br>(Nova SBE)<\/p>\t\t<\/div>\n\t\t\t\t<\/div>\n\t\t\t\t\t<\/div>\n\t\t<\/div>\n\t\t\t\t<div class=\"elementor-column elementor-col-10 elementor-top-column elementor-element elementor-element-df2fa95\" data-id=\"df2fa95\" data-element_type=\"column\" data-settings=\"{&quot;animation&quot;:&quot;none&quot;}\">\n\t\t\t<div class=\"elementor-widget-wrap elementor-element-populated\">\n\t\t\t\t\t\t\t\t<div class=\"elementor-element elementor-element-b52e5b4 elementor-widget elementor-widget-image\" data-id=\"b52e5b4\" data-element_type=\"widget\" data-widget_type=\"image.default\">\n\t\t\t\t<div class=\"elementor-widget-container\">\n\t\t\t\t\t\t\t\t\t\t\t\t\t\t\t\t<a href=\"https:\/\/novalaw.unl.pt\/en\/comodoro-valente-tinoco-2\/\">\n\t\t\t\t\t\t\t<img loading=\"lazy\" decoding=\"async\" width=\"202\" height=\"202\" src=\"https:\/\/novalaw.unl.pt\/wp-content\/uploads\/2025\/02\/SITE-CorpoDocente-ProfessorConvidado-ComodoroValenteTinoco.jpg\" class=\"attachment-full size-full\" alt=\"\" srcset=\"https:\/\/novalaw.unl.pt\/wp-content\/uploads\/2025\/02\/SITE-CorpoDocente-ProfessorConvidado-ComodoroValenteTinoco.jpg 202w, https:\/\/novalaw.unl.pt\/wp-content\/uploads\/2025\/02\/SITE-CorpoDocente-ProfessorConvidado-ComodoroValenteTinoco-150x150.jpg 150w\" sizes=\"auto, (max-width: 202px) 100vw, 202px\" \/>\t\t\t\t\t\t\t\t<\/a>\n\t\t\t\t\t\t\t\t\t\t\t\t\t\t\t<\/div>\n\t\t\t\t<\/div>\n\t\t\t\t<div class=\"elementor-element elementor-element-45e5ce5 elementor-widget elementor-widget-heading\" data-id=\"45e5ce5\" data-element_type=\"widget\" data-widget_type=\"heading.default\">\n\t\t\t\t<div class=\"elementor-widget-container\">\n\t\t\t<h3 class=\"elementor-heading-title elementor-size-default\">Comodoro Valente Tinoco<\/h3>\t\t<\/div>\n\t\t\t\t<\/div>\n\t\t\t\t<div class=\"elementor-element elementor-element-cc796c7 elementor-widget elementor-widget-heading\" data-id=\"cc796c7\" data-element_type=\"widget\" data-widget_type=\"heading.default\">\n\t\t\t\t<div class=\"elementor-widget-container\">\n\t\t\t<p class=\"elementor-heading-title elementor-size-default\">Portuguese Navy<\/p>\t\t<\/div>\n\t\t\t\t<\/div>\n\t\t\t\t\t<\/div>\n\t\t<\/div>\n\t\t\t\t<div class=\"elementor-column elementor-col-10 elementor-top-column elementor-element elementor-element-4a9d3fb\" data-id=\"4a9d3fb\" data-element_type=\"column\" data-settings=\"{&quot;animation&quot;:&quot;none&quot;}\">\n\t\t\t<div class=\"elementor-widget-wrap elementor-element-populated\">\n\t\t\t\t\t\t\t\t<div class=\"elementor-element elementor-element-a61ce29 elementor-widget elementor-widget-image\" data-id=\"a61ce29\" data-element_type=\"widget\" data-widget_type=\"image.default\">\n\t\t\t\t<div class=\"elementor-widget-container\">\n\t\t\t\t\t\t\t\t\t\t\t\t\t\t\t\t<a href=\"https:\/\/www.mlgts.pt\/en\/people\/senior-lawyers\/Duarte-Santana-Lopes\/288\/\">\n\t\t\t\t\t\t\t<img loading=\"lazy\" decoding=\"async\" width=\"202\" height=\"202\" src=\"https:\/\/novalaw.unl.pt\/wp-content\/uploads\/2021\/08\/SITE_docentes-parcerias-DUARTE-SANTANA.jpg\" class=\"attachment-full size-full\" alt=\"\" srcset=\"https:\/\/novalaw.unl.pt\/wp-content\/uploads\/2021\/08\/SITE_docentes-parcerias-DUARTE-SANTANA.jpg 202w, https:\/\/novalaw.unl.pt\/wp-content\/uploads\/2021\/08\/SITE_docentes-parcerias-DUARTE-SANTANA-150x150.jpg 150w, https:\/\/novalaw.unl.pt\/wp-content\/uploads\/2021\/08\/SITE_docentes-parcerias-DUARTE-SANTANA-100x100.jpg 100w\" sizes=\"auto, (max-width: 202px) 100vw, 202px\" \/>\t\t\t\t\t\t\t\t<\/a>\n\t\t\t\t\t\t\t\t\t\t\t\t\t\t\t<\/div>\n\t\t\t\t<\/div>\n\t\t\t\t<div class=\"elementor-element elementor-element-39411fa elementor-widget elementor-widget-heading\" data-id=\"39411fa\" data-element_type=\"widget\" data-widget_type=\"heading.default\">\n\t\t\t\t<div class=\"elementor-widget-container\">\n\t\t\t<h3 class=\"elementor-heading-title elementor-size-default\">Duarte Santana Lopes<\/h3>\t\t<\/div>\n\t\t\t\t<\/div>\n\t\t\t\t<div class=\"elementor-element elementor-element-98d2ce0 elementor-widget elementor-widget-heading\" data-id=\"98d2ce0\" data-element_type=\"widget\" data-widget_type=\"heading.default\">\n\t\t\t\t<div class=\"elementor-widget-container\">\n\t\t\t<p class=\"elementor-heading-title elementor-size-default\">Morais Leit\u00e3o, Galv\u00e3o Teles, Soares da Silva & Associados<\/p>\t\t<\/div>\n\t\t\t\t<\/div>\n\t\t\t\t\t<\/div>\n\t\t<\/div>\n\t\t\t\t<div class=\"elementor-column elementor-col-10 elementor-top-column elementor-element elementor-element-d630299\" data-id=\"d630299\" data-element_type=\"column\" data-settings=\"{&quot;animation&quot;:&quot;none&quot;}\">\n\t\t\t<div class=\"elementor-widget-wrap elementor-element-populated\">\n\t\t\t\t\t\t\t\t<div class=\"elementor-element elementor-element-704b08a elementor-widget elementor-widget-image\" data-id=\"704b08a\" data-element_type=\"widget\" data-widget_type=\"image.default\">\n\t\t\t\t<div class=\"elementor-widget-container\">\n\t\t\t\t\t\t\t\t\t\t\t\t\t\t\t\t<a href=\"https:\/\/www.novasbe.unl.pt\/en\/faculty-research\/faculty\/faculty-detail\/id\/101\/emanuel-gomes\">\n\t\t\t\t\t\t\t<img loading=\"lazy\" decoding=\"async\" width=\"202\" height=\"202\" src=\"https:\/\/novalaw.unl.pt\/wp-content\/uploads\/2023\/12\/SITE-docentes-convidados-EmanuelGomes-1.jpg\" class=\"attachment-full size-full\" alt=\"\" srcset=\"https:\/\/novalaw.unl.pt\/wp-content\/uploads\/2023\/12\/SITE-docentes-convidados-EmanuelGomes-1.jpg 202w, https:\/\/novalaw.unl.pt\/wp-content\/uploads\/2023\/12\/SITE-docentes-convidados-EmanuelGomes-1-150x150.jpg 150w\" sizes=\"auto, (max-width: 202px) 100vw, 202px\" \/>\t\t\t\t\t\t\t\t<\/a>\n\t\t\t\t\t\t\t\t\t\t\t\t\t\t\t<\/div>\n\t\t\t\t<\/div>\n\t\t\t\t<div class=\"elementor-element elementor-element-ed7c9e9 elementor-widget elementor-widget-heading\" data-id=\"ed7c9e9\" data-element_type=\"widget\" data-widget_type=\"heading.default\">\n\t\t\t\t<div class=\"elementor-widget-container\">\n\t\t\t<h3 class=\"elementor-heading-title elementor-size-default\">Emanuel Gomes<\/h3>\t\t<\/div>\n\t\t\t\t<\/div>\n\t\t\t\t<div class=\"elementor-element elementor-element-f8a896c elementor-widget elementor-widget-heading\" data-id=\"f8a896c\" data-element_type=\"widget\" data-widget_type=\"heading.default\">\n\t\t\t\t<div class=\"elementor-widget-container\">\n\t\t\t<p class=\"elementor-heading-title elementor-size-default\">Professor (Nova SBE)<\/p>\t\t<\/div>\n\t\t\t\t<\/div>\n\t\t\t\t\t<\/div>\n\t\t<\/div>\n\t\t\t\t<div class=\"elementor-column elementor-col-10 elementor-top-column elementor-element elementor-element-99f8196\" data-id=\"99f8196\" data-element_type=\"column\" data-settings=\"{&quot;animation&quot;:&quot;none&quot;}\">\n\t\t\t<div class=\"elementor-widget-wrap elementor-element-populated\">\n\t\t\t\t\t\t\t\t<div class=\"elementor-element elementor-element-73eeb4e elementor-widget elementor-widget-image\" data-id=\"73eeb4e\" data-element_type=\"widget\" data-widget_type=\"image.default\">\n\t\t\t\t<div class=\"elementor-widget-container\">\n\t\t\t\t\t\t\t\t\t\t\t\t\t\t\t\t<a href=\"https:\/\/www.novaims.unl.pt\/en\/nova-ims\/teaching-staff\/d\/116\">\n\t\t\t\t\t\t\t<img loading=\"lazy\" decoding=\"async\" width=\"202\" height=\"202\" src=\"https:\/\/novalaw.unl.pt\/wp-content\/uploads\/2021\/08\/SITE_docentes-parcerias-JORGE-BRAVO.jpg\" class=\"attachment-full size-full\" alt=\"\" srcset=\"https:\/\/novalaw.unl.pt\/wp-content\/uploads\/2021\/08\/SITE_docentes-parcerias-JORGE-BRAVO.jpg 202w, https:\/\/novalaw.unl.pt\/wp-content\/uploads\/2021\/08\/SITE_docentes-parcerias-JORGE-BRAVO-150x150.jpg 150w, https:\/\/novalaw.unl.pt\/wp-content\/uploads\/2021\/08\/SITE_docentes-parcerias-JORGE-BRAVO-100x100.jpg 100w\" sizes=\"auto, (max-width: 202px) 100vw, 202px\" \/>\t\t\t\t\t\t\t\t<\/a>\n\t\t\t\t\t\t\t\t\t\t\t\t\t\t\t<\/div>\n\t\t\t\t<\/div>\n\t\t\t\t<div class=\"elementor-element elementor-element-ee3d5a9 elementor-widget elementor-widget-heading\" data-id=\"ee3d5a9\" data-element_type=\"widget\" data-widget_type=\"heading.default\">\n\t\t\t\t<div class=\"elementor-widget-container\">\n\t\t\t<h3 class=\"elementor-heading-title elementor-size-default\">Jorge Bravo<\/h3>\t\t<\/div>\n\t\t\t\t<\/div>\n\t\t\t\t<div class=\"elementor-element elementor-element-c43dec3 elementor-widget elementor-widget-heading\" data-id=\"c43dec3\" data-element_type=\"widget\" data-widget_type=\"heading.default\">\n\t\t\t\t<div class=\"elementor-widget-container\">\n\t\t\t<p class=\"elementor-heading-title elementor-size-default\">Associate Professor (NOVA IMS)<\/p>\t\t<\/div>\n\t\t\t\t<\/div>\n\t\t\t\t\t<\/div>\n\t\t<\/div>\n\t\t\t\t<div class=\"elementor-column elementor-col-10 elementor-top-column elementor-element elementor-element-380ea86\" data-id=\"380ea86\" data-element_type=\"column\" data-settings=\"{&quot;animation&quot;:&quot;none&quot;}\">\n\t\t\t<div class=\"elementor-widget-wrap elementor-element-populated\">\n\t\t\t\t\t\t\t\t<div class=\"elementor-element elementor-element-4e1b708 elementor-widget elementor-widget-image\" data-id=\"4e1b708\" data-element_type=\"widget\" data-widget_type=\"image.default\">\n\t\t\t\t<div class=\"elementor-widget-container\">\n\t\t\t\t\t\t\t\t\t\t\t\t\t\t\t\t<a href=\"https:\/\/ciencia.iscte-iul.pt\/authors\/luis-alberto-ferreira-de-oliveira\/cv\">\n\t\t\t\t\t\t\t<img loading=\"lazy\" decoding=\"async\" width=\"202\" height=\"202\" src=\"https:\/\/novalaw.unl.pt\/wp-content\/uploads\/2024\/11\/SITE-CorpoDocente-Parceria-LuisOliveira_02.jpg\" class=\"attachment-full size-full\" alt=\"\" srcset=\"https:\/\/novalaw.unl.pt\/wp-content\/uploads\/2024\/11\/SITE-CorpoDocente-Parceria-LuisOliveira_02.jpg 202w, https:\/\/novalaw.unl.pt\/wp-content\/uploads\/2024\/11\/SITE-CorpoDocente-Parceria-LuisOliveira_02-150x150.jpg 150w\" sizes=\"auto, (max-width: 202px) 100vw, 202px\" \/>\t\t\t\t\t\t\t\t<\/a>\n\t\t\t\t\t\t\t\t\t\t\t\t\t\t\t<\/div>\n\t\t\t\t<\/div>\n\t\t\t\t<div class=\"elementor-element elementor-element-f45dcd0 elementor-widget elementor-widget-heading\" data-id=\"f45dcd0\" data-element_type=\"widget\" data-widget_type=\"heading.default\">\n\t\t\t\t<div class=\"elementor-widget-container\">\n\t\t\t<h3 class=\"elementor-heading-title elementor-size-default\">Lu\u00eds Oliveira<\/h3>\t\t<\/div>\n\t\t\t\t<\/div>\n\t\t\t\t<div class=\"elementor-element elementor-element-acee5e2 elementor-widget elementor-widget-heading\" data-id=\"acee5e2\" data-element_type=\"widget\" data-widget_type=\"heading.default\">\n\t\t\t\t<div class=\"elementor-widget-container\">\n\t\t\t<p class=\"elementor-heading-title elementor-size-default\">Assistant Professor<br>(ISCTE-IUL)<\/p>\t\t<\/div>\n\t\t\t\t<\/div>\n\t\t\t\t\t<\/div>\n\t\t<\/div>\n\t\t\t\t<div class=\"elementor-column elementor-col-10 elementor-top-column elementor-element elementor-element-72a9fd7\" data-id=\"72a9fd7\" data-element_type=\"column\" data-settings=\"{&quot;animation&quot;:&quot;none&quot;}\">\n\t\t\t<div class=\"elementor-widget-wrap elementor-element-populated\">\n\t\t\t\t\t\t\t\t<div class=\"elementor-element elementor-element-beb55d6 elementor-widget elementor-widget-image\" data-id=\"beb55d6\" data-element_type=\"widget\" data-widget_type=\"image.default\">\n\t\t\t\t<div class=\"elementor-widget-container\">\n\t\t\t\t\t\t\t\t\t\t\t\t\t\t\t\t<a href=\"https:\/\/novalaw.unl.pt\/en\/mafalda-de-sampaio-borges-2\/\">\n\t\t\t\t\t\t\t<img loading=\"lazy\" decoding=\"async\" width=\"202\" height=\"202\" src=\"https:\/\/novalaw.unl.pt\/wp-content\/uploads\/2025\/09\/SITE_docentes-convidados-MAFALDA-DE-SAMPAIO-BORGES.jpg\" class=\"attachment-full size-full\" alt=\"\" srcset=\"https:\/\/novalaw.unl.pt\/wp-content\/uploads\/2025\/09\/SITE_docentes-convidados-MAFALDA-DE-SAMPAIO-BORGES.jpg 202w, https:\/\/novalaw.unl.pt\/wp-content\/uploads\/2025\/09\/SITE_docentes-convidados-MAFALDA-DE-SAMPAIO-BORGES-150x150.jpg 150w\" sizes=\"auto, (max-width: 202px) 100vw, 202px\" \/>\t\t\t\t\t\t\t\t<\/a>\n\t\t\t\t\t\t\t\t\t\t\t\t\t\t\t<\/div>\n\t\t\t\t<\/div>\n\t\t\t\t<div class=\"elementor-element elementor-element-5bb3152 elementor-widget elementor-widget-heading\" data-id=\"5bb3152\" data-element_type=\"widget\" data-widget_type=\"heading.default\">\n\t\t\t\t<div class=\"elementor-widget-container\">\n\t\t\t<h3 class=\"elementor-heading-title elementor-size-default\">Mafalda de Sampaio Borges<\/h3>\t\t<\/div>\n\t\t\t\t<\/div>\n\t\t\t\t<div class=\"elementor-element elementor-element-42f23b4 elementor-widget elementor-widget-heading\" data-id=\"42f23b4\" data-element_type=\"widget\" data-widget_type=\"heading.default\">\n\t\t\t\t<div class=\"elementor-widget-container\">\n\t\t\t<p class=\"elementor-heading-title elementor-size-default\">SIRP \u2014 Portuguese Republic Intelligence System<\/p>\t\t<\/div>\n\t\t\t\t<\/div>\n\t\t\t\t\t<\/div>\n\t\t<\/div>\n\t\t\t\t<div class=\"elementor-column elementor-col-10 elementor-top-column elementor-element elementor-element-66b1137\" data-id=\"66b1137\" data-element_type=\"column\" data-settings=\"{&quot;animation&quot;:&quot;none&quot;}\">\n\t\t\t<div class=\"elementor-widget-wrap elementor-element-populated\">\n\t\t\t\t\t\t\t\t<div class=\"elementor-element elementor-element-333a578 elementor-widget elementor-widget-image\" data-id=\"333a578\" data-element_type=\"widget\" data-widget_type=\"image.default\">\n\t\t\t\t<div class=\"elementor-widget-container\">\n\t\t\t\t\t\t\t\t\t\t\t\t\t\t\t\t<a href=\"https:\/\/www.mlgts.pt\/en\/people\/partners\/Magda-Fernandes\/254\/\">\n\t\t\t\t\t\t\t<img loading=\"lazy\" decoding=\"async\" width=\"202\" height=\"202\" src=\"https:\/\/novalaw.unl.pt\/wp-content\/uploads\/2024\/10\/SITE-CorpoDocente-ProfessoresConvidadosMagdaFernandes_01.jpg\" class=\"attachment-full size-full\" alt=\"\" srcset=\"https:\/\/novalaw.unl.pt\/wp-content\/uploads\/2024\/10\/SITE-CorpoDocente-ProfessoresConvidadosMagdaFernandes_01.jpg 202w, https:\/\/novalaw.unl.pt\/wp-content\/uploads\/2024\/10\/SITE-CorpoDocente-ProfessoresConvidadosMagdaFernandes_01-150x150.jpg 150w\" sizes=\"auto, (max-width: 202px) 100vw, 202px\" \/>\t\t\t\t\t\t\t\t<\/a>\n\t\t\t\t\t\t\t\t\t\t\t\t\t\t\t<\/div>\n\t\t\t\t<\/div>\n\t\t\t\t<div class=\"elementor-element elementor-element-35691ac elementor-widget elementor-widget-heading\" data-id=\"35691ac\" data-element_type=\"widget\" data-widget_type=\"heading.default\">\n\t\t\t\t<div class=\"elementor-widget-container\">\n\t\t\t<h3 class=\"elementor-heading-title elementor-size-default\">Magda Fernandes<\/h3>\t\t<\/div>\n\t\t\t\t<\/div>\n\t\t\t\t<div class=\"elementor-element elementor-element-ff80f5f elementor-widget elementor-widget-heading\" data-id=\"ff80f5f\" data-element_type=\"widget\" data-widget_type=\"heading.default\">\n\t\t\t\t<div class=\"elementor-widget-container\">\n\t\t\t<p class=\"elementor-heading-title elementor-size-default\">Morais Leit\u00e3o, Galv\u00e3o Teles, Soares da Silva & Associados<\/p>\t\t<\/div>\n\t\t\t\t<\/div>\n\t\t\t\t\t<\/div>\n\t\t<\/div>\n\t\t\t\t<div class=\"elementor-column elementor-col-10 elementor-top-column elementor-element elementor-element-0914b5c\" data-id=\"0914b5c\" data-element_type=\"column\" data-settings=\"{&quot;animation&quot;:&quot;none&quot;}\">\n\t\t\t<div class=\"elementor-widget-wrap elementor-element-populated\">\n\t\t\t\t\t\t\t\t<div class=\"elementor-element elementor-element-5e2b050 elementor-widget elementor-widget-image\" data-id=\"5e2b050\" data-element_type=\"widget\" data-widget_type=\"image.default\">\n\t\t\t\t<div class=\"elementor-widget-container\">\n\t\t\t\t\t\t\t\t\t\t\t\t\t\t\t\t<a href=\"https:\/\/www.plmj.com\/en\/people\/partners\/maria-zagallo\/31322\/\">\n\t\t\t\t\t\t\t<img loading=\"lazy\" decoding=\"async\" width=\"202\" height=\"202\" src=\"https:\/\/novalaw.unl.pt\/wp-content\/uploads\/2024\/10\/SITE-CorpoDocente-Parceria-MariaZagallo.jpg\" class=\"attachment-full size-full\" alt=\"\" srcset=\"https:\/\/novalaw.unl.pt\/wp-content\/uploads\/2024\/10\/SITE-CorpoDocente-Parceria-MariaZagallo.jpg 202w, https:\/\/novalaw.unl.pt\/wp-content\/uploads\/2024\/10\/SITE-CorpoDocente-Parceria-MariaZagallo-150x150.jpg 150w\" sizes=\"auto, (max-width: 202px) 100vw, 202px\" \/>\t\t\t\t\t\t\t\t<\/a>\n\t\t\t\t\t\t\t\t\t\t\t\t\t\t\t<\/div>\n\t\t\t\t<\/div>\n\t\t\t\t<div class=\"elementor-element elementor-element-2cb268f elementor-widget elementor-widget-heading\" data-id=\"2cb268f\" data-element_type=\"widget\" data-widget_type=\"heading.default\">\n\t\t\t\t<div class=\"elementor-widget-container\">\n\t\t\t<h3 class=\"elementor-heading-title elementor-size-default\">Maria Zagallo<\/h3>\t\t<\/div>\n\t\t\t\t<\/div>\n\t\t\t\t<div class=\"elementor-element elementor-element-f8e0dd1 elementor-widget elementor-widget-heading\" data-id=\"f8e0dd1\" data-element_type=\"widget\" data-widget_type=\"heading.default\">\n\t\t\t\t<div class=\"elementor-widget-container\">\n\t\t\t<p class=\"elementor-heading-title elementor-size-default\">PLMJ<\/p>\t\t<\/div>\n\t\t\t\t<\/div>\n\t\t\t\t\t<\/div>\n\t\t<\/div>\n\t\t\t\t<div class=\"elementor-column elementor-col-10 elementor-top-column elementor-element elementor-element-d29005b\" data-id=\"d29005b\" data-element_type=\"column\" data-settings=\"{&quot;animation&quot;:&quot;none&quot;}\">\n\t\t\t<div class=\"elementor-widget-wrap elementor-element-populated\">\n\t\t\t\t\t\t\t\t<div class=\"elementor-element elementor-element-e7e6a8e elementor-widget elementor-widget-image\" data-id=\"e7e6a8e\" data-element_type=\"widget\" data-widget_type=\"image.default\">\n\t\t\t\t<div class=\"elementor-widget-container\">\n\t\t\t\t\t\t\t\t\t\t\t\t\t\t\t\t<a href=\"https:\/\/novalaw.unl.pt\/en\/margarida-ramos-pereira\/\">\n\t\t\t\t\t\t\t<img loading=\"lazy\" decoding=\"async\" width=\"202\" height=\"202\" src=\"https:\/\/novalaw.unl.pt\/wp-content\/uploads\/2022\/11\/SITE-docentes-convidados-MargaridaRamosPereira.jpg\" class=\"attachment-full size-full\" alt=\"\" srcset=\"https:\/\/novalaw.unl.pt\/wp-content\/uploads\/2022\/11\/SITE-docentes-convidados-MargaridaRamosPereira.jpg 202w, https:\/\/novalaw.unl.pt\/wp-content\/uploads\/2022\/11\/SITE-docentes-convidados-MargaridaRamosPereira-150x150.jpg 150w\" sizes=\"auto, (max-width: 202px) 100vw, 202px\" \/>\t\t\t\t\t\t\t\t<\/a>\n\t\t\t\t\t\t\t\t\t\t\t\t\t\t\t<\/div>\n\t\t\t\t<\/div>\n\t\t\t\t<div class=\"elementor-element elementor-element-9fdca95 elementor-widget elementor-widget-heading\" data-id=\"9fdca95\" data-element_type=\"widget\" data-widget_type=\"heading.default\">\n\t\t\t\t<div class=\"elementor-widget-container\">\n\t\t\t<h3 class=\"elementor-heading-title elementor-size-default\">Margarida Ramos Pereira<\/h3>\t\t<\/div>\n\t\t\t\t<\/div>\n\t\t\t\t<div class=\"elementor-element elementor-element-66809c3 elementor-widget elementor-widget-heading\" data-id=\"66809c3\" data-element_type=\"widget\" data-widget_type=\"heading.default\">\n\t\t\t\t<div class=\"elementor-widget-container\">\n\t\t\t<p class=\"elementor-heading-title elementor-size-default\">Deloitte Portugal<\/p>\t\t<\/div>\n\t\t\t\t<\/div>\n\t\t\t\t\t<\/div>\n\t\t<\/div>\n\t\t\t\t<div class=\"elementor-column elementor-col-33 elementor-top-column elementor-element elementor-element-f0d91c8\" data-id=\"f0d91c8\" data-element_type=\"column\" data-settings=\"{&quot;animation&quot;:&quot;none&quot;}\">\n\t\t\t<div class=\"elementor-widget-wrap elementor-element-populated\">\n\t\t\t\t\t\t\t\t<div class=\"elementor-element elementor-element-4671b02 elementor-widget elementor-widget-image\" data-id=\"4671b02\" data-element_type=\"widget\" data-widget_type=\"image.default\">\n\t\t\t\t<div class=\"elementor-widget-container\">\n\t\t\t\t\t\t\t\t\t\t\t\t\t\t\t\t<a href=\"https:\/\/www.novasbe.unl.pt\/en\/faculty-research\/faculty\/faculty-detail\/id\/17\">\n\t\t\t\t\t\t\t<img loading=\"lazy\" decoding=\"async\" width=\"202\" height=\"202\" src=\"https:\/\/novalaw.unl.pt\/wp-content\/uploads\/2024\/10\/SITE-CorpoDocente-Parceria-Miguel-Pina-e-Cunha.jpg\" class=\"attachment-full size-full\" alt=\"\" srcset=\"https:\/\/novalaw.unl.pt\/wp-content\/uploads\/2024\/10\/SITE-CorpoDocente-Parceria-Miguel-Pina-e-Cunha.jpg 202w, https:\/\/novalaw.unl.pt\/wp-content\/uploads\/2024\/10\/SITE-CorpoDocente-Parceria-Miguel-Pina-e-Cunha-150x150.jpg 150w\" sizes=\"auto, (max-width: 202px) 100vw, 202px\" \/>\t\t\t\t\t\t\t\t<\/a>\n\t\t\t\t\t\t\t\t\t\t\t\t\t\t\t<\/div>\n\t\t\t\t<\/div>\n\t\t\t\t<div class=\"elementor-element elementor-element-e0454ca elementor-widget elementor-widget-heading\" data-id=\"e0454ca\" data-element_type=\"widget\" data-widget_type=\"heading.default\">\n\t\t\t\t<div class=\"elementor-widget-container\">\n\t\t\t<h3 class=\"elementor-heading-title elementor-size-default\">Miguel Pina e Cunha<\/h3>\t\t<\/div>\n\t\t\t\t<\/div>\n\t\t\t\t<div class=\"elementor-element elementor-element-9d858c7 elementor-widget elementor-widget-heading\" data-id=\"9d858c7\" data-element_type=\"widget\" data-widget_type=\"heading.default\">\n\t\t\t\t<div class=\"elementor-widget-container\">\n\t\t\t<p class=\"elementor-heading-title elementor-size-default\">Full Professor<br>(Nova SBE)<\/p>\t\t<\/div>\n\t\t\t\t<\/div>\n\t\t\t\t\t<\/div>\n\t\t<\/div>\n\t\t\t\t<div class=\"elementor-column elementor-col-33 elementor-top-column elementor-element elementor-element-b932fc9\" data-id=\"b932fc9\" data-element_type=\"column\" data-settings=\"{&quot;animation&quot;:&quot;none&quot;}\">\n\t\t\t<div class=\"elementor-widget-wrap elementor-element-populated\">\n\t\t\t\t\t\t\t\t<div class=\"elementor-element elementor-element-01e885c elementor-widget elementor-widget-image\" data-id=\"01e885c\" data-element_type=\"widget\" data-widget_type=\"image.default\">\n\t\t\t\t<div class=\"elementor-widget-container\">\n\t\t\t\t\t\t\t\t\t\t\t\t\t\t\t\t<a href=\"https:\/\/novalaw.unl.pt\/en\/miguel-teixeira-coelho-2\/\">\n\t\t\t\t\t\t\t<img loading=\"lazy\" decoding=\"async\" width=\"202\" height=\"202\" src=\"https:\/\/novalaw.unl.pt\/wp-content\/uploads\/2025\/02\/SITE-CorpoDocente-ProfessorConvidado-MiguelTeixeiraCoelho.jpg\" class=\"attachment-full size-full\" alt=\"\" srcset=\"https:\/\/novalaw.unl.pt\/wp-content\/uploads\/2025\/02\/SITE-CorpoDocente-ProfessorConvidado-MiguelTeixeiraCoelho.jpg 202w, https:\/\/novalaw.unl.pt\/wp-content\/uploads\/2025\/02\/SITE-CorpoDocente-ProfessorConvidado-MiguelTeixeiraCoelho-150x150.jpg 150w\" sizes=\"auto, (max-width: 202px) 100vw, 202px\" \/>\t\t\t\t\t\t\t\t<\/a>\n\t\t\t\t\t\t\t\t\t\t\t\t\t\t\t<\/div>\n\t\t\t\t<\/div>\n\t\t\t\t<div class=\"elementor-element elementor-element-b249161 elementor-widget elementor-widget-heading\" data-id=\"b249161\" data-element_type=\"widget\" data-widget_type=\"heading.default\">\n\t\t\t\t<div class=\"elementor-widget-container\">\n\t\t\t<h3 class=\"elementor-heading-title elementor-size-default\">Miguel Teixeira Coelho<\/h3>\t\t<\/div>\n\t\t\t\t<\/div>\n\t\t\t\t<div class=\"elementor-element elementor-element-8f5956e elementor-widget elementor-widget-heading\" data-id=\"8f5956e\" data-element_type=\"widget\" data-widget_type=\"heading.default\">\n\t\t\t\t<div class=\"elementor-widget-container\">\n\t\t\t<p class=\"elementor-heading-title elementor-size-default\">Guest Professor<br>(NOVA IMS)<\/p>\t\t<\/div>\n\t\t\t\t<\/div>\n\t\t\t\t\t<\/div>\n\t\t<\/div>\n\t\t\t\t<div class=\"elementor-column elementor-col-33 elementor-top-column elementor-element elementor-element-46479dd\" data-id=\"46479dd\" data-element_type=\"column\" data-settings=\"{&quot;animation&quot;:&quot;none&quot;}\">\n\t\t\t<div class=\"elementor-widget-wrap elementor-element-populated\">\n\t\t\t\t\t\t\t\t<div class=\"elementor-element elementor-element-a1a8d11 elementor-widget elementor-widget-image\" data-id=\"a1a8d11\" data-element_type=\"widget\" data-widget_type=\"image.default\">\n\t\t\t\t<div class=\"elementor-widget-container\">\n\t\t\t\t\t\t\t\t\t\t\t\t\t\t\t\t<a href=\"https:\/\/www.novasbe.unl.pt\/en\/faculty-research\/faculty\/faculty-detail\/id\/121\">\n\t\t\t\t\t\t\t<img loading=\"lazy\" decoding=\"async\" width=\"202\" height=\"202\" src=\"https:\/\/novalaw.unl.pt\/wp-content\/uploads\/2024\/10\/SITE-CorpoDocente-Parceria-MiltondeSousa.jpg\" class=\"attachment-full size-full\" alt=\"\" srcset=\"https:\/\/novalaw.unl.pt\/wp-content\/uploads\/2024\/10\/SITE-CorpoDocente-Parceria-MiltondeSousa.jpg 202w, https:\/\/novalaw.unl.pt\/wp-content\/uploads\/2024\/10\/SITE-CorpoDocente-Parceria-MiltondeSousa-150x150.jpg 150w\" sizes=\"auto, (max-width: 202px) 100vw, 202px\" \/>\t\t\t\t\t\t\t\t<\/a>\n\t\t\t\t\t\t\t\t\t\t\t\t\t\t\t<\/div>\n\t\t\t\t<\/div>\n\t\t\t\t<div class=\"elementor-element elementor-element-d92c267 elementor-widget elementor-widget-heading\" data-id=\"d92c267\" data-element_type=\"widget\" data-widget_type=\"heading.default\">\n\t\t\t\t<div class=\"elementor-widget-container\">\n\t\t\t<h3 class=\"elementor-heading-title elementor-size-default\">Milton de Sousa<\/h3>\t\t<\/div>\n\t\t\t\t<\/div>\n\t\t\t\t<div class=\"elementor-element elementor-element-f1803b1 elementor-widget elementor-widget-heading\" data-id=\"f1803b1\" data-element_type=\"widget\" data-widget_type=\"heading.default\">\n\t\t\t\t<div class=\"elementor-widget-container\">\n\t\t\t<p class=\"elementor-heading-title elementor-size-default\">Associate Professor<br>(Nova SBE)<\/p>\t\t<\/div>\n\t\t\t\t<\/div>\n\t\t\t\t\t<\/div>\n\t\t<\/div>\n\t\t\t\t<div class=\"elementor-column elementor-col-33 elementor-top-column elementor-element elementor-element-06f1614\" data-id=\"06f1614\" data-element_type=\"column\" data-settings=\"{&quot;animation&quot;:&quot;none&quot;}\">\n\t\t\t<div class=\"elementor-widget-wrap elementor-element-populated\">\n\t\t\t\t\t\t\t\t<div class=\"elementor-element elementor-element-e605a13 elementor-widget elementor-widget-image\" data-id=\"e605a13\" data-element_type=\"widget\" data-widget_type=\"image.default\">\n\t\t\t\t<div class=\"elementor-widget-container\">\n\t\t\t\t\t\t\t\t\t\t\t\t\t\t\t\t<a href=\"https:\/\/abreuadvogados.com\/en\/pessoas\/pedro-alves-da-silva\/\">\n\t\t\t\t\t\t\t<img loading=\"lazy\" decoding=\"async\" width=\"201\" height=\"201\" src=\"https:\/\/novalaw.unl.pt\/wp-content\/uploads\/2024\/10\/SITE-CorpoDocente-Parceria-PedroAlvesdaSilva.jpg\" class=\"attachment-full size-full\" alt=\"\" srcset=\"https:\/\/novalaw.unl.pt\/wp-content\/uploads\/2024\/10\/SITE-CorpoDocente-Parceria-PedroAlvesdaSilva.jpg 201w, https:\/\/novalaw.unl.pt\/wp-content\/uploads\/2024\/10\/SITE-CorpoDocente-Parceria-PedroAlvesdaSilva-150x150.jpg 150w\" sizes=\"auto, (max-width: 201px) 100vw, 201px\" \/>\t\t\t\t\t\t\t\t<\/a>\n\t\t\t\t\t\t\t\t\t\t\t\t\t\t\t<\/div>\n\t\t\t\t<\/div>\n\t\t\t\t<div class=\"elementor-element elementor-element-795c813 elementor-widget elementor-widget-heading\" data-id=\"795c813\" data-element_type=\"widget\" data-widget_type=\"heading.default\">\n\t\t\t\t<div class=\"elementor-widget-container\">\n\t\t\t<h3 class=\"elementor-heading-title elementor-size-default\">Pedro Alves da Silva<\/h3>\t\t<\/div>\n\t\t\t\t<\/div>\n\t\t\t\t<div class=\"elementor-element elementor-element-71b7295 elementor-widget elementor-widget-heading\" data-id=\"71b7295\" data-element_type=\"widget\" data-widget_type=\"heading.default\">\n\t\t\t\t<div class=\"elementor-widget-container\">\n\t\t\t<p class=\"elementor-heading-title elementor-size-default\">Abreu Advogados<\/p>\t\t<\/div>\n\t\t\t\t<\/div>\n\t\t\t\t\t<\/div>\n\t\t<\/div>\n\t\t\t\t<div class=\"elementor-column elementor-col-33 elementor-top-column elementor-element elementor-element-93c5aa0\" data-id=\"93c5aa0\" data-element_type=\"column\" data-settings=\"{&quot;animation&quot;:&quot;none&quot;}\">\n\t\t\t<div class=\"elementor-widget-wrap elementor-element-populated\">\n\t\t\t\t\t\t\t\t<div class=\"elementor-element elementor-element-e14c1c7 elementor-widget elementor-widget-image\" data-id=\"e14c1c7\" data-element_type=\"widget\" data-widget_type=\"image.default\">\n\t\t\t\t<div class=\"elementor-widget-container\">\n\t\t\t\t\t\t\t\t\t\t\t\t\t\t\t\t<a href=\"https:\/\/abreuadvogados.com\/en\/pessoas\/pedro-alves-da-silva\/\">\n\t\t\t\t\t\t\t<img loading=\"lazy\" decoding=\"async\" width=\"202\" height=\"202\" src=\"https:\/\/novalaw.unl.pt\/wp-content\/uploads\/2021\/08\/SITE_docentes-parcerias-PEDRO-SIMOES.jpg\" class=\"attachment-full size-full\" alt=\"\" srcset=\"https:\/\/novalaw.unl.pt\/wp-content\/uploads\/2021\/08\/SITE_docentes-parcerias-PEDRO-SIMOES.jpg 202w, https:\/\/novalaw.unl.pt\/wp-content\/uploads\/2021\/08\/SITE_docentes-parcerias-PEDRO-SIMOES-150x150.jpg 150w, https:\/\/novalaw.unl.pt\/wp-content\/uploads\/2021\/08\/SITE_docentes-parcerias-PEDRO-SIMOES-100x100.jpg 100w\" sizes=\"auto, (max-width: 202px) 100vw, 202px\" \/>\t\t\t\t\t\t\t\t<\/a>\n\t\t\t\t\t\t\t\t\t\t\t\t\t\t\t<\/div>\n\t\t\t\t<\/div>\n\t\t\t\t<div class=\"elementor-element elementor-element-383cce9 elementor-widget elementor-widget-heading\" data-id=\"383cce9\" data-element_type=\"widget\" data-widget_type=\"heading.default\">\n\t\t\t\t<div class=\"elementor-widget-container\">\n\t\t\t<h3 class=\"elementor-heading-title elementor-size-default\">Pedro Sim\u00f5es Coelho<\/h3>\t\t<\/div>\n\t\t\t\t<\/div>\n\t\t\t\t<div class=\"elementor-element elementor-element-e9a65c6 elementor-widget elementor-widget-heading\" data-id=\"e9a65c6\" data-element_type=\"widget\" data-widget_type=\"heading.default\">\n\t\t\t\t<div class=\"elementor-widget-container\">\n\t\t\t<p class=\"elementor-heading-title elementor-size-default\">Full Professor<br>(NOVA IMS)<\/p>\t\t<\/div>\n\t\t\t\t<\/div>\n\t\t\t\t\t<\/div>\n\t\t<\/div>\n\t\t\t\t<div class=\"elementor-column elementor-col-10 elementor-top-column elementor-element elementor-element-b1104a5\" data-id=\"b1104a5\" data-element_type=\"column\" data-settings=\"{&quot;animation&quot;:&quot;none&quot;}\">\n\t\t\t<div class=\"elementor-widget-wrap elementor-element-populated\">\n\t\t\t\t\t\t\t\t<div class=\"elementor-element elementor-element-08cc7e1 elementor-widget elementor-widget-image\" data-id=\"08cc7e1\" data-element_type=\"widget\" data-widget_type=\"image.default\">\n\t\t\t\t<div class=\"elementor-widget-container\">\n\t\t\t\t\t\t\t\t\t\t\t\t\t\t\t\t<a href=\"https:\/\/www.novasbe.unl.pt\/en\/faculty-research\/faculty\/faculty-detail\/id\/39\">\n\t\t\t\t\t\t\t<img loading=\"lazy\" decoding=\"async\" width=\"202\" height=\"202\" src=\"https:\/\/novalaw.unl.pt\/wp-content\/uploads\/2024\/10\/SITE-CorpoDocente-Parceria-RuiAugusto.jpg\" class=\"attachment-full size-full\" alt=\"\" srcset=\"https:\/\/novalaw.unl.pt\/wp-content\/uploads\/2024\/10\/SITE-CorpoDocente-Parceria-RuiAugusto.jpg 202w, https:\/\/novalaw.unl.pt\/wp-content\/uploads\/2024\/10\/SITE-CorpoDocente-Parceria-RuiAugusto-150x150.jpg 150w\" sizes=\"auto, (max-width: 202px) 100vw, 202px\" \/>\t\t\t\t\t\t\t\t<\/a>\n\t\t\t\t\t\t\t\t\t\t\t\t\t\t\t<\/div>\n\t\t\t\t<\/div>\n\t\t\t\t<div class=\"elementor-element elementor-element-fa10e88 elementor-widget elementor-widget-heading\" data-id=\"fa10e88\" data-element_type=\"widget\" data-widget_type=\"heading.default\">\n\t\t\t\t<div class=\"elementor-widget-container\">\n\t\t\t<h3 class=\"elementor-heading-title elementor-size-default\">Rui Augusto<\/h3>\t\t<\/div>\n\t\t\t\t<\/div>\n\t\t\t\t<div class=\"elementor-element elementor-element-c431726 elementor-widget elementor-widget-heading\" data-id=\"c431726\" data-element_type=\"widget\" data-widget_type=\"heading.default\">\n\t\t\t\t<div class=\"elementor-widget-container\">\n\t\t\t<p class=\"elementor-heading-title elementor-size-default\">Assistant Professor<BR>(Nova SBE)<\/p>\t\t<\/div>\n\t\t\t\t<\/div>\n\t\t\t\t\t<\/div>\n\t\t<\/div>\n\t\t\t\t<div class=\"elementor-column elementor-col-10 elementor-top-column elementor-element elementor-element-dcd8b74\" data-id=\"dcd8b74\" data-element_type=\"column\" data-settings=\"{&quot;animation&quot;:&quot;none&quot;}\">\n\t\t\t<div class=\"elementor-widget-wrap elementor-element-populated\">\n\t\t\t\t\t\t\t\t<div class=\"elementor-element elementor-element-e021d34 elementor-widget elementor-widget-image\" data-id=\"e021d34\" data-element_type=\"widget\" data-widget_type=\"image.default\">\n\t\t\t\t<div class=\"elementor-widget-container\">\n\t\t\t\t\t\t\t\t\t\t\t\t\t\t\t\t<a href=\"https:\/\/www.novasbe.unl.pt\/en\/faculty-research\/faculty\/faculty-detail\/id\/46\">\n\t\t\t\t\t\t\t<img loading=\"lazy\" decoding=\"async\" width=\"202\" height=\"202\" src=\"https:\/\/novalaw.unl.pt\/wp-content\/uploads\/2023\/10\/SITE-docentes-convidados-Steffen-Hoerning.jpg\" class=\"attachment-full size-full\" alt=\"\" srcset=\"https:\/\/novalaw.unl.pt\/wp-content\/uploads\/2023\/10\/SITE-docentes-convidados-Steffen-Hoerning.jpg 202w, https:\/\/novalaw.unl.pt\/wp-content\/uploads\/2023\/10\/SITE-docentes-convidados-Steffen-Hoerning-150x150.jpg 150w\" sizes=\"auto, (max-width: 202px) 100vw, 202px\" \/>\t\t\t\t\t\t\t\t<\/a>\n\t\t\t\t\t\t\t\t\t\t\t\t\t\t\t<\/div>\n\t\t\t\t<\/div>\n\t\t\t\t<div class=\"elementor-element elementor-element-006dc07 elementor-widget elementor-widget-heading\" data-id=\"006dc07\" data-element_type=\"widget\" data-widget_type=\"heading.default\">\n\t\t\t\t<div class=\"elementor-widget-container\">\n\t\t\t<h3 class=\"elementor-heading-title elementor-size-default\">Steffen Hoernig<\/h3>\t\t<\/div>\n\t\t\t\t<\/div>\n\t\t\t\t<div class=\"elementor-element elementor-element-0185c3c elementor-widget elementor-widget-heading\" data-id=\"0185c3c\" data-element_type=\"widget\" data-widget_type=\"heading.default\">\n\t\t\t\t<div class=\"elementor-widget-container\">\n\t\t\t<p class=\"elementor-heading-title elementor-size-default\">Full Professor<br>(Nova SBE)<\/p>\t\t<\/div>\n\t\t\t\t<\/div>\n\t\t\t\t\t<\/div>\n\t\t<\/div>\n\t\t\t\t<div class=\"elementor-column elementor-col-10 elementor-top-column elementor-element elementor-element-f9b8261\" data-id=\"f9b8261\" data-element_type=\"column\" data-settings=\"{&quot;animation&quot;:&quot;none&quot;}\">\n\t\t\t<div class=\"elementor-widget-wrap elementor-element-populated\">\n\t\t\t\t\t\t\t\t<div class=\"elementor-element elementor-element-3f1e110 elementor-widget elementor-widget-image\" data-id=\"3f1e110\" data-element_type=\"widget\" data-widget_type=\"image.default\">\n\t\t\t\t<div class=\"elementor-widget-container\">\n\t\t\t\t\t\t\t\t\t\t\t\t\t\t\t\t<a href=\"https:\/\/novalaw.unl.pt\/en\/teresa-violante-2\/\">\n\t\t\t\t\t\t\t<img loading=\"lazy\" decoding=\"async\" width=\"920\" height=\"920\" src=\"https:\/\/novalaw.unl.pt\/wp-content\/uploads\/2024\/06\/Teresa-Violante.jpg\" class=\"attachment-full size-full\" alt=\"\" srcset=\"https:\/\/novalaw.unl.pt\/wp-content\/uploads\/2024\/06\/Teresa-Violante.jpg 920w, https:\/\/novalaw.unl.pt\/wp-content\/uploads\/2024\/06\/Teresa-Violante-300x300.jpg 300w, https:\/\/novalaw.unl.pt\/wp-content\/uploads\/2024\/06\/Teresa-Violante-150x150.jpg 150w, https:\/\/novalaw.unl.pt\/wp-content\/uploads\/2024\/06\/Teresa-Violante-768x768.jpg 768w\" sizes=\"auto, (max-width: 920px) 100vw, 920px\" \/>\t\t\t\t\t\t\t\t<\/a>\n\t\t\t\t\t\t\t\t\t\t\t\t\t\t\t<\/div>\n\t\t\t\t<\/div>\n\t\t\t\t<div class=\"elementor-element elementor-element-70f02b6 elementor-widget elementor-widget-heading\" data-id=\"70f02b6\" data-element_type=\"widget\" data-widget_type=\"heading.default\">\n\t\t\t\t<div class=\"elementor-widget-container\">\n\t\t\t<h3 class=\"elementor-heading-title elementor-size-default\">Teresa Violante<\/h3>\t\t<\/div>\n\t\t\t\t<\/div>\n\t\t\t\t<div class=\"elementor-element elementor-element-efd8814 elementor-widget elementor-widget-heading\" data-id=\"efd8814\" data-element_type=\"widget\" data-widget_type=\"heading.default\">\n\t\t\t\t<div class=\"elementor-widget-container\">\n\t\t\t<p class=\"elementor-heading-title elementor-size-default\">EPLO<\/p>\t\t<\/div>\n\t\t\t\t<\/div>\n\t\t\t\t\t<\/div>\n\t\t<\/div>\n\t\t\t\t<div class=\"elementor-column elementor-col-10 elementor-top-column elementor-element elementor-element-869c162\" data-id=\"869c162\" data-element_type=\"column\" data-settings=\"{&quot;animation&quot;:&quot;none&quot;}\">\n\t\t\t<div class=\"elementor-widget-wrap elementor-element-populated\">\n\t\t\t\t\t\t\t\t<div class=\"elementor-element elementor-element-99dd0f2 elementor-widget elementor-widget-image\" data-id=\"99dd0f2\" data-element_type=\"widget\" data-widget_type=\"image.default\">\n\t\t\t\t<div class=\"elementor-widget-container\">\n\t\t\t\t\t\t\t\t\t\t\t\t\t\t\t\t<a href=\"https:\/\/www.novasbe.unl.pt\/en\/faculty-research\/faculty\/faculty-detail\/id\/14\">\n\t\t\t\t\t\t\t<img loading=\"lazy\" decoding=\"async\" width=\"300\" height=\"300\" src=\"https:\/\/novalaw.unl.pt\/wp-content\/uploads\/2021\/09\/Vasco-Santos-scaled-e1593538092954.jpg\" class=\"attachment-full size-full\" alt=\"\" srcset=\"https:\/\/novalaw.unl.pt\/wp-content\/uploads\/2021\/09\/Vasco-Santos-scaled-e1593538092954.jpg 300w, https:\/\/novalaw.unl.pt\/wp-content\/uploads\/2021\/09\/Vasco-Santos-scaled-e1593538092954-150x150.jpg 150w, https:\/\/novalaw.unl.pt\/wp-content\/uploads\/2021\/09\/Vasco-Santos-scaled-e1593538092954-100x100.jpg 100w\" sizes=\"auto, (max-width: 300px) 100vw, 300px\" \/>\t\t\t\t\t\t\t\t<\/a>\n\t\t\t\t\t\t\t\t\t\t\t\t\t\t\t<\/div>\n\t\t\t\t<\/div>\n\t\t\t\t<div class=\"elementor-element elementor-element-2949326 elementor-widget elementor-widget-heading\" data-id=\"2949326\" data-element_type=\"widget\" data-widget_type=\"heading.default\">\n\t\t\t\t<div class=\"elementor-widget-container\">\n\t\t\t<h3 class=\"elementor-heading-title elementor-size-default\">Vasco Santos<\/h3>\t\t<\/div>\n\t\t\t\t<\/div>\n\t\t\t\t<div class=\"elementor-element elementor-element-b2b91c0 elementor-widget elementor-widget-heading\" data-id=\"b2b91c0\" data-element_type=\"widget\" data-widget_type=\"heading.default\">\n\t\t\t\t<div class=\"elementor-widget-container\">\n\t\t\t<p class=\"elementor-heading-title elementor-size-default\">Associate Professor<br>(Nova SBE)<\/p>\t\t<\/div>\n\t\t\t\t<\/div>\n\t\t\t\t\t<\/div>\n\t\t<\/div>\n\t\t\t\t\t\t\t<\/div>\n\t\t<\/section>\n\t\t\t\t<section class=\"elementor-section elementor-top-section elementor-element elementor-element-828e74b tab-news tabs-novalaw elementor-section-boxed elementor-section-height-default elementor-section-height-default\" data-id=\"828e74b\" data-element_type=\"section\" id=\"tab-news\">\n\t\t\t\t\t\t<div class=\"elementor-container elementor-column-gap-default\">\n\t\t\t\t\t<div class=\"elementor-column elementor-col-100 elementor-top-column elementor-element elementor-element-84a8c35\" data-id=\"84a8c35\" data-element_type=\"column\">\n\t\t\t<div class=\"elementor-widget-wrap elementor-element-populated\">\n\t\t\t\t\t\t\t\t<div class=\"elementor-element elementor-element-e80dffc elementor-widget elementor-widget-text-editor\" data-id=\"e80dffc\" data-element_type=\"widget\" data-widget_type=\"text-editor.default\">\n\t\t\t\t<div class=\"elementor-widget-container\">\n\t\t\t\t\t\t\tThe news that reflects the excellence of the best and most talented teachers, from a variety of backgrounds, paths, and training, who enrich our teaching staff with different ways of teaching, interests, points of view and diverse life experiences.\t\t\t\t\t\t<\/div>\n\t\t\t\t<\/div>\n\t\t\t\t<div class=\"elementor-element elementor-element-877fffc elementor-grid-4 elementor-posts--thumbnail-top elementor-grid-tablet-2 elementor-grid-mobile-1 elementor-widget elementor-widget-posts\" data-id=\"877fffc\" data-element_type=\"widget\" data-settings=\"{&quot;custom_row_gap&quot;:{&quot;unit&quot;:&quot;px&quot;,&quot;size&quot;:50,&quot;sizes&quot;:[]},&quot;custom_columns&quot;:&quot;4&quot;,&quot;custom_columns_tablet&quot;:&quot;2&quot;,&quot;custom_columns_mobile&quot;:&quot;1&quot;,&quot;custom_row_gap_laptop&quot;:{&quot;unit&quot;:&quot;px&quot;,&quot;size&quot;:&quot;&quot;,&quot;sizes&quot;:[]},&quot;custom_row_gap_tablet&quot;:{&quot;unit&quot;:&quot;px&quot;,&quot;size&quot;:&quot;&quot;,&quot;sizes&quot;:[]},&quot;custom_row_gap_mobile&quot;:{&quot;unit&quot;:&quot;px&quot;,&quot;size&quot;:&quot;&quot;,&quot;sizes&quot;:[]}}\" data-widget_type=\"posts.custom\">\n\t\t\t\t<div class=\"elementor-widget-container\">\n\t\t\t      <div class=\"ecs-posts elementor-posts-container elementor-posts   elementor-grid elementor-posts--skin-custom\" data-settings=\"{&quot;current_page&quot;:1,&quot;max_num_pages&quot;:1,&quot;load_method&quot;:&quot;&quot;,&quot;widget_id&quot;:&quot;877fffc&quot;,&quot;post_id&quot;:8608,&quot;theme_id&quot;:8608,&quot;change_url&quot;:false,&quot;reinit_js&quot;:false}\">\n      \t\t<article id=\"post-93683\" class=\"elementor-post elementor-grid-item ecs-post-loop post-93683 page type-page status-publish has-post-thumbnail hentry category-news tag-news-docente-en\">\n\t\t\t\t<div data-elementor-type=\"error-404\" data-elementor-id=\"7403\" class=\"elementor elementor-7403 post-93683 page type-page status-publish has-post-thumbnail category-news tag-news-docente-en ast-article-single\" data-elementor-settings=\"[]\">\n\t\t<div class=\"elementor-section-wrap\">\n\t\t\t\t\t<section class=\"elementor-section elementor-top-section elementor-element elementor-element-1172145 elementor-section-boxed elementor-section-height-default elementor-section-height-default\" data-id=\"1172145\" data-element_type=\"section\">\n\t\t\t\t\t\t<div class=\"elementor-container elementor-column-gap-default\">\n\t\t\t\t\t<div class=\"elementor-column elementor-col-100 elementor-top-column elementor-element elementor-element-ac5e179\" data-id=\"ac5e179\" data-element_type=\"column\">\n\t\t\t<div class=\"elementor-widget-wrap elementor-element-populated\">\n\t\t\t\t\t\t\t\t<div class=\"elementor-element elementor-element-4c52bfe elementor-widget elementor-widget-image\" data-id=\"4c52bfe\" data-element_type=\"widget\" data-widget_type=\"image.default\">\n\t\t\t\t<div class=\"elementor-widget-container\">\n\t\t\t\t\t\t\t\t\t\t\t\t\t\t\t\t<a href=\"https:\/\/novalaw.unl.pt\/en\/professor-filipe-brito-bastos-cited-in-the-historic-whatsapp-case\/\">\n\t\t\t\t\t\t\t<img decoding=\"async\" src=\"https:\/\/novalaw.unl.pt\/wp-content\/uploads\/elementor\/thumbs\/SITE-ProfFilipeBritoBarros_WhatsApp_mobile_02-r3hfuu1d9oeqgaujtj11306egyid02ksim1v2buna4.jpg\" title=\"SITE-ProfFilipeBritoBarros_WhatsApp_mobile_02\" alt=\"SITE-ProfFilipeBritoBarros_WhatsApp_mobile_02\" class=\"elementor-animation-float\" \/>\t\t\t\t\t\t\t\t<\/a>\n\t\t\t\t\t\t\t\t\t\t\t\t\t\t\t<\/div>\n\t\t\t\t<\/div>\n\t\t\t\t<div class=\"elementor-element elementor-element-3b2ac1b news-date elementor-widget elementor-widget-text-editor\" data-id=\"3b2ac1b\" data-element_type=\"widget\" data-widget_type=\"text-editor.default\">\n\t\t\t\t<div class=\"elementor-widget-container\">\n\t\t\t\t\t\t\t31 March, 2025\t\t\t\t\t\t<\/div>\n\t\t\t\t<\/div>\n\t\t\t\t<div class=\"elementor-element elementor-element-0d4a538 elementor-widget elementor-widget-theme-post-title elementor-page-title elementor-widget-heading\" data-id=\"0d4a538\" data-element_type=\"widget\" data-widget_type=\"theme-post-title.default\">\n\t\t\t\t<div class=\"elementor-widget-container\">\n\t\t\t<h3 class=\"elementor-heading-title elementor-size-default\"><a href=\"https:\/\/novalaw.unl.pt\/en\/professor-filipe-brito-bastos-cited-in-the-historic-whatsapp-case\/\">Professor Filipe Brito Bastos Cited in the Historic WhatsApp Case<\/a><\/h3>\t\t<\/div>\n\t\t\t\t<\/div>\n\t\t\t\t\t<\/div>\n\t\t<\/div>\n\t\t\t\t\t\t\t<\/div>\n\t\t<\/section>\n\t\t\t\t<\/div>\n\t\t<\/div>\n\t\t\t\t<\/article>\n\t\t\t\t<article id=\"post-85240\" class=\"elementor-post elementor-grid-item ecs-post-loop post-85240 page type-page status-publish has-post-thumbnail hentry category-news tag-news-docente-en\">\n\t\t\t\t<div data-elementor-type=\"error-404\" data-elementor-id=\"7403\" class=\"elementor elementor-7403 post-85240 page type-page status-publish has-post-thumbnail category-news tag-news-docente-en ast-article-single\" data-elementor-settings=\"[]\">\n\t\t<div class=\"elementor-section-wrap\">\n\t\t\t\t\t<section class=\"elementor-section elementor-top-section elementor-element elementor-element-1172145 elementor-section-boxed elementor-section-height-default elementor-section-height-default\" data-id=\"1172145\" data-element_type=\"section\">\n\t\t\t\t\t\t<div class=\"elementor-container elementor-column-gap-default\">\n\t\t\t\t\t<div class=\"elementor-column elementor-col-100 elementor-top-column elementor-element elementor-element-ac5e179\" data-id=\"ac5e179\" data-element_type=\"column\">\n\t\t\t<div class=\"elementor-widget-wrap elementor-element-populated\">\n\t\t\t\t\t\t\t\t<div class=\"elementor-element elementor-element-4c52bfe elementor-widget elementor-widget-image\" data-id=\"4c52bfe\" data-element_type=\"widget\" data-widget_type=\"image.default\">\n\t\t\t\t<div class=\"elementor-widget-container\">\n\t\t\t\t\t\t\t\t\t\t\t\t\t\t\t\t<a href=\"https:\/\/novalaw.unl.pt\/en\/vera-lucia-raposo-selected-as-consultant-for-european-project-on-discrimination-and-ai-in-public-administrations\/\">\n\t\t\t\t\t\t\t<img decoding=\"async\" src=\"https:\/\/novalaw.unl.pt\/wp-content\/uploads\/elementor\/thumbs\/SITE-Vera-Lucia-Raposo-THUMBNAIL-qvep8me2jo28yz9wqff04pywa8xs6nsjkm6q8mbejg.jpg\" title=\"SITE-Vera-L\u00facia-Raposo-THUMBNAIL\" alt=\"SITE-Vera-L\u00facia-Raposo-THUMBNAIL\" class=\"elementor-animation-float\" \/>\t\t\t\t\t\t\t\t<\/a>\n\t\t\t\t\t\t\t\t\t\t\t\t\t\t\t<\/div>\n\t\t\t\t<\/div>\n\t\t\t\t<div class=\"elementor-element elementor-element-3b2ac1b news-date elementor-widget elementor-widget-text-editor\" data-id=\"3b2ac1b\" data-element_type=\"widget\" data-widget_type=\"text-editor.default\">\n\t\t\t\t<div class=\"elementor-widget-container\">\n\t\t\t\t\t\t\t14 October, 2024\t\t\t\t\t\t<\/div>\n\t\t\t\t<\/div>\n\t\t\t\t<div class=\"elementor-element elementor-element-0d4a538 elementor-widget elementor-widget-theme-post-title elementor-page-title elementor-widget-heading\" data-id=\"0d4a538\" data-element_type=\"widget\" data-widget_type=\"theme-post-title.default\">\n\t\t\t\t<div class=\"elementor-widget-container\">\n\t\t\t<h3 class=\"elementor-heading-title elementor-size-default\"><a href=\"https:\/\/novalaw.unl.pt\/en\/vera-lucia-raposo-selected-as-consultant-for-european-project-on-discrimination-and-ai-in-public-administrations\/\">Vera L\u00facia Raposo selected as consultant for European project on discrimination and AI in public administrations<\/a><\/h3>\t\t<\/div>\n\t\t\t\t<\/div>\n\t\t\t\t\t<\/div>\n\t\t<\/div>\n\t\t\t\t\t\t\t<\/div>\n\t\t<\/section>\n\t\t\t\t<\/div>\n\t\t<\/div>\n\t\t\t\t<\/article>\n\t\t\t\t<article id=\"post-83335\" class=\"elementor-post elementor-grid-item ecs-post-loop post-83335 page type-page status-publish has-post-thumbnail hentry category-news tag-news-docente-en\">\n\t\t\t\t<div data-elementor-type=\"error-404\" data-elementor-id=\"7403\" class=\"elementor elementor-7403 post-83335 page type-page status-publish has-post-thumbnail category-news tag-news-docente-en ast-article-single\" data-elementor-settings=\"[]\">\n\t\t<div class=\"elementor-section-wrap\">\n\t\t\t\t\t<section class=\"elementor-section elementor-top-section elementor-element elementor-element-1172145 elementor-section-boxed elementor-section-height-default elementor-section-height-default\" data-id=\"1172145\" data-element_type=\"section\">\n\t\t\t\t\t\t<div class=\"elementor-container elementor-column-gap-default\">\n\t\t\t\t\t<div class=\"elementor-column elementor-col-100 elementor-top-column elementor-element elementor-element-ac5e179\" data-id=\"ac5e179\" data-element_type=\"column\">\n\t\t\t<div class=\"elementor-widget-wrap elementor-element-populated\">\n\t\t\t\t\t\t\t\t<div class=\"elementor-element elementor-element-4c52bfe elementor-widget elementor-widget-image\" data-id=\"4c52bfe\" data-element_type=\"widget\" data-widget_type=\"image.default\">\n\t\t\t\t<div class=\"elementor-widget-container\">\n\t\t\t\t\t\t\t\t\t\t\t\t\t\t\t\t<a href=\"https:\/\/novalaw.unl.pt\/en\/bernardo-ivo-cruz-joins-nova-school-of-law\/\">\n\t\t\t\t\t\t\t<img decoding=\"async\" src=\"https:\/\/novalaw.unl.pt\/wp-content\/uploads\/elementor\/thumbs\/SITE-Destaque-BernardoIvoCruz-mobile-qt88kqio990hgqloka3caazbnvky6jxq4bats7yhjw.jpg\" title=\"SITE-Destaque-BernardoIvoCruz-mobile\" alt=\"Um homem de p\u00e9 num p\u00f3dio em frente a bandeiras\" class=\"elementor-animation-float\" \/>\t\t\t\t\t\t\t\t<\/a>\n\t\t\t\t\t\t\t\t\t\t\t\t\t\t\t<\/div>\n\t\t\t\t<\/div>\n\t\t\t\t<div class=\"elementor-element elementor-element-3b2ac1b news-date elementor-widget elementor-widget-text-editor\" data-id=\"3b2ac1b\" data-element_type=\"widget\" data-widget_type=\"text-editor.default\">\n\t\t\t\t<div class=\"elementor-widget-container\">\n\t\t\t\t\t\t\t13 September, 2024\t\t\t\t\t\t<\/div>\n\t\t\t\t<\/div>\n\t\t\t\t<div class=\"elementor-element elementor-element-0d4a538 elementor-widget elementor-widget-theme-post-title elementor-page-title elementor-widget-heading\" data-id=\"0d4a538\" data-element_type=\"widget\" data-widget_type=\"theme-post-title.default\">\n\t\t\t\t<div class=\"elementor-widget-container\">\n\t\t\t<h3 class=\"elementor-heading-title elementor-size-default\"><a href=\"https:\/\/novalaw.unl.pt\/en\/bernardo-ivo-cruz-joins-nova-school-of-law\/\">Bernardo Ivo Cruz joins NOVA School of Law<\/a><\/h3>\t\t<\/div>\n\t\t\t\t<\/div>\n\t\t\t\t\t<\/div>\n\t\t<\/div>\n\t\t\t\t\t\t\t<\/div>\n\t\t<\/section>\n\t\t\t\t<\/div>\n\t\t<\/div>\n\t\t\t\t<\/article>\n\t\t\t\t<article id=\"post-81749\" class=\"elementor-post elementor-grid-item ecs-post-loop post-81749 page type-page status-publish has-post-thumbnail hentry category-news tag-news-docente-en\">\n\t\t\t\t<div data-elementor-type=\"error-404\" data-elementor-id=\"7403\" class=\"elementor elementor-7403 post-81749 page type-page status-publish has-post-thumbnail category-news tag-news-docente-en ast-article-single\" data-elementor-settings=\"[]\">\n\t\t<div class=\"elementor-section-wrap\">\n\t\t\t\t\t<section class=\"elementor-section elementor-top-section elementor-element elementor-element-1172145 elementor-section-boxed elementor-section-height-default elementor-section-height-default\" data-id=\"1172145\" data-element_type=\"section\">\n\t\t\t\t\t\t<div class=\"elementor-container elementor-column-gap-default\">\n\t\t\t\t\t<div class=\"elementor-column elementor-col-100 elementor-top-column elementor-element elementor-element-ac5e179\" data-id=\"ac5e179\" data-element_type=\"column\">\n\t\t\t<div class=\"elementor-widget-wrap elementor-element-populated\">\n\t\t\t\t\t\t\t\t<div class=\"elementor-element elementor-element-4c52bfe elementor-widget elementor-widget-image\" data-id=\"4c52bfe\" data-element_type=\"widget\" data-widget_type=\"image.default\">\n\t\t\t\t<div class=\"elementor-widget-container\">\n\t\t\t\t\t\t\t\t\t\t\t\t\t\t\t\t<a href=\"https:\/\/novalaw.unl.pt\/en\/professor-robin-fretwell-wilson-from-university-of-illinois-college-of-law-receives-fulbright-award-in-law-and-sustainability-2024\/\">\n\t\t\t\t\t\t\t<img decoding=\"async\" src=\"https:\/\/novalaw.unl.pt\/wp-content\/uploads\/elementor\/thumbs\/SITE-Prof-Robin-Fretwell-Wison-mobile-qs7w0ayrhf4ddc87pwg9ggc2yt1p77q6b81z3a3l98.jpg\" title=\"SITE-Prof-Robin-Fretwell-Wison-mobile\" alt=\"SITE-Prof-Robin-Fretwell-Wison-mobile\" class=\"elementor-animation-float\" \/>\t\t\t\t\t\t\t\t<\/a>\n\t\t\t\t\t\t\t\t\t\t\t\t\t\t\t<\/div>\n\t\t\t\t<\/div>\n\t\t\t\t<div class=\"elementor-element elementor-element-3b2ac1b news-date elementor-widget elementor-widget-text-editor\" data-id=\"3b2ac1b\" data-element_type=\"widget\" data-widget_type=\"text-editor.default\">\n\t\t\t\t<div class=\"elementor-widget-container\">\n\t\t\t\t\t\t\t19 August, 2024\t\t\t\t\t\t<\/div>\n\t\t\t\t<\/div>\n\t\t\t\t<div class=\"elementor-element elementor-element-0d4a538 elementor-widget elementor-widget-theme-post-title elementor-page-title elementor-widget-heading\" data-id=\"0d4a538\" data-element_type=\"widget\" data-widget_type=\"theme-post-title.default\">\n\t\t\t\t<div class=\"elementor-widget-container\">\n\t\t\t<h3 class=\"elementor-heading-title elementor-size-default\"><a href=\"https:\/\/novalaw.unl.pt\/en\/professor-robin-fretwell-wilson-from-university-of-illinois-college-of-law-receives-fulbright-award-in-law-and-sustainability-2024\/\">Professor Robin Fretwell Wilson from University of Illinois College of Law receives Fulbright Award in Law and Sustainability 2024<\/a><\/h3>\t\t<\/div>\n\t\t\t\t<\/div>\n\t\t\t\t\t<\/div>\n\t\t<\/div>\n\t\t\t\t\t\t\t<\/div>\n\t\t<\/section>\n\t\t\t\t<\/div>\n\t\t<\/div>\n\t\t\t\t<\/article>\n\t\t\t\t<article id=\"post-79892\" class=\"elementor-post elementor-grid-item ecs-post-loop post-79892 page type-page status-publish has-post-thumbnail hentry category-news tag-news-docente-en\">\n\t\t\t\t<div data-elementor-type=\"error-404\" data-elementor-id=\"7403\" class=\"elementor elementor-7403 post-79892 page type-page status-publish has-post-thumbnail category-news tag-news-docente-en ast-article-single\" data-elementor-settings=\"[]\">\n\t\t<div class=\"elementor-section-wrap\">\n\t\t\t\t\t<section class=\"elementor-section elementor-top-section elementor-element elementor-element-1172145 elementor-section-boxed elementor-section-height-default elementor-section-height-default\" data-id=\"1172145\" data-element_type=\"section\">\n\t\t\t\t\t\t<div class=\"elementor-container elementor-column-gap-default\">\n\t\t\t\t\t<div class=\"elementor-column elementor-col-100 elementor-top-column elementor-element elementor-element-ac5e179\" data-id=\"ac5e179\" data-element_type=\"column\">\n\t\t\t<div class=\"elementor-widget-wrap elementor-element-populated\">\n\t\t\t\t\t\t\t\t<div class=\"elementor-element elementor-element-4c52bfe elementor-widget elementor-widget-image\" data-id=\"4c52bfe\" data-element_type=\"widget\" data-widget_type=\"image.default\">\n\t\t\t\t<div class=\"elementor-widget-container\">\n\t\t\t\t\t\t\t\t\t\t\t\t\t\t\t\t<a href=\"https:\/\/novalaw.unl.pt\/en\/counsellor-judge-joao-cura-mariano-is-the-new-president-of-the-supreme-court\/\">\n\t\t\t\t\t\t\t<img decoding=\"async\" src=\"https:\/\/novalaw.unl.pt\/wp-content\/uploads\/elementor\/thumbs\/SITE-CuraMariano_mobile-qo98un5xaxyug5wyc7a8k5qm8mcz3mv7b5kt7a9aos.jpg\" title=\"SITE-CuraMariano_mobile\" alt=\"SITE-CuraMariano_mobile\" class=\"elementor-animation-float\" \/>\t\t\t\t\t\t\t\t<\/a>\n\t\t\t\t\t\t\t\t\t\t\t\t\t\t\t<\/div>\n\t\t\t\t<\/div>\n\t\t\t\t<div class=\"elementor-element elementor-element-3b2ac1b news-date elementor-widget elementor-widget-text-editor\" data-id=\"3b2ac1b\" data-element_type=\"widget\" data-widget_type=\"text-editor.default\">\n\t\t\t\t<div class=\"elementor-widget-container\">\n\t\t\t\t\t\t\t21 June, 2024\t\t\t\t\t\t<\/div>\n\t\t\t\t<\/div>\n\t\t\t\t<div class=\"elementor-element elementor-element-0d4a538 elementor-widget elementor-widget-theme-post-title elementor-page-title elementor-widget-heading\" data-id=\"0d4a538\" data-element_type=\"widget\" data-widget_type=\"theme-post-title.default\">\n\t\t\t\t<div class=\"elementor-widget-container\">\n\t\t\t<h3 class=\"elementor-heading-title elementor-size-default\"><a href=\"https:\/\/novalaw.unl.pt\/en\/counsellor-judge-joao-cura-mariano-is-the-new-president-of-the-supreme-court\/\">Counsellor Judge Jo\u00e3o Cura Mariano is the new President of the Supreme Court<\/a><\/h3>\t\t<\/div>\n\t\t\t\t<\/div>\n\t\t\t\t\t<\/div>\n\t\t<\/div>\n\t\t\t\t\t\t\t<\/div>\n\t\t<\/section>\n\t\t\t\t<\/div>\n\t\t<\/div>\n\t\t\t\t<\/article>\n\t\t\t\t<article id=\"post-72273\" class=\"elementor-post elementor-grid-item ecs-post-loop post-72273 page type-page status-publish has-post-thumbnail hentry category-news tag-news-docente-en\">\n\t\t\t\t<div data-elementor-type=\"error-404\" data-elementor-id=\"7403\" class=\"elementor elementor-7403 post-72273 page type-page status-publish has-post-thumbnail category-news tag-news-docente-en ast-article-single\" data-elementor-settings=\"[]\">\n\t\t<div class=\"elementor-section-wrap\">\n\t\t\t\t\t<section class=\"elementor-section elementor-top-section elementor-element elementor-element-1172145 elementor-section-boxed elementor-section-height-default elementor-section-height-default\" data-id=\"1172145\" data-element_type=\"section\">\n\t\t\t\t\t\t<div class=\"elementor-container elementor-column-gap-default\">\n\t\t\t\t\t<div class=\"elementor-column elementor-col-100 elementor-top-column elementor-element elementor-element-ac5e179\" data-id=\"ac5e179\" data-element_type=\"column\">\n\t\t\t<div class=\"elementor-widget-wrap elementor-element-populated\">\n\t\t\t\t\t\t\t\t<div class=\"elementor-element elementor-element-4c52bfe elementor-widget elementor-widget-image\" data-id=\"4c52bfe\" data-element_type=\"widget\" data-widget_type=\"image.default\">\n\t\t\t\t<div class=\"elementor-widget-container\">\n\t\t\t\t\t\t\t\t\t\t\t\t\t\t\t\t<a href=\"https:\/\/novalaw.unl.pt\/en\/adolfo-mesquita-nunes-joins-nova-school-of-law\/\">\n\t\t\t\t\t\t\t<img decoding=\"async\" src=\"https:\/\/novalaw.unl.pt\/wp-content\/uploads\/elementor\/thumbs\/SITE-AdolfoMesquitaNunes-thumbnail-qjdfca3g5tkk0mplhxx8exl7wgxzw62w56585m1zks.jpg\" title=\"SITE-AdolfoMesquitaNunes-thumbnail\" alt=\"A man in a blue suit and yellow tie\" class=\"elementor-animation-float\" \/>\t\t\t\t\t\t\t\t<\/a>\n\t\t\t\t\t\t\t\t\t\t\t\t\t\t\t<\/div>\n\t\t\t\t<\/div>\n\t\t\t\t<div class=\"elementor-element elementor-element-3b2ac1b news-date elementor-widget elementor-widget-text-editor\" data-id=\"3b2ac1b\" data-element_type=\"widget\" data-widget_type=\"text-editor.default\">\n\t\t\t\t<div class=\"elementor-widget-container\">\n\t\t\t\t\t\t\t5 February, 2024\t\t\t\t\t\t<\/div>\n\t\t\t\t<\/div>\n\t\t\t\t<div class=\"elementor-element elementor-element-0d4a538 elementor-widget elementor-widget-theme-post-title elementor-page-title elementor-widget-heading\" data-id=\"0d4a538\" data-element_type=\"widget\" data-widget_type=\"theme-post-title.default\">\n\t\t\t\t<div class=\"elementor-widget-container\">\n\t\t\t<h3 class=\"elementor-heading-title elementor-size-default\"><a href=\"https:\/\/novalaw.unl.pt\/en\/adolfo-mesquita-nunes-joins-nova-school-of-law\/\">Adolfo Mesquita Nunes joins NOVA School of Law<\/a><\/h3>\t\t<\/div>\n\t\t\t\t<\/div>\n\t\t\t\t\t<\/div>\n\t\t<\/div>\n\t\t\t\t\t\t\t<\/div>\n\t\t<\/section>\n\t\t\t\t<\/div>\n\t\t<\/div>\n\t\t\t\t<\/article>\n\t\t\t\t<article id=\"post-71699\" class=\"elementor-post elementor-grid-item ecs-post-loop post-71699 page type-page status-publish has-post-thumbnail hentry category-news tag-news-docente-en\">\n\t\t\t\t<div data-elementor-type=\"error-404\" data-elementor-id=\"7403\" class=\"elementor elementor-7403 post-71699 page type-page status-publish has-post-thumbnail category-news tag-news-docente-en ast-article-single\" data-elementor-settings=\"[]\">\n\t\t<div class=\"elementor-section-wrap\">\n\t\t\t\t\t<section class=\"elementor-section elementor-top-section elementor-element elementor-element-1172145 elementor-section-boxed elementor-section-height-default elementor-section-height-default\" data-id=\"1172145\" data-element_type=\"section\">\n\t\t\t\t\t\t<div class=\"elementor-container elementor-column-gap-default\">\n\t\t\t\t\t<div class=\"elementor-column elementor-col-100 elementor-top-column elementor-element elementor-element-ac5e179\" data-id=\"ac5e179\" data-element_type=\"column\">\n\t\t\t<div class=\"elementor-widget-wrap elementor-element-populated\">\n\t\t\t\t\t\t\t\t<div class=\"elementor-element elementor-element-4c52bfe elementor-widget elementor-widget-image\" data-id=\"4c52bfe\" data-element_type=\"widget\" data-widget_type=\"image.default\">\n\t\t\t\t<div class=\"elementor-widget-container\">\n\t\t\t\t\t\t\t\t\t\t\t\t\t\t\t\t<a href=\"https:\/\/novalaw.unl.pt\/en\/vera-lucia-raposo-elected-hastings-centre-fellow\/\">\n\t\t\t\t\t\t\t<img decoding=\"async\" src=\"https:\/\/novalaw.unl.pt\/wp-content\/uploads\/elementor\/thumbs\/SITE-VeraRaposo-thumbnail-qivmxtncgbr9t8lgc0yby57tpjfef4hg47c0zv4m70.jpg\" title=\"SITE-VeraRaposo-thumbnail\" alt=\"A woman with red hair and a green sweater\" class=\"elementor-animation-float\" \/>\t\t\t\t\t\t\t\t<\/a>\n\t\t\t\t\t\t\t\t\t\t\t\t\t\t\t<\/div>\n\t\t\t\t<\/div>\n\t\t\t\t<div class=\"elementor-element elementor-element-3b2ac1b news-date elementor-widget elementor-widget-text-editor\" data-id=\"3b2ac1b\" data-element_type=\"widget\" data-widget_type=\"text-editor.default\">\n\t\t\t\t<div class=\"elementor-widget-container\">\n\t\t\t\t\t\t\t29 January, 2024\t\t\t\t\t\t<\/div>\n\t\t\t\t<\/div>\n\t\t\t\t<div class=\"elementor-element elementor-element-0d4a538 elementor-widget elementor-widget-theme-post-title elementor-page-title elementor-widget-heading\" data-id=\"0d4a538\" data-element_type=\"widget\" data-widget_type=\"theme-post-title.default\">\n\t\t\t\t<div class=\"elementor-widget-container\">\n\t\t\t<h3 class=\"elementor-heading-title elementor-size-default\"><a href=\"https:\/\/novalaw.unl.pt\/en\/vera-lucia-raposo-elected-hastings-centre-fellow\/\">Vera L\u00facia Raposo elected Hastings Centre Fellow<\/a><\/h3>\t\t<\/div>\n\t\t\t\t<\/div>\n\t\t\t\t\t<\/div>\n\t\t<\/div>\n\t\t\t\t\t\t\t<\/div>\n\t\t<\/section>\n\t\t\t\t<\/div>\n\t\t<\/div>\n\t\t\t\t<\/article>\n\t\t\t\t<article id=\"post-55584\" class=\"elementor-post elementor-grid-item ecs-post-loop post-55584 page type-page status-publish has-post-thumbnail hentry category-news tag-news-docente-en\">\n\t\t\t\t<div data-elementor-type=\"error-404\" data-elementor-id=\"7403\" class=\"elementor elementor-7403 post-55584 page type-page status-publish has-post-thumbnail category-news tag-news-docente-en ast-article-single\" data-elementor-settings=\"[]\">\n\t\t<div class=\"elementor-section-wrap\">\n\t\t\t\t\t<section class=\"elementor-section elementor-top-section elementor-element elementor-element-1172145 elementor-section-boxed elementor-section-height-default elementor-section-height-default\" data-id=\"1172145\" data-element_type=\"section\">\n\t\t\t\t\t\t<div class=\"elementor-container elementor-column-gap-default\">\n\t\t\t\t\t<div class=\"elementor-column elementor-col-100 elementor-top-column elementor-element elementor-element-ac5e179\" data-id=\"ac5e179\" data-element_type=\"column\">\n\t\t\t<div class=\"elementor-widget-wrap elementor-element-populated\">\n\t\t\t\t\t\t\t\t<div class=\"elementor-element elementor-element-4c52bfe elementor-widget elementor-widget-image\" data-id=\"4c52bfe\" data-element_type=\"widget\" data-widget_type=\"image.default\">\n\t\t\t\t<div class=\"elementor-widget-container\">\n\t\t\t\t\t\t\t\t\t\t\t\t\t\t\t\t<a href=\"https:\/\/novalaw.unl.pt\/en\/professor-burke-griggs-receives-fulbright-award-in-law-and-sustainability\/\">\n\t\t\t\t\t\t\t<img decoding=\"async\" src=\"https:\/\/novalaw.unl.pt\/wp-content\/uploads\/elementor\/thumbs\/SITE-banner-fulbrighter-Burke-Griggs-thumbnail-q7d6oeh23g2lz11rwdn40dt0rbz7mkww0egj389x7g.jpg\" title=\"SITE-banner-fulbrighter-Burke&#8211;Griggs-thumbnail\" alt=\"Professor Burke Griggs receives Fulbright Award in Law and Sustainability\" class=\"elementor-animation-float\" \/>\t\t\t\t\t\t\t\t<\/a>\n\t\t\t\t\t\t\t\t\t\t\t\t\t\t\t<\/div>\n\t\t\t\t<\/div>\n\t\t\t\t<div class=\"elementor-element elementor-element-3b2ac1b news-date elementor-widget elementor-widget-text-editor\" data-id=\"3b2ac1b\" data-element_type=\"widget\" data-widget_type=\"text-editor.default\">\n\t\t\t\t<div class=\"elementor-widget-container\">\n\t\t\t\t\t\t\t31 May, 2023\t\t\t\t\t\t<\/div>\n\t\t\t\t<\/div>\n\t\t\t\t<div class=\"elementor-element elementor-element-0d4a538 elementor-widget elementor-widget-theme-post-title elementor-page-title elementor-widget-heading\" data-id=\"0d4a538\" data-element_type=\"widget\" data-widget_type=\"theme-post-title.default\">\n\t\t\t\t<div class=\"elementor-widget-container\">\n\t\t\t<h3 class=\"elementor-heading-title elementor-size-default\"><a href=\"https:\/\/novalaw.unl.pt\/en\/professor-burke-griggs-receives-fulbright-award-in-law-and-sustainability\/\">Professor Burke Griggs receives Fulbright Award in Law and Sustainability<\/a><\/h3>\t\t<\/div>\n\t\t\t\t<\/div>\n\t\t\t\t\t<\/div>\n\t\t<\/div>\n\t\t\t\t\t\t\t<\/div>\n\t\t<\/section>\n\t\t\t\t<\/div>\n\t\t<\/div>\n\t\t\t\t<\/article>\n\t\t\t\t<article id=\"post-54793\" class=\"elementor-post elementor-grid-item ecs-post-loop post-54793 page type-page status-publish has-post-thumbnail hentry category-news tag-news-docente-en\">\n\t\t\t\t<div data-elementor-type=\"error-404\" data-elementor-id=\"7403\" class=\"elementor elementor-7403 post-54793 page type-page status-publish has-post-thumbnail category-news tag-news-docente-en ast-article-single\" data-elementor-settings=\"[]\">\n\t\t<div class=\"elementor-section-wrap\">\n\t\t\t\t\t<section class=\"elementor-section elementor-top-section elementor-element elementor-element-1172145 elementor-section-boxed elementor-section-height-default elementor-section-height-default\" data-id=\"1172145\" data-element_type=\"section\">\n\t\t\t\t\t\t<div class=\"elementor-container elementor-column-gap-default\">\n\t\t\t\t\t<div class=\"elementor-column elementor-col-100 elementor-top-column elementor-element elementor-element-ac5e179\" data-id=\"ac5e179\" data-element_type=\"column\">\n\t\t\t<div class=\"elementor-widget-wrap elementor-element-populated\">\n\t\t\t\t\t\t\t\t<div class=\"elementor-element elementor-element-4c52bfe elementor-widget elementor-widget-image\" data-id=\"4c52bfe\" data-element_type=\"widget\" data-widget_type=\"image.default\">\n\t\t\t\t<div class=\"elementor-widget-container\">\n\t\t\t\t\t\t\t\t\t\t\t\t\t\t\t\t<a href=\"https:\/\/novalaw.unl.pt\/en\/nova-school-of-law-professors-margarida-lima-rego-and-fabrizio-esposito-join-the-european-review-of-contract-law-consulting-board\/\">\n\t\t\t\t\t\t\t<img decoding=\"async\" src=\"https:\/\/novalaw.unl.pt\/wp-content\/uploads\/elementor\/thumbs\/SITE-P2-q6nbf0enpac8mmjsmuea2ed7iid0w3fpd4gis8pfto.jpg\" title=\"SITE-P~2\" alt=\"Margarida Lima Rego e Fabrizio Esposito no Conselho Consultivo da European Review of Contract Law\" class=\"elementor-animation-float\" \/>\t\t\t\t\t\t\t\t<\/a>\n\t\t\t\t\t\t\t\t\t\t\t\t\t\t\t<\/div>\n\t\t\t\t<\/div>\n\t\t\t\t<div class=\"elementor-element elementor-element-3b2ac1b news-date elementor-widget elementor-widget-text-editor\" data-id=\"3b2ac1b\" data-element_type=\"widget\" data-widget_type=\"text-editor.default\">\n\t\t\t\t<div class=\"elementor-widget-container\">\n\t\t\t\t\t\t\t22 May, 2023\t\t\t\t\t\t<\/div>\n\t\t\t\t<\/div>\n\t\t\t\t<div class=\"elementor-element elementor-element-0d4a538 elementor-widget elementor-widget-theme-post-title elementor-page-title elementor-widget-heading\" data-id=\"0d4a538\" data-element_type=\"widget\" data-widget_type=\"theme-post-title.default\">\n\t\t\t\t<div class=\"elementor-widget-container\">\n\t\t\t<h3 class=\"elementor-heading-title elementor-size-default\"><a href=\"https:\/\/novalaw.unl.pt\/en\/nova-school-of-law-professors-margarida-lima-rego-and-fabrizio-esposito-join-the-european-review-of-contract-law-consulting-board\/\">NOVA School of Law Professors Margarida Lima Rego and Fabrizio Esposito Join the European Review of Contract Law Consulting Board<\/a><\/h3>\t\t<\/div>\n\t\t\t\t<\/div>\n\t\t\t\t\t<\/div>\n\t\t<\/div>\n\t\t\t\t\t\t\t<\/div>\n\t\t<\/section>\n\t\t\t\t<\/div>\n\t\t<\/div>\n\t\t\t\t<\/article>\n\t\t\t\t<article id=\"post-50191\" class=\"elementor-post elementor-grid-item ecs-post-loop post-50191 page type-page status-publish has-post-thumbnail hentry category-news tag-news-docente-en\">\n\t\t\t\t<div data-elementor-type=\"error-404\" data-elementor-id=\"7403\" class=\"elementor elementor-7403 post-50191 page type-page status-publish has-post-thumbnail category-news tag-news-docente-en ast-article-single\" data-elementor-settings=\"[]\">\n\t\t<div class=\"elementor-section-wrap\">\n\t\t\t\t\t<section class=\"elementor-section elementor-top-section elementor-element elementor-element-1172145 elementor-section-boxed elementor-section-height-default elementor-section-height-default\" data-id=\"1172145\" data-element_type=\"section\">\n\t\t\t\t\t\t<div class=\"elementor-container elementor-column-gap-default\">\n\t\t\t\t\t<div class=\"elementor-column elementor-col-100 elementor-top-column elementor-element elementor-element-ac5e179\" data-id=\"ac5e179\" data-element_type=\"column\">\n\t\t\t<div class=\"elementor-widget-wrap elementor-element-populated\">\n\t\t\t\t\t\t\t\t<div class=\"elementor-element elementor-element-4c52bfe elementor-widget elementor-widget-image\" data-id=\"4c52bfe\" data-element_type=\"widget\" data-widget_type=\"image.default\">\n\t\t\t\t<div class=\"elementor-widget-container\">\n\t\t\t\t\t\t\t\t\t\t\t\t\t\t\t\t<a href=\"https:\/\/novalaw.unl.pt\/en\/franco-ferrari-joins-nova-school-of-law\/\">\n\t\t\t\t\t\t\t<img decoding=\"async\" src=\"https:\/\/novalaw.unl.pt\/wp-content\/uploads\/elementor\/thumbs\/Franco_Ferrari_Site_Thumbnail-q2z5tbk4ttkir352oukwqputeckw5urar2c9etwx24.jpg\" title=\"Franco_Ferrari_Site_Thumbnail\" alt=\"Franco Ferrari junta-se \u00e0 NOVA School of Law\" class=\"elementor-animation-float\" \/>\t\t\t\t\t\t\t\t<\/a>\n\t\t\t\t\t\t\t\t\t\t\t\t\t\t\t<\/div>\n\t\t\t\t<\/div>\n\t\t\t\t<div class=\"elementor-element elementor-element-3b2ac1b news-date elementor-widget elementor-widget-text-editor\" data-id=\"3b2ac1b\" data-element_type=\"widget\" data-widget_type=\"text-editor.default\">\n\t\t\t\t<div class=\"elementor-widget-container\">\n\t\t\t\t\t\t\t2 March, 2023\t\t\t\t\t\t<\/div>\n\t\t\t\t<\/div>\n\t\t\t\t<div class=\"elementor-element elementor-element-0d4a538 elementor-widget elementor-widget-theme-post-title elementor-page-title elementor-widget-heading\" data-id=\"0d4a538\" data-element_type=\"widget\" data-widget_type=\"theme-post-title.default\">\n\t\t\t\t<div class=\"elementor-widget-container\">\n\t\t\t<h3 class=\"elementor-heading-title elementor-size-default\"><a href=\"https:\/\/novalaw.unl.pt\/en\/franco-ferrari-joins-nova-school-of-law\/\">Franco Ferrari joins NOVA School of Law<\/a><\/h3>\t\t<\/div>\n\t\t\t\t<\/div>\n\t\t\t\t\t<\/div>\n\t\t<\/div>\n\t\t\t\t\t\t\t<\/div>\n\t\t<\/section>\n\t\t\t\t<\/div>\n\t\t<\/div>\n\t\t\t\t<\/article>\n\t\t\t\t<article id=\"post-24224\" class=\"elementor-post elementor-grid-item ecs-post-loop post-24224 page type-page status-publish has-post-thumbnail hentry category-news tag-news-docente-en\">\n\t\t\t\t<div data-elementor-type=\"error-404\" data-elementor-id=\"7403\" class=\"elementor elementor-7403 post-24224 page type-page status-publish has-post-thumbnail category-news tag-news-docente-en ast-article-single\" data-elementor-settings=\"[]\">\n\t\t<div class=\"elementor-section-wrap\">\n\t\t\t\t\t<section class=\"elementor-section elementor-top-section elementor-element elementor-element-1172145 elementor-section-boxed elementor-section-height-default elementor-section-height-default\" data-id=\"1172145\" data-element_type=\"section\">\n\t\t\t\t\t\t<div class=\"elementor-container elementor-column-gap-default\">\n\t\t\t\t\t<div class=\"elementor-column elementor-col-100 elementor-top-column elementor-element elementor-element-ac5e179\" data-id=\"ac5e179\" data-element_type=\"column\">\n\t\t\t<div class=\"elementor-widget-wrap elementor-element-populated\">\n\t\t\t\t\t\t\t\t<div class=\"elementor-element elementor-element-4c52bfe elementor-widget elementor-widget-image\" data-id=\"4c52bfe\" data-element_type=\"widget\" data-widget_type=\"image.default\">\n\t\t\t\t<div class=\"elementor-widget-container\">\n\t\t\t\t\t\t\t\t\t\t\t\t\t\t\t\t<a href=\"https:\/\/novalaw.unl.pt\/en\/first-book-on-insurance-and-human-rights-coordinated-by-margarida-lima-rego\/\">\n\t\t\t\t\t\t\t<img decoding=\"async\" src=\"https:\/\/novalaw.unl.pt\/wp-content\/uploads\/elementor\/thumbs\/MLR_thumbnail-pldmbf3j8kru4ezf8d7x6cixofm6m35v4dacwwfwws.jpg\" title=\"MLR_thumbnail\" alt=\"MLR_thumbnail\" class=\"elementor-animation-float\" \/>\t\t\t\t\t\t\t\t<\/a>\n\t\t\t\t\t\t\t\t\t\t\t\t\t\t\t<\/div>\n\t\t\t\t<\/div>\n\t\t\t\t<div class=\"elementor-element elementor-element-3b2ac1b news-date elementor-widget elementor-widget-text-editor\" data-id=\"3b2ac1b\" data-element_type=\"widget\" data-widget_type=\"text-editor.default\">\n\t\t\t\t<div class=\"elementor-widget-container\">\n\t\t\t\t\t\t\t3 March, 2022\t\t\t\t\t\t<\/div>\n\t\t\t\t<\/div>\n\t\t\t\t<div class=\"elementor-element elementor-element-0d4a538 elementor-widget elementor-widget-theme-post-title elementor-page-title elementor-widget-heading\" data-id=\"0d4a538\" data-element_type=\"widget\" data-widget_type=\"theme-post-title.default\">\n\t\t\t\t<div class=\"elementor-widget-container\">\n\t\t\t<h3 class=\"elementor-heading-title elementor-size-default\"><a href=\"https:\/\/novalaw.unl.pt\/en\/first-book-on-insurance-and-human-rights-coordinated-by-margarida-lima-rego\/\">First book on &#8220;Insurance and Human Rights&#8221; coordinated by Margarida Lima Rego<\/a><\/h3>\t\t<\/div>\n\t\t\t\t<\/div>\n\t\t\t\t\t<\/div>\n\t\t<\/div>\n\t\t\t\t\t\t\t<\/div>\n\t\t<\/section>\n\t\t\t\t<\/div>\n\t\t<\/div>\n\t\t\t\t<\/article>\n\t\t\t\t<article id=\"post-13888\" class=\"elementor-post elementor-grid-item ecs-post-loop post-13888 page type-page status-publish has-post-thumbnail hentry category-news tag-news-docente-en\">\n\t\t\t\t<div data-elementor-type=\"error-404\" data-elementor-id=\"7403\" class=\"elementor elementor-7403 post-13888 page type-page status-publish has-post-thumbnail category-news tag-news-docente-en ast-article-single\" data-elementor-settings=\"[]\">\n\t\t<div class=\"elementor-section-wrap\">\n\t\t\t\t\t<section class=\"elementor-section elementor-top-section elementor-element elementor-element-1172145 elementor-section-boxed elementor-section-height-default elementor-section-height-default\" data-id=\"1172145\" data-element_type=\"section\">\n\t\t\t\t\t\t<div class=\"elementor-container elementor-column-gap-default\">\n\t\t\t\t\t<div class=\"elementor-column elementor-col-100 elementor-top-column elementor-element elementor-element-ac5e179\" data-id=\"ac5e179\" data-element_type=\"column\">\n\t\t\t<div class=\"elementor-widget-wrap elementor-element-populated\">\n\t\t\t\t\t\t\t\t<div class=\"elementor-element elementor-element-4c52bfe elementor-widget elementor-widget-image\" data-id=\"4c52bfe\" data-element_type=\"widget\" data-widget_type=\"image.default\">\n\t\t\t\t<div class=\"elementor-widget-container\">\n\t\t\t\t\t\t\t\t\t\t\t\t\t\t\t\t<a href=\"https:\/\/novalaw.unl.pt\/en\/former-eu-commissioner-for-maritime-affairs-and-fisheries-joins-nova-school-of-law\/\">\n\t\t\t\t\t\t\t<img decoding=\"async\" src=\"https:\/\/novalaw.unl.pt\/wp-content\/uploads\/elementor\/thumbs\/SITE_noticias_MARIA_thumbnail-pfm71zcafmho7f4cmbl2y01sc89kdvot9scwreo0v0.jpg\" title=\"SITE_noticias_MARIA_thumbnail\" alt=\"SITE_noticias_MARIA_thumbnail\" class=\"elementor-animation-float\" \/>\t\t\t\t\t\t\t\t<\/a>\n\t\t\t\t\t\t\t\t\t\t\t\t\t\t\t<\/div>\n\t\t\t\t<\/div>\n\t\t\t\t<div class=\"elementor-element elementor-element-3b2ac1b news-date elementor-widget elementor-widget-text-editor\" data-id=\"3b2ac1b\" data-element_type=\"widget\" data-widget_type=\"text-editor.default\">\n\t\t\t\t<div class=\"elementor-widget-container\">\n\t\t\t\t\t\t\t12 November, 2021\t\t\t\t\t\t<\/div>\n\t\t\t\t<\/div>\n\t\t\t\t<div class=\"elementor-element elementor-element-0d4a538 elementor-widget elementor-widget-theme-post-title elementor-page-title elementor-widget-heading\" data-id=\"0d4a538\" data-element_type=\"widget\" data-widget_type=\"theme-post-title.default\">\n\t\t\t\t<div class=\"elementor-widget-container\">\n\t\t\t<h3 class=\"elementor-heading-title elementor-size-default\"><a href=\"https:\/\/novalaw.unl.pt\/en\/former-eu-commissioner-for-maritime-affairs-and-fisheries-joins-nova-school-of-law\/\">Former EU Commissioner for Maritime Affairs and Fisheries joins NOVA School of Law<\/a><\/h3>\t\t<\/div>\n\t\t\t\t<\/div>\n\t\t\t\t\t<\/div>\n\t\t<\/div>\n\t\t\t\t\t\t\t<\/div>\n\t\t<\/section>\n\t\t\t\t<\/div>\n\t\t<\/div>\n\t\t\t\t<\/article>\n\t\t\t\t<\/div>\n\t\t\t\t<\/div>\n\t\t\t\t<\/div>\n\t\t\t\t\t<\/div>\n\t\t<\/div>\n\t\t\t\t\t\t\t<\/div>\n\t\t<\/section>\n\t\t\t\t<section class=\"elementor-section elementor-top-section elementor-element elementor-element-e1550a6 elementor-section-boxed elementor-section-height-default elementor-section-height-default\" data-id=\"e1550a6\" data-element_type=\"section\">\n\t\t\t\t\t\t<div class=\"elementor-container elementor-column-gap-default\">\n\t\t\t\t\t<div class=\"elementor-column elementor-col-100 elementor-top-column elementor-element elementor-element-79cf58e\" data-id=\"79cf58e\" data-element_type=\"column\">\n\t\t\t<div class=\"elementor-widget-wrap\">\n\t\t\t\t\t\t\t\t\t<\/div>\n\t\t<\/div>\n\t\t\t\t\t\t\t<\/div>\n\t\t<\/section>\n\t\t\t\t\t\t<\/div>\n\t\t\t\t\t<\/div>\n\t\t","protected":false},"excerpt":{"rendered":"<p>Teaching Staff Resident Professors and Researchers | Guest Professors | Partnerships | News Highlights Ana Prata Full Professor, Retired Andrea Longo Assistant Professor Armando Marques Guedes Full Professor, Retired Assun\u00e7\u00e3o Cristas Associate Professor Claire Bright Associate Professor Cristina Nogueira da Silva Full Professor and CEDIS Vice-Director Cristina Queiroz Full Professor Fabrizio Esposito Associate Professor Felipe &hellip;<\/p>\n<p class=\"read-more\"> <a class=\"\" href=\"https:\/\/novalaw.unl.pt\/en\/former-eu-commissioner-for-maritime-affairs-and-fisheries-joins-nova-school-of-law\/\"> <span class=\"screen-reader-text\">Former EU Commissioner for Maritime Affairs and Fisheries joins NOVA School of Law<\/span> Read More &raquo;<\/a><\/p>\n","protected":false},"author":9,"featured_media":8617,"parent":0,"menu_order":481,"comment_status":"closed","ping_status":"closed","template":"","meta":{"footnotes":""},"categories":[],"tags":[],"class_list":["post-8608","page","type-page","status-publish","has-post-thumbnail","hentry"],"yoast_head":"<!-- This site is optimized with the Yoast SEO Premium plugin v27.4 (Yoast SEO v27.4) - https:\/\/yoast.com\/product\/yoast-seo-premium-wordpress\/ -->\n<title>Teaching Staff - NOVA School of Law | Faculdade de Direito da Universidade NOVA de Lisboa<\/title>\n<meta name=\"robots\" content=\"index, follow, max-snippet:-1, max-image-preview:large, max-video-preview:-1\" \/>\n<link rel=\"canonical\" href=\"https:\/\/novalaw.unl.pt\/corpo-docente\/\" \/>\n<meta property=\"og:locale\" content=\"en_US\" \/>\n<meta property=\"og:type\" content=\"article\" \/>\n<meta property=\"og:title\" content=\"Teaching Staff\" \/>\n<meta property=\"og:description\" content=\"Teaching Staff Resident Professors and Researchers | Guest Professors | Partnerships | News Highlights Ana Prata Full Professor, Retired Andrea Longo Assistant Professor Armando Marques Guedes Full Professor, Retired Assun\u00e7\u00e3o Cristas Associate Professor Claire Bright Associate Professor Cristina Nogueira da Silva Full Professor and CEDIS Vice-Director Cristina Queiroz Full Professor Fabrizio Esposito Associate Professor Felipe &hellip; Former EU Commissioner for Maritime Affairs and Fisheries joins NOVA School of Law Read More &raquo;\" \/>\n<meta property=\"og:url\" content=\"https:\/\/novalaw.unl.pt\/corpo-docente\/\" \/>\n<meta property=\"og:site_name\" content=\"NOVA School of Law | Faculdade de Direito da Universidade NOVA de Lisboa\" \/>\n<meta property=\"article:modified_time\" content=\"2026-04-15T12:15:52+00:00\" \/>\n<meta property=\"og:image\" content=\"https:\/\/novalaw.unl.pt\/wp-content\/uploads\/2021\/05\/BootcampNova2020_HR-289.jpg\" \/>\n<meta name=\"twitter:card\" content=\"summary_large_image\" \/>\n<meta name=\"twitter:image\" content=\"https:\/\/novalaw.unl.pt\/wp-content\/uploads\/2021\/05\/BootcampNova2020_HR-289.jpg\" \/>\n<meta name=\"twitter:label1\" content=\"Est. reading time\" \/>\n\t<meta name=\"twitter:data1\" content=\"26 minutes\" \/>\n<script type=\"application\/ld+json\" class=\"yoast-schema-graph\">{\"@context\":\"https:\\\/\\\/schema.org\",\"@graph\":[{\"@type\":\"WebPage\",\"@id\":\"https:\\\/\\\/novalaw.unl.pt\\\/corpo-docente\\\/\",\"url\":\"https:\\\/\\\/novalaw.unl.pt\\\/corpo-docente\\\/\",\"name\":\"Teaching Staff - NOVA School of Law | Faculdade de Direito da Universidade NOVA de Lisboa\",\"isPartOf\":{\"@id\":\"https:\\\/\\\/novalaw.unl.pt\\\/#website\"},\"primaryImageOfPage\":{\"@id\":\"https:\\\/\\\/novalaw.unl.pt\\\/corpo-docente\\\/#primaryimage\"},\"image\":{\"@id\":\"https:\\\/\\\/novalaw.unl.pt\\\/corpo-docente\\\/#primaryimage\"},\"thumbnailUrl\":\"https:\\\/\\\/novalaw.unl.pt\\\/wp-content\\\/uploads\\\/2021\\\/07\\\/logo-docentes.png\",\"datePublished\":\"2021-10-07T14:47:22+00:00\",\"dateModified\":\"2026-04-15T12:15:52+00:00\",\"breadcrumb\":{\"@id\":\"https:\\\/\\\/novalaw.unl.pt\\\/corpo-docente\\\/#breadcrumb\"},\"inLanguage\":\"en-US\",\"potentialAction\":[{\"@type\":\"ReadAction\",\"target\":[\"https:\\\/\\\/novalaw.unl.pt\\\/corpo-docente\\\/\"]}]},{\"@type\":\"ImageObject\",\"inLanguage\":\"en-US\",\"@id\":\"https:\\\/\\\/novalaw.unl.pt\\\/corpo-docente\\\/#primaryimage\",\"url\":\"https:\\\/\\\/novalaw.unl.pt\\\/wp-content\\\/uploads\\\/2021\\\/07\\\/logo-docentes.png\",\"contentUrl\":\"https:\\\/\\\/novalaw.unl.pt\\\/wp-content\\\/uploads\\\/2021\\\/07\\\/logo-docentes.png\",\"width\":93,\"height\":82},{\"@type\":\"BreadcrumbList\",\"@id\":\"https:\\\/\\\/novalaw.unl.pt\\\/corpo-docente\\\/#breadcrumb\",\"itemListElement\":[{\"@type\":\"ListItem\",\"position\":1,\"name\":\"Home\",\"item\":\"https:\\\/\\\/novalaw.unl.pt\\\/en\\\/\"},{\"@type\":\"ListItem\",\"position\":2,\"name\":\"Teaching Staff\"}]},{\"@type\":\"WebSite\",\"@id\":\"https:\\\/\\\/novalaw.unl.pt\\\/#website\",\"url\":\"https:\\\/\\\/novalaw.unl.pt\\\/\",\"name\":\"NOVA School of Law | Faculdade de Direito da Universidade NOVA de Lisboa\",\"description\":\"NOVA School Of Law\",\"publisher\":{\"@id\":\"https:\\\/\\\/novalaw.unl.pt\\\/#organization\"},\"potentialAction\":[{\"@type\":\"SearchAction\",\"target\":{\"@type\":\"EntryPoint\",\"urlTemplate\":\"https:\\\/\\\/novalaw.unl.pt\\\/?s={search_term_string}\"},\"query-input\":{\"@type\":\"PropertyValueSpecification\",\"valueRequired\":true,\"valueName\":\"search_term_string\"}}],\"inLanguage\":\"en-US\"},{\"@type\":\"Organization\",\"@id\":\"https:\\\/\\\/novalaw.unl.pt\\\/#organization\",\"name\":\"NOVA School of Law\",\"url\":\"https:\\\/\\\/novalaw.unl.pt\\\/\",\"logo\":{\"@type\":\"ImageObject\",\"inLanguage\":\"en-US\",\"@id\":\"https:\\\/\\\/novalaw.unl.pt\\\/#\\\/schema\\\/logo\\\/image\\\/\",\"url\":\"https:\\\/\\\/novalaw.unl.pt\\\/wp-content\\\/uploads\\\/2021\\\/02\\\/logo-novalaw.svg\",\"contentUrl\":\"https:\\\/\\\/novalaw.unl.pt\\\/wp-content\\\/uploads\\\/2021\\\/02\\\/logo-novalaw.svg\",\"width\":991,\"height\":424,\"caption\":\"NOVA School of Law\"},\"image\":{\"@id\":\"https:\\\/\\\/novalaw.unl.pt\\\/#\\\/schema\\\/logo\\\/image\\\/\"}}]}<\/script>\n<!-- \/ Yoast SEO Premium plugin. -->","yoast_head_json":{"title":"Teaching Staff - NOVA School of Law | Faculdade de Direito da Universidade NOVA de Lisboa","robots":{"index":"index","follow":"follow","max-snippet":"max-snippet:-1","max-image-preview":"max-image-preview:large","max-video-preview":"max-video-preview:-1"},"canonical":"https:\/\/novalaw.unl.pt\/corpo-docente\/","og_locale":"en_US","og_type":"article","og_title":"Teaching Staff","og_description":"Teaching Staff Resident Professors and Researchers | Guest Professors | Partnerships | News Highlights Ana Prata Full Professor, Retired Andrea Longo Assistant Professor Armando Marques Guedes Full Professor, Retired Assun\u00e7\u00e3o Cristas Associate Professor Claire Bright Associate Professor Cristina Nogueira da Silva Full Professor and CEDIS Vice-Director Cristina Queiroz Full Professor Fabrizio Esposito Associate Professor Felipe &hellip; Former EU Commissioner for Maritime Affairs and Fisheries joins NOVA School of Law Read More &raquo;","og_url":"https:\/\/novalaw.unl.pt\/corpo-docente\/","og_site_name":"NOVA School of Law | Faculdade de Direito da Universidade NOVA de Lisboa","article_modified_time":"2026-04-15T12:15:52+00:00","og_image":[{"url":"https:\/\/novalaw.unl.pt\/wp-content\/uploads\/2021\/05\/BootcampNova2020_HR-289.jpg","type":"","width":"","height":""}],"twitter_card":"summary_large_image","twitter_image":"https:\/\/novalaw.unl.pt\/wp-content\/uploads\/2021\/05\/BootcampNova2020_HR-289.jpg","twitter_misc":{"Est. reading time":"26 minutes"},"schema":{"@context":"https:\/\/schema.org","@graph":[{"@type":"WebPage","@id":"https:\/\/novalaw.unl.pt\/corpo-docente\/","url":"https:\/\/novalaw.unl.pt\/corpo-docente\/","name":"Teaching Staff - NOVA School of Law | Faculdade de Direito da Universidade NOVA de Lisboa","isPartOf":{"@id":"https:\/\/novalaw.unl.pt\/#website"},"primaryImageOfPage":{"@id":"https:\/\/novalaw.unl.pt\/corpo-docente\/#primaryimage"},"image":{"@id":"https:\/\/novalaw.unl.pt\/corpo-docente\/#primaryimage"},"thumbnailUrl":"https:\/\/novalaw.unl.pt\/wp-content\/uploads\/2021\/07\/logo-docentes.png","datePublished":"2021-10-07T14:47:22+00:00","dateModified":"2026-04-15T12:15:52+00:00","breadcrumb":{"@id":"https:\/\/novalaw.unl.pt\/corpo-docente\/#breadcrumb"},"inLanguage":"en-US","potentialAction":[{"@type":"ReadAction","target":["https:\/\/novalaw.unl.pt\/corpo-docente\/"]}]},{"@type":"ImageObject","inLanguage":"en-US","@id":"https:\/\/novalaw.unl.pt\/corpo-docente\/#primaryimage","url":"https:\/\/novalaw.unl.pt\/wp-content\/uploads\/2021\/07\/logo-docentes.png","contentUrl":"https:\/\/novalaw.unl.pt\/wp-content\/uploads\/2021\/07\/logo-docentes.png","width":93,"height":82},{"@type":"BreadcrumbList","@id":"https:\/\/novalaw.unl.pt\/corpo-docente\/#breadcrumb","itemListElement":[{"@type":"ListItem","position":1,"name":"Home","item":"https:\/\/novalaw.unl.pt\/en\/"},{"@type":"ListItem","position":2,"name":"Teaching Staff"}]},{"@type":"WebSite","@id":"https:\/\/novalaw.unl.pt\/#website","url":"https:\/\/novalaw.unl.pt\/","name":"NOVA School of Law | Faculdade de Direito da Universidade NOVA de Lisboa","description":"NOVA School Of Law","publisher":{"@id":"https:\/\/novalaw.unl.pt\/#organization"},"potentialAction":[{"@type":"SearchAction","target":{"@type":"EntryPoint","urlTemplate":"https:\/\/novalaw.unl.pt\/?s={search_term_string}"},"query-input":{"@type":"PropertyValueSpecification","valueRequired":true,"valueName":"search_term_string"}}],"inLanguage":"en-US"},{"@type":"Organization","@id":"https:\/\/novalaw.unl.pt\/#organization","name":"NOVA School of Law","url":"https:\/\/novalaw.unl.pt\/","logo":{"@type":"ImageObject","inLanguage":"en-US","@id":"https:\/\/novalaw.unl.pt\/#\/schema\/logo\/image\/","url":"https:\/\/novalaw.unl.pt\/wp-content\/uploads\/2021\/02\/logo-novalaw.svg","contentUrl":"https:\/\/novalaw.unl.pt\/wp-content\/uploads\/2021\/02\/logo-novalaw.svg","width":991,"height":424,"caption":"NOVA School of Law"},"image":{"@id":"https:\/\/novalaw.unl.pt\/#\/schema\/logo\/image\/"}}]}},"novalaw_begin_date":"","novalaw_begin_date_en":"","novalaw_text":"","novalaw_tag":"","novalaw_tag_en":"","novalaw_link":"","novalaw_link_en":"","novalaw_end_date":"","novalaw_end_date_en":"","novalaw_date":"","novalaw_em_destaque":"","novalaw_tag_src":"","lang":"","_links":{"self":[{"href":"https:\/\/novalaw.unl.pt\/en\/wp-json\/wp\/v2\/pages\/8608","targetHints":{"allow":["GET"]}}],"collection":[{"href":"https:\/\/novalaw.unl.pt\/en\/wp-json\/wp\/v2\/pages"}],"about":[{"href":"https:\/\/novalaw.unl.pt\/en\/wp-json\/wp\/v2\/types\/page"}],"author":[{"embeddable":true,"href":"https:\/\/novalaw.unl.pt\/en\/wp-json\/wp\/v2\/users\/9"}],"replies":[{"embeddable":true,"href":"https:\/\/novalaw.unl.pt\/en\/wp-json\/wp\/v2\/comments?post=8608"}],"version-history":[{"count":715,"href":"https:\/\/novalaw.unl.pt\/en\/wp-json\/wp\/v2\/pages\/8608\/revisions"}],"predecessor-version":[{"id":112600,"href":"https:\/\/novalaw.unl.pt\/en\/wp-json\/wp\/v2\/pages\/8608\/revisions\/112600"}],"wp:featuredmedia":[{"embeddable":true,"href":"https:\/\/novalaw.unl.pt\/en\/wp-json\/wp\/v2\/media\/8617"}],"wp:attachment":[{"href":"https:\/\/novalaw.unl.pt\/en\/wp-json\/wp\/v2\/media?parent=8608"}],"wp:term":[{"taxonomy":"category","embeddable":true,"href":"https:\/\/novalaw.unl.pt\/en\/wp-json\/wp\/v2\/categories?post=8608"},{"taxonomy":"post_tag","embeddable":true,"href":"https:\/\/novalaw.unl.pt\/en\/wp-json\/wp\/v2\/tags?post=8608"}],"curies":[{"name":"wp","href":"https:\/\/api.w.org\/{rel}","templated":true}]}}