{"id":86313,"date":"2024-11-04T15:42:47","date_gmt":"2024-11-04T15:42:47","guid":{"rendered":"https:\/\/novalaw.unl.pt\/?page_id=86313"},"modified":"2024-11-08T12:38:40","modified_gmt":"2024-11-08T12:38:40","slug":"inclusion-talks","status":"publish","type":"page","link":"https:\/\/novalaw.unl.pt\/en\/inclusion-talks\/","title":{"rendered":"Inclusion Talks"},"content":{"rendered":"\t\t<div data-elementor-type=\"wp-page\" data-elementor-id=\"86313\" class=\"elementor elementor-86313\" data-elementor-settings=\"[]\">\n\t\t\t\t\t\t\t<div class=\"elementor-section-wrap\">\n\t\t\t\t\t\t\t<section class=\"elementor-section elementor-top-section elementor-element elementor-element-6ab2699b elementor-section-boxed elementor-section-height-default elementor-section-height-default\" data-id=\"6ab2699b\" data-element_type=\"section\">\n\t\t\t\t\t\t<div class=\"elementor-container elementor-column-gap-default\">\n\t\t\t\t\t<div class=\"elementor-column elementor-col-100 elementor-top-column elementor-element elementor-element-552ed38b\" data-id=\"552ed38b\" data-element_type=\"column\">\n\t\t\t<div class=\"elementor-widget-wrap elementor-element-populated\">\n\t\t\t\t\t\t\t\t<div class=\"elementor-element elementor-element-25f3cb8b elementor-hidden-mobile elementor-hidden-tablet elementor-widget elementor-widget-image\" data-id=\"25f3cb8b\" data-element_type=\"widget\" data-widget_type=\"image.default\">\n\t\t\t\t<div class=\"elementor-widget-container\">\n\t\t\t\t\t\t\t\t\t\t\t\t\t\t\t<img loading=\"lazy\" decoding=\"async\" width=\"1920\" height=\"450\" src=\"https:\/\/novalaw.unl.pt\/wp-content\/uploads\/2024\/11\/Desktop-8.png\" class=\"attachment-full size-full\" alt=\"\" srcset=\"https:\/\/novalaw.unl.pt\/wp-content\/uploads\/2024\/11\/Desktop-8.png 1920w, https:\/\/novalaw.unl.pt\/wp-content\/uploads\/2024\/11\/Desktop-8-300x70.png 300w, https:\/\/novalaw.unl.pt\/wp-content\/uploads\/2024\/11\/Desktop-8-1024x240.png 1024w, https:\/\/novalaw.unl.pt\/wp-content\/uploads\/2024\/11\/Desktop-8-768x180.png 768w, https:\/\/novalaw.unl.pt\/wp-content\/uploads\/2024\/11\/Desktop-8-1536x360.png 1536w\" sizes=\"auto, (max-width: 1920px) 100vw, 1920px\" \/>\t\t\t\t\t\t\t\t\t\t\t\t\t\t\t<\/div>\n\t\t\t\t<\/div>\n\t\t\t\t<div class=\"elementor-element elementor-element-6852c216 elementor-hidden-desktop elementor-hidden-laptop elementor-widget elementor-widget-image\" data-id=\"6852c216\" data-element_type=\"widget\" data-widget_type=\"image.default\">\n\t\t\t\t<div class=\"elementor-widget-container\">\n\t\t\t\t\t\t\t\t\t\t\t\t\t\t\t<img loading=\"lazy\" decoding=\"async\" width=\"720\" height=\"500\" src=\"https:\/\/novalaw.unl.pt\/wp-content\/uploads\/2024\/11\/Mobile-5.png\" class=\"attachment-full size-full\" alt=\"\" srcset=\"https:\/\/novalaw.unl.pt\/wp-content\/uploads\/2024\/11\/Mobile-5.png 720w, https:\/\/novalaw.unl.pt\/wp-content\/uploads\/2024\/11\/Mobile-5-300x208.png 300w\" sizes=\"auto, (max-width: 720px) 100vw, 720px\" \/>\t\t\t\t\t\t\t\t\t\t\t\t\t\t\t<\/div>\n\t\t\t\t<\/div>\n\t\t\t\t\t<\/div>\n\t\t<\/div>\n\t\t\t\t\t\t\t<\/div>\n\t\t<\/section>\n\t\t\t\t<section class=\"elementor-section elementor-top-section elementor-element elementor-element-1d69767d elementor-section-boxed elementor-section-height-default elementor-section-height-default\" data-id=\"1d69767d\" data-element_type=\"section\">\n\t\t\t\t\t\t<div class=\"elementor-container elementor-column-gap-default\">\n\t\t\t\t\t<div class=\"elementor-column elementor-col-100 elementor-top-column elementor-element elementor-element-1c590d60\" data-id=\"1c590d60\" data-element_type=\"column\">\n\t\t\t<div class=\"elementor-widget-wrap elementor-element-populated\">\n\t\t\t\t\t\t\t\t<div class=\"elementor-element elementor-element-b928a09 elementor-widget elementor-widget-text-editor\" data-id=\"b928a09\" data-element_type=\"widget\" data-widget_type=\"text-editor.default\">\n\t\t\t\t<div class=\"elementor-widget-container\">\n\t\t\t\t\t\t\t<h4>Inclusion Day<\/h4>\t\t\t\t\t\t<\/div>\n\t\t\t\t<\/div>\n\t\t\t\t<div class=\"elementor-element elementor-element-10b8378b elementor-widget elementor-widget-ekit_wb_28926\" data-id=\"10b8378b\" data-element_type=\"widget\" data-widget_type=\"ekit_wb_28926.default\">\n\t\t\t\t<div class=\"elementor-widget-container\">\n\t\t\t<h1 class=\"normal-title preto bold-text\">Inclusion Talks <\/h1>\n\t\t\t\t<\/div>\n\t\t\t\t<\/div>\n\t\t\t\t<div class=\"elementor-element elementor-element-18c89f8 elementor-widget elementor-widget-ekit_wb_28992\" data-id=\"18c89f8\" data-element_type=\"widget\" data-widget_type=\"ekit_wb_28992.default\">\n\t\t\t\t<div class=\"elementor-widget-container\">\n\t\t\t<h3 class=\"normal-titleh3 vermelho bold-text\">11 November 2024<\/h3>\n\t\t\t\t<\/div>\n\t\t\t\t<\/div>\n\t\t\t\t<div class=\"elementor-element elementor-element-47715c4a elementor-widget elementor-widget-text-editor\" data-id=\"47715c4a\" data-element_type=\"widget\" data-widget_type=\"text-editor.default\">\n\t\t\t\t<div class=\"elementor-widget-container\">\n\t\t\t\t\t\t\t<p>On November 11, 2024, NOVA University and NOVA School of Law will host the event <strong>Inclusion Talks<\/strong>\u00a0as part of its <strong>Inclusion Day<\/strong>, a date on which the NOVA student and staff community will collectively celebrate the aspirations of creating a discrimination-free space.<\/p><p>The event is co-sponsored by the <a href=\"https:\/\/novalaw.unl.pt\/en\/nova-centre-for-the-study-of-gender-family-and-law\/\">NOVA Centre for the Study of Gender, Family and the Law<\/a>,<a href=\"https:\/\/novalaw.unl.pt\/en\/nova-business-human-rights-and-the-environment\/\"> NOVA Centre on Business, Human Rights, and the Environment<\/a>, <a href=\"https:\/\/www.novasbe.unl.pt\/en\/community\/labs-forums\/inclusive-community-forum\/overview\">Inclusive Community Forum (ICF)<\/a> e <a href=\"https:\/\/www.novasbe.unl.pt\/en\/leadership-for-impact?_gl=1*w6k9ed*_up*MQ..*_ga*ODAyNjU4NjMzLjE3MzA3MzkyMzI.*_ga_NRJH2682FN*MTczMDczOTIzMi4xLjEuMTczMDczOTI2MC4wLjAuMjExMzcyOTQ3MA..\">Nova SBE Leadership for Impact Knowledge Centre.<\/a><\/p><p>The <strong>Inclusion Talks<\/strong> conferencewill include two panels: the first one discussing inclusion in the private sector and the second discussing inclusion in the public sector. Both panels will feature speakers from the business sector, journalism, academia and other diverse national institutions renowned for their good practices, equalitarian leadership, and their ability to advocate for a fairer and discrimination-free society.<\/p><p>Through the Inclusion Talks, NOVA and its partners reaffirm the centrality of their <strong>commitments to promoting an inclusive and discrimination-free space<\/strong> <strong>and community<\/strong> where everyone feels welcome and capable of expressing their full potential.<\/p><p>The event will be followed by a moment of celebration for the NOVA community of students, staff and faculty, the <strong>Inclusive Magusto Party,<\/strong> celebrating the Iberian festival of Magusto with roasted chestnuts.<\/p>\t\t\t\t\t\t<\/div>\n\t\t\t\t<\/div>\n\t\t\t\t<div class=\"elementor-element elementor-element-a39d71f elementor-widget elementor-widget-ekit_wb_28992\" data-id=\"a39d71f\" data-element_type=\"widget\" data-widget_type=\"ekit_wb_28992.default\">\n\t\t\t\t<div class=\"elementor-widget-container\">\n\t\t\t<h3 class=\"normal-titleh3 vermelho bold-text\">Programme<\/h3>\n\t\t\t\t<\/div>\n\t\t\t\t<\/div>\n\t\t\t\t<div class=\"elementor-element elementor-element-5a3de3e elementor-widget elementor-widget-text-editor\" data-id=\"5a3de3e\" data-element_type=\"widget\" data-widget_type=\"text-editor.default\">\n\t\t\t\t<div class=\"elementor-widget-container\">\n\t\t\t\t\t\t\t<p>Auditorium B | Rectorate, NOVA University Lisbon<br \/><strong>13h30- 17h00\u00a0<\/strong><\/p>\t\t\t\t\t\t<\/div>\n\t\t\t\t<\/div>\n\t\t\t\t<div class=\"elementor-element elementor-element-50c54dc elementor-widget elementor-widget-text-editor\" data-id=\"50c54dc\" data-element_type=\"widget\" data-widget_type=\"text-editor.default\">\n\t\t\t\t<div class=\"elementor-widget-container\">\n\t\t\t\t\t\t\t<h4>13h30- 14h00 | Welcome\u00a0<\/h4><ul><li>Attendee Registration<\/li><\/ul>\t\t\t\t\t\t<\/div>\n\t\t\t\t<\/div>\n\t\t\t\t<div class=\"elementor-element elementor-element-a0d8787 elementor-widget elementor-widget-text-editor\" data-id=\"a0d8787\" data-element_type=\"widget\" data-widget_type=\"text-editor.default\">\n\t\t\t\t<div class=\"elementor-widget-container\">\n\t\t\t\t\t\t\t<h4>14h00- 14h20 | Introductory Remarks<\/h4><ul><li><em>Jo\u00e3o S\u00e0\u00e1gua<\/em>, Rector, NOVA University Lisbon<\/li><li><em>Isabel Nunes<\/em>, Vice-Rector, NOVA University Lisbon<\/li><li><em>Nausica Palazzo<\/em>, Head of Diversity, Inclusion and Non-Discrimination, NOVA School of Law; Director, NOVA Centre for the Study of Gender, Family, and the Law<\/li><\/ul>\t\t\t\t\t\t<\/div>\n\t\t\t\t<\/div>\n\t\t\t\t<div class=\"elementor-element elementor-element-78738fa elementor-widget elementor-widget-text-editor\" data-id=\"78738fa\" data-element_type=\"widget\" data-widget_type=\"text-editor.default\">\n\t\t\t\t<div class=\"elementor-widget-container\">\n\t\t\t\t\t\t\t<h3>Panel 1 | Inclusion in the Private Sector<\/h3>\t\t\t\t\t\t<\/div>\n\t\t\t\t<\/div>\n\t\t\t\t<div class=\"elementor-element elementor-element-8d51777 elementor-widget elementor-widget-text-editor\" data-id=\"8d51777\" data-element_type=\"widget\" data-widget_type=\"text-editor.default\">\n\t\t\t\t<div class=\"elementor-widget-container\">\n\t\t\t\t\t\t\t<h6><b><strong>(in English)<\/strong><\/b><\/h6>\t\t\t\t\t\t<\/div>\n\t\t\t\t<\/div>\n\t\t\t\t<div class=\"elementor-element elementor-element-f34e76b elementor-widget elementor-widget-text-editor\" data-id=\"f34e76b\" data-element_type=\"widget\" data-widget_type=\"text-editor.default\">\n\t\t\t\t<div class=\"elementor-widget-container\">\n\t\t\t\t\t\t\t<h4>14h20- 15h40<\/h4><p><span style=\"text-decoration: underline;\">Chair:<\/span> <em>Claire Bright<\/em>, Director, NOVA Centre for Business, Human Rights and the Environment; Head of Sustainability, NOVA School of Law<\/p><ul><li><em>Margarida Castro Caldas<\/em>, Program Coordinator, Inclusive Community Forum (ICF), NOVA SBE<\/li><li><em>Manuela Doutel Haghighi,<\/em> Global Customer Success Engagement Director, Microsoft; Co-Chair of Women@Microsoft Portugal<\/li><li><em>Catarina Mendanha Moreira<\/em>, Innovation Manager, CUF<\/li><li><em>Filipa Pantale\u00e3o<\/em>, Secretary General, BCSD Portugal<\/li><li><em>Jeff Redding,<\/em> Senior Research Fellow, University of Melbourne; Vice-Director, NOVA Centre for the Study of Gender, Family, and the Law<\/li><li><em>Ana\u00efs Tobalagba,<\/em> Research Associate NOVA Centre for Business, Human Rights and the Environment<\/li><\/ul>\t\t\t\t\t\t<\/div>\n\t\t\t\t<\/div>\n\t\t\t\t<div class=\"elementor-element elementor-element-73383fe elementor-widget elementor-widget-text-editor\" data-id=\"73383fe\" data-element_type=\"widget\" data-widget_type=\"text-editor.default\">\n\t\t\t\t<div class=\"elementor-widget-container\">\n\t\t\t\t\t\t\t<h3>Panel 2 | Inclusion in the Public Sector<\/h3>\t\t\t\t\t\t<\/div>\n\t\t\t\t<\/div>\n\t\t\t\t<div class=\"elementor-element elementor-element-5f72982 elementor-widget elementor-widget-text-editor\" data-id=\"5f72982\" data-element_type=\"widget\" data-widget_type=\"text-editor.default\">\n\t\t\t\t<div class=\"elementor-widget-container\">\n\t\t\t\t\t\t\t<h6><strong>(in Portuguese)<\/strong><\/h6>\t\t\t\t\t\t<\/div>\n\t\t\t\t<\/div>\n\t\t\t\t<div class=\"elementor-element elementor-element-8d9bfe7 elementor-widget elementor-widget-text-editor\" data-id=\"8d9bfe7\" data-element_type=\"widget\" data-widget_type=\"text-editor.default\">\n\t\t\t\t<div class=\"elementor-widget-container\">\n\t\t\t\t\t\t\t<h4>15h40- 17h00<\/h4><p><span style=\"text-decoration: underline;\">Chair:<\/span> <em>Margarida Lima Rego<\/em>, Director and Professor, NOVA School of Law<\/p><ul><li><em>Carla Tavares,<\/em> President of the Commission for Equality in Labour and Employment (CITE)<\/li><li><em>Paula Cosme Pinto<\/em>, Journalist, Podcast Author and Producer<\/li><li><em>Raquel Varela,<\/em> President of the Observatory for Life and Working Conditions, Professor at NOVA FCSH<\/li><li><em>Sandra Ribeiro<\/em>, President of the Commission for Citizenship and Gender Equality (CIG)<\/li><li><em>Zulficar Silva<\/em>, President of NOVA&#8217;s Liberal Student Centre<\/li><\/ul>\t\t\t\t\t\t<\/div>\n\t\t\t\t<\/div>\n\t\t\t\t<div class=\"elementor-element elementor-element-d0ead89 elementor-widget elementor-widget-text-editor\" data-id=\"d0ead89\" data-element_type=\"widget\" data-widget_type=\"text-editor.default\">\n\t\t\t\t<div class=\"elementor-widget-container\">\n\t\t\t\t\t\t\t<h4>17h00 | After-party \u201cInclusive Magusto\u201d<\/h4><ul><li>P\u00e1tio Mural dos Direitos Humanos, NOVA School of Law<\/li><\/ul>\t\t\t\t\t\t<\/div>\n\t\t\t\t<\/div>\n\t\t\t\t<div class=\"elementor-element elementor-element-e315be2 elementor-widget elementor-widget-text-editor\" data-id=\"e315be2\" data-element_type=\"widget\" data-widget_type=\"text-editor.default\">\n\t\t\t\t<div class=\"elementor-widget-container\">\n\t\t\t\t\t\t\t<p>Co-funded by \u201cPrograma para a Promo\u00e7\u00e3o da Sa\u00fade Mental no Ensino Superior\u201d.<\/p>\t\t\t\t\t\t<\/div>\n\t\t\t\t<\/div>\n\t\t\t\t<div class=\"elementor-element elementor-element-804057c elementor-widget elementor-widget-text-editor\" data-id=\"804057c\" data-element_type=\"widget\" data-widget_type=\"text-editor.default\">\n\t\t\t\t<div class=\"elementor-widget-container\">\n\t\t\t\t\t\t\t<h4>Organisation<\/h4><ul><li><em>Nausica Palazzo<\/em><\/li><li><em>Tatiana Morais<\/em><\/li><li><em>Constan\u00e7a Mota<\/em><\/li><li>Ana Ribeiro\u00a0<\/li><\/ul>\t\t\t\t\t\t<\/div>\n\t\t\t\t<\/div>\n\t\t\t\t<div class=\"elementor-element elementor-element-f8638a2 elementor-widget elementor-widget-text-editor\" data-id=\"f8638a2\" data-element_type=\"widget\" data-widget_type=\"text-editor.default\">\n\t\t\t\t<div class=\"elementor-widget-container\">\n\t\t\t\t\t\t\t<p>For more information:\u00a0 <a href=\"mailto:novagflaw@novalaw.unl.pt\">novagflaw@novalaw.unl.pt<\/a><\/p>\t\t\t\t\t\t<\/div>\n\t\t\t\t<\/div>\n\t\t\t\t<div class=\"elementor-element elementor-element-eac9da2 elementor-widget elementor-widget-ekit_wb_53810\" data-id=\"eac9da2\" data-element_type=\"widget\" data-widget_type=\"ekit_wb_53810.default\">\n\t\t\t\t<div class=\"elementor-widget-container\">\n\t\t\t<p class=\"nsl-disclamier geral-pt\" style=\"margin-top: 20px; margin-bottom: 20px;\">\n    <span class=\"FormConnector-disclaimer wpcf7-list-item-label\" style=\"font-size: 12px;\">\n    Este evento \u00e9 pass\u00edvel de ser fotografado e filmado e posteriormente divulgado. Caso n\u00e3o pretenda ser filmado\/a e\/ou fotografado\/a,\n    dever\u00e1 expressar esta vontade por escrito, atrav\u00e9s do email \n    <a href=\"mailto:comunicacao@novalaw.unl.pt\">\n        comunicacao@novalaw.unl.pt\n    <\/a>. \n    <\/span>\n    <span class=\"FormConnector-disclaimer wpcf7-list-item-label\" style=\"font-size: 12px;\">\n        Para mais informa\u00e7\u00f5es sobre o tratamento dos seus dados pessoais e os seus direitos enquanto titular dos dados, por favor, \n        consulte a nossa Pol\u00edtica de Privacidade \n        <a href=\"https:\/\/novalaw.unl.pt\/politica-de-privacidade\/\">\n            <strong><u>aqui<\/u><\/strong>\n        <\/a><\/span>\n<\/p>\n\n\n<p class=\"nsl-disclamier geral-en\" style=\"margin-top: 20px; margin-bottom: 20px;\">\n    <span class=\"FormConnector-disclaimer wpcf7-list-item-label\" style=\"font-size: 12px;\">\n    This event may be photographed and filmed and subsequently released. If you do not wish to be filmed and\/or\n    photographed, you must express this wish in writing by emailing \n    <a href=\"mailto:comunicacao@novalaw.unl.pt\">\n        comunicacao@novalaw.unl.pt\n    <\/a>. \n    <\/span>\n    <span class=\"FormConnector-disclaimer wpcf7-list-item-label\" style=\"font-size: 12px;\">\n        For more information about the processing of your personal data and your rights as a data subject, please consult our Privacy Policy  \n        <a href=\"https:\/\/novalaw.unl.pt\/en\/privacy-policy\/\">\n            <strong><u>here<\/u><\/strong>\n        <\/a><\/span>\n<\/p>\n\n\n<p class=\"nsl-disclamier widget2-pt\" style=\"margin-top: 20px; margin-bottom: 20px;\">\n    <span class=\"FormConnector-disclaimer wpcf7-list-item-label\" style=\"font-size: 12px;\">\n   Este evento vai ser fotografado e filmado. Ao inscrever-se est\u00e1 a aceitar que as imagens possam ser utilizadas para\n   divulga\u00e7\u00e3o. Caso n\u00e3o pretenda ser filmado\/a e\/ou fotografado\/a, dever\u00e1 expressar esta vontade por escrito, atrav\u00e9s do email \n    <a href=\"mailto:comunicacao@novalaw.unl.pt\">\n        comunicacao@novalaw.unl.pt\n    <\/a>. \n    <\/span>\n    <span class=\"FormConnector-disclaimer wpcf7-list-item-label\" style=\"font-size: 12px;\">\n        Para mais informa\u00e7\u00f5es sobre o tratamento dos seus dados pessoais e os seus direitos enquanto titular dos dados, por favor, \n        consulte a nossa Pol\u00edtica de Privacidade \n        <a href=\"https:\/\/novalaw.unl.pt\/politica-de-privacidade\/\">\n            <strong><u>aqui<\/u><\/strong>\n        <\/a><\/span>\n<\/p>\n\n\n<p class=\"nsl-disclamier widget2-en\" style=\"margin-top: 20px; margin-bottom: 20px;\">\n    <span class=\"FormConnector-disclaimer wpcf7-list-item-label\" style=\"font-size: 12px;\">\n    This event will be photographed and filmed. By registering, you accept that the images may be used for publicity purposes.\n    If you do not wish to be filmed and\/or photographed, you must express this request in writing by email to\n    <a href=\"mailto:comunicacao@novalaw.unl.pt\">\n        comunicacao@novalaw.unl.pt\n    <\/a>. \n    <\/span>\n    <span class=\"FormConnector-disclaimer wpcf7-list-item-label\" style=\"font-size: 12px;\">\n        For more information about the processing of your personal data and your rights as a data subject, please consult our Privacy Policy  \n        <a href=\"https:\/\/novalaw.unl.pt\/en\/privacy-policy\/\">\n            <strong><u>here<\/u><\/strong>\n        <\/a><\/span>\n<\/p>\n\n\n\n<script>\n    \n$ = jQuery;\n\n$('.geral-en').css('display', \"block\");\n\n<\/script>\n\t\t\t\t<\/div>\n\t\t\t\t<\/div>\n\t\t\t\t\t<\/div>\n\t\t<\/div>\n\t\t\t\t\t\t\t<\/div>\n\t\t<\/section>\n\t\t\t\t<section class=\"elementor-section elementor-top-section elementor-element elementor-element-37b3772 elementor-section-boxed elementor-section-height-default elementor-section-height-default\" data-id=\"37b3772\" data-element_type=\"section\">\n\t\t\t\t\t\t<div class=\"elementor-container elementor-column-gap-default\">\n\t\t\t\t\t<div class=\"elementor-column elementor-col-100 elementor-top-column elementor-element elementor-element-6f89eea2\" data-id=\"6f89eea2\" data-element_type=\"column\">\n\t\t\t<div class=\"elementor-widget-wrap\">\n\t\t\t\t\t\t\t\t\t<\/div>\n\t\t<\/div>\n\t\t\t\t\t\t\t<\/div>\n\t\t<\/section>\n\t\t\t\t<section class=\"elementor-section elementor-top-section elementor-element elementor-element-2b67a5b4 elementor-section-boxed elementor-section-height-default elementor-section-height-default\" data-id=\"2b67a5b4\" data-element_type=\"section\">\n\t\t\t\t\t\t<div class=\"elementor-container elementor-column-gap-default\">\n\t\t\t\t\t<div class=\"elementor-column elementor-col-100 elementor-top-column elementor-element elementor-element-5d1956b7\" data-id=\"5d1956b7\" data-element_type=\"column\">\n\t\t\t<div class=\"elementor-widget-wrap elementor-element-populated\">\n\t\t\t\t\t\t\t\t<div class=\"elementor-element elementor-element-48e32633 elementor-widget elementor-widget-ekit_wb_10548\" data-id=\"48e32633\" data-element_type=\"widget\" data-widget_type=\"ekit_wb_10548.default\">\n\t\t\t\t<div class=\"elementor-widget-container\">\n\t\t\t<script type='text\/javascript' src='https:\/\/platform-api.sharethis.com\/js\/sharethis.js#property=64ae9869f57abe0019c4e32e&product=sticky-share-buttons' async='async'><\/script>\n\t\t\t\t<\/div>\n\t\t\t\t<\/div>\n\t\t\t\t\t<\/div>\n\t\t<\/div>\n\t\t\t\t\t\t\t<\/div>\n\t\t<\/section>\n\t\t\t\t\t\t<\/div>\n\t\t\t\t\t<\/div>\n\t\t","protected":false},"excerpt":{"rendered":"<p>Inclusion Day Inclusion Talks 11 November 2024 On November 11, 2024, NOVA University and NOVA School of Law will host the event Inclusion Talks\u00a0as part of its Inclusion Day, a date on which the NOVA student and staff community will collectively celebrate the aspirations of creating a discrimination-free space. The event is co-sponsored by the &hellip;<\/p>\n<p class=\"read-more\"> <a class=\"\" href=\"https:\/\/novalaw.unl.pt\/en\/inclusion-talks\/\"> <span class=\"screen-reader-text\">Inclusion Talks<\/span> Read More &raquo;<\/a><\/p>\n","protected":false},"author":8,"featured_media":86309,"parent":0,"menu_order":0,"comment_status":"closed","ping_status":"closed","template":"","meta":{"footnotes":""},"categories":[86,119,91],"tags":[],"class_list":["post-86313","page","type-page","status-publish","has-post-thumbnail","hentry","category-agenda-en","category-life-at-nova","category-nova-agenda-destaque-home-en-en"],"yoast_head":"<!-- This site is optimized with the Yoast SEO Premium plugin v27.4 (Yoast SEO v27.4) - https:\/\/yoast.com\/product\/yoast-seo-premium-wordpress\/ -->\n<title>Inclusion Talks - NOVA School of Law | Faculdade de Direito da Universidade NOVA de Lisboa<\/title>\n<meta name=\"robots\" content=\"index, follow, max-snippet:-1, max-image-preview:large, max-video-preview:-1\" \/>\n<link rel=\"canonical\" href=\"https:\/\/novalaw.unl.pt\/conversas-sobre-inclusao\/\" \/>\n<meta property=\"og:locale\" content=\"en_US\" \/>\n<meta property=\"og:type\" content=\"article\" \/>\n<meta property=\"og:title\" content=\"Inclusion Talks\" \/>\n<meta property=\"og:description\" content=\"Inclusion Day Inclusion Talks 11 November 2024 On November 11, 2024, NOVA University and NOVA School of Law will host the event Inclusion Talks\u00a0as part of its Inclusion Day, a date on which the NOVA student and staff community will collectively celebrate the aspirations of creating a discrimination-free space. The event is co-sponsored by the &hellip; Inclusion Talks Read More &raquo;\" \/>\n<meta property=\"og:url\" content=\"https:\/\/novalaw.unl.pt\/conversas-sobre-inclusao\/\" \/>\n<meta property=\"og:site_name\" content=\"NOVA School of Law | Faculdade de Direito da Universidade NOVA de Lisboa\" \/>\n<meta property=\"article:modified_time\" content=\"2024-11-08T12:38:40+00:00\" \/>\n<meta property=\"og:image\" content=\"https:\/\/novalaw.unl.pt\/wp-content\/uploads\/2024\/11\/Thumbnail-7.png\" \/>\n\t<meta property=\"og:image:width\" content=\"320\" \/>\n\t<meta property=\"og:image:height\" content=\"200\" \/>\n\t<meta property=\"og:image:type\" content=\"image\/png\" \/>\n<meta name=\"twitter:card\" content=\"summary_large_image\" \/>\n<meta name=\"twitter:label1\" content=\"Est. reading time\" \/>\n\t<meta name=\"twitter:data1\" content=\"4 minutes\" \/>\n<script type=\"application\/ld+json\" class=\"yoast-schema-graph\">{\"@context\":\"https:\\\/\\\/schema.org\",\"@graph\":[{\"@type\":\"WebPage\",\"@id\":\"https:\\\/\\\/novalaw.unl.pt\\\/conversas-sobre-inclusao\\\/\",\"url\":\"https:\\\/\\\/novalaw.unl.pt\\\/conversas-sobre-inclusao\\\/\",\"name\":\"Inclusion Talks - NOVA School of Law | Faculdade de Direito da Universidade NOVA de Lisboa\",\"isPartOf\":{\"@id\":\"https:\\\/\\\/novalaw.unl.pt\\\/#website\"},\"primaryImageOfPage\":{\"@id\":\"https:\\\/\\\/novalaw.unl.pt\\\/conversas-sobre-inclusao\\\/#primaryimage\"},\"image\":{\"@id\":\"https:\\\/\\\/novalaw.unl.pt\\\/conversas-sobre-inclusao\\\/#primaryimage\"},\"thumbnailUrl\":\"https:\\\/\\\/novalaw.unl.pt\\\/wp-content\\\/uploads\\\/2024\\\/11\\\/Thumbnail-7.png\",\"datePublished\":\"2024-11-04T15:42:47+00:00\",\"dateModified\":\"2024-11-08T12:38:40+00:00\",\"breadcrumb\":{\"@id\":\"https:\\\/\\\/novalaw.unl.pt\\\/conversas-sobre-inclusao\\\/#breadcrumb\"},\"inLanguage\":\"en-US\",\"potentialAction\":[{\"@type\":\"ReadAction\",\"target\":[\"https:\\\/\\\/novalaw.unl.pt\\\/conversas-sobre-inclusao\\\/\"]}]},{\"@type\":\"ImageObject\",\"inLanguage\":\"en-US\",\"@id\":\"https:\\\/\\\/novalaw.unl.pt\\\/conversas-sobre-inclusao\\\/#primaryimage\",\"url\":\"https:\\\/\\\/novalaw.unl.pt\\\/wp-content\\\/uploads\\\/2024\\\/11\\\/Thumbnail-7.png\",\"contentUrl\":\"https:\\\/\\\/novalaw.unl.pt\\\/wp-content\\\/uploads\\\/2024\\\/11\\\/Thumbnail-7.png\",\"width\":320,\"height\":200},{\"@type\":\"BreadcrumbList\",\"@id\":\"https:\\\/\\\/novalaw.unl.pt\\\/conversas-sobre-inclusao\\\/#breadcrumb\",\"itemListElement\":[{\"@type\":\"ListItem\",\"position\":1,\"name\":\"Home\",\"item\":\"https:\\\/\\\/novalaw.unl.pt\\\/en\\\/\"},{\"@type\":\"ListItem\",\"position\":2,\"name\":\"Inclusion Talks\"}]},{\"@type\":\"WebSite\",\"@id\":\"https:\\\/\\\/novalaw.unl.pt\\\/#website\",\"url\":\"https:\\\/\\\/novalaw.unl.pt\\\/\",\"name\":\"NOVA School of Law | Faculdade de Direito da Universidade NOVA de Lisboa\",\"description\":\"NOVA School Of Law\",\"publisher\":{\"@id\":\"https:\\\/\\\/novalaw.unl.pt\\\/#organization\"},\"potentialAction\":[{\"@type\":\"SearchAction\",\"target\":{\"@type\":\"EntryPoint\",\"urlTemplate\":\"https:\\\/\\\/novalaw.unl.pt\\\/?s={search_term_string}\"},\"query-input\":{\"@type\":\"PropertyValueSpecification\",\"valueRequired\":true,\"valueName\":\"search_term_string\"}}],\"inLanguage\":\"en-US\"},{\"@type\":\"Organization\",\"@id\":\"https:\\\/\\\/novalaw.unl.pt\\\/#organization\",\"name\":\"NOVA School of Law\",\"url\":\"https:\\\/\\\/novalaw.unl.pt\\\/\",\"logo\":{\"@type\":\"ImageObject\",\"inLanguage\":\"en-US\",\"@id\":\"https:\\\/\\\/novalaw.unl.pt\\\/#\\\/schema\\\/logo\\\/image\\\/\",\"url\":\"https:\\\/\\\/novalaw.unl.pt\\\/wp-content\\\/uploads\\\/2021\\\/02\\\/logo-novalaw.svg\",\"contentUrl\":\"https:\\\/\\\/novalaw.unl.pt\\\/wp-content\\\/uploads\\\/2021\\\/02\\\/logo-novalaw.svg\",\"width\":991,\"height\":424,\"caption\":\"NOVA School of Law\"},\"image\":{\"@id\":\"https:\\\/\\\/novalaw.unl.pt\\\/#\\\/schema\\\/logo\\\/image\\\/\"}}]}<\/script>\n<!-- \/ Yoast SEO Premium plugin. -->","yoast_head_json":{"title":"Inclusion Talks - NOVA School of Law | Faculdade de Direito da Universidade NOVA de Lisboa","robots":{"index":"index","follow":"follow","max-snippet":"max-snippet:-1","max-image-preview":"max-image-preview:large","max-video-preview":"max-video-preview:-1"},"canonical":"https:\/\/novalaw.unl.pt\/conversas-sobre-inclusao\/","og_locale":"en_US","og_type":"article","og_title":"Inclusion Talks","og_description":"Inclusion Day Inclusion Talks 11 November 2024 On November 11, 2024, NOVA University and NOVA School of Law will host the event Inclusion Talks\u00a0as part of its Inclusion Day, a date on which the NOVA student and staff community will collectively celebrate the aspirations of creating a discrimination-free space. The event is co-sponsored by the &hellip; Inclusion Talks Read More &raquo;","og_url":"https:\/\/novalaw.unl.pt\/conversas-sobre-inclusao\/","og_site_name":"NOVA School of Law | Faculdade de Direito da Universidade NOVA de Lisboa","article_modified_time":"2024-11-08T12:38:40+00:00","og_image":[{"width":320,"height":200,"url":"https:\/\/novalaw.unl.pt\/wp-content\/uploads\/2024\/11\/Thumbnail-7.png","type":"image\/png"}],"twitter_card":"summary_large_image","twitter_misc":{"Est. reading time":"4 minutes"},"schema":{"@context":"https:\/\/schema.org","@graph":[{"@type":"WebPage","@id":"https:\/\/novalaw.unl.pt\/conversas-sobre-inclusao\/","url":"https:\/\/novalaw.unl.pt\/conversas-sobre-inclusao\/","name":"Inclusion Talks - NOVA School of Law | Faculdade de Direito da Universidade NOVA de Lisboa","isPartOf":{"@id":"https:\/\/novalaw.unl.pt\/#website"},"primaryImageOfPage":{"@id":"https:\/\/novalaw.unl.pt\/conversas-sobre-inclusao\/#primaryimage"},"image":{"@id":"https:\/\/novalaw.unl.pt\/conversas-sobre-inclusao\/#primaryimage"},"thumbnailUrl":"https:\/\/novalaw.unl.pt\/wp-content\/uploads\/2024\/11\/Thumbnail-7.png","datePublished":"2024-11-04T15:42:47+00:00","dateModified":"2024-11-08T12:38:40+00:00","breadcrumb":{"@id":"https:\/\/novalaw.unl.pt\/conversas-sobre-inclusao\/#breadcrumb"},"inLanguage":"en-US","potentialAction":[{"@type":"ReadAction","target":["https:\/\/novalaw.unl.pt\/conversas-sobre-inclusao\/"]}]},{"@type":"ImageObject","inLanguage":"en-US","@id":"https:\/\/novalaw.unl.pt\/conversas-sobre-inclusao\/#primaryimage","url":"https:\/\/novalaw.unl.pt\/wp-content\/uploads\/2024\/11\/Thumbnail-7.png","contentUrl":"https:\/\/novalaw.unl.pt\/wp-content\/uploads\/2024\/11\/Thumbnail-7.png","width":320,"height":200},{"@type":"BreadcrumbList","@id":"https:\/\/novalaw.unl.pt\/conversas-sobre-inclusao\/#breadcrumb","itemListElement":[{"@type":"ListItem","position":1,"name":"Home","item":"https:\/\/novalaw.unl.pt\/en\/"},{"@type":"ListItem","position":2,"name":"Inclusion Talks"}]},{"@type":"WebSite","@id":"https:\/\/novalaw.unl.pt\/#website","url":"https:\/\/novalaw.unl.pt\/","name":"NOVA School of Law | Faculdade de Direito da Universidade NOVA de Lisboa","description":"NOVA School Of Law","publisher":{"@id":"https:\/\/novalaw.unl.pt\/#organization"},"potentialAction":[{"@type":"SearchAction","target":{"@type":"EntryPoint","urlTemplate":"https:\/\/novalaw.unl.pt\/?s={search_term_string}"},"query-input":{"@type":"PropertyValueSpecification","valueRequired":true,"valueName":"search_term_string"}}],"inLanguage":"en-US"},{"@type":"Organization","@id":"https:\/\/novalaw.unl.pt\/#organization","name":"NOVA School of Law","url":"https:\/\/novalaw.unl.pt\/","logo":{"@type":"ImageObject","inLanguage":"en-US","@id":"https:\/\/novalaw.unl.pt\/#\/schema\/logo\/image\/","url":"https:\/\/novalaw.unl.pt\/wp-content\/uploads\/2021\/02\/logo-novalaw.svg","contentUrl":"https:\/\/novalaw.unl.pt\/wp-content\/uploads\/2021\/02\/logo-novalaw.svg","width":991,"height":424,"caption":"NOVA School of Law"},"image":{"@id":"https:\/\/novalaw.unl.pt\/#\/schema\/logo\/image\/"}}]}},"novalaw_begin_date":"2024-11-11","novalaw_begin_date_en":"","novalaw_text":"","novalaw_tag":"CONFERENCE","novalaw_tag_en":"","novalaw_link":"","novalaw_link_en":"https:\/\/novalaw.unl.pt\/en\/inclusion-talks\/","novalaw_end_date":"2024-11-11","novalaw_end_date_en":"","novalaw_date":"","novalaw_em_destaque":"TRUE","novalaw_tag_src":"","lang":"","_links":{"self":[{"href":"https:\/\/novalaw.unl.pt\/en\/wp-json\/wp\/v2\/pages\/86313","targetHints":{"allow":["GET"]}}],"collection":[{"href":"https:\/\/novalaw.unl.pt\/en\/wp-json\/wp\/v2\/pages"}],"about":[{"href":"https:\/\/novalaw.unl.pt\/en\/wp-json\/wp\/v2\/types\/page"}],"author":[{"embeddable":true,"href":"https:\/\/novalaw.unl.pt\/en\/wp-json\/wp\/v2\/users\/8"}],"replies":[{"embeddable":true,"href":"https:\/\/novalaw.unl.pt\/en\/wp-json\/wp\/v2\/comments?post=86313"}],"version-history":[{"count":34,"href":"https:\/\/novalaw.unl.pt\/en\/wp-json\/wp\/v2\/pages\/86313\/revisions"}],"predecessor-version":[{"id":86504,"href":"https:\/\/novalaw.unl.pt\/en\/wp-json\/wp\/v2\/pages\/86313\/revisions\/86504"}],"wp:featuredmedia":[{"embeddable":true,"href":"https:\/\/novalaw.unl.pt\/en\/wp-json\/wp\/v2\/media\/86309"}],"wp:attachment":[{"href":"https:\/\/novalaw.unl.pt\/en\/wp-json\/wp\/v2\/media?parent=86313"}],"wp:term":[{"taxonomy":"category","embeddable":true,"href":"https:\/\/novalaw.unl.pt\/en\/wp-json\/wp\/v2\/categories?post=86313"},{"taxonomy":"post_tag","embeddable":true,"href":"https:\/\/novalaw.unl.pt\/en\/wp-json\/wp\/v2\/tags?post=86313"}],"curies":[{"name":"wp","href":"https:\/\/api.w.org\/{rel}","templated":true}]}}