{"id":89537,"date":"2025-05-12T13:26:34","date_gmt":"2025-05-12T13:26:34","guid":{"rendered":"https:\/\/novalaw.unl.pt\/?page_id=89537"},"modified":"2026-04-13T10:20:54","modified_gmt":"2026-04-13T10:20:54","slug":"legal-leadership-360o-innovation-ai-and-business-impact","status":"publish","type":"page","link":"https:\/\/novalaw.unl.pt\/en\/legal-leadership-360o-innovation-ai-and-business-impact\/","title":{"rendered":"Legal Leadership 360\u00ba: Innovation, AI and Business Impact"},"content":{"rendered":"\t\t<div data-elementor-type=\"wp-page\" data-elementor-id=\"89537\" class=\"elementor elementor-89537\" data-elementor-settings=\"[]\">\n\t\t\t\t\t\t\t<div class=\"elementor-section-wrap\">\n\t\t\t\t\t\t\t<section class=\"elementor-section elementor-top-section elementor-element elementor-element-7497effb elementor-section-full_width elementor-section-height-min-height elementor-section-height-default elementor-section-items-middle\" data-id=\"7497effb\" data-element_type=\"section\" data-settings=\"{&quot;shape_divider_bottom&quot;:&quot;tilt&quot;,&quot;background_background&quot;:&quot;classic&quot;}\">\n\t\t\t\t\t<div class=\"elementor-shape elementor-shape-bottom\" data-negative=\"false\">\n\t\t\t<svg xmlns=\"http:\/\/www.w3.org\/2000\/svg\" viewBox=\"0 0 1000 100\" preserveAspectRatio=\"none\">\n\t<path class=\"elementor-shape-fill\" d=\"M0,6V0h1000v100L0,6z\"\/>\n<\/svg>\t\t<\/div>\n\t\t\t\t\t<div class=\"elementor-container elementor-column-gap-default\">\n\t\t\t\t\t<div class=\"elementor-column elementor-col-100 elementor-top-column elementor-element elementor-element-614c318e\" data-id=\"614c318e\" data-element_type=\"column\">\n\t\t\t<div class=\"elementor-widget-wrap elementor-element-populated\">\n\t\t\t\t\t\t\t\t<div class=\"elementor-element elementor-element-631a565b elementor-widget elementor-widget-ekit_wb_10548\" data-id=\"631a565b\" data-element_type=\"widget\" data-widget_type=\"ekit_wb_10548.default\">\n\t\t\t\t<div class=\"elementor-widget-container\">\n\t\t\t<script type='text\/javascript' src='https:\/\/platform-api.sharethis.com\/js\/sharethis.js#property=64ae9869f57abe0019c4e32e&product=sticky-share-buttons' async='async'><\/script>\n\t\t\t\t<\/div>\n\t\t\t\t<\/div>\n\t\t\t\t\t<\/div>\n\t\t<\/div>\n\t\t\t\t\t\t\t<\/div>\n\t\t<\/section>\n\t\t\t\t<section class=\"elementor-section elementor-top-section elementor-element elementor-element-2bcaa191 elementor-section-boxed elementor-section-height-default elementor-section-height-default\" data-id=\"2bcaa191\" data-element_type=\"section\">\n\t\t\t\t\t\t<div class=\"elementor-container elementor-column-gap-default\">\n\t\t\t\t\t<div class=\"elementor-column elementor-col-100 elementor-top-column elementor-element elementor-element-780153e0\" data-id=\"780153e0\" data-element_type=\"column\">\n\t\t\t<div class=\"elementor-widget-wrap elementor-element-populated\">\n\t\t\t\t\t\t\t\t<div class=\"elementor-element elementor-element-3fd9fe91 elementor-widget elementor-widget-heading\" data-id=\"3fd9fe91\" data-element_type=\"widget\" data-widget_type=\"heading.default\">\n\t\t\t\t<div class=\"elementor-widget-container\">\n\t\t\t<h1 class=\"elementor-heading-title elementor-size-default\">27 February to 14 April 2026<\/h1>\t\t<\/div>\n\t\t\t\t<\/div>\n\t\t\t\t<div class=\"elementor-element elementor-element-60569165 elementor-widget elementor-widget-text-editor\" data-id=\"60569165\" data-element_type=\"widget\" data-widget_type=\"text-editor.default\">\n\t\t\t\t<div class=\"elementor-widget-container\">\n\t\t\t\t\t\t\t<p>Legal Leadership 360\u00ba: Innovation, AI and Business Impact<\/p>\t\t\t\t\t\t<\/div>\n\t\t\t\t<\/div>\n\t\t\t\t\t<\/div>\n\t\t<\/div>\n\t\t\t\t\t\t\t<\/div>\n\t\t<\/section>\n\t\t\t\t<section class=\"elementor-section elementor-top-section elementor-element elementor-element-717ccc83 elementor-section-boxed elementor-section-height-default elementor-section-height-default\" data-id=\"717ccc83\" data-element_type=\"section\">\n\t\t\t\t\t\t<div class=\"elementor-container elementor-column-gap-default\">\n\t\t\t\t\t<div class=\"elementor-column elementor-col-33 elementor-top-column elementor-element elementor-element-7a5f1ee0\" data-id=\"7a5f1ee0\" data-element_type=\"column\">\n\t\t\t<div class=\"elementor-widget-wrap elementor-element-populated\">\n\t\t\t\t\t\t\t\t<div class=\"elementor-element elementor-element-12b3e1ba menu-lateral elementor-widget elementor-widget-text-editor\" data-id=\"12b3e1ba\" data-element_type=\"widget\" data-widget_type=\"text-editor.default\">\n\t\t\t\t<div class=\"elementor-widget-container\">\n\t\t\t\t\t\t\t<div><a class=\"active-index\" href=\"#apresentacao-section\">Presentation<\/a> <a class=\"\" href=\"#programa-section\">Programme<\/a> <a href=\"#candidaturas-section\">Registrations<\/a><\/div>\t\t\t\t\t\t<\/div>\n\t\t\t\t<\/div>\n\t\t\t\t\t<\/div>\n\t\t<\/div>\n\t\t\t\t<div class=\"elementor-column elementor-col-66 elementor-top-column elementor-element elementor-element-4f8b8552\" data-id=\"4f8b8552\" data-element_type=\"column\">\n\t\t\t<div class=\"elementor-widget-wrap elementor-element-populated\">\n\t\t\t\t\t\t\t\t<div class=\"elementor-element elementor-element-6d25dd5d elementor-widget elementor-widget-menu-anchor\" data-id=\"6d25dd5d\" data-element_type=\"widget\" data-widget_type=\"menu-anchor.default\">\n\t\t\t\t<div class=\"elementor-widget-container\">\n\t\t\t\t\t<div id=\"apresentacao-section\" class=\"elementor-menu-anchor\"><\/div>\n\t\t\t\t<\/div>\n\t\t\t\t<\/div>\n\t\t\t\t<div class=\"elementor-element elementor-element-3d87cab9 elementor-widget elementor-widget-ekit_wb_84406\" data-id=\"3d87cab9\" data-element_type=\"widget\" data-widget_type=\"ekit_wb_84406.default\">\n\t\t\t\t<div class=\"elementor-widget-container\">\n\t\t\t<script>\r\n\/*<<<JURISNOVA_JSON { \"title\": \"Legal Tech and AI Adoption\", \"short_description\": \"The legal sector is undergoing a profound transformation. The relationship between digital transition, artificial intelligence, new regulatory requirements and disruptive business models is structurally transforming the way legal services are practised and managed.\", \"date_description\": \"23 February to 26 March 2026\", \"begin_date\": \"2026-02-01 12:00\", \"end_date\": \"2026-03-31 12:00\", \"tags\": \"executive\", \"form\": \"normal\", \"select\": \"\", \"early_bird\": \"yes\", \"language\": \"EN\" } JURISNOVA_JSON>>>*\/\r\n<\/script>\r\n<style>\r\n  #calendar-buttons {\r\n    position: fixed;\r\n    left: 0;\r\n    top: 500px;\r\n    display: flex;\r\n    flex-direction: column;\r\n    gap: 0px;\r\n    align-items: center;\r\n    padding: 8px;\r\n    background: white;\r\n    border-radius: 0 8px 8px 0;\r\n    box-shadow: 0 0 10px rgba(0, 0, 0, 0.1);\r\n    z-index: 9999;\r\n  }\r\n\r\n  @media (max-width: 768px) {\r\n    #calendar-buttons {\r\n      top: auto;\r\n      bottom: 45px;\r\n      left: 0;\r\n      right: 0;\r\n      flex-direction: row;\r\n      justify-content: center;\r\n      border-radius: 8px 8px 0 0;\r\n    }\r\n  }\r\n<\/style>\r\n\r\n\n\t\t\t\t<\/div>\n\t\t\t\t<\/div>\n\t\t\t\t<div class=\"elementor-element elementor-element-35cc4027 elementor-widget elementor-widget-text-editor\" data-id=\"35cc4027\" data-element_type=\"widget\" data-widget_type=\"text-editor.default\">\n\t\t\t\t<div class=\"elementor-widget-container\">\n\t\t\t\t\t\t\t<div><div>\t\t<div data-elementor-type=\"section\" data-elementor-id=\"63817\" class=\"elementor elementor-63817\" data-elementor-settings=\"[]\">\n\t\t<div class=\"elementor-section-wrap\">\n\t\t\t\t\t<section class=\"elementor-section elementor-top-section elementor-element elementor-element-ee02056 elementor-section-full_width elementor-section-height-default elementor-section-height-default\" data-id=\"ee02056\" data-element_type=\"section\">\n\t\t\t\t\t\t<div class=\"elementor-container elementor-column-gap-default\">\n\t\t\t\t\t<div class=\"elementor-column elementor-col-100 elementor-top-column elementor-element elementor-element-b839e5a\" data-id=\"b839e5a\" data-element_type=\"column\">\n\t\t\t<div class=\"elementor-widget-wrap elementor-element-populated\">\n\t\t\t\t\t\t\t\t<div class=\"elementor-element elementor-element-7d23014 elementor-widget elementor-widget-ekit_wb_111023\" data-id=\"7d23014\" data-element_type=\"widget\" data-widget_type=\"ekit_wb_111023.default\">\n\t\t\t\t<div class=\"elementor-widget-container\">\n\t\t\t<style>\r\n  :root {\r\n    --bg: linear-gradient(130.39deg, rgba(243, 243, 243, 0.85) 18.24%, rgba(253, 253, 253, 0.85) 119.11%);\r\n    --radius: 17px;\r\n    --font: 'Montserrat', sans-serif;\r\n    --text-color: #000;\r\n    --muted: rgba(0,0,0,0.85);\r\n    --highlight: #E10613;\r\n  }\r\n\r\n  .widget-container {\r\n    background: var(--bg);\r\n    border-radius: var(--radius);\r\n    box-shadow: 0 6px 12px rgba(0,0,0,0.05);\r\n    transition: all 0.4s ease;\r\n    cursor: pointer;\r\n    font-family: var(--font);\r\n  }\r\n\r\n  \/* Modo compacto *\/\r\n  .widget-container.compact {\r\n    width: 130px;\r\n    height: 130px;\r\n    padding: 20px;\r\n    cursor: pointer;\r\n  }\r\n\r\n  .compact-icons {\r\n    display: flex;\r\n    flex-direction: column;\r\n    align-items: flex-start;\r\n    gap: 10px;\r\n    opacity: 1;\r\n    transition: opacity 0.3s ease;\r\n  }\r\n\r\n  .widget-container.expanded .compact-icons {\r\n    display: none;\r\n    opacity: 0;\r\n  }\r\n\r\n  .compact-icons .profile-icon {\r\n    width: 90px;\r\n    height: 90px;\r\n    border-radius: 50%;\r\n    -webkit-border-radius: 50%; \r\n    object-fit: cover;\r\n    -webkit-object-fit: cover; \r\n    display: block; \r\n    aspect-ratio: 1\/1; \r\n  }\r\n\r\n  .compact-icons .email-icon {\r\n    width: 40px;\r\n    height: 40px;\r\n    margin-left: 80px;\r\n    margin-top: -40px;\r\n    display: block;\r\n    aspect-ratio: 1\/1;\r\n  }\r\n\r\n  \/* Modo expandido *\/\r\n  .widget-container.expanded {\r\n    width: 540px;\r\n    padding: 14px;\r\n    cursor: default;\r\n  }\r\n\r\n  .widget-content {\r\n    display: none;\r\n    opacity: 0;\r\n    transition: opacity 0.3s ease;\r\n  }\r\n\r\n  .widget-container.expanded .widget-content {\r\n    display: block;\r\n    opacity: 1;\r\n  }\r\n\r\n  .close-btn {\r\n    position: absolute;\r\n    top: 13px;\r\n    right: 12px;\r\n    width: 28px;\r\n    height: 28px;\r\n    background: rgba(0,0,0,0.5);\r\n    color: #fff !important;\r\n    border-radius: 50%;\r\n    display: none;\r\n    align-items: center;\r\n    justify-content: center;\r\n    font-size: 18px !important;\r\n    font-weight: bold;\r\n    cursor: pointer;\r\n    transition: background 0.2s ease;\r\n    z-index: 10;\r\n  }\r\n\r\n  .widget-container.expanded .close-btn {\r\n    display: flex;\r\n  }\r\n\r\n  .close-btn:hover {\r\n    background: rgba(0,0,0,0.7);\r\n  }\r\n\r\n  .widget-header {\r\n    display: flex;\r\n    align-items: center;\r\n    gap: 16px;\r\n    margin-bottom: 16px;\r\n  }\r\n\r\n  .widget-photo {\r\n    flex: 0 0 auto; \r\n  width: 120px; \r\n  height: 120px;\r\n  border-radius: 50%;\r\n  -webkit-border-radius: 50%; \r\n  overflow: hidden;\r\n  aspect-ratio: 1\/1; \r\n  }\r\n\r\n  .widget-photo img {\r\n    width: 100%;\r\n    height: 100%;\r\n    object-fit: cover;\r\n    -webkit-object-fit: cover; \/* Adicionar prefixo webkit *\/\r\n    display: block; \r\n  }\r\n\r\n  .widget-info {\r\n    flex: 1;\r\n  }\r\n\r\n  .widget-name {\r\n    font-weight: 700;\r\n    font-size: 24px;\r\n    color: var(--text-color);\r\n    margin: 0 0 6px 0;\r\n  }\r\n\r\n  .widget-role {\r\n    background: rgba(160,160,160,0.86);\r\n    color: #fff;\r\n    border-radius: 8px;\r\n    padding: 2px 8px;\r\n    font-size: 11px;\r\n    display: inline-block;\r\n    margin-bottom: 8px;\r\n  }\r\n\r\n  .widget-contact {\r\n    display: flex;\r\n    align-items: center;\r\n    gap: 12px;\r\n    font-size: 12px;\r\n    font-weight: 900;\r\n    color: var(--text-color);\r\n  }\r\n\r\n  .contact-item {\r\n    display: flex;\r\n    align-items: center;\r\n    gap: 6px;\r\n  }\r\n\r\n  .widget-contact img {\r\n    width: 20px;\r\n    height: 20px;\r\n  }\r\n\r\n  .contact-link {\r\n    color: var(--text-color);\r\n    text-decoration: none;\r\n    font-size: 10px !important;\r\n    transition: color 0.2s ease;\r\n  }\r\n\r\n  .contact-link:hover {\r\n    color: var(--highlight);\r\n    text-decoration: underline;\r\n  }\r\n\r\n  .widget-body {\r\n    margin-bottom: 16px;\r\n  }\r\n\r\n  .widget-title {\r\n    font-weight: 900;\r\n    font-size: 24px;\r\n    color: var(--muted);\r\n    margin: 0 0 8px 0;\r\n  }\r\n\r\n  .widget-desc {\r\n    font-size: 10px;\r\n    color: var(--text-color);\r\n    line-height: 1.5;\r\n  }\r\n\r\n  .widget-footer a {\r\n    display: block;\r\n    width: 100%;\r\n    padding: 8px 16px;\r\n    border-radius: 20px;\r\n    background: var(--highlight);\r\n    color: #fff !important;\r\n    font-weight: 700;\r\n    font-size: 16px;\r\n    text-decoration: none !important;\r\n    text-align: center;\r\n    transition: background .2s ease;\r\n    box-sizing: border-box;\r\n  }\r\n\r\n  .widget-footer a:hover {\r\n    background: #c0000f;\r\n  }\r\n\r\n  \/* Mobile responsivo *\/\r\n  @media (max-width: 768px) {\r\n    .widget-container.expanded {\r\n      width: 100%;\r\n      max-width: 460px;\r\n    }\r\n\r\n    .widget-header {\r\n      flex-direction: column;\r\n      text-align: center;\r\n    }\r\n\r\n    .widget-photo {\r\n      flex: 0 0 120px;\r\n      height: 120px;\r\n    }\r\n\r\n    .widget-name {\r\n      font-size: 14px;\r\n    }\r\n\r\n    .widget-title {\r\n      font-size: 14px;\r\n    }\r\n\r\n    .widget-role {\r\n      font-size: 9px;\r\n    }\r\n\r\n    .widget-contact {\r\n      font-size: 8px;\r\n    }\r\n\r\n    .widget-desc {\r\n      font-size: 9px;\r\n    }\r\n\r\n    .widget-footer a {\r\n      font-size: 14px;\r\n    }\r\n\r\n    .widget-footer {\r\n      text-align: center;\r\n    }\r\n  }\r\n<\/style>\r\n\r\n<div class=\"widget-container compact\" id=\"widget\">\r\n  <div class=\"close-btn\" onclick=\"toggleWidget(event)\">\u00d7<\/div>\r\n\r\n  <!-- Modo compacto: \u00edcones na diagonal -->\r\n  <div class=\"compact-icons\">\r\n    <img decoding=\"async\" class=\"profile-icon\" src=\"https:\/\/novalaw.unl.pt\/wp-content\/uploads\/2026\/03\/thaiscirne-cta.jpg\" alt=\"Profile\">\r\n    <img decoding=\"async\" class=\"email-icon\" src=\"https:\/\/novalaw.unl.pt\/wp-content\/uploads\/2025\/10\/email_icon.png\" alt=\"Email\">\r\n  <\/div>\r\n\r\n  <!-- Modo expandido: conte\u00fado completo -->\r\n  <div class=\"widget-content\">\r\n    <div class=\"widget-header\">\r\n      <div class=\"widget-photo\">\r\n        <img decoding=\"async\" src=\"https:\/\/novalaw.unl.pt\/wp-content\/uploads\/2026\/03\/thaiscirne-cta.jpg\" alt=\"Maria Mariana Moura\">\r\n      <\/div>\r\n      <div class=\"widget-info\">\r\n        <h3 class=\"widget-name\">Thais Cirne<\/h3>\r\n        <div class=\"widget-role\">Admissions &#038; Partnerships<\/div>\r\n        <div class=\"widget-contact\">\r\n          <div class=\"contact-item\">\r\n            <img decoding=\"async\" src=\"https:\/\/novalaw.unl.pt\/wp-content\/uploads\/2025\/10\/whatsapp_icon.png\" alt=\"WhatsApp\">\r\n            <a href=\"https:\/\/wa.me\/351910206419\" target=\"_blank\" class=\"contact-link\">+351 910 206 419<\/a>\r\n          <\/div>\r\n          <div class=\"contact-item\">\r\n            <img decoding=\"async\" src=\"https:\/\/novalaw.unl.pt\/wp-content\/uploads\/2025\/10\/email_icon.png\" alt=\"Email\">\r\n            <a href=\"mailto:executive.education@novalaw.unl.pt\" class=\"contact-link\">executive.education@novalaw.unl.pt<\/a>\r\n          <\/div>\r\n        <\/div>\r\n      <\/div>\r\n    <\/div>\r\n\r\n    <div class=\"widget-body\">\r\n      <div class=\"widget-title\">Want to take the next step in your career? Contact me!<\/div>\r\n      <div class=\"widget-desc\">\r\n        Monday to Friday, from 10h00 to 18h00\r\n      <\/div>\r\n    <\/div>\r\n\r\n    <div class=\"widget-footer\">\r\n      <a href=\"mailto:executive.education@novalaw.unl.pt\">Contact our team<\/a>\r\n    <\/div>\r\n  <\/div>\r\n<\/div>\r\n\r\n<script>\r\n  function toggleWidget(event) {\r\n    if (event) {\r\n      event.stopPropagation();\r\n    }\r\n    const widget = document.getElementById('widget');\r\n    widget.classList.toggle('expanded');\r\n    widget.classList.toggle('compact');\r\n  }\r\n  toggleWidget();\r\n\r\n  document.getElementById('widget').addEventListener('click', function(e) {\r\n    if (this.classList.contains('compact') && !e.target.classList.contains('close-btn')) {\r\n      toggleWidget();\r\n    }\r\n  });\r\n<\/script>\n\t\t\t\t<\/div>\n\t\t\t\t<\/div>\n\t\t\t\t\t<\/div>\n\t\t<\/div>\n\t\t\t\t\t\t\t<\/div>\n\t\t<\/section>\n\t\t\t\t<section class=\"elementor-section elementor-top-section elementor-element elementor-element-3cd92e2 elementor-section-boxed elementor-section-height-default elementor-section-height-default\" data-id=\"3cd92e2\" data-element_type=\"section\">\n\t\t\t\t\t\t<div class=\"elementor-container elementor-column-gap-default\">\n\t\t\t\t\t<div class=\"elementor-column elementor-col-50 elementor-top-column elementor-element elementor-element-d12ec61\" data-id=\"d12ec61\" data-element_type=\"column\">\n\t\t\t<div class=\"elementor-widget-wrap elementor-element-populated\">\n\t\t\t\t\t\t\t\t<div class=\"elementor-element elementor-element-de6e526 elementor-widget elementor-widget-heading\" data-id=\"de6e526\" data-element_type=\"widget\" data-widget_type=\"heading.default\">\n\t\t\t\t<div class=\"elementor-widget-container\">\n\t\t\t<h2 class=\"elementor-heading-title elementor-size-default\"> <b>Executive<\/b> Education<\/h2>\t\t<\/div>\n\t\t\t\t<\/div>\n\t\t\t\t<div class=\"elementor-element elementor-element-6cdb92c elementor-widget elementor-widget-heading\" data-id=\"6cdb92c\" data-element_type=\"widget\" data-widget_type=\"heading.default\">\n\t\t\t\t<div class=\"elementor-widget-container\">\n\t\t\t<h2 class=\"elementor-heading-title elementor-size-default\">More answers to new challenges<\/h2>\t\t<\/div>\n\t\t\t\t<\/div>\n\t\t\t\t\t<\/div>\n\t\t<\/div>\n\t\t\t\t<div class=\"elementor-column elementor-col-50 elementor-top-column elementor-element elementor-element-dadba62\" data-id=\"dadba62\" data-element_type=\"column\" data-settings=\"{&quot;background_background&quot;:&quot;classic&quot;}\">\n\t\t\t<div class=\"elementor-widget-wrap elementor-element-populated\">\n\t\t\t\t\t\t\t\t<div class=\"elementor-element elementor-element-33b523f elementor-widget elementor-widget-image\" data-id=\"33b523f\" data-element_type=\"widget\" data-widget_type=\"image.default\">\n\t\t\t\t<div class=\"elementor-widget-container\">\n\t\t\t\t\t\t\t\t\t\t\t\t\t\t\t<img decoding=\"async\" src=\"https:\/\/novalaw.unl.pt\/wp-content\/uploads\/elementor\/thumbs\/logoexecutiveeducation_Full-Cores-r3q0t7oqw63vtk6qyymvui7s5ola8q3x8qppuh187o.png\" title=\"logoexecutiveeducation_Full Cores\" alt=\"logoexecutiveeducation_Full Cores\" \/>\t\t\t\t\t\t\t\t\t\t\t\t\t\t\t<\/div>\n\t\t\t\t<\/div>\n\t\t\t\t\t<\/div>\n\t\t<\/div>\n\t\t\t\t\t\t\t<\/div>\n\t\t<\/section>\n\t\t\t\t<\/div>\n\t\t<\/div>\n\t\t<\/div><\/div><div><div><div style=\"width: 100%; text-align: end; margin-left: 30px; margin-top: -30px;\"><a href=\"#propina\"><img decoding=\"async\" style=\"width: 150px;\" src=\"https:\/\/novalaw.unl.pt\/wp-content\/uploads\/2024\/06\/logoEarly.png\" \/><\/a><\/div><\/div><\/div>\t\t\t\t\t\t<\/div>\n\t\t\t\t<\/div>\n\t\t\t\t<div class=\"elementor-element elementor-element-69703388 elementor-widget elementor-widget-heading\" data-id=\"69703388\" data-element_type=\"widget\" data-widget_type=\"heading.default\">\n\t\t\t\t<div class=\"elementor-widget-container\">\n\t\t\t<h2 class=\"elementor-heading-title elementor-size-default\">Presentation<\/h2>\t\t<\/div>\n\t\t\t\t<\/div>\n\t\t\t\t<div class=\"elementor-element elementor-element-627744c3 elementor-widget elementor-widget-text-editor\" data-id=\"627744c3\" data-element_type=\"widget\" data-widget_type=\"text-editor.default\">\n\t\t\t\t<div class=\"elementor-widget-container\">\n\t\t\t\t\t\t\t<h3>Where legal leadership meets strategy, technology and operational excellence<\/h3>\t\t\t\t\t\t<\/div>\n\t\t\t\t<\/div>\n\t\t\t\t<div class=\"elementor-element elementor-element-b3aa9e5 elementor-widget elementor-widget-text-editor\" data-id=\"b3aa9e5\" data-element_type=\"widget\" data-widget_type=\"text-editor.default\">\n\t\t\t\t<div class=\"elementor-widget-container\">\n\t\t\t\t\t\t\t<p>The corporate legal sector is undergoing a structural transformation. The convergence of <strong>digital transformation, artificial intelligence, regulatory complexity<\/strong>, and new <strong>business models<\/strong> is reshaping the profile of lawyers, leaders, and business managers.<\/p><p>In this increasingly dynamic business environment, the challenges facing legal practice demand more than technical competence and analytical thinking. To thrive in this new reality and turn challenges into opportunities, legal and regulatory professionals must develop their <strong>leadership<\/strong> and <strong>intrapreneurial skills and obtain management and digital literacy.<\/strong><\/p>\t\t\t\t\t\t<\/div>\n\t\t\t\t<\/div>\n\t\t\t\t<div class=\"elementor-element elementor-element-f54cd7f elementor-hidden-desktop elementor-hidden-laptop elementor-hidden-tablet elementor-hidden-mobile elementor-widget elementor-widget-text-editor\" data-id=\"f54cd7f\" data-element_type=\"widget\" data-widget_type=\"text-editor.default\">\n\t\t\t\t<div class=\"elementor-widget-container\">\n\t\t\t\t\t\t\t<p>The legal sector is undergoing a profound transformation. The relationship between digital transition, artificial intelligence, new regulatory requirements and disruptive business models is structurally transforming the way legal services are practised and managed.<\/p><p>In this new reality, it is no longer enough to master legal techniques: professionals need to acquire<strong> digital, innovation and management skills<\/strong> that will enable them not only to keep pace with this change, but also to lead it, ensuring their relevance and strategic value within organisations.<\/p><p>This multidisciplinary programme is designed to equip lawyers and legal managers with the essential knowledge and tools to:<\/p><ul><li>Understand the digital and business trends shaping legal practice.<\/li><li>Master digital and AI solutions applied to legal services.<\/li><li>Lead legal innovation initiatives within their organization and with external clients.<\/li><li>Manage legal departments more efficiently and with a business focus.<\/li><li>Collaborate effectively with multidisciplinary teams.<\/li><\/ul>\t\t\t\t\t\t<\/div>\n\t\t\t\t<\/div>\n\t\t\t\t<div class=\"elementor-element elementor-element-27f7c0c4 elementor-widget elementor-widget-text-editor\" data-id=\"27f7c0c4\" data-element_type=\"widget\" data-widget_type=\"text-editor.default\">\n\t\t\t\t<div class=\"elementor-widget-container\">\n\t\t\t\t\t\t\t<h3>Coordination<\/h3>\t\t\t\t\t\t<\/div>\n\t\t\t\t<\/div>\n\t\t\t\t<section class=\"elementor-section elementor-inner-section elementor-element elementor-element-8c2a8e6 elementor-section-boxed elementor-section-height-default elementor-section-height-default\" data-id=\"8c2a8e6\" data-element_type=\"section\">\n\t\t\t\t\t\t<div class=\"elementor-container elementor-column-gap-default\">\n\t\t\t\t\t<div class=\"elementor-column elementor-col-33 elementor-inner-column elementor-element elementor-element-514943a\" data-id=\"514943a\" data-element_type=\"column\" data-settings=\"{&quot;animation&quot;:&quot;none&quot;}\">\n\t\t\t<div class=\"elementor-widget-wrap elementor-element-populated\">\n\t\t\t\t\t\t\t\t<div class=\"elementor-element elementor-element-4251733 elementor-widget elementor-widget-image\" data-id=\"4251733\" data-element_type=\"widget\" data-widget_type=\"image.default\">\n\t\t\t\t<div class=\"elementor-widget-container\">\n\t\t\t\t\t\t\t\t\t\t\t\t\t\t\t\t<a href=\"https:\/\/www.linkedin.com\/in\/iportela\/\">\n\t\t\t\t\t\t\t<img decoding=\"async\" src=\"https:\/\/novalaw.unl.pt\/wp-content\/uploads\/elementor\/thumbs\/1675420879199-qznp95y8mairku31f84yzyl8g4rkzrm7tzfehcyt0c.jpg\" title=\"1675420879199\" alt=\"1675420879199\" \/>\t\t\t\t\t\t\t\t<\/a>\n\t\t\t\t\t\t\t\t\t\t\t\t\t\t\t<\/div>\n\t\t\t\t<\/div>\n\t\t\t\t<div class=\"elementor-element elementor-element-90f6db0 elementor-widget elementor-widget-heading\" data-id=\"90f6db0\" data-element_type=\"widget\" data-widget_type=\"heading.default\">\n\t\t\t\t<div class=\"elementor-widget-container\">\n\t\t\t<h3 class=\"elementor-heading-title elementor-size-default\"><a href=\"https:\/\/www.linkedin.com\/in\/iportela\/\">In\u00eas Portela<\/a><\/h3>\t\t<\/div>\n\t\t\t\t<\/div>\n\t\t\t\t\t<\/div>\n\t\t<\/div>\n\t\t\t\t<div class=\"elementor-column elementor-col-33 elementor-inner-column elementor-element elementor-element-21e3bbe elementor-hidden-desktop elementor-hidden-laptop elementor-hidden-tablet elementor-hidden-mobile\" data-id=\"21e3bbe\" data-element_type=\"column\" data-settings=\"{&quot;animation&quot;:&quot;none&quot;}\">\n\t\t\t<div class=\"elementor-widget-wrap elementor-element-populated\">\n\t\t\t\t\t\t\t\t<div class=\"elementor-element elementor-element-18e38f5 elementor-widget elementor-widget-image\" data-id=\"18e38f5\" data-element_type=\"widget\" data-widget_type=\"image.default\">\n\t\t\t\t<div class=\"elementor-widget-container\">\n\t\t\t\t\t\t\t\t\t\t\t\t\t\t\t\t<a href=\"https:\/\/novalaw.unl.pt\/vera-lucia-raposo\/\">\n\t\t\t\t\t\t\t<img decoding=\"async\" src=\"https:\/\/novalaw.unl.pt\/wp-content\/uploads\/elementor\/thumbs\/SITE-CorpoDocente-ProfessoresResidentes_VeraLuciaRaposo_02-1-qvctbirqklan5awgx05c0ea2y3chb4yquoxogmqp24.jpg\" title=\"SITE-CorpoDocente-ProfessoresResidentes_VeraLuciaRaposo_02\" alt=\"SITE-CorpoDocente-ProfessoresResidentes_VeraLuciaRaposo_02\" \/>\t\t\t\t\t\t\t\t<\/a>\n\t\t\t\t\t\t\t\t\t\t\t\t\t\t\t<\/div>\n\t\t\t\t<\/div>\n\t\t\t\t<div class=\"elementor-element elementor-element-70eed89 elementor-widget elementor-widget-heading\" data-id=\"70eed89\" data-element_type=\"widget\" data-widget_type=\"heading.default\">\n\t\t\t\t<div class=\"elementor-widget-container\">\n\t\t\t<h3 class=\"elementor-heading-title elementor-size-default\"><a href=\"https:\/\/novalaw.unl.pt\/vera-lucia-raposo\/\">Vera L\u00facia Raposo\u00a0<\/a><\/h3>\t\t<\/div>\n\t\t\t\t<\/div>\n\t\t\t\t\t<\/div>\n\t\t<\/div>\n\t\t\t\t<div class=\"elementor-column elementor-col-33 elementor-inner-column elementor-element elementor-element-935349f\" data-id=\"935349f\" data-element_type=\"column\">\n\t\t\t<div class=\"elementor-widget-wrap\">\n\t\t\t\t\t\t\t\t\t<\/div>\n\t\t<\/div>\n\t\t\t\t\t\t\t<\/div>\n\t\t<\/section>\n\t\t\t\t<div class=\"elementor-element elementor-element-4f03808 elementor-widget elementor-widget-text-editor\" data-id=\"4f03808\" data-element_type=\"widget\" data-widget_type=\"text-editor.default\">\n\t\t\t\t<div class=\"elementor-widget-container\">\n\t\t\t\t\t\t\t<h3>Aim of the course<\/h3>\t\t\t\t\t\t<\/div>\n\t\t\t\t<\/div>\n\t\t\t\t<div class=\"elementor-element elementor-element-7a9b783 elementor-widget elementor-widget-text-editor\" data-id=\"7a9b783\" data-element_type=\"widget\" data-widget_type=\"text-editor.default\">\n\t\t\t\t<div class=\"elementor-widget-container\">\n\t\t\t\t\t\t\t<p>This multidisciplinary Upskilling and Re-skilling program consist of three pillars:<\/p><p><strong>Axis 1 \u2014 Strategic Leadership<\/strong><\/p><ul><li>Develop top leadership skills to align the legal department with the business strategy, reinforcing the confidence of the Board and the Financial Management.<\/li><li>Develop an intrapreneurial mindset, applying creativity and problem-solving to generate value for the client and support the organization&#8217;s strategic projects.<\/li><li>Learn from world leaders in legal transformation and join a community of legal pioneers, expanding their influence and professional network.<\/li><\/ul><p><strong>Axis 2 \u2014 Operational Excellence<\/strong><\/p><ul><li>Ability to manage legal teams efficiently, optimizing internal processes, KPIs, and resource utilization to create value and revenue for the organization.<\/li><li>Understand operational management models that sustain the trust of the financial and management areas, positioning the legal department as a strategic partner.<\/li><li>Collaborate with other departments (Operations, Finance, Human Resources, Technology, Marketing) from the outset of projects, ensuring a proactive rather than merely reactive approach.<\/li><\/ul><p><strong>Axis 3 \u2014 Digital Transformation<\/strong><\/p><ul><li>Understand and anticipate digital and AI trends, assessing their impact on the provision of legal services and risk management.<\/li><li>Acquire digital and innovation literacy, developing critical thinking to select, implement, or lead appropriate technological solutions.<\/li><li>Apply digital skills to transform the way the department operates, preventing the legal department from entering the final stages of strategic projects and positioning it as a catalyst for innovation. <\/li><\/ul>\t\t\t\t\t\t<\/div>\n\t\t\t\t<\/div>\n\t\t\t\t<div class=\"elementor-element elementor-element-61fa15d elementor-hidden-desktop elementor-hidden-laptop elementor-hidden-tablet elementor-hidden-mobile elementor-widget elementor-widget-text-editor\" data-id=\"61fa15d\" data-element_type=\"widget\" data-widget_type=\"text-editor.default\">\n\t\t\t\t<div class=\"elementor-widget-container\">\n\t\t\t\t\t\t\t<p>This program will enable participants to:<\/p><ol><li><strong>Identify the main technological and regulatory<\/strong> trends that are impacting the legal sector and understand their practical implications for the provision of legal services.<\/li><li><strong>Apply, in a practical way, legal solutions based on artificial intelligence<\/strong>, including advanced research, document analysis, summary writing and legal prompting, through the use of the Legora platform.<\/li><li><strong>Develop digital and innovation skills<\/strong> to improve the customer experience, collaborate effectively with other areas of the organisation and ensure the timely involvement of the legal department in innovation processes.<\/li><\/ol>\t\t\t\t\t\t<\/div>\n\t\t\t\t<\/div>\n\t\t\t\t<div class=\"elementor-element elementor-element-1382b88 elementor-widget elementor-widget-text-editor\" data-id=\"1382b88\" data-element_type=\"widget\" data-widget_type=\"text-editor.default\">\n\t\t\t\t<div class=\"elementor-widget-container\">\n\t\t\t\t\t\t\t<h3>Target audience<\/h3>\t\t\t\t\t\t<\/div>\n\t\t\t\t<\/div>\n\t\t\t\t<div class=\"elementor-element elementor-element-62e7b17 elementor-widget elementor-widget-text-editor\" data-id=\"62e7b17\" data-element_type=\"widget\" data-widget_type=\"text-editor.default\">\n\t\t\t\t<div class=\"elementor-widget-container\">\n\t\t\t\t\t\t\t<p>The course is aimed at:<\/p><ul><li>C-level and Legal\/Regulatory Management<\/li><li>Senior lawyers, heads of legal\/regulatory practice<\/li><li>Legal Operations, Knowledge &amp; Innovation Managers<\/li><li>Compliance &amp; Regulation Teams<\/li><li>Strategy, operations, and technology managers who work with legal departments<\/li><li>Regulated companies (financial, healthcare, energy, telco, transportation) and public sector (utilities)<\/li><\/ul>\t\t\t\t\t\t<\/div>\n\t\t\t\t<\/div>\n\t\t\t\t<div class=\"elementor-element elementor-element-3868b6c elementor-widget elementor-widget-text-editor\" data-id=\"3868b6c\" data-element_type=\"widget\" data-widget_type=\"text-editor.default\">\n\t\t\t\t<div class=\"elementor-widget-container\">\n\t\t\t\t\t\t\t<h3>Teaching Method<\/h3>\t\t\t\t\t\t<\/div>\n\t\t\t\t<\/div>\n\t\t\t\t<div class=\"elementor-element elementor-element-abd6b60 elementor-widget elementor-widget-text-editor\" data-id=\"abd6b60\" data-element_type=\"widget\" data-widget_type=\"text-editor.default\">\n\t\t\t\t<div class=\"elementor-widget-container\">\n\t\t\t\t\t\t\t<p>Face-to-face and online classes.<\/p><ul><li>9 hours of online classes<\/li><li>9 hours of face-to-face classes at NOVA School of Law, Campolide Campus<\/li><\/ul><p><i><em>Note: Classes will not be recorded.<\/em><\/i><\/p>\t\t\t\t\t\t<\/div>\n\t\t\t\t<\/div>\n\t\t\t\t<div class=\"elementor-element elementor-element-0d66408 elementor-widget elementor-widget-text-editor\" data-id=\"0d66408\" data-element_type=\"widget\" data-widget_type=\"text-editor.default\">\n\t\t\t\t<div class=\"elementor-widget-container\">\n\t\t\t\t\t\t\t<h3>Flexible learning &amp; Advantage<\/h3>\t\t\t\t\t\t<\/div>\n\t\t\t\t<\/div>\n\t\t\t\t<div class=\"elementor-element elementor-element-21601d2 elementor-widget elementor-widget-text-editor\" data-id=\"21601d2\" data-element_type=\"widget\" data-widget_type=\"text-editor.default\">\n\t\t\t\t<div class=\"elementor-widget-container\">\n\t\t\t\t\t\t\t<p><span style=\"font-size: 16px;\">To support <\/span><strong style=\"font-size: 16px;\">flexible learning pathways<\/strong><span style=\"font-size: 16px;\"> and ensure participants can fully benefit from the experience, we offer the following <\/span>advantage<span style=\"font-size: 16px;\">:<\/span><\/p><p>If a participant is unable to attend one or two in-person modules, they<strong> may join the same module in a future edition of the programme<\/strong> (typically scheduled between 12 to 18 months later).<\/p>\t\t\t\t\t\t<\/div>\n\t\t\t\t<\/div>\n\t\t\t\t<div class=\"elementor-element elementor-element-d584187 elementor-widget elementor-widget-text-editor\" data-id=\"d584187\" data-element_type=\"widget\" data-widget_type=\"text-editor.default\">\n\t\t\t\t<div class=\"elementor-widget-container\">\n\t\t\t\t\t\t\t<h3>Language<\/h3>\t\t\t\t\t\t<\/div>\n\t\t\t\t<\/div>\n\t\t\t\t<div class=\"elementor-element elementor-element-c5d3d89 elementor-widget elementor-widget-text-editor\" data-id=\"c5d3d89\" data-element_type=\"widget\" data-widget_type=\"text-editor.default\">\n\t\t\t\t<div class=\"elementor-widget-container\">\n\t\t\t\t\t\t\t<p class=\"bg-black text-white font-sans font-semibold p-4 mt-8\">English\u00a0<\/p>\t\t\t\t\t\t<\/div>\n\t\t\t\t<\/div>\n\t\t\t\t<div class=\"elementor-element elementor-element-76e416a elementor-widget elementor-widget-text-editor\" data-id=\"76e416a\" data-element_type=\"widget\" data-widget_type=\"text-editor.default\">\n\t\t\t\t<div class=\"elementor-widget-container\">\n\t\t\t\t\t\t\t<h3>Duration<\/h3>\t\t\t\t\t\t<\/div>\n\t\t\t\t<\/div>\n\t\t\t\t<div class=\"elementor-element elementor-element-8067e68 elementor-widget elementor-widget-text-editor\" data-id=\"8067e68\" data-element_type=\"widget\" data-widget_type=\"text-editor.default\">\n\t\t\t\t<div class=\"elementor-widget-container\">\n\t\t\t\t\t\t\t<p class=\"bg-black text-white font-sans font-semibold p-4 mt-8\">18 hours<\/p>\t\t\t\t\t\t<\/div>\n\t\t\t\t<\/div>\n\t\t\t\t<div class=\"elementor-element elementor-element-721b6b7 elementor-widget elementor-widget-text-editor\" data-id=\"721b6b7\" data-element_type=\"widget\" data-widget_type=\"text-editor.default\">\n\t\t\t\t<div class=\"elementor-widget-container\">\n\t\t\t\t\t\t\t<h3>Date\u00a0<\/h3>\t\t\t\t\t\t<\/div>\n\t\t\t\t<\/div>\n\t\t\t\t<div class=\"elementor-element elementor-element-186fef1 elementor-hidden-desktop elementor-hidden-laptop elementor-hidden-tablet elementor-hidden-mobile elementor-widget elementor-widget-text-editor\" data-id=\"186fef1\" data-element_type=\"widget\" data-widget_type=\"text-editor.default\">\n\t\t\t\t<div class=\"elementor-widget-container\">\n\t\t\t\t\t\t\t<p>23 February to 26 March 2026<\/p>\t\t\t\t\t\t<\/div>\n\t\t\t\t<\/div>\n\t\t\t\t<div class=\"elementor-element elementor-element-4cfddae elementor-widget elementor-widget-text-editor\" data-id=\"4cfddae\" data-element_type=\"widget\" data-widget_type=\"text-editor.default\">\n\t\t\t\t<div class=\"elementor-widget-container\">\n\t\t\t\t\t\t\t<p>27 February to 18 March 2026. From 6pm to 9pm.\u00a0<\/p><ul><li>1st class: 27 February\u00a0 &#8211; In person<\/li><li>2nd class: 3 March &#8211; Online<\/li><li>3rd class: 5 March &#8211; Online<\/li><li>4th class: 11 March &#8211; In person<\/li><li>5th class: 17 March &#8211; Online<\/li><li>6th class: 18 March &#8211; In person<\/li><li>7th class: 14 April &#8211; Online<\/li><\/ul>\t\t\t\t\t\t<\/div>\n\t\t\t\t<\/div>\n\t\t\t\t<div class=\"elementor-element elementor-element-0f7bbab elementor-hidden-desktop elementor-hidden-laptop elementor-hidden-tablet elementor-hidden-mobile elementor-widget elementor-widget-text-editor\" data-id=\"0f7bbab\" data-element_type=\"widget\" data-widget_type=\"text-editor.default\">\n\t\t\t\t<div class=\"elementor-widget-container\">\n\t\t\t\t\t\t\t<h3>Schedule<\/h3>\t\t\t\t\t\t<\/div>\n\t\t\t\t<\/div>\n\t\t\t\t<div class=\"elementor-element elementor-element-628bdfe elementor-hidden-desktop elementor-hidden-laptop elementor-hidden-tablet elementor-hidden-mobile elementor-widget elementor-widget-text-editor\" data-id=\"628bdfe\" data-element_type=\"widget\" data-widget_type=\"text-editor.default\">\n\t\t\t\t<div class=\"elementor-widget-container\">\n\t\t\t\t\t\t\t<p class=\"bg-black text-white font-sans font-semibold p-4 mt-8\">Weekdays from 6pm to 9pm.<\/p><p>Final workshop and competition day (25th June): 10h to 19h.<\/p>\t\t\t\t\t\t<\/div>\n\t\t\t\t<\/div>\n\t\t\t\t<div class=\"elementor-element elementor-element-4c53085 elementor-widget elementor-widget-text-editor\" data-id=\"4c53085\" data-element_type=\"widget\" data-widget_type=\"text-editor.default\">\n\t\t\t\t<div class=\"elementor-widget-container\">\n\t\t\t\t\t\t\t<h3>Travel &amp; Accommodation Support<\/h3>\t\t\t\t\t\t<\/div>\n\t\t\t\t<\/div>\n\t\t\t\t<div class=\"elementor-element elementor-element-c6ed224 elementor-widget elementor-widget-text-editor\" data-id=\"c6ed224\" data-element_type=\"widget\" data-widget_type=\"text-editor.default\">\n\t\t\t\t<div class=\"elementor-widget-container\">\n\t\t\t\t\t\t\t<p>For participants travelling from abroad or requiring accommodation during the in-person sessions, we can offer special conditions. Please contact us for more information.<\/p>\t\t\t\t\t\t<\/div>\n\t\t\t\t<\/div>\n\t\t\t\t<div class=\"elementor-element elementor-element-0b0f227 elementor-widget elementor-widget-text-editor\" data-id=\"0b0f227\" data-element_type=\"widget\" data-widget_type=\"text-editor.default\">\n\t\t\t\t<div class=\"elementor-widget-container\">\n\t\t\t\t\t\t\t<h3>Fee<\/h3>\t\t\t\t\t\t<\/div>\n\t\t\t\t<\/div>\n\t\t\t\t<div class=\"elementor-element elementor-element-a6e2367 elementor-widget elementor-widget-text-editor\" data-id=\"a6e2367\" data-element_type=\"widget\" data-widget_type=\"text-editor.default\">\n\t\t\t\t<div class=\"elementor-widget-container\">\n\t\t\t\t\t\t\t<ul><li>1350\u20ac<\/li><li>Early Bird price (until 23 January): 1145\u20ac<\/li><li>NOVA School of Law alumni: 1215\u20ac<\/li><li>20% discount* for institutions that register 3 or 4 participants<\/li><li>30% discount* for institutions that register 5 or more participants<\/li><\/ul><p><em>* Discounts not cumulative<\/em><\/p>\t\t\t\t\t\t<\/div>\n\t\t\t\t<\/div>\n\t\t\t\t<div class=\"elementor-element elementor-element-b8ae4d5 elementor-hidden-desktop elementor-hidden-laptop elementor-hidden-tablet elementor-hidden-mobile elementor-widget elementor-widget-text-editor\" data-id=\"b8ae4d5\" data-element_type=\"widget\" data-widget_type=\"text-editor.default\">\n\t\t\t\t<div class=\"elementor-widget-container\">\n\t\t\t\t\t\t\t<h3>Sponsor by\u00a0<\/h3>\t\t\t\t\t\t<\/div>\n\t\t\t\t<\/div>\n\t\t\t\t<div class=\"elementor-element elementor-element-33cd5ef elementor-hidden-desktop elementor-hidden-laptop elementor-hidden-tablet elementor-hidden-mobile elementor-widget elementor-widget-text-editor\" data-id=\"33cd5ef\" data-element_type=\"widget\" data-widget_type=\"text-editor.default\">\n\t\t\t\t<div class=\"elementor-widget-container\">\n\t\t\t\t\t\t\t<h3>What our students say about the Legal Innovation by Design workshop<\/h3>\t\t\t\t\t\t<\/div>\n\t\t\t\t<\/div>\n\t\t\t\t<section class=\"elementor-section elementor-inner-section elementor-element elementor-element-587d58d elementor-hidden-desktop elementor-hidden-laptop elementor-hidden-tablet elementor-hidden-mobile elementor-section-boxed elementor-section-height-default elementor-section-height-default\" data-id=\"587d58d\" data-element_type=\"section\">\n\t\t\t\t\t\t<div class=\"elementor-container elementor-column-gap-default\">\n\t\t\t\t\t<div class=\"elementor-column elementor-col-33 elementor-inner-column elementor-element elementor-element-990281b\" data-id=\"990281b\" data-element_type=\"column\">\n\t\t\t<div class=\"elementor-widget-wrap elementor-element-populated\">\n\t\t\t\t\t\t\t\t<div class=\"elementor-element elementor-element-2ebfc3d elementor-widget elementor-widget-image\" data-id=\"2ebfc3d\" data-element_type=\"widget\" data-widget_type=\"image.default\">\n\t\t\t\t<div class=\"elementor-widget-container\">\n\t\t\t\t\t\t\t\t\t\t\t\t\t\t\t<img loading=\"lazy\" decoding=\"async\" width=\"300\" height=\"225\" src=\"https:\/\/novalaw.unl.pt\/wp-content\/uploads\/2025\/07\/gradient7-300x225.png\" class=\"attachment-medium size-medium\" alt=\"\" srcset=\"https:\/\/novalaw.unl.pt\/wp-content\/uploads\/2025\/07\/gradient7-300x225.png 300w, https:\/\/novalaw.unl.pt\/wp-content\/uploads\/2025\/07\/gradient7.png 640w\" sizes=\"auto, (max-width: 300px) 100vw, 300px\" \/>\t\t\t\t\t\t\t\t\t\t\t\t\t\t\t<\/div>\n\t\t\t\t<\/div>\n\t\t\t\t\t<\/div>\n\t\t<\/div>\n\t\t\t\t<div class=\"elementor-column elementor-col-33 elementor-inner-column elementor-element elementor-element-6e52cfb\" data-id=\"6e52cfb\" data-element_type=\"column\">\n\t\t\t<div class=\"elementor-widget-wrap\">\n\t\t\t\t\t\t\t\t\t<\/div>\n\t\t<\/div>\n\t\t\t\t<div class=\"elementor-column elementor-col-33 elementor-inner-column elementor-element elementor-element-850f998\" data-id=\"850f998\" data-element_type=\"column\">\n\t\t\t<div class=\"elementor-widget-wrap\">\n\t\t\t\t\t\t\t\t\t<\/div>\n\t\t<\/div>\n\t\t\t\t\t\t\t<\/div>\n\t\t<\/section>\n\t\t\t\t<div class=\"elementor-element elementor-element-255fef2 elementor-hidden-desktop elementor-hidden-laptop elementor-hidden-tablet elementor-hidden-mobile elementor-widget elementor-widget-text-editor\" data-id=\"255fef2\" data-element_type=\"widget\" data-widget_type=\"text-editor.default\">\n\t\t\t\t<div class=\"elementor-widget-container\">\n\t\t\t\t\t\t\t<h5>March 2024<\/h5>\t\t\t\t\t\t<\/div>\n\t\t\t\t<\/div>\n\t\t\t\t<section class=\"elementor-section elementor-inner-section elementor-element elementor-element-bbdd6eb elementor-hidden-desktop elementor-hidden-laptop elementor-hidden-tablet elementor-hidden-mobile elementor-section-boxed elementor-section-height-default elementor-section-height-default\" data-id=\"bbdd6eb\" data-element_type=\"section\" data-settings=\"{&quot;background_background&quot;:&quot;classic&quot;}\">\n\t\t\t\t\t\t<div class=\"elementor-container elementor-column-gap-default\">\n\t\t\t\t\t<div class=\"elementor-column elementor-col-50 elementor-inner-column elementor-element elementor-element-60bb7c8\" data-id=\"60bb7c8\" data-element_type=\"column\" data-settings=\"{&quot;animation&quot;:&quot;none&quot;}\">\n\t\t\t<div class=\"elementor-widget-wrap elementor-element-populated\">\n\t\t\t\t\t\t\t\t<div class=\"elementor-element elementor-element-7c46fd4 elementor-widget elementor-widget-image\" data-id=\"7c46fd4\" data-element_type=\"widget\" data-widget_type=\"image.default\">\n\t\t\t\t<div class=\"elementor-widget-container\">\n\t\t\t\t\t\t\t\t\t\t\t\t\t\t\t<img decoding=\"async\" src=\"https:\/\/novalaw.unl.pt\/wp-content\/uploads\/2021\/09\/quotes.svg\" class=\"attachment-full size-full\" alt=\"\" \/>\t\t\t\t\t\t\t\t\t\t\t\t\t\t\t<\/div>\n\t\t\t\t<\/div>\n\t\t\t\t<div class=\"elementor-element elementor-element-79ad30c elementor-widget elementor-widget-testimonial\" data-id=\"79ad30c\" data-element_type=\"widget\" data-widget_type=\"testimonial.default\">\n\t\t\t\t<div class=\"elementor-widget-container\">\n\t\t\t\t\t<div class=\"elementor-testimonial-wrapper\">\n\t\t\t\t\t\t\t<div class=\"elementor-testimonial-content\">Taking part in the \u2018Legal Innovation by Design Thinking\u2019 workshop revealed to me the transformative impact that legal design can have on the legal sector. The hackathon, from the ideation phase to implementation, was a real challenge, requiring creativity and collaboration at every stage. In just a few hours, we developed an innovative product and structured a concrete proposal for an NGO. This contact with the real world provided a practical application of the knowledge acquired in the theoretical sessions, allowing us to transform concepts into tangible solutions. I'm currently trying to incorporate this innovative approach into my work, with the aim of offering a more personalised service focused on the needs of each client.<\/div>\n\t\t\t\n\t\t\t\t\t\t<div class=\"elementor-testimonial-meta\">\n\t\t\t\t<div class=\"elementor-testimonial-meta-inner\">\n\t\t\t\t\t\n\t\t\t\t\t\t\t\t\t\t<div class=\"elementor-testimonial-details\">\n\t\t\t\t\t\t\t\t\t\t\t\t\t\t<div class=\"elementor-testimonial-name\">Catarina Rocha<\/div>\n\t\t\t\t\t\t\t\t\t\t\t\t\t\t\t\t\t\t\t<\/div>\n\t\t\t\t\t\t\t\t\t<\/div>\n\t\t\t<\/div>\n\t\t\t\t\t<\/div>\n\t\t\t\t<\/div>\n\t\t\t\t<\/div>\n\t\t\t\t\t<\/div>\n\t\t<\/div>\n\t\t\t\t<div class=\"elementor-column elementor-col-50 elementor-inner-column elementor-element elementor-element-b463a01\" data-id=\"b463a01\" data-element_type=\"column\" data-settings=\"{&quot;animation&quot;:&quot;none&quot;}\">\n\t\t\t<div class=\"elementor-widget-wrap elementor-element-populated\">\n\t\t\t\t\t\t\t\t<div class=\"elementor-element elementor-element-37ecf69 elementor-widget elementor-widget-image\" data-id=\"37ecf69\" data-element_type=\"widget\" data-widget_type=\"image.default\">\n\t\t\t\t<div class=\"elementor-widget-container\">\n\t\t\t\t\t\t\t\t\t\t\t\t\t\t\t<img decoding=\"async\" src=\"https:\/\/novalaw.unl.pt\/wp-content\/uploads\/2021\/09\/quotes.svg\" class=\"attachment-full size-full\" alt=\"\" \/>\t\t\t\t\t\t\t\t\t\t\t\t\t\t\t<\/div>\n\t\t\t\t<\/div>\n\t\t\t\t<div class=\"elementor-element elementor-element-f6d5e8e elementor-widget elementor-widget-testimonial\" data-id=\"f6d5e8e\" data-element_type=\"widget\" data-widget_type=\"testimonial.default\">\n\t\t\t\t<div class=\"elementor-widget-container\">\n\t\t\t\t\t<div class=\"elementor-testimonial-wrapper\">\n\t\t\t\t\t\t\t<div class=\"elementor-testimonial-content\">The Legal Innovation by Design Workshop was an exceptional experience and I highly recommend it to anyone who wants to approach law from an innovative and disruptive perspective. Throughout the workshop, I gained valuable insights into design thinking as a powerful tool for simplifying complex legal concepts and making them more accessible. It bridges communication gaps, allowing various stakeholders to understand the nuances of legal issues more effectively and promoting a more transparent dialogue.\n\nOne of the main conclusions was the transformative potential of legal design in improving access to justice. Far from oversimplifying information, Legal Design refines and clarifies it, making legal processes more user-friendly, inclusive and equitable. As a law student, I found it particularly inspiring to apply, in a practical context, concepts that I had previously only encountered in theory. \n\nOverall, the workshop significantly deepened my understanding of how design can transform the future of law and legal services, positioning it as a vital mechanism for progress.\n<\/div>\n\t\t\t\n\t\t\t\t\t\t<div class=\"elementor-testimonial-meta\">\n\t\t\t\t<div class=\"elementor-testimonial-meta-inner\">\n\t\t\t\t\t\n\t\t\t\t\t\t\t\t\t\t<div class=\"elementor-testimonial-details\">\n\t\t\t\t\t\t\t\t\t\t\t\t\t\t<div class=\"elementor-testimonial-name\">Constan\u00e7a Mendoza Fortuna<\/div>\n\t\t\t\t\t\t\t\t\t\t\t\t\t\t\t\t\t\t\t<\/div>\n\t\t\t\t\t\t\t\t\t<\/div>\n\t\t\t<\/div>\n\t\t\t\t\t<\/div>\n\t\t\t\t<\/div>\n\t\t\t\t<\/div>\n\t\t\t\t\t<\/div>\n\t\t<\/div>\n\t\t\t\t\t\t\t<\/div>\n\t\t<\/section>\n\t\t\t\t<div class=\"elementor-element elementor-element-7e5c24bb elementor-widget elementor-widget-menu-anchor\" data-id=\"7e5c24bb\" data-element_type=\"widget\" data-widget_type=\"menu-anchor.default\">\n\t\t\t\t<div class=\"elementor-widget-container\">\n\t\t\t\t\t<div id=\"programa-section\" class=\"elementor-menu-anchor\"><\/div>\n\t\t\t\t<\/div>\n\t\t\t\t<\/div>\n\t\t\t\t<div class=\"elementor-element elementor-element-77fedd0f elementor-widget elementor-widget-heading\" data-id=\"77fedd0f\" data-element_type=\"widget\" data-widget_type=\"heading.default\">\n\t\t\t\t<div class=\"elementor-widget-container\">\n\t\t\t<h2 class=\"elementor-heading-title elementor-size-default\">Programme<\/h2>\t\t<\/div>\n\t\t\t\t<\/div>\n\t\t\t\t<div class=\"elementor-element elementor-element-a2b08c4 elementor-widget elementor-widget-text-editor\" data-id=\"a2b08c4\" data-element_type=\"widget\" data-widget_type=\"text-editor.default\">\n\t\t\t\t<div class=\"elementor-widget-container\">\n\t\t\t\t\t\t\t<h4>Module 1 | Digital Transformation: LegalTech and AI<\/h4><p><strong>LegalTech, the key to the future?<\/strong><\/p><ul><li><a href=\"https:\/\/www.artificiallawyer.com\/2024\/07\/19\/helder-santos-bird-bird-this-is-a-journey\/\"><em>H\u00e9lder Santos<\/em><\/a>, Global Head of Legal Tech &amp; Innovation, Bird\u00a0&amp;\u00a0Bird<\/li><\/ul><p><strong>LegalTech Fatigue: So Many Solutions Out There. How Do We Cut Through the Noise? <\/strong><\/p><ul><li><a href=\"https:\/\/www.linkedin.com\/in\/jon-bartman-4578777\/\"><em>Jon Bartman<\/em><\/a>, Director of The Law Tech Consultancy<\/li><\/ul><h4>\u00a0<\/h4><h4>Module 2 | Operational Excellence and Digital Transformation<\/h4><p><strong>Digital Transformation in Practice: Lessons Learned from 5 Years in a Legal Department (including Legal Project Management) <\/strong><\/p><ul><li><a href=\"https:\/\/liquid-legal-institute.com\/about-lli\/#structure\"><em>Bernhard Waltl<\/em><\/a>, Head of Legal Innovation and Operations at BMW Group and Co-CEO at Liquid Legal Institute<\/li><\/ul><p><strong>The Continuous Learning Pyramid: What Really Works (and doesn&#8217;t) in Legal Operations<\/strong><\/p><ul><li><a href=\"https:\/\/www.linkedin.com\/in\/qpeltier\/\"><em>Quentin Peltier<\/em><\/a>, Certified Legal Operations at a global company\u00a0<\/li><\/ul><h4>\u00a0<\/h4><h4>Module 3 | Digital Transformation and Operational Excellence<\/h4><p><strong>AI masterclass | Harnessing AI: A New Era for Legal Work<\/strong><\/p><ul><li><em><a href=\"https:\/\/www.linkedin.com\/in\/paulopittaecunha\/\">Paulo Pitta e Cunha<\/a>,<\/em> Legal Engineering Manager at Legora<\/li><\/ul><h4>\u00a0<\/h4><h4>Module 4 | Strategic Leadership and Digital Transformation<\/h4><p><strong>Introduction to Client-centric legal services and Digital Innovation<\/strong><\/p><ul><li><a href=\"https:\/\/www.simmons-simmons.com\/en\/people\/cka3uuknih7az0999033xwssp\/erika-concetta-pagano\"><em>Erika Concetta Pagano<\/em><\/a>, Head of Legal Innovation and Design, Simmons &amp; Simmons (UK)<\/li><\/ul><p><strong>The In-House Counsel as a Strategic Leader: Challenges and Opportunities<\/strong><\/p><ul><li><a href=\"https:\/\/www.linkedin.com\/in\/daniela-silva-e-sousa-51043321\/\"><strong><em>Daniela Silva e Sousa<\/em><\/strong><\/a>, General Counsel and Chief Compliance Officer at Start Campus<\/li><\/ul><p><strong>Lead to Breakthrough: how I have reshaped an industry with creative and resilient legal leadership<\/strong><\/p><ul><li><a href=\"https:\/\/www.linkedin.com\/in\/daniela-ant%C3%A3o-7379808\/\"><strong><em>Daniela Ant\u00e3o<\/em><\/strong><\/a>, C-level Executive, currently pursuing a PhD in Law at NOVA School of Law<\/li><\/ul><h4>\u00a0<\/h4><h4>Module 5 | Strategic Leadership and Digital Transformation<\/h4><p><strong>Legal Innovation in Practice \u2013 Insights from Projects by This is Legal Design<\/strong><\/p><ul><li><a href=\"https:\/\/www.linkedin.com\/in\/linakrawietz\/\"><em>Lina Ke\u00dfler<\/em><\/a>, This is Legal Design (Germany) and Co-CEO at Liquid Legal Institute<\/li><\/ul><p><strong>Re-Engineering the Legal Profession: How AI is Reshaping the Operating Model and the Business Services of Tomorrow<\/strong><\/p><ul><li><em><a href=\"https:\/\/www.basilresearchinitiative.com\/about-basil-research-initiative\">Justin North, <\/a><\/em>Co-founder of the BASIL Research Initiative<\/li><\/ul><h4>\u00a0<\/h4><h4>Module 6 | Strategic Leadership and Operational Excellence<\/h4><p><strong>Leader Upheaval: Meeting Evolving Expectations with Collaboration and a Shifted Mindset <\/strong><\/p><ul><li><a href=\"https:\/\/hls.harvard.edu\/michele-destefano\/\"><em>Michele DeStefano<\/em><\/a>, Professor of Law at the University of Miami, visiting faculty member at Harvard Law School<\/li><\/ul><h4>In\u00eas Portela interviews Robert Dilworth<\/h4><p><strong>18h00- 18h30<\/strong><\/p><ul><li><em><a href=\"https:\/\/www.linkedin.com\/in\/robertdilworth\/\">Robert Dilworth<\/a><\/em><\/li><\/ul>\t\t\t\t\t\t<\/div>\n\t\t\t\t<\/div>\n\t\t\t\t<div class=\"elementor-element elementor-element-4cbd67c elementor-hidden-desktop elementor-hidden-laptop elementor-hidden-tablet elementor-hidden-mobile elementor-widget elementor-widget-text-editor\" data-id=\"4cbd67c\" data-element_type=\"widget\" data-widget_type=\"text-editor.default\">\n\t\t\t\t<div class=\"elementor-widget-container\">\n\t\t\t\t\t\t\t<h4>Module 1<\/h4><ul><li><strong>Introduction to Legal and Digital Innovation: European Use Cases<\/strong><\/li><li><strong>Digital Transformation for Law firms and In-house departments<\/strong><\/li><\/ul><h4>\u00a0<\/h4><h4>Module 2<\/h4><ul><li><strong>LegalTech, the key to the future?<\/strong><\/li><li><strong>Legal Engineering AI masterclass with <a href=\"https:\/\/legora.com\/\">Legora\u00a0<\/a><\/strong><\/li><\/ul><h4>\u00a0<\/h4><h4>Module 3<\/h4><ul><li><strong>Human-centered legal transformation case studies | Germany<\/strong><\/li><li><strong>Legal Transformation &amp; Operations in Brazil | A journey in Design for Law<\/strong><\/li><\/ul><h4>\u00a0<\/h4><h4>Module 4<\/h4><ul><li><strong>In-house business operations | How to align legal strategy with company\u2019s goals? How can your legal team become a catalyst for innovation within the organization?<\/strong><\/li><li><strong>Business of law innovation trends: Project management, Client centric innovation<\/strong><\/li><\/ul><h4>\u00a0<\/h4><h4>Module 5<\/h4><ul><li><strong>What is Justice Tech?<\/strong><\/li><li><strong>Project Management and Data-driven insights from legal<\/strong><\/li><\/ul><h4>\u00a0<\/h4><h4>Module 6<\/h4><ul><li><strong>Final Workshop &amp; Competition<\/strong><\/li><\/ul><p>Participants will take part in a dynamic upskilling workshop, working in teams to address a real-world challenge presented by an NGO. The day culminates in a pitch session.<\/p>\t\t\t\t\t\t<\/div>\n\t\t\t\t<\/div>\n\t\t\t\t<div class=\"elementor-element elementor-element-b2f173f elementor-hidden-desktop elementor-hidden-laptop elementor-hidden-tablet elementor-hidden-mobile elementor-widget elementor-widget-text-editor\" data-id=\"b2f173f\" data-element_type=\"widget\" data-widget_type=\"text-editor.default\">\n\t\t\t\t<div class=\"elementor-widget-container\">\n\t\t\t\t\t\t\t<p>Programme available soon<\/p>\t\t\t\t\t\t<\/div>\n\t\t\t\t<\/div>\n\t\t\t\t<div class=\"elementor-element elementor-element-b7ff91f elementor-hidden-desktop elementor-hidden-laptop elementor-hidden-tablet elementor-hidden-mobile elementor-widget elementor-widget-text-editor\" data-id=\"b7ff91f\" data-element_type=\"widget\" data-widget_type=\"text-editor.default\">\n\t\t\t\t<div class=\"elementor-widget-container\">\n\t\t\t\t\t\t\t<h4>Module 1<\/h4><h5>In person<\/h5><p><strong>Introduction to Legal and Digital Innovation: European Use Cases<\/strong><\/p><ul><li><em><a href=\"https:\/\/www.linkedin.com\/in\/erikaconcettapagano\/\">Erika Concetta Pagano<\/a>,<\/em> Head of Legal Innovation and Design, Simmons &amp; Simmons (UK)<\/li><\/ul><p><strong>Digital Transformation for Law firms and In-house departments<\/strong><\/p><ul><li><em>Jon Bartman<\/em>, Director, whose clients have been recognized as the Financial Times most <a href=\"https:\/\/www.thelawtechconsultancy.co.uk\/\">innovative Law firms<\/a> and in-house departments over the past years<\/li><\/ul><h4>\u00a0<\/h4><h4>Module 2<\/h4><h5>In person<\/h5><p><strong>LegalTech, the key to the future?<\/strong><\/p><ul><li><a href=\"https:\/\/www.linkedin.com\/in\/heldersantos\/\"><em>H\u00e9lder Santos<\/em><\/a>, Global Head of Legal Tech &amp; Innovation, Bird &amp; Bird<\/li><\/ul><p><strong>Legal Engineering AI masterclass with <a href=\"https:\/\/legora.com\/\">Legora\u00a0<\/a><\/strong><\/p><p>Learn how to use a legal AI platform in your daily legal work, including advanced review and research, drafting smarter, legal prompting and how to advise with precision.<\/p><h4>\u00a0<\/h4><h4>Module 3<\/h4><h5>Online<\/h5><p>Human-centered legal transformation case studies | Germany<\/p><ul><li><a href=\"https:\/\/www.linkedin.com\/in\/linakrawietz\/?originalSubdomain=de\"><em>Lina Ke\u00dfler<\/em><\/a> , This is Legal Design (Germany)<\/li><\/ul><p>Legal Transformation &amp; Operations in Brazil | A journey in Design for Law<\/p><ul><li><a href=\"https:\/\/www.linkedin.com\/in\/carol-hannud\/\"><em>Carol Hannud Medeiros<\/em><\/a>, FGV Professor (Brazil)<\/li><\/ul><h4>\u00a0<\/h4><h4>Module 4<\/h4><h5>Online\u00a0<\/h5><p><strong>In-house business operations | How to align legal strategy with company\u2019s goals? How can your legal team become a catalyst for innovation within the organization?<\/strong><\/p><ul><li><em>\u00c9mile Calame<\/em>, Director at Calame, has been helping legal teams in Europe securing the human, material and technological resources they deserve.<\/li><\/ul><p><strong>Business of law innovation trends: Project management, Client centric innovation<\/strong><\/p><ul><li><a href=\"https:\/\/www.linkedin.com\/in\/iportela\/\"><em>In\u00eas Portela<\/em><\/a>, Pioneer as a Legal Tech entrepreneur and Founder of Legal Design Institute<\/li><\/ul><h4>\u00a0<\/h4><h4>Module 5<\/h4><h5>Online\u00a0<\/h5><p><strong>What is Justice Tech?<\/strong><\/p><ul><li><a href=\"https:\/\/www.linkedin.com\/in\/mayamarkovich\/\"><em>Maya Markovich<\/em>,<\/a> Executive Director, Justice Technology Association (USA)<\/li><\/ul><p><strong>Project Management and Data-driven insights from legal (TBC)<\/strong><\/p><h4>\u00a0<\/h4><h4>Module 6<\/h4><h5>In person\u00a0<\/h5><p><strong>Final Workshop &amp; Competition<\/strong><\/p><p>Participants will take part in a dynamic upskilling workshop, working in teams to address a real-world challenge presented by an NGO. The day culminates in a pitch session.<\/p>\t\t\t\t\t\t<\/div>\n\t\t\t\t<\/div>\n\t\t\t\t<div class=\"elementor-element elementor-element-4d3d564 elementor-hidden-desktop elementor-hidden-laptop elementor-hidden-tablet elementor-hidden-mobile elementor-widget elementor-widget-text-editor\" data-id=\"4d3d564\" data-element_type=\"widget\" data-widget_type=\"text-editor.default\">\n\t\t\t\t<div class=\"elementor-widget-container\">\n\t\t\t\t\t\t\t<h4>19 May<\/h4><h5>18h00- 21h00 | In person<\/h5><p><strong>Design Thinking: Introduction &amp; European Use Cases<\/strong><\/p><ul><li><em><a href=\"https:\/\/www.linkedin.com\/in\/erikaconcettapagano\/\">Erika Concetta Pagano<\/a>,<\/em> Head of Legal Innovation and Design, Simmons &amp; Simmons (UK)<\/li><\/ul><h4>26 May<\/h4><h5>18h00- 21h00 | Online\u00a0<\/h5><p><strong>Legal Design in Germany and European case studies<\/strong><\/p><ul><li><a href=\"https:\/\/www.linkedin.com\/in\/linakrawietz\/?originalSubdomain=de\"><em>Lina Ke\u00dfler<\/em><\/a> , This is Legal Design (Germany)<\/li><\/ul><p><strong>Legal Design in Brazil | A journey in Design for Law<\/strong><\/p><ul><li><a href=\"https:\/\/www.linkedin.com\/in\/carol-hannud\/\"><em>Carol Hannud Medeiros<\/em><\/a>, FGV Professor (Brazil)<\/li><\/ul><h4>27 May<\/h4><h5>18h00- 21h00 | Online\u00a0<\/h5><p><strong>What is Justice Tech?<\/strong><\/p><ul><li><a href=\"https:\/\/www.linkedin.com\/in\/mayamarkovich\/\"><em>Maya Markovich<\/em>,<\/a> Executive Director, Justice Technology Association (USA)<\/li><\/ul><p><strong>Technology Procurement and Contract Negotiation<\/strong><\/p><ul><li><a href=\"https:\/\/www.linkedin.com\/in\/david-paula-995a133b\/?originalSubdomain=pt\"><em>David Paula<\/em><\/a><\/li><\/ul><p><strong>Legal operations<\/strong> (TBC)<\/p><h4>2 June<\/h4><h5>18h00- 21h00 | Online\u00a0<\/h5><p><strong>LegalTech, the key to the future?<\/strong><\/p><ul><li><a href=\"https:\/\/www.linkedin.com\/in\/heldersantos\/\"><em>H\u00e9lder Santos<\/em><\/a>, Global Head of Legal Tech &amp; Innovation, Bird &amp; Bird<\/li><\/ul><p><strong>Legal Engineering AI masterclass with <a href=\"http:\/\/www.legora.com\">legora.com<\/a><\/strong><\/p><h4>3 June<\/h4><h5>18h00- 21h00 | In person\u00a0<\/h5><p><strong>Public Sector | Govtech and Innovation Ecosystems<\/strong><\/p><ul><li><em><a href=\"https:\/\/www.linkedin.com\/in\/pedroltavares\/\">Pedro Tavares<\/a>,<\/em> Former Secretary of State for Justice (2022\/2024)<\/li><\/ul><p><strong>Cybersecurity introduction and best practices<\/strong><\/p><ul><li><em><a href=\"https:\/\/www.linkedin.com\/in\/sergioamsilva\/\">S\u00e9rgio Silva<\/a>,<\/em> CYBERS3C CEO<\/li><\/ul><h4>24 June<\/h4><h5>18h00- 21h00 | In person\u00a0<\/h5><p><strong>Legal Industry trends and Innovation by Design<\/strong><\/p><ul><li><a href=\"https:\/\/www.linkedin.com\/in\/iportela\/\"><em>In\u00eas Portela<\/em><\/a>, Founder of Legal Design Institute<\/li><\/ul><p><strong>Digital Transition for In-house departments<\/strong> (tbc)<\/p><h5>\u00a0<\/h5><h4>25 June<\/h4><h5>10h00- 19h00 | In person\u00a0<\/h5><p><strong>Final Workshop &amp; Competition<\/strong><\/p><h4>\u00a0<\/h4><p>Participants will engage in a dynamic one day, in-person, workshop where they will work collaboratively in teams to tackle a complex challenge presented by an NGO.<\/p><p>At the end of the workshop, each team will pitch their proposed solutions to a jury.<\/p>\t\t\t\t\t\t<\/div>\n\t\t\t\t<\/div>\n\t\t\t\t<div class=\"elementor-element elementor-element-3423e63e elementor-widget elementor-widget-heading\" data-id=\"3423e63e\" data-element_type=\"widget\" data-widget_type=\"heading.default\">\n\t\t\t\t<div class=\"elementor-widget-container\">\n\t\t\t<h2 class=\"elementor-heading-title elementor-size-default\">Registrations<\/h2>\t\t<\/div>\n\t\t\t\t<\/div>\n\t\t\t\t<div class=\"elementor-element elementor-element-5bffa634 elementor-widget elementor-widget-menu-anchor\" data-id=\"5bffa634\" data-element_type=\"widget\" data-widget_type=\"menu-anchor.default\">\n\t\t\t\t<div class=\"elementor-widget-container\">\n\t\t\t\t\t<div id=\"candidaturas-section\" class=\"elementor-menu-anchor\"><\/div>\n\t\t\t\t<\/div>\n\t\t\t\t<\/div>\n\t\t\t\t<div class=\"elementor-element elementor-element-4e0208b9 elementor-widget elementor-widget-text-editor\" data-id=\"4e0208b9\" data-element_type=\"widget\" data-widget_type=\"text-editor.default\">\n\t\t\t\t<div class=\"elementor-widget-container\">\n\t\t\t\t\t\t\t<div><div><div class=\"elementor-shortcode\">\n<div class=\"wpcf7 no-js\" id=\"wpcf7-f19206-o1\" lang=\"pt-PT\" dir=\"ltr\" data-wpcf7-id=\"19206\">\n<div class=\"screen-reader-response\"><p role=\"status\" aria-live=\"polite\" aria-atomic=\"true\"><\/p> <ul><\/ul><\/div>\n<form action=\"\/en\/wp-json\/wp\/v2\/pages\/89537#wpcf7-f19206-o1\" method=\"post\" class=\"wpcf7-form init\" aria-label=\"Formul\u00e1rio de contacto\" novalidate=\"novalidate\" data-status=\"init\">\n<fieldset class=\"hidden-fields-container\"><input type=\"hidden\" name=\"_wpcf7\" value=\"19206\" \/><input type=\"hidden\" name=\"_wpcf7_version\" value=\"6.1.5\" \/><input type=\"hidden\" name=\"_wpcf7_locale\" value=\"pt_PT\" \/><input type=\"hidden\" name=\"_wpcf7_unit_tag\" value=\"wpcf7-f19206-o1\" \/><input type=\"hidden\" name=\"_wpcf7_container_post\" value=\"0\" \/><input type=\"hidden\" name=\"_wpcf7_posted_data_hash\" value=\"\" \/><input type=\"hidden\" name=\"_wpcf7dtx_version\" value=\"5.0.5\" \/><input type=\"hidden\" name=\"_wpcf7_recaptcha_response\" value=\"\" \/>\n<\/fieldset>\n<section class=\"elementor-section elementor-inner-section elementor-element elementor-section-boxed elementor-section-height-default elementor-section-height-default\" data-element_type=\"section\">\n\t<div class=\"elementor-container elementor-column-gap-default\">\n\t\t<div class=\"elementor-column elementor-col-50 elementor-inner-column elementor-element\">\n\t\t\t<div class=\"elementor-widget-wrap elementor-element-populated\">\n\t\t\t\t<p><label> Name*<br \/>\n<span class=\"wpcf7-form-control-wrap\" data-name=\"your-name\"><input size=\"40\" maxlength=\"400\" class=\"wpcf7-form-control wpcf7-text wpcf7-validates-as-required\" aria-required=\"true\" aria-invalid=\"false\" value=\"\" type=\"text\" name=\"your-name\" \/><\/span> <\/label><br \/>\n<label> Address*<br \/>\n<span class=\"wpcf7-form-control-wrap\" data-name=\"morada\"><input size=\"40\" maxlength=\"400\" class=\"wpcf7-form-control wpcf7-text wpcf7-validates-as-required\" aria-required=\"true\" aria-invalid=\"false\" value=\"\" type=\"text\" name=\"morada\" \/><\/span> <\/label><br \/>\n<label> Post Code*<br \/>\n<span class=\"wpcf7-form-control-wrap\" data-name=\"cp\"><input size=\"40\" maxlength=\"400\" class=\"wpcf7-form-control wpcf7-text wpcf7-validates-as-required\" aria-required=\"true\" aria-invalid=\"false\" value=\"\" type=\"text\" name=\"cp\" \/><\/span> <\/label><br \/>\n<label> Contact*<br \/>\n<span class=\"wpcf7-form-control-wrap\" data-name=\"contacto\"><input size=\"40\" maxlength=\"400\" class=\"wpcf7-form-control wpcf7-text wpcf7-validates-as-required\" aria-required=\"true\" aria-invalid=\"false\" value=\"\" type=\"text\" name=\"contacto\" \/><\/span> <\/label>\n\t\t\t\t<\/p>\n\t\t\t<\/div>\n\t\t<\/div>\n\t\t<div class=\"elementor-column elementor-col-50 elementor-inner-column elementor-element\">\n\t\t\t<div class=\"elementor-widget-wrap elementor-element-populated\">\n\t\t\t\t<p><label> Profession*<br \/>\n<span class=\"wpcf7-form-control-wrap\" data-name=\"profissao\"><input size=\"40\" maxlength=\"400\" class=\"wpcf7-form-control wpcf7-text wpcf7-validates-as-required\" aria-required=\"true\" aria-invalid=\"false\" value=\"\" type=\"text\" name=\"profissao\" \/><\/span> <\/label><br \/>\n<label> Tin<br \/>\n<span class=\"wpcf7-form-control-wrap\" data-name=\"nif\"><input size=\"40\" maxlength=\"400\" class=\"wpcf7-form-control wpcf7-text\" aria-invalid=\"false\" value=\"\" type=\"text\" name=\"nif\" \/><\/span> <\/label><br \/>\n<label> E-mail*<br \/>\n<span class=\"wpcf7-form-control-wrap\" data-name=\"email1234\"><input size=\"40\" maxlength=\"400\" class=\"wpcf7-form-control wpcf7-email wpcf7-validates-as-required wpcf7-text wpcf7-validates-as-email\" aria-required=\"true\" aria-invalid=\"false\" value=\"\" type=\"email\" name=\"email1234\" \/><\/span> <\/label><br \/>\n<label> Notes<br \/>\n<span class=\"wpcf7-form-control-wrap\" data-name=\"observacao\"><input size=\"40\" maxlength=\"400\" class=\"wpcf7-form-control wpcf7-text\" aria-invalid=\"false\" value=\"\" type=\"text\" name=\"observacao\" \/><\/span> <\/label><br \/>\nIndicate if you are NOVA School of Law student or Alumni.\n\t\t\t\t<\/p>\n\t\t\t<\/div>\n\t\t<\/div>\n\t<\/div>\n\t<div class=\"elementor-container elementor-column-gap-default\">\n\t\t<div class=\"elementor-column elementor-col-100 elementor-inner-column elementor-element\">\n\t\t\t<div class=\"elementor-widget-wrap elementor-element-populated\">\n\t\t\t\t<p><span class=\"wpcf7-form-control-wrap\" data-name=\"acceptance-295\"><span class=\"wpcf7-form-control wpcf7-acceptance\"><span class=\"wpcf7-list-item\"><label><input type=\"checkbox\" name=\"acceptance-295\" value=\"1\" aria-invalid=\"false\" \/><span class=\"wpcf7-list-item-label\"><span style=\"font-size:13px;\">I am aware of Jurisnova&#8217;s privacy policy <a\n          href=\"https:\/\/novalaw.unl.pt\/wp-content\/uploads\/2025\/01\/Politica-de-privacidade-Jurisnova-participantes.pdf\" target=\"_blank\"\n          style=\"display: inline-block;\n                    padding: 0;\n                    padding-right: 0;\n                    padding-left: 0;\n                    margin-bottom: 10px;\n                    position: relative;background:white;\">privacy policy<\/a>.* <\/span><\/span><\/label><\/span><\/span><\/span><span class=\"wpcf7-form-control-wrap\" data-name=\"acceptance-296\"><span class=\"wpcf7-form-control wpcf7-acceptance\"><span class=\"wpcf7-list-item\"><label><input type=\"checkbox\" name=\"acceptance-296\" value=\"1\" aria-invalid=\"false\" \/><span class=\"wpcf7-list-item-label\"><span style=\"font-size:13px;\">I consent to the processing of my personal data by Jurisnova so that it can provide me with updates on its activities during the period in which I remain subscribed, knowing that I have the right to revoke this consent at any time by contacting Jurisnova at<a href=\"mailto:jurisnova@novalaw.unl.pt\">jurisnova@novalaw.unl.pt<\/a>.<\/span><\/span><\/label><\/span><\/span><\/span>\n\t\t\t\t<\/p>\n\t\t\t\t<style>\n a::before{\n display:none !important;\n }\n\t\t\t\t<\/style>\n\t\t\t\t<p><input class=\"wpcf7-form-control wpcf7-submit has-spinner\" type=\"submit\" value=\"Submit\" \/><br \/>\n* Mandatory fields\n\t\t\t\t<\/p>\n\t\t\t<\/div>\n\t\t<\/div>\n\t<\/div>\n<\/section><div class=\"wpcf7-response-output\" aria-hidden=\"true\"><\/div>\n<\/form>\n<\/div>\n<\/div><\/div><\/div>\t\t\t\t\t\t<\/div>\n\t\t\t\t<\/div>\n\t\t\t\t\t<\/div>\n\t\t<\/div>\n\t\t\t\t\t\t\t<\/div>\n\t\t<\/section>\n\t\t\t\t\t\t<\/div>\n\t\t\t\t\t<\/div>\n\t\t","protected":false},"excerpt":{"rendered":"<p>27 February to 14 April 2026 Legal Leadership 360\u00ba: Innovation, AI and Business Impact Presentation Programme Registrations Presentation Where legal leadership meets strategy, technology and operational excellence The corporate legal sector is undergoing a structural transformation. The convergence of digital transformation, artificial intelligence, regulatory complexity, and new business models is reshaping the profile of lawyers, &hellip;<\/p>\n<p class=\"read-more\"> <a class=\"\" href=\"https:\/\/novalaw.unl.pt\/en\/legal-leadership-360o-innovation-ai-and-business-impact\/\"> <span class=\"screen-reader-text\">Legal Leadership 360\u00ba: Innovation, AI and Business Impact<\/span> Read More &raquo;<\/a><\/p>\n","protected":false},"author":8,"featured_media":90979,"parent":0,"menu_order":0,"comment_status":"closed","ping_status":"closed","template":"","meta":{"footnotes":""},"class_list":["post-89537","page","type-page","status-publish","has-post-thumbnail","hentry"],"yoast_head":"<!-- This site is optimized with the Yoast SEO Premium plugin v27.4 (Yoast SEO v27.4) - https:\/\/yoast.com\/product\/yoast-seo-premium-wordpress\/ -->\n<title>Legal Leadership 360\u00ba: Innovation, AI and Business Impact - NOVA School of Law | Faculdade de Direito da Universidade NOVA de Lisboa<\/title>\n<meta name=\"robots\" content=\"index, follow, max-snippet:-1, max-image-preview:large, max-video-preview:-1\" \/>\n<link rel=\"canonical\" href=\"https:\/\/novalaw.unl.pt\/en\/legal-leadership-360o-innovation-ai-and-business-impact\/\" \/>\n<meta property=\"og:locale\" content=\"en_US\" \/>\n<meta property=\"og:type\" content=\"article\" \/>\n<meta property=\"og:title\" content=\"Legal Leadership 360\u00ba: Innovation, AI and Business Impact\" \/>\n<meta property=\"og:description\" content=\"27 February to 14 April 2026 Legal Leadership 360\u00ba: Innovation, AI and Business Impact Presentation Programme Registrations Presentation Where legal leadership meets strategy, technology and operational excellence The corporate legal sector is undergoing a structural transformation. The convergence of digital transformation, artificial intelligence, regulatory complexity, and new business models is reshaping the profile of lawyers, &hellip; Legal Leadership 360\u00ba: Innovation, AI and Business Impact Read More &raquo;\" \/>\n<meta property=\"og:url\" content=\"https:\/\/novalaw.unl.pt\/en\/legal-leadership-360o-innovation-ai-and-business-impact\/\" \/>\n<meta property=\"og:site_name\" content=\"NOVA School of Law | Faculdade de Direito da Universidade NOVA de Lisboa\" \/>\n<meta property=\"article:modified_time\" content=\"2026-04-13T10:20:54+00:00\" \/>\n<meta property=\"og:image\" content=\"https:\/\/novalaw.unl.pt\/wp-content\/uploads\/2025\/02\/F_A_Entrepreneurshio_Legal_Tech_Thumbnail.jpg\" \/>\n\t<meta property=\"og:image:width\" content=\"1333\" \/>\n\t<meta property=\"og:image:height\" content=\"833\" \/>\n\t<meta property=\"og:image:type\" content=\"image\/jpeg\" \/>\n<meta name=\"twitter:card\" content=\"summary_large_image\" \/>\n<meta name=\"twitter:label1\" content=\"Est. reading time\" \/>\n\t<meta name=\"twitter:data1\" content=\"14 minutes\" \/>\n<script type=\"application\/ld+json\" class=\"yoast-schema-graph\">{\"@context\":\"https:\\\/\\\/schema.org\",\"@graph\":[{\"@type\":\"WebPage\",\"@id\":\"https:\\\/\\\/novalaw.unl.pt\\\/en\\\/legal-leadership-360o-innovation-ai-and-business-impact\\\/\",\"url\":\"https:\\\/\\\/novalaw.unl.pt\\\/en\\\/legal-leadership-360o-innovation-ai-and-business-impact\\\/\",\"name\":\"Legal Leadership 360\u00ba: Innovation, AI and Business Impact - NOVA School of Law | Faculdade de Direito da Universidade NOVA de Lisboa\",\"isPartOf\":{\"@id\":\"https:\\\/\\\/novalaw.unl.pt\\\/#website\"},\"primaryImageOfPage\":{\"@id\":\"https:\\\/\\\/novalaw.unl.pt\\\/en\\\/legal-leadership-360o-innovation-ai-and-business-impact\\\/#primaryimage\"},\"image\":{\"@id\":\"https:\\\/\\\/novalaw.unl.pt\\\/en\\\/legal-leadership-360o-innovation-ai-and-business-impact\\\/#primaryimage\"},\"thumbnailUrl\":\"https:\\\/\\\/novalaw.unl.pt\\\/wp-content\\\/uploads\\\/2025\\\/02\\\/F_A_Entrepreneurshio_Legal_Tech_Thumbnail.jpg\",\"datePublished\":\"2025-05-12T13:26:34+00:00\",\"dateModified\":\"2026-04-13T10:20:54+00:00\",\"breadcrumb\":{\"@id\":\"https:\\\/\\\/novalaw.unl.pt\\\/en\\\/legal-leadership-360o-innovation-ai-and-business-impact\\\/#breadcrumb\"},\"inLanguage\":\"en-US\",\"potentialAction\":[{\"@type\":\"ReadAction\",\"target\":[\"https:\\\/\\\/novalaw.unl.pt\\\/en\\\/legal-leadership-360o-innovation-ai-and-business-impact\\\/\"]}]},{\"@type\":\"ImageObject\",\"inLanguage\":\"en-US\",\"@id\":\"https:\\\/\\\/novalaw.unl.pt\\\/en\\\/legal-leadership-360o-innovation-ai-and-business-impact\\\/#primaryimage\",\"url\":\"https:\\\/\\\/novalaw.unl.pt\\\/wp-content\\\/uploads\\\/2025\\\/02\\\/F_A_Entrepreneurshio_Legal_Tech_Thumbnail.jpg\",\"contentUrl\":\"https:\\\/\\\/novalaw.unl.pt\\\/wp-content\\\/uploads\\\/2025\\\/02\\\/F_A_Entrepreneurshio_Legal_Tech_Thumbnail.jpg\",\"width\":1333,\"height\":833},{\"@type\":\"BreadcrumbList\",\"@id\":\"https:\\\/\\\/novalaw.unl.pt\\\/en\\\/legal-leadership-360o-innovation-ai-and-business-impact\\\/#breadcrumb\",\"itemListElement\":[{\"@type\":\"ListItem\",\"position\":1,\"name\":\"Home\",\"item\":\"https:\\\/\\\/novalaw.unl.pt\\\/en\\\/\"},{\"@type\":\"ListItem\",\"position\":2,\"name\":\"Legal Leadership 360\u00ba: Innovation, AI and Business Impact\"}]},{\"@type\":\"WebSite\",\"@id\":\"https:\\\/\\\/novalaw.unl.pt\\\/#website\",\"url\":\"https:\\\/\\\/novalaw.unl.pt\\\/\",\"name\":\"NOVA School of Law | Faculdade de Direito da Universidade NOVA de Lisboa\",\"description\":\"NOVA School Of Law\",\"publisher\":{\"@id\":\"https:\\\/\\\/novalaw.unl.pt\\\/#organization\"},\"potentialAction\":[{\"@type\":\"SearchAction\",\"target\":{\"@type\":\"EntryPoint\",\"urlTemplate\":\"https:\\\/\\\/novalaw.unl.pt\\\/?s={search_term_string}\"},\"query-input\":{\"@type\":\"PropertyValueSpecification\",\"valueRequired\":true,\"valueName\":\"search_term_string\"}}],\"inLanguage\":\"en-US\"},{\"@type\":\"Organization\",\"@id\":\"https:\\\/\\\/novalaw.unl.pt\\\/#organization\",\"name\":\"NOVA School of Law\",\"url\":\"https:\\\/\\\/novalaw.unl.pt\\\/\",\"logo\":{\"@type\":\"ImageObject\",\"inLanguage\":\"en-US\",\"@id\":\"https:\\\/\\\/novalaw.unl.pt\\\/#\\\/schema\\\/logo\\\/image\\\/\",\"url\":\"https:\\\/\\\/novalaw.unl.pt\\\/wp-content\\\/uploads\\\/2021\\\/02\\\/logo-novalaw.svg\",\"contentUrl\":\"https:\\\/\\\/novalaw.unl.pt\\\/wp-content\\\/uploads\\\/2021\\\/02\\\/logo-novalaw.svg\",\"width\":991,\"height\":424,\"caption\":\"NOVA School of Law\"},\"image\":{\"@id\":\"https:\\\/\\\/novalaw.unl.pt\\\/#\\\/schema\\\/logo\\\/image\\\/\"}}]}<\/script>\n<!-- \/ Yoast SEO Premium plugin. -->","yoast_head_json":{"title":"Legal Leadership 360\u00ba: Innovation, AI and Business Impact - NOVA School of Law | Faculdade de Direito da Universidade NOVA de Lisboa","robots":{"index":"index","follow":"follow","max-snippet":"max-snippet:-1","max-image-preview":"max-image-preview:large","max-video-preview":"max-video-preview:-1"},"canonical":"https:\/\/novalaw.unl.pt\/en\/legal-leadership-360o-innovation-ai-and-business-impact\/","og_locale":"en_US","og_type":"article","og_title":"Legal Leadership 360\u00ba: Innovation, AI and Business Impact","og_description":"27 February to 14 April 2026 Legal Leadership 360\u00ba: Innovation, AI and Business Impact Presentation Programme Registrations Presentation Where legal leadership meets strategy, technology and operational excellence The corporate legal sector is undergoing a structural transformation. The convergence of digital transformation, artificial intelligence, regulatory complexity, and new business models is reshaping the profile of lawyers, &hellip; Legal Leadership 360\u00ba: Innovation, AI and Business Impact Read More &raquo;","og_url":"https:\/\/novalaw.unl.pt\/en\/legal-leadership-360o-innovation-ai-and-business-impact\/","og_site_name":"NOVA School of Law | Faculdade de Direito da Universidade NOVA de Lisboa","article_modified_time":"2026-04-13T10:20:54+00:00","og_image":[{"width":1333,"height":833,"url":"https:\/\/novalaw.unl.pt\/wp-content\/uploads\/2025\/02\/F_A_Entrepreneurshio_Legal_Tech_Thumbnail.jpg","type":"image\/jpeg"}],"twitter_card":"summary_large_image","twitter_misc":{"Est. reading time":"14 minutes"},"schema":{"@context":"https:\/\/schema.org","@graph":[{"@type":"WebPage","@id":"https:\/\/novalaw.unl.pt\/en\/legal-leadership-360o-innovation-ai-and-business-impact\/","url":"https:\/\/novalaw.unl.pt\/en\/legal-leadership-360o-innovation-ai-and-business-impact\/","name":"Legal Leadership 360\u00ba: Innovation, AI and Business Impact - NOVA School of Law | Faculdade de Direito da Universidade NOVA de Lisboa","isPartOf":{"@id":"https:\/\/novalaw.unl.pt\/#website"},"primaryImageOfPage":{"@id":"https:\/\/novalaw.unl.pt\/en\/legal-leadership-360o-innovation-ai-and-business-impact\/#primaryimage"},"image":{"@id":"https:\/\/novalaw.unl.pt\/en\/legal-leadership-360o-innovation-ai-and-business-impact\/#primaryimage"},"thumbnailUrl":"https:\/\/novalaw.unl.pt\/wp-content\/uploads\/2025\/02\/F_A_Entrepreneurshio_Legal_Tech_Thumbnail.jpg","datePublished":"2025-05-12T13:26:34+00:00","dateModified":"2026-04-13T10:20:54+00:00","breadcrumb":{"@id":"https:\/\/novalaw.unl.pt\/en\/legal-leadership-360o-innovation-ai-and-business-impact\/#breadcrumb"},"inLanguage":"en-US","potentialAction":[{"@type":"ReadAction","target":["https:\/\/novalaw.unl.pt\/en\/legal-leadership-360o-innovation-ai-and-business-impact\/"]}]},{"@type":"ImageObject","inLanguage":"en-US","@id":"https:\/\/novalaw.unl.pt\/en\/legal-leadership-360o-innovation-ai-and-business-impact\/#primaryimage","url":"https:\/\/novalaw.unl.pt\/wp-content\/uploads\/2025\/02\/F_A_Entrepreneurshio_Legal_Tech_Thumbnail.jpg","contentUrl":"https:\/\/novalaw.unl.pt\/wp-content\/uploads\/2025\/02\/F_A_Entrepreneurshio_Legal_Tech_Thumbnail.jpg","width":1333,"height":833},{"@type":"BreadcrumbList","@id":"https:\/\/novalaw.unl.pt\/en\/legal-leadership-360o-innovation-ai-and-business-impact\/#breadcrumb","itemListElement":[{"@type":"ListItem","position":1,"name":"Home","item":"https:\/\/novalaw.unl.pt\/en\/"},{"@type":"ListItem","position":2,"name":"Legal Leadership 360\u00ba: Innovation, AI and Business Impact"}]},{"@type":"WebSite","@id":"https:\/\/novalaw.unl.pt\/#website","url":"https:\/\/novalaw.unl.pt\/","name":"NOVA School of Law | Faculdade de Direito da Universidade NOVA de Lisboa","description":"NOVA School Of Law","publisher":{"@id":"https:\/\/novalaw.unl.pt\/#organization"},"potentialAction":[{"@type":"SearchAction","target":{"@type":"EntryPoint","urlTemplate":"https:\/\/novalaw.unl.pt\/?s={search_term_string}"},"query-input":{"@type":"PropertyValueSpecification","valueRequired":true,"valueName":"search_term_string"}}],"inLanguage":"en-US"},{"@type":"Organization","@id":"https:\/\/novalaw.unl.pt\/#organization","name":"NOVA School of Law","url":"https:\/\/novalaw.unl.pt\/","logo":{"@type":"ImageObject","inLanguage":"en-US","@id":"https:\/\/novalaw.unl.pt\/#\/schema\/logo\/image\/","url":"https:\/\/novalaw.unl.pt\/wp-content\/uploads\/2021\/02\/logo-novalaw.svg","contentUrl":"https:\/\/novalaw.unl.pt\/wp-content\/uploads\/2021\/02\/logo-novalaw.svg","width":991,"height":424,"caption":"NOVA School of Law"},"image":{"@id":"https:\/\/novalaw.unl.pt\/#\/schema\/logo\/image\/"}}]}},"novalaw_begin_date":"2026-02-27","novalaw_begin_date_en":"","novalaw_text":"Para prosperar nesta nova realidade, os profissionais do Direito dever\u00e3o estar atualizados sobre as tecnologias emergentes, mas tamb\u00e9m desenvolver compet\u00eancias de gest\u00e3o de projeto e inova\u00e7\u00e3o centrada no ser humano.","novalaw_tag":"EXECUTIVE EDUCATION - Executive Education","novalaw_tag_en":"EXECUTIVE EDUCATION - Executive Education","novalaw_link":"https:\/\/novalaw.unl.pt\/en\/legal-tech-and-ai-adoption\/","novalaw_link_en":"https:\/\/novalaw.unl.pt\/en\/legal-tech-and-ai-adoption\/","novalaw_end_date":"2026-04-2026","novalaw_end_date_en":"","novalaw_date":"27 February to 14 April 2026\r\n\r\n","novalaw_em_destaque":"","novalaw_tag_src":"https:\/\/novalaw.unl.pt\/wp-content\/uploads\/2023\/09\/Etiqueta_Formacao_Executivos_600x170.png","lang":"pt-pt","_links":{"self":[{"href":"https:\/\/novalaw.unl.pt\/en\/wp-json\/wp\/v2\/pages\/89537","targetHints":{"allow":["GET"]}}],"collection":[{"href":"https:\/\/novalaw.unl.pt\/en\/wp-json\/wp\/v2\/pages"}],"about":[{"href":"https:\/\/novalaw.unl.pt\/en\/wp-json\/wp\/v2\/types\/page"}],"author":[{"embeddable":true,"href":"https:\/\/novalaw.unl.pt\/en\/wp-json\/wp\/v2\/users\/8"}],"replies":[{"embeddable":true,"href":"https:\/\/novalaw.unl.pt\/en\/wp-json\/wp\/v2\/comments?post=89537"}],"version-history":[{"count":178,"href":"https:\/\/novalaw.unl.pt\/en\/wp-json\/wp\/v2\/pages\/89537\/revisions"}],"predecessor-version":[{"id":112266,"href":"https:\/\/novalaw.unl.pt\/en\/wp-json\/wp\/v2\/pages\/89537\/revisions\/112266"}],"wp:featuredmedia":[{"embeddable":true,"href":"https:\/\/novalaw.unl.pt\/en\/wp-json\/wp\/v2\/media\/90979"}],"wp:attachment":[{"href":"https:\/\/novalaw.unl.pt\/en\/wp-json\/wp\/v2\/media?parent=89537"}],"curies":[{"name":"wp","href":"https:\/\/api.w.org\/{rel}","templated":true}]}}