{"id":9066,"date":"2021-10-12T22:28:52","date_gmt":"2021-10-12T22:28:52","guid":{"rendered":"https:\/\/novalaw.unl.pt\/?page_id=9066"},"modified":"2026-04-15T16:59:58","modified_gmt":"2026-04-15T16:59:58","slug":"master-in-law-specialization-in-international-and-european-law","status":"publish","type":"page","link":"https:\/\/novalaw.unl.pt\/en\/master-in-law-specialization-in-international-and-european-law\/","title":{"rendered":"Master in Law \u2013 Specialization in International and European Law"},"content":{"rendered":"\t\t<div data-elementor-type=\"wp-page\" data-elementor-id=\"9066\" class=\"elementor elementor-9066\" data-elementor-settings=\"[]\">\n\t\t\t\t\t\t\t<div class=\"elementor-section-wrap\">\n\t\t\t\t\t\t\t<section class=\"elementor-section elementor-top-section elementor-element elementor-element-67fc3d5 elementor-section-height-min-height elementor-section-boxed elementor-section-height-default elementor-section-items-middle\" data-id=\"67fc3d5\" data-element_type=\"section\" data-settings=\"{&quot;shape_divider_bottom&quot;:&quot;tilt&quot;,&quot;background_background&quot;:&quot;classic&quot;}\">\n\t\t\t\t\t<div class=\"elementor-shape elementor-shape-bottom\" data-negative=\"false\">\n\t\t\t<svg xmlns=\"http:\/\/www.w3.org\/2000\/svg\" viewBox=\"0 0 1000 100\" preserveAspectRatio=\"none\">\n\t<path class=\"elementor-shape-fill\" d=\"M0,6V0h1000v100L0,6z\"\/>\n<\/svg>\t\t<\/div>\n\t\t\t\t\t<div class=\"elementor-container elementor-column-gap-default\">\n\t\t\t\t\t<div class=\"elementor-column elementor-col-50 elementor-top-column elementor-element elementor-element-472a5b2\" data-id=\"472a5b2\" data-element_type=\"column\">\n\t\t\t<div class=\"elementor-widget-wrap\">\n\t\t\t\t\t\t\t\t\t<\/div>\n\t\t<\/div>\n\t\t\t\t<div class=\"elementor-column elementor-col-50 elementor-top-column elementor-element elementor-element-68f36c9\" data-id=\"68f36c9\" data-element_type=\"column\">\n\t\t\t<div class=\"elementor-widget-wrap elementor-element-populated\">\n\t\t\t\t\t\t\t\t<div class=\"elementor-element elementor-element-d236b7f elementor-widget elementor-widget-heading\" data-id=\"d236b7f\" data-element_type=\"widget\" data-widget_type=\"heading.default\">\n\t\t\t\t<div class=\"elementor-widget-container\">\n\t\t\t<h1 class=\"elementor-heading-title elementor-size-default\">Master's in Law - Specialization in International and European Law<\/h1>\t\t<\/div>\n\t\t\t\t<\/div>\n\t\t\t\t<div class=\"elementor-element elementor-element-f709129 elementor-widget elementor-widget-text-editor\" data-id=\"f709129\" data-element_type=\"widget\" data-widget_type=\"text-editor.default\">\n\t\t\t\t<div class=\"elementor-widget-container\">\n\t\t\t\t\t\t\t<p>Connecting the dots<\/p>\t\t\t\t\t\t<\/div>\n\t\t\t\t<\/div>\n\t\t\t\t\t<\/div>\n\t\t<\/div>\n\t\t\t\t\t\t\t<\/div>\n\t\t<\/section>\n\t\t\t\t<section class=\"elementor-section elementor-top-section elementor-element elementor-element-99178e4 elementor-section-boxed elementor-section-height-default elementor-section-height-default\" data-id=\"99178e4\" data-element_type=\"section\">\n\t\t\t\t\t\t<div class=\"elementor-container elementor-column-gap-default\">\n\t\t\t\t\t<div class=\"elementor-column elementor-col-100 elementor-top-column elementor-element elementor-element-3a062e8\" data-id=\"3a062e8\" data-element_type=\"column\">\n\t\t\t<div class=\"elementor-widget-wrap elementor-element-populated\">\n\t\t\t\t\t\t\t\t<div class=\"elementor-element elementor-element-c63c8ac elementor-widget elementor-widget-shortcode\" data-id=\"c63c8ac\" data-element_type=\"widget\" data-widget_type=\"shortcode.default\">\n\t\t\t\t<div class=\"elementor-widget-container\">\n\t\t\t\t\t<div class=\"elementor-shortcode\"><div style=\"text-align:right\" class=\"nopdf wps-pgfw-pdf-generate-icon__wrapper-frontend\">\n\t\t<a  id=\"pdflink\" href=\"\" class=\"pgfw-single-pdf-download-button\"><img decoding=\"async\" src=\"https:\/\/novalaw.unl.pt\/wp-content\/uploads\/2024\/01\/Folha_PDF_Icon_Vermelho-01.svg\" title=\"\" style=\"width:auto; height:45px;\"><\/a>\n\t\t<\/div>\n<script> \n$ = jQuery;\n$(document).ready(function(){\n    \/\/ Captura o elemento pelo ID\n    var linkElement = $('#pdflink');\n\n    \/\/ Verifica se o elemento existe\n    if (linkElement.length) {\n        \/\/ Define o URL base para o qual o link deve apontar\n        var baseUrl = 'https:\/\/hub.novalaw.pt\/gerar-pdf?url=';\n\n        \/\/ Captura o URL atual da p\u00e1gina\n        var currentPageUrl = window.location.href;\n\n        \/\/ Atualiza o href do elemento com o URL base e o URL da p\u00e1gina como par\u00e2metro\n        linkElement.attr('href', baseUrl + encodeURIComponent(currentPageUrl));\n    }\n});\n<\/script><\/div>\n\t\t\t\t<\/div>\n\t\t\t\t<\/div>\n\t\t\t\t\t<\/div>\n\t\t<\/div>\n\t\t\t\t\t\t\t<\/div>\n\t\t<\/section>\n\t\t\t\t<section class=\"elementor-section elementor-top-section elementor-element elementor-element-14e2a19 elementor-section-boxed elementor-section-height-default elementor-section-height-default\" data-id=\"14e2a19\" data-element_type=\"section\">\n\t\t\t\t\t\t<div class=\"elementor-container elementor-column-gap-default\">\n\t\t\t\t\t<div class=\"elementor-column elementor-col-33 elementor-top-column elementor-element elementor-element-26a3e83 nopdf\" data-id=\"26a3e83\" data-element_type=\"column\">\n\t\t\t<div class=\"elementor-widget-wrap elementor-element-populated\">\n\t\t\t\t\t\t\t\t<div class=\"elementor-element elementor-element-17f1c44 menu-lateral elementor-widget elementor-widget-text-editor\" data-id=\"17f1c44\" data-element_type=\"widget\" data-widget_type=\"text-editor.default\">\n\t\t\t\t<div class=\"elementor-widget-container\">\n\t\t\t\t\t\t\t<a class=\"active-index\" href=\"#apresentacao-section\">Presentation<\/a><a href=\"#plano-curricular-section\">Curricular Plan<\/a>\n<a href=\"#propinas\">Tuition Fees<\/a>\n<a href=\"#candidaturas-section\">Applications <\/a>\n<a href=\"#anyquestion\">Any questions?<\/a>\t\t\t\t\t\t<\/div>\n\t\t\t\t<\/div>\n\t\t\t\t<div class=\"elementor-element elementor-element-4738aa5 elementor-hidden-desktop elementor-hidden-laptop elementor-hidden-tablet elementor-hidden-mobile elementor-widget elementor-widget-image\" data-id=\"4738aa5\" data-element_type=\"widget\" data-widget_type=\"image.default\">\n\t\t\t\t<div class=\"elementor-widget-container\">\n\t\t\t\t\t\t\t\t\t\t\t\t\t\t\t\t<a href=\"https:\/\/novalaw.unl.pt\/en\/open-day-masters-degrees\/\">\n\t\t\t\t\t\t\t<img loading=\"lazy\" decoding=\"async\" width=\"200\" height=\"257\" src=\"https:\/\/novalaw.unl.pt\/wp-content\/uploads\/2025\/12\/Botao_Mestrados_ENG_ai-06-1.jpg\" class=\"attachment-full size-full\" alt=\"\" \/>\t\t\t\t\t\t\t\t<\/a>\n\t\t\t\t\t\t\t\t\t\t\t\t\t\t\t<\/div>\n\t\t\t\t<\/div>\n\t\t\t\t<div class=\"elementor-element elementor-element-eb527bd elementor-widget elementor-widget-ekit_wb_10548\" data-id=\"eb527bd\" data-element_type=\"widget\" data-widget_type=\"ekit_wb_10548.default\">\n\t\t\t\t<div class=\"elementor-widget-container\">\n\t\t\t<script type='text\/javascript' src='https:\/\/platform-api.sharethis.com\/js\/sharethis.js#property=64ae9869f57abe0019c4e32e&product=sticky-share-buttons' async='async'><\/script>\n\t\t\t\t<\/div>\n\t\t\t\t<\/div>\n\t\t\t\t\t<\/div>\n\t\t<\/div>\n\t\t\t\t<div class=\"elementor-column elementor-col-66 elementor-top-column elementor-element elementor-element-fae99d9\" data-id=\"fae99d9\" data-element_type=\"column\">\n\t\t\t<div class=\"elementor-widget-wrap elementor-element-populated\">\n\t\t\t\t\t\t\t\t<div class=\"elementor-element elementor-element-9562baf elementor-widget elementor-widget-menu-anchor\" data-id=\"9562baf\" data-element_type=\"widget\" data-widget_type=\"menu-anchor.default\">\n\t\t\t\t<div class=\"elementor-widget-container\">\n\t\t\t\t\t<div id=\"apresentacao-section\" class=\"elementor-menu-anchor\"><\/div>\n\t\t\t\t<\/div>\n\t\t\t\t<\/div>\n\t\t\t\t<div class=\"elementor-element elementor-element-07e7dad elementor-widget elementor-widget-heading\" data-id=\"07e7dad\" data-element_type=\"widget\" data-widget_type=\"heading.default\">\n\t\t\t\t<div class=\"elementor-widget-container\">\n\t\t\t<h2 class=\"elementor-heading-title elementor-size-default\">Presentation<\/h2>\t\t<\/div>\n\t\t\t\t<\/div>\n\t\t\t\t<div class=\"elementor-element elementor-element-02f5952 elementor-widget elementor-widget-text-editor\" data-id=\"02f5952\" data-element_type=\"widget\" data-widget_type=\"text-editor.default\">\n\t\t\t\t<div class=\"elementor-widget-container\">\n\t\t\t\t\t\t\t<div class=\"layoutArea\"><div class=\"column\"><div class=\"layoutArea\"><div class=\"column\"><p>The <strong>Master\u2019s in International and European Law<\/strong>\u00a0offers students the <strong>opportunity to expand their legal knowledge in an area that is becoming increasingly essential considering world globalization<\/strong>, in which national boundaries are losing importance.<\/p><p>Operating within an<strong> increasingly transnational and globalized world<\/strong> requires legal knowledge that today is less focused on classical issues of public international law, and more on areas that focus on issues related to the internationalization of businesses and private\/public transnational legal relationships, as well as human rights, humanitarian law and new developments in international criminal law. European integration is part of the new geopolitical environment. This explains the focus of the master\u2019s on several areas of European Union law such as the freedom of movement of people and the European jurisdictional system. It is crucial for a lawyer to be familiar with the diverse and increasingly vast areas of International Law and European Union Law in order to successfully address the theoretical and practical challenges they face.<\/p><p>The association of NOVA School of Law with the prestigious<a href=\"https:\/\/novalaw.unl.pt\/en\/themis-network\/\"> Themis Network<\/a> enables students to benefit from an international experience at a leading European \u2014 and global \u2014 university, thereby strengthening the programme\u2019s international and comparative dimension.<\/p><\/div><\/div><\/div><\/div>\t\t\t\t\t\t<\/div>\n\t\t\t\t<\/div>\n\t\t\t\t<div class=\"elementor-element elementor-element-351ab5f elementor-widget elementor-widget-text-editor\" data-id=\"351ab5f\" data-element_type=\"widget\" data-widget_type=\"text-editor.default\">\n\t\t\t\t<div class=\"elementor-widget-container\">\n\t\t\t\t\t\t\t<h5>Language of instruction:<\/h5><ul><li>Primary: English (required)<\/li><li>Secondary: Portuguese (not required)<\/li><\/ul>\t\t\t\t\t\t<\/div>\n\t\t\t\t<\/div>\n\t\t\t\t<div class=\"elementor-element elementor-element-8479420 elementor-hidden-desktop elementor-hidden-laptop elementor-hidden-tablet elementor-hidden-mobile elementor-widget elementor-widget-text-editor\" data-id=\"8479420\" data-element_type=\"widget\" data-widget_type=\"text-editor.default\">\n\t\t\t\t<div class=\"elementor-widget-container\">\n\t\t\t\t\t\t\t<p><strong>This master\u2019s is taught in English.<\/strong><\/p>\t\t\t\t\t\t<\/div>\n\t\t\t\t<\/div>\n\t\t\t\t<div class=\"elementor-element elementor-element-ce224d1 elementor-widget elementor-widget-ekit_wb_28992\" data-id=\"ce224d1\" data-element_type=\"widget\" data-widget_type=\"ekit_wb_28992.default\">\n\t\t\t\t<div class=\"elementor-widget-container\">\n\t\t\t<h3 class=\"normal-titleh3 preto regular-text\">Why choose this Master\u2019s ?<\/h3>\n\t\t\t\t<\/div>\n\t\t\t\t<\/div>\n\t\t\t\t<div class=\"elementor-element elementor-element-af21103 elementor-widget elementor-widget-text-editor\" data-id=\"af21103\" data-element_type=\"widget\" data-widget_type=\"text-editor.default\">\n\t\t\t\t<div class=\"elementor-widget-container\">\n\t\t\t\t\t\t\t<ul><li><strong>Advanced EU &amp; International Law<\/strong> on human rights, migration &amp; asylum, climate, data protection, and use of force.<\/li><li><strong>Master cross jurisdiction issues<\/strong> by linking EU, international &amp; domestic law with practice led training.<\/li><li><strong>Flexibility plus THEMIS international mobility<\/strong> at top universities to shape a distinctive profile<\/li><\/ul>\t\t\t\t\t\t<\/div>\n\t\t\t\t<\/div>\n\t\t\t\t<section class=\"elementor-section elementor-inner-section elementor-element elementor-element-588ea6a elementor-section-boxed elementor-section-height-default elementor-section-height-default\" data-id=\"588ea6a\" data-element_type=\"section\">\n\t\t\t\t\t\t<div class=\"elementor-container elementor-column-gap-default\">\n\t\t\t\t\t<div class=\"elementor-column elementor-col-50 elementor-inner-column elementor-element elementor-element-41f96b7\" data-id=\"41f96b7\" data-element_type=\"column\">\n\t\t\t<div class=\"elementor-widget-wrap elementor-element-populated\">\n\t\t\t\t\t\t\t\t<div class=\"elementor-element elementor-element-c9e4e74 elementor-widget elementor-widget-image\" data-id=\"c9e4e74\" data-element_type=\"widget\" data-widget_type=\"image.default\">\n\t\t\t\t<div class=\"elementor-widget-container\">\n\t\t\t\t\t\t\t\t\t\t\t\t\t\t\t<img loading=\"lazy\" decoding=\"async\" width=\"933\" height=\"387\" src=\"https:\/\/novalaw.unl.pt\/wp-content\/uploads\/2026\/01\/BannerLogos_MestradoIntEur.jpg\" class=\"attachment-large size-large\" alt=\"\" srcset=\"https:\/\/novalaw.unl.pt\/wp-content\/uploads\/2026\/01\/BannerLogos_MestradoIntEur.jpg 933w, https:\/\/novalaw.unl.pt\/wp-content\/uploads\/2026\/01\/BannerLogos_MestradoIntEur-300x124.jpg 300w, https:\/\/novalaw.unl.pt\/wp-content\/uploads\/2026\/01\/BannerLogos_MestradoIntEur-768x319.jpg 768w\" sizes=\"auto, (max-width: 933px) 100vw, 933px\" \/>\t\t\t\t\t\t\t\t\t\t\t\t\t\t\t<\/div>\n\t\t\t\t<\/div>\n\t\t\t\t\t<\/div>\n\t\t<\/div>\n\t\t\t\t<div class=\"elementor-column elementor-col-50 elementor-inner-column elementor-element elementor-element-7da968c\" data-id=\"7da968c\" data-element_type=\"column\">\n\t\t\t<div class=\"elementor-widget-wrap\">\n\t\t\t\t\t\t\t\t\t<\/div>\n\t\t<\/div>\n\t\t\t\t\t\t\t<\/div>\n\t\t<\/section>\n\t\t\t\t<section class=\"elementor-section elementor-inner-section elementor-element elementor-element-b570b1f elementor-section-boxed elementor-section-height-default elementor-section-height-default\" data-id=\"b570b1f\" data-element_type=\"section\" data-settings=\"{&quot;background_background&quot;:&quot;classic&quot;}\">\n\t\t\t\t\t\t<div class=\"elementor-container elementor-column-gap-default\">\n\t\t\t\t\t<div class=\"elementor-column elementor-col-100 elementor-inner-column elementor-element elementor-element-13b528b\" data-id=\"13b528b\" data-element_type=\"column\" data-settings=\"{&quot;animation&quot;:&quot;none&quot;}\">\n\t\t\t<div class=\"elementor-widget-wrap elementor-element-populated\">\n\t\t\t\t\t\t\t\t<div class=\"elementor-element elementor-element-8be6645 elementor-aspect-ratio-169 elementor-widget elementor-widget-video\" data-id=\"8be6645\" data-element_type=\"widget\" data-settings=\"{&quot;youtube_url&quot;:&quot;https:\\\/\\\/www.youtube.com\\\/watch?v=1ohdnLARsZc&quot;,&quot;video_type&quot;:&quot;youtube&quot;,&quot;controls&quot;:&quot;yes&quot;,&quot;aspect_ratio&quot;:&quot;169&quot;}\" data-widget_type=\"video.default\">\n\t\t\t\t<div class=\"elementor-widget-container\">\n\t\t\t\t\t<div class=\"elementor-wrapper elementor-fit-aspect-ratio elementor-open-inline\">\n\t\t\t<div class=\"elementor-video\"><\/div>\t\t<\/div>\n\t\t\t\t<\/div>\n\t\t\t\t<\/div>\n\t\t\t\t\t<\/div>\n\t\t<\/div>\n\t\t\t\t\t\t\t<\/div>\n\t\t<\/section>\n\t\t\t\t<div class=\"elementor-element elementor-element-adf783f elementor-widget elementor-widget-heading\" data-id=\"adf783f\" data-element_type=\"widget\" data-widget_type=\"heading.default\">\n\t\t\t\t<div class=\"elementor-widget-container\">\n\t\t\t<h3 class=\"elementor-heading-title elementor-size-default\">Coordination<\/h3>\t\t<\/div>\n\t\t\t\t<\/div>\n\t\t\t\t<section class=\"elementor-section elementor-inner-section elementor-element elementor-element-6977942 elementor-section-boxed elementor-section-height-default elementor-section-height-default\" data-id=\"6977942\" data-element_type=\"section\">\n\t\t\t\t\t\t<div class=\"elementor-container elementor-column-gap-default\">\n\t\t\t\t\t<div class=\"elementor-column elementor-col-25 elementor-inner-column elementor-element elementor-element-2409e25\" data-id=\"2409e25\" data-element_type=\"column\" data-settings=\"{&quot;animation&quot;:&quot;none&quot;}\">\n\t\t\t<div class=\"elementor-widget-wrap elementor-element-populated\">\n\t\t\t\t\t\t\t\t<div class=\"elementor-element elementor-element-50f93d2 elementor-widget elementor-widget-image\" data-id=\"50f93d2\" data-element_type=\"widget\" data-widget_type=\"image.default\">\n\t\t\t\t<div class=\"elementor-widget-container\">\n\t\t\t\t\t\t\t\t\t\t\t\t\t\t\t\t<a href=\"https:\/\/novalaw.unl.pt\/en\/veronica-corcodel\/\">\n\t\t\t\t\t\t\t<img decoding=\"async\" src=\"https:\/\/novalaw.unl.pt\/wp-content\/uploads\/elementor\/thumbs\/SITE_docentes-residentes-VERONICA-CORCODEL_1-1-pk9jnrhuer613ceihvme8aizbgo5ll9fqxvihb07z0.jpg\" title=\"SITE_docentes-residentes-VERONICA-CORCODEL_1\" alt=\"Professora Veronica Corcodel NOVA School of Law\" \/>\t\t\t\t\t\t\t\t<\/a>\n\t\t\t\t\t\t\t\t\t\t\t\t\t\t\t<\/div>\n\t\t\t\t<\/div>\n\t\t\t\t<div class=\"elementor-element elementor-element-b3850d8 elementor-widget elementor-widget-heading\" data-id=\"b3850d8\" data-element_type=\"widget\" data-widget_type=\"heading.default\">\n\t\t\t\t<div class=\"elementor-widget-container\">\n\t\t\t<h3 class=\"elementor-heading-title elementor-size-default\">Veronica Corcodel<\/h3>\t\t<\/div>\n\t\t\t\t<\/div>\n\t\t\t\t\t<\/div>\n\t\t<\/div>\n\t\t\t\t<div class=\"elementor-column elementor-col-25 elementor-inner-column elementor-element elementor-element-21e11dc\" data-id=\"21e11dc\" data-element_type=\"column\" data-settings=\"{&quot;animation&quot;:&quot;none&quot;}\">\n\t\t\t<div class=\"elementor-widget-wrap elementor-element-populated\">\n\t\t\t\t\t\t\t\t<div class=\"elementor-element elementor-element-e934d34 elementor-widget elementor-widget-image\" data-id=\"e934d34\" data-element_type=\"widget\" data-widget_type=\"image.default\">\n\t\t\t\t<div class=\"elementor-widget-container\">\n\t\t\t\t\t\t\t\t\t\t\t\t\t\t\t\t<a href=\"https:\/\/novalaw.unl.pt\/en\/lucila-de-almeida\/\">\n\t\t\t\t\t\t\t<img decoding=\"async\" src=\"https:\/\/novalaw.unl.pt\/wp-content\/uploads\/elementor\/thumbs\/SITE_docentes-residentes-LUCILA-ALMEIDA_1-pw7lcljv3ur4wlqsh0qngrv7lwmx8oqrby8sre70bg.jpg\" title=\"SITE_docentes-residentes-LUCILA-ALMEIDA_1\" alt=\"SITE_docentes-residentes-LUCILA-ALMEIDA_1\" \/>\t\t\t\t\t\t\t\t<\/a>\n\t\t\t\t\t\t\t\t\t\t\t\t\t\t\t<\/div>\n\t\t\t\t<\/div>\n\t\t\t\t<div class=\"elementor-element elementor-element-e27c105 elementor-widget elementor-widget-heading\" data-id=\"e27c105\" data-element_type=\"widget\" data-widget_type=\"heading.default\">\n\t\t\t\t<div class=\"elementor-widget-container\">\n\t\t\t<h3 class=\"elementor-heading-title elementor-size-default\">Lucila de Almeida<\/h3>\t\t<\/div>\n\t\t\t\t<\/div>\n\t\t\t\t\t<\/div>\n\t\t<\/div>\n\t\t\t\t<div class=\"elementor-column elementor-col-25 elementor-inner-column elementor-element elementor-element-6baea88\" data-id=\"6baea88\" data-element_type=\"column\" data-settings=\"{&quot;animation&quot;:&quot;none&quot;}\">\n\t\t\t<div class=\"elementor-widget-wrap elementor-element-populated\">\n\t\t\t\t\t\t\t\t<div class=\"elementor-element elementor-element-6816f6a elementor-widget elementor-widget-image\" data-id=\"6816f6a\" data-element_type=\"widget\" data-widget_type=\"image.default\">\n\t\t\t\t<div class=\"elementor-widget-container\">\n\t\t\t\t\t\t\t\t\t\t\t\t\t\t\t\t<a href=\"https:\/\/novalaw.unl.pt\/en\/orlando-scarcello-2\/\">\n\t\t\t\t\t\t\t<img decoding=\"async\" src=\"https:\/\/novalaw.unl.pt\/wp-content\/uploads\/elementor\/thumbs\/SITE-CorpoDocente-ProfAuxiliar-OrlandoScarcello-rbvzv3s4cwxsqdvo2p5q6i2ir1uubv5wecylhm4mzg.jpg\" title=\"SITE-CorpoDocente-ProfAuxiliar-OrlandoScarcello\" alt=\"SITE-CorpoDocente-ProfAuxiliar-OrlandoScarcello\" \/>\t\t\t\t\t\t\t\t<\/a>\n\t\t\t\t\t\t\t\t\t\t\t\t\t\t\t<\/div>\n\t\t\t\t<\/div>\n\t\t\t\t<div class=\"elementor-element elementor-element-fb8489f elementor-widget elementor-widget-heading\" data-id=\"fb8489f\" data-element_type=\"widget\" data-widget_type=\"heading.default\">\n\t\t\t\t<div class=\"elementor-widget-container\">\n\t\t\t<h3 class=\"elementor-heading-title elementor-size-default\">Orlando Scarcello<\/h3>\t\t<\/div>\n\t\t\t\t<\/div>\n\t\t\t\t\t<\/div>\n\t\t<\/div>\n\t\t\t\t<div class=\"elementor-column elementor-col-25 elementor-inner-column elementor-element elementor-element-ca9d52c\" data-id=\"ca9d52c\" data-element_type=\"column\" data-settings=\"{&quot;animation&quot;:&quot;none&quot;}\">\n\t\t\t<div class=\"elementor-widget-wrap elementor-element-populated\">\n\t\t\t\t\t\t\t\t<div class=\"elementor-element elementor-element-fc11976 elementor-widget elementor-widget-image\" data-id=\"fc11976\" data-element_type=\"widget\" data-widget_type=\"image.default\">\n\t\t\t\t<div class=\"elementor-widget-container\">\n\t\t\t\t\t\t\t\t\t\t\t\t\t\t\t\t<a href=\"https:\/\/novalaw.unl.pt\/en\/francisco-costa-cabral-2\/\">\n\t\t\t\t\t\t\t<img decoding=\"async\" src=\"https:\/\/novalaw.unl.pt\/wp-content\/uploads\/elementor\/thumbs\/SITE-CorpoDocente-ProfAuxiliar-FranciscoCostaCabral-rbw0pjrxpqm4rpnoauwpxthzebstmy0x91mr28zlgc.jpg\" title=\"SITE-CorpoDocente-ProfAuxiliar-FranciscoCostaCabral\" alt=\"SITE-CorpoDocente-ProfAuxiliar-FranciscoCostaCabral\" \/>\t\t\t\t\t\t\t\t<\/a>\n\t\t\t\t\t\t\t\t\t\t\t\t\t\t\t<\/div>\n\t\t\t\t<\/div>\n\t\t\t\t<div class=\"elementor-element elementor-element-0459306 elementor-widget elementor-widget-heading\" data-id=\"0459306\" data-element_type=\"widget\" data-widget_type=\"heading.default\">\n\t\t\t\t<div class=\"elementor-widget-container\">\n\t\t\t<h3 class=\"elementor-heading-title elementor-size-default\">Francisco Costa-Cabral<\/h3>\t\t<\/div>\n\t\t\t\t<\/div>\n\t\t\t\t\t<\/div>\n\t\t<\/div>\n\t\t\t\t\t\t\t<\/div>\n\t\t<\/section>\n\t\t\t\t<div class=\"elementor-element elementor-element-a144b31 elementor-widget elementor-widget-text-editor\" data-id=\"a144b31\" data-element_type=\"widget\" data-widget_type=\"text-editor.default\">\n\t\t\t\t<div class=\"elementor-widget-container\">\n\t\t\t\t\t\t\t<h3>Scientific Commission<\/h3><p><strong>President: <\/strong><a href=\"https:\/\/novalaw.unl.pt\/en\/francisco-pereira-coutinho\/\">Francisco Pereira Coutinho<\/a> | <strong>Board Members: <\/strong><a href=\"https:\/\/novalaw.unl.pt\/lucio-tome-feteira\/\">L\u00facio Tom\u00e9 Feiteira<\/a> (taught component) | <a href=\"https:\/\/novalaw.unl.pt\/joao-zenha-martins\/\">Jo\u00e3o Zenha Martins<\/a> (taught component) |\u00a0 Veronica Corcodel (taught component) | Lucila de Almeida (research phase) |<a href=\"https:\/\/novalaw.unl.pt\/filipe-brito-bastos\/\"> Filipe Brito Bastos<\/a> (research phase) |\u00a0<a href=\"https:\/\/novalaw.unl.pt\/helena-bolina\/\">Helena Bolina<\/a> (research phase) | Orlando Scarcello (research phase) | Francisco Costa-Cabral (research phase)<\/p>\t\t\t\t\t\t<\/div>\n\t\t\t\t<\/div>\n\t\t\t\t<div class=\"elementor-element elementor-element-1511b9e elementor-widget elementor-widget-text-editor\" data-id=\"1511b9e\" data-element_type=\"widget\" data-widget_type=\"text-editor.default\">\n\t\t\t\t<div class=\"elementor-widget-container\">\n\t\t\t\t\t\t\t<h3>Goals<\/h3><p>Building on the knowledge acquired in the bachelor\u2019s degree in the fields of International Law, this Master in Law develops the interdisciplinary nature of both International and European Law, namely in the area of the protection of human rights. It addresses the development of skills in scientific research, and prepares students for their professional life.<\/p>\t\t\t\t\t\t<\/div>\n\t\t\t\t<\/div>\n\t\t\t\t<div class=\"elementor-element elementor-element-68d5362 elementor-widget elementor-widget-text-editor\" data-id=\"68d5362\" data-element_type=\"widget\" data-widget_type=\"text-editor.default\">\n\t\t\t\t<div class=\"elementor-widget-container\">\n\t\t\t\t\t\t\t<h3 class=\"p1\"><span class=\"s1\">Target Applicant<\/span><\/h3><p>Graduates in Law or in other social sciences who wish to deepen their knowledge.<\/p>\t\t\t\t\t\t<\/div>\n\t\t\t\t<\/div>\n\t\t\t\t<div class=\"elementor-element elementor-element-e5bbcd9 elementor-widget elementor-widget-text-editor\" data-id=\"e5bbcd9\" data-element_type=\"widget\" data-widget_type=\"text-editor.default\">\n\t\t\t\t<div class=\"elementor-widget-container\">\n\t\t\t\t\t\t\t<h3>Timetable<\/h3><p>This course is taught during working hours*.<\/p><p>*<em>Some Optional Curricular Units may have schedules that do not match the timetable of the course.<br \/><\/em><\/p>\t\t\t\t\t\t<\/div>\n\t\t\t\t<\/div>\n\t\t\t\t<div class=\"elementor-element elementor-element-43f4668 elementor-widget elementor-widget-text-editor\" data-id=\"43f4668\" data-element_type=\"widget\" data-widget_type=\"text-editor.default\">\n\t\t\t\t<div class=\"elementor-widget-container\">\n\t\t\t\t\t\t\t<h3>Certification<\/h3><table class=\"responsive-table\"><thead><tr><td>Study Cycle<\/td><td>Degree<\/td><td>A3ES Decision<\/td><td>Number of Years<\/td><td>Publication of the A3ES decision<\/td><td>DGES registration number<\/td><td>Publication in Di\u00e1rio da Rep\u00fablica<\/td><\/tr><\/thead><tbody><tr><td><p class=\"p1\"><span class=\"s1\">Law<\/span><\/p><\/td><td><p class=\"p1\"><span class=\"s1\">Master<\/span><\/p><\/td><td><p class=\"p1\"><span class=\"s1\">accredited<\/span><\/p><\/td><td>6<\/td><td><div class=\"page\" title=\"Page 1\"><div class=\"section\"><div class=\"layoutArea\"><div class=\"column\"><p>09-04-2021<\/p><p><a href=\"https:\/\/si.a3es.pt\/sia3es\/page?stage=ConsultaPublicaProcesso&amp;processID=20650#none\">Documents relating to the accreditation process<\/a><\/p><\/div><\/div><\/div><\/div><\/td><td><div class=\"page\" title=\"Page 1\"><div class=\"section\"><div class=\"layoutArea\"><div class=\"column\"><div class=\"page\" title=\"Page 1\"><div class=\"section\"><div class=\"layoutArea\"><div class=\"column\"><div class=\"page\" title=\"Page 1\"><div class=\"section\"><div class=\"layoutArea\"><div class=\"column\"><div class=\"page\" title=\"Page 1\"><div class=\"section\"><div class=\"layoutArea\"><div class=\"column\"><div class=\"page\" title=\"Page 1\"><div class=\"section\"><div class=\"layoutArea\"><div class=\"column\"><p>R\/A -Ef 3196\/2011\/AL08<\/p><\/div><\/div><\/div><\/div><\/div><\/div><\/div><\/div><\/div><\/div><\/div><\/div><\/div><\/div><\/div><\/div><\/div><\/div><\/div><\/div><\/td><td><div class=\"page\" title=\"Page 1\"><div class=\"section\"><div class=\"layoutArea\"><div class=\"column\"><div class=\"page\" title=\"Page 1\"><div class=\"section\"><div class=\"layoutArea\"><div class=\"column\"><div class=\"page\" title=\"Page 1\"><div class=\"section\"><div class=\"layoutArea\"><div class=\"column\"><p><a href=\"https:\/\/diariodarepublica.pt\/dr\/detalhe\/regulamento\/736-2024-871222197\">Regulation n.\u00ba 736\/2024<\/a><\/p><p><a href=\"https:\/\/www.dges.gov.pt\/simges\/public\/www\/cursos\/12351\">Study Plan<\/a><\/p><\/div><\/div><\/div><\/div><\/div><\/div><\/div><\/div><\/div><\/div><\/div><\/div><\/td><\/tr><\/tbody><\/table>\t\t\t\t\t\t<\/div>\n\t\t\t\t<\/div>\n\t\t\t\t<div class=\"elementor-element elementor-element-bba835a elementor-widget elementor-widget-heading\" data-id=\"bba835a\" data-element_type=\"widget\" data-widget_type=\"heading.default\">\n\t\t\t\t<div class=\"elementor-widget-container\">\n\t\t\t<h2 class=\"elementor-heading-title elementor-size-default\">Employability<\/h2>\t\t<\/div>\n\t\t\t\t<\/div>\n\t\t\t\t<div class=\"elementor-element elementor-element-4efc473 elementor-widget elementor-widget-text-editor\" data-id=\"4efc473\" data-element_type=\"widget\" data-widget_type=\"text-editor.default\">\n\t\t\t\t<div class=\"elementor-widget-container\">\n\t\t\t\t\t\t\t<p>Students on the Master&#8217;s degree programme in International and European Law can pursue professional careers in law firms, European institutions, multinational companies, international organisations, non-governmental organisations and the diplomatic and consular service.<\/p>\t\t\t\t\t\t<\/div>\n\t\t\t\t<\/div>\n\t\t\t\t<div class=\"elementor-element elementor-element-8382b9d elementor-widget elementor-widget-heading\" data-id=\"8382b9d\" data-element_type=\"widget\" data-widget_type=\"heading.default\">\n\t\t\t\t<div class=\"elementor-widget-container\">\n\t\t\t<h2 class=\"elementor-heading-title elementor-size-default\">Research with Impact<\/h2>\t\t<\/div>\n\t\t\t\t<\/div>\n\t\t\t\t<div class=\"elementor-element elementor-element-6f3ecfd elementor-widget elementor-widget-text-editor\" data-id=\"6f3ecfd\" data-element_type=\"widget\" data-widget_type=\"text-editor.default\">\n\t\t\t\t<div class=\"elementor-widget-container\">\n\t\t\t\t\t\t\t<p>The <a href=\"https:\/\/novalaw.unl.pt\/en\/knowledge-centres\/\">Knowledge Centres at the NOVA School of Law<\/a> provide Master&#8217;s students with the opportunity to conduct scientific research in a variety of legal fields.<\/p><p>Find out more about the Knowledge Centres that complement the Master&#8217;s in Law Specialization in International and European Law and enrich your research journey<\/p><ul><li><a href=\"https:\/\/novalaw.unl.pt\/en\/sparc\/\">SPARC<\/a><\/li><li><a href=\"https:\/\/novalaw.unl.pt\/en\/nova-refugee-clinic-legal-clinic\/\">NOVA Refugee and Migration Clinic<\/a><\/li><\/ul>\t\t\t\t\t\t<\/div>\n\t\t\t\t<\/div>\n\t\t\t\t<div class=\"elementor-element elementor-element-4a08f24 elementor-widget elementor-widget-heading\" data-id=\"4a08f24\" data-element_type=\"widget\" data-widget_type=\"heading.default\">\n\t\t\t\t<div class=\"elementor-widget-container\">\n\t\t\t<h3 class=\"elementor-heading-title elementor-size-default\">Testimonials<\/h3>\t\t<\/div>\n\t\t\t\t<\/div>\n\t\t\t\t<section class=\"elementor-section elementor-inner-section elementor-element elementor-element-b0ffd01 elementor-section-boxed elementor-section-height-default elementor-section-height-default\" data-id=\"b0ffd01\" data-element_type=\"section\" data-settings=\"{&quot;background_background&quot;:&quot;classic&quot;}\">\n\t\t\t\t\t\t<div class=\"elementor-container elementor-column-gap-default\">\n\t\t\t\t\t<div class=\"elementor-column elementor-col-100 elementor-inner-column elementor-element elementor-element-f04747d\" data-id=\"f04747d\" data-element_type=\"column\" data-settings=\"{&quot;animation&quot;:&quot;none&quot;}\">\n\t\t\t<div class=\"elementor-widget-wrap elementor-element-populated\">\n\t\t\t\t\t\t\t\t<div class=\"elementor-element elementor-element-a05066f elementor-widget elementor-widget-image\" data-id=\"a05066f\" data-element_type=\"widget\" data-widget_type=\"image.default\">\n\t\t\t\t<div class=\"elementor-widget-container\">\n\t\t\t\t\t\t\t\t\t\t\t\t\t\t\t<img decoding=\"async\" src=\"https:\/\/novalaw.unl.pt\/wp-content\/uploads\/2021\/09\/quotes.svg\" class=\"attachment-full size-full\" alt=\"\" \/>\t\t\t\t\t\t\t\t\t\t\t\t\t\t\t<\/div>\n\t\t\t\t<\/div>\n\t\t\t\t<div class=\"elementor-element elementor-element-2a4fbcf elementor-widget elementor-widget-testimonial\" data-id=\"2a4fbcf\" data-element_type=\"widget\" data-widget_type=\"testimonial.default\">\n\t\t\t\t<div class=\"elementor-widget-container\">\n\t\t\t\t\t<div class=\"elementor-testimonial-wrapper\">\n\t\t\t\t\t\t\t<div class=\"elementor-testimonial-content\">Although I did not study law as an undergraduate, this master\u2019s gave me a holistic perspective on its current challenges. With a multidisciplinary curriculum and specialised teaching staff, this programme consolidated and deepened my legal knowledge in an international and European setting, with a study plan that can be adapted to the goals of anyone interested in these areas, be they academic or professional. Given the complexities of the 21st century, choosing the Master\u2019s in International and European Law at NOVA School of Law is the first step towards understanding them.<\/div>\n\t\t\t\n\t\t\t\t\t\t<div class=\"elementor-testimonial-meta elementor-has-image elementor-testimonial-image-position-aside\">\n\t\t\t\t<div class=\"elementor-testimonial-meta-inner\">\n\t\t\t\t\t\t\t\t\t\t\t<div class=\"elementor-testimonial-image\">\n\t\t\t\t\t\t\t<img loading=\"lazy\" decoding=\"async\" width=\"202\" height=\"202\" src=\"https:\/\/novalaw.unl.pt\/wp-content\/uploads\/2025\/01\/SITE-Testemunhos-MDIE-JoseTSimeao.png\" class=\"attachment-full size-full\" alt=\"\" \/>\t\t\t\t\t\t<\/div>\n\t\t\t\t\t\n\t\t\t\t\t\t\t\t\t\t<div class=\"elementor-testimonial-details\">\n\t\t\t\t\t\t\t\t\t\t\t\t\t\t<div class=\"elementor-testimonial-name\">Jos\u00e9 Tom\u00e1s Sime\u00e3o<\/div>\n\t\t\t\t\t\t\t\t\t\t\t\t\t\t\t\t\t\t\t\t\t\t<div class=\"elementor-testimonial-job\">PhD Student in Law and Teaching Assistant at NOVA School of Law<\/div>\n\t\t\t\t\t\t\t\t\t\t\t\t\t<\/div>\n\t\t\t\t\t\t\t\t\t<\/div>\n\t\t\t<\/div>\n\t\t\t\t\t<\/div>\n\t\t\t\t<\/div>\n\t\t\t\t<\/div>\n\t\t\t\t\t<\/div>\n\t\t<\/div>\n\t\t\t\t\t\t\t<\/div>\n\t\t<\/section>\n\t\t\t\t<section class=\"elementor-section elementor-inner-section elementor-element elementor-element-b574441 elementor-hidden-desktop elementor-hidden-laptop elementor-hidden-tablet elementor-hidden-mobile elementor-section-boxed elementor-section-height-default elementor-section-height-default\" data-id=\"b574441\" data-element_type=\"section\" data-settings=\"{&quot;background_background&quot;:&quot;classic&quot;}\">\n\t\t\t\t\t\t<div class=\"elementor-container elementor-column-gap-default\">\n\t\t\t\t\t<div class=\"elementor-column elementor-col-50 elementor-inner-column elementor-element elementor-element-bb604e8\" data-id=\"bb604e8\" data-element_type=\"column\" data-settings=\"{&quot;animation&quot;:&quot;none&quot;}\">\n\t\t\t<div class=\"elementor-widget-wrap elementor-element-populated\">\n\t\t\t\t\t\t\t\t<div class=\"elementor-element elementor-element-d9f87fa elementor-widget elementor-widget-image\" data-id=\"d9f87fa\" data-element_type=\"widget\" data-widget_type=\"image.default\">\n\t\t\t\t<div class=\"elementor-widget-container\">\n\t\t\t\t\t\t\t\t\t\t\t\t\t\t\t<img decoding=\"async\" src=\"https:\/\/novalaw.unl.pt\/wp-content\/uploads\/2021\/09\/quotes.svg\" class=\"attachment-full size-full\" alt=\"\" \/>\t\t\t\t\t\t\t\t\t\t\t\t\t\t\t<\/div>\n\t\t\t\t<\/div>\n\t\t\t\t<div class=\"elementor-element elementor-element-d565c76 elementor-widget elementor-widget-testimonial\" data-id=\"d565c76\" data-element_type=\"widget\" data-widget_type=\"testimonial.default\">\n\t\t\t\t<div class=\"elementor-widget-container\">\n\t\t\t\t\t<div class=\"elementor-testimonial-wrapper\">\n\t\t\t\t\t\t\t<div class=\"elementor-testimonial-content\">This Master\u2019s is ideal for anyone who wants to have a career with an international focus. The student has the opportunity to choose their curriculum path according to their own professional ambitions.\nAs a student of this Master\u2019s, I had the once-in-a- -lifetime opportunity to visit the European Court of Justice and to see a judgment taking place. Recently, I was recruited by Altice Portugal, and I am working with European Data Protection Law, and currently doing my Master\u2019s thesis in this field.\nI strongly recommend this Master\u2019s for those of you who, like me, have a thirst for knowledge which goes beyond national borders and who wants to be a jurist of XXI century.<\/div>\n\t\t\t\n\t\t\t\t\t\t<div class=\"elementor-testimonial-meta elementor-has-image elementor-testimonial-image-position-aside\">\n\t\t\t\t<div class=\"elementor-testimonial-meta-inner\">\n\t\t\t\t\t\t\t\t\t\t\t<div class=\"elementor-testimonial-image\">\n\t\t\t\t\t\t\t<img loading=\"lazy\" decoding=\"async\" width=\"100\" height=\"100\" src=\"https:\/\/novalaw.unl.pt\/wp-content\/uploads\/2021\/11\/INTERNACIONAL-Patricia-Ramimhos.jpg\" class=\"attachment-full size-full\" alt=\"\" \/>\t\t\t\t\t\t<\/div>\n\t\t\t\t\t\n\t\t\t\t\t\t\t\t\t\t<div class=\"elementor-testimonial-details\">\n\t\t\t\t\t\t\t\t\t\t\t\t\t\t<div class=\"elementor-testimonial-name\">Patr\u00edcia Raminhos<\/div>\n\t\t\t\t\t\t\t\t\t\t\t\t\t\t\t\t\t\t\t\t\t\t<div class=\"elementor-testimonial-job\">Jurist at Altice Portugal<\/div>\n\t\t\t\t\t\t\t\t\t\t\t\t\t<\/div>\n\t\t\t\t\t\t\t\t\t<\/div>\n\t\t\t<\/div>\n\t\t\t\t\t<\/div>\n\t\t\t\t<\/div>\n\t\t\t\t<\/div>\n\t\t\t\t\t<\/div>\n\t\t<\/div>\n\t\t\t\t<div class=\"elementor-column elementor-col-50 elementor-inner-column elementor-element elementor-element-c4b45d9\" data-id=\"c4b45d9\" data-element_type=\"column\" data-settings=\"{&quot;animation&quot;:&quot;none&quot;}\">\n\t\t\t<div class=\"elementor-widget-wrap elementor-element-populated\">\n\t\t\t\t\t\t\t\t<div class=\"elementor-element elementor-element-1d76f41 elementor-widget elementor-widget-image\" data-id=\"1d76f41\" data-element_type=\"widget\" data-widget_type=\"image.default\">\n\t\t\t\t<div class=\"elementor-widget-container\">\n\t\t\t\t\t\t\t\t\t\t\t\t\t\t\t<img decoding=\"async\" src=\"https:\/\/novalaw.unl.pt\/wp-content\/uploads\/2021\/09\/quotes.svg\" class=\"attachment-full size-full\" alt=\"\" \/>\t\t\t\t\t\t\t\t\t\t\t\t\t\t\t<\/div>\n\t\t\t\t<\/div>\n\t\t\t\t<div class=\"elementor-element elementor-element-41fd053 elementor-widget elementor-widget-testimonial\" data-id=\"41fd053\" data-element_type=\"widget\" data-widget_type=\"testimonial.default\">\n\t\t\t\t<div class=\"elementor-widget-container\">\n\t\t\t\t\t<div class=\"elementor-testimonial-wrapper\">\n\t\t\t\t\t\t\t<div class=\"elementor-testimonial-content\">O Mestrado em Direito Internacional e Europeu da NOVA School of Law demarca-se pela sua abordagem de temas atuais com uma perspetiva de futuro, possibilitando aos alunos a escolha dos to\u0301picos que mais lhes interessam dentro da vasta oferta curricular. Devido aos va\u0301rios protocolos assinados com a Faculdade, neste Mestrado tive a oportunidade de fazer o segundo semestre na Universidade de Ljubljana e de obter experie\u0302ncia profissional com um esta\u0301gio curricular em Bruxelas. Uma vez que procurava um mestrado que se afastasse do percurso tradicional da advocacia e me preparasse para uma carreira num plano internacional, esta foi a escolha evidente!<\/div>\n\t\t\t\n\t\t\t\t\t\t<div class=\"elementor-testimonial-meta elementor-has-image elementor-testimonial-image-position-aside\">\n\t\t\t\t<div class=\"elementor-testimonial-meta-inner\">\n\t\t\t\t\t\t\t\t\t\t\t<div class=\"elementor-testimonial-image\">\n\t\t\t\t\t\t\t<img loading=\"lazy\" decoding=\"async\" width=\"100\" height=\"100\" src=\"https:\/\/novalaw.unl.pt\/wp-content\/uploads\/2021\/11\/INTERNACIONAL-Sergio-Abreu.jpg\" class=\"attachment-full size-full\" alt=\"\" \/>\t\t\t\t\t\t<\/div>\n\t\t\t\t\t\n\t\t\t\t\t\t\t\t\t\t<div class=\"elementor-testimonial-details\">\n\t\t\t\t\t\t\t\t\t\t\t\t\t\t<div class=\"elementor-testimonial-name\">S\u00e9rgio Abreu<\/div>\n\t\t\t\t\t\t\t\t\t\t\t\t\t\t\t\t\t\t\t\t\t\t<div class=\"elementor-testimonial-job\">Trainee at Portuguese Embassy in Brussels<\/div>\n\t\t\t\t\t\t\t\t\t\t\t\t\t<\/div>\n\t\t\t\t\t\t\t\t\t<\/div>\n\t\t\t<\/div>\n\t\t\t\t\t<\/div>\n\t\t\t\t<\/div>\n\t\t\t\t<\/div>\n\t\t\t\t\t<\/div>\n\t\t<\/div>\n\t\t\t\t\t\t\t<\/div>\n\t\t<\/section>\n\t\t\t\t<div class=\"elementor-element elementor-element-86dc721 elementor-widget elementor-widget-menu-anchor\" data-id=\"86dc721\" data-element_type=\"widget\" data-widget_type=\"menu-anchor.default\">\n\t\t\t\t<div class=\"elementor-widget-container\">\n\t\t\t\t\t<div id=\"plano-curricular-section\" class=\"elementor-menu-anchor\"><\/div>\n\t\t\t\t<\/div>\n\t\t\t\t<\/div>\n\t\t\t\t<div class=\"elementor-element elementor-element-19491aa elementor-widget elementor-widget-ekit_wb_38538\" data-id=\"19491aa\" data-element_type=\"widget\" data-widget_type=\"ekit_wb_38538.default\">\n\t\t\t\t<div class=\"elementor-widget-container\">\n\t\t\t<script>\n jQuery(document).ready(function() {\n   var curr = 1;\n  \n   if(curr == 0){\n       jQuery(\".first-curricular\").addClass(\"hide\");\n       jQuery(\".second-curricular\").addClass(\"hide\");\n\n   }\n   \n   if(curr == 1){\n       jQuery(\".first-curricular\").removeClass(\"hide\");\n       jQuery(\".second-curricular\").addClass(\"hide\");\n        \n   }\n   \n   if(curr == 2){\n       jQuery(\".first-curricular\").addClass(\"hide\");\n       jQuery(\".second-curricular\").removeClass(\"hide\");\n         \n   }\n   \n   if(curr == 3){\n      jQuery(\".first-curricular\").removeClass(\"hide\");\n      jQuery(\".second-curricular\").removeClass(\"hide\");\n       \n   }\n   \n   jQuery(\"#firstCurricular\").on(\"click\", function(){ \n       console.log('toggle first');\n       jQuery(\".first-curricular\").toggleClass(\"hide\")\n             \n   });\n  jQuery(\"#secondCurricular\").on(\"click\", function(){ \n             console.log('toggle second');\n      jQuery(\".second-curricular\").toggleClass(\"hide\")\n             \n   });\n   \n     setTimeout(function() { \n        jQuery(\"#elementor-tab-title-2541\").click();\n   \n      jQuery(\"#elementor-tab-title-1841\").click();\n    \n         \n     }, 500);\n  \n });\n<\/script>\n\t\t\t\t<\/div>\n\t\t\t\t<\/div>\n\t\t\t\t<div class=\"elementor-element elementor-element-1643af7 elementor-widget elementor-widget-heading\" data-id=\"1643af7\" data-element_type=\"widget\" data-widget_type=\"heading.default\">\n\t\t\t\t<div class=\"elementor-widget-container\">\n\t\t\t<h2 class=\"elementor-heading-title elementor-size-default\">Curricular Plan<\/h2>\t\t<\/div>\n\t\t\t\t<\/div>\n\t\t\t\t<div class=\"elementor-element elementor-element-2456224 elementor-hidden-mobile elementor-widget elementor-widget-heading\" data-id=\"2456224\" data-element_type=\"widget\" id=\"firstCurricular\" data-widget_type=\"heading.default\">\n\t\t\t\t<div class=\"elementor-widget-container\">\n\t\t\t<h3 class=\"elementor-heading-title elementor-size-default\">+ 2026\/2027<\/h3>\t\t<\/div>\n\t\t\t\t<\/div>\n\t\t\t\t<div class=\"elementor-element elementor-element-89fbe20 first-curricular elementor-widget elementor-widget-heading\" data-id=\"89fbe20\" data-element_type=\"widget\" data-widget_type=\"heading.default\">\n\t\t\t\t<div class=\"elementor-widget-container\">\n\t\t\t<h3 class=\"elementor-heading-title elementor-size-default\">1st year - Taught Component<\/h3>\t\t<\/div>\n\t\t\t\t<\/div>\n\t\t\t\t<div class=\"elementor-element elementor-element-86d4ced first-curricular elementor-widget elementor-widget-text-editor\" data-id=\"86d4ced\" data-element_type=\"widget\" data-widget_type=\"text-editor.default\">\n\t\t\t\t<div class=\"elementor-widget-container\">\n\t\t\t\t\t\t\t<p>In addition to the mandatory course, students must complete\u00a0<strong>32 ECTS in the restrictive optional courses<\/strong>\u00a0listed above and\u00a0<strong>22 ECTS in free-option courses<\/strong>\u00a0that they may choose from any Master\u2019s course taught at NOVA School of Law (subject to availability).<\/p><p>Total ECTS of the Taught Component:\u00a0<strong>60 ECTS.<\/strong><\/p><p>From 2024\/25, students will need to approve the curricular component with, at least 13,50 points out of 20 (13,5\/20) to be able to enrol in the research phase (2nd year of the course).<\/p><p><strong>Completion of the curricular component (60 ECTS), with any positive grade, grants the award of a Diploma in Postgraduate Studies in Law.<\/strong><\/p>\t\t\t\t\t\t<\/div>\n\t\t\t\t<\/div>\n\t\t\t\t<section class=\"elementor-section elementor-inner-section elementor-element elementor-element-0d42b21 first-curricular elementor-section-boxed elementor-section-height-default elementor-section-height-default\" data-id=\"0d42b21\" data-element_type=\"section\">\n\t\t\t\t\t\t<div class=\"elementor-container elementor-column-gap-default\">\n\t\t\t\t\t<div class=\"elementor-column elementor-col-50 elementor-inner-column elementor-element elementor-element-0ea1a19\" data-id=\"0ea1a19\" data-element_type=\"column\">\n\t\t\t<div class=\"elementor-widget-wrap elementor-element-populated\">\n\t\t\t\t\t\t\t\t<div class=\"elementor-element elementor-element-9e82b8f elementor-widget elementor-widget-text-editor\" data-id=\"9e82b8f\" data-element_type=\"widget\" data-widget_type=\"text-editor.default\">\n\t\t\t\t<div class=\"elementor-widget-container\">\n\t\t\t\t\t\t\t<table>\n<thead>\n<tr>\n<th>1st Semester<\/th>\n<th style=\"text-align: center; width: 80px;\">ECTS<\/th>\n<\/tr>\n<\/thead>\n<tbody>\n<tr>\n<td style=\"font-size: 14px;\" colspan=\"2\"><span style=\"font-weight: bold;\">Restricted Option<\/span><\/td>\n<\/tr>\n<tr>\n<td>Comparative Equality Law<\/td>\n<td style=\"text-align: center;\">6<\/td>\n<\/tr>\n<tr>\n<td>Environmental Law<\/td>\n<td style=\"text-align: center;\">6<\/td>\n<\/tr>\n<tr>\n<td>EU Asylum and Migration Law<\/td>\n<td style=\"text-align: center;\">6<\/td>\n<\/tr>\n<tr>\n<td>Fundamental Rights in EU Law<\/td>\n<td style=\"text-align: center;\">6<\/td>\n<\/tr>\n<tr>\n<td>International and European Law of the Sea<\/td>\n<td style=\"text-align: center;\">6<\/td>\n<\/tr>\n<tr>\n<td>International Human Rights Protection Systems<\/td>\n<td style=\"text-align: center;\">6<\/td>\n<\/tr>\n<tr>\n<td>International Humanitarian Law<\/td>\n<td style=\"text-align: center;\">6<\/td>\n<\/tr>\n<tr>\n<td>Diplomatic and Consular Law<\/td>\n<td style=\"text-align: center;\">6<\/td>\n<\/tr>\n<tr>\n<td>Business, Human Rights and Sustainability<\/td>\n<td style=\"text-align: center;\">4<\/td>\n<\/tr>\n<tr>\n<td>Direito Administrativo Europeu<\/td>\n<td style=\"text-align: center;\">4<\/td>\n<\/tr>\n<tr>\n<td>Emerging Technologies: Governance and Regulation<\/td>\n<td style=\"text-align: center;\">4<\/td>\n<\/tr>\n<tr>\n<td>Human Rights Moot Courts<\/td>\n<td style=\"text-align: center;\">4<\/td>\n<\/tr>\n<tr>\n<td>International Investment Law<\/td>\n<td style=\"text-align: center;\">4<\/td>\n<\/tr>\n<tr>\n<td>Introduction to Law for Non-Lawyers<\/td>\n<td style=\"text-align: center;\">4<\/td>\n<\/tr>\n<tr>\n<td>Legal English<\/td>\n<td style=\"text-align: center;\">4<\/td>\n<\/tr>\n<tr>\n<td>Introdu\u00e7\u00e3o ao Direito da Uni\u00e3o Europeia<\/td>\n<td style=\"text-align: center;\">2<\/td>\n<\/tr>\n<tr>\n<td style=\"font-size: 14px;\" colspan=\"2\"><span style=\"font-weight: bold;\">Free Option<\/span><\/td>\n<\/tr>\n<tr>\n<td>Direito da Contrata\u00e7\u00e3o P\u00fablica<\/td>\n<td style=\"text-align: center;\">6<\/td>\n<\/tr>\n<\/tbody>\n<\/table>\t\t\t\t\t\t<\/div>\n\t\t\t\t<\/div>\n\t\t\t\t\t<\/div>\n\t\t<\/div>\n\t\t\t\t<div class=\"elementor-column elementor-col-50 elementor-inner-column elementor-element elementor-element-65813f8\" data-id=\"65813f8\" data-element_type=\"column\">\n\t\t\t<div class=\"elementor-widget-wrap elementor-element-populated\">\n\t\t\t\t\t\t\t\t<div class=\"elementor-element elementor-element-459b483 elementor-widget elementor-widget-text-editor\" data-id=\"459b483\" data-element_type=\"widget\" data-widget_type=\"text-editor.default\">\n\t\t\t\t<div class=\"elementor-widget-container\">\n\t\t\t\t\t\t\t<table>\n<thead>\n<tr>\n<th>2nd Semester<\/th>\n<th style=\"text-align: center; width: 80px;\">ECTS<\/th>\n<\/tr>\n<\/thead>\n<tbody>\n<tr>\n<td style=\"font-size: 14px;\" colspan=\"2\"><span style=\"font-weight: bold;\">Mandatory<\/span><\/td>\n<\/tr>\n<tr>\n<td>Methodology of Legal Research<\/td>\n<td style=\"text-align: center;\">6<\/td>\n<\/tr>\n<tr>\n<td style=\"font-size: 14px;\" colspan=\"2\"><span style=\"font-weight: bold;\">Restricted Option<\/span><\/td>\n<\/tr>\n<tr>\n<td>Advanced EU Law<\/td>\n<td style=\"text-align: center;\">6<\/td>\n<\/tr>\n<tr>\n<td>Competition Law<\/td>\n<td style=\"text-align: center;\">6<\/td>\n<\/tr>\n<tr>\n<td>Direito das Organiza\u00e7\u00f5es Internacionais<\/td>\n<td style=\"text-align: center;\">6<\/td>\n<\/tr>\n<tr>\n<td>EU Corporate Sustainability Due Diligence and Reporting<\/td>\n<td style=\"text-align: center;\">6<\/td>\n<\/tr>\n<tr>\n<td>EU Data Protection Law: From Theory to Practice<\/td>\n<td style=\"text-align: center;\">6<\/td>\n<\/tr>\n<tr>\n<td>EU Law in Action (Contemporary Dynamics)<\/td>\n<td style=\"text-align: center;\">6<\/td>\n<\/tr>\n<tr>\n<td>International and European Security Law<\/td>\n<td style=\"text-align: center;\">6<\/td>\n<\/tr>\n<tr>\n<td>International Commercial Law<\/td>\n<td style=\"text-align: center;\">6<\/td>\n<\/tr>\n<tr>\n<td>International Tax Law<\/td>\n<td style=\"text-align: center;\">6<\/td>\n<\/tr>\n<tr>\n<td>Critical Approaches to Human Rights<\/td>\n<td style=\"text-align: center;\">4<\/td>\n<\/tr>\n<tr>\n<td>Direito Europeu dos Aux\u00edlios de Estado<\/td>\n<td style=\"text-align: center;\">4<\/td>\n<\/tr>\n<tr>\n<td>Human Rights at Sea<\/td>\n<td style=\"text-align: center;\">4<\/td>\n<\/tr>\n<tr>\n<td>Moot Courts (Commercial Arbitration)<\/td>\n<td style=\"text-align: center;\">4<\/td>\n<\/tr>\n<tr>\n<td>World Trade Law<\/td>\n<td style=\"text-align: center;\">4<\/td>\n<\/tr>\n<tr>\n<td style=\"font-size: 14px;\" colspan=\"2\"><span style=\"font-weight: bold;\">Free Option<\/span><\/td>\n<\/tr>\n<tr>\n<td>Consumer Law and Sustainable Innovation<\/td>\n<td style=\"text-align: center;\">6<\/td>\n<\/tr>\n<tr>\n<td>Clinical Course in Cross-Border Child Protection Services<\/td>\n<td style=\"text-align: center;\">4<\/td>\n<\/tr>\n<tr>\n<td>Direito e Cinema<\/td>\n<td style=\"text-align: center;\">4<\/td>\n<\/tr>\n<tr>\n<td>Human Rights Advocacy<\/td>\n<td style=\"text-align: center;\">4<\/td>\n<\/tr>\n<tr>\n<td>War &amp; Law<\/td>\n<td style=\"text-align: center;\">4<\/td>\n<\/tr>\n<tr>\n<td>Sustainability for All 2<\/td>\n<td style=\"text-align: center;\">2<\/td>\n<\/tr>\n<\/tbody>\n<\/table>\t\t\t\t\t\t<\/div>\n\t\t\t\t<\/div>\n\t\t\t\t\t<\/div>\n\t\t<\/div>\n\t\t\t\t\t\t\t<\/div>\n\t\t<\/section>\n\t\t\t\t<div class=\"elementor-element elementor-element-0b4a9d6 first-curricular elementor-hidden-desktop elementor-hidden-laptop elementor-hidden-tablet elementor-hidden-mobile elementor-widget elementor-widget-text-editor\" data-id=\"0b4a9d6\" data-element_type=\"widget\" data-widget_type=\"text-editor.default\">\n\t\t\t\t<div class=\"elementor-widget-container\">\n\t\t\t\t\t\t\t<p><em>*Data Protection and Management Law is a course offered by <a href=\"https:\/\/novalaw.unl.pt\/en\/the-jean-monnet-module-on-european-union-data-protection-law-in-portugal-dataporeu\/\" target=\"_blank\" rel=\"noopener\">NOVA School of Law\u2019s Jean Monnet Module on European Union Data Protection Law in Portugal (DataporEU)<\/a><\/em><\/p><p>**<em>Limited to 10 participants, only for students who are also enrolled in the EU Migration and Asylum Law curricular unit.<\/em><\/p><p><em>(The curricular units presented as free options are suggestions and may be changed. In free-option curricular units that are compulsory for other master\u2019s programmes, enrolment and attendance depends on logistical and pedagogical possibilities).<\/em><\/p>\t\t\t\t\t\t<\/div>\n\t\t\t\t<\/div>\n\t\t\t\t<div class=\"elementor-element elementor-element-a9b5548 first-curricular elementor-widget elementor-widget-heading\" data-id=\"a9b5548\" data-element_type=\"widget\" data-widget_type=\"heading.default\">\n\t\t\t\t<div class=\"elementor-widget-container\">\n\t\t\t<h3 class=\"elementor-heading-title elementor-size-default\">2nd year - Research Phase<\/h3>\t\t<\/div>\n\t\t\t\t<\/div>\n\t\t\t\t<section class=\"elementor-section elementor-inner-section elementor-element elementor-element-e55f744 first-curricular elementor-section-boxed elementor-section-height-default elementor-section-height-default\" data-id=\"e55f744\" data-element_type=\"section\">\n\t\t\t\t\t\t<div class=\"elementor-container elementor-column-gap-default\">\n\t\t\t\t\t<div class=\"elementor-column elementor-col-100 elementor-inner-column elementor-element elementor-element-2be2a40\" data-id=\"2be2a40\" data-element_type=\"column\">\n\t\t\t<div class=\"elementor-widget-wrap elementor-element-populated\">\n\t\t\t\t\t\t\t\t<div class=\"elementor-element elementor-element-7207859 elementor-widget elementor-widget-text-editor\" data-id=\"7207859\" data-element_type=\"widget\" data-widget_type=\"text-editor.default\">\n\t\t\t\t<div class=\"elementor-widget-container\">\n\t\t\t\t\t\t\t<table><thead><tr><th>Research Phase<\/th><th style=\"text-align: center; width: 80px;\"><strong>ECTS<\/strong><\/th><\/tr><\/thead><tbody><tr><td style=\"font-size: 14px;\" colspan=\"2\"><strong>Mandatory\u00a0<\/strong><\/td><\/tr><tr><td>Dissertation, internship at national or international institution or project work.<\/td><td style=\"text-align: center;\">60<\/td><\/tr><\/tbody><\/table>\t\t\t\t\t\t<\/div>\n\t\t\t\t<\/div>\n\t\t\t\t<div class=\"elementor-element elementor-element-5ad7400 elementor-widget elementor-widget-text-editor\" data-id=\"5ad7400\" data-element_type=\"widget\" data-widget_type=\"text-editor.default\">\n\t\t\t\t<div class=\"elementor-widget-container\">\n\t\t\t\t\t\t\t<p>NOVA School of Law participates in <a href=\"https:\/\/novalaw.unl.pt\/rede-themis\/\" target=\"_blank\" rel=\"noopener\">THEMIS<\/a>, a network that encourages the internationalization of master\u2019s students. The THEMIS certificate is granted when students complete a semester of mobility, participate in an international conference, and complete an international internship under the THEMIS Programme.<\/p>\t\t\t\t\t\t<\/div>\n\t\t\t\t<\/div>\n\t\t\t\t\t<\/div>\n\t\t<\/div>\n\t\t\t\t\t\t\t<\/div>\n\t\t<\/section>\n\t\t\t\t<div class=\"elementor-element elementor-element-6296754 elementor-widget elementor-widget-heading\" data-id=\"6296754\" data-element_type=\"widget\" id=\"secondCurricular\" data-widget_type=\"heading.default\">\n\t\t\t\t<div class=\"elementor-widget-container\">\n\t\t\t<h3 class=\"elementor-heading-title elementor-size-default\">+ 2025\/2026<\/h3>\t\t<\/div>\n\t\t\t\t<\/div>\n\t\t\t\t<div class=\"elementor-element elementor-element-8633b34 second-curricular elementor-widget elementor-widget-heading\" data-id=\"8633b34\" data-element_type=\"widget\" data-widget_type=\"heading.default\">\n\t\t\t\t<div class=\"elementor-widget-container\">\n\t\t\t<h3 class=\"elementor-heading-title elementor-size-default\">1st year - Taught Component<\/h3>\t\t<\/div>\n\t\t\t\t<\/div>\n\t\t\t\t<div class=\"elementor-element elementor-element-6732f93 second-curricular elementor-widget elementor-widget-text-editor\" data-id=\"6732f93\" data-element_type=\"widget\" data-widget_type=\"text-editor.default\">\n\t\t\t\t<div class=\"elementor-widget-container\">\n\t\t\t\t\t\t\t<p>In addition to the mandatory course, students must complete\u00a0<strong>32 ECTS in the restrictive optional courses<\/strong>\u00a0listed above and\u00a0<strong>22 ECTS in free-option courses<\/strong>\u00a0that they may choose from any Master\u2019s course taught at NOVA School of Law (subject to availability).<\/p><p>Total ECTS of the Taught Component:\u00a0<strong>60 ECTS.<\/strong><\/p><p>From 2024\/25, students will need to approve the curricular component with, at least 13,50 points out of 20 (13,5\/20) to be able to enrol in the research phase (2nd year of the course).<\/p><p><strong>Completion of the curricular component (60 ECTS), with any positive grade, grants the award of a Diploma in Postgraduate Studies in Law.<\/strong><\/p>\t\t\t\t\t\t<\/div>\n\t\t\t\t<\/div>\n\t\t\t\t<section class=\"elementor-section elementor-inner-section elementor-element elementor-element-b4a430a second-curricular elementor-section-boxed elementor-section-height-default elementor-section-height-default\" data-id=\"b4a430a\" data-element_type=\"section\">\n\t\t\t\t\t\t<div class=\"elementor-container elementor-column-gap-default\">\n\t\t\t\t\t<div class=\"elementor-column elementor-col-50 elementor-inner-column elementor-element elementor-element-1c805d6\" data-id=\"1c805d6\" data-element_type=\"column\">\n\t\t\t<div class=\"elementor-widget-wrap elementor-element-populated\">\n\t\t\t\t\t\t\t\t<div class=\"elementor-element elementor-element-9bc8896 elementor-widget elementor-widget-text-editor\" data-id=\"9bc8896\" data-element_type=\"widget\" data-widget_type=\"text-editor.default\">\n\t\t\t\t<div class=\"elementor-widget-container\">\n\t\t\t\t\t\t\t<table><thead><tr><th>1st Semester<\/th><th style=\"text-align: center; width: 80px;\">ECTS<\/th><\/tr><\/thead><tbody><tr><td style=\"font-size: 14px;\" colspan=\"2\"><span style=\"font-weight: bold;\">Restricted Option<\/span><\/td><\/tr><tr><td>Diplomatic and Consular Law<\/td><td style=\"text-align: center;\">6<\/td><\/tr><tr><td>International Humanitarian Law<\/td><td style=\"text-align: center;\">6<\/td><\/tr><tr><td>International Law of the Sea and International Courts<\/td><td style=\"text-align: center;\">6<\/td><\/tr><tr><td>Direito das Organiza\u00e7\u00f5es Internacionais<\/td><td style=\"text-align: center;\">6<\/td><\/tr><tr><td>Environmental Law<\/td><td style=\"text-align: center;\">6<\/td><\/tr><tr><td>International Human Rights Protection Systems<\/td><td style=\"text-align: center;\">6<\/td><\/tr><tr><td>Transitional Justice<\/td><td style=\"text-align: center;\">4<\/td><\/tr><tr><td>Legal English<\/td><td style=\"text-align: center;\">4<\/td><\/tr><tr><td>Direito Administrativo Europeu<\/td><td style=\"text-align: center;\">4<\/td><\/tr><tr><td>Emerging Technologies: Governance and Regulation<\/td><td style=\"text-align: center;\">4<\/td><\/tr><tr><td>International Economic Law<\/td><td style=\"text-align: center;\">4<\/td><\/tr><tr><td>Business, Human Rights and Sustainability<\/td><td style=\"text-align: center;\">4<\/td><\/tr><tr><td>Estudos Interdisciplinares (Direito e Cinema)***<\/td><td style=\"text-align: center;\">4<\/td><\/tr><tr><td>Human Rights Moot Court<\/td><td style=\"text-align: center;\">4<\/td><\/tr><tr><td>Rule of Law, Democracy and Global Governance<\/td><td style=\"text-align: center;\">4<\/td><\/tr><tr><td>Introduction to Law for Non-Lawyers<\/td><td style=\"text-align: center;\">4<\/td><\/tr><tr><td>Introdu\u00e7\u00e3o ao Direito da Uni\u00e3o Europeia<\/td><td style=\"text-align: center;\">2<\/td><\/tr><\/tbody><\/table>\t\t\t\t\t\t<\/div>\n\t\t\t\t<\/div>\n\t\t\t\t\t<\/div>\n\t\t<\/div>\n\t\t\t\t<div class=\"elementor-column elementor-col-50 elementor-inner-column elementor-element elementor-element-14879cd\" data-id=\"14879cd\" data-element_type=\"column\">\n\t\t\t<div class=\"elementor-widget-wrap elementor-element-populated\">\n\t\t\t\t\t\t\t\t<div class=\"elementor-element elementor-element-e2691c2 elementor-widget elementor-widget-text-editor\" data-id=\"e2691c2\" data-element_type=\"widget\" data-widget_type=\"text-editor.default\">\n\t\t\t\t<div class=\"elementor-widget-container\">\n\t\t\t\t\t\t\t<table><thead><tr><th>2nd Semester<\/th><th style=\"text-align: center; width: 80px;\">ECTS<\/th><\/tr><\/thead><tbody><tr><td style=\"font-size: 14px;\" colspan=\"2\"><span style=\"font-weight: bold;\">Mandatory<\/span><\/td><\/tr><tr><td>Methodology of Legal Research<\/td><td style=\"text-align: center;\">6<\/td><\/tr><tr><td style=\"font-size: 14px;\" colspan=\"2\"><span style=\"font-weight: bold;\">Restricted Option<\/span><\/td><\/tr><tr><td>Fundamental Rights in EU Law<\/td><td style=\"text-align: center;\">6<\/td><\/tr><tr><td>International Tax Law<\/td><td style=\"text-align: center;\">6<\/td><\/tr><tr><td>Competition Law<\/td><td style=\"text-align: center;\">6<\/td><\/tr><tr><td>EU Asylum and Migration Law**<\/td><td style=\"text-align: center;\">6<\/td><\/tr><tr><td>International and European Security Law<\/td><td style=\"text-align: center;\">6<\/td><\/tr><tr><td>International Commercial Law<\/td><td style=\"text-align: center;\">6<\/td><\/tr><tr><td>EU Data Protection Law: From Theory to Practice<\/td><td style=\"text-align: center;\">6<\/td><\/tr><tr><td>Advanced EU Law<\/td><td style=\"text-align: center;\">6<\/td><\/tr><tr><td>European Law of the Sea<\/td><td style=\"text-align: center;\">4<\/td><\/tr><tr><td>Moot Courts (Commercial Arbitration)<\/td><td style=\"text-align: center;\">4<\/td><\/tr><tr><td style=\"font-size: 14px;\" colspan=\"2\"><span style=\"font-weight: bold;\">Free Option<\/span><\/td><\/tr><tr><td>Clinical Course in Cross-Border Child Protection Services*<\/td><td style=\"text-align: center;\">4<\/td><\/tr><tr><td>Direito da Fam\u00edlia e da Crian\u00e7a<\/td><td style=\"text-align: center;\">4<\/td><\/tr><tr><td>War &amp; Law<\/td><td style=\"text-align: center;\">4<\/td><\/tr><\/tbody><\/table>\t\t\t\t\t\t<\/div>\n\t\t\t\t<\/div>\n\t\t\t\t\t<\/div>\n\t\t<\/div>\n\t\t\t\t\t\t\t<\/div>\n\t\t<\/section>\n\t\t\t\t<div class=\"elementor-element elementor-element-43022b7 elementor-hidden-desktop elementor-hidden-laptop elementor-hidden-tablet elementor-hidden-mobile elementor-widget elementor-widget-text-editor\" data-id=\"43022b7\" data-element_type=\"widget\" data-widget_type=\"text-editor.default\">\n\t\t\t\t<div class=\"elementor-widget-container\">\n\t\t\t\t\t\t\t<p><em>*Data Protection and Management Law is a course offered by <a href=\"https:\/\/novalaw.unl.pt\/en\/the-jean-monnet-module-on-european-union-data-protection-law-in-portugal-dataporeu\/\" target=\"_blank\" rel=\"noopener\">NOVA School of Law\u2019s Jean Monnet Module on European Union Data Protection Law in Portugal (DataporEU)<\/a><\/em><\/p>\t\t\t\t\t\t<\/div>\n\t\t\t\t<\/div>\n\t\t\t\t<div class=\"elementor-element elementor-element-13f9713 second-curricular elementor-widget elementor-widget-text-editor\" data-id=\"13f9713\" data-element_type=\"widget\" data-widget_type=\"text-editor.default\">\n\t\t\t\t<div class=\"elementor-widget-container\">\n\t\t\t\t\t\t\t<p>*<em>Limited to 10 students, with preference given to those enrolled in the EU Migration and Asylum Law curricular unit.<\/em><\/p><p>**<em>Enrolment in this curricular unit requires enrolment in the course Human Rights International Protection Systems.<\/em><\/p><p>***<em>Limited to 20 students<\/em><\/p><p><em>(The curricular units presented as free options are suggestions and may be changed. In free-option curricular units that are compulsory for other master\u2019s programmes, enrolment and attendance depends on logistical and pedagogical possibilities).<\/em><\/p>\t\t\t\t\t\t<\/div>\n\t\t\t\t<\/div>\n\t\t\t\t<div class=\"elementor-element elementor-element-dda2fa3 second-curricular elementor-widget elementor-widget-heading\" data-id=\"dda2fa3\" data-element_type=\"widget\" data-widget_type=\"heading.default\">\n\t\t\t\t<div class=\"elementor-widget-container\">\n\t\t\t<h3 class=\"elementor-heading-title elementor-size-default\">2nd year - Research Phase<\/h3>\t\t<\/div>\n\t\t\t\t<\/div>\n\t\t\t\t<section class=\"elementor-section elementor-inner-section elementor-element elementor-element-ca65f92 second-curricular elementor-section-boxed elementor-section-height-default elementor-section-height-default\" data-id=\"ca65f92\" data-element_type=\"section\">\n\t\t\t\t\t\t<div class=\"elementor-container elementor-column-gap-default\">\n\t\t\t\t\t<div class=\"elementor-column elementor-col-100 elementor-inner-column elementor-element elementor-element-0d18b24\" data-id=\"0d18b24\" data-element_type=\"column\">\n\t\t\t<div class=\"elementor-widget-wrap elementor-element-populated\">\n\t\t\t\t\t\t\t\t<div class=\"elementor-element elementor-element-8d27004 elementor-widget elementor-widget-text-editor\" data-id=\"8d27004\" data-element_type=\"widget\" data-widget_type=\"text-editor.default\">\n\t\t\t\t<div class=\"elementor-widget-container\">\n\t\t\t\t\t\t\t<table><thead><tr><th>Research Phase<\/th><th style=\"text-align: center; width: 80px;\"><strong>ECTS<\/strong><\/th><\/tr><\/thead><tbody><tr><td style=\"font-size: 14px;\" colspan=\"2\"><strong>Mandatory\u00a0<\/strong><\/td><\/tr><tr><td>Dissertation, internship at national or international institution or project work.<\/td><td style=\"text-align: center;\">60<\/td><\/tr><\/tbody><\/table>\t\t\t\t\t\t<\/div>\n\t\t\t\t<\/div>\n\t\t\t\t<div class=\"elementor-element elementor-element-ed9f9cd second-curricular elementor-widget elementor-widget-text-editor\" data-id=\"ed9f9cd\" data-element_type=\"widget\" data-widget_type=\"text-editor.default\">\n\t\t\t\t<div class=\"elementor-widget-container\">\n\t\t\t\t\t\t\t<p>NOVA School of Law participates in <a href=\"https:\/\/novalaw.unl.pt\/rede-themis\/\" target=\"_blank\" rel=\"noopener\">THEMIS<\/a>, a network that encourages the internationalization of master\u2019s students. The THEMIS certificate is granted when students complete a semester of mobility, participate in an international conference, and complete an international internship under the THEMIS Programme.<\/p>\t\t\t\t\t\t<\/div>\n\t\t\t\t<\/div>\n\t\t\t\t\t<\/div>\n\t\t<\/div>\n\t\t\t\t\t\t\t<\/div>\n\t\t<\/section>\n\t\t\t\t<section class=\"elementor-section elementor-inner-section elementor-element elementor-element-34c9d73 second-curricular elementor-section-boxed elementor-section-height-default elementor-section-height-default\" data-id=\"34c9d73\" data-element_type=\"section\">\n\t\t\t\t\t\t<div class=\"elementor-container elementor-column-gap-default\">\n\t\t\t\t\t<div class=\"elementor-column elementor-col-50 elementor-inner-column elementor-element elementor-element-067aa29\" data-id=\"067aa29\" data-element_type=\"column\">\n\t\t\t<div class=\"elementor-widget-wrap elementor-element-populated\">\n\t\t\t\t\t\t\t\t<div class=\"elementor-element elementor-element-eebcd7b elementor-widget elementor-widget-text-editor\" data-id=\"eebcd7b\" data-element_type=\"widget\" data-widget_type=\"text-editor.default\">\n\t\t\t\t<div class=\"elementor-widget-container\">\n\t\t\t\t\t\t\t<h5><strong>Objectives and Structure of the Curricular Units<\/strong><\/h5>\t\t\t\t\t\t<\/div>\n\t\t\t\t<\/div>\n\t\t\t\t\t<\/div>\n\t\t<\/div>\n\t\t\t\t<div class=\"elementor-column elementor-col-50 elementor-inner-column elementor-element elementor-element-abbc168\" data-id=\"abbc168\" data-element_type=\"column\">\n\t\t\t<div class=\"elementor-widget-wrap elementor-element-populated\">\n\t\t\t\t\t\t\t\t<div class=\"elementor-element elementor-element-306b68e elementor-align-left elementor-widget elementor-widget-button\" data-id=\"306b68e\" data-element_type=\"widget\" data-widget_type=\"button.default\">\n\t\t\t\t<div class=\"elementor-widget-container\">\n\t\t\t\t\t<div class=\"elementor-button-wrapper\">\n\t\t\t<a href=\"https:\/\/guia.unl.pt\/en\/2024\/fd\/program\/9279#structure\" target=\"_blank\" class=\"elementor-button-link elementor-button elementor-size-sm\" role=\"button\">\n\t\t\t\t\t\t<span class=\"elementor-button-content-wrapper\">\n\t\t\t\t\t\t<span class=\"elementor-button-text\">here<\/span>\n\t\t<\/span>\n\t\t\t\t\t<\/a>\n\t\t<\/div>\n\t\t\t\t<\/div>\n\t\t\t\t<\/div>\n\t\t\t\t\t<\/div>\n\t\t<\/div>\n\t\t\t\t\t\t\t<\/div>\n\t\t<\/section>\n\t\t\t\t<div class=\"elementor-element elementor-element-676ee1d elementor-widget elementor-widget-menu-anchor\" data-id=\"676ee1d\" data-element_type=\"widget\" data-widget_type=\"menu-anchor.default\">\n\t\t\t\t<div class=\"elementor-widget-container\">\n\t\t\t\t\t<div id=\"propinas\" class=\"elementor-menu-anchor\"><\/div>\n\t\t\t\t<\/div>\n\t\t\t\t<\/div>\n\t\t\t\t<div class=\"elementor-element elementor-element-b99962a elementor-widget elementor-widget-heading\" data-id=\"b99962a\" data-element_type=\"widget\" data-widget_type=\"heading.default\">\n\t\t\t\t<div class=\"elementor-widget-container\">\n\t\t\t<h2 class=\"elementor-heading-title elementor-size-default\">Tuition Fees<\/h2>\t\t<\/div>\n\t\t\t\t<\/div>\n\t\t\t\t<div class=\"elementor-element elementor-element-4a31ecd elementor-widget elementor-widget-ekit_wb_56378\" data-id=\"4a31ecd\" data-element_type=\"widget\" data-widget_type=\"ekit_wb_56378.default\">\n\t\t\t\t<div class=\"elementor-widget-container\">\n\t\t\t<style>\ntable {\n    border: 1px solid #000;\n}\n\ntable thead {\n    border-bottom: 1px solid #000000 !important;\n}\nthead th {\n    font-weight: 800;\n    background-color: #f2f2f2;\n}\ntd {\n    font-size: 12px;\n}\ntd {\n    font-size: 12px;\n}\ntd, th {\n    border: none;\n    padding: 8px;\n}\n\ntr:nth-child(even) {\n    background-color: #F2F2F2;\n}\n@media only screen and (max-width: 800px) {\n  .mobile-responsive {\n    overflow-x: auto;\n     scrollbar-color: red orange;\n     scrollbar-width: thin;\n  }\n  td, th {\n    border: none;\n    padding: 4px;\n    min-width:130px;\n}\n\/* width *\/\n::-webkit-scrollbar {\n  width: 8px;\n  height: 5px;\n}\n\n\/* Track *\/\n::-webkit-scrollbar-track {\n  background: #f1f1f1; \n}\n \n\/* Handle *\/\n::-webkit-scrollbar-thumb {\n  background: #888; \n}\n\n\/* Handle on hover *\/\n::-webkit-scrollbar-thumb:hover {\n  background: #555; \n}\n  \n}\n\n<\/style>\n<!--\n<div class=\"mobile-responsive\" id=\"tuitions-43\">\n<table>\n    <thead id=\"thead_43\"style=\" border-bottom: 1px solid #000000\"><\/thead>\n    <tbody id=\"tbody_43\"><\/tbody>\n<\/table>    \n<\/div> \n\n<div class=\"mobile-responsive\" id=\"tuitions-1\">\n   \n<\/div> \n-->\n\n<script>\n       \n        jQuery.get({\n            url: \"https:\/\/hub.novalaw.pt\/api\/tuitions\/6%3C*cBtk+EWxFp&Y&\/43\",\n         \n            beforeSend: function () {\n             \n            },\n            success: function (response) {\n                console.log(response)\n                 jQuery('#tuitions-43').append('<table><thead id=\"thead_43\"style=\" border-bottom: 1px solid #000000\"><\/thead><tbody id=\"tbody_43\"><\/tbody><\/table> ');\n                 let thead = ''\n             \n               jQuery.each(response.header, function(i, item){\n\n                       thead += '<th>'+item+'<\/th>';\n             \n\n                });\n                jQuery('#thead_43').append(thead);\n                \n               \n                   jQuery.each(response.content[0], function(index, row){\n                    let trow = ''\n                       trow += '<tr>';\n                         jQuery.each(response.content, function(i, col){\n                          trow += '<td>'+col[index]+'<\/td>';\n                         });\n                       trow += '<\/tr>'\n                          jQuery('#tbody_43').append(trow);\n                   });\n             \n            },\n            complete: function () {\n               \n            }\n        });\n        \n        jQuery.get({\n            url: \"https:\/\/hub.novalaw.pt\/api\/tuitions\/6%3C*cBtk+EWxFp&Y&\/70\",\n         \n            beforeSend: function () {\n             \n            },\n            success: function (response) {\n                console.log(response)\n                 jQuery('#tuitions-second-70').append('<table><thead id=\"thead_second_70\"style=\" border-bottom: 1px solid #000000\"><\/thead><tbody id=\"tbody_second_70\"><\/tbody><\/table> ');\n                 let thead = ''\n             \n               jQuery.each(response.header, function(i, item){\n\n                       thead += '<th>'+item+'<\/th>';\n             \n\n                });\n                jQuery('#thead_second_70').append(thead);\n                \n               \n                   jQuery.each(response.content[0], function(index, row){\n                    let trow = ''\n                       trow += '<tr>';\n                         jQuery.each(response.content, function(i, col){\n                          trow += '<td>'+col[index]+'<\/td>';\n                         });\n                       trow += '<\/tr>'\n                          jQuery('#tbody_second_70').append(trow);\n                   });\n             \n            },\n            complete: function () {\n               \n            }\n        });\n        \n \/*      jQuery.ajax({\n    url: 'https:\/\/hub.novalaw.pt\/api\/fucs\/6%3C*cBtk+EWxFp&Y&', \n    type: 'GET',\n    success: function(response) {\n        var courses = response; \n\n        $(\"td\").each(function() {\n            var td = $(this);\n            var name = td.text();\n            \n            for (var i = 0; i < courses.length; i++) {\n                if (courses[i].name === name) {\n                    var a = $('<a target=\"_blank\">').css('font-weight', '400').css('color', 'black').attr('href', courses[i].url).text(name + \" \ud83d\udd17\");\n                    td.html(a);\n                    break;\n                }\n            }\n        });\n    }\n});*\/\n    \n<\/script>\n\t\t\t\t<\/div>\n\t\t\t\t<\/div>\n\t\t\t\t<section class=\"elementor-section elementor-inner-section elementor-element elementor-element-5abc3d9 elementor-section-boxed elementor-section-height-default elementor-section-height-default\" data-id=\"5abc3d9\" data-element_type=\"section\">\n\t\t\t\t\t\t<div class=\"elementor-container elementor-column-gap-default\">\n\t\t\t\t\t<div class=\"elementor-column elementor-col-100 elementor-inner-column elementor-element elementor-element-2b20d94\" data-id=\"2b20d94\" data-element_type=\"column\">\n\t\t\t<div class=\"elementor-widget-wrap elementor-element-populated\">\n\t\t\t\t\t\t\t\t<div class=\"elementor-element elementor-element-2093a3d elementor-widget elementor-widget-ekit_wb_56378\" data-id=\"2093a3d\" data-element_type=\"widget\" data-widget_type=\"ekit_wb_56378.default\">\n\t\t\t\t<div class=\"elementor-widget-container\">\n\t\t\t<style>\ntable {\n    border: 1px solid #000;\n}\n\ntable thead {\n    border-bottom: 1px solid #000000 !important;\n}\nthead th {\n    font-weight: 800;\n    background-color: #f2f2f2;\n}\ntd {\n    font-size: 12px;\n}\ntd {\n    font-size: 12px;\n}\ntd, th {\n    border: none;\n    padding: 8px;\n}\n\ntr:nth-child(even) {\n    background-color: #F2F2F2;\n}\n@media only screen and (max-width: 800px) {\n  .mobile-responsive {\n    overflow-x: auto;\n     scrollbar-color: red orange;\n     scrollbar-width: thin;\n  }\n  td, th {\n    border: none;\n    padding: 4px;\n    min-width:130px;\n}\n\/* width *\/\n::-webkit-scrollbar {\n  width: 8px;\n  height: 5px;\n}\n\n\/* Track *\/\n::-webkit-scrollbar-track {\n  background: #f1f1f1; \n}\n \n\/* Handle *\/\n::-webkit-scrollbar-thumb {\n  background: #888; \n}\n\n\/* Handle on hover *\/\n::-webkit-scrollbar-thumb:hover {\n  background: #555; \n}\n  \n}\n\n<\/style>\n<!--\n<div class=\"mobile-responsive\" id=\"tuitions-50\">\n<table>\n    <thead id=\"thead_50\"style=\" border-bottom: 1px solid #000000\"><\/thead>\n    <tbody id=\"tbody_50\"><\/tbody>\n<\/table>    \n<\/div> \n\n<div class=\"mobile-responsive\" id=\"tuitions-1\">\n   \n<\/div> \n-->\n\n<script>\n       \n        jQuery.get({\n            url: \"https:\/\/hub.novalaw.pt\/api\/tuitions\/6%3C*cBtk+EWxFp&Y&\/50\",\n         \n            beforeSend: function () {\n             \n            },\n            success: function (response) {\n                console.log(response)\n                 jQuery('#tuitions-50').append('<table><thead id=\"thead_50\"style=\" border-bottom: 1px solid #000000\"><\/thead><tbody id=\"tbody_50\"><\/tbody><\/table> ');\n                 let thead = ''\n             \n               jQuery.each(response.header, function(i, item){\n\n                       thead += '<th>'+item+'<\/th>';\n             \n\n                });\n                jQuery('#thead_50').append(thead);\n                \n               \n                   jQuery.each(response.content[0], function(index, row){\n                    let trow = ''\n                       trow += '<tr>';\n                         jQuery.each(response.content, function(i, col){\n                          trow += '<td>'+col[index]+'<\/td>';\n                         });\n                       trow += '<\/tr>'\n                          jQuery('#tbody_50').append(trow);\n                   });\n             \n            },\n            complete: function () {\n               \n            }\n        });\n        \n        jQuery.get({\n            url: \"https:\/\/hub.novalaw.pt\/api\/tuitions\/6%3C*cBtk+EWxFp&Y&\/90\",\n         \n            beforeSend: function () {\n             \n            },\n            success: function (response) {\n                console.log(response)\n                 jQuery('#tuitions-second-90').append('<table><thead id=\"thead_second_90\"style=\" border-bottom: 1px solid #000000\"><\/thead><tbody id=\"tbody_second_90\"><\/tbody><\/table> ');\n                 let thead = ''\n             \n               jQuery.each(response.header, function(i, item){\n\n                       thead += '<th>'+item+'<\/th>';\n             \n\n                });\n                jQuery('#thead_second_90').append(thead);\n                \n               \n                   jQuery.each(response.content[0], function(index, row){\n                    let trow = ''\n                       trow += '<tr>';\n                         jQuery.each(response.content, function(i, col){\n                          trow += '<td>'+col[index]+'<\/td>';\n                         });\n                       trow += '<\/tr>'\n                          jQuery('#tbody_second_90').append(trow);\n                   });\n             \n            },\n            complete: function () {\n               \n            }\n        });\n        \n \/*      jQuery.ajax({\n    url: 'https:\/\/hub.novalaw.pt\/api\/fucs\/6%3C*cBtk+EWxFp&Y&', \n    type: 'GET',\n    success: function(response) {\n        var courses = response; \n\n        $(\"td\").each(function() {\n            var td = $(this);\n            var name = td.text();\n            \n            for (var i = 0; i < courses.length; i++) {\n                if (courses[i].name === name) {\n                    var a = $('<a target=\"_blank\">').css('font-weight', '400').css('color', 'black').attr('href', courses[i].url).text(name + \" \ud83d\udd17\");\n                    td.html(a);\n                    break;\n                }\n            }\n        });\n    }\n});*\/\n    \n<\/script>\n\t\t\t\t<\/div>\n\t\t\t\t<\/div>\n\t\t\t\t<div class=\"elementor-element elementor-element-17833dd elementor-widget elementor-widget-toggle\" data-id=\"17833dd\" data-element_type=\"widget\" data-widget_type=\"toggle.default\">\n\t\t\t\t<div class=\"elementor-widget-container\">\n\t\t\t\t\t<div class=\"elementor-toggle\" role=\"tablist\">\n\t\t\t\t\t\t\t<div class=\"elementor-toggle-item\">\n\t\t\t\t\t<div id=\"elementor-tab-title-2461\" class=\"elementor-tab-title\" data-tab=\"1\" role=\"tab\" aria-controls=\"elementor-tab-content-2461\" aria-expanded=\"false\">\n\t\t\t\t\t\t\t\t\t\t\t\t<a href=\"\" class=\"elementor-toggle-title\">+ 2026\/2027<\/a>\n\t\t\t\t\t<\/div>\n\n\t\t\t\t\t<div id=\"elementor-tab-content-2461\" class=\"elementor-tab-content elementor-clearfix\" data-tab=\"1\" role=\"tabpanel\" aria-labelledby=\"elementor-tab-title-2461\"><div id=\"tuitions-second-90\" class=\"mobile-responsive\">\u00a0<\/div><p><strong>In master\u2019s degrees and doctorates, the tuition fee for part-time students corresponds to 65% of the tuition fee owed by full-time students.<\/strong><\/p><p>*<em>Tuition fees as deliberated by the General Council on 16 December 2025<\/em><br \/>**<em>Applicable only if the course is not terminated inside the established deadline<\/em><\/p><p><u style=\"font-style: inherit; font-weight: inherit; color: var( --e-global-color-text );\"><span style=\"text-decoration: underline;\">Reading of this information does not exempt consultation of the <a href=\"https:\/\/novalaw.unl.pt\/wp-content\/uploads\/2024\/04\/Reg-Propinas-Tx-e-Emol-452_2024.pdf\">Regulation for Tuition Fees<\/a>, and full documentation regarding <a href=\"https:\/\/novalaw.unl.pt\/wp-content\/uploads\/2026\/02\/Despacho-8.2026-Edital-de-Propinas-202627.pdf\">fees<\/a>, <a href=\"https:\/\/novalaw.unl.pt\/wp-content\/uploads\/2026\/02\/tabela-de-emolumentos_fev2026.pdf\">emoluments and taxes<\/a> for the academic year in question.<\/span><\/u><em><br \/><\/em><\/p><p><strong>Tuition fees are annual and due in full upon enrolment in the course. Payment in instalments is allowed for students\u2019 mere convenience.<\/strong><\/p><p>In the case of withdrawal from the course, the amounts already paid are not refundable. The remaining tuition fee payments due for the academic year of the application must also be paid.<\/p><p>Refund of the tuition fee is only possible where the previous course has not been completed by September, and is conditioned by its completion. In this case, the applicant must give proof of the situation through a declaration from the home institution, before the end of September. Amounts other than tuition fees (fees, school insurance and administrative costs) are not refundable.<\/p><p><strong>Payments must be made via Visa, PayPal, MBWay or Multibanco payments, through NetPA.<\/strong> The system validates payments in a few minutes, maximum. Failure to pay tuition fees within the time limits indicated results in an increase in the amount to be settled and\/or the suspension of enrolment and registration, as well as the invalidity of all curricular acts practised in the academic year in which the payment dates are not respected.<\/p><h3>\u00a0<\/h3><h3>Payment by instalments<\/h3><p><strong><br \/>Annual tuition fees for the taught component<\/strong><br \/>The annual tuition fees for the taught component can be paid in 10 instalments<\/p><ul><li><strong>10 instalments:<\/strong> 1st instalment of 20% of the total amount paid at the time of enrolment, and the remaining amount in 9 instalments paid between the 1st and 10th of the months of September to May.<\/li><\/ul><p><strong>Tuition fees of the Research Phase<\/strong><br \/>Tuition fees for the Research phase can be paid in 10 instalments.<\/p><ul><li><strong>10 instalments:<\/strong> 1st instalment of 20% of the total amount paid upon enrolment and the remaining amount in 9 instalments paid between the 1st and 10th of the months of October through June.<\/li><\/ul><p><strong>Tuition fee for an additional Research Phase semester<\/strong><br \/>Additional semester tuition fees for the Research Phase can be paid in 4 instalments.<\/p><ul><li><strong>4 instalments:<\/strong> 25% of the total amount paid at registration, remaining instalments:<ul><li style=\"list-style-type: none;\"><ul><li>\u00a01st semester: between the 1st and 10th (October, November, January);<\/li><li>2nd semester: between the 1st and 10th (March, April, May).<\/li><\/ul><\/li><\/ul><\/li><\/ul><p><strong>Fee for the extension of Deadline of delivery of the Research Phase:<\/strong><br \/>Fees are paid in full at the time of registration.<\/p><h3>\u00a0<\/h3><h3>Merit Awards<\/h3><p>The number of awards is established annually by the NOVA School of Law Board. Merit awards for admission to a Master&#8217;s degree are awarded as follows:<\/p><ul><li>Each selection panel for admission to a 2nd cycle of studies at NOVA School of Law submits a reasoned proposal with the candidates it proposes to award a merit award, taking into account the admission classification for the respective Master&#8217;s programme.<\/li><li>The decision on the awarding of merit awards is made by the Merit Awards Jury. This Jury will set the criteria and evaluate the applications in order to rank them according to merit, with a view to selecting candidates with a previous track record indicative of talent.<\/li><li>The merit award is granted subject to enrolment in the relevant study cycle and consists of a cash amount corresponding to 30% or 50% of the tuition fees that candidates will pay in the academic year of entry to the course, this amount being set by the Merit Award Jury taking into account the candidates&#8217; graduation.<\/li><li>For each Master&#8217;s degree or, in the case of the Master&#8217;s in Law, for each specialisation, at least one merit award of 50% and one merit award of 30% will be awarded.<\/li><\/ul><p>In the research phase of the Master&#8217;s degree, three academic merit awards are awarded each academic year in each cycle of studies, or in each area of specialisation in the case of the Master&#8217;s degree in Law:<\/p><ul><li>The best student in the teaching phase of each cycle of studies or area of specialisation of a cycle of studies who continues and attends the research phase will be awarded a cash prize corresponding to 100% of the tuition fees payable for the research phase of the Master&#8217;s degree, if their average grade is equal to or higher than 18.00 (on a scale of 0\/20).<\/li><li>The second best student in the teaching phase of each study cycle or area of specialisation of a study cycle who continues and attends the research phase, or the two best students, if the first does not achieve an average equal to or higher than 18.00 points, a cash prize corresponding to 60% of the tuition fees payable for the research phase of the Master&#8217;s degree is awarded.<\/li><li>The third best student in the teaching phase of each study cycle or area of specialisation of a study cycle who continues and attends the research phase is awarded a cash prize corresponding to 40% of the tuition fees payable for the research phase of the Master&#8217;s degree.<\/li><\/ul><p>To assess the best grades in the teaching phase, only grades obtained at NOVA School of Law are taken into account.<\/p><p>Only students who complete the teaching phase on time and attend full-time are eligible for academic merit awards.<\/p><p>The merit award for the research phase only covers the time specified in the Regulations for the respective study cycle for the completion of this phase, not including additional semesters.<\/p><h3>\u00a0<\/h3><h3>Scholarships for Access to Study Cycles at NOVA University Lisbon<\/h3><p>The Scholarships for Access to Study Cycles are available to students of the three study cycles, being<strong> students of Universidade NOVA de Lisboa, nationals or stateless persons, foreigners with tax residence in Portugal or with refugee status<\/strong>, who are in <strong>a situation of financial need and who do not benefit from the scholarships awarded by the Directorate-General for Higher Education<\/strong>, or whose value proves to be insufficient.<\/p><p><a href=\"https:\/\/novalaw.unl.pt\/en\/study-in-lisbon\/#scholarshipsNOVA\">Full scholarship details here.<\/a><\/p><h3>\u00a0<\/h3><h3>Jos\u00e9 Neves Foundation Grant<\/h3><p>This course is eligible for the Jos\u00e9 Neves Foundation ISA scholarship programme. Find out more information <a href=\"https:\/\/novalaw.unl.pt\/cursos-da-nova-school-of-law-elegiveis-para-bolsas-da-fundacao-jose-neves-isa-fjn\/\">here<\/a>.<\/p><h3>\u00a0<\/h3><h3>Emoluments\/Charges and Taxes Fees<\/h3><ul><li><strong>Application fee:<\/strong> 51.00\u20ac<\/li><li><strong>Administrative costs per registration\/enrolment (each year):<\/strong> 35.00\u20ac<\/li><li><strong>Institution insurance (each year):<\/strong> 3.00\u20ac<\/li><li><strong>Registration Certificate:<\/strong> 6.00 \u20ac<\/li><li><strong>Improvement grade exam:<\/strong> 15.00 \u20ac\/enrolement<\/li><li><strong>Conclusion Certificate:<\/strong> 50\u20ac<\/li><\/ul><\/div>\n\t\t\t\t<\/div>\n\t\t\t\t\t\t\t\t\t\t<script type=\"application\/ld+json\">{\"@context\":\"https:\\\/\\\/schema.org\",\"@type\":\"FAQPage\",\"mainEntity\":[{\"@type\":\"Question\",\"name\":\"+ 2026\\\/2027\",\"acceptedAnswer\":{\"@type\":\"Answer\",\"text\":\"<div id=\\\"tuitions-second-90\\\" class=\\\"mobile-responsive\\\">\\u00a0<\\\/div><p><strong>In master\\u2019s degrees and doctorates, the tuition fee for part-time students corresponds to 65% of the tuition fee owed by full-time students.<\\\/strong><\\\/p><p>*<em>Tuition fees as deliberated by the General Council on 16 December 2025<\\\/em><br \\\/>**<em>Applicable only if the course is not terminated inside the established deadline<\\\/em><\\\/p><p><u style=\\\"font-style: inherit; font-weight: inherit; color: var( --e-global-color-text );\\\"><span style=\\\"text-decoration: underline;\\\">Reading of this information does not exempt consultation of the <a href=\\\"https:\\\/\\\/novalaw.unl.pt\\\/wp-content\\\/uploads\\\/2024\\\/04\\\/Reg-Propinas-Tx-e-Emol-452_2024.pdf\\\">Regulation for Tuition Fees<\\\/a>, and full documentation regarding <a href=\\\"https:\\\/\\\/novalaw.unl.pt\\\/wp-content\\\/uploads\\\/2026\\\/02\\\/Despacho-8.2026-Edital-de-Propinas-202627.pdf\\\">fees<\\\/a>, <a href=\\\"https:\\\/\\\/novalaw.unl.pt\\\/wp-content\\\/uploads\\\/2026\\\/02\\\/tabela-de-emolumentos_fev2026.pdf\\\">emoluments and taxes<\\\/a> for the academic year in question.<\\\/span><\\\/u><em><br \\\/><\\\/em><\\\/p><p><strong>Tuition fees are annual and due in full upon enrolment in the course. Payment in instalments is allowed for students\\u2019 mere convenience.<\\\/strong><\\\/p><p>In the case of withdrawal from the course, the amounts already paid are not refundable. The remaining tuition fee payments due for the academic year of the application must also be paid.<\\\/p><p>Refund of the tuition fee is only possible where the previous course has not been completed by September, and is conditioned by its completion. In this case, the applicant must give proof of the situation through a declaration from the home institution, before the end of September. Amounts other than tuition fees (fees, school insurance and administrative costs) are not refundable.<\\\/p><p><strong>Payments must be made via Visa, PayPal, MBWay or Multibanco payments, through NetPA.<\\\/strong> The system validates payments in a few minutes, maximum. Failure to pay tuition fees within the time limits indicated results in an increase in the amount to be settled and\\\/or the suspension of enrolment and registration, as well as the invalidity of all curricular acts practised in the academic year in which the payment dates are not respected.<\\\/p><h3>\\u00a0<\\\/h3><h3>Payment by instalments<\\\/h3><p><strong><br \\\/>Annual tuition fees for the taught component<\\\/strong><br \\\/>The annual tuition fees for the taught component can be paid in 10 instalments<\\\/p><ul><li><strong>10 instalments:<\\\/strong> 1st instalment of 20% of the total amount paid at the time of enrolment, and the remaining amount in 9 instalments paid between the 1st and 10th of the months of September to May.<\\\/li><\\\/ul><p><strong>Tuition fees of the Research Phase<\\\/strong><br \\\/>Tuition fees for the Research phase can be paid in 10 instalments.<\\\/p><ul><li><strong>10 instalments:<\\\/strong> 1st instalment of 20% of the total amount paid upon enrolment and the remaining amount in 9 instalments paid between the 1st and 10th of the months of October through June.<\\\/li><\\\/ul><p><strong>Tuition fee for an additional Research Phase semester<\\\/strong><br \\\/>Additional semester tuition fees for the Research Phase can be paid in 4 instalments.<\\\/p><ul><li><strong>4 instalments:<\\\/strong> 25% of the total amount paid at registration, remaining instalments:<ul><li style=\\\"list-style-type: none;\\\"><ul><li>\\u00a01st semester: between the 1st and 10th (October, November, January);<\\\/li><li>2nd semester: between the 1st and 10th (March, April, May).<\\\/li><\\\/ul><\\\/li><\\\/ul><\\\/li><\\\/ul><p><strong>Fee for the extension of Deadline of delivery of the Research Phase:<\\\/strong><br \\\/>Fees are paid in full at the time of registration.<\\\/p><h3>\\u00a0<\\\/h3><h3>Merit Awards<\\\/h3><p>The number of awards is established annually by the NOVA School of Law Board. Merit awards for admission to a Master&#8217;s degree are awarded as follows:<\\\/p><ul><li>Each selection panel for admission to a 2nd cycle of studies at NOVA School of Law submits a reasoned proposal with the candidates it proposes to award a merit award, taking into account the admission classification for the respective Master&#8217;s programme.<\\\/li><li>The decision on the awarding of merit awards is made by the Merit Awards Jury. This Jury will set the criteria and evaluate the applications in order to rank them according to merit, with a view to selecting candidates with a previous track record indicative of talent.<\\\/li><li>The merit award is granted subject to enrolment in the relevant study cycle and consists of a cash amount corresponding to 30% or 50% of the tuition fees that candidates will pay in the academic year of entry to the course, this amount being set by the Merit Award Jury taking into account the candidates&#8217; graduation.<\\\/li><li>For each Master&#8217;s degree or, in the case of the Master&#8217;s in Law, for each specialisation, at least one merit award of 50% and one merit award of 30% will be awarded.<\\\/li><\\\/ul><p>In the research phase of the Master&#8217;s degree, three academic merit awards are awarded each academic year in each cycle of studies, or in each area of specialisation in the case of the Master&#8217;s degree in Law:<\\\/p><ul><li>The best student in the teaching phase of each cycle of studies or area of specialisation of a cycle of studies who continues and attends the research phase will be awarded a cash prize corresponding to 100% of the tuition fees payable for the research phase of the Master&#8217;s degree, if their average grade is equal to or higher than 18.00 (on a scale of 0\\\/20).<\\\/li><li>The second best student in the teaching phase of each study cycle or area of specialisation of a study cycle who continues and attends the research phase, or the two best students, if the first does not achieve an average equal to or higher than 18.00 points, a cash prize corresponding to 60% of the tuition fees payable for the research phase of the Master&#8217;s degree is awarded.<\\\/li><li>The third best student in the teaching phase of each study cycle or area of specialisation of a study cycle who continues and attends the research phase is awarded a cash prize corresponding to 40% of the tuition fees payable for the research phase of the Master&#8217;s degree.<\\\/li><\\\/ul><p>To assess the best grades in the teaching phase, only grades obtained at NOVA School of Law are taken into account.<\\\/p><p>Only students who complete the teaching phase on time and attend full-time are eligible for academic merit awards.<\\\/p><p>The merit award for the research phase only covers the time specified in the Regulations for the respective study cycle for the completion of this phase, not including additional semesters.<\\\/p><h3>\\u00a0<\\\/h3><h3>Scholarships for Access to Study Cycles at NOVA University Lisbon<\\\/h3><p>The Scholarships for Access to Study Cycles are available to students of the three study cycles, being<strong> students of Universidade NOVA de Lisboa, nationals or stateless persons, foreigners with tax residence in Portugal or with refugee status<\\\/strong>, who are in <strong>a situation of financial need and who do not benefit from the scholarships awarded by the Directorate-General for Higher Education<\\\/strong>, or whose value proves to be insufficient.<\\\/p><p><a href=\\\"https:\\\/\\\/novalaw.unl.pt\\\/en\\\/study-in-lisbon\\\/#scholarshipsNOVA\\\">Full scholarship details here.<\\\/a><\\\/p><h3>\\u00a0<\\\/h3><h3>Jos\\u00e9 Neves Foundation Grant<\\\/h3><p>This course is eligible for the Jos\\u00e9 Neves Foundation ISA scholarship programme. Find out more information <a href=\\\"https:\\\/\\\/novalaw.unl.pt\\\/cursos-da-nova-school-of-law-elegiveis-para-bolsas-da-fundacao-jose-neves-isa-fjn\\\/\\\">here<\\\/a>.<\\\/p><h3>\\u00a0<\\\/h3><h3>Emoluments\\\/Charges and Taxes Fees<\\\/h3><ul><li><strong>Application fee:<\\\/strong> 51.00\\u20ac<\\\/li><li><strong>Administrative costs per registration\\\/enrolment (each year):<\\\/strong> 35.00\\u20ac<\\\/li><li><strong>Institution insurance (each year):<\\\/strong> 3.00\\u20ac<\\\/li><li><strong>Registration Certificate:<\\\/strong> 6.00 \\u20ac<\\\/li><li><strong>Improvement grade exam:<\\\/strong> 15.00 \\u20ac\\\/enrolement<\\\/li><li><strong>Conclusion Certificate:<\\\/strong> 50\\u20ac<\\\/li><\\\/ul>\"}}]}<\/script>\n\t\t\t\t\t<\/div>\n\t\t\t\t<\/div>\n\t\t\t\t<\/div>\n\t\t\t\t\t<\/div>\n\t\t<\/div>\n\t\t\t\t\t\t\t<\/div>\n\t\t<\/section>\n\t\t\t\t<div class=\"elementor-element elementor-element-1e8a1ce elementor-widget elementor-widget-toggle\" data-id=\"1e8a1ce\" data-element_type=\"widget\" data-widget_type=\"toggle.default\">\n\t\t\t\t<div class=\"elementor-widget-container\">\n\t\t\t\t\t<div class=\"elementor-toggle\" role=\"tablist\">\n\t\t\t\t\t\t\t<div class=\"elementor-toggle-item\">\n\t\t\t\t\t<div id=\"elementor-tab-title-3201\" class=\"elementor-tab-title\" data-tab=\"1\" role=\"tab\" aria-controls=\"elementor-tab-content-3201\" aria-expanded=\"false\">\n\t\t\t\t\t\t\t\t\t\t\t\t<a href=\"\" class=\"elementor-toggle-title\">+ 2025\/2026<\/a>\n\t\t\t\t\t<\/div>\n\n\t\t\t\t\t<div id=\"elementor-tab-content-3201\" class=\"elementor-tab-content elementor-clearfix\" data-tab=\"1\" role=\"tabpanel\" aria-labelledby=\"elementor-tab-title-3201\"><div id=\"tuitions-second-70\" class=\"mobile-responsive\">\u00a0<\/div><p><strong>In master\u2019s degrees and doctorates, the tuition fee for part-time students corresponds to 65% of the tuition fee owed by full-time students.<\/strong><\/p><p>*<em>Tuition fees as deliberated by the General Council on 14 December 2022<\/em><br \/>**<em>Applicable only if the course is not terminated inside the established deadline<br \/><br \/><\/em><\/p><p><u style=\"font-style: inherit; font-weight: inherit; color: var( --e-global-color-text );\"><span style=\"text-decoration: underline;\">Reading of this information does not exempt consultation of the <a href=\"https:\/\/novalaw.unl.pt\/wp-content\/uploads\/2024\/04\/Reg-Propinas-Tx-e-Emol-452_2024.pdf\">Regulation for Tuition Fees<\/a>, and full documentation regarding <a href=\"https:\/\/novalaw.unl.pt\/wp-content\/uploads\/2025\/03\/Edital-Propinal-2025-26-signed.pdf\">fees<\/a>, <a href=\"https:\/\/novalaw.unl.pt\/wp-content\/uploads\/2023\/04\/Deliberacao_702_2020_atualizacao_tabela_emolumentos.pdf\">emoluments and taxes<\/a> for the academic year in question.<br \/><br \/><\/span><strong style=\"font-size: 16px;\">Tuition fees are annual and due in full upon enrolment in the course. Payment in instalments is allowed for students\u2019 mere convenience.<\/strong><br \/><\/u><\/p><p>In the case of withdrawal from the course, the amounts already paid are not refundable. The remaining tuition fee payments due for the academic year of the application must also be paid.<\/p><p>Refund of the tuition fee is only possible where the previous course has not been completed by September, and is conditioned by its completion. In this case, the applicant must give proof of the situation through a declaration from the home institution, before the end of September. Amounts other than tuition fees (fees, school insurance and administrative costs) are not refundable.<\/p><p><strong>Payments must be made via Visa, PayPal, MBWay or Multibanco payments, through NetPA.<\/strong> The system validates payments in a few minutes, maximum. Failure to pay tuition fees within the time limits indicated results in an increase in the amount to be settled and\/or the suspension of enrolment and registration, as well as the invalidity of all curricular acts practised in the academic year in which the payment dates are not respected.<\/p><h3>\u00a0<\/h3><h3>Payment by instalments<\/h3><p><strong><br \/>Annual tuition fees for the taught component<\/strong><br \/>The annual tuition fees for the taught component can be paid in 10 instalments<\/p><ul><li><strong>10 instalments:<\/strong> 1st instalment of 20% of the total amount paid at the time of enrolment, and the remaining amount in 9 instalments paid between the 1st and 10th of the months of September to May.<\/li><\/ul><p><strong>Tuition fees of the Research Phase<\/strong><br \/>Tuition fees for the Research phase can be paid in 10 instalments.<\/p><ul><li><strong>10 instalments:<\/strong> 1st instalment of 20% of the total amount paid upon enrolment and the remaining amount in 9 instalments paid between the 1st and 10th of the months of October through June.<\/li><\/ul><p><strong>Tuition fee for an additional Research Phase semester<\/strong><br \/>Additional semester tuition fees for the Research Phase can be paid in 4 instalments.<\/p><ul><li><strong>4 instalments:<\/strong> 25% of the total amount paid at registration, remaining instalments:<ul><li style=\"list-style-type: none;\"><ul><li>\u00a01st semester: between the 1st and 10th (October, November, January);<\/li><li>2nd semester: between the 1st and 10th (March, April, May).<\/li><\/ul><\/li><\/ul><\/li><\/ul><p><strong>Fee for the extension of Deadline of delivery of the Research Phase:<\/strong><br \/>Fees are paid in full at the time of registration.<\/p><h3>\u00a0<\/h3><h3>Merit Awards<\/h3><p>The number of awards is established annually by the Board of NOVA School of Law. Merit Awards are awarded to:<\/p><ul><li>Candidates whose final average admission to a 2nd study cycle at NOVA School of Law, according to assessment and ranking by the appropriate jury, is equal to or higher than 17,00 points (on a scale of 0\/20) and who enrol and attend the same course, benefit from amonetary award corresponding to 50% of the due tuition fee for the taught component of the Master\u2019s degree.<\/li><li>Candidates whose final average admission to a 2nd study cycle at NOVA School of Law, according to assessment and ranking by the appropriate jury, is equal to or higher than 16,00 points and lower than 17 (on a scale of 0\/20) and who enrol and attend the same course, benefit from a monetary award corresponding to 30% of the due tuition fee for the taught component of the Master\u2019s degree.<\/li><\/ul><p>In the Research Phase , three prizes for academic merit are awarded (by master\u2019s degree or area of specialization, in the case of the Master\u2019s Degree in Law). These awards assume the completion of the taught component within the stipulated time.<\/p><ul><li>The best student of the taught component of each study cycle or specialization area of a study cycle who continues and attends the Research Phase benefits from a monetary award corresponding to 100% of the tuition fee due for the Research Phase phase of the Master\u2019s degree;<\/li><li>The second-best student of the taught component of each study cycle or specialization area of a study cycle who continues and attends the Research Phase benefits from a monetary award corresponding to 60% of the tuition fee due for the Research Phase phase of the Master\u2019s degree;<\/li><li>The third-best student of the taught component of each study cycle or specialization area of a study cycle who continues and attends the Research Phase of the Master\u2019s degree benefits from a monetary award corresponding to 40% of the tuition fee due for the Research Phase phase of the Master\u2019s degree.<\/li><\/ul><p>Co-funded by the Recovery and Resilience Plan \u2013 Programme C06-i03.03 and the European Union<\/p><p><img loading=\"lazy\" decoding=\"async\" class=\"alignnone wp-image-110565 size-full\" src=\"https:\/\/novalaw.unl.pt\/wp-content\/uploads\/2026\/03\/Barra_Logos.jpg\" alt=\"\" width=\"886\" height=\"106\" srcset=\"https:\/\/novalaw.unl.pt\/wp-content\/uploads\/2026\/03\/Barra_Logos.jpg 886w, https:\/\/novalaw.unl.pt\/wp-content\/uploads\/2026\/03\/Barra_Logos-300x36.jpg 300w, https:\/\/novalaw.unl.pt\/wp-content\/uploads\/2026\/03\/Barra_Logos-768x92.jpg 768w\" sizes=\"auto, (max-width: 886px) 100vw, 886px\" \/><\/p><h3>\u00a0<\/h3><h3>Scholarships for Access to Study Cycles at NOVA University Lisbon<\/h3><p>The Scholarships for Access to Study Cycles are available to students of the three study cycles, being<strong> students of Universidade NOVA de Lisboa, nationals or stateless persons, foreigners with tax residence in Portugal or with refugee status<\/strong>, who are in <strong>a situation of financial need and who do not benefit from the scholarships awarded by the Directorate-General for Higher Education<\/strong>, or whose value proves to be insufficient.<\/p><p><a href=\"https:\/\/novalaw.unl.pt\/en\/study-in-lisbon\/#scholarshipsNOVA\">Full scholarship details here.<\/a><\/p><h3>\u00a0<\/h3><h3>Jos\u00e9 Neves Foundation Grant<\/h3><p>This course is eligible for the Jos\u00e9 Neves Foundation ISA scholarship programme. Find out more information <a href=\"https:\/\/novalaw.unl.pt\/cursos-da-nova-school-of-law-elegiveis-para-bolsas-da-fundacao-jose-neves-isa-fjn\/\">here<\/a>.<\/p><h3>\u00a0<\/h3><h3>Emoluments\/Charges and Taxes Fees<\/h3><ul><li><strong>Application fee:<\/strong> 51.00\u20ac<\/li><li><strong>Administrative costs per registration\/enrolment (each year):<\/strong> 35.00\u20ac<\/li><li><strong>Institution insurance (each year):<\/strong> 3.00\u20ac<\/li><li><strong>Registration Certificate:<\/strong> 6.00 \u20ac<\/li><li><strong>Improvement grade exam:<\/strong> 15.00 \u20ac\/enrolement<\/li><li><strong>Conclusion Certificate:<\/strong> 50\u20ac<\/li><\/ul><\/div>\n\t\t\t\t<\/div>\n\t\t\t\t\t\t\t\t\t\t<script type=\"application\/ld+json\">{\"@context\":\"https:\\\/\\\/schema.org\",\"@type\":\"FAQPage\",\"mainEntity\":[{\"@type\":\"Question\",\"name\":\"+ 2025\\\/2026\",\"acceptedAnswer\":{\"@type\":\"Answer\",\"text\":\"<div id=\\\"tuitions-second-70\\\" class=\\\"mobile-responsive\\\">\\u00a0<\\\/div><p><strong>In master\\u2019s degrees and doctorates, the tuition fee for part-time students corresponds to 65% of the tuition fee owed by full-time students.<\\\/strong><\\\/p><p>*<em>Tuition fees as deliberated by the General Council on 14 December 2022<\\\/em><br \\\/>**<em>Applicable only if the course is not terminated inside the established deadline<br \\\/><br \\\/><\\\/em><\\\/p><p><u style=\\\"font-style: inherit; font-weight: inherit; color: var( --e-global-color-text );\\\"><span style=\\\"text-decoration: underline;\\\">Reading of this information does not exempt consultation of the <a href=\\\"https:\\\/\\\/novalaw.unl.pt\\\/wp-content\\\/uploads\\\/2024\\\/04\\\/Reg-Propinas-Tx-e-Emol-452_2024.pdf\\\">Regulation for Tuition Fees<\\\/a>, and full documentation regarding <a href=\\\"https:\\\/\\\/novalaw.unl.pt\\\/wp-content\\\/uploads\\\/2025\\\/03\\\/Edital-Propinal-2025-26-signed.pdf\\\">fees<\\\/a>, <a href=\\\"https:\\\/\\\/novalaw.unl.pt\\\/wp-content\\\/uploads\\\/2023\\\/04\\\/Deliberacao_702_2020_atualizacao_tabela_emolumentos.pdf\\\">emoluments and taxes<\\\/a> for the academic year in question.<br \\\/><br \\\/><\\\/span><strong style=\\\"font-size: 16px;\\\">Tuition fees are annual and due in full upon enrolment in the course. Payment in instalments is allowed for students\\u2019 mere convenience.<\\\/strong><br \\\/><\\\/u><\\\/p><p>In the case of withdrawal from the course, the amounts already paid are not refundable. The remaining tuition fee payments due for the academic year of the application must also be paid.<\\\/p><p>Refund of the tuition fee is only possible where the previous course has not been completed by September, and is conditioned by its completion. In this case, the applicant must give proof of the situation through a declaration from the home institution, before the end of September. Amounts other than tuition fees (fees, school insurance and administrative costs) are not refundable.<\\\/p><p><strong>Payments must be made via Visa, PayPal, MBWay or Multibanco payments, through NetPA.<\\\/strong> The system validates payments in a few minutes, maximum. Failure to pay tuition fees within the time limits indicated results in an increase in the amount to be settled and\\\/or the suspension of enrolment and registration, as well as the invalidity of all curricular acts practised in the academic year in which the payment dates are not respected.<\\\/p><h3>\\u00a0<\\\/h3><h3>Payment by instalments<\\\/h3><p><strong><br \\\/>Annual tuition fees for the taught component<\\\/strong><br \\\/>The annual tuition fees for the taught component can be paid in 10 instalments<\\\/p><ul><li><strong>10 instalments:<\\\/strong> 1st instalment of 20% of the total amount paid at the time of enrolment, and the remaining amount in 9 instalments paid between the 1st and 10th of the months of September to May.<\\\/li><\\\/ul><p><strong>Tuition fees of the Research Phase<\\\/strong><br \\\/>Tuition fees for the Research phase can be paid in 10 instalments.<\\\/p><ul><li><strong>10 instalments:<\\\/strong> 1st instalment of 20% of the total amount paid upon enrolment and the remaining amount in 9 instalments paid between the 1st and 10th of the months of October through June.<\\\/li><\\\/ul><p><strong>Tuition fee for an additional Research Phase semester<\\\/strong><br \\\/>Additional semester tuition fees for the Research Phase can be paid in 4 instalments.<\\\/p><ul><li><strong>4 instalments:<\\\/strong> 25% of the total amount paid at registration, remaining instalments:<ul><li style=\\\"list-style-type: none;\\\"><ul><li>\\u00a01st semester: between the 1st and 10th (October, November, January);<\\\/li><li>2nd semester: between the 1st and 10th (March, April, May).<\\\/li><\\\/ul><\\\/li><\\\/ul><\\\/li><\\\/ul><p><strong>Fee for the extension of Deadline of delivery of the Research Phase:<\\\/strong><br \\\/>Fees are paid in full at the time of registration.<\\\/p><h3>\\u00a0<\\\/h3><h3>Merit Awards<\\\/h3><p>The number of awards is established annually by the Board of NOVA School of Law. Merit Awards are awarded to:<\\\/p><ul><li>Candidates whose final average admission to a 2nd study cycle at NOVA School of Law, according to assessment and ranking by the appropriate jury, is equal to or higher than 17,00 points (on a scale of 0\\\/20) and who enrol and attend the same course, benefit from amonetary award corresponding to 50% of the due tuition fee for the taught component of the Master\\u2019s degree.<\\\/li><li>Candidates whose final average admission to a 2nd study cycle at NOVA School of Law, according to assessment and ranking by the appropriate jury, is equal to or higher than 16,00 points and lower than 17 (on a scale of 0\\\/20) and who enrol and attend the same course, benefit from a monetary award corresponding to 30% of the due tuition fee for the taught component of the Master\\u2019s degree.<\\\/li><\\\/ul><p>In the Research Phase , three prizes for academic merit are awarded (by master\\u2019s degree or area of specialization, in the case of the Master\\u2019s Degree in Law). These awards assume the completion of the taught component within the stipulated time.<\\\/p><ul><li>The best student of the taught component of each study cycle or specialization area of a study cycle who continues and attends the Research Phase benefits from a monetary award corresponding to 100% of the tuition fee due for the Research Phase phase of the Master\\u2019s degree;<\\\/li><li>The second-best student of the taught component of each study cycle or specialization area of a study cycle who continues and attends the Research Phase benefits from a monetary award corresponding to 60% of the tuition fee due for the Research Phase phase of the Master\\u2019s degree;<\\\/li><li>The third-best student of the taught component of each study cycle or specialization area of a study cycle who continues and attends the Research Phase of the Master\\u2019s degree benefits from a monetary award corresponding to 40% of the tuition fee due for the Research Phase phase of the Master\\u2019s degree.<\\\/li><\\\/ul><p>Co-funded by the Recovery and Resilience Plan \\u2013 Programme C06-i03.03 and the European Union<\\\/p><p><img class=\\\"alignnone wp-image-110565 size-full\\\" src=\\\"https:\\\/\\\/novalaw.unl.pt\\\/wp-content\\\/uploads\\\/2026\\\/03\\\/Barra_Logos.jpg\\\" alt=\\\"\\\" width=\\\"886\\\" height=\\\"106\\\" \\\/><\\\/p><h3>\\u00a0<\\\/h3><h3>Scholarships for Access to Study Cycles at NOVA University Lisbon<\\\/h3><p>The Scholarships for Access to Study Cycles are available to students of the three study cycles, being<strong> students of Universidade NOVA de Lisboa, nationals or stateless persons, foreigners with tax residence in Portugal or with refugee status<\\\/strong>, who are in <strong>a situation of financial need and who do not benefit from the scholarships awarded by the Directorate-General for Higher Education<\\\/strong>, or whose value proves to be insufficient.<\\\/p><p><a href=\\\"https:\\\/\\\/novalaw.unl.pt\\\/en\\\/study-in-lisbon\\\/#scholarshipsNOVA\\\">Full scholarship details here.<\\\/a><\\\/p><h3>\\u00a0<\\\/h3><h3>Jos\\u00e9 Neves Foundation Grant<\\\/h3><p>This course is eligible for the Jos\\u00e9 Neves Foundation ISA scholarship programme. Find out more information <a href=\\\"https:\\\/\\\/novalaw.unl.pt\\\/cursos-da-nova-school-of-law-elegiveis-para-bolsas-da-fundacao-jose-neves-isa-fjn\\\/\\\">here<\\\/a>.<\\\/p><h3>\\u00a0<\\\/h3><h3>Emoluments\\\/Charges and Taxes Fees<\\\/h3><ul><li><strong>Application fee:<\\\/strong> 51.00\\u20ac<\\\/li><li><strong>Administrative costs per registration\\\/enrolment (each year):<\\\/strong> 35.00\\u20ac<\\\/li><li><strong>Institution insurance (each year):<\\\/strong> 3.00\\u20ac<\\\/li><li><strong>Registration Certificate:<\\\/strong> 6.00 \\u20ac<\\\/li><li><strong>Improvement grade exam:<\\\/strong> 15.00 \\u20ac\\\/enrolement<\\\/li><li><strong>Conclusion Certificate:<\\\/strong> 50\\u20ac<\\\/li><\\\/ul>\"}}]}<\/script>\n\t\t\t\t\t<\/div>\n\t\t\t\t<\/div>\n\t\t\t\t<\/div>\n\t\t\t\t<div class=\"elementor-element elementor-element-07ab9b2 elementor-widget elementor-widget-menu-anchor\" data-id=\"07ab9b2\" data-element_type=\"widget\" data-widget_type=\"menu-anchor.default\">\n\t\t\t\t<div class=\"elementor-widget-container\">\n\t\t\t\t\t<div id=\"candidaturas-section\" class=\"elementor-menu-anchor\"><\/div>\n\t\t\t\t<\/div>\n\t\t\t\t<\/div>\n\t\t\t\t<div class=\"elementor-element elementor-element-57985b5 elementor-widget elementor-widget-heading\" data-id=\"57985b5\" data-element_type=\"widget\" data-widget_type=\"heading.default\">\n\t\t\t\t<div class=\"elementor-widget-container\">\n\t\t\t<h2 class=\"elementor-heading-title elementor-size-default\">Applications <\/h2>\t\t<\/div>\n\t\t\t\t<\/div>\n\t\t\t\t<section class=\"elementor-section elementor-inner-section elementor-element elementor-element-3c810ec elementor-section-boxed elementor-section-height-default elementor-section-height-default\" data-id=\"3c810ec\" data-element_type=\"section\">\n\t\t\t\t\t\t<div class=\"elementor-container elementor-column-gap-default\">\n\t\t\t\t\t<div class=\"elementor-column elementor-col-100 elementor-inner-column elementor-element elementor-element-6c294c4\" data-id=\"6c294c4\" data-element_type=\"column\" data-settings=\"{&quot;animation&quot;:&quot;none&quot;,&quot;background_background&quot;:&quot;classic&quot;}\">\n\t\t\t<div class=\"elementor-widget-wrap elementor-element-populated\">\n\t\t\t\t\t\t\t\t<div class=\"elementor-element elementor-element-65bc847 elementor-widget elementor-widget-text-editor\" data-id=\"65bc847\" data-element_type=\"widget\" data-widget_type=\"text-editor.default\">\n\t\t\t\t<div class=\"elementor-widget-container\">\n\t\t\t\t\t\t\t<h5>Important Notice to All Prospective Students<br \/><br \/><\/h5><h6>NOVA School of Law wishes to inform all prospective students that we do not employ or authorize any representatives, agents, or intermediaries for admissions, application processing, or fee payments.<br \/><strong>Our only partner is <a href=\"https:\/\/www.keg.com\/studyprograms\" target=\"_blank\" rel=\"noopener\">Keystone<\/a>, but exclusively as a provider of information to prospective students. All applications, registrations, and payments must be handled directly by the candidate with the School&#8217;s Applications and Academic Services.<\/strong><br \/>Please be aware of potential scams, especially those targeting international students, where third parties claim to facilitate the admissions and VISA process for a fee. These claims are false and unauthorized.<br \/>All applications are received through our <a href=\"https:\/\/netpa.novalaw.unl.pt\/cssnet\/\">official portal<\/a>, and assessed according to their merit, taking into account the selection criteria defined by the scientific committees.<br \/><strong>For your safety and to ensure a legitimate application process, always communicate directly with the School&#8217;s Applications and Academic Services through our official contact channels, by <a href=\"mailto:admissions@novalaw.unl.pt\">e-mail<\/a> or telephone (+351 21 384 74 00).<\/strong><br \/>We do not accept any liability for losses incurred due to interactions with unauthorized third parties.<br \/>Thank you for your attention and cooperation<\/h6>\t\t\t\t\t\t<\/div>\n\t\t\t\t<\/div>\n\t\t\t\t\t<\/div>\n\t\t<\/div>\n\t\t\t\t\t\t\t<\/div>\n\t\t<\/section>\n\t\t\t\t<div class=\"elementor-element elementor-element-e6e39ab first-curricular elementor-widget elementor-widget-heading\" data-id=\"e6e39ab\" data-element_type=\"widget\" data-widget_type=\"heading.default\">\n\t\t\t\t<div class=\"elementor-widget-container\">\n\t\t\t<h3 class=\"elementor-heading-title elementor-size-default\">2026\/2027<\/h3>\t\t<\/div>\n\t\t\t\t<\/div>\n\t\t\t\t<div class=\"elementor-element elementor-element-72c71e8 elementor-widget elementor-widget-ekit_wb_28992\" data-id=\"72c71e8\" data-element_type=\"widget\" data-widget_type=\"ekit_wb_28992.default\">\n\t\t\t\t<div class=\"elementor-widget-container\">\n\t\t\t<h3 class=\"normal-titleh3 preto regular-text\">General course information<\/h3>\n\t\t\t\t<\/div>\n\t\t\t\t<\/div>\n\t\t\t\t<div class=\"elementor-element elementor-element-c3c10d8 elementor-widget elementor-widget-text-editor\" data-id=\"c3c10d8\" data-element_type=\"widget\" data-widget_type=\"text-editor.default\">\n\t\t\t\t<div class=\"elementor-widget-container\">\n\t\t\t\t\t\t\t<ul><li><strong>Duration:<\/strong> 4 semesters<\/li><li><strong>Number of ECTS:<\/strong> 120<\/li><li><strong>Number of places:<\/strong> 120 in the Master&#8217;s in Law &#8211; The places will be distributed by the jury between the various areas of specialisation (International and European Law, Public Regulation Law and Social and Innovation Law), according to the number of applications submitted for each of them.<\/li><li><strong>Teaching language:<\/strong> English <\/li><\/ul>\t\t\t\t\t\t<\/div>\n\t\t\t\t<\/div>\n\t\t\t\t<div class=\"elementor-element elementor-element-0a602ad elementor-widget elementor-widget-text-editor\" data-id=\"0a602ad\" data-element_type=\"widget\" data-widget_type=\"text-editor.default\">\n\t\t\t\t<div class=\"elementor-widget-container\">\n\t\t\t\t\t\t\t<h4>1st Phase of Applications:<\/h4><ul><li><strong>Submission of applications:\u00a0<\/strong>From 2 to 27 February 2026<\/li><li><strong>Publication of the list of allocated places:<\/strong> By 1 April 2026<\/li><li><strong>Appeals regarding placements: <\/strong>From 1 to 8 April 2026<\/li><li><strong>Enrolment:<\/strong> From 20 to 27 April 2026<\/li><li><strong>Enrolment in subjects:<\/strong> From 14 to 24 July 2026<\/li><\/ul>\t\t\t\t\t\t<\/div>\n\t\t\t\t<\/div>\n\t\t\t\t<div class=\"elementor-element elementor-element-479bf06 elementor-widget elementor-widget-ekit_wb_28992\" data-id=\"479bf06\" data-element_type=\"widget\" data-widget_type=\"ekit_wb_28992.default\">\n\t\t\t\t<div class=\"elementor-widget-container\">\n\t\t\t<h3 class=\"normal-titleh3 preto regular-text\">Admission requirements<\/h3>\n\t\t\t\t<\/div>\n\t\t\t\t<\/div>\n\t\t\t\t<div class=\"elementor-element elementor-element-65a1f79 elementor-widget elementor-widget-text-editor\" data-id=\"65a1f79\" data-element_type=\"widget\" data-widget_type=\"text-editor.default\">\n\t\t\t\t<div class=\"elementor-widget-container\">\n\t\t\t\t\t\t\t<p><strong>Applications will be accepted from:<\/strong><\/p><ul><li>Holders of a bachelor&#8217;s degree certificate from a higher education institution in countries that subscribe to the Bologna Declaration and others considered to be similar, taking into account the respective curricular structure, with mention of the final average.*<\/li><li>Holders of a foreign higher academic degree that is recognised as satisfying the objectives of the degree of licenciado by the competent scientific body of NOVA School of Law, with a mention of the final average.*<\/li><\/ul><p><strong>For bachelor degree finalists:<\/strong><\/p><ul><li>Conditional applications are accepted from students who can demonstrate that they are in their final year of their course. If accepted in the programme, they must submit a certificate of completion by 15 October 2026.<\/li><\/ul><p>Applicants who are required to complete their degree must present:<\/p><ul><li>A formal statement from the educational institution where they are enrolled, showing all subjects they have completed, their final grade and their current average grade. This document must also state the expected date for the completion of the program. Without this official document from the institution of origin, signed and stamped, the final grade awarded will be of 10\/20 points. Print screens from academic portals are not accepted.<\/li><\/ul><p><span style=\"text-decoration: underline;\">For the purposes of evaluation by the jury, students from NOVA School of Law must attach the free of charge document \u2018Mapa de Notas e M\u00e9dia\u2019 taken from their NetPA<\/span>. The grade point average indicated in the document will be used for the calculation in the application.<\/p><p>Current finalist averages will be granted to the closest whole number to their current grade.<\/p><p>*<em>Failure to prove the final classification of the Academic Degree in the terms mentioned above will result in the final classification of 10 points being awarded for the purposes of the application process<\/em><\/p>\t\t\t\t\t\t<\/div>\n\t\t\t\t<\/div>\n\t\t\t\t<div class=\"elementor-element elementor-element-034f32d elementor-widget elementor-widget-ekit_wb_28992\" data-id=\"034f32d\" data-element_type=\"widget\" data-widget_type=\"ekit_wb_28992.default\">\n\t\t\t\t<div class=\"elementor-widget-container\">\n\t\t\t<h3 class=\"normal-titleh3 preto regular-text\">Selection and Ranking Criteria<\/h3>\n\t\t\t\t<\/div>\n\t\t\t\t<\/div>\n\t\t\t\t<div class=\"elementor-element elementor-element-fb7ff7e elementor-widget elementor-widget-text-editor\" data-id=\"fb7ff7e\" data-element_type=\"widget\" data-widget_type=\"text-editor.default\">\n\t\t\t\t<div class=\"elementor-widget-container\">\n\t\t\t\t\t\t\t<p>Applications are ranked according to the score obtained in the selection process, based on individual merit. The following criteria are taken into account:<\/p><ul><li>Final grade in the degree course you are applying for (50%);<\/li><li>Relevance and suitability of previous experience for the master\u2019s course (50%) \u2013 the jury will give each candidate a score on a scale of 0 to 20, based on an analysis of the letter of motivation and curriculum vitae, and the members of the jury may decide to hold interviews with all or some of the candidates. These interviews can be held online, and each candidate who is selected for interview will receive notification to this effect via the email address used for the application<\/li><\/ul><p>Candidates assessed with a mark lower than 9.5 will be automatically excluded.<\/p>\t\t\t\t\t\t<\/div>\n\t\t\t\t<\/div>\n\t\t\t\t<div class=\"elementor-element elementor-element-fc92ab3 elementor-widget elementor-widget-ekit_wb_28992\" data-id=\"fc92ab3\" data-element_type=\"widget\" data-widget_type=\"ekit_wb_28992.default\">\n\t\t\t\t<div class=\"elementor-widget-container\">\n\t\t\t<h3 class=\"normal-titleh3 preto regular-text\">Linguistic admissibility criteria<\/h3>\n\t\t\t\t<\/div>\n\t\t\t\t<\/div>\n\t\t\t\t<div class=\"elementor-element elementor-element-4e51c04 elementor-widget elementor-widget-text-editor\" data-id=\"4e51c04\" data-element_type=\"widget\" data-widget_type=\"text-editor.default\">\n\t\t\t\t<div class=\"elementor-widget-container\">\n\t\t\t\t\t\t\t<p>Proficiency in English, as evidenced by:<\/p><ul><li>Language certificate, at least B2 level (examples of accepted certificates: Cambridge ESOL FCE, CAE, CPE, LINGUASKILL; IELTS: above level 6; TOEFL iBT above 87; TOEIC: above 880; BULATS: above 75);<\/li><li>or a Final Assessment Certificate from the 11th grade Portuguese National Examination in English (550) with a minimum mark of 10 (100);<\/li><li>or equivalent documentation that must be presented at the time of application (the documentation will be validated by the Scientific Committee).<\/li><\/ul><p><span style=\"text-decoration: underline;\">Students who have graduated from NOVA School of Law do not need to attach any documents, as proficiency in English is a requirement for graduation.<\/span><\/p><p>Students who have completed their secondary education at an English-speaking secondary school or who have other academic qualifications in English need only present a certificate proving that they have completed an education programme entirely in English (e.g. transcripts of records).<\/p>\t\t\t\t\t\t<\/div>\n\t\t\t\t<\/div>\n\t\t\t\t<div class=\"elementor-element elementor-element-d54e1a7 elementor-widget elementor-widget-ekit_wb_28992\" data-id=\"d54e1a7\" data-element_type=\"widget\" data-widget_type=\"ekit_wb_28992.default\">\n\t\t\t\t<div class=\"elementor-widget-container\">\n\t\t\t<h3 class=\"normal-titleh3 preto regular-text\">Application process<\/h3>\n\t\t\t\t<\/div>\n\t\t\t\t<\/div>\n\t\t\t\t<div class=\"elementor-element elementor-element-f37819d elementor-widget elementor-widget-text-editor\" data-id=\"f37819d\" data-element_type=\"widget\" data-widget_type=\"text-editor.default\">\n\t\t\t\t<div class=\"elementor-widget-container\">\n\t\t\t\t\t\t\t<h4>Submission of applications:<\/h4><p><a href=\"https:\/\/netpa.novalaw.unl.pt\/cssnet\/page\" target=\"_blank\" rel=\"noopener\">https:\/\/netpa.novalaw.unl.pt\/cssnet\/page<\/a><\/p>\t\t\t\t\t\t<\/div>\n\t\t\t\t<\/div>\n\t\t\t\t<div class=\"elementor-element elementor-element-c6e4874 elementor-widget elementor-widget-text-editor\" data-id=\"c6e4874\" data-element_type=\"widget\" data-widget_type=\"text-editor.default\">\n\t\t\t\t<div class=\"elementor-widget-container\">\n\t\t\t\t\t\t\t<h4>The application must be accompanied by the following elements:<\/h4><ul><li>Motivation letter;<\/li><li><em>Curriculum vitae<\/em> (European model);<\/li><li>Copy of the certificate of completion of the course(s); candidates with foreign qualifications must send transcripts showing the coefficient of performance or a statement with the final average of the degree, as well as the grading scale used in the country of origin of the course. Diplomas that are not presented in Portuguese, English, French or Spanish must be accompanied by a translation certified by the relevant authorities (the grade will be converted to the Portuguese scale in accordance with <a href=\"https:\/\/www.dges.gov.pt\/en\/pagina\/conversion-final-classification-portuguese-scale\" target=\"_blank\" rel=\"noopener\">DGES criteria<\/a>, rounded up to the nearest whole number);<\/li><li>Document proving proficiency in English, as mentioned above (Linguistic admissibility criteria);<\/li><li>Proof of Tax ID Number, where applicable;<\/li><li>Proof of ID;<\/li><li>In the case of an International Student *, a declaration, sworn on honour, in which the candidate declares that he\/she does not have Portuguese nationality, nor is covered by any of the exceptions in Article 2(2) of Regulation no. 687\/2020, of 20 August, which, under the terms of Decree-Law no. 36\/2014, of 10 March, excludes him\/her from the status of International Student &#8211; <a href=\"https:\/\/novalaw.unl.pt\/wp-content\/uploads\/2023\/02\/Declaracao-de-honra_Declaration-of-honour_International-Student_EEI23.docx\" target=\"_blank\" rel=\"noopener\">model Declaration of honour | International Student<\/a>;<\/li><li>For applications for the national student scheme whose applicants present an identification document with a nationality other than Portuguese or EU, a declaration on honour that the applicant has Portuguese nationality or is covered by one of the exceptions in Article 2(2) of Regulation no. 687\/2020 of 20 August, which, under the terms of Decree-Law no. 36\/2014 of 10 March, excludes him\/her from International Student status &#8211; <a href=\"https:\/\/novalaw.unl.pt\/wp-content\/uploads\/2023\/02\/Declaracao-de-honra_Declaration-of-honour_National-or-Equivalent_Nat23.docx\" target=\"_blank\" rel=\"noopener\">model Declaration of Honour<\/a>;<\/li><li>Applicants who are required to complete their degree must send a statement from the educational institution where they are currently enrolled, showing all subjects they have completed, their final grade and their current average grade. This document must also state the expected date of completion of the study program and, for candidates undertaking training outside Portugal, the grading scale used in the country of origin of the study program must be provided. Without this official document from the institution of origin, signed and stamped, the degree mark awarded will be 10\/20 points. <span style=\"text-decoration: underline;\">Print screens from academic portals are not accepted.<\/span><\/li><li>For the purposes of evaluation by the jury, students from NOVA School of Law must attach the free of charge document \u2018Mapa de Notas e M\u00e9dia\u2019 taken from their NetPA. The grade point average indicated in the document will be used for the calculation in the application.<\/li><li>After submitting the application, candidates must pay the fee according to the designated references (\u20ac51, which can be paid via Multibanco, MB way, Paypal or Visa). The application will only be sent for assessment once payment has been made.<\/li><\/ul><p><span style=\"text-decoration: underline;\">Applications that are not accompanied by all the documents, or for which the application fee has not been paid, will be rejected outright.<\/span><\/p><p>* <em>For the purposes of the provisions of Decree-Law no. 36\/2014, of 10 March, amended by Decree-Law no. 113\/2014, of 16 July and republished under the terms of Decree-Law no. 62\/2018, of 6 August, an international student will be those who meet the conditions described at <a href=\"https:\/\/novalaw.unl.pt\/en\/international-candidates\/\" target=\"_blank\" rel=\"noopener\">https:\/\/novalaw.unl.pt\/en\/international-candidates\/<\/a><\/em><\/p>\t\t\t\t\t\t<\/div>\n\t\t\t\t<\/div>\n\t\t\t\t<div class=\"elementor-element elementor-element-3149c25 elementor-widget elementor-widget-text-editor\" data-id=\"3149c25\" data-element_type=\"widget\" data-widget_type=\"text-editor.default\">\n\t\t\t\t<div class=\"elementor-widget-container\">\n\t\t\t\t\t\t\t<h4>Optional documents<\/h4><p>Candidates may submit a request for accreditation of academic training and professional experience obtained prior to entering the study cycle. Accreditation processes take into account the level of credits corresponding to previous training, and under no circumstances will accreditation be allowed for further studies in a study cycle for training undertaken as part of a study cycle at a lower level of qualification. For the purposes of accreditation, the candidate <a href=\"https:\/\/novalaw.unl.pt\/wp-content\/uploads\/2022\/04\/Requerimento_Creditacao.docx\" target=\"_blank\" rel=\"noopener\">must fill in a specific form and attach all the relevant documentation<\/a>. When the request for accreditation is made at the time of application, accreditation is not a sufficient condition for admission to the study cycle and only takes effect after admission and only in that same study cycle.<\/p>\t\t\t\t\t\t<\/div>\n\t\t\t\t<\/div>\n\t\t\t\t<div class=\"elementor-element elementor-element-0602308 elementor-widget elementor-widget-text-editor\" data-id=\"0602308\" data-element_type=\"widget\" data-widget_type=\"text-editor.default\">\n\t\t\t\t<div class=\"elementor-widget-container\">\n\t\t\t\t\t\t\t<h4>Important information about documentation<\/h4><p>Whenever the above-mentioned documents are issued in a language other than Spanish, French, English or Portuguese, you must provide a translation of them, accordingly. The translations must be duly certified by relevant authorities. Otherwise, the applications will be rejected.<\/p><p>If there are any inquiries about the documents presented, particularly in the case of documents obtained abroad, recognition may be requested by the local Portuguese consular agent and\/or legalised by the Apostille system under the terms of the Convention on the Abolition of the Requirement of Legalisation for Foreign Public Acts (better known as the Hague Convention), signed in The Hague on 5 October 1961, with the exception of documents issued by Higher Education Institutions in European Union countries.<\/p><p><strong>Deadline for the submission of the course completion certificate, according to the point<\/strong> &#8220;Copy of the course completion certificate(s)&#8221; for successful candidates: : 15 October 2026.<\/p>\t\t\t\t\t\t<\/div>\n\t\t\t\t<\/div>\n\t\t\t\t<div class=\"elementor-element elementor-element-5353a20 elementor-hidden-desktop elementor-hidden-laptop elementor-hidden-tablet elementor-hidden-mobile elementor-widget elementor-widget-text-editor\" data-id=\"5353a20\" data-element_type=\"widget\" data-widget_type=\"text-editor.default\">\n\t\t\t\t<div class=\"elementor-widget-container\">\n\t\t\t\t\t\t\t<h4>Deadlines 1st phase<br \/><br \/><\/h4><ul><li><strong>Applications:<\/strong>\u00a0From 2 to 27 February 2026<\/li><\/ul>\t\t\t\t\t\t<\/div>\n\t\t\t\t<\/div>\n\t\t\t\t<div class=\"elementor-element elementor-element-9165ce1 elementor-widget elementor-widget-ekit_wb_28992\" data-id=\"9165ce1\" data-element_type=\"widget\" data-widget_type=\"ekit_wb_28992.default\">\n\t\t\t\t<div class=\"elementor-widget-container\">\n\t\t\t<h3 class=\"normal-titleh3 preto regular-text\">Application fees<\/h3>\n\t\t\t\t<\/div>\n\t\t\t\t<\/div>\n\t\t\t\t<div class=\"elementor-element elementor-element-ba0226c elementor-widget elementor-widget-text-editor\" data-id=\"ba0226c\" data-element_type=\"widget\" data-widget_type=\"text-editor.default\">\n\t\t\t\t<div class=\"elementor-widget-container\">\n\t\t\t\t\t\t\t<p>The application fee is \u20ac51 (fifty-one euros) and <span style=\"text-decoration: underline;\">will not be refunded<\/span> if the application is rejected or not selected. This information does not dispense with consulting the 2026\/27 tuition fees notice, available on the NOVA School of Law website, as well as the NOVA fees table applicable for the current academic year.<\/p><p>For more information on tuition fees candidates should consult the <a href=\"https:\/\/novalaw.unl.pt\/wp-content\/uploads\/2024\/04\/Reg-Propinas-Tx-e-Emol-452_2024.pdf\" target=\"_blank\" rel=\"noopener\">NOVA School of Law&#8217;s Regulations on Tuition Fees, Fees and Emoluments<\/a>.<\/p>\t\t\t\t\t\t<\/div>\n\t\t\t\t<\/div>\n\t\t\t\t<div class=\"elementor-element elementor-element-a879a47 elementor-widget elementor-widget-text-editor\" data-id=\"a879a47\" data-element_type=\"widget\" data-widget_type=\"text-editor.default\">\n\t\t\t\t<div class=\"elementor-widget-container\">\n\t\t\t\t\t\t\t<p>Applications through the\u00a0<a href=\"https:\/\/netpa.novalaw.unl.pt\/cssnet\/page\"><strong>NOVA School of Law applications portal<\/strong><\/a>.<\/p>\t\t\t\t\t\t<\/div>\n\t\t\t\t<\/div>\n\t\t\t\t<div class=\"elementor-element elementor-element-84f5231 elementor-widget elementor-widget-heading\" data-id=\"84f5231\" data-element_type=\"widget\" data-widget_type=\"heading.default\">\n\t\t\t\t<div class=\"elementor-widget-container\">\n\t\t\t<h2 class=\"elementor-heading-title elementor-size-default\">Readmissions<\/h2>\t\t<\/div>\n\t\t\t\t<\/div>\n\t\t\t\t<div class=\"elementor-element elementor-element-012baf1 elementor-widget elementor-widget-text-editor\" data-id=\"012baf1\" data-element_type=\"widget\" data-widget_type=\"text-editor.default\">\n\t\t\t\t<div class=\"elementor-widget-container\">\n\t\t\t\t\t\t\t<p class=\"p3\">Readmission is the act by which a student, after interruption of studies in an institution\/course of higher education, enrols in the same institution and in the same course or in the updated version of the course.<\/p>\t\t\t\t\t\t<\/div>\n\t\t\t\t<\/div>\n\t\t\t\t<div class=\"elementor-element elementor-element-326d127 elementor-widget elementor-widget-text-editor\" data-id=\"326d127\" data-element_type=\"widget\" data-widget_type=\"text-editor.default\">\n\t\t\t\t<div class=\"elementor-widget-container\">\n\t\t\t\t\t\t\t<h4>Requirements:<\/h4><p>Students who can apply for readmission to any cycle of studies:<\/p><ul><li>Must have already been enrolled and enrolled at the NOVA School of Law, in the same course or in a course in which they are already registered, without having completed it<\/li><li>Must not have been enrolled in that course in the previous academic year to the one in which they intend to be readmitted to<\/li><li>Those students whose registration has lapsed due to the requirements in force may apply for readmission once two school semesters have elapsed since the date of the regulations<\/li><\/ul><p><strong>Pursuant to<a href=\"https:\/\/diariodarepublica.pt\/dr\/detalhe\/regulamento\/27-2024-836494123\"> Regulation No. 27\/2024<\/a>, students may only re-enroll in the research phase of a master&#8217;s degree program if they have completed the research phase with an average grade of 13.50 or above (Article 2(1)).<\/strong><\/p><p>The Faculty reserves the right to refuse readmission to applications from students whose curricular record indicates serious difficulties in adapting to the study plan in force and to the type of teaching provided at the NOVA School of Law. <strong>Requests from students who are in debt to the Faculty for tuition fees or any other amounts will be rejected, subject to the provisions of Law N\u00ba. 75\/2019, of September 2.<\/strong><\/p>\t\t\t\t\t\t<\/div>\n\t\t\t\t<\/div>\n\t\t\t\t<div class=\"elementor-element elementor-element-adc3580 elementor-widget elementor-widget-text-editor\" data-id=\"adc3580\" data-element_type=\"widget\" data-widget_type=\"text-editor.default\">\n\t\t\t\t<div class=\"elementor-widget-container\">\n\t\t\t\t\t\t\t<h4>Deadlines for submission of applications | School Year 2025\/26:<br \/><br \/><\/h4><p><b>2nd Semester<\/b><\/p><table><tbody><tr><td class=\"td1\" valign=\"top\"><p class=\"p7\"><span class=\"s1\">Submission of the application <\/span><\/p><\/td><td class=\"td2\" valign=\"top\"><p class=\"p7\">From 12 to 16 January 2026<\/p><\/td><\/tr><tr><td class=\"td3\" valign=\"top\"><p class=\"p7\"><span class=\"s1\">Enrolment and Registration for Curricular Units<\/span><\/p><\/td><td class=\"td4\" valign=\"top\"><p class=\"p7\">From 2 to 6 February 2026<\/p><\/td><\/tr><\/tbody><\/table>\t\t\t\t\t\t<\/div>\n\t\t\t\t<\/div>\n\t\t\t\t<div class=\"elementor-element elementor-element-7dbaafc elementor-widget elementor-widget-text-editor\" data-id=\"7dbaafc\" data-element_type=\"widget\" data-widget_type=\"text-editor.default\">\n\t\t\t\t<div class=\"elementor-widget-container\">\n\t\t\t\t\t\t\t<h4>Deadlines for submission of applications | School Year 2026\/27:<\/h4><p><strong><br \/>1st Semester<\/strong><\/p><table><tbody><tr><td class=\"td1\" valign=\"top\"><p class=\"p7\"><span class=\"s1\">Submission of the application <\/span><\/p><\/td><td class=\"td2\" valign=\"top\"><p class=\"p7\">From 29 June to 3 July 2026<\/p><\/td><\/tr><tr><td class=\"td3\" valign=\"top\"><p class=\"p7\"><span class=\"s1\">Enrolment and Registration for Curricular Units<\/span><\/p><\/td><td class=\"td4\" valign=\"top\"><p class=\"p7\">From 31 August to 4 September 2026<\/p><\/td><\/tr><\/tbody><\/table><p><b>2nd Semester<\/b><\/p><table><tbody><tr><td class=\"td1\" valign=\"top\"><p class=\"p7\"><span class=\"s1\">Submission of the application <\/span><\/p><\/td><td class=\"td2\" valign=\"top\"><p class=\"p7\">From 12 to 16 January 2027<\/p><\/td><\/tr><tr><td class=\"td3\" valign=\"top\"><p class=\"p7\"><span class=\"s1\">Enrolment and Registration for Curricular Units<\/span><\/p><\/td><td class=\"td4\" valign=\"top\"><p class=\"p7\">From 2 to 5 February 2027<\/p><\/td><\/tr><\/tbody><\/table>\t\t\t\t\t\t<\/div>\n\t\t\t\t<\/div>\n\t\t\t\t<div class=\"elementor-element elementor-element-7bceddf elementor-widget elementor-widget-text-editor\" data-id=\"7bceddf\" data-element_type=\"widget\" data-widget_type=\"text-editor.default\">\n\t\t\t\t<div class=\"elementor-widget-container\">\n\t\t\t\t\t\t\t<h4 class=\"p8\"><span class=\"s1\">Instructions for submitting the <a href=\"https:\/\/netpa.novalaw.unl.pt\/cssnet\/page\">application (online)<\/a>:<\/span><\/h4><p>The application is submitted online through <a href=\"https:\/\/netpa.novalaw.unl.pt\/\">NetPA<\/a> by filling in a form and uploading the necessary documents, namely:<\/p><ul><li>Online submission of a simple digital copy of the citizen card or passport (international applicants)<\/li><li>Payment of the application fee through the PayPal, Visa, MBway or Multibancoreferences on the system: 70.00\u20ac (non-refundable), validated by the system in few minutes.<\/li><li>For candidates who present identification documents with a nationality other than Portuguese or EU, a declaration, under oath, stating that the candidate has Portuguese nationality or is covered by one of the exceptions in Article 2(2) of Regulation No. 687\/2020 of 20 August, which, under the terms of Decree-Law No. 36\/2014 of 10 March, excludes them from International Student status \u2013 <a href=\"https:\/\/novalaw.unl.pt\/wp-content\/uploads\/2023\/02\/Declaracao-de-honra_Declaration-of-honour_National-or-Equivalent_Nat23.docx\">model Declaration of Honour<\/a>.<\/li><\/ul><p><em>Incomplete and\/or unpaid applications will be automatically rejected.<\/em><\/p>\t\t\t\t\t\t<\/div>\n\t\t\t\t<\/div>\n\t\t\t\t<div class=\"elementor-element elementor-element-b2c6caa elementor-widget elementor-widget-text-editor\" data-id=\"b2c6caa\" data-element_type=\"widget\" data-widget_type=\"text-editor.default\">\n\t\t\t\t<div class=\"elementor-widget-container\">\n\t\t\t\t\t\t\t<h4>Fees and Emoluments<\/h4><p>Application Fee: 70,00\u20ac<\/p><p><strong>Note:<\/strong> All due tuition and other fees should be checked in the course\u2019s webpage, as well as in the tuitions annual order and NOVA fee\u2019s table.<\/p><p>Tuition fees are fixed annually by the General Council of the NOVA University Lisbon.<\/p>\t\t\t\t\t\t<\/div>\n\t\t\t\t<\/div>\n\t\t\t\t<div class=\"elementor-element elementor-element-586d2fb elementor-widget elementor-widget-text-editor\" data-id=\"586d2fb\" data-element_type=\"widget\" data-widget_type=\"text-editor.default\">\n\t\t\t\t<div class=\"elementor-widget-container\">\n\t\t\t\t\t\t\t<p><strong>Regulations Applicable:<\/strong> Decree-Law N\u00ba. 36\/2014, of March 10th, altered by Decree-Law N\u00ba. 62\/2018, of August 6th, and Regulation N\u00ba. 436\/2020, of April 28th, of NOVA School of Law.<\/p><p>Applications through the <a href=\"https:\/\/netpa.novalaw.unl.pt\/cssnet\/page\">NOVA School of Law applications portal<\/a><\/p>\t\t\t\t\t\t<\/div>\n\t\t\t\t<\/div>\n\t\t\t\t<section class=\"elementor-section elementor-inner-section elementor-element elementor-element-84a1d38 elementor-section-boxed elementor-section-height-default elementor-section-height-default\" data-id=\"84a1d38\" data-element_type=\"section\" id=\"anyquestion\" data-settings=\"{&quot;background_background&quot;:&quot;classic&quot;}\">\n\t\t\t\t\t\t<div class=\"elementor-container elementor-column-gap-default\">\n\t\t\t\t\t<div class=\"elementor-column elementor-col-100 elementor-inner-column elementor-element elementor-element-52de67d\" data-id=\"52de67d\" data-element_type=\"column\">\n\t\t\t<div class=\"elementor-widget-wrap elementor-element-populated\">\n\t\t\t\t\t\t\t\t<div class=\"elementor-element elementor-element-e2240c6 elementor-widget elementor-widget-heading\" data-id=\"e2240c6\" data-element_type=\"widget\" data-widget_type=\"heading.default\">\n\t\t\t\t<div class=\"elementor-widget-container\">\n\t\t\t<h2 class=\"elementor-heading-title elementor-size-default\">Clear all your doubts<\/h2>\t\t<\/div>\n\t\t\t\t<\/div>\n\t\t\t\t<div class=\"elementor-element elementor-element-bfd5fe1 elementor-widget elementor-widget-text-editor\" data-id=\"bfd5fe1\" data-element_type=\"widget\" data-widget_type=\"text-editor.default\">\n\t\t\t\t<div class=\"elementor-widget-container\">\n\t\t\t\t\t\t\t<p>We are at your disposal to answer any questions you may have about studying at NOVA<br>\nSchool of Law.<\/p>\n<p>Please do not hesitate to contact us by email: <a href=\"mailto:apoio.candidato@novalaw.unl.pt\">admissions@novalaw.unl.pt<\/a><\/p>\t\t\t\t\t\t<\/div>\n\t\t\t\t<\/div>\n\t\t\t\t\t<\/div>\n\t\t<\/div>\n\t\t\t\t\t\t\t<\/div>\n\t\t<\/section>\n\t\t\t\t<div class=\"elementor-element elementor-element-871df51 elementor-widget elementor-widget-ekit_wb_36843\" data-id=\"871df51\" data-element_type=\"widget\" data-widget_type=\"ekit_wb_36843.default\">\n\t\t\t\t<div class=\"elementor-widget-container\">\n\t\t\t\r\n<div id=\"formconnector_target\" class=\"hide-disable\"><\/div>\r\n\r\n<script type=\"text\/javascript\">\r\n  \/*jQuery(document).ready(function() {\r\n      let urlform = \"https:\/\/hub.novalaw.pt\/form_external\/24c7886e-a3b1-4a49-a4c5-168867fc54ca\";\r\n      if (window.location.href.indexOf(\"\/en\/\") > -1) {\r\n        urlform = \"https:\/\/hub.novalaw.pt\/form_external\/24c7886e-a3b1-4a49-a4c5-168867fc54ca?lang=en\"\r\n    }\r\n      \r\n      \r\n      jQuery.ajax({\r\n        url: urlform,\r\n        type: 'GET',\r\n        crossDomain: true,\r\n        success: function (data) {\r\n        console.log(data)\r\n        if(data){\r\n         jQuery(\"#formconnector_target\").html(data);\r\n        }\r\n        },\r\n        error: function (error) {\r\n        console.log(error)\r\n        },\r\n   });\r\n });*\/\r\n<\/script>\r\n\r\n<script type=\"text\/javascript\">\r\n    window.FormConnector_settings = {\r\n        uuid: '0fbf47202f6c11ed93841798350e6d95',\r\n    };\r\n<\/script>\r\n\r\n<script type=\"text\/javascript\"\r\n        src=\"https:\/\/formconnector.com\/form\/formconnector.js\">\r\n<\/script>\r\n\r\n\r\n\r\n<script>\r\n \/*jQuery(document).ready(function() {\r\n      jQuery(\"#formConnector\").on(\"click\", function(){ jQuery(\"#formconnector_target\").toggleClass(\"hide\")\r\n              \r\n   });\r\n });*\/\r\n <\/script>\r\n<style>\r\n    .hide{\r\n        display:none;\r\n    }\r\n    #formConnector{\r\n        cursor:pointer;\r\n        color: rgb(221, 0, 54);\r\n        font-weight:700;\r\n        border: 2px rgb(221,0,54) solid;\r\n        border-radius: 20px;\r\n        padding: 9px 32px;\r\n    }\r\n    \r\n    .elementor-kit-840 button, .elementor-kit-840 input[type=\"button\"], .elementor-kit-840 input[type=\"submit\"], .elementor-kit-840 .elementor-button {\r\n        color:white;\r\n    }\r\n<\/style>\r\n\n\t\t\t\t<\/div>\n\t\t\t\t<\/div>\n\t\t\t\t<section class=\"elementor-section elementor-inner-section elementor-element elementor-element-4ca871d elementor-section-boxed elementor-section-height-default elementor-section-height-default\" data-id=\"4ca871d\" data-element_type=\"section\">\n\t\t\t\t\t\t<div class=\"elementor-container elementor-column-gap-default\">\n\t\t\t\t\t<div class=\"elementor-column elementor-col-33 elementor-inner-column elementor-element elementor-element-9ae459b\" data-id=\"9ae459b\" data-element_type=\"column\">\n\t\t\t<div class=\"elementor-widget-wrap elementor-element-populated\">\n\t\t\t\t\t\t\t\t<div class=\"elementor-element elementor-element-5a6c491 elementor-widget elementor-widget-button\" data-id=\"5a6c491\" data-element_type=\"widget\" data-widget_type=\"button.default\">\n\t\t\t\t<div class=\"elementor-widget-container\">\n\t\t\t\t\t<div class=\"elementor-button-wrapper\">\n\t\t\t<a href=\"\/en\/masters\/\" class=\"elementor-button-link elementor-button elementor-size-sm\" role=\"button\">\n\t\t\t\t\t\t<span class=\"elementor-button-content-wrapper\">\n\t\t\t\t\t\t<span class=\"elementor-button-text\">BACK TO MASTER\u2019S DEGREES<\/span>\n\t\t<\/span>\n\t\t\t\t\t<\/a>\n\t\t<\/div>\n\t\t\t\t<\/div>\n\t\t\t\t<\/div>\n\t\t\t\t\t<\/div>\n\t\t<\/div>\n\t\t\t\t<div class=\"elementor-column elementor-col-33 elementor-inner-column elementor-element elementor-element-6f93b15\" data-id=\"6f93b15\" data-element_type=\"column\">\n\t\t\t<div class=\"elementor-widget-wrap\">\n\t\t\t\t\t\t\t\t\t<\/div>\n\t\t<\/div>\n\t\t\t\t<div class=\"elementor-column elementor-col-33 elementor-inner-column elementor-element elementor-element-d74df7c\" data-id=\"d74df7c\" data-element_type=\"column\">\n\t\t\t<div class=\"elementor-widget-wrap\">\n\t\t\t\t\t\t\t\t\t<\/div>\n\t\t<\/div>\n\t\t\t\t\t\t\t<\/div>\n\t\t<\/section>\n\t\t\t\t\t<\/div>\n\t\t<\/div>\n\t\t\t\t\t\t\t<\/div>\n\t\t<\/section>\n\t\t\t\t<section class=\"elementor-section elementor-top-section elementor-element elementor-element-5c17934 elementor-section-boxed elementor-section-height-default elementor-section-height-default\" data-id=\"5c17934\" data-element_type=\"section\">\n\t\t\t\t\t\t<div class=\"elementor-container elementor-column-gap-default\">\n\t\t\t\t\t<div class=\"elementor-column elementor-col-100 elementor-top-column elementor-element elementor-element-9b968c8\" data-id=\"9b968c8\" data-element_type=\"column\">\n\t\t\t<div class=\"elementor-widget-wrap\">\n\t\t\t\t\t\t\t\t\t<\/div>\n\t\t<\/div>\n\t\t\t\t\t\t\t<\/div>\n\t\t<\/section>\n\t\t\t\t\t\t<\/div>\n\t\t\t\t\t<\/div>\n\t\t","protected":false},"excerpt":{"rendered":"<p>Master&#8217;s in Law &#8211; Specialization in International and European Law Connecting the dots PresentationCurricular Plan Tuition Fees Applications Any questions? Presentation The Master\u2019s in International and European Law\u00a0offers students the opportunity to expand their legal knowledge in an area that is becoming increasingly essential considering world globalization, in which national boundaries are losing importance. Operating &hellip;<\/p>\n<p class=\"read-more\"> <a class=\"\" href=\"https:\/\/novalaw.unl.pt\/en\/master-in-law-specialization-in-international-and-european-law\/\"> <span class=\"screen-reader-text\">Master in Law \u2013 Specialization in International and European Law<\/span> Read More &raquo;<\/a><\/p>\n","protected":false},"author":9,"featured_media":0,"parent":0,"menu_order":163,"comment_status":"closed","ping_status":"closed","template":"","meta":{"footnotes":""},"categories":[93],"tags":[],"class_list":["post-9066","page","type-page","status-publish","hentry","category-courses"],"yoast_head":"<!-- This site is optimized with the Yoast SEO Premium plugin v27.4 (Yoast SEO v27.4) - https:\/\/yoast.com\/product\/yoast-seo-premium-wordpress\/ -->\n<title>Master in Law \u2013 Specialization in International and European Law - NOVA School of Law | Faculdade de Direito da Universidade NOVA de Lisboa<\/title>\n<meta name=\"robots\" content=\"index, follow, max-snippet:-1, max-image-preview:large, max-video-preview:-1\" \/>\n<link rel=\"canonical\" href=\"https:\/\/novalaw.unl.pt\/mestrado-direito-especializacao-direito-internacional-e-europeu\/\" \/>\n<meta property=\"og:locale\" content=\"en_US\" \/>\n<meta property=\"og:type\" content=\"article\" \/>\n<meta property=\"og:title\" content=\"Master in Law \u2013 Specialization in International and European Law\" \/>\n<meta property=\"og:description\" content=\"Master&#8217;s in Law &#8211; Specialization in International and European Law Connecting the dots PresentationCurricular Plan Tuition Fees Applications Any questions? Presentation The Master\u2019s in International and European Law\u00a0offers students the opportunity to expand their legal knowledge in an area that is becoming increasingly essential considering world globalization, in which national boundaries are losing importance. Operating &hellip; Master in Law \u2013 Specialization in International and European Law Read More &raquo;\" \/>\n<meta property=\"og:url\" content=\"https:\/\/novalaw.unl.pt\/mestrado-direito-especializacao-direito-internacional-e-europeu\/\" \/>\n<meta property=\"og:site_name\" content=\"NOVA School of Law | Faculdade de Direito da Universidade NOVA de Lisboa\" \/>\n<meta property=\"article:modified_time\" content=\"2026-04-15T16:59:58+00:00\" \/>\n<meta property=\"og:image\" content=\"https:\/\/novalaw.unl.pt\/wp-content\/uploads\/2024\/01\/Folha_PDF_Icon_Vermelho-01.svg\" \/>\n<meta name=\"twitter:card\" content=\"summary_large_image\" \/>\n<meta name=\"twitter:label1\" content=\"Est. reading time\" \/>\n\t<meta name=\"twitter:data1\" content=\"44 minutes\" \/>\n<script type=\"application\/ld+json\" class=\"yoast-schema-graph\">{\"@context\":\"https:\\\/\\\/schema.org\",\"@graph\":[{\"@type\":\"WebPage\",\"@id\":\"https:\\\/\\\/novalaw.unl.pt\\\/mestrado-direito-especializacao-direito-internacional-e-europeu\\\/\",\"url\":\"https:\\\/\\\/novalaw.unl.pt\\\/mestrado-direito-especializacao-direito-internacional-e-europeu\\\/\",\"name\":\"Master in Law \u2013 Specialization in International and European Law - NOVA School of Law | Faculdade de Direito da Universidade NOVA de Lisboa\",\"isPartOf\":{\"@id\":\"https:\\\/\\\/novalaw.unl.pt\\\/#website\"},\"primaryImageOfPage\":{\"@id\":\"https:\\\/\\\/novalaw.unl.pt\\\/mestrado-direito-especializacao-direito-internacional-e-europeu\\\/#primaryimage\"},\"image\":{\"@id\":\"https:\\\/\\\/novalaw.unl.pt\\\/mestrado-direito-especializacao-direito-internacional-e-europeu\\\/#primaryimage\"},\"thumbnailUrl\":\"https:\\\/\\\/novalaw.unl.pt\\\/wp-content\\\/uploads\\\/2024\\\/01\\\/Folha_PDF_Icon_Vermelho-01.svg\",\"datePublished\":\"2021-10-12T22:28:52+00:00\",\"dateModified\":\"2026-04-15T16:59:58+00:00\",\"breadcrumb\":{\"@id\":\"https:\\\/\\\/novalaw.unl.pt\\\/mestrado-direito-especializacao-direito-internacional-e-europeu\\\/#breadcrumb\"},\"inLanguage\":\"en-US\",\"potentialAction\":[{\"@type\":\"ReadAction\",\"target\":[\"https:\\\/\\\/novalaw.unl.pt\\\/mestrado-direito-especializacao-direito-internacional-e-europeu\\\/\"]}]},{\"@type\":\"ImageObject\",\"inLanguage\":\"en-US\",\"@id\":\"https:\\\/\\\/novalaw.unl.pt\\\/mestrado-direito-especializacao-direito-internacional-e-europeu\\\/#primaryimage\",\"url\":\"https:\\\/\\\/novalaw.unl.pt\\\/wp-content\\\/uploads\\\/2024\\\/01\\\/Folha_PDF_Icon_Vermelho-01.svg\",\"contentUrl\":\"https:\\\/\\\/novalaw.unl.pt\\\/wp-content\\\/uploads\\\/2024\\\/01\\\/Folha_PDF_Icon_Vermelho-01.svg\"},{\"@type\":\"BreadcrumbList\",\"@id\":\"https:\\\/\\\/novalaw.unl.pt\\\/mestrado-direito-especializacao-direito-internacional-e-europeu\\\/#breadcrumb\",\"itemListElement\":[{\"@type\":\"ListItem\",\"position\":1,\"name\":\"Home\",\"item\":\"https:\\\/\\\/novalaw.unl.pt\\\/en\\\/\"},{\"@type\":\"ListItem\",\"position\":2,\"name\":\"Master in Law \u2013 Specialization in International and European Law\"}]},{\"@type\":\"WebSite\",\"@id\":\"https:\\\/\\\/novalaw.unl.pt\\\/#website\",\"url\":\"https:\\\/\\\/novalaw.unl.pt\\\/\",\"name\":\"NOVA School of Law | Faculdade de Direito da Universidade NOVA de Lisboa\",\"description\":\"NOVA School Of Law\",\"publisher\":{\"@id\":\"https:\\\/\\\/novalaw.unl.pt\\\/#organization\"},\"potentialAction\":[{\"@type\":\"SearchAction\",\"target\":{\"@type\":\"EntryPoint\",\"urlTemplate\":\"https:\\\/\\\/novalaw.unl.pt\\\/?s={search_term_string}\"},\"query-input\":{\"@type\":\"PropertyValueSpecification\",\"valueRequired\":true,\"valueName\":\"search_term_string\"}}],\"inLanguage\":\"en-US\"},{\"@type\":\"Organization\",\"@id\":\"https:\\\/\\\/novalaw.unl.pt\\\/#organization\",\"name\":\"NOVA School of Law\",\"url\":\"https:\\\/\\\/novalaw.unl.pt\\\/\",\"logo\":{\"@type\":\"ImageObject\",\"inLanguage\":\"en-US\",\"@id\":\"https:\\\/\\\/novalaw.unl.pt\\\/#\\\/schema\\\/logo\\\/image\\\/\",\"url\":\"https:\\\/\\\/novalaw.unl.pt\\\/wp-content\\\/uploads\\\/2021\\\/02\\\/logo-novalaw.svg\",\"contentUrl\":\"https:\\\/\\\/novalaw.unl.pt\\\/wp-content\\\/uploads\\\/2021\\\/02\\\/logo-novalaw.svg\",\"width\":991,\"height\":424,\"caption\":\"NOVA School of Law\"},\"image\":{\"@id\":\"https:\\\/\\\/novalaw.unl.pt\\\/#\\\/schema\\\/logo\\\/image\\\/\"}}]}<\/script>\n<!-- \/ Yoast SEO Premium plugin. -->","yoast_head_json":{"title":"Master in Law \u2013 Specialization in International and European Law - NOVA School of Law | Faculdade de Direito da Universidade NOVA de Lisboa","robots":{"index":"index","follow":"follow","max-snippet":"max-snippet:-1","max-image-preview":"max-image-preview:large","max-video-preview":"max-video-preview:-1"},"canonical":"https:\/\/novalaw.unl.pt\/mestrado-direito-especializacao-direito-internacional-e-europeu\/","og_locale":"en_US","og_type":"article","og_title":"Master in Law \u2013 Specialization in International and European Law","og_description":"Master&#8217;s in Law &#8211; Specialization in International and European Law Connecting the dots PresentationCurricular Plan Tuition Fees Applications Any questions? Presentation The Master\u2019s in International and European Law\u00a0offers students the opportunity to expand their legal knowledge in an area that is becoming increasingly essential considering world globalization, in which national boundaries are losing importance. Operating &hellip; Master in Law \u2013 Specialization in International and European Law Read More &raquo;","og_url":"https:\/\/novalaw.unl.pt\/mestrado-direito-especializacao-direito-internacional-e-europeu\/","og_site_name":"NOVA School of Law | Faculdade de Direito da Universidade NOVA de Lisboa","article_modified_time":"2026-04-15T16:59:58+00:00","og_image":[{"url":"https:\/\/novalaw.unl.pt\/wp-content\/uploads\/2024\/01\/Folha_PDF_Icon_Vermelho-01.svg","type":"","width":"","height":""}],"twitter_card":"summary_large_image","twitter_misc":{"Est. reading time":"44 minutes"},"schema":{"@context":"https:\/\/schema.org","@graph":[{"@type":"WebPage","@id":"https:\/\/novalaw.unl.pt\/mestrado-direito-especializacao-direito-internacional-e-europeu\/","url":"https:\/\/novalaw.unl.pt\/mestrado-direito-especializacao-direito-internacional-e-europeu\/","name":"Master in Law \u2013 Specialization in International and European Law - NOVA School of Law | Faculdade de Direito da Universidade NOVA de Lisboa","isPartOf":{"@id":"https:\/\/novalaw.unl.pt\/#website"},"primaryImageOfPage":{"@id":"https:\/\/novalaw.unl.pt\/mestrado-direito-especializacao-direito-internacional-e-europeu\/#primaryimage"},"image":{"@id":"https:\/\/novalaw.unl.pt\/mestrado-direito-especializacao-direito-internacional-e-europeu\/#primaryimage"},"thumbnailUrl":"https:\/\/novalaw.unl.pt\/wp-content\/uploads\/2024\/01\/Folha_PDF_Icon_Vermelho-01.svg","datePublished":"2021-10-12T22:28:52+00:00","dateModified":"2026-04-15T16:59:58+00:00","breadcrumb":{"@id":"https:\/\/novalaw.unl.pt\/mestrado-direito-especializacao-direito-internacional-e-europeu\/#breadcrumb"},"inLanguage":"en-US","potentialAction":[{"@type":"ReadAction","target":["https:\/\/novalaw.unl.pt\/mestrado-direito-especializacao-direito-internacional-e-europeu\/"]}]},{"@type":"ImageObject","inLanguage":"en-US","@id":"https:\/\/novalaw.unl.pt\/mestrado-direito-especializacao-direito-internacional-e-europeu\/#primaryimage","url":"https:\/\/novalaw.unl.pt\/wp-content\/uploads\/2024\/01\/Folha_PDF_Icon_Vermelho-01.svg","contentUrl":"https:\/\/novalaw.unl.pt\/wp-content\/uploads\/2024\/01\/Folha_PDF_Icon_Vermelho-01.svg"},{"@type":"BreadcrumbList","@id":"https:\/\/novalaw.unl.pt\/mestrado-direito-especializacao-direito-internacional-e-europeu\/#breadcrumb","itemListElement":[{"@type":"ListItem","position":1,"name":"Home","item":"https:\/\/novalaw.unl.pt\/en\/"},{"@type":"ListItem","position":2,"name":"Master in Law \u2013 Specialization in International and European Law"}]},{"@type":"WebSite","@id":"https:\/\/novalaw.unl.pt\/#website","url":"https:\/\/novalaw.unl.pt\/","name":"NOVA School of Law | Faculdade de Direito da Universidade NOVA de Lisboa","description":"NOVA School Of Law","publisher":{"@id":"https:\/\/novalaw.unl.pt\/#organization"},"potentialAction":[{"@type":"SearchAction","target":{"@type":"EntryPoint","urlTemplate":"https:\/\/novalaw.unl.pt\/?s={search_term_string}"},"query-input":{"@type":"PropertyValueSpecification","valueRequired":true,"valueName":"search_term_string"}}],"inLanguage":"en-US"},{"@type":"Organization","@id":"https:\/\/novalaw.unl.pt\/#organization","name":"NOVA School of Law","url":"https:\/\/novalaw.unl.pt\/","logo":{"@type":"ImageObject","inLanguage":"en-US","@id":"https:\/\/novalaw.unl.pt\/#\/schema\/logo\/image\/","url":"https:\/\/novalaw.unl.pt\/wp-content\/uploads\/2021\/02\/logo-novalaw.svg","contentUrl":"https:\/\/novalaw.unl.pt\/wp-content\/uploads\/2021\/02\/logo-novalaw.svg","width":991,"height":424,"caption":"NOVA School of Law"},"image":{"@id":"https:\/\/novalaw.unl.pt\/#\/schema\/logo\/image\/"}}]}},"novalaw_begin_date":"","novalaw_begin_date_en":"","novalaw_text":"","novalaw_tag":"","novalaw_tag_en":"","novalaw_link":"","novalaw_link_en":"","novalaw_end_date":"","novalaw_end_date_en":"","novalaw_date":"","novalaw_em_destaque":"","novalaw_tag_src":"","lang":"","_links":{"self":[{"href":"https:\/\/novalaw.unl.pt\/en\/wp-json\/wp\/v2\/pages\/9066","targetHints":{"allow":["GET"]}}],"collection":[{"href":"https:\/\/novalaw.unl.pt\/en\/wp-json\/wp\/v2\/pages"}],"about":[{"href":"https:\/\/novalaw.unl.pt\/en\/wp-json\/wp\/v2\/types\/page"}],"author":[{"embeddable":true,"href":"https:\/\/novalaw.unl.pt\/en\/wp-json\/wp\/v2\/users\/9"}],"replies":[{"embeddable":true,"href":"https:\/\/novalaw.unl.pt\/en\/wp-json\/wp\/v2\/comments?post=9066"}],"version-history":[{"count":643,"href":"https:\/\/novalaw.unl.pt\/en\/wp-json\/wp\/v2\/pages\/9066\/revisions"}],"predecessor-version":[{"id":112645,"href":"https:\/\/novalaw.unl.pt\/en\/wp-json\/wp\/v2\/pages\/9066\/revisions\/112645"}],"wp:attachment":[{"href":"https:\/\/novalaw.unl.pt\/en\/wp-json\/wp\/v2\/media?parent=9066"}],"wp:term":[{"taxonomy":"category","embeddable":true,"href":"https:\/\/novalaw.unl.pt\/en\/wp-json\/wp\/v2\/categories?post=9066"},{"taxonomy":"post_tag","embeddable":true,"href":"https:\/\/novalaw.unl.pt\/en\/wp-json\/wp\/v2\/tags?post=9066"}],"curies":[{"name":"wp","href":"https:\/\/api.w.org\/{rel}","templated":true}]}}